


{"id":32541,"date":"2025-07-29T10:42:44","date_gmt":"2025-07-29T08:42:44","guid":{"rendered":"https:\/\/www.rome-roma.net\/st-peters-basilica-in-the-vatican\/"},"modified":"2026-04-06T12:50:24","modified_gmt":"2026-04-06T10:50:24","slug":"st-peters-basilica-in-the-vatican","status":"publish","type":"site","link":"https:\/\/www.rome-roma.net\/en\/st-peters-basilica-in-the-vatican\/","title":{"rendered":"St. Peter&#8217;s Basilica in the Vatican"},"content":{"rendered":"<p><strong>St. Peter&#8217;s Basilica<\/strong> is often considered the spiritual heart of Roman Christianity, playing a role in the heritage of Catholicism comparable to that of the <a href=\"https:\/\/www.rome-roma.net\/colisee\/\">Colosseum<\/a> in the city\u2019s ancient legacy.<br>It is the most grandiose and extensive church, an essential site both for the splendor of its architecture and St. Peter&#8217;s Square, and for its significance as the center of the Catholic faith.<br>Its exterior, as impressive as its interior, is enhanced by numerous remarkable sculptures and works of art.<\/p>\n<h2>The central monument of Catholicism<\/h2>\n<p>With its 218 meters in length and a dome reaching 133 meters high, the basilica ranks among the most imposing and most visited monuments in the world. It hosts the Holy See, where the Pope celebrates the main liturgies, thereby affirming its central role in the Catholic Church, as the living heart of religion.<br>It is located within the territory of the Vatican and, contrary to popular belief, it is not the cathedral of Rome\u2014a title held by the <a href=\"https:\/\/www.rome-roma.net\/basilique-saint-jean-du-latran\/\">Basilica of St. John Lateran<\/a>. The latter is in fact the seat of the Bishop of Rome, who is also the Pope himself.<\/p>\n\n\n<figure class=\"wp-container-3 wp-block-gallery-2 wp-block-gallery has-nested-images columns-default is-cropped\">\n<figure class=\"wp-block-image size-large\"><a href=\"https:\/\/www.rome-roma.net\/wp-content\/uploads\/2020\/01\/facade-basilique-saint-pierre-rome_5757.jpg\"><img loading=\"lazy\" width=\"1024\" height=\"683\" data-id=\"14678\"  src=\"https:\/\/www.rome-roma.net\/wp-content\/uploads\/2020\/01\/facade-basilique-saint-pierre-rome_5757-1024x683.jpg\" alt=\"Facade of St. Peter\u2019s Basilica in Rome\" class=\"wp-image-14678\" srcset=\"https:\/\/www.rome-roma.net\/wp-content\/uploads\/2020\/01\/facade-basilique-saint-pierre-rome_5757-1024x683.jpg 1024w, https:\/\/www.rome-roma.net\/wp-content\/uploads\/2020\/01\/facade-basilique-saint-pierre-rome_5757-300x200.jpg 300w, https:\/\/www.rome-roma.net\/wp-content\/uploads\/2020\/01\/facade-basilique-saint-pierre-rome_5757-768x512.jpg 768w, https:\/\/www.rome-roma.net\/wp-content\/uploads\/2020\/01\/facade-basilique-saint-pierre-rome_5757.jpg 1200w\" sizes=\"(max-width: 1024px) 100vw, 1024px\" \/><\/a><figcaption>Facade of Saint Peter\u2019s Basilica<\/figcaption><\/figure>\n\n\n\n<figure class=\"wp-block-image size-large\"><a href=\"https:\/\/www.rome-roma.net\/wp-content\/uploads\/2020\/01\/coupole-basilique-saint-pierre-rome_5343.jpg\"><img loading=\"lazy\" width=\"1024\" height=\"683\" data-id=\"14809\"  src=\"https:\/\/www.rome-roma.net\/wp-content\/uploads\/2020\/01\/coupole-basilique-saint-pierre-rome_5343-1024x683.jpg\" alt=\"Dome of the St. Peter\u2019s Basilica in Rome_5343\" class=\"wp-image-14809\" srcset=\"https:\/\/www.rome-roma.net\/wp-content\/uploads\/2020\/01\/coupole-basilique-saint-pierre-rome_5343-1024x683.jpg 1024w, https:\/\/www.rome-roma.net\/wp-content\/uploads\/2020\/01\/coupole-basilique-saint-pierre-rome_5343-300x200.jpg 300w, https:\/\/www.rome-roma.net\/wp-content\/uploads\/2020\/01\/coupole-basilique-saint-pierre-rome_5343-768x512.jpg 768w, https:\/\/www.rome-roma.net\/wp-content\/uploads\/2020\/01\/coupole-basilique-saint-pierre-rome_5343.jpg 1200w\" sizes=\"(max-width: 1024px) 100vw, 1024px\" \/><\/a><figcaption>Dome<\/figcaption><\/figure>\n<\/figure>\n\n\n<h3>An Artwork of Faith<\/h3>\n<p>The Basilica of Saint Peter is one of the four <a href=\"https:\/\/www.rome-roma.net\/en\/category\/major-basilicas\/\"><strong>major basilicas of Rome<\/strong><\/a>, built on one of Christianity\u2019s most sacred sites. It rises on the site of Caligula and Nero\u2019s circus where Saint Peter, the first bishop of Rome, was martyred. According to Catholic tradition, he lies in his tomb beneath the high altar and monumental baldachin. It has been a pilgrimage site since the time of the first basilica built by Constantine I.<\/p>\n<p>It is inscribed on the UNESCO World Heritage list, but from its very construction it was regarded as the most magnificent architectural work. The current building was constructed between 1506 and 1626, designed by master architects such as <strong>Bramante<\/strong>, <strong>Michelangelo<\/strong>, <strong>Maderno<\/strong> and <strong>Bernini<\/strong>, who artfully integrated the structure with <a href=\"https:\/\/www.rome-roma.net\/place-saint-pierre-de-rome\/\">Saint Peter\u2019s Square<\/a>. This square was enlarged and redesigned by Bernini, conceived to embrace visitors like \u201cmaternal arms\u201d \u2014 symbolized by the colonnades \u2014 reflecting the Catholic Church\u2019s welcoming role.<\/p>\n<p>The interior, both sanctuary and artistic treasure, comprises 45 altars and 11 chapels housing remarkable works such as the bronze statue of Saint Peter attributed to <strong>Arnolfo di Cambio<\/strong>, the <strong>Bernini baldachin<\/strong>, and Michelangelo\u2019s <strong>Piet\u00e0<\/strong>. Artistic relics from the earlier basilica also enrich this heritage. Connected to the <a href=\"https:\/\/www.rome-roma.net\/musees-du-vatican\/\">Vatican Palaces<\/a> by an elevated corridor and the <strong>Scala Regia<\/strong> staircase, Saint Peter\u2019s remains a major expression of the alliance between art, faith, and history.<\/p>\n<h2>Information: hours, access &amp; visits<\/h2>\n<table style=\"margin-bottom: 0rem;\"><tbody><tr style=\"background-color:#fcfaf7; \" \r\n    onmouseover=\"this.style.backgroundColor='#f7dbb8';\" \r\n    onmouseout=\"this.style.backgroundColor='#fcfaf7';\"><td style=\"vertical-align: middle; text-align: right;\"><a href=\"https:\/\/www.getyourguide.co.uk\/basilique-saint-pierre-l2617\/?partner_id=DLYVAO3&#038;utm_medium=online_publisher&#038;placement=content-top\" target=\"_blank\" rel=\"nofollow noopener\">Tickets to visit St. Peter&#039;s Basilica<\/a><\/td><td style=\"width:70px;\"><a href=\"https:\/\/www.getyourguide.co.uk\/basilique-saint-pierre-l2617\/?partner_id=DLYVAO3&#038;utm_medium=online_publisher&#038;placement=content-top\" target=\"_blank\" rel=\"nofollow noopener\"><img style=\"display:inline;vertical-align:middle;padding:5px;\" src=\"https:\/\/www.rome-roma.net\/images\/icones\/icone-tickets2.png\" alt=\"icon tickets visit\" title=\"Tickets to visit St. Peter&#039;s Basilica\" width=\"65\" align=\"center\"><\/a><\/td><\/tr><tr style=\"background-color:#ffffff; \" \r\n    onmouseover=\"this.style.backgroundColor='#f7dbb8';\" \r\n    onmouseout=\"this.style.backgroundColor='#ffffff';\"><td style=\"vertical-align: middle; text-align: right;\"><a href=\"https:\/\/www.booking.com\/searchresults.en-gb.html?aid=308344;label=headerlandmark;landmark=1504;group_adults=2;no_rooms=1;group_children=0;nflt=review_score=80%3Bdistance=1000\" target=\"_blank\" rel=\"nofollow noopener\">Hotels, rooms and apartments near the monument<\/a><\/td><td style=\"width:70px;\"><a href=\"https:\/\/www.booking.com\/searchresults.en-gb.html?aid=308344;label=headerlandmark;landmark=1504;group_adults=2;no_rooms=1;group_children=0;nflt=review_score=80%3Bdistance=1000\" target=\"_blank\" rel=\"nofollow noopener\"><img style=\"display:inline;vertical-align:middle;padding:5px;\" src=\"https:\/\/www.rome-roma.net\/images\/icones\/icone-hotel22.png\" alt=\"icon hotels\" title=\"Hotels, rooms and apartments near the monument\" width=\"65\" align=\"center\"><\/a><\/td><\/tr><\/tbody><\/table>\n<table style=\"border-collapse: collapse; width: 100%;\">\n<tbody>\n<tr style=\"background-color: #fae8c3;\">\n<td style=\"width: 100%;\"><span style=\"font-size: 10pt;\"><strong>Basilica di San Pietro in Vaticano<\/strong><\/span><br \/><span style=\"font-size: 10pt;\"><em>Piazza San Pietro, Vatican City<\/em><\/span><\/td>\n<\/tr>\n<tr style=\"background-color: #f7ece1;\">\n<td style=\"width: 100%;\">\n<p><span style=\"font-size: 10pt;\"><strong>Saint Peter\u2019s Basilica opening times &amp; visits<br \/><\/strong><\/span><\/p>\n<ul>\n<li><span style=\"font-size: 10pt;\"><strong>April\u00a01 to September\u00a030<\/strong>: daily from 7:00\u202fAM to 7:10\u202fPM<\/span><\/li>\n<li><span style=\"font-size: 10pt;\"><strong>October\u00a01 to March\u00a031<\/strong>: daily from 7:00\u202fAM to 7:10\u202fPM<\/span><\/li>\n<li><span style=\"font-size: 10pt;\">Closures: check the official website<\/span><\/li>\n<\/ul>\n<p><span style=\"font-size: 10pt;\"><strong>Sacred grotto, Popes\u2019 tombs<\/strong><\/span><\/p>\n<ul>\n<li><span style=\"font-size: 10pt;\">No reservation needed<\/span><\/li>\n<\/ul>\n<p><span style=\"font-size: 10pt;\"><strong>Dome access hours and rates<\/strong><\/span><\/p>\n<ul>\n<li><span style=\"font-size: 10pt;\">Winter period: (26 October 2025 &#8211; 28 March 2026): 7:30 a.m. to 5:00 p.m.<\/span><br \/><span style=\"font-size: 10pt;\">Summer period: (29 March 2026 &#8211; 25 October 2026): 7:00 a.m. to 6:00 p.m.<\/span><\/li>\n<li><span style=\"font-size: 10pt;\"><strong>Rates (to be confirmed)<\/strong><br \/>Elevator access to the terrace, then 320 steps on foot: \u20ac10<\/span><br \/><span style=\"font-size: 10pt;\">Walk up 551 steps: \u20ac8<\/span><br \/><span style=\"font-size: 10pt;\">Reduced fare: \u20ac5<\/span><\/li>\n<li><span style=\"font-size: 10pt;\">Closures: check the official website<\/span><\/li>\n<\/ul>\n<p><span style=\"font-size: 10pt;\"><strong>Saint Peter\u2019s Tomb, Necropolis and Constantine Basilica<\/strong><\/span><\/p>\n<ul>\n<li><span style=\"font-size: 10pt;\">From Monday to Friday: 9:00 am to 4:30 pm, Saturday: 9:00 am to 1:00 pm \/ Closures: consult the official website.<br \/>Rate with guide: full 20 \u20ac, reduced 14 \u20ac (10 to 17 years).<br \/>Check the official site for information and booking requests: <a href=\"https:\/\/www.necropolivaticana.org\/en\" target=\"_blank\" rel=\"noopener\">www.necropolivaticana.org\/en<\/a><\/span><\/li>\n<\/ul>\n<table style=\"margin-bottom: 0rem;\"><tbody><tr style=\"background-color:#fcfaf7; \" \r\n    onmouseover=\"this.style.backgroundColor='#f7dbb8';\" \r\n    onmouseout=\"this.style.backgroundColor='#fcfaf7';\"><td style=\"width:70px;\"><a href=\"https:\/\/www.getyourguide.co.uk\/basilique-saint-pierre-l2617\/?partner_id=DLYVAO3&#038;utm_medium=online_publisher&#038;placement=content-top\" target=\"_blank\" rel=\"nofollow noopener\"><img style=\"display:inline;vertical-align:middle;padding:5px;\" src=\"https:\/\/www.rome-roma.net\/images\/icones\/icone-tickets2.png\" alt=\"icon tickets visit\" title=\"Tickets to visit St. Peter&#039;s Basilica\" width=\"50\"><\/a><\/td><td style=\"vertical-align:middle;text-align:left;\"><a href=\"https:\/\/www.getyourguide.co.uk\/basilique-saint-pierre-l2617\/?partner_id=DLYVAO3&#038;utm_medium=online_publisher&#038;placement=content-top\" target=\"_blank\" rel=\"nofollow noopener\">Tickets to visit St. Peter&#039;s Basilica<\/a><\/td><\/tr><tr style=\"background-color:#ffffff; \" \r\n    onmouseover=\"this.style.backgroundColor='#f7dbb8';\" \r\n    onmouseout=\"this.style.backgroundColor='#ffffff';\"><td style=\"width:70px;\"><a href=\"https:\/\/www.booking.com\/searchresults.en-gb.html?aid=308344;label=headerlandmark;landmark=1504;group_adults=2;no_rooms=1;group_children=0;nflt=review_score=80%3Bdistance=1000\" target=\"_blank\" rel=\"nofollow noopener\"><img style=\"display:inline;vertical-align:middle;padding:5px;\" src=\"https:\/\/www.rome-roma.net\/images\/icones\/icone-hotel22.png\" alt=\"icon hotels\" title=\"Hotels, rooms and apartments near the monument\" width=\"50\"><\/a><\/td><td style=\"vertical-align:middle;text-align:left;\"><a href=\"https:\/\/www.booking.com\/searchresults.en-gb.html?aid=308344;label=headerlandmark;landmark=1504;group_adults=2;no_rooms=1;group_children=0;nflt=review_score=80%3Bdistance=1000\" target=\"_blank\" rel=\"nofollow noopener\">Hotels, rooms and apartments near the monument<\/a><\/td><\/tr><\/tbody><\/table>\n<\/td>\n<\/tr>\n<tr style=\"background-color: #fae8c3;\">\n<td style=\"width: 100%;\">\n<p><span style=\"font-size: 10pt;\"><b>Sources and links for further reading<\/b><\/span><\/p>\n<ul>\n<li><span style=\"font-size: 10pt;\">Learn more about the basilica: <a href=\"https:\/\/www.basilicasanpietro.va\/en\" target=\"_blank\" rel=\"noopener\">Saint Peter official site<\/a> | <a href=\"https:\/\/060608.comune.roma.it\/turismo-religioso\/chiese-cattoliche\/basilica-di-san-pietro-in-vaticano-13498\" target=\"_blank\" rel=\"noopener\">Saint Peter on the Rome city site 060608<\/a> | <a href=\"https:\/\/en.wikipedia.org\/wiki\/St._Peter%27s_Basilica\" target=\"_blank\" rel=\"noopener\">Wikipedia page<\/a><\/span><\/li>\n<li><span style=\"font-size: 10pt;\">About the <a href=\"https:\/\/060608.comune.roma.it\/cultura\/beni-architettonici-e-storici\/cupola-di-san-pietro-15703\" target=\"_blank\" rel=\"noopener\">dome on the Rome city site 060608<\/a><\/span><\/li>\n<li><a href=\"https:\/\/060608.comune.roma.it\/cultura\/beni-archeologici\/tomba-di-san-pietro-necropoli-vaticana-precostantiniana-e-basilica-costantiniana-3792\" target=\"_blank\" rel=\"noopener\"><span style=\"font-size: 10pt;\">Saint Peter\u2019s Tomb, Necropolis and Constantine Basilica on the Rome city site 060608<\/span><\/a><\/li>\n<li><span style=\"font-size: 10pt;\">Virtual visit of Saint Peter: <a href=\"https:\/\/www.vatican.va\/various\/basiliche\/san_pietro\/vr_tour\/index-it.html\" target=\"_blank\" rel=\"noopener\">www.vatican.va\/various\/basiliche\/san_pietro\/vr_tour<\/a><\/span><\/li>\n<\/ul>\n<\/td>\n<\/tr>\n<tr>\n<td style=\"width: 100%;\">\n<p><span style=\"font-size: 10pt;\"><div data-gyg-href=\"https:\/\/widget.getyourguide.com\/default\/activities.frame\" data-gyg-location-id=\"2617\" data-gyg-locale-code=\"en-GB\" data-gyg-widget=\"activities\" data-gyg-number-of-items=\"4\" data-gyg-partner-id=\"DLYVAO3\"><\/div><\/span><\/p>\n<\/td>\n<\/tr>\n<\/tbody>\n<\/table>\n<h2>The Basilica and Its Masterpieces<\/h2>\n<div id=\"attachment_14689\" style=\"width: 310px\" class=\"wp-caption alignright\"><a href=\"https:\/\/www.rome-roma.net\/wp-content\/uploads\/2020\/01\/interno-basilica-san-pietro-roma_1516.jpg\"><img aria-describedby=\"caption-attachment-14689\" loading=\"lazy\" class=\"size-medium wp-image-14689\" src=\"https:\/\/www.rome-roma.net\/wp-content\/uploads\/2020\/01\/interno-basilica-san-pietro-roma_1516-300x200.jpg\" alt=\"interno\u2011basilica\u2011san\u2011pietro\u2011roma_1516\" width=\"300\" height=\"200\" srcset=\"https:\/\/www.rome-roma.net\/wp-content\/uploads\/2020\/01\/interno-basilica-san-pietro-roma_1516-300x200.jpg 300w, https:\/\/www.rome-roma.net\/wp-content\/uploads\/2020\/01\/interno-basilica-san-pietro-roma_1516-1024x683.jpg 1024w, https:\/\/www.rome-roma.net\/wp-content\/uploads\/2020\/01\/interno-basilica-san-pietro-roma_1516-768x512.jpg 768w, https:\/\/www.rome-roma.net\/wp-content\/uploads\/2020\/01\/interno-basilica-san-pietro-roma_1516.jpg 1200w\" sizes=\"(max-width: 300px) 100vw, 300px\" \/><\/a><p id=\"caption-attachment-14689\" class=\"wp-caption-text\">Central nave<\/p><\/div>\n<h3>Exterior, Dome and Structure<\/h3>\n<p>With a length of 218 meters, the basilica covers nearly 23,000 square meters. The dome soars to 133 meters, a height no other Roman building is legally allowed to surpass.<br \/>It is connected to the Vatican palaces by an elevated corridor along the right aisle and the <strong>Scala Regia<\/strong> staircase on the right of the fa\u00e7ade.<\/p>\n<p>The impressive fa\u00e7ade, 115 meters wide, was designed by <strong>Maderno<\/strong>. Its three-level staircase was drawn by <strong>Bernini<\/strong>. It\u2019s adorned with Corinthian pillars and columns and topped by an attic above which stand thirteen colossal statues: Christ, John the Baptist, and the eleven apostles.<br \/>Above the central portal is the Loggia of Blessings, from which the Pope blesses the faithful on certain solemn occasions and announces the election of new pontiffs.<br \/>At the end of the grand portico designed by Maderno, on the right, is the Scala Regia with Bernini\u2019s <em><span class=\"Style3\">equestrian statue of Constantine<\/span><\/em>.<br \/>Among the five entrance doors, the central one called <em>Filarete<\/em> comes from the old basilica. The <em>holy door<\/em>, which is opened during the Holy Year, is the farthest to the right.<\/p>\n<h3>The Interior, Its Works and Chapels<\/h3>\n<p>The interior is vast, with a central nave flanked by two side aisles.<br \/>Along the aisles, the 45 altars and 11 chapels host many historically and artistically significant masterpieces, including several works by <strong>Bernini<\/strong> (Gian Lorenzo Bernini) and others from the previous basilica, such as the bronze Statue of Saint Peter attributed to <strong>Arnolfo di Cambio<\/strong>.<br \/>On the floor a few meters from the entrance is the <em><span class=\"Style3\">Rota Porphyretica<\/span><\/em>, a dark porphyry disc that once lay near the altar of the ancient basilica, on which <strong>Charlemagne<\/strong> knelt to receive the imperial crown from Leo\u00a0III on Christmas night in the year\u00a0800.<br \/>Toward the altar, bronze letters embedded in the floor indicate the lengths of the world\u2019s largest churches.<\/p>\n<div id=\"attachment_14694\" style=\"width: 310px\" class=\"wp-caption alignleft\"><a href=\"https:\/\/www.rome-roma.net\/wp-content\/uploads\/2020\/01\/pieta-michelange-saint-pierre-vatican_1565.jpg\"><img aria-describedby=\"caption-attachment-14694\" loading=\"lazy\" class=\"size-medium wp-image-14694\" src=\"https:\/\/www.rome-roma.net\/wp-content\/uploads\/2020\/01\/pieta-michelange-saint-pierre-vatican_1565-300x200.jpg\" alt=\"pieta\u2011michelange\u2011saint\u2011pierre\u2011vatican_1565\" width=\"300\" height=\"200\" srcset=\"https:\/\/www.rome-roma.net\/wp-content\/uploads\/2020\/01\/pieta-michelange-saint-pierre-vatican_1565-300x200.jpg 300w, https:\/\/www.rome-roma.net\/wp-content\/uploads\/2020\/01\/pieta-michelange-saint-pierre-vatican_1565-1024x683.jpg 1024w, https:\/\/www.rome-roma.net\/wp-content\/uploads\/2020\/01\/pieta-michelange-saint-pierre-vatican_1565-768x512.jpg 768w, https:\/\/www.rome-roma.net\/wp-content\/uploads\/2020\/01\/pieta-michelange-saint-pierre-vatican_1565.jpg 1200w\" sizes=\"(max-width: 300px) 100vw, 300px\" \/><\/a><p id=\"caption-attachment-14694\" class=\"wp-caption-text\">Michelangelo\u2019s Piet\u00e0<\/p><\/div>\n<p>In the first chapel on the right near the entrance, behind glass is preserved the <em><strong>Piet\u00e0<\/strong><\/em>, the famous marble group sculpted by <strong>Michelangelo<\/strong> (1498\u201399), depicting Mary supporting Christ\u2019s body after his descent from the cross.<br \/>The next chapels are also richly decorated. In the third, called the <em><span class=\"Style3\">Sacrament chapel<\/span><\/em>, accessible through an elegant portal by <strong>Borromini<\/strong>, it houses a tabernacle by <strong>Bernini<\/strong>.<br \/>In the right transept is the monument of <em><span class=\"Style3\">Clement XIII<\/span><\/em>, one of the most famous works by <strong>Antonio Canova<\/strong> (1784\u20131792).<br \/>In the left nave, note the <em><span class=\"Style3\">tomb of Innocent\u00a0VIII<\/span><\/em> by <strong>Pollaiolo<\/strong> (1498), the oldest funerary monument in the basilica, and the funerary stele known as the <em><span class=\"Style3\">Stuart monument<\/span><\/em> by Antonio\u202fCanova.<\/p>\n<p>On the last column on the right of the nave, a famous <em>bronze statue of <span class=\"Style3\">Saint Peter seated in blessing<\/span><\/em>, dating from the 13th century, is possibly by <strong>Arnolfo di Cambio<\/strong>.<br \/>The dome\u2019s interior was decorated with a luminous mosaic by the <strong>Cavalier d\u2019Arpino<\/strong> in 1605.<\/p>\n<p>The dome rests on four colossal pilasters designed by <strong>Bramante<\/strong>, whose bases are adorned with statues of saints (the first on the right, <em><span class=\"Style3\">Saint Longinus<\/span><\/em>, is by Bernini).<br \/>Beneath the dome stand the twisted columns of the grand bronze baldachin executed between 1624 and 1633 by <strong>Bernini<\/strong>, in collaboration with artists including <strong>Francesco Borromini<\/strong>.<br \/>In the choir is preserved the <span class=\"Style3\">Chair of Saint Peter<\/span>, dating from the early Christian era, housed in a monument by Bernini. It is flanked by the <em><span class=\"Style3\">funerary monument to Urban\u00a0VIII<\/span><\/em> (also by Bernini) and the <em><span class=\"Style3\">monument to Paul\u00a0III<\/span><\/em>, a remarkable work by <strong>Guglielmo della Porta<\/strong>.<\/p>\n<blockquote>\n<p>\u2192 Also read: the detailed article on the <a href=\"https:\/\/www.rome-roma.net\/basilique-saint-pierre-de-rome\/visite-guidee-de-la-basilique-saint-pierre\/\">guided visit of Saint Peter\u2019s Basilica<\/a><\/p>\n<\/blockquote>\n<h2>The History of Saint Peter\u2019s Basilica<\/h2>\n<h3>The First Basilica<\/h3>\n<p>The <strong>Basilica of Saint Peter<\/strong> is traditionally built on the site of the tomb of the <strong>Apostle Peter<\/strong>, martyred around the year 64 under <strong>Emperor Nero<\/strong>, at Nero\u2019s circus, immediately adjacent to the current building site. This place, associated with one of Christianity\u2019s earliest apostles, was quickly viewed as a central symbol of Christian faith. When <strong>Emperor Constantine I<\/strong> adopted Christianity as the official religion in <strong>324<\/strong>, he ordered a basilica built to commemorate Saint Peter\u2019s tomb.<br \/>The foundations were laid in 324, and the work was completed in 349 under <strong>Pope Sylvester I<\/strong>, who consecrated the edifice. The original basilica was large, featuring five naves and a grand portico at its entrance, but it suffered wear over time, notably from Saracen invasions in 846. As the building aged, its condition deteriorated, necessitating restorations.<\/p>\n<p>In the early 15th century, after nearly a millennium of history, Pope <strong>Nicholas V<\/strong> ordered a radical renovation of the building, which had housed frescoes by Giotto. The project was entrusted to <strong>Leon Battista Alberti<\/strong> and <strong>Bernardo Rossellino<\/strong>. This effort marked the beginning of a renovation project that would span over 200 years. Due to the extensive decay of the building, the project gradually became a full reconstruction.<\/p>\n<div style=\"width: 510px\" class=\"wp-caption aligncenter\"><a title=\"David Roberts, Panorama, Saint Peter\u2019s Rome (1853)\" href=\"https:\/\/www.rome-roma.net\/artmodule\/david roberts\/david roberts - panorama saint pierre - 1853 - denver art museum.jpg\" rel=\"lightbox[a]\"><img loading=\"lazy\" src=\"https:\/\/www.rome-roma.net\/artmodule\/david roberts\/david roberts - panorama saint pierre - 1853 - denver art museum.jpg\" alt=\"David Roberts, Panorama, Saint\u2011Peter of Rome\" width=\"500\" height=\"805\" border=\"0\" \/><\/a><p class=\"wp-caption-text\">Panorama, Saint Peter\u2019s Rome, David Roberts (1853)<\/p><\/div>\n<h3>The Great Masters of Reconstruction<\/h3>\n<p>After the death of Pope Nicholas\u202fV, the project underwent a major transformation under the pontificate of <strong>Pope Julius\u202fII<\/strong>. In 1506, Julius\u202fII entrusted the works to the architect <strong>Donato Bramante<\/strong>, who opted to demolish the old basilica to lay the foundations for an even more imposing structure. He envisioned a Greek-cross plan with a central dome. Although ambitious, the dome was not completed in his lifetime.<\/p>\n<p>Throughout the 16th century, several renowned artists took charge of the works. <strong>Raffaello Sanzio<\/strong>, <strong>Peruzzi<\/strong> and <strong>Antonio da Sangallo<\/strong> were successively involved in the design. Around 1514, Sangallo modified Bramante\u2019s design, adopting a Latin-cross plan. Only in 1547 did <strong>Michelangelo<\/strong> take over the project and revert to the Greek-cross concept. He designed the monumental dome, overseeing its construction until his death in 1564. The dome, completed in 1590 by <strong>Giacomo della Porta<\/strong>, became a symbol of Renaissance architecture.<\/p>\n<p>Under the pontificate of <strong>Pope Paul\u202fV Borghese<\/strong>, the architect <strong>Carlo Maderno<\/strong> continued Michelangelo\u2019s work, adding three lateral chapels and altering the basilica\u2019s plan to return to a Latin cross. He completed the fa\u00e7ade in 1614. The basilica was consecrated only in 1626 by Pope <strong>Urban\u202fVIII Barberini<\/strong>.<\/p>\n<p>Finally, <strong>Gian Lorenzo Bernini<\/strong> was commissioned to design <a href=\"https:\/\/www.rome-roma.net\/place-saint-pierre-de-rome\/\">Saint Peter\u2019s Square<\/a>, an exceptionally grand project begun in 1629. Between 1656 and 1665, he erected the famous colonnade of the square, a set of 284 columns encircling the space with symbolic majesty. The colonnade represents a true \u201cembrace\u201d by the Church of its followers, a gesture of welcome and communion.<\/p>\n<p>Thus, Saint Peter\u2019s Basilica stands as an architectural and spiritual testament of over a thousand years of history, where art, faith and politics intertwined to create a central site of Christianity.<\/p>\n\n\n<figure class=\"wp-container-5 wp-block-gallery-4 wp-block-gallery has-nested-images columns-default is-cropped\">\n<figure class=\"wp-block-image size-large\"><img loading=\"lazy\" width=\"1024\" height=\"683\" data-id=\"14701\"  src=\"https:\/\/www.rome-roma.net\/wp-content\/uploads\/2020\/01\/saint-pierre-de-rome_5710-1024x683.jpg\" alt=\"Saint Peter\u2019s Basilica in Rome\" class=\"wp-image-14701\" srcset=\"https:\/\/www.rome-roma.net\/wp-content\/uploads\/2020\/01\/saint-pierre-de-rome_5710-1024x683.jpg 1024w, https:\/\/www.rome-roma.net\/wp-content\/uploads\/2020\/01\/saint-pierre-de-rome_5710-300x200.jpg 300w, https:\/\/www.rome-roma.net\/wp-content\/uploads\/2020\/01\/saint-pierre-de-rome_5710-768x512.jpg 768w, https:\/\/www.rome-roma.net\/wp-content\/uploads\/2020\/01\/saint-pierre-de-rome_5710.jpg 1200w\" sizes=\"(max-width: 1024px) 100vw, 1024px\" \/><figcaption>Facade of Saint Peter\u2019s Basilica in Rome<\/figcaption><\/figure>\n<\/figure>\n\n\n\n<h2>Photo gallery<\/h2>\n\n\n\n\t\t<style type=\"text\/css\">\n\t\t\t#gallery-1 {\n\t\t\t\tmargin: auto;\n\t\t\t}\n\t\t\t#gallery-1 .gallery-item {\n\t\t\t\tfloat: left;\n\t\t\t\tmargin-top: 10px;\n\t\t\t\ttext-align: center;\n\t\t\t\twidth: 20%;\n\t\t\t}\n\t\t\t#gallery-1 img {\n\t\t\t\tborder: 2px solid #cfcfcf;\n\t\t\t}\n\t\t\t#gallery-1 .gallery-caption {\n\t\t\t\tmargin-left: 0;\n\t\t\t}\n\t\t\t\/* see gallery_shortcode() in wp-includes\/media.php *\/\n\t\t<\/style>\n\t\t<div id='gallery-1' class='gallery galleryid-32541 gallery-columns-5 gallery-size-thumbnail'><dl class='gallery-item'>\n\t\t\t<dt class='gallery-icon landscape'>\n\t\t\t\t<a href='https:\/\/www.rome-roma.net\/wp-content\/uploads\/2020\/01\/vista-su-basilica-san-pietro-e-tevere-ponte-sant-angelo_5010.jpg'><img width=\"150\" height=\"150\" src=\"https:\/\/www.rome-roma.net\/wp-content\/uploads\/2020\/01\/vista-su-basilica-san-pietro-e-tevere-ponte-sant-angelo_5010-150x150.jpg\" class=\"attachment-thumbnail size-thumbnail\" alt=\"View of Saint-Pierre and the Saint-Ange bridge\" loading=\"lazy\" aria-describedby=\"gallery-1-14820\" srcset=\"https:\/\/www.rome-roma.net\/wp-content\/uploads\/2020\/01\/vista-su-basilica-san-pietro-e-tevere-ponte-sant-angelo_5010-150x150.jpg 150w, https:\/\/www.rome-roma.net\/wp-content\/uploads\/2020\/01\/vista-su-basilica-san-pietro-e-tevere-ponte-sant-angelo_5010-50x50.jpg 50w, https:\/\/www.rome-roma.net\/wp-content\/uploads\/2020\/01\/vista-su-basilica-san-pietro-e-tevere-ponte-sant-angelo_5010-80x80.jpg 80w, https:\/\/www.rome-roma.net\/wp-content\/uploads\/2020\/01\/vista-su-basilica-san-pietro-e-tevere-ponte-sant-angelo_5010-75x75.jpg 75w\" sizes=\"(max-width: 150px) 100vw, 150px\" \/><\/a>\n\t\t\t<\/dt>\n\t\t\t\t<dd class='wp-caption-text gallery-caption' id='gallery-1-14820'>\n\t\t\t\tView of Saint-Pierre and the Saint-Ange bridge\n\t\t\t\t<\/dd><\/dl><dl class='gallery-item'>\n\t\t\t<dt class='gallery-icon landscape'>\n\t\t\t\t<a href='https:\/\/www.rome-roma.net\/wp-content\/uploads\/2020\/01\/basilica-san-pietro-roma_5670b.jpg'><img width=\"150\" height=\"150\" src=\"https:\/\/www.rome-roma.net\/wp-content\/uploads\/2020\/01\/basilica-san-pietro-roma_5670b-150x150.jpg\" class=\"attachment-thumbnail size-thumbnail\" alt=\"St Peter&#039;s in Rome\" loading=\"lazy\" aria-describedby=\"gallery-1-14709\" srcset=\"https:\/\/www.rome-roma.net\/wp-content\/uploads\/2020\/01\/basilica-san-pietro-roma_5670b-150x150.jpg 150w, https:\/\/www.rome-roma.net\/wp-content\/uploads\/2020\/01\/basilica-san-pietro-roma_5670b-50x50.jpg 50w, https:\/\/www.rome-roma.net\/wp-content\/uploads\/2020\/01\/basilica-san-pietro-roma_5670b-80x80.jpg 80w, https:\/\/www.rome-roma.net\/wp-content\/uploads\/2020\/01\/basilica-san-pietro-roma_5670b-75x75.jpg 75w\" sizes=\"(max-width: 150px) 100vw, 150px\" \/><\/a>\n\t\t\t<\/dt>\n\t\t\t\t<dd class='wp-caption-text gallery-caption' id='gallery-1-14709'>\n\t\t\t\tSt Peter&#8217;s in Rome\n\t\t\t\t<\/dd><\/dl><dl class='gallery-item'>\n\t\t\t<dt class='gallery-icon landscape'>\n\t\t\t\t<a href='https:\/\/www.rome-roma.net\/wp-content\/uploads\/2020\/01\/via-della-concilazione-piazza-san-pietro_5045.jpg'><img width=\"150\" height=\"150\" src=\"https:\/\/www.rome-roma.net\/wp-content\/uploads\/2020\/01\/via-della-concilazione-piazza-san-pietro_5045-150x150.jpg\" class=\"attachment-thumbnail size-thumbnail\" alt=\"via-della-concilazione-piazza-san-pietro_5045\" loading=\"lazy\" aria-describedby=\"gallery-1-14815\" srcset=\"https:\/\/www.rome-roma.net\/wp-content\/uploads\/2020\/01\/via-della-concilazione-piazza-san-pietro_5045-150x150.jpg 150w, https:\/\/www.rome-roma.net\/wp-content\/uploads\/2020\/01\/via-della-concilazione-piazza-san-pietro_5045-50x50.jpg 50w, https:\/\/www.rome-roma.net\/wp-content\/uploads\/2020\/01\/via-della-concilazione-piazza-san-pietro_5045-80x80.jpg 80w, https:\/\/www.rome-roma.net\/wp-content\/uploads\/2020\/01\/via-della-concilazione-piazza-san-pietro_5045-75x75.jpg 75w\" sizes=\"(max-width: 150px) 100vw, 150px\" \/><\/a>\n\t\t\t<\/dt>\n\t\t\t\t<dd class='wp-caption-text gallery-caption' id='gallery-1-14815'>\n\t\t\t\tVia della Concilazione\n\t\t\t\t<\/dd><\/dl><dl class='gallery-item'>\n\t\t\t<dt class='gallery-icon landscape'>\n\t\t\t\t<a href='https:\/\/www.rome-roma.net\/wp-content\/uploads\/2020\/01\/place-saint-pierre-de-rome_5686.jpg'><img width=\"150\" height=\"150\" src=\"https:\/\/www.rome-roma.net\/wp-content\/uploads\/2020\/01\/place-saint-pierre-de-rome_5686-150x150.jpg\" class=\"attachment-thumbnail size-thumbnail\" alt=\"St Peter&#039;s Square in Rome\" loading=\"lazy\" aria-describedby=\"gallery-1-14780\" srcset=\"https:\/\/www.rome-roma.net\/wp-content\/uploads\/2020\/01\/place-saint-pierre-de-rome_5686-150x150.jpg 150w, https:\/\/www.rome-roma.net\/wp-content\/uploads\/2020\/01\/place-saint-pierre-de-rome_5686-50x50.jpg 50w, https:\/\/www.rome-roma.net\/wp-content\/uploads\/2020\/01\/place-saint-pierre-de-rome_5686-80x80.jpg 80w, https:\/\/www.rome-roma.net\/wp-content\/uploads\/2020\/01\/place-saint-pierre-de-rome_5686-75x75.jpg 75w\" sizes=\"(max-width: 150px) 100vw, 150px\" \/><\/a>\n\t\t\t<\/dt>\n\t\t\t\t<dd class='wp-caption-text gallery-caption' id='gallery-1-14780'>\n\t\t\t\tSt Peter&#8217;s Square\n\t\t\t\t<\/dd><\/dl><dl class='gallery-item'>\n\t\t\t<dt class='gallery-icon landscape'>\n\t\t\t\t<a href='https:\/\/www.rome-roma.net\/wp-content\/uploads\/2020\/01\/basilica-san-pietro-roma-vaticano_5694.jpg'><img width=\"150\" height=\"150\" src=\"https:\/\/www.rome-roma.net\/wp-content\/uploads\/2020\/01\/basilica-san-pietro-roma-vaticano_5694-150x150.jpg\" class=\"attachment-thumbnail size-thumbnail\" alt=\"Saint Peter&#039;s Square in Rome\" loading=\"lazy\" aria-describedby=\"gallery-1-14775\" srcset=\"https:\/\/www.rome-roma.net\/wp-content\/uploads\/2020\/01\/basilica-san-pietro-roma-vaticano_5694-150x150.jpg 150w, https:\/\/www.rome-roma.net\/wp-content\/uploads\/2020\/01\/basilica-san-pietro-roma-vaticano_5694-50x50.jpg 50w, https:\/\/www.rome-roma.net\/wp-content\/uploads\/2020\/01\/basilica-san-pietro-roma-vaticano_5694-80x80.jpg 80w, https:\/\/www.rome-roma.net\/wp-content\/uploads\/2020\/01\/basilica-san-pietro-roma-vaticano_5694-75x75.jpg 75w\" sizes=\"(max-width: 150px) 100vw, 150px\" \/><\/a>\n\t\t\t<\/dt>\n\t\t\t\t<dd class='wp-caption-text gallery-caption' id='gallery-1-14775'>\n\t\t\t\tSaint Peter&#8217;s Square in Rome\n\t\t\t\t<\/dd><\/dl><br style=\"clear: both\" \/><dl class='gallery-item'>\n\t\t\t<dt class='gallery-icon landscape'>\n\t\t\t\t<a href='https:\/\/www.rome-roma.net\/wp-content\/uploads\/2020\/01\/saint-pierre-de-rome_5710.jpg'><img width=\"150\" height=\"150\" src=\"https:\/\/www.rome-roma.net\/wp-content\/uploads\/2020\/01\/saint-pierre-de-rome_5710-150x150.jpg\" class=\"attachment-thumbnail size-thumbnail\" alt=\"Facade of Saint Peter\u2019s Basilica in Rome\" loading=\"lazy\" aria-describedby=\"gallery-1-14702\" srcset=\"https:\/\/www.rome-roma.net\/wp-content\/uploads\/2020\/01\/saint-pierre-de-rome_5710-150x150.jpg 150w, https:\/\/www.rome-roma.net\/wp-content\/uploads\/2020\/01\/saint-pierre-de-rome_5710-50x50.jpg 50w, https:\/\/www.rome-roma.net\/wp-content\/uploads\/2020\/01\/saint-pierre-de-rome_5710-80x80.jpg 80w, https:\/\/www.rome-roma.net\/wp-content\/uploads\/2020\/01\/saint-pierre-de-rome_5710-75x75.jpg 75w\" sizes=\"(max-width: 150px) 100vw, 150px\" \/><\/a>\n\t\t\t<\/dt>\n\t\t\t\t<dd class='wp-caption-text gallery-caption' id='gallery-1-14702'>\n\t\t\t\tFacade of Saint Peter\u2019s Basilica in Rome\n\t\t\t\t<\/dd><\/dl><dl class='gallery-item'>\n\t\t\t<dt class='gallery-icon landscape'>\n\t\t\t\t<a href='https:\/\/www.rome-roma.net\/wp-content\/uploads\/2020\/01\/basilique-place-saint-pierre-rome_5715.jpg'><img width=\"150\" height=\"150\" src=\"https:\/\/www.rome-roma.net\/wp-content\/uploads\/2020\/01\/basilique-place-saint-pierre-rome_5715-150x150.jpg\" class=\"attachment-thumbnail size-thumbnail\" alt=\"Saint Peter\u2019s Basilica facade\" loading=\"lazy\" aria-describedby=\"gallery-1-14729\" srcset=\"https:\/\/www.rome-roma.net\/wp-content\/uploads\/2020\/01\/basilique-place-saint-pierre-rome_5715-150x150.jpg 150w, https:\/\/www.rome-roma.net\/wp-content\/uploads\/2020\/01\/basilique-place-saint-pierre-rome_5715-50x50.jpg 50w, https:\/\/www.rome-roma.net\/wp-content\/uploads\/2020\/01\/basilique-place-saint-pierre-rome_5715-80x80.jpg 80w, https:\/\/www.rome-roma.net\/wp-content\/uploads\/2020\/01\/basilique-place-saint-pierre-rome_5715-75x75.jpg 75w\" sizes=\"(max-width: 150px) 100vw, 150px\" \/><\/a>\n\t\t\t<\/dt>\n\t\t\t\t<dd class='wp-caption-text gallery-caption' id='gallery-1-14729'>\n\t\t\t\tSaint Peter\u2019s Basilica facade\n\t\t\t\t<\/dd><\/dl><dl class='gallery-item'>\n\t\t\t<dt class='gallery-icon landscape'>\n\t\t\t\t<a href='https:\/\/www.rome-roma.net\/wp-content\/uploads\/2020\/01\/basilique-place-saint-pierre-rome_5712.jpg'><img width=\"150\" height=\"150\" src=\"https:\/\/www.rome-roma.net\/wp-content\/uploads\/2020\/01\/basilique-place-saint-pierre-rome_5712-150x150.jpg\" class=\"attachment-thumbnail size-thumbnail\" alt=\"Saint Peter\u2019s Basilica facade\" loading=\"lazy\" aria-describedby=\"gallery-1-14724\" srcset=\"https:\/\/www.rome-roma.net\/wp-content\/uploads\/2020\/01\/basilique-place-saint-pierre-rome_5712-150x150.jpg 150w, https:\/\/www.rome-roma.net\/wp-content\/uploads\/2020\/01\/basilique-place-saint-pierre-rome_5712-50x50.jpg 50w, https:\/\/www.rome-roma.net\/wp-content\/uploads\/2020\/01\/basilique-place-saint-pierre-rome_5712-80x80.jpg 80w, https:\/\/www.rome-roma.net\/wp-content\/uploads\/2020\/01\/basilique-place-saint-pierre-rome_5712-75x75.jpg 75w\" sizes=\"(max-width: 150px) 100vw, 150px\" \/><\/a>\n\t\t\t<\/dt>\n\t\t\t\t<dd class='wp-caption-text gallery-caption' id='gallery-1-14724'>\n\t\t\t\tSaint Peter\u2019s Basilica facade\n\t\t\t\t<\/dd><\/dl><dl class='gallery-item'>\n\t\t\t<dt class='gallery-icon landscape'>\n\t\t\t\t<a href='https:\/\/www.rome-roma.net\/wp-content\/uploads\/2020\/01\/coupole-basilique-saint-pierre-rome_5343.jpg'><img width=\"150\" height=\"150\" src=\"https:\/\/www.rome-roma.net\/wp-content\/uploads\/2020\/01\/coupole-basilique-saint-pierre-rome_5343-150x150.jpg\" class=\"attachment-thumbnail size-thumbnail\" alt=\"St Peter&#039;s basilica dome\" loading=\"lazy\" aria-describedby=\"gallery-1-14810\" srcset=\"https:\/\/www.rome-roma.net\/wp-content\/uploads\/2020\/01\/coupole-basilique-saint-pierre-rome_5343-150x150.jpg 150w, https:\/\/www.rome-roma.net\/wp-content\/uploads\/2020\/01\/coupole-basilique-saint-pierre-rome_5343-50x50.jpg 50w, https:\/\/www.rome-roma.net\/wp-content\/uploads\/2020\/01\/coupole-basilique-saint-pierre-rome_5343-80x80.jpg 80w, https:\/\/www.rome-roma.net\/wp-content\/uploads\/2020\/01\/coupole-basilique-saint-pierre-rome_5343-75x75.jpg 75w\" sizes=\"(max-width: 150px) 100vw, 150px\" \/><\/a>\n\t\t\t<\/dt>\n\t\t\t\t<dd class='wp-caption-text gallery-caption' id='gallery-1-14810'>\n\t\t\t\tDome\n\t\t\t\t<\/dd><\/dl><dl class='gallery-item'>\n\t\t\t<dt class='gallery-icon landscape'>\n\t\t\t\t<a href='https:\/\/www.rome-roma.net\/wp-content\/uploads\/2020\/01\/roma-san-pietro-cupola-panorama_1500.jpg'><img width=\"150\" height=\"150\" src=\"https:\/\/www.rome-roma.net\/wp-content\/uploads\/2020\/01\/roma-san-pietro-cupola-panorama_1500-150x150.jpg\" class=\"attachment-thumbnail size-thumbnail\" alt=\"View of the dome on Saint Peter\u2019s Square\" loading=\"lazy\" aria-describedby=\"gallery-1-14684\" srcset=\"https:\/\/www.rome-roma.net\/wp-content\/uploads\/2020\/01\/roma-san-pietro-cupola-panorama_1500-150x150.jpg 150w, https:\/\/www.rome-roma.net\/wp-content\/uploads\/2020\/01\/roma-san-pietro-cupola-panorama_1500-50x50.jpg 50w, https:\/\/www.rome-roma.net\/wp-content\/uploads\/2020\/01\/roma-san-pietro-cupola-panorama_1500-80x80.jpg 80w, https:\/\/www.rome-roma.net\/wp-content\/uploads\/2020\/01\/roma-san-pietro-cupola-panorama_1500-75x75.jpg 75w\" sizes=\"(max-width: 150px) 100vw, 150px\" \/><\/a>\n\t\t\t<\/dt>\n\t\t\t\t<dd class='wp-caption-text gallery-caption' id='gallery-1-14684'>\n\t\t\t\tView of the dome on Saint Peter\u2019s Square\n\t\t\t\t<\/dd><\/dl><br style=\"clear: both\" \/><dl class='gallery-item'>\n\t\t\t<dt class='gallery-icon landscape'>\n\t\t\t\t<a href='https:\/\/www.rome-roma.net\/wp-content\/uploads\/2020\/01\/facade-basilique-saint-pierre-de-rome_5715.jpg'><img width=\"150\" height=\"150\" src=\"https:\/\/www.rome-roma.net\/wp-content\/uploads\/2020\/01\/facade-basilique-saint-pierre-de-rome_5715-150x150.jpg\" class=\"attachment-thumbnail size-thumbnail\" alt=\"front porch St Peter&#039;s in Rome\" loading=\"lazy\" aria-describedby=\"gallery-1-14740\" srcset=\"https:\/\/www.rome-roma.net\/wp-content\/uploads\/2020\/01\/facade-basilique-saint-pierre-de-rome_5715-150x150.jpg 150w, https:\/\/www.rome-roma.net\/wp-content\/uploads\/2020\/01\/facade-basilique-saint-pierre-de-rome_5715-50x50.jpg 50w, https:\/\/www.rome-roma.net\/wp-content\/uploads\/2020\/01\/facade-basilique-saint-pierre-de-rome_5715-80x80.jpg 80w, https:\/\/www.rome-roma.net\/wp-content\/uploads\/2020\/01\/facade-basilique-saint-pierre-de-rome_5715-75x75.jpg 75w\" sizes=\"(max-width: 150px) 100vw, 150px\" \/><\/a>\n\t\t\t<\/dt>\n\t\t\t\t<dd class='wp-caption-text gallery-caption' id='gallery-1-14740'>\n\t\t\t\tfront porch St Peter&#8217;s in Rome\n\t\t\t\t<\/dd><\/dl><dl class='gallery-item'>\n\t\t\t<dt class='gallery-icon landscape'>\n\t\t\t\t<a href='https:\/\/www.rome-roma.net\/wp-content\/uploads\/2020\/01\/statua-san-pietro-piazza-san-pietro_5703.jpg'><img width=\"150\" height=\"150\" src=\"https:\/\/www.rome-roma.net\/wp-content\/uploads\/2020\/01\/statua-san-pietro-piazza-san-pietro_5703-150x150.jpg\" class=\"attachment-thumbnail size-thumbnail\" alt=\"Statue of Saint Peter in front of the porch\" loading=\"lazy\" aria-describedby=\"gallery-1-14735\" srcset=\"https:\/\/www.rome-roma.net\/wp-content\/uploads\/2020\/01\/statua-san-pietro-piazza-san-pietro_5703-150x150.jpg 150w, https:\/\/www.rome-roma.net\/wp-content\/uploads\/2020\/01\/statua-san-pietro-piazza-san-pietro_5703-50x50.jpg 50w, https:\/\/www.rome-roma.net\/wp-content\/uploads\/2020\/01\/statua-san-pietro-piazza-san-pietro_5703-80x80.jpg 80w, https:\/\/www.rome-roma.net\/wp-content\/uploads\/2020\/01\/statua-san-pietro-piazza-san-pietro_5703-75x75.jpg 75w\" sizes=\"(max-width: 150px) 100vw, 150px\" \/><\/a>\n\t\t\t<\/dt>\n\t\t\t\t<dd class='wp-caption-text gallery-caption' id='gallery-1-14735'>\n\t\t\t\tStatue of Saint Peter in front of the porch\n\t\t\t\t<\/dd><\/dl><dl class='gallery-item'>\n\t\t\t<dt class='gallery-icon landscape'>\n\t\t\t\t<a href='https:\/\/www.rome-roma.net\/wp-content\/uploads\/2020\/01\/place-saint-pierre-sous-la-neige_6342.jpg'><img width=\"150\" height=\"150\" src=\"https:\/\/www.rome-roma.net\/wp-content\/uploads\/2020\/01\/place-saint-pierre-sous-la-neige_6342-150x150.jpg\" class=\"attachment-thumbnail size-thumbnail\" alt=\"Saint-Pierre under the snow\" loading=\"lazy\" aria-describedby=\"gallery-1-14755\" srcset=\"https:\/\/www.rome-roma.net\/wp-content\/uploads\/2020\/01\/place-saint-pierre-sous-la-neige_6342-150x150.jpg 150w, https:\/\/www.rome-roma.net\/wp-content\/uploads\/2020\/01\/place-saint-pierre-sous-la-neige_6342-50x50.jpg 50w, https:\/\/www.rome-roma.net\/wp-content\/uploads\/2020\/01\/place-saint-pierre-sous-la-neige_6342-80x80.jpg 80w, https:\/\/www.rome-roma.net\/wp-content\/uploads\/2020\/01\/place-saint-pierre-sous-la-neige_6342-75x75.jpg 75w\" sizes=\"(max-width: 150px) 100vw, 150px\" \/><\/a>\n\t\t\t<\/dt>\n\t\t\t\t<dd class='wp-caption-text gallery-caption' id='gallery-1-14755'>\n\t\t\t\tSaint-Pierre under the snow\n\t\t\t\t<\/dd><\/dl><dl class='gallery-item'>\n\t\t\t<dt class='gallery-icon landscape'>\n\t\t\t\t<a href='https:\/\/www.rome-roma.net\/wp-content\/uploads\/2020\/01\/neve-piazza-san-pietro-roma_5888.jpg'><img width=\"150\" height=\"150\" src=\"https:\/\/www.rome-roma.net\/wp-content\/uploads\/2020\/01\/neve-piazza-san-pietro-roma_5888-150x150.jpg\" class=\"attachment-thumbnail size-thumbnail\" alt=\"Saint-Pierre under the snow\" loading=\"lazy\" aria-describedby=\"gallery-1-14750\" srcset=\"https:\/\/www.rome-roma.net\/wp-content\/uploads\/2020\/01\/neve-piazza-san-pietro-roma_5888-150x150.jpg 150w, https:\/\/www.rome-roma.net\/wp-content\/uploads\/2020\/01\/neve-piazza-san-pietro-roma_5888-50x50.jpg 50w, https:\/\/www.rome-roma.net\/wp-content\/uploads\/2020\/01\/neve-piazza-san-pietro-roma_5888-80x80.jpg 80w, https:\/\/www.rome-roma.net\/wp-content\/uploads\/2020\/01\/neve-piazza-san-pietro-roma_5888-75x75.jpg 75w\" sizes=\"(max-width: 150px) 100vw, 150px\" \/><\/a>\n\t\t\t<\/dt>\n\t\t\t\t<dd class='wp-caption-text gallery-caption' id='gallery-1-14750'>\n\t\t\t\tSaint-Pierre under the snow\n\t\t\t\t<\/dd><\/dl>\n\t\t\t<br style='clear: both' \/>\n\t\t<\/div>\n\n\n\t\t<style type=\"text\/css\">\n\t\t\t#gallery-2 {\n\t\t\t\tmargin: auto;\n\t\t\t}\n\t\t\t#gallery-2 .gallery-item {\n\t\t\t\tfloat: left;\n\t\t\t\tmargin-top: 10px;\n\t\t\t\ttext-align: center;\n\t\t\t\twidth: 20%;\n\t\t\t}\n\t\t\t#gallery-2 img {\n\t\t\t\tborder: 2px solid #cfcfcf;\n\t\t\t}\n\t\t\t#gallery-2 .gallery-caption {\n\t\t\t\tmargin-left: 0;\n\t\t\t}\n\t\t\t\/* see gallery_shortcode() in wp-includes\/media.php *\/\n\t\t<\/style>\n\t\t<div id='gallery-2' class='gallery galleryid-32541 gallery-columns-5 gallery-size-thumbnail'><dl class='gallery-item'>\n\t\t\t<dt class='gallery-icon landscape'>\n\t\t\t\t<a href='https:\/\/www.rome-roma.net\/wp-content\/uploads\/2020\/01\/interno-basilica-san-pietro-roma_1516.jpg'><img width=\"150\" height=\"150\" src=\"https:\/\/www.rome-roma.net\/wp-content\/uploads\/2020\/01\/interno-basilica-san-pietro-roma_1516-150x150.jpg\" class=\"attachment-thumbnail size-thumbnail\" alt=\"Central nave in St. Peter&#039;s basilica\" loading=\"lazy\" aria-describedby=\"gallery-2-14690\" srcset=\"https:\/\/www.rome-roma.net\/wp-content\/uploads\/2020\/01\/interno-basilica-san-pietro-roma_1516-150x150.jpg 150w, https:\/\/www.rome-roma.net\/wp-content\/uploads\/2020\/01\/interno-basilica-san-pietro-roma_1516-50x50.jpg 50w, https:\/\/www.rome-roma.net\/wp-content\/uploads\/2020\/01\/interno-basilica-san-pietro-roma_1516-80x80.jpg 80w, https:\/\/www.rome-roma.net\/wp-content\/uploads\/2020\/01\/interno-basilica-san-pietro-roma_1516-75x75.jpg 75w\" sizes=\"(max-width: 150px) 100vw, 150px\" \/><\/a>\n\t\t\t<\/dt>\n\t\t\t\t<dd class='wp-caption-text gallery-caption' id='gallery-2-14690'>\n\t\t\t\tCentral nave\n\t\t\t\t<\/dd><\/dl><dl class='gallery-item'>\n\t\t\t<dt class='gallery-icon landscape'>\n\t\t\t\t<a href='https:\/\/www.rome-roma.net\/wp-content\/uploads\/2020\/01\/interieur-basilique-saint-pierre_1539.jpg'><img width=\"150\" height=\"150\" src=\"https:\/\/www.rome-roma.net\/wp-content\/uploads\/2020\/01\/interieur-basilique-saint-pierre_1539-150x150.jpg\" class=\"attachment-thumbnail size-thumbnail\" alt=\"Central nave in St. Peter&#039;s basilica\" loading=\"lazy\" aria-describedby=\"gallery-2-14760\" srcset=\"https:\/\/www.rome-roma.net\/wp-content\/uploads\/2020\/01\/interieur-basilique-saint-pierre_1539-150x150.jpg 150w, https:\/\/www.rome-roma.net\/wp-content\/uploads\/2020\/01\/interieur-basilique-saint-pierre_1539-50x50.jpg 50w, https:\/\/www.rome-roma.net\/wp-content\/uploads\/2020\/01\/interieur-basilique-saint-pierre_1539-80x80.jpg 80w, https:\/\/www.rome-roma.net\/wp-content\/uploads\/2020\/01\/interieur-basilique-saint-pierre_1539-75x75.jpg 75w\" sizes=\"(max-width: 150px) 100vw, 150px\" \/><\/a>\n\t\t\t<\/dt>\n\t\t\t\t<dd class='wp-caption-text gallery-caption' id='gallery-2-14760'>\n\t\t\t\tCentral nave\n\t\t\t\t<\/dd><\/dl><dl class='gallery-item'>\n\t\t\t<dt class='gallery-icon landscape'>\n\t\t\t\t<a href='https:\/\/www.rome-roma.net\/wp-content\/uploads\/2020\/01\/interieur-basilique-saint-pierre-baldaquin_1531.jpg'><img width=\"150\" height=\"150\" src=\"https:\/\/www.rome-roma.net\/wp-content\/uploads\/2020\/01\/interieur-basilique-saint-pierre-baldaquin_1531-150x150.jpg\" class=\"attachment-thumbnail size-thumbnail\" alt=\"Canopy and heart of Saint Peter\" loading=\"lazy\" aria-describedby=\"gallery-2-14765\" srcset=\"https:\/\/www.rome-roma.net\/wp-content\/uploads\/2020\/01\/interieur-basilique-saint-pierre-baldaquin_1531-150x150.jpg 150w, https:\/\/www.rome-roma.net\/wp-content\/uploads\/2020\/01\/interieur-basilique-saint-pierre-baldaquin_1531-50x50.jpg 50w, https:\/\/www.rome-roma.net\/wp-content\/uploads\/2020\/01\/interieur-basilique-saint-pierre-baldaquin_1531-80x80.jpg 80w, https:\/\/www.rome-roma.net\/wp-content\/uploads\/2020\/01\/interieur-basilique-saint-pierre-baldaquin_1531-75x75.jpg 75w\" sizes=\"(max-width: 150px) 100vw, 150px\" \/><\/a>\n\t\t\t<\/dt>\n\t\t\t\t<dd class='wp-caption-text gallery-caption' id='gallery-2-14765'>\n\t\t\t\tCanopy and heart of Saint Peter\n\t\t\t\t<\/dd><\/dl><dl class='gallery-item'>\n\t\t\t<dt class='gallery-icon portrait'>\n\t\t\t\t<a href='https:\/\/www.rome-roma.net\/wp-content\/uploads\/2020\/01\/baldaquin-basilique-saint-pierre_1548.jpg'><img width=\"150\" height=\"150\" src=\"https:\/\/www.rome-roma.net\/wp-content\/uploads\/2020\/01\/baldaquin-basilique-saint-pierre_1548-150x150.jpg\" class=\"attachment-thumbnail size-thumbnail\" alt=\"Canopy of Bernini in St Peter&#039;s basilica\" loading=\"lazy\" aria-describedby=\"gallery-2-14770\" srcset=\"https:\/\/www.rome-roma.net\/wp-content\/uploads\/2020\/01\/baldaquin-basilique-saint-pierre_1548-150x150.jpg 150w, https:\/\/www.rome-roma.net\/wp-content\/uploads\/2020\/01\/baldaquin-basilique-saint-pierre_1548-50x50.jpg 50w, https:\/\/www.rome-roma.net\/wp-content\/uploads\/2020\/01\/baldaquin-basilique-saint-pierre_1548-80x80.jpg 80w, https:\/\/www.rome-roma.net\/wp-content\/uploads\/2020\/01\/baldaquin-basilique-saint-pierre_1548-75x75.jpg 75w\" sizes=\"(max-width: 150px) 100vw, 150px\" \/><\/a>\n\t\t\t<\/dt>\n\t\t\t\t<dd class='wp-caption-text gallery-caption' id='gallery-2-14770'>\n\t\t\t\tCanopy of Bernini\n\t\t\t\t<\/dd><\/dl><dl class='gallery-item'>\n\t\t\t<dt class='gallery-icon landscape'>\n\t\t\t\t<a href='https:\/\/www.rome-roma.net\/wp-content\/uploads\/2020\/01\/pieta-michelange-saint-pierre-vatican_1565.jpg'><img width=\"150\" height=\"150\" src=\"https:\/\/www.rome-roma.net\/wp-content\/uploads\/2020\/01\/pieta-michelange-saint-pierre-vatican_1565-150x150.jpg\" class=\"attachment-thumbnail size-thumbnail\" alt=\"Piet\u00e0 by Michelangelo\" loading=\"lazy\" aria-describedby=\"gallery-2-14695\" srcset=\"https:\/\/www.rome-roma.net\/wp-content\/uploads\/2020\/01\/pieta-michelange-saint-pierre-vatican_1565-150x150.jpg 150w, https:\/\/www.rome-roma.net\/wp-content\/uploads\/2020\/01\/pieta-michelange-saint-pierre-vatican_1565-50x50.jpg 50w, https:\/\/www.rome-roma.net\/wp-content\/uploads\/2020\/01\/pieta-michelange-saint-pierre-vatican_1565-80x80.jpg 80w, https:\/\/www.rome-roma.net\/wp-content\/uploads\/2020\/01\/pieta-michelange-saint-pierre-vatican_1565-75x75.jpg 75w\" sizes=\"(max-width: 150px) 100vw, 150px\" \/><\/a>\n\t\t\t<\/dt>\n\t\t\t\t<dd class='wp-caption-text gallery-caption' id='gallery-2-14695'>\n\t\t\t\tPiet\u00e0 by Michelangelo\n\t\t\t\t<\/dd><\/dl><br style=\"clear: both\" \/>\n\t\t<\/div>\n\n\n\n<h2>Map and address<\/h2>\r\n\t\t<b>Address : <\/b>Piazza San Pietro, 00120 Citt\u00e0 del Vaticano, \u00c9tat de la Cit\u00e9 du Vatican<div id=\"travelersmap-container-69f0f2d79fdcf\" class=\"travelersmap-container\" style=\"z-index: 1; min-height: 10px; min-width:10px; height:400px;width:100%; max-width:; max-height:; position:relative;\"><div style=\"position:absolute; z-index:-1;top: 50%;text-align: center;display: block;left: 50%;transform: translate(-50%,-50%);\">Travelers' Map is loading... <br> If you see this after your page is loaded completely, leafletJS files are missing.<\/div><\/div><i>Click on the arrow to locate yourself on the map<\/i>\n\n\n\n<h2>Articles related to St. Peter\u2019s Basilica<\/h2>\n\n\n\n<ul class=\"lcp_catlist\" id=\"lcp_instance_0\"><li class=\"current\"><a href=\"https:\/\/www.rome-roma.net\/en\/st-peters-basilica-in-the-vatican\/\">St. Peter&#8217;s Basilica in the Vatican<\/a><a href=\"https:\/\/www.rome-roma.net\/en\/st-peters-basilica-in-the-vatican\/\" title=\"St. Peter&#039;s Basilica in the Vatican\"><img src=\"https:\/\/www.rome-roma.net\/wp-content\/uploads\/2020\/01\/facade-basilique-saint-pierre-rome_5757-1024x683.jpg\" class=\"classthumblist\"  alt=\"St. Peter&#039;s Basilica in the Vatican\" \/><\/a><div class=\"lcp_excerpt\">Discover the Saint-Pierre Basilica of Rome: visit, description and history. Built on the tomb of the apostle Peter which would ...<\/div><\/li><li><a href=\"https:\/\/www.rome-roma.net\/en\/saint-peters-square-in-rome\/\">Saint Peter&#8217;s Square in Rome<\/a><a href=\"https:\/\/www.rome-roma.net\/en\/saint-peters-square-in-rome\/\" title=\"Saint Peter&#039;s Square in Rome\"><img src=\"https:\/\/www.rome-roma.net\/wp-content\/uploads\/2020\/01\/piazza-san-pietro-roma_5687-300x200.jpg\" class=\"classthumblist\"  alt=\"Saint Peter&#039;s Square in Rome\" \/><\/a><div class=\"lcp_excerpt\">St. Peter\u2019s Square (Piazza San Pietro), located in front of the magnificent St. Peter\u2019s Basilica in the Vatican, is an ...<\/div><\/li><\/ul>\n\n\n\n<h3>Articles on the Vatican<\/h3>\n\n\n\n<ul class=\"lcp_catlist\" id=\"lcp_instance_0\"><li class=\"current\"><a href=\"https:\/\/www.rome-roma.net\/en\/st-peters-basilica-in-the-vatican\/\">St. Peter&#8217;s Basilica in the Vatican<\/a><a href=\"https:\/\/www.rome-roma.net\/en\/st-peters-basilica-in-the-vatican\/\" title=\"St. Peter&#039;s Basilica in the Vatican\"><img src=\"https:\/\/www.rome-roma.net\/wp-content\/uploads\/2020\/01\/facade-basilique-saint-pierre-rome_5757-1024x683.jpg\" class=\"classthumblist\"  alt=\"St. Peter&#039;s Basilica in the Vatican\" \/><\/a><div class=\"lcp_excerpt\">Discover the Saint-Pierre Basilica of Rome: visit, description and history. Built on the tomb of the apostle Peter which would ...<\/div><\/li><li><a href=\"https:\/\/www.rome-roma.net\/en\/saint-peters-square-in-rome\/\">Saint Peter&#8217;s Square in Rome<\/a><a href=\"https:\/\/www.rome-roma.net\/en\/saint-peters-square-in-rome\/\" title=\"Saint Peter&#039;s Square in Rome\"><img src=\"https:\/\/www.rome-roma.net\/wp-content\/uploads\/2020\/01\/piazza-san-pietro-roma_5687-300x200.jpg\" class=\"classthumblist\"  alt=\"Saint Peter&#039;s Square in Rome\" \/><\/a><div class=\"lcp_excerpt\">St. Peter\u2019s Square (Piazza San Pietro), located in front of the magnificent St. Peter\u2019s Basilica in the Vatican, is an ...<\/div><\/li><li><a href=\"https:\/\/www.rome-roma.net\/en\/vatican-museums\/\">Vatican Museums<\/a><a href=\"https:\/\/www.rome-roma.net\/en\/vatican-museums\/\" title=\"Vatican Museums\"><img src=\"https:\/\/www.rome-roma.net\/wp-content\/uploads\/2020\/01\/musei-vaticani-palazzi-pontifici_1512-300x200.jpg\" class=\"classthumblist\"  alt=\"Vatican Museums\" \/><\/a><div class=\"lcp_excerpt\">General Overview\n\nThe Vatican Museums, located in the heart of the Vatican City, are among the world\u2019s most prestigious and extensive ...<\/div><\/li><li><a href=\"https:\/\/www.rome-roma.net\/en\/vatican-city\/\">Vatican City<\/a><a href=\"https:\/\/www.rome-roma.net\/en\/vatican-city\/\" title=\"Vatican City\"><img width=\"50\" height=\"50\" src=\"https:\/\/www.rome-roma.net\/wp-content\/uploads\/2020\/01\/vatican-drapeau-150x150.jpg\" class=\"classthumblist wp-post-image\" alt=\"Vatican City\" loading=\"lazy\" srcset=\"https:\/\/www.rome-roma.net\/wp-content\/uploads\/2020\/01\/vatican-drapeau-150x150.jpg 150w, https:\/\/www.rome-roma.net\/wp-content\/uploads\/2020\/01\/vatican-drapeau.jpg 300w, https:\/\/www.rome-roma.net\/wp-content\/uploads\/2020\/01\/vatican-drapeau-50x50.jpg 50w, https:\/\/www.rome-roma.net\/wp-content\/uploads\/2020\/01\/vatican-drapeau-80x80.jpg 80w, https:\/\/www.rome-roma.net\/wp-content\/uploads\/2020\/01\/vatican-drapeau-75x75.jpg 75w\" sizes=\"(max-width: 50px) 100vw, 50px\" \/><\/a><div class=\"lcp_excerpt\">\nThe Vatican City is an independent state under the sovereignty of the Holy See through the authority of the Pope ...<\/div><\/li><li><a href=\"https:\/\/www.rome-roma.net\/en\/sistine-chapel\/\">Sistine Chapel<\/a><a href=\"https:\/\/www.rome-roma.net\/en\/sistine-chapel\/\" title=\"Sistine Chapel\"><img src=\"https:\/\/www.rome-roma.net\/photos\/chapelle-sixtine.jpg\" class=\"classthumblist\"  alt=\"Sistine Chapel\" \/><\/a><div class=\"lcp_excerpt\">Visit the Sistine Chapel in Rome, whose vault was created by Michelangelo in the 16th century, located in the pontifical ...<\/div><\/li><\/ul>\n\n\n\n<h2>Ancient views in art<\/h2><div>56 artworks of St. Peter&#8217;s Basilica in the Vatican were found in the database. To see them all open this <a href=\"https:\/\/www.rome-roma.net\/site-rome-art.php?lieu=saint+pierre\" target=\"_blank\">link<\/a>.<\/div><div class=\"wp-block-kadence-advancedgallery kb-gallery-wrap-id-_5955fd-3f\">\r\n        <div class=\"kb-gallery-ul kb-gallery-type-fluidcarousel kb-gallery-id-_5955fd-3f kb-gallery-caption-style-below kb-gallery-magnific-init kb-gallery-filter-none\" data-image-filter=\"none\" data-lightbox-caption=\"true\">\r\n            <div class=\"kt-blocks-carousel kt-carousel-container-dotstyle-dark\">\r\n                <div class=\"kt-blocks-carousel-init kb-blocks-fluid-carousel kt-carousel-arrowstyle-whiteondark kt-carousel-dotstyle-dark\" data-slider-anim-speed=\"400\" data-slider-type=\"fluidcarousel\" data-slider-scroll=\"1\" data-slider-arrows=\"true\" data-slider-dots=\"true\" data-slider-hover-pause=\"false\" data-slider-auto=\"false\" data-slider-speed=\"7000\">\r\n        <div class=\"kb-slide-item kb-gallery-carousel-item\"><li class=\"kadence-blocks-gallery-item\"><div class=\"kadence-blocks-gallery-item-inner\">\r\n            <figure class=\"kb-gallery-figure kb-gallery-item-has-link kadence-blocks-gallery-item-has-caption\">\r\n                <a href=\"https:\/\/www.rome-roma.net\/artmodule\/alexander pavlovich brullov\/alexander pavlovich brullov - vue du chateau saint ange - 1826.jpg\" class=\"kb-gallery-item-link\" style=\"color: #FFFFFF;\">\r\n                    <div class=\"kb-gal-image-radius\"><div class=\"kb-gallery-image-contain\">\r\n                        <img src=\"https:\/\/www.rome-roma.net\/artmodule\/alexander pavlovich brullov\/alexander pavlovich brullov - vue du chateau saint ange - 1826.jpg\" width=\"300\" height=\"200\" \r\n                            alt=\"Alexander Pavlovich Brullov,Vue sur le Tibre, le Chateau Saint-Ange et Saint-Pierre (1826)\" \r\n                            data-full-image=\"https:\/\/www.rome-roma.net\/artmodule\/alexander pavlovich brullov\/alexander pavlovich brullov - vue du chateau saint ange - 1826.jpg\" \r\n                            data-light-image=\"https:\/\/www.rome-roma.net\/artmodule\/alexander pavlovich brullov\/alexander pavlovich brullov - vue du chateau saint ange - 1826.jpg\" data-id=\"149\" \r\n                            data-link=\"https:\/\/www.rome-roma.net\/artmodule\/alexander pavlovich brullov\/alexander pavlovich brullov - vue du chateau saint ange - 1826.jpg\" \r\n                            class=\"wp-image-149\" loading=lazy\/>\r\n                    <\/div><\/div>\r\n                    <figcaption class=\"kadence-blocks-gallery-item__caption\">Alexander Pavlovich Brullov, Vue sur le Tibre, le Chateau Saint-Ange et Saint-Pierre<\/figcaption>\r\n                <\/a>\r\n            <\/figure><\/div><\/li><\/div>\r\n        <div class=\"kb-slide-item kb-gallery-carousel-item\"><li class=\"kadence-blocks-gallery-item\"><div class=\"kadence-blocks-gallery-item-inner\">\r\n            <figure class=\"kb-gallery-figure kb-gallery-item-has-link kadence-blocks-gallery-item-has-caption\">\r\n                <a href=\"https:\/\/www.rome-roma.net\/artmodule\/antonio joli\/antonio joli - basilique et place saint pierre.jpg\" class=\"kb-gallery-item-link\" style=\"color: #FFFFFF;\">\r\n                    <div class=\"kb-gal-image-radius\"><div class=\"kb-gallery-image-contain\">\r\n                        <img src=\"https:\/\/www.rome-roma.net\/artmodule\/antonio joli\/antonio joli - basilique et place saint pierre.jpg\" width=\"300\" height=\"200\" \r\n                            alt=\"Antonio Joli,Basilique et Place Saint-Pierre (1720-1770, date ind\u00e9termin\u00e9e)\" \r\n                            data-full-image=\"https:\/\/www.rome-roma.net\/artmodule\/antonio joli\/antonio joli - basilique et place saint pierre.jpg\" \r\n                            data-light-image=\"https:\/\/www.rome-roma.net\/artmodule\/antonio joli\/antonio joli - basilique et place saint pierre.jpg\" data-id=\"149\" \r\n                            data-link=\"https:\/\/www.rome-roma.net\/artmodule\/antonio joli\/antonio joli - basilique et place saint pierre.jpg\" \r\n                            class=\"wp-image-149\" loading=lazy\/>\r\n                    <\/div><\/div>\r\n                    <figcaption class=\"kadence-blocks-gallery-item__caption\">Antonio Joli, Basilique et Place Saint-Pierre<\/figcaption>\r\n                <\/a>\r\n            <\/figure><\/div><\/li><\/div>\r\n        <div class=\"kb-slide-item kb-gallery-carousel-item\"><li class=\"kadence-blocks-gallery-item\"><div class=\"kadence-blocks-gallery-item-inner\">\r\n            <figure class=\"kb-gallery-figure kb-gallery-item-has-link kadence-blocks-gallery-item-has-caption\">\r\n                <a href=\"https:\/\/www.rome-roma.net\/artmodule\/david roberts\/david roberts - interieur de saint pierre rome - government art collection - 1853-1854.jpg\" class=\"kb-gallery-item-link\" style=\"color: #FFFFFF;\">\r\n                    <div class=\"kb-gal-image-radius\"><div class=\"kb-gallery-image-contain\">\r\n                        <img src=\"https:\/\/www.rome-roma.net\/artmodule\/david roberts\/david roberts - interieur de saint pierre rome - government art collection - 1853-1854.jpg\" width=\"300\" height=\"200\" \r\n                            alt=\"David Roberts,Int\u00e9rieur de la basilique Saint-Pierre (1853-1854)\" \r\n                            data-full-image=\"https:\/\/www.rome-roma.net\/artmodule\/david roberts\/david roberts - interieur de saint pierre rome - government art collection - 1853-1854.jpg\" \r\n                            data-light-image=\"https:\/\/www.rome-roma.net\/artmodule\/david roberts\/david roberts - interieur de saint pierre rome - government art collection - 1853-1854.jpg\" data-id=\"149\" \r\n                            data-link=\"https:\/\/www.rome-roma.net\/artmodule\/david roberts\/david roberts - interieur de saint pierre rome - government art collection - 1853-1854.jpg\" \r\n                            class=\"wp-image-149\" loading=lazy\/>\r\n                    <\/div><\/div>\r\n                    <figcaption class=\"kadence-blocks-gallery-item__caption\">David Roberts, Int\u00e9rieur de la basilique Saint-Pierre<\/figcaption>\r\n                <\/a>\r\n            <\/figure><\/div><\/li><\/div>\r\n        <div class=\"kb-slide-item kb-gallery-carousel-item\"><li class=\"kadence-blocks-gallery-item\"><div class=\"kadence-blocks-gallery-item-inner\">\r\n            <figure class=\"kb-gallery-figure kb-gallery-item-has-link kadence-blocks-gallery-item-has-caption\">\r\n                <a href=\"https:\/\/www.rome-roma.net\/artmodule\/david roberts\/david roberts - interno basilica san pietro - art gallery of new south wales -1863.jpg\" class=\"kb-gallery-item-link\" style=\"color: #FFFFFF;\">\r\n                    <div class=\"kb-gal-image-radius\"><div class=\"kb-gallery-image-contain\">\r\n                        <img src=\"https:\/\/www.rome-roma.net\/artmodule\/david roberts\/david roberts - interno basilica san pietro - art gallery of new south wales -1863.jpg\" width=\"300\" height=\"200\" \r\n                            alt=\"David Roberts,Int\u00e9rieur de la basilique Saint-Pierre (1863)\" \r\n                            data-full-image=\"https:\/\/www.rome-roma.net\/artmodule\/david roberts\/david roberts - interno basilica san pietro - art gallery of new south wales -1863.jpg\" \r\n                            data-light-image=\"https:\/\/www.rome-roma.net\/artmodule\/david roberts\/david roberts - interno basilica san pietro - art gallery of new south wales -1863.jpg\" data-id=\"149\" \r\n                            data-link=\"https:\/\/www.rome-roma.net\/artmodule\/david roberts\/david roberts - interno basilica san pietro - art gallery of new south wales -1863.jpg\" \r\n                            class=\"wp-image-149\" loading=lazy\/>\r\n                    <\/div><\/div>\r\n                    <figcaption class=\"kadence-blocks-gallery-item__caption\">David Roberts, Int\u00e9rieur de la basilique Saint-Pierre<\/figcaption>\r\n                <\/a>\r\n            <\/figure><\/div><\/li><\/div>\r\n        <div class=\"kb-slide-item kb-gallery-carousel-item\"><li class=\"kadence-blocks-gallery-item\"><div class=\"kadence-blocks-gallery-item-inner\">\r\n            <figure class=\"kb-gallery-figure kb-gallery-item-has-link kadence-blocks-gallery-item-has-caption\">\r\n                <a href=\"https:\/\/www.rome-roma.net\/artmodule\/david roberts\/david roberts - interno di san pietro a roma - hackney museum - 1862.jpg\" class=\"kb-gallery-item-link\" style=\"color: #FFFFFF;\">\r\n                    <div class=\"kb-gal-image-radius\"><div class=\"kb-gallery-image-contain\">\r\n                        <img src=\"https:\/\/www.rome-roma.net\/artmodule\/david roberts\/david roberts - interno di san pietro a roma - hackney museum - 1862.jpg\" width=\"300\" height=\"200\" \r\n                            alt=\"David Roberts,Int\u00e9rieur de la basilique Saint-Pierre (1862)\" \r\n                            data-full-image=\"https:\/\/www.rome-roma.net\/artmodule\/david roberts\/david roberts - interno di san pietro a roma - hackney museum - 1862.jpg\" \r\n                            data-light-image=\"https:\/\/www.rome-roma.net\/artmodule\/david roberts\/david roberts - interno di san pietro a roma - hackney museum - 1862.jpg\" data-id=\"149\" \r\n                            data-link=\"https:\/\/www.rome-roma.net\/artmodule\/david roberts\/david roberts - interno di san pietro a roma - hackney museum - 1862.jpg\" \r\n                            class=\"wp-image-149\" loading=lazy\/>\r\n                    <\/div><\/div>\r\n                    <figcaption class=\"kadence-blocks-gallery-item__caption\">David Roberts, Int\u00e9rieur de la basilique Saint-Pierre<\/figcaption>\r\n                <\/a>\r\n            <\/figure><\/div><\/li><\/div>\r\n        <div class=\"kb-slide-item kb-gallery-carousel-item\"><li class=\"kadence-blocks-gallery-item\"><div class=\"kadence-blocks-gallery-item-inner\">\r\n            <figure class=\"kb-gallery-figure kb-gallery-item-has-link kadence-blocks-gallery-item-has-caption\">\r\n                <a href=\"https:\/\/www.rome-roma.net\/artmodule\/david roberts\/david roberts - panorama saint pierre - 1853 - denver art museum.jpg\" class=\"kb-gallery-item-link\" style=\"color: #FFFFFF;\">\r\n                    <div class=\"kb-gal-image-radius\"><div class=\"kb-gallery-image-contain\">\r\n                        <img src=\"https:\/\/www.rome-roma.net\/artmodule\/david roberts\/david roberts - panorama saint pierre - 1853 - denver art museum.jpg\" width=\"300\" height=\"200\" \r\n                            alt=\"David Roberts,Panorama, Saint-Pierre de Rome (1853)\" \r\n                            data-full-image=\"https:\/\/www.rome-roma.net\/artmodule\/david roberts\/david roberts - panorama saint pierre - 1853 - denver art museum.jpg\" \r\n                            data-light-image=\"https:\/\/www.rome-roma.net\/artmodule\/david roberts\/david roberts - panorama saint pierre - 1853 - denver art museum.jpg\" data-id=\"149\" \r\n                            data-link=\"https:\/\/www.rome-roma.net\/artmodule\/david roberts\/david roberts - panorama saint pierre - 1853 - denver art museum.jpg\" \r\n                            class=\"wp-image-149\" loading=lazy\/>\r\n                    <\/div><\/div>\r\n                    <figcaption class=\"kadence-blocks-gallery-item__caption\">David Roberts, Panorama, Saint-Pierre de Rome<\/figcaption>\r\n                <\/a>\r\n            <\/figure><\/div><\/li><\/div>\r\n        <div class=\"kb-slide-item kb-gallery-carousel-item\"><li class=\"kadence-blocks-gallery-item\"><div class=\"kadence-blocks-gallery-item-inner\">\r\n            <figure class=\"kb-gallery-figure kb-gallery-item-has-link kadence-blocks-gallery-item-has-caption\">\r\n                <a href=\"https:\/\/www.rome-roma.net\/artmodule\/filippo gagliardi\/filippo gagliardi - interno della basilica san pietro - 1640 - madrid museo del prado ii.jpg\" class=\"kb-gallery-item-link\" style=\"color: #FFFFFF;\">\r\n                    <div class=\"kb-gal-image-radius\"><div class=\"kb-gallery-image-contain\">\r\n                        <img src=\"https:\/\/www.rome-roma.net\/artmodule\/filippo gagliardi\/filippo gagliardi - interno della basilica san pietro - 1640 - madrid museo del prado ii.jpg\" width=\"300\" height=\"200\" \r\n                            alt=\"Filippo Gagliardi,Int\u00e9rieur de la basilique Saint-Pierre (1640)\" \r\n                            data-full-image=\"https:\/\/www.rome-roma.net\/artmodule\/filippo gagliardi\/filippo gagliardi - interno della basilica san pietro - 1640 - madrid museo del prado ii.jpg\" \r\n                            data-light-image=\"https:\/\/www.rome-roma.net\/artmodule\/filippo gagliardi\/filippo gagliardi - interno della basilica san pietro - 1640 - madrid museo del prado ii.jpg\" data-id=\"149\" \r\n                            data-link=\"https:\/\/www.rome-roma.net\/artmodule\/filippo gagliardi\/filippo gagliardi - interno della basilica san pietro - 1640 - madrid museo del prado ii.jpg\" \r\n                            class=\"wp-image-149\" loading=lazy\/>\r\n                    <\/div><\/div>\r\n                    <figcaption class=\"kadence-blocks-gallery-item__caption\">Filippo Gagliardi, Int\u00e9rieur de la basilique Saint-Pierre<\/figcaption>\r\n                <\/a>\r\n            <\/figure><\/div><\/li><\/div>\r\n        <div class=\"kb-slide-item kb-gallery-carousel-item\"><li class=\"kadence-blocks-gallery-item\"><div class=\"kadence-blocks-gallery-item-inner\">\r\n            <figure class=\"kb-gallery-figure kb-gallery-item-has-link kadence-blocks-gallery-item-has-caption\">\r\n                <a href=\"https:\/\/www.rome-roma.net\/artmodule\/filippo gagliardi\/filippo gagliardi - interno della basilica san pietro - 1640 - madrid museo del prado.jpg\" class=\"kb-gallery-item-link\" style=\"color: #FFFFFF;\">\r\n                    <div class=\"kb-gal-image-radius\"><div class=\"kb-gallery-image-contain\">\r\n                        <img src=\"https:\/\/www.rome-roma.net\/artmodule\/filippo gagliardi\/filippo gagliardi - interno della basilica san pietro - 1640 - madrid museo del prado.jpg\" width=\"300\" height=\"200\" \r\n                            alt=\"Filippo Gagliardi,Int\u00e9rieur de la basilique Saint-Pierre (1640)\" \r\n                            data-full-image=\"https:\/\/www.rome-roma.net\/artmodule\/filippo gagliardi\/filippo gagliardi - interno della basilica san pietro - 1640 - madrid museo del prado.jpg\" \r\n                            data-light-image=\"https:\/\/www.rome-roma.net\/artmodule\/filippo gagliardi\/filippo gagliardi - interno della basilica san pietro - 1640 - madrid museo del prado.jpg\" data-id=\"149\" \r\n                            data-link=\"https:\/\/www.rome-roma.net\/artmodule\/filippo gagliardi\/filippo gagliardi - interno della basilica san pietro - 1640 - madrid museo del prado.jpg\" \r\n                            class=\"wp-image-149\" loading=lazy\/>\r\n                    <\/div><\/div>\r\n                    <figcaption class=\"kadence-blocks-gallery-item__caption\">Filippo Gagliardi, Int\u00e9rieur de la basilique Saint-Pierre<\/figcaption>\r\n                <\/a>\r\n            <\/figure><\/div><\/li><\/div>\r\n        <div class=\"kb-slide-item kb-gallery-carousel-item\"><li class=\"kadence-blocks-gallery-item\"><div class=\"kadence-blocks-gallery-item-inner\">\r\n            <figure class=\"kb-gallery-figure kb-gallery-item-has-link kadence-blocks-gallery-item-has-caption\">\r\n                <a href=\"https:\/\/www.rome-roma.net\/artmodule\/francis harding\/francis harding - d apres panini - interno san pietro - 1730-1742.jpg\" class=\"kb-gallery-item-link\" style=\"color: #FFFFFF;\">\r\n                    <div class=\"kb-gal-image-radius\"><div class=\"kb-gallery-image-contain\">\r\n                        <img src=\"https:\/\/www.rome-roma.net\/artmodule\/francis harding\/francis harding - d apres panini - interno san pietro - 1730-1742.jpg\" width=\"300\" height=\"200\" \r\n                            alt=\"Francis Harding,Int\u00e9rieur de Saint-Pierre (d'apr\u00e8s Panini) (1730-1742, date ind\u00e9termin\u00e9e)\" \r\n                            data-full-image=\"https:\/\/www.rome-roma.net\/artmodule\/francis harding\/francis harding - d apres panini - interno san pietro - 1730-1742.jpg\" \r\n                            data-light-image=\"https:\/\/www.rome-roma.net\/artmodule\/francis harding\/francis harding - d apres panini - interno san pietro - 1730-1742.jpg\" data-id=\"149\" \r\n                            data-link=\"https:\/\/www.rome-roma.net\/artmodule\/francis harding\/francis harding - d apres panini - interno san pietro - 1730-1742.jpg\" \r\n                            class=\"wp-image-149\" loading=lazy\/>\r\n                    <\/div><\/div>\r\n                    <figcaption class=\"kadence-blocks-gallery-item__caption\">Francis Harding, Int\u00e9rieur de Saint-Pierre (d'apr\u00e8s Panini)<\/figcaption>\r\n                <\/a>\r\n            <\/figure><\/div><\/li><\/div><\/div><\/div><\/div><\/div><a href=\"https:\/\/www.rome-roma.net\/site-rome-art.php?lieu=saint+pierre\" target=\"_blank\">Click to see more paintings and artists on Basilique Saint Pierre in Rome<\/a><br><br><br>\n","protected":false},"excerpt":{"rendered":"<p>Discover the Saint-Pierre Basilica of Rome: visit, description and history. Built on the tomb of the apostle Peter which would date from the year 60, it became<br \/>\nunder Constantine, the incarnation of Christian religion as an official Roman cult.<\/p>\n","protected":false},"featured_media":0,"parent":0,"menu_order":0,"comment_status":"open","ping_status":"open","template":"","format":"standard","meta":{"kt_blocks_editor_width":"","_links_to":"","_links_to_target":""},"genre":[531],"interet":[523],"quartier":[575],"categorie_site":[648,651,650,674,702],"quartier_historique":[],"etiquettes_site":[],"acf":[],"yoast_head":"<!-- This site is optimized with the Yoast SEO plugin v17.4 - https:\/\/yoast.com\/wordpress\/plugins\/seo\/ -->\n<title>St. Peter&#039;s Basilica in the Vatican &ndash; Rome-Roma<\/title>\n<meta name=\"description\" content=\"Discover Saint Peter\u2019s Basilica in Rome: visit, description and history. Built on the tomb of the apostle Peter which would date from the year 60.\" \/>\n<meta name=\"robots\" content=\"index, follow, max-snippet:-1, max-image-preview:large, max-video-preview:-1\" \/>\n<link rel=\"canonical\" href=\"https:\/\/www.rome-roma.net\/en\/st-peters-basilica-in-the-vatican\/\" \/>\n<meta property=\"og:locale\" content=\"en_US\" \/>\n<meta property=\"og:type\" content=\"article\" \/>\n<meta property=\"og:title\" content=\"St. Peter&#039;s Basilica in the Vatican &ndash; Rome-Roma\" \/>\n<meta property=\"og:description\" content=\"Discover Saint Peter\u2019s Basilica in Rome: visit, description and history. Built on the tomb of the apostle Peter which would date from the year 60.\" \/>\n<meta property=\"og:url\" content=\"https:\/\/www.rome-roma.net\/en\/st-peters-basilica-in-the-vatican\/\" \/>\n<meta property=\"og:site_name\" content=\"Rome-Roma\" \/>\n<meta property=\"article:modified_time\" content=\"2026-04-06T10:50:24+00:00\" \/>\n<meta property=\"og:image\" content=\"https:\/\/www.rome-roma.net\/wp-content\/uploads\/2020\/01\/vista-su-basilica-san-pietro-e-tevere-ponte-sant-angelo_5010-150x150.jpg\" \/>\n<meta name=\"twitter:card\" content=\"summary_large_image\" \/>\n<meta name=\"twitter:label1\" content=\"Est. reading time\" \/>\n\t<meta name=\"twitter:data1\" content=\"10 minutes\" \/>\n<script type=\"application\/ld+json\" class=\"yoast-schema-graph\">{\"@context\":\"https:\/\/schema.org\",\"@graph\":[{\"@type\":\"Organization\",\"@id\":\"https:\/\/www.rome-roma.net\/en\/#organization\",\"name\":\"Rome-Roma\",\"url\":\"https:\/\/www.rome-roma.net\/en\/\",\"sameAs\":[],\"logo\":{\"@type\":\"ImageObject\",\"@id\":\"https:\/\/www.rome-roma.net\/en\/#logo\",\"inLanguage\":\"en-US\",\"url\":\"https:\/\/www.rome-roma.net\/wp-content\/uploads\/2025\/07\/logo-rome-roma-420.jpg\",\"contentUrl\":\"https:\/\/www.rome-roma.net\/wp-content\/uploads\/2025\/07\/logo-rome-roma-420.jpg\",\"width\":420,\"height\":420,\"caption\":\"Rome-Roma\"},\"image\":{\"@id\":\"https:\/\/www.rome-roma.net\/en\/#logo\"}},{\"@type\":\"WebSite\",\"@id\":\"https:\/\/www.rome-roma.net\/en\/#website\",\"url\":\"https:\/\/www.rome-roma.net\/en\/\",\"name\":\"Rome-Roma\",\"description\":\"Culture &amp; Voyage\",\"publisher\":{\"@id\":\"https:\/\/www.rome-roma.net\/en\/#organization\"},\"potentialAction\":[{\"@type\":\"SearchAction\",\"target\":{\"@type\":\"EntryPoint\",\"urlTemplate\":\"https:\/\/www.rome-roma.net\/en\/?s={search_term_string}\"},\"query-input\":\"required name=search_term_string\"}],\"inLanguage\":\"en-US\"},{\"@type\":\"ImageObject\",\"@id\":\"https:\/\/www.rome-roma.net\/en\/st-peters-basilica-in-the-vatican\/#primaryimage\",\"inLanguage\":\"en-US\",\"url\":\"https:\/\/www.rome-roma.net\/wp-content\/uploads\/2020\/01\/facade-basilique-saint-pierre-rome_5757.jpg\",\"contentUrl\":\"https:\/\/www.rome-roma.net\/wp-content\/uploads\/2020\/01\/facade-basilique-saint-pierre-rome_5757.jpg\",\"width\":1200,\"height\":800,\"caption\":\"Facade of Saint Peter\\u2019s Basilica\"},{\"@type\":\"WebPage\",\"@id\":\"https:\/\/www.rome-roma.net\/en\/st-peters-basilica-in-the-vatican\/#webpage\",\"url\":\"https:\/\/www.rome-roma.net\/en\/st-peters-basilica-in-the-vatican\/\",\"name\":\"St. Peter's Basilica in the Vatican &ndash; Rome-Roma\",\"isPartOf\":{\"@id\":\"https:\/\/www.rome-roma.net\/en\/#website\"},\"primaryImageOfPage\":{\"@id\":\"https:\/\/www.rome-roma.net\/en\/st-peters-basilica-in-the-vatican\/#primaryimage\"},\"datePublished\":\"2025-07-29T08:42:44+00:00\",\"dateModified\":\"2026-04-06T10:50:24+00:00\",\"description\":\"Discover Saint Peter\\u2019s Basilica in Rome: visit, description and history. Built on the tomb of the apostle Peter which would date from the year 60.\",\"breadcrumb\":{\"@id\":\"https:\/\/www.rome-roma.net\/en\/st-peters-basilica-in-the-vatican\/#breadcrumb\"},\"inLanguage\":\"en-US\",\"potentialAction\":[{\"@type\":\"ReadAction\",\"target\":[\"https:\/\/www.rome-roma.net\/en\/st-peters-basilica-in-the-vatican\/\"]}]},{\"@type\":\"BreadcrumbList\",\"@id\":\"https:\/\/www.rome-roma.net\/en\/st-peters-basilica-in-the-vatican\/#breadcrumb\",\"itemListElement\":[{\"@type\":\"ListItem\",\"position\":1,\"name\":\"Accueil\",\"item\":\"https:\/\/www.rome-roma.net\/en\/\"},{\"@type\":\"ListItem\",\"position\":2,\"name\":\"St. Peter&rsquo;s Basilica in the Vatican\"}]}]}<\/script>\n<!-- \/ Yoast SEO plugin. -->","yoast_head_json":{"title":"St. Peter's Basilica in the Vatican &ndash; Rome-Roma","description":"Discover Saint Peter\u2019s Basilica in Rome: visit, description and history. Built on the tomb of the apostle Peter which would date from the year 60.","robots":{"index":"index","follow":"follow","max-snippet":"max-snippet:-1","max-image-preview":"max-image-preview:large","max-video-preview":"max-video-preview:-1"},"canonical":"https:\/\/www.rome-roma.net\/en\/st-peters-basilica-in-the-vatican\/","og_locale":"en_US","og_type":"article","og_title":"St. Peter's Basilica in the Vatican &ndash; Rome-Roma","og_description":"Discover Saint Peter\u2019s Basilica in Rome: visit, description and history. Built on the tomb of the apostle Peter which would date from the year 60.","og_url":"https:\/\/www.rome-roma.net\/en\/st-peters-basilica-in-the-vatican\/","og_site_name":"Rome-Roma","article_modified_time":"2026-04-06T10:50:24+00:00","og_image":[{"url":"https:\/\/www.rome-roma.net\/wp-content\/uploads\/2020\/01\/vista-su-basilica-san-pietro-e-tevere-ponte-sant-angelo_5010-150x150.jpg"}],"twitter_card":"summary_large_image","twitter_misc":{"Est. reading time":"10 minutes"},"schema":{"@context":"https:\/\/schema.org","@graph":[{"@type":"Organization","@id":"https:\/\/www.rome-roma.net\/en\/#organization","name":"Rome-Roma","url":"https:\/\/www.rome-roma.net\/en\/","sameAs":[],"logo":{"@type":"ImageObject","@id":"https:\/\/www.rome-roma.net\/en\/#logo","inLanguage":"en-US","url":"https:\/\/www.rome-roma.net\/wp-content\/uploads\/2025\/07\/logo-rome-roma-420.jpg","contentUrl":"https:\/\/www.rome-roma.net\/wp-content\/uploads\/2025\/07\/logo-rome-roma-420.jpg","width":420,"height":420,"caption":"Rome-Roma"},"image":{"@id":"https:\/\/www.rome-roma.net\/en\/#logo"}},{"@type":"WebSite","@id":"https:\/\/www.rome-roma.net\/en\/#website","url":"https:\/\/www.rome-roma.net\/en\/","name":"Rome-Roma","description":"Culture &amp; Voyage","publisher":{"@id":"https:\/\/www.rome-roma.net\/en\/#organization"},"potentialAction":[{"@type":"SearchAction","target":{"@type":"EntryPoint","urlTemplate":"https:\/\/www.rome-roma.net\/en\/?s={search_term_string}"},"query-input":"required name=search_term_string"}],"inLanguage":"en-US"},{"@type":"ImageObject","@id":"https:\/\/www.rome-roma.net\/en\/st-peters-basilica-in-the-vatican\/#primaryimage","inLanguage":"en-US","url":"https:\/\/www.rome-roma.net\/wp-content\/uploads\/2020\/01\/facade-basilique-saint-pierre-rome_5757.jpg","contentUrl":"https:\/\/www.rome-roma.net\/wp-content\/uploads\/2020\/01\/facade-basilique-saint-pierre-rome_5757.jpg","width":1200,"height":800,"caption":"Facade of Saint Peter\u2019s Basilica"},{"@type":"WebPage","@id":"https:\/\/www.rome-roma.net\/en\/st-peters-basilica-in-the-vatican\/#webpage","url":"https:\/\/www.rome-roma.net\/en\/st-peters-basilica-in-the-vatican\/","name":"St. Peter's Basilica in the Vatican &ndash; Rome-Roma","isPartOf":{"@id":"https:\/\/www.rome-roma.net\/en\/#website"},"primaryImageOfPage":{"@id":"https:\/\/www.rome-roma.net\/en\/st-peters-basilica-in-the-vatican\/#primaryimage"},"datePublished":"2025-07-29T08:42:44+00:00","dateModified":"2026-04-06T10:50:24+00:00","description":"Discover Saint Peter\u2019s Basilica in Rome: visit, description and history. Built on the tomb of the apostle Peter which would date from the year 60.","breadcrumb":{"@id":"https:\/\/www.rome-roma.net\/en\/st-peters-basilica-in-the-vatican\/#breadcrumb"},"inLanguage":"en-US","potentialAction":[{"@type":"ReadAction","target":["https:\/\/www.rome-roma.net\/en\/st-peters-basilica-in-the-vatican\/"]}]},{"@type":"BreadcrumbList","@id":"https:\/\/www.rome-roma.net\/en\/st-peters-basilica-in-the-vatican\/#breadcrumb","itemListElement":[{"@type":"ListItem","position":1,"name":"Accueil","item":"https:\/\/www.rome-roma.net\/en\/"},{"@type":"ListItem","position":2,"name":"St. Peter&rsquo;s Basilica in the Vatican"}]}]}},"acf_fields":{"nom_monument":"Saint Peter\u2019s Basilica in the Vatican","wikidata":"Q7793","sameas":"https:\/\/en.wikipedia.org\/wiki\/St._Peter%27s_Basilica"},"_links":{"self":[{"href":"https:\/\/www.rome-roma.net\/en\/wp-json\/wp\/v2\/site\/32541"}],"collection":[{"href":"https:\/\/www.rome-roma.net\/en\/wp-json\/wp\/v2\/site"}],"about":[{"href":"https:\/\/www.rome-roma.net\/en\/wp-json\/wp\/v2\/types\/site"}],"replies":[{"embeddable":true,"href":"https:\/\/www.rome-roma.net\/en\/wp-json\/wp\/v2\/comments?post=32541"}],"wp:attachment":[{"href":"https:\/\/www.rome-roma.net\/en\/wp-json\/wp\/v2\/media?parent=32541"}],"wp:term":[{"taxonomy":"genre","embeddable":true,"href":"https:\/\/www.rome-roma.net\/en\/wp-json\/wp\/v2\/genre?post=32541"},{"taxonomy":"interet","embeddable":true,"href":"https:\/\/www.rome-roma.net\/en\/wp-json\/wp\/v2\/interet?post=32541"},{"taxonomy":"quartier","embeddable":true,"href":"https:\/\/www.rome-roma.net\/en\/wp-json\/wp\/v2\/quartier?post=32541"},{"taxonomy":"categorie_site","embeddable":true,"href":"https:\/\/www.rome-roma.net\/en\/wp-json\/wp\/v2\/categorie_site?post=32541"},{"taxonomy":"quartier_historique","embeddable":true,"href":"https:\/\/www.rome-roma.net\/en\/wp-json\/wp\/v2\/quartier_historique?post=32541"},{"taxonomy":"etiquettes_site","embeddable":true,"href":"https:\/\/www.rome-roma.net\/en\/wp-json\/wp\/v2\/etiquettes_site?post=32541"}],"curies":[{"name":"wp","href":"https:\/\/api.w.org\/{rel}","templated":true}]}}