


{"id":38357,"date":"2025-09-01T15:13:42","date_gmt":"2025-09-01T13:13:42","guid":{"rendered":"https:\/\/www.rome-roma.net\/trajans-column\/"},"modified":"2025-09-01T15:15:56","modified_gmt":"2025-09-01T13:15:56","slug":"trajans-column","status":"publish","type":"site","link":"https:\/\/www.rome-roma.net\/en\/trajans-column\/","title":{"rendered":"Trajan&#8217;s Column"},"content":{"rendered":"\n<p><a href=\"https:\/\/www.rome-roma.net\/wp-content\/uploads\/2020\/01\/colonna-di-traiano-4804.jpg\"><img loading=\"lazy\" class=\"alignleft wp-image-25332\" src=\"https:\/\/www.rome-roma.net\/wp-content\/uploads\/2020\/01\/colonna-di-traiano-4804-683x1024.jpg\" alt=\"colonna-di-traiano_4804\" width=\"200\" height=\"300\" srcset=\"https:\/\/www.rome-roma.net\/wp-content\/uploads\/2020\/01\/colonna-di-traiano-4804-683x1024.jpg 683w, https:\/\/www.rome-roma.net\/wp-content\/uploads\/2020\/01\/colonna-di-traiano-4804-200x300.jpg 200w, https:\/\/www.rome-roma.net\/wp-content\/uploads\/2020\/01\/colonna-di-traiano-4804-768x1152.jpg 768w, https:\/\/www.rome-roma.net\/wp-content\/uploads\/2020\/01\/colonna-di-traiano-4804.jpg 800w\" sizes=\"(max-width: 200px) 100vw, 200px\" \/><\/a>Erected to commemorate the <strong>conquest of Dacia<\/strong> (corresponding to present-day Romania) by <strong>Emperor Trajan<\/strong>, <strong>Trajan&#8217;s Column<\/strong> stands as a sculpted testimony of the events related to this military campaign.<br \/>It is located in the <a href=\"https:\/\/www.rome-roma.net\/en\/trajan-s-forum\/\">Trajan&#8217;s Forum<\/a>, one of the major architectural complexes of the Roman Empire.<\/p>\n<p>With a height of 29.78 meters, 40 including the pedestal, it is composed of 17 monumental blocks of marble. <br \/>The base, which measures 10 meters high, has an entrance door giving access to a spiral staircase. This staircase, lit by narrow openings, leads to the top of the column.<\/p>\n<h2>Funerary Function and History of the Column<\/h2>\n<p>Also conceived as a burial place, the column housed in a small chamber of the pedestal a golden urn containing the ashes of Trajan. Historians, however, debate the actual use of this chamber as a funerary space.<\/p>\n<div style=\"width: 168px\" class=\"wp-caption alignright\"><a href=\"https:\/\/www.rome-roma.net\/foto\/colonna-traiana\/images\/colonne_de_trajan_6315.jpg\"><img loading=\"lazy\" src=\"https:\/\/www.rome-roma.net\/foto\/colonna-traiana\/images\/colonne_de_trajan_6315.jpg\" alt=\"colonne trajan\" width=\"158\" height=\"219\" align=\"right\" border=\"0\" hspace=\"10\" vspace=\"10\" \/><\/a><p class=\"wp-caption-text\">Reliefs of the column<\/p><\/div>\n<p>After the death of the emperor and his wife Plotina in 121 AD, Hadrian had a grandiose temple erected in honor of Trajan. The location of this building is uncertain; one column would remain.<br \/><br \/>Later, a <strong>chapel dedicated to Saint Nicholas<\/strong>, leaning against the base and equipped with a bell tower integrated into the column, was built. This chapel was demolished in 1500 by order of Pope Paul III.<\/p>\n<p>In 1587, under the pontificate of Sixtus V, the statue of Trajan that adorned the top of the column was replaced by a <strong>statue of Saint Peter<\/strong>.<\/p>\n<h2>The Narrative Reliefs of the Column<\/h2>\n<p>The column is distinguished by its spiral composed of bas-reliefs, forming 23 turns and reaching a total length of 200 meters. These reliefs chronologically recount the two wars waged by Trajan against the <strong>Dacians<\/strong> at the beginning of the 2nd century AD. A figure of Victory, inscribed on a shield, separates the scenes representing the two campaigns. They highlight the military power and imperial virtues of Trajan.<\/p>\n<div style=\"width: 168px\" class=\"wp-caption alignleft\"><a href=\"https:\/\/www.rome-roma.net\/photos\/mattei-campitelli-venezia-trajan\/images\/colonne_trajane_1138.jpg\"><img loading=\"lazy\" src=\"https:\/\/www.rome-roma.net\/photos\/mattei-campitelli-venezia-trajan\/images\/colonne_trajane_1138.jpg\" alt=\"colonne trajane\" width=\"158\" height=\"219\" align=\"right\" border=\"0\" hspace=\"10\" vspace=\"10\" \/><\/a><p class=\"wp-caption-text\">Roman soldiers, prisoners, wounded<\/p><\/div>\n<p>The execution of the reliefs was carried out after the erection of the column, taking into account the viewer&#8217;s perspective. Thus, the width of the bands gradually increases in height, giving the impression of visual regularity when observed from the ground.<br \/>These reliefs contain nearly 2,500 human figures. They notably illustrate scenes involving Roman soldiers, prisoners and wounded, but also maritime episodes, such as navigation on the Danube, where the emperor guides a bireme.<\/p>\n<h2>Trajan&#8217;s Column Over Time<\/h2>\n<p><strong>Napoleon III<\/strong>, in 1865, considered transporting the column to France, but gave up because of the prohibitive costs. However, the bas-reliefs were studied in detail and reproduced in chalk. These analyses revealed traces of gilded enamel, as well as red, blue and vermilion pigments, attesting to the original coloration of the column.<\/p>\n<div style=\"width: 229px\" class=\"wp-caption alignright\"><a href=\"https:\/\/www.rome-roma.net\/foto\/colonna-traiana\/images\/colonne_trajane_6209.jpg\"><img loading=\"lazy\" src=\"https:\/\/www.rome-roma.net\/foto\/colonna-traiana\/images\/colonne_trajane_6209.jpg\" alt=\"reliefs colonne trajan\" width=\"219\" height=\"158\" align=\"left\" border=\"0\" hspace=\"10\" vspace=\"10\" \/><\/a><p class=\"wp-caption-text\">Navigation on the Danube. The lower bireme is guided by the emperor<\/p><\/div>\n<p>Recently, the column was cleaned and became the focus of a large-scale excavation campaign aimed at bringing to light new elements and restoring the unity of the Forum of Trajan, which had been altered by the major works carried out under Mussolini.<br \/><br \/><br \/><\/p>\n\n\n\n<p><a href=\"https:\/\/www.rome-roma.net\/colonne-de-trajan\/projet-trajan\/\"><img loading=\"lazy\" class=\"alignnone\" src=\"https:\/\/www.rome-roma.net\/img\/colonne-trajane.jpg\" alt=\"trajan's column\" width=\"300\" height=\"66\" border=\"0\" hspace=\"5\" \/><\/a> Entire Trajan&#8217;s Column : <a class=\"Style3\" href=\"https:\/\/www.rome-roma.net\/colonne-de-trajan\/projet-trajan\/\">Trajan Project<\/a><\/p>\n\n\n\n<h2>Gallery<\/h2>\n\n\n\n<figure class=\"wp-container-3 wp-block-gallery-2 wp-block-gallery has-nested-images columns-4 is-cropped\">\n<figure class=\"wp-block-image size-large\"><a href=\"https:\/\/www.rome-roma.net\/wp-content\/uploads\/2020\/01\/colonne-trajane-2382.jpg\"><img loading=\"lazy\" width=\"683\" height=\"1024\" data-id=\"25606\"  src=\"https:\/\/www.rome-roma.net\/wp-content\/uploads\/2020\/01\/colonne-trajane-2382-683x1024.jpg\" alt=\"Trajan's Column\" class=\"wp-image-25606\" srcset=\"https:\/\/www.rome-roma.net\/wp-content\/uploads\/2020\/01\/colonne-trajane-2382-683x1024.jpg 683w, https:\/\/www.rome-roma.net\/wp-content\/uploads\/2020\/01\/colonne-trajane-2382-200x300.jpg 200w, https:\/\/www.rome-roma.net\/wp-content\/uploads\/2020\/01\/colonne-trajane-2382-768x1152.jpg 768w, https:\/\/www.rome-roma.net\/wp-content\/uploads\/2020\/01\/colonne-trajane-2382.jpg 800w\" sizes=\"(max-width: 683px) 100vw, 683px\" \/><\/a><\/figure>\n\n\n\n<figure class=\"wp-block-image size-large\"><a href=\"https:\/\/www.rome-roma.net\/wp-content\/uploads\/2020\/01\/colonna-traiana-1138.jpg\"><img loading=\"lazy\" width=\"683\" height=\"1024\" data-id=\"25601\"  src=\"https:\/\/www.rome-roma.net\/wp-content\/uploads\/2020\/01\/colonna-traiana-1138-683x1024.jpg\" alt=\"Trajan's Column\" class=\"wp-image-25601\" srcset=\"https:\/\/www.rome-roma.net\/wp-content\/uploads\/2020\/01\/colonna-traiana-1138-683x1024.jpg 683w, https:\/\/www.rome-roma.net\/wp-content\/uploads\/2020\/01\/colonna-traiana-1138-200x300.jpg 200w, https:\/\/www.rome-roma.net\/wp-content\/uploads\/2020\/01\/colonna-traiana-1138-768x1152.jpg 768w, https:\/\/www.rome-roma.net\/wp-content\/uploads\/2020\/01\/colonna-traiana-1138.jpg 800w\" sizes=\"(max-width: 683px) 100vw, 683px\" \/><\/a><\/figure>\n\n\n\n<figure class=\"wp-block-image size-large\"><a href=\"https:\/\/www.rome-roma.net\/wp-content\/uploads\/2020\/01\/colonne-de-trajan-63151-1.jpg\"><img loading=\"lazy\" width=\"467\" height=\"700\" data-id=\"25586\"  src=\"https:\/\/www.rome-roma.net\/wp-content\/uploads\/2020\/01\/colonne-de-trajan-63151-1.jpg\" alt=\"Trajan's Column\" class=\"wp-image-25586\" srcset=\"https:\/\/www.rome-roma.net\/wp-content\/uploads\/2020\/01\/colonne-de-trajan-63151-1.jpg 467w, https:\/\/www.rome-roma.net\/wp-content\/uploads\/2020\/01\/colonne-de-trajan-63151-1-200x300.jpg 200w\" sizes=\"(max-width: 467px) 100vw, 467px\" \/><\/a><\/figure>\n\n\n\n<figure class=\"wp-block-image size-large\"><a href=\"https:\/\/www.rome-roma.net\/wp-content\/uploads\/2020\/01\/colonna-di-traiano-63161-1.jpg\"><img loading=\"lazy\" width=\"467\" height=\"700\" data-id=\"25596\"  src=\"https:\/\/www.rome-roma.net\/wp-content\/uploads\/2020\/01\/colonna-di-traiano-63161-1.jpg\" alt=\"Trajan's Column\" class=\"wp-image-25596\" srcset=\"https:\/\/www.rome-roma.net\/wp-content\/uploads\/2020\/01\/colonna-di-traiano-63161-1.jpg 467w, https:\/\/www.rome-roma.net\/wp-content\/uploads\/2020\/01\/colonna-di-traiano-63161-1-200x300.jpg 200w\" sizes=\"(max-width: 467px) 100vw, 467px\" \/><\/a><\/figure>\n\n\n\n<figure class=\"wp-block-image size-large\"><a href=\"https:\/\/www.rome-roma.net\/wp-content\/uploads\/2020\/01\/detail-colonne-trajane-6210.jpg\"><img loading=\"lazy\" width=\"1024\" height=\"683\" data-id=\"25611\"  src=\"https:\/\/www.rome-roma.net\/wp-content\/uploads\/2020\/01\/detail-colonne-trajane-6210-1024x683.jpg\" alt=\"Trajan's Column detail\" class=\"wp-image-25611\" srcset=\"https:\/\/www.rome-roma.net\/wp-content\/uploads\/2020\/01\/detail-colonne-trajane-6210-1024x683.jpg 1024w, https:\/\/www.rome-roma.net\/wp-content\/uploads\/2020\/01\/detail-colonne-trajane-6210-300x200.jpg 300w, https:\/\/www.rome-roma.net\/wp-content\/uploads\/2020\/01\/detail-colonne-trajane-6210-768x512.jpg 768w, https:\/\/www.rome-roma.net\/wp-content\/uploads\/2020\/01\/detail-colonne-trajane-6210.jpg 1200w\" sizes=\"(max-width: 1024px) 100vw, 1024px\" \/><\/a><\/figure>\n\n\n\n<figure class=\"wp-block-image size-large\"><a href=\"https:\/\/www.rome-roma.net\/wp-content\/uploads\/2020\/01\/dettaglio-colonna-traiana-6209.jpg\"><img loading=\"lazy\" width=\"1024\" height=\"683\" data-id=\"25616\"  src=\"https:\/\/www.rome-roma.net\/wp-content\/uploads\/2020\/01\/dettaglio-colonna-traiana-6209-1024x683.jpg\" alt=\"Trajan's Column detail\" class=\"wp-image-25616\" srcset=\"https:\/\/www.rome-roma.net\/wp-content\/uploads\/2020\/01\/dettaglio-colonna-traiana-6209-1024x683.jpg 1024w, https:\/\/www.rome-roma.net\/wp-content\/uploads\/2020\/01\/dettaglio-colonna-traiana-6209-300x200.jpg 300w, https:\/\/www.rome-roma.net\/wp-content\/uploads\/2020\/01\/dettaglio-colonna-traiana-6209-768x512.jpg 768w, https:\/\/www.rome-roma.net\/wp-content\/uploads\/2020\/01\/dettaglio-colonna-traiana-6209.jpg 1200w\" sizes=\"(max-width: 1024px) 100vw, 1024px\" \/><\/a><\/figure>\n\n\n\n<figure class=\"wp-block-image size-large\"><a href=\"https:\/\/www.rome-roma.net\/wp-content\/uploads\/2020\/01\/colonna-di-traiano-4801.jpg\"><img loading=\"lazy\" width=\"683\" height=\"1024\" data-id=\"25322\"  src=\"https:\/\/www.rome-roma.net\/wp-content\/uploads\/2020\/01\/colonna-di-traiano-4801-683x1024.jpg\" alt=\"Trajan's Column\" class=\"wp-image-25322\" srcset=\"https:\/\/www.rome-roma.net\/wp-content\/uploads\/2020\/01\/colonna-di-traiano-4801-683x1024.jpg 683w, https:\/\/www.rome-roma.net\/wp-content\/uploads\/2020\/01\/colonna-di-traiano-4801-200x300.jpg 200w, https:\/\/www.rome-roma.net\/wp-content\/uploads\/2020\/01\/colonna-di-traiano-4801-768x1152.jpg 768w, https:\/\/www.rome-roma.net\/wp-content\/uploads\/2020\/01\/colonna-di-traiano-4801.jpg 800w\" sizes=\"(max-width: 683px) 100vw, 683px\" \/><\/a><\/figure>\n\n\n\n<figure class=\"wp-block-image size-large\"><a href=\"https:\/\/www.rome-roma.net\/wp-content\/uploads\/2020\/01\/colonne-trajane-4806.jpg\"><img loading=\"lazy\" width=\"683\" height=\"1024\" data-id=\"25347\"  src=\"https:\/\/www.rome-roma.net\/wp-content\/uploads\/2020\/01\/colonne-trajane-4806-683x1024.jpg\" alt=\"Trajan's Column\" class=\"wp-image-25347\" srcset=\"https:\/\/www.rome-roma.net\/wp-content\/uploads\/2020\/01\/colonne-trajane-4806-683x1024.jpg 683w, https:\/\/www.rome-roma.net\/wp-content\/uploads\/2020\/01\/colonne-trajane-4806-200x300.jpg 200w, https:\/\/www.rome-roma.net\/wp-content\/uploads\/2020\/01\/colonne-trajane-4806-768x1152.jpg 768w, https:\/\/www.rome-roma.net\/wp-content\/uploads\/2020\/01\/colonne-trajane-4806.jpg 800w\" sizes=\"(max-width: 683px) 100vw, 683px\" \/><\/a><\/figure>\n\n\n\n<figure class=\"wp-block-image size-large\"><a href=\"https:\/\/www.rome-roma.net\/wp-content\/uploads\/2020\/01\/colonna-di-traiano-4804.jpg\"><img loading=\"lazy\" width=\"683\" height=\"1024\" data-id=\"25332\"  src=\"https:\/\/www.rome-roma.net\/wp-content\/uploads\/2020\/01\/colonna-di-traiano-4804-683x1024.jpg\" alt=\"Trajan's Column\" class=\"wp-image-25332\" srcset=\"https:\/\/www.rome-roma.net\/wp-content\/uploads\/2020\/01\/colonna-di-traiano-4804-683x1024.jpg 683w, https:\/\/www.rome-roma.net\/wp-content\/uploads\/2020\/01\/colonna-di-traiano-4804-200x300.jpg 200w, https:\/\/www.rome-roma.net\/wp-content\/uploads\/2020\/01\/colonna-di-traiano-4804-768x1152.jpg 768w, https:\/\/www.rome-roma.net\/wp-content\/uploads\/2020\/01\/colonna-di-traiano-4804.jpg 800w\" sizes=\"(max-width: 683px) 100vw, 683px\" \/><\/a><\/figure>\n\n\n\n<figure class=\"wp-block-image size-large\"><a href=\"https:\/\/www.rome-roma.net\/wp-content\/uploads\/2020\/01\/colonne-trajane-4807.jpg\"><img loading=\"lazy\" width=\"1024\" height=\"683\" data-id=\"25352\"  src=\"https:\/\/www.rome-roma.net\/wp-content\/uploads\/2020\/01\/colonne-trajane-4807-1024x683.jpg\" alt=\"Trajan's Column\" class=\"wp-image-25352\" srcset=\"https:\/\/www.rome-roma.net\/wp-content\/uploads\/2020\/01\/colonne-trajane-4807-1024x683.jpg 1024w, https:\/\/www.rome-roma.net\/wp-content\/uploads\/2020\/01\/colonne-trajane-4807-300x200.jpg 300w, https:\/\/www.rome-roma.net\/wp-content\/uploads\/2020\/01\/colonne-trajane-4807-768x512.jpg 768w, https:\/\/www.rome-roma.net\/wp-content\/uploads\/2020\/01\/colonne-trajane-4807.jpg 1200w\" sizes=\"(max-width: 1024px) 100vw, 1024px\" \/><\/a><\/figure>\n\n\n\n<figure class=\"wp-block-image size-large\"><a href=\"https:\/\/www.rome-roma.net\/wp-content\/uploads\/2020\/01\/colonna-traiana-4812.jpg\"><img loading=\"lazy\" width=\"683\" height=\"1024\" data-id=\"25337\"  src=\"https:\/\/www.rome-roma.net\/wp-content\/uploads\/2020\/01\/colonna-traiana-4812-683x1024.jpg\" alt=\"Trajan's Column\" class=\"wp-image-25337\" srcset=\"https:\/\/www.rome-roma.net\/wp-content\/uploads\/2020\/01\/colonna-traiana-4812-683x1024.jpg 683w, https:\/\/www.rome-roma.net\/wp-content\/uploads\/2020\/01\/colonna-traiana-4812-200x300.jpg 200w, https:\/\/www.rome-roma.net\/wp-content\/uploads\/2020\/01\/colonna-traiana-4812-768x1152.jpg 768w, https:\/\/www.rome-roma.net\/wp-content\/uploads\/2020\/01\/colonna-traiana-4812.jpg 800w\" sizes=\"(max-width: 683px) 100vw, 683px\" \/><\/a><\/figure>\n<\/figure>\n\n\n\n<h2>Map and address<\/h2>\r\n\t\t<b>Address : <\/b>Via dei Fori Imperiali, 00187 Roma RM, Italie<div id=\"travelersmap-container-69ee7735910bf\" class=\"travelersmap-container\" style=\"z-index: 1; min-height: 10px; min-width:10px; height:400px;width:100%; max-width:; max-height:; position:relative;\"><div style=\"position:absolute; z-index:-1;top: 50%;text-align: center;display: block;left: 50%;transform: translate(-50%,-50%);\">Travelers' Map is loading... <br> If you see this after your page is loaded completely, leafletJS files are missing.<\/div><\/div><i>Click on the arrow to locate yourself on the map<\/i>\n\n\n\n<h2>Ancient views in art<\/h2><div>7 artworks of Trajan&#8217;s Column were found in the database. To see them all open this <a href=\"https:\/\/www.rome-roma.net\/site-rome-art.php?lieu=colonne+de+trajan\" target=\"_blank\">link<\/a>.<\/div><div class=\"wp-block-kadence-advancedgallery kb-gallery-wrap-id-_5955fd-3f\">\r\n        <div class=\"kb-gallery-ul kb-gallery-type-fluidcarousel kb-gallery-id-_5955fd-3f kb-gallery-caption-style-below kb-gallery-magnific-init kb-gallery-filter-none\" data-image-filter=\"none\" data-lightbox-caption=\"true\">\r\n            <div class=\"kt-blocks-carousel kt-carousel-container-dotstyle-dark\">\r\n                <div class=\"kt-blocks-carousel-init kb-blocks-fluid-carousel kt-carousel-arrowstyle-whiteondark kt-carousel-dotstyle-dark\" data-slider-anim-speed=\"400\" data-slider-type=\"fluidcarousel\" data-slider-scroll=\"1\" data-slider-arrows=\"true\" data-slider-dots=\"true\" data-slider-hover-pause=\"false\" data-slider-auto=\"false\" data-slider-speed=\"7000\">\r\n        <div class=\"kb-slide-item kb-gallery-carousel-item\"><li class=\"kadence-blocks-gallery-item\"><div class=\"kadence-blocks-gallery-item-inner\">\r\n            <figure class=\"kb-gallery-figure kb-gallery-item-has-link kadence-blocks-gallery-item-has-caption\">\r\n                <a href=\"https:\/\/www.rome-roma.net\/artmodule\/bernardo bellotto\/bellotto bernardo - veduta di roma con la colonna traiana.jpg\" class=\"kb-gallery-item-link\" style=\"color: #FFFFFF;\">\r\n                    <div class=\"kb-gal-image-radius\"><div class=\"kb-gallery-image-contain\">\r\n                        <img src=\"https:\/\/www.rome-roma.net\/artmodule\/bernardo bellotto\/bellotto bernardo - veduta di roma con la colonna traiana.jpg\" width=\"300\" height=\"200\" \r\n                            alt=\"Bernardo Bellotto,Colonne Trajane (?, avant 1780, date ind\u00e9termin\u00e9e)\" \r\n                            data-full-image=\"https:\/\/www.rome-roma.net\/artmodule\/bernardo bellotto\/bellotto bernardo - veduta di roma con la colonna traiana.jpg\" \r\n                            data-light-image=\"https:\/\/www.rome-roma.net\/artmodule\/bernardo bellotto\/bellotto bernardo - veduta di roma con la colonna traiana.jpg\" data-id=\"149\" \r\n                            data-link=\"https:\/\/www.rome-roma.net\/artmodule\/bernardo bellotto\/bellotto bernardo - veduta di roma con la colonna traiana.jpg\" \r\n                            class=\"wp-image-149\" loading=lazy\/>\r\n                    <\/div><\/div>\r\n                    <figcaption class=\"kadence-blocks-gallery-item__caption\">Bernardo Bellotto, Colonne Trajane<\/figcaption>\r\n                <\/a>\r\n            <\/figure><\/div><\/li><\/div>\r\n        <div class=\"kb-slide-item kb-gallery-carousel-item\"><li class=\"kadence-blocks-gallery-item\"><div class=\"kadence-blocks-gallery-item-inner\">\r\n            <figure class=\"kb-gallery-figure kb-gallery-item-has-link kadence-blocks-gallery-item-has-caption\">\r\n                <a href=\"https:\/\/www.rome-roma.net\/artmodule\/hubert robert\/hubert robert - imaginary view of rome with equestrian of marcus aurelius and the column of trajan - 1786.jpg\" class=\"kb-gallery-item-link\" style=\"color: #FFFFFF;\">\r\n                    <div class=\"kb-gal-image-radius\"><div class=\"kb-gallery-image-contain\">\r\n                        <img src=\"https:\/\/www.rome-roma.net\/artmodule\/hubert robert\/hubert robert - imaginary view of rome with equestrian of marcus aurelius and the column of trajan - 1786.jpg\" width=\"300\" height=\"200\" \r\n                            alt=\"Hubert Robert,Vue imaginaire de Rome avec la statue \u00e9questre de Marc-Aur\u00e8le et la Colonne de Trajan (1786)\" \r\n                            data-full-image=\"https:\/\/www.rome-roma.net\/artmodule\/hubert robert\/hubert robert - imaginary view of rome with equestrian of marcus aurelius and the column of trajan - 1786.jpg\" \r\n                            data-light-image=\"https:\/\/www.rome-roma.net\/artmodule\/hubert robert\/hubert robert - imaginary view of rome with equestrian of marcus aurelius and the column of trajan - 1786.jpg\" data-id=\"149\" \r\n                            data-link=\"https:\/\/www.rome-roma.net\/artmodule\/hubert robert\/hubert robert - imaginary view of rome with equestrian of marcus aurelius and the column of trajan - 1786.jpg\" \r\n                            class=\"wp-image-149\" loading=lazy\/>\r\n                    <\/div><\/div>\r\n                    <figcaption class=\"kadence-blocks-gallery-item__caption\">Hubert Robert, Vue imaginaire de Rome avec la statue \u00e9questre de Marc-Aur\u00e8le et la Colonne de Trajan<\/figcaption>\r\n                <\/a>\r\n            <\/figure><\/div><\/li><\/div>\r\n        <div class=\"kb-slide-item kb-gallery-carousel-item\"><li class=\"kadence-blocks-gallery-item\"><div class=\"kadence-blocks-gallery-item-inner\">\r\n            <figure class=\"kb-gallery-figure kb-gallery-item-has-link kadence-blocks-gallery-item-has-caption\">\r\n                <a href=\"https:\/\/www.rome-roma.net\/artmodule\/ippolito caffi\/caffi ippolito - veduta della colonna traiana.jpg\" class=\"kb-gallery-item-link\" style=\"color: #FFFFFF;\">\r\n                    <div class=\"kb-gal-image-radius\"><div class=\"kb-gallery-image-contain\">\r\n                        <img src=\"https:\/\/www.rome-roma.net\/artmodule\/ippolito caffi\/caffi ippolito - veduta della colonna traiana.jpg\" width=\"300\" height=\"200\" \r\n                            alt=\"Ippolito Caffi,Veduta della Colonna Traiana (1835-1860, date ind\u00e9termin\u00e9e)\" \r\n                            data-full-image=\"https:\/\/www.rome-roma.net\/artmodule\/ippolito caffi\/caffi ippolito - veduta della colonna traiana.jpg\" \r\n                            data-light-image=\"https:\/\/www.rome-roma.net\/artmodule\/ippolito caffi\/caffi ippolito - veduta della colonna traiana.jpg\" data-id=\"149\" \r\n                            data-link=\"https:\/\/www.rome-roma.net\/artmodule\/ippolito caffi\/caffi ippolito - veduta della colonna traiana.jpg\" \r\n                            class=\"wp-image-149\" loading=lazy\/>\r\n                    <\/div><\/div>\r\n                    <figcaption class=\"kadence-blocks-gallery-item__caption\">Ippolito Caffi, Veduta della Colonna Traiana<\/figcaption>\r\n                <\/a>\r\n            <\/figure><\/div><\/li><\/div>\r\n        <div class=\"kb-slide-item kb-gallery-carousel-item\"><li class=\"kadence-blocks-gallery-item\"><div class=\"kadence-blocks-gallery-item-inner\">\r\n            <figure class=\"kb-gallery-figure kb-gallery-item-has-link kadence-blocks-gallery-item-has-caption\">\r\n                <a href=\"https:\/\/www.rome-roma.net\/artmodule\/ippolito caffi\/ippolito caffi - colonne de trajan - forum.jpg\" class=\"kb-gallery-item-link\" style=\"color: #FFFFFF;\">\r\n                    <div class=\"kb-gal-image-radius\"><div class=\"kb-gallery-image-contain\">\r\n                        <img src=\"https:\/\/www.rome-roma.net\/artmodule\/ippolito caffi\/ippolito caffi - colonne de trajan - forum.jpg\" width=\"300\" height=\"200\" \r\n                            alt=\"Ippolito Caffi,Colonne de Trajan, forum (1835-1860, date ind\u00e9termin\u00e9e)\" \r\n                            data-full-image=\"https:\/\/www.rome-roma.net\/artmodule\/ippolito caffi\/ippolito caffi - colonne de trajan - forum.jpg\" \r\n                            data-light-image=\"https:\/\/www.rome-roma.net\/artmodule\/ippolito caffi\/ippolito caffi - colonne de trajan - forum.jpg\" data-id=\"149\" \r\n                            data-link=\"https:\/\/www.rome-roma.net\/artmodule\/ippolito caffi\/ippolito caffi - colonne de trajan - forum.jpg\" \r\n                            class=\"wp-image-149\" loading=lazy\/>\r\n                    <\/div><\/div>\r\n                    <figcaption class=\"kadence-blocks-gallery-item__caption\">Ippolito Caffi, Colonne de Trajan, forum<\/figcaption>\r\n                <\/a>\r\n            <\/figure><\/div><\/li><\/div>\r\n        <div class=\"kb-slide-item kb-gallery-carousel-item\"><li class=\"kadence-blocks-gallery-item\"><div class=\"kadence-blocks-gallery-item-inner\">\r\n            <figure class=\"kb-gallery-figure kb-gallery-item-has-link kadence-blocks-gallery-item-has-caption\">\r\n                <a href=\"https:\/\/www.rome-roma.net\/artmodule\/luigi rossini\/luigi rossini - colonna traiana - 1850.jpg\" class=\"kb-gallery-item-link\" style=\"color: #FFFFFF;\">\r\n                    <div class=\"kb-gal-image-radius\"><div class=\"kb-gallery-image-contain\">\r\n                        <img src=\"https:\/\/www.rome-roma.net\/artmodule\/luigi rossini\/luigi rossini - colonna traiana - 1850.jpg\" width=\"300\" height=\"200\" \r\n                            alt=\"Luigi Rossini,Colonne Traiane (1850)\" \r\n                            data-full-image=\"https:\/\/www.rome-roma.net\/artmodule\/luigi rossini\/luigi rossini - colonna traiana - 1850.jpg\" \r\n                            data-light-image=\"https:\/\/www.rome-roma.net\/artmodule\/luigi rossini\/luigi rossini - colonna traiana - 1850.jpg\" data-id=\"149\" \r\n                            data-link=\"https:\/\/www.rome-roma.net\/artmodule\/luigi rossini\/luigi rossini - colonna traiana - 1850.jpg\" \r\n                            class=\"wp-image-149\" loading=lazy\/>\r\n                    <\/div><\/div>\r\n                    <figcaption class=\"kadence-blocks-gallery-item__caption\">Luigi Rossini, Colonne Traiane<\/figcaption>\r\n                <\/a>\r\n            <\/figure><\/div><\/li><\/div>\r\n        <div class=\"kb-slide-item kb-gallery-carousel-item\"><li class=\"kadence-blocks-gallery-item\"><div class=\"kadence-blocks-gallery-item-inner\">\r\n            <figure class=\"kb-gallery-figure kb-gallery-item-has-link kadence-blocks-gallery-item-has-caption\">\r\n                <a href=\"https:\/\/www.rome-roma.net\/artmodule\/nicolle victor jean\/nicolle victor jean - colone trajane devant santa maria di loreto.jpg\" class=\"kb-gallery-item-link\" style=\"color: #FFFFFF;\">\r\n                    <div class=\"kb-gal-image-radius\"><div class=\"kb-gallery-image-contain\">\r\n                        <img src=\"https:\/\/www.rome-roma.net\/artmodule\/nicolle victor jean\/nicolle victor jean - colone trajane devant santa maria di loreto.jpg\" width=\"300\" height=\"200\" \r\n                            alt=\"Victor-Jean Nicolle,La colonne trajane devant Santa Maria di Loreto (?, avant 1826, date ind\u00e9termin\u00e9e)\" \r\n                            data-full-image=\"https:\/\/www.rome-roma.net\/artmodule\/nicolle victor jean\/nicolle victor jean - colone trajane devant santa maria di loreto.jpg\" \r\n                            data-light-image=\"https:\/\/www.rome-roma.net\/artmodule\/nicolle victor jean\/nicolle victor jean - colone trajane devant santa maria di loreto.jpg\" data-id=\"149\" \r\n                            data-link=\"https:\/\/www.rome-roma.net\/artmodule\/nicolle victor jean\/nicolle victor jean - colone trajane devant santa maria di loreto.jpg\" \r\n                            class=\"wp-image-149\" loading=lazy\/>\r\n                    <\/div><\/div>\r\n                    <figcaption class=\"kadence-blocks-gallery-item__caption\">Victor-Jean Nicolle, La colonne trajane devant Santa Maria di Loreto<\/a> (\u0152uvre pr\u00e9sente \u00e0 la <a href=\"https:\/\/galerievittet.com\/\" target=\"_blank\">Galerie Claude Vittet<\/a>)<a><\/figcaption>\r\n                <\/a>\r\n            <\/figure><\/div><\/li><\/div>\r\n        <div class=\"kb-slide-item kb-gallery-carousel-item\"><li class=\"kadence-blocks-gallery-item\"><div class=\"kadence-blocks-gallery-item-inner\">\r\n            <figure class=\"kb-gallery-figure kb-gallery-item-has-link kadence-blocks-gallery-item-has-caption\">\r\n                <a href=\"https:\/\/www.rome-roma.net\/artmodule\/nicolle victor jean\/nicolle victor jean - la colonne trajane.jpg\" class=\"kb-gallery-item-link\" style=\"color: #FFFFFF;\">\r\n                    <div class=\"kb-gal-image-radius\"><div class=\"kb-gallery-image-contain\">\r\n                        <img src=\"https:\/\/www.rome-roma.net\/artmodule\/nicolle victor jean\/nicolle victor jean - la colonne trajane.jpg\" width=\"300\" height=\"200\" \r\n                            alt=\"Victor-Jean Nicolle,La colonne trajane (?, avant 1826, date ind\u00e9termin\u00e9e)\" \r\n                            data-full-image=\"https:\/\/www.rome-roma.net\/artmodule\/nicolle victor jean\/nicolle victor jean - la colonne trajane.jpg\" \r\n                            data-light-image=\"https:\/\/www.rome-roma.net\/artmodule\/nicolle victor jean\/nicolle victor jean - la colonne trajane.jpg\" data-id=\"149\" \r\n                            data-link=\"https:\/\/www.rome-roma.net\/artmodule\/nicolle victor jean\/nicolle victor jean - la colonne trajane.jpg\" \r\n                            class=\"wp-image-149\" loading=lazy\/>\r\n                    <\/div><\/div>\r\n                    <figcaption class=\"kadence-blocks-gallery-item__caption\">Victor-Jean Nicolle, La colonne trajane<\/a> (\u0152uvre pr\u00e9sente \u00e0 la <a href=\"https:\/\/galerievittet.com\/\" target=\"_blank\">Galerie Claude Vittet<\/a>)<a><\/figcaption>\r\n                <\/a>\r\n            <\/figure><\/div><\/li><\/div><\/div><\/div><\/div><\/div><a href=\"https:\/\/www.rome-roma.net\/site-rome-art.php?lieu=colonne+de+trajan\" target=\"_blank\">Click to see more paintings and artists on Colonne Trajane in Rome<\/a><br>\n\n\n\n<h2>Information<\/h2>\n<table style=\"border-collapse: collapse; width: 100%;\">\n<tbody>\n<tr style=\"background-color: #fae8c3;\">\n<td style=\"width: 100%;\"><span style=\"font-size: 10pt;\"><strong>Trajan&#8217;s Column<\/strong><\/span><br \/><span style=\"font-size: 10pt;\"><em>Via dei Fori Imperiali, 00187 Rome<\/em><\/span><\/td>\n<\/tr>\n<tr style=\"background-color: #f7ece1;\">\n<td style=\"width: 100%;\">\n<p><strong><span style=\"font-size: 10pt;\">Links<\/span><\/strong><\/p>\n<ul>\n<li><span style=\"font-size: 10pt;\">On Wikipedia: <a href=\"https:\/\/en.wikipedia.org\/wiki\/Trajan%27s_Column\" target=\"_blank\" rel=\"noopener noreferrer\">the column<\/a>, <a href=\"https:\/\/it.wikipedia.org\/wiki\/Rilievi_della_colonna_Traiana\" target=\"_blank\" rel=\"noopener\">the reliefs<\/a><\/span><\/li>\n<li><span style=\"font-size: 10pt;\">City of Rome website: <a href=\"https:\/\/060608.comune.roma.it\/cultura\/beni-archeologici\/colonna-traiana-3724\" target=\"_blank\" rel=\"noopener\">060608<\/a><\/span><\/li>\n<li><span style=\"font-size: 10pt;\"><a href=\"https:\/\/www.nationalgeographic.com\/trajan-column\/\" target=\"_blank\" rel=\"noopener noreferrer\">Reconstruction on National Geographic<\/a><\/span><\/li>\n<\/ul>\n<\/td>\n<\/tr>\n<\/tbody>\n<\/table>\n\n\n\n<h3>Trajan&#8217;s Column project<\/h3>\n\n\n\n<ul class=\"lcp_catlist\" id=\"lcp_instance_0\"><li class=\"current\"><a href=\"https:\/\/www.rome-roma.net\/en\/trajans-column\/\">Trajan&#8217;s Column<\/a><a href=\"https:\/\/www.rome-roma.net\/en\/trajans-column\/\" title=\"Trajan&#039;s Column\"><img src=\"https:\/\/www.rome-roma.net\/wp-content\/uploads\/2020\/01\/colonna-di-traiano-4804-683x1024.jpg\" class=\"classthumblist\"  alt=\"Trajan&#039;s Column\" \/><\/a><div class=\"lcp_excerpt\">The reliefs of the Trajan&#8217;s column in Rome recount the emperor\u2019s military campaigns against the Dacians. High by about 30 meters, it is a monument located on the forum of ...<\/div><\/li><li><a href=\"https:\/\/www.rome-roma.net\/en\/integral-of-the-trajans-column-1\/\">Integral of the Trajan&#8217;s column 1<\/a><a href=\"https:\/\/www.rome-roma.net\/en\/integral-of-the-trajans-column-1\/\" title=\"Integral of the Trajan&#039;s column 1\"><img src=\"https:\/\/www.rome-roma.net\/images\/fleches.jpg\" class=\"classthumblist\"  alt=\"Integral of the Trajan&#039;s column 1\" \/><\/a><div class=\"lcp_excerpt\">Frieze of Trajan&#8217;s Column 1\/6, Trajan\u2019s campaign against the Dacians, sacrifice ceremony, construction of a fort, first battle. Entirety of the reliefs of the monument.\n<\/div><\/li><\/ul>\n","protected":false},"excerpt":{"rendered":"<p>The reliefs of the Trajan&#8217;s column in Rome recount the emperor\u2019s military campaigns against the Dacians. High by about 30 meters, it is a monument located on the forum of Trajan. Discovery and information.<\/p>\n","protected":false},"featured_media":0,"parent":0,"menu_order":0,"comment_status":"open","ping_status":"open","template":"","format":"standard","meta":{"kt_blocks_editor_width":"","_links_to":"","_links_to_target":""},"genre":[522],"interet":[548],"quartier":[524],"categorie_site":[526,666,691,693],"quartier_historique":[710],"etiquettes_site":[728],"acf":[],"yoast_head":"<!-- This site is optimized with the Yoast SEO plugin v17.4 - https:\/\/yoast.com\/wordpress\/plugins\/seo\/ -->\n<title>Trajan&#039;s Column &ndash; Rome-Roma<\/title>\n<meta name=\"description\" content=\"The reliefs of the Trajan&#039;s Column in Rome recount the emperor\u2019s military campaigns against the Dacians. Description, discovery and information\" \/>\n<meta name=\"robots\" content=\"index, follow, max-snippet:-1, max-image-preview:large, max-video-preview:-1\" \/>\n<link rel=\"canonical\" href=\"https:\/\/www.rome-roma.net\/en\/trajans-column\/\" \/>\n<meta property=\"og:locale\" content=\"en_US\" \/>\n<meta property=\"og:type\" content=\"article\" \/>\n<meta property=\"og:title\" content=\"Trajan&#039;s Column &ndash; Rome-Roma\" \/>\n<meta property=\"og:description\" content=\"The reliefs of the Trajan&#039;s Column in Rome recount the emperor\u2019s military campaigns against the Dacians. Description, discovery and information\" \/>\n<meta property=\"og:url\" content=\"https:\/\/www.rome-roma.net\/en\/trajans-column\/\" \/>\n<meta property=\"og:site_name\" content=\"Rome-Roma\" \/>\n<meta property=\"article:modified_time\" content=\"2025-09-01T13:15:56+00:00\" \/>\n<meta property=\"og:image\" content=\"https:\/\/www.rome-roma.net\/wp-content\/uploads\/2020\/01\/colonna-di-traiano-4804-683x1024.jpg\" \/>\n<meta name=\"twitter:card\" content=\"summary_large_image\" \/>\n<meta name=\"twitter:label1\" content=\"Est. reading time\" \/>\n\t<meta name=\"twitter:data1\" content=\"6 minutes\" \/>\n<script type=\"application\/ld+json\" class=\"yoast-schema-graph\">{\"@context\":\"https:\/\/schema.org\",\"@graph\":[{\"@type\":\"Organization\",\"@id\":\"https:\/\/www.rome-roma.net\/en\/#organization\",\"name\":\"Rome-Roma\",\"url\":\"https:\/\/www.rome-roma.net\/en\/\",\"sameAs\":[],\"logo\":{\"@type\":\"ImageObject\",\"@id\":\"https:\/\/www.rome-roma.net\/en\/#logo\",\"inLanguage\":\"en-US\",\"url\":\"https:\/\/www.rome-roma.net\/wp-content\/uploads\/2025\/07\/logo-rome-roma-420.jpg\",\"contentUrl\":\"https:\/\/www.rome-roma.net\/wp-content\/uploads\/2025\/07\/logo-rome-roma-420.jpg\",\"width\":420,\"height\":420,\"caption\":\"Rome-Roma\"},\"image\":{\"@id\":\"https:\/\/www.rome-roma.net\/en\/#logo\"}},{\"@type\":\"WebSite\",\"@id\":\"https:\/\/www.rome-roma.net\/en\/#website\",\"url\":\"https:\/\/www.rome-roma.net\/en\/\",\"name\":\"Rome-Roma\",\"description\":\"Culture &amp; Voyage\",\"publisher\":{\"@id\":\"https:\/\/www.rome-roma.net\/en\/#organization\"},\"potentialAction\":[{\"@type\":\"SearchAction\",\"target\":{\"@type\":\"EntryPoint\",\"urlTemplate\":\"https:\/\/www.rome-roma.net\/en\/?s={search_term_string}\"},\"query-input\":\"required name=search_term_string\"}],\"inLanguage\":\"en-US\"},{\"@type\":\"ImageObject\",\"@id\":\"https:\/\/www.rome-roma.net\/en\/trajans-column\/#primaryimage\",\"inLanguage\":\"en-US\",\"url\":\"https:\/\/www.rome-roma.net\/wp-content\/uploads\/2020\/01\/colonna-di-traiano-4804.jpg\",\"contentUrl\":\"https:\/\/www.rome-roma.net\/wp-content\/uploads\/2020\/01\/colonna-di-traiano-4804.jpg\",\"width\":800,\"height\":1200,\"caption\":\"colonna-di-traiano_4804\"},{\"@type\":\"WebPage\",\"@id\":\"https:\/\/www.rome-roma.net\/en\/trajans-column\/#webpage\",\"url\":\"https:\/\/www.rome-roma.net\/en\/trajans-column\/\",\"name\":\"Trajan's Column &ndash; Rome-Roma\",\"isPartOf\":{\"@id\":\"https:\/\/www.rome-roma.net\/en\/#website\"},\"primaryImageOfPage\":{\"@id\":\"https:\/\/www.rome-roma.net\/en\/trajans-column\/#primaryimage\"},\"datePublished\":\"2025-09-01T13:13:42+00:00\",\"dateModified\":\"2025-09-01T13:15:56+00:00\",\"description\":\"The reliefs of the Trajan's Column in Rome recount the emperor\\u2019s military campaigns against the Dacians. Description, discovery and information\",\"breadcrumb\":{\"@id\":\"https:\/\/www.rome-roma.net\/en\/trajans-column\/#breadcrumb\"},\"inLanguage\":\"en-US\",\"potentialAction\":[{\"@type\":\"ReadAction\",\"target\":[\"https:\/\/www.rome-roma.net\/en\/trajans-column\/\"]}]},{\"@type\":\"BreadcrumbList\",\"@id\":\"https:\/\/www.rome-roma.net\/en\/trajans-column\/#breadcrumb\",\"itemListElement\":[{\"@type\":\"ListItem\",\"position\":1,\"name\":\"Accueil\",\"item\":\"https:\/\/www.rome-roma.net\/en\/\"},{\"@type\":\"ListItem\",\"position\":2,\"name\":\"Trajan&#8217;s Column\"}]}]}<\/script>\n<!-- \/ Yoast SEO plugin. -->","yoast_head_json":{"title":"Trajan's Column &ndash; Rome-Roma","description":"The reliefs of the Trajan's Column in Rome recount the emperor\u2019s military campaigns against the Dacians. Description, discovery and information","robots":{"index":"index","follow":"follow","max-snippet":"max-snippet:-1","max-image-preview":"max-image-preview:large","max-video-preview":"max-video-preview:-1"},"canonical":"https:\/\/www.rome-roma.net\/en\/trajans-column\/","og_locale":"en_US","og_type":"article","og_title":"Trajan's Column &ndash; Rome-Roma","og_description":"The reliefs of the Trajan's Column in Rome recount the emperor\u2019s military campaigns against the Dacians. Description, discovery and information","og_url":"https:\/\/www.rome-roma.net\/en\/trajans-column\/","og_site_name":"Rome-Roma","article_modified_time":"2025-09-01T13:15:56+00:00","og_image":[{"url":"https:\/\/www.rome-roma.net\/wp-content\/uploads\/2020\/01\/colonna-di-traiano-4804-683x1024.jpg"}],"twitter_card":"summary_large_image","twitter_misc":{"Est. reading time":"6 minutes"},"schema":{"@context":"https:\/\/schema.org","@graph":[{"@type":"Organization","@id":"https:\/\/www.rome-roma.net\/en\/#organization","name":"Rome-Roma","url":"https:\/\/www.rome-roma.net\/en\/","sameAs":[],"logo":{"@type":"ImageObject","@id":"https:\/\/www.rome-roma.net\/en\/#logo","inLanguage":"en-US","url":"https:\/\/www.rome-roma.net\/wp-content\/uploads\/2025\/07\/logo-rome-roma-420.jpg","contentUrl":"https:\/\/www.rome-roma.net\/wp-content\/uploads\/2025\/07\/logo-rome-roma-420.jpg","width":420,"height":420,"caption":"Rome-Roma"},"image":{"@id":"https:\/\/www.rome-roma.net\/en\/#logo"}},{"@type":"WebSite","@id":"https:\/\/www.rome-roma.net\/en\/#website","url":"https:\/\/www.rome-roma.net\/en\/","name":"Rome-Roma","description":"Culture &amp; Voyage","publisher":{"@id":"https:\/\/www.rome-roma.net\/en\/#organization"},"potentialAction":[{"@type":"SearchAction","target":{"@type":"EntryPoint","urlTemplate":"https:\/\/www.rome-roma.net\/en\/?s={search_term_string}"},"query-input":"required name=search_term_string"}],"inLanguage":"en-US"},{"@type":"ImageObject","@id":"https:\/\/www.rome-roma.net\/en\/trajans-column\/#primaryimage","inLanguage":"en-US","url":"https:\/\/www.rome-roma.net\/wp-content\/uploads\/2020\/01\/colonna-di-traiano-4804.jpg","contentUrl":"https:\/\/www.rome-roma.net\/wp-content\/uploads\/2020\/01\/colonna-di-traiano-4804.jpg","width":800,"height":1200,"caption":"colonna-di-traiano_4804"},{"@type":"WebPage","@id":"https:\/\/www.rome-roma.net\/en\/trajans-column\/#webpage","url":"https:\/\/www.rome-roma.net\/en\/trajans-column\/","name":"Trajan's Column &ndash; Rome-Roma","isPartOf":{"@id":"https:\/\/www.rome-roma.net\/en\/#website"},"primaryImageOfPage":{"@id":"https:\/\/www.rome-roma.net\/en\/trajans-column\/#primaryimage"},"datePublished":"2025-09-01T13:13:42+00:00","dateModified":"2025-09-01T13:15:56+00:00","description":"The reliefs of the Trajan's Column in Rome recount the emperor\u2019s military campaigns against the Dacians. Description, discovery and information","breadcrumb":{"@id":"https:\/\/www.rome-roma.net\/en\/trajans-column\/#breadcrumb"},"inLanguage":"en-US","potentialAction":[{"@type":"ReadAction","target":["https:\/\/www.rome-roma.net\/en\/trajans-column\/"]}]},{"@type":"BreadcrumbList","@id":"https:\/\/www.rome-roma.net\/en\/trajans-column\/#breadcrumb","itemListElement":[{"@type":"ListItem","position":1,"name":"Accueil","item":"https:\/\/www.rome-roma.net\/en\/"},{"@type":"ListItem","position":2,"name":"Trajan&#8217;s Column"}]}]}},"acf_fields":{"nom_monument":"Trajan's Column","wikidata":"Q192784","sameas":"https:\/\/en.wikipedia.org\/wiki\/Trajan%27s_Column"},"_links":{"self":[{"href":"https:\/\/www.rome-roma.net\/en\/wp-json\/wp\/v2\/site\/38357"}],"collection":[{"href":"https:\/\/www.rome-roma.net\/en\/wp-json\/wp\/v2\/site"}],"about":[{"href":"https:\/\/www.rome-roma.net\/en\/wp-json\/wp\/v2\/types\/site"}],"replies":[{"embeddable":true,"href":"https:\/\/www.rome-roma.net\/en\/wp-json\/wp\/v2\/comments?post=38357"}],"wp:attachment":[{"href":"https:\/\/www.rome-roma.net\/en\/wp-json\/wp\/v2\/media?parent=38357"}],"wp:term":[{"taxonomy":"genre","embeddable":true,"href":"https:\/\/www.rome-roma.net\/en\/wp-json\/wp\/v2\/genre?post=38357"},{"taxonomy":"interet","embeddable":true,"href":"https:\/\/www.rome-roma.net\/en\/wp-json\/wp\/v2\/interet?post=38357"},{"taxonomy":"quartier","embeddable":true,"href":"https:\/\/www.rome-roma.net\/en\/wp-json\/wp\/v2\/quartier?post=38357"},{"taxonomy":"categorie_site","embeddable":true,"href":"https:\/\/www.rome-roma.net\/en\/wp-json\/wp\/v2\/categorie_site?post=38357"},{"taxonomy":"quartier_historique","embeddable":true,"href":"https:\/\/www.rome-roma.net\/en\/wp-json\/wp\/v2\/quartier_historique?post=38357"},{"taxonomy":"etiquettes_site","embeddable":true,"href":"https:\/\/www.rome-roma.net\/en\/wp-json\/wp\/v2\/etiquettes_site?post=38357"}],"curies":[{"name":"wp","href":"https:\/\/api.w.org\/{rel}","templated":true}]}}