


{"id":15465,"date":"2020-02-24T14:58:35","date_gmt":"2020-02-24T13:58:35","guid":{"rendered":"https:\/\/www.rome-roma.net\/site\/les-jardins-du-vatican\/"},"modified":"2026-04-13T11:39:44","modified_gmt":"2026-04-13T09:39:44","slug":"giardini-vaticani","status":"publish","type":"site","link":"https:\/\/www.rome-roma.net\/it\/giardini-vaticani\/","title":{"rendered":"Giardini Vaticani"},"content":{"rendered":"<p>I <strong>giardini Vaticani<\/strong> coprono 23 ettari, ovvero pi\u00f9 della met\u00e0 della superficie della <strong>citt\u00e0 del Vaticano<\/strong>. Sono separati dai musei Vaticani dalla zona nord, dove si trovano le banche, i media e i palazzi apostolici, residenza del Pontefice.<br>L&#8217;accesso ai giardini avviene principalmente tramite visite guidate organizzate dalle istituzioni vaticane.<\/p>\n<h2>Un allestimento frutto dei secoli<\/h2>\n<p>I giardini sono un luogo di riposo e meditazione per il Pontefice romano dal 1279, anno in cui Papa <strong>Nicol\u00f2 III Orsini<\/strong> trasfer\u00ec la residenza papale da San Giovanni in Laterano al Vaticano. All&#8217;interno delle nuove mura che fece erigere per proteggere la sua dimora, il papa allest\u00ec un orto e giardini attorno alla collina di Sant&#8217;Egidio, sede dell&#8217;attuale Palazzetto del Belvedere.<br>Furono principalmente sistemati nei secoli XVI e XVII, sotto la direzione di architetti come Donato Bramante e Pirro Ligorio. Si evolsero nel corso dei secoli, in particolare sotto i papi Urbano VIII e Clemente XIII che aggiunsero elementi paesaggistici come fontane e aiuole, fino all&#8217;inizio del XX secolo con Papa Pio XII.<\/p>\n<h2>I giardini oggi<\/h2>\n<p>Vi si trovano numerosi resti storici e artistici: le antiche mura di Leone, le due grandi torri circolari (Torre della Radio e Torre Gregoriana), una moltitudine di fontane (tra cui quella di Galera e la fontana Aquila), nonch\u00e9 templi, santuari e grotte, tra cui la grotta dedicata nel 1937 alla Madonna della Guardia, ispirata a quella di Lourdes.<br>I giardini non sono solo luoghi di meditazione, ma anche uno spazio di conservazione di specie vegetali rare. Vi si trovano un orto, piante esotiche e anche alberi secolari. Hanno una funzione diplomatica, fungendo da cornice per incontri con dignitari internazionali e cerimonie.<\/p>\n\n\n<h2>Cartina ed indirizzo<\/h2>\r\n\t\t<b>Indirizzo : <\/b>Via Paolo VI, 29, 00120 Citt\u00e0 del Vaticano, \u00c9tat de la Cit\u00e9 du Vatican<div id=\"travelersmap-container-69f39aef30f13\" class=\"travelersmap-container\" style=\"z-index: 1; min-height: 10px; min-width:10px; height:400px;width:100%; max-width:; max-height:; position:relative;\"><div style=\"position:absolute; z-index:-1;top: 50%;text-align: center;display: block;left: 50%;transform: translate(-50%,-50%);\">Travelers' Map is loading... <br> If you see this after your page is loaded completely, leafletJS files are missing.<\/div><\/div><i>Clicca sulla freccia per localizzarti sulla mappa<\/i>\n\n\n<h2>Informazioni e condizioni di visita<\/h2>\n<table style=\"margin-bottom: 0rem;\"><tbody><tr style=\"background-color:#fcfaf7; \" \r\n    onmouseover=\"this.style.backgroundColor='#f7dbb8';\" \r\n    onmouseout=\"this.style.backgroundColor='#fcfaf7';\"><td style=\"vertical-align: middle; text-align: right;\"><a href=\"https:\/\/www.tiqets.com\/it\/billets-jardins-du-vatican-l147685\/?partner=romeroma\" target=\"_blank\" rel=\"nofollow noopener\">Biglietti per visitare i giardini Vaticani e musei<\/a><\/td><td style=\"width:70px;\"><a href=\"https:\/\/www.tiqets.com\/it\/billets-jardins-du-vatican-l147685\/?partner=romeroma\" target=\"_blank\" rel=\"nofollow noopener\"><img style=\"display:inline;vertical-align:middle;padding:5px;\" src=\"https:\/\/www.rome-roma.net\/images\/icones\/icone-tickets2.png\" alt=\"icona biglietti visita\" title=\"Biglietti per visitare i giardini Vaticani e musei\" width=\"65\" align=\"center\"><\/a><\/td><\/tr><tr style=\"background-color:#ffffff; \" \r\n    onmouseover=\"this.style.backgroundColor='#f7dbb8';\" \r\n    onmouseout=\"this.style.backgroundColor='#ffffff';\"><td style=\"vertical-align: middle; text-align: right;\"><a href=\"https:\/\/www.booking.com\/searchresults.it.html?aid=308344;label=headerlandmark;landmark=57962;group_adults=2;no_rooms=1;group_children=0;nflt=review_score=80%3Bdistance=1000\" target=\"_blank\" rel=\"nofollow noopener\">Alberghi, camere e appartamenti vicino al monumento<\/a><\/td><td style=\"width:70px;\"><a href=\"https:\/\/www.booking.com\/searchresults.it.html?aid=308344;label=headerlandmark;landmark=57962;group_adults=2;no_rooms=1;group_children=0;nflt=review_score=80%3Bdistance=1000\" target=\"_blank\" rel=\"nofollow noopener\"><img style=\"display:inline;vertical-align:middle;padding:5px;\" src=\"https:\/\/www.rome-roma.net\/images\/icones\/icone-hotel22.png\" alt=\"icona alberghi\" title=\"Alberghi, camere e appartamenti vicino al monumento\" width=\"65\" align=\"center\"><\/a><\/td><\/tr><\/tbody><\/table>\n<table style=\"border-collapse: collapse; width: 100%;\">\n<tbody>\n<tr style=\"background-color: #fae8c3;\">\n<td style=\"width: 100%;\"><span style=\"font-size: 10pt;\"><strong>Giardini Vaticani<br \/><\/strong><em>Viale Vaticano<br \/>Email : help.musei@scv.va<br \/>Tel: (+39) 06 69884676 &#8211; 06 69883145 \/ Prenotazione tel: (+39) 06 69883145 &#8211; 06 69884676<\/em><\/span><span style=\"font-size: 10pt;\"><em><br \/><\/em><\/span><\/td>\n<\/tr>\n<tr style=\"background-color: #f7ece1;\">\n<td style=\"width: 100%;\">\n<h3><span style=\"font-size: 10pt;\"><strong>Condizioni di visita<\/strong><\/span><\/h3>\n<ul>\n<li><span style=\"font-size: 10pt;\">Ci sono diverse modalit\u00e0 di visita dei giardini da consultare sul sito ufficiale, con un calendario dedicato. Esempi:<\/span><br \/><span style=\"font-size: 10pt;\">\u00a0Cattura natura, adatto alle famiglie, durata circa 2 ore.<\/span><br \/><span style=\"font-size: 10pt;\">Tariffe: intero 20 \u20ac \/ ridotto 10 \u20ac<\/span><br \/><span style=\"font-size: 10pt;\">&#8211; Open Bus, include l&#8217;ingresso ai musei, durata del tour in giardino con il mini bus di 45 min.<\/span><br \/><span style=\"font-size: 10pt;\">Tariffe: intero 40 \u20ac \/ ridotto 30 \u20ac <\/span><br \/><span style=\"font-size: 10pt;\">&#8211; Con visita guidata dei musei<\/span><br \/><span style=\"font-size: 10pt;\">Tariffe: intero 45 \u20ac \/ ridotto 35 \u20ac<\/span><\/li>\n<li><span style=\"font-size: 10pt;\">I Giardini Vaticani possono essere visitati solo con una visita guidata della durata di circa 2 ore.<\/span><\/li>\n<\/ul>\n<\/td>\n<\/tr>\n<tr style=\"background-color: #fae8c3;\">\n<td style=\"width: 100%;\">\n<h3><span style=\"font-size: 10pt;\"><strong>Link e prenotazioni<\/strong><\/span><\/h3>\n<ul>\n<li><span style=\"font-size: 10pt;\">Sito ufficiale: <a href=\"https:\/\/www.museivaticani.va\/content\/museivaticani\/it.html\" target=\"_blank\" rel=\"noopener\">Tutte le condizioni di visita dei Giardini Vaticani<\/a>, <a href=\"https:\/\/www.museivaticani.va\/content\/museivaticani\/it\/organizza-visita\/scegli-la-visita.html\" target=\"_blank\" rel=\"noopener\">prenotazioni<\/a><\/span><\/li>\n<li><span style=\"font-size: 10pt;\">Sito della citt\u00e0 di Roma: <a href=\"https:\/\/www.turismoroma.it\/it\/luoghi\/giardini-vaticani\" target=\"_blank\" rel=\"noopener\">giardini del Vaticano su Turismo Roma<\/a><\/span><\/li>\n<\/ul>\n<\/td>\n<\/tr>\n<tr style=\"height: 65px;\">\n<td style=\"width: 100%;\">\n<p><span style=\"font-size: 10pt;\"><div data-tiqets-widget=\"discovery\" data-cards-layout=\"horizontal\" data-content-type=\"venue\" data-content-ids=\"147685\" data-language=\"it\" data-partner=\"romeroma\"><\/div><\/span><\/p>\n<\/td>\n<\/tr>\n<\/tbody>\n<\/table>","protected":false},"excerpt":{"rendered":"<p>I giardini Vaticani coprono 23 ettari, ovvero pi\u00f9 della met\u00e0 della superficie della citt\u00e0 del Vaticano. Sono separati dai musei Vaticani dalla zona nord, dove si trovano le banche, i media e i palazzi apostolici, residenza del Pontefice.L&#8217;accesso ai giardini avviene principalmente tramite visite guidate organizzate dalle istituzioni vaticane. Un allestimento frutto dei secoli I [&hellip;]<\/p>\n","protected":false},"featured_media":0,"parent":0,"menu_order":0,"comment_status":"open","ping_status":"open","template":"","format":"standard","meta":{"kt_blocks_editor_width":"","_links_to":"","_links_to_target":""},"genre":[278],"interet":[286],"quartier":[307],"categorie_site":[393,440],"quartier_historique":[],"etiquettes_site":[],"acf":[],"yoast_head":"<!-- This site is optimized with the Yoast SEO plugin v17.4 - https:\/\/yoast.com\/wordpress\/plugins\/seo\/ -->\n<title>Giardini Vaticani &ndash; Rome-Roma<\/title>\n<meta name=\"description\" content=\"D\u00e9couverte et visite des jardins du Vatican, histoire et conditions de visite. Culture et tourisme \u00e0 Rome, les monuments et les mus\u00e9es.\" \/>\n<meta name=\"robots\" content=\"index, follow, max-snippet:-1, max-image-preview:large, max-video-preview:-1\" \/>\n<link rel=\"canonical\" href=\"https:\/\/www.rome-roma.net\/it\/giardini-vaticani\/\" \/>\n<meta property=\"og:locale\" content=\"it_IT\" \/>\n<meta property=\"og:type\" content=\"article\" \/>\n<meta property=\"og:title\" content=\"Giardini Vaticani &ndash; Rome-Roma\" \/>\n<meta property=\"og:description\" content=\"D\u00e9couverte et visite des jardins du Vatican, histoire et conditions de visite. Culture et tourisme \u00e0 Rome, les monuments et les mus\u00e9es.\" \/>\n<meta property=\"og:url\" content=\"https:\/\/www.rome-roma.net\/it\/giardini-vaticani\/\" \/>\n<meta property=\"og:site_name\" content=\"Rome-Roma\" \/>\n<meta property=\"article:modified_time\" content=\"2026-04-13T09:39:44+00:00\" \/>\n<meta name=\"twitter:card\" content=\"summary_large_image\" \/>\n<meta name=\"twitter:label1\" content=\"Tempo di lettura stimato\" \/>\n\t<meta name=\"twitter:data1\" content=\"2 minuti\" \/>\n<script type=\"application\/ld+json\" class=\"yoast-schema-graph\">{\"@context\":\"https:\/\/schema.org\",\"@graph\":[{\"@type\":\"Organization\",\"@id\":\"https:\/\/www.rome-roma.net\/it\/#organization\",\"name\":\"Rome-Roma\",\"url\":\"https:\/\/www.rome-roma.net\/it\/\",\"sameAs\":[],\"logo\":{\"@type\":\"ImageObject\",\"@id\":\"https:\/\/www.rome-roma.net\/it\/#logo\",\"inLanguage\":\"it-IT\",\"url\":\"https:\/\/www.rome-roma.net\/wp-content\/uploads\/2025\/07\/logo-rome-roma-420.jpg\",\"contentUrl\":\"https:\/\/www.rome-roma.net\/wp-content\/uploads\/2025\/07\/logo-rome-roma-420.jpg\",\"width\":420,\"height\":420,\"caption\":\"Rome-Roma\"},\"image\":{\"@id\":\"https:\/\/www.rome-roma.net\/it\/#logo\"}},{\"@type\":\"WebSite\",\"@id\":\"https:\/\/www.rome-roma.net\/it\/#website\",\"url\":\"https:\/\/www.rome-roma.net\/it\/\",\"name\":\"Rome-Roma\",\"description\":\"Cultura & Viaggio\",\"publisher\":{\"@id\":\"https:\/\/www.rome-roma.net\/it\/#organization\"},\"potentialAction\":[{\"@type\":\"SearchAction\",\"target\":{\"@type\":\"EntryPoint\",\"urlTemplate\":\"https:\/\/www.rome-roma.net\/it\/?s={search_term_string}\"},\"query-input\":\"required name=search_term_string\"}],\"inLanguage\":\"it-IT\"},{\"@type\":\"WebPage\",\"@id\":\"https:\/\/www.rome-roma.net\/it\/giardini-vaticani\/#webpage\",\"url\":\"https:\/\/www.rome-roma.net\/it\/giardini-vaticani\/\",\"name\":\"Giardini Vaticani &ndash; Rome-Roma\",\"isPartOf\":{\"@id\":\"https:\/\/www.rome-roma.net\/it\/#website\"},\"datePublished\":\"2020-02-24T13:58:35+00:00\",\"dateModified\":\"2026-04-13T09:39:44+00:00\",\"description\":\"D\\u00e9couverte et visite des jardins du Vatican, histoire et conditions de visite. Culture et tourisme \\u00e0 Rome, les monuments et les mus\\u00e9es.\",\"breadcrumb\":{\"@id\":\"https:\/\/www.rome-roma.net\/it\/giardini-vaticani\/#breadcrumb\"},\"inLanguage\":\"it-IT\",\"potentialAction\":[{\"@type\":\"ReadAction\",\"target\":[\"https:\/\/www.rome-roma.net\/it\/giardini-vaticani\/\"]}]},{\"@type\":\"BreadcrumbList\",\"@id\":\"https:\/\/www.rome-roma.net\/it\/giardini-vaticani\/#breadcrumb\",\"itemListElement\":[{\"@type\":\"ListItem\",\"position\":1,\"name\":\"Accueil\",\"item\":\"https:\/\/www.rome-roma.net\/it\/\"},{\"@type\":\"ListItem\",\"position\":2,\"name\":\"Giardini Vaticani\"}]}]}<\/script>\n<!-- \/ Yoast SEO plugin. -->","yoast_head_json":{"title":"Giardini Vaticani &ndash; Rome-Roma","description":"D\u00e9couverte et visite des jardins du Vatican, histoire et conditions de visite. Culture et tourisme \u00e0 Rome, les monuments et les mus\u00e9es.","robots":{"index":"index","follow":"follow","max-snippet":"max-snippet:-1","max-image-preview":"max-image-preview:large","max-video-preview":"max-video-preview:-1"},"canonical":"https:\/\/www.rome-roma.net\/it\/giardini-vaticani\/","og_locale":"it_IT","og_type":"article","og_title":"Giardini Vaticani &ndash; Rome-Roma","og_description":"D\u00e9couverte et visite des jardins du Vatican, histoire et conditions de visite. Culture et tourisme \u00e0 Rome, les monuments et les mus\u00e9es.","og_url":"https:\/\/www.rome-roma.net\/it\/giardini-vaticani\/","og_site_name":"Rome-Roma","article_modified_time":"2026-04-13T09:39:44+00:00","twitter_card":"summary_large_image","twitter_misc":{"Tempo di lettura stimato":"2 minuti"},"schema":{"@context":"https:\/\/schema.org","@graph":[{"@type":"Organization","@id":"https:\/\/www.rome-roma.net\/it\/#organization","name":"Rome-Roma","url":"https:\/\/www.rome-roma.net\/it\/","sameAs":[],"logo":{"@type":"ImageObject","@id":"https:\/\/www.rome-roma.net\/it\/#logo","inLanguage":"it-IT","url":"https:\/\/www.rome-roma.net\/wp-content\/uploads\/2025\/07\/logo-rome-roma-420.jpg","contentUrl":"https:\/\/www.rome-roma.net\/wp-content\/uploads\/2025\/07\/logo-rome-roma-420.jpg","width":420,"height":420,"caption":"Rome-Roma"},"image":{"@id":"https:\/\/www.rome-roma.net\/it\/#logo"}},{"@type":"WebSite","@id":"https:\/\/www.rome-roma.net\/it\/#website","url":"https:\/\/www.rome-roma.net\/it\/","name":"Rome-Roma","description":"Cultura & Viaggio","publisher":{"@id":"https:\/\/www.rome-roma.net\/it\/#organization"},"potentialAction":[{"@type":"SearchAction","target":{"@type":"EntryPoint","urlTemplate":"https:\/\/www.rome-roma.net\/it\/?s={search_term_string}"},"query-input":"required name=search_term_string"}],"inLanguage":"it-IT"},{"@type":"WebPage","@id":"https:\/\/www.rome-roma.net\/it\/giardini-vaticani\/#webpage","url":"https:\/\/www.rome-roma.net\/it\/giardini-vaticani\/","name":"Giardini Vaticani &ndash; Rome-Roma","isPartOf":{"@id":"https:\/\/www.rome-roma.net\/it\/#website"},"datePublished":"2020-02-24T13:58:35+00:00","dateModified":"2026-04-13T09:39:44+00:00","description":"D\u00e9couverte et visite des jardins du Vatican, histoire et conditions de visite. Culture et tourisme \u00e0 Rome, les monuments et les mus\u00e9es.","breadcrumb":{"@id":"https:\/\/www.rome-roma.net\/it\/giardini-vaticani\/#breadcrumb"},"inLanguage":"it-IT","potentialAction":[{"@type":"ReadAction","target":["https:\/\/www.rome-roma.net\/it\/giardini-vaticani\/"]}]},{"@type":"BreadcrumbList","@id":"https:\/\/www.rome-roma.net\/it\/giardini-vaticani\/#breadcrumb","itemListElement":[{"@type":"ListItem","position":1,"name":"Accueil","item":"https:\/\/www.rome-roma.net\/it\/"},{"@type":"ListItem","position":2,"name":"Giardini Vaticani"}]}]}},"acf_fields":{"nom_monument":"","wikidata":"","sameas":""},"_links":{"self":[{"href":"https:\/\/www.rome-roma.net\/it\/wp-json\/wp\/v2\/site\/15465"}],"collection":[{"href":"https:\/\/www.rome-roma.net\/it\/wp-json\/wp\/v2\/site"}],"about":[{"href":"https:\/\/www.rome-roma.net\/it\/wp-json\/wp\/v2\/types\/site"}],"replies":[{"embeddable":true,"href":"https:\/\/www.rome-roma.net\/it\/wp-json\/wp\/v2\/comments?post=15465"}],"wp:attachment":[{"href":"https:\/\/www.rome-roma.net\/it\/wp-json\/wp\/v2\/media?parent=15465"}],"wp:term":[{"taxonomy":"genre","embeddable":true,"href":"https:\/\/www.rome-roma.net\/it\/wp-json\/wp\/v2\/genre?post=15465"},{"taxonomy":"interet","embeddable":true,"href":"https:\/\/www.rome-roma.net\/it\/wp-json\/wp\/v2\/interet?post=15465"},{"taxonomy":"quartier","embeddable":true,"href":"https:\/\/www.rome-roma.net\/it\/wp-json\/wp\/v2\/quartier?post=15465"},{"taxonomy":"categorie_site","embeddable":true,"href":"https:\/\/www.rome-roma.net\/it\/wp-json\/wp\/v2\/categorie_site?post=15465"},{"taxonomy":"quartier_historique","embeddable":true,"href":"https:\/\/www.rome-roma.net\/it\/wp-json\/wp\/v2\/quartier_historique?post=15465"},{"taxonomy":"etiquettes_site","embeddable":true,"href":"https:\/\/www.rome-roma.net\/it\/wp-json\/wp\/v2\/etiquettes_site?post=15465"}],"curies":[{"name":"wp","href":"https:\/\/api.w.org\/{rel}","templated":true}]}}