


{"id":30938,"date":"2020-03-05T19:34:48","date_gmt":"2020-03-05T18:34:48","guid":{"rendered":"https:\/\/www.rome-roma.net\/site\/santa-maria-in-campitelli\/"},"modified":"2025-01-06T20:38:43","modified_gmt":"2025-01-06T19:38:43","slug":"chiesa-di-santa-maria-in-campitelli","status":"publish","type":"site","link":"https:\/\/www.rome-roma.net\/it\/chiesa-di-santa-maria-in-campitelli\/","title":{"rendered":"Chiesa di Santa Maria in Campitelli"},"content":{"rendered":"<div id=\"attachment_12159\" style=\"width: 210px\" class=\"wp-caption alignright\"><a href=\"https:\/\/www.rome-roma.net\/wp-content\/uploads\/2020\/03\/altare-carlo-rainaldi-santa-maria-in-campitelli_2001.jpg\"><img aria-describedby=\"caption-attachment-12159\" loading=\"lazy\" class=\"size-medium wp-image-12159\" src=\"https:\/\/www.rome-roma.net\/wp-content\/uploads\/2020\/03\/altare-carlo-rainaldi-santa-maria-in-campitelli_2001-200x300.jpg\" alt=\"altare-carlo-rainaldi-santa-maria-in-campitelli_2001\" width=\"200\" height=\"300\" srcset=\"https:\/\/www.rome-roma.net\/wp-content\/uploads\/2020\/03\/altare-carlo-rainaldi-santa-maria-in-campitelli_2001-200x300.jpg 200w, https:\/\/www.rome-roma.net\/wp-content\/uploads\/2020\/03\/altare-carlo-rainaldi-santa-maria-in-campitelli_2001-683x1024.jpg 683w, https:\/\/www.rome-roma.net\/wp-content\/uploads\/2020\/03\/altare-carlo-rainaldi-santa-maria-in-campitelli_2001-768x1152.jpg 768w, https:\/\/www.rome-roma.net\/wp-content\/uploads\/2020\/03\/altare-carlo-rainaldi-santa-maria-in-campitelli_2001.jpg 800w\" sizes=\"(max-width: 200px) 100vw, 200px\" \/><\/a><p id=\"caption-attachment-12159\" class=\"wp-caption-text\">Altare maggiore, Carlo Rainaldi<\/p><\/div>\n<p><strong>Santa Maria in Portico in Campitelli<\/strong> \u00e8 una chiesa romana barocca della seconda met\u00e0 del XVII secolo, situata in <a href=\"https:\/\/www.rome-roma.net\/it\/piazza-di-campitelli-roma\/\">Piazza di Campitelli<\/a>, nel quartiere storico del Rione Sant\u2019Angelo, vicino al <a href=\"https:\/\/www.rome-roma.net\/it\/quartiere\/ghetto-ebraico\/\">vecchio ghetto<\/a>.<\/p>\n<h2>La peste e la sua costruzione<\/h2>\n<p>La chiesa fu costruita nel XVII secolo dall\u2019architetto <strong>Carlo Rainaldi<\/strong>, su iniziativa di papa Alessandro VII e del senato romano, per commemorare la fine della peste del 1656. Sostitu\u00ec la vecchia e pi\u00f9 modesta chiesa di Santa Maria Campitello, che si trovava pi\u00f9 a ovest della piazza.<br \/>La chiesa ospita un\u2019immagine miracolosa della Vergine, trasferita nel 1662 dalla vicina chiesa di San Galla, nel frattempo demolita, conosciuta anche come Santa Maria in Portico. L\u2019icona, risalente al XII secolo, sarebbe quella che si trovava sotto il Portico di Ottavia e che si illumin\u00f2 il 17 luglio 524 davanti a Santa Galla mentre curava i malati di peste.<\/p>\n<h2>Una chiesa barocca<\/h2>\n<p>La facciata barocca della chiesa, interamente in travertino, si distingue per l\u2019originalit\u00e0 delle sue decorazioni e la particolare disposizione delle aperture. Le alte colonne sono posizionate in primo piano, un elemento innovativo per la facciata di una chiesa. All\u2019interno, l\u2019edificio presenta una pianta a croce greca sormontata da una cupola. La verticalit\u00e0 \u00e8 accentuata dalle 24 colonne corinzie monumentali, ispirate all\u2019architettura di Andrea Palladio.<\/p>\n<p>Sopra l\u2019altare maggiore, l\u2019icona della Vergine \u00e8 esposta in un ricco tabernacolo dorato firmato da Giovanni Antonio de Rossi, al centro di una gloria. Quest\u2019opera eccezionale, composta da foglie di rame dorato su fondo di smalto, rappresenta la Vergine con il Bambino in un\u2019iconografia di stile bizantino. La chiesa ospita anche dipinti di grandi maestri barocchi come Luca Giordano, Sebastiano Conca e Baciccio.<\/p>\n<p>Infine, nel chiostro adiacente, si pu\u00f2 ammirare una parte della base del tempio di Apollo Sosiano.<\/p>\n<h2>Galleria<\/h2>\n\n\t\t<style type=\"text\/css\">\n\t\t\t#gallery-1 {\n\t\t\t\tmargin: auto;\n\t\t\t}\n\t\t\t#gallery-1 .gallery-item {\n\t\t\t\tfloat: left;\n\t\t\t\tmargin-top: 10px;\n\t\t\t\ttext-align: center;\n\t\t\t\twidth: 20%;\n\t\t\t}\n\t\t\t#gallery-1 img {\n\t\t\t\tborder: 2px solid #cfcfcf;\n\t\t\t}\n\t\t\t#gallery-1 .gallery-caption {\n\t\t\t\tmargin-left: 0;\n\t\t\t}\n\t\t\t\/* see gallery_shortcode() in wp-includes\/media.php *\/\n\t\t<\/style>\n\t\t<div id='gallery-1' class='gallery galleryid-30938 gallery-columns-5 gallery-size-thumbnail'><dl class='gallery-item'>\n\t\t\t<dt class='gallery-icon portrait'>\n\t\t\t\t<a href='https:\/\/www.rome-roma.net\/wp-content\/uploads\/2020\/03\/facciata-santa-maria-in-campitelli_1992.jpg'><img width=\"150\" height=\"150\" src=\"https:\/\/www.rome-roma.net\/wp-content\/uploads\/2020\/03\/facciata-santa-maria-in-campitelli_1992-150x150.jpg\" class=\"attachment-thumbnail size-thumbnail\" alt=\"facciata-santa-maria-in-campitelli_1992\" loading=\"lazy\" aria-describedby=\"gallery-1-12188\" srcset=\"https:\/\/www.rome-roma.net\/wp-content\/uploads\/2020\/03\/facciata-santa-maria-in-campitelli_1992-150x150.jpg 150w, https:\/\/www.rome-roma.net\/wp-content\/uploads\/2020\/03\/facciata-santa-maria-in-campitelli_1992-50x50.jpg 50w, https:\/\/www.rome-roma.net\/wp-content\/uploads\/2020\/03\/facciata-santa-maria-in-campitelli_1992-80x80.jpg 80w, https:\/\/www.rome-roma.net\/wp-content\/uploads\/2020\/03\/facciata-santa-maria-in-campitelli_1992-75x75.jpg 75w\" sizes=\"(max-width: 150px) 100vw, 150px\" \/><\/a>\n\t\t\t<\/dt>\n\t\t\t\t<dd class='wp-caption-text gallery-caption' id='gallery-1-12188'>\n\t\t\t\tFacciata principale\n\t\t\t\t<\/dd><\/dl><dl class='gallery-item'>\n\t\t\t<dt class='gallery-icon landscape'>\n\t\t\t\t<a href='https:\/\/www.rome-roma.net\/wp-content\/uploads\/2020\/03\/interno-santa-maria-in-campitelli_1993.jpg'><img width=\"150\" height=\"150\" src=\"https:\/\/www.rome-roma.net\/wp-content\/uploads\/2020\/03\/interno-santa-maria-in-campitelli_1993-150x150.jpg\" class=\"attachment-thumbnail size-thumbnail\" alt=\"interno-santa-maria-in-campitelli_1993\" loading=\"lazy\" srcset=\"https:\/\/www.rome-roma.net\/wp-content\/uploads\/2020\/03\/interno-santa-maria-in-campitelli_1993-150x150.jpg 150w, https:\/\/www.rome-roma.net\/wp-content\/uploads\/2020\/03\/interno-santa-maria-in-campitelli_1993-50x50.jpg 50w, https:\/\/www.rome-roma.net\/wp-content\/uploads\/2020\/03\/interno-santa-maria-in-campitelli_1993-80x80.jpg 80w, https:\/\/www.rome-roma.net\/wp-content\/uploads\/2020\/03\/interno-santa-maria-in-campitelli_1993-75x75.jpg 75w\" sizes=\"(max-width: 150px) 100vw, 150px\" \/><\/a>\n\t\t\t<\/dt><\/dl><dl class='gallery-item'>\n\t\t\t<dt class='gallery-icon portrait'>\n\t\t\t\t<a href='https:\/\/www.rome-roma.net\/wp-content\/uploads\/2020\/03\/santa-maria-in-campitelli_1997.jpg'><img width=\"150\" height=\"150\" src=\"https:\/\/www.rome-roma.net\/wp-content\/uploads\/2020\/03\/santa-maria-in-campitelli_1997-150x150.jpg\" class=\"attachment-thumbnail size-thumbnail\" alt=\"santa-maria-in-campitelli_1997\" loading=\"lazy\" srcset=\"https:\/\/www.rome-roma.net\/wp-content\/uploads\/2020\/03\/santa-maria-in-campitelli_1997-150x150.jpg 150w, https:\/\/www.rome-roma.net\/wp-content\/uploads\/2020\/03\/santa-maria-in-campitelli_1997-50x50.jpg 50w, https:\/\/www.rome-roma.net\/wp-content\/uploads\/2020\/03\/santa-maria-in-campitelli_1997-80x80.jpg 80w, https:\/\/www.rome-roma.net\/wp-content\/uploads\/2020\/03\/santa-maria-in-campitelli_1997-75x75.jpg 75w\" sizes=\"(max-width: 150px) 100vw, 150px\" \/><\/a>\n\t\t\t<\/dt><\/dl><dl class='gallery-item'>\n\t\t\t<dt class='gallery-icon portrait'>\n\t\t\t\t<a href='https:\/\/www.rome-roma.net\/wp-content\/uploads\/2020\/03\/altare-carlo-rainaldi-santa-maria-in-campitelli_2001.jpg'><img width=\"150\" height=\"150\" src=\"https:\/\/www.rome-roma.net\/wp-content\/uploads\/2020\/03\/altare-carlo-rainaldi-santa-maria-in-campitelli_2001-150x150.jpg\" class=\"attachment-thumbnail size-thumbnail\" alt=\"altare-carlo-rainaldi-santa-maria-in-campitelli_2001\" loading=\"lazy\" aria-describedby=\"gallery-1-12162\" srcset=\"https:\/\/www.rome-roma.net\/wp-content\/uploads\/2020\/03\/altare-carlo-rainaldi-santa-maria-in-campitelli_2001-150x150.jpg 150w, https:\/\/www.rome-roma.net\/wp-content\/uploads\/2020\/03\/altare-carlo-rainaldi-santa-maria-in-campitelli_2001-50x50.jpg 50w, https:\/\/www.rome-roma.net\/wp-content\/uploads\/2020\/03\/altare-carlo-rainaldi-santa-maria-in-campitelli_2001-80x80.jpg 80w, https:\/\/www.rome-roma.net\/wp-content\/uploads\/2020\/03\/altare-carlo-rainaldi-santa-maria-in-campitelli_2001-75x75.jpg 75w\" sizes=\"(max-width: 150px) 100vw, 150px\" \/><\/a>\n\t\t\t<\/dt>\n\t\t\t\t<dd class='wp-caption-text gallery-caption' id='gallery-1-12162'>\n\t\t\t\tAltare principale, Carlo Rainaldi\n\t\t\t\t<\/dd><\/dl><dl class='gallery-item'>\n\t\t\t<dt class='gallery-icon landscape'>\n\t\t\t\t<a href='https:\/\/www.rome-roma.net\/wp-content\/uploads\/2020\/03\/cappella-altieri-santa-maria-in-campitelli_1995.jpg'><img width=\"150\" height=\"150\" src=\"https:\/\/www.rome-roma.net\/wp-content\/uploads\/2020\/03\/cappella-altieri-santa-maria-in-campitelli_1995-150x150.jpg\" class=\"attachment-thumbnail size-thumbnail\" alt=\"cappella-altieri-santa-maria-in-campitelli_1995\" loading=\"lazy\" aria-describedby=\"gallery-1-12167\" srcset=\"https:\/\/www.rome-roma.net\/wp-content\/uploads\/2020\/03\/cappella-altieri-santa-maria-in-campitelli_1995-150x150.jpg 150w, https:\/\/www.rome-roma.net\/wp-content\/uploads\/2020\/03\/cappella-altieri-santa-maria-in-campitelli_1995-50x50.jpg 50w, https:\/\/www.rome-roma.net\/wp-content\/uploads\/2020\/03\/cappella-altieri-santa-maria-in-campitelli_1995-80x80.jpg 80w, https:\/\/www.rome-roma.net\/wp-content\/uploads\/2020\/03\/cappella-altieri-santa-maria-in-campitelli_1995-75x75.jpg 75w\" sizes=\"(max-width: 150px) 100vw, 150px\" \/><\/a>\n\t\t\t<\/dt>\n\t\t\t\t<dd class='wp-caption-text gallery-caption' id='gallery-1-12167'>\n\t\t\t\tCappella Altieri\n\t\t\t\t<\/dd><\/dl><br style=\"clear: both\" \/><dl class='gallery-item'>\n\t\t\t<dt class='gallery-icon portrait'>\n\t\t\t\t<a href='https:\/\/www.rome-roma.net\/wp-content\/uploads\/2020\/03\/cappella-altieri-santa-maria-in-campitelli_1996.jpg'><img width=\"150\" height=\"150\" src=\"https:\/\/www.rome-roma.net\/wp-content\/uploads\/2020\/03\/cappella-altieri-santa-maria-in-campitelli_1996-150x150.jpg\" class=\"attachment-thumbnail size-thumbnail\" alt=\"cappella-altieri-santa-maria-in-campitelli_1996\" loading=\"lazy\" aria-describedby=\"gallery-1-12172\" srcset=\"https:\/\/www.rome-roma.net\/wp-content\/uploads\/2020\/03\/cappella-altieri-santa-maria-in-campitelli_1996-150x150.jpg 150w, https:\/\/www.rome-roma.net\/wp-content\/uploads\/2020\/03\/cappella-altieri-santa-maria-in-campitelli_1996-50x50.jpg 50w, https:\/\/www.rome-roma.net\/wp-content\/uploads\/2020\/03\/cappella-altieri-santa-maria-in-campitelli_1996-80x80.jpg 80w, https:\/\/www.rome-roma.net\/wp-content\/uploads\/2020\/03\/cappella-altieri-santa-maria-in-campitelli_1996-75x75.jpg 75w\" sizes=\"(max-width: 150px) 100vw, 150px\" \/><\/a>\n\t\t\t<\/dt>\n\t\t\t\t<dd class='wp-caption-text gallery-caption' id='gallery-1-12172'>\n\t\t\t\tCappella Altieri\n\t\t\t\t<\/dd><\/dl><dl class='gallery-item'>\n\t\t\t<dt class='gallery-icon portrait'>\n\t\t\t\t<a href='https:\/\/www.rome-roma.net\/wp-content\/uploads\/2020\/03\/cappella-sant-anna-santa-maria-in-campitelli_1998.jpg'><img width=\"150\" height=\"150\" src=\"https:\/\/www.rome-roma.net\/wp-content\/uploads\/2020\/03\/cappella-sant-anna-santa-maria-in-campitelli_1998-150x150.jpg\" class=\"attachment-thumbnail size-thumbnail\" alt=\"cappella-sant-anna-santa-maria-in-campitelli_1998\" loading=\"lazy\" aria-describedby=\"gallery-1-12177\" srcset=\"https:\/\/www.rome-roma.net\/wp-content\/uploads\/2020\/03\/cappella-sant-anna-santa-maria-in-campitelli_1998-150x150.jpg 150w, https:\/\/www.rome-roma.net\/wp-content\/uploads\/2020\/03\/cappella-sant-anna-santa-maria-in-campitelli_1998-50x50.jpg 50w, https:\/\/www.rome-roma.net\/wp-content\/uploads\/2020\/03\/cappella-sant-anna-santa-maria-in-campitelli_1998-80x80.jpg 80w, https:\/\/www.rome-roma.net\/wp-content\/uploads\/2020\/03\/cappella-sant-anna-santa-maria-in-campitelli_1998-75x75.jpg 75w\" sizes=\"(max-width: 150px) 100vw, 150px\" \/><\/a>\n\t\t\t<\/dt>\n\t\t\t\t<dd class='wp-caption-text gallery-caption' id='gallery-1-12177'>\n\t\t\t\tCappella di Sant&#8217;Anna\n\t\t\t\t<\/dd><\/dl><dl class='gallery-item'>\n\t\t\t<dt class='gallery-icon landscape'>\n\t\t\t\t<a href='https:\/\/www.rome-roma.net\/wp-content\/uploads\/2020\/03\/cupola-santa-maria-in-campitelli_2002.jpg'><img width=\"150\" height=\"150\" src=\"https:\/\/www.rome-roma.net\/wp-content\/uploads\/2020\/03\/cupola-santa-maria-in-campitelli_2002-150x150.jpg\" class=\"attachment-thumbnail size-thumbnail\" alt=\"cupola-santa-maria-in-campitelli_2002\" loading=\"lazy\" aria-describedby=\"gallery-1-12182\" srcset=\"https:\/\/www.rome-roma.net\/wp-content\/uploads\/2020\/03\/cupola-santa-maria-in-campitelli_2002-150x150.jpg 150w, https:\/\/www.rome-roma.net\/wp-content\/uploads\/2020\/03\/cupola-santa-maria-in-campitelli_2002-50x50.jpg 50w, https:\/\/www.rome-roma.net\/wp-content\/uploads\/2020\/03\/cupola-santa-maria-in-campitelli_2002-80x80.jpg 80w, https:\/\/www.rome-roma.net\/wp-content\/uploads\/2020\/03\/cupola-santa-maria-in-campitelli_2002-75x75.jpg 75w\" sizes=\"(max-width: 150px) 100vw, 150px\" \/><\/a>\n\t\t\t<\/dt>\n\t\t\t\t<dd class='wp-caption-text gallery-caption' id='gallery-1-12182'>\n\t\t\t\tCupola\n\t\t\t\t<\/dd><\/dl><dl class='gallery-item'>\n\t\t\t<dt class='gallery-icon landscape'>\n\t\t\t\t<a href='https:\/\/www.rome-roma.net\/wp-content\/uploads\/2020\/03\/santa-maria-in-campitelli_2000.jpg'><img width=\"150\" height=\"150\" src=\"https:\/\/www.rome-roma.net\/wp-content\/uploads\/2020\/03\/santa-maria-in-campitelli_2000-150x150.jpg\" class=\"attachment-thumbnail size-thumbnail\" alt=\"santa-maria-in-campitelli_2000\" loading=\"lazy\" srcset=\"https:\/\/www.rome-roma.net\/wp-content\/uploads\/2020\/03\/santa-maria-in-campitelli_2000-150x150.jpg 150w, https:\/\/www.rome-roma.net\/wp-content\/uploads\/2020\/03\/santa-maria-in-campitelli_2000-50x50.jpg 50w, https:\/\/www.rome-roma.net\/wp-content\/uploads\/2020\/03\/santa-maria-in-campitelli_2000-80x80.jpg 80w, https:\/\/www.rome-roma.net\/wp-content\/uploads\/2020\/03\/santa-maria-in-campitelli_2000-75x75.jpg 75w\" sizes=\"(max-width: 150px) 100vw, 150px\" \/><\/a>\n\t\t\t<\/dt><\/dl>\n\t\t\t<br style='clear: both' \/>\n\t\t<\/div>\n\n\n\n<h2>Cartina ed indirizzo<\/h2>\r\n\t\t<div id=\"travelersmap-container-69f32cab5b7d4\" class=\"travelersmap-container\" style=\"z-index: 1; min-height: 10px; min-width:10px; height:400px;width:100%; max-width:; max-height:; position:relative;\"><div style=\"position:absolute; z-index:-1;top: 50%;text-align: center;display: block;left: 50%;transform: translate(-50%,-50%);\">Travelers' Map is loading... <br> If you see this after your page is loaded completely, leafletJS files are missing.<\/div><\/div><i>Clicca sulla freccia per localizzarti sulla mappa<\/i>\n\n\n\n<h2>Informazioni<\/h2>\n<table style=\"border-collapse: collapse; width: 100%; height: 325px;\">\n<tbody>\n<tr style=\"background-color: #fae8c3;\">\n<td style=\"width: 100%; height: 44px;\"><span style=\"font-size: 10pt;\"><strong>Santa Maria in Portico in Campitelli<\/strong><\/span><br \/><span style=\"font-size: 10pt;\"><em><span class=\"LrzXr\">Piazza di Campitelli, 9, 00186 Roma<\/span><\/em><\/span><\/td>\n<\/tr>\n<tr style=\"background-color: #f7ece1;\">\n<td style=\"width: 100%; height: 113px;\"><span style=\"font-size: 10pt;\"><strong>Orari e visita<\/strong> (da confermare)<strong><br \/><\/strong><\/span>\n<p style=\"padding-left: 40px;\"><span style=\"font-size: 10pt;\">Dal luned\u00ec al sabato: 7:00 &#8211; 14:00 \/ 16:30 &#8211; 20:00<\/span><br \/><span style=\"font-size: 10pt;\">Domenica: 8:00 &#8211; 20:00<br \/><\/span><\/p>\n<\/td>\n<\/tr>\n<tr style=\"background-color: #fae8c3;\">\n<td style=\"width: 100%; height: 168px;\">\n<p><span style=\"font-size: 10pt;\"><strong>Fonti e link<\/strong><\/span><\/p>\n<ul>\n<li><span style=\"font-size: 10pt;\">Sito ufficiale: <a href=\"https:\/\/www.santamariainportico.it\/\" target=\"_blank\" rel=\"noopener\">www.santamariainportico.it<\/a><\/span><\/li>\n<li><a href=\"https:\/\/it.wikipedia.org\/wiki\/Chiesa_di_Santa_Maria_in_Portico_in_Campitelli\" target=\"_blank\" rel=\"noopener\"><span style=\"font-size: 10pt;\">Santa Maria in Campitelli su Wikipedia<\/span><\/a><\/li>\n<li><span style=\"font-size: 10pt;\">Sito del comune:\u00a0<\/span><a href=\"https:\/\/www.turismoroma.it\/it\/luoghi\/chiesa-di-santa-maria-portico-campitelli\" target=\"_blank\" rel=\"noopener\"><span style=\"font-size: 10pt;\">Santa Maria in Campitelli su www.turismoroma.it<\/span><\/a><\/li>\n<\/ul>\n<\/td>\n<\/tr>\n<\/tbody>\n<\/table>\n","protected":false},"excerpt":{"rendered":"<p>Santa Maria in Portico in Campitelli \u00e8 una chiesa romana barocca della seconda met\u00e0 del XVII secolo, situata in Piazza di Campitelli, nel quartiere storico del Rione Sant\u2019Angelo, vicino al vecchio ghetto. La peste e la sua costruzione La chiesa fu costruita nel XVII secolo dall\u2019architetto Carlo Rainaldi, su iniziativa di papa Alessandro VII e [&hellip;]<\/p>\n","protected":false},"featured_media":0,"parent":0,"menu_order":0,"comment_status":"open","ping_status":"open","template":"","format":"standard","meta":{"kt_blocks_editor_width":"","_links_to":"","_links_to_target":""},"genre":[270],"interet":[286],"quartier":[308,309],"categorie_site":[382],"quartier_historique":[458],"etiquettes_site":[],"acf":[],"yoast_head":"<!-- This site is optimized with the Yoast SEO plugin v17.4 - https:\/\/yoast.com\/wordpress\/plugins\/seo\/ -->\n<title>Chiesa di Santa Maria in Campitelli &ndash; Rome-Roma<\/title>\n<meta name=\"description\" content=\"Situata nell&#039;omonima piazza, Santa Maria in Campitelli \u00e8 una bella chiesa barocca ricostruita nel XVII secolo da Carlo Rainaldi\" \/>\n<meta name=\"robots\" content=\"index, follow, max-snippet:-1, max-image-preview:large, max-video-preview:-1\" \/>\n<link rel=\"canonical\" href=\"https:\/\/www.rome-roma.net\/it\/chiesa-di-santa-maria-in-campitelli\/\" \/>\n<meta property=\"og:locale\" content=\"it_IT\" \/>\n<meta property=\"og:type\" content=\"article\" \/>\n<meta property=\"og:title\" content=\"Chiesa di Santa Maria in Campitelli &ndash; Rome-Roma\" \/>\n<meta property=\"og:description\" content=\"Situata nell&#039;omonima piazza, Santa Maria in Campitelli \u00e8 una bella chiesa barocca ricostruita nel XVII secolo da Carlo Rainaldi\" \/>\n<meta property=\"og:url\" content=\"https:\/\/www.rome-roma.net\/it\/chiesa-di-santa-maria-in-campitelli\/\" \/>\n<meta property=\"og:site_name\" content=\"Rome-Roma\" \/>\n<meta property=\"article:modified_time\" content=\"2025-01-06T19:38:43+00:00\" \/>\n<meta property=\"og:image\" content=\"https:\/\/www.rome-roma.net\/wp-content\/uploads\/2020\/03\/altare-carlo-rainaldi-santa-maria-in-campitelli_2001-150x150.jpg\" \/>\n<meta name=\"twitter:card\" content=\"summary_large_image\" \/>\n<meta name=\"twitter:label1\" content=\"Tempo di lettura stimato\" \/>\n\t<meta name=\"twitter:data1\" content=\"2 minuti\" \/>\n<script type=\"application\/ld+json\" class=\"yoast-schema-graph\">{\"@context\":\"https:\/\/schema.org\",\"@graph\":[{\"@type\":\"Organization\",\"@id\":\"https:\/\/www.rome-roma.net\/it\/#organization\",\"name\":\"Rome-Roma\",\"url\":\"https:\/\/www.rome-roma.net\/it\/\",\"sameAs\":[],\"logo\":{\"@type\":\"ImageObject\",\"@id\":\"https:\/\/www.rome-roma.net\/it\/#logo\",\"inLanguage\":\"it-IT\",\"url\":\"https:\/\/www.rome-roma.net\/wp-content\/uploads\/2025\/07\/logo-rome-roma-420.jpg\",\"contentUrl\":\"https:\/\/www.rome-roma.net\/wp-content\/uploads\/2025\/07\/logo-rome-roma-420.jpg\",\"width\":420,\"height\":420,\"caption\":\"Rome-Roma\"},\"image\":{\"@id\":\"https:\/\/www.rome-roma.net\/it\/#logo\"}},{\"@type\":\"WebSite\",\"@id\":\"https:\/\/www.rome-roma.net\/it\/#website\",\"url\":\"https:\/\/www.rome-roma.net\/it\/\",\"name\":\"Rome-Roma\",\"description\":\"Cultura & Viaggio\",\"publisher\":{\"@id\":\"https:\/\/www.rome-roma.net\/it\/#organization\"},\"potentialAction\":[{\"@type\":\"SearchAction\",\"target\":{\"@type\":\"EntryPoint\",\"urlTemplate\":\"https:\/\/www.rome-roma.net\/it\/?s={search_term_string}\"},\"query-input\":\"required name=search_term_string\"}],\"inLanguage\":\"it-IT\"},{\"@type\":\"ImageObject\",\"@id\":\"https:\/\/www.rome-roma.net\/it\/chiesa-di-santa-maria-in-campitelli\/#primaryimage\",\"inLanguage\":\"it-IT\",\"url\":\"https:\/\/www.rome-roma.net\/wp-content\/uploads\/2020\/03\/altare-carlo-rainaldi-santa-maria-in-campitelli_2001.jpg\",\"contentUrl\":\"https:\/\/www.rome-roma.net\/wp-content\/uploads\/2020\/03\/altare-carlo-rainaldi-santa-maria-in-campitelli_2001.jpg\",\"width\":800,\"height\":1200,\"caption\":\"Altare principale, Carlo Rainaldi\"},{\"@type\":\"WebPage\",\"@id\":\"https:\/\/www.rome-roma.net\/it\/chiesa-di-santa-maria-in-campitelli\/#webpage\",\"url\":\"https:\/\/www.rome-roma.net\/it\/chiesa-di-santa-maria-in-campitelli\/\",\"name\":\"Chiesa di Santa Maria in Campitelli &ndash; Rome-Roma\",\"isPartOf\":{\"@id\":\"https:\/\/www.rome-roma.net\/it\/#website\"},\"primaryImageOfPage\":{\"@id\":\"https:\/\/www.rome-roma.net\/it\/chiesa-di-santa-maria-in-campitelli\/#primaryimage\"},\"datePublished\":\"2020-03-05T18:34:48+00:00\",\"dateModified\":\"2025-01-06T19:38:43+00:00\",\"description\":\"Situata nell'omonima piazza, Santa Maria in Campitelli \\u00e8 una bella chiesa barocca ricostruita nel XVII secolo da Carlo Rainaldi\",\"breadcrumb\":{\"@id\":\"https:\/\/www.rome-roma.net\/it\/chiesa-di-santa-maria-in-campitelli\/#breadcrumb\"},\"inLanguage\":\"it-IT\",\"potentialAction\":[{\"@type\":\"ReadAction\",\"target\":[\"https:\/\/www.rome-roma.net\/it\/chiesa-di-santa-maria-in-campitelli\/\"]}]},{\"@type\":\"BreadcrumbList\",\"@id\":\"https:\/\/www.rome-roma.net\/it\/chiesa-di-santa-maria-in-campitelli\/#breadcrumb\",\"itemListElement\":[{\"@type\":\"ListItem\",\"position\":1,\"name\":\"Accueil\",\"item\":\"https:\/\/www.rome-roma.net\/it\/\"},{\"@type\":\"ListItem\",\"position\":2,\"name\":\"Chiesa di Santa Maria in Campitelli\"}]}]}<\/script>\n<!-- \/ Yoast SEO plugin. -->","yoast_head_json":{"title":"Chiesa di Santa Maria in Campitelli &ndash; Rome-Roma","description":"Situata nell'omonima piazza, Santa Maria in Campitelli \u00e8 una bella chiesa barocca ricostruita nel XVII secolo da Carlo Rainaldi","robots":{"index":"index","follow":"follow","max-snippet":"max-snippet:-1","max-image-preview":"max-image-preview:large","max-video-preview":"max-video-preview:-1"},"canonical":"https:\/\/www.rome-roma.net\/it\/chiesa-di-santa-maria-in-campitelli\/","og_locale":"it_IT","og_type":"article","og_title":"Chiesa di Santa Maria in Campitelli &ndash; Rome-Roma","og_description":"Situata nell'omonima piazza, Santa Maria in Campitelli \u00e8 una bella chiesa barocca ricostruita nel XVII secolo da Carlo Rainaldi","og_url":"https:\/\/www.rome-roma.net\/it\/chiesa-di-santa-maria-in-campitelli\/","og_site_name":"Rome-Roma","article_modified_time":"2025-01-06T19:38:43+00:00","og_image":[{"url":"https:\/\/www.rome-roma.net\/wp-content\/uploads\/2020\/03\/altare-carlo-rainaldi-santa-maria-in-campitelli_2001-150x150.jpg"}],"twitter_card":"summary_large_image","twitter_misc":{"Tempo di lettura stimato":"2 minuti"},"schema":{"@context":"https:\/\/schema.org","@graph":[{"@type":"Organization","@id":"https:\/\/www.rome-roma.net\/it\/#organization","name":"Rome-Roma","url":"https:\/\/www.rome-roma.net\/it\/","sameAs":[],"logo":{"@type":"ImageObject","@id":"https:\/\/www.rome-roma.net\/it\/#logo","inLanguage":"it-IT","url":"https:\/\/www.rome-roma.net\/wp-content\/uploads\/2025\/07\/logo-rome-roma-420.jpg","contentUrl":"https:\/\/www.rome-roma.net\/wp-content\/uploads\/2025\/07\/logo-rome-roma-420.jpg","width":420,"height":420,"caption":"Rome-Roma"},"image":{"@id":"https:\/\/www.rome-roma.net\/it\/#logo"}},{"@type":"WebSite","@id":"https:\/\/www.rome-roma.net\/it\/#website","url":"https:\/\/www.rome-roma.net\/it\/","name":"Rome-Roma","description":"Cultura & Viaggio","publisher":{"@id":"https:\/\/www.rome-roma.net\/it\/#organization"},"potentialAction":[{"@type":"SearchAction","target":{"@type":"EntryPoint","urlTemplate":"https:\/\/www.rome-roma.net\/it\/?s={search_term_string}"},"query-input":"required name=search_term_string"}],"inLanguage":"it-IT"},{"@type":"ImageObject","@id":"https:\/\/www.rome-roma.net\/it\/chiesa-di-santa-maria-in-campitelli\/#primaryimage","inLanguage":"it-IT","url":"https:\/\/www.rome-roma.net\/wp-content\/uploads\/2020\/03\/altare-carlo-rainaldi-santa-maria-in-campitelli_2001.jpg","contentUrl":"https:\/\/www.rome-roma.net\/wp-content\/uploads\/2020\/03\/altare-carlo-rainaldi-santa-maria-in-campitelli_2001.jpg","width":800,"height":1200,"caption":"Altare principale, Carlo Rainaldi"},{"@type":"WebPage","@id":"https:\/\/www.rome-roma.net\/it\/chiesa-di-santa-maria-in-campitelli\/#webpage","url":"https:\/\/www.rome-roma.net\/it\/chiesa-di-santa-maria-in-campitelli\/","name":"Chiesa di Santa Maria in Campitelli &ndash; Rome-Roma","isPartOf":{"@id":"https:\/\/www.rome-roma.net\/it\/#website"},"primaryImageOfPage":{"@id":"https:\/\/www.rome-roma.net\/it\/chiesa-di-santa-maria-in-campitelli\/#primaryimage"},"datePublished":"2020-03-05T18:34:48+00:00","dateModified":"2025-01-06T19:38:43+00:00","description":"Situata nell'omonima piazza, Santa Maria in Campitelli \u00e8 una bella chiesa barocca ricostruita nel XVII secolo da Carlo Rainaldi","breadcrumb":{"@id":"https:\/\/www.rome-roma.net\/it\/chiesa-di-santa-maria-in-campitelli\/#breadcrumb"},"inLanguage":"it-IT","potentialAction":[{"@type":"ReadAction","target":["https:\/\/www.rome-roma.net\/it\/chiesa-di-santa-maria-in-campitelli\/"]}]},{"@type":"BreadcrumbList","@id":"https:\/\/www.rome-roma.net\/it\/chiesa-di-santa-maria-in-campitelli\/#breadcrumb","itemListElement":[{"@type":"ListItem","position":1,"name":"Accueil","item":"https:\/\/www.rome-roma.net\/it\/"},{"@type":"ListItem","position":2,"name":"Chiesa di Santa Maria in Campitelli"}]}]}},"acf_fields":{"nom_monument":null,"wikidata":"","sameas":null},"_links":{"self":[{"href":"https:\/\/www.rome-roma.net\/it\/wp-json\/wp\/v2\/site\/30938"}],"collection":[{"href":"https:\/\/www.rome-roma.net\/it\/wp-json\/wp\/v2\/site"}],"about":[{"href":"https:\/\/www.rome-roma.net\/it\/wp-json\/wp\/v2\/types\/site"}],"replies":[{"embeddable":true,"href":"https:\/\/www.rome-roma.net\/it\/wp-json\/wp\/v2\/comments?post=30938"}],"wp:attachment":[{"href":"https:\/\/www.rome-roma.net\/it\/wp-json\/wp\/v2\/media?parent=30938"}],"wp:term":[{"taxonomy":"genre","embeddable":true,"href":"https:\/\/www.rome-roma.net\/it\/wp-json\/wp\/v2\/genre?post=30938"},{"taxonomy":"interet","embeddable":true,"href":"https:\/\/www.rome-roma.net\/it\/wp-json\/wp\/v2\/interet?post=30938"},{"taxonomy":"quartier","embeddable":true,"href":"https:\/\/www.rome-roma.net\/it\/wp-json\/wp\/v2\/quartier?post=30938"},{"taxonomy":"categorie_site","embeddable":true,"href":"https:\/\/www.rome-roma.net\/it\/wp-json\/wp\/v2\/categorie_site?post=30938"},{"taxonomy":"quartier_historique","embeddable":true,"href":"https:\/\/www.rome-roma.net\/it\/wp-json\/wp\/v2\/quartier_historique?post=30938"},{"taxonomy":"etiquettes_site","embeddable":true,"href":"https:\/\/www.rome-roma.net\/it\/wp-json\/wp\/v2\/etiquettes_site?post=30938"}],"curies":[{"name":"wp","href":"https:\/\/api.w.org\/{rel}","templated":true}]}}