


{"id":31372,"date":"2020-03-03T13:32:21","date_gmt":"2020-03-03T12:32:21","guid":{"rendered":"https:\/\/www.rome-roma.net\/site\/eglise-santa-maria-dell-anima\/"},"modified":"2025-01-14T21:48:11","modified_gmt":"2025-01-14T20:48:11","slug":"chiesa-di-santa-maria-dell-anima","status":"publish","type":"site","link":"https:\/\/www.rome-roma.net\/it\/chiesa-di-santa-maria-dell-anima\/","title":{"rendered":"Chiesa di Santa Maria dell&#8217;Anima"},"content":{"rendered":"<div id=\"attachment_10712\" style=\"width: 210px\" class=\"wp-caption alignright\"><a href=\"https:\/\/www.rome-roma.net\/wp-content\/uploads\/2020\/02\/santa-maria-dell-anima_1747.jpg\"><img aria-describedby=\"caption-attachment-10712\" loading=\"lazy\" class=\"wp-image-10712 size-medium\" src=\"https:\/\/www.rome-roma.net\/wp-content\/uploads\/2020\/02\/santa-maria-dell-anima_1747-200x300.jpg\" alt=\"santa-maria-dell-anima_1747\" width=\"200\" height=\"300\" srcset=\"https:\/\/www.rome-roma.net\/wp-content\/uploads\/2020\/02\/santa-maria-dell-anima_1747-200x300.jpg 200w, https:\/\/www.rome-roma.net\/wp-content\/uploads\/2020\/02\/santa-maria-dell-anima_1747-683x1024.jpg 683w, https:\/\/www.rome-roma.net\/wp-content\/uploads\/2020\/02\/santa-maria-dell-anima_1747-768x1152.jpg 768w, https:\/\/www.rome-roma.net\/wp-content\/uploads\/2020\/02\/santa-maria-dell-anima_1747.jpg 800w\" sizes=\"(max-width: 200px) 100vw, 200px\" \/><\/a><p id=\"caption-attachment-10712\" class=\"wp-caption-text\">Facciata<\/p><\/div>\n<p>Vicino a <a href=\"https:\/\/www.rome-roma.net\/it\/piazza-navona\/\">Piazza Navona<\/a>, la <strong>chiesa di Santa Maria dell\u2019Anima<\/strong> risale al XIV secolo, con un ospizio fondato nel 1350 grazie a una coppia proveniente da Dordrecht nei Paesi Bassi.<br \/>Adiacente al Collegio Teutonico, \u00e8 una delle chiese nazionali tedesche a Roma.<br \/>Ospita, tra le altre, le sepolture di papa Adriano VI, ex arcivescovo di Utrecht, e dei cardinali Willem van Enckenvoirt e Andrea d&#8217;Austria.<\/p>\n<h2>Dall&#8217;ospizio tedesco al Collegio Teutonico<\/h2>\n<p><strong>Santa Maria dell\u2019Anima<\/strong> fu una delle istituzioni caritative medievali destinate ad accogliere i pellegrini a Roma. In occasione del giubileo del 1350 (ma nel 1386 secondo alcune fonti), Jan e Katharina Peters di Dordrecht allestirono un ospizio privato per i pellegrini, chiamato Beatae Mariae animarum (Santa Maria dell&#8217;Anima).<br \/>Nel 1399, papa Bonifacio IX conferm\u00f2 la fondazione con una bolla papale, concedendo indulgenze ai benefattori.<br \/>Dal 1431, venne costruita una chiesa al posto della cappella dell&#8217;ospizio. Durante i secoli XV e XVI, Santa Maria dell&#8217;Anima divenne il principale centro nazionale e religioso del <strong>Sacro Romano Impero Germanico<\/strong> a Roma, associato al <strong>Collegio Teutonico<\/strong> fondato nel 1496.<br \/>L&#8217;attuale chiesa fu ricostruita tra il 1499 e il 1522, con <strong>Andrea Sansovino<\/strong> come architetto e la facciata completata da <strong>Giuliano da Sangallo<\/strong>.<\/p>\n<h2>Architettura e opere d&#8217;arte<\/h2>\n<div id=\"attachment_10717\" style=\"width: 210px\" class=\"wp-caption alignright\"><a href=\"https:\/\/www.rome-roma.net\/wp-content\/uploads\/2020\/02\/santa-maria-dell-anima_1877.jpg\"><img aria-describedby=\"caption-attachment-10717\" loading=\"lazy\" class=\"wp-image-10717 size-medium\" src=\"https:\/\/www.rome-roma.net\/wp-content\/uploads\/2020\/02\/santa-maria-dell-anima_1877-200x300.jpg\" alt=\"santa-maria-dell-anima_1877\" width=\"200\" height=\"300\" srcset=\"https:\/\/www.rome-roma.net\/wp-content\/uploads\/2020\/02\/santa-maria-dell-anima_1877-200x300.jpg 200w, https:\/\/www.rome-roma.net\/wp-content\/uploads\/2020\/02\/santa-maria-dell-anima_1877-683x1024.jpg 683w, https:\/\/www.rome-roma.net\/wp-content\/uploads\/2020\/02\/santa-maria-dell-anima_1877-768x1152.jpg 768w, https:\/\/www.rome-roma.net\/wp-content\/uploads\/2020\/02\/santa-maria-dell-anima_1877.jpg 800w\" sizes=\"(max-width: 200px) 100vw, 200px\" \/><\/a><p id=\"caption-attachment-10717\" class=\"wp-caption-text\">Abside<\/p><\/div>\n<p>La chiesa \u00e8 in stile europeo del Nord, con un interno di ispirazione gotica, dove le navate laterali sono altrettanto alte quanto il centro, con alti pilastri che sorreggono le navate e otto cappelle laterali profonde. Il campanile \u00e8 attribuito a <strong>Bramante<\/strong> e risale al 1502. Questo \u00e8 coronato da un&#8217;aquila bicipite, aggiunta nel XIX secolo per rappresentare l&#8217;Impero Asburgico.<br \/>La facciata di <strong>Andrea Sansovino<\/strong> \u00e8 invece tipica del Rinascimento italiano.<\/p>\n<p>La chiesa conserva numerose opere artistiche, tra cui il dipinto della <em>Sacra Famiglia con san Giovannino<\/em> posto sull&#8217;altare, dipinto da <strong>Giulio Romano<\/strong> tra il 1521 e il 1522 per la famiglia Fugger, e un altro altare (1532) di <strong>Lorenzo Lotti<\/strong>.<\/p>\n<p>Tra i <strong>monumenti funebri<\/strong>, si trova nell&#8217;abside a destra quello di papa Adriano VI (1459-1523), commissionato dal cardinale Willem van Enckenvoirt e in parte progettato da Baldassarre Peruzzi. A sinistra dell&#8217;abside si trova il monumento funebre del duca di Cl\u00e8ves di Nicolas d\u2019Arras (1575). Ci sono anche quelli di Egon von F\u00fcrstemberg e di Willem van Enckenvoirt (1464-1534), vescovo di Tortosa e di Utrecht.<\/p>\n<div id=\"attachment_10702\" style=\"width: 236px\" class=\"wp-caption alignleft\"><a href=\"https:\/\/www.rome-roma.net\/wp-content\/uploads\/2020\/02\/giulio-romano-sacra-famiglia-123.jpg\"><img aria-describedby=\"caption-attachment-10702\" loading=\"lazy\" class=\"size-medium wp-image-10702\" src=\"https:\/\/www.rome-roma.net\/wp-content\/uploads\/2020\/02\/giulio-romano-sacra-famiglia-123-226x300.jpg\" alt=\"giulio-romano-sacra-famiglia-123\" width=\"226\" height=\"300\" srcset=\"https:\/\/www.rome-roma.net\/wp-content\/uploads\/2020\/02\/giulio-romano-sacra-famiglia-123-226x300.jpg 226w, https:\/\/www.rome-roma.net\/wp-content\/uploads\/2020\/02\/giulio-romano-sacra-famiglia-123.jpg 677w\" sizes=\"(max-width: 226px) 100vw, 226px\" \/><\/a><p id=\"caption-attachment-10702\" class=\"wp-caption-text\">Sacra Famiglia, Giulio Romano<\/p><\/div>\n<p>La <strong>cappella dei Margravi di Brandeburgo<\/strong>, voluta dal cardinale Johann Albrecht di Brandeburgo, arcivescovo di Magdeburgo e grande avversario di Lutero, contiene affreschi di <strong>Francesco Salviati<\/strong> (1541-1543): <em>Pentecoste<\/em>; <em>Resurrezione<\/em> con le figure di san Maurizio (patrono della cattedrale di Magdeburgo) e san Alberto di Sicilia a sinistra, e san Stefano e san Giovanni Almonitore a destra; una <em>Piet\u00e0<\/em> (con Johann Albrecht in preghiera) sopra l&#8217;altare.<\/p>\n<p>Altre <strong>tele notevoli<\/strong> includono la <em>Discesa dalla croce<\/em> (1550) di Francesco Salviati, un dipinto di Girolamo Siciolante da Sermoneta, i <em>Miracoli di San Bennon<\/em> e il <em>Martirio di San Lambert<\/em> (1618) dipinti da Carlo Saraceni.<br \/>Una scultura ispirata alla Piet\u00e0 di Michelangelo fu realizzata da Lorenzetto, cognato di Giulio Romano. Qui, la testa di Cristo \u00e8 sorretta dal petto della Vergine, mentre nell&#8217;opera di Michelangelo la testa \u00e8 inclinata all&#8217;indietro.<\/p>\n<p>Un <strong>cortile interno<\/strong>, che conduce all&#8217;ospizio tedesco, conserva vari resti antichi.<\/p>\n\n\n<h2>Cartina ed indirizzo<\/h2>\r\n\t\t<b>Indirizzo : <\/b>Via di Santa Maria dell'Anima, 64, 00186 Roma<div id=\"travelersmap-container-69f314d9bebed\" class=\"travelersmap-container\" style=\"z-index: 1; min-height: 10px; min-width:10px; height:400px;width:100%; max-width:; max-height:; position:relative;\"><div style=\"position:absolute; z-index:-1;top: 50%;text-align: center;display: block;left: 50%;transform: translate(-50%,-50%);\">Travelers' Map is loading... <br> If you see this after your page is loaded completely, leafletJS files are missing.<\/div><\/div><i>Clicca sulla freccia per localizzarti sulla mappa<\/i>\n\n\n<h2>Galleria foto<\/h2>\n\n\t\t<style type=\"text\/css\">\n\t\t\t#gallery-1 {\n\t\t\t\tmargin: auto;\n\t\t\t}\n\t\t\t#gallery-1 .gallery-item {\n\t\t\t\tfloat: left;\n\t\t\t\tmargin-top: 10px;\n\t\t\t\ttext-align: center;\n\t\t\t\twidth: 20%;\n\t\t\t}\n\t\t\t#gallery-1 img {\n\t\t\t\tborder: 2px solid #cfcfcf;\n\t\t\t}\n\t\t\t#gallery-1 .gallery-caption {\n\t\t\t\tmargin-left: 0;\n\t\t\t}\n\t\t\t\/* see gallery_shortcode() in wp-includes\/media.php *\/\n\t\t<\/style>\n\t\t<div id='gallery-1' class='gallery galleryid-31372 gallery-columns-5 gallery-size-thumbnail'><dl class='gallery-item'>\n\t\t\t<dt class='gallery-icon portrait'>\n\t\t\t\t<a href='https:\/\/www.rome-roma.net\/wp-content\/uploads\/2020\/02\/santa-maria-dell-anima_1747.jpg'><img width=\"150\" height=\"150\" src=\"https:\/\/www.rome-roma.net\/wp-content\/uploads\/2020\/02\/santa-maria-dell-anima_1747-150x150.jpg\" class=\"attachment-thumbnail size-thumbnail\" alt=\"santa-maria-dell-anima_1747\" loading=\"lazy\" aria-describedby=\"gallery-1-10715\" srcset=\"https:\/\/www.rome-roma.net\/wp-content\/uploads\/2020\/02\/santa-maria-dell-anima_1747-150x150.jpg 150w, https:\/\/www.rome-roma.net\/wp-content\/uploads\/2020\/02\/santa-maria-dell-anima_1747-50x50.jpg 50w, https:\/\/www.rome-roma.net\/wp-content\/uploads\/2020\/02\/santa-maria-dell-anima_1747-80x80.jpg 80w, https:\/\/www.rome-roma.net\/wp-content\/uploads\/2020\/02\/santa-maria-dell-anima_1747-75x75.jpg 75w\" sizes=\"(max-width: 150px) 100vw, 150px\" \/><\/a>\n\t\t\t<\/dt>\n\t\t\t\t<dd class='wp-caption-text gallery-caption' id='gallery-1-10715'>\n\t\t\t\tFacciata principale\n\t\t\t\t<\/dd><\/dl><dl class='gallery-item'>\n\t\t\t<dt class='gallery-icon portrait'>\n\t\t\t\t<a href='https:\/\/www.rome-roma.net\/wp-content\/uploads\/2020\/02\/santa-maria-dell-anima_1877.jpg'><img width=\"150\" height=\"150\" src=\"https:\/\/www.rome-roma.net\/wp-content\/uploads\/2020\/02\/santa-maria-dell-anima_1877-150x150.jpg\" class=\"attachment-thumbnail size-thumbnail\" alt=\"santa-maria-dell-anima_1877\" loading=\"lazy\" aria-describedby=\"gallery-1-10720\" srcset=\"https:\/\/www.rome-roma.net\/wp-content\/uploads\/2020\/02\/santa-maria-dell-anima_1877-150x150.jpg 150w, https:\/\/www.rome-roma.net\/wp-content\/uploads\/2020\/02\/santa-maria-dell-anima_1877-50x50.jpg 50w, https:\/\/www.rome-roma.net\/wp-content\/uploads\/2020\/02\/santa-maria-dell-anima_1877-80x80.jpg 80w, https:\/\/www.rome-roma.net\/wp-content\/uploads\/2020\/02\/santa-maria-dell-anima_1877-75x75.jpg 75w\" sizes=\"(max-width: 150px) 100vw, 150px\" \/><\/a>\n\t\t\t<\/dt>\n\t\t\t\t<dd class='wp-caption-text gallery-caption' id='gallery-1-10720'>\n\t\t\t\tAbside principale\n\t\t\t\t<\/dd><\/dl><dl class='gallery-item'>\n\t\t\t<dt class='gallery-icon landscape'>\n\t\t\t\t<a href='https:\/\/www.rome-roma.net\/wp-content\/uploads\/2020\/02\/santa-maria-dell-anima_1878.jpg'><img width=\"150\" height=\"150\" src=\"https:\/\/www.rome-roma.net\/wp-content\/uploads\/2020\/02\/santa-maria-dell-anima_1878-150x150.jpg\" class=\"attachment-thumbnail size-thumbnail\" alt=\"santa-maria-dell-anima_1878\" loading=\"lazy\" srcset=\"https:\/\/www.rome-roma.net\/wp-content\/uploads\/2020\/02\/santa-maria-dell-anima_1878-150x150.jpg 150w, https:\/\/www.rome-roma.net\/wp-content\/uploads\/2020\/02\/santa-maria-dell-anima_1878-50x50.jpg 50w, https:\/\/www.rome-roma.net\/wp-content\/uploads\/2020\/02\/santa-maria-dell-anima_1878-80x80.jpg 80w, https:\/\/www.rome-roma.net\/wp-content\/uploads\/2020\/02\/santa-maria-dell-anima_1878-75x75.jpg 75w\" sizes=\"(max-width: 150px) 100vw, 150px\" \/><\/a>\n\t\t\t<\/dt><\/dl><dl class='gallery-item'>\n\t\t\t<dt class='gallery-icon portrait'>\n\t\t\t\t<a href='https:\/\/www.rome-roma.net\/wp-content\/uploads\/2020\/02\/giulio-romano-sacra-famiglia-123.jpg'><img width=\"150\" height=\"150\" src=\"https:\/\/www.rome-roma.net\/wp-content\/uploads\/2020\/02\/giulio-romano-sacra-famiglia-123-150x150.jpg\" class=\"attachment-thumbnail size-thumbnail\" alt=\"giulio-romano-sacra-famiglia-123\" loading=\"lazy\" aria-describedby=\"gallery-1-10705\" srcset=\"https:\/\/www.rome-roma.net\/wp-content\/uploads\/2020\/02\/giulio-romano-sacra-famiglia-123-150x150.jpg 150w, https:\/\/www.rome-roma.net\/wp-content\/uploads\/2020\/02\/giulio-romano-sacra-famiglia-123-50x50.jpg 50w, https:\/\/www.rome-roma.net\/wp-content\/uploads\/2020\/02\/giulio-romano-sacra-famiglia-123-80x80.jpg 80w, https:\/\/www.rome-roma.net\/wp-content\/uploads\/2020\/02\/giulio-romano-sacra-famiglia-123-75x75.jpg 75w\" sizes=\"(max-width: 150px) 100vw, 150px\" \/><\/a>\n\t\t\t<\/dt>\n\t\t\t\t<dd class='wp-caption-text gallery-caption' id='gallery-1-10705'>\n\t\t\t\tSacra Famiglia, Giulio Romano\n\t\t\t\t<\/dd><\/dl><dl class='gallery-item'>\n\t\t\t<dt class='gallery-icon landscape'>\n\t\t\t\t<a href='https:\/\/www.rome-roma.net\/wp-content\/uploads\/2020\/02\/pieta-lorenzetto-santa-maria-dell-anima_1879.jpg'><img width=\"150\" height=\"150\" src=\"https:\/\/www.rome-roma.net\/wp-content\/uploads\/2020\/02\/pieta-lorenzetto-santa-maria-dell-anima_1879-150x150.jpg\" class=\"attachment-thumbnail size-thumbnail\" alt=\"pieta-lorenzetto-santa-maria-dell-anima_1879\" loading=\"lazy\" aria-describedby=\"gallery-1-10710\" srcset=\"https:\/\/www.rome-roma.net\/wp-content\/uploads\/2020\/02\/pieta-lorenzetto-santa-maria-dell-anima_1879-150x150.jpg 150w, https:\/\/www.rome-roma.net\/wp-content\/uploads\/2020\/02\/pieta-lorenzetto-santa-maria-dell-anima_1879-50x50.jpg 50w, https:\/\/www.rome-roma.net\/wp-content\/uploads\/2020\/02\/pieta-lorenzetto-santa-maria-dell-anima_1879-80x80.jpg 80w, https:\/\/www.rome-roma.net\/wp-content\/uploads\/2020\/02\/pieta-lorenzetto-santa-maria-dell-anima_1879-75x75.jpg 75w\" sizes=\"(max-width: 150px) 100vw, 150px\" \/><\/a>\n\t\t\t<\/dt>\n\t\t\t\t<dd class='wp-caption-text gallery-caption' id='gallery-1-10710'>\n\t\t\t\tPiet\u00e0, da Lorenzetto\n\t\t\t\t<\/dd><\/dl><br style=\"clear: both\" \/><dl class='gallery-item'>\n\t\t\t<dt class='gallery-icon portrait'>\n\t\t\t\t<a href='https:\/\/www.rome-roma.net\/wp-content\/uploads\/2020\/02\/edicola-sacra-maria-mater-dei-ora-pro-nobis-santa-maria-dell-anima_1753.jpg'><img width=\"150\" height=\"150\" src=\"https:\/\/www.rome-roma.net\/wp-content\/uploads\/2020\/02\/edicola-sacra-maria-mater-dei-ora-pro-nobis-santa-maria-dell-anima_1753-150x150.jpg\" class=\"attachment-thumbnail size-thumbnail\" alt=\"edicola-sacra-maria-mater-dei-ora-pro-nobis-santa-maria-dell-anima_1753\" loading=\"lazy\" aria-describedby=\"gallery-1-10700\" srcset=\"https:\/\/www.rome-roma.net\/wp-content\/uploads\/2020\/02\/edicola-sacra-maria-mater-dei-ora-pro-nobis-santa-maria-dell-anima_1753-150x150.jpg 150w, https:\/\/www.rome-roma.net\/wp-content\/uploads\/2020\/02\/edicola-sacra-maria-mater-dei-ora-pro-nobis-santa-maria-dell-anima_1753-50x50.jpg 50w, https:\/\/www.rome-roma.net\/wp-content\/uploads\/2020\/02\/edicola-sacra-maria-mater-dei-ora-pro-nobis-santa-maria-dell-anima_1753-80x80.jpg 80w, https:\/\/www.rome-roma.net\/wp-content\/uploads\/2020\/02\/edicola-sacra-maria-mater-dei-ora-pro-nobis-santa-maria-dell-anima_1753-75x75.jpg 75w\" sizes=\"(max-width: 150px) 100vw, 150px\" \/><\/a>\n\t\t\t<\/dt>\n\t\t\t\t<dd class='wp-caption-text gallery-caption' id='gallery-1-10700'>\n\t\t\t\tEdicola sulla facciata lungo il vicolo della Pace\n\t\t\t\t<\/dd><\/dl><dl class='gallery-item'>\n\t\t\t<dt class='gallery-icon portrait'>\n\t\t\t\t<a href='https:\/\/www.rome-roma.net\/wp-content\/uploads\/2020\/02\/cappella-dei-margravi-di-brandeburgo-santa-maria-dell-anima_1881.jpg'><img width=\"150\" height=\"150\" src=\"https:\/\/www.rome-roma.net\/wp-content\/uploads\/2020\/02\/cappella-dei-margravi-di-brandeburgo-santa-maria-dell-anima_1881-150x150.jpg\" class=\"attachment-thumbnail size-thumbnail\" alt=\"cappella-dei-margravi-di-brandeburgo-santa-maria-dell-anima_1881\" loading=\"lazy\" aria-describedby=\"gallery-1-10675\" srcset=\"https:\/\/www.rome-roma.net\/wp-content\/uploads\/2020\/02\/cappella-dei-margravi-di-brandeburgo-santa-maria-dell-anima_1881-150x150.jpg 150w, https:\/\/www.rome-roma.net\/wp-content\/uploads\/2020\/02\/cappella-dei-margravi-di-brandeburgo-santa-maria-dell-anima_1881-50x50.jpg 50w, https:\/\/www.rome-roma.net\/wp-content\/uploads\/2020\/02\/cappella-dei-margravi-di-brandeburgo-santa-maria-dell-anima_1881-80x80.jpg 80w, https:\/\/www.rome-roma.net\/wp-content\/uploads\/2020\/02\/cappella-dei-margravi-di-brandeburgo-santa-maria-dell-anima_1881-75x75.jpg 75w\" sizes=\"(max-width: 150px) 100vw, 150px\" \/><\/a>\n\t\t\t<\/dt>\n\t\t\t\t<dd class='wp-caption-text gallery-caption' id='gallery-1-10675'>\n\t\t\t\tCappella dei Margravi\n\t\t\t\t<\/dd><\/dl><dl class='gallery-item'>\n\t\t\t<dt class='gallery-icon portrait'>\n\t\t\t\t<a href='https:\/\/www.rome-roma.net\/wp-content\/uploads\/2020\/02\/cappella-di-san-giovanni-nepomuceno-ludovico-seitz_1884.jpg'><img width=\"150\" height=\"150\" src=\"https:\/\/www.rome-roma.net\/wp-content\/uploads\/2020\/02\/cappella-di-san-giovanni-nepomuceno-ludovico-seitz_1884-150x150.jpg\" class=\"attachment-thumbnail size-thumbnail\" alt=\"cappella-di-san-giovanni-nepomuceno-ludovico-seitz_1884\" loading=\"lazy\" aria-describedby=\"gallery-1-10680\" srcset=\"https:\/\/www.rome-roma.net\/wp-content\/uploads\/2020\/02\/cappella-di-san-giovanni-nepomuceno-ludovico-seitz_1884-150x150.jpg 150w, https:\/\/www.rome-roma.net\/wp-content\/uploads\/2020\/02\/cappella-di-san-giovanni-nepomuceno-ludovico-seitz_1884-50x50.jpg 50w, https:\/\/www.rome-roma.net\/wp-content\/uploads\/2020\/02\/cappella-di-san-giovanni-nepomuceno-ludovico-seitz_1884-80x80.jpg 80w, https:\/\/www.rome-roma.net\/wp-content\/uploads\/2020\/02\/cappella-di-san-giovanni-nepomuceno-ludovico-seitz_1884-75x75.jpg 75w\" sizes=\"(max-width: 150px) 100vw, 150px\" \/><\/a>\n\t\t\t<\/dt>\n\t\t\t\t<dd class='wp-caption-text gallery-caption' id='gallery-1-10680'>\n\t\t\t\tCappella di San Giovanni Nepomuceno, Ludovico Seitz\n\t\t\t\t<\/dd><\/dl><dl class='gallery-item'>\n\t\t\t<dt class='gallery-icon landscape'>\n\t\t\t\t<a href='https:\/\/www.rome-roma.net\/wp-content\/uploads\/2020\/02\/cappella-di-san-giovanni-nepomuceno-ludovico-seitz_1885.jpg'><img width=\"150\" height=\"150\" src=\"https:\/\/www.rome-roma.net\/wp-content\/uploads\/2020\/02\/cappella-di-san-giovanni-nepomuceno-ludovico-seitz_1885-150x150.jpg\" class=\"attachment-thumbnail size-thumbnail\" alt=\"cappella-di-san-giovanni-nepomuceno-ludovico-seitz_1885\" loading=\"lazy\" srcset=\"https:\/\/www.rome-roma.net\/wp-content\/uploads\/2020\/02\/cappella-di-san-giovanni-nepomuceno-ludovico-seitz_1885-150x150.jpg 150w, https:\/\/www.rome-roma.net\/wp-content\/uploads\/2020\/02\/cappella-di-san-giovanni-nepomuceno-ludovico-seitz_1885-50x50.jpg 50w, https:\/\/www.rome-roma.net\/wp-content\/uploads\/2020\/02\/cappella-di-san-giovanni-nepomuceno-ludovico-seitz_1885-80x80.jpg 80w, https:\/\/www.rome-roma.net\/wp-content\/uploads\/2020\/02\/cappella-di-san-giovanni-nepomuceno-ludovico-seitz_1885-75x75.jpg 75w\" sizes=\"(max-width: 150px) 100vw, 150px\" \/><\/a>\n\t\t\t<\/dt><\/dl><dl class='gallery-item'>\n\t\t\t<dt class='gallery-icon portrait'>\n\t\t\t\t<a href='https:\/\/www.rome-roma.net\/wp-content\/uploads\/2020\/02\/cappella-santa-maria-dell-anima_1876.jpg'><img width=\"150\" height=\"150\" src=\"https:\/\/www.rome-roma.net\/wp-content\/uploads\/2020\/02\/cappella-santa-maria-dell-anima_1876-150x150.jpg\" class=\"attachment-thumbnail size-thumbnail\" alt=\"cappella-cappella-santa-maria-dell-anima_1876santa-maria-dell-anima_1876\" loading=\"lazy\" srcset=\"https:\/\/www.rome-roma.net\/wp-content\/uploads\/2020\/02\/cappella-santa-maria-dell-anima_1876-150x150.jpg 150w, https:\/\/www.rome-roma.net\/wp-content\/uploads\/2020\/02\/cappella-santa-maria-dell-anima_1876-50x50.jpg 50w, https:\/\/www.rome-roma.net\/wp-content\/uploads\/2020\/02\/cappella-santa-maria-dell-anima_1876-80x80.jpg 80w, https:\/\/www.rome-roma.net\/wp-content\/uploads\/2020\/02\/cappella-santa-maria-dell-anima_1876-75x75.jpg 75w\" sizes=\"(max-width: 150px) 100vw, 150px\" \/><\/a>\n\t\t\t<\/dt><\/dl><br style=\"clear: both\" \/><dl class='gallery-item'>\n\t\t\t<dt class='gallery-icon portrait'>\n\t\t\t\t<a href='https:\/\/www.rome-roma.net\/wp-content\/uploads\/2020\/02\/cappella-santa-maria-dell-anima_1882.jpg'><img width=\"150\" height=\"150\" src=\"https:\/\/www.rome-roma.net\/wp-content\/uploads\/2020\/02\/cappella-santa-maria-dell-anima_1882-150x150.jpg\" class=\"attachment-thumbnail size-thumbnail\" alt=\"cappella-santa-maria-dell-anima_1882\" loading=\"lazy\" srcset=\"https:\/\/www.rome-roma.net\/wp-content\/uploads\/2020\/02\/cappella-santa-maria-dell-anima_1882-150x150.jpg 150w, https:\/\/www.rome-roma.net\/wp-content\/uploads\/2020\/02\/cappella-santa-maria-dell-anima_1882-50x50.jpg 50w, https:\/\/www.rome-roma.net\/wp-content\/uploads\/2020\/02\/cappella-santa-maria-dell-anima_1882-80x80.jpg 80w, https:\/\/www.rome-roma.net\/wp-content\/uploads\/2020\/02\/cappella-santa-maria-dell-anima_1882-75x75.jpg 75w\" sizes=\"(max-width: 150px) 100vw, 150px\" \/><\/a>\n\t\t\t<\/dt><\/dl><dl class='gallery-item'>\n\t\t\t<dt class='gallery-icon portrait'>\n\t\t\t\t<a href='https:\/\/www.rome-roma.net\/wp-content\/uploads\/2020\/03\/campanile-santa-maria-dell-anima-3344.jpg'><img width=\"150\" height=\"150\" src=\"https:\/\/www.rome-roma.net\/wp-content\/uploads\/2020\/03\/campanile-santa-maria-dell-anima-3344-150x150.jpg\" class=\"attachment-thumbnail size-thumbnail\" alt=\"campanile-santa-maria-dell-anima_3344\" loading=\"lazy\" aria-describedby=\"gallery-1-28359\" srcset=\"https:\/\/www.rome-roma.net\/wp-content\/uploads\/2020\/03\/campanile-santa-maria-dell-anima-3344-150x150.jpg 150w, https:\/\/www.rome-roma.net\/wp-content\/uploads\/2020\/03\/campanile-santa-maria-dell-anima-3344-50x50.jpg 50w, https:\/\/www.rome-roma.net\/wp-content\/uploads\/2020\/03\/campanile-santa-maria-dell-anima-3344-80x80.jpg 80w, https:\/\/www.rome-roma.net\/wp-content\/uploads\/2020\/03\/campanile-santa-maria-dell-anima-3344-75x75.jpg 75w\" sizes=\"(max-width: 150px) 100vw, 150px\" \/><\/a>\n\t\t\t<\/dt>\n\t\t\t\t<dd class='wp-caption-text gallery-caption' id='gallery-1-28359'>\n\t\t\t\tVista sul Campanile\n\t\t\t\t<\/dd><\/dl>\n\t\t\t<br style='clear: both' \/>\n\t\t<\/div>\n\n<h2>Informazioni<\/h2>\n<table style=\"border-collapse: collapse; width: 100%;\">\n<tbody>\n<tr style=\"background-color: #fae8c3;\">\n<td style=\"width: 100%;\"><span style=\"font-size: 10pt;\"><strong>Chiesa Santa Maria dell&#8217;Anima<\/strong><\/span><br \/><span style=\"font-size: 10pt;\"><em>Via di Santa Maria dell&#8217;Anima, 64, 00186 Roma RM<\/em><\/span><\/td>\n<\/tr>\n<tr style=\"background-color: #f7ece1;\">\n<td style=\"width: 100%;\">\n<p><span style=\"font-size: 10pt;\"><strong>Orari (da confermare)<br \/><\/strong><\/span><\/p>\n<ul>\n<li><span style=\"font-size: 10pt;\">Dalle 9:00 alle 12:45 (eccetto il mercoled\u00ec mattina: chiuso) \/ dalle <\/span><span style=\"font-size: 10pt;\">15:00 alle 19:00<\/span><\/li>\n<\/ul>\n<\/td>\n<\/tr>\n<tr style=\"background-color: #fae8c3;\">\n<td style=\"width: 100%;\">\n<p><span style=\"font-size: 10pt;\"><b>Fonti e link per saperne di pi\u00f9<\/b><\/span><\/p>\n<ul>\n<li><span style=\"font-size: 10pt;\">Sito ufficiale: <a href=\"https:\/\/www.pisma.it\/\" target=\"_blank\" rel=\"noopener\">https:\/\/www.pisma.it\/<\/a><\/span><\/li>\n<li><a href=\"https:\/\/www.turismoroma.it\/it\/luoghi\/chiesa-di-santa-maria-dellanima\" target=\"_blank\" rel=\"noopener\"><span style=\"font-size: 10pt;\">Santa Maria dell&#8217;Anima su turismoroma.it<\/span><\/a><\/li>\n<li><a href=\"https:\/\/it.wikipedia.org\/wiki\/Chiesa_di_Santa_Maria_dell%27Anima\" target=\"_blank\" rel=\"noopener\"><span style=\"font-size: 10pt;\">Santa Maria dell&#8217;Anima su Wikipedia<\/span><\/a><\/li>\n<\/ul>\n<\/td>\n<\/tr>\n<\/tbody>\n<\/table>","protected":false},"excerpt":{"rendered":"<p>Vicino a Piazza Navona, la chiesa di Santa Maria dell\u2019Anima risale al XIV secolo, con un ospizio fondato nel 1350 grazie a una coppia proveniente da Dordrecht nei Paesi Bassi.Adiacente al Collegio Teutonico, \u00e8 una delle chiese nazionali tedesche a Roma.Ospita, tra le altre, le sepolture di papa Adriano VI, ex arcivescovo di Utrecht, e [&hellip;]<\/p>\n","protected":false},"featured_media":10725,"parent":0,"menu_order":0,"comment_status":"open","ping_status":"open","template":"","format":"standard","meta":{"kt_blocks_editor_width":"","_links_to":"","_links_to_target":""},"genre":[270],"interet":[286],"quartier":[322],"categorie_site":[382],"quartier_historique":[452],"etiquettes_site":[],"acf":[],"yoast_head":"<!-- This site is optimized with the Yoast SEO plugin v17.4 - https:\/\/yoast.com\/wordpress\/plugins\/seo\/ -->\n<title>Chiesa di Santa Maria dell&#039;Anima &ndash; Rome-Roma<\/title>\n<meta name=\"description\" content=\"Santa Maria dell&#039;Anima \u00e8 una delle chiese nazionali tedesche a Roma, ricostruita nel XVI secolo, con interni gotici, belle opere conservate\" \/>\n<meta name=\"robots\" content=\"index, follow, max-snippet:-1, max-image-preview:large, max-video-preview:-1\" \/>\n<link rel=\"canonical\" href=\"https:\/\/www.rome-roma.net\/it\/chiesa-di-santa-maria-dell-anima\/\" \/>\n<meta property=\"og:locale\" content=\"it_IT\" \/>\n<meta property=\"og:type\" content=\"article\" \/>\n<meta property=\"og:title\" content=\"Chiesa di Santa Maria dell&#039;Anima &ndash; Rome-Roma\" \/>\n<meta property=\"og:description\" content=\"Santa Maria dell&#039;Anima \u00e8 una delle chiese nazionali tedesche a Roma, ricostruita nel XVI secolo, con interni gotici, belle opere conservate\" \/>\n<meta property=\"og:url\" content=\"https:\/\/www.rome-roma.net\/it\/chiesa-di-santa-maria-dell-anima\/\" \/>\n<meta property=\"og:site_name\" content=\"Rome-Roma\" \/>\n<meta property=\"article:modified_time\" content=\"2025-01-14T20:48:11+00:00\" \/>\n<meta property=\"og:image\" content=\"https:\/\/www.rome-roma.net\/wp-content\/uploads\/2020\/02\/santa-maria-dell-anima_1878.jpg\" \/>\n\t<meta property=\"og:image:width\" content=\"1200\" \/>\n\t<meta property=\"og:image:height\" content=\"800\" \/>\n<meta name=\"twitter:card\" content=\"summary_large_image\" \/>\n<meta name=\"twitter:label1\" content=\"Tempo di lettura stimato\" \/>\n\t<meta name=\"twitter:data1\" content=\"4 minuti\" \/>\n<script type=\"application\/ld+json\" class=\"yoast-schema-graph\">{\"@context\":\"https:\/\/schema.org\",\"@graph\":[{\"@type\":\"Organization\",\"@id\":\"https:\/\/www.rome-roma.net\/it\/#organization\",\"name\":\"Rome-Roma\",\"url\":\"https:\/\/www.rome-roma.net\/it\/\",\"sameAs\":[],\"logo\":{\"@type\":\"ImageObject\",\"@id\":\"https:\/\/www.rome-roma.net\/it\/#logo\",\"inLanguage\":\"it-IT\",\"url\":\"https:\/\/www.rome-roma.net\/wp-content\/uploads\/2025\/07\/logo-rome-roma-420.jpg\",\"contentUrl\":\"https:\/\/www.rome-roma.net\/wp-content\/uploads\/2025\/07\/logo-rome-roma-420.jpg\",\"width\":420,\"height\":420,\"caption\":\"Rome-Roma\"},\"image\":{\"@id\":\"https:\/\/www.rome-roma.net\/it\/#logo\"}},{\"@type\":\"WebSite\",\"@id\":\"https:\/\/www.rome-roma.net\/it\/#website\",\"url\":\"https:\/\/www.rome-roma.net\/it\/\",\"name\":\"Rome-Roma\",\"description\":\"Cultura & Viaggio\",\"publisher\":{\"@id\":\"https:\/\/www.rome-roma.net\/it\/#organization\"},\"potentialAction\":[{\"@type\":\"SearchAction\",\"target\":{\"@type\":\"EntryPoint\",\"urlTemplate\":\"https:\/\/www.rome-roma.net\/it\/?s={search_term_string}\"},\"query-input\":\"required name=search_term_string\"}],\"inLanguage\":\"it-IT\"},{\"@type\":\"ImageObject\",\"@id\":\"https:\/\/www.rome-roma.net\/it\/chiesa-di-santa-maria-dell-anima\/#primaryimage\",\"inLanguage\":\"it-IT\",\"url\":\"https:\/\/www.rome-roma.net\/wp-content\/uploads\/2020\/02\/santa-maria-dell-anima_1878.jpg\",\"contentUrl\":\"https:\/\/www.rome-roma.net\/wp-content\/uploads\/2020\/02\/santa-maria-dell-anima_1878.jpg\",\"width\":1200,\"height\":800,\"caption\":\"santa-maria-dell-anima_1878\"},{\"@type\":\"WebPage\",\"@id\":\"https:\/\/www.rome-roma.net\/it\/chiesa-di-santa-maria-dell-anima\/#webpage\",\"url\":\"https:\/\/www.rome-roma.net\/it\/chiesa-di-santa-maria-dell-anima\/\",\"name\":\"Chiesa di Santa Maria dell'Anima &ndash; Rome-Roma\",\"isPartOf\":{\"@id\":\"https:\/\/www.rome-roma.net\/it\/#website\"},\"primaryImageOfPage\":{\"@id\":\"https:\/\/www.rome-roma.net\/it\/chiesa-di-santa-maria-dell-anima\/#primaryimage\"},\"datePublished\":\"2020-03-03T12:32:21+00:00\",\"dateModified\":\"2025-01-14T20:48:11+00:00\",\"description\":\"Santa Maria dell'Anima \\u00e8 una delle chiese nazionali tedesche a Roma, ricostruita nel XVI secolo, con interni gotici, belle opere conservate\",\"breadcrumb\":{\"@id\":\"https:\/\/www.rome-roma.net\/it\/chiesa-di-santa-maria-dell-anima\/#breadcrumb\"},\"inLanguage\":\"it-IT\",\"potentialAction\":[{\"@type\":\"ReadAction\",\"target\":[\"https:\/\/www.rome-roma.net\/it\/chiesa-di-santa-maria-dell-anima\/\"]}]},{\"@type\":\"BreadcrumbList\",\"@id\":\"https:\/\/www.rome-roma.net\/it\/chiesa-di-santa-maria-dell-anima\/#breadcrumb\",\"itemListElement\":[{\"@type\":\"ListItem\",\"position\":1,\"name\":\"Accueil\",\"item\":\"https:\/\/www.rome-roma.net\/it\/\"},{\"@type\":\"ListItem\",\"position\":2,\"name\":\"Chiesa di Santa Maria dell&#8217;Anima\"}]}]}<\/script>\n<!-- \/ Yoast SEO plugin. -->","yoast_head_json":{"title":"Chiesa di Santa Maria dell'Anima &ndash; Rome-Roma","description":"Santa Maria dell'Anima \u00e8 una delle chiese nazionali tedesche a Roma, ricostruita nel XVI secolo, con interni gotici, belle opere conservate","robots":{"index":"index","follow":"follow","max-snippet":"max-snippet:-1","max-image-preview":"max-image-preview:large","max-video-preview":"max-video-preview:-1"},"canonical":"https:\/\/www.rome-roma.net\/it\/chiesa-di-santa-maria-dell-anima\/","og_locale":"it_IT","og_type":"article","og_title":"Chiesa di Santa Maria dell'Anima &ndash; Rome-Roma","og_description":"Santa Maria dell'Anima \u00e8 una delle chiese nazionali tedesche a Roma, ricostruita nel XVI secolo, con interni gotici, belle opere conservate","og_url":"https:\/\/www.rome-roma.net\/it\/chiesa-di-santa-maria-dell-anima\/","og_site_name":"Rome-Roma","article_modified_time":"2025-01-14T20:48:11+00:00","og_image":[{"width":1200,"height":800,"url":"https:\/\/www.rome-roma.net\/wp-content\/uploads\/2020\/02\/santa-maria-dell-anima_1878.jpg","type":"image\/jpeg"}],"twitter_card":"summary_large_image","twitter_misc":{"Tempo di lettura stimato":"4 minuti"},"schema":{"@context":"https:\/\/schema.org","@graph":[{"@type":"Organization","@id":"https:\/\/www.rome-roma.net\/it\/#organization","name":"Rome-Roma","url":"https:\/\/www.rome-roma.net\/it\/","sameAs":[],"logo":{"@type":"ImageObject","@id":"https:\/\/www.rome-roma.net\/it\/#logo","inLanguage":"it-IT","url":"https:\/\/www.rome-roma.net\/wp-content\/uploads\/2025\/07\/logo-rome-roma-420.jpg","contentUrl":"https:\/\/www.rome-roma.net\/wp-content\/uploads\/2025\/07\/logo-rome-roma-420.jpg","width":420,"height":420,"caption":"Rome-Roma"},"image":{"@id":"https:\/\/www.rome-roma.net\/it\/#logo"}},{"@type":"WebSite","@id":"https:\/\/www.rome-roma.net\/it\/#website","url":"https:\/\/www.rome-roma.net\/it\/","name":"Rome-Roma","description":"Cultura & Viaggio","publisher":{"@id":"https:\/\/www.rome-roma.net\/it\/#organization"},"potentialAction":[{"@type":"SearchAction","target":{"@type":"EntryPoint","urlTemplate":"https:\/\/www.rome-roma.net\/it\/?s={search_term_string}"},"query-input":"required name=search_term_string"}],"inLanguage":"it-IT"},{"@type":"ImageObject","@id":"https:\/\/www.rome-roma.net\/it\/chiesa-di-santa-maria-dell-anima\/#primaryimage","inLanguage":"it-IT","url":"https:\/\/www.rome-roma.net\/wp-content\/uploads\/2020\/02\/santa-maria-dell-anima_1878.jpg","contentUrl":"https:\/\/www.rome-roma.net\/wp-content\/uploads\/2020\/02\/santa-maria-dell-anima_1878.jpg","width":1200,"height":800,"caption":"santa-maria-dell-anima_1878"},{"@type":"WebPage","@id":"https:\/\/www.rome-roma.net\/it\/chiesa-di-santa-maria-dell-anima\/#webpage","url":"https:\/\/www.rome-roma.net\/it\/chiesa-di-santa-maria-dell-anima\/","name":"Chiesa di Santa Maria dell'Anima &ndash; Rome-Roma","isPartOf":{"@id":"https:\/\/www.rome-roma.net\/it\/#website"},"primaryImageOfPage":{"@id":"https:\/\/www.rome-roma.net\/it\/chiesa-di-santa-maria-dell-anima\/#primaryimage"},"datePublished":"2020-03-03T12:32:21+00:00","dateModified":"2025-01-14T20:48:11+00:00","description":"Santa Maria dell'Anima \u00e8 una delle chiese nazionali tedesche a Roma, ricostruita nel XVI secolo, con interni gotici, belle opere conservate","breadcrumb":{"@id":"https:\/\/www.rome-roma.net\/it\/chiesa-di-santa-maria-dell-anima\/#breadcrumb"},"inLanguage":"it-IT","potentialAction":[{"@type":"ReadAction","target":["https:\/\/www.rome-roma.net\/it\/chiesa-di-santa-maria-dell-anima\/"]}]},{"@type":"BreadcrumbList","@id":"https:\/\/www.rome-roma.net\/it\/chiesa-di-santa-maria-dell-anima\/#breadcrumb","itemListElement":[{"@type":"ListItem","position":1,"name":"Accueil","item":"https:\/\/www.rome-roma.net\/it\/"},{"@type":"ListItem","position":2,"name":"Chiesa di Santa Maria dell&#8217;Anima"}]}]}},"acf_fields":{"nom_monument":null,"wikidata":"Q2140145","sameas":null},"_links":{"self":[{"href":"https:\/\/www.rome-roma.net\/it\/wp-json\/wp\/v2\/site\/31372"}],"collection":[{"href":"https:\/\/www.rome-roma.net\/it\/wp-json\/wp\/v2\/site"}],"about":[{"href":"https:\/\/www.rome-roma.net\/it\/wp-json\/wp\/v2\/types\/site"}],"replies":[{"embeddable":true,"href":"https:\/\/www.rome-roma.net\/it\/wp-json\/wp\/v2\/comments?post=31372"}],"wp:featuredmedia":[{"embeddable":true,"href":"https:\/\/www.rome-roma.net\/it\/wp-json\/wp\/v2\/media\/10725"}],"wp:attachment":[{"href":"https:\/\/www.rome-roma.net\/it\/wp-json\/wp\/v2\/media?parent=31372"}],"wp:term":[{"taxonomy":"genre","embeddable":true,"href":"https:\/\/www.rome-roma.net\/it\/wp-json\/wp\/v2\/genre?post=31372"},{"taxonomy":"interet","embeddable":true,"href":"https:\/\/www.rome-roma.net\/it\/wp-json\/wp\/v2\/interet?post=31372"},{"taxonomy":"quartier","embeddable":true,"href":"https:\/\/www.rome-roma.net\/it\/wp-json\/wp\/v2\/quartier?post=31372"},{"taxonomy":"categorie_site","embeddable":true,"href":"https:\/\/www.rome-roma.net\/it\/wp-json\/wp\/v2\/categorie_site?post=31372"},{"taxonomy":"quartier_historique","embeddable":true,"href":"https:\/\/www.rome-roma.net\/it\/wp-json\/wp\/v2\/quartier_historique?post=31372"},{"taxonomy":"etiquettes_site","embeddable":true,"href":"https:\/\/www.rome-roma.net\/it\/wp-json\/wp\/v2\/etiquettes_site?post=31372"}],"curies":[{"name":"wp","href":"https:\/\/api.w.org\/{rel}","templated":true}]}}