


{"id":31395,"date":"2020-03-02T20:17:00","date_gmt":"2020-03-02T19:17:00","guid":{"rendered":"https:\/\/www.rome-roma.net\/site\/cimetiere-militaire-francais\/"},"modified":"2025-01-15T16:43:34","modified_gmt":"2025-01-15T15:43:34","slug":"cimitero-militare-francese-a-monte-mario","status":"publish","type":"site","link":"https:\/\/www.rome-roma.net\/it\/cimitero-militare-francese-a-monte-mario\/","title":{"rendered":"Cimitero militare francese a Monte Mario"},"content":{"rendered":"\n<p><a href=\"https:\/\/www.rome-roma.net\/wp-content\/uploads\/2020\/03\/cimitero-militare-francese-roma_9269.jpg\"><img loading=\"lazy\" class=\"alignright wp-image-15676\" src=\"https:\/\/www.rome-roma.net\/wp-content\/uploads\/2020\/03\/cimitero-militare-francese-roma_9269-1024x683.jpg\" alt=\"cimitero-militare-francese-roma_9269\" width=\"300\" height=\"200\" srcset=\"https:\/\/www.rome-roma.net\/wp-content\/uploads\/2020\/03\/cimitero-militare-francese-roma_9269-1024x683.jpg 1024w, https:\/\/www.rome-roma.net\/wp-content\/uploads\/2020\/03\/cimitero-militare-francese-roma_9269-300x200.jpg 300w, https:\/\/www.rome-roma.net\/wp-content\/uploads\/2020\/03\/cimitero-militare-francese-roma_9269-768x512.jpg 768w, https:\/\/www.rome-roma.net\/wp-content\/uploads\/2020\/03\/cimitero-militare-francese-roma_9269.jpg 1200w\" sizes=\"(max-width: 300px) 100vw, 300px\" \/><\/a>A nord della Riserva Naturale del <a href=\"https:\/\/www.rome-roma.net\/it\/monte-mario-e-parco\/\">Monte Mario<\/a>, una viuzza che attraversa boschi e macchie e sembra non portare da nessuna parte conduce a un vicolo cieco chiuso dal cancello del <strong>Cimitero Militare Francese<\/strong>.<br \/>Questo luogo \u00e8 stato costruito e inaugurato dal governo italiano dopo la Seconda Guerra Mondiale.<\/p>\n<p><strong>Papa Francesco<\/strong> vi ha celebrato la messa per i defunti il 2 novembre 2021 (<a href=\"https:\/\/www.vatican.va\/content\/francesco\/it\/homilies\/2021\/documents\/20211102-omelia-defunti.html\" target=\"_blank\" rel=\"noopener\">link all\u2019omelia<\/a>), onorando la memoria dei soldati caduti durante la Seconda Guerra Mondiale.<\/p>\n<h2>Un luogo di riposo su una collina romana<\/h2>\n<p>Questo sito tranquillo, situato in cima a uno sperone favorevolmente esposto alle brezze estive, offre grande serenit\u00e0 e una vista sulla parte settentrionale di Roma. In parte \u00e8 un vasto giardino ombreggiato da pini, molto ben curato.<br \/>\u00c8 uno di quei luoghi dove il silenzio pu\u00f2 dire molto, se si sa ascoltare.<\/p>\n<h2>Il corpo di spedizione del generale Juin<\/h2>\n<p>Qui riposano i corpi dei soldati francesi del corpo di spedizione del generale <strong>Alphonse Juin<\/strong> (CEFI), morti tra Roma e Siena durante la Campagna d\u2019Italia della Seconda Guerra Mondiale, nel 1943 e nel 1944, combattendo contro le forze tedesche del Terzo Reich. Circa il 60% dei soldati di questo corpo proveniva dall\u2019esercito coloniale francese, inclusi tiratori algerini, tunisini, senegalesi e <em>goumiers<\/em> marocchini, questi ultimi particolarmente efficaci in terreni difficili.<br \/>Questo reggimento riusc\u00ec in particolare a sfondare la linea Gustav durante la <strong>battaglia del Garigliano<\/strong> nel maggio 1944 (vicino a Montecassino).<br \/>Dopo la <strong>presa di Siena<\/strong> nel luglio 1944, il corpo si un\u00ec all\u2019esercito di De Lattre de Tassigny per sbarcare in Provenza nell\u2019agosto 1944.<\/p>\n<p>Dei 110.000 soldati impegnati, circa 6.500 persero la vita durante la campagna.<br \/>Ci sono 1.710 stele, di cui 1.142 incise con la mezzaluna musulmana. Molte stele sono anche anonime, ma tutte portano l\u2019iscrizione \u201cMorto per la Francia\u201d. Quasi il 70% di questi soldati erano musulmani. I nomi dei caduti sono anche raccolti in un\u2019urna di bronzo situata in un vestibolo circolare all\u2019ingresso.<\/p>\n<p>\u00c8 un\u2019occasione per riflettere sul posto degli uomini e sui loro legami, sulle idee preconcette e sulle credenze facili, comprendendo ci\u00f2 che unisce gli uomini al di l\u00e0 di ogni fanatismo.<\/p>\n\n\t\t<style type=\"text\/css\">\n\t\t\t#gallery-1 {\n\t\t\t\tmargin: auto;\n\t\t\t}\n\t\t\t#gallery-1 .gallery-item {\n\t\t\t\tfloat: left;\n\t\t\t\tmargin-top: 10px;\n\t\t\t\ttext-align: center;\n\t\t\t\twidth: 20%;\n\t\t\t}\n\t\t\t#gallery-1 img {\n\t\t\t\tborder: 2px solid #cfcfcf;\n\t\t\t}\n\t\t\t#gallery-1 .gallery-caption {\n\t\t\t\tmargin-left: 0;\n\t\t\t}\n\t\t\t\/* see gallery_shortcode() in wp-includes\/media.php *\/\n\t\t<\/style>\n\t\t<div id='gallery-1' class='gallery galleryid-31395 gallery-columns-5 gallery-size-thumbnail'><dl class='gallery-item'>\n\t\t\t<dt class='gallery-icon landscape'>\n\t\t\t\t<a href='https:\/\/www.rome-roma.net\/wp-content\/uploads\/2020\/03\/cimitero-militare-francese-roma_9267.jpg'><img width=\"150\" height=\"150\" src=\"https:\/\/www.rome-roma.net\/wp-content\/uploads\/2020\/03\/cimitero-militare-francese-roma_9267-150x150.jpg\" class=\"attachment-thumbnail size-thumbnail\" alt=\"cimitero-militare-francese-roma_9267\" loading=\"lazy\" srcset=\"https:\/\/www.rome-roma.net\/wp-content\/uploads\/2020\/03\/cimitero-militare-francese-roma_9267-150x150.jpg 150w, https:\/\/www.rome-roma.net\/wp-content\/uploads\/2020\/03\/cimitero-militare-francese-roma_9267-50x50.jpg 50w, https:\/\/www.rome-roma.net\/wp-content\/uploads\/2020\/03\/cimitero-militare-francese-roma_9267-80x80.jpg 80w, https:\/\/www.rome-roma.net\/wp-content\/uploads\/2020\/03\/cimitero-militare-francese-roma_9267-75x75.jpg 75w\" sizes=\"(max-width: 150px) 100vw, 150px\" \/><\/a>\n\t\t\t<\/dt><\/dl><dl class='gallery-item'>\n\t\t\t<dt class='gallery-icon landscape'>\n\t\t\t\t<a href='https:\/\/www.rome-roma.net\/wp-content\/uploads\/2020\/03\/cimetiere-militaire-francais-rome_9255.jpg'><img width=\"150\" height=\"150\" src=\"https:\/\/www.rome-roma.net\/wp-content\/uploads\/2020\/03\/cimetiere-militaire-francais-rome_9255-150x150.jpg\" class=\"attachment-thumbnail size-thumbnail\" alt=\"cimetiere-militaire-francais-rome_9255\" loading=\"lazy\" srcset=\"https:\/\/www.rome-roma.net\/wp-content\/uploads\/2020\/03\/cimetiere-militaire-francais-rome_9255-150x150.jpg 150w, https:\/\/www.rome-roma.net\/wp-content\/uploads\/2020\/03\/cimetiere-militaire-francais-rome_9255-50x50.jpg 50w, https:\/\/www.rome-roma.net\/wp-content\/uploads\/2020\/03\/cimetiere-militaire-francais-rome_9255-80x80.jpg 80w, https:\/\/www.rome-roma.net\/wp-content\/uploads\/2020\/03\/cimetiere-militaire-francais-rome_9255-75x75.jpg 75w\" sizes=\"(max-width: 150px) 100vw, 150px\" \/><\/a>\n\t\t\t<\/dt><\/dl><dl class='gallery-item'>\n\t\t\t<dt class='gallery-icon landscape'>\n\t\t\t\t<a href='https:\/\/www.rome-roma.net\/wp-content\/uploads\/2020\/03\/cimetiere-militaire-francais-rome_9256.jpg'><img width=\"150\" height=\"150\" src=\"https:\/\/www.rome-roma.net\/wp-content\/uploads\/2020\/03\/cimetiere-militaire-francais-rome_9256-150x150.jpg\" class=\"attachment-thumbnail size-thumbnail\" alt=\"cimetiere-militaire-francais-rome_9256\" loading=\"lazy\" srcset=\"https:\/\/www.rome-roma.net\/wp-content\/uploads\/2020\/03\/cimetiere-militaire-francais-rome_9256-150x150.jpg 150w, https:\/\/www.rome-roma.net\/wp-content\/uploads\/2020\/03\/cimetiere-militaire-francais-rome_9256-50x50.jpg 50w, https:\/\/www.rome-roma.net\/wp-content\/uploads\/2020\/03\/cimetiere-militaire-francais-rome_9256-80x80.jpg 80w, https:\/\/www.rome-roma.net\/wp-content\/uploads\/2020\/03\/cimetiere-militaire-francais-rome_9256-75x75.jpg 75w\" sizes=\"(max-width: 150px) 100vw, 150px\" \/><\/a>\n\t\t\t<\/dt><\/dl><dl class='gallery-item'>\n\t\t\t<dt class='gallery-icon landscape'>\n\t\t\t\t<a href='https:\/\/www.rome-roma.net\/wp-content\/uploads\/2020\/03\/cimetiere-militaire-francais-rome_9259.jpg'><img width=\"150\" height=\"150\" src=\"https:\/\/www.rome-roma.net\/wp-content\/uploads\/2020\/03\/cimetiere-militaire-francais-rome_9259-150x150.jpg\" class=\"attachment-thumbnail size-thumbnail\" alt=\"cimetiere-militaire-francais-rome_9259\" loading=\"lazy\" srcset=\"https:\/\/www.rome-roma.net\/wp-content\/uploads\/2020\/03\/cimetiere-militaire-francais-rome_9259-150x150.jpg 150w, https:\/\/www.rome-roma.net\/wp-content\/uploads\/2020\/03\/cimetiere-militaire-francais-rome_9259-50x50.jpg 50w, https:\/\/www.rome-roma.net\/wp-content\/uploads\/2020\/03\/cimetiere-militaire-francais-rome_9259-80x80.jpg 80w, https:\/\/www.rome-roma.net\/wp-content\/uploads\/2020\/03\/cimetiere-militaire-francais-rome_9259-75x75.jpg 75w\" sizes=\"(max-width: 150px) 100vw, 150px\" \/><\/a>\n\t\t\t<\/dt><\/dl><dl class='gallery-item'>\n\t\t\t<dt class='gallery-icon landscape'>\n\t\t\t\t<a href='https:\/\/www.rome-roma.net\/wp-content\/uploads\/2020\/03\/cimitero-militare-francese-roma_9274.jpg'><img width=\"150\" height=\"150\" src=\"https:\/\/www.rome-roma.net\/wp-content\/uploads\/2020\/03\/cimitero-militare-francese-roma_9274-150x150.jpg\" class=\"attachment-thumbnail size-thumbnail\" alt=\"cimitero-militare-francese-roma_9274\" loading=\"lazy\" srcset=\"https:\/\/www.rome-roma.net\/wp-content\/uploads\/2020\/03\/cimitero-militare-francese-roma_9274-150x150.jpg 150w, https:\/\/www.rome-roma.net\/wp-content\/uploads\/2020\/03\/cimitero-militare-francese-roma_9274-50x50.jpg 50w, https:\/\/www.rome-roma.net\/wp-content\/uploads\/2020\/03\/cimitero-militare-francese-roma_9274-80x80.jpg 80w, https:\/\/www.rome-roma.net\/wp-content\/uploads\/2020\/03\/cimitero-militare-francese-roma_9274-75x75.jpg 75w\" sizes=\"(max-width: 150px) 100vw, 150px\" \/><\/a>\n\t\t\t<\/dt><\/dl><br style=\"clear: both\" \/><dl class='gallery-item'>\n\t\t\t<dt class='gallery-icon landscape'>\n\t\t\t\t<a href='https:\/\/www.rome-roma.net\/wp-content\/uploads\/2020\/03\/cimetiere-militaire-francais-rome_9260.jpg'><img width=\"150\" height=\"150\" src=\"https:\/\/www.rome-roma.net\/wp-content\/uploads\/2020\/03\/cimetiere-militaire-francais-rome_9260-150x150.jpg\" class=\"attachment-thumbnail size-thumbnail\" alt=\"cimetiere-militaire-francais-rome_9260\" loading=\"lazy\" srcset=\"https:\/\/www.rome-roma.net\/wp-content\/uploads\/2020\/03\/cimetiere-militaire-francais-rome_9260-150x150.jpg 150w, https:\/\/www.rome-roma.net\/wp-content\/uploads\/2020\/03\/cimetiere-militaire-francais-rome_9260-50x50.jpg 50w, https:\/\/www.rome-roma.net\/wp-content\/uploads\/2020\/03\/cimetiere-militaire-francais-rome_9260-80x80.jpg 80w, https:\/\/www.rome-roma.net\/wp-content\/uploads\/2020\/03\/cimetiere-militaire-francais-rome_9260-75x75.jpg 75w\" sizes=\"(max-width: 150px) 100vw, 150px\" \/><\/a>\n\t\t\t<\/dt><\/dl><dl class='gallery-item'>\n\t\t\t<dt class='gallery-icon landscape'>\n\t\t\t\t<a href='https:\/\/www.rome-roma.net\/wp-content\/uploads\/2020\/03\/cimitero-militare-francese-roma_9264.jpg'><img width=\"150\" height=\"150\" src=\"https:\/\/www.rome-roma.net\/wp-content\/uploads\/2020\/03\/cimitero-militare-francese-roma_9264-150x150.jpg\" class=\"attachment-thumbnail size-thumbnail\" alt=\"cimitero-militare-francese-roma_9264\" loading=\"lazy\" srcset=\"https:\/\/www.rome-roma.net\/wp-content\/uploads\/2020\/03\/cimitero-militare-francese-roma_9264-150x150.jpg 150w, https:\/\/www.rome-roma.net\/wp-content\/uploads\/2020\/03\/cimitero-militare-francese-roma_9264-50x50.jpg 50w, https:\/\/www.rome-roma.net\/wp-content\/uploads\/2020\/03\/cimitero-militare-francese-roma_9264-80x80.jpg 80w, https:\/\/www.rome-roma.net\/wp-content\/uploads\/2020\/03\/cimitero-militare-francese-roma_9264-75x75.jpg 75w\" sizes=\"(max-width: 150px) 100vw, 150px\" \/><\/a>\n\t\t\t<\/dt><\/dl><dl class='gallery-item'>\n\t\t\t<dt class='gallery-icon landscape'>\n\t\t\t\t<a href='https:\/\/www.rome-roma.net\/wp-content\/uploads\/2020\/03\/cimetiere-militaire-francais-rome_9262.jpg'><img width=\"150\" height=\"150\" src=\"https:\/\/www.rome-roma.net\/wp-content\/uploads\/2020\/03\/cimetiere-militaire-francais-rome_9262-150x150.jpg\" class=\"attachment-thumbnail size-thumbnail\" alt=\"cimetiere-militaire-francais-rome_9262\" loading=\"lazy\" srcset=\"https:\/\/www.rome-roma.net\/wp-content\/uploads\/2020\/03\/cimetiere-militaire-francais-rome_9262-150x150.jpg 150w, https:\/\/www.rome-roma.net\/wp-content\/uploads\/2020\/03\/cimetiere-militaire-francais-rome_9262-50x50.jpg 50w, https:\/\/www.rome-roma.net\/wp-content\/uploads\/2020\/03\/cimetiere-militaire-francais-rome_9262-80x80.jpg 80w, https:\/\/www.rome-roma.net\/wp-content\/uploads\/2020\/03\/cimetiere-militaire-francais-rome_9262-75x75.jpg 75w\" sizes=\"(max-width: 150px) 100vw, 150px\" \/><\/a>\n\t\t\t<\/dt><\/dl><dl class='gallery-item'>\n\t\t\t<dt class='gallery-icon landscape'>\n\t\t\t\t<a href='https:\/\/www.rome-roma.net\/wp-content\/uploads\/2020\/03\/cimitero-militare-francese-roma_9269.jpg'><img width=\"150\" height=\"150\" src=\"https:\/\/www.rome-roma.net\/wp-content\/uploads\/2020\/03\/cimitero-militare-francese-roma_9269-150x150.jpg\" class=\"attachment-thumbnail size-thumbnail\" alt=\"cimitero-militare-francese-roma_9269\" loading=\"lazy\" srcset=\"https:\/\/www.rome-roma.net\/wp-content\/uploads\/2020\/03\/cimitero-militare-francese-roma_9269-150x150.jpg 150w, https:\/\/www.rome-roma.net\/wp-content\/uploads\/2020\/03\/cimitero-militare-francese-roma_9269-50x50.jpg 50w, https:\/\/www.rome-roma.net\/wp-content\/uploads\/2020\/03\/cimitero-militare-francese-roma_9269-80x80.jpg 80w, https:\/\/www.rome-roma.net\/wp-content\/uploads\/2020\/03\/cimitero-militare-francese-roma_9269-75x75.jpg 75w\" sizes=\"(max-width: 150px) 100vw, 150px\" \/><\/a>\n\t\t\t<\/dt><\/dl><dl class='gallery-item'>\n\t\t\t<dt class='gallery-icon landscape'>\n\t\t\t\t<a href='https:\/\/www.rome-roma.net\/wp-content\/uploads\/2020\/03\/cimitero-militare-francese-roma_9270.jpg'><img width=\"150\" height=\"150\" src=\"https:\/\/www.rome-roma.net\/wp-content\/uploads\/2020\/03\/cimitero-militare-francese-roma_9270-150x150.jpg\" class=\"attachment-thumbnail size-thumbnail\" alt=\"cimitero-militare-francese-roma_9270\" loading=\"lazy\" srcset=\"https:\/\/www.rome-roma.net\/wp-content\/uploads\/2020\/03\/cimitero-militare-francese-roma_9270-150x150.jpg 150w, https:\/\/www.rome-roma.net\/wp-content\/uploads\/2020\/03\/cimitero-militare-francese-roma_9270-50x50.jpg 50w, https:\/\/www.rome-roma.net\/wp-content\/uploads\/2020\/03\/cimitero-militare-francese-roma_9270-80x80.jpg 80w, https:\/\/www.rome-roma.net\/wp-content\/uploads\/2020\/03\/cimitero-militare-francese-roma_9270-75x75.jpg 75w\" sizes=\"(max-width: 150px) 100vw, 150px\" \/><\/a>\n\t\t\t<\/dt><\/dl><br style=\"clear: both\" \/><dl class='gallery-item'>\n\t\t\t<dt class='gallery-icon landscape'>\n\t\t\t\t<a href='https:\/\/www.rome-roma.net\/wp-content\/uploads\/2020\/03\/cimitero-militare-francese-roma_9271.jpg'><img width=\"150\" height=\"150\" src=\"https:\/\/www.rome-roma.net\/wp-content\/uploads\/2020\/03\/cimitero-militare-francese-roma_9271-150x150.jpg\" class=\"attachment-thumbnail size-thumbnail\" alt=\"cimitero-militare-francese-roma_9271\" loading=\"lazy\" srcset=\"https:\/\/www.rome-roma.net\/wp-content\/uploads\/2020\/03\/cimitero-militare-francese-roma_9271-150x150.jpg 150w, https:\/\/www.rome-roma.net\/wp-content\/uploads\/2020\/03\/cimitero-militare-francese-roma_9271-50x50.jpg 50w, https:\/\/www.rome-roma.net\/wp-content\/uploads\/2020\/03\/cimitero-militare-francese-roma_9271-80x80.jpg 80w, https:\/\/www.rome-roma.net\/wp-content\/uploads\/2020\/03\/cimitero-militare-francese-roma_9271-75x75.jpg 75w\" sizes=\"(max-width: 150px) 100vw, 150px\" \/><\/a>\n\t\t\t<\/dt><\/dl>\n\t\t\t<br style='clear: both' \/>\n\t\t<\/div>\n\n<h2>Cartina ed indirizzo<\/h2>\r\n\t\t<b>Indirizzo : <\/b>Via Casali di Santo Spirito, 70, 00135 Roma RM<div id=\"travelersmap-container-69f330b0b1063\" class=\"travelersmap-container\" style=\"z-index: 1; min-height: 10px; min-width:10px; height:400px;width:100%; max-width:; max-height:; position:relative;\"><div style=\"position:absolute; z-index:-1;top: 50%;text-align: center;display: block;left: 50%;transform: translate(-50%,-50%);\">Travelers' Map is loading... <br> If you see this after your page is loaded completely, leafletJS files are missing.<\/div><\/div><i>Clicca sulla freccia per localizzarti sulla mappa<\/i>\n<h2>Informazioni<\/h2>\n<table style=\"border-collapse: collapse; width: 100%;\">\n<tbody>\n<tr style=\"background-color: #fae8c3;\">\n<td style=\"width: 100%;\"><span style=\"font-size: 10pt;\"><strong>Cimitero Militare Francese<\/strong><\/span><br \/><span style=\"font-size: 10pt;\"><em>Vicolo Casali di Santo Spirito, 70, 00135 Roma<br \/>Tel. (00 39) 06 3291769\u00a0<br \/><\/em><\/span><\/td>\n<\/tr>\n<tr style=\"background-color: #f7ece1;\">\n<td style=\"width: 100%;\">\n<p><span style=\"font-size: 10pt;\"><strong>Orari di apertura<\/strong> (da confermare, soggetti a modifiche)<\/span><\/p>\n<ul>\n<li><span style=\"font-size: 10pt;\">marted\u00ec, mercoled\u00ec, gioved\u00ec e venerd\u00ec: 08:30\u201313:00, 13:30\u201316:30<\/span><\/li>\n<li><span style=\"font-size: 10pt;\">venerd\u00ec: 08:30\u201313:00, 13:30\u201316:30<\/span><\/li>\n<li><span style=\"font-size: 10pt;\">sabato: 09:00\u201313:00, 13:30\u201317:00<\/span><\/li>\n<li><span style=\"font-size: 10pt;\">domenica e luned\u00ec: chiuso<br \/><\/span><\/li>\n<\/ul>\n<\/td>\n<\/tr>\n<tr style=\"background-color: #fae8c3;\">\n<td style=\"width: 100%;\">\n<p><strong><span style=\"font-size: 10pt;\">Fonti e ulteriori informazioni<\/span><\/strong><\/p>\n<ul>\n<li><span style=\"font-size: 10pt;\">Sito del Comune di Roma <a href=\"https:\/\/www.turismoroma.it\/it\/luoghi\/cimitero-militare-francese-monte-mario\" target=\"_blank\" rel=\"noopener\">turismoroma.it<\/a><br \/><\/span><\/li>\n<li><span style=\"font-size: 10pt;\">Omelia di Papa Francesco del 2 novembre 2021: <a href=\"https:\/\/www.vatican.va\/content\/francesco\/it\/homilies\/2021\/documents\/20211102-omelia-defunti.html\" target=\"_blank\" rel=\"noopener\">www.vatican.va<\/a><\/span><\/li>\n<li><span style=\"font-size: 10pt;\">Altri articoli: <a href=\"https:\/\/www.vaticannews.va\/it\/papa\/news\/2021-10\/cimitero-militare-francese-roma.html\" target=\"_blank\" rel=\"noopener\">www.vaticannews.va<\/a>, <a href=\"https:\/\/www.lavie.fr\/christianisme\/eglise\/au-cimetiere-militaire-francais-de-rome-lheroisme-terni-par-des-crimes-de-guerre-78775.php\" target=\"_blank\" rel=\"noopener\">www.lavie.fr<\/a><\/span><\/li>\n<\/ul>\n<\/td>\n<\/tr>\n<\/tbody>\n<\/table>\n","protected":false},"excerpt":{"rendered":"<p>A nord della Riserva Naturale del Monte Mario, una viuzza che attraversa boschi e macchie e sembra non portare da nessuna parte conduce a un vicolo cieco chiuso dal cancello del Cimitero Militare Francese.Questo luogo \u00e8 stato costruito e inaugurato dal governo italiano dopo la Seconda Guerra Mondiale. Papa Francesco vi ha celebrato la messa [&hellip;]<\/p>\n","protected":false},"featured_media":15664,"parent":0,"menu_order":0,"comment_status":"open","ping_status":"open","template":"","format":"standard","meta":{"kt_blocks_editor_width":"","_links_to":"","_links_to_target":""},"genre":[281],"interet":[286],"quartier":[338],"categorie_site":[423],"quartier_historique":[],"etiquettes_site":[],"acf":[],"yoast_head":"<!-- This site is optimized with the Yoast SEO plugin v17.4 - https:\/\/yoast.com\/wordpress\/plugins\/seo\/ -->\n<title>Cimitero militare francese a Monte Mario &ndash; Rome-Roma<\/title>\n<meta name=\"description\" content=\"Su una collina a nord di Monte Mario a Roma, il cimitero militare francese gode di una posizione privilegiata con una bella vista dove riposano i soldati francesi\" \/>\n<meta name=\"robots\" content=\"index, follow, max-snippet:-1, max-image-preview:large, max-video-preview:-1\" \/>\n<link rel=\"canonical\" href=\"https:\/\/www.rome-roma.net\/it\/cimitero-militare-francese-a-monte-mario\/\" \/>\n<meta property=\"og:locale\" content=\"it_IT\" \/>\n<meta property=\"og:type\" content=\"article\" \/>\n<meta property=\"og:title\" content=\"Cimitero militare francese a Monte Mario &ndash; Rome-Roma\" \/>\n<meta property=\"og:description\" content=\"Su una collina a nord di Monte Mario a Roma, il cimitero militare francese gode di una posizione privilegiata con una bella vista dove riposano i soldati francesi\" \/>\n<meta property=\"og:url\" content=\"https:\/\/www.rome-roma.net\/it\/cimitero-militare-francese-a-monte-mario\/\" \/>\n<meta property=\"og:site_name\" content=\"Rome-Roma\" \/>\n<meta property=\"article:modified_time\" content=\"2025-01-15T15:43:34+00:00\" \/>\n<meta property=\"og:image\" content=\"https:\/\/www.rome-roma.net\/wp-content\/uploads\/2020\/03\/cimetiere-militaire-francais-rome_9262.jpg\" \/>\n\t<meta property=\"og:image:width\" content=\"1200\" \/>\n\t<meta property=\"og:image:height\" content=\"800\" \/>\n<meta name=\"twitter:card\" content=\"summary_large_image\" \/>\n<meta name=\"twitter:label1\" content=\"Tempo di lettura stimato\" \/>\n\t<meta name=\"twitter:data1\" content=\"3 minuti\" \/>\n<script type=\"application\/ld+json\" class=\"yoast-schema-graph\">{\"@context\":\"https:\/\/schema.org\",\"@graph\":[{\"@type\":\"Organization\",\"@id\":\"https:\/\/www.rome-roma.net\/it\/#organization\",\"name\":\"Rome-Roma\",\"url\":\"https:\/\/www.rome-roma.net\/it\/\",\"sameAs\":[],\"logo\":{\"@type\":\"ImageObject\",\"@id\":\"https:\/\/www.rome-roma.net\/it\/#logo\",\"inLanguage\":\"it-IT\",\"url\":\"https:\/\/www.rome-roma.net\/wp-content\/uploads\/2025\/07\/logo-rome-roma-420.jpg\",\"contentUrl\":\"https:\/\/www.rome-roma.net\/wp-content\/uploads\/2025\/07\/logo-rome-roma-420.jpg\",\"width\":420,\"height\":420,\"caption\":\"Rome-Roma\"},\"image\":{\"@id\":\"https:\/\/www.rome-roma.net\/it\/#logo\"}},{\"@type\":\"WebSite\",\"@id\":\"https:\/\/www.rome-roma.net\/it\/#website\",\"url\":\"https:\/\/www.rome-roma.net\/it\/\",\"name\":\"Rome-Roma\",\"description\":\"Cultura & Viaggio\",\"publisher\":{\"@id\":\"https:\/\/www.rome-roma.net\/it\/#organization\"},\"potentialAction\":[{\"@type\":\"SearchAction\",\"target\":{\"@type\":\"EntryPoint\",\"urlTemplate\":\"https:\/\/www.rome-roma.net\/it\/?s={search_term_string}\"},\"query-input\":\"required name=search_term_string\"}],\"inLanguage\":\"it-IT\"},{\"@type\":\"ImageObject\",\"@id\":\"https:\/\/www.rome-roma.net\/it\/cimitero-militare-francese-a-monte-mario\/#primaryimage\",\"inLanguage\":\"it-IT\",\"url\":\"https:\/\/www.rome-roma.net\/wp-content\/uploads\/2020\/03\/cimetiere-militaire-francais-rome_9262.jpg\",\"contentUrl\":\"https:\/\/www.rome-roma.net\/wp-content\/uploads\/2020\/03\/cimetiere-militaire-francais-rome_9262.jpg\",\"width\":1200,\"height\":800,\"caption\":\"cimetiere-militaire-francais-rome_9262\"},{\"@type\":\"WebPage\",\"@id\":\"https:\/\/www.rome-roma.net\/it\/cimitero-militare-francese-a-monte-mario\/#webpage\",\"url\":\"https:\/\/www.rome-roma.net\/it\/cimitero-militare-francese-a-monte-mario\/\",\"name\":\"Cimitero militare francese a Monte Mario &ndash; Rome-Roma\",\"isPartOf\":{\"@id\":\"https:\/\/www.rome-roma.net\/it\/#website\"},\"primaryImageOfPage\":{\"@id\":\"https:\/\/www.rome-roma.net\/it\/cimitero-militare-francese-a-monte-mario\/#primaryimage\"},\"datePublished\":\"2020-03-02T19:17:00+00:00\",\"dateModified\":\"2025-01-15T15:43:34+00:00\",\"description\":\"Su una collina a nord di Monte Mario a Roma, il cimitero militare francese gode di una posizione privilegiata con una bella vista dove riposano i soldati francesi\",\"breadcrumb\":{\"@id\":\"https:\/\/www.rome-roma.net\/it\/cimitero-militare-francese-a-monte-mario\/#breadcrumb\"},\"inLanguage\":\"it-IT\",\"potentialAction\":[{\"@type\":\"ReadAction\",\"target\":[\"https:\/\/www.rome-roma.net\/it\/cimitero-militare-francese-a-monte-mario\/\"]}]},{\"@type\":\"BreadcrumbList\",\"@id\":\"https:\/\/www.rome-roma.net\/it\/cimitero-militare-francese-a-monte-mario\/#breadcrumb\",\"itemListElement\":[{\"@type\":\"ListItem\",\"position\":1,\"name\":\"Accueil\",\"item\":\"https:\/\/www.rome-roma.net\/it\/\"},{\"@type\":\"ListItem\",\"position\":2,\"name\":\"Cimitero militare francese a Monte Mario\"}]}]}<\/script>\n<!-- \/ Yoast SEO plugin. -->","yoast_head_json":{"title":"Cimitero militare francese a Monte Mario &ndash; Rome-Roma","description":"Su una collina a nord di Monte Mario a Roma, il cimitero militare francese gode di una posizione privilegiata con una bella vista dove riposano i soldati francesi","robots":{"index":"index","follow":"follow","max-snippet":"max-snippet:-1","max-image-preview":"max-image-preview:large","max-video-preview":"max-video-preview:-1"},"canonical":"https:\/\/www.rome-roma.net\/it\/cimitero-militare-francese-a-monte-mario\/","og_locale":"it_IT","og_type":"article","og_title":"Cimitero militare francese a Monte Mario &ndash; Rome-Roma","og_description":"Su una collina a nord di Monte Mario a Roma, il cimitero militare francese gode di una posizione privilegiata con una bella vista dove riposano i soldati francesi","og_url":"https:\/\/www.rome-roma.net\/it\/cimitero-militare-francese-a-monte-mario\/","og_site_name":"Rome-Roma","article_modified_time":"2025-01-15T15:43:34+00:00","og_image":[{"width":1200,"height":800,"url":"https:\/\/www.rome-roma.net\/wp-content\/uploads\/2020\/03\/cimetiere-militaire-francais-rome_9262.jpg","type":"image\/jpeg"}],"twitter_card":"summary_large_image","twitter_misc":{"Tempo di lettura stimato":"3 minuti"},"schema":{"@context":"https:\/\/schema.org","@graph":[{"@type":"Organization","@id":"https:\/\/www.rome-roma.net\/it\/#organization","name":"Rome-Roma","url":"https:\/\/www.rome-roma.net\/it\/","sameAs":[],"logo":{"@type":"ImageObject","@id":"https:\/\/www.rome-roma.net\/it\/#logo","inLanguage":"it-IT","url":"https:\/\/www.rome-roma.net\/wp-content\/uploads\/2025\/07\/logo-rome-roma-420.jpg","contentUrl":"https:\/\/www.rome-roma.net\/wp-content\/uploads\/2025\/07\/logo-rome-roma-420.jpg","width":420,"height":420,"caption":"Rome-Roma"},"image":{"@id":"https:\/\/www.rome-roma.net\/it\/#logo"}},{"@type":"WebSite","@id":"https:\/\/www.rome-roma.net\/it\/#website","url":"https:\/\/www.rome-roma.net\/it\/","name":"Rome-Roma","description":"Cultura & Viaggio","publisher":{"@id":"https:\/\/www.rome-roma.net\/it\/#organization"},"potentialAction":[{"@type":"SearchAction","target":{"@type":"EntryPoint","urlTemplate":"https:\/\/www.rome-roma.net\/it\/?s={search_term_string}"},"query-input":"required name=search_term_string"}],"inLanguage":"it-IT"},{"@type":"ImageObject","@id":"https:\/\/www.rome-roma.net\/it\/cimitero-militare-francese-a-monte-mario\/#primaryimage","inLanguage":"it-IT","url":"https:\/\/www.rome-roma.net\/wp-content\/uploads\/2020\/03\/cimetiere-militaire-francais-rome_9262.jpg","contentUrl":"https:\/\/www.rome-roma.net\/wp-content\/uploads\/2020\/03\/cimetiere-militaire-francais-rome_9262.jpg","width":1200,"height":800,"caption":"cimetiere-militaire-francais-rome_9262"},{"@type":"WebPage","@id":"https:\/\/www.rome-roma.net\/it\/cimitero-militare-francese-a-monte-mario\/#webpage","url":"https:\/\/www.rome-roma.net\/it\/cimitero-militare-francese-a-monte-mario\/","name":"Cimitero militare francese a Monte Mario &ndash; Rome-Roma","isPartOf":{"@id":"https:\/\/www.rome-roma.net\/it\/#website"},"primaryImageOfPage":{"@id":"https:\/\/www.rome-roma.net\/it\/cimitero-militare-francese-a-monte-mario\/#primaryimage"},"datePublished":"2020-03-02T19:17:00+00:00","dateModified":"2025-01-15T15:43:34+00:00","description":"Su una collina a nord di Monte Mario a Roma, il cimitero militare francese gode di una posizione privilegiata con una bella vista dove riposano i soldati francesi","breadcrumb":{"@id":"https:\/\/www.rome-roma.net\/it\/cimitero-militare-francese-a-monte-mario\/#breadcrumb"},"inLanguage":"it-IT","potentialAction":[{"@type":"ReadAction","target":["https:\/\/www.rome-roma.net\/it\/cimitero-militare-francese-a-monte-mario\/"]}]},{"@type":"BreadcrumbList","@id":"https:\/\/www.rome-roma.net\/it\/cimitero-militare-francese-a-monte-mario\/#breadcrumb","itemListElement":[{"@type":"ListItem","position":1,"name":"Accueil","item":"https:\/\/www.rome-roma.net\/it\/"},{"@type":"ListItem","position":2,"name":"Cimitero militare francese a Monte Mario"}]}]}},"acf_fields":{"nom_monument":null,"wikidata":"","sameas":null},"_links":{"self":[{"href":"https:\/\/www.rome-roma.net\/it\/wp-json\/wp\/v2\/site\/31395"}],"collection":[{"href":"https:\/\/www.rome-roma.net\/it\/wp-json\/wp\/v2\/site"}],"about":[{"href":"https:\/\/www.rome-roma.net\/it\/wp-json\/wp\/v2\/types\/site"}],"replies":[{"embeddable":true,"href":"https:\/\/www.rome-roma.net\/it\/wp-json\/wp\/v2\/comments?post=31395"}],"wp:featuredmedia":[{"embeddable":true,"href":"https:\/\/www.rome-roma.net\/it\/wp-json\/wp\/v2\/media\/15664"}],"wp:attachment":[{"href":"https:\/\/www.rome-roma.net\/it\/wp-json\/wp\/v2\/media?parent=31395"}],"wp:term":[{"taxonomy":"genre","embeddable":true,"href":"https:\/\/www.rome-roma.net\/it\/wp-json\/wp\/v2\/genre?post=31395"},{"taxonomy":"interet","embeddable":true,"href":"https:\/\/www.rome-roma.net\/it\/wp-json\/wp\/v2\/interet?post=31395"},{"taxonomy":"quartier","embeddable":true,"href":"https:\/\/www.rome-roma.net\/it\/wp-json\/wp\/v2\/quartier?post=31395"},{"taxonomy":"categorie_site","embeddable":true,"href":"https:\/\/www.rome-roma.net\/it\/wp-json\/wp\/v2\/categorie_site?post=31395"},{"taxonomy":"quartier_historique","embeddable":true,"href":"https:\/\/www.rome-roma.net\/it\/wp-json\/wp\/v2\/quartier_historique?post=31395"},{"taxonomy":"etiquettes_site","embeddable":true,"href":"https:\/\/www.rome-roma.net\/it\/wp-json\/wp\/v2\/etiquettes_site?post=31395"}],"curies":[{"name":"wp","href":"https:\/\/api.w.org\/{rel}","templated":true}]}}