


{"id":31589,"date":"2020-03-02T11:37:00","date_gmt":"2020-03-02T10:37:00","guid":{"rendered":"https:\/\/www.rome-roma.net\/site\/monastere-des-oblates-de-tor-de-specchi\/"},"modified":"2025-01-18T14:43:48","modified_gmt":"2025-01-18T13:43:48","slug":"monastero-delle-oblate-di-tor-de-specchi","status":"publish","type":"site","link":"https:\/\/www.rome-roma.net\/it\/monastero-delle-oblate-di-tor-de-specchi\/","title":{"rendered":"Monastero delle Oblate di Tor de&#8217; Specchi"},"content":{"rendered":"<p>Il <strong>Monastero di Tor de&#8217; Specchi<\/strong> accoglie le religiose delle <strong>Oblate benedettine di Santa Francesca Romana<\/strong> dal XV secolo. \u00c8 solitamente chiuso al pubblico, ad eccezione del 9 marzo, quando si celebra la morte della santa.<\/p>\n<h2>Storia: Santa Francesca Romana e le Oblate<\/h2>\n<p>La comunit\u00e0 religiosa delle <strong>Oblate benedettine del Monte Oliveto<\/strong> fu fondata da <strong>Santa Francesca Romana<\/strong> nella <a href=\"https:\/\/www.rome-roma.net\/it\/santa-francesca-romana-maria-nova\/\">chiesa Santa Maria Nova<\/a>, situata nel Foro Romano. Tuttavia, il convento fu installato in questo edificio ai piedi del Campidoglio, chiamato <strong>Monastero delle Oblate di Santa Francesca Romana<\/strong>. Fu inaugurato il 25 marzo 1433, giorno della festa dell&#8217;Annunciazione.<\/p>\n<p>Francesca Romana ebbe un progetto ambizioso conciliando gli ideali monastici con i valori laici (leggi anche il Palazzo Ponziani dove visse Francesca). Le suore oblate rimasero cos\u00ec in contatto con il mondo esterno per compiere atti di carit\u00e0 a favore dei pi\u00f9 bisognosi. <br \/>La comunit\u00e0 cont\u00f2 fino a 138 oblate nel XVII secolo, tra cui membri di nobili famiglie romane come gli Orsini, i Colonna, i Cenci, gli Accoramboni, i Massimi, i Cesi e i Pamphilj.<\/p>\n<h2>Architettura e arte del monastero delle Oblate<\/h2>\n<p>Su <strong>via del Teatro di Marcello<\/strong>, la sua lunga facciata austera in mattoni \u00e8 principalmente una base del XV secolo. Conserva resti murati di arcate medievali, tra cui una colonna.<\/p>\n<h3>La parte pi\u00f9 antica<\/h3>\n<p>Al numero 40 si trova l&#8217;ingresso verso la parte pi\u00f9 antica, con una porta ad arco sovrastata da un affresco del XVIII secolo che rappresenta Santa Francesca Romana con l&#8217;angelo e San Benedetto che accompagnano la Vergine con il Bambino.<br \/>L&#8217;interno \u00e8 ben conservato, incluso il portico che originariamente era una stalla dove si trova ancora una mangiatoia, formata da un coperchio di un sarcofago romano, che era utilizzata dalla santa per distribuire beni ai poveri.<br \/>Delle scale ricavate nei capitelli del foro romano conducono alla parte pi\u00f9 antica del monastero. Questa scala fu coperta durante la costruzione della cappella decorata con un ciclo di affreschi probabilmente del 1468, che illustra le <em>Storie della vita di Santa Francesca Romana<\/em> con 25 scene, opere di un artista anonimo probabilmente della scuola di Antoniazzo Romano. Questi testimoni della vita della santa, cos\u00ec come della citt\u00e0 dell&#8217;epoca, sono accompagnati da testo in lingua romanesca vernacolare, raro testimone linguistico dell&#8217;epoca.<br \/>Il refettorio conta anche affreschi del XVII secolo, tra cui immagini della Roma dell&#8217;epoca, e porta alla cella della santa, dove visse dal 1436 al 1440, dove sono conservati alcuni dei suoi vestiti.<\/p>\n<h3>La parte recente del monastero e la chiesa<\/h3>\n<p>L&#8217;ingresso al numero 32 d\u00e0 accesso alla parte pi\u00f9 recente del monastero, dove probabilmente si ergeva l&#8217;antica torre di <strong>Tor de&#8217; Specchi<\/strong>. Il portale \u00e8 sovrastato da un rilievo in marmo del XVIII secolo, con Santa Francesca Romana in piedi che guarda verso il cielo e un angelo inginocchiato che tiene il libro della Regola.<br \/>Esso permette di accedere al cortile con arcate, ornato con l&#8217;emblema del Monte Oliveto e del Nome di Ges\u00f9. Conserva una vecchia cisterna e pietre tombali, tra cui quella del padre di Francesca Romana, e frammenti provenienti dalla chiesa di Santa Maria Liberatrice al Foro Romano, distrutta nel 1902 per rivelare i resti di Santa Maria Antiqua.<\/p>\n<h3>Le due chiese<\/h3>\n<p>La chiesa \u00e8 composta da due livelli, un livello inferiore chiamato <strong>Santa Maria de Curte<\/strong>, dove durante la Settimana Santa sono esposti gli arazzi originali del XVII secolo, costituiti da incrostazioni di paglia. \u00c8 divisa in tre navate da pilastri esagonali. Nell&#8217;abside, le cornici in stucco rappresentano la <em>Presentazione di Ges\u00f9 al Tempio<\/em> e la <em>Presentazione della Vergine<\/em> (1662). Al centro, l&#8217;immagine della <em>Vergine con il Bambino<\/em> risale al XVII secolo. All&#8217;ingresso, si trova il bacino per preparare il unguento miracoloso, sempre secondo la ricetta originale di Santa Francesca.<br \/>La chiesa superiore, <strong>Santa Maria Annunziata<\/strong>, ha un vestibolo decorato con affreschi del XVIII secolo, un bellissimo soffitto in legno scolpito e un pavimento in marmo policromo. L&#8217;altare conserva una Santa Maria Annunziata, copia dell&#8217;opera di Alessandro Allori.<\/p>\n<p>Il monastero \u00e8 aperto al pubblico solo il 9 marzo di ogni anno, in occasione della commemorazione della morte della santa, con anche l&#8217;antico rito della Benedizione dell&#8217;Onguento.<\/p>\n\n\n<h2>Cartina ed indirizzo<\/h2>\r\n\t\t<b>Indirizzo : <\/b>Via del Teatro di Marcello, 32, 00186 Roma RM, Italie<div id=\"travelersmap-container-69f3505f91336\" class=\"travelersmap-container\" style=\"z-index: 1; min-height: 10px; min-width:10px; height:400px;width:100%; max-width:; max-height:; position:relative;\"><div style=\"position:absolute; z-index:-1;top: 50%;text-align: center;display: block;left: 50%;transform: translate(-50%,-50%);\">Travelers' Map is loading... <br> If you see this after your page is loaded completely, leafletJS files are missing.<\/div><\/div><i>Clicca sulla freccia per localizzarti sulla mappa<\/i>\n\n\n\n<h2>Informazioni<\/h2>\n<table style=\"border-collapse: collapse; width: 100%; height: 324px;\">\n<tbody>\n<tr style=\"background-color: #fae8c3;\">\n<td style=\"width: 100%; height: 44px;\"><strong><span style=\"font-size: 10pt;\">Monastero delle Oblate di Santa Francesca Romana a Tor de&#8217; Specchi<\/span><\/strong><br \/><em><span style=\"font-size: 10pt;\">Via del Teatro di Marcello, 32 &#8211; 00186 Roma<\/span><\/em><\/td>\n<\/tr>\n<tr style=\"background-color: #f7ece1;\">\n<td style=\"width: 100%; height: 113px;\"><span style=\"font-size: 10pt;\"><strong>Orari e visita<\/strong><\/span>\n<p><span style=\"font-size: 10pt;\">Il monastero \u00e8 aperto al pubblico solo il 9 marzo di ogni anno, in occasione della commemorazione della morte della santa, con l&#8217;antico rito della Benedizione dell&#8217;Unguento.<\/span><\/p>\n<\/td>\n<\/tr>\n<tr style=\"background-color: #fae8c3;\">\n<td style=\"width: 100%; height: 167px;\">\n<p><span style=\"font-size: 10pt;\"><strong>Fonti e link<\/strong><\/span><\/p>\n<ul>\n<li><span style=\"font-size: 10pt;\">Sito del comune: <a href=\"https:\/\/www.turismoroma.it\/it\/luoghi\/monastero-delle-oblate-di-santa-francesca-romana-tor-de-specchi\" target=\"_blank\" rel=\"noopener\">www.turismoroma.it<\/a><\/span><\/li>\n<li><span style=\"font-size: 10pt;\">Sito ufficiale: <a href=\"http:\/\/www.tordespecchi.it\/public\/index.php?Visita_del_Monastero:L%27oratorio\" target=\"_blank\" rel=\"noopener\">www.tordespecchi.it<\/a><\/span><\/li>\n<\/ul>\n<\/td>\n<\/tr>\n<\/tbody>\n<\/table>\n","protected":false},"excerpt":{"rendered":"<p>Il Monastero di Tor de&#8217; Specchi accoglie le religiose delle Oblate benedettine di Santa Francesca Romana dal XV secolo. \u00c8 solitamente chiuso al pubblico, ad eccezione del 9 marzo, quando si celebra la morte della santa. Storia: Santa Francesca Romana e le Oblate La comunit\u00e0 religiosa delle Oblate benedettine del Monte Oliveto fu fondata da [&hellip;]<\/p>\n","protected":false},"featured_media":0,"parent":0,"menu_order":0,"comment_status":"open","ping_status":"open","template":"","format":"standard","meta":{"kt_blocks_editor_width":"","_links_to":"","_links_to_target":""},"genre":[270],"interet":[286],"quartier":[308,314,309],"categorie_site":[382],"quartier_historique":[442],"etiquettes_site":[],"acf":[],"yoast_head":"<!-- This site is optimized with the Yoast SEO plugin v17.4 - https:\/\/yoast.com\/wordpress\/plugins\/seo\/ -->\n<title>Monastero delle Oblate di Tor de&#039; Specchi &ndash; Rome-Roma<\/title>\n<meta name=\"description\" content=\"Il Monastero di Tor de\u2019 Specchi accoglie le religiose delle Oblate benedettine di Santa Francesca Romana dal XV secolo. \u00c8 solitamente chiuso al pubblico\" \/>\n<meta name=\"robots\" content=\"index, follow, max-snippet:-1, max-image-preview:large, max-video-preview:-1\" \/>\n<link rel=\"canonical\" href=\"https:\/\/www.rome-roma.net\/it\/monastero-delle-oblate-di-tor-de-specchi\/\" \/>\n<meta property=\"og:locale\" content=\"it_IT\" \/>\n<meta property=\"og:type\" content=\"article\" \/>\n<meta property=\"og:title\" content=\"Monastero delle Oblate di Tor de&#039; Specchi &ndash; Rome-Roma\" \/>\n<meta property=\"og:description\" content=\"Il Monastero di Tor de\u2019 Specchi accoglie le religiose delle Oblate benedettine di Santa Francesca Romana dal XV secolo. \u00c8 solitamente chiuso al pubblico\" \/>\n<meta property=\"og:url\" content=\"https:\/\/www.rome-roma.net\/it\/monastero-delle-oblate-di-tor-de-specchi\/\" \/>\n<meta property=\"og:site_name\" content=\"Rome-Roma\" \/>\n<meta property=\"article:modified_time\" content=\"2025-01-18T13:43:48+00:00\" \/>\n<meta name=\"twitter:card\" content=\"summary_large_image\" \/>\n<meta name=\"twitter:label1\" content=\"Tempo di lettura stimato\" \/>\n\t<meta name=\"twitter:data1\" content=\"4 minuti\" \/>\n<script type=\"application\/ld+json\" class=\"yoast-schema-graph\">{\"@context\":\"https:\/\/schema.org\",\"@graph\":[{\"@type\":\"Organization\",\"@id\":\"https:\/\/www.rome-roma.net\/it\/#organization\",\"name\":\"Rome-Roma\",\"url\":\"https:\/\/www.rome-roma.net\/it\/\",\"sameAs\":[],\"logo\":{\"@type\":\"ImageObject\",\"@id\":\"https:\/\/www.rome-roma.net\/it\/#logo\",\"inLanguage\":\"it-IT\",\"url\":\"https:\/\/www.rome-roma.net\/wp-content\/uploads\/2025\/07\/logo-rome-roma-420.jpg\",\"contentUrl\":\"https:\/\/www.rome-roma.net\/wp-content\/uploads\/2025\/07\/logo-rome-roma-420.jpg\",\"width\":420,\"height\":420,\"caption\":\"Rome-Roma\"},\"image\":{\"@id\":\"https:\/\/www.rome-roma.net\/it\/#logo\"}},{\"@type\":\"WebSite\",\"@id\":\"https:\/\/www.rome-roma.net\/it\/#website\",\"url\":\"https:\/\/www.rome-roma.net\/it\/\",\"name\":\"Rome-Roma\",\"description\":\"Cultura & Viaggio\",\"publisher\":{\"@id\":\"https:\/\/www.rome-roma.net\/it\/#organization\"},\"potentialAction\":[{\"@type\":\"SearchAction\",\"target\":{\"@type\":\"EntryPoint\",\"urlTemplate\":\"https:\/\/www.rome-roma.net\/it\/?s={search_term_string}\"},\"query-input\":\"required name=search_term_string\"}],\"inLanguage\":\"it-IT\"},{\"@type\":\"WebPage\",\"@id\":\"https:\/\/www.rome-roma.net\/it\/monastero-delle-oblate-di-tor-de-specchi\/#webpage\",\"url\":\"https:\/\/www.rome-roma.net\/it\/monastero-delle-oblate-di-tor-de-specchi\/\",\"name\":\"Monastero delle Oblate di Tor de' Specchi &ndash; Rome-Roma\",\"isPartOf\":{\"@id\":\"https:\/\/www.rome-roma.net\/it\/#website\"},\"datePublished\":\"2020-03-02T10:37:00+00:00\",\"dateModified\":\"2025-01-18T13:43:48+00:00\",\"description\":\"Il Monastero di Tor de\\u2019 Specchi accoglie le religiose delle Oblate benedettine di Santa Francesca Romana dal XV secolo. \\u00c8 solitamente chiuso al pubblico\",\"breadcrumb\":{\"@id\":\"https:\/\/www.rome-roma.net\/it\/monastero-delle-oblate-di-tor-de-specchi\/#breadcrumb\"},\"inLanguage\":\"it-IT\",\"potentialAction\":[{\"@type\":\"ReadAction\",\"target\":[\"https:\/\/www.rome-roma.net\/it\/monastero-delle-oblate-di-tor-de-specchi\/\"]}]},{\"@type\":\"BreadcrumbList\",\"@id\":\"https:\/\/www.rome-roma.net\/it\/monastero-delle-oblate-di-tor-de-specchi\/#breadcrumb\",\"itemListElement\":[{\"@type\":\"ListItem\",\"position\":1,\"name\":\"Accueil\",\"item\":\"https:\/\/www.rome-roma.net\/it\/\"},{\"@type\":\"ListItem\",\"position\":2,\"name\":\"Monastero delle Oblate di Tor de&#8217; Specchi\"}]}]}<\/script>\n<!-- \/ Yoast SEO plugin. -->","yoast_head_json":{"title":"Monastero delle Oblate di Tor de' Specchi &ndash; Rome-Roma","description":"Il Monastero di Tor de\u2019 Specchi accoglie le religiose delle Oblate benedettine di Santa Francesca Romana dal XV secolo. \u00c8 solitamente chiuso al pubblico","robots":{"index":"index","follow":"follow","max-snippet":"max-snippet:-1","max-image-preview":"max-image-preview:large","max-video-preview":"max-video-preview:-1"},"canonical":"https:\/\/www.rome-roma.net\/it\/monastero-delle-oblate-di-tor-de-specchi\/","og_locale":"it_IT","og_type":"article","og_title":"Monastero delle Oblate di Tor de' Specchi &ndash; Rome-Roma","og_description":"Il Monastero di Tor de\u2019 Specchi accoglie le religiose delle Oblate benedettine di Santa Francesca Romana dal XV secolo. \u00c8 solitamente chiuso al pubblico","og_url":"https:\/\/www.rome-roma.net\/it\/monastero-delle-oblate-di-tor-de-specchi\/","og_site_name":"Rome-Roma","article_modified_time":"2025-01-18T13:43:48+00:00","twitter_card":"summary_large_image","twitter_misc":{"Tempo di lettura stimato":"4 minuti"},"schema":{"@context":"https:\/\/schema.org","@graph":[{"@type":"Organization","@id":"https:\/\/www.rome-roma.net\/it\/#organization","name":"Rome-Roma","url":"https:\/\/www.rome-roma.net\/it\/","sameAs":[],"logo":{"@type":"ImageObject","@id":"https:\/\/www.rome-roma.net\/it\/#logo","inLanguage":"it-IT","url":"https:\/\/www.rome-roma.net\/wp-content\/uploads\/2025\/07\/logo-rome-roma-420.jpg","contentUrl":"https:\/\/www.rome-roma.net\/wp-content\/uploads\/2025\/07\/logo-rome-roma-420.jpg","width":420,"height":420,"caption":"Rome-Roma"},"image":{"@id":"https:\/\/www.rome-roma.net\/it\/#logo"}},{"@type":"WebSite","@id":"https:\/\/www.rome-roma.net\/it\/#website","url":"https:\/\/www.rome-roma.net\/it\/","name":"Rome-Roma","description":"Cultura & Viaggio","publisher":{"@id":"https:\/\/www.rome-roma.net\/it\/#organization"},"potentialAction":[{"@type":"SearchAction","target":{"@type":"EntryPoint","urlTemplate":"https:\/\/www.rome-roma.net\/it\/?s={search_term_string}"},"query-input":"required name=search_term_string"}],"inLanguage":"it-IT"},{"@type":"WebPage","@id":"https:\/\/www.rome-roma.net\/it\/monastero-delle-oblate-di-tor-de-specchi\/#webpage","url":"https:\/\/www.rome-roma.net\/it\/monastero-delle-oblate-di-tor-de-specchi\/","name":"Monastero delle Oblate di Tor de' Specchi &ndash; Rome-Roma","isPartOf":{"@id":"https:\/\/www.rome-roma.net\/it\/#website"},"datePublished":"2020-03-02T10:37:00+00:00","dateModified":"2025-01-18T13:43:48+00:00","description":"Il Monastero di Tor de\u2019 Specchi accoglie le religiose delle Oblate benedettine di Santa Francesca Romana dal XV secolo. \u00c8 solitamente chiuso al pubblico","breadcrumb":{"@id":"https:\/\/www.rome-roma.net\/it\/monastero-delle-oblate-di-tor-de-specchi\/#breadcrumb"},"inLanguage":"it-IT","potentialAction":[{"@type":"ReadAction","target":["https:\/\/www.rome-roma.net\/it\/monastero-delle-oblate-di-tor-de-specchi\/"]}]},{"@type":"BreadcrumbList","@id":"https:\/\/www.rome-roma.net\/it\/monastero-delle-oblate-di-tor-de-specchi\/#breadcrumb","itemListElement":[{"@type":"ListItem","position":1,"name":"Accueil","item":"https:\/\/www.rome-roma.net\/it\/"},{"@type":"ListItem","position":2,"name":"Monastero delle Oblate di Tor de&#8217; Specchi"}]}]}},"acf_fields":{"nom_monument":null,"wikidata":"Q3825695","sameas":null},"_links":{"self":[{"href":"https:\/\/www.rome-roma.net\/it\/wp-json\/wp\/v2\/site\/31589"}],"collection":[{"href":"https:\/\/www.rome-roma.net\/it\/wp-json\/wp\/v2\/site"}],"about":[{"href":"https:\/\/www.rome-roma.net\/it\/wp-json\/wp\/v2\/types\/site"}],"replies":[{"embeddable":true,"href":"https:\/\/www.rome-roma.net\/it\/wp-json\/wp\/v2\/comments?post=31589"}],"wp:attachment":[{"href":"https:\/\/www.rome-roma.net\/it\/wp-json\/wp\/v2\/media?parent=31589"}],"wp:term":[{"taxonomy":"genre","embeddable":true,"href":"https:\/\/www.rome-roma.net\/it\/wp-json\/wp\/v2\/genre?post=31589"},{"taxonomy":"interet","embeddable":true,"href":"https:\/\/www.rome-roma.net\/it\/wp-json\/wp\/v2\/interet?post=31589"},{"taxonomy":"quartier","embeddable":true,"href":"https:\/\/www.rome-roma.net\/it\/wp-json\/wp\/v2\/quartier?post=31589"},{"taxonomy":"categorie_site","embeddable":true,"href":"https:\/\/www.rome-roma.net\/it\/wp-json\/wp\/v2\/categorie_site?post=31589"},{"taxonomy":"quartier_historique","embeddable":true,"href":"https:\/\/www.rome-roma.net\/it\/wp-json\/wp\/v2\/quartier_historique?post=31589"},{"taxonomy":"etiquettes_site","embeddable":true,"href":"https:\/\/www.rome-roma.net\/it\/wp-json\/wp\/v2\/etiquettes_site?post=31589"}],"curies":[{"name":"wp","href":"https:\/\/api.w.org\/{rel}","templated":true}]}}