


{"id":31654,"date":"2020-02-22T15:08:00","date_gmt":"2020-02-22T14:08:00","guid":{"rendered":"https:\/\/www.rome-roma.net\/site\/obelisque-du-latran\/"},"modified":"2025-01-24T09:51:12","modified_gmt":"2025-01-24T08:51:12","slug":"obelisco-del-laterano-il-piu-grande-di-roma","status":"publish","type":"site","link":"https:\/\/www.rome-roma.net\/it\/obelisco-del-laterano-il-piu-grande-di-roma\/","title":{"rendered":"Obelisco Lateranense: il pi\u00f9 grande di Roma"},"content":{"rendered":"<div id=\"attachment_11477\" style=\"width: 210px\" class=\"wp-caption alignright\"><a href=\"https:\/\/www.rome-roma.net\/wp-content\/uploads\/2020\/01\/piazza-san-giovanni-in-laterano_0216.jpg\"><img aria-describedby=\"caption-attachment-11477\" loading=\"lazy\" class=\"wp-image-11477\" src=\"https:\/\/www.rome-roma.net\/wp-content\/uploads\/2020\/01\/piazza-san-giovanni-in-laterano_0216-683x1024.jpg\" alt=\"piazza-san-giovanni-in-laterano_0216\" width=\"200\" height=\"300\" srcset=\"https:\/\/www.rome-roma.net\/wp-content\/uploads\/2020\/01\/piazza-san-giovanni-in-laterano_0216-683x1024.jpg 683w, https:\/\/www.rome-roma.net\/wp-content\/uploads\/2020\/01\/piazza-san-giovanni-in-laterano_0216-200x300.jpg 200w, https:\/\/www.rome-roma.net\/wp-content\/uploads\/2020\/01\/piazza-san-giovanni-in-laterano_0216-768x1152.jpg 768w, https:\/\/www.rome-roma.net\/wp-content\/uploads\/2020\/01\/piazza-san-giovanni-in-laterano_0216.jpg 800w\" sizes=\"(max-width: 200px) 100vw, 200px\" \/><\/a><p id=\"caption-attachment-11477\" class=\"wp-caption-text\">Obelisco Lateranense<\/p><\/div>\n<p>L&#8217;<strong>obelisco Lateranense<\/strong>, situato al centro della <a href=\"https:\/\/www.rome-roma.net\/it\/piazza-san-giovanni-in-laterano\/\">piazza San Giovanni in Laterano<\/a>, \u00e8 un obelisco egizio risalente al XV secolo a.C. In origine si ergeva a est del <strong>Tempio di Amon-Ra a Karnak<\/strong>, eretto dal faraone <strong>Thutmosi III<\/strong> in onore di Amon-Ra.<br>Nel luogo in cui ora si trova l&#8217;obelisco, per secoli si ergeva la <strong>statua equestre di Marco Aurelio<\/strong>. Fu conservata qui per tutto il Medioevo, probabilmente perch\u00e9 identificata come la statua di Costantino (poi trasferita in <a href=\"https:\/\/www.rome-roma.net\/it\/piazza-del-campidoglio\/\">Piazza del Campidoglio<\/a>).<br>Sotto la piazza si trovano i resti di un edificio del I-IV secolo d.C., probabilmente la villa di Domizia Lucilla, madre di Marco Aurelio.<\/p>\n<h2>La storia dell&#8217;obelisco e la sua descrizione<\/h2>\n<p>Con un peso di 455 tonnellate e un&#8217;altezza originaria di 32,18 metri, questo obelisco in granito rosso \u00e8 il pi\u00f9 grande tra tutti gli obelischi egizi conosciuti, realizzati da un unico blocco. Con il basamento e la croce raggiunge un&#8217;altezza di 45,70 metri.<\/p>\n<p><strong>Costantino<\/strong> ordin\u00f2 il trasporto dell&#8217;obelisco da Karnak ad Alessandria, da dove avrebbe dovuto essere trasferito a Costantinopoli. Tuttavia, fu suo figlio Costanzo II a portarlo a Roma su una nave appositamente costruita. Lo fece erigere nel 357 d.C. nel <a href=\"https:\/\/www.rome-roma.net\/it\/circo-massimo\/\">Circo Massimo<\/a>, sormontandolo con un globo d&#8217;oro che, dopo essere stato colpito da un fulmine, fu sostituito da una torcia in bronzo dipinta d&#8217;oro. Questo evento \u00e8 documentato sull&#8217;iscrizione del basamento, oggi perduta ma tramandata.<\/p>\n<div id=\"attachment_11512\" style=\"width: 210px\" class=\"wp-caption alignright\"><a href=\"https:\/\/www.rome-roma.net\/wp-content\/uploads\/2020\/01\/obelisque-du-latran_1952.jpg\"><img aria-describedby=\"caption-attachment-11512\" loading=\"lazy\" class=\"size-medium wp-image-11512\" src=\"https:\/\/www.rome-roma.net\/wp-content\/uploads\/2020\/01\/obelisque-du-latran_1952-200x300.jpg\" alt=\"obelisque-du-latran_1952\" width=\"200\" height=\"300\" srcset=\"https:\/\/www.rome-roma.net\/wp-content\/uploads\/2020\/01\/obelisque-du-latran_1952-200x300.jpg 200w, https:\/\/www.rome-roma.net\/wp-content\/uploads\/2020\/01\/obelisque-du-latran_1952-683x1024.jpg 683w, https:\/\/www.rome-roma.net\/wp-content\/uploads\/2020\/01\/obelisque-du-latran_1952-768x1152.jpg 768w, https:\/\/www.rome-roma.net\/wp-content\/uploads\/2020\/01\/obelisque-du-latran_1952.jpg 800w\" sizes=\"(max-width: 200px) 100vw, 200px\" \/><\/a><p id=\"caption-attachment-11512\" class=\"wp-caption-text\">Obelisco Lateranense<\/p><\/div>\n<p>Fu ritrovato in tre pezzi nel 1587 e, per ordine di <strong>Sisto V<\/strong>, venne collocato nella sua posizione attuale nel 1588 da <strong>Domenico Fontana<\/strong>. Una croce in bronzo fu posta sulla sommit\u00e0.<\/p>\n<div class=\"su-note\"  style=\"border-color:#ddd2c7;border-radius:3px;-moz-border-radius:3px;-webkit-border-radius:3px;\"><div class=\"su-note-inner su-u-clearfix su-u-trim\" style=\"background-color:#f7ece1;border-color:#ffffff;color:#333333;border-radius:3px;-moz-border-radius:3px;-webkit-border-radius:3px;\">ISCRIZIONI DEL BASAMENTO<br>Le iscrizioni sul basamento, datate 1588 e presenti su quattro lati, ricordano l&#8217;impresa di Costantino e Costanzo, il contributo di Sisto V e la tradizione del battesimo di Costantino.<br>&#8211; Una <strong>prima iscrizione<\/strong> pu\u00f2 essere tradotta cos\u00ec: &#8220;Flavio Costantino Massimo Augusto, vincitore e militante della fede cristiana, questo obelisco, di un re egizio dedicato al Sole con un voto impuro, rimosso dalla sua sede, lo fece trasportare attraverso il Nilo fino ad Alessandria per ornare con questo monumento la nuova Roma che stava allora costruendo&#8221;.<br>&#8211; Poi la successiva: &#8220;Flavio Costanzo Augusto, figlio di Costantino Augusto, l&#8217;obelisco che suo padre aveva rimosso dal luogo e che, per lungo tempo, era rimasto ad Alessandria, lo colloc\u00f2 su una nave con trecento rematori e di una grandezza meravigliosa, lo trasport\u00f2 a Roma per mare e sul Tevere con grande apparato, lo consacr\u00f2 con il Senato e il popolo romano&#8221;.<br>&#8211; Segue: &#8220;Costantino, vincitore per intercessione della Croce, in questo luogo battezzato da San Silvestro, diffuse la gloria della Croce&#8221;.<br>&#8211; Infine, verso via Merulana: &#8220;Sisto V Pontefice Massimo, questo obelisco dall&#8217;aspetto magnifico, rotto a causa delle calamit\u00e0 dei tempi, con grande spesa, lo fece emergere dalle rovine del Circo Massimo dove era profondamente sepolto sotto il terreno fangoso, in questo luogo, con grandi sforzi, lo fece trasportare e restaurandolo con cura nel suo aspetto antico, lo consacr\u00f2 alla Croce invincibile, nell&#8217;anno 1588 del suo pontificato&#8221;.<\/div><\/div>\n<h2>Fontana dell&#8217;obelisco Lateranense<\/h2>\n<p>La <strong>fontana alla base dell&#8217;obelisco<\/strong>, discreta rispetto al monumento, fu costruita tra il 1603 e il 1607, probabilmente su disegni di Domenico Fontana o Flaminio Ponzio.<br>Reca gli emblemi araldici di papa Clemente VIII Aldobrandini (la fascia merlata superiore) e quelli ben pi\u00f9 imponenti di Paolo V Borghese (l&#8217;aquila e i due draghi), che incorniciano la tiara e le chiavi pontificie.<br>Da una conchiglia centrale formata dalle code intrecciate di due delfini, l&#8217;acqua si getta in una elegante vasca di marmo.<\/p>\n<h2>Galleria fotografica<\/h2>\n\n\n<figure class=\"wp-container-3 wp-block-gallery-2 wp-block-gallery has-nested-images columns-4 is-cropped\">\n<figure class=\"wp-block-image size-medium\"><a href=\"https:\/\/www.rome-roma.net\/wp-content\/uploads\/2020\/01\/obelisque-du-latran_1954.jpg\"><img loading=\"lazy\" width=\"200\" height=\"300\" data-id=\"11522\"  src=\"https:\/\/www.rome-roma.net\/wp-content\/uploads\/2020\/01\/obelisque-du-latran_1954-200x300.jpg\" alt=\"obelisque-du-latran_1954\" class=\"wp-image-11522\" srcset=\"https:\/\/www.rome-roma.net\/wp-content\/uploads\/2020\/01\/obelisque-du-latran_1954-200x300.jpg 200w, https:\/\/www.rome-roma.net\/wp-content\/uploads\/2020\/01\/obelisque-du-latran_1954-683x1024.jpg 683w, https:\/\/www.rome-roma.net\/wp-content\/uploads\/2020\/01\/obelisque-du-latran_1954-768x1152.jpg 768w, https:\/\/www.rome-roma.net\/wp-content\/uploads\/2020\/01\/obelisque-du-latran_1954.jpg 800w\" sizes=\"(max-width: 200px) 100vw, 200px\" \/><\/a><\/figure>\n\n\n\n<figure class=\"wp-block-image size-medium\"><a href=\"https:\/\/www.rome-roma.net\/wp-content\/uploads\/2020\/01\/place-saint-jean-du-latran_0217.jpg\"><img loading=\"lazy\" width=\"200\" height=\"300\" data-id=\"11482\"  src=\"https:\/\/www.rome-roma.net\/wp-content\/uploads\/2020\/01\/place-saint-jean-du-latran_0217-200x300.jpg\" alt=\"place-saint-jean-du-latran_0217\" class=\"wp-image-11482\" srcset=\"https:\/\/www.rome-roma.net\/wp-content\/uploads\/2020\/01\/place-saint-jean-du-latran_0217-200x300.jpg 200w, https:\/\/www.rome-roma.net\/wp-content\/uploads\/2020\/01\/place-saint-jean-du-latran_0217-683x1024.jpg 683w, https:\/\/www.rome-roma.net\/wp-content\/uploads\/2020\/01\/place-saint-jean-du-latran_0217-768x1152.jpg 768w, https:\/\/www.rome-roma.net\/wp-content\/uploads\/2020\/01\/place-saint-jean-du-latran_0217.jpg 800w\" sizes=\"(max-width: 200px) 100vw, 200px\" \/><\/a><\/figure>\n\n\n\n<figure class=\"wp-block-image size-medium\"><a href=\"https:\/\/www.rome-roma.net\/wp-content\/uploads\/2020\/01\/piazza-san-giovanni-in-laterano_0147.jpg\"><img loading=\"lazy\" width=\"300\" height=\"200\" data-id=\"11466\"  src=\"https:\/\/www.rome-roma.net\/wp-content\/uploads\/2020\/01\/piazza-san-giovanni-in-laterano_0147-300x200.jpg\" alt=\"piazza-san-giovanni-in-laterano_0147\" class=\"wp-image-11466\" srcset=\"https:\/\/www.rome-roma.net\/wp-content\/uploads\/2020\/01\/piazza-san-giovanni-in-laterano_0147-300x200.jpg 300w, https:\/\/www.rome-roma.net\/wp-content\/uploads\/2020\/01\/piazza-san-giovanni-in-laterano_0147-1024x683.jpg 1024w, https:\/\/www.rome-roma.net\/wp-content\/uploads\/2020\/01\/piazza-san-giovanni-in-laterano_0147-768x512.jpg 768w, https:\/\/www.rome-roma.net\/wp-content\/uploads\/2020\/01\/piazza-san-giovanni-in-laterano_0147.jpg 1200w\" sizes=\"(max-width: 300px) 100vw, 300px\" \/><\/a><figcaption>Place Saint-Jean du Latran<\/figcaption><\/figure>\n\n\n\n<figure class=\"wp-block-image size-medium\"><a href=\"https:\/\/www.rome-roma.net\/wp-content\/uploads\/2020\/02\/obelisque-du-lartan-2026.jpg\"><img loading=\"lazy\" width=\"200\" height=\"300\" data-id=\"26545\"  src=\"https:\/\/www.rome-roma.net\/wp-content\/uploads\/2020\/02\/obelisque-du-lartan-2026-200x300.jpg\" alt=\"obelisque-du-lartan_2026\" class=\"wp-image-26545\" srcset=\"https:\/\/www.rome-roma.net\/wp-content\/uploads\/2020\/02\/obelisque-du-lartan-2026-200x300.jpg 200w, https:\/\/www.rome-roma.net\/wp-content\/uploads\/2020\/02\/obelisque-du-lartan-2026-683x1024.jpg 683w, https:\/\/www.rome-roma.net\/wp-content\/uploads\/2020\/02\/obelisque-du-lartan-2026-768x1152.jpg 768w, https:\/\/www.rome-roma.net\/wp-content\/uploads\/2020\/02\/obelisque-du-lartan-2026.jpg 800w\" sizes=\"(max-width: 200px) 100vw, 200px\" \/><\/a><\/figure>\n<\/figure>\n\n\n\n<figure class=\"wp-container-5 wp-block-gallery-4 wp-block-gallery has-nested-images columns-4 is-cropped\">\n<figure class=\"wp-block-image size-medium\"><a href=\"https:\/\/www.rome-roma.net\/wp-content\/uploads\/2020\/01\/obelisque-du-latran_1953.jpg\"><img loading=\"lazy\" width=\"200\" height=\"300\" data-id=\"11517\"  src=\"https:\/\/www.rome-roma.net\/wp-content\/uploads\/2020\/01\/obelisque-du-latran_1953-200x300.jpg\" alt=\"obelisque-du-latran_1953\" class=\"wp-image-11517\" srcset=\"https:\/\/www.rome-roma.net\/wp-content\/uploads\/2020\/01\/obelisque-du-latran_1953-200x300.jpg 200w, https:\/\/www.rome-roma.net\/wp-content\/uploads\/2020\/01\/obelisque-du-latran_1953-683x1024.jpg 683w, https:\/\/www.rome-roma.net\/wp-content\/uploads\/2020\/01\/obelisque-du-latran_1953-768x1152.jpg 768w, https:\/\/www.rome-roma.net\/wp-content\/uploads\/2020\/01\/obelisque-du-latran_1953.jpg 800w\" sizes=\"(max-width: 200px) 100vw, 200px\" \/><\/a><\/figure>\n\n\n\n<figure class=\"wp-block-image size-medium\"><a href=\"https:\/\/www.rome-roma.net\/wp-content\/uploads\/2020\/01\/obelisque-du-latran_1952.jpg\"><img loading=\"lazy\" width=\"200\" height=\"300\" data-id=\"11512\"  src=\"https:\/\/www.rome-roma.net\/wp-content\/uploads\/2020\/01\/obelisque-du-latran_1952-200x300.jpg\" alt=\"obelisque-du-latran_1952\" class=\"wp-image-11512\" srcset=\"https:\/\/www.rome-roma.net\/wp-content\/uploads\/2020\/01\/obelisque-du-latran_1952-200x300.jpg 200w, https:\/\/www.rome-roma.net\/wp-content\/uploads\/2020\/01\/obelisque-du-latran_1952-683x1024.jpg 683w, https:\/\/www.rome-roma.net\/wp-content\/uploads\/2020\/01\/obelisque-du-latran_1952-768x1152.jpg 768w, https:\/\/www.rome-roma.net\/wp-content\/uploads\/2020\/01\/obelisque-du-latran_1952.jpg 800w\" sizes=\"(max-width: 200px) 100vw, 200px\" \/><\/a><figcaption>Ob\u00e9lisque du Latran<\/figcaption><\/figure>\n\n\n\n<figure class=\"wp-block-image size-medium\"><a href=\"https:\/\/www.rome-roma.net\/wp-content\/uploads\/2020\/01\/obelisco-del-laterano_1956.jpg\"><img loading=\"lazy\" width=\"200\" height=\"300\" data-id=\"11502\"  src=\"https:\/\/www.rome-roma.net\/wp-content\/uploads\/2020\/01\/obelisco-del-laterano_1956-200x300.jpg\" alt=\"obelisco-del-laterano_1956\" class=\"wp-image-11502\" srcset=\"https:\/\/www.rome-roma.net\/wp-content\/uploads\/2020\/01\/obelisco-del-laterano_1956-200x300.jpg 200w, https:\/\/www.rome-roma.net\/wp-content\/uploads\/2020\/01\/obelisco-del-laterano_1956-683x1024.jpg 683w, https:\/\/www.rome-roma.net\/wp-content\/uploads\/2020\/01\/obelisco-del-laterano_1956-768x1152.jpg 768w, https:\/\/www.rome-roma.net\/wp-content\/uploads\/2020\/01\/obelisco-del-laterano_1956.jpg 800w\" sizes=\"(max-width: 200px) 100vw, 200px\" \/><\/a><\/figure>\n\n\n\n<figure class=\"wp-block-image size-medium\"><a href=\"https:\/\/www.rome-roma.net\/wp-content\/uploads\/2020\/01\/obelisco-del-laterano_1951.jpg\"><img loading=\"lazy\" width=\"200\" height=\"300\" data-id=\"11492\"  src=\"https:\/\/www.rome-roma.net\/wp-content\/uploads\/2020\/01\/obelisco-del-laterano_1951-200x300.jpg\" alt=\"obelisco-del-laterano_1951\" class=\"wp-image-11492\" srcset=\"https:\/\/www.rome-roma.net\/wp-content\/uploads\/2020\/01\/obelisco-del-laterano_1951-200x300.jpg 200w, https:\/\/www.rome-roma.net\/wp-content\/uploads\/2020\/01\/obelisco-del-laterano_1951-683x1024.jpg 683w, https:\/\/www.rome-roma.net\/wp-content\/uploads\/2020\/01\/obelisco-del-laterano_1951-768x1152.jpg 768w, https:\/\/www.rome-roma.net\/wp-content\/uploads\/2020\/01\/obelisco-del-laterano_1951.jpg 800w\" sizes=\"(max-width: 200px) 100vw, 200px\" \/><\/a><\/figure>\n<\/figure>\n\n\n\n<h2>Cartina ed indirizzo<\/h2>\r\n\t\t<b>Indirizzo : <\/b>P.za di S. Giovanni in Laterano, 00184 Roma RM, Italie<div id=\"travelersmap-container-69f3b1c4dfded\" class=\"travelersmap-container\" style=\"z-index: 1; min-height: 10px; min-width:10px; height:400px;width:100%; max-width:; max-height:; position:relative;\"><div style=\"position:absolute; z-index:-1;top: 50%;text-align: center;display: block;left: 50%;transform: translate(-50%,-50%);\">Travelers' Map is loading... <br> If you see this after your page is loaded completely, leafletJS files are missing.<\/div><\/div><i>Clicca sulla freccia per localizzarti sulla mappa<\/i>\n\n\n\n<h2>Informazioni<\/h2>\n\n\n<table style=\"border-collapse: collapse; width: 100%; height: 155px;\">\n<tbody>\n<tr style=\"background-color: #fae8c3;\">\n<td style=\"width: 100%; height: 23px;\"><strong><span style=\"font-size: 10pt;\">Obelisco Lateranense<br><\/span><\/strong><em><span style=\"font-size: 10pt;\">Piazza di San Giovanni in Laterano, 00184 Roma<br><\/span><\/em><\/td>\n<\/tr>\n<tr style=\"background-color: #f7ece1;\">\n<td style=\"width: 100%; height: 109px;\">\n<p><strong><span style=\"font-size: 10pt;\">Fonti e link per saperne di pi\u00f9<\/span><\/strong><\/p>\n<ul>\n<li><span style=\"font-size: 10pt;\">Obelisco : <a href=\"https:\/\/www.turismoroma.it\/it\/luoghi\/obelisco-lateranense\" target=\"_blank\" rel=\"noopener\">www.turismoroma.it<\/a>, <a href=\"https:\/\/it.wikipedia.org\/wiki\/Obelisco_Lateranense\" target=\"_blank\" rel=\"noopener\">it.wikipedia.org<\/a><\/span><\/li>\n<li><span style=\"font-size: 10pt;\">Geroglifici egiziani sull&#8217;obelisco : <a href=\"https:\/\/projetrosette.info\/page.php?Id=799&amp;TextId=201\" target=\"_blank\" rel=\"noopener\">projetrosette.info\/page.php?Id=799&amp;TextId=201<\/a><\/span><\/li>\n<li><span style=\"font-size: 10pt;\">Fontana : <a href=\"https:\/\/www.romasegreta.it\/monti\/piazza-s-giovanni-in-laterano.html\" target=\"_blank\" rel=\"noopener\">www.romasegreta.it<\/a>, <a href=\"https:\/\/sovraintendenzaroma.it\/i_luoghi\/roma_medioevale_e_moderna\/fontane\/fontana_dell_obelisco_lateranense\" target=\"_blank\" rel=\"noopener\">sovraintendenzaroma.it<\/a><\/span><\/li>\n<\/ul>\n<\/td>\n<\/tr>\n<\/tbody>\n<\/table>\n\n\n<h3>Articoli su Piazza San Giovanni in Laterano<\/h3>\n\n\n\n<ul class=\"lcp_catlist\" id=\"lcp_instance_0\"><li><a href=\"https:\/\/www.rome-roma.net\/it\/basilica-di-san-giovanni-in-laterano\/\">Basilica di San Giovanni in Laterano<\/a><a href=\"https:\/\/www.rome-roma.net\/it\/basilica-di-san-giovanni-in-laterano\/\" title=\"Basilica di San Giovanni in Laterano\"><img src=\"https:\/\/www.rome-roma.net\/wp-content\/uploads\/2020\/01\/facciata-principale-san-giovanni-in-laterano-rome-roma_0674-300x200.jpg\" class=\"classthumblist\"  alt=\"Basilica di San Giovanni in Laterano\" \/><\/a><div class=\"lcp_excerpt\">La Basilica Papale di San Giovanni in Laterano a Roma \u00e8 la cattedrale del Papa come vescovo di Roma. Eretta ...<\/div><\/li><li><a href=\"https:\/\/www.rome-roma.net\/it\/battistero-lateranense\/\">Battistero Lateranense<\/a><a href=\"https:\/\/www.rome-roma.net\/it\/battistero-lateranense\/\" title=\"Battistero Lateranense\"><img src=\"https:\/\/www.rome-roma.net\/foto\/sitimonumenti\/images\/atrium_mosaiques_baptistere_du_latran_0799.jpg\" class=\"classthumblist\"  alt=\"Battistero Lateranense\" \/><\/a><div class=\"lcp_excerpt\">Il Battistero Lateranense, incluso nella Basilica di San Giovanni, \u00e8 uno dei pi\u00f9 antichi edifici cristiani di questo tipo, risalente ...<\/div><\/li><li><a href=\"https:\/\/www.rome-roma.net\/it\/piazza-san-giovanni-in-laterano\/\">Piazza di San Giovanni in Laterano<\/a><a href=\"https:\/\/www.rome-roma.net\/it\/piazza-san-giovanni-in-laterano\/\" title=\"Piazza di San Giovanni in Laterano\"><img src=\"https:\/\/www.rome-roma.net\/wp-content\/uploads\/2020\/01\/piazza-san-giovanni-in-laterano_0147-300x200.jpg\" class=\"classthumblist\"  alt=\"Piazza di San Giovanni in Laterano\" \/><\/a><div class=\"lcp_excerpt\">La Piazza San Giovanni in Laterano \u00e8 un&#8217;importante piazza di Roma. Si trova ai margini del centro storico, vicino alle ...<\/div><\/li><li class=\"current\"><a href=\"https:\/\/www.rome-roma.net\/it\/obelisco-del-laterano-il-piu-grande-di-roma\/\">Obelisco Lateranense: il pi\u00f9 grande di Roma<\/a><a href=\"https:\/\/www.rome-roma.net\/it\/obelisco-del-laterano-il-piu-grande-di-roma\/\" title=\"Obelisco Lateranense: il pi\u00f9 grande di Roma\"><img src=\"https:\/\/www.rome-roma.net\/wp-content\/uploads\/2020\/01\/piazza-san-giovanni-in-laterano_0216-683x1024.jpg\" class=\"classthumblist\"  alt=\"Obelisco Lateranense: il pi\u00f9 grande di Roma\" \/><\/a><div class=\"lcp_excerpt\">\nL&#8217;obelisco Lateranense, situato al centro della piazza San Giovanni in Laterano, \u00e8 un obelisco egizio risalente al XV secolo a.C. ...<\/div><\/li><li><a href=\"https:\/\/www.rome-roma.net\/it\/palazzo-laterano-e-museo-storico-vaticano\/\">Palazzo del Laterano e Museo Storico Vaticano<\/a><a href=\"https:\/\/www.rome-roma.net\/it\/palazzo-laterano-e-museo-storico-vaticano\/\" title=\"Palazzo del Laterano e Museo Storico Vaticano\"><img src=\"https:\/\/www.rome-roma.net\/wp-content\/uploads\/2020\/01\/piazza-san-giovanni-in-laterano_1958-1024x683.jpg\" class=\"classthumblist\"  alt=\"Palazzo del Laterano e Museo Storico Vaticano\" \/><\/a><div class=\"lcp_excerpt\">Palazzo Lateranense: l&#8217;antico palazzo dei Papi a Roma\n\nDi fronte alla Scala Santa, sulla Piazza San Giovanni in Laterano e sul ...<\/div><\/li><li><a href=\"https:\/\/www.rome-roma.net\/it\/scala-santa-e-sancta-sanctorum\/\">Scala Santa e Sancta Sanctorum<\/a><a href=\"https:\/\/www.rome-roma.net\/it\/scala-santa-e-sancta-sanctorum\/\" title=\"Scala Santa e Sancta Sanctorum\"><img width=\"50\" height=\"50\" src=\"https:\/\/www.rome-roma.net\/wp-content\/uploads\/2020\/02\/sanctuaire-sancta-sanctorum-saint-escalier-2184-150x150.jpg\" class=\"classthumblist wp-post-image\" alt=\"Scala Santa e Sancta Sanctorum\" loading=\"lazy\" srcset=\"https:\/\/www.rome-roma.net\/wp-content\/uploads\/2020\/02\/sanctuaire-sancta-sanctorum-saint-escalier-2184-150x150.jpg 150w, https:\/\/www.rome-roma.net\/wp-content\/uploads\/2020\/02\/sanctuaire-sancta-sanctorum-saint-escalier-2184-50x50.jpg 50w, https:\/\/www.rome-roma.net\/wp-content\/uploads\/2020\/02\/sanctuaire-sancta-sanctorum-saint-escalier-2184-80x80.jpg 80w, https:\/\/www.rome-roma.net\/wp-content\/uploads\/2020\/02\/sanctuaire-sancta-sanctorum-saint-escalier-2184-75x75.jpg 75w\" sizes=\"(max-width: 50px) 100vw, 50px\" \/><\/a><div class=\"lcp_excerpt\">Sulla Piazza di San Giovanni in Laterano, di fronte al Palazzo del Laterano, il santuario fu costruito nel XVI secolo ...<\/div><\/li><li><a href=\"https:\/\/www.rome-roma.net\/it\/mura-aureliane\/porta-asinaria-roma\/\">Porta Asinaria<\/a><a href=\"https:\/\/www.rome-roma.net\/it\/mura-aureliane\/porta-asinaria-roma\/\" title=\"Porta Asinaria\"><img src=\"https:\/\/www.rome-roma.net\/photos\/2013-mars2014\/portesderome\/images\/porta_asinaria_roma_2178.jpg\" class=\"classthumblist\"  alt=\"Porta Asinaria\" \/><\/a><div class=\"lcp_excerpt\">La Porta Asinaria \u00e8 una porta che si apre nelle mura Aureliane di Roma. Fu anche chiamata Porta Lateranensis durante ...<\/div><\/li><li><a href=\"https:\/\/www.rome-roma.net\/it\/mura-aureliane\/la-porta-san-giovanni\/\">Porta San Giovanni<\/a><a href=\"https:\/\/www.rome-roma.net\/it\/mura-aureliane\/la-porta-san-giovanni\/\" title=\"Porta San Giovanni\"><img src=\"https:\/\/www.rome-roma.net\/photos\/2013-mars2014\/portesderome\/images\/porta_san_giovanni_roma_2180.jpg\" class=\"classthumblist\"  alt=\"Porta San Giovanni\" \/><\/a><div class=\"lcp_excerpt\">La Porta San Giovanni \u00e8 una porta che si apre nelle mura Aureliane vicino alla Basilica di San Giovanni in ...<\/div><\/li><\/ul>\n\n\n<p><!--EndFragment--><\/p>","protected":false},"excerpt":{"rendered":"<p>L&#8217;obelisco Lateranense, situato al centro della piazza San Giovanni in Laterano, \u00e8 un obelisco egizio risalente al XV secolo a.C. In origine si ergeva a est del Tempio di Amon-Ra a Karnak, eretto dal faraone Thutmosi III in onore di Amon-Ra.Nel luogo in cui ora si trova l&#8217;obelisco, per secoli si ergeva la statua equestre [&hellip;]<\/p>\n","protected":false},"featured_media":0,"parent":0,"menu_order":0,"comment_status":"open","ping_status":"open","template":"","format":"standard","meta":{"kt_blocks_editor_width":"","_links_to":"","_links_to_target":""},"genre":[268,271,274],"interet":[286],"quartier":[319],"categorie_site":[387,388,401,425],"quartier_historique":[],"etiquettes_site":[],"acf":[],"yoast_head":"<!-- This site is optimized with the Yoast SEO plugin v17.4 - https:\/\/yoast.com\/wordpress\/plugins\/seo\/ -->\n<title>Obelisco Lateranense: il pi\u00f9 grande di Roma &ndash; Rome-Roma<\/title>\n<meta name=\"description\" content=\"L&#039;obelisco lateranense, in piazza San Giovanni in Laterano, \u00e8 un obelisco egizio del XV secolo a.C. proveniente dal Tempio di Karnak, sotto il faraone Tutmosis III\" \/>\n<meta name=\"robots\" content=\"index, follow, max-snippet:-1, max-image-preview:large, max-video-preview:-1\" \/>\n<link rel=\"canonical\" href=\"https:\/\/www.rome-roma.net\/it\/obelisco-del-laterano-il-piu-grande-di-roma\/\" \/>\n<meta property=\"og:locale\" content=\"it_IT\" \/>\n<meta property=\"og:type\" content=\"article\" \/>\n<meta property=\"og:title\" content=\"Obelisco Lateranense: il pi\u00f9 grande di Roma &ndash; Rome-Roma\" \/>\n<meta property=\"og:description\" content=\"L&#039;obelisco lateranense, in piazza San Giovanni in Laterano, \u00e8 un obelisco egizio del XV secolo a.C. proveniente dal Tempio di Karnak, sotto il faraone Tutmosis III\" \/>\n<meta property=\"og:url\" content=\"https:\/\/www.rome-roma.net\/it\/obelisco-del-laterano-il-piu-grande-di-roma\/\" \/>\n<meta property=\"og:site_name\" content=\"Rome-Roma\" \/>\n<meta property=\"article:modified_time\" content=\"2025-01-24T08:51:12+00:00\" \/>\n<meta property=\"og:image\" content=\"https:\/\/www.rome-roma.net\/wp-content\/uploads\/2020\/01\/piazza-san-giovanni-in-laterano_0216-683x1024.jpg\" \/>\n<meta name=\"twitter:card\" content=\"summary_large_image\" \/>\n<meta name=\"twitter:label1\" content=\"Tempo di lettura stimato\" \/>\n\t<meta name=\"twitter:data1\" content=\"5 minuti\" \/>\n<script type=\"application\/ld+json\" class=\"yoast-schema-graph\">{\"@context\":\"https:\/\/schema.org\",\"@graph\":[{\"@type\":\"Organization\",\"@id\":\"https:\/\/www.rome-roma.net\/it\/#organization\",\"name\":\"Rome-Roma\",\"url\":\"https:\/\/www.rome-roma.net\/it\/\",\"sameAs\":[],\"logo\":{\"@type\":\"ImageObject\",\"@id\":\"https:\/\/www.rome-roma.net\/it\/#logo\",\"inLanguage\":\"it-IT\",\"url\":\"https:\/\/www.rome-roma.net\/wp-content\/uploads\/2025\/07\/logo-rome-roma-420.jpg\",\"contentUrl\":\"https:\/\/www.rome-roma.net\/wp-content\/uploads\/2025\/07\/logo-rome-roma-420.jpg\",\"width\":420,\"height\":420,\"caption\":\"Rome-Roma\"},\"image\":{\"@id\":\"https:\/\/www.rome-roma.net\/it\/#logo\"}},{\"@type\":\"WebSite\",\"@id\":\"https:\/\/www.rome-roma.net\/it\/#website\",\"url\":\"https:\/\/www.rome-roma.net\/it\/\",\"name\":\"Rome-Roma\",\"description\":\"Cultura & Viaggio\",\"publisher\":{\"@id\":\"https:\/\/www.rome-roma.net\/it\/#organization\"},\"potentialAction\":[{\"@type\":\"SearchAction\",\"target\":{\"@type\":\"EntryPoint\",\"urlTemplate\":\"https:\/\/www.rome-roma.net\/it\/?s={search_term_string}\"},\"query-input\":\"required name=search_term_string\"}],\"inLanguage\":\"it-IT\"},{\"@type\":\"ImageObject\",\"@id\":\"https:\/\/www.rome-roma.net\/it\/obelisco-del-laterano-il-piu-grande-di-roma\/#primaryimage\",\"inLanguage\":\"it-IT\",\"url\":\"https:\/\/www.rome-roma.net\/wp-content\/uploads\/2020\/01\/piazza-san-giovanni-in-laterano_0216.jpg\",\"contentUrl\":\"https:\/\/www.rome-roma.net\/wp-content\/uploads\/2020\/01\/piazza-san-giovanni-in-laterano_0216.jpg\",\"width\":800,\"height\":1200,\"caption\":\"Ob\\u00e9lisque du Lartan\"},{\"@type\":\"WebPage\",\"@id\":\"https:\/\/www.rome-roma.net\/it\/obelisco-del-laterano-il-piu-grande-di-roma\/#webpage\",\"url\":\"https:\/\/www.rome-roma.net\/it\/obelisco-del-laterano-il-piu-grande-di-roma\/\",\"name\":\"Obelisco Lateranense: il pi\\u00f9 grande di Roma &ndash; Rome-Roma\",\"isPartOf\":{\"@id\":\"https:\/\/www.rome-roma.net\/it\/#website\"},\"primaryImageOfPage\":{\"@id\":\"https:\/\/www.rome-roma.net\/it\/obelisco-del-laterano-il-piu-grande-di-roma\/#primaryimage\"},\"datePublished\":\"2020-02-22T14:08:00+00:00\",\"dateModified\":\"2025-01-24T08:51:12+00:00\",\"description\":\"L'obelisco lateranense, in piazza San Giovanni in Laterano, \\u00e8 un obelisco egizio del XV secolo a.C. proveniente dal Tempio di Karnak, sotto il faraone Tutmosis III\",\"breadcrumb\":{\"@id\":\"https:\/\/www.rome-roma.net\/it\/obelisco-del-laterano-il-piu-grande-di-roma\/#breadcrumb\"},\"inLanguage\":\"it-IT\",\"potentialAction\":[{\"@type\":\"ReadAction\",\"target\":[\"https:\/\/www.rome-roma.net\/it\/obelisco-del-laterano-il-piu-grande-di-roma\/\"]}]},{\"@type\":\"BreadcrumbList\",\"@id\":\"https:\/\/www.rome-roma.net\/it\/obelisco-del-laterano-il-piu-grande-di-roma\/#breadcrumb\",\"itemListElement\":[{\"@type\":\"ListItem\",\"position\":1,\"name\":\"Accueil\",\"item\":\"https:\/\/www.rome-roma.net\/it\/\"},{\"@type\":\"ListItem\",\"position\":2,\"name\":\"Obelisco Lateranense: il pi\\u00f9 grande di Roma\"}]}]}<\/script>\n<!-- \/ Yoast SEO plugin. -->","yoast_head_json":{"title":"Obelisco Lateranense: il pi\u00f9 grande di Roma &ndash; Rome-Roma","description":"L'obelisco lateranense, in piazza San Giovanni in Laterano, \u00e8 un obelisco egizio del XV secolo a.C. proveniente dal Tempio di Karnak, sotto il faraone Tutmosis III","robots":{"index":"index","follow":"follow","max-snippet":"max-snippet:-1","max-image-preview":"max-image-preview:large","max-video-preview":"max-video-preview:-1"},"canonical":"https:\/\/www.rome-roma.net\/it\/obelisco-del-laterano-il-piu-grande-di-roma\/","og_locale":"it_IT","og_type":"article","og_title":"Obelisco Lateranense: il pi\u00f9 grande di Roma &ndash; Rome-Roma","og_description":"L'obelisco lateranense, in piazza San Giovanni in Laterano, \u00e8 un obelisco egizio del XV secolo a.C. proveniente dal Tempio di Karnak, sotto il faraone Tutmosis III","og_url":"https:\/\/www.rome-roma.net\/it\/obelisco-del-laterano-il-piu-grande-di-roma\/","og_site_name":"Rome-Roma","article_modified_time":"2025-01-24T08:51:12+00:00","og_image":[{"url":"https:\/\/www.rome-roma.net\/wp-content\/uploads\/2020\/01\/piazza-san-giovanni-in-laterano_0216-683x1024.jpg"}],"twitter_card":"summary_large_image","twitter_misc":{"Tempo di lettura stimato":"5 minuti"},"schema":{"@context":"https:\/\/schema.org","@graph":[{"@type":"Organization","@id":"https:\/\/www.rome-roma.net\/it\/#organization","name":"Rome-Roma","url":"https:\/\/www.rome-roma.net\/it\/","sameAs":[],"logo":{"@type":"ImageObject","@id":"https:\/\/www.rome-roma.net\/it\/#logo","inLanguage":"it-IT","url":"https:\/\/www.rome-roma.net\/wp-content\/uploads\/2025\/07\/logo-rome-roma-420.jpg","contentUrl":"https:\/\/www.rome-roma.net\/wp-content\/uploads\/2025\/07\/logo-rome-roma-420.jpg","width":420,"height":420,"caption":"Rome-Roma"},"image":{"@id":"https:\/\/www.rome-roma.net\/it\/#logo"}},{"@type":"WebSite","@id":"https:\/\/www.rome-roma.net\/it\/#website","url":"https:\/\/www.rome-roma.net\/it\/","name":"Rome-Roma","description":"Cultura & Viaggio","publisher":{"@id":"https:\/\/www.rome-roma.net\/it\/#organization"},"potentialAction":[{"@type":"SearchAction","target":{"@type":"EntryPoint","urlTemplate":"https:\/\/www.rome-roma.net\/it\/?s={search_term_string}"},"query-input":"required name=search_term_string"}],"inLanguage":"it-IT"},{"@type":"ImageObject","@id":"https:\/\/www.rome-roma.net\/it\/obelisco-del-laterano-il-piu-grande-di-roma\/#primaryimage","inLanguage":"it-IT","url":"https:\/\/www.rome-roma.net\/wp-content\/uploads\/2020\/01\/piazza-san-giovanni-in-laterano_0216.jpg","contentUrl":"https:\/\/www.rome-roma.net\/wp-content\/uploads\/2020\/01\/piazza-san-giovanni-in-laterano_0216.jpg","width":800,"height":1200,"caption":"Ob\u00e9lisque du Lartan"},{"@type":"WebPage","@id":"https:\/\/www.rome-roma.net\/it\/obelisco-del-laterano-il-piu-grande-di-roma\/#webpage","url":"https:\/\/www.rome-roma.net\/it\/obelisco-del-laterano-il-piu-grande-di-roma\/","name":"Obelisco Lateranense: il pi\u00f9 grande di Roma &ndash; Rome-Roma","isPartOf":{"@id":"https:\/\/www.rome-roma.net\/it\/#website"},"primaryImageOfPage":{"@id":"https:\/\/www.rome-roma.net\/it\/obelisco-del-laterano-il-piu-grande-di-roma\/#primaryimage"},"datePublished":"2020-02-22T14:08:00+00:00","dateModified":"2025-01-24T08:51:12+00:00","description":"L'obelisco lateranense, in piazza San Giovanni in Laterano, \u00e8 un obelisco egizio del XV secolo a.C. proveniente dal Tempio di Karnak, sotto il faraone Tutmosis III","breadcrumb":{"@id":"https:\/\/www.rome-roma.net\/it\/obelisco-del-laterano-il-piu-grande-di-roma\/#breadcrumb"},"inLanguage":"it-IT","potentialAction":[{"@type":"ReadAction","target":["https:\/\/www.rome-roma.net\/it\/obelisco-del-laterano-il-piu-grande-di-roma\/"]}]},{"@type":"BreadcrumbList","@id":"https:\/\/www.rome-roma.net\/it\/obelisco-del-laterano-il-piu-grande-di-roma\/#breadcrumb","itemListElement":[{"@type":"ListItem","position":1,"name":"Accueil","item":"https:\/\/www.rome-roma.net\/it\/"},{"@type":"ListItem","position":2,"name":"Obelisco Lateranense: il pi\u00f9 grande di Roma"}]}]}},"acf_fields":{"nom_monument":null,"wikidata":"Q645181","sameas":null},"_links":{"self":[{"href":"https:\/\/www.rome-roma.net\/it\/wp-json\/wp\/v2\/site\/31654"}],"collection":[{"href":"https:\/\/www.rome-roma.net\/it\/wp-json\/wp\/v2\/site"}],"about":[{"href":"https:\/\/www.rome-roma.net\/it\/wp-json\/wp\/v2\/types\/site"}],"replies":[{"embeddable":true,"href":"https:\/\/www.rome-roma.net\/it\/wp-json\/wp\/v2\/comments?post=31654"}],"wp:attachment":[{"href":"https:\/\/www.rome-roma.net\/it\/wp-json\/wp\/v2\/media?parent=31654"}],"wp:term":[{"taxonomy":"genre","embeddable":true,"href":"https:\/\/www.rome-roma.net\/it\/wp-json\/wp\/v2\/genre?post=31654"},{"taxonomy":"interet","embeddable":true,"href":"https:\/\/www.rome-roma.net\/it\/wp-json\/wp\/v2\/interet?post=31654"},{"taxonomy":"quartier","embeddable":true,"href":"https:\/\/www.rome-roma.net\/it\/wp-json\/wp\/v2\/quartier?post=31654"},{"taxonomy":"categorie_site","embeddable":true,"href":"https:\/\/www.rome-roma.net\/it\/wp-json\/wp\/v2\/categorie_site?post=31654"},{"taxonomy":"quartier_historique","embeddable":true,"href":"https:\/\/www.rome-roma.net\/it\/wp-json\/wp\/v2\/quartier_historique?post=31654"},{"taxonomy":"etiquettes_site","embeddable":true,"href":"https:\/\/www.rome-roma.net\/it\/wp-json\/wp\/v2\/etiquettes_site?post=31654"}],"curies":[{"name":"wp","href":"https:\/\/api.w.org\/{rel}","templated":true}]}}