


{"id":5482,"date":"2020-01-09T11:39:21","date_gmt":"2020-01-09T10:39:21","guid":{"rendered":"https:\/\/www.rome-roma.net\/site\/forum-romain\/"},"modified":"2026-04-05T10:28:24","modified_gmt":"2026-04-05T08:28:24","slug":"foro-romano","status":"publish","type":"site","link":"https:\/\/www.rome-roma.net\/it\/foro-romano\/","title":{"rendered":"Foro romano di Roma"},"content":{"rendered":"\n<div id=\"attachment_4893\" style=\"width: 310px\" class=\"wp-caption alignright\"><a href=\"https:\/\/www.rome-roma.net\/wp-content\/uploads\/2020\/01\/forum-romain_6519.jpg\"><img aria-describedby=\"caption-attachment-4893\" loading=\"lazy\" class=\"wp-image-4893\" src=\"https:\/\/www.rome-roma.net\/wp-content\/uploads\/2020\/01\/forum-romain_6519-1024x683.jpg\" alt=\"Vista sul Foro Romano\" width=\"300\" height=\"200\" srcset=\"https:\/\/www.rome-roma.net\/wp-content\/uploads\/2020\/01\/forum-romain_6519-1024x683.jpg 1024w, https:\/\/www.rome-roma.net\/wp-content\/uploads\/2020\/01\/forum-romain_6519-300x200.jpg 300w, https:\/\/www.rome-roma.net\/wp-content\/uploads\/2020\/01\/forum-romain_6519-768x512.jpg 768w, https:\/\/www.rome-roma.net\/wp-content\/uploads\/2020\/01\/forum-romain_6519.jpg 1200w\" sizes=\"(max-width: 300px) 100vw, 300px\" \/><\/a><p id=\"caption-attachment-4893\" class=\"wp-caption-text\">Vista sul foro con l&#8217;Arco di Settimio Severo<\/p><\/div>\n<p>Il <strong>Foro Romano<\/strong> \u00e8 uno dei siti archeologici pi\u00f9 affascinanti del mondo romano, una meravigliosa occasione per tornare indietro nel tempo. <br>Una visita completa pu\u00f2 richiedere diverse ore per esplorare i suoi innumerevoli resti e immergersi nella ricca storia dei suoi numerosi edifici. La <strong>Via Sacra<\/strong>, un&#8217;antica strada lastricata, attraversa il sito per quasi <strong>600 metri<\/strong>, collegando il <a href=\"https:\/\/www.rome-roma.net\/it\/colosseo\/\">Colosseo<\/a> al <a href=\"https:\/\/www.rome-roma.net\/it\/il-campidoglio-antico\/\">Campidoglio<\/a>.<\/p>\n<h2>Il cuore della vita pubblica romana<\/h2>\n<p>Conosciuto anche come <strong>Foro Repubblicano<\/strong>, questo sito fu per quasi mille anni il cuore della vita pubblica romana. Dai primi giorni della Repubblica fino agli ultimi secoli dell&#8217;Impero, ha ospitato una miriade di attivit\u00e0 politiche, religiose, commerciali e giudiziarie.<\/p>\n<p>I resti che si possono ammirare oggi provengono da diverse epoche. Alcuni dei monumenti pi\u00f9 antichi sono scomparsi, spesso sepolti sotto strati di terra accumulati nel corso dei secoli o integrati in nuove costruzioni. Tuttavia, le tracce lasciate dagli imperatori rimangono, con strutture emblematiche come: Il <strong>Tempio di Vespasiano e Tito<\/strong>; Il <a href=\"https:\/\/www.rome-roma.net\/it\/foro-romano\/tempio-di-antonino-e-faustina\/\"><strong>Tempio di Antonino e Faustina<\/strong><\/a>; L&#8217; <a href=\"https:\/\/www.rome-roma.net\/it\/foro-romano\/arco-di-settimio-severo\/\"><strong>Arco di Settimio Severo<\/strong><\/a>, edificato nel 203 per commemorare le vittorie dell&#8217;imperatore contro i Parti.<\/p>\n<p>Le ultime grandi opere includono il <a href=\"https:\/\/www.rome-roma.net\/it\/foro-romano\/tempio-del-divo-romolo\/\"><strong>Tempio di Romolo<\/strong><\/a> e la <a href=\"https:\/\/www.rome-roma.net\/it\/foro-romano\/basilica-di-massenzio\/\"> <strong>Basilica di Massenzio<\/strong><\/a>, eretti all&#8217;inizio del IV secolo. Infine, la <a href=\"https:\/\/www.rome-roma.net\/it\/foro-romano\/colonna-di-foca\/\"><strong>Colonna di Foca<\/strong><\/a>, dedicata nel 608 all&#8217;imperatore bizantino, fu l&#8217;ultimo monumento aggiunto al foro.<\/p>\n\n\n<h2>L&#8217;origine del foro e la sua evoluzione<\/h2>\n<p>In origine, la valle del Foro era una zona paludosa e poco ospitale. Tra il <strong>X e il VII secolo a.C.<\/strong>, fu utilizzata come necropoli per i villaggi situati sulle colline circostanti.<\/p>\n<p>Fu intorno al <strong>600 a.C.<\/strong>, sotto il regno di <strong>Tarquinio Prisco<\/strong>, re etrusco, che la valle venne trasformata. Un ampio canale, precursore della celebre <strong>Cloaca Massima<\/strong>, fu scavato per drenare le acque stagnanti verso il Tevere. Il terreno, inizialmente livellato con terra battuta, divenne gradualmente uno spazio centrale dedicato alla vita cittadina.<\/p>\n<p>Il Foro divenne cos\u00ec la principale piazza pubblica di Roma, comprendente templi, santuari e edifici politici come la <strong>Curia<\/strong>, dove si riuniva il Senato romano. A partire dal <strong>II secolo a.C.<\/strong>, furono aggiunte basiliche per ospitare le attivit\u00e0 giudiziarie. Questo crocevia di attivit\u00e0 era continuamente animato dalla presenza di avvocati, sacerdoti, mercanti e cittadini venuti ad ascoltare i discorsi pronunciati dalla <strong>tribuna dei Rostri<\/strong>, un luogo emblematico dove gli oratori politici si rivolgevano direttamente al popolo.<\/p>\n<h3>Le estensioni imperiali dei fori<\/h3>\n<p>Di fronte al crescente affollamento del Foro principale, <strong>Giulio Cesare<\/strong> avvi\u00f2 la costruzione di uno spazio complementare: il <a href=\"https:\/\/www.rome-roma.net\/it\/fori-imperiali\/foro-di-cesare\/\"><strong>Foro di Cesare<\/strong><\/a>. Questo esempio fu seguito dai suoi successori e, sotto l\u2019Impero, furono edificati altri fori, tra cui il <a href=\"https:\/\/www.rome-roma.net\/it\/fori-imperiali\/foro-di-augusto\/\"><strong>Foro di Augusto<\/strong><\/a>, il <a href=\"https:\/\/www.rome-roma.net\/it\/fori-imperiali\/tempio-della-pace\/\"><strong>Foro della Pace<\/strong><\/a>, il <a href=\"https:\/\/www.rome-roma.net\/it\/fori-imperiali\/foro-di-nerva\/\"><strong>Foro di Nerva<\/strong><\/a> e infine il maestoso <a href=\"https:\/\/www.rome-roma.net\/it\/foro-di-traiano\/\"><strong>Foro di Traiano<\/strong><\/a>, realizzato dopo l\u2019abbattimento di una collina che collegava il Campidoglio al Quirinale.<\/p>\n\n\n<h2>Orari, tariffe e visite<\/h2>\n\n\n<table style=\"margin-bottom: 0rem;\"><tbody><tr style=\"background-color:#ffffff; \" \r\n    onmouseover=\"this.style.backgroundColor='#f7dbb8';\" \r\n    onmouseout=\"this.style.backgroundColor='#ffffff';\"><td style=\"width:70px;\"><a href=\"https:\/\/www.getyourguide.it\/forum-romain-l2618\/?partner_id=DLYVAO3&#038;utm_medium=online_publisher&#038;placement=content-top\" target=\"_blank\" rel=\"nofollow noopener\"><img style=\"display:inline;vertical-align:middle;padding:5px;\" src=\"https:\/\/www.rome-roma.net\/images\/icones\/icone-tickets2.png\" alt=\"icona biglietti visita\" title=\"Biglietti per visitare il foro romano\" width=\"50\"><\/a><\/td><td style=\"vertical-align:middle;text-align:left;\"><a href=\"https:\/\/www.getyourguide.it\/forum-romain-l2618\/?partner_id=DLYVAO3&#038;utm_medium=online_publisher&#038;placement=content-top\" target=\"_blank\" rel=\"nofollow noopener\">Biglietti per visitare il foro romano<\/a><\/td><\/tr><tr style=\"background-color:#fcfaf7; \" \r\n    onmouseover=\"this.style.backgroundColor='#f7dbb8';\" \r\n    onmouseout=\"this.style.backgroundColor='#fcfaf7';\"><td style=\"width:70px;\"><a href=\"https:\/\/www.booking.com\/searchresults.it.html?aid=308344;label=headerlandmark;landmark=2125;group_adults=2;no_rooms=1;group_children=0;nflt=review_score=80%3Bdistance=1000\" target=\"_blank\" rel=\"nofollow noopener\"><img style=\"display:inline;vertical-align:middle;padding:5px;\" src=\"https:\/\/www.rome-roma.net\/images\/icones\/icone-hotel22.png\" alt=\"icona alberghi\" title=\"Alberghi, camere e appartamenti vicino al monumento\" width=\"50\"><\/a><\/td><td style=\"vertical-align:middle;text-align:left;\"><a href=\"https:\/\/www.booking.com\/searchresults.it.html?aid=308344;label=headerlandmark;landmark=2125;group_adults=2;no_rooms=1;group_children=0;nflt=review_score=80%3Bdistance=1000\" target=\"_blank\" rel=\"nofollow noopener\">Alberghi, camere e appartamenti vicino al monumento<\/a><\/td><\/tr><tr><td colspan=\"2\"><div data-gyg-href=\"https:\/\/widget.getyourguide.com\/default\/activities.frame\" data-gyg-location-id=\"2619\" data-gyg-locale-code=\"it-IT\" data-gyg-widget=\"activities\" data-gyg-number-of-items=\"4\" data-gyg-partner-id=\"DLYVAO3\"><\/div><\/td><\/tr><\/tbody><\/table>\n\n\n<table style=\"border-collapse: collapse; width: 100%;\">\n<tbody>\n<tr style=\"background-color: #fae8c3;\">\n<td style=\"width: 100%;\"><span style=\"font-size: 10pt;\"><strong>Foro Romano<\/strong><\/span><br \/><span style=\"font-size: 10pt;\"><em>Via della Salara Vecchia, 5\/6, 00186 Roma<br \/>Informazioni e prenotazioni: +39.06.39967700 (dalle 10:00 alle 17:00 tutti i giorni)<br \/><\/em><\/span><\/td>\n<\/tr>\n<tr style=\"background-color: #f7ece1;\">\n<td style=\"width: 100%;\">\n<p><span style=\"font-size: 10pt;\"><strong>Orari<\/strong><\/span><\/p>\n<p><span style=\"font-size: 10pt;\">Aperto tutti i giorni tranne il 25 dicembre, 1 gennaio e 3 aprile 2026.<\/span><\/p>\n<ul>\n<li><span style=\"font-size: 10pt;\">Dal 1 al 28 marzo 2026: dalle 8:30 alle 17:30 (ultimo ingresso alle 16:30)<\/span><br \/><span style=\"font-size: 10pt;\">Dal 29 marzo al 30 settembre: dalle 8:30 alle 19:15 (ingresso fino alle 18:15)<\/span><br \/><span style=\"font-size: 10pt;\">Dal 1 al 24 ottobre: dalle 8:30 alle 18:30 (ultimo ingresso alle 17:30)<\/span><br \/><span style=\"font-size: 10pt;\">Dal 25 ottobre 2026 al 28 febbraio 2027: 8:30 &#8211; 16:30 (ultimo ingresso alle 15:30)<\/span><\/li>\n<li><span style=\"font-size: 10pt;\">Dal 24 marzo al 4 aprile 2026: chiusure parziali al mattino di alcuni siti<\/span><\/li>\n<li><span style=\"font-size: 10pt;\">Chiusure 2026: 25 dicembre, 1 gennaio, 3 aprile<\/span><\/li>\n<\/ul>\n<p><span style=\"font-size: 10pt;\"><strong>Tariffe<\/strong><\/span><\/p>\n<ul>\n<li><span style=\"font-size: 10pt;\"><strong>Biglietto &#8220;24h \u2013 Foro, Colosseo, Palatino&#8221;<\/strong><\/span><br \/><span style=\"font-size: 10pt;\">Tariffa intera \u20ac 18 \/ Tariffa ridotta Roma Pass \u20ac 11,50 \/ Tariffa ridotta \u20ac 2 (18-24 anni UE, insegnanti UE) \/ Gratuito per i minori di 18 anni dell&#8217;UE, ecc.<br \/><\/span><span style=\"font-size: 10pt;\">Un unico ingresso per il Colosseo (senza l&#8217;arena), cos\u00ec come un unico ingresso alla zona archeologica del Foro Romano, del Palatino e dei Fori Imperiali, valido per 24 ore.<\/span><\/li>\n<li><span style=\"font-size: 10pt;\"><strong>Biglietto &#8220;Full Experience&#8221;<\/strong><\/span><br \/><span style=\"font-size: 10pt;\">Tariffa intera \u20ac 24 \/ Tariffa ridotta \u20ac 2 (vedi casi sopra elencati)<br \/><\/span><span style=\"font-size: 10pt;\">Valido per due giorni consecutivi, con un ingresso unico al Colosseo e un unico ingresso alla zona archeologica del Foro Romano, dei Fori Imperiali e del Palatino, con opzioni come siti qualificati &#8220;SUPER&#8221; o scelta tra arena, sotterranei, panorama del Colosseo, ecc.<\/span><\/li>\n<li><span class=\"accueilparagraphe\" style=\"font-size: 10pt;\"><strong>Biglietto &#8220;Forum Pass Super&#8221;<\/strong> <br \/><span class=\"accueilparagraphe\">Tariffa intera \u20ac 18 \/ Tariffa ridotta Roma Pass ? \/ Tariffa ridotta \u20ac 2 (18-24 anni UE, insegnanti UE) \/ Gratuito per i minori di 18 anni dell&#8217;UE, ecc.<br \/><\/span><\/span><span class=\"accueilparagraphe\" style=\"font-size: 10pt;\">Un ingresso &#8220;open&#8221; alla zona archeologica del Foro e Palatino (il Colosseo \u00e8 escluso), accesso ai siti &#8220;SUPER&#8221;, e un ingresso ai Fori Imperiali<\/span><\/li>\n<\/ul>\n<p><span style=\"font-size: 10pt;\">Gratuito la prima domenica di ogni mese, ma senza accesso all&#8217;arena o ai sotterranei del Colosseo in quel giorno.<\/span><\/p>\n<table style=\"margin-bottom: 0rem;\"><tbody><tr style=\"background-color:#fcfaf7; \" \r\n    onmouseover=\"this.style.backgroundColor='#f7dbb8';\" \r\n    onmouseout=\"this.style.backgroundColor='#fcfaf7';\"><td style=\"width:70px;\"><a href=\"https:\/\/www.getyourguide.it\/forum-romain-l2618\/?partner_id=DLYVAO3&#038;utm_medium=online_publisher&#038;placement=content-top\" target=\"_blank\" rel=\"nofollow noopener\"><img style=\"display:inline;vertical-align:middle;padding:5px;\" src=\"https:\/\/www.rome-roma.net\/images\/icones\/icone-tickets2.png\" alt=\"icona biglietti visita\" title=\"Biglietti per visitare il foro romano\" width=\"50\"><\/a><\/td><td style=\"vertical-align:middle;text-align:left;\"><a href=\"https:\/\/www.getyourguide.it\/forum-romain-l2618\/?partner_id=DLYVAO3&#038;utm_medium=online_publisher&#038;placement=content-top\" target=\"_blank\" rel=\"nofollow noopener\">Biglietti per visitare il foro romano<\/a><\/td><\/tr><tr style=\"background-color:#ffffff; \" \r\n    onmouseover=\"this.style.backgroundColor='#f7dbb8';\" \r\n    onmouseout=\"this.style.backgroundColor='#ffffff';\"><td style=\"width:70px;\"><a href=\"https:\/\/www.booking.com\/searchresults.it.html?aid=308344;label=headerlandmark;landmark=2125;group_adults=2;no_rooms=1;group_children=0;nflt=review_score=80%3Bdistance=1000\" target=\"_blank\" rel=\"nofollow noopener\"><img style=\"display:inline;vertical-align:middle;padding:5px;\" src=\"https:\/\/www.rome-roma.net\/images\/icones\/icone-hotel22.png\" alt=\"icona alberghi\" title=\"Alberghi, camere e appartamenti vicino al monumento\" width=\"50\"><\/a><\/td><td style=\"vertical-align:middle;text-align:left;\"><a href=\"https:\/\/www.booking.com\/searchresults.it.html?aid=308344;label=headerlandmark;landmark=2125;group_adults=2;no_rooms=1;group_children=0;nflt=review_score=80%3Bdistance=1000\" target=\"_blank\" rel=\"nofollow noopener\">Alberghi, camere e appartamenti vicino al monumento<\/a><\/td><\/tr><\/tbody><\/table>\n<\/td>\n<\/tr>\n<tr style=\"background-color: #fae8c3;\">\n<td style=\"width: 100%;\">\n<p><span style=\"font-size: 10pt;\"> <strong>Link<\/strong><\/span><\/p>\n<ul>\n<li><span class=\"accueilparagraphe\" style=\"font-size: 10pt;\">Sito del comune di Roma: <a href=\"https:\/\/060608.comune.roma.it\/cultura\/beni-archeologici\/area-archeologica-foro-romano-e-palatino-3749\" target=\"_blank\" rel=\"noopener\"> www.060608.it<\/a><\/span><\/li>\n<li><span class=\"accueilparagraphe\" style=\"font-size: 10pt;\">Siti ufficiali: <a href=\"https:\/\/colosseo.it\/area\/foro-romano\/\" target=\"_blank\" rel=\"noopener\">colosseo.it<\/a><\/span><\/li>\n<li><span style=\"font-size: 10pt;\">Altre fonti: <a href=\"https:\/\/it.wikipedia.org\/wiki\/Foro_Romano\" target=\"_blank\" rel=\"noopener\">it.wikipedia.org<\/a>, <a href=\"https:\/\/www.romasegreta.it\/campitelli\/foro-romano.html\" target=\"_blank\" rel=\"noopener\">www.romasegreta.it<\/a><\/span><\/li>\n<\/ul>\n<\/td>\n<\/tr>\n<\/tbody>\n<\/table>\n\n\n\n<h2>Percorso del Foro Romano<\/h2>\n\n\n\n<div id=\"attachment_8104\" style=\"width: 310px\" class=\"wp-caption alignright\"><a href=\"https:\/\/www.rome-roma.net\/wp-content\/uploads\/2020\/01\/mappafororomano_roma_01021.jpg\"><img aria-describedby=\"caption-attachment-8104\" loading=\"lazy\" class=\"wp-image-8104 size-medium\" src=\"https:\/\/www.rome-roma.net\/wp-content\/uploads\/2020\/01\/mappafororomano_roma_01021-300x225.jpg\" alt=\"pianta del foro romano\" width=\"300\" height=\"225\" srcset=\"https:\/\/www.rome-roma.net\/wp-content\/uploads\/2020\/01\/mappafororomano_roma_01021-300x225.jpg 300w, https:\/\/www.rome-roma.net\/wp-content\/uploads\/2020\/01\/mappafororomano_roma_01021-1024x769.jpg 1024w, https:\/\/www.rome-roma.net\/wp-content\/uploads\/2020\/01\/mappafororomano_roma_01021-768x576.jpg 768w, https:\/\/www.rome-roma.net\/wp-content\/uploads\/2020\/01\/mappafororomano_roma_01021-1536x1153.jpg 1536w, https:\/\/www.rome-roma.net\/wp-content\/uploads\/2020\/01\/mappafororomano_roma_01021-800x600.jpg 800w, https:\/\/www.rome-roma.net\/wp-content\/uploads\/2020\/01\/mappafororomano_roma_01021-320x240.jpg 320w, https:\/\/www.rome-roma.net\/wp-content\/uploads\/2020\/01\/mappafororomano_roma_01021-640x480.jpg 640w, https:\/\/www.rome-roma.net\/wp-content\/uploads\/2020\/01\/mappafororomano_roma_01021.jpg 1600w\" sizes=\"(max-width: 300px) 100vw, 300px\" \/><\/a><p id=\"caption-attachment-8104\" class=\"wp-caption-text\">Pianta del foro romano<\/p><\/div>\n<h3>Via Sacra e il Campidoglio<\/h3>\n<p>La <strong>Via Sacra<\/strong> (<em>Via Sacra<\/em> in italiano) \u00e8 la principale arteria del foro, che collega l&#8217;est all&#8217;ovest. Era percorsa dai generali al ritorno dalle campagne militari per rendere omaggio nel <a href=\"https:\/\/www.rome-roma.net\/it\/tempio-di-giove-capitolino\/\"><strong>Tempio di Giove Capitolino<\/strong><\/a>, situato sul <strong>Campidoglio<\/strong><\/p>\n<p>Al nord della Via Sacra, vicino al Capitolino, si trova la <a href=\"https:\/\/www.rome-roma.net\/it\/foro-romano\/basilica-emilia\/\"><strong>Basilica Emilia<\/strong><\/a>, risalente all&#8217;epoca repubblicana (II secolo a.C.), dove veniva amministrata la giustizia e si svolgevano attivit\u00e0 commerciali. Nelle vicinanze, si passa davanti alla <a href=\"https:\/\/www.rome-roma.net\/it\/foro-romano\/curia-iulia\/\"><strong>Curia Iulia<\/strong><\/a>, sede del <strong>Senato romano<\/strong>, le cui origini risalgono ai primi re di Roma. Essa \u00e8 stata ricostruita pi\u00f9 volte. Davanti a questo edificio, una lastra di marmo nero segna il luogo del <em>Lapis Niger<\/em>, una pietra nera che, secondo la tradizione, segnerebbe il luogo della morte di <strong>Romolo<\/strong>, fondatore di Roma. Questa pietra, datata ai secoli VI-V a.C., \u00e8 oggi conservata nel museo delle Terme di Diocleziano.<\/p>\n<div id=\"attachment_25753\" style=\"width: 310px\" class=\"wp-caption alignleft\"><a href=\"https:\/\/www.rome-roma.net\/wp-content\/uploads\/2020\/01\/foro-romano-5634.jpg\"><img aria-describedby=\"caption-attachment-25753\" loading=\"lazy\" class=\"wp-image-25753 size-medium\" src=\"https:\/\/www.rome-roma.net\/wp-content\/uploads\/2020\/01\/foro-romano-5634-300x200.jpg\" alt=\"foro-romano_5634\" width=\"300\" height=\"200\" srcset=\"https:\/\/www.rome-roma.net\/wp-content\/uploads\/2020\/01\/foro-romano-5634-300x200.jpg 300w, https:\/\/www.rome-roma.net\/wp-content\/uploads\/2020\/01\/foro-romano-5634-1024x683.jpg 1024w, https:\/\/www.rome-roma.net\/wp-content\/uploads\/2020\/01\/foro-romano-5634-768x512.jpg 768w, https:\/\/www.rome-roma.net\/wp-content\/uploads\/2020\/01\/foro-romano-5634.jpg 1200w\" sizes=\"(max-width: 300px) 100vw, 300px\" \/><\/a><p id=\"caption-attachment-25753\" class=\"wp-caption-text\">Vista sulla parte occidentale del foro<\/p><\/div>\n<p>Al sud, di fronte alla Curia, si erge il imponente <a href=\"https:\/\/www.rome-roma.net\/it\/foro-romano\/arco-di-settimio-severo\/\"><strong>Arco di Settimio Severo<\/strong><\/a>. Eretto ai piedi del Capitolino nel 203 d.C. per celebrare i 10 anni di regno dell&#8217;imperatore, \u00e8 anche dedicato a suo figlio Caracalla e commemora le vittorie contro i Parti. \u00c8 il monumento meglio conservato del foro.<\/p>\n<p>Il lato nord del Foro, ai piedi del Capitolino, \u00e8 bordato dalla <strong>Tribuna dei Rostri<\/strong>, una tribuna semicircolare usata dagli oratori e dai magistrati per rivolgersi al popolo. In origine ornati dai <i>rostri<\/i>, gli speroni di bronzo provenienti dalle navi sconfitte nella battaglia di Anzio (338 a.C.), furono spostati sotto Giulio Cesare e ristrutturati sotto Augusto.<\/p>\n<p>Tra i Rostri e il <strong>Tabularium<\/strong>, dove erano conservati gli archivi dello Stato romano, si trovavano tre templi: il <strong>Tempio della Concordia<\/strong> (III secolo a.C.), oggi scomparso; il <strong>Tempio di Vespasiano e Tito<\/strong> (I secolo d.C.), di cui restano tre colonne; e l&#8217;antico <a href=\"https:\/\/www.rome-roma.net\/it\/foro-romano\/tempio-di-saturno\/\"><strong>Tempio di Saturno<\/strong><\/a>, risalente all&#8217;inizio del V secolo a.C. e ricostruito nel 42 a.C., di cui si possono ancora ammirare otto colonne ioniche.<\/p>\n<div id=\"attachment_25643\" style=\"width: 310px\" class=\"wp-caption alignright\"><a href=\"https:\/\/www.rome-roma.net\/wp-content\/uploads\/2020\/01\/foro-romano-campidoglio-tabularium-9786.jpg\"><img aria-describedby=\"caption-attachment-25643\" loading=\"lazy\" class=\"wp-image-25643 size-medium\" src=\"https:\/\/www.rome-roma.net\/wp-content\/uploads\/2020\/01\/foro-romano-campidoglio-tabularium-9786-300x200.jpg\" alt=\"foro-romano-campidoglio-tabularium_9786\" width=\"300\" height=\"200\" srcset=\"https:\/\/www.rome-roma.net\/wp-content\/uploads\/2020\/01\/foro-romano-campidoglio-tabularium-9786-300x200.jpg 300w, https:\/\/www.rome-roma.net\/wp-content\/uploads\/2020\/01\/foro-romano-campidoglio-tabularium-9786-1024x683.jpg 1024w, https:\/\/www.rome-roma.net\/wp-content\/uploads\/2020\/01\/foro-romano-campidoglio-tabularium-9786-768x512.jpg 768w, https:\/\/www.rome-roma.net\/wp-content\/uploads\/2020\/01\/foro-romano-campidoglio-tabularium-9786.jpg 1200w\" sizes=\"(max-width: 300px) 100vw, 300px\" \/><\/a><p id=\"caption-attachment-25643\" class=\"wp-caption-text\">Il Tabularium del Capitolino e il Tempio di Saturno<\/p><\/div>\n<p>Il <a href=\"https:\/\/www.rome-roma.net\/it\/foro-romano\/portico-degli-dei-consenti\/\"><strong>Portico degli Dei Consenti<\/strong><\/a>, situato nell&#8217;angolo nord-ovest, era decorato con statue dorate che raffigurano i dodici grandi dei pagani, disposte tra colonne corinzie.\u00a0<\/p>\n<h3>Cuore del Foro<\/h3>\n<p>A sud-ovest del foro, a sud della Via Sacra, si erge la <a href=\"https:\/\/www.rome-roma.net\/it\/foro-romano\/basilica-giulia\/\"><strong>Basilica Giulia<\/strong><\/a>, iniziata da Giulio Cesare nel 54 a.C. per sostituire la basilica Sempronia. Dotata di cinque navate e due piani, accoglieva le attivit\u00e0 giudiziarie e le questioni civili.<\/p>\n<p>Al nord della Basilica Giulia si trova la zona corrispondente al <a href=\"https:\/\/www.rome-roma.net\/it\/foro-romano\/foro-originale\/\">foro originario<\/a>, chiamato <strong>Comitium<\/strong>. Vi sono ancora diverse basi di statue, cos\u00ec come la <a href=\"https:\/\/www.rome-roma.net\/it\/foro-romano\/colonna-di-foca\/\"><strong>colonna dedicata all&#8217;imperatore Foca<\/strong><\/a>, eretta tardivamente nel 608 d.C. per onorare l&#8217;imperatore bizantino <strong>Foca<\/strong>, sebbene la colonna stessa risalga al II secolo d.C. <br \/>A est della Basilica Giulia, si ergono ancora le tre colonne rimanenti del <a href=\"https:\/\/www.rome-roma.net\/it\/foro-romano\/tempio-dei-dioscuri\/\"><strong>Tempio dei Dioscuri<\/strong><\/a>, dedicato a Castore e Polluce. Questo tempio, inaugurato nel 484 a.C., fu ricostruito nel I secolo d.C. Celebrava la vittoria romana nella battaglia del Lago Regillo (496 a.C.) contro i latini e i re Tarquini cacciati da Roma. Serviva come luogo di ritrovo per i romani dopo le battaglie. Nelle vicinanze, nella parte centrale del Foro, restano i resti del <a href=\"https:\/\/www.rome-roma.net\/it\/foro-romano\/tempio-del-divo-giulio\/\"><strong>Tempio del Divo Giulio<\/strong><\/a>, eretto nel 29 a.C. da Augusto in onore di Giulio Cesare divinizzato.<\/p>\n<p>Dall&#8217;altro lato, la strada del <strong>Vicus Tuscus<\/strong> porta agli imponenti <strong>Horrea Agrippiana<\/strong>, magazzini risalenti all&#8217;epoca di Augusto, dove venivano stoccati i cereali. Nelle vicinanze, sulla pendenza del Palatino, si trovano i resti di edifici dell&#8217;epoca di Domiziano e Adriano, tra cui un quadriportico che ospitava la chiesa <b>Santa Maria Antiqua<\/b>, fondata nel VI secolo e contenente bellissimi dipinti bizantini. Accanto, l&#8217;<b>Oratorio dei Quaranta Martiri<\/b> fu ricavato in una sala romana, ai piedi della <b>Scalinata di Domiziano<\/b> che conduceva ai Palazzi Imperiali sul Palatino.<\/p>\n<div id=\"attachment_25623\" style=\"width: 210px\" class=\"wp-caption alignleft\"><a href=\"https:\/\/www.rome-roma.net\/wp-content\/uploads\/2020\/01\/basilica-giulia-tempio-di-vesta-5454.jpg\"><img aria-describedby=\"caption-attachment-25623\" loading=\"lazy\" class=\"wp-image-25623 size-medium\" src=\"https:\/\/www.rome-roma.net\/wp-content\/uploads\/2020\/01\/basilica-giulia-tempio-di-vesta-5454-200x300.jpg\" alt=\"basilica-giulia-tempio-di-vesta_5454\" width=\"200\" height=\"300\" srcset=\"https:\/\/www.rome-roma.net\/wp-content\/uploads\/2020\/01\/basilica-giulia-tempio-di-vesta-5454-200x300.jpg 200w, https:\/\/www.rome-roma.net\/wp-content\/uploads\/2020\/01\/basilica-giulia-tempio-di-vesta-5454-683x1024.jpg 683w, https:\/\/www.rome-roma.net\/wp-content\/uploads\/2020\/01\/basilica-giulia-tempio-di-vesta-5454-768x1152.jpg 768w, https:\/\/www.rome-roma.net\/wp-content\/uploads\/2020\/01\/basilica-giulia-tempio-di-vesta-5454.jpg 800w\" sizes=\"(max-width: 200px) 100vw, 200px\" \/><\/a><p id=\"caption-attachment-25623\" class=\"wp-caption-text\">Il Tempio di Vesta con la Basilica Giulia in primo piano<\/p><\/div>\n<p>Salendo verso est lungo la Via Sacra, si distinguono le fondamenta della <strong>Reggia<\/strong>, antica residenza reale dei Tarquini, attribuita al secondo re di Roma, Numa Pompilio. Questo luogo aveva una dimensione religiosa sotto la Repubblica e mantenne a lungo una funzione sacra. Era la residenza del gran sacerdote, il Pontifex Maximus, ed era associato al culto di Marte.<br \/>Di fronte alla Reggia si trova il <a href=\"https:\/\/www.rome-roma.net\/it\/foro-romano\/tempio-di-vesta\/\"><strong>Tempio di Vesta<\/strong><\/a>, uno dei pi\u00f9 antichi e importanti santuari di Roma. Questo tempio, di forma circolare, conserva solo una porzione con tre colonne. Risale ai primi re di Roma e fu ricostruito nel 191 d.C. Qui le vergini vestali mantenevano il fuoco sacro, legato al destino di Roma, nelle vicinanze della <a href=\"https:\/\/www.rome-roma.net\/it\/foro-romano\/casa-delle-vestali\/\"><strong>Casa delle Vestali<\/strong><\/a>.<\/p>\n<h3>I santuari sacri e la parte orientale della Via Sacra<\/h3>\n<p>Verso nord, su un alto podio dall&#8217;altro lato della Via Sacra, sorge il <a href=\"https:\/\/www.rome-roma.net\/it\/foro-romano\/tempio-di-antonino-e-faustina\/\"><strong>Tempio di Antonino e Faustina<\/strong><\/a>, edificato da Antonino Pio nel 141 d.C. Sono rimaste dieci colonne dell&#8217;atrio, mentre la cella fu trasformata nell&#8217;XI secolo nell&#8217;edificio ecclesiastico di San Lorenzo in Miranda.<br \/>Vicino a questo si trova il <a href=\"https:\/\/www.rome-roma.net\/it\/foro-romano\/tempio-del-divo-romolo\/\"><strong>Tempio di Romolo<\/strong><\/a>, la cui rotonda \u00e8 straordinariamente conservata e integrata nella <a href=\"https:\/\/www.rome-roma.net\/it\/basilica-dei-santi-cosma-e-damiano\/\">Basilica dei Santi Cosma e Damiano<\/a>. Questo tempio potrebbe risalire al Tempio di Giove, costruito nel III secolo a.C., ma fu ricostruito all&#8217;inizio del IV secolo dall&#8217;imperatore <strong>Massenzio<\/strong> in onore del figlio Romolo, morto prematuramente.<\/p>\n<div id=\"attachment_25759\" style=\"width: 210px\" class=\"wp-caption alignright\"><a href=\"https:\/\/www.rome-roma.net\/wp-content\/uploads\/2020\/01\/via-sacra-foro-romano-arco-tito-0089.jpg\"><img aria-describedby=\"caption-attachment-25759\" loading=\"lazy\" class=\"wp-image-25759 size-medium\" src=\"https:\/\/www.rome-roma.net\/wp-content\/uploads\/2020\/01\/via-sacra-foro-romano-arco-tito-0089-200x300.jpg\" alt=\"via-sacra-foro-romano-arco-tito\" width=\"200\" height=\"300\" srcset=\"https:\/\/www.rome-roma.net\/wp-content\/uploads\/2020\/01\/via-sacra-foro-romano-arco-tito-0089-200x300.jpg 200w, https:\/\/www.rome-roma.net\/wp-content\/uploads\/2020\/01\/via-sacra-foro-romano-arco-tito-0089-683x1024.jpg 683w, https:\/\/www.rome-roma.net\/wp-content\/uploads\/2020\/01\/via-sacra-foro-romano-arco-tito-0089-768x1152.jpg 768w, https:\/\/www.rome-roma.net\/wp-content\/uploads\/2020\/01\/via-sacra-foro-romano-arco-tito-0089.jpg 800w\" sizes=\"(max-width: 200px) 100vw, 200px\" \/><\/a><p id=\"caption-attachment-25759\" class=\"wp-caption-text\">La Via Sacra che porta all&#8217;Arco di Tito<\/p><\/div>\n<p>Il vasto edificio rettangolare situato a nord-est del Foro \u00e8 la <a href=\"https:\/\/www.rome-roma.net\/it\/foro-romano\/basilica-di-massenzio\/\"><strong>Basilica di Massenzio<\/strong><\/a>, costruita dall&#8217;imperatore dello stesso nome all&#8217;inizio del IV secolo e completata da <strong>Costantino<\/strong>. Questo edificio ospitava principalmente un tribunale con una sala enorme, divisa in tre navate da grandi colonne di marmo, e nell&#8217;abside era collocata una statua colossale di Costantino.<\/p>\n<p>All&#8217;estremit\u00e0 nord-est del Foro, dietro la chiesa di <a href=\"https:\/\/www.rome-roma.net\/it\/santa-francesca-romana-maria-nova\/\">Santa Francesca Romana<\/a>, si ergono i resti del pi\u00f9 grande tempio romano, il <strong>Tempio di Venere e Roma<\/strong>, costruito nel 135 d.C. da <strong>Adriano<\/strong>. Ne restano il podio, porzioni di colonne e una pseudo-colonnata parzialmente ricostruita. Questo tempio era dedicato alla celebrazione di Roma, in particolare il 21 aprile, giorno anniversario della fondazione della citt\u00e0.<\/p>\n<p>Infine, l\u2019<a href=\"https:\/\/www.rome-roma.net\/it\/foro-romano\/arco-di-tito\/\"><strong>Arco di Tito<\/strong><\/a>, eretto nel 81 d.C., segna l&#8217;estremit\u00e0 orientale del Foro. Ben conservato, fu costruito in onore di <strong>Vespasiano<\/strong> e <strong>Tito<\/strong> da Domiziano, fratello di quest&#8217;ultimo, per celebrare la loro vittoria in Giudea.<\/p>\n\n\n\n<h2>Cartina ed indirizzo<\/h2>\r\n\t\t<b>Indirizzo : <\/b>Via della Salara Vecchia, 5\/6, 00186 Roma RM, Italie<div id=\"travelersmap-container-69f34b30d92ce\" class=\"travelersmap-container\" style=\"z-index: 1; min-height: 10px; min-width:10px; height:400px;width:100%; max-width:; max-height:; position:relative;\"><div style=\"position:absolute; z-index:-1;top: 50%;text-align: center;display: block;left: 50%;transform: translate(-50%,-50%);\">Travelers' Map is loading... <br> If you see this after your page is loaded completely, leafletJS files are missing.<\/div><\/div><i>Clicca sulla freccia per localizzarti sulla mappa<\/i>\n\n\n\n<h2>Galleria Foto del Foro Romano<\/h2>\n\n\n\n<figure class=\"wp-container-3 wp-block-gallery-2 wp-block-gallery has-nested-images columns-default is-cropped\">\n<figure class=\"wp-block-image size-large\"><a href=\"https:\/\/www.rome-roma.net\/wp-content\/uploads\/2020\/03\/foro-romano-belvedere-5646.jpg\"><img loading=\"lazy\" width=\"1024\" height=\"683\" data-id=\"26133\"  src=\"https:\/\/www.rome-roma.net\/wp-content\/uploads\/2020\/03\/foro-romano-belvedere-5646-1024x683.jpg\" alt=\"Belvedere sul Foro romano di Roma\" class=\"wp-image-26133\" srcset=\"https:\/\/www.rome-roma.net\/wp-content\/uploads\/2020\/03\/foro-romano-belvedere-5646-1024x683.jpg 1024w, https:\/\/www.rome-roma.net\/wp-content\/uploads\/2020\/03\/foro-romano-belvedere-5646-300x200.jpg 300w, https:\/\/www.rome-roma.net\/wp-content\/uploads\/2020\/03\/foro-romano-belvedere-5646-768x512.jpg 768w, https:\/\/www.rome-roma.net\/wp-content\/uploads\/2020\/03\/foro-romano-belvedere-5646.jpg 1200w\" sizes=\"(max-width: 1024px) 100vw, 1024px\" \/><\/a><\/figure>\n<\/figure>\n\n\n\n<figure class=\"wp-container-5 wp-block-gallery-4 wp-block-gallery has-nested-images columns-2 is-cropped\">\n<figure class=\"wp-block-image size-medium\"><a href=\"https:\/\/www.rome-roma.net\/wp-content\/uploads\/2020\/03\/belvedere-foro-romano-roma-5621.jpg\"><img loading=\"lazy\" width=\"1200\" height=\"800\" data-id=\"26126\"  src=\"https:\/\/www.rome-roma.net\/wp-content\/uploads\/2020\/03\/belvedere-foro-romano-roma-5621.jpg\" alt=\"Belvedere sul Foro romano di Roma\" class=\"wp-image-26126\" srcset=\"https:\/\/www.rome-roma.net\/wp-content\/uploads\/2020\/03\/belvedere-foro-romano-roma-5621.jpg 1200w, https:\/\/www.rome-roma.net\/wp-content\/uploads\/2020\/03\/belvedere-foro-romano-roma-5621-300x200.jpg 300w, https:\/\/www.rome-roma.net\/wp-content\/uploads\/2020\/03\/belvedere-foro-romano-roma-5621-1024x683.jpg 1024w, https:\/\/www.rome-roma.net\/wp-content\/uploads\/2020\/03\/belvedere-foro-romano-roma-5621-768x512.jpg 768w\" sizes=\"(max-width: 1200px) 100vw, 1200px\" \/><\/a><figcaption>Belvedere sul Foro romano di Roma<\/figcaption><\/figure>\n\n\n\n<figure class=\"wp-block-image size-medium\"><a href=\"https:\/\/www.rome-roma.net\/wp-content\/uploads\/2020\/03\/foro-romano-roma-5605.jpg\"><img loading=\"lazy\" width=\"1200\" height=\"800\" data-id=\"26141\"  src=\"https:\/\/www.rome-roma.net\/wp-content\/uploads\/2020\/03\/foro-romano-roma-5605.jpg\" alt=\"Belvedere sul Foro romano di Roma\" class=\"wp-image-26141\" srcset=\"https:\/\/www.rome-roma.net\/wp-content\/uploads\/2020\/03\/foro-romano-roma-5605.jpg 1200w, https:\/\/www.rome-roma.net\/wp-content\/uploads\/2020\/03\/foro-romano-roma-5605-300x200.jpg 300w, https:\/\/www.rome-roma.net\/wp-content\/uploads\/2020\/03\/foro-romano-roma-5605-1024x683.jpg 1024w, https:\/\/www.rome-roma.net\/wp-content\/uploads\/2020\/03\/foro-romano-roma-5605-768x512.jpg 768w\" sizes=\"(max-width: 1200px) 100vw, 1200px\" \/><\/a><figcaption>Belvedere sul Foro romano di Roma<\/figcaption><\/figure>\n<\/figure>\n\n\n<style id=\"kt-blocks_6834cd-86\" type=\"text\/css\">.kt-accordion-id_6834cd-86 .kt-accordion-panel-inner {background:#ffffff;border-width:0px 1px 1px 1px;}.kt-accordion-id_6834cd-86 .kt-blocks-accordion-header {color:#313131;background:#bb9cd9;border-color:#eeeeee #eeeeee #eeeeee #eeeeee;font-size:18px;line-height:24px;border-radius:0px 0px 0px 0px;border-width:1px 1px 1px 2px;padding:14px 16px 14px 16px;margin-top:10px;}.kt-accordion-id_6834cd-86 .kt-blocks-accordion-header .kt-btn-svg-icon svg {width:18px;height:18px;}.kt-accordion-id_6834cd-86:not( .kt-accodion-icon-style-basiccircle ):not( .kt-accodion-icon-style-xclosecircle ):not( .kt-accodion-icon-style-arrowcircle ) .kt-blocks-accordion-icon-trigger:after, .kt-accordion-id_6834cd-86:not( .kt-accodion-icon-style-basiccircle ):not( .kt-accodion-icon-style-xclosecircle ):not( .kt-accodion-icon-style-arrowcircle ) .kt-blocks-accordion-icon-trigger:before {background:#313131;}.kt-accordion-id_6834cd-86:not( .kt-accodion-icon-style-basic ):not( .kt-accodion-icon-style-xclose ):not( .kt-accodion-icon-style-arrow ) .kt-blocks-accordion-icon-trigger {background:#313131;}.kt-accordion-id_6834cd-86:not( .kt-accodion-icon-style-basic ):not( .kt-accodion-icon-style-xclose ):not( .kt-accodion-icon-style-arrow ) .kt-blocks-accordion-icon-trigger:after, .kt-accordion-id_6834cd-86:not( .kt-accodion-icon-style-basic ):not( .kt-accodion-icon-style-xclose ):not( .kt-accodion-icon-style-arrow ) .kt-blocks-accordion-icon-trigger:before {background:#bb9cd9;}.kt-accordion-id_6834cd-86 .kt-blocks-accordion-header:hover, .kt-accordion-id_6834cd-86 .kt-blocks-accordion-header:focus {color:#eeeeee;background:#bb9cd9;border-color:#d4d4d4 #d4d4d4 #d4d4d4 #d4d4d4;}.kt-accordion-id_6834cd-86:not( .kt-accodion-icon-style-basiccircle ):not( .kt-accodion-icon-style-xclosecircle ):not( .kt-accodion-icon-style-arrowcircle ) .kt-blocks-accordion-header:hover .kt-blocks-accordion-icon-trigger:after, .kt-accordion-id_6834cd-86:not( .kt-accodion-icon-style-basiccircle ):not( .kt-accodion-icon-style-xclosecircle ):not( .kt-accodion-icon-style-arrowcircle ) .kt-blocks-accordion-header:hover .kt-blocks-accordion-icon-trigger:before, .kt-accordion-id_6834cd-86:not( .kt-accodion-icon-style-basiccircle ):not( .kt-accodion-icon-style-xclosecircle ):not( .kt-accodion-icon-style-arrowcircle ) .kt-blocks-accordion-header:focus .kt-blocks-accordion-icon-trigger:after, .kt-accordion-id_6834cd-86:not( .kt-accodion-icon-style-basiccircle ):not( .kt-accodion-icon-style-xclosecircle ):not( .kt-accodion-icon-style-arrowcircle ) .kt-blocks-accordion-header:focus .kt-blocks-accordion-icon-trigger:before {background:#eeeeee;}.kt-accordion-id_6834cd-86:not( .kt-accodion-icon-style-basic ):not( .kt-accodion-icon-style-xclose ):not( .kt-accodion-icon-style-arrow ) .kt-blocks-accordion-header:hover .kt-blocks-accordion-icon-trigger, .kt-accordion-id_6834cd-86:not( .kt-accodion-icon-style-basic ):not( .kt-accodion-icon-style-xclose ):not( .kt-accodion-icon-style-arrow ) .kt-blocks-accordion-header:focus .kt-blocks-accordion-icon-trigger {background:#eeeeee;}.kt-accordion-id_6834cd-86:not( .kt-accodion-icon-style-basic ):not( .kt-accodion-icon-style-xclose ):not( .kt-accodion-icon-style-arrow ) .kt-blocks-accordion-header:hover .kt-blocks-accordion-icon-trigger:after, .kt-accordion-id_6834cd-86:not( .kt-accodion-icon-style-basic ):not( .kt-accodion-icon-style-xclose ):not( .kt-accodion-icon-style-arrow ) .kt-blocks-accordion-header:hover .kt-blocks-accordion-icon-trigger:before, .kt-accordion-id_6834cd-86:not( .kt-accodion-icon-style-basic ):not( .kt-accodion-icon-style-xclose ):not( .kt-accodion-icon-style-arrow ) .kt-blocks-accordion-header:focus .kt-blocks-accordion-icon-trigger:after, .kt-accordion-id_6834cd-86:not( .kt-accodion-icon-style-basic ):not( .kt-accodion-icon-style-xclose ):not( .kt-accodion-icon-style-arrow ) .kt-blocks-accordion-header:focus .kt-blocks-accordion-icon-trigger:before {background:#bb9cd9;}.kt-accordion-id_6834cd-86 .kt-blocks-accordion-header.kt-accordion-panel-active {color:#444444;background:#ffffff;border-color:#eeeeee #eeeeee #eeeeee #0e9cd1;}.kt-accordion-id_6834cd-86:not( .kt-accodion-icon-style-basiccircle ):not( .kt-accodion-icon-style-xclosecircle ):not( .kt-accodion-icon-style-arrowcircle ) .kt-blocks-accordion-header.kt-accordion-panel-active .kt-blocks-accordion-icon-trigger:after, .kt-accordion-id_6834cd-86:not( .kt-accodion-icon-style-basiccircle ):not( .kt-accodion-icon-style-xclosecircle ):not( .kt-accodion-icon-style-arrowcircle ) .kt-blocks-accordion-header.kt-accordion-panel-active .kt-blocks-accordion-icon-trigger:before {background:#444444;}.kt-accordion-id_6834cd-86:not( .kt-accodion-icon-style-basic ):not( .kt-accodion-icon-style-xclose ):not( .kt-accodion-icon-style-arrow ) .kt-blocks-accordion-header.kt-accordion-panel-active .kt-blocks-accordion-icon-trigger {background:#444444;}.kt-accordion-id_6834cd-86:not( .kt-accodion-icon-style-basic ):not( .kt-accodion-icon-style-xclose ):not( .kt-accodion-icon-style-arrow ) .kt-blocks-accordion-header.kt-accordion-panel-active .kt-blocks-accordion-icon-trigger:after, .kt-accordion-id_6834cd-86:not( .kt-accodion-icon-style-basic ):not( .kt-accodion-icon-style-xclose ):not( .kt-accodion-icon-style-arrow ) .kt-blocks-accordion-header.kt-accordion-panel-active .kt-blocks-accordion-icon-trigger:before {background:#ffffff;}<\/style>\n<div class=\"wp-block-kadence-accordion alignnone\"><div class=\"kt-accordion-wrap kt-accordion-wrap kt-accordion-id_6834cd-86 kt-accordion-has-2-panes kt-active-pane-0 kt-accordion-block kt-pane-header-alignment-left kt-accodion-icon-style-arrow kt-accodion-icon-side-right\" style=\"max-width:none\"><div class=\"kt-accordion-inner-wrap\" data-allow-multiple-open=\"true\" data-start-open=\"none\">\n<div class=\"wp-block-kadence-pane kt-accordion-pane kt-accordion-pane-1 kt-pane_aa68e9-f6\"><div class=\"kt-accordion-header-wrap\"><button class=\"kt-blocks-accordion-header kt-acccordion-button-label-show\"><div class=\"kt-blocks-accordion-title-wrap\"><span class=\"kt-blocks-accordion-title\">Altre foto del foro<\/span><\/div><div class=\"kt-blocks-accordion-icon-trigger\"><\/div><\/button><\/div><div class=\"kt-accordion-panel\"><div class=\"kt-accordion-panel-inner\">\n<figure class=\"wp-container-7 wp-block-gallery-6 wp-block-gallery has-nested-images columns-4 is-cropped\">\n<figure class=\"wp-block-image size-medium\"><a href=\"https:\/\/www.rome-roma.net\/wp-content\/uploads\/2020\/01\/foro-romano-5634.jpg\"><img loading=\"lazy\" width=\"1200\" height=\"800\" src=\"https:\/\/www.rome-roma.net\/wp-content\/uploads\/2020\/01\/foro-romano-5634.jpg\" alt=\"Veduta sul Foro romano\" class=\"wp-image-25756\" srcset=\"https:\/\/www.rome-roma.net\/wp-content\/uploads\/2020\/01\/foro-romano-5634.jpg 1200w, https:\/\/www.rome-roma.net\/wp-content\/uploads\/2020\/01\/foro-romano-5634-300x200.jpg 300w, https:\/\/www.rome-roma.net\/wp-content\/uploads\/2020\/01\/foro-romano-5634-1024x683.jpg 1024w, https:\/\/www.rome-roma.net\/wp-content\/uploads\/2020\/01\/foro-romano-5634-768x512.jpg 768w\" sizes=\"(max-width: 1200px) 100vw, 1200px\" \/><\/a><\/figure>\n\n\n\n<figure class=\"wp-block-image size-medium\"><a href=\"https:\/\/www.rome-roma.net\/wp-content\/uploads\/2020\/03\/forum-romain-belvedere-5639.jpg\"><img loading=\"lazy\" width=\"1200\" height=\"800\" src=\"https:\/\/www.rome-roma.net\/wp-content\/uploads\/2020\/03\/forum-romain-belvedere-5639.jpg\" alt=\"Veduta sul Foro romano\" class=\"wp-image-26146\" srcset=\"https:\/\/www.rome-roma.net\/wp-content\/uploads\/2020\/03\/forum-romain-belvedere-5639.jpg 1200w, https:\/\/www.rome-roma.net\/wp-content\/uploads\/2020\/03\/forum-romain-belvedere-5639-300x200.jpg 300w, https:\/\/www.rome-roma.net\/wp-content\/uploads\/2020\/03\/forum-romain-belvedere-5639-1024x683.jpg 1024w, https:\/\/www.rome-roma.net\/wp-content\/uploads\/2020\/03\/forum-romain-belvedere-5639-768x512.jpg 768w\" sizes=\"(max-width: 1200px) 100vw, 1200px\" \/><\/a><\/figure>\n\n\n\n<figure class=\"wp-block-image size-medium\"><a href=\"https:\/\/www.rome-roma.net\/wp-content\/uploads\/2020\/01\/panorama-foro-romano-0534.jpg\"><img loading=\"lazy\" width=\"1200\" height=\"800\" src=\"https:\/\/www.rome-roma.net\/wp-content\/uploads\/2020\/01\/panorama-foro-romano-0534.jpg\" alt=\"Panorama sul Foro romano\" class=\"wp-image-25721\" srcset=\"https:\/\/www.rome-roma.net\/wp-content\/uploads\/2020\/01\/panorama-foro-romano-0534.jpg 1200w, https:\/\/www.rome-roma.net\/wp-content\/uploads\/2020\/01\/panorama-foro-romano-0534-300x200.jpg 300w, https:\/\/www.rome-roma.net\/wp-content\/uploads\/2020\/01\/panorama-foro-romano-0534-1024x683.jpg 1024w, https:\/\/www.rome-roma.net\/wp-content\/uploads\/2020\/01\/panorama-foro-romano-0534-768x512.jpg 768w\" sizes=\"(max-width: 1200px) 100vw, 1200px\" \/><\/a><\/figure>\n\n\n\n<figure class=\"wp-block-image size-medium\"><a href=\"https:\/\/www.rome-roma.net\/wp-content\/uploads\/2020\/01\/forum-romain-6526.jpg\"><img loading=\"lazy\" width=\"1200\" height=\"800\" src=\"https:\/\/www.rome-roma.net\/wp-content\/uploads\/2020\/01\/forum-romain-6526.jpg\" alt=\"Foro romano 6526\" class=\"wp-image-25751\" srcset=\"https:\/\/www.rome-roma.net\/wp-content\/uploads\/2020\/01\/forum-romain-6526.jpg 1200w, https:\/\/www.rome-roma.net\/wp-content\/uploads\/2020\/01\/forum-romain-6526-300x200.jpg 300w, https:\/\/www.rome-roma.net\/wp-content\/uploads\/2020\/01\/forum-romain-6526-1024x683.jpg 1024w, https:\/\/www.rome-roma.net\/wp-content\/uploads\/2020\/01\/forum-romain-6526-768x512.jpg 768w\" sizes=\"(max-width: 1200px) 100vw, 1200px\" \/><\/a><\/figure>\n\n\n\n<figure class=\"wp-block-image size-medium\"><a href=\"https:\/\/www.rome-roma.net\/wp-content\/uploads\/2020\/03\/via-sacra-foro-romano-4610.jpg\"><img loading=\"lazy\" width=\"1200\" height=\"800\" src=\"https:\/\/www.rome-roma.net\/wp-content\/uploads\/2020\/03\/via-sacra-foro-romano-4610.jpg\" alt=\"Via Sacra del Foro Romano\" class=\"wp-image-26116\" srcset=\"https:\/\/www.rome-roma.net\/wp-content\/uploads\/2020\/03\/via-sacra-foro-romano-4610.jpg 1200w, https:\/\/www.rome-roma.net\/wp-content\/uploads\/2020\/03\/via-sacra-foro-romano-4610-300x200.jpg 300w, https:\/\/www.rome-roma.net\/wp-content\/uploads\/2020\/03\/via-sacra-foro-romano-4610-1024x683.jpg 1024w, https:\/\/www.rome-roma.net\/wp-content\/uploads\/2020\/03\/via-sacra-foro-romano-4610-768x512.jpg 768w\" sizes=\"(max-width: 1200px) 100vw, 1200px\" \/><\/a><\/figure>\n\n\n\n<figure class=\"wp-block-image size-medium\"><a href=\"https:\/\/www.rome-roma.net\/wp-content\/uploads\/2020\/01\/foro-romano-roma-3839.jpg\"><img loading=\"lazy\" width=\"1200\" height=\"800\" src=\"https:\/\/www.rome-roma.net\/wp-content\/uploads\/2020\/01\/foro-romano-roma-3839.jpg\" alt=\"Foro romano di Roma con arco e templi\" class=\"wp-image-25661\" srcset=\"https:\/\/www.rome-roma.net\/wp-content\/uploads\/2020\/01\/foro-romano-roma-3839.jpg 1200w, https:\/\/www.rome-roma.net\/wp-content\/uploads\/2020\/01\/foro-romano-roma-3839-300x200.jpg 300w, https:\/\/www.rome-roma.net\/wp-content\/uploads\/2020\/01\/foro-romano-roma-3839-1024x683.jpg 1024w, https:\/\/www.rome-roma.net\/wp-content\/uploads\/2020\/01\/foro-romano-roma-3839-768x512.jpg 768w\" sizes=\"(max-width: 1200px) 100vw, 1200px\" \/><\/a><\/figure>\n\n\n\n<figure class=\"wp-block-image size-medium\"><a href=\"https:\/\/www.rome-roma.net\/wp-content\/uploads\/2020\/01\/foro-romano-belvedere-5446.jpg\"><img loading=\"lazy\" width=\"1200\" height=\"800\" src=\"https:\/\/www.rome-roma.net\/wp-content\/uploads\/2020\/01\/foro-romano-belvedere-5446.jpg\" alt=\"Foro romano di Roma con arco e templi\" class=\"wp-image-25636\" srcset=\"https:\/\/www.rome-roma.net\/wp-content\/uploads\/2020\/01\/foro-romano-belvedere-5446.jpg 1200w, https:\/\/www.rome-roma.net\/wp-content\/uploads\/2020\/01\/foro-romano-belvedere-5446-300x200.jpg 300w, https:\/\/www.rome-roma.net\/wp-content\/uploads\/2020\/01\/foro-romano-belvedere-5446-1024x683.jpg 1024w, https:\/\/www.rome-roma.net\/wp-content\/uploads\/2020\/01\/foro-romano-belvedere-5446-768x512.jpg 768w\" sizes=\"(max-width: 1200px) 100vw, 1200px\" \/><\/a><\/figure>\n\n\n\n<figure class=\"wp-block-image size-medium\"><a href=\"https:\/\/www.rome-roma.net\/wp-content\/uploads\/2020\/01\/foro-romano-roma-3841.jpg\"><img loading=\"lazy\" width=\"1200\" height=\"800\" src=\"https:\/\/www.rome-roma.net\/wp-content\/uploads\/2020\/01\/foro-romano-roma-3841.jpg\" alt=\"Foro Romano di Roma\" class=\"wp-image-25666\" srcset=\"https:\/\/www.rome-roma.net\/wp-content\/uploads\/2020\/01\/foro-romano-roma-3841.jpg 1200w, https:\/\/www.rome-roma.net\/wp-content\/uploads\/2020\/01\/foro-romano-roma-3841-300x200.jpg 300w, https:\/\/www.rome-roma.net\/wp-content\/uploads\/2020\/01\/foro-romano-roma-3841-1024x683.jpg 1024w, https:\/\/www.rome-roma.net\/wp-content\/uploads\/2020\/01\/foro-romano-roma-3841-768x512.jpg 768w\" sizes=\"(max-width: 1200px) 100vw, 1200px\" \/><\/a><\/figure>\n\n\n\n<figure class=\"wp-block-image size-medium\"><a href=\"https:\/\/www.rome-roma.net\/wp-content\/uploads\/2020\/01\/monumenti-foro-romano-0103.jpg\"><img loading=\"lazy\" width=\"1200\" height=\"800\" src=\"https:\/\/www.rome-roma.net\/wp-content\/uploads\/2020\/01\/monumenti-foro-romano-0103.jpg\" alt=\"Templi del Foro romano 0103\" class=\"wp-image-25711\" srcset=\"https:\/\/www.rome-roma.net\/wp-content\/uploads\/2020\/01\/monumenti-foro-romano-0103.jpg 1200w, https:\/\/www.rome-roma.net\/wp-content\/uploads\/2020\/01\/monumenti-foro-romano-0103-300x200.jpg 300w, https:\/\/www.rome-roma.net\/wp-content\/uploads\/2020\/01\/monumenti-foro-romano-0103-1024x683.jpg 1024w, https:\/\/www.rome-roma.net\/wp-content\/uploads\/2020\/01\/monumenti-foro-romano-0103-768x512.jpg 768w\" sizes=\"(max-width: 1200px) 100vw, 1200px\" \/><\/a><figcaption>Templi del Foro romano<\/figcaption><\/figure>\n\n\n\n<figure class=\"wp-block-image size-medium\"><a href=\"https:\/\/www.rome-roma.net\/wp-content\/uploads\/2020\/03\/panorama-noturno-foro-romano-roma-9572.jpg\"><img loading=\"lazy\" width=\"1200\" height=\"800\" src=\"https:\/\/www.rome-roma.net\/wp-content\/uploads\/2020\/03\/panorama-noturno-foro-romano-roma-9572.jpg\" alt=\"panorama-noturno-foro-romano-roma_9572\" class=\"wp-image-26156\" srcset=\"https:\/\/www.rome-roma.net\/wp-content\/uploads\/2020\/03\/panorama-noturno-foro-romano-roma-9572.jpg 1200w, https:\/\/www.rome-roma.net\/wp-content\/uploads\/2020\/03\/panorama-noturno-foro-romano-roma-9572-300x200.jpg 300w, https:\/\/www.rome-roma.net\/wp-content\/uploads\/2020\/03\/panorama-noturno-foro-romano-roma-9572-1024x683.jpg 1024w, https:\/\/www.rome-roma.net\/wp-content\/uploads\/2020\/03\/panorama-noturno-foro-romano-roma-9572-768x512.jpg 768w\" sizes=\"(max-width: 1200px) 100vw, 1200px\" \/><\/a><\/figure>\n\n\n\n<figure class=\"wp-block-image size-medium\"><a href=\"https:\/\/www.rome-roma.net\/wp-content\/uploads\/2020\/03\/panorama-noturno-foro-romano-roma-9573.jpg\"><img loading=\"lazy\" width=\"1200\" height=\"800\" src=\"https:\/\/www.rome-roma.net\/wp-content\/uploads\/2020\/03\/panorama-noturno-foro-romano-roma-9573.jpg\" alt=\"panorama-noturno-foro-romano-roma_9573\" class=\"wp-image-26161\" srcset=\"https:\/\/www.rome-roma.net\/wp-content\/uploads\/2020\/03\/panorama-noturno-foro-romano-roma-9573.jpg 1200w, https:\/\/www.rome-roma.net\/wp-content\/uploads\/2020\/03\/panorama-noturno-foro-romano-roma-9573-300x200.jpg 300w, https:\/\/www.rome-roma.net\/wp-content\/uploads\/2020\/03\/panorama-noturno-foro-romano-roma-9573-1024x683.jpg 1024w, https:\/\/www.rome-roma.net\/wp-content\/uploads\/2020\/03\/panorama-noturno-foro-romano-roma-9573-768x512.jpg 768w\" sizes=\"(max-width: 1200px) 100vw, 1200px\" \/><\/a><\/figure>\n\n\n\n<figure class=\"wp-block-image size-medium\"><a href=\"https:\/\/www.rome-roma.net\/wp-content\/uploads\/2020\/01\/foro-romano-via-sacra-3846.jpg\"><img loading=\"lazy\" width=\"1200\" height=\"800\" src=\"https:\/\/www.rome-roma.net\/wp-content\/uploads\/2020\/01\/foro-romano-via-sacra-3846.jpg\" alt=\"foro-romano-via-sacra_3846\" class=\"wp-image-25676\" srcset=\"https:\/\/www.rome-roma.net\/wp-content\/uploads\/2020\/01\/foro-romano-via-sacra-3846.jpg 1200w, https:\/\/www.rome-roma.net\/wp-content\/uploads\/2020\/01\/foro-romano-via-sacra-3846-300x200.jpg 300w, https:\/\/www.rome-roma.net\/wp-content\/uploads\/2020\/01\/foro-romano-via-sacra-3846-1024x683.jpg 1024w, https:\/\/www.rome-roma.net\/wp-content\/uploads\/2020\/01\/foro-romano-via-sacra-3846-768x512.jpg 768w\" sizes=\"(max-width: 1200px) 100vw, 1200px\" \/><\/a><\/figure>\n\n\n\n<figure class=\"wp-block-image size-medium\"><a href=\"https:\/\/www.rome-roma.net\/wp-content\/uploads\/2020\/03\/visita-foro-romano-4612.jpg\"><img loading=\"lazy\" width=\"1200\" height=\"800\" src=\"https:\/\/www.rome-roma.net\/wp-content\/uploads\/2020\/03\/visita-foro-romano-4612.jpg\" alt=\"visita-foro-romano_4612\" class=\"wp-image-26121\" srcset=\"https:\/\/www.rome-roma.net\/wp-content\/uploads\/2020\/03\/visita-foro-romano-4612.jpg 1200w, https:\/\/www.rome-roma.net\/wp-content\/uploads\/2020\/03\/visita-foro-romano-4612-300x200.jpg 300w, https:\/\/www.rome-roma.net\/wp-content\/uploads\/2020\/03\/visita-foro-romano-4612-1024x683.jpg 1024w, https:\/\/www.rome-roma.net\/wp-content\/uploads\/2020\/03\/visita-foro-romano-4612-768x512.jpg 768w\" sizes=\"(max-width: 1200px) 100vw, 1200px\" \/><\/a><\/figure>\n\n\n\n<figure class=\"wp-block-image size-medium\"><a href=\"https:\/\/www.rome-roma.net\/wp-content\/uploads\/2020\/01\/foro-romano-panorama-0541.jpg\"><img loading=\"lazy\" width=\"800\" height=\"1200\" src=\"https:\/\/www.rome-roma.net\/wp-content\/uploads\/2020\/01\/foro-romano-panorama-0541.jpg\" alt=\"foro-romano-panorama_0541\" class=\"wp-image-25656\" srcset=\"https:\/\/www.rome-roma.net\/wp-content\/uploads\/2020\/01\/foro-romano-panorama-0541.jpg 800w, https:\/\/www.rome-roma.net\/wp-content\/uploads\/2020\/01\/foro-romano-panorama-0541-200x300.jpg 200w, https:\/\/www.rome-roma.net\/wp-content\/uploads\/2020\/01\/foro-romano-panorama-0541-683x1024.jpg 683w, https:\/\/www.rome-roma.net\/wp-content\/uploads\/2020\/01\/foro-romano-panorama-0541-768x1152.jpg 768w\" sizes=\"(max-width: 800px) 100vw, 800px\" \/><\/a><\/figure>\n\n\n\n<figure class=\"wp-block-image size-medium\"><a href=\"https:\/\/www.rome-roma.net\/wp-content\/uploads\/2020\/01\/belvedere-panorama-forum-romain-5457.jpg\"><img loading=\"lazy\" width=\"1200\" height=\"800\" src=\"https:\/\/www.rome-roma.net\/wp-content\/uploads\/2020\/01\/belvedere-panorama-forum-romain-5457.jpg\" alt=\"belvedere-panorama-forum-romain_5457\" class=\"wp-image-25631\" srcset=\"https:\/\/www.rome-roma.net\/wp-content\/uploads\/2020\/01\/belvedere-panorama-forum-romain-5457.jpg 1200w, https:\/\/www.rome-roma.net\/wp-content\/uploads\/2020\/01\/belvedere-panorama-forum-romain-5457-300x200.jpg 300w, https:\/\/www.rome-roma.net\/wp-content\/uploads\/2020\/01\/belvedere-panorama-forum-romain-5457-1024x683.jpg 1024w, https:\/\/www.rome-roma.net\/wp-content\/uploads\/2020\/01\/belvedere-panorama-forum-romain-5457-768x512.jpg 768w\" sizes=\"(max-width: 1200px) 100vw, 1200px\" \/><\/a><\/figure>\n\n\n\n<figure class=\"wp-block-image size-medium\"><a href=\"https:\/\/www.rome-roma.net\/wp-content\/uploads\/2020\/01\/foro-romano-tempio-dioscuri-5451.jpg\"><img loading=\"lazy\" width=\"1200\" height=\"800\" src=\"https:\/\/www.rome-roma.net\/wp-content\/uploads\/2020\/01\/foro-romano-tempio-dioscuri-5451.jpg\" alt=\"foro-romano-tempio-dioscuri_5451\" class=\"wp-image-25671\" srcset=\"https:\/\/www.rome-roma.net\/wp-content\/uploads\/2020\/01\/foro-romano-tempio-dioscuri-5451.jpg 1200w, https:\/\/www.rome-roma.net\/wp-content\/uploads\/2020\/01\/foro-romano-tempio-dioscuri-5451-300x200.jpg 300w, https:\/\/www.rome-roma.net\/wp-content\/uploads\/2020\/01\/foro-romano-tempio-dioscuri-5451-1024x683.jpg 1024w, https:\/\/www.rome-roma.net\/wp-content\/uploads\/2020\/01\/foro-romano-tempio-dioscuri-5451-768x512.jpg 768w\" sizes=\"(max-width: 1200px) 100vw, 1200px\" \/><\/a><figcaption>Tempio dei Dioscuri in primo piano<\/figcaption><\/figure>\n<\/figure>\n\n\n\n<figure class=\"wp-container-9 wp-block-gallery-8 wp-block-gallery has-nested-images columns-3 is-cropped\">\n<figure class=\"wp-block-image size-medium\"><a href=\"https:\/\/www.rome-roma.net\/wp-content\/uploads\/2021\/03\/via-sacra-foro-romano-tempio-di-saturno-3843.jpg\"><img loading=\"lazy\" width=\"800\" height=\"1200\" src=\"https:\/\/www.rome-roma.net\/wp-content\/uploads\/2021\/03\/via-sacra-foro-romano-tempio-di-saturno-3843.jpg\" alt=\"via-sacra-foro-romano-tempio-di-saturno_3843\" class=\"wp-image-25974\" srcset=\"https:\/\/www.rome-roma.net\/wp-content\/uploads\/2021\/03\/via-sacra-foro-romano-tempio-di-saturno-3843.jpg 800w, https:\/\/www.rome-roma.net\/wp-content\/uploads\/2021\/03\/via-sacra-foro-romano-tempio-di-saturno-3843-200x300.jpg 200w, https:\/\/www.rome-roma.net\/wp-content\/uploads\/2021\/03\/via-sacra-foro-romano-tempio-di-saturno-3843-683x1024.jpg 683w, https:\/\/www.rome-roma.net\/wp-content\/uploads\/2021\/03\/via-sacra-foro-romano-tempio-di-saturno-3843-768x1152.jpg 768w\" sizes=\"(max-width: 800px) 100vw, 800px\" \/><\/a><\/figure>\n\n\n\n<figure class=\"wp-block-image size-medium\"><a href=\"https:\/\/www.rome-roma.net\/wp-content\/uploads\/2021\/01\/curia-foro-romano-9784.jpg\"><img loading=\"lazy\" width=\"800\" height=\"1200\" src=\"https:\/\/www.rome-roma.net\/wp-content\/uploads\/2021\/01\/curia-foro-romano-9784.jpg\" alt=\"curia-foro-romano_9784\" class=\"wp-image-25772\" srcset=\"https:\/\/www.rome-roma.net\/wp-content\/uploads\/2021\/01\/curia-foro-romano-9784.jpg 800w, https:\/\/www.rome-roma.net\/wp-content\/uploads\/2021\/01\/curia-foro-romano-9784-200x300.jpg 200w, https:\/\/www.rome-roma.net\/wp-content\/uploads\/2021\/01\/curia-foro-romano-9784-683x1024.jpg 683w, https:\/\/www.rome-roma.net\/wp-content\/uploads\/2021\/01\/curia-foro-romano-9784-768x1152.jpg 768w\" sizes=\"(max-width: 800px) 100vw, 800px\" \/><\/a><\/figure>\n\n\n\n<figure class=\"wp-block-image size-medium\"><a href=\"https:\/\/www.rome-roma.net\/wp-content\/uploads\/2021\/03\/casa-delle-vestali-foro-romano-0093.jpg\"><img loading=\"lazy\" width=\"1200\" height=\"800\" src=\"https:\/\/www.rome-roma.net\/wp-content\/uploads\/2021\/03\/casa-delle-vestali-foro-romano-0093.jpg\" alt=\"casa-delle-vestali-foro-romano_0093\" class=\"wp-image-26004\" srcset=\"https:\/\/www.rome-roma.net\/wp-content\/uploads\/2021\/03\/casa-delle-vestali-foro-romano-0093.jpg 1200w, https:\/\/www.rome-roma.net\/wp-content\/uploads\/2021\/03\/casa-delle-vestali-foro-romano-0093-300x200.jpg 300w, https:\/\/www.rome-roma.net\/wp-content\/uploads\/2021\/03\/casa-delle-vestali-foro-romano-0093-1024x683.jpg 1024w, https:\/\/www.rome-roma.net\/wp-content\/uploads\/2021\/03\/casa-delle-vestali-foro-romano-0093-768x512.jpg 768w\" sizes=\"(max-width: 1200px) 100vw, 1200px\" \/><\/a><\/figure>\n\n\n\n<figure class=\"wp-block-image size-medium\"><a href=\"https:\/\/www.rome-roma.net\/wp-content\/uploads\/2021\/03\/temple-de-vesta-forum-romain-5455.jpg\"><img loading=\"lazy\" width=\"1200\" height=\"800\" src=\"https:\/\/www.rome-roma.net\/wp-content\/uploads\/2021\/03\/temple-de-vesta-forum-romain-5455.jpg\" alt=\"Tempio di Vesta del Foro Romano\" class=\"wp-image-25947\" srcset=\"https:\/\/www.rome-roma.net\/wp-content\/uploads\/2021\/03\/temple-de-vesta-forum-romain-5455.jpg 1200w, https:\/\/www.rome-roma.net\/wp-content\/uploads\/2021\/03\/temple-de-vesta-forum-romain-5455-300x200.jpg 300w, https:\/\/www.rome-roma.net\/wp-content\/uploads\/2021\/03\/temple-de-vesta-forum-romain-5455-1024x683.jpg 1024w, https:\/\/www.rome-roma.net\/wp-content\/uploads\/2021\/03\/temple-de-vesta-forum-romain-5455-768x512.jpg 768w\" sizes=\"(max-width: 1200px) 100vw, 1200px\" \/><\/a><\/figure>\n\n\n\n<figure class=\"wp-block-image size-medium\"><a href=\"https:\/\/www.rome-roma.net\/wp-content\/uploads\/2021\/01\/basilique-de-constantin-et-maxence-0088.jpg\"><img loading=\"lazy\" width=\"1200\" height=\"800\" src=\"https:\/\/www.rome-roma.net\/wp-content\/uploads\/2021\/01\/basilique-de-constantin-et-maxence-0088.jpg\" alt=\"Basilica di Costantino e Massenzio a Roma\" class=\"wp-image-25918\" srcset=\"https:\/\/www.rome-roma.net\/wp-content\/uploads\/2021\/01\/basilique-de-constantin-et-maxence-0088.jpg 1200w, https:\/\/www.rome-roma.net\/wp-content\/uploads\/2021\/01\/basilique-de-constantin-et-maxence-0088-300x200.jpg 300w, https:\/\/www.rome-roma.net\/wp-content\/uploads\/2021\/01\/basilique-de-constantin-et-maxence-0088-1024x683.jpg 1024w, https:\/\/www.rome-roma.net\/wp-content\/uploads\/2021\/01\/basilique-de-constantin-et-maxence-0088-768x512.jpg 768w\" sizes=\"(max-width: 1200px) 100vw, 1200px\" \/><\/a><\/figure>\n\n\n\n<figure class=\"wp-block-image size-medium\"><a href=\"https:\/\/www.rome-roma.net\/wp-content\/uploads\/2020\/01\/via-sacra-foro-romano-arco-tito-0089.jpg\"><img loading=\"lazy\" width=\"800\" height=\"1200\" src=\"https:\/\/www.rome-roma.net\/wp-content\/uploads\/2020\/01\/via-sacra-foro-romano-arco-tito-0089.jpg\" alt=\"via-sacra-foro-romano-arco-tito_0089\" class=\"wp-image-25762\" srcset=\"https:\/\/www.rome-roma.net\/wp-content\/uploads\/2020\/01\/via-sacra-foro-romano-arco-tito-0089.jpg 800w, https:\/\/www.rome-roma.net\/wp-content\/uploads\/2020\/01\/via-sacra-foro-romano-arco-tito-0089-200x300.jpg 200w, https:\/\/www.rome-roma.net\/wp-content\/uploads\/2020\/01\/via-sacra-foro-romano-arco-tito-0089-683x1024.jpg 683w, https:\/\/www.rome-roma.net\/wp-content\/uploads\/2020\/01\/via-sacra-foro-romano-arco-tito-0089-768x1152.jpg 768w\" sizes=\"(max-width: 800px) 100vw, 800px\" \/><\/a><\/figure>\n<\/figure>\n<\/div><\/div><\/div>\n<\/div><\/div><\/div>\n\n\n\n<h2>Vedute antiche nel arte<\/h2><div>131 opere di Foro romano di Roma sono state trovate nella database. Per vederle tutte aprire questo <a href=\"https:\/\/www.rome-roma.net\/site-rome-art.php?lieu=forum+romain\" target=\"_blank\">collegamento<\/a>.<\/div><div class=\"wp-block-kadence-advancedgallery kb-gallery-wrap-id-_5955fd-3f\">\r\n        <div class=\"kb-gallery-ul kb-gallery-type-fluidcarousel kb-gallery-id-_5955fd-3f kb-gallery-caption-style-below kb-gallery-magnific-init kb-gallery-filter-none\" data-image-filter=\"none\" data-lightbox-caption=\"true\">\r\n            <div class=\"kt-blocks-carousel kt-carousel-container-dotstyle-dark\">\r\n                <div class=\"kt-blocks-carousel-init kb-blocks-fluid-carousel kt-carousel-arrowstyle-whiteondark kt-carousel-dotstyle-dark\" data-slider-anim-speed=\"400\" data-slider-type=\"fluidcarousel\" data-slider-scroll=\"1\" data-slider-arrows=\"true\" data-slider-dots=\"true\" data-slider-hover-pause=\"false\" data-slider-auto=\"false\" data-slider-speed=\"7000\">\r\n        <div class=\"kb-slide-item kb-gallery-carousel-item\"><li class=\"kadence-blocks-gallery-item\"><div class=\"kadence-blocks-gallery-item-inner\">\r\n            <figure class=\"kb-gallery-figure kb-gallery-item-has-link kadence-blocks-gallery-item-has-caption\">\r\n                <a href=\"https:\/\/www.rome-roma.net\/artmodule\/louis ducros\/abraham louis rodolphe ducros - rome - arc de titus - musee cantonal des beaux-arts de lausanne.jpg\" class=\"kb-gallery-item-link\" style=\"color: #FFFFFF;\">\r\n                    <div class=\"kb-gal-image-radius\"><div class=\"kb-gallery-image-contain\">\r\n                        <img src=\"https:\/\/www.rome-roma.net\/artmodule\/louis ducros\/abraham louis rodolphe ducros - rome - arc de titus - musee cantonal des beaux-arts de lausanne.jpg\" width=\"300\" height=\"200\" \r\n                            alt=\"Abraham-Louis-Rodolphe Ducros,Arc de Titus (?, avant 1810)\" \r\n                            data-full-image=\"https:\/\/www.rome-roma.net\/artmodule\/louis ducros\/abraham louis rodolphe ducros - rome - arc de titus - musee cantonal des beaux-arts de lausanne.jpg\" \r\n                            data-light-image=\"https:\/\/www.rome-roma.net\/artmodule\/louis ducros\/abraham louis rodolphe ducros - rome - arc de titus - musee cantonal des beaux-arts de lausanne.jpg\" data-id=\"149\" \r\n                            data-link=\"https:\/\/www.rome-roma.net\/artmodule\/louis ducros\/abraham louis rodolphe ducros - rome - arc de titus - musee cantonal des beaux-arts de lausanne.jpg\" \r\n                            class=\"wp-image-149\" loading=lazy\/>\r\n                    <\/div><\/div>\r\n                    <figcaption class=\"kadence-blocks-gallery-item__caption\">Abraham-Louis-Rodolphe Ducros, Arc de Titus<\/figcaption>\r\n                <\/a>\r\n            <\/figure><\/div><\/li><\/div>\r\n        <div class=\"kb-slide-item kb-gallery-carousel-item\"><li class=\"kadence-blocks-gallery-item\"><div class=\"kadence-blocks-gallery-item-inner\">\r\n            <figure class=\"kb-gallery-figure kb-gallery-item-has-link kadence-blocks-gallery-item-has-caption\">\r\n                <a href=\"https:\/\/www.rome-roma.net\/artmodule\/adriaen de bie\/adriaen de bie - campo vaccino - rome - victoria art gallery - 1643.jpg\" class=\"kb-gallery-item-link\" style=\"color: #FFFFFF;\">\r\n                    <div class=\"kb-gal-image-radius\"><div class=\"kb-gallery-image-contain\">\r\n                        <img src=\"https:\/\/www.rome-roma.net\/artmodule\/adriaen de bie\/adriaen de bie - campo vaccino - rome - victoria art gallery - 1643.jpg\" width=\"300\" height=\"200\" \r\n                            alt=\"Adriaen de Bie,Campo Vaccino, Rome (1643)\" \r\n                            data-full-image=\"https:\/\/www.rome-roma.net\/artmodule\/adriaen de bie\/adriaen de bie - campo vaccino - rome - victoria art gallery - 1643.jpg\" \r\n                            data-light-image=\"https:\/\/www.rome-roma.net\/artmodule\/adriaen de bie\/adriaen de bie - campo vaccino - rome - victoria art gallery - 1643.jpg\" data-id=\"149\" \r\n                            data-link=\"https:\/\/www.rome-roma.net\/artmodule\/adriaen de bie\/adriaen de bie - campo vaccino - rome - victoria art gallery - 1643.jpg\" \r\n                            class=\"wp-image-149\" loading=lazy\/>\r\n                    <\/div><\/div>\r\n                    <figcaption class=\"kadence-blocks-gallery-item__caption\">Adriaen de Bie, Campo Vaccino, Rome<\/figcaption>\r\n                <\/a>\r\n            <\/figure><\/div><\/li><\/div>\r\n        <div class=\"kb-slide-item kb-gallery-carousel-item\"><li class=\"kadence-blocks-gallery-item\"><div class=\"kadence-blocks-gallery-item-inner\">\r\n            <figure class=\"kb-gallery-figure kb-gallery-item-has-link kadence-blocks-gallery-item-has-caption\">\r\n                <a href=\"https:\/\/www.rome-roma.net\/artmodule\/albert arnz\/arnz albert - forum romain - 1887.jpg\" class=\"kb-gallery-item-link\" style=\"color: #FFFFFF;\">\r\n                    <div class=\"kb-gal-image-radius\"><div class=\"kb-gallery-image-contain\">\r\n                        <img src=\"https:\/\/www.rome-roma.net\/artmodule\/albert arnz\/arnz albert - forum romain - 1887.jpg\" width=\"300\" height=\"200\" \r\n                            alt=\"Albert Arnz,La nuit sur le forum romain (1887)\" \r\n                            data-full-image=\"https:\/\/www.rome-roma.net\/artmodule\/albert arnz\/arnz albert - forum romain - 1887.jpg\" \r\n                            data-light-image=\"https:\/\/www.rome-roma.net\/artmodule\/albert arnz\/arnz albert - forum romain - 1887.jpg\" data-id=\"149\" \r\n                            data-link=\"https:\/\/www.rome-roma.net\/artmodule\/albert arnz\/arnz albert - forum romain - 1887.jpg\" \r\n                            class=\"wp-image-149\" loading=lazy\/>\r\n                    <\/div><\/div>\r\n                    <figcaption class=\"kadence-blocks-gallery-item__caption\">Albert Arnz, La nuit sur le forum romain<\/figcaption>\r\n                <\/a>\r\n            <\/figure><\/div><\/li><\/div>\r\n        <div class=\"kb-slide-item kb-gallery-carousel-item\"><li class=\"kadence-blocks-gallery-item\"><div class=\"kadence-blocks-gallery-item-inner\">\r\n            <figure class=\"kb-gallery-figure kb-gallery-item-has-link kadence-blocks-gallery-item-has-caption\">\r\n                <a href=\"https:\/\/www.rome-roma.net\/artmodule\/albert christoph dies\/dies albert christoph - forum de rome ii.jpg\" class=\"kb-gallery-item-link\" style=\"color: #FFFFFF;\">\r\n                    <div class=\"kb-gal-image-radius\"><div class=\"kb-gallery-image-contain\">\r\n                        <img src=\"https:\/\/www.rome-roma.net\/artmodule\/albert christoph dies\/dies albert christoph - forum de rome ii.jpg\" width=\"300\" height=\"200\" \r\n                            alt=\"Albert Christoph Dies,Forum romain (?, avant 1822, date ind\u00e9termin\u00e9e)\" \r\n                            data-full-image=\"https:\/\/www.rome-roma.net\/artmodule\/albert christoph dies\/dies albert christoph - forum de rome ii.jpg\" \r\n                            data-light-image=\"https:\/\/www.rome-roma.net\/artmodule\/albert christoph dies\/dies albert christoph - forum de rome ii.jpg\" data-id=\"149\" \r\n                            data-link=\"https:\/\/www.rome-roma.net\/artmodule\/albert christoph dies\/dies albert christoph - forum de rome ii.jpg\" \r\n                            class=\"wp-image-149\" loading=lazy\/>\r\n                    <\/div><\/div>\r\n                    <figcaption class=\"kadence-blocks-gallery-item__caption\">Albert Christoph Dies, Forum romain<\/figcaption>\r\n                <\/a>\r\n            <\/figure><\/div><\/li><\/div>\r\n        <div class=\"kb-slide-item kb-gallery-carousel-item\"><li class=\"kadence-blocks-gallery-item\"><div class=\"kadence-blocks-gallery-item-inner\">\r\n            <figure class=\"kb-gallery-figure kb-gallery-item-has-link kadence-blocks-gallery-item-has-caption\">\r\n                <a href=\"https:\/\/www.rome-roma.net\/artmodule\/albert christoph dies\/dies albert christoph - forum de rome.jpg\" class=\"kb-gallery-item-link\" style=\"color: #FFFFFF;\">\r\n                    <div class=\"kb-gal-image-radius\"><div class=\"kb-gallery-image-contain\">\r\n                        <img src=\"https:\/\/www.rome-roma.net\/artmodule\/albert christoph dies\/dies albert christoph - forum de rome.jpg\" width=\"300\" height=\"200\" \r\n                            alt=\"Albert Christoph Dies,Forum romain (?, avant 1822, date ind\u00e9termin\u00e9e)\" \r\n                            data-full-image=\"https:\/\/www.rome-roma.net\/artmodule\/albert christoph dies\/dies albert christoph - forum de rome.jpg\" \r\n                            data-light-image=\"https:\/\/www.rome-roma.net\/artmodule\/albert christoph dies\/dies albert christoph - forum de rome.jpg\" data-id=\"149\" \r\n                            data-link=\"https:\/\/www.rome-roma.net\/artmodule\/albert christoph dies\/dies albert christoph - forum de rome.jpg\" \r\n                            class=\"wp-image-149\" loading=lazy\/>\r\n                    <\/div><\/div>\r\n                    <figcaption class=\"kadence-blocks-gallery-item__caption\">Albert Christoph Dies, Forum romain<\/figcaption>\r\n                <\/a>\r\n            <\/figure><\/div><\/li><\/div>\r\n        <div class=\"kb-slide-item kb-gallery-carousel-item\"><li class=\"kadence-blocks-gallery-item\"><div class=\"kadence-blocks-gallery-item-inner\">\r\n            <figure class=\"kb-gallery-figure kb-gallery-item-has-link kadence-blocks-gallery-item-has-caption\">\r\n                <a href=\"https:\/\/www.rome-roma.net\/artmodule\/albert rieger\/albert rieger - forum romanum.jpg\" class=\"kb-gallery-item-link\" style=\"color: #FFFFFF;\">\r\n                    <div class=\"kb-gal-image-radius\"><div class=\"kb-gallery-image-contain\">\r\n                        <img src=\"https:\/\/www.rome-roma.net\/artmodule\/albert rieger\/albert rieger - forum romanum.jpg\" width=\"300\" height=\"200\" \r\n                            alt=\"Albert Rieger,Le Forum Romain (1850-1905, date ind\u00e9termin\u00e9e)\" \r\n                            data-full-image=\"https:\/\/www.rome-roma.net\/artmodule\/albert rieger\/albert rieger - forum romanum.jpg\" \r\n                            data-light-image=\"https:\/\/www.rome-roma.net\/artmodule\/albert rieger\/albert rieger - forum romanum.jpg\" data-id=\"149\" \r\n                            data-link=\"https:\/\/www.rome-roma.net\/artmodule\/albert rieger\/albert rieger - forum romanum.jpg\" \r\n                            class=\"wp-image-149\" loading=lazy\/>\r\n                    <\/div><\/div>\r\n                    <figcaption class=\"kadence-blocks-gallery-item__caption\">Albert Rieger, Le Forum Romain<\/figcaption>\r\n                <\/a>\r\n            <\/figure><\/div><\/li><\/div>\r\n        <div class=\"kb-slide-item kb-gallery-carousel-item\"><li class=\"kadence-blocks-gallery-item\"><div class=\"kadence-blocks-gallery-item-inner\">\r\n            <figure class=\"kb-gallery-figure kb-gallery-item-has-link kadence-blocks-gallery-item-has-caption\">\r\n                <a href=\"https:\/\/www.rome-roma.net\/artmodule\/antonietta brandeis\/antonietta brandeis forum colisee.jpg\" class=\"kb-gallery-item-link\" style=\"color: #FFFFFF;\">\r\n                    <div class=\"kb-gal-image-radius\"><div class=\"kb-gallery-image-contain\">\r\n                        <img src=\"https:\/\/www.rome-roma.net\/artmodule\/antonietta brandeis\/antonietta brandeis forum colisee.jpg\" width=\"300\" height=\"200\" \r\n                            alt=\"Antonietta Brandeis,Le forum et le Colis\u00e9e (1878-1893, date ind\u00e9termin\u00e9e)\" \r\n                            data-full-image=\"https:\/\/www.rome-roma.net\/artmodule\/antonietta brandeis\/antonietta brandeis forum colisee.jpg\" \r\n                            data-light-image=\"https:\/\/www.rome-roma.net\/artmodule\/antonietta brandeis\/antonietta brandeis forum colisee.jpg\" data-id=\"149\" \r\n                            data-link=\"https:\/\/www.rome-roma.net\/artmodule\/antonietta brandeis\/antonietta brandeis forum colisee.jpg\" \r\n                            class=\"wp-image-149\" loading=lazy\/>\r\n                    <\/div><\/div>\r\n                    <figcaption class=\"kadence-blocks-gallery-item__caption\">Antonietta Brandeis, Le forum et le Colis\u00e9e<\/figcaption>\r\n                <\/a>\r\n            <\/figure><\/div><\/li><\/div>\r\n        <div class=\"kb-slide-item kb-gallery-carousel-item\"><li class=\"kadence-blocks-gallery-item\"><div class=\"kadence-blocks-gallery-item-inner\">\r\n            <figure class=\"kb-gallery-figure kb-gallery-item-has-link kadence-blocks-gallery-item-has-caption\">\r\n                <a href=\"https:\/\/www.rome-roma.net\/artmodule\/antonio joli\/antonio joli - campo vaccino.jpg\" class=\"kb-gallery-item-link\" style=\"color: #FFFFFF;\">\r\n                    <div class=\"kb-gal-image-radius\"><div class=\"kb-gallery-image-contain\">\r\n                        <img src=\"https:\/\/www.rome-roma.net\/artmodule\/antonio joli\/antonio joli - campo vaccino.jpg\" width=\"300\" height=\"200\" \r\n                            alt=\"Antonio Joli,Campo Vaccino, Rome (1720-1770, date ind\u00e9termin\u00e9e)\" \r\n                            data-full-image=\"https:\/\/www.rome-roma.net\/artmodule\/antonio joli\/antonio joli - campo vaccino.jpg\" \r\n                            data-light-image=\"https:\/\/www.rome-roma.net\/artmodule\/antonio joli\/antonio joli - campo vaccino.jpg\" data-id=\"149\" \r\n                            data-link=\"https:\/\/www.rome-roma.net\/artmodule\/antonio joli\/antonio joli - campo vaccino.jpg\" \r\n                            class=\"wp-image-149\" loading=lazy\/>\r\n                    <\/div><\/div>\r\n                    <figcaption class=\"kadence-blocks-gallery-item__caption\">Antonio Joli, Campo Vaccino, Rome<\/figcaption>\r\n                <\/a>\r\n            <\/figure><\/div><\/li><\/div>\r\n        <div class=\"kb-slide-item kb-gallery-carousel-item\"><li class=\"kadence-blocks-gallery-item\"><div class=\"kadence-blocks-gallery-item-inner\">\r\n            <figure class=\"kb-gallery-figure kb-gallery-item-has-link kadence-blocks-gallery-item-has-caption\">\r\n                <a href=\"https:\/\/www.rome-roma.net\/artmodule\/antonio joli\/antonio joli - rome - vue du forum campo vaccino colisee - 18e.jpg\" class=\"kb-gallery-item-link\" style=\"color: #FFFFFF;\">\r\n                    <div class=\"kb-gal-image-radius\"><div class=\"kb-gallery-image-contain\">\r\n                        <img src=\"https:\/\/www.rome-roma.net\/artmodule\/antonio joli\/antonio joli - rome - vue du forum campo vaccino colisee - 18e.jpg\" width=\"300\" height=\"200\" \r\n                            alt=\"Antonio Joli,Vue du forum - Campo Vaccino - et le Colis\u00e9e (1720-1770, date ind\u00e9termin\u00e9e)\" \r\n                            data-full-image=\"https:\/\/www.rome-roma.net\/artmodule\/antonio joli\/antonio joli - rome - vue du forum campo vaccino colisee - 18e.jpg\" \r\n                            data-light-image=\"https:\/\/www.rome-roma.net\/artmodule\/antonio joli\/antonio joli - rome - vue du forum campo vaccino colisee - 18e.jpg\" data-id=\"149\" \r\n                            data-link=\"https:\/\/www.rome-roma.net\/artmodule\/antonio joli\/antonio joli - rome - vue du forum campo vaccino colisee - 18e.jpg\" \r\n                            class=\"wp-image-149\" loading=lazy\/>\r\n                    <\/div><\/div>\r\n                    <figcaption class=\"kadence-blocks-gallery-item__caption\">Antonio Joli, Vue du forum - Campo Vaccino - et le Colis\u00e9e<\/figcaption>\r\n                <\/a>\r\n            <\/figure><\/div><\/li><\/div><\/div><\/div><\/div><\/div><a href=\"https:\/\/www.rome-roma.net\/site-rome-art.php?lieu=forum+romain\" target=\"_blank\">Clica per vedere oltre dipinti e artisti su Forum romain in Roma<\/a><br>\n\n\n\n<h2>Edifici del Foro<\/h2>\n\n\n\n<ul class=\"lcp_catlist\" id=\"lcp_instance_0\"><li class=\"current\"><a href=\"https:\/\/www.rome-roma.net\/it\/foro-romano\/\">Foro romano di Roma<\/a><a href=\"https:\/\/www.rome-roma.net\/it\/foro-romano\/\" title=\"Foro romano di Roma\"><img width=\"65\" height=\"50\" src=\"https:\/\/www.rome-roma.net\/wp-content\/uploads\/2020\/01\/forum-romain_6519-300x225.jpg\" class=\"classthumblist wp-post-image\" alt=\"Foro romano di Roma\" loading=\"lazy\" srcset=\"https:\/\/www.rome-roma.net\/wp-content\/uploads\/2020\/01\/forum-romain_6519-300x225.jpg 300w, https:\/\/www.rome-roma.net\/wp-content\/uploads\/2020\/01\/forum-romain_6519-800x600.jpg 800w, https:\/\/www.rome-roma.net\/wp-content\/uploads\/2020\/01\/forum-romain_6519-320x240.jpg 320w, https:\/\/www.rome-roma.net\/wp-content\/uploads\/2020\/01\/forum-romain_6519-640x480.jpg 640w\" sizes=\"(max-width: 65px) 100vw, 65px\" \/><\/a><div class=\"lcp_excerpt\">\nIl Foro Romano \u00e8 uno dei siti archeologici pi\u00f9 affascinanti del mondo romano, una meravigliosa occasione per tornare indietro nel tempo. Una visita completa pu\u00f2 richiedere diverse ore per esplorare i suoi innumerevoli resti e ...<\/div><\/li><li><a href=\"https:\/\/www.rome-roma.net\/it\/foro-romano\/curia-iulia\/\">Curia Iulia<\/a><a href=\"https:\/\/www.rome-roma.net\/it\/foro-romano\/curia-iulia\/\" title=\"Curia Iulia\"><img width=\"65\" height=\"50\" src=\"https:\/\/www.rome-roma.net\/wp-content\/uploads\/2020\/01\/Foro-romano-Roma_38481-300x225.jpg\" class=\"classthumblist wp-post-image\" alt=\"Curia Iulia\" loading=\"lazy\" srcset=\"https:\/\/www.rome-roma.net\/wp-content\/uploads\/2020\/01\/Foro-romano-Roma_38481-300x225.jpg 300w, https:\/\/www.rome-roma.net\/wp-content\/uploads\/2020\/01\/Foro-romano-Roma_38481-320x240.jpg 320w, https:\/\/www.rome-roma.net\/wp-content\/uploads\/2020\/01\/Foro-romano-Roma_38481-640x480.jpg 640w\" sizes=\"(max-width: 65px) 100vw, 65px\" \/><\/a><div class=\"lcp_excerpt\">\nLa Curia del Foro Romano era il cuore nevralgico della vita politica nell&#8217;antica Roma, ospitando le assemblee del Senato, dove si discutevano le grandi decisioni riguardanti la Repubblica e poi l&#8217;Impero. Dopo la Curia Hostilia, ...<\/div><\/li><li><a href=\"https:\/\/www.rome-roma.net\/it\/foro-romano\/tempio-di-antonino-e-faustina\/\">Tempio di Antonino e Faustina<\/a><a href=\"https:\/\/www.rome-roma.net\/it\/foro-romano\/tempio-di-antonino-e-faustina\/\" title=\"Tempio di Antonino e Faustina\"><img width=\"65\" height=\"50\" src=\"https:\/\/www.rome-roma.net\/wp-content\/uploads\/2020\/03\/Foro-romano-Roma_38501-300x225.jpg\" class=\"classthumblist wp-post-image\" alt=\"Tempio di Antonino e Faustina\" loading=\"lazy\" srcset=\"https:\/\/www.rome-roma.net\/wp-content\/uploads\/2020\/03\/Foro-romano-Roma_38501-300x225.jpg 300w, https:\/\/www.rome-roma.net\/wp-content\/uploads\/2020\/03\/Foro-romano-Roma_38501-320x240.jpg 320w, https:\/\/www.rome-roma.net\/wp-content\/uploads\/2020\/03\/Foro-romano-Roma_38501-640x480.jpg 640w\" sizes=\"(max-width: 65px) 100vw, 65px\" \/><\/a><div class=\"lcp_excerpt\">\nIl Tempio di Antonino e Faustina, uno dei meglio conservati a Roma, si trova nel Foro Romano, vicino alla Regia e al Tempio di Vesta.\nStoria e trasformazione in chiesa\nIn origine, il tempio era dedicato a ...<\/div><\/li><li><a href=\"https:\/\/www.rome-roma.net\/it\/foro-romano\/basilica-emilia\/\">Basilica Emilia<\/a><a href=\"https:\/\/www.rome-roma.net\/it\/foro-romano\/basilica-emilia\/\" title=\"Basilica Emilia\"><img width=\"65\" height=\"50\" src=\"https:\/\/www.rome-roma.net\/wp-content\/uploads\/2020\/01\/basiliqueaemilia_forum_01341-300x225.jpg\" class=\"classthumblist wp-post-image\" alt=\"Basilica Emilia\" loading=\"lazy\" srcset=\"https:\/\/www.rome-roma.net\/wp-content\/uploads\/2020\/01\/basiliqueaemilia_forum_01341-300x225.jpg 300w, https:\/\/www.rome-roma.net\/wp-content\/uploads\/2020\/01\/basiliqueaemilia_forum_01341-320x240.jpg 320w, https:\/\/www.rome-roma.net\/wp-content\/uploads\/2020\/01\/basiliqueaemilia_forum_01341-640x480.jpg 640w\" sizes=\"(max-width: 65px) 100vw, 65px\" \/><\/a><div class=\"lcp_excerpt\">\nLa Basilica Emilia fu costruita nel 179 a.C. e successivamente restaurata. \u00c8 l&#8217;unica basilica repubblicana di cui rimangono vestigia sostanziali.Era un grande edificio coperto che poteva proteggere i passanti dalle intemperie, consentire varie attivit\u00e0 del ...<\/div><\/li><li><a href=\"https:\/\/www.rome-roma.net\/it\/foro-romano\/arco-di-settimio-severo\/\">Arco di Settimio Severo<\/a><a href=\"https:\/\/www.rome-roma.net\/it\/foro-romano\/arco-di-settimio-severo\/\" title=\"Arco di Settimio Severo\"><img width=\"65\" height=\"50\" src=\"https:\/\/www.rome-roma.net\/wp-content\/uploads\/2020\/01\/Forum-romain-Rome_38371-1-300x225.jpg\" class=\"classthumblist wp-post-image\" alt=\"Arco di Settimio Severo\" loading=\"lazy\" srcset=\"https:\/\/www.rome-roma.net\/wp-content\/uploads\/2020\/01\/Forum-romain-Rome_38371-1-300x225.jpg 300w, https:\/\/www.rome-roma.net\/wp-content\/uploads\/2020\/01\/Forum-romain-Rome_38371-1-320x240.jpg 320w, https:\/\/www.rome-roma.net\/wp-content\/uploads\/2020\/01\/Forum-romain-Rome_38371-1-640x480.jpg 640w\" sizes=\"(max-width: 65px) 100vw, 65px\" \/><\/a><div class=\"lcp_excerpt\">\nL\u2019Arco di Settimio Severo \u00e8 il monumento meglio conservato del foro. Fu costruito ai piedi del Campidoglio per i 10 anni di regno dell\u2019imperatore, nel 203 d.C.\nDescrizione e storia\nI rilievi rappresentano le sue vittorie sui ...<\/div><\/li><li><a href=\"https:\/\/www.rome-roma.net\/it\/foro-romano\/arco-di-tito\/\">Arco di Tito<\/a><a href=\"https:\/\/www.rome-roma.net\/it\/foro-romano\/arco-di-tito\/\" title=\"Arco di Tito\"><img width=\"65\" height=\"50\" src=\"https:\/\/www.rome-roma.net\/wp-content\/uploads\/2020\/01\/forumromain_arcdetitus_00861-300x225.jpg\" class=\"classthumblist wp-post-image\" alt=\"Arco di Tito\" loading=\"lazy\" srcset=\"https:\/\/www.rome-roma.net\/wp-content\/uploads\/2020\/01\/forumromain_arcdetitus_00861-300x225.jpg 300w, https:\/\/www.rome-roma.net\/wp-content\/uploads\/2020\/01\/forumromain_arcdetitus_00861-320x240.jpg 320w, https:\/\/www.rome-roma.net\/wp-content\/uploads\/2020\/01\/forumromain_arcdetitus_00861-640x480.jpg 640w\" sizes=\"(max-width: 65px) 100vw, 65px\" \/><\/a><div class=\"lcp_excerpt\">\nStoria e descrizione\nL&#8217;Arco di Tito \u00e8 un arco trionfale costruito dall&#8217;imperatore Domiziano nell&#8217;81 d.C. in onore di suo padre Vespasiano e di suo fratello Tito, per le loro vittorie nella guerra Giudaica (66-73 ), durante ...<\/div><\/li><li><a href=\"https:\/\/www.rome-roma.net\/it\/foro-romano\/basilica-giulia\/\">Basilica Giulia<\/a><a href=\"https:\/\/www.rome-roma.net\/it\/foro-romano\/basilica-giulia\/\" title=\"Basilica Giulia\"><img width=\"65\" height=\"50\" src=\"https:\/\/www.rome-roma.net\/wp-content\/uploads\/2020\/01\/basilicagiulia_fororoma_01071-300x225.jpg\" class=\"classthumblist wp-post-image\" alt=\"Basilica Giulia\" loading=\"lazy\" srcset=\"https:\/\/www.rome-roma.net\/wp-content\/uploads\/2020\/01\/basilicagiulia_fororoma_01071-300x225.jpg 300w, https:\/\/www.rome-roma.net\/wp-content\/uploads\/2020\/01\/basilicagiulia_fororoma_01071-320x240.jpg 320w, https:\/\/www.rome-roma.net\/wp-content\/uploads\/2020\/01\/basilicagiulia_fororoma_01071-640x480.jpg 640w\" sizes=\"(max-width: 65px) 100vw, 65px\" \/><\/a><div class=\"lcp_excerpt\">\nLa Basilica Giulia occupa un ampio spazio tra due antiche strade, il Vicus Tuscus a est e il Vicus Iugarius a ovest.Fu costruita al posto della basilica Sempronia (170 a.C.) dal 54 a.C. da Giulio ...<\/div><\/li><li><a href=\"https:\/\/www.rome-roma.net\/it\/foro-romano\/basilica-di-massenzio\/\">Basilica di Massenzio<\/a><a href=\"https:\/\/www.rome-roma.net\/it\/foro-romano\/basilica-di-massenzio\/\" title=\"Basilica di Massenzio\"><img width=\"65\" height=\"50\" src=\"https:\/\/www.rome-roma.net\/wp-content\/uploads\/2020\/01\/basiliqueconstantinmaxence_00781-300x225.jpg\" class=\"classthumblist wp-post-image\" alt=\"Basilica di Massenzio\" loading=\"lazy\" srcset=\"https:\/\/www.rome-roma.net\/wp-content\/uploads\/2020\/01\/basiliqueconstantinmaxence_00781-300x225.jpg 300w, https:\/\/www.rome-roma.net\/wp-content\/uploads\/2020\/01\/basiliqueconstantinmaxence_00781-320x240.jpg 320w, https:\/\/www.rome-roma.net\/wp-content\/uploads\/2020\/01\/basiliqueconstantinmaxence_00781-640x480.jpg 640w\" sizes=\"(max-width: 65px) 100vw, 65px\" \/><\/a><div class=\"lcp_excerpt\">\nQuesto monumento \u00e8 il pi\u00f9 grande del foro romano. Fu iniziato dall&#8217;imperatore Massenzio nel 308 d.C. e fu terminato 4 anni dopo da Costantino che sconfisse Massenzio nella battaglia del Ponte Milvio.\nStoria e descrizione\nOspitava la ...<\/div><\/li><li><a href=\"https:\/\/www.rome-roma.net\/it\/foro-romano\/foro-originale\/\">Foro originale e Comizio<\/a><a href=\"https:\/\/www.rome-roma.net\/it\/foro-romano\/foro-originale\/\" title=\"Foro originale e Comizio\"><img src=\"https:\/\/www.rome-roma.net\/photos\/fororomanodiroma\/images\/colonnetetrarchiche_roma_0104.jpg\" class=\"classthumblist\"  alt=\"Foro originale e Comizio\" \/><\/a><div class=\"lcp_excerpt\">\nCulla politica dell&#8217;antica Roma\nIl nord-ovest dell&#8217;attuale foro \u00e8 l&#8217;area pi\u00f9 antica, con il Comizio che si trovava tra la Curia e i Rostri.Durante il periodo reale, nella seconda met\u00e0 del VI secolo a.C., il Comizio ...<\/div><\/li><li><a href=\"https:\/\/www.rome-roma.net\/it\/foro-romano\/tempio-di-vesta\/\">Tempio di Vesta<\/a><a href=\"https:\/\/www.rome-roma.net\/it\/foro-romano\/tempio-di-vesta\/\" title=\"Tempio di Vesta\"><img width=\"65\" height=\"50\" src=\"https:\/\/www.rome-roma.net\/wp-content\/uploads\/2020\/03\/templedevesta_rome_00991-300x225.jpg\" class=\"classthumblist wp-post-image\" alt=\"Tempio di Vesta\" loading=\"lazy\" srcset=\"https:\/\/www.rome-roma.net\/wp-content\/uploads\/2020\/03\/templedevesta_rome_00991-300x225.jpg 300w, https:\/\/www.rome-roma.net\/wp-content\/uploads\/2020\/03\/templedevesta_rome_00991-320x240.jpg 320w, https:\/\/www.rome-roma.net\/wp-content\/uploads\/2020\/03\/templedevesta_rome_00991-640x480.jpg 640w\" sizes=\"(max-width: 65px) 100vw, 65px\" \/><\/a><div class=\"lcp_excerpt\">\nIl Tempio di Vesta \u00e8 uno dei santuari pi\u00f9 antichi di Roma.Secondo la tradizione, fu costruito sotto il secondo re di Roma, Numa Pompilio.\nStoria e descrizione\nFaceva parte della Casa delle Vestali. Nessuno poteva entrarci, tranne ...<\/div><\/li><li><a href=\"https:\/\/www.rome-roma.net\/it\/foro-romano\/tempio-del-divo-romolo\/\">Tempio del Divo Romolo<\/a><a href=\"https:\/\/www.rome-roma.net\/it\/foro-romano\/tempio-del-divo-romolo\/\" title=\"Tempio del Divo Romolo\"><img width=\"65\" height=\"50\" src=\"https:\/\/www.rome-roma.net\/wp-content\/uploads\/2020\/03\/Foro-romano-Roma_38521-300x225.jpg\" class=\"classthumblist wp-post-image\" alt=\"Tempio del Divo Romolo\" loading=\"lazy\" srcset=\"https:\/\/www.rome-roma.net\/wp-content\/uploads\/2020\/03\/Foro-romano-Roma_38521-300x225.jpg 300w, https:\/\/www.rome-roma.net\/wp-content\/uploads\/2020\/03\/Foro-romano-Roma_38521-320x240.jpg 320w\" sizes=\"(max-width: 65px) 100vw, 65px\" \/><\/a><div class=\"lcp_excerpt\">\nAll&#8217;inizio di Roma, questo luogo sarebbe stato occupato da un santuario all&#8217;aperto dedicato a Giove Statore, fondato secondo la tradizione da Romolo.Nel 294 a.C., il console Marco Atilio Regolo vi costru\u00ec un tempio, forse legato ...<\/div><\/li><li><a href=\"https:\/\/www.rome-roma.net\/it\/foro-romano\/tempio-di-saturno\/\">Tempio di Saturno e Saturnali<\/a><a href=\"https:\/\/www.rome-roma.net\/it\/foro-romano\/tempio-di-saturno\/\" title=\"Tempio di Saturno e Saturnali\"><img width=\"65\" height=\"50\" src=\"https:\/\/www.rome-roma.net\/wp-content\/uploads\/2020\/03\/temple-de-saturne_5449-300x225.jpg\" class=\"classthumblist wp-post-image\" alt=\"Tempio di Saturno e Saturnali\" loading=\"lazy\" srcset=\"https:\/\/www.rome-roma.net\/wp-content\/uploads\/2020\/03\/temple-de-saturne_5449-300x225.jpg 300w, https:\/\/www.rome-roma.net\/wp-content\/uploads\/2020\/03\/temple-de-saturne_5449-800x600.jpg 800w, https:\/\/www.rome-roma.net\/wp-content\/uploads\/2020\/03\/temple-de-saturne_5449-320x240.jpg 320w, https:\/\/www.rome-roma.net\/wp-content\/uploads\/2020\/03\/temple-de-saturne_5449-640x480.jpg 640w\" sizes=\"(max-width: 65px) 100vw, 65px\" \/><\/a><div class=\"lcp_excerpt\">\nStoria del tempio di Saturno\nIl tempio di Saturno \u00e8 il pi\u00f9 antico del foro dopo quelli di Vesta e Giove, consacrato intorno al 497 a.C. Fu restaurato pi\u00f9 volte, nel 42 a.C. dal politico Planco, ...<\/div><\/li><li><a href=\"https:\/\/www.rome-roma.net\/it\/foro-romano\/tempio-dei-dioscuri\/\">Tempio dei Dioscuri<\/a><a href=\"https:\/\/www.rome-roma.net\/it\/foro-romano\/tempio-dei-dioscuri\/\" title=\"Tempio dei Dioscuri\"><img width=\"65\" height=\"50\" src=\"https:\/\/www.rome-roma.net\/wp-content\/uploads\/2020\/03\/temple_de_castor_et_pollux_forum_romain_54571-300x225.jpg\" class=\"classthumblist wp-post-image\" alt=\"Tempio dei Dioscuri\" loading=\"lazy\" srcset=\"https:\/\/www.rome-roma.net\/wp-content\/uploads\/2020\/03\/temple_de_castor_et_pollux_forum_romain_54571-300x225.jpg 300w, https:\/\/www.rome-roma.net\/wp-content\/uploads\/2020\/03\/temple_de_castor_et_pollux_forum_romain_54571-320x240.jpg 320w, https:\/\/www.rome-roma.net\/wp-content\/uploads\/2020\/03\/temple_de_castor_et_pollux_forum_romain_54571-640x480.jpg 640w\" sizes=\"(max-width: 65px) 100vw, 65px\" \/><\/a><div class=\"lcp_excerpt\">\nLe tre colonne corinzie rimanenti provengono da una ricostruzione intorno all&#8217;anno 6 d.C. Ma un tempio dedicato ai figli gemelli di Giove, Castore e Polluce (o Dioscuri) esisteva gi\u00e0 nel V secolo a.C. \u00c8 probabile ...<\/div><\/li><li><a href=\"https:\/\/www.rome-roma.net\/it\/foro-romano\/casa-delle-vestali\/\">Casa delle Vestali<\/a><a href=\"https:\/\/www.rome-roma.net\/it\/foro-romano\/casa-delle-vestali\/\" title=\"Casa delle Vestali\"><img width=\"65\" height=\"50\" src=\"https:\/\/www.rome-roma.net\/wp-content\/uploads\/2020\/03\/maisondesvestales_rome_00971-300x225.jpg\" class=\"classthumblist wp-post-image\" alt=\"Casa delle Vestali\" loading=\"lazy\" srcset=\"https:\/\/www.rome-roma.net\/wp-content\/uploads\/2020\/03\/maisondesvestales_rome_00971-300x225.jpg 300w, https:\/\/www.rome-roma.net\/wp-content\/uploads\/2020\/03\/maisondesvestales_rome_00971-320x240.jpg 320w, https:\/\/www.rome-roma.net\/wp-content\/uploads\/2020\/03\/maisondesvestales_rome_00971-640x480.jpg 640w\" sizes=\"(max-width: 65px) 100vw, 65px\" \/><\/a><div class=\"lcp_excerpt\">\nLa Casa delle Vestali, chiamata anche Atrium Vestae, e il Tempio di Vesta erano luoghi riservati alle sacerdotesse chiamate vestali. Questo vasto edificio \u00e8 uno dei pi\u00f9 antichi del Foro. L&#8217;ordine delle vestali sarebbe stato ...<\/div><\/li><li><a href=\"https:\/\/www.rome-roma.net\/it\/foro-romano\/tempio-del-divo-giulio\/\">Tempio del Divo Giulio<\/a><a href=\"https:\/\/www.rome-roma.net\/it\/foro-romano\/tempio-del-divo-giulio\/\" title=\"Tempio del Divo Giulio\"><img width=\"65\" height=\"50\" src=\"https:\/\/www.rome-roma.net\/wp-content\/uploads\/2020\/03\/tempiodeldivogiulio_aradicesare_01151-300x225.jpg\" class=\"classthumblist wp-post-image\" alt=\"Tempio del Divo Giulio\" loading=\"lazy\" srcset=\"https:\/\/www.rome-roma.net\/wp-content\/uploads\/2020\/03\/tempiodeldivogiulio_aradicesare_01151-300x225.jpg 300w, https:\/\/www.rome-roma.net\/wp-content\/uploads\/2020\/03\/tempiodeldivogiulio_aradicesare_01151-320x240.jpg 320w, https:\/\/www.rome-roma.net\/wp-content\/uploads\/2020\/03\/tempiodeldivogiulio_aradicesare_01151-640x480.jpg 640w\" sizes=\"(max-width: 65px) 100vw, 65px\" \/><\/a><div class=\"lcp_excerpt\">\nQuesto tempio del Divino Cesare fu dedicato a Giulio Cesare (morto nel 44 a.C.), inaugurato da Augusto nell\u2019anno 29 a.C. Giulio Cesare fu il primo romano ad essere divinizzato, e quindi il primo al quale ...<\/div><\/li><li><a href=\"https:\/\/www.rome-roma.net\/it\/foro-romano\/colonna-di-foca\/\">Colonna di Foca<\/a><a href=\"https:\/\/www.rome-roma.net\/it\/foro-romano\/colonna-di-foca\/\" title=\"Colonna di Foca\"><img width=\"65\" height=\"50\" src=\"https:\/\/www.rome-roma.net\/wp-content\/uploads\/2020\/03\/colonnadifoca_fororomano_01121-300x225.jpg\" class=\"classthumblist wp-post-image\" alt=\"Colonna di Foca\" loading=\"lazy\" srcset=\"https:\/\/www.rome-roma.net\/wp-content\/uploads\/2020\/03\/colonnadifoca_fororomano_01121-300x225.jpg 300w, https:\/\/www.rome-roma.net\/wp-content\/uploads\/2020\/03\/colonnadifoca_fororomano_01121-320x240.jpg 320w\" sizes=\"(max-width: 65px) 100vw, 65px\" \/><\/a><div class=\"lcp_excerpt\">\nLa colonna di Foca fu eretta di fronte ai rostri del Foro Romano. \u00c8 dedicata all&#8217;imperatore bizantino Foca, eretta il 1 agosto 608, probabilmente in riconoscimento della politica dell&#8217;imperatore a favore della chiesa.\nDescrizione\nLa colonna di ...<\/div><\/li><li><a href=\"https:\/\/www.rome-roma.net\/it\/foro-romano\/portico-degli-dei-consenti\/\">Portico degli Dei Consenti<\/a><a href=\"https:\/\/www.rome-roma.net\/it\/foro-romano\/portico-degli-dei-consenti\/\" title=\"Portico degli Dei Consenti\"><img width=\"65\" height=\"50\" src=\"https:\/\/www.rome-roma.net\/wp-content\/uploads\/2020\/03\/porticodeglideiconsenti_fororoma_01101-300x225.jpg\" class=\"classthumblist wp-post-image\" alt=\"Portico degli Dei Consenti\" loading=\"lazy\" srcset=\"https:\/\/www.rome-roma.net\/wp-content\/uploads\/2020\/03\/porticodeglideiconsenti_fororoma_01101-300x225.jpg 300w, https:\/\/www.rome-roma.net\/wp-content\/uploads\/2020\/03\/porticodeglideiconsenti_fororoma_01101-320x240.jpg 320w, https:\/\/www.rome-roma.net\/wp-content\/uploads\/2020\/03\/porticodeglideiconsenti_fororoma_01101-640x480.jpg 640w\" sizes=\"(max-width: 65px) 100vw, 65px\" \/><\/a><div class=\"lcp_excerpt\">\nSituato nell&#8217;angolo nord-ovest del foro, ai piedi del Tabularium, questo Portico degli Dei Consenti fu costruito intorno al III secolo d.C., al posto di un edificio risalente all&#8217;epoca flavia, del I secolo. Era posto davanti ...<\/div><\/li><li><a href=\"https:\/\/www.rome-roma.net\/it\/foro-romano\/#Galleria-Foto-del-Foro-Romano\">Fotografie del Foro romano<\/a><a href=\"https:\/\/www.rome-roma.net\/it\/foro-romano\/#Galleria-Foto-del-Foro-Romano\" title=\"Fotografie del Foro romano\"><img width=\"65\" height=\"50\" src=\"https:\/\/www.rome-roma.net\/wp-content\/uploads\/2020\/03\/foro-romano_0532-300x225.jpg\" class=\"classthumblist wp-post-image\" alt=\"Fotografie del Foro romano\" loading=\"lazy\" srcset=\"https:\/\/www.rome-roma.net\/wp-content\/uploads\/2020\/03\/foro-romano_0532-300x225.jpg 300w, https:\/\/www.rome-roma.net\/wp-content\/uploads\/2020\/03\/foro-romano_0532-800x600.jpg 800w, https:\/\/www.rome-roma.net\/wp-content\/uploads\/2020\/03\/foro-romano_0532-320x240.jpg 320w, https:\/\/www.rome-roma.net\/wp-content\/uploads\/2020\/03\/foro-romano_0532-640x480.jpg 640w\" sizes=\"(max-width: 65px) 100vw, 65px\" \/><\/a><div class=\"lcp_excerpt\">\n\nForo romano di Roma\n   \n\n\n\n \n\n\n<\/div><\/li><li><a href=\"https:\/\/www.rome-roma.net\/it\/foro-romano\/tempio-di-vespasiano-e-tito\/\">Tempio di Vespasiano e Tito<\/a><a href=\"https:\/\/www.rome-roma.net\/it\/foro-romano\/tempio-di-vespasiano-e-tito\/\" title=\"Tempio di Vespasiano e Tito\"><img src=\"https:\/\/www.rome-roma.net\/wp-content\/uploads\/2020\/01\/foro-romano-panorama-0540-683x1024.jpg\" class=\"classthumblist\"  alt=\"Tempio di Vespasiano e Tito\" \/><\/a><div class=\"lcp_excerpt\">\nLa costruzione del Tempio di Vespasiano, ai piedi del colle Campidoglio, fu iniziata dall\u2019imperatore Tito per onorare suo padre Vespasiano, divinizzato dopo la sua morte il 23 giugno 79. Fu completata dopo la morte di ...<\/div><\/li><li><a href=\"https:\/\/www.rome-roma.net\/it\/foro-romano\/santa-maria-antiqua-ed-edifici-domiziani\/\">Santa Maria Antiqua ed edifici domiziani<\/a><a href=\"https:\/\/www.rome-roma.net\/it\/foro-romano\/santa-maria-antiqua-ed-edifici-domiziani\/\" title=\"Santa Maria Antiqua ed edifici domiziani\"><img src=\"https:\/\/www.rome-roma.net\/wp-content\/uploads\/2020\/03\/crocifissione-santa-maria-antiqua-214x300.jpg\" class=\"classthumblist\"  alt=\"Santa Maria Antiqua ed edifici domiziani\" \/><\/a><div class=\"lcp_excerpt\">\nLa chiesa di Santa Maria Antiqua \u00e8 l&#8217;edificio cristiano pi\u00f9 antico e interessante situato nel Foro Romano a Roma.\nChiesa di Santa Maria Antiqua\nAi margini del foro, ai piedi delle pendici del Palatino, si trova un ...<\/div><\/li><li><a href=\"https:\/\/www.rome-roma.net\/it\/foro-romano\/tempio-di-venere-e-roma\/\">Tempio di Venere e Roma<\/a><a href=\"https:\/\/www.rome-roma.net\/it\/foro-romano\/tempio-di-venere-e-roma\/\" title=\"Tempio di Venere e Roma\"><img width=\"65\" height=\"50\" src=\"https:\/\/www.rome-roma.net\/wp-content\/uploads\/2025\/07\/tempio-di-venere-e-roma-300x225.jpg\" class=\"classthumblist wp-post-image\" alt=\"Tempio di Venere e Roma\" loading=\"lazy\" srcset=\"https:\/\/www.rome-roma.net\/wp-content\/uploads\/2025\/07\/tempio-di-venere-e-roma-300x225.jpg 300w, https:\/\/www.rome-roma.net\/wp-content\/uploads\/2025\/07\/tempio-di-venere-e-roma-320x240.jpg 320w, https:\/\/www.rome-roma.net\/wp-content\/uploads\/2025\/07\/tempio-di-venere-e-roma-640x480.jpg 640w\" sizes=\"(max-width: 65px) 100vw, 65px\" \/><\/a><div class=\"lcp_excerpt\">\nIl Tempio di Venere e Roma, situato all&#8217;estremit\u00e0 nord-orientale del Foro Romano, \u00e8 il pi\u00f9 grande santuario dell&#8217;antica Roma, eretto nel 135 d.C. dall&#8217;imperatore Adriano. Dedicato a Venere Felix, dea dell&#8217;amore e mitica antenata dei ...<\/div><\/li><li><a href=\"https:\/\/www.rome-roma.net\/it\/foro-romano\/i-rostri-del-foro-romano\/\">I Rostri del Foro Romano<\/a><a href=\"https:\/\/www.rome-roma.net\/it\/foro-romano\/i-rostri-del-foro-romano\/\" title=\"I Rostri del Foro Romano\"><img width=\"65\" height=\"50\" src=\"https:\/\/www.rome-roma.net\/wp-content\/uploads\/2020\/01\/Foro-romano-Roma_38481-300x225.jpg\" class=\"classthumblist wp-post-image\" alt=\"I Rostri del Foro Romano\" loading=\"lazy\" srcset=\"https:\/\/www.rome-roma.net\/wp-content\/uploads\/2020\/01\/Foro-romano-Roma_38481-300x225.jpg 300w, https:\/\/www.rome-roma.net\/wp-content\/uploads\/2020\/01\/Foro-romano-Roma_38481-320x240.jpg 320w, https:\/\/www.rome-roma.net\/wp-content\/uploads\/2020\/01\/Foro-romano-Roma_38481-640x480.jpg 640w\" sizes=\"(max-width: 65px) 100vw, 65px\" \/><\/a><div class=\"lcp_excerpt\">\nI Rostri, situati nella parte nord-occidentale del Foro Romano a Roma, costituivano una tribuna emblematica, epicentro della vita politica e oratoria dell\u2019antica Roma. Situata ai piedi del Campidoglio, questa piattaforma semicircolare permetteva a magistrati, senatori ...<\/div><\/li><\/ul>\n\n\n\n<h2>Risorsi<\/h2>\n\n\n\n<h4>Cartine del Foro Romano<\/h4>\n\n\n\n<figure class=\"wp-block-image\"><a href=\"https:\/\/www.rome-roma.net\/photos\/fororomanodiroma\/images\/mappafororomano_roma_0102.jpg\" target=\"_blank\" rel=\"lightbox[a] noopener noreferrer\"><img src=\"https:\/\/www.rome-roma.net\/photos\/fororomanodiroma\/thumbnails\/mappafororomano_roma_0102.jpg\" alt=\"carte du forum romain de rome\"\/><\/a><\/figure>\n\n\n\n<figure class=\"wp-block-image is-resized\"><a href=\"https:\/\/www.rome-roma.net\/cartes\/forums-antiques-a-rome.jpg\" rel=\"lightbox[a]\"><img loading=\"lazy\" src=\"https:\/\/www.rome-roma.net\/cartes\/plan-forum-antique-a-rome.jpg\" alt=\"forums romains\" width=\"150\" height=\"167\"\/><\/a><\/figure>\n\n\n\n<h4>Mappe dei forum in epoca repubblicana e imperiale<\/h4>\n\n\n\n<a href=\"https:\/\/www.rome-roma.net\/rome_roma\/cartes\/rome_forumrepublicain_shep.jpg\" rel=\"lightbox[a]\"><img loading=\"lazy\" src=\"https:\/\/www.rome-roma.net\/rome_roma\/cartes\/rome_forumrepublicain_shepb.jpg\" alt=\"carte forum romain\" width=\"150\" hspace=\"10\" height=\"116\" border=\"0\" align=\"top\"><\/a>\n                    <a href=\"https:\/\/www.rome-roma.net\/rome_roma\/cartes\/rome_forumsimperiaux_shep.jpg\" rel=\"lightbox[a]\"><img loading=\"lazy\" src=\"https:\/\/www.rome-roma.net\/rome_roma\/cartes\/rome_forumsimperiaux_shepb.jpg\" alt=\"carte forums imperiaux rome\" width=\"150\" hspace=\"10\" height=\"179\" border=\"0\" align=\"top\"><\/a>\n","protected":false},"excerpt":{"rendered":"<p>Il Foro Romano \u00e8 uno dei siti archeologici pi\u00f9 affascinanti del mondo romano, una meravigliosa occasione per tornare indietro nel tempo. Una visita completa pu\u00f2 richiedere diverse ore per esplorare i suoi innumerevoli resti e immergersi nella ricca storia dei suoi numerosi edifici. La Via Sacra, un&#8217;antica strada lastricata, attraversa il sito per quasi 600 [&hellip;]<\/p>\n","protected":false},"featured_media":4896,"parent":0,"menu_order":0,"comment_status":"open","ping_status":"open","template":"","format":"standard","meta":{"kt_blocks_editor_width":"","_links_to":"","_links_to_target":""},"genre":[268,282],"interet":[289],"quartier":[314,290],"categorie_site":[432,425],"quartier_historique":[442],"etiquettes_site":[471],"acf":[],"yoast_head":"<!-- This site is optimized with the Yoast SEO plugin v17.4 - https:\/\/yoast.com\/wordpress\/plugins\/seo\/ -->\n<title>Foro romano di Roma &ndash; Rome-Roma<\/title>\n<meta name=\"description\" content=\"Visita il Foro Romano a Roma, descrizione e percorso del sito. Condizioni d&#039;accesso e orari. Il sito divenne rapidamente il centro della vita cittadina.\" \/>\n<meta name=\"robots\" content=\"index, follow, max-snippet:-1, max-image-preview:large, max-video-preview:-1\" \/>\n<link rel=\"canonical\" href=\"https:\/\/www.rome-roma.net\/it\/foro-romano\/\" \/>\n<meta property=\"og:locale\" content=\"it_IT\" \/>\n<meta property=\"og:type\" content=\"article\" \/>\n<meta property=\"og:title\" content=\"Foro romano di Roma &ndash; Rome-Roma\" \/>\n<meta property=\"og:description\" content=\"Visita il Foro Romano a Roma, descrizione e percorso del sito. Condizioni d&#039;accesso e orari. Il sito divenne rapidamente il centro della vita cittadina.\" \/>\n<meta property=\"og:url\" content=\"https:\/\/www.rome-roma.net\/it\/foro-romano\/\" \/>\n<meta property=\"og:site_name\" content=\"Rome-Roma\" \/>\n<meta property=\"article:modified_time\" content=\"2026-04-05T08:28:24+00:00\" \/>\n<meta property=\"og:image\" content=\"https:\/\/www.rome-roma.net\/wp-content\/uploads\/2020\/01\/forum-romain_6519.jpg\" \/>\n\t<meta property=\"og:image:width\" content=\"1200\" \/>\n\t<meta property=\"og:image:height\" content=\"800\" \/>\n<meta name=\"twitter:card\" content=\"summary_large_image\" \/>\n<meta name=\"twitter:label1\" content=\"Tempo di lettura stimato\" \/>\n\t<meta name=\"twitter:data1\" content=\"16 minuti\" \/>\n<script type=\"application\/ld+json\" class=\"yoast-schema-graph\">{\"@context\":\"https:\/\/schema.org\",\"@graph\":[{\"@type\":\"Organization\",\"@id\":\"https:\/\/www.rome-roma.net\/it\/#organization\",\"name\":\"Rome-Roma\",\"url\":\"https:\/\/www.rome-roma.net\/it\/\",\"sameAs\":[],\"logo\":{\"@type\":\"ImageObject\",\"@id\":\"https:\/\/www.rome-roma.net\/it\/#logo\",\"inLanguage\":\"it-IT\",\"url\":\"https:\/\/www.rome-roma.net\/wp-content\/uploads\/2025\/07\/logo-rome-roma-420.jpg\",\"contentUrl\":\"https:\/\/www.rome-roma.net\/wp-content\/uploads\/2025\/07\/logo-rome-roma-420.jpg\",\"width\":420,\"height\":420,\"caption\":\"Rome-Roma\"},\"image\":{\"@id\":\"https:\/\/www.rome-roma.net\/it\/#logo\"}},{\"@type\":\"WebSite\",\"@id\":\"https:\/\/www.rome-roma.net\/it\/#website\",\"url\":\"https:\/\/www.rome-roma.net\/it\/\",\"name\":\"Rome-Roma\",\"description\":\"Cultura & Viaggio\",\"publisher\":{\"@id\":\"https:\/\/www.rome-roma.net\/it\/#organization\"},\"potentialAction\":[{\"@type\":\"SearchAction\",\"target\":{\"@type\":\"EntryPoint\",\"urlTemplate\":\"https:\/\/www.rome-roma.net\/it\/?s={search_term_string}\"},\"query-input\":\"required name=search_term_string\"}],\"inLanguage\":\"it-IT\"},{\"@type\":\"ImageObject\",\"@id\":\"https:\/\/www.rome-roma.net\/it\/foro-romano\/#primaryimage\",\"inLanguage\":\"it-IT\",\"url\":\"https:\/\/www.rome-roma.net\/wp-content\/uploads\/2020\/01\/forum-romain_6519.jpg\",\"contentUrl\":\"https:\/\/www.rome-roma.net\/wp-content\/uploads\/2020\/01\/forum-romain_6519.jpg\",\"width\":1200,\"height\":800,\"caption\":\"Vue sur le forum romain\"},{\"@type\":\"WebPage\",\"@id\":\"https:\/\/www.rome-roma.net\/it\/foro-romano\/#webpage\",\"url\":\"https:\/\/www.rome-roma.net\/it\/foro-romano\/\",\"name\":\"Foro romano di Roma &ndash; Rome-Roma\",\"isPartOf\":{\"@id\":\"https:\/\/www.rome-roma.net\/it\/#website\"},\"primaryImageOfPage\":{\"@id\":\"https:\/\/www.rome-roma.net\/it\/foro-romano\/#primaryimage\"},\"datePublished\":\"2020-01-09T10:39:21+00:00\",\"dateModified\":\"2026-04-05T08:28:24+00:00\",\"description\":\"Visita il Foro Romano a Roma, descrizione e percorso del sito. Condizioni d'accesso e orari. Il sito divenne rapidamente il centro della vita cittadina.\",\"breadcrumb\":{\"@id\":\"https:\/\/www.rome-roma.net\/it\/foro-romano\/#breadcrumb\"},\"inLanguage\":\"it-IT\",\"potentialAction\":[{\"@type\":\"ReadAction\",\"target\":[\"https:\/\/www.rome-roma.net\/it\/foro-romano\/\"]}]},{\"@type\":\"BreadcrumbList\",\"@id\":\"https:\/\/www.rome-roma.net\/it\/foro-romano\/#breadcrumb\",\"itemListElement\":[{\"@type\":\"ListItem\",\"position\":1,\"name\":\"Accueil\",\"item\":\"https:\/\/www.rome-roma.net\/it\/\"},{\"@type\":\"ListItem\",\"position\":2,\"name\":\"Foro romano di Roma\"}]}]}<\/script>\n<!-- \/ Yoast SEO plugin. -->","yoast_head_json":{"title":"Foro romano di Roma &ndash; Rome-Roma","description":"Visita il Foro Romano a Roma, descrizione e percorso del sito. Condizioni d'accesso e orari. Il sito divenne rapidamente il centro della vita cittadina.","robots":{"index":"index","follow":"follow","max-snippet":"max-snippet:-1","max-image-preview":"max-image-preview:large","max-video-preview":"max-video-preview:-1"},"canonical":"https:\/\/www.rome-roma.net\/it\/foro-romano\/","og_locale":"it_IT","og_type":"article","og_title":"Foro romano di Roma &ndash; Rome-Roma","og_description":"Visita il Foro Romano a Roma, descrizione e percorso del sito. Condizioni d'accesso e orari. Il sito divenne rapidamente il centro della vita cittadina.","og_url":"https:\/\/www.rome-roma.net\/it\/foro-romano\/","og_site_name":"Rome-Roma","article_modified_time":"2026-04-05T08:28:24+00:00","og_image":[{"width":1200,"height":800,"url":"https:\/\/www.rome-roma.net\/wp-content\/uploads\/2020\/01\/forum-romain_6519.jpg","type":"image\/jpeg"}],"twitter_card":"summary_large_image","twitter_misc":{"Tempo di lettura stimato":"16 minuti"},"schema":{"@context":"https:\/\/schema.org","@graph":[{"@type":"Organization","@id":"https:\/\/www.rome-roma.net\/it\/#organization","name":"Rome-Roma","url":"https:\/\/www.rome-roma.net\/it\/","sameAs":[],"logo":{"@type":"ImageObject","@id":"https:\/\/www.rome-roma.net\/it\/#logo","inLanguage":"it-IT","url":"https:\/\/www.rome-roma.net\/wp-content\/uploads\/2025\/07\/logo-rome-roma-420.jpg","contentUrl":"https:\/\/www.rome-roma.net\/wp-content\/uploads\/2025\/07\/logo-rome-roma-420.jpg","width":420,"height":420,"caption":"Rome-Roma"},"image":{"@id":"https:\/\/www.rome-roma.net\/it\/#logo"}},{"@type":"WebSite","@id":"https:\/\/www.rome-roma.net\/it\/#website","url":"https:\/\/www.rome-roma.net\/it\/","name":"Rome-Roma","description":"Cultura & Viaggio","publisher":{"@id":"https:\/\/www.rome-roma.net\/it\/#organization"},"potentialAction":[{"@type":"SearchAction","target":{"@type":"EntryPoint","urlTemplate":"https:\/\/www.rome-roma.net\/it\/?s={search_term_string}"},"query-input":"required name=search_term_string"}],"inLanguage":"it-IT"},{"@type":"ImageObject","@id":"https:\/\/www.rome-roma.net\/it\/foro-romano\/#primaryimage","inLanguage":"it-IT","url":"https:\/\/www.rome-roma.net\/wp-content\/uploads\/2020\/01\/forum-romain_6519.jpg","contentUrl":"https:\/\/www.rome-roma.net\/wp-content\/uploads\/2020\/01\/forum-romain_6519.jpg","width":1200,"height":800,"caption":"Vue sur le forum romain"},{"@type":"WebPage","@id":"https:\/\/www.rome-roma.net\/it\/foro-romano\/#webpage","url":"https:\/\/www.rome-roma.net\/it\/foro-romano\/","name":"Foro romano di Roma &ndash; Rome-Roma","isPartOf":{"@id":"https:\/\/www.rome-roma.net\/it\/#website"},"primaryImageOfPage":{"@id":"https:\/\/www.rome-roma.net\/it\/foro-romano\/#primaryimage"},"datePublished":"2020-01-09T10:39:21+00:00","dateModified":"2026-04-05T08:28:24+00:00","description":"Visita il Foro Romano a Roma, descrizione e percorso del sito. Condizioni d'accesso e orari. Il sito divenne rapidamente il centro della vita cittadina.","breadcrumb":{"@id":"https:\/\/www.rome-roma.net\/it\/foro-romano\/#breadcrumb"},"inLanguage":"it-IT","potentialAction":[{"@type":"ReadAction","target":["https:\/\/www.rome-roma.net\/it\/foro-romano\/"]}]},{"@type":"BreadcrumbList","@id":"https:\/\/www.rome-roma.net\/it\/foro-romano\/#breadcrumb","itemListElement":[{"@type":"ListItem","position":1,"name":"Accueil","item":"https:\/\/www.rome-roma.net\/it\/"},{"@type":"ListItem","position":2,"name":"Foro romano di Roma"}]}]}},"acf_fields":{"nom_monument":"Foro romano di Roma","wikidata":"Q180212","sameas":"https:\/\/it.wikipedia.org\/wiki\/Foro_Romano"},"_links":{"self":[{"href":"https:\/\/www.rome-roma.net\/it\/wp-json\/wp\/v2\/site\/5482"}],"collection":[{"href":"https:\/\/www.rome-roma.net\/it\/wp-json\/wp\/v2\/site"}],"about":[{"href":"https:\/\/www.rome-roma.net\/it\/wp-json\/wp\/v2\/types\/site"}],"replies":[{"embeddable":true,"href":"https:\/\/www.rome-roma.net\/it\/wp-json\/wp\/v2\/comments?post=5482"}],"wp:featuredmedia":[{"embeddable":true,"href":"https:\/\/www.rome-roma.net\/it\/wp-json\/wp\/v2\/media\/4896"}],"wp:attachment":[{"href":"https:\/\/www.rome-roma.net\/it\/wp-json\/wp\/v2\/media?parent=5482"}],"wp:term":[{"taxonomy":"genre","embeddable":true,"href":"https:\/\/www.rome-roma.net\/it\/wp-json\/wp\/v2\/genre?post=5482"},{"taxonomy":"interet","embeddable":true,"href":"https:\/\/www.rome-roma.net\/it\/wp-json\/wp\/v2\/interet?post=5482"},{"taxonomy":"quartier","embeddable":true,"href":"https:\/\/www.rome-roma.net\/it\/wp-json\/wp\/v2\/quartier?post=5482"},{"taxonomy":"categorie_site","embeddable":true,"href":"https:\/\/www.rome-roma.net\/it\/wp-json\/wp\/v2\/categorie_site?post=5482"},{"taxonomy":"quartier_historique","embeddable":true,"href":"https:\/\/www.rome-roma.net\/it\/wp-json\/wp\/v2\/quartier_historique?post=5482"},{"taxonomy":"etiquettes_site","embeddable":true,"href":"https:\/\/www.rome-roma.net\/it\/wp-json\/wp\/v2\/etiquettes_site?post=5482"}],"curies":[{"name":"wp","href":"https:\/\/api.w.org\/{rel}","templated":true}]}}