


{"id":5485,"date":"2020-01-14T17:37:17","date_gmt":"2020-01-14T16:37:17","guid":{"rendered":"https:\/\/www.rome-roma.net\/site\/foro-romano\/arc-de-septime-severe\/"},"modified":"2025-07-26T14:51:07","modified_gmt":"2025-07-26T12:51:07","slug":"arco-di-settimio-severo","status":"publish","type":"site","link":"https:\/\/www.rome-roma.net\/it\/foro-romano\/arco-di-settimio-severo\/","title":{"rendered":"Arco di Settimio Severo"},"content":{"rendered":"\n<p><a href=\"https:\/\/www.rome-roma.net\/wp-content\/uploads\/2021\/01\/arc-de-septime-severe-forum-romain-0533.jpg\"><img loading=\"lazy\" class=\"wp-image-25812 size-medium alignright\" src=\"https:\/\/www.rome-roma.net\/wp-content\/uploads\/2021\/01\/arc-de-septime-severe-forum-romain-0533-300x200.jpg\" alt=\"Arco di Settimio Severo sul Foro Romano di Roma\" width=\"300\" height=\"200\" srcset=\"https:\/\/www.rome-roma.net\/wp-content\/uploads\/2021\/01\/arc-de-septime-severe-forum-romain-0533-300x200.jpg 300w, https:\/\/www.rome-roma.net\/wp-content\/uploads\/2021\/01\/arc-de-septime-severe-forum-romain-0533-1024x683.jpg 1024w, https:\/\/www.rome-roma.net\/wp-content\/uploads\/2021\/01\/arc-de-septime-severe-forum-romain-0533-768x512.jpg 768w, https:\/\/www.rome-roma.net\/wp-content\/uploads\/2021\/01\/arc-de-septime-severe-forum-romain-0533.jpg 1200w\" sizes=\"(max-width: 300px) 100vw, 300px\" \/><\/a>L\u2019<strong>Arco di Settimio Severo<\/strong> \u00e8 il monumento meglio conservato del foro. Fu costruito ai piedi del Campidoglio per i 10 anni di regno dell\u2019imperatore, nel 203 d.C.<\/p>\n<h2>Descrizione e storia<\/h2>\n<p>I rilievi rappresentano le sue vittorie sui Parti in Medio Oriente (l\u2019attuale Iran e gran parte dei paesi limitrofi).<br \/>Era uno dei passaggi pedonali che conducevano alla piazza del foro.<br \/>\u00c8 anche dedicato ai figli di <strong>Settimio Severo<\/strong>, <strong>Caracalla<\/strong> e <strong>Geta<\/strong>. L\u2019attico, dove \u00e8 incisa la lunga dedica, era originariamente coronato da un quadriga condotto dall\u2019imperatore e dai suoi figli. Una scala conduce all\u2019interno, dove si trovano quattro ambienti.<br \/>\u00c8 costruito in marmo. Due piccole arcate incorniciano l\u2019arco centrale.<\/p>\n<p>Sui quattro grandi pannelli sopra le arcate minori sono scolpite alcune scene delle due campagne contro i Parti.<br \/>Tra le altre sculture, si vedono le quattro stagioni sorvolate da una vittoria con trofeo sull\u2019arco principale. Sopra le piccole arcate sono rappresentate personificazioni di fiumi. Sui chiavi delle arcate sono raffigurate divinit\u00e0. Mentre sui basamenti delle colonne composite sono scolpiti soldati romani con prigionieri.<\/p>\n\n\n\n<h2>Galleria foto<\/h2>\n\n\n\n<figure class=\"wp-container-3 wp-block-gallery-2 wp-block-gallery has-nested-images columns-4 is-cropped\">\n<figure class=\"wp-block-image size-medium\"><a href=\"https:\/\/www.rome-roma.net\/wp-content\/uploads\/2021\/01\/arco-di-settimio-severo-foro-romano-3837.jpg\"><img loading=\"lazy\" width=\"1200\" height=\"800\" data-id=\"25830\"  src=\"https:\/\/www.rome-roma.net\/wp-content\/uploads\/2021\/01\/arco-di-settimio-severo-foro-romano-3837.jpg\" alt=\"arco-di-settimio-severo-foro-romano_3837\" class=\"wp-image-25830\" srcset=\"https:\/\/www.rome-roma.net\/wp-content\/uploads\/2021\/01\/arco-di-settimio-severo-foro-romano-3837.jpg 1200w, https:\/\/www.rome-roma.net\/wp-content\/uploads\/2021\/01\/arco-di-settimio-severo-foro-romano-3837-300x200.jpg 300w, https:\/\/www.rome-roma.net\/wp-content\/uploads\/2021\/01\/arco-di-settimio-severo-foro-romano-3837-1024x683.jpg 1024w, https:\/\/www.rome-roma.net\/wp-content\/uploads\/2021\/01\/arco-di-settimio-severo-foro-romano-3837-768x512.jpg 768w\" sizes=\"(max-width: 1200px) 100vw, 1200px\" \/><\/a><\/figure>\n\n\n\n<figure class=\"wp-block-image size-medium\"><a href=\"https:\/\/www.rome-roma.net\/wp-content\/uploads\/2021\/01\/arco-di-settimio-severo-foro-romano-4753.jpg\"><img loading=\"lazy\" width=\"1200\" height=\"800\" data-id=\"25840\"  src=\"https:\/\/www.rome-roma.net\/wp-content\/uploads\/2021\/01\/arco-di-settimio-severo-foro-romano-4753.jpg\" alt=\"arco-di-settimio-severo-foro-romano_4753\" class=\"wp-image-25840\" srcset=\"https:\/\/www.rome-roma.net\/wp-content\/uploads\/2021\/01\/arco-di-settimio-severo-foro-romano-4753.jpg 1200w, https:\/\/www.rome-roma.net\/wp-content\/uploads\/2021\/01\/arco-di-settimio-severo-foro-romano-4753-300x200.jpg 300w, https:\/\/www.rome-roma.net\/wp-content\/uploads\/2021\/01\/arco-di-settimio-severo-foro-romano-4753-1024x683.jpg 1024w, https:\/\/www.rome-roma.net\/wp-content\/uploads\/2021\/01\/arco-di-settimio-severo-foro-romano-4753-768x512.jpg 768w\" sizes=\"(max-width: 1200px) 100vw, 1200px\" \/><\/a><\/figure>\n\n\n\n<figure class=\"wp-block-image size-medium\"><a href=\"https:\/\/www.rome-roma.net\/wp-content\/uploads\/2021\/01\/arc-de-septime-severe-rome-6524.jpg\"><img loading=\"lazy\" width=\"1200\" height=\"800\" data-id=\"25825\"  src=\"https:\/\/www.rome-roma.net\/wp-content\/uploads\/2021\/01\/arc-de-septime-severe-rome-6524.jpg\" alt=\"Arco di Settimio Severo a Roma\" class=\"wp-image-25825\" srcset=\"https:\/\/www.rome-roma.net\/wp-content\/uploads\/2021\/01\/arc-de-septime-severe-rome-6524.jpg 1200w, https:\/\/www.rome-roma.net\/wp-content\/uploads\/2021\/01\/arc-de-septime-severe-rome-6524-300x200.jpg 300w, https:\/\/www.rome-roma.net\/wp-content\/uploads\/2021\/01\/arc-de-septime-severe-rome-6524-1024x683.jpg 1024w, https:\/\/www.rome-roma.net\/wp-content\/uploads\/2021\/01\/arc-de-septime-severe-rome-6524-768x512.jpg 768w\" sizes=\"(max-width: 1200px) 100vw, 1200px\" \/><\/a><\/figure>\n\n\n\n<figure class=\"wp-block-image size-medium\"><a href=\"https:\/\/www.rome-roma.net\/wp-content\/uploads\/2021\/01\/arc-de-septime-severe-forum-romain-4757.jpg\"><img loading=\"lazy\" width=\"800\" height=\"1200\" data-id=\"25820\"  src=\"https:\/\/www.rome-roma.net\/wp-content\/uploads\/2021\/01\/arc-de-septime-severe-forum-romain-4757.jpg\" alt=\"Arco di Settimio Severo a Roma\" class=\"wp-image-25820\" srcset=\"https:\/\/www.rome-roma.net\/wp-content\/uploads\/2021\/01\/arc-de-septime-severe-forum-romain-4757.jpg 800w, https:\/\/www.rome-roma.net\/wp-content\/uploads\/2021\/01\/arc-de-septime-severe-forum-romain-4757-200x300.jpg 200w, https:\/\/www.rome-roma.net\/wp-content\/uploads\/2021\/01\/arc-de-septime-severe-forum-romain-4757-683x1024.jpg 683w, https:\/\/www.rome-roma.net\/wp-content\/uploads\/2021\/01\/arc-de-septime-severe-forum-romain-4757-768x1152.jpg 768w\" sizes=\"(max-width: 800px) 100vw, 800px\" \/><\/a><\/figure>\n\n\n\n<figure class=\"wp-block-image size-medium\"><a href=\"https:\/\/www.rome-roma.net\/wp-content\/uploads\/2021\/01\/arc-de-septime-severe-forum-romain-0533.jpg\"><img loading=\"lazy\" width=\"1200\" height=\"800\" data-id=\"25815\"  src=\"https:\/\/www.rome-roma.net\/wp-content\/uploads\/2021\/01\/arc-de-septime-severe-forum-romain-0533.jpg\" alt=\"Arco di Settimio Severo, Foro Romano a Roma\" class=\"wp-image-25815\" srcset=\"https:\/\/www.rome-roma.net\/wp-content\/uploads\/2021\/01\/arc-de-septime-severe-forum-romain-0533.jpg 1200w, https:\/\/www.rome-roma.net\/wp-content\/uploads\/2021\/01\/arc-de-septime-severe-forum-romain-0533-300x200.jpg 300w, https:\/\/www.rome-roma.net\/wp-content\/uploads\/2021\/01\/arc-de-septime-severe-forum-romain-0533-1024x683.jpg 1024w, https:\/\/www.rome-roma.net\/wp-content\/uploads\/2021\/01\/arc-de-septime-severe-forum-romain-0533-768x512.jpg 768w\" sizes=\"(max-width: 1200px) 100vw, 1200px\" \/><\/a><\/figure>\n\n\n\n<figure class=\"wp-block-image size-medium\"><a href=\"https:\/\/www.rome-roma.net\/wp-content\/uploads\/2023\/02\/arco-di-settimio-severo-roma-4609.jpg\"><img loading=\"lazy\" width=\"1200\" height=\"800\" data-id=\"26092\"  src=\"https:\/\/www.rome-roma.net\/wp-content\/uploads\/2023\/02\/arco-di-settimio-severo-roma-4609.jpg\" alt=\"Arco di Settimio Severo, Foro Romano a Roma\" class=\"wp-image-26092\" srcset=\"https:\/\/www.rome-roma.net\/wp-content\/uploads\/2023\/02\/arco-di-settimio-severo-roma-4609.jpg 1200w, https:\/\/www.rome-roma.net\/wp-content\/uploads\/2023\/02\/arco-di-settimio-severo-roma-4609-300x200.jpg 300w, https:\/\/www.rome-roma.net\/wp-content\/uploads\/2023\/02\/arco-di-settimio-severo-roma-4609-1024x683.jpg 1024w, https:\/\/www.rome-roma.net\/wp-content\/uploads\/2023\/02\/arco-di-settimio-severo-roma-4609-768x512.jpg 768w\" sizes=\"(max-width: 1200px) 100vw, 1200px\" \/><\/a><\/figure>\n\n\n\n<figure class=\"wp-block-image size-medium\"><a href=\"https:\/\/www.rome-roma.net\/wp-content\/uploads\/2023\/02\/dettaglio-rilievi-arco-di-settimio-severo-roma-4611.jpg\"><img loading=\"lazy\" width=\"800\" height=\"1200\" data-id=\"26098\"  src=\"https:\/\/www.rome-roma.net\/wp-content\/uploads\/2023\/02\/dettaglio-rilievi-arco-di-settimio-severo-roma-4611.jpg\" alt=\"dettaglio-rilievi-arco-di-settimio-severo-roma_4611\" class=\"wp-image-26098\" srcset=\"https:\/\/www.rome-roma.net\/wp-content\/uploads\/2023\/02\/dettaglio-rilievi-arco-di-settimio-severo-roma-4611.jpg 800w, https:\/\/www.rome-roma.net\/wp-content\/uploads\/2023\/02\/dettaglio-rilievi-arco-di-settimio-severo-roma-4611-200x300.jpg 200w, https:\/\/www.rome-roma.net\/wp-content\/uploads\/2023\/02\/dettaglio-rilievi-arco-di-settimio-severo-roma-4611-683x1024.jpg 683w, https:\/\/www.rome-roma.net\/wp-content\/uploads\/2023\/02\/dettaglio-rilievi-arco-di-settimio-severo-roma-4611-768x1152.jpg 768w\" sizes=\"(max-width: 800px) 100vw, 800px\" \/><\/a><\/figure>\n<\/figure>\n\n\n<h2>Link e info<\/h2>\n<table style=\"border-collapse: collapse; width: 100%;\">\n<tbody>\n<tr style=\"background-color: #fae8c3;\">\n<td style=\"width: 100%;\"><strong><span style=\"font-size: 10pt;\">Arco di Settimio Severo<\/span><\/strong><br \/><span style=\"font-size: 10pt;\"><em>Foro romano di Roma<br \/><\/em><\/span><\/td>\n<\/tr>\n<tr style=\"background-color: #f7ece1;\">\n<td style=\"width: 100%;\">\n<table style=\"margin-bottom: 0rem;\"><tbody><tr style=\"background-color:#fcfaf7; \" \r\n    onmouseover=\"this.style.backgroundColor='#f7dbb8';\" \r\n    onmouseout=\"this.style.backgroundColor='#fcfaf7';\"><td style=\"width:70px;\"><a href=\"https:\/\/www.getyourguide.it\/forum-romain-l2618\/?partner_id=DLYVAO3&#038;utm_medium=online_publisher&#038;placement=content-top\" target=\"_blank\" rel=\"nofollow noopener\"><img style=\"display:inline;vertical-align:middle;padding:5px;\" src=\"https:\/\/www.rome-roma.net\/images\/icones\/icone-tickets2.png\" alt=\"icona biglietti visita\" title=\"Biglietti per visitare il foro romano\" width=\"50\"><\/a><\/td><td style=\"vertical-align:middle;text-align:left;\"><a href=\"https:\/\/www.getyourguide.it\/forum-romain-l2618\/?partner_id=DLYVAO3&#038;utm_medium=online_publisher&#038;placement=content-top\" target=\"_blank\" rel=\"nofollow noopener\">Biglietti per visitare il foro romano<\/a><\/td><\/tr><tr style=\"background-color:#ffffff; \" \r\n    onmouseover=\"this.style.backgroundColor='#f7dbb8';\" \r\n    onmouseout=\"this.style.backgroundColor='#ffffff';\"><td style=\"width:70px;\"><a href=\"https:\/\/www.booking.com\/searchresults.it.html?aid=308344;label=headerlandmark;landmark=2125;group_adults=2;no_rooms=1;group_children=0;nflt=review_score=80%3Bdistance=1000\" target=\"_blank\" rel=\"nofollow noopener\"><img style=\"display:inline;vertical-align:middle;padding:5px;\" src=\"https:\/\/www.rome-roma.net\/images\/icones\/icone-hotel22.png\" alt=\"icona alberghi\" title=\"Alberghi, camere e appartamenti vicino al monumento\" width=\"50\"><\/a><\/td><td style=\"vertical-align:middle;text-align:left;\"><a href=\"https:\/\/www.booking.com\/searchresults.it.html?aid=308344;label=headerlandmark;landmark=2125;group_adults=2;no_rooms=1;group_children=0;nflt=review_score=80%3Bdistance=1000\" target=\"_blank\" rel=\"nofollow noopener\">Alberghi, camere e appartamenti vicino al monumento<\/a><\/td><\/tr><\/tbody><\/table>\n<\/td>\n<\/tr>\n<tr style=\"background-color: #fae8c3;\">\n<td style=\"width: 100%;\">\n<p><span style=\"font-size: 10pt;\">\u00a0<strong>Link<\/strong><\/span><\/p>\n<ul>\n<li><span class=\"accueilparagraphe\" style=\"font-size: 10pt;\">Sito del comune di Roma : <a href=\"https:\/\/www.turismoroma.it\/it\/places\/arco-di-settimio-severo\" target=\"_blank\" rel=\"noopener\">turismoroma.it<\/a><\/span><\/li>\n<li><a href=\"https:\/\/rome.unicaen.fr\/monument\/arcseptimesevere\/\" target=\"_blank\" rel=\"noopener\"><span style=\"font-size: 10pt;\">Ricostruzione su unicaen.fr<\/span><\/a><\/li>\n<\/ul>\n<\/td>\n<\/tr>\n<\/tbody>\n<\/table>\n\n\n<h2>Cartina ed indirizzo<\/h2>\r\n\t\t<b>Indirizzo : <\/b>Via dell'Arco di Settimio, 00186 Roma RM, Italie<div id=\"travelersmap-container-69f362677909c\" class=\"travelersmap-container\" style=\"z-index: 1; min-height: 10px; min-width:10px; height:400px;width:100%; max-width:; max-height:; position:relative;\"><div style=\"position:absolute; z-index:-1;top: 50%;text-align: center;display: block;left: 50%;transform: translate(-50%,-50%);\">Travelers' Map is loading... <br> If you see this after your page is loaded completely, leafletJS files are missing.<\/div><\/div><i>Clicca sulla freccia per localizzarti sulla mappa<\/i>\n\n\n\n<h2>Vedute antiche nel arte<\/h2><div>14 opere di Arco di Settimio Severo sono state trovate nella database. Per vederle tutte aprire questo <a href=\"https:\/\/www.rome-roma.net\/site-rome-art.php?lieu=arc+de+septime+severe\" target=\"_blank\">collegamento<\/a>.<\/div><div class=\"wp-block-kadence-advancedgallery kb-gallery-wrap-id-_5955fd-3f\">\r\n        <div class=\"kb-gallery-ul kb-gallery-type-fluidcarousel kb-gallery-id-_5955fd-3f kb-gallery-caption-style-below kb-gallery-magnific-init kb-gallery-filter-none\" data-image-filter=\"none\" data-lightbox-caption=\"true\">\r\n            <div class=\"kt-blocks-carousel kt-carousel-container-dotstyle-dark\">\r\n                <div class=\"kt-blocks-carousel-init kb-blocks-fluid-carousel kt-carousel-arrowstyle-whiteondark kt-carousel-dotstyle-dark\" data-slider-anim-speed=\"400\" data-slider-type=\"fluidcarousel\" data-slider-scroll=\"1\" data-slider-arrows=\"true\" data-slider-dots=\"true\" data-slider-hover-pause=\"false\" data-slider-auto=\"false\" data-slider-speed=\"7000\">\r\n        <div class=\"kb-slide-item kb-gallery-carousel-item\"><li class=\"kadence-blocks-gallery-item\"><div class=\"kadence-blocks-gallery-item-inner\">\r\n            <figure class=\"kb-gallery-figure kb-gallery-item-has-link kadence-blocks-gallery-item-has-caption\">\r\n                <a href=\"https:\/\/www.rome-roma.net\/artmodule\/canaletto\/giovanni antonio canal dit canaletto - arc de Septime Severe.jpg\" class=\"kb-gallery-item-link\" style=\"color: #FFFFFF;\">\r\n                    <div class=\"kb-gal-image-radius\"><div class=\"kb-gallery-image-contain\">\r\n                        <img src=\"https:\/\/www.rome-roma.net\/artmodule\/canaletto\/giovanni antonio canal dit canaletto - arc de Septime Severe.jpg\" width=\"300\" height=\"200\" \r\n                            alt=\"Canaletto,Arc de Septime S\u00e9v\u00e8re (1730-1768, date ind\u00e9termin\u00e9e)\" \r\n                            data-full-image=\"https:\/\/www.rome-roma.net\/artmodule\/canaletto\/giovanni antonio canal dit canaletto - arc de Septime Severe.jpg\" \r\n                            data-light-image=\"https:\/\/www.rome-roma.net\/artmodule\/canaletto\/giovanni antonio canal dit canaletto - arc de Septime Severe.jpg\" data-id=\"149\" \r\n                            data-link=\"https:\/\/www.rome-roma.net\/artmodule\/canaletto\/giovanni antonio canal dit canaletto - arc de Septime Severe.jpg\" \r\n                            class=\"wp-image-149\" loading=lazy\/>\r\n                    <\/div><\/div>\r\n                    <figcaption class=\"kadence-blocks-gallery-item__caption\">Canaletto, Arc de Septime S\u00e9v\u00e8re<\/figcaption>\r\n                <\/a>\r\n            <\/figure><\/div><\/li><\/div>\r\n        <div class=\"kb-slide-item kb-gallery-carousel-item\"><li class=\"kadence-blocks-gallery-item\"><div class=\"kadence-blocks-gallery-item-inner\">\r\n            <figure class=\"kb-gallery-figure kb-gallery-item-has-link kadence-blocks-gallery-item-has-caption\">\r\n                <a href=\"https:\/\/www.rome-roma.net\/artmodule\/canaletto\/canaletto - arch of septimius severus 1742.jpg\" class=\"kb-gallery-item-link\" style=\"color: #FFFFFF;\">\r\n                    <div class=\"kb-gal-image-radius\"><div class=\"kb-gallery-image-contain\">\r\n                        <img src=\"https:\/\/www.rome-roma.net\/artmodule\/canaletto\/canaletto - arch of septimius severus 1742.jpg\" width=\"300\" height=\"200\" \r\n                            alt=\"Canaletto,Arc de Septime-S\u00e9v\u00e8re (1742)\" \r\n                            data-full-image=\"https:\/\/www.rome-roma.net\/artmodule\/canaletto\/canaletto - arch of septimius severus 1742.jpg\" \r\n                            data-light-image=\"https:\/\/www.rome-roma.net\/artmodule\/canaletto\/canaletto - arch of septimius severus 1742.jpg\" data-id=\"149\" \r\n                            data-link=\"https:\/\/www.rome-roma.net\/artmodule\/canaletto\/canaletto - arch of septimius severus 1742.jpg\" \r\n                            class=\"wp-image-149\" loading=lazy\/>\r\n                    <\/div><\/div>\r\n                    <figcaption class=\"kadence-blocks-gallery-item__caption\">Canaletto, Arc de Septime-S\u00e9v\u00e8re<\/figcaption>\r\n                <\/a>\r\n            <\/figure><\/div><\/li><\/div>\r\n        <div class=\"kb-slide-item kb-gallery-carousel-item\"><li class=\"kadence-blocks-gallery-item\"><div class=\"kadence-blocks-gallery-item-inner\">\r\n            <figure class=\"kb-gallery-figure kb-gallery-item-has-link kadence-blocks-gallery-item-has-caption\">\r\n                <a href=\"https:\/\/www.rome-roma.net\/artmodule\/canaletto\/canaletto - arch of septimus severus with san adriano  c1742.jpg\" class=\"kb-gallery-item-link\" style=\"color: #FFFFFF;\">\r\n                    <div class=\"kb-gal-image-radius\"><div class=\"kb-gallery-image-contain\">\r\n                        <img src=\"https:\/\/www.rome-roma.net\/artmodule\/canaletto\/canaletto - arch of septimus severus with san adriano  c1742.jpg\" width=\"300\" height=\"200\" \r\n                            alt=\"Canaletto,Arc de Septime-S\u00e9v\u00e8re et San Adriano (environ 1742)\" \r\n                            data-full-image=\"https:\/\/www.rome-roma.net\/artmodule\/canaletto\/canaletto - arch of septimus severus with san adriano  c1742.jpg\" \r\n                            data-light-image=\"https:\/\/www.rome-roma.net\/artmodule\/canaletto\/canaletto - arch of septimus severus with san adriano  c1742.jpg\" data-id=\"149\" \r\n                            data-link=\"https:\/\/www.rome-roma.net\/artmodule\/canaletto\/canaletto - arch of septimus severus with san adriano  c1742.jpg\" \r\n                            class=\"wp-image-149\" loading=lazy\/>\r\n                    <\/div><\/div>\r\n                    <figcaption class=\"kadence-blocks-gallery-item__caption\">Canaletto, Arc de Septime-S\u00e9v\u00e8re et San Adriano<\/figcaption>\r\n                <\/a>\r\n            <\/figure><\/div><\/li><\/div>\r\n        <div class=\"kb-slide-item kb-gallery-carousel-item\"><li class=\"kadence-blocks-gallery-item\"><div class=\"kadence-blocks-gallery-item-inner\">\r\n            <figure class=\"kb-gallery-figure kb-gallery-item-has-link kadence-blocks-gallery-item-has-caption\">\r\n                <a href=\"https:\/\/www.rome-roma.net\/artmodule\/constantin hansen\/constantin hansen - arc de septime severe et temple de la concorde.jpg\" class=\"kb-gallery-item-link\" style=\"color: #FFFFFF;\">\r\n                    <div class=\"kb-gal-image-radius\"><div class=\"kb-gallery-image-contain\">\r\n                        <img src=\"https:\/\/www.rome-roma.net\/artmodule\/constantin hansen\/constantin hansen - arc de septime severe et temple de la concorde.jpg\" width=\"300\" height=\"200\" \r\n                            alt=\"Constantin Hansen,Le forum\u00a0: arc de Septime S\u00e9v\u00e8re et temple de la Concorde (1830-1850, date ind\u00e9termin\u00e9e)\" \r\n                            data-full-image=\"https:\/\/www.rome-roma.net\/artmodule\/constantin hansen\/constantin hansen - arc de septime severe et temple de la concorde.jpg\" \r\n                            data-light-image=\"https:\/\/www.rome-roma.net\/artmodule\/constantin hansen\/constantin hansen - arc de septime severe et temple de la concorde.jpg\" data-id=\"149\" \r\n                            data-link=\"https:\/\/www.rome-roma.net\/artmodule\/constantin hansen\/constantin hansen - arc de septime severe et temple de la concorde.jpg\" \r\n                            class=\"wp-image-149\" loading=lazy\/>\r\n                    <\/div><\/div>\r\n                    <figcaption class=\"kadence-blocks-gallery-item__caption\">Constantin Hansen, Le forum\u00a0: arc de Septime S\u00e9v\u00e8re et temple de la Concorde<\/figcaption>\r\n                <\/a>\r\n            <\/figure><\/div><\/li><\/div>\r\n        <div class=\"kb-slide-item kb-gallery-carousel-item\"><li class=\"kadence-blocks-gallery-item\"><div class=\"kadence-blocks-gallery-item-inner\">\r\n            <figure class=\"kb-gallery-figure kb-gallery-item-has-link kadence-blocks-gallery-item-has-caption\">\r\n                <a href=\"https:\/\/www.rome-roma.net\/artmodule\/gaspar van wittel\/gaspar van wittel - foro romano con arco di settimio severo e il tempio di saturno.jpg\" class=\"kb-gallery-item-link\" style=\"color: #FFFFFF;\">\r\n                    <div class=\"kb-gal-image-radius\"><div class=\"kb-gallery-image-contain\">\r\n                        <img src=\"https:\/\/www.rome-roma.net\/artmodule\/gaspar van wittel\/gaspar van wittel - foro romano con arco di settimio severo e il tempio di saturno.jpg\" width=\"300\" height=\"200\" \r\n                            alt=\"Gaspar Van Wittel,Forum romain avec l'arc de Septime S\u00e9v\u00e8re et le Temple de Saturne (?, avant 1736, date ind\u00e9termin\u00e9e)\" \r\n                            data-full-image=\"https:\/\/www.rome-roma.net\/artmodule\/gaspar van wittel\/gaspar van wittel - foro romano con arco di settimio severo e il tempio di saturno.jpg\" \r\n                            data-light-image=\"https:\/\/www.rome-roma.net\/artmodule\/gaspar van wittel\/gaspar van wittel - foro romano con arco di settimio severo e il tempio di saturno.jpg\" data-id=\"149\" \r\n                            data-link=\"https:\/\/www.rome-roma.net\/artmodule\/gaspar van wittel\/gaspar van wittel - foro romano con arco di settimio severo e il tempio di saturno.jpg\" \r\n                            class=\"wp-image-149\" loading=lazy\/>\r\n                    <\/div><\/div>\r\n                    <figcaption class=\"kadence-blocks-gallery-item__caption\">Gaspar Van Wittel, Forum romain avec l'arc de Septime S\u00e9v\u00e8re et le Temple de Saturne<\/figcaption>\r\n                <\/a>\r\n            <\/figure><\/div><\/li><\/div>\r\n        <div class=\"kb-slide-item kb-gallery-carousel-item\"><li class=\"kadence-blocks-gallery-item\"><div class=\"kadence-blocks-gallery-item-inner\">\r\n            <figure class=\"kb-gallery-figure kb-gallery-item-has-link kadence-blocks-gallery-item-has-caption\">\r\n                <a href=\"https:\/\/www.rome-roma.net\/artmodule\/ippolito caffi\/ippolito caffi - foro arco settimo severo.jpg\" class=\"kb-gallery-item-link\" style=\"color: #FFFFFF;\">\r\n                    <div class=\"kb-gal-image-radius\"><div class=\"kb-gallery-image-contain\">\r\n                        <img src=\"https:\/\/www.rome-roma.net\/artmodule\/ippolito caffi\/ippolito caffi - foro arco settimo severo.jpg\" width=\"300\" height=\"200\" \r\n                            alt=\"Ippolito Caffi,Forum romain, arc de Septime S\u00e9v\u00e8re  (1835-1860, date ind\u00e9termin\u00e9e)\" \r\n                            data-full-image=\"https:\/\/www.rome-roma.net\/artmodule\/ippolito caffi\/ippolito caffi - foro arco settimo severo.jpg\" \r\n                            data-light-image=\"https:\/\/www.rome-roma.net\/artmodule\/ippolito caffi\/ippolito caffi - foro arco settimo severo.jpg\" data-id=\"149\" \r\n                            data-link=\"https:\/\/www.rome-roma.net\/artmodule\/ippolito caffi\/ippolito caffi - foro arco settimo severo.jpg\" \r\n                            class=\"wp-image-149\" loading=lazy\/>\r\n                    <\/div><\/div>\r\n                    <figcaption class=\"kadence-blocks-gallery-item__caption\">Ippolito Caffi, Forum romain, arc de Septime S\u00e9v\u00e8re <\/figcaption>\r\n                <\/a>\r\n            <\/figure><\/div><\/li><\/div>\r\n        <div class=\"kb-slide-item kb-gallery-carousel-item\"><li class=\"kadence-blocks-gallery-item\"><div class=\"kadence-blocks-gallery-item-inner\">\r\n            <figure class=\"kb-gallery-figure kb-gallery-item-has-link kadence-blocks-gallery-item-has-caption\">\r\n                <a href=\"https:\/\/www.rome-roma.net\/artmodule\/ippolito caffi\/ippolito caffi - arco di settimio severo - 1857.jpg\" class=\"kb-gallery-item-link\" style=\"color: #FFFFFF;\">\r\n                    <div class=\"kb-gal-image-radius\"><div class=\"kb-gallery-image-contain\">\r\n                        <img src=\"https:\/\/www.rome-roma.net\/artmodule\/ippolito caffi\/ippolito caffi - arco di settimio severo - 1857.jpg\" width=\"300\" height=\"200\" \r\n                            alt=\"Ippolito Caffi,Arc de Septime S\u00e9v\u00e8re (1857)\" \r\n                            data-full-image=\"https:\/\/www.rome-roma.net\/artmodule\/ippolito caffi\/ippolito caffi - arco di settimio severo - 1857.jpg\" \r\n                            data-light-image=\"https:\/\/www.rome-roma.net\/artmodule\/ippolito caffi\/ippolito caffi - arco di settimio severo - 1857.jpg\" data-id=\"149\" \r\n                            data-link=\"https:\/\/www.rome-roma.net\/artmodule\/ippolito caffi\/ippolito caffi - arco di settimio severo - 1857.jpg\" \r\n                            class=\"wp-image-149\" loading=lazy\/>\r\n                    <\/div><\/div>\r\n                    <figcaption class=\"kadence-blocks-gallery-item__caption\">Ippolito Caffi, Arc de Septime S\u00e9v\u00e8re<\/figcaption>\r\n                <\/a>\r\n            <\/figure><\/div><\/li><\/div>\r\n        <div class=\"kb-slide-item kb-gallery-carousel-item\"><li class=\"kadence-blocks-gallery-item\"><div class=\"kadence-blocks-gallery-item-inner\">\r\n            <figure class=\"kb-gallery-figure kb-gallery-item-has-link kadence-blocks-gallery-item-has-caption\">\r\n                <a href=\"https:\/\/www.rome-roma.net\/artmodule\/joseph gandy\/joseph gandy - arc de septime severe.jpg\" class=\"kb-gallery-item-link\" style=\"color: #FFFFFF;\">\r\n                    <div class=\"kb-gal-image-radius\"><div class=\"kb-gallery-image-contain\">\r\n                        <img src=\"https:\/\/www.rome-roma.net\/artmodule\/joseph gandy\/joseph gandy - arc de septime severe.jpg\" width=\"300\" height=\"200\" \r\n                            alt=\"Joseph Gandy,Arc de Septime S\u00e9v\u00e8re (?, avant 1843, date ind\u00e9termin\u00e9e)\" \r\n                            data-full-image=\"https:\/\/www.rome-roma.net\/artmodule\/joseph gandy\/joseph gandy - arc de septime severe.jpg\" \r\n                            data-light-image=\"https:\/\/www.rome-roma.net\/artmodule\/joseph gandy\/joseph gandy - arc de septime severe.jpg\" data-id=\"149\" \r\n                            data-link=\"https:\/\/www.rome-roma.net\/artmodule\/joseph gandy\/joseph gandy - arc de septime severe.jpg\" \r\n                            class=\"wp-image-149\" loading=lazy\/>\r\n                    <\/div><\/div>\r\n                    <figcaption class=\"kadence-blocks-gallery-item__caption\">Joseph Gandy, Arc de Septime S\u00e9v\u00e8re<\/figcaption>\r\n                <\/a>\r\n            <\/figure><\/div><\/li><\/div>\r\n        <div class=\"kb-slide-item kb-gallery-carousel-item\"><li class=\"kadence-blocks-gallery-item\"><div class=\"kadence-blocks-gallery-item-inner\">\r\n            <figure class=\"kb-gallery-figure kb-gallery-item-has-link kadence-blocks-gallery-item-has-caption\">\r\n                <a href=\"https:\/\/www.rome-roma.net\/artmodule\/luigi rossini\/luigi rossini - arco di settimio severo - 1850.jpg\" class=\"kb-gallery-item-link\" style=\"color: #FFFFFF;\">\r\n                    <div class=\"kb-gal-image-radius\"><div class=\"kb-gallery-image-contain\">\r\n                        <img src=\"https:\/\/www.rome-roma.net\/artmodule\/luigi rossini\/luigi rossini - arco di settimio severo - 1850.jpg\" width=\"300\" height=\"200\" \r\n                            alt=\"Luigi Rossini,Arc de Septime S\u00e9v\u00e8re (1850)\" \r\n                            data-full-image=\"https:\/\/www.rome-roma.net\/artmodule\/luigi rossini\/luigi rossini - arco di settimio severo - 1850.jpg\" \r\n                            data-light-image=\"https:\/\/www.rome-roma.net\/artmodule\/luigi rossini\/luigi rossini - arco di settimio severo - 1850.jpg\" data-id=\"149\" \r\n                            data-link=\"https:\/\/www.rome-roma.net\/artmodule\/luigi rossini\/luigi rossini - arco di settimio severo - 1850.jpg\" \r\n                            class=\"wp-image-149\" loading=lazy\/>\r\n                    <\/div><\/div>\r\n                    <figcaption class=\"kadence-blocks-gallery-item__caption\">Luigi Rossini, Arc de Septime S\u00e9v\u00e8re<\/figcaption>\r\n                <\/a>\r\n            <\/figure><\/div><\/li><\/div><\/div><\/div><\/div><\/div><a href=\"https:\/\/www.rome-roma.net\/site-rome-art.php?lieu=arc+de+septime+severe\" target=\"_blank\">Clica per vedere oltre dipinti e artisti su Arc de Septime S\u00e9v\u00e8re in Roma<\/a><br>\n\n\n\n<h2> Edifici del Foro romano<\/h2>\n\n\n\n<ul class=\"lcp_catlist\" id=\"lcp_instance_0\"><li><a href=\"https:\/\/www.rome-roma.net\/it\/foro-romano\/\">Foro romano di Roma<\/a><a href=\"https:\/\/www.rome-roma.net\/it\/foro-romano\/\" title=\"Foro romano di Roma\"><img width=\"50\" height=\"50\" src=\"https:\/\/www.rome-roma.net\/wp-content\/uploads\/2020\/01\/forum-romain_6519-150x150.jpg\" class=\"classthumblist wp-post-image\" alt=\"Foro romano di Roma\" loading=\"lazy\" srcset=\"https:\/\/www.rome-roma.net\/wp-content\/uploads\/2020\/01\/forum-romain_6519-150x150.jpg 150w, https:\/\/www.rome-roma.net\/wp-content\/uploads\/2020\/01\/forum-romain_6519-50x50.jpg 50w, https:\/\/www.rome-roma.net\/wp-content\/uploads\/2020\/01\/forum-romain_6519-80x80.jpg 80w, https:\/\/www.rome-roma.net\/wp-content\/uploads\/2020\/01\/forum-romain_6519-75x75.jpg 75w\" sizes=\"(max-width: 50px) 100vw, 50px\" \/><\/a><div class=\"lcp_excerpt\">\nIl Foro Romano \u00e8 uno dei siti archeologici pi\u00f9 affascinanti ...<\/div><\/li><li><a href=\"https:\/\/www.rome-roma.net\/it\/foro-romano\/curia-iulia\/\">Curia Iulia<\/a><a href=\"https:\/\/www.rome-roma.net\/it\/foro-romano\/curia-iulia\/\" title=\"Curia Iulia\"><img width=\"50\" height=\"50\" src=\"https:\/\/www.rome-roma.net\/wp-content\/uploads\/2020\/01\/Foro-romano-Roma_38481-150x150.jpg\" class=\"classthumblist wp-post-image\" alt=\"Curia Iulia\" loading=\"lazy\" srcset=\"https:\/\/www.rome-roma.net\/wp-content\/uploads\/2020\/01\/Foro-romano-Roma_38481-150x150.jpg 150w, https:\/\/www.rome-roma.net\/wp-content\/uploads\/2020\/01\/Foro-romano-Roma_38481-50x50.jpg 50w, https:\/\/www.rome-roma.net\/wp-content\/uploads\/2020\/01\/Foro-romano-Roma_38481-80x80.jpg 80w, https:\/\/www.rome-roma.net\/wp-content\/uploads\/2020\/01\/Foro-romano-Roma_38481-75x75.jpg 75w\" sizes=\"(max-width: 50px) 100vw, 50px\" \/><\/a><div class=\"lcp_excerpt\">\nLa Curia del Foro Romano era il cuore nevralgico della ...<\/div><\/li><li><a href=\"https:\/\/www.rome-roma.net\/it\/foro-romano\/tempio-di-antonino-e-faustina\/\">Tempio di Antonino e Faustina<\/a><a href=\"https:\/\/www.rome-roma.net\/it\/foro-romano\/tempio-di-antonino-e-faustina\/\" title=\"Tempio di Antonino e Faustina\"><img width=\"50\" height=\"50\" src=\"https:\/\/www.rome-roma.net\/wp-content\/uploads\/2020\/03\/Foro-romano-Roma_38501-150x150.jpg\" class=\"classthumblist wp-post-image\" alt=\"Tempio di Antonino e Faustina\" loading=\"lazy\" srcset=\"https:\/\/www.rome-roma.net\/wp-content\/uploads\/2020\/03\/Foro-romano-Roma_38501-150x150.jpg 150w, https:\/\/www.rome-roma.net\/wp-content\/uploads\/2020\/03\/Foro-romano-Roma_38501-50x50.jpg 50w, https:\/\/www.rome-roma.net\/wp-content\/uploads\/2020\/03\/Foro-romano-Roma_38501-80x80.jpg 80w, https:\/\/www.rome-roma.net\/wp-content\/uploads\/2020\/03\/Foro-romano-Roma_38501-75x75.jpg 75w\" sizes=\"(max-width: 50px) 100vw, 50px\" \/><\/a><div class=\"lcp_excerpt\">\nIl Tempio di Antonino e Faustina, uno dei meglio conservati ...<\/div><\/li><li><a href=\"https:\/\/www.rome-roma.net\/it\/foro-romano\/basilica-emilia\/\">Basilica Emilia<\/a><a href=\"https:\/\/www.rome-roma.net\/it\/foro-romano\/basilica-emilia\/\" title=\"Basilica Emilia\"><img width=\"50\" height=\"50\" src=\"https:\/\/www.rome-roma.net\/wp-content\/uploads\/2020\/01\/basiliqueaemilia_forum_01341-150x150.jpg\" class=\"classthumblist wp-post-image\" alt=\"Basilica Emilia\" loading=\"lazy\" srcset=\"https:\/\/www.rome-roma.net\/wp-content\/uploads\/2020\/01\/basiliqueaemilia_forum_01341-150x150.jpg 150w, https:\/\/www.rome-roma.net\/wp-content\/uploads\/2020\/01\/basiliqueaemilia_forum_01341-50x50.jpg 50w, https:\/\/www.rome-roma.net\/wp-content\/uploads\/2020\/01\/basiliqueaemilia_forum_01341-80x80.jpg 80w, https:\/\/www.rome-roma.net\/wp-content\/uploads\/2020\/01\/basiliqueaemilia_forum_01341-75x75.jpg 75w\" sizes=\"(max-width: 50px) 100vw, 50px\" \/><\/a><div class=\"lcp_excerpt\">\nLa Basilica Emilia fu costruita nel 179 a.C. e successivamente ...<\/div><\/li><li class=\"current\"><a href=\"https:\/\/www.rome-roma.net\/it\/foro-romano\/arco-di-settimio-severo\/\">Arco di Settimio Severo<\/a><a href=\"https:\/\/www.rome-roma.net\/it\/foro-romano\/arco-di-settimio-severo\/\" title=\"Arco di Settimio Severo\"><img width=\"50\" height=\"50\" src=\"https:\/\/www.rome-roma.net\/wp-content\/uploads\/2020\/01\/Forum-romain-Rome_38371-1-150x150.jpg\" class=\"classthumblist wp-post-image\" alt=\"Arco di Settimio Severo\" loading=\"lazy\" srcset=\"https:\/\/www.rome-roma.net\/wp-content\/uploads\/2020\/01\/Forum-romain-Rome_38371-1-150x150.jpg 150w, https:\/\/www.rome-roma.net\/wp-content\/uploads\/2020\/01\/Forum-romain-Rome_38371-1-50x50.jpg 50w, https:\/\/www.rome-roma.net\/wp-content\/uploads\/2020\/01\/Forum-romain-Rome_38371-1-80x80.jpg 80w, https:\/\/www.rome-roma.net\/wp-content\/uploads\/2020\/01\/Forum-romain-Rome_38371-1-75x75.jpg 75w\" sizes=\"(max-width: 50px) 100vw, 50px\" \/><\/a><div class=\"lcp_excerpt\">\nL\u2019Arco di Settimio Severo \u00e8 il monumento meglio conservato del ...<\/div><\/li><li><a href=\"https:\/\/www.rome-roma.net\/it\/foro-romano\/arco-di-tito\/\">Arco di Tito<\/a><a href=\"https:\/\/www.rome-roma.net\/it\/foro-romano\/arco-di-tito\/\" title=\"Arco di Tito\"><img width=\"50\" height=\"50\" src=\"https:\/\/www.rome-roma.net\/wp-content\/uploads\/2020\/01\/forumromain_arcdetitus_00861-150x150.jpg\" class=\"classthumblist wp-post-image\" alt=\"Arco di Tito\" loading=\"lazy\" srcset=\"https:\/\/www.rome-roma.net\/wp-content\/uploads\/2020\/01\/forumromain_arcdetitus_00861-150x150.jpg 150w, https:\/\/www.rome-roma.net\/wp-content\/uploads\/2020\/01\/forumromain_arcdetitus_00861-50x50.jpg 50w, https:\/\/www.rome-roma.net\/wp-content\/uploads\/2020\/01\/forumromain_arcdetitus_00861-80x80.jpg 80w, https:\/\/www.rome-roma.net\/wp-content\/uploads\/2020\/01\/forumromain_arcdetitus_00861-75x75.jpg 75w\" sizes=\"(max-width: 50px) 100vw, 50px\" \/><\/a><div class=\"lcp_excerpt\">\nStoria e descrizione\nL&#8217;Arco di Tito \u00e8 un arco trionfale costruito ...<\/div><\/li><li><a href=\"https:\/\/www.rome-roma.net\/it\/foro-romano\/basilica-giulia\/\">Basilica Giulia<\/a><a href=\"https:\/\/www.rome-roma.net\/it\/foro-romano\/basilica-giulia\/\" title=\"Basilica Giulia\"><img width=\"50\" height=\"50\" src=\"https:\/\/www.rome-roma.net\/wp-content\/uploads\/2020\/01\/basilicagiulia_fororoma_01071-150x150.jpg\" class=\"classthumblist wp-post-image\" alt=\"Basilica Giulia\" loading=\"lazy\" srcset=\"https:\/\/www.rome-roma.net\/wp-content\/uploads\/2020\/01\/basilicagiulia_fororoma_01071-150x150.jpg 150w, https:\/\/www.rome-roma.net\/wp-content\/uploads\/2020\/01\/basilicagiulia_fororoma_01071-50x50.jpg 50w, https:\/\/www.rome-roma.net\/wp-content\/uploads\/2020\/01\/basilicagiulia_fororoma_01071-80x80.jpg 80w, https:\/\/www.rome-roma.net\/wp-content\/uploads\/2020\/01\/basilicagiulia_fororoma_01071-75x75.jpg 75w\" sizes=\"(max-width: 50px) 100vw, 50px\" \/><\/a><div class=\"lcp_excerpt\">\nLa Basilica Giulia occupa un ampio spazio tra due antiche ...<\/div><\/li><li><a href=\"https:\/\/www.rome-roma.net\/it\/foro-romano\/basilica-di-massenzio\/\">Basilica di Massenzio<\/a><a href=\"https:\/\/www.rome-roma.net\/it\/foro-romano\/basilica-di-massenzio\/\" title=\"Basilica di Massenzio\"><img width=\"50\" height=\"50\" src=\"https:\/\/www.rome-roma.net\/wp-content\/uploads\/2020\/01\/basiliqueconstantinmaxence_00781-150x150.jpg\" class=\"classthumblist wp-post-image\" alt=\"Basilica di Massenzio\" loading=\"lazy\" srcset=\"https:\/\/www.rome-roma.net\/wp-content\/uploads\/2020\/01\/basiliqueconstantinmaxence_00781-150x150.jpg 150w, https:\/\/www.rome-roma.net\/wp-content\/uploads\/2020\/01\/basiliqueconstantinmaxence_00781-50x50.jpg 50w, https:\/\/www.rome-roma.net\/wp-content\/uploads\/2020\/01\/basiliqueconstantinmaxence_00781-80x80.jpg 80w, https:\/\/www.rome-roma.net\/wp-content\/uploads\/2020\/01\/basiliqueconstantinmaxence_00781-75x75.jpg 75w\" sizes=\"(max-width: 50px) 100vw, 50px\" \/><\/a><div class=\"lcp_excerpt\">\nQuesto monumento \u00e8 il pi\u00f9 grande del foro romano. Fu ...<\/div><\/li><li><a href=\"https:\/\/www.rome-roma.net\/it\/foro-romano\/foro-originale\/\">Foro originale e Comizio<\/a><a href=\"https:\/\/www.rome-roma.net\/it\/foro-romano\/foro-originale\/\" title=\"Foro originale e Comizio\"><img src=\"https:\/\/www.rome-roma.net\/photos\/fororomanodiroma\/images\/colonnetetrarchiche_roma_0104.jpg\" class=\"classthumblist\"  alt=\"Foro originale e Comizio\" \/><\/a><div class=\"lcp_excerpt\">\nCulla politica dell&#8217;antica Roma\nIl nord-ovest dell&#8217;attuale foro \u00e8 l&#8217;area pi\u00f9 ...<\/div><\/li><li><a href=\"https:\/\/www.rome-roma.net\/it\/foro-romano\/tempio-di-vesta\/\">Tempio di Vesta<\/a><a href=\"https:\/\/www.rome-roma.net\/it\/foro-romano\/tempio-di-vesta\/\" title=\"Tempio di Vesta\"><img width=\"50\" height=\"50\" src=\"https:\/\/www.rome-roma.net\/wp-content\/uploads\/2020\/03\/templedevesta_rome_00991-150x150.jpg\" class=\"classthumblist wp-post-image\" alt=\"Tempio di Vesta\" loading=\"lazy\" srcset=\"https:\/\/www.rome-roma.net\/wp-content\/uploads\/2020\/03\/templedevesta_rome_00991-150x150.jpg 150w, https:\/\/www.rome-roma.net\/wp-content\/uploads\/2020\/03\/templedevesta_rome_00991-50x50.jpg 50w, https:\/\/www.rome-roma.net\/wp-content\/uploads\/2020\/03\/templedevesta_rome_00991-80x80.jpg 80w, https:\/\/www.rome-roma.net\/wp-content\/uploads\/2020\/03\/templedevesta_rome_00991-75x75.jpg 75w\" sizes=\"(max-width: 50px) 100vw, 50px\" \/><\/a><div class=\"lcp_excerpt\">\nIl Tempio di Vesta \u00e8 uno dei santuari pi\u00f9 antichi ...<\/div><\/li><li><a href=\"https:\/\/www.rome-roma.net\/it\/foro-romano\/tempio-del-divo-romolo\/\">Tempio del Divo Romolo<\/a><a href=\"https:\/\/www.rome-roma.net\/it\/foro-romano\/tempio-del-divo-romolo\/\" title=\"Tempio del Divo Romolo\"><img width=\"50\" height=\"50\" src=\"https:\/\/www.rome-roma.net\/wp-content\/uploads\/2020\/03\/Foro-romano-Roma_38521-150x150.jpg\" class=\"classthumblist wp-post-image\" alt=\"Tempio del Divo Romolo\" loading=\"lazy\" srcset=\"https:\/\/www.rome-roma.net\/wp-content\/uploads\/2020\/03\/Foro-romano-Roma_38521-150x150.jpg 150w, https:\/\/www.rome-roma.net\/wp-content\/uploads\/2020\/03\/Foro-romano-Roma_38521-50x50.jpg 50w, https:\/\/www.rome-roma.net\/wp-content\/uploads\/2020\/03\/Foro-romano-Roma_38521-80x80.jpg 80w, https:\/\/www.rome-roma.net\/wp-content\/uploads\/2020\/03\/Foro-romano-Roma_38521-75x75.jpg 75w, https:\/\/www.rome-roma.net\/wp-content\/uploads\/2020\/03\/Foro-romano-Roma_38521-467x480.jpg 467w\" sizes=\"(max-width: 50px) 100vw, 50px\" \/><\/a><div class=\"lcp_excerpt\">\nAll&#8217;inizio di Roma, questo luogo sarebbe stato occupato da un ...<\/div><\/li><li><a href=\"https:\/\/www.rome-roma.net\/it\/foro-romano\/tempio-di-saturno\/\">Tempio di Saturno e Saturnali<\/a><a href=\"https:\/\/www.rome-roma.net\/it\/foro-romano\/tempio-di-saturno\/\" title=\"Tempio di Saturno e Saturnali\"><img width=\"50\" height=\"50\" src=\"https:\/\/www.rome-roma.net\/wp-content\/uploads\/2020\/03\/temple-de-saturne_5449-150x150.jpg\" class=\"classthumblist wp-post-image\" alt=\"Tempio di Saturno e Saturnali\" loading=\"lazy\" srcset=\"https:\/\/www.rome-roma.net\/wp-content\/uploads\/2020\/03\/temple-de-saturne_5449-150x150.jpg 150w, https:\/\/www.rome-roma.net\/wp-content\/uploads\/2020\/03\/temple-de-saturne_5449-50x50.jpg 50w, https:\/\/www.rome-roma.net\/wp-content\/uploads\/2020\/03\/temple-de-saturne_5449-80x80.jpg 80w, https:\/\/www.rome-roma.net\/wp-content\/uploads\/2020\/03\/temple-de-saturne_5449-75x75.jpg 75w\" sizes=\"(max-width: 50px) 100vw, 50px\" \/><\/a><div class=\"lcp_excerpt\">\nStoria del tempio di Saturno\nIl tempio di Saturno \u00e8 il ...<\/div><\/li><li><a href=\"https:\/\/www.rome-roma.net\/it\/foro-romano\/tempio-dei-dioscuri\/\">Tempio dei Dioscuri<\/a><a href=\"https:\/\/www.rome-roma.net\/it\/foro-romano\/tempio-dei-dioscuri\/\" title=\"Tempio dei Dioscuri\"><img width=\"50\" height=\"50\" src=\"https:\/\/www.rome-roma.net\/wp-content\/uploads\/2020\/03\/temple_de_castor_et_pollux_forum_romain_54571-150x150.jpg\" class=\"classthumblist wp-post-image\" alt=\"Tempio dei Dioscuri\" loading=\"lazy\" srcset=\"https:\/\/www.rome-roma.net\/wp-content\/uploads\/2020\/03\/temple_de_castor_et_pollux_forum_romain_54571-150x150.jpg 150w, https:\/\/www.rome-roma.net\/wp-content\/uploads\/2020\/03\/temple_de_castor_et_pollux_forum_romain_54571-50x50.jpg 50w, https:\/\/www.rome-roma.net\/wp-content\/uploads\/2020\/03\/temple_de_castor_et_pollux_forum_romain_54571-80x80.jpg 80w, https:\/\/www.rome-roma.net\/wp-content\/uploads\/2020\/03\/temple_de_castor_et_pollux_forum_romain_54571-75x75.jpg 75w\" sizes=\"(max-width: 50px) 100vw, 50px\" \/><\/a><div class=\"lcp_excerpt\">\nLe tre colonne corinzie rimanenti provengono da una ricostruzione intorno ...<\/div><\/li><li><a href=\"https:\/\/www.rome-roma.net\/it\/foro-romano\/casa-delle-vestali\/\">Casa delle Vestali<\/a><a href=\"https:\/\/www.rome-roma.net\/it\/foro-romano\/casa-delle-vestali\/\" title=\"Casa delle Vestali\"><img width=\"50\" height=\"50\" src=\"https:\/\/www.rome-roma.net\/wp-content\/uploads\/2020\/03\/maisondesvestales_rome_00971-150x150.jpg\" class=\"classthumblist wp-post-image\" alt=\"Casa delle Vestali\" loading=\"lazy\" srcset=\"https:\/\/www.rome-roma.net\/wp-content\/uploads\/2020\/03\/maisondesvestales_rome_00971-150x150.jpg 150w, https:\/\/www.rome-roma.net\/wp-content\/uploads\/2020\/03\/maisondesvestales_rome_00971-50x50.jpg 50w, https:\/\/www.rome-roma.net\/wp-content\/uploads\/2020\/03\/maisondesvestales_rome_00971-80x80.jpg 80w, https:\/\/www.rome-roma.net\/wp-content\/uploads\/2020\/03\/maisondesvestales_rome_00971-75x75.jpg 75w\" sizes=\"(max-width: 50px) 100vw, 50px\" \/><\/a><div class=\"lcp_excerpt\">\nLa Casa delle Vestali, chiamata anche Atrium Vestae, e il ...<\/div><\/li><li><a href=\"https:\/\/www.rome-roma.net\/it\/foro-romano\/tempio-del-divo-giulio\/\">Tempio del Divo Giulio<\/a><a href=\"https:\/\/www.rome-roma.net\/it\/foro-romano\/tempio-del-divo-giulio\/\" title=\"Tempio del Divo Giulio\"><img width=\"50\" height=\"50\" src=\"https:\/\/www.rome-roma.net\/wp-content\/uploads\/2020\/03\/tempiodeldivogiulio_aradicesare_01151-150x150.jpg\" class=\"classthumblist wp-post-image\" alt=\"Tempio del Divo Giulio\" loading=\"lazy\" srcset=\"https:\/\/www.rome-roma.net\/wp-content\/uploads\/2020\/03\/tempiodeldivogiulio_aradicesare_01151-150x150.jpg 150w, https:\/\/www.rome-roma.net\/wp-content\/uploads\/2020\/03\/tempiodeldivogiulio_aradicesare_01151-50x50.jpg 50w, https:\/\/www.rome-roma.net\/wp-content\/uploads\/2020\/03\/tempiodeldivogiulio_aradicesare_01151-80x80.jpg 80w, https:\/\/www.rome-roma.net\/wp-content\/uploads\/2020\/03\/tempiodeldivogiulio_aradicesare_01151-75x75.jpg 75w\" sizes=\"(max-width: 50px) 100vw, 50px\" \/><\/a><div class=\"lcp_excerpt\">\nQuesto tempio del Divino Cesare fu dedicato a Giulio Cesare ...<\/div><\/li><li><a href=\"https:\/\/www.rome-roma.net\/it\/foro-romano\/colonna-di-foca\/\">Colonna di Foca<\/a><a href=\"https:\/\/www.rome-roma.net\/it\/foro-romano\/colonna-di-foca\/\" title=\"Colonna di Foca\"><img width=\"50\" height=\"50\" src=\"https:\/\/www.rome-roma.net\/wp-content\/uploads\/2020\/03\/colonnadifoca_fororomano_01121-150x150.jpg\" class=\"classthumblist wp-post-image\" alt=\"Colonna di Foca\" loading=\"lazy\" srcset=\"https:\/\/www.rome-roma.net\/wp-content\/uploads\/2020\/03\/colonnadifoca_fororomano_01121-150x150.jpg 150w, https:\/\/www.rome-roma.net\/wp-content\/uploads\/2020\/03\/colonnadifoca_fororomano_01121-50x50.jpg 50w, https:\/\/www.rome-roma.net\/wp-content\/uploads\/2020\/03\/colonnadifoca_fororomano_01121-80x80.jpg 80w, https:\/\/www.rome-roma.net\/wp-content\/uploads\/2020\/03\/colonnadifoca_fororomano_01121-75x75.jpg 75w, https:\/\/www.rome-roma.net\/wp-content\/uploads\/2020\/03\/colonnadifoca_fororomano_01121-467x480.jpg 467w\" sizes=\"(max-width: 50px) 100vw, 50px\" \/><\/a><div class=\"lcp_excerpt\">\nLa colonna di Foca fu eretta di fronte ai rostri ...<\/div><\/li><li><a href=\"https:\/\/www.rome-roma.net\/it\/foro-romano\/portico-degli-dei-consenti\/\">Portico degli Dei Consenti<\/a><a href=\"https:\/\/www.rome-roma.net\/it\/foro-romano\/portico-degli-dei-consenti\/\" title=\"Portico degli Dei Consenti\"><img width=\"50\" height=\"50\" src=\"https:\/\/www.rome-roma.net\/wp-content\/uploads\/2020\/03\/porticodeglideiconsenti_fororoma_01101-150x150.jpg\" class=\"classthumblist wp-post-image\" alt=\"Portico degli Dei Consenti\" loading=\"lazy\" srcset=\"https:\/\/www.rome-roma.net\/wp-content\/uploads\/2020\/03\/porticodeglideiconsenti_fororoma_01101-150x150.jpg 150w, https:\/\/www.rome-roma.net\/wp-content\/uploads\/2020\/03\/porticodeglideiconsenti_fororoma_01101-50x50.jpg 50w, https:\/\/www.rome-roma.net\/wp-content\/uploads\/2020\/03\/porticodeglideiconsenti_fororoma_01101-80x80.jpg 80w, https:\/\/www.rome-roma.net\/wp-content\/uploads\/2020\/03\/porticodeglideiconsenti_fororoma_01101-75x75.jpg 75w\" sizes=\"(max-width: 50px) 100vw, 50px\" \/><\/a><div class=\"lcp_excerpt\">\nSituato nell&#8217;angolo nord-ovest del foro, ai piedi del Tabularium, questo ...<\/div><\/li><li><a href=\"https:\/\/www.rome-roma.net\/it\/foro-romano\/#Galleria-Foto-del-Foro-Romano\">Fotografie del Foro romano<\/a><a href=\"https:\/\/www.rome-roma.net\/it\/foro-romano\/#Galleria-Foto-del-Foro-Romano\" title=\"Fotografie del Foro romano\"><img width=\"50\" height=\"50\" src=\"https:\/\/www.rome-roma.net\/wp-content\/uploads\/2020\/03\/foro-romano_0532-150x150.jpg\" class=\"classthumblist wp-post-image\" alt=\"Fotografie del Foro romano\" loading=\"lazy\" srcset=\"https:\/\/www.rome-roma.net\/wp-content\/uploads\/2020\/03\/foro-romano_0532-150x150.jpg 150w, https:\/\/www.rome-roma.net\/wp-content\/uploads\/2020\/03\/foro-romano_0532-50x50.jpg 50w, https:\/\/www.rome-roma.net\/wp-content\/uploads\/2020\/03\/foro-romano_0532-80x80.jpg 80w, https:\/\/www.rome-roma.net\/wp-content\/uploads\/2020\/03\/foro-romano_0532-75x75.jpg 75w\" sizes=\"(max-width: 50px) 100vw, 50px\" \/><\/a><div class=\"lcp_excerpt\">\n\nForo romano di Roma\n   \n\n\n\n \n\n\n<\/div><\/li><li><a href=\"https:\/\/www.rome-roma.net\/it\/foro-romano\/tempio-di-vespasiano-e-tito\/\">Tempio di Vespasiano e Tito<\/a><a href=\"https:\/\/www.rome-roma.net\/it\/foro-romano\/tempio-di-vespasiano-e-tito\/\" title=\"Tempio di Vespasiano e Tito\"><img src=\"https:\/\/www.rome-roma.net\/wp-content\/uploads\/2020\/01\/foro-romano-panorama-0540-683x1024.jpg\" class=\"classthumblist\"  alt=\"Tempio di Vespasiano e Tito\" \/><\/a><div class=\"lcp_excerpt\">\nLa costruzione del Tempio di Vespasiano, ai piedi del colle ...<\/div><\/li><li><a href=\"https:\/\/www.rome-roma.net\/it\/foro-romano\/santa-maria-antiqua-ed-edifici-domiziani\/\">Santa Maria Antiqua ed edifici domiziani<\/a><a href=\"https:\/\/www.rome-roma.net\/it\/foro-romano\/santa-maria-antiqua-ed-edifici-domiziani\/\" title=\"Santa Maria Antiqua ed edifici domiziani\"><img src=\"https:\/\/www.rome-roma.net\/wp-content\/uploads\/2020\/03\/crocifissione-santa-maria-antiqua-214x300.jpg\" class=\"classthumblist\"  alt=\"Santa Maria Antiqua ed edifici domiziani\" \/><\/a><div class=\"lcp_excerpt\">\nLa chiesa di Santa Maria Antiqua \u00e8 l&#8217;edificio cristiano pi\u00f9 ...<\/div><\/li><li><a href=\"https:\/\/www.rome-roma.net\/it\/foro-romano\/tempio-di-venere-e-roma\/\">Tempio di Venere e Roma<\/a><a href=\"https:\/\/www.rome-roma.net\/it\/foro-romano\/tempio-di-venere-e-roma\/\" title=\"Tempio di Venere e Roma\"><img width=\"70\" height=\"50\" src=\"https:\/\/www.rome-roma.net\/wp-content\/uploads\/2025\/07\/tempio-di-venere-e-roma-800x567.jpg\" class=\"classthumblist wp-post-image\" alt=\"Tempio di Venere e Roma\" loading=\"lazy\" \/><\/a><div class=\"lcp_excerpt\">\nIl Tempio di Venere e Roma, situato all&#8217;estremit\u00e0 nord-orientale del ...<\/div><\/li><li><a href=\"https:\/\/www.rome-roma.net\/it\/foro-romano\/i-rostri-del-foro-romano\/\">I Rostri del Foro Romano<\/a><a href=\"https:\/\/www.rome-roma.net\/it\/foro-romano\/i-rostri-del-foro-romano\/\" title=\"I Rostri del Foro Romano\"><img width=\"50\" height=\"50\" src=\"https:\/\/www.rome-roma.net\/wp-content\/uploads\/2020\/01\/Foro-romano-Roma_38481-150x150.jpg\" class=\"classthumblist wp-post-image\" alt=\"I Rostri del Foro Romano\" loading=\"lazy\" srcset=\"https:\/\/www.rome-roma.net\/wp-content\/uploads\/2020\/01\/Foro-romano-Roma_38481-150x150.jpg 150w, https:\/\/www.rome-roma.net\/wp-content\/uploads\/2020\/01\/Foro-romano-Roma_38481-50x50.jpg 50w, https:\/\/www.rome-roma.net\/wp-content\/uploads\/2020\/01\/Foro-romano-Roma_38481-80x80.jpg 80w, https:\/\/www.rome-roma.net\/wp-content\/uploads\/2020\/01\/Foro-romano-Roma_38481-75x75.jpg 75w\" sizes=\"(max-width: 50px) 100vw, 50px\" \/><\/a><div class=\"lcp_excerpt\">\nI Rostri, situati nella parte nord-occidentale del Foro Romano a ...<\/div><\/li><\/ul>\n","protected":false},"excerpt":{"rendered":"<p>L\u2019Arco di Settimio Severo \u00e8 il monumento meglio conservato del foro. Fu costruito ai piedi del Campidoglio per i 10 anni di regno dell\u2019imperatore, nel 203 d.C. Descrizione e storia I rilievi rappresentano le sue vittorie sui Parti in Medio Oriente (l\u2019attuale Iran e gran parte dei paesi limitrofi).Era uno dei passaggi pedonali che conducevano [&hellip;]<\/p>\n","protected":false},"featured_media":261,"parent":5482,"menu_order":0,"comment_status":"open","ping_status":"open","template":"","format":"standard","meta":{"kt_blocks_editor_width":"","_links_to":"","_links_to_target":""},"genre":[268],"interet":[287],"quartier":[314],"categorie_site":[432],"quartier_historique":[442],"etiquettes_site":[],"acf":[],"yoast_head":"<!-- This site is optimized with the Yoast SEO plugin v17.4 - https:\/\/yoast.com\/wordpress\/plugins\/seo\/ -->\n<title>Arco di Settimio Severo &ndash; Rome-Roma<\/title>\n<meta name=\"description\" content=\"Sul foro romano di Roma, l&#039;arco di Settimio Severo \u00e8 il monumento meglio conservato del sito archeologico. Descrizione e immagini dei monumenti.\" \/>\n<meta name=\"robots\" content=\"index, follow, max-snippet:-1, max-image-preview:large, max-video-preview:-1\" \/>\n<link rel=\"canonical\" href=\"https:\/\/www.rome-roma.net\/it\/foro-romano\/arco-di-settimio-severo\/\" \/>\n<meta property=\"og:locale\" content=\"it_IT\" \/>\n<meta property=\"og:type\" content=\"article\" \/>\n<meta property=\"og:title\" content=\"Arco di Settimio Severo &ndash; Rome-Roma\" \/>\n<meta property=\"og:description\" content=\"Sul foro romano di Roma, l&#039;arco di Settimio Severo \u00e8 il monumento meglio conservato del sito archeologico. Descrizione e immagini dei monumenti.\" \/>\n<meta property=\"og:url\" content=\"https:\/\/www.rome-roma.net\/it\/foro-romano\/arco-di-settimio-severo\/\" \/>\n<meta property=\"og:site_name\" content=\"Rome-Roma\" \/>\n<meta property=\"article:modified_time\" content=\"2025-07-26T12:51:07+00:00\" \/>\n<meta property=\"og:image\" content=\"https:\/\/www.rome-roma.net\/wp-content\/uploads\/2020\/01\/Forum-romain-Rome_38371-1.jpg\" \/>\n\t<meta property=\"og:image:width\" content=\"800\" \/>\n\t<meta property=\"og:image:height\" content=\"533\" \/>\n<meta name=\"twitter:card\" content=\"summary_large_image\" \/>\n<meta name=\"twitter:label1\" content=\"Tempo di lettura stimato\" \/>\n\t<meta name=\"twitter:data1\" content=\"3 minuti\" \/>\n<script type=\"application\/ld+json\" class=\"yoast-schema-graph\">{\"@context\":\"https:\/\/schema.org\",\"@graph\":[{\"@type\":\"Organization\",\"@id\":\"https:\/\/www.rome-roma.net\/it\/#organization\",\"name\":\"Rome-Roma\",\"url\":\"https:\/\/www.rome-roma.net\/it\/\",\"sameAs\":[],\"logo\":{\"@type\":\"ImageObject\",\"@id\":\"https:\/\/www.rome-roma.net\/it\/#logo\",\"inLanguage\":\"it-IT\",\"url\":\"https:\/\/www.rome-roma.net\/wp-content\/uploads\/2025\/07\/logo-rome-roma-420.jpg\",\"contentUrl\":\"https:\/\/www.rome-roma.net\/wp-content\/uploads\/2025\/07\/logo-rome-roma-420.jpg\",\"width\":420,\"height\":420,\"caption\":\"Rome-Roma\"},\"image\":{\"@id\":\"https:\/\/www.rome-roma.net\/it\/#logo\"}},{\"@type\":\"WebSite\",\"@id\":\"https:\/\/www.rome-roma.net\/it\/#website\",\"url\":\"https:\/\/www.rome-roma.net\/it\/\",\"name\":\"Rome-Roma\",\"description\":\"Cultura & Viaggio\",\"publisher\":{\"@id\":\"https:\/\/www.rome-roma.net\/it\/#organization\"},\"potentialAction\":[{\"@type\":\"SearchAction\",\"target\":{\"@type\":\"EntryPoint\",\"urlTemplate\":\"https:\/\/www.rome-roma.net\/it\/?s={search_term_string}\"},\"query-input\":\"required name=search_term_string\"}],\"inLanguage\":\"it-IT\"},{\"@type\":\"ImageObject\",\"@id\":\"https:\/\/www.rome-roma.net\/it\/foro-romano\/arco-di-settimio-severo\/#primaryimage\",\"inLanguage\":\"it-IT\",\"url\":\"https:\/\/www.rome-roma.net\/wp-content\/uploads\/2020\/01\/Forum-romain-Rome_38371-1.jpg\",\"contentUrl\":\"https:\/\/www.rome-roma.net\/wp-content\/uploads\/2020\/01\/Forum-romain-Rome_38371-1.jpg\",\"width\":800,\"height\":533,\"caption\":\"Arco di Settimio Severo\"},{\"@type\":\"WebPage\",\"@id\":\"https:\/\/www.rome-roma.net\/it\/foro-romano\/arco-di-settimio-severo\/#webpage\",\"url\":\"https:\/\/www.rome-roma.net\/it\/foro-romano\/arco-di-settimio-severo\/\",\"name\":\"Arco di Settimio Severo &ndash; Rome-Roma\",\"isPartOf\":{\"@id\":\"https:\/\/www.rome-roma.net\/it\/#website\"},\"primaryImageOfPage\":{\"@id\":\"https:\/\/www.rome-roma.net\/it\/foro-romano\/arco-di-settimio-severo\/#primaryimage\"},\"datePublished\":\"2020-01-14T16:37:17+00:00\",\"dateModified\":\"2025-07-26T12:51:07+00:00\",\"description\":\"Sul foro romano di Roma, l'arco di Settimio Severo \\u00e8 il monumento meglio conservato del sito archeologico. Descrizione e immagini dei monumenti.\",\"breadcrumb\":{\"@id\":\"https:\/\/www.rome-roma.net\/it\/foro-romano\/arco-di-settimio-severo\/#breadcrumb\"},\"inLanguage\":\"it-IT\",\"potentialAction\":[{\"@type\":\"ReadAction\",\"target\":[\"https:\/\/www.rome-roma.net\/it\/foro-romano\/arco-di-settimio-severo\/\"]}]},{\"@type\":\"BreadcrumbList\",\"@id\":\"https:\/\/www.rome-roma.net\/it\/foro-romano\/arco-di-settimio-severo\/#breadcrumb\",\"itemListElement\":[{\"@type\":\"ListItem\",\"position\":1,\"name\":\"Accueil\",\"item\":\"https:\/\/www.rome-roma.net\/it\/\"},{\"@type\":\"ListItem\",\"position\":2,\"name\":\"Foro romano di Roma\",\"item\":\"https:\/\/www.rome-roma.net\/it\/foro-romano\/\"},{\"@type\":\"ListItem\",\"position\":3,\"name\":\"Arco di Settimio Severo\"}]}]}<\/script>\n<!-- \/ Yoast SEO plugin. -->","yoast_head_json":{"title":"Arco di Settimio Severo &ndash; Rome-Roma","description":"Sul foro romano di Roma, l'arco di Settimio Severo \u00e8 il monumento meglio conservato del sito archeologico. Descrizione e immagini dei monumenti.","robots":{"index":"index","follow":"follow","max-snippet":"max-snippet:-1","max-image-preview":"max-image-preview:large","max-video-preview":"max-video-preview:-1"},"canonical":"https:\/\/www.rome-roma.net\/it\/foro-romano\/arco-di-settimio-severo\/","og_locale":"it_IT","og_type":"article","og_title":"Arco di Settimio Severo &ndash; Rome-Roma","og_description":"Sul foro romano di Roma, l'arco di Settimio Severo \u00e8 il monumento meglio conservato del sito archeologico. Descrizione e immagini dei monumenti.","og_url":"https:\/\/www.rome-roma.net\/it\/foro-romano\/arco-di-settimio-severo\/","og_site_name":"Rome-Roma","article_modified_time":"2025-07-26T12:51:07+00:00","og_image":[{"width":800,"height":533,"url":"https:\/\/www.rome-roma.net\/wp-content\/uploads\/2020\/01\/Forum-romain-Rome_38371-1.jpg","type":"image\/jpeg"}],"twitter_card":"summary_large_image","twitter_misc":{"Tempo di lettura stimato":"3 minuti"},"schema":{"@context":"https:\/\/schema.org","@graph":[{"@type":"Organization","@id":"https:\/\/www.rome-roma.net\/it\/#organization","name":"Rome-Roma","url":"https:\/\/www.rome-roma.net\/it\/","sameAs":[],"logo":{"@type":"ImageObject","@id":"https:\/\/www.rome-roma.net\/it\/#logo","inLanguage":"it-IT","url":"https:\/\/www.rome-roma.net\/wp-content\/uploads\/2025\/07\/logo-rome-roma-420.jpg","contentUrl":"https:\/\/www.rome-roma.net\/wp-content\/uploads\/2025\/07\/logo-rome-roma-420.jpg","width":420,"height":420,"caption":"Rome-Roma"},"image":{"@id":"https:\/\/www.rome-roma.net\/it\/#logo"}},{"@type":"WebSite","@id":"https:\/\/www.rome-roma.net\/it\/#website","url":"https:\/\/www.rome-roma.net\/it\/","name":"Rome-Roma","description":"Cultura & Viaggio","publisher":{"@id":"https:\/\/www.rome-roma.net\/it\/#organization"},"potentialAction":[{"@type":"SearchAction","target":{"@type":"EntryPoint","urlTemplate":"https:\/\/www.rome-roma.net\/it\/?s={search_term_string}"},"query-input":"required name=search_term_string"}],"inLanguage":"it-IT"},{"@type":"ImageObject","@id":"https:\/\/www.rome-roma.net\/it\/foro-romano\/arco-di-settimio-severo\/#primaryimage","inLanguage":"it-IT","url":"https:\/\/www.rome-roma.net\/wp-content\/uploads\/2020\/01\/Forum-romain-Rome_38371-1.jpg","contentUrl":"https:\/\/www.rome-roma.net\/wp-content\/uploads\/2020\/01\/Forum-romain-Rome_38371-1.jpg","width":800,"height":533,"caption":"Arco di Settimio Severo"},{"@type":"WebPage","@id":"https:\/\/www.rome-roma.net\/it\/foro-romano\/arco-di-settimio-severo\/#webpage","url":"https:\/\/www.rome-roma.net\/it\/foro-romano\/arco-di-settimio-severo\/","name":"Arco di Settimio Severo &ndash; Rome-Roma","isPartOf":{"@id":"https:\/\/www.rome-roma.net\/it\/#website"},"primaryImageOfPage":{"@id":"https:\/\/www.rome-roma.net\/it\/foro-romano\/arco-di-settimio-severo\/#primaryimage"},"datePublished":"2020-01-14T16:37:17+00:00","dateModified":"2025-07-26T12:51:07+00:00","description":"Sul foro romano di Roma, l'arco di Settimio Severo \u00e8 il monumento meglio conservato del sito archeologico. Descrizione e immagini dei monumenti.","breadcrumb":{"@id":"https:\/\/www.rome-roma.net\/it\/foro-romano\/arco-di-settimio-severo\/#breadcrumb"},"inLanguage":"it-IT","potentialAction":[{"@type":"ReadAction","target":["https:\/\/www.rome-roma.net\/it\/foro-romano\/arco-di-settimio-severo\/"]}]},{"@type":"BreadcrumbList","@id":"https:\/\/www.rome-roma.net\/it\/foro-romano\/arco-di-settimio-severo\/#breadcrumb","itemListElement":[{"@type":"ListItem","position":1,"name":"Accueil","item":"https:\/\/www.rome-roma.net\/it\/"},{"@type":"ListItem","position":2,"name":"Foro romano di Roma","item":"https:\/\/www.rome-roma.net\/it\/foro-romano\/"},{"@type":"ListItem","position":3,"name":"Arco di Settimio Severo"}]}]}},"acf_fields":{"nom_monument":"Arco di Settimio Severo","wikidata":"Q162353","sameas":""},"_links":{"self":[{"href":"https:\/\/www.rome-roma.net\/it\/wp-json\/wp\/v2\/site\/5485"}],"collection":[{"href":"https:\/\/www.rome-roma.net\/it\/wp-json\/wp\/v2\/site"}],"about":[{"href":"https:\/\/www.rome-roma.net\/it\/wp-json\/wp\/v2\/types\/site"}],"replies":[{"embeddable":true,"href":"https:\/\/www.rome-roma.net\/it\/wp-json\/wp\/v2\/comments?post=5485"}],"up":[{"embeddable":true,"href":"https:\/\/www.rome-roma.net\/it\/wp-json\/wp\/v2\/site\/5482"}],"wp:featuredmedia":[{"embeddable":true,"href":"https:\/\/www.rome-roma.net\/it\/wp-json\/wp\/v2\/media\/261"}],"wp:attachment":[{"href":"https:\/\/www.rome-roma.net\/it\/wp-json\/wp\/v2\/media?parent=5485"}],"wp:term":[{"taxonomy":"genre","embeddable":true,"href":"https:\/\/www.rome-roma.net\/it\/wp-json\/wp\/v2\/genre?post=5485"},{"taxonomy":"interet","embeddable":true,"href":"https:\/\/www.rome-roma.net\/it\/wp-json\/wp\/v2\/interet?post=5485"},{"taxonomy":"quartier","embeddable":true,"href":"https:\/\/www.rome-roma.net\/it\/wp-json\/wp\/v2\/quartier?post=5485"},{"taxonomy":"categorie_site","embeddable":true,"href":"https:\/\/www.rome-roma.net\/it\/wp-json\/wp\/v2\/categorie_site?post=5485"},{"taxonomy":"quartier_historique","embeddable":true,"href":"https:\/\/www.rome-roma.net\/it\/wp-json\/wp\/v2\/quartier_historique?post=5485"},{"taxonomy":"etiquettes_site","embeddable":true,"href":"https:\/\/www.rome-roma.net\/it\/wp-json\/wp\/v2\/etiquettes_site?post=5485"}],"curies":[{"name":"wp","href":"https:\/\/api.w.org\/{rel}","templated":true}]}}