


{"id":5501,"date":"2020-01-14T19:40:15","date_gmt":"2020-01-14T18:40:15","guid":{"rendered":"https:\/\/www.rome-roma.net\/site\/foro-romano\/basilique-de-constantin-et-maxence\/"},"modified":"2025-07-26T15:40:01","modified_gmt":"2025-07-26T13:40:01","slug":"basilica-di-massenzio","status":"publish","type":"site","link":"https:\/\/www.rome-roma.net\/it\/foro-romano\/basilica-di-massenzio\/","title":{"rendered":"Basilica di Massenzio"},"content":{"rendered":"\n<p>Questo monumento \u00e8 il pi\u00f9 grande del foro romano. Fu iniziato dall&#8217;imperatore <strong>Massenzio<\/strong> nel 308 d.C. e fu terminato 4 anni dopo da <strong>Costantino<\/strong> che sconfisse Massenzio nella battaglia del Ponte Milvio.<\/p>\n<h2>Storia e descrizione<\/h2>\n<p><a href=\"https:\/\/www.rome-roma.net\/wp-content\/uploads\/2021\/01\/basilica-costantino-massenzio-0078.jpg\"><img loading=\"lazy\" class=\"wp-image-25895 alignright\" src=\"https:\/\/www.rome-roma.net\/wp-content\/uploads\/2021\/01\/basilica-costantino-massenzio-0078-1024x683.jpg\" alt=\"basilica-costantino-massenzio_0078\" width=\"300\" height=\"200\" srcset=\"https:\/\/www.rome-roma.net\/wp-content\/uploads\/2021\/01\/basilica-costantino-massenzio-0078-1024x683.jpg 1024w, https:\/\/www.rome-roma.net\/wp-content\/uploads\/2021\/01\/basilica-costantino-massenzio-0078-300x200.jpg 300w, https:\/\/www.rome-roma.net\/wp-content\/uploads\/2021\/01\/basilica-costantino-massenzio-0078-768x512.jpg 768w, https:\/\/www.rome-roma.net\/wp-content\/uploads\/2021\/01\/basilica-costantino-massenzio-0078.jpg 1200w\" sizes=\"(max-width: 300px) 100vw, 300px\" \/><\/a>Ospitava la corte di un tribunale, in una navata alta di 35 metri. Sono presenti 3 volte di una culla laterale, alte di 24 metri. La sua superficie originale si estendeva per oltre 100 m per 65 m.<br \/>C&#8217;erano otto colonne corinzie vicino ai pilastri, l&#8217;unica sopravvissuta fu spostata nel 17e secolo da Paolo V nella piazza di Santa Maria Maggiore dove si trova ancora.<br \/>L&#8217;interno era coperto di marmo nella parte inferiore e di stucco nella parte superiore.<br \/>Vi sono stati trovati pezzi di una colossale statua di Costantino (oggi al Palazzo dei Conservatori in Campidoglio)<br \/>Il marmo che ricopriva il pavimento fu rimosso nel 626 per costruire il pavimento della Basilica di San Pietro da Papa Onorato.<\/p>\n<p>\u00c8 uno degli esempi pi\u00f9 imponenti dell&#8217;architettura romana, la cui ampiezza ha incuriosito molte generazioni di architetti, specialmente durante il Rinascimento.<\/p>\n\n\n\n<h2>Galleria<\/h2>\n\n\n\n<figure class=\"wp-container-3 wp-block-gallery-2 wp-block-gallery has-nested-images columns-4 is-cropped\">\n<figure class=\"wp-block-image size-medium\"><a href=\"https:\/\/www.rome-roma.net\/wp-content\/uploads\/2021\/01\/basilique-de-constantin-et-maxence-0088.jpg\"><img loading=\"lazy\" width=\"1200\" height=\"800\" data-id=\"25918\"  src=\"https:\/\/www.rome-roma.net\/wp-content\/uploads\/2021\/01\/basilique-de-constantin-et-maxence-0088.jpg\" alt=\"Basilica di Costantino e Massenzio a Roma\" class=\"wp-image-25918\" srcset=\"https:\/\/www.rome-roma.net\/wp-content\/uploads\/2021\/01\/basilique-de-constantin-et-maxence-0088.jpg 1200w, https:\/\/www.rome-roma.net\/wp-content\/uploads\/2021\/01\/basilique-de-constantin-et-maxence-0088-300x200.jpg 300w, https:\/\/www.rome-roma.net\/wp-content\/uploads\/2021\/01\/basilique-de-constantin-et-maxence-0088-1024x683.jpg 1024w, https:\/\/www.rome-roma.net\/wp-content\/uploads\/2021\/01\/basilique-de-constantin-et-maxence-0088-768x512.jpg 768w\" sizes=\"(max-width: 1200px) 100vw, 1200px\" \/><\/a><\/figure>\n\n\n\n<figure class=\"wp-block-image size-medium\"><a href=\"https:\/\/www.rome-roma.net\/wp-content\/uploads\/2021\/01\/basilica-di-massenzio-0968.jpg\"><img loading=\"lazy\" width=\"1200\" height=\"800\" data-id=\"25908\"  src=\"https:\/\/www.rome-roma.net\/wp-content\/uploads\/2021\/01\/basilica-di-massenzio-0968.jpg\" alt=\"basilica-di-massenzio_0968\" class=\"wp-image-25908\" srcset=\"https:\/\/www.rome-roma.net\/wp-content\/uploads\/2021\/01\/basilica-di-massenzio-0968.jpg 1200w, https:\/\/www.rome-roma.net\/wp-content\/uploads\/2021\/01\/basilica-di-massenzio-0968-300x200.jpg 300w, https:\/\/www.rome-roma.net\/wp-content\/uploads\/2021\/01\/basilica-di-massenzio-0968-1024x683.jpg 1024w, https:\/\/www.rome-roma.net\/wp-content\/uploads\/2021\/01\/basilica-di-massenzio-0968-768x512.jpg 768w\" sizes=\"(max-width: 1200px) 100vw, 1200px\" \/><\/a><\/figure>\n\n\n\n<figure class=\"wp-block-image size-medium\"><a href=\"https:\/\/www.rome-roma.net\/wp-content\/uploads\/2021\/01\/basilica-costantino-massenzio-0078.jpg\"><img loading=\"lazy\" width=\"1200\" height=\"800\" data-id=\"25898\"  src=\"https:\/\/www.rome-roma.net\/wp-content\/uploads\/2021\/01\/basilica-costantino-massenzio-0078.jpg\" alt=\"basilica-costantino-massenzio_0078\" class=\"wp-image-25898\" srcset=\"https:\/\/www.rome-roma.net\/wp-content\/uploads\/2021\/01\/basilica-costantino-massenzio-0078.jpg 1200w, https:\/\/www.rome-roma.net\/wp-content\/uploads\/2021\/01\/basilica-costantino-massenzio-0078-300x200.jpg 300w, https:\/\/www.rome-roma.net\/wp-content\/uploads\/2021\/01\/basilica-costantino-massenzio-0078-1024x683.jpg 1024w, https:\/\/www.rome-roma.net\/wp-content\/uploads\/2021\/01\/basilica-costantino-massenzio-0078-768x512.jpg 768w\" sizes=\"(max-width: 1200px) 100vw, 1200px\" \/><\/a><\/figure>\n<\/figure>\n\n\n\n\n<h2>Link e info<\/h2>\n<table style=\"border-collapse: collapse; width: 100%;\">\n<tbody>\n<tr style=\"background-color: #fae8c3;\">\n<td style=\"width: 100%;\"><strong><span style=\"font-size: 10pt;\">Basilica di Massenzio<\/span><\/strong><br \/><span style=\"font-size: 10pt;\"><em>Foro romano di Roma<br \/><\/em><\/span><\/td>\n<\/tr>\n<tr style=\"background-color: #f7ece1;\">\n<td style=\"width: 100%;\">\n<table style=\"margin-bottom: 0rem;\"><tbody><tr style=\"background-color:#fcfaf7; \" \r\n    onmouseover=\"this.style.backgroundColor='#f7dbb8';\" \r\n    onmouseout=\"this.style.backgroundColor='#fcfaf7';\"><td style=\"width:70px;\"><a href=\"https:\/\/www.getyourguide.it\/forum-romain-l2618\/?partner_id=DLYVAO3&#038;utm_medium=online_publisher&#038;placement=content-top\" target=\"_blank\" rel=\"nofollow noopener\"><img style=\"display:inline;vertical-align:middle;padding:5px;\" src=\"https:\/\/www.rome-roma.net\/images\/icones\/icone-tickets2.png\" alt=\"icona biglietti visita\" title=\"Biglietti per visitare il foro romano\" width=\"50\"><\/a><\/td><td style=\"vertical-align:middle;text-align:left;\"><a href=\"https:\/\/www.getyourguide.it\/forum-romain-l2618\/?partner_id=DLYVAO3&#038;utm_medium=online_publisher&#038;placement=content-top\" target=\"_blank\" rel=\"nofollow noopener\">Biglietti per visitare il foro romano<\/a><\/td><\/tr><tr style=\"background-color:#ffffff; \" \r\n    onmouseover=\"this.style.backgroundColor='#f7dbb8';\" \r\n    onmouseout=\"this.style.backgroundColor='#ffffff';\"><td style=\"width:70px;\"><a href=\"https:\/\/www.booking.com\/searchresults.it.html?aid=308344;label=headerlandmark;landmark=2125;group_adults=2;no_rooms=1;group_children=0;nflt=review_score=80%3Bdistance=1000\" target=\"_blank\" rel=\"nofollow noopener\"><img style=\"display:inline;vertical-align:middle;padding:5px;\" src=\"https:\/\/www.rome-roma.net\/images\/icones\/icone-hotel22.png\" alt=\"icona alberghi\" title=\"Alberghi, camere e appartamenti vicino al monumento\" width=\"50\"><\/a><\/td><td style=\"vertical-align:middle;text-align:left;\"><a href=\"https:\/\/www.booking.com\/searchresults.it.html?aid=308344;label=headerlandmark;landmark=2125;group_adults=2;no_rooms=1;group_children=0;nflt=review_score=80%3Bdistance=1000\" target=\"_blank\" rel=\"nofollow noopener\">Alberghi, camere e appartamenti vicino al monumento<\/a><\/td><\/tr><\/tbody><\/table>\n<\/td>\n<\/tr>\n<tr style=\"background-color: #fae8c3;\">\n<td style=\"width: 100%;\">\n<p><span style=\"font-size: 10pt;\">\u00a0<strong>Link<\/strong><\/span><\/p>\n<ul>\n<li><span class=\"accueilparagraphe\" style=\"font-size: 10pt;\">Sito del comune di Roma : <a href=\"https:\/\/www.turismoroma.it\/it\/node\/1179\" target=\"_blank\" rel=\"noopener\">turismoroma.it<\/a><\/span><\/li>\n<li><a href=\"https:\/\/rome.unicaen.fr\/monument\/basiliqueconstantin\/\" target=\"_blank\" rel=\"noopener\"><span style=\"font-size: 10pt;\">Ricostruzione su unicaen.fr<\/span><\/a><\/li>\n<\/ul>\n<\/td>\n<\/tr>\n<\/tbody>\n<\/table>\n\n\n<h2>Cartina ed indirizzo<\/h2>\r\n\t\t<b>Indirizzo : <\/b>Clivo di Venere Felice, 00186 Roma RM, Italie<div id=\"travelersmap-container-69f36640edc4c\" class=\"travelersmap-container\" style=\"z-index: 1; min-height: 10px; min-width:10px; height:400px;width:100%; max-width:; max-height:; position:relative;\"><div style=\"position:absolute; z-index:-1;top: 50%;text-align: center;display: block;left: 50%;transform: translate(-50%,-50%);\">Travelers' Map is loading... <br> If you see this after your page is loaded completely, leafletJS files are missing.<\/div><\/div><i>Clicca sulla freccia per localizzarti sulla mappa<\/i>\n\n\n\n<h2>Vedute antiche nel arte<\/h2><div>7 opere di Basilica di Massenzio sono state trovate nella database. Per vederle tutte aprire questo <a href=\"https:\/\/www.rome-roma.net\/site-rome-art.php?lieu=basilique+de+constantin\" target=\"_blank\">collegamento<\/a>.<\/div><div class=\"wp-block-kadence-advancedgallery kb-gallery-wrap-id-_5955fd-3f\">\r\n        <div class=\"kb-gallery-ul kb-gallery-type-fluidcarousel kb-gallery-id-_5955fd-3f kb-gallery-caption-style-below kb-gallery-magnific-init kb-gallery-filter-none\" data-image-filter=\"none\" data-lightbox-caption=\"true\">\r\n            <div class=\"kt-blocks-carousel kt-carousel-container-dotstyle-dark\">\r\n                <div class=\"kt-blocks-carousel-init kb-blocks-fluid-carousel kt-carousel-arrowstyle-whiteondark kt-carousel-dotstyle-dark\" data-slider-anim-speed=\"400\" data-slider-type=\"fluidcarousel\" data-slider-scroll=\"1\" data-slider-arrows=\"true\" data-slider-dots=\"true\" data-slider-hover-pause=\"false\" data-slider-auto=\"false\" data-slider-speed=\"7000\">\r\n        <div class=\"kb-slide-item kb-gallery-carousel-item\"><li class=\"kadence-blocks-gallery-item\"><div class=\"kadence-blocks-gallery-item-inner\">\r\n            <figure class=\"kb-gallery-figure kb-gallery-item-has-link kadence-blocks-gallery-item-has-caption\">\r\n                <a href=\"https:\/\/www.rome-roma.net\/artmodule\/canaletto\/canal giovanni antonio - veduta di roma con la basilica di costantino e la chiesa di s francesca romana.jpg\" class=\"kb-gallery-item-link\" style=\"color: #FFFFFF;\">\r\n                    <div class=\"kb-gal-image-radius\"><div class=\"kb-gallery-image-contain\">\r\n                        <img src=\"https:\/\/www.rome-roma.net\/artmodule\/canaletto\/canal giovanni antonio - veduta di roma con la basilica di costantino e la chiesa di s francesca romana.jpg\" width=\"300\" height=\"200\" \r\n                            alt=\"Canaletto,Basilique de Constantin et Santa Francesca Romana (?, avant 1768, date ind\u00e9termin\u00e9e)\" \r\n                            data-full-image=\"https:\/\/www.rome-roma.net\/artmodule\/canaletto\/canal giovanni antonio - veduta di roma con la basilica di costantino e la chiesa di s francesca romana.jpg\" \r\n                            data-light-image=\"https:\/\/www.rome-roma.net\/artmodule\/canaletto\/canal giovanni antonio - veduta di roma con la basilica di costantino e la chiesa di s francesca romana.jpg\" data-id=\"149\" \r\n                            data-link=\"https:\/\/www.rome-roma.net\/artmodule\/canaletto\/canal giovanni antonio - veduta di roma con la basilica di costantino e la chiesa di s francesca romana.jpg\" \r\n                            class=\"wp-image-149\" loading=lazy\/>\r\n                    <\/div><\/div>\r\n                    <figcaption class=\"kadence-blocks-gallery-item__caption\">Canaletto, Basilique de Constantin et Santa Francesca Romana<\/figcaption>\r\n                <\/a>\r\n            <\/figure><\/div><\/li><\/div>\r\n        <div class=\"kb-slide-item kb-gallery-carousel-item\"><li class=\"kadence-blocks-gallery-item\"><div class=\"kadence-blocks-gallery-item-inner\">\r\n            <figure class=\"kb-gallery-figure kb-gallery-item-has-link kadence-blocks-gallery-item-has-caption\">\r\n                <a href=\"https:\/\/www.rome-roma.net\/artmodule\/canaletto\/canaletto - the forum with the basilica of constantine and santa francesca romana.jpg\" class=\"kb-gallery-item-link\" style=\"color: #FFFFFF;\">\r\n                    <div class=\"kb-gal-image-radius\"><div class=\"kb-gallery-image-contain\">\r\n                        <img src=\"https:\/\/www.rome-roma.net\/artmodule\/canaletto\/canaletto - the forum with the basilica of constantine and santa francesca romana.jpg\" width=\"300\" height=\"200\" \r\n                            alt=\"Canaletto,Forum avec basilique de Constantin et Santa Francesca Romana (?, avant 1768, date ind\u00e9termin\u00e9e)\" \r\n                            data-full-image=\"https:\/\/www.rome-roma.net\/artmodule\/canaletto\/canaletto - the forum with the basilica of constantine and santa francesca romana.jpg\" \r\n                            data-light-image=\"https:\/\/www.rome-roma.net\/artmodule\/canaletto\/canaletto - the forum with the basilica of constantine and santa francesca romana.jpg\" data-id=\"149\" \r\n                            data-link=\"https:\/\/www.rome-roma.net\/artmodule\/canaletto\/canaletto - the forum with the basilica of constantine and santa francesca romana.jpg\" \r\n                            class=\"wp-image-149\" loading=lazy\/>\r\n                    <\/div><\/div>\r\n                    <figcaption class=\"kadence-blocks-gallery-item__caption\">Canaletto, Forum avec basilique de Constantin et Santa Francesca Romana<\/figcaption>\r\n                <\/a>\r\n            <\/figure><\/div><\/li><\/div>\r\n        <div class=\"kb-slide-item kb-gallery-carousel-item\"><li class=\"kadence-blocks-gallery-item\"><div class=\"kadence-blocks-gallery-item-inner\">\r\n            <figure class=\"kb-gallery-figure kb-gallery-item-has-link kadence-blocks-gallery-item-has-caption\">\r\n                <a href=\"https:\/\/www.rome-roma.net\/artmodule\/camille corot\/Jean-Baptiste Camille Corot, le colisee depuis les arcades de la basilique de constantin.jpg\" class=\"kb-gallery-item-link\" style=\"color: #FFFFFF;\">\r\n                    <div class=\"kb-gal-image-radius\"><div class=\"kb-gallery-image-contain\">\r\n                        <img src=\"https:\/\/www.rome-roma.net\/artmodule\/camille corot\/Jean-Baptiste Camille Corot, le colisee depuis les arcades de la basilique de constantin.jpg\" width=\"300\" height=\"200\" \r\n                            alt=\"Jean-Baptiste Camille Corot,Le Colis\u00e9e depuis les arches de la basilique de Constantin (1826-1828, date ind\u00e9termin\u00e9e)\" \r\n                            data-full-image=\"https:\/\/www.rome-roma.net\/artmodule\/camille corot\/Jean-Baptiste Camille Corot, le colisee depuis les arcades de la basilique de constantin.jpg\" \r\n                            data-light-image=\"https:\/\/www.rome-roma.net\/artmodule\/camille corot\/Jean-Baptiste Camille Corot, le colisee depuis les arcades de la basilique de constantin.jpg\" data-id=\"149\" \r\n                            data-link=\"https:\/\/www.rome-roma.net\/artmodule\/camille corot\/Jean-Baptiste Camille Corot, le colisee depuis les arcades de la basilique de constantin.jpg\" \r\n                            class=\"wp-image-149\" loading=lazy\/>\r\n                    <\/div><\/div>\r\n                    <figcaption class=\"kadence-blocks-gallery-item__caption\">Jean-Baptiste Camille Corot, Le Colis\u00e9e depuis les arches de la basilique de Constantin<\/figcaption>\r\n                <\/a>\r\n            <\/figure><\/div><\/li><\/div>\r\n        <div class=\"kb-slide-item kb-gallery-carousel-item\"><li class=\"kadence-blocks-gallery-item\"><div class=\"kadence-blocks-gallery-item-inner\">\r\n            <figure class=\"kb-gallery-figure kb-gallery-item-has-link kadence-blocks-gallery-item-has-caption\">\r\n                <a href=\"https:\/\/www.rome-roma.net\/artmodule\/jean charles joseph remond\/jean charles joseph remond - basilique de constantin depuis le palatin - 1822-1825 - metropolitan museum of art.jpg\" class=\"kb-gallery-item-link\" style=\"color: #FFFFFF;\">\r\n                    <div class=\"kb-gal-image-radius\"><div class=\"kb-gallery-image-contain\">\r\n                        <img src=\"https:\/\/www.rome-roma.net\/artmodule\/jean charles joseph remond\/jean charles joseph remond - basilique de constantin depuis le palatin - 1822-1825 - metropolitan museum of art.jpg\" width=\"300\" height=\"200\" \r\n                            alt=\"Jean-Charles-Joseph R\u00e9mond,Basilique de Constantin depuis le Palatin (1822-1825)\" \r\n                            data-full-image=\"https:\/\/www.rome-roma.net\/artmodule\/jean charles joseph remond\/jean charles joseph remond - basilique de constantin depuis le palatin - 1822-1825 - metropolitan museum of art.jpg\" \r\n                            data-light-image=\"https:\/\/www.rome-roma.net\/artmodule\/jean charles joseph remond\/jean charles joseph remond - basilique de constantin depuis le palatin - 1822-1825 - metropolitan museum of art.jpg\" data-id=\"149\" \r\n                            data-link=\"https:\/\/www.rome-roma.net\/artmodule\/jean charles joseph remond\/jean charles joseph remond - basilique de constantin depuis le palatin - 1822-1825 - metropolitan museum of art.jpg\" \r\n                            class=\"wp-image-149\" loading=lazy\/>\r\n                    <\/div><\/div>\r\n                    <figcaption class=\"kadence-blocks-gallery-item__caption\">Jean-Charles-Joseph R\u00e9mond, Basilique de Constantin depuis le Palatin<\/figcaption>\r\n                <\/a>\r\n            <\/figure><\/div><\/li><\/div>\r\n        <div class=\"kb-slide-item kb-gallery-carousel-item\"><li class=\"kadence-blocks-gallery-item\"><div class=\"kadence-blocks-gallery-item-inner\">\r\n            <figure class=\"kb-gallery-figure kb-gallery-item-has-link kadence-blocks-gallery-item-has-caption\">\r\n                <a href=\"https:\/\/www.rome-roma.net\/artmodule\/william turner\/joseph mallord william turner - basilica of constantine - rome - 1819.jpg\" class=\"kb-gallery-item-link\" style=\"color: #FFFFFF;\">\r\n                    <div class=\"kb-gal-image-radius\"><div class=\"kb-gallery-image-contain\">\r\n                        <img src=\"https:\/\/www.rome-roma.net\/artmodule\/william turner\/joseph mallord william turner - basilica of constantine - rome - 1819.jpg\" width=\"300\" height=\"200\" \r\n                            alt=\"Joseph Mallord William Turner,Basilique de Constantin (1819)\" \r\n                            data-full-image=\"https:\/\/www.rome-roma.net\/artmodule\/william turner\/joseph mallord william turner - basilica of constantine - rome - 1819.jpg\" \r\n                            data-light-image=\"https:\/\/www.rome-roma.net\/artmodule\/william turner\/joseph mallord william turner - basilica of constantine - rome - 1819.jpg\" data-id=\"149\" \r\n                            data-link=\"https:\/\/www.rome-roma.net\/artmodule\/william turner\/joseph mallord william turner - basilica of constantine - rome - 1819.jpg\" \r\n                            class=\"wp-image-149\" loading=lazy\/>\r\n                    <\/div><\/div>\r\n                    <figcaption class=\"kadence-blocks-gallery-item__caption\">Joseph Mallord William Turner, Basilique de Constantin<\/figcaption>\r\n                <\/a>\r\n            <\/figure><\/div><\/li><\/div>\r\n        <div class=\"kb-slide-item kb-gallery-carousel-item\"><li class=\"kadence-blocks-gallery-item\"><div class=\"kadence-blocks-gallery-item-inner\">\r\n            <figure class=\"kb-gallery-figure kb-gallery-item-has-link kadence-blocks-gallery-item-has-caption\">\r\n                <a href=\"https:\/\/www.rome-roma.net\/artmodule\/niccolo codazzi\/codazzi niccolo - basilica di costantino - roma.jpg\" class=\"kb-gallery-item-link\" style=\"color: #FFFFFF;\">\r\n                    <div class=\"kb-gal-image-radius\"><div class=\"kb-gallery-image-contain\">\r\n                        <img src=\"https:\/\/www.rome-roma.net\/artmodule\/niccolo codazzi\/codazzi niccolo - basilica di costantino - roma.jpg\" width=\"300\" height=\"200\" \r\n                            alt=\"Niccol\u00f2 Codazzi,Basilique de Constantin (?, avant 1693, date ind\u00e9termin\u00e9e)\" \r\n                            data-full-image=\"https:\/\/www.rome-roma.net\/artmodule\/niccolo codazzi\/codazzi niccolo - basilica di costantino - roma.jpg\" \r\n                            data-light-image=\"https:\/\/www.rome-roma.net\/artmodule\/niccolo codazzi\/codazzi niccolo - basilica di costantino - roma.jpg\" data-id=\"149\" \r\n                            data-link=\"https:\/\/www.rome-roma.net\/artmodule\/niccolo codazzi\/codazzi niccolo - basilica di costantino - roma.jpg\" \r\n                            class=\"wp-image-149\" loading=lazy\/>\r\n                    <\/div><\/div>\r\n                    <figcaption class=\"kadence-blocks-gallery-item__caption\">Niccol\u00f2 Codazzi, Basilique de Constantin<\/figcaption>\r\n                <\/a>\r\n            <\/figure><\/div><\/li><\/div>\r\n        <div class=\"kb-slide-item kb-gallery-carousel-item\"><li class=\"kadence-blocks-gallery-item\"><div class=\"kadence-blocks-gallery-item-inner\">\r\n            <figure class=\"kb-gallery-figure kb-gallery-item-has-link kadence-blocks-gallery-item-has-caption\">\r\n                <a href=\"https:\/\/www.rome-roma.net\/artmodule\/willem van nieulandt\/willem van nieulandt - temple of castor and pollux with the basilica of maxentius - 1618 - rijksmuseum amsterdam.jpg\" class=\"kb-gallery-item-link\" style=\"color: #FFFFFF;\">\r\n                    <div class=\"kb-gal-image-radius\"><div class=\"kb-gallery-image-contain\">\r\n                        <img src=\"https:\/\/www.rome-roma.net\/artmodule\/willem van nieulandt\/willem van nieulandt - temple of castor and pollux with the basilica of maxentius - 1618 - rijksmuseum amsterdam.jpg\" width=\"300\" height=\"200\" \r\n                            alt=\"Willem van Nieulandt,Temple de Castor et Pollux et basilique de Maxence (1618)\" \r\n                            data-full-image=\"https:\/\/www.rome-roma.net\/artmodule\/willem van nieulandt\/willem van nieulandt - temple of castor and pollux with the basilica of maxentius - 1618 - rijksmuseum amsterdam.jpg\" \r\n                            data-light-image=\"https:\/\/www.rome-roma.net\/artmodule\/willem van nieulandt\/willem van nieulandt - temple of castor and pollux with the basilica of maxentius - 1618 - rijksmuseum amsterdam.jpg\" data-id=\"149\" \r\n                            data-link=\"https:\/\/www.rome-roma.net\/artmodule\/willem van nieulandt\/willem van nieulandt - temple of castor and pollux with the basilica of maxentius - 1618 - rijksmuseum amsterdam.jpg\" \r\n                            class=\"wp-image-149\" loading=lazy\/>\r\n                    <\/div><\/div>\r\n                    <figcaption class=\"kadence-blocks-gallery-item__caption\">Willem van Nieulandt, Temple de Castor et Pollux et basilique de Maxence<\/figcaption>\r\n                <\/a>\r\n            <\/figure><\/div><\/li><\/div><\/div><\/div><\/div><\/div><a href=\"https:\/\/www.rome-roma.net\/site-rome-art.php?lieu=basilique+de+constantin\" target=\"_blank\">Clica per vedere oltre dipinti e artisti su Basilique de Constantin et Maxence in Roma<\/a><br>\n\n\n\n<h2>Edifici del Foro romano<\/h2>\n\n\n\n<ul class=\"lcp_catlist\" id=\"lcp_instance_0\"><li><a href=\"https:\/\/www.rome-roma.net\/it\/foro-romano\/\">Foro romano di Roma<\/a><a href=\"https:\/\/www.rome-roma.net\/it\/foro-romano\/\" title=\"Foro romano di Roma\"><img width=\"50\" height=\"50\" src=\"https:\/\/www.rome-roma.net\/wp-content\/uploads\/2020\/01\/forum-romain_6519-150x150.jpg\" class=\"classthumblist wp-post-image\" alt=\"Foro romano di Roma\" loading=\"lazy\" srcset=\"https:\/\/www.rome-roma.net\/wp-content\/uploads\/2020\/01\/forum-romain_6519-150x150.jpg 150w, https:\/\/www.rome-roma.net\/wp-content\/uploads\/2020\/01\/forum-romain_6519-50x50.jpg 50w, https:\/\/www.rome-roma.net\/wp-content\/uploads\/2020\/01\/forum-romain_6519-80x80.jpg 80w, https:\/\/www.rome-roma.net\/wp-content\/uploads\/2020\/01\/forum-romain_6519-75x75.jpg 75w\" sizes=\"(max-width: 50px) 100vw, 50px\" \/><\/a><\/li><li><a href=\"https:\/\/www.rome-roma.net\/it\/foro-romano\/curia-iulia\/\">Curia Iulia<\/a><a href=\"https:\/\/www.rome-roma.net\/it\/foro-romano\/curia-iulia\/\" title=\"Curia Iulia\"><img width=\"50\" height=\"50\" src=\"https:\/\/www.rome-roma.net\/wp-content\/uploads\/2020\/01\/Foro-romano-Roma_38481-150x150.jpg\" class=\"classthumblist wp-post-image\" alt=\"Curia Iulia\" loading=\"lazy\" srcset=\"https:\/\/www.rome-roma.net\/wp-content\/uploads\/2020\/01\/Foro-romano-Roma_38481-150x150.jpg 150w, https:\/\/www.rome-roma.net\/wp-content\/uploads\/2020\/01\/Foro-romano-Roma_38481-50x50.jpg 50w, https:\/\/www.rome-roma.net\/wp-content\/uploads\/2020\/01\/Foro-romano-Roma_38481-80x80.jpg 80w, https:\/\/www.rome-roma.net\/wp-content\/uploads\/2020\/01\/Foro-romano-Roma_38481-75x75.jpg 75w\" sizes=\"(max-width: 50px) 100vw, 50px\" \/><\/a><\/li><li><a href=\"https:\/\/www.rome-roma.net\/it\/foro-romano\/tempio-di-antonino-e-faustina\/\">Tempio di Antonino e Faustina<\/a><a href=\"https:\/\/www.rome-roma.net\/it\/foro-romano\/tempio-di-antonino-e-faustina\/\" title=\"Tempio di Antonino e Faustina\"><img width=\"50\" height=\"50\" src=\"https:\/\/www.rome-roma.net\/wp-content\/uploads\/2020\/03\/Foro-romano-Roma_38501-150x150.jpg\" class=\"classthumblist wp-post-image\" alt=\"Tempio di Antonino e Faustina\" loading=\"lazy\" srcset=\"https:\/\/www.rome-roma.net\/wp-content\/uploads\/2020\/03\/Foro-romano-Roma_38501-150x150.jpg 150w, https:\/\/www.rome-roma.net\/wp-content\/uploads\/2020\/03\/Foro-romano-Roma_38501-50x50.jpg 50w, https:\/\/www.rome-roma.net\/wp-content\/uploads\/2020\/03\/Foro-romano-Roma_38501-80x80.jpg 80w, https:\/\/www.rome-roma.net\/wp-content\/uploads\/2020\/03\/Foro-romano-Roma_38501-75x75.jpg 75w\" sizes=\"(max-width: 50px) 100vw, 50px\" \/><\/a><\/li><li><a href=\"https:\/\/www.rome-roma.net\/it\/foro-romano\/basilica-emilia\/\">Basilica Emilia<\/a><a href=\"https:\/\/www.rome-roma.net\/it\/foro-romano\/basilica-emilia\/\" title=\"Basilica Emilia\"><img width=\"50\" height=\"50\" src=\"https:\/\/www.rome-roma.net\/wp-content\/uploads\/2020\/01\/basiliqueaemilia_forum_01341-150x150.jpg\" class=\"classthumblist wp-post-image\" alt=\"Basilica Emilia\" loading=\"lazy\" srcset=\"https:\/\/www.rome-roma.net\/wp-content\/uploads\/2020\/01\/basiliqueaemilia_forum_01341-150x150.jpg 150w, https:\/\/www.rome-roma.net\/wp-content\/uploads\/2020\/01\/basiliqueaemilia_forum_01341-50x50.jpg 50w, https:\/\/www.rome-roma.net\/wp-content\/uploads\/2020\/01\/basiliqueaemilia_forum_01341-80x80.jpg 80w, https:\/\/www.rome-roma.net\/wp-content\/uploads\/2020\/01\/basiliqueaemilia_forum_01341-75x75.jpg 75w\" sizes=\"(max-width: 50px) 100vw, 50px\" \/><\/a><\/li><li><a href=\"https:\/\/www.rome-roma.net\/it\/foro-romano\/arco-di-settimio-severo\/\">Arco di Settimio Severo<\/a><a href=\"https:\/\/www.rome-roma.net\/it\/foro-romano\/arco-di-settimio-severo\/\" title=\"Arco di Settimio Severo\"><img width=\"50\" height=\"50\" src=\"https:\/\/www.rome-roma.net\/wp-content\/uploads\/2020\/01\/Forum-romain-Rome_38371-1-150x150.jpg\" class=\"classthumblist wp-post-image\" alt=\"Arco di Settimio Severo\" loading=\"lazy\" srcset=\"https:\/\/www.rome-roma.net\/wp-content\/uploads\/2020\/01\/Forum-romain-Rome_38371-1-150x150.jpg 150w, https:\/\/www.rome-roma.net\/wp-content\/uploads\/2020\/01\/Forum-romain-Rome_38371-1-50x50.jpg 50w, https:\/\/www.rome-roma.net\/wp-content\/uploads\/2020\/01\/Forum-romain-Rome_38371-1-80x80.jpg 80w, https:\/\/www.rome-roma.net\/wp-content\/uploads\/2020\/01\/Forum-romain-Rome_38371-1-75x75.jpg 75w\" sizes=\"(max-width: 50px) 100vw, 50px\" \/><\/a><\/li><li><a href=\"https:\/\/www.rome-roma.net\/it\/foro-romano\/arco-di-tito\/\">Arco di Tito<\/a><a href=\"https:\/\/www.rome-roma.net\/it\/foro-romano\/arco-di-tito\/\" title=\"Arco di Tito\"><img width=\"50\" height=\"50\" src=\"https:\/\/www.rome-roma.net\/wp-content\/uploads\/2020\/01\/forumromain_arcdetitus_00861-150x150.jpg\" class=\"classthumblist wp-post-image\" alt=\"Arco di Tito\" loading=\"lazy\" srcset=\"https:\/\/www.rome-roma.net\/wp-content\/uploads\/2020\/01\/forumromain_arcdetitus_00861-150x150.jpg 150w, https:\/\/www.rome-roma.net\/wp-content\/uploads\/2020\/01\/forumromain_arcdetitus_00861-50x50.jpg 50w, https:\/\/www.rome-roma.net\/wp-content\/uploads\/2020\/01\/forumromain_arcdetitus_00861-80x80.jpg 80w, https:\/\/www.rome-roma.net\/wp-content\/uploads\/2020\/01\/forumromain_arcdetitus_00861-75x75.jpg 75w\" sizes=\"(max-width: 50px) 100vw, 50px\" \/><\/a><\/li><li><a href=\"https:\/\/www.rome-roma.net\/it\/foro-romano\/basilica-giulia\/\">Basilica Giulia<\/a><a href=\"https:\/\/www.rome-roma.net\/it\/foro-romano\/basilica-giulia\/\" title=\"Basilica Giulia\"><img width=\"50\" height=\"50\" src=\"https:\/\/www.rome-roma.net\/wp-content\/uploads\/2020\/01\/basilicagiulia_fororoma_01071-150x150.jpg\" class=\"classthumblist wp-post-image\" alt=\"Basilica Giulia\" loading=\"lazy\" srcset=\"https:\/\/www.rome-roma.net\/wp-content\/uploads\/2020\/01\/basilicagiulia_fororoma_01071-150x150.jpg 150w, https:\/\/www.rome-roma.net\/wp-content\/uploads\/2020\/01\/basilicagiulia_fororoma_01071-50x50.jpg 50w, https:\/\/www.rome-roma.net\/wp-content\/uploads\/2020\/01\/basilicagiulia_fororoma_01071-80x80.jpg 80w, https:\/\/www.rome-roma.net\/wp-content\/uploads\/2020\/01\/basilicagiulia_fororoma_01071-75x75.jpg 75w\" sizes=\"(max-width: 50px) 100vw, 50px\" \/><\/a><\/li><li class=\"current\"><a href=\"https:\/\/www.rome-roma.net\/it\/foro-romano\/basilica-di-massenzio\/\">Basilica di Massenzio<\/a><a href=\"https:\/\/www.rome-roma.net\/it\/foro-romano\/basilica-di-massenzio\/\" title=\"Basilica di Massenzio\"><img width=\"50\" height=\"50\" src=\"https:\/\/www.rome-roma.net\/wp-content\/uploads\/2020\/01\/basiliqueconstantinmaxence_00781-150x150.jpg\" class=\"classthumblist wp-post-image\" alt=\"Basilica di Massenzio\" loading=\"lazy\" srcset=\"https:\/\/www.rome-roma.net\/wp-content\/uploads\/2020\/01\/basiliqueconstantinmaxence_00781-150x150.jpg 150w, https:\/\/www.rome-roma.net\/wp-content\/uploads\/2020\/01\/basiliqueconstantinmaxence_00781-50x50.jpg 50w, https:\/\/www.rome-roma.net\/wp-content\/uploads\/2020\/01\/basiliqueconstantinmaxence_00781-80x80.jpg 80w, https:\/\/www.rome-roma.net\/wp-content\/uploads\/2020\/01\/basiliqueconstantinmaxence_00781-75x75.jpg 75w\" sizes=\"(max-width: 50px) 100vw, 50px\" \/><\/a><\/li><li><a href=\"https:\/\/www.rome-roma.net\/it\/foro-romano\/foro-originale\/\">Foro originale e Comizio<\/a><a href=\"https:\/\/www.rome-roma.net\/it\/foro-romano\/foro-originale\/\" title=\"Foro originale e Comizio\"><img src=\"https:\/\/www.rome-roma.net\/photos\/fororomanodiroma\/images\/colonnetetrarchiche_roma_0104.jpg\" class=\"classthumblist\"  alt=\"Foro originale e Comizio\" \/><\/a><\/li><li><a href=\"https:\/\/www.rome-roma.net\/it\/foro-romano\/tempio-di-vesta\/\">Tempio di Vesta<\/a><a href=\"https:\/\/www.rome-roma.net\/it\/foro-romano\/tempio-di-vesta\/\" title=\"Tempio di Vesta\"><img width=\"50\" height=\"50\" src=\"https:\/\/www.rome-roma.net\/wp-content\/uploads\/2020\/03\/templedevesta_rome_00991-150x150.jpg\" class=\"classthumblist wp-post-image\" alt=\"Tempio di Vesta\" loading=\"lazy\" srcset=\"https:\/\/www.rome-roma.net\/wp-content\/uploads\/2020\/03\/templedevesta_rome_00991-150x150.jpg 150w, https:\/\/www.rome-roma.net\/wp-content\/uploads\/2020\/03\/templedevesta_rome_00991-50x50.jpg 50w, https:\/\/www.rome-roma.net\/wp-content\/uploads\/2020\/03\/templedevesta_rome_00991-80x80.jpg 80w, https:\/\/www.rome-roma.net\/wp-content\/uploads\/2020\/03\/templedevesta_rome_00991-75x75.jpg 75w\" sizes=\"(max-width: 50px) 100vw, 50px\" \/><\/a><\/li><li><a href=\"https:\/\/www.rome-roma.net\/it\/foro-romano\/tempio-del-divo-romolo\/\">Tempio del Divo Romolo<\/a><a href=\"https:\/\/www.rome-roma.net\/it\/foro-romano\/tempio-del-divo-romolo\/\" title=\"Tempio del Divo Romolo\"><img width=\"50\" height=\"50\" src=\"https:\/\/www.rome-roma.net\/wp-content\/uploads\/2020\/03\/Foro-romano-Roma_38521-150x150.jpg\" class=\"classthumblist wp-post-image\" alt=\"Tempio del Divo Romolo\" loading=\"lazy\" srcset=\"https:\/\/www.rome-roma.net\/wp-content\/uploads\/2020\/03\/Foro-romano-Roma_38521-150x150.jpg 150w, https:\/\/www.rome-roma.net\/wp-content\/uploads\/2020\/03\/Foro-romano-Roma_38521-50x50.jpg 50w, https:\/\/www.rome-roma.net\/wp-content\/uploads\/2020\/03\/Foro-romano-Roma_38521-80x80.jpg 80w, https:\/\/www.rome-roma.net\/wp-content\/uploads\/2020\/03\/Foro-romano-Roma_38521-75x75.jpg 75w, https:\/\/www.rome-roma.net\/wp-content\/uploads\/2020\/03\/Foro-romano-Roma_38521-467x480.jpg 467w\" sizes=\"(max-width: 50px) 100vw, 50px\" \/><\/a><\/li><li><a href=\"https:\/\/www.rome-roma.net\/it\/foro-romano\/tempio-di-saturno\/\">Tempio di Saturno e Saturnali<\/a><a href=\"https:\/\/www.rome-roma.net\/it\/foro-romano\/tempio-di-saturno\/\" title=\"Tempio di Saturno e Saturnali\"><img width=\"50\" height=\"50\" src=\"https:\/\/www.rome-roma.net\/wp-content\/uploads\/2020\/03\/temple-de-saturne_5449-150x150.jpg\" class=\"classthumblist wp-post-image\" alt=\"Tempio di Saturno e Saturnali\" loading=\"lazy\" srcset=\"https:\/\/www.rome-roma.net\/wp-content\/uploads\/2020\/03\/temple-de-saturne_5449-150x150.jpg 150w, https:\/\/www.rome-roma.net\/wp-content\/uploads\/2020\/03\/temple-de-saturne_5449-50x50.jpg 50w, https:\/\/www.rome-roma.net\/wp-content\/uploads\/2020\/03\/temple-de-saturne_5449-80x80.jpg 80w, https:\/\/www.rome-roma.net\/wp-content\/uploads\/2020\/03\/temple-de-saturne_5449-75x75.jpg 75w\" sizes=\"(max-width: 50px) 100vw, 50px\" \/><\/a><\/li><li><a href=\"https:\/\/www.rome-roma.net\/it\/foro-romano\/tempio-dei-dioscuri\/\">Tempio dei Dioscuri<\/a><a href=\"https:\/\/www.rome-roma.net\/it\/foro-romano\/tempio-dei-dioscuri\/\" title=\"Tempio dei Dioscuri\"><img width=\"50\" height=\"50\" src=\"https:\/\/www.rome-roma.net\/wp-content\/uploads\/2020\/03\/temple_de_castor_et_pollux_forum_romain_54571-150x150.jpg\" class=\"classthumblist wp-post-image\" alt=\"Tempio dei Dioscuri\" loading=\"lazy\" srcset=\"https:\/\/www.rome-roma.net\/wp-content\/uploads\/2020\/03\/temple_de_castor_et_pollux_forum_romain_54571-150x150.jpg 150w, https:\/\/www.rome-roma.net\/wp-content\/uploads\/2020\/03\/temple_de_castor_et_pollux_forum_romain_54571-50x50.jpg 50w, https:\/\/www.rome-roma.net\/wp-content\/uploads\/2020\/03\/temple_de_castor_et_pollux_forum_romain_54571-80x80.jpg 80w, https:\/\/www.rome-roma.net\/wp-content\/uploads\/2020\/03\/temple_de_castor_et_pollux_forum_romain_54571-75x75.jpg 75w\" sizes=\"(max-width: 50px) 100vw, 50px\" \/><\/a><\/li><li><a href=\"https:\/\/www.rome-roma.net\/it\/foro-romano\/casa-delle-vestali\/\">Casa delle Vestali<\/a><a href=\"https:\/\/www.rome-roma.net\/it\/foro-romano\/casa-delle-vestali\/\" title=\"Casa delle Vestali\"><img width=\"50\" height=\"50\" src=\"https:\/\/www.rome-roma.net\/wp-content\/uploads\/2020\/03\/maisondesvestales_rome_00971-150x150.jpg\" class=\"classthumblist wp-post-image\" alt=\"Casa delle Vestali\" loading=\"lazy\" srcset=\"https:\/\/www.rome-roma.net\/wp-content\/uploads\/2020\/03\/maisondesvestales_rome_00971-150x150.jpg 150w, https:\/\/www.rome-roma.net\/wp-content\/uploads\/2020\/03\/maisondesvestales_rome_00971-50x50.jpg 50w, https:\/\/www.rome-roma.net\/wp-content\/uploads\/2020\/03\/maisondesvestales_rome_00971-80x80.jpg 80w, https:\/\/www.rome-roma.net\/wp-content\/uploads\/2020\/03\/maisondesvestales_rome_00971-75x75.jpg 75w\" sizes=\"(max-width: 50px) 100vw, 50px\" \/><\/a><\/li><li><a href=\"https:\/\/www.rome-roma.net\/it\/foro-romano\/tempio-del-divo-giulio\/\">Tempio del Divo Giulio<\/a><a href=\"https:\/\/www.rome-roma.net\/it\/foro-romano\/tempio-del-divo-giulio\/\" title=\"Tempio del Divo Giulio\"><img width=\"50\" height=\"50\" src=\"https:\/\/www.rome-roma.net\/wp-content\/uploads\/2020\/03\/tempiodeldivogiulio_aradicesare_01151-150x150.jpg\" class=\"classthumblist wp-post-image\" alt=\"Tempio del Divo Giulio\" loading=\"lazy\" srcset=\"https:\/\/www.rome-roma.net\/wp-content\/uploads\/2020\/03\/tempiodeldivogiulio_aradicesare_01151-150x150.jpg 150w, https:\/\/www.rome-roma.net\/wp-content\/uploads\/2020\/03\/tempiodeldivogiulio_aradicesare_01151-50x50.jpg 50w, https:\/\/www.rome-roma.net\/wp-content\/uploads\/2020\/03\/tempiodeldivogiulio_aradicesare_01151-80x80.jpg 80w, https:\/\/www.rome-roma.net\/wp-content\/uploads\/2020\/03\/tempiodeldivogiulio_aradicesare_01151-75x75.jpg 75w\" sizes=\"(max-width: 50px) 100vw, 50px\" \/><\/a><\/li><li><a href=\"https:\/\/www.rome-roma.net\/it\/foro-romano\/colonna-di-foca\/\">Colonna di Foca<\/a><a href=\"https:\/\/www.rome-roma.net\/it\/foro-romano\/colonna-di-foca\/\" title=\"Colonna di Foca\"><img width=\"50\" height=\"50\" src=\"https:\/\/www.rome-roma.net\/wp-content\/uploads\/2020\/03\/colonnadifoca_fororomano_01121-150x150.jpg\" class=\"classthumblist wp-post-image\" alt=\"Colonna di Foca\" loading=\"lazy\" srcset=\"https:\/\/www.rome-roma.net\/wp-content\/uploads\/2020\/03\/colonnadifoca_fororomano_01121-150x150.jpg 150w, https:\/\/www.rome-roma.net\/wp-content\/uploads\/2020\/03\/colonnadifoca_fororomano_01121-50x50.jpg 50w, https:\/\/www.rome-roma.net\/wp-content\/uploads\/2020\/03\/colonnadifoca_fororomano_01121-80x80.jpg 80w, https:\/\/www.rome-roma.net\/wp-content\/uploads\/2020\/03\/colonnadifoca_fororomano_01121-75x75.jpg 75w, https:\/\/www.rome-roma.net\/wp-content\/uploads\/2020\/03\/colonnadifoca_fororomano_01121-467x480.jpg 467w\" sizes=\"(max-width: 50px) 100vw, 50px\" \/><\/a><\/li><li><a href=\"https:\/\/www.rome-roma.net\/it\/foro-romano\/portico-degli-dei-consenti\/\">Portico degli Dei Consenti<\/a><a href=\"https:\/\/www.rome-roma.net\/it\/foro-romano\/portico-degli-dei-consenti\/\" title=\"Portico degli Dei Consenti\"><img width=\"50\" height=\"50\" src=\"https:\/\/www.rome-roma.net\/wp-content\/uploads\/2020\/03\/porticodeglideiconsenti_fororoma_01101-150x150.jpg\" class=\"classthumblist wp-post-image\" alt=\"Portico degli Dei Consenti\" loading=\"lazy\" srcset=\"https:\/\/www.rome-roma.net\/wp-content\/uploads\/2020\/03\/porticodeglideiconsenti_fororoma_01101-150x150.jpg 150w, https:\/\/www.rome-roma.net\/wp-content\/uploads\/2020\/03\/porticodeglideiconsenti_fororoma_01101-50x50.jpg 50w, https:\/\/www.rome-roma.net\/wp-content\/uploads\/2020\/03\/porticodeglideiconsenti_fororoma_01101-80x80.jpg 80w, https:\/\/www.rome-roma.net\/wp-content\/uploads\/2020\/03\/porticodeglideiconsenti_fororoma_01101-75x75.jpg 75w\" sizes=\"(max-width: 50px) 100vw, 50px\" \/><\/a><\/li><li><a href=\"https:\/\/www.rome-roma.net\/it\/foro-romano\/#Galleria-Foto-del-Foro-Romano\">Fotografie del Foro romano<\/a><a href=\"https:\/\/www.rome-roma.net\/it\/foro-romano\/#Galleria-Foto-del-Foro-Romano\" title=\"Fotografie del Foro romano\"><img width=\"50\" height=\"50\" src=\"https:\/\/www.rome-roma.net\/wp-content\/uploads\/2020\/03\/foro-romano_0532-150x150.jpg\" class=\"classthumblist wp-post-image\" alt=\"Fotografie del Foro romano\" loading=\"lazy\" srcset=\"https:\/\/www.rome-roma.net\/wp-content\/uploads\/2020\/03\/foro-romano_0532-150x150.jpg 150w, https:\/\/www.rome-roma.net\/wp-content\/uploads\/2020\/03\/foro-romano_0532-50x50.jpg 50w, https:\/\/www.rome-roma.net\/wp-content\/uploads\/2020\/03\/foro-romano_0532-80x80.jpg 80w, https:\/\/www.rome-roma.net\/wp-content\/uploads\/2020\/03\/foro-romano_0532-75x75.jpg 75w\" sizes=\"(max-width: 50px) 100vw, 50px\" \/><\/a><\/li><li><a href=\"https:\/\/www.rome-roma.net\/it\/foro-romano\/tempio-di-vespasiano-e-tito\/\">Tempio di Vespasiano e Tito<\/a><a href=\"https:\/\/www.rome-roma.net\/it\/foro-romano\/tempio-di-vespasiano-e-tito\/\" title=\"Tempio di Vespasiano e Tito\"><img src=\"https:\/\/www.rome-roma.net\/wp-content\/uploads\/2020\/01\/foro-romano-panorama-0540-683x1024.jpg\" class=\"classthumblist\"  alt=\"Tempio di Vespasiano e Tito\" \/><\/a><\/li><li><a href=\"https:\/\/www.rome-roma.net\/it\/foro-romano\/santa-maria-antiqua-ed-edifici-domiziani\/\">Santa Maria Antiqua ed edifici domiziani<\/a><a href=\"https:\/\/www.rome-roma.net\/it\/foro-romano\/santa-maria-antiqua-ed-edifici-domiziani\/\" title=\"Santa Maria Antiqua ed edifici domiziani\"><img src=\"https:\/\/www.rome-roma.net\/wp-content\/uploads\/2020\/03\/crocifissione-santa-maria-antiqua-214x300.jpg\" class=\"classthumblist\"  alt=\"Santa Maria Antiqua ed edifici domiziani\" \/><\/a><\/li><li><a href=\"https:\/\/www.rome-roma.net\/it\/foro-romano\/tempio-di-venere-e-roma\/\">Tempio di Venere e Roma<\/a><a href=\"https:\/\/www.rome-roma.net\/it\/foro-romano\/tempio-di-venere-e-roma\/\" title=\"Tempio di Venere e Roma\"><img width=\"70\" height=\"50\" src=\"https:\/\/www.rome-roma.net\/wp-content\/uploads\/2025\/07\/tempio-di-venere-e-roma-800x567.jpg\" class=\"classthumblist wp-post-image\" alt=\"Tempio di Venere e Roma\" loading=\"lazy\" \/><\/a><\/li><li><a href=\"https:\/\/www.rome-roma.net\/it\/foro-romano\/i-rostri-del-foro-romano\/\">I Rostri del Foro Romano<\/a><a href=\"https:\/\/www.rome-roma.net\/it\/foro-romano\/i-rostri-del-foro-romano\/\" title=\"I Rostri del Foro Romano\"><img width=\"50\" height=\"50\" src=\"https:\/\/www.rome-roma.net\/wp-content\/uploads\/2020\/01\/Foro-romano-Roma_38481-150x150.jpg\" class=\"classthumblist wp-post-image\" alt=\"I Rostri del Foro Romano\" loading=\"lazy\" srcset=\"https:\/\/www.rome-roma.net\/wp-content\/uploads\/2020\/01\/Foro-romano-Roma_38481-150x150.jpg 150w, https:\/\/www.rome-roma.net\/wp-content\/uploads\/2020\/01\/Foro-romano-Roma_38481-50x50.jpg 50w, https:\/\/www.rome-roma.net\/wp-content\/uploads\/2020\/01\/Foro-romano-Roma_38481-80x80.jpg 80w, https:\/\/www.rome-roma.net\/wp-content\/uploads\/2020\/01\/Foro-romano-Roma_38481-75x75.jpg 75w\" sizes=\"(max-width: 50px) 100vw, 50px\" \/><\/a><\/li><\/ul>\n","protected":false},"excerpt":{"rendered":"<p>Questo monumento \u00e8 il pi\u00f9 grande del foro romano. Fu iniziato dall&#8217;imperatore Massenzio nel 308 d.C. e fu terminato 4 anni dopo da Costantino che sconfisse Massenzio nella battaglia del Ponte Milvio. Storia e descrizione Ospitava la corte di un tribunale, in una navata alta di 35 metri. Sono presenti 3 volte di una culla [&hellip;]<\/p>\n","protected":false},"featured_media":287,"parent":5482,"menu_order":0,"comment_status":"open","ping_status":"open","template":"","format":"standard","meta":{"kt_blocks_editor_width":"","_links_to":"","_links_to_target":""},"genre":[268],"interet":[286],"quartier":[314],"categorie_site":[432],"quartier_historique":[442],"etiquettes_site":[],"acf":[],"yoast_head":"<!-- This site is optimized with the Yoast SEO plugin v17.4 - https:\/\/yoast.com\/wordpress\/plugins\/seo\/ -->\n<title>Basilica di Massenzio &ndash; Rome-Roma<\/title>\n<meta name=\"description\" content=\"Il pi\u00f9 grande monumento del foro romano, la basilica risale al IVe secolo d.C., costruita da Massenzio e poi da Costantino. Ospitava un tribunale.\" \/>\n<meta name=\"robots\" content=\"index, follow, max-snippet:-1, max-image-preview:large, max-video-preview:-1\" \/>\n<link rel=\"canonical\" href=\"https:\/\/www.rome-roma.net\/it\/foro-romano\/basilica-di-massenzio\/\" \/>\n<meta property=\"og:locale\" content=\"it_IT\" \/>\n<meta property=\"og:type\" content=\"article\" \/>\n<meta property=\"og:title\" content=\"Basilica di Massenzio &ndash; Rome-Roma\" \/>\n<meta property=\"og:description\" content=\"Il pi\u00f9 grande monumento del foro romano, la basilica risale al IVe secolo d.C., costruita da Massenzio e poi da Costantino. Ospitava un tribunale.\" \/>\n<meta property=\"og:url\" content=\"https:\/\/www.rome-roma.net\/it\/foro-romano\/basilica-di-massenzio\/\" \/>\n<meta property=\"og:site_name\" content=\"Rome-Roma\" \/>\n<meta property=\"article:modified_time\" content=\"2025-07-26T13:40:01+00:00\" \/>\n<meta property=\"og:image\" content=\"https:\/\/www.rome-roma.net\/wp-content\/uploads\/2020\/01\/basiliqueconstantinmaxence_00781.jpg\" \/>\n\t<meta property=\"og:image:width\" content=\"750\" \/>\n\t<meta property=\"og:image:height\" content=\"500\" \/>\n<meta name=\"twitter:card\" content=\"summary_large_image\" \/>\n<meta name=\"twitter:label1\" content=\"Tempo di lettura stimato\" \/>\n\t<meta name=\"twitter:data1\" content=\"2 minuti\" \/>\n<script type=\"application\/ld+json\" class=\"yoast-schema-graph\">{\"@context\":\"https:\/\/schema.org\",\"@graph\":[{\"@type\":\"Organization\",\"@id\":\"https:\/\/www.rome-roma.net\/it\/#organization\",\"name\":\"Rome-Roma\",\"url\":\"https:\/\/www.rome-roma.net\/it\/\",\"sameAs\":[],\"logo\":{\"@type\":\"ImageObject\",\"@id\":\"https:\/\/www.rome-roma.net\/it\/#logo\",\"inLanguage\":\"it-IT\",\"url\":\"https:\/\/www.rome-roma.net\/wp-content\/uploads\/2025\/07\/logo-rome-roma-420.jpg\",\"contentUrl\":\"https:\/\/www.rome-roma.net\/wp-content\/uploads\/2025\/07\/logo-rome-roma-420.jpg\",\"width\":420,\"height\":420,\"caption\":\"Rome-Roma\"},\"image\":{\"@id\":\"https:\/\/www.rome-roma.net\/it\/#logo\"}},{\"@type\":\"WebSite\",\"@id\":\"https:\/\/www.rome-roma.net\/it\/#website\",\"url\":\"https:\/\/www.rome-roma.net\/it\/\",\"name\":\"Rome-Roma\",\"description\":\"Cultura & Viaggio\",\"publisher\":{\"@id\":\"https:\/\/www.rome-roma.net\/it\/#organization\"},\"potentialAction\":[{\"@type\":\"SearchAction\",\"target\":{\"@type\":\"EntryPoint\",\"urlTemplate\":\"https:\/\/www.rome-roma.net\/it\/?s={search_term_string}\"},\"query-input\":\"required name=search_term_string\"}],\"inLanguage\":\"it-IT\"},{\"@type\":\"ImageObject\",\"@id\":\"https:\/\/www.rome-roma.net\/it\/foro-romano\/basilica-di-massenzio\/#primaryimage\",\"inLanguage\":\"it-IT\",\"url\":\"https:\/\/www.rome-roma.net\/wp-content\/uploads\/2020\/01\/basiliqueconstantinmaxence_00781.jpg\",\"contentUrl\":\"https:\/\/www.rome-roma.net\/wp-content\/uploads\/2020\/01\/basiliqueconstantinmaxence_00781.jpg\",\"width\":750,\"height\":500,\"caption\":\"Basilique de Constantin et Maxence\"},{\"@type\":\"WebPage\",\"@id\":\"https:\/\/www.rome-roma.net\/it\/foro-romano\/basilica-di-massenzio\/#webpage\",\"url\":\"https:\/\/www.rome-roma.net\/it\/foro-romano\/basilica-di-massenzio\/\",\"name\":\"Basilica di Massenzio &ndash; Rome-Roma\",\"isPartOf\":{\"@id\":\"https:\/\/www.rome-roma.net\/it\/#website\"},\"primaryImageOfPage\":{\"@id\":\"https:\/\/www.rome-roma.net\/it\/foro-romano\/basilica-di-massenzio\/#primaryimage\"},\"datePublished\":\"2020-01-14T18:40:15+00:00\",\"dateModified\":\"2025-07-26T13:40:01+00:00\",\"description\":\"Il pi\\u00f9 grande monumento del foro romano, la basilica risale al IVe secolo d.C., costruita da Massenzio e poi da Costantino. Ospitava un tribunale.\",\"breadcrumb\":{\"@id\":\"https:\/\/www.rome-roma.net\/it\/foro-romano\/basilica-di-massenzio\/#breadcrumb\"},\"inLanguage\":\"it-IT\",\"potentialAction\":[{\"@type\":\"ReadAction\",\"target\":[\"https:\/\/www.rome-roma.net\/it\/foro-romano\/basilica-di-massenzio\/\"]}]},{\"@type\":\"BreadcrumbList\",\"@id\":\"https:\/\/www.rome-roma.net\/it\/foro-romano\/basilica-di-massenzio\/#breadcrumb\",\"itemListElement\":[{\"@type\":\"ListItem\",\"position\":1,\"name\":\"Accueil\",\"item\":\"https:\/\/www.rome-roma.net\/it\/\"},{\"@type\":\"ListItem\",\"position\":2,\"name\":\"Foro romano di Roma\",\"item\":\"https:\/\/www.rome-roma.net\/it\/foro-romano\/\"},{\"@type\":\"ListItem\",\"position\":3,\"name\":\"Basilica di Massenzio\"}]}]}<\/script>\n<!-- \/ Yoast SEO plugin. -->","yoast_head_json":{"title":"Basilica di Massenzio &ndash; Rome-Roma","description":"Il pi\u00f9 grande monumento del foro romano, la basilica risale al IVe secolo d.C., costruita da Massenzio e poi da Costantino. Ospitava un tribunale.","robots":{"index":"index","follow":"follow","max-snippet":"max-snippet:-1","max-image-preview":"max-image-preview:large","max-video-preview":"max-video-preview:-1"},"canonical":"https:\/\/www.rome-roma.net\/it\/foro-romano\/basilica-di-massenzio\/","og_locale":"it_IT","og_type":"article","og_title":"Basilica di Massenzio &ndash; Rome-Roma","og_description":"Il pi\u00f9 grande monumento del foro romano, la basilica risale al IVe secolo d.C., costruita da Massenzio e poi da Costantino. Ospitava un tribunale.","og_url":"https:\/\/www.rome-roma.net\/it\/foro-romano\/basilica-di-massenzio\/","og_site_name":"Rome-Roma","article_modified_time":"2025-07-26T13:40:01+00:00","og_image":[{"width":750,"height":500,"url":"https:\/\/www.rome-roma.net\/wp-content\/uploads\/2020\/01\/basiliqueconstantinmaxence_00781.jpg","type":"image\/jpeg"}],"twitter_card":"summary_large_image","twitter_misc":{"Tempo di lettura stimato":"2 minuti"},"schema":{"@context":"https:\/\/schema.org","@graph":[{"@type":"Organization","@id":"https:\/\/www.rome-roma.net\/it\/#organization","name":"Rome-Roma","url":"https:\/\/www.rome-roma.net\/it\/","sameAs":[],"logo":{"@type":"ImageObject","@id":"https:\/\/www.rome-roma.net\/it\/#logo","inLanguage":"it-IT","url":"https:\/\/www.rome-roma.net\/wp-content\/uploads\/2025\/07\/logo-rome-roma-420.jpg","contentUrl":"https:\/\/www.rome-roma.net\/wp-content\/uploads\/2025\/07\/logo-rome-roma-420.jpg","width":420,"height":420,"caption":"Rome-Roma"},"image":{"@id":"https:\/\/www.rome-roma.net\/it\/#logo"}},{"@type":"WebSite","@id":"https:\/\/www.rome-roma.net\/it\/#website","url":"https:\/\/www.rome-roma.net\/it\/","name":"Rome-Roma","description":"Cultura & Viaggio","publisher":{"@id":"https:\/\/www.rome-roma.net\/it\/#organization"},"potentialAction":[{"@type":"SearchAction","target":{"@type":"EntryPoint","urlTemplate":"https:\/\/www.rome-roma.net\/it\/?s={search_term_string}"},"query-input":"required name=search_term_string"}],"inLanguage":"it-IT"},{"@type":"ImageObject","@id":"https:\/\/www.rome-roma.net\/it\/foro-romano\/basilica-di-massenzio\/#primaryimage","inLanguage":"it-IT","url":"https:\/\/www.rome-roma.net\/wp-content\/uploads\/2020\/01\/basiliqueconstantinmaxence_00781.jpg","contentUrl":"https:\/\/www.rome-roma.net\/wp-content\/uploads\/2020\/01\/basiliqueconstantinmaxence_00781.jpg","width":750,"height":500,"caption":"Basilique de Constantin et Maxence"},{"@type":"WebPage","@id":"https:\/\/www.rome-roma.net\/it\/foro-romano\/basilica-di-massenzio\/#webpage","url":"https:\/\/www.rome-roma.net\/it\/foro-romano\/basilica-di-massenzio\/","name":"Basilica di Massenzio &ndash; Rome-Roma","isPartOf":{"@id":"https:\/\/www.rome-roma.net\/it\/#website"},"primaryImageOfPage":{"@id":"https:\/\/www.rome-roma.net\/it\/foro-romano\/basilica-di-massenzio\/#primaryimage"},"datePublished":"2020-01-14T18:40:15+00:00","dateModified":"2025-07-26T13:40:01+00:00","description":"Il pi\u00f9 grande monumento del foro romano, la basilica risale al IVe secolo d.C., costruita da Massenzio e poi da Costantino. Ospitava un tribunale.","breadcrumb":{"@id":"https:\/\/www.rome-roma.net\/it\/foro-romano\/basilica-di-massenzio\/#breadcrumb"},"inLanguage":"it-IT","potentialAction":[{"@type":"ReadAction","target":["https:\/\/www.rome-roma.net\/it\/foro-romano\/basilica-di-massenzio\/"]}]},{"@type":"BreadcrumbList","@id":"https:\/\/www.rome-roma.net\/it\/foro-romano\/basilica-di-massenzio\/#breadcrumb","itemListElement":[{"@type":"ListItem","position":1,"name":"Accueil","item":"https:\/\/www.rome-roma.net\/it\/"},{"@type":"ListItem","position":2,"name":"Foro romano di Roma","item":"https:\/\/www.rome-roma.net\/it\/foro-romano\/"},{"@type":"ListItem","position":3,"name":"Basilica di Massenzio"}]}]}},"acf_fields":{"nom_monument":"Basilica di Massenzio","wikidata":"Q371921","sameas":""},"_links":{"self":[{"href":"https:\/\/www.rome-roma.net\/it\/wp-json\/wp\/v2\/site\/5501"}],"collection":[{"href":"https:\/\/www.rome-roma.net\/it\/wp-json\/wp\/v2\/site"}],"about":[{"href":"https:\/\/www.rome-roma.net\/it\/wp-json\/wp\/v2\/types\/site"}],"replies":[{"embeddable":true,"href":"https:\/\/www.rome-roma.net\/it\/wp-json\/wp\/v2\/comments?post=5501"}],"up":[{"embeddable":true,"href":"https:\/\/www.rome-roma.net\/it\/wp-json\/wp\/v2\/site\/5482"}],"wp:featuredmedia":[{"embeddable":true,"href":"https:\/\/www.rome-roma.net\/it\/wp-json\/wp\/v2\/media\/287"}],"wp:attachment":[{"href":"https:\/\/www.rome-roma.net\/it\/wp-json\/wp\/v2\/media?parent=5501"}],"wp:term":[{"taxonomy":"genre","embeddable":true,"href":"https:\/\/www.rome-roma.net\/it\/wp-json\/wp\/v2\/genre?post=5501"},{"taxonomy":"interet","embeddable":true,"href":"https:\/\/www.rome-roma.net\/it\/wp-json\/wp\/v2\/interet?post=5501"},{"taxonomy":"quartier","embeddable":true,"href":"https:\/\/www.rome-roma.net\/it\/wp-json\/wp\/v2\/quartier?post=5501"},{"taxonomy":"categorie_site","embeddable":true,"href":"https:\/\/www.rome-roma.net\/it\/wp-json\/wp\/v2\/categorie_site?post=5501"},{"taxonomy":"quartier_historique","embeddable":true,"href":"https:\/\/www.rome-roma.net\/it\/wp-json\/wp\/v2\/quartier_historique?post=5501"},{"taxonomy":"etiquettes_site","embeddable":true,"href":"https:\/\/www.rome-roma.net\/it\/wp-json\/wp\/v2\/etiquettes_site?post=5501"}],"curies":[{"name":"wp","href":"https:\/\/api.w.org\/{rel}","templated":true}]}}