


{"id":5515,"date":"2020-01-14T21:57:57","date_gmt":"2020-01-14T20:57:57","guid":{"rendered":"https:\/\/www.rome-roma.net\/site\/colisee\/"},"modified":"2026-04-05T10:14:40","modified_gmt":"2026-04-05T08:14:40","slug":"colosseo","status":"publish","type":"site","link":"https:\/\/www.rome-roma.net\/it\/colosseo\/","title":{"rendered":"Il Colosseo"},"content":{"rendered":"\n<p>In quanto pi\u00f9 grande anfiteatro mai costruito dai Romani, il <strong>Colosseo<\/strong> si impone come l\u2019edificio simbolo di Roma. Fu, all\u2019epoca, un emblema della grandezza eterna della citt\u00e0, un\u2019immagine che \u00e8 perdurata nei secoli.<\/p>\n<div id=\"attachment_9513\" style=\"width: 310px\" class=\"wp-caption alignright\"><a href=\"https:\/\/www.rome-roma.net\/wp-content\/uploads\/2020\/01\/colisee-rome_1119.jpg\"><img aria-describedby=\"caption-attachment-9513\" loading=\"lazy\" class=\"size-medium wp-image-9513\" src=\"https:\/\/www.rome-roma.net\/wp-content\/uploads\/2020\/01\/colisee-rome_1119-300x200.jpg\" alt=\"Vista globale del Colosseo\" width=\"300\" height=\"200\" srcset=\"https:\/\/www.rome-roma.net\/wp-content\/uploads\/2020\/01\/colisee-rome_1119-300x200.jpg 300w, https:\/\/www.rome-roma.net\/wp-content\/uploads\/2020\/01\/colisee-rome_1119-1024x683.jpg 1024w, https:\/\/www.rome-roma.net\/wp-content\/uploads\/2020\/01\/colisee-rome_1119-768x512.jpg 768w, https:\/\/www.rome-roma.net\/wp-content\/uploads\/2020\/01\/colisee-rome_1119.jpg 1200w\" sizes=\"(max-width: 300px) 100vw, 300px\" \/><\/a><p id=\"caption-attachment-9513\" class=\"wp-caption-text\">Vista globale del Colosseo<\/p><\/div>\n<p>Considerato da molti come il pi\u00f9 maestoso monumento romano, colpisce per la sua imponenza. Avvicinarsi a questa struttura colossale rafforza questa impressione, tanto la sua massa e la sua architettura continuano a dominare il paesaggio, nonostante la perdita di una gran parte delle pietre originali. L\u2019interno rivela ancor pi\u00f9 l\u2019immensit\u00e0 dell\u2019edificio: gradinate, gallerie e arena richiamano gli spettacoli grandiosi che vi si svolgevano, in particolare i combattimenti tra gladiatori e animali feroci.<\/p>\n<p>A causa del suo ruolo centrale nella storia di Roma, il Colosseo resta uno dei monumenti pi\u00f9 ammirati al mondo, attirando ogni anno milioni di turisti.<\/p>\n<h2>Presentazione del Colosseo<\/h2>\n<p>Originariamente chiamato <strong>Anfiteatro Flavio<\/strong>, in omaggio alla dinastia di imperatori che lo costruirono (Vespasiano e Tito), il Colosseo di Roma fu edificato tra gli anni 70 e 80 d.C. Questo immenso anfiteatro ovale, situato a est del Foro, tra le colline dell\u2019Esquilino e del Celio, \u00e8 un capolavoro dell\u2019architettura e dell\u2019ingegneria romana, con una capienza che sfiorava i 50.000 spettatori.<\/p>\n<p>Sebbene oggi sia parzialmente distrutto, non \u00e8 soltanto a causa dell\u2019usura naturale. Certamente, i terremoti hanno indebolito la struttura, ma fu soprattutto il suo utilizzo come cava di pietra a contribuire alla sua rovina a partire dal Medioevo. Infatti, materiali provenienti dal Colosseo furono riutilizzati per la costruzione di numerosi edifici come la <strong>basilica di San Pietro<\/strong>.<br>\u2192 Leggi anche pi\u00f9 in basso: <a href=\"https:\/\/www.rome-roma.net\/it\/colosseo\/#Architettura-del-Colosseo\">Descrizione e architettura del Colosseo<\/a><\/p>\n\n\n\n<h2><span style=\"font-size: 18pt;\">Informazioni utili e visite<\/span><\/h2>\n<table style=\"margin-bottom: 0rem;\"><tbody><tr style=\"background-color:#ffffff; \" \r\n    onmouseover=\"this.style.backgroundColor='#f7dbb8';\" \r\n    onmouseout=\"this.style.backgroundColor='#ffffff';\"><td style=\"width:70px;\"><a href=\"https:\/\/www.getyourguide.it\/colosseo-l2619\/?partner_id=DLYVAO3&#038;utm_medium=online_publisher&#038;placement=content-top\" target=\"_blank\" rel=\"nofollow noopener\"><img style=\"display:inline;vertical-align:middle;padding:5px;\" src=\"https:\/\/www.rome-roma.net\/images\/icones\/icone-tickets2.png\" alt=\"icona biglietti visita\" title=\"Biglietti per visitare il Colosseo\" width=\"50\"><\/a><\/td><td style=\"vertical-align:middle;text-align:left;\"><a href=\"https:\/\/www.getyourguide.it\/colosseo-l2619\/?partner_id=DLYVAO3&#038;utm_medium=online_publisher&#038;placement=content-top\" target=\"_blank\" rel=\"nofollow noopener\">Biglietti per visitare il Colosseo<\/a><\/td><\/tr><tr style=\"background-color:#fcfaf7; \" \r\n    onmouseover=\"this.style.backgroundColor='#f7dbb8';\" \r\n    onmouseout=\"this.style.backgroundColor='#fcfaf7';\"><td style=\"width:70px;\"><a href=\"https:\/\/www.booking.com\/searchresults.it.html?aid=308344;label=headerlandmark;landmark=1506;group_adults=2;no_rooms=1;group_children=0;nflt=review_score=80%3Bdistance=1000\" target=\"_blank\" rel=\"nofollow noopener\"><img style=\"display:inline;vertical-align:middle;padding:5px;\" src=\"https:\/\/www.rome-roma.net\/images\/icones\/icone-hotel22.png\" alt=\"icona alberghi\" title=\"Alberghi, camere e appartamenti vicino al monumento\" width=\"50\"><\/a><\/td><td style=\"vertical-align:middle;text-align:left;\"><a href=\"https:\/\/www.booking.com\/searchresults.it.html?aid=308344;label=headerlandmark;landmark=1506;group_adults=2;no_rooms=1;group_children=0;nflt=review_score=80%3Bdistance=1000\" target=\"_blank\" rel=\"nofollow noopener\">Alberghi, camere e appartamenti vicino al monumento<\/a><\/td><\/tr><tr><td colspan=\"2\"><div data-gyg-href=\"https:\/\/widget.getyourguide.com\/default\/activities.frame\" data-gyg-location-id=\"2619\" data-gyg-locale-code=\"it-IT\" data-gyg-widget=\"activities\" data-gyg-number-of-items=\"4\" data-gyg-partner-id=\"DLYVAO3\"><\/div><\/td><\/tr><\/tbody><\/table>\n<table style=\"border-collapse: collapse; width: 100%;\">\n<tbody>\n<tr style=\"background-color: #fae8c3;\">\n<td style=\"width: 100%;\"><span style=\"font-size: 10pt;\"><strong>Colosseo<\/strong><\/span><br \/><span style=\"font-size: 10pt;\"><em>Piazza del Colosseo, 1, 00184 Roma \/ Tel. (0039) 06 39967700 (ore 10-17 ogni giorno) <br \/><\/em><\/span><\/td>\n<\/tr>\n<tr style=\"background-color: #f7ece1;\">\n<td style=\"width: 100%;\">\n<h3><span style=\"font-size: 10pt;\">Orari<\/span><\/h3>\n<p><span style=\"font-size: 10pt;\">Aperto tutti i giorni tranne il 25 dicembre, 1 gennaio e 3 aprile 2026.<\/span><\/p>\n<ul>\n<li><span style=\"font-size: 10pt;\">Dal 1\u00b0 al 28 marzo 2026: dalle 8:30 alle 17:30 (ultimo ingresso alle 16:30)<\/span><br \/><span style=\"font-size: 10pt;\">Dal 29 marzo al 30 settembre: dalle 8:30 alle 19:15 (ingressi fino alle 18:15)<\/span><br \/><span style=\"font-size: 10pt;\">Dal 1o al 24 ottobre: dalle 8:30 alle 18:30 (ultimo ingresso alle 17:30)<\/span><br \/><span style=\"font-size: 10pt;\">Dal 25 ottobre 2026 al 28 febbraio 2027: 8:30 &#8211; 16:30 (ultimo ingresso alle 15:30)<\/span><\/li>\n<li><span style=\"font-size: 10pt;\">Dal 24 marzo al 4 aprile 2026 (escluso il 3): 8:30 &#8211; 13:00 (ultimo ingresso alle 12:00)<\/span><\/li>\n<li><span style=\"font-size: 10pt;\">Chiusure 2026: 25 dicembre, 1 gennaio, 3 aprile<\/span><\/li>\n<\/ul>\n<h3><span style=\"font-size: 10pt;\">Biglietti e tariffe<br \/><\/span><\/h3>\n<ul>\n<li><span style=\"font-size: 10pt; color: #ff0000;\">Prenotazione online anticipata obbligatoria<\/span><\/li>\n<li><strong><span style=\"font-size: 10pt;\">Biglietto &#8220;24h &#8211; Forum, Colosseo, Palatino&#8221;<\/span><\/strong><br \/><span style=\"font-size: 10pt;\">Il biglietto include un solo ingresso al Colosseo (senza accesso all&#8217;arena) e un ingresso unico all&#8217;area archeologica del Foro Romano e del Palatino, nonch\u00e9 al Foro Imperiale. \u00c8 valido 24 ore con un unico ingresso per sito.<\/span><br \/><span style=\"font-size: 10pt;\">Tariffa biglietto : <strong>intero \u20ac 18<br \/><\/strong>Tariffa biglietto <strong>ridotto Roma Pass \u20ac 11,50<\/strong><\/span><br \/><span style=\"font-size: 10pt;\">Tariffa <strong>ridotto \u20ac 2<\/strong> per gli abitanti dell&#8217;Unione Europea tra i 18 e 24 anni, e per gli insegnanti dell&#8217;UE.<\/span><br \/><span style=\"font-size: 10pt;\">Gratuito per i cittadini dell&#8217;Unione Europea sotto i 18 anni, e altri casi (vedi sito ufficiale)<br \/><\/span><\/li>\n<li><span style=\"font-size: 10pt;\"><strong>Biglietto &#8220;Full Experience&#8221;<\/strong><br \/><\/span><span style=\"font-size: 10pt;\">Tariffa biglietto<strong> intero \u20ac 24<\/strong> \/ <strong>ridotto \u20ac 2<\/strong> (vedi casi elencati in precedenza)<br \/>Valido per due giorni consecutivi, con un solo ingresso al Colosseo e un solo ingresso alla zona archeologica del Foro Romano, dei Fori Imperiali e del Palatino, con opzioni: siti &#8220;SUPER&#8221; del Palatino e del Foro, accesso panoramico dal Colosseo, o arena, o sotterranei, ecc.:<\/span><br \/><span style=\"font-size: 10pt;\">\u2013 Full Experience Sotterranei e Arena<\/span><br \/><span style=\"font-size: 10pt;\">\u2013 Full Experience Attico \u2013 Visite con ascensore panoramico<\/span><br \/><span style=\"font-size: 10pt;\">\u2013 Full Experience Arena<\/span><\/li>\n<li><span style=\"font-size: 10pt;\">Vedi tutte le formule sul sito ufficiale<\/span><\/li>\n<\/ul>\n<p><span style=\"font-size: 10pt;\">Gratuito per tutte le prime domeniche di ogni mese, ma non \u00e8 possibile accedere all&#8217;arena o ai sotterranei del Colosseo in quel giorno<\/span><\/p>\n<table style=\"margin-bottom: 0rem;\"><tbody><tr style=\"background-color:#fcfaf7; \" \r\n    onmouseover=\"this.style.backgroundColor='#f7dbb8';\" \r\n    onmouseout=\"this.style.backgroundColor='#fcfaf7';\"><td style=\"width:70px;\"><a href=\"https:\/\/www.getyourguide.it\/colosseo-l2619\/?partner_id=DLYVAO3&#038;utm_medium=online_publisher&#038;placement=content-top\" target=\"_blank\" rel=\"nofollow noopener\"><img style=\"display:inline;vertical-align:middle;padding:5px;\" src=\"https:\/\/www.rome-roma.net\/images\/icones\/icone-tickets2.png\" alt=\"icona biglietti visita\" title=\"Biglietti per visitare il Colosseo\" width=\"50\"><\/a><\/td><td style=\"vertical-align:middle;text-align:left;\"><a href=\"https:\/\/www.getyourguide.it\/colosseo-l2619\/?partner_id=DLYVAO3&#038;utm_medium=online_publisher&#038;placement=content-top\" target=\"_blank\" rel=\"nofollow noopener\">Biglietti per visitare il Colosseo<\/a><\/td><\/tr><tr style=\"background-color:#ffffff; \" \r\n    onmouseover=\"this.style.backgroundColor='#f7dbb8';\" \r\n    onmouseout=\"this.style.backgroundColor='#ffffff';\"><td style=\"width:70px;\"><a href=\"https:\/\/www.booking.com\/searchresults.it.html?aid=308344;label=headerlandmark;landmark=1506;group_adults=2;no_rooms=1;group_children=0;nflt=review_score=80%3Bdistance=1000\" target=\"_blank\" rel=\"nofollow noopener\"><img style=\"display:inline;vertical-align:middle;padding:5px;\" src=\"https:\/\/www.rome-roma.net\/images\/icones\/icone-hotel22.png\" alt=\"icona alberghi\" title=\"Alberghi, camere e appartamenti vicino al monumento\" width=\"50\"><\/a><\/td><td style=\"vertical-align:middle;text-align:left;\"><a href=\"https:\/\/www.booking.com\/searchresults.it.html?aid=308344;label=headerlandmark;landmark=1506;group_adults=2;no_rooms=1;group_children=0;nflt=review_score=80%3Bdistance=1000\" target=\"_blank\" rel=\"nofollow noopener\">Alberghi, camere e appartamenti vicino al monumento<\/a><\/td><\/tr><\/tbody><\/table><\/td>\n<\/tr>\n<tr style=\"background-color: #fae8c3;\">\n<td style=\"width: 100%;\">\n<h3><span style=\"font-size: 10pt;\">Collegamenti per approfondire<br \/><\/span><\/h3>\n<ul>\n<li><span style=\"font-size: 10pt;\">Per tutte le condizioni tariffarie, informazioni aggiornate e chiusure in corso di parti di siti, consultare il <a href=\"https:\/\/060608.comune.roma.it\/cultura\/beni-archeologici\/colosseo-anfiteatro-flavio-3854\" target=\"_blank\" rel=\"noopener\">Colosseo sul sito 060608<\/a> e il <a href=\"https:\/\/colosseo.it\/\" target=\"_blank\" rel=\"noopener\">sito del parco del Colosseo<\/a><\/span><\/li>\n<li><span style=\"font-size: 10pt;\"><a href=\"https:\/\/it.wikipedia.org\/wiki\/Colosseo\" target=\"_blank\" rel=\"noopener noreferrer\">Pagina Wikipedia<\/a><\/span><\/li>\n<\/ul>\n<\/td>\n<\/tr>\n<\/tbody>\n<\/table>\n\n\n<h2>Storia e costruzione del Colosseo<\/h2>\n<p>Recenti ricerche indicano che la costruzione del Colosseo sarebbe stata finanziata in parte dalle ricchezze riportate dalla <strong>campagna di Giudea<\/strong>, in particolare dal saccheggio del Tempio di Gerusalemme.<br>L\u2019anfiteatro ricevette il suo nome attuale solo nel Medioevo, a causa della sua vicinanza a una statua immensa di Nerone, soprannominata il Colosso. Se templi e teatri romani seguivano modelli greci, le arene \u2013 di cui il Colosseo \u00e8 l\u2019esempio pi\u00f9 compiuto \u2013 rappresentano una vera innovazione nella storia dell\u2019<strong>architettura romana<\/strong>.<\/p>\n<div id=\"attachment_9601\" style=\"width: 310px\" class=\"wp-caption alignleft\"><a href=\"https:\/\/www.rome-roma.net\/wp-content\/uploads\/2020\/01\/colosseo-interno_9993.jpg\"><img aria-describedby=\"caption-attachment-9601\" loading=\"lazy\" class=\"wp-image-9601 size-medium\" title=\"Interno del Colosseo\" src=\"https:\/\/www.rome-roma.net\/wp-content\/uploads\/2020\/01\/colosseo-interno_9993-300x200.jpg\" alt=\"Interno del Colosseo\" width=\"300\" height=\"200\" srcset=\"https:\/\/www.rome-roma.net\/wp-content\/uploads\/2020\/01\/colosseo-interno_9993-300x200.jpg 300w, https:\/\/www.rome-roma.net\/wp-content\/uploads\/2020\/01\/colosseo-interno_9993-1024x683.jpg 1024w, https:\/\/www.rome-roma.net\/wp-content\/uploads\/2020\/01\/colosseo-interno_9993-768x512.jpg 768w, https:\/\/www.rome-roma.net\/wp-content\/uploads\/2020\/01\/colosseo-interno_9993.jpg 1200w\" sizes=\"(max-width: 300px) 100vw, 300px\" \/><\/a><p id=\"caption-attachment-9601\" class=\"wp-caption-text\">Interno del Colosseo<\/p><\/div>\n<p>Roma, nonostante la sua passione per gli spettacoli come i combattimenti di gladiatori, si dot\u00f2 di un anfiteatro in pietra solo nel 29\u202fa.C., sotto il regno di Augusto. Il primo edificio fu distrutto da un incendio nel 64\u202fd.C., e il Colosseo fu concepito per sostituirlo.<\/p>\n<h3 class=\"western\">Un cantiere colossale e politico<\/h3>\n<div class=\"su-note\"  style=\"border-color:#ddd2c7;border-radius:3px;-moz-border-radius:3px;-webkit-border-radius:3px;\"><div class=\"su-note-inner su-u-clearfix su-u-trim\" style=\"background-color:#f7ece1;border-color:#ffffff;color:#333333;border-radius:3px;-moz-border-radius:3px;-webkit-border-radius:3px;\">Se Roma tard\u00f2 ad assumere un anfiteatro in pietra, ben dopo le sue province, ci\u00f2 potrebbe spiegarsi con la diffidenza dell\u2019Urbs \u2013 le autorit\u00e0 cittadine \u2013 verso luoghi di raduno, percepiti come potenziali focolai di disordini sociali.<br>La costruzione del Colosseo simboleggerebbe allora l\u2019ottimismo politico degli imperatori, in netto contrasto con le tensioni e le cautele che caratterizzavano la Repubblica romana.<br>Tuttavia, questa impresa monumentale rispondeva anche a considerazioni economiche pragmatiche. Vespasiano, noto per la sua gestione frugale, vedeva in questo cantiere un modo per fornire lavoro alle popolazioni impoverite dalle guerre civili, preferendo occuparle attivamente piuttosto che mantenerle passivamente.<\/div><\/div>\n<div id=\"attachment_9540\" style=\"width: 210px\" class=\"wp-caption alignright\"><a href=\"https:\/\/www.rome-roma.net\/wp-content\/uploads\/2020\/01\/colosseo_1132.jpg\"><img aria-describedby=\"caption-attachment-9540\" loading=\"lazy\" class=\"wp-image-9540 size-medium\" title=\"Arcate del Colosseo\" src=\"https:\/\/www.rome-roma.net\/wp-content\/uploads\/2020\/01\/colosseo_1132-200x300.jpg\" alt=\"Foto delle arcate del Colosseo di Roma\" width=\"200\" height=\"300\" srcset=\"https:\/\/www.rome-roma.net\/wp-content\/uploads\/2020\/01\/colosseo_1132-200x300.jpg 200w, https:\/\/www.rome-roma.net\/wp-content\/uploads\/2020\/01\/colosseo_1132-683x1024.jpg 683w, https:\/\/www.rome-roma.net\/wp-content\/uploads\/2020\/01\/colosseo_1132-768x1152.jpg 768w, https:\/\/www.rome-roma.net\/wp-content\/uploads\/2020\/01\/colosseo_1132.jpg 800w\" sizes=\"(max-width: 200px) 100vw, 200px\" \/><\/a><p id=\"caption-attachment-9540\" class=\"wp-caption-text\">Arcate del Colosseo<\/p><\/div>\n<p>I lavori per il Colosseo iniziarono nel 72 sotto Vespasiano, probabilmente con la motivazione di fornire lavoro ai romani rovinati dalle guerre civili. Furono completati dai suoi figli Tito e Domiziano.<br>La costruzione segn\u00f2 anche un ottimismo imperiale, simbolo di una citt\u00e0 capace di offrire ai suoi cittadini spettacoli di portata senza precedenti.<br>L\u2019inaugurazione, nell\u2019anno 80, diede luogo a giochi spettacolari della durata di cento giorni, durante i quali persero la vita 5\u202f000 animali selvatici e 2\u202f000 gladiatori.<\/p>\n<h3 class=\"western\">Gli spettacoli e i gladiatori<\/h3>\n<p>Il monumento, capace di ospitare tra i 50\u202f000 e i 75\u202f000 spettatori, fu utilizzato per quasi cinque secoli. Oltre ai combattimenti tra gladiatori, serv\u00ec per spettacoli vari: simulazioni di battaglie navali (naumachie), esecuzioni pubbliche, cacce agli animali selvatici, ricostruzioni di battaglie storiche e drammi basati sulla mitologia.<\/p>\n<h3>Il Colosseo dopo l\u2019Impero<\/h3>\n<p>Con la conversione degli imperatori al cristianesimo e l\u2019<strong>editto di Onorio<\/strong> del 404 che proib\u00ec i giochi sanguinosi, l\u2019uso festivo del Colosseo entr\u00f2 in declino progressivo fino a scomparire del tutto. Il monumento fu poi riconvertito in diverse funzioni: abitazioni, laboratori artigiani, fortezza, sede di un ordine religioso e persino santuario cristiano. Nel Medioevo divenne una cava di pietra, perdendo gradinate, pavimento e parte della facciata.<\/p>\n<p>Oggi, pur essendo la principale attrazione per una moltitudine di turisti da tutto il mondo, il Colosseo \u00e8, in modo inaspettato, anche un rifugio per numerosi gatti romani.<\/p>\n<div style=\"width: 310px\" class=\"wp-caption alignnone\"><a href=\"https:\/\/www.rome-roma.net\/photos\/museodellaciviltaromana\/images\/colisee_museodellaciviltaromana_3410.jpg\" data-toggle=\"lightbox\" data-type=\"image\" data-title=\"ricostruzione del Colosseo - modellino\" data-gallery=\"image-gallery\"><img loading=\"lazy\" title=\"Colosseo ricostruito, Museo della Civilt\u00e0 Romana\" src=\"https:\/\/www.rome-roma.net\/photos\/museodellaciviltaromana\/images\/colisee_museodellaciviltaromana_3410.jpg\" alt=\"foto della ricostruzione del Colosseo \u2013 modellino\" width=\"300\" height=\"200\" border=\"0\"><\/a><p class=\"wp-caption-text\">Colosseo ricostruito, Museo della Civilt\u00e0 Romana<\/p><\/div>\n<h2>Architettura del Colosseo<\/h2>\n<div style=\"width: 310px\" class=\"wp-caption alignright\"><a href=\"https:\/\/www.rome-roma.net\/rome-antique\/colisee\/colonnes-colisee.jpg\"><img loading=\"lazy\" src=\"https:\/\/www.rome-roma.net\/rome-antique\/colisee\/colonnes-colisee.jpg\" alt=\"architettura del Colosseo di Roma\" width=\"300\" height=\"300\" border=\"0\" hspace=\"3\" vspace=\"3\"><\/a><p class=\"wp-caption-text\">Le colonnate del Colosseo di Roma hanno, per ogni piano, uno stile proprio: dorico, ionico poi corinzio. Un ordine che corrisponde alla loro apparizione cronologica nella storia ellenico\u2011romana.<\/p><\/div>\n<p>Il <strong>Colosseo<\/strong> \u00e8 il pi\u00f9 grande anfiteatro costruito dai romani nell\u2019antichit\u00e0. Il suo pianta \u00e8 ellittica, con la facciata esterna formata da una <strong>tripla colonnade<\/strong> di ottanta archi in travertino incorniciati da semi\u2011colonne di stile <strong>dorio\u2011toscano<\/strong>ionico al primo piano e stile <strong>corinzio<\/strong> al secondo. Questa facciata \u00e8 sormontata in cima da un <strong>attico<\/strong> ornato da colonne di stile composito, i cui fori ben visibili servivano a fissare i pali che sostenevano il grande tendone (<em>velum<\/em>) utilizzato per riparare gli spettatori dal sole e dalla pioggia. Quaranta scudi di bronzo decoravano l\u2019attico, simbolo delle vittorie militari di Roma esponendo gli scudi dei nemici sconfitti.<\/p>\n<p>La lunghezza del <strong>Colosseo<\/strong> \u00e8 di 189 metri e la larghezza di 156 metri. La facciata raggiunge un\u2019altezza di 48 metri. La sua arena centrale \u00e8 un ovale con asse maggiore di 86 metri, circondata da un muro di 4,5 metri di altezza, il cui sommo raggiungeva le prime gradinate.<\/p>\n<p>Furono impiegati vari materiali per la struttura, tra cui il tufo per la struttura portante e il <strong>travertino<\/strong> per la facciata. I numerosi fori visibili su quest\u2019ultima risalgono in gran parte al Medioevo, quando venivano recuperate le lastre metalliche che legavano i blocchi di pietra.<\/p>\n<p>Le <strong>arcate<\/strong> del piano terra permettevano al pubblico di accedere alle scale che conducevano alle gradinate. Sopra le arcate, i numeri romani indicavano i settori dell\u2019auditorium.<br>Le arcate dei primi due livelli erano decorate da 160 statue in bronzo alte 5 metri, raffiguranti divinit\u00e0 e personaggi mitologici.<br>Le quattro entrate principali, non numerate, erano riservate a categorie sociali privilegiate, come magistrati o religiosi. Quella nord conduceva alla tribuna imperiale.<\/p>\n<p>Nella parte centrale dell\u2019anfiteatro, le sale sotterranee erano originariamente coperte da assi di legno che formavano la superficie dell\u2019arena. Vi si trovavano macchinari, le gabbie degli animali, depositi e altri ambienti. Quattro corridoi situati sotto le entrate principali collegavano i sotterranei all\u2019esterno. Uno di essi porta al&nbsp;<a href=\"https:\/\/www.rome-roma.net\/colline-oppius\/ludus-magnus\/\"><strong>Ludus Magnus<\/strong><\/a>, la caserma dei gladiatori.<\/p>\n<p>Gli spettacoli erano gratuiti e i posti assegnati secondo la classe sociale. Quelli inferiori erano riservati ai senatori. Vi sono ancora incisi i nomi di 195 senatori dell\u2019epoca di&nbsp;<strong>Odoacre<\/strong> (476\u2011483).<em><br><\/em><\/p>\n\n\n\n\n<h2><span style=\"font-size: 18pt;\">Fotografie del Colosseo<\/span><\/h2>\n\n\n\n<figure class=\"wp-container-3 wp-block-gallery-2 wp-block-gallery has-nested-images columns-4 is-cropped\">\n<figure class=\"wp-block-image size-medium\"><a href=\"https:\/\/www.rome-roma.net\/wp-content\/uploads\/2020\/01\/colosseo-esterno_3675.jpg\"><img loading=\"lazy\" width=\"800\" height=\"1200\" data-id=\"9599\"  src=\"https:\/\/www.rome-roma.net\/wp-content\/uploads\/2020\/01\/colosseo-esterno_3675.jpg\" alt=\"Esterno del Colosseo\" class=\"wp-image-9599\" srcset=\"https:\/\/www.rome-roma.net\/wp-content\/uploads\/2020\/01\/colosseo-esterno_3675.jpg 800w, https:\/\/www.rome-roma.net\/wp-content\/uploads\/2020\/01\/colosseo-esterno_3675-200x300.jpg 200w, https:\/\/www.rome-roma.net\/wp-content\/uploads\/2020\/01\/colosseo-esterno_3675-683x1024.jpg 683w, https:\/\/www.rome-roma.net\/wp-content\/uploads\/2020\/01\/colosseo-esterno_3675-768x1152.jpg 768w\" sizes=\"(max-width: 800px) 100vw, 800px\" \/><\/a><figcaption>Esterno del Colosseo<\/figcaption><\/figure>\n\n\n\n<figure class=\"wp-block-image size-medium\"><a href=\"https:\/\/www.rome-roma.net\/wp-content\/uploads\/2020\/01\/colisee-rome_1119.jpg\"><img loading=\"lazy\" width=\"1200\" height=\"800\" data-id=\"9513\"  src=\"https:\/\/www.rome-roma.net\/wp-content\/uploads\/2020\/01\/colisee-rome_1119.jpg\" alt=\"Vista globale del Colosseo\" class=\"wp-image-9513\" srcset=\"https:\/\/www.rome-roma.net\/wp-content\/uploads\/2020\/01\/colisee-rome_1119.jpg 1200w, https:\/\/www.rome-roma.net\/wp-content\/uploads\/2020\/01\/colisee-rome_1119-300x200.jpg 300w, https:\/\/www.rome-roma.net\/wp-content\/uploads\/2020\/01\/colisee-rome_1119-1024x683.jpg 1024w, https:\/\/www.rome-roma.net\/wp-content\/uploads\/2020\/01\/colisee-rome_1119-768x512.jpg 768w\" sizes=\"(max-width: 1200px) 100vw, 1200px\" \/><\/a><figcaption>Vista globale del Colosseo<\/figcaption><\/figure>\n\n\n\n<figure class=\"wp-block-image size-medium\"><a href=\"https:\/\/www.rome-roma.net\/wp-content\/uploads\/2020\/01\/colisee-rome_1113.jpg\"><img loading=\"lazy\" width=\"1200\" height=\"800\" data-id=\"9508\"  src=\"https:\/\/www.rome-roma.net\/wp-content\/uploads\/2020\/01\/colisee-rome_1113.jpg\" alt=\"Il Colosseo : esterno\" class=\"wp-image-9508\" srcset=\"https:\/\/www.rome-roma.net\/wp-content\/uploads\/2020\/01\/colisee-rome_1113.jpg 1200w, https:\/\/www.rome-roma.net\/wp-content\/uploads\/2020\/01\/colisee-rome_1113-300x200.jpg 300w, https:\/\/www.rome-roma.net\/wp-content\/uploads\/2020\/01\/colisee-rome_1113-1024x683.jpg 1024w, https:\/\/www.rome-roma.net\/wp-content\/uploads\/2020\/01\/colisee-rome_1113-768x512.jpg 768w\" sizes=\"(max-width: 1200px) 100vw, 1200px\" \/><\/a><\/figure>\n\n\n\n<figure class=\"wp-block-image size-medium\"><a href=\"https:\/\/www.rome-roma.net\/wp-content\/uploads\/2020\/01\/colisee-rome_1122.jpg\"><img loading=\"lazy\" width=\"800\" height=\"1200\" data-id=\"9523\"  src=\"https:\/\/www.rome-roma.net\/wp-content\/uploads\/2020\/01\/colisee-rome_1122.jpg\" alt=\"Il Colosseo : esterno\" class=\"wp-image-9523\" srcset=\"https:\/\/www.rome-roma.net\/wp-content\/uploads\/2020\/01\/colisee-rome_1122.jpg 800w, https:\/\/www.rome-roma.net\/wp-content\/uploads\/2020\/01\/colisee-rome_1122-200x300.jpg 200w, https:\/\/www.rome-roma.net\/wp-content\/uploads\/2020\/01\/colisee-rome_1122-683x1024.jpg 683w, https:\/\/www.rome-roma.net\/wp-content\/uploads\/2020\/01\/colisee-rome_1122-768x1152.jpg 768w\" sizes=\"(max-width: 800px) 100vw, 800px\" \/><\/a><\/figure>\n\n\n\n<figure class=\"wp-block-image size-medium\"><a href=\"https:\/\/www.rome-roma.net\/wp-content\/uploads\/2022\/11\/colosseo-intero-foto_1145.jpg\"><img loading=\"lazy\" width=\"1200\" height=\"800\" data-id=\"15481\"  src=\"https:\/\/www.rome-roma.net\/wp-content\/uploads\/2022\/11\/colosseo-intero-foto_1145.jpg\" alt=\"Il Colosseo : esterno 1145\" class=\"wp-image-15481\" srcset=\"https:\/\/www.rome-roma.net\/wp-content\/uploads\/2022\/11\/colosseo-intero-foto_1145.jpg 1200w, https:\/\/www.rome-roma.net\/wp-content\/uploads\/2022\/11\/colosseo-intero-foto_1145-300x200.jpg 300w, https:\/\/www.rome-roma.net\/wp-content\/uploads\/2022\/11\/colosseo-intero-foto_1145-1024x683.jpg 1024w, https:\/\/www.rome-roma.net\/wp-content\/uploads\/2022\/11\/colosseo-intero-foto_1145-768x512.jpg 768w\" sizes=\"(max-width: 1200px) 100vw, 1200px\" \/><\/a><figcaption>Colosseo<\/figcaption><\/figure>\n\n\n\n<figure class=\"wp-block-image size-medium\"><a href=\"https:\/\/www.rome-roma.net\/wp-content\/uploads\/2020\/01\/colosseo_1132.jpg\"><img loading=\"lazy\" width=\"800\" height=\"1200\" data-id=\"9543\"  src=\"https:\/\/www.rome-roma.net\/wp-content\/uploads\/2020\/01\/colosseo_1132.jpg\" alt=\"Colosseo esterno, archi\" class=\"wp-image-9543\" srcset=\"https:\/\/www.rome-roma.net\/wp-content\/uploads\/2020\/01\/colosseo_1132.jpg 800w, https:\/\/www.rome-roma.net\/wp-content\/uploads\/2020\/01\/colosseo_1132-200x300.jpg 200w, https:\/\/www.rome-roma.net\/wp-content\/uploads\/2020\/01\/colosseo_1132-683x1024.jpg 683w, https:\/\/www.rome-roma.net\/wp-content\/uploads\/2020\/01\/colosseo_1132-768x1152.jpg 768w\" sizes=\"(max-width: 800px) 100vw, 800px\" \/><\/a><figcaption>Colosseo esterno, archi<\/figcaption><\/figure>\n\n\n\n<figure class=\"wp-block-image size-medium\"><a href=\"https:\/\/www.rome-roma.net\/wp-content\/uploads\/2020\/01\/colosseo_1130.jpg\"><img loading=\"lazy\" width=\"1200\" height=\"800\" data-id=\"9538\"  src=\"https:\/\/www.rome-roma.net\/wp-content\/uploads\/2020\/01\/colosseo_1130.jpg\" alt=\"Profilo del Colosseo\" class=\"wp-image-9538\" srcset=\"https:\/\/www.rome-roma.net\/wp-content\/uploads\/2020\/01\/colosseo_1130.jpg 1200w, https:\/\/www.rome-roma.net\/wp-content\/uploads\/2020\/01\/colosseo_1130-300x200.jpg 300w, https:\/\/www.rome-roma.net\/wp-content\/uploads\/2020\/01\/colosseo_1130-1024x683.jpg 1024w, https:\/\/www.rome-roma.net\/wp-content\/uploads\/2020\/01\/colosseo_1130-768x512.jpg 768w\" sizes=\"(max-width: 1200px) 100vw, 1200px\" \/><\/a><figcaption>Profilo del Colosseo<\/figcaption><\/figure>\n\n\n\n<figure class=\"wp-block-image size-medium\"><a href=\"https:\/\/www.rome-roma.net\/wp-content\/uploads\/2020\/01\/architettura-colosseo_1139.jpg\"><img loading=\"lazy\" width=\"800\" height=\"1200\" data-id=\"9493\"  src=\"https:\/\/www.rome-roma.net\/wp-content\/uploads\/2020\/01\/architettura-colosseo_1139.jpg\" alt=\"Architettura Colosseo\" class=\"wp-image-9493\" srcset=\"https:\/\/www.rome-roma.net\/wp-content\/uploads\/2020\/01\/architettura-colosseo_1139.jpg 800w, https:\/\/www.rome-roma.net\/wp-content\/uploads\/2020\/01\/architettura-colosseo_1139-200x300.jpg 200w, https:\/\/www.rome-roma.net\/wp-content\/uploads\/2020\/01\/architettura-colosseo_1139-683x1024.jpg 683w, https:\/\/www.rome-roma.net\/wp-content\/uploads\/2020\/01\/architettura-colosseo_1139-768x1152.jpg 768w\" sizes=\"(max-width: 800px) 100vw, 800px\" \/><\/a><figcaption>Architettura Colosseo<\/figcaption><\/figure>\n\n\n\n<figure class=\"wp-block-image size-medium\"><a href=\"https:\/\/www.rome-roma.net\/wp-content\/uploads\/2020\/01\/colosseo_1134.jpg\"><img loading=\"lazy\" width=\"800\" height=\"1200\" data-id=\"9553\"  src=\"https:\/\/www.rome-roma.net\/wp-content\/uploads\/2020\/01\/colosseo_1134.jpg\" alt=\"Colosseo\" class=\"wp-image-9553\" srcset=\"https:\/\/www.rome-roma.net\/wp-content\/uploads\/2020\/01\/colosseo_1134.jpg 800w, https:\/\/www.rome-roma.net\/wp-content\/uploads\/2020\/01\/colosseo_1134-200x300.jpg 200w, https:\/\/www.rome-roma.net\/wp-content\/uploads\/2020\/01\/colosseo_1134-683x1024.jpg 683w, https:\/\/www.rome-roma.net\/wp-content\/uploads\/2020\/01\/colosseo_1134-768x1152.jpg 768w\" sizes=\"(max-width: 800px) 100vw, 800px\" \/><\/a><\/figure>\n\n\n\n<figure class=\"wp-block-image size-medium\"><a href=\"https:\/\/www.rome-roma.net\/wp-content\/uploads\/2020\/01\/architettura-colosseo_1140.jpg\"><img loading=\"lazy\" width=\"1200\" height=\"800\" data-id=\"9498\"  src=\"https:\/\/www.rome-roma.net\/wp-content\/uploads\/2020\/01\/architettura-colosseo_1140.jpg\" alt=\"Architettura Colosseo\" class=\"wp-image-9498\" srcset=\"https:\/\/www.rome-roma.net\/wp-content\/uploads\/2020\/01\/architettura-colosseo_1140.jpg 1200w, https:\/\/www.rome-roma.net\/wp-content\/uploads\/2020\/01\/architettura-colosseo_1140-300x200.jpg 300w, https:\/\/www.rome-roma.net\/wp-content\/uploads\/2020\/01\/architettura-colosseo_1140-1024x683.jpg 1024w, https:\/\/www.rome-roma.net\/wp-content\/uploads\/2020\/01\/architettura-colosseo_1140-768x512.jpg 768w\" sizes=\"(max-width: 1200px) 100vw, 1200px\" \/><\/a><\/figure>\n\n\n\n<figure class=\"wp-block-image size-medium\"><a href=\"https:\/\/www.rome-roma.net\/wp-content\/uploads\/2020\/01\/colosseo-interno_9993.jpg\"><img loading=\"lazy\" width=\"1200\" height=\"800\" data-id=\"9604\"  src=\"https:\/\/www.rome-roma.net\/wp-content\/uploads\/2020\/01\/colosseo-interno_9993.jpg\" alt=\"Interno del Colosseo\" class=\"wp-image-9604\" srcset=\"https:\/\/www.rome-roma.net\/wp-content\/uploads\/2020\/01\/colosseo-interno_9993.jpg 1200w, https:\/\/www.rome-roma.net\/wp-content\/uploads\/2020\/01\/colosseo-interno_9993-300x200.jpg 300w, https:\/\/www.rome-roma.net\/wp-content\/uploads\/2020\/01\/colosseo-interno_9993-1024x683.jpg 1024w, https:\/\/www.rome-roma.net\/wp-content\/uploads\/2020\/01\/colosseo-interno_9993-768x512.jpg 768w\" sizes=\"(max-width: 1200px) 100vw, 1200px\" \/><\/a><figcaption>Interno del Colosseo<\/figcaption><\/figure>\n\n\n\n<figure class=\"wp-block-image size-medium\"><a href=\"https:\/\/www.rome-roma.net\/wp-content\/uploads\/2020\/01\/colosseo-notturno_1040.jpg\"><img loading=\"lazy\" width=\"800\" height=\"1200\" data-id=\"9619\"  src=\"https:\/\/www.rome-roma.net\/wp-content\/uploads\/2020\/01\/colosseo-notturno_1040.jpg\" alt=\"Colosseo Notturno\" class=\"wp-image-9619\" srcset=\"https:\/\/www.rome-roma.net\/wp-content\/uploads\/2020\/01\/colosseo-notturno_1040.jpg 800w, https:\/\/www.rome-roma.net\/wp-content\/uploads\/2020\/01\/colosseo-notturno_1040-200x300.jpg 200w, https:\/\/www.rome-roma.net\/wp-content\/uploads\/2020\/01\/colosseo-notturno_1040-683x1024.jpg 683w, https:\/\/www.rome-roma.net\/wp-content\/uploads\/2020\/01\/colosseo-notturno_1040-768x1152.jpg 768w\" sizes=\"(max-width: 800px) 100vw, 800px\" \/><\/a><figcaption>Vista di notte<\/figcaption><\/figure>\n\n\n\n<figure class=\"wp-block-image size-medium\"><a href=\"https:\/\/www.rome-roma.net\/wp-content\/uploads\/2020\/01\/colisee-nocturne_1063.jpg\"><img loading=\"lazy\" width=\"1200\" height=\"800\" data-id=\"9589\"  src=\"https:\/\/www.rome-roma.net\/wp-content\/uploads\/2020\/01\/colisee-nocturne_1063.jpg\" alt=\"Vista di notte Colosseo\" class=\"wp-image-9589\" srcset=\"https:\/\/www.rome-roma.net\/wp-content\/uploads\/2020\/01\/colisee-nocturne_1063.jpg 1200w, https:\/\/www.rome-roma.net\/wp-content\/uploads\/2020\/01\/colisee-nocturne_1063-300x200.jpg 300w, https:\/\/www.rome-roma.net\/wp-content\/uploads\/2020\/01\/colisee-nocturne_1063-1024x683.jpg 1024w, https:\/\/www.rome-roma.net\/wp-content\/uploads\/2020\/01\/colisee-nocturne_1063-768x512.jpg 768w\" sizes=\"(max-width: 1200px) 100vw, 1200px\" \/><\/a><figcaption>Vista di notte<\/figcaption><\/figure>\n\n\n\n<figure class=\"wp-block-image size-medium\"><a href=\"https:\/\/www.rome-roma.net\/wp-content\/uploads\/2020\/01\/colisee-nocturne_1051.jpg\"><img loading=\"lazy\" width=\"800\" height=\"1200\" data-id=\"9584\"  src=\"https:\/\/www.rome-roma.net\/wp-content\/uploads\/2020\/01\/colisee-nocturne_1051.jpg\" alt=\"Notte Colosseo\" class=\"wp-image-9584\" srcset=\"https:\/\/www.rome-roma.net\/wp-content\/uploads\/2020\/01\/colisee-nocturne_1051.jpg 800w, https:\/\/www.rome-roma.net\/wp-content\/uploads\/2020\/01\/colisee-nocturne_1051-200x300.jpg 200w, https:\/\/www.rome-roma.net\/wp-content\/uploads\/2020\/01\/colisee-nocturne_1051-683x1024.jpg 683w, https:\/\/www.rome-roma.net\/wp-content\/uploads\/2020\/01\/colisee-nocturne_1051-768x1152.jpg 768w\" sizes=\"(max-width: 800px) 100vw, 800px\" \/><\/a><\/figure>\n\n\n\n<figure class=\"wp-block-image size-medium\"><a href=\"https:\/\/www.rome-roma.net\/wp-content\/uploads\/2020\/01\/colosseo-intero-foto_1143.jpg\"><img loading=\"lazy\" width=\"1200\" height=\"800\" data-id=\"9563\"  src=\"https:\/\/www.rome-roma.net\/wp-content\/uploads\/2020\/01\/colosseo-intero-foto_1143.jpg\" alt=\"Intero Colosseo\" class=\"wp-image-9563\" srcset=\"https:\/\/www.rome-roma.net\/wp-content\/uploads\/2020\/01\/colosseo-intero-foto_1143.jpg 1200w, https:\/\/www.rome-roma.net\/wp-content\/uploads\/2020\/01\/colosseo-intero-foto_1143-300x200.jpg 300w, https:\/\/www.rome-roma.net\/wp-content\/uploads\/2020\/01\/colosseo-intero-foto_1143-1024x683.jpg 1024w, https:\/\/www.rome-roma.net\/wp-content\/uploads\/2020\/01\/colosseo-intero-foto_1143-768x512.jpg 768w\" sizes=\"(max-width: 1200px) 100vw, 1200px\" \/><\/a><figcaption>Colosseo Intero<\/figcaption><\/figure>\n<\/figure>\n\n\n<style id=\"kt-blocks_6834cd-86\" type=\"text\/css\">.kt-accordion-id_6834cd-86 .kt-accordion-panel-inner {background:#ffffff;border-width:0px 1px 1px 1px;}.kt-accordion-id_6834cd-86 .kt-blocks-accordion-header {color:#313131;background:#bb9cd9;border-color:#eeeeee #eeeeee #eeeeee #eeeeee;font-size:18px;line-height:24px;border-radius:0px 0px 0px 0px;border-width:1px 1px 1px 2px;padding:14px 16px 14px 16px;margin-top:10px;}.kt-accordion-id_6834cd-86 .kt-blocks-accordion-header .kt-btn-svg-icon svg {width:18px;height:18px;}.kt-accordion-id_6834cd-86:not( .kt-accodion-icon-style-basiccircle ):not( .kt-accodion-icon-style-xclosecircle ):not( .kt-accodion-icon-style-arrowcircle ) .kt-blocks-accordion-icon-trigger:after, .kt-accordion-id_6834cd-86:not( .kt-accodion-icon-style-basiccircle ):not( .kt-accodion-icon-style-xclosecircle ):not( .kt-accodion-icon-style-arrowcircle ) .kt-blocks-accordion-icon-trigger:before {background:#313131;}.kt-accordion-id_6834cd-86:not( .kt-accodion-icon-style-basic ):not( .kt-accodion-icon-style-xclose ):not( .kt-accodion-icon-style-arrow ) .kt-blocks-accordion-icon-trigger {background:#313131;}.kt-accordion-id_6834cd-86:not( .kt-accodion-icon-style-basic ):not( .kt-accodion-icon-style-xclose ):not( .kt-accodion-icon-style-arrow ) .kt-blocks-accordion-icon-trigger:after, .kt-accordion-id_6834cd-86:not( .kt-accodion-icon-style-basic ):not( .kt-accodion-icon-style-xclose ):not( .kt-accodion-icon-style-arrow ) .kt-blocks-accordion-icon-trigger:before {background:#bb9cd9;}.kt-accordion-id_6834cd-86 .kt-blocks-accordion-header:hover, .kt-accordion-id_6834cd-86 .kt-blocks-accordion-header:focus {color:#eeeeee;background:#bb9cd9;border-color:#d4d4d4 #d4d4d4 #d4d4d4 #d4d4d4;}.kt-accordion-id_6834cd-86:not( .kt-accodion-icon-style-basiccircle ):not( .kt-accodion-icon-style-xclosecircle ):not( .kt-accodion-icon-style-arrowcircle ) .kt-blocks-accordion-header:hover .kt-blocks-accordion-icon-trigger:after, .kt-accordion-id_6834cd-86:not( .kt-accodion-icon-style-basiccircle ):not( .kt-accodion-icon-style-xclosecircle ):not( .kt-accodion-icon-style-arrowcircle ) .kt-blocks-accordion-header:hover .kt-blocks-accordion-icon-trigger:before, .kt-accordion-id_6834cd-86:not( .kt-accodion-icon-style-basiccircle ):not( .kt-accodion-icon-style-xclosecircle ):not( .kt-accodion-icon-style-arrowcircle ) .kt-blocks-accordion-header:focus .kt-blocks-accordion-icon-trigger:after, .kt-accordion-id_6834cd-86:not( .kt-accodion-icon-style-basiccircle ):not( .kt-accodion-icon-style-xclosecircle ):not( .kt-accodion-icon-style-arrowcircle ) .kt-blocks-accordion-header:focus .kt-blocks-accordion-icon-trigger:before {background:#eeeeee;}.kt-accordion-id_6834cd-86:not( .kt-accodion-icon-style-basic ):not( .kt-accodion-icon-style-xclose ):not( .kt-accodion-icon-style-arrow ) .kt-blocks-accordion-header:hover .kt-blocks-accordion-icon-trigger, .kt-accordion-id_6834cd-86:not( .kt-accodion-icon-style-basic ):not( .kt-accodion-icon-style-xclose ):not( .kt-accodion-icon-style-arrow ) .kt-blocks-accordion-header:focus .kt-blocks-accordion-icon-trigger {background:#eeeeee;}.kt-accordion-id_6834cd-86:not( .kt-accodion-icon-style-basic ):not( .kt-accodion-icon-style-xclose ):not( .kt-accodion-icon-style-arrow ) .kt-blocks-accordion-header:hover .kt-blocks-accordion-icon-trigger:after, .kt-accordion-id_6834cd-86:not( .kt-accodion-icon-style-basic ):not( .kt-accodion-icon-style-xclose ):not( .kt-accodion-icon-style-arrow ) .kt-blocks-accordion-header:hover .kt-blocks-accordion-icon-trigger:before, .kt-accordion-id_6834cd-86:not( .kt-accodion-icon-style-basic ):not( .kt-accodion-icon-style-xclose ):not( .kt-accodion-icon-style-arrow ) .kt-blocks-accordion-header:focus .kt-blocks-accordion-icon-trigger:after, .kt-accordion-id_6834cd-86:not( .kt-accodion-icon-style-basic ):not( .kt-accodion-icon-style-xclose ):not( .kt-accodion-icon-style-arrow ) .kt-blocks-accordion-header:focus .kt-blocks-accordion-icon-trigger:before {background:#bb9cd9;}.kt-accordion-id_6834cd-86 .kt-blocks-accordion-header.kt-accordion-panel-active {color:#444444;background:#ffffff;border-color:#eeeeee #eeeeee #eeeeee #0e9cd1;}.kt-accordion-id_6834cd-86:not( .kt-accodion-icon-style-basiccircle ):not( .kt-accodion-icon-style-xclosecircle ):not( .kt-accodion-icon-style-arrowcircle ) .kt-blocks-accordion-header.kt-accordion-panel-active .kt-blocks-accordion-icon-trigger:after, .kt-accordion-id_6834cd-86:not( .kt-accodion-icon-style-basiccircle ):not( .kt-accodion-icon-style-xclosecircle ):not( .kt-accodion-icon-style-arrowcircle ) .kt-blocks-accordion-header.kt-accordion-panel-active .kt-blocks-accordion-icon-trigger:before {background:#444444;}.kt-accordion-id_6834cd-86:not( .kt-accodion-icon-style-basic ):not( .kt-accodion-icon-style-xclose ):not( .kt-accodion-icon-style-arrow ) .kt-blocks-accordion-header.kt-accordion-panel-active .kt-blocks-accordion-icon-trigger {background:#444444;}.kt-accordion-id_6834cd-86:not( .kt-accodion-icon-style-basic ):not( .kt-accodion-icon-style-xclose ):not( .kt-accodion-icon-style-arrow ) .kt-blocks-accordion-header.kt-accordion-panel-active .kt-blocks-accordion-icon-trigger:after, .kt-accordion-id_6834cd-86:not( .kt-accodion-icon-style-basic ):not( .kt-accodion-icon-style-xclose ):not( .kt-accodion-icon-style-arrow ) .kt-blocks-accordion-header.kt-accordion-panel-active .kt-blocks-accordion-icon-trigger:before {background:#ffffff;}<\/style>\n<div class=\"wp-block-kadence-accordion alignnone\"><div class=\"kt-accordion-wrap kt-accordion-wrap kt-accordion-id_6834cd-86 kt-accordion-has-2-panes kt-active-pane-0 kt-accordion-block kt-pane-header-alignment-left kt-accodion-icon-style-arrow kt-accodion-icon-side-right\" style=\"max-width:none\"><div class=\"kt-accordion-inner-wrap\" data-allow-multiple-open=\"true\" data-start-open=\"none\">\n<div class=\"wp-block-kadence-pane kt-accordion-pane kt-accordion-pane-1 kt-pane_aa68e9-f6\"><div class=\"kt-accordion-header-wrap\"><button class=\"kt-blocks-accordion-header kt-acccordion-button-label-show\"><div class=\"kt-blocks-accordion-title-wrap\"><span class=\"kt-blocks-accordion-title\">Altre foto<\/span><\/div><div class=\"kt-blocks-accordion-icon-trigger\"><\/div><\/button><\/div><div class=\"kt-accordion-panel\"><div class=\"kt-accordion-panel-inner\">\n<figure class=\"wp-container-5 wp-block-gallery-4 wp-block-gallery has-nested-images columns-4 is-cropped\">\n<figure class=\"wp-block-image size-medium\"><a href=\"https:\/\/www.rome-roma.net\/wp-content\/uploads\/2020\/01\/colisee-rome_1123.jpg\"><img loading=\"lazy\" width=\"1200\" height=\"800\" src=\"https:\/\/www.rome-roma.net\/wp-content\/uploads\/2020\/01\/colisee-rome_1123.jpg\" alt=\"Parte meglio conservata del Colosseo\" class=\"wp-image-9528\" srcset=\"https:\/\/www.rome-roma.net\/wp-content\/uploads\/2020\/01\/colisee-rome_1123.jpg 1200w, https:\/\/www.rome-roma.net\/wp-content\/uploads\/2020\/01\/colisee-rome_1123-300x200.jpg 300w, https:\/\/www.rome-roma.net\/wp-content\/uploads\/2020\/01\/colisee-rome_1123-1024x683.jpg 1024w, https:\/\/www.rome-roma.net\/wp-content\/uploads\/2020\/01\/colisee-rome_1123-768x512.jpg 768w\" sizes=\"(max-width: 1200px) 100vw, 1200px\" \/><\/a><figcaption>La parte meglio conservata del Colosseo<\/figcaption><\/figure>\n\n\n\n<figure class=\"wp-block-image size-medium\"><a href=\"https:\/\/www.rome-roma.net\/wp-content\/uploads\/2025\/07\/interno-colosseo-roma-rome_0002.jpg\"><img loading=\"lazy\" width=\"1200\" height=\"800\" src=\"https:\/\/www.rome-roma.net\/wp-content\/uploads\/2025\/07\/interno-colosseo-roma-rome_0002.jpg\" alt=\"Interno del Colosseo a Roma: le gradinate\" class=\"wp-image-32028\" srcset=\"https:\/\/www.rome-roma.net\/wp-content\/uploads\/2025\/07\/interno-colosseo-roma-rome_0002.jpg 1200w, https:\/\/www.rome-roma.net\/wp-content\/uploads\/2025\/07\/interno-colosseo-roma-rome_0002-300x200.jpg 300w, https:\/\/www.rome-roma.net\/wp-content\/uploads\/2025\/07\/interno-colosseo-roma-rome_0002-1024x683.jpg 1024w, https:\/\/www.rome-roma.net\/wp-content\/uploads\/2025\/07\/interno-colosseo-roma-rome_0002-768x512.jpg 768w\" sizes=\"(max-width: 1200px) 100vw, 1200px\" \/><\/a><\/figure>\n\n\n\n<figure class=\"wp-block-image size-medium\"><a href=\"https:\/\/www.rome-roma.net\/wp-content\/uploads\/2025\/07\/interieur-gradins-arene-colisee-rome-roma_9999.jpg\"><img loading=\"lazy\" width=\"1200\" height=\"800\" src=\"https:\/\/www.rome-roma.net\/wp-content\/uploads\/2025\/07\/interieur-gradins-arene-colisee-rome-roma_9999.jpg\" alt=\"Interno del Colosseo con l'arena e le gradinate\" class=\"wp-image-31989\" srcset=\"https:\/\/www.rome-roma.net\/wp-content\/uploads\/2025\/07\/interieur-gradins-arene-colisee-rome-roma_9999.jpg 1200w, https:\/\/www.rome-roma.net\/wp-content\/uploads\/2025\/07\/interieur-gradins-arene-colisee-rome-roma_9999-300x200.jpg 300w, https:\/\/www.rome-roma.net\/wp-content\/uploads\/2025\/07\/interieur-gradins-arene-colisee-rome-roma_9999-1024x683.jpg 1024w, https:\/\/www.rome-roma.net\/wp-content\/uploads\/2025\/07\/interieur-gradins-arene-colisee-rome-roma_9999-768x512.jpg 768w\" sizes=\"(max-width: 1200px) 100vw, 1200px\" \/><\/a><\/figure>\n\n\n\n<figure class=\"wp-block-image size-medium\"><a href=\"https:\/\/www.rome-roma.net\/wp-content\/uploads\/2020\/01\/architettura-colosseo_1137.jpg\"><img loading=\"lazy\" width=\"1200\" height=\"800\" src=\"https:\/\/www.rome-roma.net\/wp-content\/uploads\/2020\/01\/architettura-colosseo_1137.jpg\" alt=\"Architettura Colosseo\" class=\"wp-image-9488\" srcset=\"https:\/\/www.rome-roma.net\/wp-content\/uploads\/2020\/01\/architettura-colosseo_1137.jpg 1200w, https:\/\/www.rome-roma.net\/wp-content\/uploads\/2020\/01\/architettura-colosseo_1137-300x200.jpg 300w, https:\/\/www.rome-roma.net\/wp-content\/uploads\/2020\/01\/architettura-colosseo_1137-1024x683.jpg 1024w, https:\/\/www.rome-roma.net\/wp-content\/uploads\/2020\/01\/architettura-colosseo_1137-768x512.jpg 768w\" sizes=\"(max-width: 1200px) 100vw, 1200px\" \/><\/a><\/figure>\n\n\n\n<figure class=\"wp-block-image size-medium\"><a href=\"https:\/\/www.rome-roma.net\/wp-content\/uploads\/2025\/07\/interieur-gladiateurs-colisee-rome_0006.jpg\"><img loading=\"lazy\" width=\"1200\" height=\"800\" src=\"https:\/\/www.rome-roma.net\/wp-content\/uploads\/2025\/07\/interieur-gladiateurs-colisee-rome_0006.jpg\" alt=\"Sculture di gladiatori nel Colosseo di Roma\" class=\"wp-image-32017\" srcset=\"https:\/\/www.rome-roma.net\/wp-content\/uploads\/2025\/07\/interieur-gladiateurs-colisee-rome_0006.jpg 1200w, https:\/\/www.rome-roma.net\/wp-content\/uploads\/2025\/07\/interieur-gladiateurs-colisee-rome_0006-300x200.jpg 300w, https:\/\/www.rome-roma.net\/wp-content\/uploads\/2025\/07\/interieur-gladiateurs-colisee-rome_0006-1024x683.jpg 1024w, https:\/\/www.rome-roma.net\/wp-content\/uploads\/2025\/07\/interieur-gladiateurs-colisee-rome_0006-768x512.jpg 768w\" sizes=\"(max-width: 1200px) 100vw, 1200px\" \/><\/a><\/figure>\n\n\n\n<figure class=\"wp-block-image size-medium\"><a href=\"https:\/\/www.rome-roma.net\/wp-content\/uploads\/2020\/01\/porte-archi-colosseo_1136.jpg\"><img loading=\"lazy\" width=\"800\" height=\"1200\" src=\"https:\/\/www.rome-roma.net\/wp-content\/uploads\/2020\/01\/porte-archi-colosseo_1136.jpg\" alt=\"Porta colosseo\" class=\"wp-image-9574\" srcset=\"https:\/\/www.rome-roma.net\/wp-content\/uploads\/2020\/01\/porte-archi-colosseo_1136.jpg 800w, https:\/\/www.rome-roma.net\/wp-content\/uploads\/2020\/01\/porte-archi-colosseo_1136-200x300.jpg 200w, https:\/\/www.rome-roma.net\/wp-content\/uploads\/2020\/01\/porte-archi-colosseo_1136-683x1024.jpg 683w, https:\/\/www.rome-roma.net\/wp-content\/uploads\/2020\/01\/porte-archi-colosseo_1136-768x1152.jpg 768w\" sizes=\"(max-width: 800px) 100vw, 800px\" \/><\/a><\/figure>\n\n\n\n<figure class=\"wp-block-image size-medium\"><a href=\"https:\/\/www.rome-roma.net\/wp-content\/uploads\/2025\/07\/vue-nocturne-colisee-roma-rome_1044.jpg\"><img loading=\"lazy\" width=\"1200\" height=\"800\" src=\"https:\/\/www.rome-roma.net\/wp-content\/uploads\/2025\/07\/vue-nocturne-colisee-roma-rome_1044.jpg\" alt=\"Veduta dall'esterno del Colosseo di notte a Roma\" class=\"wp-image-32023\" srcset=\"https:\/\/www.rome-roma.net\/wp-content\/uploads\/2025\/07\/vue-nocturne-colisee-roma-rome_1044.jpg 1200w, https:\/\/www.rome-roma.net\/wp-content\/uploads\/2025\/07\/vue-nocturne-colisee-roma-rome_1044-300x200.jpg 300w, https:\/\/www.rome-roma.net\/wp-content\/uploads\/2025\/07\/vue-nocturne-colisee-roma-rome_1044-1024x683.jpg 1024w, https:\/\/www.rome-roma.net\/wp-content\/uploads\/2025\/07\/vue-nocturne-colisee-roma-rome_1044-768x512.jpg 768w\" sizes=\"(max-width: 1200px) 100vw, 1200px\" \/><\/a><\/figure>\n\n\n\n<figure class=\"wp-block-image size-medium\"><a href=\"https:\/\/www.rome-roma.net\/wp-content\/uploads\/2025\/07\/veduta-notturna-sera-roma-rome_1031.jpg\"><img loading=\"lazy\" width=\"1200\" height=\"800\" src=\"https:\/\/www.rome-roma.net\/wp-content\/uploads\/2025\/07\/veduta-notturna-sera-roma-rome_1031.jpg\" alt=\"Veduta dall'esterno del Colosseo di notte a Roma\" class=\"wp-image-32016\" srcset=\"https:\/\/www.rome-roma.net\/wp-content\/uploads\/2025\/07\/veduta-notturna-sera-roma-rome_1031.jpg 1200w, https:\/\/www.rome-roma.net\/wp-content\/uploads\/2025\/07\/veduta-notturna-sera-roma-rome_1031-300x200.jpg 300w, https:\/\/www.rome-roma.net\/wp-content\/uploads\/2025\/07\/veduta-notturna-sera-roma-rome_1031-1024x683.jpg 1024w, https:\/\/www.rome-roma.net\/wp-content\/uploads\/2025\/07\/veduta-notturna-sera-roma-rome_1031-768x512.jpg 768w\" sizes=\"(max-width: 1200px) 100vw, 1200px\" \/><\/a><\/figure>\n\n\n\n<figure class=\"wp-block-image size-medium\"><a href=\"https:\/\/www.rome-roma.net\/wp-content\/uploads\/2025\/07\/veduta-notturna-sera-roma-rome_1023.jpg\"><img loading=\"lazy\" width=\"1200\" height=\"746\" src=\"https:\/\/www.rome-roma.net\/wp-content\/uploads\/2025\/07\/veduta-notturna-sera-roma-rome_1023.jpg\" alt=\"Il Colosseo di sera a Roma\" class=\"wp-image-32001\" srcset=\"https:\/\/www.rome-roma.net\/wp-content\/uploads\/2025\/07\/veduta-notturna-sera-roma-rome_1023.jpg 1200w, https:\/\/www.rome-roma.net\/wp-content\/uploads\/2025\/07\/veduta-notturna-sera-roma-rome_1023-300x187.jpg 300w, https:\/\/www.rome-roma.net\/wp-content\/uploads\/2025\/07\/veduta-notturna-sera-roma-rome_1023-1024x637.jpg 1024w, https:\/\/www.rome-roma.net\/wp-content\/uploads\/2025\/07\/veduta-notturna-sera-roma-rome_1023-768x477.jpg 768w\" sizes=\"(max-width: 1200px) 100vw, 1200px\" \/><\/a><\/figure>\n\n\n\n<figure class=\"wp-block-image size-medium\"><a href=\"https:\/\/www.rome-roma.net\/wp-content\/uploads\/2025\/07\/interno-colosseo-roma-rome_0001.jpg\"><img loading=\"lazy\" width=\"1200\" height=\"800\" src=\"https:\/\/www.rome-roma.net\/wp-content\/uploads\/2025\/07\/interno-colosseo-roma-rome_0001.jpg\" alt=\"Le gradinate dell'interno del Colosseo di Roma e l'arena\" class=\"wp-image-32006\" srcset=\"https:\/\/www.rome-roma.net\/wp-content\/uploads\/2025\/07\/interno-colosseo-roma-rome_0001.jpg 1200w, https:\/\/www.rome-roma.net\/wp-content\/uploads\/2025\/07\/interno-colosseo-roma-rome_0001-300x200.jpg 300w, https:\/\/www.rome-roma.net\/wp-content\/uploads\/2025\/07\/interno-colosseo-roma-rome_0001-1024x683.jpg 1024w, https:\/\/www.rome-roma.net\/wp-content\/uploads\/2025\/07\/interno-colosseo-roma-rome_0001-768x512.jpg 768w\" sizes=\"(max-width: 1200px) 100vw, 1200px\" \/><\/a><\/figure>\n\n\n\n<figure class=\"wp-block-image size-medium\"><a href=\"https:\/\/www.rome-roma.net\/wp-content\/uploads\/2025\/07\/maquette-colisee-rome-roma_3413.jpg\"><img loading=\"lazy\" width=\"1200\" height=\"800\" src=\"https:\/\/www.rome-roma.net\/wp-content\/uploads\/2025\/07\/maquette-colisee-rome-roma_3413.jpg\" alt=\"Modellino del Colosseo ricostituito\" class=\"wp-image-32007\" srcset=\"https:\/\/www.rome-roma.net\/wp-content\/uploads\/2025\/07\/maquette-colisee-rome-roma_3413.jpg 1200w, https:\/\/www.rome-roma.net\/wp-content\/uploads\/2025\/07\/maquette-colisee-rome-roma_3413-300x200.jpg 300w, https:\/\/www.rome-roma.net\/wp-content\/uploads\/2025\/07\/maquette-colisee-rome-roma_3413-1024x683.jpg 1024w, https:\/\/www.rome-roma.net\/wp-content\/uploads\/2025\/07\/maquette-colisee-rome-roma_3413-768x512.jpg 768w\" sizes=\"(max-width: 1200px) 100vw, 1200px\" \/><\/a><\/figure>\n\n\n\n<figure class=\"wp-block-image size-medium\"><a href=\"https:\/\/www.rome-roma.net\/wp-content\/uploads\/2025\/07\/maquette-colisee-rome-roma_3491.jpg\"><img loading=\"lazy\" width=\"1200\" height=\"800\" src=\"https:\/\/www.rome-roma.net\/wp-content\/uploads\/2025\/07\/maquette-colisee-rome-roma_3491.jpg\" alt=\"Modellino del Colosseo ricostituito sul plastico della Roma imperiale\" class=\"wp-image-31999\" srcset=\"https:\/\/www.rome-roma.net\/wp-content\/uploads\/2025\/07\/maquette-colisee-rome-roma_3491.jpg 1200w, https:\/\/www.rome-roma.net\/wp-content\/uploads\/2025\/07\/maquette-colisee-rome-roma_3491-300x200.jpg 300w, https:\/\/www.rome-roma.net\/wp-content\/uploads\/2025\/07\/maquette-colisee-rome-roma_3491-1024x683.jpg 1024w, https:\/\/www.rome-roma.net\/wp-content\/uploads\/2025\/07\/maquette-colisee-rome-roma_3491-768x512.jpg 768w\" sizes=\"(max-width: 1200px) 100vw, 1200px\" \/><\/a><\/figure>\n\n\n\n<figure class=\"wp-block-image size-medium\"><a href=\"https:\/\/www.rome-roma.net\/wp-content\/uploads\/2025\/07\/exterieur-colisee-roma-rome_0014.jpg\"><img loading=\"lazy\" width=\"800\" height=\"1200\" src=\"https:\/\/www.rome-roma.net\/wp-content\/uploads\/2025\/07\/exterieur-colisee-roma-rome_0014.jpg\" alt=\"Parte esterna del Colosseo a Roma\" class=\"wp-image-31980\" srcset=\"https:\/\/www.rome-roma.net\/wp-content\/uploads\/2025\/07\/exterieur-colisee-roma-rome_0014.jpg 800w, https:\/\/www.rome-roma.net\/wp-content\/uploads\/2025\/07\/exterieur-colisee-roma-rome_0014-200x300.jpg 200w, https:\/\/www.rome-roma.net\/wp-content\/uploads\/2025\/07\/exterieur-colisee-roma-rome_0014-683x1024.jpg 683w, https:\/\/www.rome-roma.net\/wp-content\/uploads\/2025\/07\/exterieur-colisee-roma-rome_0014-768x1152.jpg 768w\" sizes=\"(max-width: 800px) 100vw, 800px\" \/><\/a><\/figure>\n\n\n\n<figure class=\"wp-block-image size-medium\"><a href=\"https:\/\/www.rome-roma.net\/wp-content\/uploads\/2025\/07\/exterieur-colisee-roma-rome_0013.jpg\"><img loading=\"lazy\" width=\"800\" height=\"1200\" src=\"https:\/\/www.rome-roma.net\/wp-content\/uploads\/2025\/07\/exterieur-colisee-roma-rome_0013.jpg\" alt=\"Parte esterna del Colosseo a Roma\" class=\"wp-image-31995\" srcset=\"https:\/\/www.rome-roma.net\/wp-content\/uploads\/2025\/07\/exterieur-colisee-roma-rome_0013.jpg 800w, https:\/\/www.rome-roma.net\/wp-content\/uploads\/2025\/07\/exterieur-colisee-roma-rome_0013-200x300.jpg 200w, https:\/\/www.rome-roma.net\/wp-content\/uploads\/2025\/07\/exterieur-colisee-roma-rome_0013-683x1024.jpg 683w, https:\/\/www.rome-roma.net\/wp-content\/uploads\/2025\/07\/exterieur-colisee-roma-rome_0013-768x1152.jpg 768w\" sizes=\"(max-width: 800px) 100vw, 800px\" \/><\/a><\/figure>\n\n\n\n<figure class=\"wp-block-image size-medium\"><a href=\"https:\/\/www.rome-roma.net\/wp-content\/uploads\/2025\/07\/plastico-colisseo-roma-rome_3406.jpg\"><img loading=\"lazy\" width=\"1200\" height=\"800\" src=\"https:\/\/www.rome-roma.net\/wp-content\/uploads\/2025\/07\/plastico-colisseo-roma-rome_3406.jpg\" alt=\"Modello del Colosseo al museo della civilt\u00e0 romana a Roma\" class=\"wp-image-31981\" srcset=\"https:\/\/www.rome-roma.net\/wp-content\/uploads\/2025\/07\/plastico-colisseo-roma-rome_3406.jpg 1200w, https:\/\/www.rome-roma.net\/wp-content\/uploads\/2025\/07\/plastico-colisseo-roma-rome_3406-300x200.jpg 300w, https:\/\/www.rome-roma.net\/wp-content\/uploads\/2025\/07\/plastico-colisseo-roma-rome_3406-1024x683.jpg 1024w, https:\/\/www.rome-roma.net\/wp-content\/uploads\/2025\/07\/plastico-colisseo-roma-rome_3406-768x512.jpg 768w\" sizes=\"(max-width: 1200px) 100vw, 1200px\" \/><\/a><\/figure>\n<\/figure>\n<\/div><\/div><\/div>\n<\/div><\/div><\/div>\n\n\n\n<h2>Ricostituzione del Colosseo<\/h2>\n\n\n\n<p>Al <strong>Museo della Civilt\u00e0 Romana<\/strong> di Roma \u00e8 esposto un modello del Colosseo ricostruito, cos\u00ec come un altro nel modello di tutta la citt\u00e0 in et\u00e0 imperiale.<\/p>\n\n\t\t<style type=\"text\/css\">\n\t\t\t#gallery-1 {\n\t\t\t\tmargin: auto;\n\t\t\t}\n\t\t\t#gallery-1 .gallery-item {\n\t\t\t\tfloat: left;\n\t\t\t\tmargin-top: 10px;\n\t\t\t\ttext-align: center;\n\t\t\t\twidth: 20%;\n\t\t\t}\n\t\t\t#gallery-1 img {\n\t\t\t\tborder: 2px solid #cfcfcf;\n\t\t\t}\n\t\t\t#gallery-1 .gallery-caption {\n\t\t\t\tmargin-left: 0;\n\t\t\t}\n\t\t\t\/* see gallery_shortcode() in wp-includes\/media.php *\/\n\t\t<\/style>\n\t\t<div id='gallery-1' class='gallery galleryid-5515 gallery-columns-5 gallery-size-thumbnail'><dl class='gallery-item'>\n\t\t\t<dt class='gallery-icon landscape'>\n\t\t\t\t<a href='https:\/\/www.rome-roma.net\/wp-content\/uploads\/2020\/01\/colisee-reconstitution_3410.jpg'><img width=\"150\" height=\"150\" src=\"https:\/\/www.rome-roma.net\/wp-content\/uploads\/2020\/01\/colisee-reconstitution_3410-150x150.jpg\" class=\"attachment-thumbnail size-thumbnail\" alt=\"Plastico del Colosseo\" loading=\"lazy\" aria-describedby=\"gallery-1-9631\" srcset=\"https:\/\/www.rome-roma.net\/wp-content\/uploads\/2020\/01\/colisee-reconstitution_3410-150x150.jpg 150w, https:\/\/www.rome-roma.net\/wp-content\/uploads\/2020\/01\/colisee-reconstitution_3410-50x50.jpg 50w, https:\/\/www.rome-roma.net\/wp-content\/uploads\/2020\/01\/colisee-reconstitution_3410-80x80.jpg 80w, https:\/\/www.rome-roma.net\/wp-content\/uploads\/2020\/01\/colisee-reconstitution_3410-75x75.jpg 75w\" sizes=\"(max-width: 150px) 100vw, 150px\" \/><\/a>\n\t\t\t<\/dt>\n\t\t\t\t<dd class='wp-caption-text gallery-caption' id='gallery-1-9631'>\n\t\t\t\tPlastico del Colosseo\n\t\t\t\t<\/dd><\/dl><dl class='gallery-item'>\n\t\t\t<dt class='gallery-icon landscape'>\n\t\t\t\t<a href='https:\/\/www.rome-roma.net\/wp-content\/uploads\/2020\/01\/colisee-maquette_3407.jpg'><img width=\"150\" height=\"150\" src=\"https:\/\/www.rome-roma.net\/wp-content\/uploads\/2020\/01\/colisee-maquette_3407-150x150.jpg\" class=\"attachment-thumbnail size-thumbnail\" alt=\"Plastico del Colosseo\" loading=\"lazy\" aria-describedby=\"gallery-1-9579\" srcset=\"https:\/\/www.rome-roma.net\/wp-content\/uploads\/2020\/01\/colisee-maquette_3407-150x150.jpg 150w, https:\/\/www.rome-roma.net\/wp-content\/uploads\/2020\/01\/colisee-maquette_3407-50x50.jpg 50w, https:\/\/www.rome-roma.net\/wp-content\/uploads\/2020\/01\/colisee-maquette_3407-80x80.jpg 80w, https:\/\/www.rome-roma.net\/wp-content\/uploads\/2020\/01\/colisee-maquette_3407-75x75.jpg 75w\" sizes=\"(max-width: 150px) 100vw, 150px\" \/><\/a>\n\t\t\t<\/dt>\n\t\t\t\t<dd class='wp-caption-text gallery-caption' id='gallery-1-9579'>\n\t\t\t\tPlastico del Colosseo\n\t\t\t\t<\/dd><\/dl><dl class='gallery-item'>\n\t\t\t<dt class='gallery-icon landscape'>\n\t\t\t\t<a href='https:\/\/www.rome-roma.net\/wp-content\/uploads\/2020\/01\/colosseo-plastico_3411.jpg'><img width=\"150\" height=\"150\" src=\"https:\/\/www.rome-roma.net\/wp-content\/uploads\/2020\/01\/colosseo-plastico_3411-150x150.jpg\" class=\"attachment-thumbnail size-thumbnail\" alt=\"Plastico Colosseo\" loading=\"lazy\" aria-describedby=\"gallery-1-9624\" srcset=\"https:\/\/www.rome-roma.net\/wp-content\/uploads\/2020\/01\/colosseo-plastico_3411-150x150.jpg 150w, https:\/\/www.rome-roma.net\/wp-content\/uploads\/2020\/01\/colosseo-plastico_3411-50x50.jpg 50w, https:\/\/www.rome-roma.net\/wp-content\/uploads\/2020\/01\/colosseo-plastico_3411-80x80.jpg 80w, https:\/\/www.rome-roma.net\/wp-content\/uploads\/2020\/01\/colosseo-plastico_3411-75x75.jpg 75w\" sizes=\"(max-width: 150px) 100vw, 150px\" \/><\/a>\n\t\t\t<\/dt>\n\t\t\t\t<dd class='wp-caption-text gallery-caption' id='gallery-1-9624'>\n\t\t\t\tPlastico del Colosseo\n\t\t\t\t<\/dd><\/dl>\n\t\t\t<br style='clear: both' \/>\n\t\t<\/div>\n\n<p>Vedere anche : <a href=\"https:\/\/rome.unicaen.fr\/?fichier=visite_colisee\" target=\"_blank\" rel=\"noopener\">Ricostituzione virtuale del Colosseo su Unicaen<\/a><\/p>\n\n\n\n\n\n<p><\/p>\n\n\n\n<h2>Cartina ed indirizzo<\/h2>\r\n\t\t<b>Indirizzo : <\/b>Piazza del Colosseo, 1, 00184 Roma RM, Italie<div id=\"travelersmap-container-69ee916000625\" class=\"travelersmap-container\" style=\"z-index: 1; min-height: 10px; min-width:10px; height:400px;width:100%; max-width:; max-height:; position:relative;\"><div style=\"position:absolute; z-index:-1;top: 50%;text-align: center;display: block;left: 50%;transform: translate(-50%,-50%);\">Travelers' Map is loading... <br> If you see this after your page is loaded completely, leafletJS files are missing.<\/div><\/div><i>Clicca sulla freccia per localizzarti sulla mappa<\/i>\n\n\n\n<h2>Vedute antiche nel arte<\/h2><div>110 opere di Il Colosseo sono state trovate nella database. Per vederle tutte aprire questo <a href=\"https:\/\/www.rome-roma.net\/site-rome-art.php?lieu=colisee\" target=\"_blank\">collegamento<\/a>.<\/div><div class=\"wp-block-kadence-advancedgallery kb-gallery-wrap-id-_5955fd-3f\">\r\n        <div class=\"kb-gallery-ul kb-gallery-type-fluidcarousel kb-gallery-id-_5955fd-3f kb-gallery-caption-style-below kb-gallery-magnific-init kb-gallery-filter-none\" data-image-filter=\"none\" data-lightbox-caption=\"true\">\r\n            <div class=\"kt-blocks-carousel kt-carousel-container-dotstyle-dark\">\r\n                <div class=\"kt-blocks-carousel-init kb-blocks-fluid-carousel kt-carousel-arrowstyle-whiteondark kt-carousel-dotstyle-dark\" data-slider-anim-speed=\"400\" data-slider-type=\"fluidcarousel\" data-slider-scroll=\"1\" data-slider-arrows=\"true\" data-slider-dots=\"true\" data-slider-hover-pause=\"false\" data-slider-auto=\"false\" data-slider-speed=\"7000\">\r\n        <div class=\"kb-slide-item kb-gallery-carousel-item\"><li class=\"kadence-blocks-gallery-item\"><div class=\"kadence-blocks-gallery-item-inner\">\r\n            <figure class=\"kb-gallery-figure kb-gallery-item-has-link kadence-blocks-gallery-item-has-caption\">\r\n                <a href=\"https:\/\/www.rome-roma.net\/artmodule\/louis ducros\/abraham louis rodolphe ducros - le colisee - rome.jpg\" class=\"kb-gallery-item-link\" style=\"color: #FFFFFF;\">\r\n                    <div class=\"kb-gal-image-radius\"><div class=\"kb-gallery-image-contain\">\r\n                        <img src=\"https:\/\/www.rome-roma.net\/artmodule\/louis ducros\/abraham louis rodolphe ducros - le colisee - rome.jpg\" width=\"300\" height=\"200\" \r\n                            alt=\"Abraham-Louis-Rodolphe Ducros,Le Colis\u00e9e (?, avant 1810, date ind\u00e9termin\u00e9e)\" \r\n                            data-full-image=\"https:\/\/www.rome-roma.net\/artmodule\/louis ducros\/abraham louis rodolphe ducros - le colisee - rome.jpg\" \r\n                            data-light-image=\"https:\/\/www.rome-roma.net\/artmodule\/louis ducros\/abraham louis rodolphe ducros - le colisee - rome.jpg\" data-id=\"149\" \r\n                            data-link=\"https:\/\/www.rome-roma.net\/artmodule\/louis ducros\/abraham louis rodolphe ducros - le colisee - rome.jpg\" \r\n                            class=\"wp-image-149\" loading=lazy\/>\r\n                    <\/div><\/div>\r\n                    <figcaption class=\"kadence-blocks-gallery-item__caption\">Abraham-Louis-Rodolphe Ducros, Le Colis\u00e9e<\/figcaption>\r\n                <\/a>\r\n            <\/figure><\/div><\/li><\/div>\r\n        <div class=\"kb-slide-item kb-gallery-carousel-item\"><li class=\"kadence-blocks-gallery-item\"><div class=\"kadence-blocks-gallery-item-inner\">\r\n            <figure class=\"kb-gallery-figure kb-gallery-item-has-link kadence-blocks-gallery-item-has-caption\">\r\n                <a href=\"https:\/\/www.rome-roma.net\/artmodule\/louis ducros\/abraham louis rodolphe ducros - rome - vue du colisee - vers 1785 - musee cantonal des beaux-arts de lausanne.jpg\" class=\"kb-gallery-item-link\" style=\"color: #FFFFFF;\">\r\n                    <div class=\"kb-gal-image-radius\"><div class=\"kb-gallery-image-contain\">\r\n                        <img src=\"https:\/\/www.rome-roma.net\/artmodule\/louis ducros\/abraham louis rodolphe ducros - rome - vue du colisee - vers 1785 - musee cantonal des beaux-arts de lausanne.jpg\" width=\"300\" height=\"200\" \r\n                            alt=\"Abraham-Louis-Rodolphe Ducros,Vue du Colis\u00e9e (environ 1785)\" \r\n                            data-full-image=\"https:\/\/www.rome-roma.net\/artmodule\/louis ducros\/abraham louis rodolphe ducros - rome - vue du colisee - vers 1785 - musee cantonal des beaux-arts de lausanne.jpg\" \r\n                            data-light-image=\"https:\/\/www.rome-roma.net\/artmodule\/louis ducros\/abraham louis rodolphe ducros - rome - vue du colisee - vers 1785 - musee cantonal des beaux-arts de lausanne.jpg\" data-id=\"149\" \r\n                            data-link=\"https:\/\/www.rome-roma.net\/artmodule\/louis ducros\/abraham louis rodolphe ducros - rome - vue du colisee - vers 1785 - musee cantonal des beaux-arts de lausanne.jpg\" \r\n                            class=\"wp-image-149\" loading=lazy\/>\r\n                    <\/div><\/div>\r\n                    <figcaption class=\"kadence-blocks-gallery-item__caption\">Abraham-Louis-Rodolphe Ducros, Vue du Colis\u00e9e<\/figcaption>\r\n                <\/a>\r\n            <\/figure><\/div><\/li><\/div>\r\n        <div class=\"kb-slide-item kb-gallery-carousel-item\"><li class=\"kadence-blocks-gallery-item\"><div class=\"kadence-blocks-gallery-item-inner\">\r\n            <figure class=\"kb-gallery-figure kb-gallery-item-has-link kadence-blocks-gallery-item-has-caption\">\r\n                <a href=\"https:\/\/www.rome-roma.net\/artmodule\/albert christoph dies\/dies albert christoph - 1755 - colisee de rome.jpg\" class=\"kb-gallery-item-link\" style=\"color: #FFFFFF;\">\r\n                    <div class=\"kb-gal-image-radius\"><div class=\"kb-gallery-image-contain\">\r\n                        <img src=\"https:\/\/www.rome-roma.net\/artmodule\/albert christoph dies\/dies albert christoph - 1755 - colisee de rome.jpg\" width=\"300\" height=\"200\" \r\n                            alt=\"Albert Christoph Dies,Colis\u00e9e de Rome (1755)\" \r\n                            data-full-image=\"https:\/\/www.rome-roma.net\/artmodule\/albert christoph dies\/dies albert christoph - 1755 - colisee de rome.jpg\" \r\n                            data-light-image=\"https:\/\/www.rome-roma.net\/artmodule\/albert christoph dies\/dies albert christoph - 1755 - colisee de rome.jpg\" data-id=\"149\" \r\n                            data-link=\"https:\/\/www.rome-roma.net\/artmodule\/albert christoph dies\/dies albert christoph - 1755 - colisee de rome.jpg\" \r\n                            class=\"wp-image-149\" loading=lazy\/>\r\n                    <\/div><\/div>\r\n                    <figcaption class=\"kadence-blocks-gallery-item__caption\">Albert Christoph Dies, Colis\u00e9e de Rome<\/figcaption>\r\n                <\/a>\r\n            <\/figure><\/div><\/li><\/div>\r\n        <div class=\"kb-slide-item kb-gallery-carousel-item\"><li class=\"kadence-blocks-gallery-item\"><div class=\"kadence-blocks-gallery-item-inner\">\r\n            <figure class=\"kb-gallery-figure kb-gallery-item-has-link kadence-blocks-gallery-item-has-caption\">\r\n                <a href=\"https:\/\/www.rome-roma.net\/artmodule\/antonietta brandeis\/antonietta brandeis colosseo.jpg\" class=\"kb-gallery-item-link\" style=\"color: #FFFFFF;\">\r\n                    <div class=\"kb-gal-image-radius\"><div class=\"kb-gallery-image-contain\">\r\n                        <img src=\"https:\/\/www.rome-roma.net\/artmodule\/antonietta brandeis\/antonietta brandeis colosseo.jpg\" width=\"300\" height=\"200\" \r\n                            alt=\"Antonietta Brandeis,Le Colis\u00e9e (1878-1893, date ind\u00e9termin\u00e9e)\" \r\n                            data-full-image=\"https:\/\/www.rome-roma.net\/artmodule\/antonietta brandeis\/antonietta brandeis colosseo.jpg\" \r\n                            data-light-image=\"https:\/\/www.rome-roma.net\/artmodule\/antonietta brandeis\/antonietta brandeis colosseo.jpg\" data-id=\"149\" \r\n                            data-link=\"https:\/\/www.rome-roma.net\/artmodule\/antonietta brandeis\/antonietta brandeis colosseo.jpg\" \r\n                            class=\"wp-image-149\" loading=lazy\/>\r\n                    <\/div><\/div>\r\n                    <figcaption class=\"kadence-blocks-gallery-item__caption\">Antonietta Brandeis, Le Colis\u00e9e<\/figcaption>\r\n                <\/a>\r\n            <\/figure><\/div><\/li><\/div>\r\n        <div class=\"kb-slide-item kb-gallery-carousel-item\"><li class=\"kadence-blocks-gallery-item\"><div class=\"kadence-blocks-gallery-item-inner\">\r\n            <figure class=\"kb-gallery-figure kb-gallery-item-has-link kadence-blocks-gallery-item-has-caption\">\r\n                <a href=\"https:\/\/www.rome-roma.net\/artmodule\/antonietta brandeis\/antonietta brandeis forum colisee.jpg\" class=\"kb-gallery-item-link\" style=\"color: #FFFFFF;\">\r\n                    <div class=\"kb-gal-image-radius\"><div class=\"kb-gallery-image-contain\">\r\n                        <img src=\"https:\/\/www.rome-roma.net\/artmodule\/antonietta brandeis\/antonietta brandeis forum colisee.jpg\" width=\"300\" height=\"200\" \r\n                            alt=\"Antonietta Brandeis,Le forum et le Colis\u00e9e (1878-1893, date ind\u00e9termin\u00e9e)\" \r\n                            data-full-image=\"https:\/\/www.rome-roma.net\/artmodule\/antonietta brandeis\/antonietta brandeis forum colisee.jpg\" \r\n                            data-light-image=\"https:\/\/www.rome-roma.net\/artmodule\/antonietta brandeis\/antonietta brandeis forum colisee.jpg\" data-id=\"149\" \r\n                            data-link=\"https:\/\/www.rome-roma.net\/artmodule\/antonietta brandeis\/antonietta brandeis forum colisee.jpg\" \r\n                            class=\"wp-image-149\" loading=lazy\/>\r\n                    <\/div><\/div>\r\n                    <figcaption class=\"kadence-blocks-gallery-item__caption\">Antonietta Brandeis, Le forum et le Colis\u00e9e<\/figcaption>\r\n                <\/a>\r\n            <\/figure><\/div><\/li><\/div>\r\n        <div class=\"kb-slide-item kb-gallery-carousel-item\"><li class=\"kadence-blocks-gallery-item\"><div class=\"kadence-blocks-gallery-item-inner\">\r\n            <figure class=\"kb-gallery-figure kb-gallery-item-has-link kadence-blocks-gallery-item-has-caption\">\r\n                <a href=\"https:\/\/www.rome-roma.net\/artmodule\/antonio joli\/antonio joli - colisee - arc de constantin.jpg\" class=\"kb-gallery-item-link\" style=\"color: #FFFFFF;\">\r\n                    <div class=\"kb-gal-image-radius\"><div class=\"kb-gallery-image-contain\">\r\n                        <img src=\"https:\/\/www.rome-roma.net\/artmodule\/antonio joli\/antonio joli - colisee - arc de constantin.jpg\" width=\"300\" height=\"200\" \r\n                            alt=\"Antonio Joli,Le Colis\u00e9e et l'Arc de Constantin (1720-1770, date ind\u00e9termin\u00e9e)\" \r\n                            data-full-image=\"https:\/\/www.rome-roma.net\/artmodule\/antonio joli\/antonio joli - colisee - arc de constantin.jpg\" \r\n                            data-light-image=\"https:\/\/www.rome-roma.net\/artmodule\/antonio joli\/antonio joli - colisee - arc de constantin.jpg\" data-id=\"149\" \r\n                            data-link=\"https:\/\/www.rome-roma.net\/artmodule\/antonio joli\/antonio joli - colisee - arc de constantin.jpg\" \r\n                            class=\"wp-image-149\" loading=lazy\/>\r\n                    <\/div><\/div>\r\n                    <figcaption class=\"kadence-blocks-gallery-item__caption\">Antonio Joli, Le Colis\u00e9e et l'Arc de Constantin<\/figcaption>\r\n                <\/a>\r\n            <\/figure><\/div><\/li><\/div>\r\n        <div class=\"kb-slide-item kb-gallery-carousel-item\"><li class=\"kadence-blocks-gallery-item\"><div class=\"kadence-blocks-gallery-item-inner\">\r\n            <figure class=\"kb-gallery-figure kb-gallery-item-has-link kadence-blocks-gallery-item-has-caption\">\r\n                <a href=\"https:\/\/www.rome-roma.net\/artmodule\/antonio joli\/antonio joli - vue sur le colisee et arc de constantin.jpg\" class=\"kb-gallery-item-link\" style=\"color: #FFFFFF;\">\r\n                    <div class=\"kb-gal-image-radius\"><div class=\"kb-gallery-image-contain\">\r\n                        <img src=\"https:\/\/www.rome-roma.net\/artmodule\/antonio joli\/antonio joli - vue sur le colisee et arc de constantin.jpg\" width=\"300\" height=\"200\" \r\n                            alt=\"Antonio Joli,Vue sur le Colis\u00e9e et l'Arc de constantin (1720-1770, date ind\u00e9termin\u00e9e)\" \r\n                            data-full-image=\"https:\/\/www.rome-roma.net\/artmodule\/antonio joli\/antonio joli - vue sur le colisee et arc de constantin.jpg\" \r\n                            data-light-image=\"https:\/\/www.rome-roma.net\/artmodule\/antonio joli\/antonio joli - vue sur le colisee et arc de constantin.jpg\" data-id=\"149\" \r\n                            data-link=\"https:\/\/www.rome-roma.net\/artmodule\/antonio joli\/antonio joli - vue sur le colisee et arc de constantin.jpg\" \r\n                            class=\"wp-image-149\" loading=lazy\/>\r\n                    <\/div><\/div>\r\n                    <figcaption class=\"kadence-blocks-gallery-item__caption\">Antonio Joli, Vue sur le Colis\u00e9e et l'Arc de constantin<\/figcaption>\r\n                <\/a>\r\n            <\/figure><\/div><\/li><\/div>\r\n        <div class=\"kb-slide-item kb-gallery-carousel-item\"><li class=\"kadence-blocks-gallery-item\"><div class=\"kadence-blocks-gallery-item-inner\">\r\n            <figure class=\"kb-gallery-figure kb-gallery-item-has-link kadence-blocks-gallery-item-has-caption\">\r\n                <a href=\"https:\/\/www.rome-roma.net\/artmodule\/arthur glennie\/arthur glennie - colisee.jpg\" class=\"kb-gallery-item-link\" style=\"color: #FFFFFF;\">\r\n                    <div class=\"kb-gal-image-radius\"><div class=\"kb-gallery-image-contain\">\r\n                        <img src=\"https:\/\/www.rome-roma.net\/artmodule\/arthur glennie\/arthur glennie - colisee.jpg\" width=\"300\" height=\"200\" \r\n                            alt=\"Arthur Glennie,Le Colis\u00e9e (1830-1890, date ind\u00e9termin\u00e9e)\" \r\n                            data-full-image=\"https:\/\/www.rome-roma.net\/artmodule\/arthur glennie\/arthur glennie - colisee.jpg\" \r\n                            data-light-image=\"https:\/\/www.rome-roma.net\/artmodule\/arthur glennie\/arthur glennie - colisee.jpg\" data-id=\"149\" \r\n                            data-link=\"https:\/\/www.rome-roma.net\/artmodule\/arthur glennie\/arthur glennie - colisee.jpg\" \r\n                            class=\"wp-image-149\" loading=lazy\/>\r\n                    <\/div><\/div>\r\n                    <figcaption class=\"kadence-blocks-gallery-item__caption\">Arthur Glennie, Le Colis\u00e9e<\/figcaption>\r\n                <\/a>\r\n            <\/figure><\/div><\/li><\/div>\r\n        <div class=\"kb-slide-item kb-gallery-carousel-item\"><li class=\"kadence-blocks-gallery-item\"><div class=\"kadence-blocks-gallery-item-inner\">\r\n            <figure class=\"kb-gallery-figure kb-gallery-item-has-link kadence-blocks-gallery-item-has-caption\">\r\n                <a href=\"https:\/\/www.rome-roma.net\/artmodule\/bernardo bellotto\/bernardo bellotto - il colosseo.jpg\" class=\"kb-gallery-item-link\" style=\"color: #FFFFFF;\">\r\n                    <div class=\"kb-gal-image-radius\"><div class=\"kb-gallery-image-contain\">\r\n                        <img src=\"https:\/\/www.rome-roma.net\/artmodule\/bernardo bellotto\/bernardo bellotto - il colosseo.jpg\" width=\"300\" height=\"200\" \r\n                            alt=\"Bernardo Bellotto,Le Colis\u00e9e (1740-1760, date ind\u00e9termin\u00e9e)\" \r\n                            data-full-image=\"https:\/\/www.rome-roma.net\/artmodule\/bernardo bellotto\/bernardo bellotto - il colosseo.jpg\" \r\n                            data-light-image=\"https:\/\/www.rome-roma.net\/artmodule\/bernardo bellotto\/bernardo bellotto - il colosseo.jpg\" data-id=\"149\" \r\n                            data-link=\"https:\/\/www.rome-roma.net\/artmodule\/bernardo bellotto\/bernardo bellotto - il colosseo.jpg\" \r\n                            class=\"wp-image-149\" loading=lazy\/>\r\n                    <\/div><\/div>\r\n                    <figcaption class=\"kadence-blocks-gallery-item__caption\">Bernardo Bellotto, Le Colis\u00e9e<\/figcaption>\r\n                <\/a>\r\n            <\/figure><\/div><\/li><\/div><\/div><\/div><\/div><\/div><a href=\"https:\/\/www.rome-roma.net\/site-rome-art.php?lieu=colisee\" target=\"_blank\">Clica per vedere oltre dipinti e artisti su Colis\u00e9e in Roma<\/a><br>\n\n\n\n<h2>Articoli sul Colosseo<\/h2>\n\n\n\n<ul class=\"lcp_catlist\" id=\"lcp_instance_0\"><li class=\"current\"><a href=\"https:\/\/www.rome-roma.net\/it\/colosseo\/\">Il Colosseo<\/a><a href=\"https:\/\/www.rome-roma.net\/it\/colosseo\/\" title=\"Il Colosseo\"><img src=\"https:\/\/www.rome-roma.net\/wp-content\/uploads\/2020\/01\/colisee-rome_1119-300x200.jpg\" class=\"classthumblist\"  alt=\"Il Colosseo\" \/><\/a><div class=\"lcp_excerpt\">Scopri il Colosseo, gli orari, le informazioni e una visita all&#8217;emblematico edificio antico di Roma, l&#8217;architettura e la storia dei monumenti della citt\u00e0.\n<\/div><\/li><li><a href=\"https:\/\/www.rome-roma.net\/it\/colosseo\/#Fotografie-del-Colosseo\">Fotografie del Colosseo<\/a><a href=\"https:\/\/www.rome-roma.net\/it\/colosseo\/#Fotografie-del-Colosseo\" title=\"Fotografie del Colosseo\"><img width=\"50\" height=\"50\" src=\"https:\/\/www.rome-roma.net\/wp-content\/uploads\/2020\/01\/Colisee-de-Rome-36881-150x150.jpg\" class=\"classthumblist wp-post-image\" alt=\"Fotografie del Colosseo\" loading=\"lazy\" srcset=\"https:\/\/www.rome-roma.net\/wp-content\/uploads\/2020\/01\/Colisee-de-Rome-36881-150x150.jpg 150w, https:\/\/www.rome-roma.net\/wp-content\/uploads\/2020\/01\/Colisee-de-Rome-36881-50x50.jpg 50w, https:\/\/www.rome-roma.net\/wp-content\/uploads\/2020\/01\/Colisee-de-Rome-36881-80x80.jpg 80w, https:\/\/www.rome-roma.net\/wp-content\/uploads\/2020\/01\/Colisee-de-Rome-36881-75x75.jpg 75w\" sizes=\"(max-width: 50px) 100vw, 50px\" \/><\/a><div class=\"lcp_excerpt\">Foto del Colosseo a Roma, visita dell&#8217;interno. Viaggi e turismo nella citt\u00e0 eterna.\n<\/div><\/li><li><a href=\"https:\/\/www.rome-roma.net\/it\/colosseo\/#Architettura-del-Colosseo\">Architettura e descrizione del Colosseo<\/a><a href=\"https:\/\/www.rome-roma.net\/it\/colosseo\/#Architettura-del-Colosseo\" title=\"Architettura e descrizione del Colosseo\"><img src=\"https:\/\/www.rome-roma.net\/rome-antique\/colisee\/colonnes-colisee.jpg\" class=\"classthumblist\"  alt=\"Architettura e descrizione del Colosseo\" \/><\/a><div class=\"lcp_excerpt\">Descrizione e architettura del Colosseo. I portici della facciata, i gradini e l&#8217;arena. Storia e informazioni su siti antichi e turistici a Roma.\n<\/div><\/li><\/ul>\n","protected":false},"excerpt":{"rendered":"<p>Scopri il Colosseo, gli orari, le informazioni e una visita all&#8217;emblematico edificio antico di Roma, l&#8217;architettura e la storia dei monumenti della citt\u00e0.<\/p>\n","protected":false},"featured_media":0,"parent":0,"menu_order":0,"comment_status":"open","ping_status":"open","template":"","format":"standard","meta":{"kt_blocks_editor_width":"","_links_to":"","_links_to_target":""},"genre":[268],"interet":[289],"quartier":[314],"categorie_site":[427,425],"quartier_historique":[445],"etiquettes_site":[467],"acf":[],"yoast_head":"<!-- This site is optimized with the Yoast SEO plugin v17.4 - https:\/\/yoast.com\/wordpress\/plugins\/seo\/ -->\n<title>Il Colosseo &ndash; Rome-Roma<\/title>\n<meta name=\"description\" content=\"Scoperta del Colosseo, orari, informazioni e visita all&#039;emblematico edificio antico di Roma, architettura e storia dei monumenti della citt\u00e0.\" \/>\n<meta name=\"robots\" content=\"index, follow, max-snippet:-1, max-image-preview:large, max-video-preview:-1\" \/>\n<link rel=\"canonical\" href=\"https:\/\/www.rome-roma.net\/it\/colosseo\/\" \/>\n<meta property=\"og:locale\" content=\"it_IT\" \/>\n<meta property=\"og:type\" content=\"article\" \/>\n<meta property=\"og:title\" content=\"Il Colosseo &ndash; Rome-Roma\" \/>\n<meta property=\"og:description\" content=\"Scoperta del Colosseo, orari, informazioni e visita all&#039;emblematico edificio antico di Roma, architettura e storia dei monumenti della citt\u00e0.\" \/>\n<meta property=\"og:url\" content=\"https:\/\/www.rome-roma.net\/it\/colosseo\/\" \/>\n<meta property=\"og:site_name\" content=\"Rome-Roma\" \/>\n<meta property=\"article:modified_time\" content=\"2026-04-05T08:14:40+00:00\" \/>\n<meta property=\"og:image\" content=\"https:\/\/www.rome-roma.net\/wp-content\/uploads\/2020\/01\/colisee-reconstitution_3410-150x150.jpg\" \/>\n<meta name=\"twitter:card\" content=\"summary_large_image\" \/>\n<meta name=\"twitter:label1\" content=\"Tempo di lettura stimato\" \/>\n\t<meta name=\"twitter:data1\" content=\"15 minuti\" \/>\n<script type=\"application\/ld+json\" class=\"yoast-schema-graph\">{\"@context\":\"https:\/\/schema.org\",\"@graph\":[{\"@type\":\"Organization\",\"@id\":\"https:\/\/www.rome-roma.net\/it\/#organization\",\"name\":\"Rome-Roma\",\"url\":\"https:\/\/www.rome-roma.net\/it\/\",\"sameAs\":[],\"logo\":{\"@type\":\"ImageObject\",\"@id\":\"https:\/\/www.rome-roma.net\/it\/#logo\",\"inLanguage\":\"it-IT\",\"url\":\"https:\/\/www.rome-roma.net\/wp-content\/uploads\/2025\/07\/logo-rome-roma-420.jpg\",\"contentUrl\":\"https:\/\/www.rome-roma.net\/wp-content\/uploads\/2025\/07\/logo-rome-roma-420.jpg\",\"width\":420,\"height\":420,\"caption\":\"Rome-Roma\"},\"image\":{\"@id\":\"https:\/\/www.rome-roma.net\/it\/#logo\"}},{\"@type\":\"WebSite\",\"@id\":\"https:\/\/www.rome-roma.net\/it\/#website\",\"url\":\"https:\/\/www.rome-roma.net\/it\/\",\"name\":\"Rome-Roma\",\"description\":\"Cultura & Viaggio\",\"publisher\":{\"@id\":\"https:\/\/www.rome-roma.net\/it\/#organization\"},\"potentialAction\":[{\"@type\":\"SearchAction\",\"target\":{\"@type\":\"EntryPoint\",\"urlTemplate\":\"https:\/\/www.rome-roma.net\/it\/?s={search_term_string}\"},\"query-input\":\"required name=search_term_string\"}],\"inLanguage\":\"it-IT\"},{\"@type\":\"ImageObject\",\"@id\":\"https:\/\/www.rome-roma.net\/it\/colosseo\/#primaryimage\",\"inLanguage\":\"it-IT\",\"url\":\"https:\/\/www.rome-roma.net\/wp-content\/uploads\/2020\/01\/colisee-rome_1119.jpg\",\"contentUrl\":\"https:\/\/www.rome-roma.net\/wp-content\/uploads\/2020\/01\/colisee-rome_1119.jpg\",\"width\":1200,\"height\":800,\"caption\":\"Vista globale del Colosseo\"},{\"@type\":\"WebPage\",\"@id\":\"https:\/\/www.rome-roma.net\/it\/colosseo\/#webpage\",\"url\":\"https:\/\/www.rome-roma.net\/it\/colosseo\/\",\"name\":\"Il Colosseo &ndash; Rome-Roma\",\"isPartOf\":{\"@id\":\"https:\/\/www.rome-roma.net\/it\/#website\"},\"primaryImageOfPage\":{\"@id\":\"https:\/\/www.rome-roma.net\/it\/colosseo\/#primaryimage\"},\"datePublished\":\"2020-01-14T20:57:57+00:00\",\"dateModified\":\"2026-04-05T08:14:40+00:00\",\"description\":\"Scoperta del Colosseo, orari, informazioni e visita all'emblematico edificio antico di Roma, architettura e storia dei monumenti della citt\\u00e0.\",\"breadcrumb\":{\"@id\":\"https:\/\/www.rome-roma.net\/it\/colosseo\/#breadcrumb\"},\"inLanguage\":\"it-IT\",\"potentialAction\":[{\"@type\":\"ReadAction\",\"target\":[\"https:\/\/www.rome-roma.net\/it\/colosseo\/\"]}]},{\"@type\":\"BreadcrumbList\",\"@id\":\"https:\/\/www.rome-roma.net\/it\/colosseo\/#breadcrumb\",\"itemListElement\":[{\"@type\":\"ListItem\",\"position\":1,\"name\":\"Accueil\",\"item\":\"https:\/\/www.rome-roma.net\/it\/\"},{\"@type\":\"ListItem\",\"position\":2,\"name\":\"Il Colosseo\"}]}]}<\/script>\n<!-- \/ Yoast SEO plugin. -->","yoast_head_json":{"title":"Il Colosseo &ndash; Rome-Roma","description":"Scoperta del Colosseo, orari, informazioni e visita all'emblematico edificio antico di Roma, architettura e storia dei monumenti della citt\u00e0.","robots":{"index":"index","follow":"follow","max-snippet":"max-snippet:-1","max-image-preview":"max-image-preview:large","max-video-preview":"max-video-preview:-1"},"canonical":"https:\/\/www.rome-roma.net\/it\/colosseo\/","og_locale":"it_IT","og_type":"article","og_title":"Il Colosseo &ndash; Rome-Roma","og_description":"Scoperta del Colosseo, orari, informazioni e visita all'emblematico edificio antico di Roma, architettura e storia dei monumenti della citt\u00e0.","og_url":"https:\/\/www.rome-roma.net\/it\/colosseo\/","og_site_name":"Rome-Roma","article_modified_time":"2026-04-05T08:14:40+00:00","og_image":[{"url":"https:\/\/www.rome-roma.net\/wp-content\/uploads\/2020\/01\/colisee-reconstitution_3410-150x150.jpg"}],"twitter_card":"summary_large_image","twitter_misc":{"Tempo di lettura stimato":"15 minuti"},"schema":{"@context":"https:\/\/schema.org","@graph":[{"@type":"Organization","@id":"https:\/\/www.rome-roma.net\/it\/#organization","name":"Rome-Roma","url":"https:\/\/www.rome-roma.net\/it\/","sameAs":[],"logo":{"@type":"ImageObject","@id":"https:\/\/www.rome-roma.net\/it\/#logo","inLanguage":"it-IT","url":"https:\/\/www.rome-roma.net\/wp-content\/uploads\/2025\/07\/logo-rome-roma-420.jpg","contentUrl":"https:\/\/www.rome-roma.net\/wp-content\/uploads\/2025\/07\/logo-rome-roma-420.jpg","width":420,"height":420,"caption":"Rome-Roma"},"image":{"@id":"https:\/\/www.rome-roma.net\/it\/#logo"}},{"@type":"WebSite","@id":"https:\/\/www.rome-roma.net\/it\/#website","url":"https:\/\/www.rome-roma.net\/it\/","name":"Rome-Roma","description":"Cultura & Viaggio","publisher":{"@id":"https:\/\/www.rome-roma.net\/it\/#organization"},"potentialAction":[{"@type":"SearchAction","target":{"@type":"EntryPoint","urlTemplate":"https:\/\/www.rome-roma.net\/it\/?s={search_term_string}"},"query-input":"required name=search_term_string"}],"inLanguage":"it-IT"},{"@type":"ImageObject","@id":"https:\/\/www.rome-roma.net\/it\/colosseo\/#primaryimage","inLanguage":"it-IT","url":"https:\/\/www.rome-roma.net\/wp-content\/uploads\/2020\/01\/colisee-rome_1119.jpg","contentUrl":"https:\/\/www.rome-roma.net\/wp-content\/uploads\/2020\/01\/colisee-rome_1119.jpg","width":1200,"height":800,"caption":"Vista globale del Colosseo"},{"@type":"WebPage","@id":"https:\/\/www.rome-roma.net\/it\/colosseo\/#webpage","url":"https:\/\/www.rome-roma.net\/it\/colosseo\/","name":"Il Colosseo &ndash; Rome-Roma","isPartOf":{"@id":"https:\/\/www.rome-roma.net\/it\/#website"},"primaryImageOfPage":{"@id":"https:\/\/www.rome-roma.net\/it\/colosseo\/#primaryimage"},"datePublished":"2020-01-14T20:57:57+00:00","dateModified":"2026-04-05T08:14:40+00:00","description":"Scoperta del Colosseo, orari, informazioni e visita all'emblematico edificio antico di Roma, architettura e storia dei monumenti della citt\u00e0.","breadcrumb":{"@id":"https:\/\/www.rome-roma.net\/it\/colosseo\/#breadcrumb"},"inLanguage":"it-IT","potentialAction":[{"@type":"ReadAction","target":["https:\/\/www.rome-roma.net\/it\/colosseo\/"]}]},{"@type":"BreadcrumbList","@id":"https:\/\/www.rome-roma.net\/it\/colosseo\/#breadcrumb","itemListElement":[{"@type":"ListItem","position":1,"name":"Accueil","item":"https:\/\/www.rome-roma.net\/it\/"},{"@type":"ListItem","position":2,"name":"Il Colosseo"}]}]}},"acf_fields":{"nom_monument":"Colosseo","wikidata":"Q10285","sameas":""},"_links":{"self":[{"href":"https:\/\/www.rome-roma.net\/it\/wp-json\/wp\/v2\/site\/5515"}],"collection":[{"href":"https:\/\/www.rome-roma.net\/it\/wp-json\/wp\/v2\/site"}],"about":[{"href":"https:\/\/www.rome-roma.net\/it\/wp-json\/wp\/v2\/types\/site"}],"replies":[{"embeddable":true,"href":"https:\/\/www.rome-roma.net\/it\/wp-json\/wp\/v2\/comments?post=5515"}],"wp:attachment":[{"href":"https:\/\/www.rome-roma.net\/it\/wp-json\/wp\/v2\/media?parent=5515"}],"wp:term":[{"taxonomy":"genre","embeddable":true,"href":"https:\/\/www.rome-roma.net\/it\/wp-json\/wp\/v2\/genre?post=5515"},{"taxonomy":"interet","embeddable":true,"href":"https:\/\/www.rome-roma.net\/it\/wp-json\/wp\/v2\/interet?post=5515"},{"taxonomy":"quartier","embeddable":true,"href":"https:\/\/www.rome-roma.net\/it\/wp-json\/wp\/v2\/quartier?post=5515"},{"taxonomy":"categorie_site","embeddable":true,"href":"https:\/\/www.rome-roma.net\/it\/wp-json\/wp\/v2\/categorie_site?post=5515"},{"taxonomy":"quartier_historique","embeddable":true,"href":"https:\/\/www.rome-roma.net\/it\/wp-json\/wp\/v2\/quartier_historique?post=5515"},{"taxonomy":"etiquettes_site","embeddable":true,"href":"https:\/\/www.rome-roma.net\/it\/wp-json\/wp\/v2\/etiquettes_site?post=5515"}],"curies":[{"name":"wp","href":"https:\/\/api.w.org\/{rel}","templated":true}]}}