


{"id":5526,"date":"2020-01-15T09:46:05","date_gmt":"2020-01-15T08:46:05","guid":{"rendered":"https:\/\/www.rome-roma.net\/site\/colonna-traiana\/progetto-traiano\/"},"modified":"2024-12-13T10:31:08","modified_gmt":"2024-12-13T09:31:08","slug":"progetto-traiano","status":"publish","type":"site","link":"https:\/\/www.rome-roma.net\/it\/colonna-traiana\/progetto-traiano\/","title":{"rendered":"Progetto Traiano"},"content":{"rendered":"\n<p><img src=\"https:\/\/www.rome-roma.net\/img\/colonne-de-trajan.gif\" alt=\"colonna traiana\" align=\"right\" hspace=\"5\" vspace=\"2\" \/><\/p>\n<p>La <strong>Colonna Traiana<\/strong> \u00e8 una fonte unica di informazioni sul funzionamento delle campagne militari romane e, pi\u00f9 generalmente, sulla cultura dell&#8217;epoca. \u00c8 certo che questo rimane solo rappresentazioni, ma l&#8217;informazione \u00e8 l\u00ec, deve essere interpretata e verificata con precisione con altre fonti come ad esempio i testi passati.<\/p>\n<p>Rome-Roma ha l&#8217;ambizione di dare, in questo sito, un posto speciale a questo monumento, &#8220;appiattendo&#8221; la colonna e descrivendo le rappresentazioni.<\/p>\n<p>L&#8217;appiattimento \u00e8 completo. L&#8217;obiettivo \u00e8 di sviluppare i commenti e di offrire un&#8217;interfaccia pi\u00f9 ergonomica, quindi effettuare un controllo incrociato delle fonti per approfondire i dettagli e storici controlli incrociati.<br \/>La principale fonte di commenti per il momento \u00e8 <em>La Colonna Traiana<\/em>, dal Museo del Louvre (Dipartimento di antichit\u00e0 e scultura moderna, i cui autori sono il Museo del Louvre, Wilhelm Froehner, pubblicato dall&#8217;editore Typ. C. de Mourges fr\u00e8res, 1865)<\/p>\n<p><a style=\"color: #cc6600;\" href=\"https:\/\/www.rome-roma.net\/it\/colonna-traiana\/\"><img loading=\"lazy\" src=\"https:\/\/www.rome-roma.net\/img\/colonne-trajane.jpg\" alt=\"colonne de trajan : frise\" width=\"217\" height=\"52\" align=\"middle\" border=\"0\" \/><\/a><\/p>\n<p><a href=\"https:\/\/www.rome-roma.net\/it\/colonna-traiana\/progetto-traiano\/integrale-della-colonna-traiana-1\/\"><img loading=\"lazy\" src=\"https:\/\/www.rome-roma.net\/img\/tete-trajan.png\" alt=\"frise colonne de trajan\" width=\"70\" height=\"58\" align=\"middle\" border=\"0\" hspace=\"5\" \/>Integralit\u00e0 della colonna Traiana<\/a><\/p>\n<p><a href=\"https:\/\/www.rome-roma.net\/colonne-de-trajan\/projet-trajan\/description-statique-de-la-colonne-trajane\/\"><img loading=\"lazy\" src=\"https:\/\/www.rome-roma.net\/img\/tete-trajan.png\" alt=\"description colonne de trajan : sc\u00e8nes\" width=\"70\" height=\"58\" align=\"middle\" border=\"0\" hspace=\"5\" \/>Descrizione &#8220;statica&#8221; delle scene nella colonna<\/a><\/p>\n<p>\u00a0<\/p>\n\n\n\n<h2>Progetto Colonna Traiana<\/h2>\n\n\n\n<ul class=\"lcp_catlist\" id=\"lcp_instance_0\"><li><a href=\"https:\/\/www.rome-roma.net\/it\/colonna-traiana\/\">Colonna Traiana<\/a><a href=\"https:\/\/www.rome-roma.net\/it\/colonna-traiana\/\" title=\"Colonna Traiana\"><img src=\"https:\/\/www.rome-roma.net\/wp-content\/uploads\/2020\/01\/colonna-di-traiano-4804-683x1024.jpg\" class=\"classthumblist\"  alt=\"Colonna Traiana\" \/><\/a><div class=\"lcp_excerpt\">I rilievi della colonna di Traiano a Roma raccontano le campagne militari dell&#8217;imperatore contro i Daci. Alta di circa 30 metri, \u00e8 un monumento situato sul foro di Traiano. Scoperta ...<\/div><\/li><li class=\"current\"><a href=\"https:\/\/www.rome-roma.net\/it\/colonna-traiana\/progetto-traiano\/\">Progetto Traiano<\/a><a href=\"https:\/\/www.rome-roma.net\/it\/colonna-traiana\/progetto-traiano\/\" title=\"Progetto Traiano\"><img width=\"50\" height=\"50\" src=\"https:\/\/www.rome-roma.net\/wp-content\/uploads\/2020\/01\/colonne-trajane-21-150x150.jpg\" class=\"classthumblist wp-post-image\" alt=\"Progetto Traiano\" loading=\"lazy\" srcset=\"https:\/\/www.rome-roma.net\/wp-content\/uploads\/2020\/01\/colonne-trajane-21-150x150.jpg 150w, https:\/\/www.rome-roma.net\/wp-content\/uploads\/2020\/01\/colonne-trajane-21-50x50.jpg 50w, https:\/\/www.rome-roma.net\/wp-content\/uploads\/2020\/01\/colonne-trajane-21-80x80.jpg 80w, https:\/\/www.rome-roma.net\/wp-content\/uploads\/2020\/01\/colonne-trajane-21-75x75.jpg 75w\" sizes=\"(max-width: 50px) 100vw, 50px\" \/><\/a><div class=\"lcp_excerpt\">Progetto per ripristinare l&#8217;intera colonna da Traiano a Roma, rilievi raffigurati in fregio, testi storici che descrivono le scene nella colonna.\n<\/div><\/li><li><a href=\"https:\/\/www.rome-roma.net\/it\/colonna-traiana\/progetto-traiano\/integrale-della-colonna-traiana-1\/\">Integrale della colonna Traiana 1<\/a><a href=\"https:\/\/www.rome-roma.net\/it\/colonna-traiana\/progetto-traiano\/integrale-della-colonna-traiana-1\/\" title=\"Integrale della colonna Traiana 1\"><img src=\"https:\/\/www.rome-roma.net\/images\/fleches.jpg\" class=\"classthumblist\"  alt=\"Integrale della colonna Traiana 1\" \/><\/a><div class=\"lcp_excerpt\">Fregio della colonna di Traiano 1\/6, campagna di Traiano contro i Daci, cerimonia di sacrificio, costruzione di un forte, prima battaglia. Tutti i rilievi del monumento.\n<\/div><\/li><li><a href=\"https:\/\/www.rome-roma.net\/it\/colonna-traiana\/progetto-traiano\/integrale-della-colonna-traiana-2\/\">Integrale della colonna Traiana 2<\/a><a href=\"https:\/\/www.rome-roma.net\/it\/colonna-traiana\/progetto-traiano\/integrale-della-colonna-traiana-2\/\" title=\"Integrale della colonna Traiana 2\"><img src=\"https:\/\/www.rome-roma.net\/images\/fleches.jpg\" class=\"classthumblist\"  alt=\"Integrale della colonna Traiana 2\" \/><\/a><div class=\"lcp_excerpt\">Fregio della colonna Traiana 2\/6, battaglia, incursione dei Daci, rinforzo delle truppe. Tutti i rilievi del monumento.\n<\/div><\/li><li><a href=\"https:\/\/www.rome-roma.net\/it\/colonna-traiana\/progetto-traiano\/integrale-della-colonna-traiana-3\/\">Integrale della colonna Traiana 3<\/a><a href=\"https:\/\/www.rome-roma.net\/it\/colonna-traiana\/progetto-traiano\/integrale-della-colonna-traiana-3\/\" title=\"Integrale della colonna Traiana 3\"><img src=\"https:\/\/www.rome-roma.net\/images\/fleches.jpg\" class=\"classthumblist\"  alt=\"Integrale della colonna Traiana 3\" \/><\/a><div class=\"lcp_excerpt\">Fregio della colonna Traiano 3\/6, campagna di Traiano contro i Daci. Tutti i rilievi del monumento, fregio 3 di 6.\n<\/div><\/li><li><a href=\"https:\/\/www.rome-roma.net\/it\/colonna-traiana\/progetto-traiano\/integrale-della-colonna-di-traiano-4\/\">Integrale della colonna di Traiano 4<\/a><a href=\"https:\/\/www.rome-roma.net\/it\/colonna-traiana\/progetto-traiano\/integrale-della-colonna-di-traiano-4\/\" title=\"Integrale della colonna di Traiano 4\"><img src=\"https:\/\/www.rome-roma.net\/images\/fleches.jpg\" class=\"classthumblist\"  alt=\"Integrale della colonna di Traiano 4\" \/><\/a><div class=\"lcp_excerpt\">Fregio della colonna Traiano 4\/6, campagna di Traiano contro i Daci. Tutti i rilievi del monumento, fregio 4 di 6.\n<\/div><\/li><li><a href=\"https:\/\/www.rome-roma.net\/it\/colonna-traiana\/progetto-traiano\/integrale-della-colonna-traiana-5\/\">Integrale della Colonna Traiana 5<\/a><a href=\"https:\/\/www.rome-roma.net\/it\/colonna-traiana\/progetto-traiano\/integrale-della-colonna-traiana-5\/\" title=\"Integrale della Colonna Traiana 5\"><img src=\"https:\/\/www.rome-roma.net\/images\/fleches.jpg\" class=\"classthumblist\"  alt=\"Integrale della Colonna Traiana 5\" \/><\/a><div class=\"lcp_excerpt\">Fregio della colonna Traiana 5\/6, campagna di Traiano contro i Daci. Tutti i rilievi del monumento, fregio 5 di 6.\n<\/div><\/li><li><a href=\"https:\/\/www.rome-roma.net\/it\/colonna-traiana\/progetto-traiano\/integrale-della-colonna-traiana-6\/\">Integrale della Colonna Traiana 6<\/a><a href=\"https:\/\/www.rome-roma.net\/it\/colonna-traiana\/progetto-traiano\/integrale-della-colonna-traiana-6\/\" title=\"Integrale della Colonna Traiana 6\"><img src=\"https:\/\/www.rome-roma.net\/images\/fleches.jpg\" class=\"classthumblist\"  alt=\"Integrale della Colonna Traiana 6\" \/><\/a><div class=\"lcp_excerpt\">Fregio della colonna Traiana 6\/6, campagna di Traiano contro i Daci. Tutti i rilievi del monumento, fregio 6 di 6.\n<\/div><\/li><\/ul>\n","protected":false},"excerpt":{"rendered":"<p>Progetto per ripristinare l&#8217;intera colonna da Traiano a Roma, rilievi raffigurati in fregio, testi storici che descrivono le scene nella colonna.<\/p>\n","protected":false},"featured_media":1335,"parent":5521,"menu_order":0,"comment_status":"open","ping_status":"open","template":"single-site-culture.php","format":"standard","meta":{"kt_blocks_editor_width":"","_links_to":"","_links_to_target":""},"genre":[],"interet":[],"quartier":[],"categorie_site":[429,346,348],"quartier_historique":[],"etiquettes_site":[468],"acf":[],"yoast_head":"<!-- This site is optimized with the Yoast SEO plugin v17.4 - https:\/\/yoast.com\/wordpress\/plugins\/seo\/ -->\n<title>Progetto Traiano &ndash; Rome-Roma<\/title>\n<meta name=\"description\" content=\"Progetto di ricostituzione dell&#039;intera colonna di Traiano a Roma, rilievi rappresentati in fregio, testi storici che descrivono le scene della colonna.\" \/>\n<meta name=\"robots\" content=\"index, follow, max-snippet:-1, max-image-preview:large, max-video-preview:-1\" \/>\n<link rel=\"canonical\" href=\"https:\/\/www.rome-roma.net\/it\/colonna-traiana\/progetto-traiano\/\" \/>\n<meta property=\"og:locale\" content=\"it_IT\" \/>\n<meta property=\"og:type\" content=\"article\" \/>\n<meta property=\"og:title\" content=\"Progetto Traiano &ndash; Rome-Roma\" \/>\n<meta property=\"og:description\" content=\"Progetto di ricostituzione dell&#039;intera colonna di Traiano a Roma, rilievi rappresentati in fregio, testi storici che descrivono le scene della colonna.\" \/>\n<meta property=\"og:url\" content=\"https:\/\/www.rome-roma.net\/it\/colonna-traiana\/progetto-traiano\/\" \/>\n<meta property=\"og:site_name\" content=\"Rome-Roma\" \/>\n<meta property=\"article:modified_time\" content=\"2024-12-13T09:31:08+00:00\" \/>\n<meta property=\"og:image\" content=\"https:\/\/www.rome-roma.net\/wp-content\/uploads\/2020\/01\/colonne-trajane-21.jpg\" \/>\n\t<meta property=\"og:image:width\" content=\"692\" \/>\n\t<meta property=\"og:image:height\" content=\"332\" \/>\n<meta name=\"twitter:card\" content=\"summary_large_image\" \/>\n<meta name=\"twitter:label1\" content=\"Tempo di lettura stimato\" \/>\n\t<meta name=\"twitter:data1\" content=\"2 minuti\" \/>\n<script type=\"application\/ld+json\" class=\"yoast-schema-graph\">{\"@context\":\"https:\/\/schema.org\",\"@graph\":[{\"@type\":\"Organization\",\"@id\":\"https:\/\/www.rome-roma.net\/it\/#organization\",\"name\":\"Rome-Roma\",\"url\":\"https:\/\/www.rome-roma.net\/it\/\",\"sameAs\":[],\"logo\":{\"@type\":\"ImageObject\",\"@id\":\"https:\/\/www.rome-roma.net\/it\/#logo\",\"inLanguage\":\"it-IT\",\"url\":\"https:\/\/www.rome-roma.net\/wp-content\/uploads\/2025\/07\/logo-rome-roma-420.jpg\",\"contentUrl\":\"https:\/\/www.rome-roma.net\/wp-content\/uploads\/2025\/07\/logo-rome-roma-420.jpg\",\"width\":420,\"height\":420,\"caption\":\"Rome-Roma\"},\"image\":{\"@id\":\"https:\/\/www.rome-roma.net\/it\/#logo\"}},{\"@type\":\"WebSite\",\"@id\":\"https:\/\/www.rome-roma.net\/it\/#website\",\"url\":\"https:\/\/www.rome-roma.net\/it\/\",\"name\":\"Rome-Roma\",\"description\":\"Cultura & Viaggio\",\"publisher\":{\"@id\":\"https:\/\/www.rome-roma.net\/it\/#organization\"},\"potentialAction\":[{\"@type\":\"SearchAction\",\"target\":{\"@type\":\"EntryPoint\",\"urlTemplate\":\"https:\/\/www.rome-roma.net\/it\/?s={search_term_string}\"},\"query-input\":\"required name=search_term_string\"}],\"inLanguage\":\"it-IT\"},{\"@type\":\"ImageObject\",\"@id\":\"https:\/\/www.rome-roma.net\/it\/colonna-traiana\/progetto-traiano\/#primaryimage\",\"inLanguage\":\"it-IT\",\"url\":\"https:\/\/www.rome-roma.net\/wp-content\/uploads\/2020\/01\/colonne-trajane-21.jpg\",\"contentUrl\":\"https:\/\/www.rome-roma.net\/wp-content\/uploads\/2020\/01\/colonne-trajane-21.jpg\",\"width\":692,\"height\":332,\"caption\":\"colonne-trajane\"},{\"@type\":\"WebPage\",\"@id\":\"https:\/\/www.rome-roma.net\/it\/colonna-traiana\/progetto-traiano\/#webpage\",\"url\":\"https:\/\/www.rome-roma.net\/it\/colonna-traiana\/progetto-traiano\/\",\"name\":\"Progetto Traiano &ndash; Rome-Roma\",\"isPartOf\":{\"@id\":\"https:\/\/www.rome-roma.net\/it\/#website\"},\"primaryImageOfPage\":{\"@id\":\"https:\/\/www.rome-roma.net\/it\/colonna-traiana\/progetto-traiano\/#primaryimage\"},\"datePublished\":\"2020-01-15T08:46:05+00:00\",\"dateModified\":\"2024-12-13T09:31:08+00:00\",\"description\":\"Progetto di ricostituzione dell'intera colonna di Traiano a Roma, rilievi rappresentati in fregio, testi storici che descrivono le scene della colonna.\",\"breadcrumb\":{\"@id\":\"https:\/\/www.rome-roma.net\/it\/colonna-traiana\/progetto-traiano\/#breadcrumb\"},\"inLanguage\":\"it-IT\",\"potentialAction\":[{\"@type\":\"ReadAction\",\"target\":[\"https:\/\/www.rome-roma.net\/it\/colonna-traiana\/progetto-traiano\/\"]}]},{\"@type\":\"BreadcrumbList\",\"@id\":\"https:\/\/www.rome-roma.net\/it\/colonna-traiana\/progetto-traiano\/#breadcrumb\",\"itemListElement\":[{\"@type\":\"ListItem\",\"position\":1,\"name\":\"Accueil\",\"item\":\"https:\/\/www.rome-roma.net\/it\/\"},{\"@type\":\"ListItem\",\"position\":2,\"name\":\"Colonna Traiana\",\"item\":\"https:\/\/www.rome-roma.net\/it\/colonna-traiana\/\"},{\"@type\":\"ListItem\",\"position\":3,\"name\":\"Progetto Traiano\"}]}]}<\/script>\n<!-- \/ Yoast SEO plugin. -->","yoast_head_json":{"title":"Progetto Traiano &ndash; Rome-Roma","description":"Progetto di ricostituzione dell'intera colonna di Traiano a Roma, rilievi rappresentati in fregio, testi storici che descrivono le scene della colonna.","robots":{"index":"index","follow":"follow","max-snippet":"max-snippet:-1","max-image-preview":"max-image-preview:large","max-video-preview":"max-video-preview:-1"},"canonical":"https:\/\/www.rome-roma.net\/it\/colonna-traiana\/progetto-traiano\/","og_locale":"it_IT","og_type":"article","og_title":"Progetto Traiano &ndash; Rome-Roma","og_description":"Progetto di ricostituzione dell'intera colonna di Traiano a Roma, rilievi rappresentati in fregio, testi storici che descrivono le scene della colonna.","og_url":"https:\/\/www.rome-roma.net\/it\/colonna-traiana\/progetto-traiano\/","og_site_name":"Rome-Roma","article_modified_time":"2024-12-13T09:31:08+00:00","og_image":[{"width":692,"height":332,"url":"https:\/\/www.rome-roma.net\/wp-content\/uploads\/2020\/01\/colonne-trajane-21.jpg","type":"image\/jpeg"}],"twitter_card":"summary_large_image","twitter_misc":{"Tempo di lettura stimato":"2 minuti"},"schema":{"@context":"https:\/\/schema.org","@graph":[{"@type":"Organization","@id":"https:\/\/www.rome-roma.net\/it\/#organization","name":"Rome-Roma","url":"https:\/\/www.rome-roma.net\/it\/","sameAs":[],"logo":{"@type":"ImageObject","@id":"https:\/\/www.rome-roma.net\/it\/#logo","inLanguage":"it-IT","url":"https:\/\/www.rome-roma.net\/wp-content\/uploads\/2025\/07\/logo-rome-roma-420.jpg","contentUrl":"https:\/\/www.rome-roma.net\/wp-content\/uploads\/2025\/07\/logo-rome-roma-420.jpg","width":420,"height":420,"caption":"Rome-Roma"},"image":{"@id":"https:\/\/www.rome-roma.net\/it\/#logo"}},{"@type":"WebSite","@id":"https:\/\/www.rome-roma.net\/it\/#website","url":"https:\/\/www.rome-roma.net\/it\/","name":"Rome-Roma","description":"Cultura & Viaggio","publisher":{"@id":"https:\/\/www.rome-roma.net\/it\/#organization"},"potentialAction":[{"@type":"SearchAction","target":{"@type":"EntryPoint","urlTemplate":"https:\/\/www.rome-roma.net\/it\/?s={search_term_string}"},"query-input":"required name=search_term_string"}],"inLanguage":"it-IT"},{"@type":"ImageObject","@id":"https:\/\/www.rome-roma.net\/it\/colonna-traiana\/progetto-traiano\/#primaryimage","inLanguage":"it-IT","url":"https:\/\/www.rome-roma.net\/wp-content\/uploads\/2020\/01\/colonne-trajane-21.jpg","contentUrl":"https:\/\/www.rome-roma.net\/wp-content\/uploads\/2020\/01\/colonne-trajane-21.jpg","width":692,"height":332,"caption":"colonne-trajane"},{"@type":"WebPage","@id":"https:\/\/www.rome-roma.net\/it\/colonna-traiana\/progetto-traiano\/#webpage","url":"https:\/\/www.rome-roma.net\/it\/colonna-traiana\/progetto-traiano\/","name":"Progetto Traiano &ndash; Rome-Roma","isPartOf":{"@id":"https:\/\/www.rome-roma.net\/it\/#website"},"primaryImageOfPage":{"@id":"https:\/\/www.rome-roma.net\/it\/colonna-traiana\/progetto-traiano\/#primaryimage"},"datePublished":"2020-01-15T08:46:05+00:00","dateModified":"2024-12-13T09:31:08+00:00","description":"Progetto di ricostituzione dell'intera colonna di Traiano a Roma, rilievi rappresentati in fregio, testi storici che descrivono le scene della colonna.","breadcrumb":{"@id":"https:\/\/www.rome-roma.net\/it\/colonna-traiana\/progetto-traiano\/#breadcrumb"},"inLanguage":"it-IT","potentialAction":[{"@type":"ReadAction","target":["https:\/\/www.rome-roma.net\/it\/colonna-traiana\/progetto-traiano\/"]}]},{"@type":"BreadcrumbList","@id":"https:\/\/www.rome-roma.net\/it\/colonna-traiana\/progetto-traiano\/#breadcrumb","itemListElement":[{"@type":"ListItem","position":1,"name":"Accueil","item":"https:\/\/www.rome-roma.net\/it\/"},{"@type":"ListItem","position":2,"name":"Colonna Traiana","item":"https:\/\/www.rome-roma.net\/it\/colonna-traiana\/"},{"@type":"ListItem","position":3,"name":"Progetto Traiano"}]}]}},"acf_fields":{"nom_monument":null,"wikidata":"","sameas":null},"_links":{"self":[{"href":"https:\/\/www.rome-roma.net\/it\/wp-json\/wp\/v2\/site\/5526"}],"collection":[{"href":"https:\/\/www.rome-roma.net\/it\/wp-json\/wp\/v2\/site"}],"about":[{"href":"https:\/\/www.rome-roma.net\/it\/wp-json\/wp\/v2\/types\/site"}],"replies":[{"embeddable":true,"href":"https:\/\/www.rome-roma.net\/it\/wp-json\/wp\/v2\/comments?post=5526"}],"up":[{"embeddable":true,"href":"https:\/\/www.rome-roma.net\/it\/wp-json\/wp\/v2\/site\/5521"}],"wp:featuredmedia":[{"embeddable":true,"href":"https:\/\/www.rome-roma.net\/it\/wp-json\/wp\/v2\/media\/1335"}],"wp:attachment":[{"href":"https:\/\/www.rome-roma.net\/it\/wp-json\/wp\/v2\/media?parent=5526"}],"wp:term":[{"taxonomy":"genre","embeddable":true,"href":"https:\/\/www.rome-roma.net\/it\/wp-json\/wp\/v2\/genre?post=5526"},{"taxonomy":"interet","embeddable":true,"href":"https:\/\/www.rome-roma.net\/it\/wp-json\/wp\/v2\/interet?post=5526"},{"taxonomy":"quartier","embeddable":true,"href":"https:\/\/www.rome-roma.net\/it\/wp-json\/wp\/v2\/quartier?post=5526"},{"taxonomy":"categorie_site","embeddable":true,"href":"https:\/\/www.rome-roma.net\/it\/wp-json\/wp\/v2\/categorie_site?post=5526"},{"taxonomy":"quartier_historique","embeddable":true,"href":"https:\/\/www.rome-roma.net\/it\/wp-json\/wp\/v2\/quartier_historique?post=5526"},{"taxonomy":"etiquettes_site","embeddable":true,"href":"https:\/\/www.rome-roma.net\/it\/wp-json\/wp\/v2\/etiquettes_site?post=5526"}],"curies":[{"name":"wp","href":"https:\/\/api.w.org\/{rel}","templated":true}]}}