


{"id":5557,"date":"2020-01-16T10:50:25","date_gmt":"2020-01-16T09:50:25","guid":{"rendered":"https:\/\/www.rome-roma.net\/site\/forums-imperiaux\/"},"modified":"2026-04-05T11:09:12","modified_gmt":"2026-04-05T09:09:12","slug":"fori-imperiali","status":"publish","type":"site","link":"https:\/\/www.rome-roma.net\/it\/fori-imperiali\/","title":{"rendered":"Fori imperiali di Roma"},"content":{"rendered":"\n<p>I <strong>Fori Imperiali<\/strong>, oggi attraversati dall&#8217;avenue della via dei Fori Imperiali, che copre una vasta porzione di questo sito, formano un complesso architettonico di eccezionale portata. Questo complesso riunisce diversi edifici e piazze monumentali, edificati a partire dalla fine della Repubblica romana e durante i primi 150 anni dell&#8217;Impero romano.<\/p>\n<p>Alla fine della <strong>Repubblica romana<\/strong>, le conquiste di Roma si estendevano dalla <strong>Gallia<\/strong> all\u2019<strong>Asia Minore<\/strong>, mentre la citt\u00e0 viveva una rapida espansione demografica ed economica. L&#8217;antico <a href=\"https:\/\/www.rome-roma.net\/it\/foro-romano\/\"><strong>Foro Romano<\/strong><\/a>, divenuto insufficiente, non poteva pi\u00f9 soddisfare le esigenze amministrative, politiche e giudiziarie di una capitale in piena crescita. Nel 54 a.C., <strong>Giulio Cesare<\/strong> avvi\u00f2 l&#8217;ampliamento del Foro, non solo per necessit\u00e0, ma anche per affermare il suo potere, dando cos\u00ec origine al <a href=\"https:\/\/www.rome-roma.net\/it\/fori-imperiali\/foro-di-cesare\/\">Foro di Cesare<\/a>, inaugurato nel 46 a.C. Questa espansione prosegu\u00ec successivamente con il <a href=\"https:\/\/www.rome-roma.net\/it\/fori-imperiali\/foro-di-augusto\/\">Foro di Augusto<\/a>, seguito dal <a href=\"https:\/\/www.rome-roma.net\/it\/fori-imperiali\/tempio-della-pace\/\">Tempio della Pace di Vespasiano<\/a>, dal <a href=\"https:\/\/www.rome-roma.net\/it\/fori-imperiali\/foro-di-nerva\/\">Foro di Nerva<\/a> e, infine, dal <a href=\"https:\/\/www.rome-roma.net\/it\/foro-di-traiano\/\">Foro di Traiano<\/a>, il pi\u00f9 imponente e grandioso di tutti.<\/p>\n<h2>Panoramica del Foro di Cesare<\/h2>\n<div id=\"attachment_9818\" style=\"width: 310px\" class=\"wp-caption alignright\"><a href=\"https:\/\/www.rome-roma.net\/wp-content\/uploads\/2020\/01\/foro-di-cesare_9812.jpg\"><img aria-describedby=\"caption-attachment-9818\" loading=\"lazy\" class=\"wp-image-9818\" src=\"https:\/\/www.rome-roma.net\/wp-content\/uploads\/2020\/01\/foro-di-cesare_9812-1024x683.jpg\" alt=\"colonne tempio di venere, foro di cesare, roma\" width=\"300\" height=\"200\" srcset=\"https:\/\/www.rome-roma.net\/wp-content\/uploads\/2020\/01\/foro-di-cesare_9812-1024x683.jpg 1024w, https:\/\/www.rome-roma.net\/wp-content\/uploads\/2020\/01\/foro-di-cesare_9812-300x200.jpg 300w, https:\/\/www.rome-roma.net\/wp-content\/uploads\/2020\/01\/foro-di-cesare_9812-768x512.jpg 768w, https:\/\/www.rome-roma.net\/wp-content\/uploads\/2020\/01\/foro-di-cesare_9812.jpg 1200w\" sizes=\"(max-width: 300px) 100vw, 300px\" \/><\/a><p id=\"caption-attachment-9818\" class=\"wp-caption-text\">Colonne del Tempio di Venere Genitrice<\/p><\/div>\n<p>Primo dei fori imperiali, il <strong>Foro di Cesare<\/strong> fu costruito a partire dal 54 a.C. da <strong>Giulio Cesare<\/strong>, come estensione dei fori repubblicani, insufficienti di fronte all&#8217;aumento della popolazione. Il Foro occupava lo spazio tra l&#8217;antico foro e il <strong>colle Velia<\/strong>, che fu successivamente spianato durante il regno di Traiano. Questo foro era composto da una piazza stretta circondata da portici su tre lati, con al centro la statua equestre di Giulio Cesare. Il <strong>Tempio di Venere Genitrice<\/strong>, inaugurato da Cesare nel 46 a.C., si trovava su uno dei lati. Oggi ne rimangono tre colonne e il podio. Si possono vedere anche i resti di un portico della Basilica Argentaria e un&#8217;imponente latrina. Le Tabernae, invece, risalgono all&#8217;epoca di Cesare.<\/p>\n<p>\u2192 Leggi anche la pagina dedicata al <a href=\"https:\/\/www.rome-roma.net\/it\/fori-imperiali\/foro-di-cesare\/\">Foro di Cesare<\/a><\/p>\n\n\n<h2>Panoramica del Foro di Augusto<\/h2>\n<div id=\"attachment_25442\" style=\"width: 310px\" class=\"wp-caption alignleft\"><a href=\"https:\/\/www.rome-roma.net\/wp-content\/uploads\/2020\/01\/tempio-di-marte-ultore-foro-di-augusto-6123.jpg\"><img aria-describedby=\"caption-attachment-25442\" loading=\"lazy\" class=\"wp-image-25442 size-medium\" src=\"https:\/\/www.rome-roma.net\/wp-content\/uploads\/2020\/01\/tempio-di-marte-ultore-foro-di-augusto-6123-300x200.jpg\" alt=\"tempio-di-marte-ultore-foro-di-augusto _6123\" width=\"300\" height=\"200\" srcset=\"https:\/\/www.rome-roma.net\/wp-content\/uploads\/2020\/01\/tempio-di-marte-ultore-foro-di-augusto-6123-300x200.jpg 300w, https:\/\/www.rome-roma.net\/wp-content\/uploads\/2020\/01\/tempio-di-marte-ultore-foro-di-augusto-6123-1024x683.jpg 1024w, https:\/\/www.rome-roma.net\/wp-content\/uploads\/2020\/01\/tempio-di-marte-ultore-foro-di-augusto-6123-768x512.jpg 768w, https:\/\/www.rome-roma.net\/wp-content\/uploads\/2020\/01\/tempio-di-marte-ultore-foro-di-augusto-6123.jpg 1200w\" sizes=\"(max-width: 300px) 100vw, 300px\" \/><\/a><p id=\"caption-attachment-25442\" class=\"wp-caption-text\">Foro di Augusto<\/p><\/div>\n<p>Inaugurato nel 2 a.C., questo foro fu edificato da <strong>Ottaviano Augusto<\/strong> per celebrare la sua vittoria, insieme a <strong>Marco Antonio<\/strong>, su <strong>Bruto<\/strong> e <strong>Cassio<\/strong> durante la <strong>battaglia di Filippi<\/strong> nel 42 a.C. Questa vittoria segn\u00f2 non solo il consolidamento del suo potere a Roma, ma anche la vendetta per l&#8217;assassinio di suo zio e padre adottivo, Giulio Cesare.<\/p>\n<p>Augusto decise di erigere qui un tempio dedicato a <strong>Marte Ultore<\/strong>, il Marte vendicatore, di cui oggi restano alcune scale e tre colonne. Una parte del portico ospitava una statua colossale del Genio di Augusto. Il fondo del foro era delimitato da un imponente muro in peperino, alto 33 metri, che isolava il foro dal quartiere di <strong>Suburra<\/strong> e dai frequenti incendi che si propagavano attraverso le sue costruzioni in legno. Il foro possedeva due ingressi, uno dei quali passava sotto l&#8217;Arco dei Pantani.<\/p>\n<p>\u2192 Leggi anche la pagina dedicata al <a href=\"https:\/\/www.rome-roma.net\/it\/fori-imperiali\/foro-di-augusto\/\">Foro di Augusto<\/a><\/p>\n<h2>Panoramica del Tempio della Pace<\/h2>\n<div style=\"width: 310px\" class=\"wp-caption alignright\"><a href=\"https:\/\/www.rome-roma.net\/photos\/museoforiimperiali-marchetrajan\/images\/tempiodellapace_templedelapaix_roma_16130.jpg\"><img loading=\"lazy\" src=\"https:\/\/www.rome-roma.net\/photos\/museoforiimperiali-marchetrajan\/images\/tempiodellapace_templedelapaix_roma_16130.jpg\" alt=\"tempio della pace\" width=\"300\" height=\"200\" align=\"right\" border=\"0\" hspace=\"10\" vspace=\"10\"><\/a><p class=\"wp-caption-text\">Ricostruzione del Foro della Pace<\/p><\/div>\n<p>Il <strong>Tempio della Pace<\/strong>, conosciuto anche come <strong>Foro della Pace<\/strong>, fu in parte finanziato con il bottino della <strong>campagna di Giudea<\/strong> condotta da <strong>Vespasiano<\/strong>, grazie alla sua vittoria nel 70 d.C.<\/p>\n<p>Questo complesso comprendeva una piazza rettangolare, circondata da tre portici, con un tempio dedicato alla Pace su uno dei suoi lati. Era delimitato da ampie sale, probabilmente utilizzate come biblioteche, una delle quali fu trasformata nel VI secolo d.C. nella <a href=\"https:\/\/www.rome-roma.net\/it\/basilica-dei-santi-cosma-e-damiano\/\">chiesa dei Santi Cosma e Damiano<\/a>. Nelle vicinanze si trovava la <strong>Forma Urbis<\/strong>, il celebre piano di Roma realizzato sotto l&#8217;imperatore Settimio Severo e inciso nel marmo.<\/p>\n<p>\u2192 Leggi anche la pagina dedicata al <a href=\"https:\/\/www.rome-roma.net\/it\/fori-imperiali\/tempio-della-pace\/\">Tempio della Pace<\/a><\/p>\n<h2>Panoramica del Foro di Nerva<\/h2>\n<div id=\"attachment_25457\" style=\"width: 310px\" class=\"wp-caption alignleft\"><a href=\"https:\/\/www.rome-roma.net\/wp-content\/uploads\/2020\/01\/foro-di-nerva-1474.jpg\"><img aria-describedby=\"caption-attachment-25457\" loading=\"lazy\" class=\"wp-image-25457 size-medium\" src=\"https:\/\/www.rome-roma.net\/wp-content\/uploads\/2020\/01\/foro-di-nerva-1474-300x200.jpg\" alt=\"foro-di-nerva_1474\" width=\"300\" height=\"200\" srcset=\"https:\/\/www.rome-roma.net\/wp-content\/uploads\/2020\/01\/foro-di-nerva-1474-300x200.jpg 300w, https:\/\/www.rome-roma.net\/wp-content\/uploads\/2020\/01\/foro-di-nerva-1474-1024x683.jpg 1024w, https:\/\/www.rome-roma.net\/wp-content\/uploads\/2020\/01\/foro-di-nerva-1474-768x512.jpg 768w, https:\/\/www.rome-roma.net\/wp-content\/uploads\/2020\/01\/foro-di-nerva-1474.jpg 1199w\" sizes=\"(max-width: 300px) 100vw, 300px\" \/><\/a><p id=\"caption-attachment-25457\" class=\"wp-caption-text\">Colonnato del Foro di Nerva<\/p><\/div>\n<p>La costruzione di questo foro inizi\u00f2 sotto il regno di <strong>Domiziano<\/strong>, che mor\u00ec nel 96, e fu completata da <strong>Nerva<\/strong> nel 97. All&#8217;epoca, lo spazio relativamente stretto era occupato da mercanti e situato sopra la porzione sotterranea del monumentale sistema fognario della <strong>Cloaca Massima<\/strong>, che scendeva dal quartiere di <strong>Suburra<\/strong>. La piazza, lunga 114 metri e larga 45 metri, era circondata da un semplice colonnato, di cui oggi restano solo due colonne. Un tempio dedicato a Minerva si ergeva contro il muro che separava il foro dal quartiere di Suburra.<br>\u2192 Leggi anche la pagina dedicata al <a href=\"https:\/\/www.rome-roma.net\/it\/fori-imperiali\/foro-di-nerva\/\">Foro di Nerva<\/a><\/p>\n<h2>Panoramica del Foro di Traiano<\/h2>\n<div id=\"attachment_25422\" style=\"width: 310px\" class=\"wp-caption alignright\"><a href=\"https:\/\/www.rome-roma.net\/wp-content\/uploads\/2020\/01\/foro-di-traiano-roma-6130.jpg\"><img aria-describedby=\"caption-attachment-25422\" loading=\"lazy\" class=\"wp-image-25422\" src=\"https:\/\/www.rome-roma.net\/wp-content\/uploads\/2020\/01\/foro-di-traiano-roma-6130-1024x683.jpg\" alt=\"foro-di-traiano-roma _6130\" width=\"300\" height=\"200\" srcset=\"https:\/\/www.rome-roma.net\/wp-content\/uploads\/2020\/01\/foro-di-traiano-roma-6130-1024x683.jpg 1024w, https:\/\/www.rome-roma.net\/wp-content\/uploads\/2020\/01\/foro-di-traiano-roma-6130-300x200.jpg 300w, https:\/\/www.rome-roma.net\/wp-content\/uploads\/2020\/01\/foro-di-traiano-roma-6130-768x512.jpg 768w, https:\/\/www.rome-roma.net\/wp-content\/uploads\/2020\/01\/foro-di-traiano-roma-6130.jpg 1200w\" sizes=\"(max-width: 300px) 100vw, 300px\" \/><\/a><p id=\"caption-attachment-25422\" class=\"wp-caption-text\">Mercati di Traiano<\/p><\/div>\n<p>Ultimo dei fori imperiali costruiti, il <a href=\"https:\/\/www.rome-roma.net\/it\/foro-di-traiano\/\"><strong>Foro di Traiano<\/strong><\/a> fu inaugurato nel 112 d.C. come il pi\u00f9 grandioso di questi fori imperiali. Progettato dall&#8217;architetto <strong>Apollodoro di Damasco<\/strong>, la sua costruzione inizi\u00f2 nel 107, dopo il trionfo di <strong>Traiano<\/strong> sui <strong>Daci<\/strong>, nell&#8217;attuale Romania, al termine di due difficili campagne militari. Questo foro celebr\u00f2 tale vittoria, ma rispondeva anche alla necessit\u00e0 di alleggerire le attivit\u00e0 giudiziarie. Infatti, era da anni che veniva preparato un terreno edificabile tagliando il colle che collegava il Campidoglio al Quirinale, tra il 95 e il 105, grazie a un considerevole sbancamento di quasi 300.000 m\u00b3 di tufo.<\/p>\n<p>Il foro comprendeva una vasta piazza rettangolare, circondata da portici, e dominata a nord dalla <strong>basilica Ulpia<\/strong>, un immenso tribunale a cinque navate. La <a href=\"https:\/\/www.rome-roma.net\/it\/colonna-traiano\/\" target=\"_blank\" rel=\"noopener\"><strong>colonna di Traiano<\/strong><\/a>, situata a nord del foro, commemora le campagne del sovrano contro i Daci. Oggi, la parte superiore del complesso ospita il <a href=\"https:\/\/www.rome-roma.net\/it\/mercati-di-traiano\/\" target=\"_blank\" rel=\"noopener\"><strong>Museo dei Fori Imperiali<\/strong><\/a>.<\/p>\n<p>\u2192 Leggi anche la pagina dedicata al <a href=\"https:\/\/www.rome-roma.net\/it\/foro-di-traiano\/\">Foro di Traiano<\/a><\/p>\n<h2>Visita dei fori imperiali<\/h2>\n<p>I <strong>fori imperiali<\/strong> sono principalmente visibili dalla via dei Fori Imperiali, il viale che attraversa il sito, offrendo una vista panoramica sui resti, in particolare la colonna di Traiano, uno dei punti di interesse principali. L&#8217;accesso al sito del Foro di Traiano pu\u00f2 avvenire anche da nord, entrando nei Mercati di Traiano, un bel complesso che oggi ospita il Museo dei Fori Imperiali.<\/p>\n<p>Recenti interventi hanno reso pi\u00f9 facile la visita dei resti, consentendo ai visitatori di passeggiare attraverso alcuni fori, anche se l&#8217;accesso \u00e8 talvolta limitato in base alla manutenzione dei siti e ai progetti di conservazione in corso. Questi interventi includono percorsi pedonali, pannelli esplicativi e supporti interattivi per arricchire l&#8217;esperienza. Le visite possono essere guidate e\/o combinate con il biglietto d&#8217;accesso al parco archeologico del Colosseo.<\/p>\n\n\n<p align=\"left\"><a href=\"https:\/\/www.rome-roma.net\/photos\/museoforiimperiali-marchetrajan\/images\/museoforiimperiali_16140.jpg\" rel=\"lightbox\"><img loading=\"lazy\" src=\"https:\/\/www.rome-roma.net\/photos\/museoforiimperiali-marchetrajan\/images\/museoforiimperiali_16140.jpg\" alt=\"reconstitution des forums imp\u00e9riaux \u00e0 Rome\" width=\"179\" vspace=\"5\" hspace=\"5\" height=\"179\" border=\"0\"><\/a> <a href=\"https:\/\/www.rome-roma.net\/cartes\/plan-forums-romains-rome.jpg\" rel=\"lightbox\"><img loading=\"lazy\" src=\"https:\/\/www.rome-roma.net\/cartes\/plan-forums-romains-rome.jpg\" alt=\"forums romains \u00e0 Rome\" width=\"230\" vspace=\"5\" hspace=\"5\" height=\"179\" border=\"0\"><\/a><a href=\"https:\/\/www.rome-roma.net\/rome_roma\/cartes\/rome_forumsimperiaux_shep.jpg\" rel=\"lightbox\"><img loading=\"lazy\" src=\"https:\/\/www.rome-roma.net\/rome_roma\/cartes\/rome_forumsimperiaux_shepb.jpg\" alt=\"carte forums imperiaux rome\" width=\"150\" vspace=\"5\" hspace=\"5\" height=\"179\" border=\"0\" align=\"top\"><\/a><\/p>\n\n\n<p><!--StartFragment--><\/p>\n\n\n<h2>Cartina ed indirizzo<\/h2>\r\n\t\t<b>Indirizzo : <\/b>Via dei Fori Imperiali, 00184 Roma<div id=\"travelersmap-container-69f37ca5c8565\" class=\"travelersmap-container\" style=\"z-index: 1; min-height: 10px; min-width:10px; height:400px;width:100%; max-width:; max-height:; position:relative;\"><div style=\"position:absolute; z-index:-1;top: 50%;text-align: center;display: block;left: 50%;transform: translate(-50%,-50%);\">Travelers' Map is loading... <br> If you see this after your page is loaded completely, leafletJS files are missing.<\/div><\/div><i>Clicca sulla freccia per localizzarti sulla mappa<\/i><br>\n\n\n\n<h2>Vedute antiche nel arte<\/h2><div>3 opere di Fori imperiali di Roma sono state trovate nella database. Per vederle tutte aprire questo <a href=\"https:\/\/www.rome-roma.net\/site-rome-art.php?lieu=forums+imperiaux\" target=\"_blank\">collegamento<\/a>.<\/div><div class=\"wp-block-kadence-advancedgallery kb-gallery-wrap-id-_5955fd-3f\">\r\n        <div class=\"kb-gallery-ul kb-gallery-type-fluidcarousel kb-gallery-id-_5955fd-3f kb-gallery-caption-style-below kb-gallery-magnific-init kb-gallery-filter-none\" data-image-filter=\"none\" data-lightbox-caption=\"true\">\r\n            <div class=\"kt-blocks-carousel kt-carousel-container-dotstyle-dark\">\r\n                <div class=\"kt-blocks-carousel-init kb-blocks-fluid-carousel kt-carousel-arrowstyle-whiteondark kt-carousel-dotstyle-dark\" data-slider-anim-speed=\"400\" data-slider-type=\"fluidcarousel\" data-slider-scroll=\"1\" data-slider-arrows=\"true\" data-slider-dots=\"true\" data-slider-hover-pause=\"false\" data-slider-auto=\"false\" data-slider-speed=\"7000\">\r\n        <div class=\"kb-slide-item kb-gallery-carousel-item\"><li class=\"kadence-blocks-gallery-item\"><div class=\"kadence-blocks-gallery-item-inner\">\r\n            <figure class=\"kb-gallery-figure kb-gallery-item-has-link kadence-blocks-gallery-item-has-caption\">\r\n                <a href=\"https:\/\/www.rome-roma.net\/artmodule\/antonietta brandeis\/antonietta brandeis forums imperiaux temple.jpg\" class=\"kb-gallery-item-link\" style=\"color: #FFFFFF;\">\r\n                    <div class=\"kb-gal-image-radius\"><div class=\"kb-gallery-image-contain\">\r\n                        <img src=\"https:\/\/www.rome-roma.net\/artmodule\/antonietta brandeis\/antonietta brandeis forums imperiaux temple.jpg\" width=\"300\" height=\"200\" \r\n                            alt=\"Antonietta Brandeis,Temple des forums imp\u00e9riaux (1878-1893, date ind\u00e9termin\u00e9e)\" \r\n                            data-full-image=\"https:\/\/www.rome-roma.net\/artmodule\/antonietta brandeis\/antonietta brandeis forums imperiaux temple.jpg\" \r\n                            data-light-image=\"https:\/\/www.rome-roma.net\/artmodule\/antonietta brandeis\/antonietta brandeis forums imperiaux temple.jpg\" data-id=\"149\" \r\n                            data-link=\"https:\/\/www.rome-roma.net\/artmodule\/antonietta brandeis\/antonietta brandeis forums imperiaux temple.jpg\" \r\n                            class=\"wp-image-149\" loading=lazy\/>\r\n                    <\/div><\/div>\r\n                    <figcaption class=\"kadence-blocks-gallery-item__caption\">Antonietta Brandeis, Temple des forums imp\u00e9riaux<\/figcaption>\r\n                <\/a>\r\n            <\/figure><\/div><\/li><\/div>\r\n        <div class=\"kb-slide-item kb-gallery-carousel-item\"><li class=\"kadence-blocks-gallery-item\"><div class=\"kadence-blocks-gallery-item-inner\">\r\n            <figure class=\"kb-gallery-figure kb-gallery-item-has-link kadence-blocks-gallery-item-has-caption\">\r\n                <a href=\"https:\/\/www.rome-roma.net\/artmodule\/charles louis clerisseau\/charles louis clerisseau - forum de nerva.jpg\" class=\"kb-gallery-item-link\" style=\"color: #FFFFFF;\">\r\n                    <div class=\"kb-gal-image-radius\"><div class=\"kb-gallery-image-contain\">\r\n                        <img src=\"https:\/\/www.rome-roma.net\/artmodule\/charles louis clerisseau\/charles louis clerisseau - forum de nerva.jpg\" width=\"300\" height=\"200\" \r\n                            alt=\"Charles-Louis Cl\u00e9risseau,Forum de Nerva (1740-1760, date ind\u00e9termin\u00e9e)\" \r\n                            data-full-image=\"https:\/\/www.rome-roma.net\/artmodule\/charles louis clerisseau\/charles louis clerisseau - forum de nerva.jpg\" \r\n                            data-light-image=\"https:\/\/www.rome-roma.net\/artmodule\/charles louis clerisseau\/charles louis clerisseau - forum de nerva.jpg\" data-id=\"149\" \r\n                            data-link=\"https:\/\/www.rome-roma.net\/artmodule\/charles louis clerisseau\/charles louis clerisseau - forum de nerva.jpg\" \r\n                            class=\"wp-image-149\" loading=lazy\/>\r\n                    <\/div><\/div>\r\n                    <figcaption class=\"kadence-blocks-gallery-item__caption\">Charles-Louis Cl\u00e9risseau, Forum de Nerva<\/figcaption>\r\n                <\/a>\r\n            <\/figure><\/div><\/li><\/div>\r\n        <div class=\"kb-slide-item kb-gallery-carousel-item\"><li class=\"kadence-blocks-gallery-item\"><div class=\"kadence-blocks-gallery-item-inner\">\r\n            <figure class=\"kb-gallery-figure kb-gallery-item-has-link kadence-blocks-gallery-item-has-caption\">\r\n                <a href=\"https:\/\/www.rome-roma.net\/artmodule\/david roberts\/david roberts - palace of minerva - rome - 1859 - atkinson art gallery.jpg\" class=\"kb-gallery-item-link\" style=\"color: #FFFFFF;\">\r\n                    <div class=\"kb-gal-image-radius\"><div class=\"kb-gallery-image-contain\">\r\n                        <img src=\"https:\/\/www.rome-roma.net\/artmodule\/david roberts\/david roberts - palace of minerva - rome - 1859 - atkinson art gallery.jpg\" width=\"300\" height=\"200\" \r\n                            alt=\"David Roberts,Forum de Nerva (1859)\" \r\n                            data-full-image=\"https:\/\/www.rome-roma.net\/artmodule\/david roberts\/david roberts - palace of minerva - rome - 1859 - atkinson art gallery.jpg\" \r\n                            data-light-image=\"https:\/\/www.rome-roma.net\/artmodule\/david roberts\/david roberts - palace of minerva - rome - 1859 - atkinson art gallery.jpg\" data-id=\"149\" \r\n                            data-link=\"https:\/\/www.rome-roma.net\/artmodule\/david roberts\/david roberts - palace of minerva - rome - 1859 - atkinson art gallery.jpg\" \r\n                            class=\"wp-image-149\" loading=lazy\/>\r\n                    <\/div><\/div>\r\n                    <figcaption class=\"kadence-blocks-gallery-item__caption\">David Roberts, Forum de Nerva<\/figcaption>\r\n                <\/a>\r\n            <\/figure><\/div><\/li><\/div><\/div><\/div><\/div><\/div><a href=\"https:\/\/www.rome-roma.net\/site-rome-art.php?lieu=forums+imperiaux\" target=\"_blank\">Clica per vedere oltre dipinti e artisti su Forums imp\u00e9riaux in Roma<\/a><br>\n\n\n\n<h2> Articoli sui Fori Imperiali <\/h2>\n\n\n\n<ul class=\"lcp_catlist\" id=\"lcp_instance_0\"><li class=\"current\"><a href=\"https:\/\/www.rome-roma.net\/it\/fori-imperiali\/\">Fori imperiali di Roma<\/a><a href=\"https:\/\/www.rome-roma.net\/it\/fori-imperiali\/\" title=\"Fori imperiali di Roma\"><img width=\"50\" height=\"50\" src=\"https:\/\/www.rome-roma.net\/wp-content\/uploads\/2020\/01\/mercatiditraianoforo_roma_16371-150x150.jpg\" class=\"classthumblist wp-post-image\" alt=\"Fori imperiali di Roma\" loading=\"lazy\" srcset=\"https:\/\/www.rome-roma.net\/wp-content\/uploads\/2020\/01\/mercatiditraianoforo_roma_16371-150x150.jpg 150w, https:\/\/www.rome-roma.net\/wp-content\/uploads\/2020\/01\/mercatiditraianoforo_roma_16371-50x50.jpg 50w, https:\/\/www.rome-roma.net\/wp-content\/uploads\/2020\/01\/mercatiditraianoforo_roma_16371-80x80.jpg 80w, https:\/\/www.rome-roma.net\/wp-content\/uploads\/2020\/01\/mercatiditraianoforo_roma_16371-75x75.jpg 75w\" sizes=\"(max-width: 50px) 100vw, 50px\" \/><\/a><div class=\"lcp_excerpt\">\nI Fori Imperiali, oggi attraversati dall&#8217;avenue della via dei Fori Imperiali, che copre una vasta porzione di questo sito, formano un complesso architettonico di eccezionale portata. Questo complesso riunisce diversi ...<\/div><\/li><li><a href=\"https:\/\/www.rome-roma.net\/it\/fori-imperiali\/foro-di-augusto\/\">Foro di Augusto<\/a><a href=\"https:\/\/www.rome-roma.net\/it\/fori-imperiali\/foro-di-augusto\/\" title=\"Foro di Augusto\"><img width=\"50\" height=\"50\" src=\"https:\/\/www.rome-roma.net\/wp-content\/uploads\/2020\/01\/forodiaugusto_14771-150x150.jpg\" class=\"classthumblist wp-post-image\" alt=\"Foro di Augusto\" loading=\"lazy\" srcset=\"https:\/\/www.rome-roma.net\/wp-content\/uploads\/2020\/01\/forodiaugusto_14771-150x150.jpg 150w, https:\/\/www.rome-roma.net\/wp-content\/uploads\/2020\/01\/forodiaugusto_14771-50x50.jpg 50w, https:\/\/www.rome-roma.net\/wp-content\/uploads\/2020\/01\/forodiaugusto_14771-80x80.jpg 80w, https:\/\/www.rome-roma.net\/wp-content\/uploads\/2020\/01\/forodiaugusto_14771-75x75.jpg 75w\" sizes=\"(max-width: 50px) 100vw, 50px\" \/><\/a><div class=\"lcp_excerpt\">\nInaugurato nel 2 a.C., il Foro di Augusto fu costruito per iniziativa dell&#8217;imperatore Augusto per celebrare le sue vittorie militari, come in Egitto o nella battaglia di Filippi al fianco ...<\/div><\/li><li><a href=\"https:\/\/www.rome-roma.net\/it\/fori-imperiali\/foro-di-cesare\/\">Foro di Cesare<\/a><a href=\"https:\/\/www.rome-roma.net\/it\/fori-imperiali\/foro-di-cesare\/\" title=\"Foro di Cesare\"><img width=\"50\" height=\"50\" src=\"https:\/\/www.rome-roma.net\/wp-content\/uploads\/2020\/01\/rome_forumdecesar_98121-150x150.jpg\" class=\"classthumblist wp-post-image\" alt=\"Foro di Cesare\" loading=\"lazy\" srcset=\"https:\/\/www.rome-roma.net\/wp-content\/uploads\/2020\/01\/rome_forumdecesar_98121-150x150.jpg 150w, https:\/\/www.rome-roma.net\/wp-content\/uploads\/2020\/01\/rome_forumdecesar_98121-50x50.jpg 50w, https:\/\/www.rome-roma.net\/wp-content\/uploads\/2020\/01\/rome_forumdecesar_98121-80x80.jpg 80w, https:\/\/www.rome-roma.net\/wp-content\/uploads\/2020\/01\/rome_forumdecesar_98121-75x75.jpg 75w\" sizes=\"(max-width: 50px) 100vw, 50px\" \/><\/a><div class=\"lcp_excerpt\">\n\nIl Foro di Cesare fu il primo dei fori imperiali costruiti nel I secolo a.C., i fori repubblicani non erano pi\u00f9 sufficienti per coprire le esigenze di una popolazione in ...<\/div><\/li><li><a href=\"https:\/\/www.rome-roma.net\/it\/fori-imperiali\/foro-di-nerva\/\">Foro di Nerva<\/a><a href=\"https:\/\/www.rome-roma.net\/it\/fori-imperiali\/foro-di-nerva\/\" title=\"Foro di Nerva\"><img width=\"50\" height=\"50\" src=\"https:\/\/www.rome-roma.net\/wp-content\/uploads\/2020\/01\/portico_colone_forodinerva_1474b1-150x150.jpg\" class=\"classthumblist wp-post-image\" alt=\"Foro di Nerva\" loading=\"lazy\" srcset=\"https:\/\/www.rome-roma.net\/wp-content\/uploads\/2020\/01\/portico_colone_forodinerva_1474b1-150x150.jpg 150w, https:\/\/www.rome-roma.net\/wp-content\/uploads\/2020\/01\/portico_colone_forodinerva_1474b1-50x50.jpg 50w, https:\/\/www.rome-roma.net\/wp-content\/uploads\/2020\/01\/portico_colone_forodinerva_1474b1-80x80.jpg 80w, https:\/\/www.rome-roma.net\/wp-content\/uploads\/2020\/01\/portico_colone_forodinerva_1474b1-75x75.jpg 75w\" sizes=\"(max-width: 50px) 100vw, 50px\" \/><\/a><div class=\"lcp_excerpt\">\n\nIniziato dall&#8217;imperatore Domiziano, che fu assassinato nel 96 d.C., questo foro fu completato nel 97 da Nerva. Il suo regno dur\u00f2 solo 2 anni, ma fu sufficiente per qualificarlo come ...<\/div><\/li><li><a href=\"https:\/\/www.rome-roma.net\/it\/foro-di-traiano\/\">Foro di Traiano<\/a><a href=\"https:\/\/www.rome-roma.net\/it\/foro-di-traiano\/\" title=\"Foro di Traiano\"><img width=\"50\" height=\"50\" src=\"https:\/\/www.rome-roma.net\/wp-content\/uploads\/2020\/01\/forum-marche-trajan-Rome_23841-150x150.jpg\" class=\"classthumblist wp-post-image\" alt=\"Foro di Traiano\" loading=\"lazy\" srcset=\"https:\/\/www.rome-roma.net\/wp-content\/uploads\/2020\/01\/forum-marche-trajan-Rome_23841-150x150.jpg 150w, https:\/\/www.rome-roma.net\/wp-content\/uploads\/2020\/01\/forum-marche-trajan-Rome_23841-50x50.jpg 50w, https:\/\/www.rome-roma.net\/wp-content\/uploads\/2020\/01\/forum-marche-trajan-Rome_23841-80x80.jpg 80w, https:\/\/www.rome-roma.net\/wp-content\/uploads\/2020\/01\/forum-marche-trajan-Rome_23841-75x75.jpg 75w\" sizes=\"(max-width: 50px) 100vw, 50px\" \/><\/a><div class=\"lcp_excerpt\">Costruito all&#8217;inizio del II secolo dall&#8217;imperatore Traiano e dall&#8217;architetto Apollodoro di Damasco, il complesso completava la sequenza dei Fori Imperiali e spingeva ai limiti le capacit\u00e0 tecniche dell&#8217;urbanistica romana: una ...<\/div><\/li><li><a href=\"https:\/\/www.rome-roma.net\/it\/fori-imperiali\/tempio-della-pace\/\">Tempio della Pace<\/a><a href=\"https:\/\/www.rome-roma.net\/it\/fori-imperiali\/tempio-della-pace\/\" title=\"Tempio della Pace\"><img src=\"https:\/\/www.rome-roma.net\/photos\/museoforiimperiali-marchetrajan\/images\/tempiodellapace_templedelapaix_roma_16130.jpg\" class=\"classthumblist\"  alt=\"Tempio della Pace\" \/><\/a><div class=\"lcp_excerpt\">\nIl Tempio della Pace (noto anche come Foro della Pace) fu in parte costruito con il bottino della campagna giudaica guidata da Vespasiano, con la vittoria nell&#8217;anno 70.Fu inaugurato nel ...<\/div><\/li><\/ul>\n\n\n<h2>Informazioni<\/h2>\n<table style=\"border-collapse: collapse; width: 100%;\">\n<tbody>\n<tr style=\"background-color: #fae8c3;\">\n<td style=\"width: 100%;\">\n<p><span style=\"font-size: 10pt;\"><strong>Fori imperiali<\/strong><\/span><br \/><span style=\"font-size: 10pt;\"><em>Via dei Fori Imperiali, 00186 Roma<\/em><\/span><\/p>\n<p><span style=\"font-size: 10pt;\">I Fori Imperiali sono visibili da \u00abvia dei Fori Imperiali\u00bb. L&#8217;interno dei <a href=\"https:\/\/www.rome-roma.net\/it\/mercati-di-traiano\/\">Mercati di Traiano<\/a> \u00e8 accessibile tramite il museo dedicato. <br \/>Una parte dei Fori Imperiali pu\u00f2 essere visitata anche tramite una passerella con il biglietto collegato al <a href=\"https:\/\/www.rome-roma.net\/it\/foro-romano\/\">Foro Romano<\/a> : <\/span><\/p>\n<ul>\n<li><span style=\"font-size: 10pt;\">Dal luned\u00ec alla domenica <br \/>9:00 &#8211; 17:30: dal 1\u00b0 al 28 marzo \/ 9:00 &#8211; 19:15: dal 29 marzo al 30 settembre<br \/>9:00 &#8211; 18:30: dal 1\u00b0 al 24 ottobre \/ 9:00 &#8211; 16:30: dal 25 ottobre al 28 febbraio<\/span><br \/><span style=\"font-size: 10pt;\">24 e 31 dicembre dalle 09:00 alle 16:00 \/ 1 gennaio 2026 dalle 08:30 alle 16:30 <\/span><\/li>\n<li><span style=\"font-size: 10pt;\">Ultimo ingresso sempre un\u2019ora prima della chiusura<\/span><\/li>\n<li><span style=\"font-size: 10pt;\">Il percorso attraversa una parte del Foro di Traiano, passa sotto via dei Fori Imperiali attraversando le cantine delle antiche abitazioni del Quartiere Alessandrino e, dopo aver attraversato il Foro di Cesare e una parte del Foro di Nerva, raggiunge la Curia Iulia nel Parco archeologico del Colosseo, per entrare nel Foro Romano.<br \/>L\u2019accesso all\u2019area \u00e8 consentito anche dai passaggi di Via Sacra\/Arco di Tito, via di S. Gregorio e, prossimamente, via del Tulliano, di fronte al Carcere Mamertino: in questo caso il percorso termina presso la biglietteria della Colonna Traiana in piazza della Madonna di Loreto.<br \/><\/span><\/li>\n<\/ul>\n<\/td>\n<\/tr>\n<tr style=\"background-color: #f7ece1;\">\n<td style=\"width: 100%;\">\n<p><strong><span style=\"font-size: 10pt;\">Fonti e informazioni<\/span><\/strong><\/p>\n<ul>\n<li><span style=\"font-size: 10pt;\">Siti ufficiali : <a href=\"https:\/\/www.sovraintendenzaroma.it\/i_luoghi\/roma_antica\/aree_archeologiche\/fori_imperiali\" target=\"_blank\" rel=\"noopener\">www.sovraintendenzaroma.it<\/a>, <a href=\"https:\/\/www.turismoroma.it\/it\/luoghi\/area-archeologica-dei-fori-imperiali\" target=\"_blank\" rel=\"noopener\">www.turismoroma.it<\/a><\/span><\/li>\n<li><a href=\"https:\/\/it.wikipedia.org\/wiki\/Fori_Imperiali\" target=\"_blank\" rel=\"noopener\"><span style=\"font-size: 10pt;\">Fori Imperiali su Wipipedia (IT)<\/span><\/a><\/li>\n<\/ul>\n<\/td>\n<\/tr>\n<\/tbody>\n<\/table>","protected":false},"excerpt":{"rendered":"<p>I Fori Imperiali, oggi attraversati dall&#8217;avenue della via dei Fori Imperiali, che copre una vasta porzione di questo sito, formano un complesso architettonico di eccezionale portata. Questo complesso riunisce diversi edifici e piazze monumentali, edificati a partire dalla fine della Repubblica romana e durante i primi 150 anni dell&#8217;Impero romano. Alla fine della Repubblica romana, [&hellip;]<\/p>\n","protected":false},"featured_media":404,"parent":0,"menu_order":0,"comment_status":"open","ping_status":"open","template":"","format":"standard","meta":{"kt_blocks_editor_width":"","_links_to":"","_links_to_target":""},"genre":[268,282],"interet":[288],"quartier":[314],"categorie_site":[433,425],"quartier_historique":[442,449],"etiquettes_site":[472],"acf":[],"yoast_head":"<!-- This site is optimized with the Yoast SEO plugin v17.4 - https:\/\/yoast.com\/wordpress\/plugins\/seo\/ -->\n<title>Fori imperiali di Roma &ndash; Rome-Roma<\/title>\n<meta name=\"description\" content=\"Visita e descrizione dei fori imperiali di Roma: il foro di Traiano e quelli di Nerva, Augusto e Vespasiano. Scoperta dei monumenti di Roma.\" \/>\n<meta name=\"robots\" content=\"index, follow, max-snippet:-1, max-image-preview:large, max-video-preview:-1\" \/>\n<link rel=\"canonical\" href=\"https:\/\/www.rome-roma.net\/it\/fori-imperiali\/\" \/>\n<meta property=\"og:locale\" content=\"it_IT\" \/>\n<meta property=\"og:type\" content=\"article\" \/>\n<meta property=\"og:title\" content=\"Fori imperiali di Roma &ndash; Rome-Roma\" \/>\n<meta property=\"og:description\" content=\"Visita e descrizione dei fori imperiali di Roma: il foro di Traiano e quelli di Nerva, Augusto e Vespasiano. Scoperta dei monumenti di Roma.\" \/>\n<meta property=\"og:url\" content=\"https:\/\/www.rome-roma.net\/it\/fori-imperiali\/\" \/>\n<meta property=\"og:site_name\" content=\"Rome-Roma\" \/>\n<meta property=\"article:modified_time\" content=\"2026-04-05T09:09:12+00:00\" \/>\n<meta property=\"og:image\" content=\"https:\/\/www.rome-roma.net\/wp-content\/uploads\/2020\/01\/mercatiditraianoforo_roma_16371.jpg\" \/>\n\t<meta property=\"og:image:width\" content=\"750\" \/>\n\t<meta property=\"og:image:height\" content=\"500\" \/>\n<meta name=\"twitter:card\" content=\"summary_large_image\" \/>\n<meta name=\"twitter:label1\" content=\"Tempo di lettura stimato\" \/>\n\t<meta name=\"twitter:data1\" content=\"8 minuti\" \/>\n<script type=\"application\/ld+json\" class=\"yoast-schema-graph\">{\"@context\":\"https:\/\/schema.org\",\"@graph\":[{\"@type\":\"Organization\",\"@id\":\"https:\/\/www.rome-roma.net\/it\/#organization\",\"name\":\"Rome-Roma\",\"url\":\"https:\/\/www.rome-roma.net\/it\/\",\"sameAs\":[],\"logo\":{\"@type\":\"ImageObject\",\"@id\":\"https:\/\/www.rome-roma.net\/it\/#logo\",\"inLanguage\":\"it-IT\",\"url\":\"https:\/\/www.rome-roma.net\/wp-content\/uploads\/2025\/07\/logo-rome-roma-420.jpg\",\"contentUrl\":\"https:\/\/www.rome-roma.net\/wp-content\/uploads\/2025\/07\/logo-rome-roma-420.jpg\",\"width\":420,\"height\":420,\"caption\":\"Rome-Roma\"},\"image\":{\"@id\":\"https:\/\/www.rome-roma.net\/it\/#logo\"}},{\"@type\":\"WebSite\",\"@id\":\"https:\/\/www.rome-roma.net\/it\/#website\",\"url\":\"https:\/\/www.rome-roma.net\/it\/\",\"name\":\"Rome-Roma\",\"description\":\"Cultura & Viaggio\",\"publisher\":{\"@id\":\"https:\/\/www.rome-roma.net\/it\/#organization\"},\"potentialAction\":[{\"@type\":\"SearchAction\",\"target\":{\"@type\":\"EntryPoint\",\"urlTemplate\":\"https:\/\/www.rome-roma.net\/it\/?s={search_term_string}\"},\"query-input\":\"required name=search_term_string\"}],\"inLanguage\":\"it-IT\"},{\"@type\":\"ImageObject\",\"@id\":\"https:\/\/www.rome-roma.net\/it\/fori-imperiali\/#primaryimage\",\"inLanguage\":\"it-IT\",\"url\":\"https:\/\/www.rome-roma.net\/wp-content\/uploads\/2020\/01\/mercatiditraianoforo_roma_16371.jpg\",\"contentUrl\":\"https:\/\/www.rome-roma.net\/wp-content\/uploads\/2020\/01\/mercatiditraianoforo_roma_16371.jpg\",\"width\":750,\"height\":500,\"caption\":\"Forums imp\\u00e9riaux\"},{\"@type\":\"WebPage\",\"@id\":\"https:\/\/www.rome-roma.net\/it\/fori-imperiali\/#webpage\",\"url\":\"https:\/\/www.rome-roma.net\/it\/fori-imperiali\/\",\"name\":\"Fori imperiali di Roma &ndash; Rome-Roma\",\"isPartOf\":{\"@id\":\"https:\/\/www.rome-roma.net\/it\/#website\"},\"primaryImageOfPage\":{\"@id\":\"https:\/\/www.rome-roma.net\/it\/fori-imperiali\/#primaryimage\"},\"datePublished\":\"2020-01-16T09:50:25+00:00\",\"dateModified\":\"2026-04-05T09:09:12+00:00\",\"description\":\"Visita e descrizione dei fori imperiali di Roma: il foro di Traiano e quelli di Nerva, Augusto e Vespasiano. Scoperta dei monumenti di Roma.\",\"breadcrumb\":{\"@id\":\"https:\/\/www.rome-roma.net\/it\/fori-imperiali\/#breadcrumb\"},\"inLanguage\":\"it-IT\",\"potentialAction\":[{\"@type\":\"ReadAction\",\"target\":[\"https:\/\/www.rome-roma.net\/it\/fori-imperiali\/\"]}]},{\"@type\":\"BreadcrumbList\",\"@id\":\"https:\/\/www.rome-roma.net\/it\/fori-imperiali\/#breadcrumb\",\"itemListElement\":[{\"@type\":\"ListItem\",\"position\":1,\"name\":\"Accueil\",\"item\":\"https:\/\/www.rome-roma.net\/it\/\"},{\"@type\":\"ListItem\",\"position\":2,\"name\":\"Fori imperiali di Roma\"}]}]}<\/script>\n<!-- \/ Yoast SEO plugin. -->","yoast_head_json":{"title":"Fori imperiali di Roma &ndash; Rome-Roma","description":"Visita e descrizione dei fori imperiali di Roma: il foro di Traiano e quelli di Nerva, Augusto e Vespasiano. Scoperta dei monumenti di Roma.","robots":{"index":"index","follow":"follow","max-snippet":"max-snippet:-1","max-image-preview":"max-image-preview:large","max-video-preview":"max-video-preview:-1"},"canonical":"https:\/\/www.rome-roma.net\/it\/fori-imperiali\/","og_locale":"it_IT","og_type":"article","og_title":"Fori imperiali di Roma &ndash; Rome-Roma","og_description":"Visita e descrizione dei fori imperiali di Roma: il foro di Traiano e quelli di Nerva, Augusto e Vespasiano. Scoperta dei monumenti di Roma.","og_url":"https:\/\/www.rome-roma.net\/it\/fori-imperiali\/","og_site_name":"Rome-Roma","article_modified_time":"2026-04-05T09:09:12+00:00","og_image":[{"width":750,"height":500,"url":"https:\/\/www.rome-roma.net\/wp-content\/uploads\/2020\/01\/mercatiditraianoforo_roma_16371.jpg","type":"image\/jpeg"}],"twitter_card":"summary_large_image","twitter_misc":{"Tempo di lettura stimato":"8 minuti"},"schema":{"@context":"https:\/\/schema.org","@graph":[{"@type":"Organization","@id":"https:\/\/www.rome-roma.net\/it\/#organization","name":"Rome-Roma","url":"https:\/\/www.rome-roma.net\/it\/","sameAs":[],"logo":{"@type":"ImageObject","@id":"https:\/\/www.rome-roma.net\/it\/#logo","inLanguage":"it-IT","url":"https:\/\/www.rome-roma.net\/wp-content\/uploads\/2025\/07\/logo-rome-roma-420.jpg","contentUrl":"https:\/\/www.rome-roma.net\/wp-content\/uploads\/2025\/07\/logo-rome-roma-420.jpg","width":420,"height":420,"caption":"Rome-Roma"},"image":{"@id":"https:\/\/www.rome-roma.net\/it\/#logo"}},{"@type":"WebSite","@id":"https:\/\/www.rome-roma.net\/it\/#website","url":"https:\/\/www.rome-roma.net\/it\/","name":"Rome-Roma","description":"Cultura & Viaggio","publisher":{"@id":"https:\/\/www.rome-roma.net\/it\/#organization"},"potentialAction":[{"@type":"SearchAction","target":{"@type":"EntryPoint","urlTemplate":"https:\/\/www.rome-roma.net\/it\/?s={search_term_string}"},"query-input":"required name=search_term_string"}],"inLanguage":"it-IT"},{"@type":"ImageObject","@id":"https:\/\/www.rome-roma.net\/it\/fori-imperiali\/#primaryimage","inLanguage":"it-IT","url":"https:\/\/www.rome-roma.net\/wp-content\/uploads\/2020\/01\/mercatiditraianoforo_roma_16371.jpg","contentUrl":"https:\/\/www.rome-roma.net\/wp-content\/uploads\/2020\/01\/mercatiditraianoforo_roma_16371.jpg","width":750,"height":500,"caption":"Forums imp\u00e9riaux"},{"@type":"WebPage","@id":"https:\/\/www.rome-roma.net\/it\/fori-imperiali\/#webpage","url":"https:\/\/www.rome-roma.net\/it\/fori-imperiali\/","name":"Fori imperiali di Roma &ndash; Rome-Roma","isPartOf":{"@id":"https:\/\/www.rome-roma.net\/it\/#website"},"primaryImageOfPage":{"@id":"https:\/\/www.rome-roma.net\/it\/fori-imperiali\/#primaryimage"},"datePublished":"2020-01-16T09:50:25+00:00","dateModified":"2026-04-05T09:09:12+00:00","description":"Visita e descrizione dei fori imperiali di Roma: il foro di Traiano e quelli di Nerva, Augusto e Vespasiano. Scoperta dei monumenti di Roma.","breadcrumb":{"@id":"https:\/\/www.rome-roma.net\/it\/fori-imperiali\/#breadcrumb"},"inLanguage":"it-IT","potentialAction":[{"@type":"ReadAction","target":["https:\/\/www.rome-roma.net\/it\/fori-imperiali\/"]}]},{"@type":"BreadcrumbList","@id":"https:\/\/www.rome-roma.net\/it\/fori-imperiali\/#breadcrumb","itemListElement":[{"@type":"ListItem","position":1,"name":"Accueil","item":"https:\/\/www.rome-roma.net\/it\/"},{"@type":"ListItem","position":2,"name":"Fori imperiali di Roma"}]}]}},"acf_fields":{"nom_monument":"Fori imperiali di Roma","wikidata":"Q8543335","sameas":"https:\/\/it.wikipedia.org\/wiki\/Fori_Imperiali"},"_links":{"self":[{"href":"https:\/\/www.rome-roma.net\/it\/wp-json\/wp\/v2\/site\/5557"}],"collection":[{"href":"https:\/\/www.rome-roma.net\/it\/wp-json\/wp\/v2\/site"}],"about":[{"href":"https:\/\/www.rome-roma.net\/it\/wp-json\/wp\/v2\/types\/site"}],"replies":[{"embeddable":true,"href":"https:\/\/www.rome-roma.net\/it\/wp-json\/wp\/v2\/comments?post=5557"}],"wp:featuredmedia":[{"embeddable":true,"href":"https:\/\/www.rome-roma.net\/it\/wp-json\/wp\/v2\/media\/404"}],"wp:attachment":[{"href":"https:\/\/www.rome-roma.net\/it\/wp-json\/wp\/v2\/media?parent=5557"}],"wp:term":[{"taxonomy":"genre","embeddable":true,"href":"https:\/\/www.rome-roma.net\/it\/wp-json\/wp\/v2\/genre?post=5557"},{"taxonomy":"interet","embeddable":true,"href":"https:\/\/www.rome-roma.net\/it\/wp-json\/wp\/v2\/interet?post=5557"},{"taxonomy":"quartier","embeddable":true,"href":"https:\/\/www.rome-roma.net\/it\/wp-json\/wp\/v2\/quartier?post=5557"},{"taxonomy":"categorie_site","embeddable":true,"href":"https:\/\/www.rome-roma.net\/it\/wp-json\/wp\/v2\/categorie_site?post=5557"},{"taxonomy":"quartier_historique","embeddable":true,"href":"https:\/\/www.rome-roma.net\/it\/wp-json\/wp\/v2\/quartier_historique?post=5557"},{"taxonomy":"etiquettes_site","embeddable":true,"href":"https:\/\/www.rome-roma.net\/it\/wp-json\/wp\/v2\/etiquettes_site?post=5557"}],"curies":[{"name":"wp","href":"https:\/\/api.w.org\/{rel}","templated":true}]}}