


{"id":5563,"date":"2020-01-16T12:34:16","date_gmt":"2020-01-16T11:34:16","guid":{"rendered":"https:\/\/www.rome-roma.net\/site\/fori-imperiali\/forum-de-nerva\/"},"modified":"2025-01-17T10:15:46","modified_gmt":"2025-01-17T09:15:46","slug":"foro-di-nerva","status":"publish","type":"site","link":"https:\/\/www.rome-roma.net\/it\/fori-imperiali\/foro-di-nerva\/","title":{"rendered":"Foro di Nerva"},"content":{"rendered":"\n<p><\/p>\n\n\n<div id=\"attachment_9791\" style=\"width: 310px\" class=\"wp-caption alignright\"><a href=\"https:\/\/www.rome-roma.net\/wp-content\/uploads\/2020\/01\/foro-di-nerva_1171.jpg\"><img aria-describedby=\"caption-attachment-9791\" loading=\"lazy\" class=\"size-medium wp-image-9791\" src=\"https:\/\/www.rome-roma.net\/wp-content\/uploads\/2020\/01\/foro-di-nerva_1171-300x200.jpg\" alt=\"foro-di-nerva_1171\" width=\"300\" height=\"200\" srcset=\"https:\/\/www.rome-roma.net\/wp-content\/uploads\/2020\/01\/foro-di-nerva_1171-300x200.jpg 300w, https:\/\/www.rome-roma.net\/wp-content\/uploads\/2020\/01\/foro-di-nerva_1171-1024x683.jpg 1024w, https:\/\/www.rome-roma.net\/wp-content\/uploads\/2020\/01\/foro-di-nerva_1171-768x512.jpg 768w, https:\/\/www.rome-roma.net\/wp-content\/uploads\/2020\/01\/foro-di-nerva_1171.jpg 1200w\" sizes=\"(max-width: 300px) 100vw, 300px\" \/><\/a><p id=\"caption-attachment-9791\" class=\"wp-caption-text\">Lato sud del foro<\/p><\/div>\n<p>Iniziato dall&#8217;imperatore <strong>Domiziano<\/strong>, che fu assassinato nel 96 d.C., questo foro fu completato nel 97 da <strong>Nerva<\/strong>. Il suo regno dur\u00f2 solo 2 anni, ma fu sufficiente per qualificarlo come un imperatore umanista.<br \/>I resti del <strong>Foro di Nerva<\/strong> possono oggi essere osservati su entrambi i lati della Via dei Fori Imperiali.<\/p>\n<h2>Storia e resti<\/h2>\n<p>Questo foro aveva una forma allungata e stretta, tra il Foro della Pace, il Foro di Cesare e il Foro di Augusto. Occupava lo spazio che in precedenza era attraversato dall&#8217;Argiletum, un passaggio tra il Foro Romano e il quartiere della <strong>Subura<\/strong>, che era occupato da mercanti. <br \/>Una semplice colonnata correva lungo le pareti.<\/p>\n<div style=\"width: 260px\" class=\"wp-caption alignleft\"><a href=\"https:\/\/www.rome-roma.net\/photos\/museoforiimperiali-marchetrajan\/images\/forodinerva_roma_16090.jpg\" rel=\"lightbox[a]\"><img loading=\"lazy\" src=\"https:\/\/www.rome-roma.net\/photos\/museoforiimperiali-marchetrajan\/images\/forodinerva_roma_16090.jpg\" alt=\"forum di nerva - ricostruzione\" width=\"250\" height=\"140\" border=\"0\" \/><\/a><p class=\"wp-caption-text\">Ricostruzione del Foro di Nerva<\/p><\/div>\n<p>Sul piccolo lato nord, verso la <a href=\"https:\/\/www.rome-roma.net\/it\/subura\/\">Subura<\/a>, sorgeva il <b>tempio di Minerva<\/b>. Rimase in piedi fino all&#8217;inizio del XVII secolo, quando papa Paolo V lo distrusse per recuperare il marmo e costruire la <a href=\"https:\/\/www.rome-roma.net\/it\/fontanone-acqua-paola\/\">fontana dell&#8217;Acqua Paola<\/a> sul <a href=\"https:\/\/www.rome-roma.net\/it\/quartiere\/gianicolo\/\">Gianicolo<\/a>. <b><br \/><\/b> Della colonnata, sono rimaste due colonne in marmo bianco (le &#8220;colonnacce&#8221;) davanti a una porzione del muro lungo l&#8217;attuale Via Cavour. Sulla parte della trabeazione sorretta dalle colonne \u00e8 rappresentato il mito di Aracne, e sull&#8217;attico una donna che porta uno scudo rappresenta probabilmente Atena o Minerva.<\/p>\n<div style=\"width: 202px\" class=\"wp-caption alignright\"><a href=\"https:\/\/www.rome-roma.net\/photos\/museoforiimperiali-marchetrajan\/images\/forodinerva_roma_16091.jpg\" rel=\"lightbox[a]\" data-toggle=\"lightbox\" data-type=\"image\" data-title=\"forum di nerva piano\" data-gallery=\"image-gallery\"><img loading=\"lazy\" src=\"https:\/\/www.rome-roma.net\/photos\/museoforiimperiali-marchetrajan\/images\/forodinerva_roma_16091.jpg\" alt=\"forum di nerva piano\" width=\"192\" height=\"121\" border=\"0\" \/><\/a><p class=\"wp-caption-text\">Il forum sulla Forma Urbis<\/p><\/div>\n<p>Dietro al tempio, un grande esedra a forma di ferro di cavallo, il Porticus absidata, costituiva un accesso monumentale al foro. <br \/>All&#8217;inizio del medioevo, nel IX secolo, delle abitazioni occupavano una parte del foro, con un portico e un piano superiore. Questo \u00e8 l&#8217;unico esempio di case di quell&#8217;epoca ritrovate a Roma.<\/p>\n<h2>Galleria foto<\/h2>\n\n\n<figure class=\"wp-container-3 wp-block-gallery-2 wp-block-gallery has-nested-images columns-5 is-cropped\">\n<figure class=\"wp-block-image size-large\"><img loading=\"lazy\" width=\"1200\" height=\"800\" data-id=\"9794\"  src=\"https:\/\/www.rome-roma.net\/wp-content\/uploads\/2020\/01\/foro-di-nerva_1171.jpg\" alt=\"foro-di-nerva_1171\" class=\"wp-image-9794\" srcset=\"https:\/\/www.rome-roma.net\/wp-content\/uploads\/2020\/01\/foro-di-nerva_1171.jpg 1200w, https:\/\/www.rome-roma.net\/wp-content\/uploads\/2020\/01\/foro-di-nerva_1171-300x200.jpg 300w, https:\/\/www.rome-roma.net\/wp-content\/uploads\/2020\/01\/foro-di-nerva_1171-1024x683.jpg 1024w, https:\/\/www.rome-roma.net\/wp-content\/uploads\/2020\/01\/foro-di-nerva_1171-768x512.jpg 768w\" sizes=\"(max-width: 1200px) 100vw, 1200px\" \/><figcaption>Lato sud del forum<\/figcaption><\/figure>\n\n\n\n<figure class=\"wp-block-image size-large\"><img loading=\"lazy\" width=\"800\" height=\"1200\" data-id=\"25516\"  src=\"https:\/\/www.rome-roma.net\/wp-content\/uploads\/2020\/01\/colonade-forum-nerva-1474.jpg\" alt=\"colonade-forum-nerva_1474\" class=\"wp-image-25516\" srcset=\"https:\/\/www.rome-roma.net\/wp-content\/uploads\/2020\/01\/colonade-forum-nerva-1474.jpg 800w, https:\/\/www.rome-roma.net\/wp-content\/uploads\/2020\/01\/colonade-forum-nerva-1474-200x300.jpg 200w, https:\/\/www.rome-roma.net\/wp-content\/uploads\/2020\/01\/colonade-forum-nerva-1474-683x1024.jpg 683w, https:\/\/www.rome-roma.net\/wp-content\/uploads\/2020\/01\/colonade-forum-nerva-1474-768x1152.jpg 768w\" sizes=\"(max-width: 800px) 100vw, 800px\" \/><figcaption>Colonnate<\/figcaption><\/figure>\n\n\n\n<figure class=\"wp-block-image size-large\"><img loading=\"lazy\" width=\"1199\" height=\"800\" data-id=\"25460\"  src=\"https:\/\/www.rome-roma.net\/wp-content\/uploads\/2020\/01\/foro-di-nerva-1474.jpg\" alt=\"foro-di-nerva_1474\" class=\"wp-image-25460\" srcset=\"https:\/\/www.rome-roma.net\/wp-content\/uploads\/2020\/01\/foro-di-nerva-1474.jpg 1199w, https:\/\/www.rome-roma.net\/wp-content\/uploads\/2020\/01\/foro-di-nerva-1474-300x200.jpg 300w, https:\/\/www.rome-roma.net\/wp-content\/uploads\/2020\/01\/foro-di-nerva-1474-1024x683.jpg 1024w, https:\/\/www.rome-roma.net\/wp-content\/uploads\/2020\/01\/foro-di-nerva-1474-768x512.jpg 768w\" sizes=\"(max-width: 1199px) 100vw, 1199px\" \/><figcaption>Colonnate<\/figcaption><\/figure>\n\n\n\n<figure class=\"wp-block-image size-large\"><img loading=\"lazy\" width=\"1200\" height=\"800\" data-id=\"25526\"  src=\"https:\/\/www.rome-roma.net\/wp-content\/uploads\/2020\/01\/foro-di-nerva-5593.jpg\" alt=\"foro-di-nerva_5593\" class=\"wp-image-25526\" srcset=\"https:\/\/www.rome-roma.net\/wp-content\/uploads\/2020\/01\/foro-di-nerva-5593.jpg 1200w, https:\/\/www.rome-roma.net\/wp-content\/uploads\/2020\/01\/foro-di-nerva-5593-300x200.jpg 300w, https:\/\/www.rome-roma.net\/wp-content\/uploads\/2020\/01\/foro-di-nerva-5593-1024x683.jpg 1024w, https:\/\/www.rome-roma.net\/wp-content\/uploads\/2020\/01\/foro-di-nerva-5593-768x512.jpg 768w\" sizes=\"(max-width: 1200px) 100vw, 1200px\" \/><figcaption>Colonnate<\/figcaption><\/figure>\n\n\n\n<figure class=\"wp-block-image size-large\"><img loading=\"lazy\" width=\"1200\" height=\"800\" data-id=\"25536\"  src=\"https:\/\/www.rome-roma.net\/wp-content\/uploads\/2020\/01\/forum-de-nerva-5595.jpg\" alt=\"forum-de-nerva_5595\" class=\"wp-image-25536\" srcset=\"https:\/\/www.rome-roma.net\/wp-content\/uploads\/2020\/01\/forum-de-nerva-5595.jpg 1200w, https:\/\/www.rome-roma.net\/wp-content\/uploads\/2020\/01\/forum-de-nerva-5595-300x200.jpg 300w, https:\/\/www.rome-roma.net\/wp-content\/uploads\/2020\/01\/forum-de-nerva-5595-1024x683.jpg 1024w, https:\/\/www.rome-roma.net\/wp-content\/uploads\/2020\/01\/forum-de-nerva-5595-768x512.jpg 768w\" sizes=\"(max-width: 1200px) 100vw, 1200px\" \/><\/figure>\n\n\n\n<figure class=\"wp-block-image size-large\"><img loading=\"lazy\" width=\"800\" height=\"1200\" data-id=\"25521\"  src=\"https:\/\/www.rome-roma.net\/wp-content\/uploads\/2020\/01\/foro-di-nerva-5592.jpg\" alt=\"foro-di-nerva_5592\" class=\"wp-image-25521\" srcset=\"https:\/\/www.rome-roma.net\/wp-content\/uploads\/2020\/01\/foro-di-nerva-5592.jpg 800w, https:\/\/www.rome-roma.net\/wp-content\/uploads\/2020\/01\/foro-di-nerva-5592-200x300.jpg 200w, https:\/\/www.rome-roma.net\/wp-content\/uploads\/2020\/01\/foro-di-nerva-5592-683x1024.jpg 683w, https:\/\/www.rome-roma.net\/wp-content\/uploads\/2020\/01\/foro-di-nerva-5592-768x1152.jpg 768w\" sizes=\"(max-width: 800px) 100vw, 800px\" \/><\/figure>\n\n\n\n<figure class=\"wp-block-image size-large\"><img loading=\"lazy\" width=\"800\" height=\"1200\" data-id=\"25531\"  src=\"https:\/\/www.rome-roma.net\/wp-content\/uploads\/2020\/01\/foro-di-nerva-5594.jpg\" alt=\"foro-di-nerva_5594\" class=\"wp-image-25531\" srcset=\"https:\/\/www.rome-roma.net\/wp-content\/uploads\/2020\/01\/foro-di-nerva-5594.jpg 800w, https:\/\/www.rome-roma.net\/wp-content\/uploads\/2020\/01\/foro-di-nerva-5594-200x300.jpg 200w, https:\/\/www.rome-roma.net\/wp-content\/uploads\/2020\/01\/foro-di-nerva-5594-683x1024.jpg 683w, https:\/\/www.rome-roma.net\/wp-content\/uploads\/2020\/01\/foro-di-nerva-5594-768x1152.jpg 768w\" sizes=\"(max-width: 800px) 100vw, 800px\" \/><\/figure>\n\n\n\n<figure class=\"wp-block-image size-large\"><img loading=\"lazy\" width=\"800\" height=\"1200\" data-id=\"12518\"  src=\"https:\/\/www.rome-roma.net\/wp-content\/uploads\/2020\/01\/portico-foro-di-nerva-museo-mercati-di-traiano_1610.jpg\" alt=\"portico-foro-di-nerva-museo-mercati-di-traiano_1610\" class=\"wp-image-12518\" srcset=\"https:\/\/www.rome-roma.net\/wp-content\/uploads\/2020\/01\/portico-foro-di-nerva-museo-mercati-di-traiano_1610.jpg 800w, https:\/\/www.rome-roma.net\/wp-content\/uploads\/2020\/01\/portico-foro-di-nerva-museo-mercati-di-traiano_1610-200x300.jpg 200w, https:\/\/www.rome-roma.net\/wp-content\/uploads\/2020\/01\/portico-foro-di-nerva-museo-mercati-di-traiano_1610-683x1024.jpg 683w, https:\/\/www.rome-roma.net\/wp-content\/uploads\/2020\/01\/portico-foro-di-nerva-museo-mercati-di-traiano_1610-768x1152.jpg 768w\" sizes=\"(max-width: 800px) 100vw, 800px\" \/><\/figure>\n<\/figure>\n\n\n\n<h2>Cartina ed indirizzo<\/h2>\r\n\t\t<b>Indirizzo : <\/b>Via dei Fori Imperiali, 00184 Roma RM, Italie<div id=\"travelersmap-container-69f365f6c143e\" class=\"travelersmap-container\" style=\"z-index: 1; min-height: 10px; min-width:10px; height:400px;width:100%; max-width:; max-height:; position:relative;\"><div style=\"position:absolute; z-index:-1;top: 50%;text-align: center;display: block;left: 50%;transform: translate(-50%,-50%);\">Travelers' Map is loading... <br> If you see this after your page is loaded completely, leafletJS files are missing.<\/div><\/div><i>Clicca sulla freccia per localizzarti sulla mappa<\/i>\n\n\n\n<h2>Vedute antiche nel arte<\/h2><div>6 opere di Foro di Nerva sono state trovate nella database. Per vederle tutte aprire questo <a href=\"https:\/\/www.rome-roma.net\/site-rome-art.php?lieu=forum+de+nerva\" target=\"_blank\">collegamento<\/a>.<\/div><div class=\"wp-block-kadence-advancedgallery kb-gallery-wrap-id-_5955fd-3f\">\r\n        <div class=\"kb-gallery-ul kb-gallery-type-fluidcarousel kb-gallery-id-_5955fd-3f kb-gallery-caption-style-below kb-gallery-magnific-init kb-gallery-filter-none\" data-image-filter=\"none\" data-lightbox-caption=\"true\">\r\n            <div class=\"kt-blocks-carousel kt-carousel-container-dotstyle-dark\">\r\n                <div class=\"kt-blocks-carousel-init kb-blocks-fluid-carousel kt-carousel-arrowstyle-whiteondark kt-carousel-dotstyle-dark\" data-slider-anim-speed=\"400\" data-slider-type=\"fluidcarousel\" data-slider-scroll=\"1\" data-slider-arrows=\"true\" data-slider-dots=\"true\" data-slider-hover-pause=\"false\" data-slider-auto=\"false\" data-slider-speed=\"7000\">\r\n        <div class=\"kb-slide-item kb-gallery-carousel-item\"><li class=\"kadence-blocks-gallery-item\"><div class=\"kadence-blocks-gallery-item-inner\">\r\n            <figure class=\"kb-gallery-figure kb-gallery-item-has-link kadence-blocks-gallery-item-has-caption\">\r\n                <a href=\"https:\/\/www.rome-roma.net\/artmodule\/bernardo bellotto\/bernardo bellotto - part du forum de nerva - rome.jpg\" class=\"kb-gallery-item-link\" style=\"color: #FFFFFF;\">\r\n                    <div class=\"kb-gal-image-radius\"><div class=\"kb-gallery-image-contain\">\r\n                        <img src=\"https:\/\/www.rome-roma.net\/artmodule\/bernardo bellotto\/bernardo bellotto - part du forum de nerva - rome.jpg\" width=\"300\" height=\"200\" \r\n                            alt=\"Bernardo Bellotto,Forum de Nerva (1740-1760, date ind\u00e9termin\u00e9e)\" \r\n                            data-full-image=\"https:\/\/www.rome-roma.net\/artmodule\/bernardo bellotto\/bernardo bellotto - part du forum de nerva - rome.jpg\" \r\n                            data-light-image=\"https:\/\/www.rome-roma.net\/artmodule\/bernardo bellotto\/bernardo bellotto - part du forum de nerva - rome.jpg\" data-id=\"149\" \r\n                            data-link=\"https:\/\/www.rome-roma.net\/artmodule\/bernardo bellotto\/bernardo bellotto - part du forum de nerva - rome.jpg\" \r\n                            class=\"wp-image-149\" loading=lazy\/>\r\n                    <\/div><\/div>\r\n                    <figcaption class=\"kadence-blocks-gallery-item__caption\">Bernardo Bellotto, Forum de Nerva<\/figcaption>\r\n                <\/a>\r\n            <\/figure><\/div><\/li><\/div>\r\n        <div class=\"kb-slide-item kb-gallery-carousel-item\"><li class=\"kadence-blocks-gallery-item\"><div class=\"kadence-blocks-gallery-item-inner\">\r\n            <figure class=\"kb-gallery-figure kb-gallery-item-has-link kadence-blocks-gallery-item-has-caption\">\r\n                <a href=\"https:\/\/www.rome-roma.net\/artmodule\/charles louis clerisseau\/charles louis clerisseau - forum de nerva.jpg\" class=\"kb-gallery-item-link\" style=\"color: #FFFFFF;\">\r\n                    <div class=\"kb-gal-image-radius\"><div class=\"kb-gallery-image-contain\">\r\n                        <img src=\"https:\/\/www.rome-roma.net\/artmodule\/charles louis clerisseau\/charles louis clerisseau - forum de nerva.jpg\" width=\"300\" height=\"200\" \r\n                            alt=\"Charles-Louis Cl\u00e9risseau,Forum de Nerva (1740-1760, date ind\u00e9termin\u00e9e)\" \r\n                            data-full-image=\"https:\/\/www.rome-roma.net\/artmodule\/charles louis clerisseau\/charles louis clerisseau - forum de nerva.jpg\" \r\n                            data-light-image=\"https:\/\/www.rome-roma.net\/artmodule\/charles louis clerisseau\/charles louis clerisseau - forum de nerva.jpg\" data-id=\"149\" \r\n                            data-link=\"https:\/\/www.rome-roma.net\/artmodule\/charles louis clerisseau\/charles louis clerisseau - forum de nerva.jpg\" \r\n                            class=\"wp-image-149\" loading=lazy\/>\r\n                    <\/div><\/div>\r\n                    <figcaption class=\"kadence-blocks-gallery-item__caption\">Charles-Louis Cl\u00e9risseau, Forum de Nerva<\/figcaption>\r\n                <\/a>\r\n            <\/figure><\/div><\/li><\/div>\r\n        <div class=\"kb-slide-item kb-gallery-carousel-item\"><li class=\"kadence-blocks-gallery-item\"><div class=\"kadence-blocks-gallery-item-inner\">\r\n            <figure class=\"kb-gallery-figure kb-gallery-item-has-link kadence-blocks-gallery-item-has-caption\">\r\n                <a href=\"https:\/\/www.rome-roma.net\/artmodule\/luigi rossini\/luigi rossini - foro di nerva - 1850.jpg\" class=\"kb-gallery-item-link\" style=\"color: #FFFFFF;\">\r\n                    <div class=\"kb-gal-image-radius\"><div class=\"kb-gallery-image-contain\">\r\n                        <img src=\"https:\/\/www.rome-roma.net\/artmodule\/luigi rossini\/luigi rossini - foro di nerva - 1850.jpg\" width=\"300\" height=\"200\" \r\n                            alt=\"Luigi Rossini,Forum de Nerva (1850)\" \r\n                            data-full-image=\"https:\/\/www.rome-roma.net\/artmodule\/luigi rossini\/luigi rossini - foro di nerva - 1850.jpg\" \r\n                            data-light-image=\"https:\/\/www.rome-roma.net\/artmodule\/luigi rossini\/luigi rossini - foro di nerva - 1850.jpg\" data-id=\"149\" \r\n                            data-link=\"https:\/\/www.rome-roma.net\/artmodule\/luigi rossini\/luigi rossini - foro di nerva - 1850.jpg\" \r\n                            class=\"wp-image-149\" loading=lazy\/>\r\n                    <\/div><\/div>\r\n                    <figcaption class=\"kadence-blocks-gallery-item__caption\">Luigi Rossini, Forum de Nerva<\/figcaption>\r\n                <\/a>\r\n            <\/figure><\/div><\/li><\/div>\r\n        <div class=\"kb-slide-item kb-gallery-carousel-item\"><li class=\"kadence-blocks-gallery-item\"><div class=\"kadence-blocks-gallery-item-inner\">\r\n            <figure class=\"kb-gallery-figure kb-gallery-item-has-link kadence-blocks-gallery-item-has-caption\">\r\n                <a href=\"https:\/\/www.rome-roma.net\/artmodule\/maerten van heemskerck\/maerten van heemskerck - forum de nerva - 1533-1535.jpg\" class=\"kb-gallery-item-link\" style=\"color: #FFFFFF;\">\r\n                    <div class=\"kb-gal-image-radius\"><div class=\"kb-gallery-image-contain\">\r\n                        <img src=\"https:\/\/www.rome-roma.net\/artmodule\/maerten van heemskerck\/maerten van heemskerck - forum de nerva - 1533-1535.jpg\" width=\"300\" height=\"200\" \r\n                            alt=\"Maarten van Heemskerck,Forum de Nerva (1533-1535)\" \r\n                            data-full-image=\"https:\/\/www.rome-roma.net\/artmodule\/maerten van heemskerck\/maerten van heemskerck - forum de nerva - 1533-1535.jpg\" \r\n                            data-light-image=\"https:\/\/www.rome-roma.net\/artmodule\/maerten van heemskerck\/maerten van heemskerck - forum de nerva - 1533-1535.jpg\" data-id=\"149\" \r\n                            data-link=\"https:\/\/www.rome-roma.net\/artmodule\/maerten van heemskerck\/maerten van heemskerck - forum de nerva - 1533-1535.jpg\" \r\n                            class=\"wp-image-149\" loading=lazy\/>\r\n                    <\/div><\/div>\r\n                    <figcaption class=\"kadence-blocks-gallery-item__caption\">Maarten van Heemskerck, Forum de Nerva<\/figcaption>\r\n                <\/a>\r\n            <\/figure><\/div><\/li><\/div>\r\n        <div class=\"kb-slide-item kb-gallery-carousel-item\"><li class=\"kadence-blocks-gallery-item\"><div class=\"kadence-blocks-gallery-item-inner\">\r\n            <figure class=\"kb-gallery-figure kb-gallery-item-has-link kadence-blocks-gallery-item-has-caption\">\r\n                <a href=\"https:\/\/www.rome-roma.net\/artmodule\/morten jepsen\/morten jepsen - roma - foro augusto e foro di nerva.jpg\" class=\"kb-gallery-item-link\" style=\"color: #FFFFFF;\">\r\n                    <div class=\"kb-gal-image-radius\"><div class=\"kb-gallery-image-contain\">\r\n                        <img src=\"https:\/\/www.rome-roma.net\/artmodule\/morten jepsen\/morten jepsen - roma - foro augusto e foro di nerva.jpg\" width=\"300\" height=\"200\" \r\n                            alt=\"Morten Jepsen,Forum de Nerva (?, avant 1903, date ind\u00e9termin\u00e9e)\" \r\n                            data-full-image=\"https:\/\/www.rome-roma.net\/artmodule\/morten jepsen\/morten jepsen - roma - foro augusto e foro di nerva.jpg\" \r\n                            data-light-image=\"https:\/\/www.rome-roma.net\/artmodule\/morten jepsen\/morten jepsen - roma - foro augusto e foro di nerva.jpg\" data-id=\"149\" \r\n                            data-link=\"https:\/\/www.rome-roma.net\/artmodule\/morten jepsen\/morten jepsen - roma - foro augusto e foro di nerva.jpg\" \r\n                            class=\"wp-image-149\" loading=lazy\/>\r\n                    <\/div><\/div>\r\n                    <figcaption class=\"kadence-blocks-gallery-item__caption\">Morten Jepsen, Forum de Nerva<\/figcaption>\r\n                <\/a>\r\n            <\/figure><\/div><\/li><\/div>\r\n        <div class=\"kb-slide-item kb-gallery-carousel-item\"><li class=\"kadence-blocks-gallery-item\"><div class=\"kadence-blocks-gallery-item-inner\">\r\n            <figure class=\"kb-gallery-figure kb-gallery-item-has-link kadence-blocks-gallery-item-has-caption\">\r\n                <a href=\"https:\/\/www.rome-roma.net\/artmodule\/thomas hartley cromek\/cromek - arco di pantani - tempio di nerva.jpg\" class=\"kb-gallery-item-link\" style=\"color: #FFFFFF;\">\r\n                    <div class=\"kb-gal-image-radius\"><div class=\"kb-gallery-image-contain\">\r\n                        <img src=\"https:\/\/www.rome-roma.net\/artmodule\/thomas hartley cromek\/cromek - arco di pantani - tempio di nerva.jpg\" width=\"300\" height=\"200\" \r\n                            alt=\"Thomas Hartley Cromek,Arc de Pantani, forum de Nerva (environ 1840)\" \r\n                            data-full-image=\"https:\/\/www.rome-roma.net\/artmodule\/thomas hartley cromek\/cromek - arco di pantani - tempio di nerva.jpg\" \r\n                            data-light-image=\"https:\/\/www.rome-roma.net\/artmodule\/thomas hartley cromek\/cromek - arco di pantani - tempio di nerva.jpg\" data-id=\"149\" \r\n                            data-link=\"https:\/\/www.rome-roma.net\/artmodule\/thomas hartley cromek\/cromek - arco di pantani - tempio di nerva.jpg\" \r\n                            class=\"wp-image-149\" loading=lazy\/>\r\n                    <\/div><\/div>\r\n                    <figcaption class=\"kadence-blocks-gallery-item__caption\">Thomas Hartley Cromek, Arc de Pantani, forum de Nerva<\/figcaption>\r\n                <\/a>\r\n            <\/figure><\/div><\/li><\/div><\/div><\/div><\/div><\/div><a href=\"https:\/\/www.rome-roma.net\/site-rome-art.php?lieu=forum+de+nerva\" target=\"_blank\">Clica per vedere oltre dipinti e artisti su Forum de Nerva in Roma<\/a><br>\n\n\n\n<h2> Articoli sui Fori imperiali <\/h2>\n\n\n\n<ul class=\"lcp_catlist\" id=\"lcp_instance_0\"><li><a href=\"https:\/\/www.rome-roma.net\/it\/fori-imperiali\/\">Fori imperiali di Roma<\/a><a href=\"https:\/\/www.rome-roma.net\/it\/fori-imperiali\/\" title=\"Fori imperiali di Roma\"><img width=\"50\" height=\"50\" src=\"https:\/\/www.rome-roma.net\/wp-content\/uploads\/2020\/01\/mercatiditraianoforo_roma_16371-150x150.jpg\" class=\"classthumblist wp-post-image\" alt=\"Fori imperiali di Roma\" loading=\"lazy\" srcset=\"https:\/\/www.rome-roma.net\/wp-content\/uploads\/2020\/01\/mercatiditraianoforo_roma_16371-150x150.jpg 150w, https:\/\/www.rome-roma.net\/wp-content\/uploads\/2020\/01\/mercatiditraianoforo_roma_16371-50x50.jpg 50w, https:\/\/www.rome-roma.net\/wp-content\/uploads\/2020\/01\/mercatiditraianoforo_roma_16371-80x80.jpg 80w, https:\/\/www.rome-roma.net\/wp-content\/uploads\/2020\/01\/mercatiditraianoforo_roma_16371-75x75.jpg 75w\" sizes=\"(max-width: 50px) 100vw, 50px\" \/><\/a><div class=\"lcp_excerpt\">\nI Fori Imperiali, oggi attraversati dall&#8217;avenue della via dei Fori Imperiali, che copre una vasta porzione di questo sito, formano un complesso architettonico di eccezionale portata. Questo complesso riunisce diversi ...<\/div><\/li><li><a href=\"https:\/\/www.rome-roma.net\/it\/fori-imperiali\/foro-di-augusto\/\">Foro di Augusto<\/a><a href=\"https:\/\/www.rome-roma.net\/it\/fori-imperiali\/foro-di-augusto\/\" title=\"Foro di Augusto\"><img width=\"50\" height=\"50\" src=\"https:\/\/www.rome-roma.net\/wp-content\/uploads\/2020\/01\/forodiaugusto_14771-150x150.jpg\" class=\"classthumblist wp-post-image\" alt=\"Foro di Augusto\" loading=\"lazy\" srcset=\"https:\/\/www.rome-roma.net\/wp-content\/uploads\/2020\/01\/forodiaugusto_14771-150x150.jpg 150w, https:\/\/www.rome-roma.net\/wp-content\/uploads\/2020\/01\/forodiaugusto_14771-50x50.jpg 50w, https:\/\/www.rome-roma.net\/wp-content\/uploads\/2020\/01\/forodiaugusto_14771-80x80.jpg 80w, https:\/\/www.rome-roma.net\/wp-content\/uploads\/2020\/01\/forodiaugusto_14771-75x75.jpg 75w\" sizes=\"(max-width: 50px) 100vw, 50px\" \/><\/a><div class=\"lcp_excerpt\">\nInaugurato nel 2 a.C., il Foro di Augusto fu costruito per iniziativa dell&#8217;imperatore Augusto per celebrare le sue vittorie militari, come in Egitto o nella battaglia di Filippi al fianco ...<\/div><\/li><li><a href=\"https:\/\/www.rome-roma.net\/it\/fori-imperiali\/foro-di-cesare\/\">Foro di Cesare<\/a><a href=\"https:\/\/www.rome-roma.net\/it\/fori-imperiali\/foro-di-cesare\/\" title=\"Foro di Cesare\"><img width=\"50\" height=\"50\" src=\"https:\/\/www.rome-roma.net\/wp-content\/uploads\/2020\/01\/rome_forumdecesar_98121-150x150.jpg\" class=\"classthumblist wp-post-image\" alt=\"Foro di Cesare\" loading=\"lazy\" srcset=\"https:\/\/www.rome-roma.net\/wp-content\/uploads\/2020\/01\/rome_forumdecesar_98121-150x150.jpg 150w, https:\/\/www.rome-roma.net\/wp-content\/uploads\/2020\/01\/rome_forumdecesar_98121-50x50.jpg 50w, https:\/\/www.rome-roma.net\/wp-content\/uploads\/2020\/01\/rome_forumdecesar_98121-80x80.jpg 80w, https:\/\/www.rome-roma.net\/wp-content\/uploads\/2020\/01\/rome_forumdecesar_98121-75x75.jpg 75w\" sizes=\"(max-width: 50px) 100vw, 50px\" \/><\/a><div class=\"lcp_excerpt\">\n\nIl Foro di Cesare fu il primo dei fori imperiali costruiti nel I secolo a.C., i fori repubblicani non erano pi\u00f9 sufficienti per coprire le esigenze di una popolazione in ...<\/div><\/li><li class=\"current\"><a href=\"https:\/\/www.rome-roma.net\/it\/fori-imperiali\/foro-di-nerva\/\">Foro di Nerva<\/a><a href=\"https:\/\/www.rome-roma.net\/it\/fori-imperiali\/foro-di-nerva\/\" title=\"Foro di Nerva\"><img width=\"50\" height=\"50\" src=\"https:\/\/www.rome-roma.net\/wp-content\/uploads\/2020\/01\/portico_colone_forodinerva_1474b1-150x150.jpg\" class=\"classthumblist wp-post-image\" alt=\"Foro di Nerva\" loading=\"lazy\" srcset=\"https:\/\/www.rome-roma.net\/wp-content\/uploads\/2020\/01\/portico_colone_forodinerva_1474b1-150x150.jpg 150w, https:\/\/www.rome-roma.net\/wp-content\/uploads\/2020\/01\/portico_colone_forodinerva_1474b1-50x50.jpg 50w, https:\/\/www.rome-roma.net\/wp-content\/uploads\/2020\/01\/portico_colone_forodinerva_1474b1-80x80.jpg 80w, https:\/\/www.rome-roma.net\/wp-content\/uploads\/2020\/01\/portico_colone_forodinerva_1474b1-75x75.jpg 75w\" sizes=\"(max-width: 50px) 100vw, 50px\" \/><\/a><div class=\"lcp_excerpt\">\n\nIniziato dall&#8217;imperatore Domiziano, che fu assassinato nel 96 d.C., questo foro fu completato nel 97 da Nerva. Il suo regno dur\u00f2 solo 2 anni, ma fu sufficiente per qualificarlo come ...<\/div><\/li><li><a href=\"https:\/\/www.rome-roma.net\/it\/foro-di-traiano\/\">Foro di Traiano<\/a><a href=\"https:\/\/www.rome-roma.net\/it\/foro-di-traiano\/\" title=\"Foro di Traiano\"><img width=\"50\" height=\"50\" src=\"https:\/\/www.rome-roma.net\/wp-content\/uploads\/2020\/01\/forum-marche-trajan-Rome_23841-150x150.jpg\" class=\"classthumblist wp-post-image\" alt=\"Foro di Traiano\" loading=\"lazy\" srcset=\"https:\/\/www.rome-roma.net\/wp-content\/uploads\/2020\/01\/forum-marche-trajan-Rome_23841-150x150.jpg 150w, https:\/\/www.rome-roma.net\/wp-content\/uploads\/2020\/01\/forum-marche-trajan-Rome_23841-50x50.jpg 50w, https:\/\/www.rome-roma.net\/wp-content\/uploads\/2020\/01\/forum-marche-trajan-Rome_23841-80x80.jpg 80w, https:\/\/www.rome-roma.net\/wp-content\/uploads\/2020\/01\/forum-marche-trajan-Rome_23841-75x75.jpg 75w\" sizes=\"(max-width: 50px) 100vw, 50px\" \/><\/a><div class=\"lcp_excerpt\">Costruito all&#8217;inizio del II secolo dall&#8217;imperatore Traiano e dall&#8217;architetto Apollodoro di Damasco, il complesso completava la sequenza dei Fori Imperiali e spingeva ai limiti le capacit\u00e0 tecniche dell&#8217;urbanistica romana: una ...<\/div><\/li><li><a href=\"https:\/\/www.rome-roma.net\/it\/fori-imperiali\/tempio-della-pace\/\">Tempio della Pace<\/a><a href=\"https:\/\/www.rome-roma.net\/it\/fori-imperiali\/tempio-della-pace\/\" title=\"Tempio della Pace\"><img src=\"https:\/\/www.rome-roma.net\/photos\/museoforiimperiali-marchetrajan\/images\/tempiodellapace_templedelapaix_roma_16130.jpg\" class=\"classthumblist\"  alt=\"Tempio della Pace\" \/><\/a><div class=\"lcp_excerpt\">\nIl Tempio della Pace (noto anche come Foro della Pace) fu in parte costruito con il bottino della campagna giudaica guidata da Vespasiano, con la vittoria nell&#8217;anno 70.Fu inaugurato nel ...<\/div><\/li><\/ul>\n","protected":false},"excerpt":{"rendered":"<p>Iniziato dall&#8217;imperatore Domiziano, che fu assassinato nel 96 d.C., questo foro fu completato nel 97 da Nerva. Il suo regno dur\u00f2 solo 2 anni, ma fu sufficiente per qualificarlo come un imperatore umanista.I resti del Foro di Nerva possono oggi essere osservati su entrambi i lati della Via dei Fori Imperiali. Storia e resti Questo [&hellip;]<\/p>\n","protected":false},"featured_media":393,"parent":5557,"menu_order":0,"comment_status":"open","ping_status":"open","template":"","format":"standard","meta":{"kt_blocks_editor_width":"","_links_to":"","_links_to_target":""},"genre":[268],"interet":[286],"quartier":[314],"categorie_site":[433],"quartier_historique":[449],"etiquettes_site":[472],"acf":[],"yoast_head":"<!-- This site is optimized with the Yoast SEO plugin v17.4 - https:\/\/yoast.com\/wordpress\/plugins\/seo\/ -->\n<title>Foro di Nerva &ndash; Rome-Roma<\/title>\n<meta name=\"description\" content=\"Osserviamo i vestigi del foro di Nerva su entrambi i lati della Via dei Fori Imperiali a Roma. La sua costruzione risale alla fine del I secolo d.C.\" \/>\n<meta name=\"robots\" content=\"index, follow, max-snippet:-1, max-image-preview:large, max-video-preview:-1\" \/>\n<link rel=\"canonical\" href=\"https:\/\/www.rome-roma.net\/it\/fori-imperiali\/foro-di-nerva\/\" \/>\n<meta property=\"og:locale\" content=\"it_IT\" \/>\n<meta property=\"og:type\" content=\"article\" \/>\n<meta property=\"og:title\" content=\"Foro di Nerva &ndash; Rome-Roma\" \/>\n<meta property=\"og:description\" content=\"Osserviamo i vestigi del foro di Nerva su entrambi i lati della Via dei Fori Imperiali a Roma. La sua costruzione risale alla fine del I secolo d.C.\" \/>\n<meta property=\"og:url\" content=\"https:\/\/www.rome-roma.net\/it\/fori-imperiali\/foro-di-nerva\/\" \/>\n<meta property=\"og:site_name\" content=\"Rome-Roma\" \/>\n<meta property=\"article:modified_time\" content=\"2025-01-17T09:15:46+00:00\" \/>\n<meta property=\"og:image\" content=\"https:\/\/www.rome-roma.net\/wp-content\/uploads\/2020\/01\/portico_colone_forodinerva_1474b1.jpg\" \/>\n\t<meta property=\"og:image:width\" content=\"750\" \/>\n\t<meta property=\"og:image:height\" content=\"500\" \/>\n<meta name=\"twitter:card\" content=\"summary_large_image\" \/>\n<meta name=\"twitter:label1\" content=\"Tempo di lettura stimato\" \/>\n\t<meta name=\"twitter:data1\" content=\"4 minuti\" \/>\n<script type=\"application\/ld+json\" class=\"yoast-schema-graph\">{\"@context\":\"https:\/\/schema.org\",\"@graph\":[{\"@type\":\"Organization\",\"@id\":\"https:\/\/www.rome-roma.net\/it\/#organization\",\"name\":\"Rome-Roma\",\"url\":\"https:\/\/www.rome-roma.net\/it\/\",\"sameAs\":[],\"logo\":{\"@type\":\"ImageObject\",\"@id\":\"https:\/\/www.rome-roma.net\/it\/#logo\",\"inLanguage\":\"it-IT\",\"url\":\"https:\/\/www.rome-roma.net\/wp-content\/uploads\/2025\/07\/logo-rome-roma-420.jpg\",\"contentUrl\":\"https:\/\/www.rome-roma.net\/wp-content\/uploads\/2025\/07\/logo-rome-roma-420.jpg\",\"width\":420,\"height\":420,\"caption\":\"Rome-Roma\"},\"image\":{\"@id\":\"https:\/\/www.rome-roma.net\/it\/#logo\"}},{\"@type\":\"WebSite\",\"@id\":\"https:\/\/www.rome-roma.net\/it\/#website\",\"url\":\"https:\/\/www.rome-roma.net\/it\/\",\"name\":\"Rome-Roma\",\"description\":\"Cultura & Viaggio\",\"publisher\":{\"@id\":\"https:\/\/www.rome-roma.net\/it\/#organization\"},\"potentialAction\":[{\"@type\":\"SearchAction\",\"target\":{\"@type\":\"EntryPoint\",\"urlTemplate\":\"https:\/\/www.rome-roma.net\/it\/?s={search_term_string}\"},\"query-input\":\"required name=search_term_string\"}],\"inLanguage\":\"it-IT\"},{\"@type\":\"ImageObject\",\"@id\":\"https:\/\/www.rome-roma.net\/it\/fori-imperiali\/foro-di-nerva\/#primaryimage\",\"inLanguage\":\"it-IT\",\"url\":\"https:\/\/www.rome-roma.net\/wp-content\/uploads\/2020\/01\/portico_colone_forodinerva_1474b1.jpg\",\"contentUrl\":\"https:\/\/www.rome-roma.net\/wp-content\/uploads\/2020\/01\/portico_colone_forodinerva_1474b1.jpg\",\"width\":750,\"height\":500,\"caption\":\"Forum de Nerva\"},{\"@type\":\"WebPage\",\"@id\":\"https:\/\/www.rome-roma.net\/it\/fori-imperiali\/foro-di-nerva\/#webpage\",\"url\":\"https:\/\/www.rome-roma.net\/it\/fori-imperiali\/foro-di-nerva\/\",\"name\":\"Foro di Nerva &ndash; Rome-Roma\",\"isPartOf\":{\"@id\":\"https:\/\/www.rome-roma.net\/it\/#website\"},\"primaryImageOfPage\":{\"@id\":\"https:\/\/www.rome-roma.net\/it\/fori-imperiali\/foro-di-nerva\/#primaryimage\"},\"datePublished\":\"2020-01-16T11:34:16+00:00\",\"dateModified\":\"2025-01-17T09:15:46+00:00\",\"description\":\"Osserviamo i vestigi del foro di Nerva su entrambi i lati della Via dei Fori Imperiali a Roma. La sua costruzione risale alla fine del I secolo d.C.\",\"breadcrumb\":{\"@id\":\"https:\/\/www.rome-roma.net\/it\/fori-imperiali\/foro-di-nerva\/#breadcrumb\"},\"inLanguage\":\"it-IT\",\"potentialAction\":[{\"@type\":\"ReadAction\",\"target\":[\"https:\/\/www.rome-roma.net\/it\/fori-imperiali\/foro-di-nerva\/\"]}]},{\"@type\":\"BreadcrumbList\",\"@id\":\"https:\/\/www.rome-roma.net\/it\/fori-imperiali\/foro-di-nerva\/#breadcrumb\",\"itemListElement\":[{\"@type\":\"ListItem\",\"position\":1,\"name\":\"Accueil\",\"item\":\"https:\/\/www.rome-roma.net\/it\/\"},{\"@type\":\"ListItem\",\"position\":2,\"name\":\"Fori imperiali di Roma\",\"item\":\"https:\/\/www.rome-roma.net\/it\/fori-imperiali\/\"},{\"@type\":\"ListItem\",\"position\":3,\"name\":\"Foro di Nerva\"}]}]}<\/script>\n<!-- \/ Yoast SEO plugin. -->","yoast_head_json":{"title":"Foro di Nerva &ndash; Rome-Roma","description":"Osserviamo i vestigi del foro di Nerva su entrambi i lati della Via dei Fori Imperiali a Roma. La sua costruzione risale alla fine del I secolo d.C.","robots":{"index":"index","follow":"follow","max-snippet":"max-snippet:-1","max-image-preview":"max-image-preview:large","max-video-preview":"max-video-preview:-1"},"canonical":"https:\/\/www.rome-roma.net\/it\/fori-imperiali\/foro-di-nerva\/","og_locale":"it_IT","og_type":"article","og_title":"Foro di Nerva &ndash; Rome-Roma","og_description":"Osserviamo i vestigi del foro di Nerva su entrambi i lati della Via dei Fori Imperiali a Roma. La sua costruzione risale alla fine del I secolo d.C.","og_url":"https:\/\/www.rome-roma.net\/it\/fori-imperiali\/foro-di-nerva\/","og_site_name":"Rome-Roma","article_modified_time":"2025-01-17T09:15:46+00:00","og_image":[{"width":750,"height":500,"url":"https:\/\/www.rome-roma.net\/wp-content\/uploads\/2020\/01\/portico_colone_forodinerva_1474b1.jpg","type":"image\/jpeg"}],"twitter_card":"summary_large_image","twitter_misc":{"Tempo di lettura stimato":"4 minuti"},"schema":{"@context":"https:\/\/schema.org","@graph":[{"@type":"Organization","@id":"https:\/\/www.rome-roma.net\/it\/#organization","name":"Rome-Roma","url":"https:\/\/www.rome-roma.net\/it\/","sameAs":[],"logo":{"@type":"ImageObject","@id":"https:\/\/www.rome-roma.net\/it\/#logo","inLanguage":"it-IT","url":"https:\/\/www.rome-roma.net\/wp-content\/uploads\/2025\/07\/logo-rome-roma-420.jpg","contentUrl":"https:\/\/www.rome-roma.net\/wp-content\/uploads\/2025\/07\/logo-rome-roma-420.jpg","width":420,"height":420,"caption":"Rome-Roma"},"image":{"@id":"https:\/\/www.rome-roma.net\/it\/#logo"}},{"@type":"WebSite","@id":"https:\/\/www.rome-roma.net\/it\/#website","url":"https:\/\/www.rome-roma.net\/it\/","name":"Rome-Roma","description":"Cultura & Viaggio","publisher":{"@id":"https:\/\/www.rome-roma.net\/it\/#organization"},"potentialAction":[{"@type":"SearchAction","target":{"@type":"EntryPoint","urlTemplate":"https:\/\/www.rome-roma.net\/it\/?s={search_term_string}"},"query-input":"required name=search_term_string"}],"inLanguage":"it-IT"},{"@type":"ImageObject","@id":"https:\/\/www.rome-roma.net\/it\/fori-imperiali\/foro-di-nerva\/#primaryimage","inLanguage":"it-IT","url":"https:\/\/www.rome-roma.net\/wp-content\/uploads\/2020\/01\/portico_colone_forodinerva_1474b1.jpg","contentUrl":"https:\/\/www.rome-roma.net\/wp-content\/uploads\/2020\/01\/portico_colone_forodinerva_1474b1.jpg","width":750,"height":500,"caption":"Forum de Nerva"},{"@type":"WebPage","@id":"https:\/\/www.rome-roma.net\/it\/fori-imperiali\/foro-di-nerva\/#webpage","url":"https:\/\/www.rome-roma.net\/it\/fori-imperiali\/foro-di-nerva\/","name":"Foro di Nerva &ndash; Rome-Roma","isPartOf":{"@id":"https:\/\/www.rome-roma.net\/it\/#website"},"primaryImageOfPage":{"@id":"https:\/\/www.rome-roma.net\/it\/fori-imperiali\/foro-di-nerva\/#primaryimage"},"datePublished":"2020-01-16T11:34:16+00:00","dateModified":"2025-01-17T09:15:46+00:00","description":"Osserviamo i vestigi del foro di Nerva su entrambi i lati della Via dei Fori Imperiali a Roma. La sua costruzione risale alla fine del I secolo d.C.","breadcrumb":{"@id":"https:\/\/www.rome-roma.net\/it\/fori-imperiali\/foro-di-nerva\/#breadcrumb"},"inLanguage":"it-IT","potentialAction":[{"@type":"ReadAction","target":["https:\/\/www.rome-roma.net\/it\/fori-imperiali\/foro-di-nerva\/"]}]},{"@type":"BreadcrumbList","@id":"https:\/\/www.rome-roma.net\/it\/fori-imperiali\/foro-di-nerva\/#breadcrumb","itemListElement":[{"@type":"ListItem","position":1,"name":"Accueil","item":"https:\/\/www.rome-roma.net\/it\/"},{"@type":"ListItem","position":2,"name":"Fori imperiali di Roma","item":"https:\/\/www.rome-roma.net\/it\/fori-imperiali\/"},{"@type":"ListItem","position":3,"name":"Foro di Nerva"}]}]}},"acf_fields":{"nom_monument":null,"wikidata":"Q686911","sameas":null},"_links":{"self":[{"href":"https:\/\/www.rome-roma.net\/it\/wp-json\/wp\/v2\/site\/5563"}],"collection":[{"href":"https:\/\/www.rome-roma.net\/it\/wp-json\/wp\/v2\/site"}],"about":[{"href":"https:\/\/www.rome-roma.net\/it\/wp-json\/wp\/v2\/types\/site"}],"replies":[{"embeddable":true,"href":"https:\/\/www.rome-roma.net\/it\/wp-json\/wp\/v2\/comments?post=5563"}],"up":[{"embeddable":true,"href":"https:\/\/www.rome-roma.net\/it\/wp-json\/wp\/v2\/site\/5557"}],"wp:featuredmedia":[{"embeddable":true,"href":"https:\/\/www.rome-roma.net\/it\/wp-json\/wp\/v2\/media\/393"}],"wp:attachment":[{"href":"https:\/\/www.rome-roma.net\/it\/wp-json\/wp\/v2\/media?parent=5563"}],"wp:term":[{"taxonomy":"genre","embeddable":true,"href":"https:\/\/www.rome-roma.net\/it\/wp-json\/wp\/v2\/genre?post=5563"},{"taxonomy":"interet","embeddable":true,"href":"https:\/\/www.rome-roma.net\/it\/wp-json\/wp\/v2\/interet?post=5563"},{"taxonomy":"quartier","embeddable":true,"href":"https:\/\/www.rome-roma.net\/it\/wp-json\/wp\/v2\/quartier?post=5563"},{"taxonomy":"categorie_site","embeddable":true,"href":"https:\/\/www.rome-roma.net\/it\/wp-json\/wp\/v2\/categorie_site?post=5563"},{"taxonomy":"quartier_historique","embeddable":true,"href":"https:\/\/www.rome-roma.net\/it\/wp-json\/wp\/v2\/quartier_historique?post=5563"},{"taxonomy":"etiquettes_site","embeddable":true,"href":"https:\/\/www.rome-roma.net\/it\/wp-json\/wp\/v2\/etiquettes_site?post=5563"}],"curies":[{"name":"wp","href":"https:\/\/api.w.org\/{rel}","templated":true}]}}