


{"id":5569,"date":"2020-01-16T15:07:13","date_gmt":"2020-01-16T14:07:13","guid":{"rendered":"https:\/\/www.rome-roma.net\/site\/le-palatin\/"},"modified":"2026-04-05T10:35:04","modified_gmt":"2026-04-05T08:35:04","slug":"palatino","status":"publish","type":"site","link":"https:\/\/www.rome-roma.net\/it\/palatino\/","title":{"rendered":"Palatino"},"content":{"rendered":"\n\n\n<div id=\"attachment_424\" style=\"width: 310px\" class=\"wp-caption alignleft\"><a href=\"https:\/\/www.rome-roma.net\/wp-content\/uploads\/2020\/01\/palatino-Roma_23661.jpg\"><img aria-describedby=\"caption-attachment-424\" loading=\"lazy\" class=\"size-medium wp-image-424\" src=\"https:\/\/www.rome-roma.net\/wp-content\/uploads\/2020\/01\/palatino-Roma_23661-300x200.jpg\" alt=\"Palatino\" width=\"300\" height=\"200\" srcset=\"https:\/\/www.rome-roma.net\/wp-content\/uploads\/2020\/01\/palatino-Roma_23661-300x200.jpg 300w, https:\/\/www.rome-roma.net\/wp-content\/uploads\/2020\/01\/palatino-Roma_23661-768x512.jpg 768w, https:\/\/www.rome-roma.net\/wp-content\/uploads\/2020\/01\/palatino-Roma_23661.jpg 800w\" sizes=\"(max-width: 300px) 100vw, 300px\" \/><\/a><p id=\"caption-attachment-424\" class=\"wp-caption-text\">Palatino<\/p><\/div>\n<p>Il <strong>Palatino<\/strong>, uno dei sette colli storici di Roma, \u00e8 uno dei siti pi\u00f9 antichi della citt\u00e0.<br>Alta di 70 metri, ha un lato che si affaccia sul Foro Romano e un altro sul Circo Massimo. \u00c8 diventato un grande museo a cielo aperto, aperto ai visitatori durante il giorno.<\/p>\n<h2>Storia e visita<\/h2>\n<p>La leggenda narra che Roma fu fondata sul Palatino. Recenti scavi hanno dimostrato che le popolazioni vivevano gi\u00e0 l\u00ec intorno al 1000 a.C. Secondo la mitologia romana, fu il luogo in cui <strong>Romolo<\/strong> e <strong>Remo<\/strong> furono trovati dalla lupa che salv\u00f2 le loro vite. Quando Romolo divenne adulto, fond\u00f2 l\u00ec la &#8220;Roma Quadrata&#8221; con i pastori di Albalonga. Dopo il famoso rapimento dei Sabini e l&#8217;unione con la popolazione dei contadini, questo nucleo <span class=\"tlid-translation translation\" lang=\"it\"><span class=\"\" title=\"\">ha continuato a crescere costantemente<\/span><\/span>.<\/p>\n<p>Un antico luogo di culto, che sarebbe stato menzionato nella mitologia, \u00e8 stato recentemente riscoperto durante il restauro dei palazzi palatini, sarebbe la &#8220;grotta sacra&#8221; dove la lupa raccolse i gemelli.<\/p>\n<p>Pi\u00f9 tardi, la collina fu abitata da nobili e ricchi romani, attratti dalla sua splendida posizione. Costruiscono qui le loro ville e i loro palazzi.<br>Nel 63 a.C. nacque <strong>Ottaviano<\/strong>, figlio adottivo di <strong>Giulio Cesare<\/strong>, e primo imperatore di Roma con il nome di <strong>Augusto<\/strong>. Il suo attaccamento a questo luogo gli ha fatto scegliere il Palatino come luogo per costruire il Palazzo Imperiale. Compr\u00f2 diverse case, come quella del relatore Ortense, situata vicino alla cosiddetta &#8220;casa di Romolo&#8221; che sembra esistere ancora nel 31 a.C., per farne un vero e proprio palazzo. Questo &#8220;Domus Augustana&#8221; fu completato nel 26 a.C.<br><br><span style=\"font-weight: bold;\"><a href=\"https:\/\/www.rome-roma.net\/photos\/palatin-palatino\/images\/palatino_stadio_0018.jpg\" rel=\"lightbox[a]\"><img loading=\"lazy\" src=\"https:\/\/www.rome-roma.net\/photos\/palatin-palatino\/images\/palatino_stadio_0018.jpg\" alt=\"palatin rome\" width=\"275\" height=\"178\" align=\"right\" border=\"0\" hspace=\"10\" vspace=\"10\"><\/a><\/span>Il portico centrale del palazzo di Augusto era in marmo, ornato da un gruppo di statue gigantesche. Tra i edifici, il primo era una biblioteca molto grande, con opere latine e greche, e al centro una sala di lettura molto grande, ornata con la colossale statua in bronzo di Augusto. L&#8217;imperatore organizzava spesso incontri letterari e oratori ai quali partecipavano i migliori scrittori e artisti.<br>Acanto alla biblioteca sorgeva il Tempio di Apollo, costruito interamente in marmo bianco di Carrara. Di fronte al palazzo c&#8217;era un tempio dedicato a Vesta. Oggi, di questo periodo, conserviamo soltanto alcuni resti, quei della <strong>Casa di Livia<\/strong>, di cui i meravigliosi affreschi sono conservate nel Museo Romano del Palazzo delle Terme di Diocleziano.<\/p>\n<p>Alla morte di Augusto, i successori vissero nel Palatino, che divenne cos\u00ec la dimora abituale delle famiglie imperiali. L&#8217;imperatore <strong>Tiberio<\/strong>, successore di Augusto, costru\u00ec la Domus Tiberiana, oggi coperta dal Giardino Farnese.<br>La parte pi\u00f9 monumentale del Palatino \u00e8 il &#8220;Palazzo dei Flavi&#8221; eretto da <strong>Domiziano<\/strong>. Le stanze erano destinate a ricevimenti eccezionali e occasioni solenni. Una basilica era il pi\u00f9 importante edificio. Altri ampliamenti della residenza imperiale sono dovuti a Caligola. <strong>Nerone<\/strong> costru\u00ec la Domus Transitoria e il giardino che collega il Palatino al colle Esquilino. Gli ultimi ampliamenti sono stati realizzati da <strong>Settimio Severo<\/strong>.<br>L&#8217;edificio fu demolito da papa <strong>Sisto V<\/strong>. Tuttavia, ne rimane oggi una grande terrazza da cui si apre un panorama meraviglioso.<br><span style=\"font-weight: bold;\"><span style=\"font-weight: bold;\"><a href=\"https:\/\/www.rome-roma.net\/photos\/roma201505\/images\/palatino_circo_massimo_roma_8596.jpg\" rel=\"lightbox[a]\"><img loading=\"lazy\" src=\"https:\/\/www.rome-roma.net\/photos\/roma201505\/images\/palatino_circo_massimo_roma_8596.jpg\" alt=\"palatin rome\" width=\"275\" height=\"178\" align=\"left\" border=\"0\" hspace=\"10\" vspace=\"10\"><\/a><\/span><\/span><strong>Settimio Severo<\/strong> costru\u00ec anche i termi, di cui rimangono alcuni resti.<br>Ci sono anche resti del Pedagogium, dove furono educati i membri della Guardia Imperiale. Lo stadio \u00e8 un altro edificio indipendente, eretto dall&#8217;imperatore Domiziano per giochi atletici e per esercitazioni militari.<br>Come nel Foro, i palazzi imperiali furono abbandonati quando Roma fu abbandonata.<\/p>\n<p>Nel Medioevo furono costruite fortificazioni e giardini di famiglie benestanti. I <strong>Farnese<\/strong> e il <strong>Barberini<\/strong> crearono l\u00ec parchi e vigneti, tra cui i famosi &#8220;Giardini Farnesina&#8221; pieni di piante ornamentali.<\/p>\n<p>Oggi, come in molti altri luoghi di Roma, continuano gli scavi sul Palatino.<\/p>\n\n\n\n<h2>Cartina ed indirizzo<\/h2>\r\n\t\t<b>Indirizzo : <\/b>Palatino, 00186 Roma<div id=\"travelersmap-container-69f3fcefdfe9d\" class=\"travelersmap-container\" style=\"z-index: 1; min-height: 10px; min-width:10px; height:400px;width:100%; max-width:; max-height:; position:relative;\"><div style=\"position:absolute; z-index:-1;top: 50%;text-align: center;display: block;left: 50%;transform: translate(-50%,-50%);\">Travelers' Map is loading... <br> If you see this after your page is loaded completely, leafletJS files are missing.<\/div><\/div><i>Clicca sulla freccia per localizzarti sulla mappa<\/i>\n\n\n\n<h2><a name=\"billetshorairesvisitepalatin\"><\/a>Visite e orari<\/h2>\n<table style=\"margin-bottom: 0rem;\"><tbody><tr style=\"background-color:#fcfaf7; \" \r\n    onmouseover=\"this.style.backgroundColor='#f7dbb8';\" \r\n    onmouseout=\"this.style.backgroundColor='#fcfaf7';\"><td style=\"vertical-align: middle; text-align: right;\"><a href=\"https:\/\/www.getyourguide.it\/palatino-l2622\/?partner_id=DLYVAO3&#038;utm_medium=online_publisher&#038;placement=content-top\" target=\"_blank\" rel=\"nofollow noopener\">Biglietti per visitare il Palatino<\/a><\/td><td style=\"width:70px;\"><a href=\"https:\/\/www.getyourguide.it\/palatino-l2622\/?partner_id=DLYVAO3&#038;utm_medium=online_publisher&#038;placement=content-top\" target=\"_blank\" rel=\"nofollow noopener\"><img style=\"display:inline;vertical-align:middle;padding:5px;\" src=\"https:\/\/www.rome-roma.net\/images\/icones\/icone-tickets2.png\" alt=\"icona biglietti visita\" title=\"Biglietti per visitare il Palatino\" width=\"65\" align=\"center\"><\/a><\/td><\/tr><tr style=\"background-color:#ffffff; \" \r\n    onmouseover=\"this.style.backgroundColor='#f7dbb8';\" \r\n    onmouseout=\"this.style.backgroundColor='#ffffff';\"><td style=\"vertical-align: middle; text-align: right;\"><a href=\"https:\/\/www.booking.com\/searchresults.it.html?aid=308344;label=headerlandmark;landmark=57871;group_adults=2;no_rooms=1;group_children=0;nflt=review_score=80%3Bdistance=1000\" target=\"_blank\" rel=\"nofollow noopener\">Alberghi, camere e appartamenti vicino al monumento<\/a><\/td><td style=\"width:70px;\"><a href=\"https:\/\/www.booking.com\/searchresults.it.html?aid=308344;label=headerlandmark;landmark=57871;group_adults=2;no_rooms=1;group_children=0;nflt=review_score=80%3Bdistance=1000\" target=\"_blank\" rel=\"nofollow noopener\"><img style=\"display:inline;vertical-align:middle;padding:5px;\" src=\"https:\/\/www.rome-roma.net\/images\/icones\/icone-hotel22.png\" alt=\"icona alberghi\" title=\"Alberghi, camere e appartamenti vicino al monumento\" width=\"65\" align=\"center\"><\/a><\/td><\/tr><\/tbody><\/table>\n<table style=\"border-collapse: collapse; width: 100%;\">\n<tbody>\n<tr style=\"background-color: #fae8c3;\">\n<td style=\"width: 100%;\">\n<p><strong><span style=\"font-size: 10pt;\">Aperture e Orari 2026<\/span><\/strong><\/p>\n<p><span style=\"font-size: 10pt;\">Aperto tutti i giorni tranne il 25 dicembre, 1 gennaio e 3 aprile 2026.<\/span><\/p>\n<ul>\n<li><span style=\"font-size: 10pt;\">Dal 1o al 28 marzo 2026: dalle 8:30 alle 17:30 (ultimo ingresso alle 16:30).<\/span><br \/><span style=\"font-size: 10pt;\">Dal 29 marzo al 30 settembre: dalle 8:30 alle 19:15 (ingresso fino alle 18:15).<\/span><br \/><span style=\"font-size: 10pt;\">Dal 1o al 24 ottobre: dalle 8:30 alle 18:30 (ultimo ingresso alle 17:30).<\/span><br \/><span style=\"font-size: 10pt;\">Dal 25 ottobre 2026 al 28 febbraio 2027: 8:30 &#8211; 16:30 (ultimo ingresso alle 15:30).<\/span><\/li>\n<li><span style=\"font-size: 10pt;\">Dal 24 marzo al 4 aprile 2026: chiusure parziali di alcuni siti.<\/span><\/li>\n<li><span style=\"font-size: 10pt;\">Chiusure 2026: 25 dicembre, 1o gennaio, 3 aprile.<\/span><\/li>\n<\/ul>\n<p><strong><span style=\"font-size: 10pt;\">Orari e condizioni di visita particolari di alcuni edifici<\/span><\/strong><\/p>\n<ul>\n<li><span style=\"font-size: 10pt;\">Visita il sito ufficiale<\/span><\/li>\n<\/ul>\n<\/td>\n<\/tr>\n<tr style=\"background-color: #f7ece1;\">\n<td style=\"width: 100%;\">\u00a0<\/td>\n<\/tr>\n<tr style=\"background-color: #fae8c3;\">\n<td style=\"width: 100%;\">\n<p><span style=\"font-size: 10pt;\"><strong>Tariffe biglietti<br \/><\/strong><\/span><\/p>\n<ul>\n<li><span style=\"font-size: 10pt;\"><strong>Biglietto \u00ab 24h \u2013 Foro, Colosseo, Palatino \u00bb<\/strong><br \/>Tariffa intera \u20ac 18 di prenotazione\/ Tariffa ridotta Roma Pass \u20ac 11,50 \/ Tariffa ridotta \u20ac 2 (18 e 24 anni UE, insegnanti UE)\u00a0 \/ Gratuito per minori di 18 anni UE, ecc<br \/>Un ingresso unico per il Colosseo (senza l&#8217;arena), cos\u00ec come un ingresso unico all&#8217;area archeologica del Foro Romano, del Palatino e dei Fori Imperiali, valido 24h.<br \/><\/span><\/li>\n<li><span style=\"font-size: 10pt;\"><strong>Biglietto \u00ab Full Experience \u00bb<\/strong><br \/>Tariffa pieno \u20ac 24 \/ ridotto \u20ac 2 (vedi casi precedentemente elencati)<br \/>Valido per due giorni consecutivi, con un&#8217;unica entrata al Colosseo e una sola entrata alla zona archeologica del Foro Romano, dei Fori Imperiali e del Palatino, e opzioni come siti qualificati di \u00abSUPER\u00bb o arena o sotterranei o accesso panoramico al Colosseo, ecc<br \/><\/span><\/li>\n<li><span class=\"accueilparagraphe\" style=\"font-size: 10pt;\"><strong>Biglietto \u00ab Foro Pass Super \u00bb<\/strong> <br \/><span class=\"accueilparagraphe\">Ingresso aperto all&#8217;area archeologica del Foro e del Palatino, accesso ai siti &#8220;SUPER&#8221; e ingresso ai Fori Imperiali (Colosseo escluso dal biglietto)<br \/>Prezzo intero \u20ac 18 \/\u00a0 ridotto Roma Pass ? \/ \u20ac 2 ridotto da 18 a 25 anni dell&#8217;UE \/ Gratuito per minori di 18 anni, ecc<\/span><\/span><\/li>\n<\/ul>\n<p><span style=\"font-size: 10pt;\">Gratuito la prima domenica di ogni mese, ma senza accesso all&#8217;arena o ai sotterranei del Colosseo quel giorno<\/span><\/p>\n<div data-gyg-href=\"https:\/\/widget.getyourguide.com\/default\/activities.frame\" data-gyg-location-id=\"2619\" data-gyg-locale-code=\"it-IT\" data-gyg-widget=\"activities\" data-gyg-number-of-items=\"4\" data-gyg-partner-id=\"DLYVAO3\"><\/div>\n<\/td>\n<\/tr>\n<tr style=\"background-color: #f7ece1;\">\n<td style=\"width: 100%;\">\n<p><span style=\"font-size: 10pt;\"><strong>Collegamenti utili<br \/><\/strong><\/span><\/p>\n<ul>\n<li><span class=\"accueilparagraphe\" style=\"font-size: 10pt;\">Sito del comune di Roma : <a href=\"https:\/\/060608.comune.roma.it\/cultura\/beni-archeologici\/area-archeologica-foro-romano-e-palatino-3749\" target=\"_blank\" rel=\"noopener\">060608<\/a><\/span><\/li>\n<li><span class=\"accueilparagraphe\" style=\"font-size: 10pt;\"> Siti ufficiali : <a href=\"https:\/\/colosseo.it\/area\/palatino\/\" target=\"_blank\" rel=\"noopener\">colosseo.it\/area\/palatino<\/a><\/span><\/li>\n<\/ul>\n<\/td>\n<\/tr>\n<\/tbody>\n<\/table>\n\n\n\n<h2>Vedute antiche nel arte<\/h2><div>17 opere di Palatino sono state trovate nella database. Per vederle tutte aprire questo <a href=\"https:\/\/www.rome-roma.net\/site-rome-art.php?lieu=palatin\" target=\"_blank\">collegamento<\/a>.<\/div><div class=\"wp-block-kadence-advancedgallery kb-gallery-wrap-id-_5955fd-3f\">\r\n        <div class=\"kb-gallery-ul kb-gallery-type-fluidcarousel kb-gallery-id-_5955fd-3f kb-gallery-caption-style-below kb-gallery-magnific-init kb-gallery-filter-none\" data-image-filter=\"none\" data-lightbox-caption=\"true\">\r\n            <div class=\"kt-blocks-carousel kt-carousel-container-dotstyle-dark\">\r\n                <div class=\"kt-blocks-carousel-init kb-blocks-fluid-carousel kt-carousel-arrowstyle-whiteondark kt-carousel-dotstyle-dark\" data-slider-anim-speed=\"400\" data-slider-type=\"fluidcarousel\" data-slider-scroll=\"1\" data-slider-arrows=\"true\" data-slider-dots=\"true\" data-slider-hover-pause=\"false\" data-slider-auto=\"false\" data-slider-speed=\"7000\">\r\n        <div class=\"kb-slide-item kb-gallery-carousel-item\"><li class=\"kadence-blocks-gallery-item\"><div class=\"kadence-blocks-gallery-item-inner\">\r\n            <figure class=\"kb-gallery-figure kb-gallery-item-has-link kadence-blocks-gallery-item-has-caption\">\r\n                <a href=\"https:\/\/www.rome-roma.net\/artmodule\/carlo labruzzi\/carlo labruzzi - le colisee vu du palatin - 1780.jpg\" class=\"kb-gallery-item-link\" style=\"color: #FFFFFF;\">\r\n                    <div class=\"kb-gal-image-radius\"><div class=\"kb-gallery-image-contain\">\r\n                        <img src=\"https:\/\/www.rome-roma.net\/artmodule\/carlo labruzzi\/carlo labruzzi - le colisee vu du palatin - 1780.jpg\" width=\"300\" height=\"200\" \r\n                            alt=\"Carlo Labruzzi,Le Colis\u00e9e vu du Palatin (1780)\" \r\n                            data-full-image=\"https:\/\/www.rome-roma.net\/artmodule\/carlo labruzzi\/carlo labruzzi - le colisee vu du palatin - 1780.jpg\" \r\n                            data-light-image=\"https:\/\/www.rome-roma.net\/artmodule\/carlo labruzzi\/carlo labruzzi - le colisee vu du palatin - 1780.jpg\" data-id=\"149\" \r\n                            data-link=\"https:\/\/www.rome-roma.net\/artmodule\/carlo labruzzi\/carlo labruzzi - le colisee vu du palatin - 1780.jpg\" \r\n                            class=\"wp-image-149\" loading=lazy\/>\r\n                    <\/div><\/div>\r\n                    <figcaption class=\"kadence-blocks-gallery-item__caption\">Carlo Labruzzi, Le Colis\u00e9e vu du Palatin<\/figcaption>\r\n                <\/a>\r\n            <\/figure><\/div><\/li><\/div>\r\n        <div class=\"kb-slide-item kb-gallery-carousel-item\"><li class=\"kadence-blocks-gallery-item\"><div class=\"kadence-blocks-gallery-item-inner\">\r\n            <figure class=\"kb-gallery-figure kb-gallery-item-has-link kadence-blocks-gallery-item-has-caption\">\r\n                <a href=\"https:\/\/www.rome-roma.net\/artmodule\/carlo labruzzi\/carlo labruzzi - colosseo dal palatino.jpg\" class=\"kb-gallery-item-link\" style=\"color: #FFFFFF;\">\r\n                    <div class=\"kb-gal-image-radius\"><div class=\"kb-gallery-image-contain\">\r\n                        <img src=\"https:\/\/www.rome-roma.net\/artmodule\/carlo labruzzi\/carlo labruzzi - colosseo dal palatino.jpg\" width=\"300\" height=\"200\" \r\n                            alt=\"Carlo Labruzzi,Le Colis\u00e9e vu du Palatin (?, avant 1817, date ind\u00e9termin\u00e9e)\" \r\n                            data-full-image=\"https:\/\/www.rome-roma.net\/artmodule\/carlo labruzzi\/carlo labruzzi - colosseo dal palatino.jpg\" \r\n                            data-light-image=\"https:\/\/www.rome-roma.net\/artmodule\/carlo labruzzi\/carlo labruzzi - colosseo dal palatino.jpg\" data-id=\"149\" \r\n                            data-link=\"https:\/\/www.rome-roma.net\/artmodule\/carlo labruzzi\/carlo labruzzi - colosseo dal palatino.jpg\" \r\n                            class=\"wp-image-149\" loading=lazy\/>\r\n                    <\/div><\/div>\r\n                    <figcaption class=\"kadence-blocks-gallery-item__caption\">Carlo Labruzzi, Le Colis\u00e9e vu du Palatin<\/figcaption>\r\n                <\/a>\r\n            <\/figure><\/div><\/li><\/div>\r\n        <div class=\"kb-slide-item kb-gallery-carousel-item\"><li class=\"kadence-blocks-gallery-item\"><div class=\"kadence-blocks-gallery-item-inner\">\r\n            <figure class=\"kb-gallery-figure kb-gallery-item-has-link kadence-blocks-gallery-item-has-caption\">\r\n                <a href=\"https:\/\/www.rome-roma.net\/artmodule\/david roberts\/david roberts - roma vista dal tevere sul palatino e aventino - 1863.jpg\" class=\"kb-gallery-item-link\" style=\"color: #FFFFFF;\">\r\n                    <div class=\"kb-gal-image-radius\"><div class=\"kb-gallery-image-contain\">\r\n                        <img src=\"https:\/\/www.rome-roma.net\/artmodule\/david roberts\/david roberts - roma vista dal tevere sul palatino e aventino - 1863.jpg\" width=\"300\" height=\"200\" \r\n                            alt=\"David Roberts,Vue du Tibre sur le Palatin et l'Aventin (1863)\" \r\n                            data-full-image=\"https:\/\/www.rome-roma.net\/artmodule\/david roberts\/david roberts - roma vista dal tevere sul palatino e aventino - 1863.jpg\" \r\n                            data-light-image=\"https:\/\/www.rome-roma.net\/artmodule\/david roberts\/david roberts - roma vista dal tevere sul palatino e aventino - 1863.jpg\" data-id=\"149\" \r\n                            data-link=\"https:\/\/www.rome-roma.net\/artmodule\/david roberts\/david roberts - roma vista dal tevere sul palatino e aventino - 1863.jpg\" \r\n                            class=\"wp-image-149\" loading=lazy\/>\r\n                    <\/div><\/div>\r\n                    <figcaption class=\"kadence-blocks-gallery-item__caption\">David Roberts, Vue du Tibre sur le Palatin et l'Aventin<\/figcaption>\r\n                <\/a>\r\n            <\/figure><\/div><\/li><\/div>\r\n        <div class=\"kb-slide-item kb-gallery-carousel-item\"><li class=\"kadence-blocks-gallery-item\"><div class=\"kadence-blocks-gallery-item-inner\">\r\n            <figure class=\"kb-gallery-figure kb-gallery-item-has-link kadence-blocks-gallery-item-has-caption\">\r\n                <a href=\"https:\/\/www.rome-roma.net\/artmodule\/edward lear\/edward lear - dietro emiciclo verso il stadio - palatino - 1838.jpg\" class=\"kb-gallery-item-link\" style=\"color: #FFFFFF;\">\r\n                    <div class=\"kb-gal-image-radius\"><div class=\"kb-gallery-image-contain\">\r\n                        <img src=\"https:\/\/www.rome-roma.net\/artmodule\/edward lear\/edward lear - dietro emiciclo verso il stadio - palatino - 1838.jpg\" width=\"300\" height=\"200\" \r\n                            alt=\"Edward Lear,Derri\u00e8re l'hemicycle en direction du stade, sur le Palatin (1838)\" \r\n                            data-full-image=\"https:\/\/www.rome-roma.net\/artmodule\/edward lear\/edward lear - dietro emiciclo verso il stadio - palatino - 1838.jpg\" \r\n                            data-light-image=\"https:\/\/www.rome-roma.net\/artmodule\/edward lear\/edward lear - dietro emiciclo verso il stadio - palatino - 1838.jpg\" data-id=\"149\" \r\n                            data-link=\"https:\/\/www.rome-roma.net\/artmodule\/edward lear\/edward lear - dietro emiciclo verso il stadio - palatino - 1838.jpg\" \r\n                            class=\"wp-image-149\" loading=lazy\/>\r\n                    <\/div><\/div>\r\n                    <figcaption class=\"kadence-blocks-gallery-item__caption\">Edward Lear, Derri\u00e8re l'hemicycle en direction du stade, sur le Palatin<\/figcaption>\r\n                <\/a>\r\n            <\/figure><\/div><\/li><\/div>\r\n        <div class=\"kb-slide-item kb-gallery-carousel-item\"><li class=\"kadence-blocks-gallery-item\"><div class=\"kadence-blocks-gallery-item-inner\">\r\n            <figure class=\"kb-gallery-figure kb-gallery-item-has-link kadence-blocks-gallery-item-has-caption\">\r\n                <a href=\"https:\/\/www.rome-roma.net\/artmodule\/panini\/giovanni paolo panini - veduta di roma con il palatino e il colosseo.jpg\" class=\"kb-gallery-item-link\" style=\"color: #FFFFFF;\">\r\n                    <div class=\"kb-gal-image-radius\"><div class=\"kb-gallery-image-contain\">\r\n                        <img src=\"https:\/\/www.rome-roma.net\/artmodule\/panini\/giovanni paolo panini - veduta di roma con il palatino e il colosseo.jpg\" width=\"300\" height=\"200\" \r\n                            alt=\"Giovanni Paolo Pannini,Vue du Colis\u00e9e et du Palatin (?, avant 1765, date ind\u00e9termin\u00e9e)\" \r\n                            data-full-image=\"https:\/\/www.rome-roma.net\/artmodule\/panini\/giovanni paolo panini - veduta di roma con il palatino e il colosseo.jpg\" \r\n                            data-light-image=\"https:\/\/www.rome-roma.net\/artmodule\/panini\/giovanni paolo panini - veduta di roma con il palatino e il colosseo.jpg\" data-id=\"149\" \r\n                            data-link=\"https:\/\/www.rome-roma.net\/artmodule\/panini\/giovanni paolo panini - veduta di roma con il palatino e il colosseo.jpg\" \r\n                            class=\"wp-image-149\" loading=lazy\/>\r\n                    <\/div><\/div>\r\n                    <figcaption class=\"kadence-blocks-gallery-item__caption\">Giovanni Paolo Pannini, Vue du Colis\u00e9e et du Palatin<\/figcaption>\r\n                <\/a>\r\n            <\/figure><\/div><\/li><\/div>\r\n        <div class=\"kb-slide-item kb-gallery-carousel-item\"><li class=\"kadence-blocks-gallery-item\"><div class=\"kadence-blocks-gallery-item-inner\">\r\n            <figure class=\"kb-gallery-figure kb-gallery-item-has-link kadence-blocks-gallery-item-has-caption\">\r\n                <a href=\"https:\/\/www.rome-roma.net\/artmodule\/hermann corrodi\/hermann corrodi - vue de rome.jpg\" class=\"kb-gallery-item-link\" style=\"color: #FFFFFF;\">\r\n                    <div class=\"kb-gal-image-radius\"><div class=\"kb-gallery-image-contain\">\r\n                        <img src=\"https:\/\/www.rome-roma.net\/artmodule\/hermann corrodi\/hermann corrodi - vue de rome.jpg\" width=\"300\" height=\"200\" \r\n                            alt=\"Hermann David Salomon Corrodi,Vue depuis le Palatin (?, avant 1905, date ind\u00e9termin\u00e9e)\" \r\n                            data-full-image=\"https:\/\/www.rome-roma.net\/artmodule\/hermann corrodi\/hermann corrodi - vue de rome.jpg\" \r\n                            data-light-image=\"https:\/\/www.rome-roma.net\/artmodule\/hermann corrodi\/hermann corrodi - vue de rome.jpg\" data-id=\"149\" \r\n                            data-link=\"https:\/\/www.rome-roma.net\/artmodule\/hermann corrodi\/hermann corrodi - vue de rome.jpg\" \r\n                            class=\"wp-image-149\" loading=lazy\/>\r\n                    <\/div><\/div>\r\n                    <figcaption class=\"kadence-blocks-gallery-item__caption\">Hermann David Salomon Corrodi, Vue depuis le Palatin<\/figcaption>\r\n                <\/a>\r\n            <\/figure><\/div><\/li><\/div>\r\n        <div class=\"kb-slide-item kb-gallery-carousel-item\"><li class=\"kadence-blocks-gallery-item\"><div class=\"kadence-blocks-gallery-item-inner\">\r\n            <figure class=\"kb-gallery-figure kb-gallery-item-has-link kadence-blocks-gallery-item-has-caption\">\r\n                <a href=\"https:\/\/www.rome-roma.net\/artmodule\/camille corot\/jean baptiste camille corot - vue depuis les jadins farnese 1826.jpg\" class=\"kb-gallery-item-link\" style=\"color: #FFFFFF;\">\r\n                    <div class=\"kb-gal-image-radius\"><div class=\"kb-gallery-image-contain\">\r\n                        <img src=\"https:\/\/www.rome-roma.net\/artmodule\/camille corot\/jean baptiste camille corot - vue depuis les jadins farnese 1826.jpg\" width=\"300\" height=\"200\" \r\n                            alt=\"Jean-Baptiste Camille Corot,Vue depuis les jardins Farn\u00e8se du Palatin (1826)\" \r\n                            data-full-image=\"https:\/\/www.rome-roma.net\/artmodule\/camille corot\/jean baptiste camille corot - vue depuis les jadins farnese 1826.jpg\" \r\n                            data-light-image=\"https:\/\/www.rome-roma.net\/artmodule\/camille corot\/jean baptiste camille corot - vue depuis les jadins farnese 1826.jpg\" data-id=\"149\" \r\n                            data-link=\"https:\/\/www.rome-roma.net\/artmodule\/camille corot\/jean baptiste camille corot - vue depuis les jadins farnese 1826.jpg\" \r\n                            class=\"wp-image-149\" loading=lazy\/>\r\n                    <\/div><\/div>\r\n                    <figcaption class=\"kadence-blocks-gallery-item__caption\">Jean-Baptiste Camille Corot, Vue depuis les jardins Farn\u00e8se du Palatin<\/figcaption>\r\n                <\/a>\r\n            <\/figure><\/div><\/li><\/div>\r\n        <div class=\"kb-slide-item kb-gallery-carousel-item\"><li class=\"kadence-blocks-gallery-item\"><div class=\"kadence-blocks-gallery-item-inner\">\r\n            <figure class=\"kb-gallery-figure kb-gallery-item-has-link kadence-blocks-gallery-item-has-caption\">\r\n                <a href=\"https:\/\/www.rome-roma.net\/artmodule\/camille corot\/Jean-Baptiste Camille Corot, colisee et forum depuis les jardins farnese - mars 1826 II.jpg\" class=\"kb-gallery-item-link\" style=\"color: #FFFFFF;\">\r\n                    <div class=\"kb-gal-image-radius\"><div class=\"kb-gallery-image-contain\">\r\n                        <img src=\"https:\/\/www.rome-roma.net\/artmodule\/camille corot\/Jean-Baptiste Camille Corot, colisee et forum depuis les jardins farnese - mars 1826 II.jpg\" width=\"300\" height=\"200\" \r\n                            alt=\"Jean-Baptiste Camille Corot,Vue depuis les jardins Farn\u00e8se du Palatin (1826)\" \r\n                            data-full-image=\"https:\/\/www.rome-roma.net\/artmodule\/camille corot\/Jean-Baptiste Camille Corot, colisee et forum depuis les jardins farnese - mars 1826 II.jpg\" \r\n                            data-light-image=\"https:\/\/www.rome-roma.net\/artmodule\/camille corot\/Jean-Baptiste Camille Corot, colisee et forum depuis les jardins farnese - mars 1826 II.jpg\" data-id=\"149\" \r\n                            data-link=\"https:\/\/www.rome-roma.net\/artmodule\/camille corot\/Jean-Baptiste Camille Corot, colisee et forum depuis les jardins farnese - mars 1826 II.jpg\" \r\n                            class=\"wp-image-149\" loading=lazy\/>\r\n                    <\/div><\/div>\r\n                    <figcaption class=\"kadence-blocks-gallery-item__caption\">Jean-Baptiste Camille Corot, Vue depuis les jardins Farn\u00e8se du Palatin<\/figcaption>\r\n                <\/a>\r\n            <\/figure><\/div><\/li><\/div>\r\n        <div class=\"kb-slide-item kb-gallery-carousel-item\"><li class=\"kadence-blocks-gallery-item\"><div class=\"kadence-blocks-gallery-item-inner\">\r\n            <figure class=\"kb-gallery-figure kb-gallery-item-has-link kadence-blocks-gallery-item-has-caption\">\r\n                <a href=\"https:\/\/www.rome-roma.net\/artmodule\/camille corot\/Jean-Baptiste Camille Corot, colisee et forum depuis les jardins farnese - mars 1826.jpg\" class=\"kb-gallery-item-link\" style=\"color: #FFFFFF;\">\r\n                    <div class=\"kb-gal-image-radius\"><div class=\"kb-gallery-image-contain\">\r\n                        <img src=\"https:\/\/www.rome-roma.net\/artmodule\/camille corot\/Jean-Baptiste Camille Corot, colisee et forum depuis les jardins farnese - mars 1826.jpg\" width=\"300\" height=\"200\" \r\n                            alt=\"Jean-Baptiste Camille Corot,Vue depuis les jardins Farn\u00e8se du Palatin (1826)\" \r\n                            data-full-image=\"https:\/\/www.rome-roma.net\/artmodule\/camille corot\/Jean-Baptiste Camille Corot, colisee et forum depuis les jardins farnese - mars 1826.jpg\" \r\n                            data-light-image=\"https:\/\/www.rome-roma.net\/artmodule\/camille corot\/Jean-Baptiste Camille Corot, colisee et forum depuis les jardins farnese - mars 1826.jpg\" data-id=\"149\" \r\n                            data-link=\"https:\/\/www.rome-roma.net\/artmodule\/camille corot\/Jean-Baptiste Camille Corot, colisee et forum depuis les jardins farnese - mars 1826.jpg\" \r\n                            class=\"wp-image-149\" loading=lazy\/>\r\n                    <\/div><\/div>\r\n                    <figcaption class=\"kadence-blocks-gallery-item__caption\">Jean-Baptiste Camille Corot, Vue depuis les jardins Farn\u00e8se du Palatin<\/figcaption>\r\n                <\/a>\r\n            <\/figure><\/div><\/li><\/div><\/div><\/div><\/div><\/div><a href=\"https:\/\/www.rome-roma.net\/site-rome-art.php?lieu=palatin\" target=\"_blank\">Clica per vedere oltre dipinti e artisti su Palatin in Roma<\/a><br><br>\n\n\n\n<h2> Articoli sul Palatino <\/h2>\n\n\n\n<ul class=\"lcp_catlist\" id=\"lcp_instance_0\"><li class=\"current\"><a href=\"https:\/\/www.rome-roma.net\/it\/palatino\/\">Palatino<\/a><a href=\"https:\/\/www.rome-roma.net\/it\/palatino\/\" title=\"Palatino\"><img width=\"50\" height=\"50\" src=\"https:\/\/www.rome-roma.net\/wp-content\/uploads\/2020\/01\/palatino-Roma_23661-150x150.jpg\" class=\"classthumblist wp-post-image\" alt=\"Palatino\" loading=\"lazy\" srcset=\"https:\/\/www.rome-roma.net\/wp-content\/uploads\/2020\/01\/palatino-Roma_23661-150x150.jpg 150w, https:\/\/www.rome-roma.net\/wp-content\/uploads\/2020\/01\/palatino-Roma_23661-50x50.jpg 50w, https:\/\/www.rome-roma.net\/wp-content\/uploads\/2020\/01\/palatino-Roma_23661-80x80.jpg 80w, https:\/\/www.rome-roma.net\/wp-content\/uploads\/2020\/01\/palatino-Roma_23661-75x75.jpg 75w\" sizes=\"(max-width: 50px) 100vw, 50px\" \/><\/a><div class=\"lcp_excerpt\">\n\nIl Palatino, uno dei sette colli storici di Roma, \u00e8 uno dei siti pi\u00f9 antichi della citt\u00e0.Alta di 70 metri, ha un lato che si affaccia sul Foro Romano e ...<\/div><\/li><li><a href=\"https:\/\/www.rome-roma.net\/it\/palatino\/percorso-e-fotografie-del-palatino\/\">Percorso e fotografie del Palatino<\/a><a href=\"https:\/\/www.rome-roma.net\/it\/palatino\/percorso-e-fotografie-del-palatino\/\" title=\"Percorso e fotografie del Palatino\"><img width=\"50\" height=\"50\" src=\"https:\/\/www.rome-roma.net\/wp-content\/uploads\/2020\/01\/palatino_stadio_00181-150x150.jpg\" class=\"classthumblist wp-post-image\" alt=\"Percorso e fotografie del Palatino\" loading=\"lazy\" srcset=\"https:\/\/www.rome-roma.net\/wp-content\/uploads\/2020\/01\/palatino_stadio_00181-150x150.jpg 150w, https:\/\/www.rome-roma.net\/wp-content\/uploads\/2020\/01\/palatino_stadio_00181-50x50.jpg 50w, https:\/\/www.rome-roma.net\/wp-content\/uploads\/2020\/01\/palatino_stadio_00181-80x80.jpg 80w, https:\/\/www.rome-roma.net\/wp-content\/uploads\/2020\/01\/palatino_stadio_00181-75x75.jpg 75w\" sizes=\"(max-width: 50px) 100vw, 50px\" \/><\/a><div class=\"lcp_excerpt\">\n\nVista del lato meridionale del Palatino dal Circo Massimo\n Domus Flavia (Palazzo ufficiale e pubblico) : Peristilio\n Domus Flavia : Basilica Jovis\n Domus Augustana (Palazzo privato) : Stadio\n Domus Augustana ...<\/div><\/li><li><a href=\"https:\/\/www.rome-roma.net\/it\/la-leggendaria-fondazione-di-roma\/\">La leggendaria fondazione di Roma<\/a><div class=\"lcp_excerpt\">La leggendaria fondazione di Roma<\/div><\/li><li><a href=\"https:\/\/www.rome-roma.net\/it\/grotta-di-romolo-e-remo\/\">Grotta di Romolo e Remo<\/a><div class=\"lcp_excerpt\">Marted\u00ec 20 novembre 2007, gli archeologi italiani hanno annunciato di aver scoperto una grotta dove, secondo la leggenda, i gemelli Romolo e Remo furono salvati da una lupa. Da adulti ...<\/div><\/li><\/ul>\n\n\n<p><!--EndFragment--><\/p>","protected":false},"excerpt":{"rendered":"<p>Il Palatino, uno dei sette colli storici di Roma, \u00e8 uno dei siti pi\u00f9 antichi della citt\u00e0.Alta di 70 metri, ha un lato che si affaccia sul Foro Romano e un altro sul Circo Massimo. \u00c8 diventato un grande museo a cielo aperto, aperto ai visitatori durante il giorno. Storia e visita La leggenda narra [&hellip;]<\/p>\n","protected":false},"featured_media":424,"parent":0,"menu_order":0,"comment_status":"open","ping_status":"open","template":"","format":"standard","meta":{"kt_blocks_editor_width":"","_links_to":"","_links_to_target":""},"genre":[268,282],"interet":[287],"quartier":[314],"categorie_site":[436,425],"quartier_historique":[442],"etiquettes_site":[476],"acf":[],"yoast_head":"<!-- This site is optimized with the Yoast SEO plugin v17.4 - https:\/\/yoast.com\/wordpress\/plugins\/seo\/ -->\n<title>Palatino &ndash; Rome-Roma<\/title>\n<meta name=\"description\" content=\"Scoperta e visita del Palatino a Roma, sito archeologico di uno dei colli storici della citt\u00e0, dove furono costruiti i palazzi imperiali.\" \/>\n<meta name=\"robots\" content=\"index, follow, max-snippet:-1, max-image-preview:large, max-video-preview:-1\" \/>\n<link rel=\"canonical\" href=\"https:\/\/www.rome-roma.net\/it\/palatino\/\" \/>\n<meta property=\"og:locale\" content=\"it_IT\" \/>\n<meta property=\"og:type\" content=\"article\" \/>\n<meta property=\"og:title\" content=\"Palatino &ndash; Rome-Roma\" \/>\n<meta property=\"og:description\" content=\"Scoperta e visita del Palatino a Roma, sito archeologico di uno dei colli storici della citt\u00e0, dove furono costruiti i palazzi imperiali.\" \/>\n<meta property=\"og:url\" content=\"https:\/\/www.rome-roma.net\/it\/palatino\/\" \/>\n<meta property=\"og:site_name\" content=\"Rome-Roma\" \/>\n<meta property=\"article:modified_time\" content=\"2026-04-05T08:35:04+00:00\" \/>\n<meta property=\"og:image\" content=\"https:\/\/www.rome-roma.net\/wp-content\/uploads\/2020\/01\/palatino-Roma_23661.jpg\" \/>\n\t<meta property=\"og:image:width\" content=\"800\" \/>\n\t<meta property=\"og:image:height\" content=\"533\" \/>\n<meta name=\"twitter:card\" content=\"summary_large_image\" \/>\n<meta name=\"twitter:label1\" content=\"Tempo di lettura stimato\" \/>\n\t<meta name=\"twitter:data1\" content=\"5 minuti\" \/>\n<script type=\"application\/ld+json\" class=\"yoast-schema-graph\">{\"@context\":\"https:\/\/schema.org\",\"@graph\":[{\"@type\":\"Organization\",\"@id\":\"https:\/\/www.rome-roma.net\/it\/#organization\",\"name\":\"Rome-Roma\",\"url\":\"https:\/\/www.rome-roma.net\/it\/\",\"sameAs\":[],\"logo\":{\"@type\":\"ImageObject\",\"@id\":\"https:\/\/www.rome-roma.net\/it\/#logo\",\"inLanguage\":\"it-IT\",\"url\":\"https:\/\/www.rome-roma.net\/wp-content\/uploads\/2025\/07\/logo-rome-roma-420.jpg\",\"contentUrl\":\"https:\/\/www.rome-roma.net\/wp-content\/uploads\/2025\/07\/logo-rome-roma-420.jpg\",\"width\":420,\"height\":420,\"caption\":\"Rome-Roma\"},\"image\":{\"@id\":\"https:\/\/www.rome-roma.net\/it\/#logo\"}},{\"@type\":\"WebSite\",\"@id\":\"https:\/\/www.rome-roma.net\/it\/#website\",\"url\":\"https:\/\/www.rome-roma.net\/it\/\",\"name\":\"Rome-Roma\",\"description\":\"Cultura & Viaggio\",\"publisher\":{\"@id\":\"https:\/\/www.rome-roma.net\/it\/#organization\"},\"potentialAction\":[{\"@type\":\"SearchAction\",\"target\":{\"@type\":\"EntryPoint\",\"urlTemplate\":\"https:\/\/www.rome-roma.net\/it\/?s={search_term_string}\"},\"query-input\":\"required name=search_term_string\"}],\"inLanguage\":\"it-IT\"},{\"@type\":\"ImageObject\",\"@id\":\"https:\/\/www.rome-roma.net\/it\/palatino\/#primaryimage\",\"inLanguage\":\"it-IT\",\"url\":\"https:\/\/www.rome-roma.net\/wp-content\/uploads\/2020\/01\/palatino-Roma_23661.jpg\",\"contentUrl\":\"https:\/\/www.rome-roma.net\/wp-content\/uploads\/2020\/01\/palatino-Roma_23661.jpg\",\"width\":800,\"height\":533,\"caption\":\"Palatino\"},{\"@type\":\"WebPage\",\"@id\":\"https:\/\/www.rome-roma.net\/it\/palatino\/#webpage\",\"url\":\"https:\/\/www.rome-roma.net\/it\/palatino\/\",\"name\":\"Palatino &ndash; Rome-Roma\",\"isPartOf\":{\"@id\":\"https:\/\/www.rome-roma.net\/it\/#website\"},\"primaryImageOfPage\":{\"@id\":\"https:\/\/www.rome-roma.net\/it\/palatino\/#primaryimage\"},\"datePublished\":\"2020-01-16T14:07:13+00:00\",\"dateModified\":\"2026-04-05T08:35:04+00:00\",\"description\":\"Scoperta e visita del Palatino a Roma, sito archeologico di uno dei colli storici della citt\\u00e0, dove furono costruiti i palazzi imperiali.\",\"breadcrumb\":{\"@id\":\"https:\/\/www.rome-roma.net\/it\/palatino\/#breadcrumb\"},\"inLanguage\":\"it-IT\",\"potentialAction\":[{\"@type\":\"ReadAction\",\"target\":[\"https:\/\/www.rome-roma.net\/it\/palatino\/\"]}]},{\"@type\":\"BreadcrumbList\",\"@id\":\"https:\/\/www.rome-roma.net\/it\/palatino\/#breadcrumb\",\"itemListElement\":[{\"@type\":\"ListItem\",\"position\":1,\"name\":\"Accueil\",\"item\":\"https:\/\/www.rome-roma.net\/it\/\"},{\"@type\":\"ListItem\",\"position\":2,\"name\":\"Palatino\"}]}]}<\/script>\n<!-- \/ Yoast SEO plugin. -->","yoast_head_json":{"title":"Palatino &ndash; Rome-Roma","description":"Scoperta e visita del Palatino a Roma, sito archeologico di uno dei colli storici della citt\u00e0, dove furono costruiti i palazzi imperiali.","robots":{"index":"index","follow":"follow","max-snippet":"max-snippet:-1","max-image-preview":"max-image-preview:large","max-video-preview":"max-video-preview:-1"},"canonical":"https:\/\/www.rome-roma.net\/it\/palatino\/","og_locale":"it_IT","og_type":"article","og_title":"Palatino &ndash; Rome-Roma","og_description":"Scoperta e visita del Palatino a Roma, sito archeologico di uno dei colli storici della citt\u00e0, dove furono costruiti i palazzi imperiali.","og_url":"https:\/\/www.rome-roma.net\/it\/palatino\/","og_site_name":"Rome-Roma","article_modified_time":"2026-04-05T08:35:04+00:00","og_image":[{"width":800,"height":533,"url":"https:\/\/www.rome-roma.net\/wp-content\/uploads\/2020\/01\/palatino-Roma_23661.jpg","type":"image\/jpeg"}],"twitter_card":"summary_large_image","twitter_misc":{"Tempo di lettura stimato":"5 minuti"},"schema":{"@context":"https:\/\/schema.org","@graph":[{"@type":"Organization","@id":"https:\/\/www.rome-roma.net\/it\/#organization","name":"Rome-Roma","url":"https:\/\/www.rome-roma.net\/it\/","sameAs":[],"logo":{"@type":"ImageObject","@id":"https:\/\/www.rome-roma.net\/it\/#logo","inLanguage":"it-IT","url":"https:\/\/www.rome-roma.net\/wp-content\/uploads\/2025\/07\/logo-rome-roma-420.jpg","contentUrl":"https:\/\/www.rome-roma.net\/wp-content\/uploads\/2025\/07\/logo-rome-roma-420.jpg","width":420,"height":420,"caption":"Rome-Roma"},"image":{"@id":"https:\/\/www.rome-roma.net\/it\/#logo"}},{"@type":"WebSite","@id":"https:\/\/www.rome-roma.net\/it\/#website","url":"https:\/\/www.rome-roma.net\/it\/","name":"Rome-Roma","description":"Cultura & Viaggio","publisher":{"@id":"https:\/\/www.rome-roma.net\/it\/#organization"},"potentialAction":[{"@type":"SearchAction","target":{"@type":"EntryPoint","urlTemplate":"https:\/\/www.rome-roma.net\/it\/?s={search_term_string}"},"query-input":"required name=search_term_string"}],"inLanguage":"it-IT"},{"@type":"ImageObject","@id":"https:\/\/www.rome-roma.net\/it\/palatino\/#primaryimage","inLanguage":"it-IT","url":"https:\/\/www.rome-roma.net\/wp-content\/uploads\/2020\/01\/palatino-Roma_23661.jpg","contentUrl":"https:\/\/www.rome-roma.net\/wp-content\/uploads\/2020\/01\/palatino-Roma_23661.jpg","width":800,"height":533,"caption":"Palatino"},{"@type":"WebPage","@id":"https:\/\/www.rome-roma.net\/it\/palatino\/#webpage","url":"https:\/\/www.rome-roma.net\/it\/palatino\/","name":"Palatino &ndash; Rome-Roma","isPartOf":{"@id":"https:\/\/www.rome-roma.net\/it\/#website"},"primaryImageOfPage":{"@id":"https:\/\/www.rome-roma.net\/it\/palatino\/#primaryimage"},"datePublished":"2020-01-16T14:07:13+00:00","dateModified":"2026-04-05T08:35:04+00:00","description":"Scoperta e visita del Palatino a Roma, sito archeologico di uno dei colli storici della citt\u00e0, dove furono costruiti i palazzi imperiali.","breadcrumb":{"@id":"https:\/\/www.rome-roma.net\/it\/palatino\/#breadcrumb"},"inLanguage":"it-IT","potentialAction":[{"@type":"ReadAction","target":["https:\/\/www.rome-roma.net\/it\/palatino\/"]}]},{"@type":"BreadcrumbList","@id":"https:\/\/www.rome-roma.net\/it\/palatino\/#breadcrumb","itemListElement":[{"@type":"ListItem","position":1,"name":"Accueil","item":"https:\/\/www.rome-roma.net\/it\/"},{"@type":"ListItem","position":2,"name":"Palatino"}]}]}},"acf_fields":{"nom_monument":"","wikidata":"Q200642","sameas":""},"_links":{"self":[{"href":"https:\/\/www.rome-roma.net\/it\/wp-json\/wp\/v2\/site\/5569"}],"collection":[{"href":"https:\/\/www.rome-roma.net\/it\/wp-json\/wp\/v2\/site"}],"about":[{"href":"https:\/\/www.rome-roma.net\/it\/wp-json\/wp\/v2\/types\/site"}],"replies":[{"embeddable":true,"href":"https:\/\/www.rome-roma.net\/it\/wp-json\/wp\/v2\/comments?post=5569"}],"wp:featuredmedia":[{"embeddable":true,"href":"https:\/\/www.rome-roma.net\/it\/wp-json\/wp\/v2\/media\/424"}],"wp:attachment":[{"href":"https:\/\/www.rome-roma.net\/it\/wp-json\/wp\/v2\/media?parent=5569"}],"wp:term":[{"taxonomy":"genre","embeddable":true,"href":"https:\/\/www.rome-roma.net\/it\/wp-json\/wp\/v2\/genre?post=5569"},{"taxonomy":"interet","embeddable":true,"href":"https:\/\/www.rome-roma.net\/it\/wp-json\/wp\/v2\/interet?post=5569"},{"taxonomy":"quartier","embeddable":true,"href":"https:\/\/www.rome-roma.net\/it\/wp-json\/wp\/v2\/quartier?post=5569"},{"taxonomy":"categorie_site","embeddable":true,"href":"https:\/\/www.rome-roma.net\/it\/wp-json\/wp\/v2\/categorie_site?post=5569"},{"taxonomy":"quartier_historique","embeddable":true,"href":"https:\/\/www.rome-roma.net\/it\/wp-json\/wp\/v2\/quartier_historique?post=5569"},{"taxonomy":"etiquettes_site","embeddable":true,"href":"https:\/\/www.rome-roma.net\/it\/wp-json\/wp\/v2\/etiquettes_site?post=5569"}],"curies":[{"name":"wp","href":"https:\/\/api.w.org\/{rel}","templated":true}]}}