


{"id":5693,"date":"2020-01-25T15:34:06","date_gmt":"2020-01-25T14:34:06","guid":{"rendered":"https:\/\/www.rome-roma.net\/site\/eglise-du-gesu\/"},"modified":"2024-12-17T10:47:07","modified_gmt":"2024-12-17T09:47:07","slug":"chiesa-del-gesu","status":"publish","type":"site","link":"https:\/\/www.rome-roma.net\/it\/chiesa-del-gesu\/","title":{"rendered":"Chiesa del Ges\u00f9"},"content":{"rendered":"<div id=\"attachment_21699\" style=\"width: 210px\" class=\"wp-caption alignright\"><a href=\"https:\/\/www.rome-roma.net\/wp-content\/uploads\/2020\/01\/trionfo-del-nome-di-gesu-di-giovan-battista-gaulli-il-baciccio-chiesa-del-gesu_0909.jpg\"><img aria-describedby=\"caption-attachment-21699\" loading=\"lazy\" class=\"size-medium wp-image-21699\" src=\"https:\/\/www.rome-roma.net\/wp-content\/uploads\/2020\/01\/trionfo-del-nome-di-gesu-di-giovan-battista-gaulli-il-baciccio-chiesa-del-gesu_0909-200x300.jpg\" alt=\"trionfo-del-nome-di-gesu-di-giovan-battista-gaulli-il-baciccio-chiesa-del-gesu_0909\" width=\"200\" height=\"300\" srcset=\"https:\/\/www.rome-roma.net\/wp-content\/uploads\/2020\/01\/trionfo-del-nome-di-gesu-di-giovan-battista-gaulli-il-baciccio-chiesa-del-gesu_0909-200x300.jpg 200w, https:\/\/www.rome-roma.net\/wp-content\/uploads\/2020\/01\/trionfo-del-nome-di-gesu-di-giovan-battista-gaulli-il-baciccio-chiesa-del-gesu_0909-683x1024.jpg 683w, https:\/\/www.rome-roma.net\/wp-content\/uploads\/2020\/01\/trionfo-del-nome-di-gesu-di-giovan-battista-gaulli-il-baciccio-chiesa-del-gesu_0909-768x1152.jpg 768w, https:\/\/www.rome-roma.net\/wp-content\/uploads\/2020\/01\/trionfo-del-nome-di-gesu-di-giovan-battista-gaulli-il-baciccio-chiesa-del-gesu_0909.jpg 800w\" sizes=\"(max-width: 200px) 100vw, 200px\" \/><\/a><p id=\"caption-attachment-21699\" class=\"wp-caption-text\"><em>Trionfo del nome di Ges\u00f9<\/em> sulla volta<\/p><\/div>\n<p>La <strong>Chiesa del Santissimo Nome di Ges\u00f9<\/strong> a Roma, meglio conosciuta come la Chiesa di Ges\u00f9, o <strong>Ges\u00f9<\/strong>, \u00e8 la chiesa madre della <strong>Compagnia di Ges\u00f9<\/strong>, in altre parole, i <strong>Gesuiti<\/strong>.<\/p>\n<h2>Storia del Ges\u00f9<\/h2>\n<p>Questa chiesa segn\u00f2 una svolta nella storia dell&#8217;arte, perch\u00e9 \u00e8 costruita nello spirito dei decreti del <strong>Concilio di Trento<\/strong>, durante la <strong>controriforma<\/strong>. Fu progettata con un&#8217;unica navata, per focalizzare l&#8217;attenzione dei fedeli sull&#8217;altare e sull&#8217;oratore.<br>Era un modello per i vari edifici religiosi eretti dalla Compagnia di Ges\u00f9 in tutto il mondo.<\/p>\n<p>La sua costruzione inizi\u00f2 nel 1551 per volere di <strong>Ignazio di Loyola<\/strong>, fondatore della Compagnia di Ges\u00f9, molto attivo durante le riforme protestanti e contro le riforme cattoliche. <br>Nel 1540, papa Paolo III, installato vicino a Palazzo Venezia, ci aveva gi\u00e0 fondato una prima cappella gesuita.<\/p>\n<p>A causa della mancanza di fondi, i lavori iniziarono solo nel 1568, con l&#8217;aiuto del cardinale <strong>Farnese<\/strong>, nipote del papa, quando il capo della Compagnia era <strong>Francesco Borgia<\/strong>, che successe a Ignazio alla guida dell&#8217;ordine dal 1565 al 1572.<br>Il progetto di costruzione originale era di <strong>Nanni di Baccio Bigio<\/strong>, un architetto fiorentino. Fu modificato nel 1554 da <strong>Michelangelo<\/strong> e poi da <strong>Vignola<\/strong> nel 1568 che diresse l&#8217;opera fino alla sua morte nel 1575. Gli successe <strong>Giacomo Della Porta<\/strong> che ridisegn\u00f2 la facciata e progett\u00f2 la cupola.<br>La chiesa fu consacrata il 25 novembre 1584.<\/p>\n<h2>Visita, architettura e opere<\/h2>\n<div style=\"width: 310px\" class=\"wp-caption alignright\"><a href=\"https:\/\/www.rome-roma.net\/foto\/chiese-sanpietro-spagna\/images\/chiesadelgesu_5789.jpg\"><img loading=\"lazy\" src=\"https:\/\/www.rome-roma.net\/foto\/chiese-sanpietro-spagna\/images\/chiesadelgesu_5789.jpg\" alt=\"chiesa del ges\u00f9\" width=\"300\" height=\"200\" align=\"right\" border=\"0\" hspace=\"5\"><\/a><p class=\"wp-caption-text\">Facciata del Ges\u00f9<\/p><\/div>\n<p>Il modello di questa chiesa con una sola navata, coperta da una volta a botte e fiancheggiata da tre cappelle laterali, un presbiterio e una cupola sopra l&#8217;incrocio del transetto, era la chiesa di <strong>Sant&#8217;Andrea di Mantova<\/strong> costruita quasi un secolo prima su progetto di Leon Battista Alberti. Il suo stile incontra classicismo, manierismo e barocco.<\/p>\n<p>L&#8217;affresco centrale della volta, con un singolare effetto prospettico, il <em>Trionfo del nome di Ges\u00f9<\/em>, fu dipinto da <strong>Giovan Battista Gaulli<\/strong> (il Baciccio). La posizione nella navata da cui la sua vista \u00e8 ottimale \u00e8 indicata dalle lettere &#8220;IHS&#8221; (le prime lettere del nome di Ges\u00f9 in greco). Lo stesso artista ha creato anche l&#8217;affresco nella cupola.<\/p>\n<p>L&#8217;altare dedicato a Sant&#8217;Ignazio di Loyola, riccamente decorato con oro e pietre preziose, \u00e8 un opera di <strong>Andrea Pozzo<\/strong> (fine del XVII secolo)<br>Le quattro sculture che circondano l&#8217;altare sono l&#8217;<em>approvazione della Compagnia di Ges\u00f9<\/em>, di <strong>Angelo de Rossi<\/strong>; <em>Il trionfo della fede sull&#8217;idolatria<\/em> \u00e8 di <strong>Jean-Baptiste Th\u00e9odon<\/strong>; <em>la canonizzazione di Sant&#8217;Ignazio<\/em> \u00e8 di <strong>Bernardino Cametti<\/strong>; e il <em>Trionfo della religione sull&#8217;eresia<\/em> \u00e8 di <strong>Pierre Le Gros<\/strong>.<\/p>\n<p>Di fronte alla <em>cappella di Sant&#8217;Ignazio<\/em> c&#8217;\u00e8 quella molto pi\u00f9 sobria di <em>San Francesco Saverio<\/em>, opera di <strong>Pietro da Cortona<\/strong> e <strong>Carlo Fontana<\/strong>.<\/p>\n<p>L&#8217;altare maggiore della chiesa \u00e8 di <strong>Antonio Sarti<\/strong> (1843). La pala d&#8217;altare, dipinta da <strong>Alessandro Capalti<\/strong> rappresenta la <em>circoncisione di Ges\u00f9<\/em>.<\/p>\n<h3>Cappella francescana del Sacro Cuore<\/h3>\n<div style=\"width: 210px\" class=\"wp-caption alignright\"><a href=\"https:\/\/www.rome-roma.net\/photos\/voyage2\/rome\/images\/roma_chiesa_gesu_9646.jpg\"><img loading=\"lazy\" src=\"https:\/\/www.rome-roma.net\/photos\/voyage2\/rome\/images\/roma_chiesa_gesu_9646.jpg\" alt=\"ges\u00f9\" width=\"200\" height=\"300\" align=\"right\" border=\"0\" hspace=\"5\"><\/a><p class=\"wp-caption-text\">Cappella del Sacro cuore<\/p><\/div>\n<p>Fu nel XVI secolo, con l&#8217;iniziativa di <strong>Francesco Borgia<\/strong> (il terzo capo della Compagnia di Ges\u00f9) che la costruzione della cappella inizi\u00f2 da <strong>Della Porta<\/strong>, con il sostegno finanziario di Olimpia Orsini.<\/p>\n<p>La cappella \u00e8 circolare. La volta \u00e8 intersecata dai capi dei cherubini, che rappresentano i quattro evangelisti e dottori della Chiesa: Ambrogio, Agostino, Girolamo e Gregorio Magno, opere di <strong>Baldassare Croce<\/strong>.<\/p>\n<p>L&#8217;altare \u00e8 fiancheggiato da due colonne di marmo africano, due angeli recano il monogramma del nome di Ges\u00f9. Il tabernacolo \u00e8 incorniciato da statue in bronzo di Santa Margherita Maria Alacoque e di Saint-Claude de La Colombi\u00e8re. Nella parte frontale in malachite, l&#8217;aspetto del Sacro Cuore \u00e8 rappresentato da una fascia rossa e un rilievo d&#8217;argento.<\/p>\n<p>Sulle pareti esterne della cappella, i dipinti rappresentano <em>scene della vita di San Francesco<\/em>, tra cui <em>San Francesco che rinuncia alla propriet\u00e0<\/em>, <em>predicando agli uccelli<\/em>, <em>di fronte al Sultano d&#8217;Egitto, che appare ai monaci in un carro di fuoco, domando il lupo di Gubbio<\/em>, ecc<br>Rimangono incertezze gli autori di questo affresco.<\/p>\n\n\n<h2>Vedute antiche nel arte<\/h2><div>1 opere di Chiesa del Ges\u00f9 sono state trovate nella database. Per vederle tutte aprire questo <a href=\"https:\/\/www.rome-roma.net\/site-rome-art.php?lieu=gesu\" target=\"_blank\">collegamento<\/a>.<\/div><div class=\"wp-block-kadence-advancedgallery kb-gallery-wrap-id-_5955fd-3f\">\r\n        <div class=\"kb-gallery-ul kb-gallery-type-fluidcarousel kb-gallery-id-_5955fd-3f kb-gallery-caption-style-below kb-gallery-magnific-init kb-gallery-filter-none\" data-image-filter=\"none\" data-lightbox-caption=\"true\">\r\n            <div class=\"kt-blocks-carousel kt-carousel-container-dotstyle-dark\">\r\n                <div class=\"kt-blocks-carousel-init kb-blocks-fluid-carousel kt-carousel-arrowstyle-whiteondark kt-carousel-dotstyle-dark\" data-slider-anim-speed=\"400\" data-slider-type=\"fluidcarousel\" data-slider-scroll=\"1\" data-slider-arrows=\"true\" data-slider-dots=\"true\" data-slider-hover-pause=\"false\" data-slider-auto=\"false\" data-slider-speed=\"7000\">\r\n        <div class=\"kb-slide-item kb-gallery-carousel-item\"><li class=\"kadence-blocks-gallery-item\"><div class=\"kadence-blocks-gallery-item-inner\">\r\n            <figure class=\"kb-gallery-figure kb-gallery-item-has-link kadence-blocks-gallery-item-has-caption\">\r\n                <a href=\"https:\/\/www.rome-roma.net\/artmodule\/filippo gagliardi\/andrea sacchi - filippo gagliardi - jean miel - papa urbano viii visita il gesu 2 ott 1639 - 1641 - galleria nazionale d arte antica.jpg\" class=\"kb-gallery-item-link\" style=\"color: #FFFFFF;\">\r\n                    <div class=\"kb-gal-image-radius\"><div class=\"kb-gallery-image-contain\">\r\n                        <img src=\"https:\/\/www.rome-roma.net\/artmodule\/filippo gagliardi\/andrea sacchi - filippo gagliardi - jean miel - papa urbano viii visita il gesu 2 ott 1639 - 1641 - galleria nazionale d arte antica.jpg\" width=\"300\" height=\"200\" \r\n                            alt=\"Filippo Gagliardi,Le Pape Urbain VIII visite l'\u00e9glise de Ges\u00f9 le 2 octobre 1639 (Andrea Sacchi, Filippo Gagliardi, Jean Miel) (1641)\" \r\n                            data-full-image=\"https:\/\/www.rome-roma.net\/artmodule\/filippo gagliardi\/andrea sacchi - filippo gagliardi - jean miel - papa urbano viii visita il gesu 2 ott 1639 - 1641 - galleria nazionale d arte antica.jpg\" \r\n                            data-light-image=\"https:\/\/www.rome-roma.net\/artmodule\/filippo gagliardi\/andrea sacchi - filippo gagliardi - jean miel - papa urbano viii visita il gesu 2 ott 1639 - 1641 - galleria nazionale d arte antica.jpg\" data-id=\"149\" \r\n                            data-link=\"https:\/\/www.rome-roma.net\/artmodule\/filippo gagliardi\/andrea sacchi - filippo gagliardi - jean miel - papa urbano viii visita il gesu 2 ott 1639 - 1641 - galleria nazionale d arte antica.jpg\" \r\n                            class=\"wp-image-149\" loading=lazy\/>\r\n                    <\/div><\/div>\r\n                    <figcaption class=\"kadence-blocks-gallery-item__caption\">Filippo Gagliardi, Le Pape Urbain VIII visite l'\u00e9glise de Ges\u00f9 le 2 octobre 1639 (Andrea Sacchi, Filippo Gagliardi, Jean Miel)<\/figcaption>\r\n                <\/a>\r\n            <\/figure><\/div><\/li><\/div><\/div><\/div><\/div><\/div><a href=\"https:\/\/www.rome-roma.net\/site-rome-art.php?lieu=gesu\" target=\"_blank\">Clica per vedere oltre dipinti e artisti su Eglise du nom de J\u00e9sus in Roma<\/a><br><br><br>\n\n\n\n<h2>Cartina ed indirizzo<\/h2>\r\n\t\t<b>Indirizzo : <\/b>Via degli Astalli, 16, 00186 Roma RM, Italie<div id=\"travelersmap-container-69f550a711498\" class=\"travelersmap-container\" style=\"z-index: 1; min-height: 10px; min-width:10px; height:400px;width:100%; max-width:; max-height:; position:relative;\"><div style=\"position:absolute; z-index:-1;top: 50%;text-align: center;display: block;left: 50%;transform: translate(-50%,-50%);\">Travelers' Map is loading... <br> If you see this after your page is loaded completely, leafletJS files are missing.<\/div><\/div><i>Clicca sulla freccia per localizzarti sulla mappa<\/i><br><br>\n\n\n<h2>Informazioni<\/h2>\n<table style=\"border-collapse: collapse; width: 100%; \">\n<tbody>\n<tr style=\"background-color: #fae8c3;\">\n<td style=\"width: 100%; \"><span style=\"font-size: 10pt;\"><strong>Chiesa del Ges\u00f9<\/strong><\/span><br><span style=\"font-size: 10pt;\"><em>Via degli Astalli, 16, 00186 Roma<\/em><\/span><\/td>\n<\/tr>\n<tr style=\"background-color: #f7ece1;\">\n<td style=\"width: 100%; \">\n<p><span style=\"font-size: 10pt;\"><strong>Orari di apertura<br><\/strong><\/span><\/p>\n<ul>\n<li>\n<p><strong><span style=\"font-size: 10pt;\">Chiesa<\/span><\/strong><br><span style=\"font-size: 10pt;\">Orario invernale, da ottobre a giugno<\/span><br><span style=\"font-size: 10pt;\">&#8211; Dal luned\u00ec al venerd\u00ec: 7.30-12.30 \/ 16.30-19.30 (sabato fino alle 20.00)<\/span><br><span style=\"font-size: 10pt;\">&#8211; Domenica e festivi: 8.30-13.30 \/ 16.30-20.00<br><\/span><span style=\"font-size: 10pt;\">Orario estivo (da luglio a settembre)<\/span><br><span style=\"font-size: 10pt;\">&#8211; Dal luned\u00ec al venerd\u00ec: 7.30-12.00 \/ 17.00-19.30 (sabato fino alle 20.00)<\/span><br><span style=\"font-size: 10pt;\">&#8211; Domenica e festivi: 8.30-12.30 \/ 17.00-20.00<\/span><\/p>\n<\/li>\n<li>\n<p><span style=\"font-size: 10pt;\">Macchina barocca (altare di Sant&#8217;Ignazio)<\/span><br><span style=\"font-size: 10pt;\">&#8211; Orario invernale (da ottobre a giugno) tutti i giorni alle 17.30<\/span><br><span style=\"font-size: 10pt;\">&#8211; Orario estivo (da luglio a settembre) tutti i giorni alle ore 18.00<\/span><\/p>\n<\/li>\n<li>\n<p><span style=\"font-size: 10pt;\">Orari delle sale di Sant&#8217;Ignazio<\/span><br><span style=\"font-size: 10pt;\">&#8211; Dal luned\u00ec al sabato: 16.00 &#8211; 18.00<\/span><br><span style=\"font-size: 10pt;\">&#8211; Domeniche e festivi: 10.00 &#8211; 12.00<\/span><\/p>\n<\/li>\n<\/ul>\n<\/td>\n<\/tr>\n<tr style=\"background-color: #fae8c3;\">\n<td style=\"width: 100%; \">\n<p><span style=\"font-size: 10pt;\"><b>Fonti e collegamenti<\/b><\/span><\/p>\n<ul>\n<li><a href=\"https:\/\/060608.comune.roma.it\/turismo-religioso\/chiese-cattoliche\/chiesa-del-gesu-13470\" target=\"_blank\" rel=\"noopener\"><span style=\"font-size: 10pt;\">Chiesa del Ges\u00f9 sul sito del comune di Roma<\/span><\/a><\/li>\n<li><span style=\"font-size: 10pt;\">Sito ufficiale : <a href=\"https:\/\/www.chiesadelgesu.org\/\" target=\"_blank\" rel=\"noopener noreferrer\">www.chiesadelgesu.org<\/a><\/span><\/li>\n<li><span style=\"font-size: 10pt;\"><a href=\"https:\/\/it.wikipedia.org\/wiki\/Chiesa_del_Ges%C3%B9#La_Cappella_del_Sacro_Cuore_gi%C3%A0_di_san_Francesco_d'Assisi\" target=\"_blank\" rel=\"noopener noreferrer\">Chiesa del Ges\u00f9 su Wikipedia<\/a><\/span><\/li>\n<\/ul>\n<\/td>\n<\/tr>\n<\/tbody>\n<\/table>\n\n\n<h2>Galleria<\/h2>\n\n\n\n\t\t<style type=\"text\/css\">\n\t\t\t#gallery-1 {\n\t\t\t\tmargin: auto;\n\t\t\t}\n\t\t\t#gallery-1 .gallery-item {\n\t\t\t\tfloat: left;\n\t\t\t\tmargin-top: 10px;\n\t\t\t\ttext-align: center;\n\t\t\t\twidth: 20%;\n\t\t\t}\n\t\t\t#gallery-1 img {\n\t\t\t\tborder: 2px solid #cfcfcf;\n\t\t\t}\n\t\t\t#gallery-1 .gallery-caption {\n\t\t\t\tmargin-left: 0;\n\t\t\t}\n\t\t\t\/* see gallery_shortcode() in wp-includes\/media.php *\/\n\t\t<\/style>\n\t\t<div id='gallery-1' class='gallery galleryid-5693 gallery-columns-5 gallery-size-thumbnail'><dl class='gallery-item'>\n\t\t\t<dt class='gallery-icon landscape'>\n\t\t\t\t<a href='https:\/\/www.rome-roma.net\/wp-content\/uploads\/2020\/01\/facade-eglise-de-jesus-rome_5789.jpg'><img width=\"150\" height=\"150\" src=\"https:\/\/www.rome-roma.net\/wp-content\/uploads\/2020\/01\/facade-eglise-de-jesus-rome_5789-150x150.jpg\" class=\"attachment-thumbnail size-thumbnail\" alt=\"Facciata della chiesa di Ges\u00f9 a Roma\" loading=\"lazy\" aria-describedby=\"gallery-1-21629\" srcset=\"https:\/\/www.rome-roma.net\/wp-content\/uploads\/2020\/01\/facade-eglise-de-jesus-rome_5789-150x150.jpg 150w, https:\/\/www.rome-roma.net\/wp-content\/uploads\/2020\/01\/facade-eglise-de-jesus-rome_5789-50x50.jpg 50w, https:\/\/www.rome-roma.net\/wp-content\/uploads\/2020\/01\/facade-eglise-de-jesus-rome_5789-80x80.jpg 80w, https:\/\/www.rome-roma.net\/wp-content\/uploads\/2020\/01\/facade-eglise-de-jesus-rome_5789-75x75.jpg 75w\" sizes=\"(max-width: 150px) 100vw, 150px\" \/><\/a>\n\t\t\t<\/dt>\n\t\t\t\t<dd class='wp-caption-text gallery-caption' id='gallery-1-21629'>\n\t\t\t\tFacciata\n\t\t\t\t<\/dd><\/dl><dl class='gallery-item'>\n\t\t\t<dt class='gallery-icon landscape'>\n\t\t\t\t<a href='https:\/\/www.rome-roma.net\/wp-content\/uploads\/2020\/01\/facciata-chiesa-del-gesu-roma_4015.jpg'><img width=\"150\" height=\"150\" src=\"https:\/\/www.rome-roma.net\/wp-content\/uploads\/2020\/01\/facciata-chiesa-del-gesu-roma_4015-150x150.jpg\" class=\"attachment-thumbnail size-thumbnail\" alt=\"Foto Facciata della chiesa di Ges\u00f9 a Roma\" loading=\"lazy\" aria-describedby=\"gallery-1-21569\" srcset=\"https:\/\/www.rome-roma.net\/wp-content\/uploads\/2020\/01\/facciata-chiesa-del-gesu-roma_4015-150x150.jpg 150w, https:\/\/www.rome-roma.net\/wp-content\/uploads\/2020\/01\/facciata-chiesa-del-gesu-roma_4015-50x50.jpg 50w, https:\/\/www.rome-roma.net\/wp-content\/uploads\/2020\/01\/facciata-chiesa-del-gesu-roma_4015-80x80.jpg 80w, https:\/\/www.rome-roma.net\/wp-content\/uploads\/2020\/01\/facciata-chiesa-del-gesu-roma_4015-75x75.jpg 75w\" sizes=\"(max-width: 150px) 100vw, 150px\" \/><\/a>\n\t\t\t<\/dt>\n\t\t\t\t<dd class='wp-caption-text gallery-caption' id='gallery-1-21569'>\n\t\t\t\tFacciata\n\t\t\t\t<\/dd><\/dl><dl class='gallery-item'>\n\t\t\t<dt class='gallery-icon landscape'>\n\t\t\t\t<a href='https:\/\/www.rome-roma.net\/wp-content\/uploads\/2020\/01\/facciata-chiesa-del-gesu-roma_4014.jpg'><img width=\"150\" height=\"150\" src=\"https:\/\/www.rome-roma.net\/wp-content\/uploads\/2020\/01\/facciata-chiesa-del-gesu-roma_4014-150x150.jpg\" class=\"attachment-thumbnail size-thumbnail\" alt=\"Foto Facciata della chiesa di Ges\u00f9 a Roma\" loading=\"lazy\" aria-describedby=\"gallery-1-21563\" srcset=\"https:\/\/www.rome-roma.net\/wp-content\/uploads\/2020\/01\/facciata-chiesa-del-gesu-roma_4014-150x150.jpg 150w, https:\/\/www.rome-roma.net\/wp-content\/uploads\/2020\/01\/facciata-chiesa-del-gesu-roma_4014-50x50.jpg 50w, https:\/\/www.rome-roma.net\/wp-content\/uploads\/2020\/01\/facciata-chiesa-del-gesu-roma_4014-80x80.jpg 80w, https:\/\/www.rome-roma.net\/wp-content\/uploads\/2020\/01\/facciata-chiesa-del-gesu-roma_4014-75x75.jpg 75w\" sizes=\"(max-width: 150px) 100vw, 150px\" \/><\/a>\n\t\t\t<\/dt>\n\t\t\t\t<dd class='wp-caption-text gallery-caption' id='gallery-1-21563'>\n\t\t\t\tFacciata\n\t\t\t\t<\/dd><\/dl><dl class='gallery-item'>\n\t\t\t<dt class='gallery-icon landscape'>\n\t\t\t\t<a href='https:\/\/www.rome-roma.net\/wp-content\/uploads\/2020\/01\/interno-navata-chiesa-del-gesu-roma_9651.jpg'><img width=\"150\" height=\"150\" src=\"https:\/\/www.rome-roma.net\/wp-content\/uploads\/2020\/01\/interno-navata-chiesa-del-gesu-roma_9651-150x150.jpg\" class=\"attachment-thumbnail size-thumbnail\" alt=\"interno-navata-chiesa-del-gesu-roma_9651\" loading=\"lazy\" aria-describedby=\"gallery-1-21649\" srcset=\"https:\/\/www.rome-roma.net\/wp-content\/uploads\/2020\/01\/interno-navata-chiesa-del-gesu-roma_9651-150x150.jpg 150w, https:\/\/www.rome-roma.net\/wp-content\/uploads\/2020\/01\/interno-navata-chiesa-del-gesu-roma_9651-50x50.jpg 50w, https:\/\/www.rome-roma.net\/wp-content\/uploads\/2020\/01\/interno-navata-chiesa-del-gesu-roma_9651-80x80.jpg 80w, https:\/\/www.rome-roma.net\/wp-content\/uploads\/2020\/01\/interno-navata-chiesa-del-gesu-roma_9651-75x75.jpg 75w\" sizes=\"(max-width: 150px) 100vw, 150px\" \/><\/a>\n\t\t\t<\/dt>\n\t\t\t\t<dd class='wp-caption-text gallery-caption' id='gallery-1-21649'>\n\t\t\t\tNavata\n\t\t\t\t<\/dd><\/dl><dl class='gallery-item'>\n\t\t\t<dt class='gallery-icon portrait'>\n\t\t\t\t<a href='https:\/\/www.rome-roma.net\/wp-content\/uploads\/2020\/01\/nef-abside-eglise-de-jesus-rome_9633.jpg'><img width=\"150\" height=\"150\" src=\"https:\/\/www.rome-roma.net\/wp-content\/uploads\/2020\/01\/nef-abside-eglise-de-jesus-rome_9633-150x150.jpg\" class=\"attachment-thumbnail size-thumbnail\" alt=\"nef-abside-eglise-de-jesus-rome_9633\" loading=\"lazy\" aria-describedby=\"gallery-1-21664\" srcset=\"https:\/\/www.rome-roma.net\/wp-content\/uploads\/2020\/01\/nef-abside-eglise-de-jesus-rome_9633-150x150.jpg 150w, https:\/\/www.rome-roma.net\/wp-content\/uploads\/2020\/01\/nef-abside-eglise-de-jesus-rome_9633-50x50.jpg 50w, https:\/\/www.rome-roma.net\/wp-content\/uploads\/2020\/01\/nef-abside-eglise-de-jesus-rome_9633-80x80.jpg 80w, https:\/\/www.rome-roma.net\/wp-content\/uploads\/2020\/01\/nef-abside-eglise-de-jesus-rome_9633-75x75.jpg 75w\" sizes=\"(max-width: 150px) 100vw, 150px\" \/><\/a>\n\t\t\t<\/dt>\n\t\t\t\t<dd class='wp-caption-text gallery-caption' id='gallery-1-21664'>\n\t\t\t\tNavata ed abside\n\t\t\t\t<\/dd><\/dl><br style=\"clear: both\" \/><dl class='gallery-item'>\n\t\t\t<dt class='gallery-icon portrait'>\n\t\t\t\t<a href='https:\/\/www.rome-roma.net\/wp-content\/uploads\/2020\/01\/nef-abside-eglise-de-jesus-rome_9634.jpg'><img width=\"150\" height=\"150\" src=\"https:\/\/www.rome-roma.net\/wp-content\/uploads\/2020\/01\/nef-abside-eglise-de-jesus-rome_9634-150x150.jpg\" class=\"attachment-thumbnail size-thumbnail\" alt=\"nef-abside-eglise-de-jesus-rome_9634\" loading=\"lazy\" aria-describedby=\"gallery-1-21669\" srcset=\"https:\/\/www.rome-roma.net\/wp-content\/uploads\/2020\/01\/nef-abside-eglise-de-jesus-rome_9634-150x150.jpg 150w, https:\/\/www.rome-roma.net\/wp-content\/uploads\/2020\/01\/nef-abside-eglise-de-jesus-rome_9634-50x50.jpg 50w, https:\/\/www.rome-roma.net\/wp-content\/uploads\/2020\/01\/nef-abside-eglise-de-jesus-rome_9634-80x80.jpg 80w, https:\/\/www.rome-roma.net\/wp-content\/uploads\/2020\/01\/nef-abside-eglise-de-jesus-rome_9634-75x75.jpg 75w\" sizes=\"(max-width: 150px) 100vw, 150px\" \/><\/a>\n\t\t\t<\/dt>\n\t\t\t\t<dd class='wp-caption-text gallery-caption' id='gallery-1-21669'>\n\t\t\t\tAbside\n\t\t\t\t<\/dd><\/dl><dl class='gallery-item'>\n\t\t\t<dt class='gallery-icon portrait'>\n\t\t\t\t<a href='https:\/\/www.rome-roma.net\/wp-content\/uploads\/2020\/01\/altare-maggiore-chiesa-del-gesu_0900.jpg'><img width=\"150\" height=\"150\" src=\"https:\/\/www.rome-roma.net\/wp-content\/uploads\/2020\/01\/altare-maggiore-chiesa-del-gesu_0900-150x150.jpg\" class=\"attachment-thumbnail size-thumbnail\" alt=\"altare-maggiore-chiesa-del-gesu_0900\" loading=\"lazy\" aria-describedby=\"gallery-1-21589\" srcset=\"https:\/\/www.rome-roma.net\/wp-content\/uploads\/2020\/01\/altare-maggiore-chiesa-del-gesu_0900-150x150.jpg 150w, https:\/\/www.rome-roma.net\/wp-content\/uploads\/2020\/01\/altare-maggiore-chiesa-del-gesu_0900-50x50.jpg 50w, https:\/\/www.rome-roma.net\/wp-content\/uploads\/2020\/01\/altare-maggiore-chiesa-del-gesu_0900-80x80.jpg 80w, https:\/\/www.rome-roma.net\/wp-content\/uploads\/2020\/01\/altare-maggiore-chiesa-del-gesu_0900-75x75.jpg 75w\" sizes=\"(max-width: 150px) 100vw, 150px\" \/><\/a>\n\t\t\t<\/dt>\n\t\t\t\t<dd class='wp-caption-text gallery-caption' id='gallery-1-21589'>\n\t\t\t\tAltare maggiore\n\t\t\t\t<\/dd><\/dl><dl class='gallery-item'>\n\t\t\t<dt class='gallery-icon portrait'>\n\t\t\t\t<a href='https:\/\/www.rome-roma.net\/wp-content\/uploads\/2020\/01\/maitre-autel-eglise-de-jesus-rome_0900.jpg'><img width=\"150\" height=\"150\" src=\"https:\/\/www.rome-roma.net\/wp-content\/uploads\/2020\/01\/maitre-autel-eglise-de-jesus-rome_0900-150x150.jpg\" class=\"attachment-thumbnail size-thumbnail\" alt=\"maitre-autel-eglise-de-jesus-rome_0900\" loading=\"lazy\" aria-describedby=\"gallery-1-21659\" srcset=\"https:\/\/www.rome-roma.net\/wp-content\/uploads\/2020\/01\/maitre-autel-eglise-de-jesus-rome_0900-150x150.jpg 150w, https:\/\/www.rome-roma.net\/wp-content\/uploads\/2020\/01\/maitre-autel-eglise-de-jesus-rome_0900-50x50.jpg 50w, https:\/\/www.rome-roma.net\/wp-content\/uploads\/2020\/01\/maitre-autel-eglise-de-jesus-rome_0900-80x80.jpg 80w, https:\/\/www.rome-roma.net\/wp-content\/uploads\/2020\/01\/maitre-autel-eglise-de-jesus-rome_0900-75x75.jpg 75w\" sizes=\"(max-width: 150px) 100vw, 150px\" \/><\/a>\n\t\t\t<\/dt>\n\t\t\t\t<dd class='wp-caption-text gallery-caption' id='gallery-1-21659'>\n\t\t\t\tAltare maggiore\n\t\t\t\t<\/dd><\/dl><dl class='gallery-item'>\n\t\t\t<dt class='gallery-icon portrait'>\n\t\t\t\t<a href='https:\/\/www.rome-roma.net\/wp-content\/uploads\/2020\/01\/trionfo-del-nome-di-gesu-di-giovan-battista-gaulli-il-baciccio-chiesa-del-gesu_0908.jpg'><img width=\"150\" height=\"150\" src=\"https:\/\/www.rome-roma.net\/wp-content\/uploads\/2020\/01\/trionfo-del-nome-di-gesu-di-giovan-battista-gaulli-il-baciccio-chiesa-del-gesu_0908-150x150.jpg\" class=\"attachment-thumbnail size-thumbnail\" alt=\"trionfo-del-nome-di-gesu-di-giovan-battista-gaulli-il-baciccio-chiesa-del-gesu_0908\" loading=\"lazy\" aria-describedby=\"gallery-1-21694\" srcset=\"https:\/\/www.rome-roma.net\/wp-content\/uploads\/2020\/01\/trionfo-del-nome-di-gesu-di-giovan-battista-gaulli-il-baciccio-chiesa-del-gesu_0908-150x150.jpg 150w, https:\/\/www.rome-roma.net\/wp-content\/uploads\/2020\/01\/trionfo-del-nome-di-gesu-di-giovan-battista-gaulli-il-baciccio-chiesa-del-gesu_0908-50x50.jpg 50w, https:\/\/www.rome-roma.net\/wp-content\/uploads\/2020\/01\/trionfo-del-nome-di-gesu-di-giovan-battista-gaulli-il-baciccio-chiesa-del-gesu_0908-80x80.jpg 80w, https:\/\/www.rome-roma.net\/wp-content\/uploads\/2020\/01\/trionfo-del-nome-di-gesu-di-giovan-battista-gaulli-il-baciccio-chiesa-del-gesu_0908-75x75.jpg 75w\" sizes=\"(max-width: 150px) 100vw, 150px\" \/><\/a>\n\t\t\t<\/dt>\n\t\t\t\t<dd class='wp-caption-text gallery-caption' id='gallery-1-21694'>\n\t\t\t\tTrionfo del Nome di Ges\u00f9\n\t\t\t\t<\/dd><\/dl><dl class='gallery-item'>\n\t\t\t<dt class='gallery-icon portrait'>\n\t\t\t\t<a href='https:\/\/www.rome-roma.net\/wp-content\/uploads\/2020\/01\/triomphe-du-nom-de-jesus-voute-eglise-de-jesus-rome_9631.jpg'><img width=\"150\" height=\"150\" src=\"https:\/\/www.rome-roma.net\/wp-content\/uploads\/2020\/01\/triomphe-du-nom-de-jesus-voute-eglise-de-jesus-rome_9631-150x150.jpg\" class=\"attachment-thumbnail size-thumbnail\" alt=\"triomphe-du-nom-de-jesus-voute-eglise-de-jesus-rome_9631\" loading=\"lazy\" aria-describedby=\"gallery-1-21684\" srcset=\"https:\/\/www.rome-roma.net\/wp-content\/uploads\/2020\/01\/triomphe-du-nom-de-jesus-voute-eglise-de-jesus-rome_9631-150x150.jpg 150w, https:\/\/www.rome-roma.net\/wp-content\/uploads\/2020\/01\/triomphe-du-nom-de-jesus-voute-eglise-de-jesus-rome_9631-50x50.jpg 50w, https:\/\/www.rome-roma.net\/wp-content\/uploads\/2020\/01\/triomphe-du-nom-de-jesus-voute-eglise-de-jesus-rome_9631-80x80.jpg 80w, https:\/\/www.rome-roma.net\/wp-content\/uploads\/2020\/01\/triomphe-du-nom-de-jesus-voute-eglise-de-jesus-rome_9631-75x75.jpg 75w\" sizes=\"(max-width: 150px) 100vw, 150px\" \/><\/a>\n\t\t\t<\/dt>\n\t\t\t\t<dd class='wp-caption-text gallery-caption' id='gallery-1-21684'>\n\t\t\t\tTrionfo del Nome di Ges\u00f9\n\t\t\t\t<\/dd><\/dl><br style=\"clear: both\" \/><dl class='gallery-item'>\n\t\t\t<dt class='gallery-icon portrait'>\n\t\t\t\t<a href='https:\/\/www.rome-roma.net\/wp-content\/uploads\/2020\/01\/volta-trompe-l-oeil-chiesa-del-gesu_9645.jpg'><img width=\"150\" height=\"150\" src=\"https:\/\/www.rome-roma.net\/wp-content\/uploads\/2020\/01\/volta-trompe-l-oeil-chiesa-del-gesu_9645-150x150.jpg\" class=\"attachment-thumbnail size-thumbnail\" alt=\"volta-trompe-l-oeil-chiesa-del-gesu_9645\" loading=\"lazy\" aria-describedby=\"gallery-1-21714\" srcset=\"https:\/\/www.rome-roma.net\/wp-content\/uploads\/2020\/01\/volta-trompe-l-oeil-chiesa-del-gesu_9645-150x150.jpg 150w, https:\/\/www.rome-roma.net\/wp-content\/uploads\/2020\/01\/volta-trompe-l-oeil-chiesa-del-gesu_9645-50x50.jpg 50w, https:\/\/www.rome-roma.net\/wp-content\/uploads\/2020\/01\/volta-trompe-l-oeil-chiesa-del-gesu_9645-80x80.jpg 80w, https:\/\/www.rome-roma.net\/wp-content\/uploads\/2020\/01\/volta-trompe-l-oeil-chiesa-del-gesu_9645-75x75.jpg 75w\" sizes=\"(max-width: 150px) 100vw, 150px\" \/><\/a>\n\t\t\t<\/dt>\n\t\t\t\t<dd class='wp-caption-text gallery-caption' id='gallery-1-21714'>\n\t\t\t\tTrionfo del Nome di Ges\u00f9\n\t\t\t\t<\/dd><\/dl><dl class='gallery-item'>\n\t\t\t<dt class='gallery-icon portrait'>\n\t\t\t\t<a href='https:\/\/www.rome-roma.net\/wp-content\/uploads\/2020\/01\/trionfo-del-nome-di-gesu-di-giovan-battista-gaulli-il-baciccio-chiesa-del-gesu_0909.jpg'><img width=\"150\" height=\"150\" src=\"https:\/\/www.rome-roma.net\/wp-content\/uploads\/2020\/01\/trionfo-del-nome-di-gesu-di-giovan-battista-gaulli-il-baciccio-chiesa-del-gesu_0909-150x150.jpg\" class=\"attachment-thumbnail size-thumbnail\" alt=\"trionfo-del-nome-di-gesu-di-giovan-battista-gaulli-il-baciccio-chiesa-del-gesu_0909\" loading=\"lazy\" aria-describedby=\"gallery-1-21699\" srcset=\"https:\/\/www.rome-roma.net\/wp-content\/uploads\/2020\/01\/trionfo-del-nome-di-gesu-di-giovan-battista-gaulli-il-baciccio-chiesa-del-gesu_0909-150x150.jpg 150w, https:\/\/www.rome-roma.net\/wp-content\/uploads\/2020\/01\/trionfo-del-nome-di-gesu-di-giovan-battista-gaulli-il-baciccio-chiesa-del-gesu_0909-50x50.jpg 50w, https:\/\/www.rome-roma.net\/wp-content\/uploads\/2020\/01\/trionfo-del-nome-di-gesu-di-giovan-battista-gaulli-il-baciccio-chiesa-del-gesu_0909-80x80.jpg 80w, https:\/\/www.rome-roma.net\/wp-content\/uploads\/2020\/01\/trionfo-del-nome-di-gesu-di-giovan-battista-gaulli-il-baciccio-chiesa-del-gesu_0909-75x75.jpg 75w\" sizes=\"(max-width: 150px) 100vw, 150px\" \/><\/a>\n\t\t\t<\/dt>\n\t\t\t\t<dd class='wp-caption-text gallery-caption' id='gallery-1-21699'>\n\t\t\t\tTrionfo del Nome di Ges\u00f9\n\t\t\t\t<\/dd><\/dl><dl class='gallery-item'>\n\t\t\t<dt class='gallery-icon landscape'>\n\t\t\t\t<a href='https:\/\/www.rome-roma.net\/wp-content\/uploads\/2020\/01\/triomphe-du-nom-de-jesus-giovan-battista-gaulli-il-baciccio-eglise-de-jesus_0911.jpg'><img width=\"150\" height=\"150\" src=\"https:\/\/www.rome-roma.net\/wp-content\/uploads\/2020\/01\/triomphe-du-nom-de-jesus-giovan-battista-gaulli-il-baciccio-eglise-de-jesus_0911-150x150.jpg\" class=\"attachment-thumbnail size-thumbnail\" alt=\"triomphe-du-nom-de-jesus-giovan-battista-gaulli-il-baciccio-eglise-de-jesus_0911\" loading=\"lazy\" aria-describedby=\"gallery-1-21679\" srcset=\"https:\/\/www.rome-roma.net\/wp-content\/uploads\/2020\/01\/triomphe-du-nom-de-jesus-giovan-battista-gaulli-il-baciccio-eglise-de-jesus_0911-150x150.jpg 150w, https:\/\/www.rome-roma.net\/wp-content\/uploads\/2020\/01\/triomphe-du-nom-de-jesus-giovan-battista-gaulli-il-baciccio-eglise-de-jesus_0911-50x50.jpg 50w, https:\/\/www.rome-roma.net\/wp-content\/uploads\/2020\/01\/triomphe-du-nom-de-jesus-giovan-battista-gaulli-il-baciccio-eglise-de-jesus_0911-80x80.jpg 80w, https:\/\/www.rome-roma.net\/wp-content\/uploads\/2020\/01\/triomphe-du-nom-de-jesus-giovan-battista-gaulli-il-baciccio-eglise-de-jesus_0911-75x75.jpg 75w\" sizes=\"(max-width: 150px) 100vw, 150px\" \/><\/a>\n\t\t\t<\/dt>\n\t\t\t\t<dd class='wp-caption-text gallery-caption' id='gallery-1-21679'>\n\t\t\t\tTrionfo del Nome di Ges\u00f9\n\t\t\t\t<\/dd><\/dl><dl class='gallery-item'>\n\t\t\t<dt class='gallery-icon portrait'>\n\t\t\t\t<a href='https:\/\/www.rome-roma.net\/wp-content\/uploads\/2020\/01\/volta-trompe-l-oeil-chiesa-del-gesu_9644.jpg'><img width=\"150\" height=\"150\" src=\"https:\/\/www.rome-roma.net\/wp-content\/uploads\/2020\/01\/volta-trompe-l-oeil-chiesa-del-gesu_9644-150x150.jpg\" class=\"attachment-thumbnail size-thumbnail\" alt=\"volta-trompe-l-oeil-chiesa-del-gesu_9644\" loading=\"lazy\" aria-describedby=\"gallery-1-21709\" srcset=\"https:\/\/www.rome-roma.net\/wp-content\/uploads\/2020\/01\/volta-trompe-l-oeil-chiesa-del-gesu_9644-150x150.jpg 150w, https:\/\/www.rome-roma.net\/wp-content\/uploads\/2020\/01\/volta-trompe-l-oeil-chiesa-del-gesu_9644-50x50.jpg 50w, https:\/\/www.rome-roma.net\/wp-content\/uploads\/2020\/01\/volta-trompe-l-oeil-chiesa-del-gesu_9644-80x80.jpg 80w, https:\/\/www.rome-roma.net\/wp-content\/uploads\/2020\/01\/volta-trompe-l-oeil-chiesa-del-gesu_9644-75x75.jpg 75w\" sizes=\"(max-width: 150px) 100vw, 150px\" \/><\/a>\n\t\t\t<\/dt>\n\t\t\t\t<dd class='wp-caption-text gallery-caption' id='gallery-1-21709'>\n\t\t\t\tTrionfo del Nome di Ges\u00f9\n\t\t\t\t<\/dd><\/dl><dl class='gallery-item'>\n\t\t\t<dt class='gallery-icon landscape'>\n\t\t\t\t<a href='https:\/\/www.rome-roma.net\/wp-content\/uploads\/2020\/01\/volta-affreschi-chiesa-del-gesu-roma_0900.jpg'><img width=\"150\" height=\"150\" src=\"https:\/\/www.rome-roma.net\/wp-content\/uploads\/2020\/01\/volta-affreschi-chiesa-del-gesu-roma_0900-150x150.jpg\" class=\"attachment-thumbnail size-thumbnail\" alt=\"volta-affreschi-chiesa-del-gesu-roma_0900\" loading=\"lazy\" aria-describedby=\"gallery-1-21704\" srcset=\"https:\/\/www.rome-roma.net\/wp-content\/uploads\/2020\/01\/volta-affreschi-chiesa-del-gesu-roma_0900-150x150.jpg 150w, https:\/\/www.rome-roma.net\/wp-content\/uploads\/2020\/01\/volta-affreschi-chiesa-del-gesu-roma_0900-50x50.jpg 50w, https:\/\/www.rome-roma.net\/wp-content\/uploads\/2020\/01\/volta-affreschi-chiesa-del-gesu-roma_0900-80x80.jpg 80w, https:\/\/www.rome-roma.net\/wp-content\/uploads\/2020\/01\/volta-affreschi-chiesa-del-gesu-roma_0900-75x75.jpg 75w\" sizes=\"(max-width: 150px) 100vw, 150px\" \/><\/a>\n\t\t\t<\/dt>\n\t\t\t\t<dd class='wp-caption-text gallery-caption' id='gallery-1-21704'>\n\t\t\t\tTrionfo del Nome di Ges\u00f9\n\t\t\t\t<\/dd><\/dl><br style=\"clear: both\" \/><dl class='gallery-item'>\n\t\t\t<dt class='gallery-icon landscape'>\n\t\t\t\t<a href='https:\/\/www.rome-roma.net\/wp-content\/uploads\/2020\/01\/trionfo-del-nome-di-gesu-di-giovan-battista-gaulli-il-baciccio-chiesa-del-gesu_0907.jpg'><img width=\"150\" height=\"150\" src=\"https:\/\/www.rome-roma.net\/wp-content\/uploads\/2020\/01\/trionfo-del-nome-di-gesu-di-giovan-battista-gaulli-il-baciccio-chiesa-del-gesu_0907-150x150.jpg\" class=\"attachment-thumbnail size-thumbnail\" alt=\"trionfo-del-nome-di-gesu-di-giovan-battista-gaulli-il-baciccio-chiesa-del-gesu_0907\" loading=\"lazy\" srcset=\"https:\/\/www.rome-roma.net\/wp-content\/uploads\/2020\/01\/trionfo-del-nome-di-gesu-di-giovan-battista-gaulli-il-baciccio-chiesa-del-gesu_0907-150x150.jpg 150w, https:\/\/www.rome-roma.net\/wp-content\/uploads\/2020\/01\/trionfo-del-nome-di-gesu-di-giovan-battista-gaulli-il-baciccio-chiesa-del-gesu_0907-50x50.jpg 50w, https:\/\/www.rome-roma.net\/wp-content\/uploads\/2020\/01\/trionfo-del-nome-di-gesu-di-giovan-battista-gaulli-il-baciccio-chiesa-del-gesu_0907-80x80.jpg 80w, https:\/\/www.rome-roma.net\/wp-content\/uploads\/2020\/01\/trionfo-del-nome-di-gesu-di-giovan-battista-gaulli-il-baciccio-chiesa-del-gesu_0907-75x75.jpg 75w\" sizes=\"(max-width: 150px) 100vw, 150px\" \/><\/a>\n\t\t\t<\/dt><\/dl><dl class='gallery-item'>\n\t\t\t<dt class='gallery-icon landscape'>\n\t\t\t\t<a href='https:\/\/www.rome-roma.net\/wp-content\/uploads\/2020\/01\/affreschi-volta-chiesa-del-gesu_0901.jpg'><img width=\"150\" height=\"150\" src=\"https:\/\/www.rome-roma.net\/wp-content\/uploads\/2020\/01\/affreschi-volta-chiesa-del-gesu_0901-150x150.jpg\" class=\"attachment-thumbnail size-thumbnail\" alt=\"affreschi-volta-chiesa-del-gesu_0901\" loading=\"lazy\" srcset=\"https:\/\/www.rome-roma.net\/wp-content\/uploads\/2020\/01\/affreschi-volta-chiesa-del-gesu_0901-150x150.jpg 150w, https:\/\/www.rome-roma.net\/wp-content\/uploads\/2020\/01\/affreschi-volta-chiesa-del-gesu_0901-50x50.jpg 50w, https:\/\/www.rome-roma.net\/wp-content\/uploads\/2020\/01\/affreschi-volta-chiesa-del-gesu_0901-80x80.jpg 80w, https:\/\/www.rome-roma.net\/wp-content\/uploads\/2020\/01\/affreschi-volta-chiesa-del-gesu_0901-75x75.jpg 75w\" sizes=\"(max-width: 150px) 100vw, 150px\" \/><\/a>\n\t\t\t<\/dt><\/dl><dl class='gallery-item'>\n\t\t\t<dt class='gallery-icon portrait'>\n\t\t\t\t<a href='https:\/\/www.rome-roma.net\/wp-content\/uploads\/2020\/01\/cupola-chiesa-del-gesu_0902.jpg'><img width=\"150\" height=\"150\" src=\"https:\/\/www.rome-roma.net\/wp-content\/uploads\/2020\/01\/cupola-chiesa-del-gesu_0902-150x150.jpg\" class=\"attachment-thumbnail size-thumbnail\" alt=\"cupola-chiesa-del-gesu_0902\" loading=\"lazy\" aria-describedby=\"gallery-1-21614\" srcset=\"https:\/\/www.rome-roma.net\/wp-content\/uploads\/2020\/01\/cupola-chiesa-del-gesu_0902-150x150.jpg 150w, https:\/\/www.rome-roma.net\/wp-content\/uploads\/2020\/01\/cupola-chiesa-del-gesu_0902-50x50.jpg 50w, https:\/\/www.rome-roma.net\/wp-content\/uploads\/2020\/01\/cupola-chiesa-del-gesu_0902-80x80.jpg 80w, https:\/\/www.rome-roma.net\/wp-content\/uploads\/2020\/01\/cupola-chiesa-del-gesu_0902-75x75.jpg 75w\" sizes=\"(max-width: 150px) 100vw, 150px\" \/><\/a>\n\t\t\t<\/dt>\n\t\t\t\t<dd class='wp-caption-text gallery-caption' id='gallery-1-21614'>\n\t\t\t\tCupola\n\t\t\t\t<\/dd><\/dl><dl class='gallery-item'>\n\t\t\t<dt class='gallery-icon portrait'>\n\t\t\t\t<a href='https:\/\/www.rome-roma.net\/wp-content\/uploads\/2020\/01\/coupole-giacomo-della-porta-giovan-battista-gaulli-eglise-de-jesus_9636.jpg'><img width=\"150\" height=\"150\" src=\"https:\/\/www.rome-roma.net\/wp-content\/uploads\/2020\/01\/coupole-giacomo-della-porta-giovan-battista-gaulli-eglise-de-jesus_9636-150x150.jpg\" class=\"attachment-thumbnail size-thumbnail\" alt=\"coupole-giacomo-della-porta-giovan-battista-gaulli-eglise-de-jesus_9636\" loading=\"lazy\" aria-describedby=\"gallery-1-21599\" srcset=\"https:\/\/www.rome-roma.net\/wp-content\/uploads\/2020\/01\/coupole-giacomo-della-porta-giovan-battista-gaulli-eglise-de-jesus_9636-150x150.jpg 150w, https:\/\/www.rome-roma.net\/wp-content\/uploads\/2020\/01\/coupole-giacomo-della-porta-giovan-battista-gaulli-eglise-de-jesus_9636-50x50.jpg 50w, https:\/\/www.rome-roma.net\/wp-content\/uploads\/2020\/01\/coupole-giacomo-della-porta-giovan-battista-gaulli-eglise-de-jesus_9636-80x80.jpg 80w, https:\/\/www.rome-roma.net\/wp-content\/uploads\/2020\/01\/coupole-giacomo-della-porta-giovan-battista-gaulli-eglise-de-jesus_9636-75x75.jpg 75w\" sizes=\"(max-width: 150px) 100vw, 150px\" \/><\/a>\n\t\t\t<\/dt>\n\t\t\t\t<dd class='wp-caption-text gallery-caption' id='gallery-1-21599'>\n\t\t\t\tCupola\n\t\t\t\t<\/dd><\/dl><dl class='gallery-item'>\n\t\t\t<dt class='gallery-icon landscape'>\n\t\t\t\t<a href='https:\/\/www.rome-roma.net\/wp-content\/uploads\/2020\/01\/cupola-giacomo-della-porta-chiesa-del-gesu_0905.jpg'><img width=\"150\" height=\"150\" src=\"https:\/\/www.rome-roma.net\/wp-content\/uploads\/2020\/01\/cupola-giacomo-della-porta-chiesa-del-gesu_0905-150x150.jpg\" class=\"attachment-thumbnail size-thumbnail\" alt=\"cupola-giacomo-della-porta-chiesa-del-gesu_0905\" loading=\"lazy\" aria-describedby=\"gallery-1-21624\" srcset=\"https:\/\/www.rome-roma.net\/wp-content\/uploads\/2020\/01\/cupola-giacomo-della-porta-chiesa-del-gesu_0905-150x150.jpg 150w, https:\/\/www.rome-roma.net\/wp-content\/uploads\/2020\/01\/cupola-giacomo-della-porta-chiesa-del-gesu_0905-50x50.jpg 50w, https:\/\/www.rome-roma.net\/wp-content\/uploads\/2020\/01\/cupola-giacomo-della-porta-chiesa-del-gesu_0905-80x80.jpg 80w, https:\/\/www.rome-roma.net\/wp-content\/uploads\/2020\/01\/cupola-giacomo-della-porta-chiesa-del-gesu_0905-75x75.jpg 75w\" sizes=\"(max-width: 150px) 100vw, 150px\" \/><\/a>\n\t\t\t<\/dt>\n\t\t\t\t<dd class='wp-caption-text gallery-caption' id='gallery-1-21624'>\n\t\t\t\tCupola\n\t\t\t\t<\/dd><\/dl><br style=\"clear: both\" \/><dl class='gallery-item'>\n\t\t\t<dt class='gallery-icon portrait'>\n\t\t\t\t<a href='https:\/\/www.rome-roma.net\/wp-content\/uploads\/2020\/01\/coupole-giacomo-della-porta-giovan-battista-gaulli-eglise-de-jesus_9637.jpg'><img width=\"150\" height=\"150\" src=\"https:\/\/www.rome-roma.net\/wp-content\/uploads\/2020\/01\/coupole-giacomo-della-porta-giovan-battista-gaulli-eglise-de-jesus_9637-150x150.jpg\" class=\"attachment-thumbnail size-thumbnail\" alt=\"coupole-giacomo-della-porta-giovan-battista-gaulli-eglise-de-jesus_9637\" loading=\"lazy\" aria-describedby=\"gallery-1-21604\" srcset=\"https:\/\/www.rome-roma.net\/wp-content\/uploads\/2020\/01\/coupole-giacomo-della-porta-giovan-battista-gaulli-eglise-de-jesus_9637-150x150.jpg 150w, https:\/\/www.rome-roma.net\/wp-content\/uploads\/2020\/01\/coupole-giacomo-della-porta-giovan-battista-gaulli-eglise-de-jesus_9637-50x50.jpg 50w, https:\/\/www.rome-roma.net\/wp-content\/uploads\/2020\/01\/coupole-giacomo-della-porta-giovan-battista-gaulli-eglise-de-jesus_9637-80x80.jpg 80w, https:\/\/www.rome-roma.net\/wp-content\/uploads\/2020\/01\/coupole-giacomo-della-porta-giovan-battista-gaulli-eglise-de-jesus_9637-75x75.jpg 75w\" sizes=\"(max-width: 150px) 100vw, 150px\" \/><\/a>\n\t\t\t<\/dt>\n\t\t\t\t<dd class='wp-caption-text gallery-caption' id='gallery-1-21604'>\n\t\t\t\tCupola\n\t\t\t\t<\/dd><\/dl><dl class='gallery-item'>\n\t\t\t<dt class='gallery-icon portrait'>\n\t\t\t\t<a href='https:\/\/www.rome-roma.net\/wp-content\/uploads\/2020\/01\/cappella-sacro-cuore-chiesa-del-gesu-roma_9646.jpg'><img width=\"150\" height=\"150\" src=\"https:\/\/www.rome-roma.net\/wp-content\/uploads\/2020\/01\/cappella-sacro-cuore-chiesa-del-gesu-roma_9646-150x150.jpg\" class=\"attachment-thumbnail size-thumbnail\" alt=\"cappella-sacro-cuore-chiesa-del-gesu-roma_9646\" loading=\"lazy\" aria-describedby=\"gallery-1-21729\" srcset=\"https:\/\/www.rome-roma.net\/wp-content\/uploads\/2020\/01\/cappella-sacro-cuore-chiesa-del-gesu-roma_9646-150x150.jpg 150w, https:\/\/www.rome-roma.net\/wp-content\/uploads\/2020\/01\/cappella-sacro-cuore-chiesa-del-gesu-roma_9646-50x50.jpg 50w, https:\/\/www.rome-roma.net\/wp-content\/uploads\/2020\/01\/cappella-sacro-cuore-chiesa-del-gesu-roma_9646-80x80.jpg 80w, https:\/\/www.rome-roma.net\/wp-content\/uploads\/2020\/01\/cappella-sacro-cuore-chiesa-del-gesu-roma_9646-75x75.jpg 75w\" sizes=\"(max-width: 150px) 100vw, 150px\" \/><\/a>\n\t\t\t<\/dt>\n\t\t\t\t<dd class='wp-caption-text gallery-caption' id='gallery-1-21729'>\n\t\t\t\tCappella del Sacro cuore\n\t\t\t\t<\/dd><\/dl><dl class='gallery-item'>\n\t\t\t<dt class='gallery-icon portrait'>\n\t\t\t\t<a href='https:\/\/www.rome-roma.net\/wp-content\/uploads\/2020\/01\/crocifisso-chiesa-del-gesu_9635.jpg'><img width=\"150\" height=\"150\" src=\"https:\/\/www.rome-roma.net\/wp-content\/uploads\/2020\/01\/crocifisso-chiesa-del-gesu_9635-150x150.jpg\" class=\"attachment-thumbnail size-thumbnail\" alt=\"crocifisso-chiesa-del-gesu_9635\" loading=\"lazy\" aria-describedby=\"gallery-1-21609\" srcset=\"https:\/\/www.rome-roma.net\/wp-content\/uploads\/2020\/01\/crocifisso-chiesa-del-gesu_9635-150x150.jpg 150w, https:\/\/www.rome-roma.net\/wp-content\/uploads\/2020\/01\/crocifisso-chiesa-del-gesu_9635-50x50.jpg 50w, https:\/\/www.rome-roma.net\/wp-content\/uploads\/2020\/01\/crocifisso-chiesa-del-gesu_9635-80x80.jpg 80w, https:\/\/www.rome-roma.net\/wp-content\/uploads\/2020\/01\/crocifisso-chiesa-del-gesu_9635-75x75.jpg 75w\" sizes=\"(max-width: 150px) 100vw, 150px\" \/><\/a>\n\t\t\t<\/dt>\n\t\t\t\t<dd class='wp-caption-text gallery-caption' id='gallery-1-21609'>\n\t\t\t\tCappella del Crocifisso\n\t\t\t\t<\/dd><\/dl><dl class='gallery-item'>\n\t\t\t<dt class='gallery-icon portrait'>\n\t\t\t\t<a href='https:\/\/www.rome-roma.net\/wp-content\/uploads\/2020\/01\/cappella-sant-ignazio-chiesa-del-gesu_9642.jpg'><img width=\"150\" height=\"150\" src=\"https:\/\/www.rome-roma.net\/wp-content\/uploads\/2020\/01\/cappella-sant-ignazio-chiesa-del-gesu_9642-150x150.jpg\" class=\"attachment-thumbnail size-thumbnail\" alt=\"cappella-sant-ignazio-chiesa-del-gesu_9642\" loading=\"lazy\" aria-describedby=\"gallery-1-21594\" srcset=\"https:\/\/www.rome-roma.net\/wp-content\/uploads\/2020\/01\/cappella-sant-ignazio-chiesa-del-gesu_9642-150x150.jpg 150w, https:\/\/www.rome-roma.net\/wp-content\/uploads\/2020\/01\/cappella-sant-ignazio-chiesa-del-gesu_9642-50x50.jpg 50w, https:\/\/www.rome-roma.net\/wp-content\/uploads\/2020\/01\/cappella-sant-ignazio-chiesa-del-gesu_9642-80x80.jpg 80w, https:\/\/www.rome-roma.net\/wp-content\/uploads\/2020\/01\/cappella-sant-ignazio-chiesa-del-gesu_9642-75x75.jpg 75w\" sizes=\"(max-width: 150px) 100vw, 150px\" \/><\/a>\n\t\t\t<\/dt>\n\t\t\t\t<dd class='wp-caption-text gallery-caption' id='gallery-1-21594'>\n\t\t\t\tCappella Sant&#8217;Ignazio\n\t\t\t\t<\/dd><\/dl><dl class='gallery-item'>\n\t\t\t<dt class='gallery-icon portrait'>\n\t\t\t\t<a href='https:\/\/www.rome-roma.net\/wp-content\/uploads\/2020\/01\/autel-saint-francois-xavier-chiesa-del-gesu-roma_9641.jpg'><img width=\"150\" height=\"150\" src=\"https:\/\/www.rome-roma.net\/wp-content\/uploads\/2020\/01\/autel-saint-francois-xavier-chiesa-del-gesu-roma_9641-150x150.jpg\" class=\"attachment-thumbnail size-thumbnail\" alt=\"autel-saint-francois-xavier-chiesa-del-gesu-roma_9641\" loading=\"lazy\" aria-describedby=\"gallery-1-21724\" srcset=\"https:\/\/www.rome-roma.net\/wp-content\/uploads\/2020\/01\/autel-saint-francois-xavier-chiesa-del-gesu-roma_9641-150x150.jpg 150w, https:\/\/www.rome-roma.net\/wp-content\/uploads\/2020\/01\/autel-saint-francois-xavier-chiesa-del-gesu-roma_9641-50x50.jpg 50w, https:\/\/www.rome-roma.net\/wp-content\/uploads\/2020\/01\/autel-saint-francois-xavier-chiesa-del-gesu-roma_9641-80x80.jpg 80w, https:\/\/www.rome-roma.net\/wp-content\/uploads\/2020\/01\/autel-saint-francois-xavier-chiesa-del-gesu-roma_9641-75x75.jpg 75w\" sizes=\"(max-width: 150px) 100vw, 150px\" \/><\/a>\n\t\t\t<\/dt>\n\t\t\t\t<dd class='wp-caption-text gallery-caption' id='gallery-1-21724'>\n\t\t\t\tCappella San Francesco Saverio\n\t\t\t\t<\/dd><\/dl><br style=\"clear: both\" \/>\n\t\t<\/div>\n","protected":false},"excerpt":{"rendered":"<p>Scoperta della chiesa del Ges\u00f9 a Roma, la prima chiesa gesuita della citt\u00e0, completata nel 1584. Descrizione dell&#8217;edificio fondato dalla Compagnia di Ges\u00f9.<\/p>\n","protected":false},"featured_media":0,"parent":0,"menu_order":0,"comment_status":"open","ping_status":"open","template":"","format":"standard","meta":{"kt_blocks_editor_width":"","_links_to":"","_links_to_target":""},"genre":[270],"interet":[287],"quartier":[308,323],"categorie_site":[382],"quartier_historique":[451],"etiquettes_site":[],"acf":[],"yoast_head":"<!-- This site is optimized with the Yoast SEO plugin v17.4 - https:\/\/yoast.com\/wordpress\/plugins\/seo\/ -->\n<title>Chiesa del Ges\u00f9 &ndash; Rome-Roma<\/title>\n<meta name=\"description\" content=\"Scoperta della Chiesa del Ges\u00f9, la prima chiesa gesuita a Roma, completata nel 1584. Orari e descrizione dell&#039;edificio fondato dalla Compagnia di Ges\u00f9.\" \/>\n<meta name=\"robots\" content=\"index, follow, max-snippet:-1, max-image-preview:large, max-video-preview:-1\" \/>\n<link rel=\"canonical\" href=\"https:\/\/www.rome-roma.net\/it\/chiesa-del-gesu\/\" \/>\n<meta property=\"og:locale\" content=\"it_IT\" \/>\n<meta property=\"og:type\" content=\"article\" \/>\n<meta property=\"og:title\" content=\"Chiesa del Ges\u00f9 &ndash; Rome-Roma\" \/>\n<meta property=\"og:description\" content=\"Scoperta della Chiesa del Ges\u00f9, la prima chiesa gesuita a Roma, completata nel 1584. Orari e descrizione dell&#039;edificio fondato dalla Compagnia di Ges\u00f9.\" \/>\n<meta property=\"og:url\" content=\"https:\/\/www.rome-roma.net\/it\/chiesa-del-gesu\/\" \/>\n<meta property=\"og:site_name\" content=\"Rome-Roma\" \/>\n<meta property=\"article:modified_time\" content=\"2024-12-17T09:47:07+00:00\" \/>\n<meta property=\"og:image\" content=\"https:\/\/www.rome-roma.net\/wp-content\/uploads\/2020\/01\/facciata-chiesa-del-gesu-roma_4014-150x150.jpg\" \/>\n<meta name=\"twitter:card\" content=\"summary_large_image\" \/>\n<meta name=\"twitter:label1\" content=\"Tempo di lettura stimato\" \/>\n\t<meta name=\"twitter:data1\" content=\"5 minuti\" \/>\n<script type=\"application\/ld+json\" class=\"yoast-schema-graph\">{\"@context\":\"https:\/\/schema.org\",\"@graph\":[{\"@type\":\"Organization\",\"@id\":\"https:\/\/www.rome-roma.net\/it\/#organization\",\"name\":\"Rome-Roma\",\"url\":\"https:\/\/www.rome-roma.net\/it\/\",\"sameAs\":[],\"logo\":{\"@type\":\"ImageObject\",\"@id\":\"https:\/\/www.rome-roma.net\/it\/#logo\",\"inLanguage\":\"it-IT\",\"url\":\"https:\/\/www.rome-roma.net\/wp-content\/uploads\/2025\/07\/logo-rome-roma-420.jpg\",\"contentUrl\":\"https:\/\/www.rome-roma.net\/wp-content\/uploads\/2025\/07\/logo-rome-roma-420.jpg\",\"width\":420,\"height\":420,\"caption\":\"Rome-Roma\"},\"image\":{\"@id\":\"https:\/\/www.rome-roma.net\/it\/#logo\"}},{\"@type\":\"WebSite\",\"@id\":\"https:\/\/www.rome-roma.net\/it\/#website\",\"url\":\"https:\/\/www.rome-roma.net\/it\/\",\"name\":\"Rome-Roma\",\"description\":\"Cultura & Viaggio\",\"publisher\":{\"@id\":\"https:\/\/www.rome-roma.net\/it\/#organization\"},\"potentialAction\":[{\"@type\":\"SearchAction\",\"target\":{\"@type\":\"EntryPoint\",\"urlTemplate\":\"https:\/\/www.rome-roma.net\/it\/?s={search_term_string}\"},\"query-input\":\"required name=search_term_string\"}],\"inLanguage\":\"it-IT\"},{\"@type\":\"ImageObject\",\"@id\":\"https:\/\/www.rome-roma.net\/it\/chiesa-del-gesu\/#primaryimage\",\"inLanguage\":\"it-IT\",\"url\":\"https:\/\/www.rome-roma.net\/wp-content\/uploads\/2020\/01\/trionfo-del-nome-di-gesu-di-giovan-battista-gaulli-il-baciccio-chiesa-del-gesu_0909.jpg\",\"contentUrl\":\"https:\/\/www.rome-roma.net\/wp-content\/uploads\/2020\/01\/trionfo-del-nome-di-gesu-di-giovan-battista-gaulli-il-baciccio-chiesa-del-gesu_0909.jpg\",\"width\":800,\"height\":1200,\"caption\":\"Trionfo del Nome di Ges\\u00f9\"},{\"@type\":\"WebPage\",\"@id\":\"https:\/\/www.rome-roma.net\/it\/chiesa-del-gesu\/#webpage\",\"url\":\"https:\/\/www.rome-roma.net\/it\/chiesa-del-gesu\/\",\"name\":\"Chiesa del Ges\\u00f9 &ndash; Rome-Roma\",\"isPartOf\":{\"@id\":\"https:\/\/www.rome-roma.net\/it\/#website\"},\"primaryImageOfPage\":{\"@id\":\"https:\/\/www.rome-roma.net\/it\/chiesa-del-gesu\/#primaryimage\"},\"datePublished\":\"2020-01-25T14:34:06+00:00\",\"dateModified\":\"2024-12-17T09:47:07+00:00\",\"description\":\"Scoperta della Chiesa del Ges\\u00f9, la prima chiesa gesuita a Roma, completata nel 1584. Orari e descrizione dell'edificio fondato dalla Compagnia di Ges\\u00f9.\",\"breadcrumb\":{\"@id\":\"https:\/\/www.rome-roma.net\/it\/chiesa-del-gesu\/#breadcrumb\"},\"inLanguage\":\"it-IT\",\"potentialAction\":[{\"@type\":\"ReadAction\",\"target\":[\"https:\/\/www.rome-roma.net\/it\/chiesa-del-gesu\/\"]}]},{\"@type\":\"BreadcrumbList\",\"@id\":\"https:\/\/www.rome-roma.net\/it\/chiesa-del-gesu\/#breadcrumb\",\"itemListElement\":[{\"@type\":\"ListItem\",\"position\":1,\"name\":\"Accueil\",\"item\":\"https:\/\/www.rome-roma.net\/it\/\"},{\"@type\":\"ListItem\",\"position\":2,\"name\":\"Chiesa del Ges\\u00f9\"}]}]}<\/script>\n<!-- \/ Yoast SEO plugin. -->","yoast_head_json":{"title":"Chiesa del Ges\u00f9 &ndash; Rome-Roma","description":"Scoperta della Chiesa del Ges\u00f9, la prima chiesa gesuita a Roma, completata nel 1584. Orari e descrizione dell'edificio fondato dalla Compagnia di Ges\u00f9.","robots":{"index":"index","follow":"follow","max-snippet":"max-snippet:-1","max-image-preview":"max-image-preview:large","max-video-preview":"max-video-preview:-1"},"canonical":"https:\/\/www.rome-roma.net\/it\/chiesa-del-gesu\/","og_locale":"it_IT","og_type":"article","og_title":"Chiesa del Ges\u00f9 &ndash; Rome-Roma","og_description":"Scoperta della Chiesa del Ges\u00f9, la prima chiesa gesuita a Roma, completata nel 1584. Orari e descrizione dell'edificio fondato dalla Compagnia di Ges\u00f9.","og_url":"https:\/\/www.rome-roma.net\/it\/chiesa-del-gesu\/","og_site_name":"Rome-Roma","article_modified_time":"2024-12-17T09:47:07+00:00","og_image":[{"url":"https:\/\/www.rome-roma.net\/wp-content\/uploads\/2020\/01\/facciata-chiesa-del-gesu-roma_4014-150x150.jpg"}],"twitter_card":"summary_large_image","twitter_misc":{"Tempo di lettura stimato":"5 minuti"},"schema":{"@context":"https:\/\/schema.org","@graph":[{"@type":"Organization","@id":"https:\/\/www.rome-roma.net\/it\/#organization","name":"Rome-Roma","url":"https:\/\/www.rome-roma.net\/it\/","sameAs":[],"logo":{"@type":"ImageObject","@id":"https:\/\/www.rome-roma.net\/it\/#logo","inLanguage":"it-IT","url":"https:\/\/www.rome-roma.net\/wp-content\/uploads\/2025\/07\/logo-rome-roma-420.jpg","contentUrl":"https:\/\/www.rome-roma.net\/wp-content\/uploads\/2025\/07\/logo-rome-roma-420.jpg","width":420,"height":420,"caption":"Rome-Roma"},"image":{"@id":"https:\/\/www.rome-roma.net\/it\/#logo"}},{"@type":"WebSite","@id":"https:\/\/www.rome-roma.net\/it\/#website","url":"https:\/\/www.rome-roma.net\/it\/","name":"Rome-Roma","description":"Cultura & Viaggio","publisher":{"@id":"https:\/\/www.rome-roma.net\/it\/#organization"},"potentialAction":[{"@type":"SearchAction","target":{"@type":"EntryPoint","urlTemplate":"https:\/\/www.rome-roma.net\/it\/?s={search_term_string}"},"query-input":"required name=search_term_string"}],"inLanguage":"it-IT"},{"@type":"ImageObject","@id":"https:\/\/www.rome-roma.net\/it\/chiesa-del-gesu\/#primaryimage","inLanguage":"it-IT","url":"https:\/\/www.rome-roma.net\/wp-content\/uploads\/2020\/01\/trionfo-del-nome-di-gesu-di-giovan-battista-gaulli-il-baciccio-chiesa-del-gesu_0909.jpg","contentUrl":"https:\/\/www.rome-roma.net\/wp-content\/uploads\/2020\/01\/trionfo-del-nome-di-gesu-di-giovan-battista-gaulli-il-baciccio-chiesa-del-gesu_0909.jpg","width":800,"height":1200,"caption":"Trionfo del Nome di Ges\u00f9"},{"@type":"WebPage","@id":"https:\/\/www.rome-roma.net\/it\/chiesa-del-gesu\/#webpage","url":"https:\/\/www.rome-roma.net\/it\/chiesa-del-gesu\/","name":"Chiesa del Ges\u00f9 &ndash; Rome-Roma","isPartOf":{"@id":"https:\/\/www.rome-roma.net\/it\/#website"},"primaryImageOfPage":{"@id":"https:\/\/www.rome-roma.net\/it\/chiesa-del-gesu\/#primaryimage"},"datePublished":"2020-01-25T14:34:06+00:00","dateModified":"2024-12-17T09:47:07+00:00","description":"Scoperta della Chiesa del Ges\u00f9, la prima chiesa gesuita a Roma, completata nel 1584. Orari e descrizione dell'edificio fondato dalla Compagnia di Ges\u00f9.","breadcrumb":{"@id":"https:\/\/www.rome-roma.net\/it\/chiesa-del-gesu\/#breadcrumb"},"inLanguage":"it-IT","potentialAction":[{"@type":"ReadAction","target":["https:\/\/www.rome-roma.net\/it\/chiesa-del-gesu\/"]}]},{"@type":"BreadcrumbList","@id":"https:\/\/www.rome-roma.net\/it\/chiesa-del-gesu\/#breadcrumb","itemListElement":[{"@type":"ListItem","position":1,"name":"Accueil","item":"https:\/\/www.rome-roma.net\/it\/"},{"@type":"ListItem","position":2,"name":"Chiesa del Ges\u00f9"}]}]}},"acf_fields":{"nom_monument":null,"wikidata":"Q719794","sameas":null},"_links":{"self":[{"href":"https:\/\/www.rome-roma.net\/it\/wp-json\/wp\/v2\/site\/5693"}],"collection":[{"href":"https:\/\/www.rome-roma.net\/it\/wp-json\/wp\/v2\/site"}],"about":[{"href":"https:\/\/www.rome-roma.net\/it\/wp-json\/wp\/v2\/types\/site"}],"replies":[{"embeddable":true,"href":"https:\/\/www.rome-roma.net\/it\/wp-json\/wp\/v2\/comments?post=5693"}],"wp:attachment":[{"href":"https:\/\/www.rome-roma.net\/it\/wp-json\/wp\/v2\/media?parent=5693"}],"wp:term":[{"taxonomy":"genre","embeddable":true,"href":"https:\/\/www.rome-roma.net\/it\/wp-json\/wp\/v2\/genre?post=5693"},{"taxonomy":"interet","embeddable":true,"href":"https:\/\/www.rome-roma.net\/it\/wp-json\/wp\/v2\/interet?post=5693"},{"taxonomy":"quartier","embeddable":true,"href":"https:\/\/www.rome-roma.net\/it\/wp-json\/wp\/v2\/quartier?post=5693"},{"taxonomy":"categorie_site","embeddable":true,"href":"https:\/\/www.rome-roma.net\/it\/wp-json\/wp\/v2\/categorie_site?post=5693"},{"taxonomy":"quartier_historique","embeddable":true,"href":"https:\/\/www.rome-roma.net\/it\/wp-json\/wp\/v2\/quartier_historique?post=5693"},{"taxonomy":"etiquettes_site","embeddable":true,"href":"https:\/\/www.rome-roma.net\/it\/wp-json\/wp\/v2\/etiquettes_site?post=5693"}],"curies":[{"name":"wp","href":"https:\/\/api.w.org\/{rel}","templated":true}]}}