


{"id":5711,"date":"2020-01-27T17:40:40","date_gmt":"2020-01-27T16:40:40","guid":{"rendered":"https:\/\/www.rome-roma.net\/site\/basilique-sainte-marie-du-trastevere\/"},"modified":"2025-08-23T11:39:37","modified_gmt":"2025-08-23T09:39:37","slug":"basilica-di-santa-maria-in-trastevere","status":"publish","type":"site","link":"https:\/\/www.rome-roma.net\/it\/basilica-di-santa-maria-in-trastevere\/","title":{"rendered":"Basilica di Santa Maria in Trastevere"},"content":{"rendered":"<div id=\"attachment_17199\" style=\"width: 310px\" class=\"wp-caption alignright\"><a href=\"https:\/\/www.rome-roma.net\/wp-content\/uploads\/2020\/01\/piazza-santa-maria-in-trastevere_3745.jpg\"><img aria-describedby=\"caption-attachment-17199\" loading=\"lazy\" class=\"wp-image-17199\" src=\"https:\/\/www.rome-roma.net\/wp-content\/uploads\/2020\/01\/piazza-santa-maria-in-trastevere_3745-1024x683.jpg\" alt=\"piazza-santa-maria-in-trastevere_3745\" width=\"300\" height=\"200\" srcset=\"https:\/\/www.rome-roma.net\/wp-content\/uploads\/2020\/01\/piazza-santa-maria-in-trastevere_3745-1024x683.jpg 1024w, https:\/\/www.rome-roma.net\/wp-content\/uploads\/2020\/01\/piazza-santa-maria-in-trastevere_3745-300x200.jpg 300w, https:\/\/www.rome-roma.net\/wp-content\/uploads\/2020\/01\/piazza-santa-maria-in-trastevere_3745-768x512.jpg 768w, https:\/\/www.rome-roma.net\/wp-content\/uploads\/2020\/01\/piazza-santa-maria-in-trastevere_3745.jpg 1200w\" sizes=\"(max-width: 300px) 100vw, 300px\" \/><\/a><p id=\"caption-attachment-17199\" class=\"wp-caption-text\">Piazza Santa Maria in Trastevere<\/p><\/div>\n<p lang=\"it-IT\">La bellissima chiesa di <strong>Santa Maria in Trastevere<\/strong> \u00e8 da pi\u00f9 di mille anni il cuore del <a href=\"https:\/\/www.rome-roma.net\/it\/quartiere\/trastevere-e-gianicolo\/\" target=\"_blank\" rel=\"noopener\">quartiere Trastevere<\/a>.<br>Situato sulla piazza che porta il suo nome, l&#8217;edificio attuale, risalente al XII secolo, ha mantenuto il fascino del suo carattere romanico medievale, abbellito da splendidi mosaici.<br>Le sue fondamenta poggiano sulle rovine di un edificio cristiano del III secolo, che fu una delle pi\u00f9 antiche chiese domestiche di Roma, conosciuta come <em>Titulus Callisti<\/em>.<\/p>\n<h2 lang=\"it-IT\">Breve storia della basilica<\/h2>\n<p lang=\"it-IT\">Una leggenda riportata da Eusebio di Cesarea racconta che una fonte d&#8217;olio sarebbe sgorgata qui nel 38 a.C., annunciando agli ebrei del quartiere la venuta del messia. Un&#8217;altra storia indica che papa <strong>Calisto I<\/strong> (217-222) install\u00f2 in una taverna una comunit\u00e0 cristiana, che prese il nome di <em>Titulus Callisti<\/em>.<br>Nel 340 d.C., papa <strong>Giulio I<\/strong> costru\u00ec un edificio pi\u00f9 grande, allora chiamato <em>Titulus Iulii<\/em>, centro di una delle prime venticinque parrocchie di Roma. Fu la seconda chiesa consacrata alla Vergine, nel V secolo, la prima essendo la <a href=\"https:\/\/www.rome-roma.net\/it\/basilica-di-santa-maria-maggiore\/\" target=\"_blank\" rel=\"noopener\">basilica di Santa Maria Maggiore<\/a>.<br>Nei secoli VIII e IX fu ampliata con navate laterali, poi Gregorio IV rielabor\u00f2 il coro, aggiunse il presbiterio, il ciborio e una cripta che ospit\u00f2 le reliquie di Calisto I.<br>La chiesa fu ricostruita dal 1140 al 1143 da papa <strong>Innocenzo II<\/strong>, aggiungendo un transetto, i mosaici dell&#8217;abside e elementi architettonici (come i capitelli ionici su colonne della navata) che furono recuperati dalle <a href=\"https:\/\/www.rome-roma.net\/it\/terme-di-caracalla\/\" target=\"_blank\" rel=\"noopener\">Terme di Caracalla<\/a> e dal tempio di Iside sul colle Gianicolo.<\/p>\n<h2>Visita, architettura e opere d&#8217;arte<\/h2>\n<h3 lang=\"it-IT\">Esterno: facciata, campanile e atrio<\/h3>\n<div id=\"attachment_17204\" style=\"width: 516px\" class=\"wp-caption alignright\"><a href=\"https:\/\/www.rome-roma.net\/wp-content\/uploads\/2020\/01\/mosaico-fasciata-santa-maria-in-trastevere_3778.jpg\"><img aria-describedby=\"caption-attachment-17204\" loading=\"lazy\" class=\"wp-image-17204 size-large\" src=\"https:\/\/www.rome-roma.net\/wp-content\/uploads\/2020\/01\/mosaico-fasciata-santa-maria-in-trastevere_3778-1024x197.jpg\" alt=\"mosaico-fasciata-santa-maria-in-trastevere_3778\" width=\"506\" height=\"97\" srcset=\"https:\/\/www.rome-roma.net\/wp-content\/uploads\/2020\/01\/mosaico-fasciata-santa-maria-in-trastevere_3778-1024x197.jpg 1024w, https:\/\/www.rome-roma.net\/wp-content\/uploads\/2020\/01\/mosaico-fasciata-santa-maria-in-trastevere_3778-300x58.jpg 300w, https:\/\/www.rome-roma.net\/wp-content\/uploads\/2020\/01\/mosaico-fasciata-santa-maria-in-trastevere_3778-768x148.jpg 768w, https:\/\/www.rome-roma.net\/wp-content\/uploads\/2020\/01\/mosaico-fasciata-santa-maria-in-trastevere_3778-1536x296.jpg 1536w, https:\/\/www.rome-roma.net\/wp-content\/uploads\/2020\/01\/mosaico-fasciata-santa-maria-in-trastevere_3778.jpg 1800w\" sizes=\"(max-width: 506px) 100vw, 506px\" \/><\/a><p id=\"caption-attachment-17204\" class=\"wp-caption-text\">Fregio con mosaico del frontone<\/p><\/div>\n<p lang=\"it-IT\">Il frontone della facciata porta un fregio mosaico del XIII secolo della Vergine che allatta, tra dieci donne che portano lampade, simbolo di verginit\u00e0.<br>In cima al bellissimo campanile romanico del XII secolo, una nicchia ospita un mosaico della Vergine con il Bambino.<br>Il portico fu ricostruito all&#8217;inizio del XVIII secolo da <strong>Carlo Fontana<\/strong> durante il restauro della facciata. Sulle sue balaustre si ergono le statue dei papi Calisto I (\u2020 222), Cornelio (\u2020 253), Giulio I (\u2020 352) e del martire san Calepode (\u2020 232). L&#8217;interno del portico conserva affreschi cristiani e frammenti di sarcofagi del III secolo d.C.<\/p>\n<p>Sotto l&#8217;<strong>Atrio<\/strong> sono conservati numerosi marmi ed epigrafi cristiani e pagani, provenienti dalle catacombe e dalla basilica paleocristiana, come semplici preghiere, simboli incisi dai primi cristiani, o veri e propri poemi come l&#8217;ex-voto di Crescenzio.<br>Vi sono anche mosaici di varie epoche, sarcofagi del IV secolo, del XII secolo, ecc.<\/p>\n<h3>Navata, mosaici e abside: antico e bizantino<\/h3>\n<div id=\"attachment_17318\" style=\"width: 310px\" class=\"wp-caption alignleft\"><a href=\"https:\/\/www.rome-roma.net\/wp-content\/uploads\/2020\/01\/navata-santa-maria-in-trastevere_3362.jpg\"><img aria-describedby=\"caption-attachment-17318\" loading=\"lazy\" class=\"wp-image-17318 size-medium\" src=\"https:\/\/www.rome-roma.net\/wp-content\/uploads\/2020\/01\/navata-santa-maria-in-trastevere_3362-300x200.jpg\" alt=\"navata-santa-maria-in-trastevere_3362\" width=\"300\" height=\"200\" srcset=\"https:\/\/www.rome-roma.net\/wp-content\/uploads\/2020\/01\/navata-santa-maria-in-trastevere_3362-300x200.jpg 300w, https:\/\/www.rome-roma.net\/wp-content\/uploads\/2020\/01\/navata-santa-maria-in-trastevere_3362-1024x683.jpg 1024w, https:\/\/www.rome-roma.net\/wp-content\/uploads\/2020\/01\/navata-santa-maria-in-trastevere_3362-768x512.jpg 768w, https:\/\/www.rome-roma.net\/wp-content\/uploads\/2020\/01\/navata-santa-maria-in-trastevere_3362.jpg 1200w\" sizes=\"(max-width: 300px) 100vw, 300px\" \/><\/a><p id=\"caption-attachment-17318\" class=\"wp-caption-text\">La navata centrale<\/p><\/div>\n<p lang=\"it-IT\">L&#8217;interno romanico che ha mantenuto il piano della basilica originale \u00e8 formato da tre navate separate da due file di 11 <strong>colonne ioniche e corinzie<\/strong>. I loro capitelli antichi provengono dalle <a href=\"https:\/\/www.rome-roma.net\/it\/terme-di-caracalla\/\" target=\"_blank\" rel=\"noopener\">Terme di Caracalla<\/a>. Il <strong>pavimento cosmatesco<\/strong>, restaurato da <strong>Vespignani<\/strong> nel XIX secolo, \u00e8 stato installato dai <strong>Cosmati<\/strong> nei secoli XII-XIII.<br><span lang=\"it-IT\">Il <strong>Domenichino<\/strong> ha realizzato il bellissimo soffitto a cassettoni in legno verso il 1617, con al centro un&#8217;<em>Assunzione della Vergine<\/em>.<br><\/span><\/p>\n<div id=\"attachment_17215\" style=\"width: 310px\" class=\"wp-caption alignright\"><a href=\"https:\/\/www.rome-roma.net\/wp-content\/uploads\/2020\/01\/mosaique-abside-basilique-sainte-marie-du-trastevere_3758.jpg\"><img aria-describedby=\"caption-attachment-17215\" loading=\"lazy\" class=\"wp-image-17215 size-medium\" src=\"https:\/\/www.rome-roma.net\/wp-content\/uploads\/2020\/01\/mosaique-abside-basilique-sainte-marie-du-trastevere_3758-300x200.jpg\" alt=\"mosaique-abside-basilique-sainte-marie-du-trastevere_3758\" width=\"300\" height=\"200\" srcset=\"https:\/\/www.rome-roma.net\/wp-content\/uploads\/2020\/01\/mosaique-abside-basilique-sainte-marie-du-trastevere_3758-300x200.jpg 300w, https:\/\/www.rome-roma.net\/wp-content\/uploads\/2020\/01\/mosaique-abside-basilique-sainte-marie-du-trastevere_3758-1024x683.jpg 1024w, https:\/\/www.rome-roma.net\/wp-content\/uploads\/2020\/01\/mosaique-abside-basilique-sainte-marie-du-trastevere_3758-768x512.jpg 768w, https:\/\/www.rome-roma.net\/wp-content\/uploads\/2020\/01\/mosaique-abside-basilique-sainte-marie-du-trastevere_3758.jpg 1200w\" sizes=\"(max-width: 300px) 100vw, 300px\" \/><\/a><p id=\"caption-attachment-17215\" class=\"wp-caption-text\">Mosaici dell&#8217;abside<\/p><\/div>\n<p>I <strong>mosaici del coro<\/strong>, dallo stile bizantino, sono considerati il capolavoro della chiesa. Illustrano scene dell&#8217;Evangelio.<br><span lang=\"it-IT\">Al centro dell&#8217;abside, Cristo e la Vergine sono seduti su un trono, incorniciati a sinistra dai santi Calisto, Lorenzo e da Innocenzo II che tiene una maquette della chiesa. A destra, sono rappresentati san Pietro, Papa Cornelio, Papa Giulio I e san Calepode. Maria \u00e8 abbracciata da Ges\u00f9 (come segno del suo amore e della sua protezione, ruolo affidato alla sua chiesa). Sopra, la mano di Dio benedice e incorona il Figlio (come vincitore della morte e del peccato).<br><\/span><span lang=\"it-IT\">Sotto, due file di agnelli escono da Betlemme e da Gerusalemme per raggiungere Cristo.<br><\/span> I mosaici della registrazione inferiore furono realizzati da <strong><span lang=\"it-IT\">Pietro Cavallini<\/span><\/strong><span lang=\"it-IT\"> nel 1291. Raccontano con uno stile molto raffinato scene della vita della Vergine. Il loro stile differisce dai mosaici precedenti introducendo effetti di prospettiva, una novit\u00e0 all&#8217;epoca. Sono rappresentati attorno ai santi Pietro, Paolo, Paolo e Filippo e sono disposti con grande equilibrio spaziale, pur mantenendo uno stile trecentesco di arte romanica.<\/span><\/p>\n<h3>Cappelle e reliquie<\/h3>\n<div id=\"attachment_17220\" style=\"width: 210px\" class=\"wp-caption alignleft\"><a href=\"https:\/\/www.rome-roma.net\/wp-content\/uploads\/2020\/01\/cappella-di-san-girolamo-avila-santa-maria-in-trastevere_3382.jpg\"><img aria-describedby=\"caption-attachment-17220\" loading=\"lazy\" class=\"wp-image-17220 size-medium\" src=\"https:\/\/www.rome-roma.net\/wp-content\/uploads\/2020\/01\/cappella-di-san-girolamo-avila-santa-maria-in-trastevere_3382-200x300.jpg\" alt=\"cappella-di-san-girolamo-avila-santa-maria-in-trastevere_3382\" width=\"200\" height=\"300\" srcset=\"https:\/\/www.rome-roma.net\/wp-content\/uploads\/2020\/01\/cappella-di-san-girolamo-avila-santa-maria-in-trastevere_3382-200x300.jpg 200w, https:\/\/www.rome-roma.net\/wp-content\/uploads\/2020\/01\/cappella-di-san-girolamo-avila-santa-maria-in-trastevere_3382-683x1024.jpg 683w, https:\/\/www.rome-roma.net\/wp-content\/uploads\/2020\/01\/cappella-di-san-girolamo-avila-santa-maria-in-trastevere_3382-768x1152.jpg 768w, https:\/\/www.rome-roma.net\/wp-content\/uploads\/2020\/01\/cappella-di-san-girolamo-avila-santa-maria-in-trastevere_3382.jpg 800w\" sizes=\"(max-width: 200px) 100vw, 200px\" \/><\/a><p id=\"caption-attachment-17220\" class=\"wp-caption-text\">Cappella di San Girolamo<\/p><\/div>\n<p lang=\"it-IT\">La prima cappella del viale di sinistra \u00e8 la <strong>Cappella di San Girolamo<\/strong> (Cappella San Girolamo), appartenente alla famiglia <strong>Avila<\/strong>, con stucchi barocchi di <strong>Antonio Gherardi<\/strong> del 1680, che le confer\u00ec una pianta originale influenzata dallo stile di Borromini. Una prospettiva elaborata \u00e8 stata scolpita sopra l&#8217;altare, che \u00e8 illuminato da una finestra interna.<br>Nella sua cupola, la lanterna \u00e8 circondata da quattro angeli volanti che sorreggono un piccolo tempio rotondo con la colomba dello Spirito Santo. Il dipinto, anch&#8217;esso di Gherardi, rappresenta San Girolamo e ai suoi piedi la tomba di Pietro e Giacomo Avila.<\/p>\n<div id=\"attachment_17227\" style=\"width: 210px\" class=\"wp-caption alignright\"><a href=\"https:\/\/www.rome-roma.net\/wp-content\/uploads\/2020\/01\/madonna-della-clemenza-icona-madonna-della-clemenza.jpg\"><img aria-describedby=\"caption-attachment-17227\" loading=\"lazy\" class=\"wp-image-17227 size-medium\" src=\"https:\/\/www.rome-roma.net\/wp-content\/uploads\/2020\/01\/madonna-della-clemenza-icona-madonna-della-clemenza-200x300.jpg\" alt=\"madonna-della-clemenza-icona-madonna-della-clemenza\" width=\"200\" height=\"300\" srcset=\"https:\/\/www.rome-roma.net\/wp-content\/uploads\/2020\/01\/madonna-della-clemenza-icona-madonna-della-clemenza-200x300.jpg 200w, https:\/\/www.rome-roma.net\/wp-content\/uploads\/2020\/01\/madonna-della-clemenza-icona-madonna-della-clemenza.jpg 534w\" sizes=\"(max-width: 200px) 100vw, 200px\" \/><\/a><p id=\"caption-attachment-17227\" class=\"wp-caption-text\">Madonna della Clemenza<\/p><\/div>\n<p lang=\"it-IT\">Tra la terza e la quarta cappella, la <strong>tomba di Innocenzo II<\/strong> \u00e8 un&#8217;opera dell&#8217;architetto <strong>Vespignani<\/strong>, che restaur\u00f2 la chiesa tra il 1866 e il 1877.<\/p>\n<p>Nella <strong>Cappella Altemps<\/strong>, gli affreschi furono realizzati nel 1589 da <strong>Pasquale Cati<\/strong>. L&#8217;altare conserva la preziosa icona della <strong>Madonna della Clemenza<\/strong> (Madonna della Clemenza), datata tra il VI e l&#8217;VIII secolo. Si tratterebbe della pi\u00f9 antica raffigurazione su legno della Vergine.<\/p>\n<p lang=\"it-IT\">La basilica ospita anche le reliquie del <strong>Papa Giulio I<\/strong>, insieme ai resti dei Papi <strong>Calisto I<\/strong> e <strong>Innocenzo II<\/strong>.<\/p>\n\n\n<h2>Cartina ed indirizzo<\/h2>\r\n\t\t<b>Indirizzo : <\/b>Piazza di Santa Maria in Trastevere, 00153 Roma RM, Italie<div id=\"travelersmap-container-69f0e6316321b\" class=\"travelersmap-container\" style=\"z-index: 1; min-height: 10px; min-width:10px; height:400px;width:100%; max-width:; max-height:; position:relative;\"><div style=\"position:absolute; z-index:-1;top: 50%;text-align: center;display: block;left: 50%;transform: translate(-50%,-50%);\">Travelers' Map is loading... <br> If you see this after your page is loaded completely, leafletJS files are missing.<\/div><\/div><i>Clicca sulla freccia per localizzarti sulla mappa<\/i><br><br>\n\n\n<h2>Informazioni<\/h2>\n<table style=\"border-collapse: collapse; width: 100%; height: 275px;\">\n<tbody>\n<tr style=\"background-color: #fae8c3;\">\n<td style=\"width: 100%; height: 48px;\"><span style=\"font-size: 10pt;\"><strong>Basilica di Santa Maria in Trastevere<\/strong><\/span><br><span style=\"font-size: 10pt;\"><em>Piazza di Santa Maria in Trastevere, 00153 Roma<\/em><\/span><\/td>\n<\/tr>\n<tr style=\"background-color: #f7ece1;\">\n<td style=\"width: 100%; height: 73px;\"><span style=\"font-size: 10pt;\"><strong>Orari<\/strong><\/span><br><span style=\"font-size: 10pt;\">Aperta da luned\u00ec a giovedi : 7.30 &#8211; 21 \/ Venerd\u00ec : 9 &#8211; 21 \/ Sabato e domenica: 7.30 &#8211; 20<\/span><br><span style=\"font-size: 10pt;\">In agosto, apertura : 8.00 &#8211; 12.00 \/ 16.00 &#8211; 21.00<\/span><\/td>\n<\/tr>\n<tr style=\"background-color: #fae8c3;\">\n<td style=\"width: 100%; height: 154px;\">\n<p><span style=\"font-size: 10pt;\"><b>Fonti e collegamenti per saperne di pi\u00f9<\/b><\/span><\/p>\n<ul>\n<li><a href=\"https:\/\/www.turismoroma.it\/it\/luoghi\/basilica-di-santa-maria-trastevere\" target=\"_blank\" rel=\"noopener\"><span style=\"font-size: 10pt;\">Santa Maria in Trastevere sul sito del comune di Roma<\/span><\/a><\/li>\n<li><span style=\"font-size: 10pt;\"><a href=\"https:\/\/it.wikipedia.org\/wiki\/Basilica_di_Santa_Maria_in_Trastevere\" target=\"_blank\" rel=\"noopener noreferrer\">Santa Maria in Trastevere su Wikipedia<\/a><\/span><\/li>\n<\/ul>\n<\/td>\n<\/tr>\n<\/tbody>\n<\/table>\n\n\n<h2>Galleria fotografie<\/h2>\n\n\n\n<h3>Esterno e piazza<\/h3>\n\n\t\t<style type=\"text\/css\">\n\t\t\t#gallery-1 {\n\t\t\t\tmargin: auto;\n\t\t\t}\n\t\t\t#gallery-1 .gallery-item {\n\t\t\t\tfloat: left;\n\t\t\t\tmargin-top: 10px;\n\t\t\t\ttext-align: center;\n\t\t\t\twidth: 20%;\n\t\t\t}\n\t\t\t#gallery-1 img {\n\t\t\t\tborder: 2px solid #cfcfcf;\n\t\t\t}\n\t\t\t#gallery-1 .gallery-caption {\n\t\t\t\tmargin-left: 0;\n\t\t\t}\n\t\t\t\/* see gallery_shortcode() in wp-includes\/media.php *\/\n\t\t<\/style>\n\t\t<div id='gallery-1' class='gallery galleryid-5711 gallery-columns-5 gallery-size-thumbnail'><dl class='gallery-item'>\n\t\t\t<dt class='gallery-icon landscape'>\n\t\t\t\t<a href='https:\/\/www.rome-roma.net\/wp-content\/uploads\/2020\/01\/piazza-santa-maria-in-trastevere_3745.jpg'><img width=\"150\" height=\"150\" src=\"https:\/\/www.rome-roma.net\/wp-content\/uploads\/2020\/01\/piazza-santa-maria-in-trastevere_3745-150x150.jpg\" class=\"attachment-thumbnail size-thumbnail\" alt=\"piazza-santa-maria-in-trastevere_3745\" loading=\"lazy\" aria-describedby=\"gallery-1-17202\" srcset=\"https:\/\/www.rome-roma.net\/wp-content\/uploads\/2020\/01\/piazza-santa-maria-in-trastevere_3745-150x150.jpg 150w, https:\/\/www.rome-roma.net\/wp-content\/uploads\/2020\/01\/piazza-santa-maria-in-trastevere_3745-50x50.jpg 50w, https:\/\/www.rome-roma.net\/wp-content\/uploads\/2020\/01\/piazza-santa-maria-in-trastevere_3745-80x80.jpg 80w, https:\/\/www.rome-roma.net\/wp-content\/uploads\/2020\/01\/piazza-santa-maria-in-trastevere_3745-75x75.jpg 75w\" sizes=\"(max-width: 150px) 100vw, 150px\" \/><\/a>\n\t\t\t<\/dt>\n\t\t\t\t<dd class='wp-caption-text gallery-caption' id='gallery-1-17202'>\n\t\t\t\tPiazza Santa Maria in Trastevere\n\t\t\t\t<\/dd><\/dl><dl class='gallery-item'>\n\t\t\t<dt class='gallery-icon landscape'>\n\t\t\t\t<a href='https:\/\/www.rome-roma.net\/wp-content\/uploads\/2020\/01\/santa-maria-in-trastevere_5810.jpg'><img width=\"150\" height=\"150\" src=\"https:\/\/www.rome-roma.net\/wp-content\/uploads\/2020\/01\/santa-maria-in-trastevere_5810-150x150.jpg\" class=\"attachment-thumbnail size-thumbnail\" alt=\"santa-maria-in-trastevere_5810\" loading=\"lazy\" aria-describedby=\"gallery-1-6511\" srcset=\"https:\/\/www.rome-roma.net\/wp-content\/uploads\/2020\/01\/santa-maria-in-trastevere_5810-150x150.jpg 150w, https:\/\/www.rome-roma.net\/wp-content\/uploads\/2020\/01\/santa-maria-in-trastevere_5810-50x50.jpg 50w, https:\/\/www.rome-roma.net\/wp-content\/uploads\/2020\/01\/santa-maria-in-trastevere_5810-80x80.jpg 80w, https:\/\/www.rome-roma.net\/wp-content\/uploads\/2020\/01\/santa-maria-in-trastevere_5810-75x75.jpg 75w\" sizes=\"(max-width: 150px) 100vw, 150px\" \/><\/a>\n\t\t\t<\/dt>\n\t\t\t\t<dd class='wp-caption-text gallery-caption' id='gallery-1-6511'>\n\t\t\t\tPiazza Santa Maria in Trastevere\n\t\t\t\t<\/dd><\/dl><dl class='gallery-item'>\n\t\t\t<dt class='gallery-icon portrait'>\n\t\t\t\t<a href='https:\/\/www.rome-roma.net\/wp-content\/uploads\/2020\/01\/campanile-santa-maria-in-trastevere_3780.jpg'><img width=\"150\" height=\"150\" src=\"https:\/\/www.rome-roma.net\/wp-content\/uploads\/2020\/01\/campanile-santa-maria-in-trastevere_3780-150x150.jpg\" class=\"attachment-thumbnail size-thumbnail\" alt=\"campanile-santa-maria-in-trastevere_3780\" loading=\"lazy\" aria-describedby=\"gallery-1-17271\" srcset=\"https:\/\/www.rome-roma.net\/wp-content\/uploads\/2020\/01\/campanile-santa-maria-in-trastevere_3780-150x150.jpg 150w, https:\/\/www.rome-roma.net\/wp-content\/uploads\/2020\/01\/campanile-santa-maria-in-trastevere_3780-50x50.jpg 50w, https:\/\/www.rome-roma.net\/wp-content\/uploads\/2020\/01\/campanile-santa-maria-in-trastevere_3780-80x80.jpg 80w, https:\/\/www.rome-roma.net\/wp-content\/uploads\/2020\/01\/campanile-santa-maria-in-trastevere_3780-75x75.jpg 75w\" sizes=\"(max-width: 150px) 100vw, 150px\" \/><\/a>\n\t\t\t<\/dt>\n\t\t\t\t<dd class='wp-caption-text gallery-caption' id='gallery-1-17271'>\n\t\t\t\tCampanile del XIIe\n\t\t\t\t<\/dd><\/dl><dl class='gallery-item'>\n\t\t\t<dt class='gallery-icon portrait'>\n\t\t\t\t<a href='https:\/\/www.rome-roma.net\/wp-content\/uploads\/2020\/01\/santa-maria-in-trastevere_5829.jpg'><img width=\"150\" height=\"150\" src=\"https:\/\/www.rome-roma.net\/wp-content\/uploads\/2020\/01\/santa-maria-in-trastevere_5829-150x150.jpg\" class=\"attachment-thumbnail size-thumbnail\" alt=\"santa-maria-in-trastevere_5829\" loading=\"lazy\" aria-describedby=\"gallery-1-6526\" srcset=\"https:\/\/www.rome-roma.net\/wp-content\/uploads\/2020\/01\/santa-maria-in-trastevere_5829-150x150.jpg 150w, https:\/\/www.rome-roma.net\/wp-content\/uploads\/2020\/01\/santa-maria-in-trastevere_5829-50x50.jpg 50w, https:\/\/www.rome-roma.net\/wp-content\/uploads\/2020\/01\/santa-maria-in-trastevere_5829-80x80.jpg 80w, https:\/\/www.rome-roma.net\/wp-content\/uploads\/2020\/01\/santa-maria-in-trastevere_5829-75x75.jpg 75w\" sizes=\"(max-width: 150px) 100vw, 150px\" \/><\/a>\n\t\t\t<\/dt>\n\t\t\t\t<dd class='wp-caption-text gallery-caption' id='gallery-1-6526'>\n\t\t\t\tCampanile del XIIe\n\t\t\t\t<\/dd><\/dl><dl class='gallery-item'>\n\t\t\t<dt class='gallery-icon landscape'>\n\t\t\t\t<a href='https:\/\/www.rome-roma.net\/wp-content\/uploads\/2020\/01\/santa-maria-in-trastevere_5813.jpg'><img width=\"150\" height=\"150\" src=\"https:\/\/www.rome-roma.net\/wp-content\/uploads\/2020\/01\/santa-maria-in-trastevere_5813-150x150.jpg\" class=\"attachment-thumbnail size-thumbnail\" alt=\"santa-maria-in-trastevere_5813\" loading=\"lazy\" aria-describedby=\"gallery-1-6516\" srcset=\"https:\/\/www.rome-roma.net\/wp-content\/uploads\/2020\/01\/santa-maria-in-trastevere_5813-150x150.jpg 150w, https:\/\/www.rome-roma.net\/wp-content\/uploads\/2020\/01\/santa-maria-in-trastevere_5813-50x50.jpg 50w, https:\/\/www.rome-roma.net\/wp-content\/uploads\/2020\/01\/santa-maria-in-trastevere_5813-80x80.jpg 80w, https:\/\/www.rome-roma.net\/wp-content\/uploads\/2020\/01\/santa-maria-in-trastevere_5813-75x75.jpg 75w\" sizes=\"(max-width: 150px) 100vw, 150px\" \/><\/a>\n\t\t\t<\/dt>\n\t\t\t\t<dd class='wp-caption-text gallery-caption' id='gallery-1-6516'>\n\t\t\t\tFrontone con mosaico del XIII e statue del XVII\n\t\t\t\t<\/dd><\/dl><br style=\"clear: both\" \/><dl class='gallery-item'>\n\t\t\t<dt class='gallery-icon landscape'>\n\t\t\t\t<a href='https:\/\/www.rome-roma.net\/wp-content\/uploads\/2020\/01\/mosaique-fronton-basilique-sainte-marie-du-trastevere_3778.jpg'><img width=\"150\" height=\"150\" src=\"https:\/\/www.rome-roma.net\/wp-content\/uploads\/2020\/01\/mosaique-fronton-basilique-sainte-marie-du-trastevere_3778-150x150.jpg\" class=\"attachment-thumbnail size-thumbnail\" alt=\"mosaique-fronton-basilique-sainte-marie-du-trastevere_3778\" loading=\"lazy\" aria-describedby=\"gallery-1-17316\" srcset=\"https:\/\/www.rome-roma.net\/wp-content\/uploads\/2020\/01\/mosaique-fronton-basilique-sainte-marie-du-trastevere_3778-150x150.jpg 150w, https:\/\/www.rome-roma.net\/wp-content\/uploads\/2020\/01\/mosaique-fronton-basilique-sainte-marie-du-trastevere_3778-50x50.jpg 50w, https:\/\/www.rome-roma.net\/wp-content\/uploads\/2020\/01\/mosaique-fronton-basilique-sainte-marie-du-trastevere_3778-80x80.jpg 80w, https:\/\/www.rome-roma.net\/wp-content\/uploads\/2020\/01\/mosaique-fronton-basilique-sainte-marie-du-trastevere_3778-75x75.jpg 75w\" sizes=\"(max-width: 150px) 100vw, 150px\" \/><\/a>\n\t\t\t<\/dt>\n\t\t\t\t<dd class='wp-caption-text gallery-caption' id='gallery-1-17316'>\n\t\t\t\tPediment with 13th-century mosaic and 17th-century statues\n\t\t\t\t<\/dd><\/dl><dl class='gallery-item'>\n\t\t\t<dt class='gallery-icon landscape'>\n\t\t\t\t<a href='https:\/\/www.rome-roma.net\/wp-content\/uploads\/2020\/01\/mosaico-fasciata-santa-maria-in-trastevere_3778.jpg'><img width=\"150\" height=\"150\" src=\"https:\/\/www.rome-roma.net\/wp-content\/uploads\/2020\/01\/mosaico-fasciata-santa-maria-in-trastevere_3778-150x150.jpg\" class=\"attachment-thumbnail size-thumbnail\" alt=\"mosaico-fasciata-santa-maria-in-trastevere_3778\" loading=\"lazy\" aria-describedby=\"gallery-1-17207\" srcset=\"https:\/\/www.rome-roma.net\/wp-content\/uploads\/2020\/01\/mosaico-fasciata-santa-maria-in-trastevere_3778-150x150.jpg 150w, https:\/\/www.rome-roma.net\/wp-content\/uploads\/2020\/01\/mosaico-fasciata-santa-maria-in-trastevere_3778-50x50.jpg 50w, https:\/\/www.rome-roma.net\/wp-content\/uploads\/2020\/01\/mosaico-fasciata-santa-maria-in-trastevere_3778-80x80.jpg 80w, https:\/\/www.rome-roma.net\/wp-content\/uploads\/2020\/01\/mosaico-fasciata-santa-maria-in-trastevere_3778-75x75.jpg 75w\" sizes=\"(max-width: 150px) 100vw, 150px\" \/><\/a>\n\t\t\t<\/dt>\n\t\t\t\t<dd class='wp-caption-text gallery-caption' id='gallery-1-17207'>\n\t\t\t\tFregio mosaico del XIII secolo\n\t\t\t\t<\/dd><\/dl><dl class='gallery-item'>\n\t\t\t<dt class='gallery-icon portrait'>\n\t\t\t\t<a href='https:\/\/www.rome-roma.net\/wp-content\/uploads\/2020\/01\/fontana-piazza-santa-maria-in-trastevere_3764.jpg'><img width=\"150\" height=\"150\" src=\"https:\/\/www.rome-roma.net\/wp-content\/uploads\/2020\/01\/fontana-piazza-santa-maria-in-trastevere_3764-150x150.jpg\" class=\"attachment-thumbnail size-thumbnail\" alt=\"fontana-piazza-santa-maria-in-trastevere_3764\" loading=\"lazy\" aria-describedby=\"gallery-1-17301\" srcset=\"https:\/\/www.rome-roma.net\/wp-content\/uploads\/2020\/01\/fontana-piazza-santa-maria-in-trastevere_3764-150x150.jpg 150w, https:\/\/www.rome-roma.net\/wp-content\/uploads\/2020\/01\/fontana-piazza-santa-maria-in-trastevere_3764-50x50.jpg 50w, https:\/\/www.rome-roma.net\/wp-content\/uploads\/2020\/01\/fontana-piazza-santa-maria-in-trastevere_3764-80x80.jpg 80w, https:\/\/www.rome-roma.net\/wp-content\/uploads\/2020\/01\/fontana-piazza-santa-maria-in-trastevere_3764-75x75.jpg 75w\" sizes=\"(max-width: 150px) 100vw, 150px\" \/><\/a>\n\t\t\t<\/dt>\n\t\t\t\t<dd class='wp-caption-text gallery-caption' id='gallery-1-17301'>\n\t\t\t\tFountain Piazza Santa Maria in Trastevere\n\t\t\t\t<\/dd><\/dl><dl class='gallery-item'>\n\t\t\t<dt class='gallery-icon portrait'>\n\t\t\t\t<a href='https:\/\/www.rome-roma.net\/wp-content\/uploads\/2020\/01\/sainte-marie-du-trastevere_3751.jpg'><img width=\"150\" height=\"150\" src=\"https:\/\/www.rome-roma.net\/wp-content\/uploads\/2020\/01\/sainte-marie-du-trastevere_3751-150x150.jpg\" class=\"attachment-thumbnail size-thumbnail\" alt=\"sainte-marie-du-trastevere_3751\" loading=\"lazy\" aria-describedby=\"gallery-1-17356\" srcset=\"https:\/\/www.rome-roma.net\/wp-content\/uploads\/2020\/01\/sainte-marie-du-trastevere_3751-150x150.jpg 150w, https:\/\/www.rome-roma.net\/wp-content\/uploads\/2020\/01\/sainte-marie-du-trastevere_3751-50x50.jpg 50w, https:\/\/www.rome-roma.net\/wp-content\/uploads\/2020\/01\/sainte-marie-du-trastevere_3751-80x80.jpg 80w, https:\/\/www.rome-roma.net\/wp-content\/uploads\/2020\/01\/sainte-marie-du-trastevere_3751-75x75.jpg 75w\" sizes=\"(max-width: 150px) 100vw, 150px\" \/><\/a>\n\t\t\t<\/dt>\n\t\t\t\t<dd class='wp-caption-text gallery-caption' id='gallery-1-17356'>\n\t\t\t\tPiazza Santa Maria in Trastevere\n\t\t\t\t<\/dd><\/dl><dl class='gallery-item'>\n\t\t\t<dt class='gallery-icon landscape'>\n\t\t\t\t<a href='https:\/\/www.rome-roma.net\/wp-content\/uploads\/2020\/01\/place-sainte-marie-du-trastevere_3743.jpg'><img width=\"150\" height=\"150\" src=\"https:\/\/www.rome-roma.net\/wp-content\/uploads\/2020\/01\/place-sainte-marie-du-trastevere_3743-150x150.jpg\" class=\"attachment-thumbnail size-thumbnail\" alt=\"place-sainte-marie-du-trastevere_3743\" loading=\"lazy\" aria-describedby=\"gallery-1-17351\" srcset=\"https:\/\/www.rome-roma.net\/wp-content\/uploads\/2020\/01\/place-sainte-marie-du-trastevere_3743-150x150.jpg 150w, https:\/\/www.rome-roma.net\/wp-content\/uploads\/2020\/01\/place-sainte-marie-du-trastevere_3743-50x50.jpg 50w, https:\/\/www.rome-roma.net\/wp-content\/uploads\/2020\/01\/place-sainte-marie-du-trastevere_3743-80x80.jpg 80w, https:\/\/www.rome-roma.net\/wp-content\/uploads\/2020\/01\/place-sainte-marie-du-trastevere_3743-75x75.jpg 75w\" sizes=\"(max-width: 150px) 100vw, 150px\" \/><\/a>\n\t\t\t<\/dt>\n\t\t\t\t<dd class='wp-caption-text gallery-caption' id='gallery-1-17351'>\n\t\t\t\tPiazza Santa Maria in Trastevere\n\t\t\t\t<\/dd><\/dl><br style=\"clear: both\" \/>\n\t\t<\/div>\n\n<h3>Interno<\/h3>\n\n\t\t<style type=\"text\/css\">\n\t\t\t#gallery-2 {\n\t\t\t\tmargin: auto;\n\t\t\t}\n\t\t\t#gallery-2 .gallery-item {\n\t\t\t\tfloat: left;\n\t\t\t\tmargin-top: 10px;\n\t\t\t\ttext-align: center;\n\t\t\t\twidth: 20%;\n\t\t\t}\n\t\t\t#gallery-2 img {\n\t\t\t\tborder: 2px solid #cfcfcf;\n\t\t\t}\n\t\t\t#gallery-2 .gallery-caption {\n\t\t\t\tmargin-left: 0;\n\t\t\t}\n\t\t\t\/* see gallery_shortcode() in wp-includes\/media.php *\/\n\t\t<\/style>\n\t\t<div id='gallery-2' class='gallery galleryid-5711 gallery-columns-5 gallery-size-thumbnail'><dl class='gallery-item'>\n\t\t\t<dt class='gallery-icon landscape'>\n\t\t\t\t<a href='https:\/\/www.rome-roma.net\/wp-content\/uploads\/2020\/01\/navata-santa-maria-in-trastevere_3362.jpg'><img width=\"150\" height=\"150\" src=\"https:\/\/www.rome-roma.net\/wp-content\/uploads\/2020\/01\/navata-santa-maria-in-trastevere_3362-150x150.jpg\" class=\"attachment-thumbnail size-thumbnail\" alt=\"navata-santa-maria-in-trastevere_3362\" loading=\"lazy\" aria-describedby=\"gallery-2-17321\" srcset=\"https:\/\/www.rome-roma.net\/wp-content\/uploads\/2020\/01\/navata-santa-maria-in-trastevere_3362-150x150.jpg 150w, https:\/\/www.rome-roma.net\/wp-content\/uploads\/2020\/01\/navata-santa-maria-in-trastevere_3362-50x50.jpg 50w, https:\/\/www.rome-roma.net\/wp-content\/uploads\/2020\/01\/navata-santa-maria-in-trastevere_3362-80x80.jpg 80w, https:\/\/www.rome-roma.net\/wp-content\/uploads\/2020\/01\/navata-santa-maria-in-trastevere_3362-75x75.jpg 75w\" sizes=\"(max-width: 150px) 100vw, 150px\" \/><\/a>\n\t\t\t<\/dt>\n\t\t\t\t<dd class='wp-caption-text gallery-caption' id='gallery-2-17321'>\n\t\t\t\tNavata e colonne\n\t\t\t\t<\/dd><\/dl><dl class='gallery-item'>\n\t\t\t<dt class='gallery-icon landscape'>\n\t\t\t\t<a href='https:\/\/www.rome-roma.net\/wp-content\/uploads\/2020\/01\/basilica-santa-maria-in-trastevere_3761.jpg'><img width=\"150\" height=\"150\" src=\"https:\/\/www.rome-roma.net\/wp-content\/uploads\/2020\/01\/basilica-santa-maria-in-trastevere_3761-150x150.jpg\" class=\"attachment-thumbnail size-thumbnail\" alt=\"basilica-santa-maria-in-trastevere_3761\" loading=\"lazy\" aria-describedby=\"gallery-2-17256\" srcset=\"https:\/\/www.rome-roma.net\/wp-content\/uploads\/2020\/01\/basilica-santa-maria-in-trastevere_3761-150x150.jpg 150w, https:\/\/www.rome-roma.net\/wp-content\/uploads\/2020\/01\/basilica-santa-maria-in-trastevere_3761-50x50.jpg 50w, https:\/\/www.rome-roma.net\/wp-content\/uploads\/2020\/01\/basilica-santa-maria-in-trastevere_3761-80x80.jpg 80w, https:\/\/www.rome-roma.net\/wp-content\/uploads\/2020\/01\/basilica-santa-maria-in-trastevere_3761-75x75.jpg 75w\" sizes=\"(max-width: 150px) 100vw, 150px\" \/><\/a>\n\t\t\t<\/dt>\n\t\t\t\t<dd class='wp-caption-text gallery-caption' id='gallery-2-17256'>\n\t\t\t\tNavata e colonne\n\t\t\t\t<\/dd><\/dl><dl class='gallery-item'>\n\t\t\t<dt class='gallery-icon portrait'>\n\t\t\t\t<a href='https:\/\/www.rome-roma.net\/wp-content\/uploads\/2020\/01\/pavimento-cosmatesco-santa-maria-in-trastevere_3363.jpg'><img width=\"150\" height=\"150\" src=\"https:\/\/www.rome-roma.net\/wp-content\/uploads\/2020\/01\/pavimento-cosmatesco-santa-maria-in-trastevere_3363-150x150.jpg\" class=\"attachment-thumbnail size-thumbnail\" alt=\"pavimento-cosmatesco-santa-maria-in-trastevere_3363\" loading=\"lazy\" aria-describedby=\"gallery-2-17346\" srcset=\"https:\/\/www.rome-roma.net\/wp-content\/uploads\/2020\/01\/pavimento-cosmatesco-santa-maria-in-trastevere_3363-150x150.jpg 150w, https:\/\/www.rome-roma.net\/wp-content\/uploads\/2020\/01\/pavimento-cosmatesco-santa-maria-in-trastevere_3363-50x50.jpg 50w, https:\/\/www.rome-roma.net\/wp-content\/uploads\/2020\/01\/pavimento-cosmatesco-santa-maria-in-trastevere_3363-80x80.jpg 80w, https:\/\/www.rome-roma.net\/wp-content\/uploads\/2020\/01\/pavimento-cosmatesco-santa-maria-in-trastevere_3363-75x75.jpg 75w\" sizes=\"(max-width: 150px) 100vw, 150px\" \/><\/a>\n\t\t\t<\/dt>\n\t\t\t\t<dd class='wp-caption-text gallery-caption' id='gallery-2-17346'>\n\t\t\t\tSol cosmatesco\n\t\t\t\t<\/dd><\/dl><dl class='gallery-item'>\n\t\t\t<dt class='gallery-icon landscape'>\n\t\t\t\t<a href='https:\/\/www.rome-roma.net\/wp-content\/uploads\/2020\/01\/navata-santa-maria-in-trastevere_3364.jpg'><img width=\"150\" height=\"150\" src=\"https:\/\/www.rome-roma.net\/wp-content\/uploads\/2020\/01\/navata-santa-maria-in-trastevere_3364-150x150.jpg\" class=\"attachment-thumbnail size-thumbnail\" alt=\"navata-santa-maria-in-trastevere_3364\" loading=\"lazy\" aria-describedby=\"gallery-2-17326\" srcset=\"https:\/\/www.rome-roma.net\/wp-content\/uploads\/2020\/01\/navata-santa-maria-in-trastevere_3364-150x150.jpg 150w, https:\/\/www.rome-roma.net\/wp-content\/uploads\/2020\/01\/navata-santa-maria-in-trastevere_3364-50x50.jpg 50w, https:\/\/www.rome-roma.net\/wp-content\/uploads\/2020\/01\/navata-santa-maria-in-trastevere_3364-80x80.jpg 80w, https:\/\/www.rome-roma.net\/wp-content\/uploads\/2020\/01\/navata-santa-maria-in-trastevere_3364-75x75.jpg 75w\" sizes=\"(max-width: 150px) 100vw, 150px\" \/><\/a>\n\t\t\t<\/dt>\n\t\t\t\t<dd class='wp-caption-text gallery-caption' id='gallery-2-17326'>\n\t\t\t\tNave and columns\n\t\t\t\t<\/dd><\/dl><dl class='gallery-item'>\n\t\t\t<dt class='gallery-icon landscape'>\n\t\t\t\t<a href='https:\/\/www.rome-roma.net\/wp-content\/uploads\/2020\/01\/navata-santa-maria-in-trastevere_3365.jpg'><img width=\"150\" height=\"150\" src=\"https:\/\/www.rome-roma.net\/wp-content\/uploads\/2020\/01\/navata-santa-maria-in-trastevere_3365-150x150.jpg\" class=\"attachment-thumbnail size-thumbnail\" alt=\"navata-santa-maria-in-trastevere_3365\" loading=\"lazy\" aria-describedby=\"gallery-2-17331\" srcset=\"https:\/\/www.rome-roma.net\/wp-content\/uploads\/2020\/01\/navata-santa-maria-in-trastevere_3365-150x150.jpg 150w, https:\/\/www.rome-roma.net\/wp-content\/uploads\/2020\/01\/navata-santa-maria-in-trastevere_3365-50x50.jpg 50w, https:\/\/www.rome-roma.net\/wp-content\/uploads\/2020\/01\/navata-santa-maria-in-trastevere_3365-80x80.jpg 80w, https:\/\/www.rome-roma.net\/wp-content\/uploads\/2020\/01\/navata-santa-maria-in-trastevere_3365-75x75.jpg 75w\" sizes=\"(max-width: 150px) 100vw, 150px\" \/><\/a>\n\t\t\t<\/dt>\n\t\t\t\t<dd class='wp-caption-text gallery-caption' id='gallery-2-17331'>\n\t\t\t\tNave and columns\n\t\t\t\t<\/dd><\/dl><br style=\"clear: both\" \/><dl class='gallery-item'>\n\t\t\t<dt class='gallery-icon landscape'>\n\t\t\t\t<a href='https:\/\/www.rome-roma.net\/wp-content\/uploads\/2020\/01\/nef-santa-maria-in-trastevere_3367.jpg'><img width=\"150\" height=\"150\" src=\"https:\/\/www.rome-roma.net\/wp-content\/uploads\/2020\/01\/nef-santa-maria-in-trastevere_3367-150x150.jpg\" class=\"attachment-thumbnail size-thumbnail\" alt=\"nef-santa-maria-in-trastevere_3367\" loading=\"lazy\" aria-describedby=\"gallery-2-17341\" srcset=\"https:\/\/www.rome-roma.net\/wp-content\/uploads\/2020\/01\/nef-santa-maria-in-trastevere_3367-150x150.jpg 150w, https:\/\/www.rome-roma.net\/wp-content\/uploads\/2020\/01\/nef-santa-maria-in-trastevere_3367-50x50.jpg 50w, https:\/\/www.rome-roma.net\/wp-content\/uploads\/2020\/01\/nef-santa-maria-in-trastevere_3367-80x80.jpg 80w, https:\/\/www.rome-roma.net\/wp-content\/uploads\/2020\/01\/nef-santa-maria-in-trastevere_3367-75x75.jpg 75w\" sizes=\"(max-width: 150px) 100vw, 150px\" \/><\/a>\n\t\t\t<\/dt>\n\t\t\t\t<dd class='wp-caption-text gallery-caption' id='gallery-2-17341'>\n\t\t\t\tNave and columns\n\t\t\t\t<\/dd><\/dl><dl class='gallery-item'>\n\t\t\t<dt class='gallery-icon portrait'>\n\t\t\t\t<a href='https:\/\/www.rome-roma.net\/wp-content\/uploads\/2020\/01\/colone-navata-santa-maria-in-trastevere_3381.jpg'><img width=\"150\" height=\"150\" src=\"https:\/\/www.rome-roma.net\/wp-content\/uploads\/2020\/01\/colone-navata-santa-maria-in-trastevere_3381-150x150.jpg\" class=\"attachment-thumbnail size-thumbnail\" alt=\"colone-navata-santa-maria-in-trastevere_3381\" loading=\"lazy\" aria-describedby=\"gallery-2-17291\" srcset=\"https:\/\/www.rome-roma.net\/wp-content\/uploads\/2020\/01\/colone-navata-santa-maria-in-trastevere_3381-150x150.jpg 150w, https:\/\/www.rome-roma.net\/wp-content\/uploads\/2020\/01\/colone-navata-santa-maria-in-trastevere_3381-50x50.jpg 50w, https:\/\/www.rome-roma.net\/wp-content\/uploads\/2020\/01\/colone-navata-santa-maria-in-trastevere_3381-80x80.jpg 80w, https:\/\/www.rome-roma.net\/wp-content\/uploads\/2020\/01\/colone-navata-santa-maria-in-trastevere_3381-75x75.jpg 75w\" sizes=\"(max-width: 150px) 100vw, 150px\" \/><\/a>\n\t\t\t<\/dt>\n\t\t\t\t<dd class='wp-caption-text gallery-caption' id='gallery-2-17291'>\n\t\t\t\tNave and columns\n\t\t\t\t<\/dd><\/dl><dl class='gallery-item'>\n\t\t\t<dt class='gallery-icon portrait'>\n\t\t\t\t<a href='https:\/\/www.rome-roma.net\/wp-content\/uploads\/2020\/01\/colonnes-nef-sainte-marie-du-trastevere_3385.jpg'><img width=\"150\" height=\"150\" src=\"https:\/\/www.rome-roma.net\/wp-content\/uploads\/2020\/01\/colonnes-nef-sainte-marie-du-trastevere_3385-150x150.jpg\" class=\"attachment-thumbnail size-thumbnail\" alt=\"colonnes-nef-sainte-marie-du-trastevere_3385\" loading=\"lazy\" aria-describedby=\"gallery-2-17296\" srcset=\"https:\/\/www.rome-roma.net\/wp-content\/uploads\/2020\/01\/colonnes-nef-sainte-marie-du-trastevere_3385-150x150.jpg 150w, https:\/\/www.rome-roma.net\/wp-content\/uploads\/2020\/01\/colonnes-nef-sainte-marie-du-trastevere_3385-50x50.jpg 50w, https:\/\/www.rome-roma.net\/wp-content\/uploads\/2020\/01\/colonnes-nef-sainte-marie-du-trastevere_3385-80x80.jpg 80w, https:\/\/www.rome-roma.net\/wp-content\/uploads\/2020\/01\/colonnes-nef-sainte-marie-du-trastevere_3385-75x75.jpg 75w\" sizes=\"(max-width: 150px) 100vw, 150px\" \/><\/a>\n\t\t\t<\/dt>\n\t\t\t\t<dd class='wp-caption-text gallery-caption' id='gallery-2-17296'>\n\t\t\t\tNave and columns\n\t\t\t\t<\/dd><\/dl><dl class='gallery-item'>\n\t\t\t<dt class='gallery-icon portrait'>\n\t\t\t\t<a href='https:\/\/www.rome-roma.net\/wp-content\/uploads\/2020\/01\/abside-santa-maria-in-trastevere_3753.jpg'><img width=\"150\" height=\"150\" src=\"https:\/\/www.rome-roma.net\/wp-content\/uploads\/2020\/01\/abside-santa-maria-in-trastevere_3753-150x150.jpg\" class=\"attachment-thumbnail size-thumbnail\" alt=\"abside-santa-maria-in-trastevere_3753\" loading=\"lazy\" aria-describedby=\"gallery-2-17251\" srcset=\"https:\/\/www.rome-roma.net\/wp-content\/uploads\/2020\/01\/abside-santa-maria-in-trastevere_3753-150x150.jpg 150w, https:\/\/www.rome-roma.net\/wp-content\/uploads\/2020\/01\/abside-santa-maria-in-trastevere_3753-50x50.jpg 50w, https:\/\/www.rome-roma.net\/wp-content\/uploads\/2020\/01\/abside-santa-maria-in-trastevere_3753-80x80.jpg 80w, https:\/\/www.rome-roma.net\/wp-content\/uploads\/2020\/01\/abside-santa-maria-in-trastevere_3753-75x75.jpg 75w\" sizes=\"(max-width: 150px) 100vw, 150px\" \/><\/a>\n\t\t\t<\/dt>\n\t\t\t\t<dd class='wp-caption-text gallery-caption' id='gallery-2-17251'>\n\t\t\t\tAbside e baldacchino\n\t\t\t\t<\/dd><\/dl><dl class='gallery-item'>\n\t\t\t<dt class='gallery-icon portrait'>\n\t\t\t\t<a href='https:\/\/www.rome-roma.net\/wp-content\/uploads\/2020\/01\/soffitto-santa-maria-in-trastevere_3755.jpg'><img width=\"150\" height=\"150\" src=\"https:\/\/www.rome-roma.net\/wp-content\/uploads\/2020\/01\/soffitto-santa-maria-in-trastevere_3755-150x150.jpg\" class=\"attachment-thumbnail size-thumbnail\" alt=\"soffitto-santa-maria-in-trastevere_3755\" loading=\"lazy\" aria-describedby=\"gallery-2-17266\" srcset=\"https:\/\/www.rome-roma.net\/wp-content\/uploads\/2020\/01\/soffitto-santa-maria-in-trastevere_3755-150x150.jpg 150w, https:\/\/www.rome-roma.net\/wp-content\/uploads\/2020\/01\/soffitto-santa-maria-in-trastevere_3755-50x50.jpg 50w, https:\/\/www.rome-roma.net\/wp-content\/uploads\/2020\/01\/soffitto-santa-maria-in-trastevere_3755-80x80.jpg 80w, https:\/\/www.rome-roma.net\/wp-content\/uploads\/2020\/01\/soffitto-santa-maria-in-trastevere_3755-75x75.jpg 75w\" sizes=\"(max-width: 150px) 100vw, 150px\" \/><\/a>\n\t\t\t<\/dt>\n\t\t\t\t<dd class='wp-caption-text gallery-caption' id='gallery-2-17266'>\n\t\t\t\tSoffitto a cassettoni\n\t\t\t\t<\/dd><\/dl><br style=\"clear: both\" \/><dl class='gallery-item'>\n\t\t\t<dt class='gallery-icon landscape'>\n\t\t\t\t<a href='https:\/\/www.rome-roma.net\/wp-content\/uploads\/2020\/01\/abside-santa-maria-in-trastevere_0914.jpg'><img width=\"150\" height=\"150\" src=\"https:\/\/www.rome-roma.net\/wp-content\/uploads\/2020\/01\/abside-santa-maria-in-trastevere_0914-150x150.jpg\" class=\"attachment-thumbnail size-thumbnail\" alt=\"abside-santa-maria-in-trastevere_0914\" loading=\"lazy\" aria-describedby=\"gallery-2-17246\" srcset=\"https:\/\/www.rome-roma.net\/wp-content\/uploads\/2020\/01\/abside-santa-maria-in-trastevere_0914-150x150.jpg 150w, https:\/\/www.rome-roma.net\/wp-content\/uploads\/2020\/01\/abside-santa-maria-in-trastevere_0914-50x50.jpg 50w, https:\/\/www.rome-roma.net\/wp-content\/uploads\/2020\/01\/abside-santa-maria-in-trastevere_0914-80x80.jpg 80w, https:\/\/www.rome-roma.net\/wp-content\/uploads\/2020\/01\/abside-santa-maria-in-trastevere_0914-75x75.jpg 75w\" sizes=\"(max-width: 150px) 100vw, 150px\" \/><\/a>\n\t\t\t<\/dt>\n\t\t\t\t<dd class='wp-caption-text gallery-caption' id='gallery-2-17246'>\n\t\t\t\tAbside e baldacchino\n\t\t\t\t<\/dd><\/dl><dl class='gallery-item'>\n\t\t\t<dt class='gallery-icon landscape'>\n\t\t\t\t<a href='https:\/\/www.rome-roma.net\/wp-content\/uploads\/2020\/01\/abside-santa-maria-in-trastevere_0912.jpg'><img width=\"150\" height=\"150\" src=\"https:\/\/www.rome-roma.net\/wp-content\/uploads\/2020\/01\/abside-santa-maria-in-trastevere_0912-150x150.jpg\" class=\"attachment-thumbnail size-thumbnail\" alt=\"abside-santa-maria-in-trastevere_0912\" loading=\"lazy\" aria-describedby=\"gallery-2-17236\" srcset=\"https:\/\/www.rome-roma.net\/wp-content\/uploads\/2020\/01\/abside-santa-maria-in-trastevere_0912-150x150.jpg 150w, https:\/\/www.rome-roma.net\/wp-content\/uploads\/2020\/01\/abside-santa-maria-in-trastevere_0912-50x50.jpg 50w, https:\/\/www.rome-roma.net\/wp-content\/uploads\/2020\/01\/abside-santa-maria-in-trastevere_0912-80x80.jpg 80w, https:\/\/www.rome-roma.net\/wp-content\/uploads\/2020\/01\/abside-santa-maria-in-trastevere_0912-75x75.jpg 75w\" sizes=\"(max-width: 150px) 100vw, 150px\" \/><\/a>\n\t\t\t<\/dt>\n\t\t\t\t<dd class='wp-caption-text gallery-caption' id='gallery-2-17236'>\n\t\t\t\tApse and canopy\n\t\t\t\t<\/dd><\/dl><dl class='gallery-item'>\n\t\t\t<dt class='gallery-icon landscape'>\n\t\t\t\t<a href='https:\/\/www.rome-roma.net\/wp-content\/uploads\/2020\/01\/mosaici-santa-maria-in-trastevere_3758.jpg'><img width=\"150\" height=\"150\" src=\"https:\/\/www.rome-roma.net\/wp-content\/uploads\/2020\/01\/mosaici-santa-maria-in-trastevere_3758-150x150.jpg\" class=\"attachment-thumbnail size-thumbnail\" alt=\"mosaici-santa-maria-in-trastevere_3758\" loading=\"lazy\" aria-describedby=\"gallery-2-17261\" srcset=\"https:\/\/www.rome-roma.net\/wp-content\/uploads\/2020\/01\/mosaici-santa-maria-in-trastevere_3758-150x150.jpg 150w, https:\/\/www.rome-roma.net\/wp-content\/uploads\/2020\/01\/mosaici-santa-maria-in-trastevere_3758-50x50.jpg 50w, https:\/\/www.rome-roma.net\/wp-content\/uploads\/2020\/01\/mosaici-santa-maria-in-trastevere_3758-80x80.jpg 80w, https:\/\/www.rome-roma.net\/wp-content\/uploads\/2020\/01\/mosaici-santa-maria-in-trastevere_3758-75x75.jpg 75w\" sizes=\"(max-width: 150px) 100vw, 150px\" \/><\/a>\n\t\t\t<\/dt>\n\t\t\t\t<dd class='wp-caption-text gallery-caption' id='gallery-2-17261'>\n\t\t\t\tMosaico dell&#8217;abside\n\t\t\t\t<\/dd><\/dl><dl class='gallery-item'>\n\t\t\t<dt class='gallery-icon landscape'>\n\t\t\t\t<a href='https:\/\/www.rome-roma.net\/wp-content\/uploads\/2020\/01\/mosaique-abside-basilique-sainte-marie-du-trastevere_3758.jpg'><img width=\"150\" height=\"150\" src=\"https:\/\/www.rome-roma.net\/wp-content\/uploads\/2020\/01\/mosaique-abside-basilique-sainte-marie-du-trastevere_3758-150x150.jpg\" class=\"attachment-thumbnail size-thumbnail\" alt=\"mosaique-abside-basilique-sainte-marie-du-trastevere_3758\" loading=\"lazy\" aria-describedby=\"gallery-2-17218\" srcset=\"https:\/\/www.rome-roma.net\/wp-content\/uploads\/2020\/01\/mosaique-abside-basilique-sainte-marie-du-trastevere_3758-150x150.jpg 150w, https:\/\/www.rome-roma.net\/wp-content\/uploads\/2020\/01\/mosaique-abside-basilique-sainte-marie-du-trastevere_3758-50x50.jpg 50w, https:\/\/www.rome-roma.net\/wp-content\/uploads\/2020\/01\/mosaique-abside-basilique-sainte-marie-du-trastevere_3758-80x80.jpg 80w, https:\/\/www.rome-roma.net\/wp-content\/uploads\/2020\/01\/mosaique-abside-basilique-sainte-marie-du-trastevere_3758-75x75.jpg 75w\" sizes=\"(max-width: 150px) 100vw, 150px\" \/><\/a>\n\t\t\t<\/dt>\n\t\t\t\t<dd class='wp-caption-text gallery-caption' id='gallery-2-17218'>\n\t\t\t\tMosaico dell&#8217;abside (XIII)\n\t\t\t\t<\/dd><\/dl><dl class='gallery-item'>\n\t\t\t<dt class='gallery-icon portrait'>\n\t\t\t\t<a href='https:\/\/www.rome-roma.net\/wp-content\/uploads\/2020\/01\/abside-santa-maria-in-trastevere_0913.jpg'><img width=\"150\" height=\"150\" src=\"https:\/\/www.rome-roma.net\/wp-content\/uploads\/2020\/01\/abside-santa-maria-in-trastevere_0913-150x150.jpg\" class=\"attachment-thumbnail size-thumbnail\" alt=\"abside-santa-maria-in-trastevere_0913\" loading=\"lazy\" aria-describedby=\"gallery-2-17241\" srcset=\"https:\/\/www.rome-roma.net\/wp-content\/uploads\/2020\/01\/abside-santa-maria-in-trastevere_0913-150x150.jpg 150w, https:\/\/www.rome-roma.net\/wp-content\/uploads\/2020\/01\/abside-santa-maria-in-trastevere_0913-50x50.jpg 50w, https:\/\/www.rome-roma.net\/wp-content\/uploads\/2020\/01\/abside-santa-maria-in-trastevere_0913-80x80.jpg 80w, https:\/\/www.rome-roma.net\/wp-content\/uploads\/2020\/01\/abside-santa-maria-in-trastevere_0913-75x75.jpg 75w\" sizes=\"(max-width: 150px) 100vw, 150px\" \/><\/a>\n\t\t\t<\/dt>\n\t\t\t\t<dd class='wp-caption-text gallery-caption' id='gallery-2-17241'>\n\t\t\t\tAbside \n\t\t\t\t<\/dd><\/dl><br style=\"clear: both\" \/>\n\t\t<\/div>\n\n<h3>Cappelle e opere<\/h3>\n\n\t\t<style type=\"text\/css\">\n\t\t\t#gallery-3 {\n\t\t\t\tmargin: auto;\n\t\t\t}\n\t\t\t#gallery-3 .gallery-item {\n\t\t\t\tfloat: left;\n\t\t\t\tmargin-top: 10px;\n\t\t\t\ttext-align: center;\n\t\t\t\twidth: 20%;\n\t\t\t}\n\t\t\t#gallery-3 img {\n\t\t\t\tborder: 2px solid #cfcfcf;\n\t\t\t}\n\t\t\t#gallery-3 .gallery-caption {\n\t\t\t\tmargin-left: 0;\n\t\t\t}\n\t\t\t\/* see gallery_shortcode() in wp-includes\/media.php *\/\n\t\t<\/style>\n\t\t<div id='gallery-3' class='gallery galleryid-5711 gallery-columns-5 gallery-size-thumbnail'><dl class='gallery-item'>\n\t\t\t<dt class='gallery-icon landscape'>\n\t\t\t\t<a href='https:\/\/www.rome-roma.net\/wp-content\/uploads\/2020\/01\/chapelle-de-saint-jerome-avila-sainte-marie-du-trastevere_3384.jpg'><img width=\"150\" height=\"150\" src=\"https:\/\/www.rome-roma.net\/wp-content\/uploads\/2020\/01\/chapelle-de-saint-jerome-avila-sainte-marie-du-trastevere_3384-150x150.jpg\" class=\"attachment-thumbnail size-thumbnail\" alt=\"chapelle-de-saint-jerome-avila-sainte-marie-du-trastevere_3384\" loading=\"lazy\" aria-describedby=\"gallery-3-17286\" srcset=\"https:\/\/www.rome-roma.net\/wp-content\/uploads\/2020\/01\/chapelle-de-saint-jerome-avila-sainte-marie-du-trastevere_3384-150x150.jpg 150w, https:\/\/www.rome-roma.net\/wp-content\/uploads\/2020\/01\/chapelle-de-saint-jerome-avila-sainte-marie-du-trastevere_3384-50x50.jpg 50w, https:\/\/www.rome-roma.net\/wp-content\/uploads\/2020\/01\/chapelle-de-saint-jerome-avila-sainte-marie-du-trastevere_3384-80x80.jpg 80w, https:\/\/www.rome-roma.net\/wp-content\/uploads\/2020\/01\/chapelle-de-saint-jerome-avila-sainte-marie-du-trastevere_3384-75x75.jpg 75w\" sizes=\"(max-width: 150px) 100vw, 150px\" \/><\/a>\n\t\t\t<\/dt>\n\t\t\t\t<dd class='wp-caption-text gallery-caption' id='gallery-3-17286'>\n\t\t\t\tCappella di San Girolamo\n\t\t\t\t<\/dd><\/dl><dl class='gallery-item'>\n\t\t\t<dt class='gallery-icon portrait'>\n\t\t\t\t<a href='https:\/\/www.rome-roma.net\/wp-content\/uploads\/2020\/01\/cappella-di-san-girolamo-avila-santa-maria-in-trastevere_3382.jpg'><img width=\"150\" height=\"150\" src=\"https:\/\/www.rome-roma.net\/wp-content\/uploads\/2020\/01\/cappella-di-san-girolamo-avila-santa-maria-in-trastevere_3382-150x150.jpg\" class=\"attachment-thumbnail size-thumbnail\" alt=\"cappella-di-san-girolamo-avila-santa-maria-in-trastevere_3382\" loading=\"lazy\" aria-describedby=\"gallery-3-17223\" srcset=\"https:\/\/www.rome-roma.net\/wp-content\/uploads\/2020\/01\/cappella-di-san-girolamo-avila-santa-maria-in-trastevere_3382-150x150.jpg 150w, https:\/\/www.rome-roma.net\/wp-content\/uploads\/2020\/01\/cappella-di-san-girolamo-avila-santa-maria-in-trastevere_3382-50x50.jpg 50w, https:\/\/www.rome-roma.net\/wp-content\/uploads\/2020\/01\/cappella-di-san-girolamo-avila-santa-maria-in-trastevere_3382-80x80.jpg 80w, https:\/\/www.rome-roma.net\/wp-content\/uploads\/2020\/01\/cappella-di-san-girolamo-avila-santa-maria-in-trastevere_3382-75x75.jpg 75w\" sizes=\"(max-width: 150px) 100vw, 150px\" \/><\/a>\n\t\t\t<\/dt>\n\t\t\t\t<dd class='wp-caption-text gallery-caption' id='gallery-3-17223'>\n\t\t\t\tCappella di San Girolamo (XVII)\n\t\t\t\t<\/dd><\/dl><dl class='gallery-item'>\n\t\t\t<dt class='gallery-icon portrait'>\n\t\t\t\t<a href='https:\/\/www.rome-roma.net\/wp-content\/uploads\/2020\/01\/cappella-di-san-girolamo-avila-santa-maria-in-trastevere_3383.jpg'><img width=\"150\" height=\"150\" src=\"https:\/\/www.rome-roma.net\/wp-content\/uploads\/2020\/01\/cappella-di-san-girolamo-avila-santa-maria-in-trastevere_3383-150x150.jpg\" class=\"attachment-thumbnail size-thumbnail\" alt=\"cappella-di-san-girolamo-avila-santa-maria-in-trastevere_3383\" loading=\"lazy\" aria-describedby=\"gallery-3-17281\" srcset=\"https:\/\/www.rome-roma.net\/wp-content\/uploads\/2020\/01\/cappella-di-san-girolamo-avila-santa-maria-in-trastevere_3383-150x150.jpg 150w, https:\/\/www.rome-roma.net\/wp-content\/uploads\/2020\/01\/cappella-di-san-girolamo-avila-santa-maria-in-trastevere_3383-50x50.jpg 50w, https:\/\/www.rome-roma.net\/wp-content\/uploads\/2020\/01\/cappella-di-san-girolamo-avila-santa-maria-in-trastevere_3383-80x80.jpg 80w, https:\/\/www.rome-roma.net\/wp-content\/uploads\/2020\/01\/cappella-di-san-girolamo-avila-santa-maria-in-trastevere_3383-75x75.jpg 75w\" sizes=\"(max-width: 150px) 100vw, 150px\" \/><\/a>\n\t\t\t<\/dt>\n\t\t\t\t<dd class='wp-caption-text gallery-caption' id='gallery-3-17281'>\n\t\t\t\tCappella di San Girolamo (XVII)\n\t\t\t\t<\/dd><\/dl><dl class='gallery-item'>\n\t\t\t<dt class='gallery-icon portrait'>\n\t\t\t\t<a href='https:\/\/www.rome-roma.net\/wp-content\/uploads\/2020\/01\/cappella-altemps-basilica-santa-maria-in-trastevere_3376.jpg'><img width=\"150\" height=\"150\" src=\"https:\/\/www.rome-roma.net\/wp-content\/uploads\/2020\/01\/cappella-altemps-basilica-santa-maria-in-trastevere_3376-150x150.jpg\" class=\"attachment-thumbnail size-thumbnail\" alt=\"cappella-altemps-basilica-santa-maria-in-trastevere_3376\" loading=\"lazy\" aria-describedby=\"gallery-3-17276\" srcset=\"https:\/\/www.rome-roma.net\/wp-content\/uploads\/2020\/01\/cappella-altemps-basilica-santa-maria-in-trastevere_3376-150x150.jpg 150w, https:\/\/www.rome-roma.net\/wp-content\/uploads\/2020\/01\/cappella-altemps-basilica-santa-maria-in-trastevere_3376-50x50.jpg 50w, https:\/\/www.rome-roma.net\/wp-content\/uploads\/2020\/01\/cappella-altemps-basilica-santa-maria-in-trastevere_3376-80x80.jpg 80w, https:\/\/www.rome-roma.net\/wp-content\/uploads\/2020\/01\/cappella-altemps-basilica-santa-maria-in-trastevere_3376-75x75.jpg 75w\" sizes=\"(max-width: 150px) 100vw, 150px\" \/><\/a>\n\t\t\t<\/dt>\n\t\t\t\t<dd class='wp-caption-text gallery-caption' id='gallery-3-17276'>\n\t\t\t\tCappella Altemps\n\t\t\t\t<\/dd><\/dl><dl class='gallery-item'>\n\t\t\t<dt class='gallery-icon portrait'>\n\t\t\t\t<a href='https:\/\/www.rome-roma.net\/wp-content\/uploads\/2020\/01\/madonna-della-clemenza-icona-madonna-della-clemenza.jpg'><img width=\"150\" height=\"150\" src=\"https:\/\/www.rome-roma.net\/wp-content\/uploads\/2020\/01\/madonna-della-clemenza-icona-madonna-della-clemenza-150x150.jpg\" class=\"attachment-thumbnail size-thumbnail\" alt=\"madonna-della-clemenza-icona-madonna-della-clemenza\" loading=\"lazy\" aria-describedby=\"gallery-3-17230\" srcset=\"https:\/\/www.rome-roma.net\/wp-content\/uploads\/2020\/01\/madonna-della-clemenza-icona-madonna-della-clemenza-150x150.jpg 150w, https:\/\/www.rome-roma.net\/wp-content\/uploads\/2020\/01\/madonna-della-clemenza-icona-madonna-della-clemenza-50x50.jpg 50w, https:\/\/www.rome-roma.net\/wp-content\/uploads\/2020\/01\/madonna-della-clemenza-icona-madonna-della-clemenza-80x80.jpg 80w, https:\/\/www.rome-roma.net\/wp-content\/uploads\/2020\/01\/madonna-della-clemenza-icona-madonna-della-clemenza-75x75.jpg 75w\" sizes=\"(max-width: 150px) 100vw, 150px\" \/><\/a>\n\t\t\t<\/dt>\n\t\t\t\t<dd class='wp-caption-text gallery-caption' id='gallery-3-17230'>\n\t\t\t\tMadonna della Clemenza\n\t\t\t\t<\/dd><\/dl><br style=\"clear: both\" \/><dl class='gallery-item'>\n\t\t\t<dt class='gallery-icon landscape'>\n\t\t\t\t<a href='https:\/\/www.rome-roma.net\/wp-content\/uploads\/2020\/01\/monumento-philippe-d-alencon-de-valois-cardinale-pietro-stefaneschi_3377.jpg'><img width=\"150\" height=\"150\" src=\"https:\/\/www.rome-roma.net\/wp-content\/uploads\/2020\/01\/monumento-philippe-d-alencon-de-valois-cardinale-pietro-stefaneschi_3377-150x150.jpg\" class=\"attachment-thumbnail size-thumbnail\" alt=\"monumento-philippe-d-alen\u00e7on-de-valois-cardinale-pietro-stefaneschi_3377\" loading=\"lazy\" aria-describedby=\"gallery-3-17311\" srcset=\"https:\/\/www.rome-roma.net\/wp-content\/uploads\/2020\/01\/monumento-philippe-d-alencon-de-valois-cardinale-pietro-stefaneschi_3377-150x150.jpg 150w, https:\/\/www.rome-roma.net\/wp-content\/uploads\/2020\/01\/monumento-philippe-d-alencon-de-valois-cardinale-pietro-stefaneschi_3377-50x50.jpg 50w, https:\/\/www.rome-roma.net\/wp-content\/uploads\/2020\/01\/monumento-philippe-d-alencon-de-valois-cardinale-pietro-stefaneschi_3377-80x80.jpg 80w, https:\/\/www.rome-roma.net\/wp-content\/uploads\/2020\/01\/monumento-philippe-d-alencon-de-valois-cardinale-pietro-stefaneschi_3377-75x75.jpg 75w\" sizes=\"(max-width: 150px) 100vw, 150px\" \/><\/a>\n\t\t\t<\/dt>\n\t\t\t\t<dd class='wp-caption-text gallery-caption' id='gallery-3-17311'>\n\t\t\t\tMonumenti a Filippo d&#8217;Alen\u00e7on e Pietro Stefaneschi\n\t\t\t\t<\/dd><\/dl>\n\t\t\t<br style='clear: both' \/>\n\t\t<\/div>\n\n\n\n<p>\n<!--StartFragment--><\/p>\n\n\n<h2>Sulla piazza di Santa Maria in Trastevere<\/h2>\n\n\n\n<ul class=\"lcp_catlist\" id=\"lcp_instance_0\"><li class=\"current\"><a href=\"https:\/\/www.rome-roma.net\/it\/basilica-di-santa-maria-in-trastevere\/\">Basilica di Santa Maria in Trastevere<\/a><a href=\"https:\/\/www.rome-roma.net\/it\/basilica-di-santa-maria-in-trastevere\/\" title=\"Basilica di Santa Maria in Trastevere\"><img width=\"50\" height=\"50\" src=\"https:\/\/www.rome-roma.net\/wp-content\/uploads\/2020\/01\/santa-maria-in-trastevere_5828-150x150.jpg\" class=\"classthumblist wp-post-image\" alt=\"Basilica di Santa Maria in Trastevere\" loading=\"lazy\" srcset=\"https:\/\/www.rome-roma.net\/wp-content\/uploads\/2020\/01\/santa-maria-in-trastevere_5828-150x150.jpg 150w, https:\/\/www.rome-roma.net\/wp-content\/uploads\/2020\/01\/santa-maria-in-trastevere_5828-50x50.jpg 50w, https:\/\/www.rome-roma.net\/wp-content\/uploads\/2020\/01\/santa-maria-in-trastevere_5828-80x80.jpg 80w, https:\/\/www.rome-roma.net\/wp-content\/uploads\/2020\/01\/santa-maria-in-trastevere_5828-75x75.jpg 75w\" sizes=\"(max-width: 50px) 100vw, 50px\" \/><\/a><div class=\"lcp_excerpt\">Santa Maria in Trastevere fu costruita nel XII secolo. Scoperta della chiesa, visita e orari, descrizione dell&#8217;edificio e opere tra ...<\/div><\/li><li><a href=\"https:\/\/www.rome-roma.net\/it\/piazza-santa-maria-in-trastevere\/\">Piazza di Santa Maria in Trastevere<\/a><a href=\"https:\/\/www.rome-roma.net\/it\/piazza-santa-maria-in-trastevere\/\" title=\"Piazza di Santa Maria in Trastevere\"><img src=\"https:\/\/www.rome-roma.net\/photos\/TrastevereIsolaTiberinaSantaCeciliaSisto\/images\/piazzasantamariaintrastevere_0427.jpg\" class=\"classthumblist\"  alt=\"Piazza di Santa Maria in Trastevere\" \/><\/a><div class=\"lcp_excerpt\">\nCuore storico del quartiere Trastevere, la piazza \u00e8 circondata da antichi edifici tra cui il monumentale palazzo di San Callisto, ...<\/div><\/li><li><a href=\"https:\/\/www.rome-roma.net\/it\/fontana-di-piazza-santa-maria-in-trastevere\/\">Fontana di Piazza Santa Maria in Trastevere<\/a><a href=\"https:\/\/www.rome-roma.net\/it\/fontana-di-piazza-santa-maria-in-trastevere\/\" title=\"Fontana di Piazza Santa Maria in Trastevere\"><img src=\"https:\/\/www.rome-roma.net\/wp-content\/uploads\/2020\/03\/fontaine-santa-maria-in-trastevere_5822-300x200.jpg\" class=\"classthumblist\"  alt=\"Fontana di Piazza Santa Maria in Trastevere\" \/><\/a><div class=\"lcp_excerpt\">\u00c8 una delle pi\u00f9 antiche fontane monumentali di Roma, gi\u00e0 documentata nel 1471 sulla mappa di Roma di Pietro il ...<\/div><\/li><\/ul>\n\n\n<p><!--EndFragment--><\/p>","protected":false},"excerpt":{"rendered":"<p>Santa Maria in Trastevere fu costruita nel XII secolo. Scoperta della chiesa, visita e orari, descrizione dell&#8217;edificio e opere tra cui i mosaici.<\/p>\n","protected":false},"featured_media":6504,"parent":0,"menu_order":0,"comment_status":"open","ping_status":"open","template":"","format":"standard","meta":{"kt_blocks_editor_width":"","_links_to":"","_links_to_target":""},"genre":[270],"interet":[288],"quartier":[326,324],"categorie_site":[382,404],"quartier_historique":[461],"etiquettes_site":[],"acf":[],"yoast_head":"<!-- This site is optimized with the Yoast SEO plugin v17.4 - https:\/\/yoast.com\/wordpress\/plugins\/seo\/ -->\n<title>Basilica di Santa Maria in Trastevere &ndash; Rome-Roma<\/title>\n<meta name=\"description\" content=\"Santa Maria in Trastevere fu costruita nel XII secolo. Scoperta della chiesa, visita e orari, descrizione dell&#039;edificio e opere tra cui i mosaici.\" \/>\n<meta name=\"robots\" content=\"index, follow, max-snippet:-1, max-image-preview:large, max-video-preview:-1\" \/>\n<link rel=\"canonical\" href=\"https:\/\/www.rome-roma.net\/it\/basilica-di-santa-maria-in-trastevere\/\" \/>\n<meta property=\"og:locale\" content=\"it_IT\" \/>\n<meta property=\"og:type\" content=\"article\" \/>\n<meta property=\"og:title\" content=\"Basilica di Santa Maria in Trastevere &ndash; Rome-Roma\" \/>\n<meta property=\"og:description\" content=\"Santa Maria in Trastevere fu costruita nel XII secolo. Scoperta della chiesa, visita e orari, descrizione dell&#039;edificio e opere tra cui i mosaici.\" \/>\n<meta property=\"og:url\" content=\"https:\/\/www.rome-roma.net\/it\/basilica-di-santa-maria-in-trastevere\/\" \/>\n<meta property=\"og:site_name\" content=\"Rome-Roma\" \/>\n<meta property=\"article:modified_time\" content=\"2025-08-23T09:39:37+00:00\" \/>\n<meta property=\"og:image\" content=\"https:\/\/www.rome-roma.net\/wp-content\/uploads\/2020\/01\/santa-maria-in-trastevere_5828.jpg\" \/>\n\t<meta property=\"og:image:width\" content=\"1200\" \/>\n\t<meta property=\"og:image:height\" content=\"800\" \/>\n<meta name=\"twitter:card\" content=\"summary_large_image\" \/>\n<meta name=\"twitter:label1\" content=\"Tempo di lettura stimato\" \/>\n\t<meta name=\"twitter:data1\" content=\"6 minuti\" \/>\n<script type=\"application\/ld+json\" class=\"yoast-schema-graph\">{\"@context\":\"https:\/\/schema.org\",\"@graph\":[{\"@type\":\"Organization\",\"@id\":\"https:\/\/www.rome-roma.net\/it\/#organization\",\"name\":\"Rome-Roma\",\"url\":\"https:\/\/www.rome-roma.net\/it\/\",\"sameAs\":[],\"logo\":{\"@type\":\"ImageObject\",\"@id\":\"https:\/\/www.rome-roma.net\/it\/#logo\",\"inLanguage\":\"it-IT\",\"url\":\"https:\/\/www.rome-roma.net\/wp-content\/uploads\/2025\/07\/logo-rome-roma-420.jpg\",\"contentUrl\":\"https:\/\/www.rome-roma.net\/wp-content\/uploads\/2025\/07\/logo-rome-roma-420.jpg\",\"width\":420,\"height\":420,\"caption\":\"Rome-Roma\"},\"image\":{\"@id\":\"https:\/\/www.rome-roma.net\/it\/#logo\"}},{\"@type\":\"WebSite\",\"@id\":\"https:\/\/www.rome-roma.net\/it\/#website\",\"url\":\"https:\/\/www.rome-roma.net\/it\/\",\"name\":\"Rome-Roma\",\"description\":\"Cultura & Viaggio\",\"publisher\":{\"@id\":\"https:\/\/www.rome-roma.net\/it\/#organization\"},\"potentialAction\":[{\"@type\":\"SearchAction\",\"target\":{\"@type\":\"EntryPoint\",\"urlTemplate\":\"https:\/\/www.rome-roma.net\/it\/?s={search_term_string}\"},\"query-input\":\"required name=search_term_string\"}],\"inLanguage\":\"it-IT\"},{\"@type\":\"ImageObject\",\"@id\":\"https:\/\/www.rome-roma.net\/it\/basilica-di-santa-maria-in-trastevere\/#primaryimage\",\"inLanguage\":\"it-IT\",\"url\":\"https:\/\/www.rome-roma.net\/wp-content\/uploads\/2020\/01\/santa-maria-in-trastevere_5828.jpg\",\"contentUrl\":\"https:\/\/www.rome-roma.net\/wp-content\/uploads\/2020\/01\/santa-maria-in-trastevere_5828.jpg\",\"width\":1200,\"height\":800,\"caption\":\"santa-maria-in-trastevere_5828\"},{\"@type\":\"WebPage\",\"@id\":\"https:\/\/www.rome-roma.net\/it\/basilica-di-santa-maria-in-trastevere\/#webpage\",\"url\":\"https:\/\/www.rome-roma.net\/it\/basilica-di-santa-maria-in-trastevere\/\",\"name\":\"Basilica di Santa Maria in Trastevere &ndash; Rome-Roma\",\"isPartOf\":{\"@id\":\"https:\/\/www.rome-roma.net\/it\/#website\"},\"primaryImageOfPage\":{\"@id\":\"https:\/\/www.rome-roma.net\/it\/basilica-di-santa-maria-in-trastevere\/#primaryimage\"},\"datePublished\":\"2020-01-27T16:40:40+00:00\",\"dateModified\":\"2025-08-23T09:39:37+00:00\",\"description\":\"Santa Maria in Trastevere fu costruita nel XII secolo. Scoperta della chiesa, visita e orari, descrizione dell'edificio e opere tra cui i mosaici.\",\"breadcrumb\":{\"@id\":\"https:\/\/www.rome-roma.net\/it\/basilica-di-santa-maria-in-trastevere\/#breadcrumb\"},\"inLanguage\":\"it-IT\",\"potentialAction\":[{\"@type\":\"ReadAction\",\"target\":[\"https:\/\/www.rome-roma.net\/it\/basilica-di-santa-maria-in-trastevere\/\"]}]},{\"@type\":\"BreadcrumbList\",\"@id\":\"https:\/\/www.rome-roma.net\/it\/basilica-di-santa-maria-in-trastevere\/#breadcrumb\",\"itemListElement\":[{\"@type\":\"ListItem\",\"position\":1,\"name\":\"Accueil\",\"item\":\"https:\/\/www.rome-roma.net\/it\/\"},{\"@type\":\"ListItem\",\"position\":2,\"name\":\"Basilica di Santa Maria in Trastevere\"}]}]}<\/script>\n<!-- \/ Yoast SEO plugin. -->","yoast_head_json":{"title":"Basilica di Santa Maria in Trastevere &ndash; Rome-Roma","description":"Santa Maria in Trastevere fu costruita nel XII secolo. Scoperta della chiesa, visita e orari, descrizione dell'edificio e opere tra cui i mosaici.","robots":{"index":"index","follow":"follow","max-snippet":"max-snippet:-1","max-image-preview":"max-image-preview:large","max-video-preview":"max-video-preview:-1"},"canonical":"https:\/\/www.rome-roma.net\/it\/basilica-di-santa-maria-in-trastevere\/","og_locale":"it_IT","og_type":"article","og_title":"Basilica di Santa Maria in Trastevere &ndash; Rome-Roma","og_description":"Santa Maria in Trastevere fu costruita nel XII secolo. Scoperta della chiesa, visita e orari, descrizione dell'edificio e opere tra cui i mosaici.","og_url":"https:\/\/www.rome-roma.net\/it\/basilica-di-santa-maria-in-trastevere\/","og_site_name":"Rome-Roma","article_modified_time":"2025-08-23T09:39:37+00:00","og_image":[{"width":1200,"height":800,"url":"https:\/\/www.rome-roma.net\/wp-content\/uploads\/2020\/01\/santa-maria-in-trastevere_5828.jpg","type":"image\/jpeg"}],"twitter_card":"summary_large_image","twitter_misc":{"Tempo di lettura stimato":"6 minuti"},"schema":{"@context":"https:\/\/schema.org","@graph":[{"@type":"Organization","@id":"https:\/\/www.rome-roma.net\/it\/#organization","name":"Rome-Roma","url":"https:\/\/www.rome-roma.net\/it\/","sameAs":[],"logo":{"@type":"ImageObject","@id":"https:\/\/www.rome-roma.net\/it\/#logo","inLanguage":"it-IT","url":"https:\/\/www.rome-roma.net\/wp-content\/uploads\/2025\/07\/logo-rome-roma-420.jpg","contentUrl":"https:\/\/www.rome-roma.net\/wp-content\/uploads\/2025\/07\/logo-rome-roma-420.jpg","width":420,"height":420,"caption":"Rome-Roma"},"image":{"@id":"https:\/\/www.rome-roma.net\/it\/#logo"}},{"@type":"WebSite","@id":"https:\/\/www.rome-roma.net\/it\/#website","url":"https:\/\/www.rome-roma.net\/it\/","name":"Rome-Roma","description":"Cultura & Viaggio","publisher":{"@id":"https:\/\/www.rome-roma.net\/it\/#organization"},"potentialAction":[{"@type":"SearchAction","target":{"@type":"EntryPoint","urlTemplate":"https:\/\/www.rome-roma.net\/it\/?s={search_term_string}"},"query-input":"required name=search_term_string"}],"inLanguage":"it-IT"},{"@type":"ImageObject","@id":"https:\/\/www.rome-roma.net\/it\/basilica-di-santa-maria-in-trastevere\/#primaryimage","inLanguage":"it-IT","url":"https:\/\/www.rome-roma.net\/wp-content\/uploads\/2020\/01\/santa-maria-in-trastevere_5828.jpg","contentUrl":"https:\/\/www.rome-roma.net\/wp-content\/uploads\/2020\/01\/santa-maria-in-trastevere_5828.jpg","width":1200,"height":800,"caption":"santa-maria-in-trastevere_5828"},{"@type":"WebPage","@id":"https:\/\/www.rome-roma.net\/it\/basilica-di-santa-maria-in-trastevere\/#webpage","url":"https:\/\/www.rome-roma.net\/it\/basilica-di-santa-maria-in-trastevere\/","name":"Basilica di Santa Maria in Trastevere &ndash; Rome-Roma","isPartOf":{"@id":"https:\/\/www.rome-roma.net\/it\/#website"},"primaryImageOfPage":{"@id":"https:\/\/www.rome-roma.net\/it\/basilica-di-santa-maria-in-trastevere\/#primaryimage"},"datePublished":"2020-01-27T16:40:40+00:00","dateModified":"2025-08-23T09:39:37+00:00","description":"Santa Maria in Trastevere fu costruita nel XII secolo. Scoperta della chiesa, visita e orari, descrizione dell'edificio e opere tra cui i mosaici.","breadcrumb":{"@id":"https:\/\/www.rome-roma.net\/it\/basilica-di-santa-maria-in-trastevere\/#breadcrumb"},"inLanguage":"it-IT","potentialAction":[{"@type":"ReadAction","target":["https:\/\/www.rome-roma.net\/it\/basilica-di-santa-maria-in-trastevere\/"]}]},{"@type":"BreadcrumbList","@id":"https:\/\/www.rome-roma.net\/it\/basilica-di-santa-maria-in-trastevere\/#breadcrumb","itemListElement":[{"@type":"ListItem","position":1,"name":"Accueil","item":"https:\/\/www.rome-roma.net\/it\/"},{"@type":"ListItem","position":2,"name":"Basilica di Santa Maria in Trastevere"}]}]}},"acf_fields":{"nom_monument":"Basilica di Santa Maria in Trastevere","wikidata":"Q1137391","sameas":"https:\/\/it.wikipedia.org\/wiki\/Basilica_di_Santa_Maria_in_Trastevere"},"_links":{"self":[{"href":"https:\/\/www.rome-roma.net\/it\/wp-json\/wp\/v2\/site\/5711"}],"collection":[{"href":"https:\/\/www.rome-roma.net\/it\/wp-json\/wp\/v2\/site"}],"about":[{"href":"https:\/\/www.rome-roma.net\/it\/wp-json\/wp\/v2\/types\/site"}],"replies":[{"embeddable":true,"href":"https:\/\/www.rome-roma.net\/it\/wp-json\/wp\/v2\/comments?post=5711"}],"wp:featuredmedia":[{"embeddable":true,"href":"https:\/\/www.rome-roma.net\/it\/wp-json\/wp\/v2\/media\/6504"}],"wp:attachment":[{"href":"https:\/\/www.rome-roma.net\/it\/wp-json\/wp\/v2\/media?parent=5711"}],"wp:term":[{"taxonomy":"genre","embeddable":true,"href":"https:\/\/www.rome-roma.net\/it\/wp-json\/wp\/v2\/genre?post=5711"},{"taxonomy":"interet","embeddable":true,"href":"https:\/\/www.rome-roma.net\/it\/wp-json\/wp\/v2\/interet?post=5711"},{"taxonomy":"quartier","embeddable":true,"href":"https:\/\/www.rome-roma.net\/it\/wp-json\/wp\/v2\/quartier?post=5711"},{"taxonomy":"categorie_site","embeddable":true,"href":"https:\/\/www.rome-roma.net\/it\/wp-json\/wp\/v2\/categorie_site?post=5711"},{"taxonomy":"quartier_historique","embeddable":true,"href":"https:\/\/www.rome-roma.net\/it\/wp-json\/wp\/v2\/quartier_historique?post=5711"},{"taxonomy":"etiquettes_site","embeddable":true,"href":"https:\/\/www.rome-roma.net\/it\/wp-json\/wp\/v2\/etiquettes_site?post=5711"}],"curies":[{"name":"wp","href":"https:\/\/api.w.org\/{rel}","templated":true}]}}