


{"id":5734,"date":"2020-01-30T16:12:13","date_gmt":"2020-01-30T15:12:13","guid":{"rendered":"https:\/\/www.rome-roma.net\/site\/monastere-de-saint-benoit\/"},"modified":"2025-01-13T19:12:00","modified_gmt":"2025-01-13T18:12:00","slug":"monastero-di-san-benedetto","status":"publish","type":"site","link":"https:\/\/www.rome-roma.net\/it\/monastero-di-san-benedetto\/","title":{"rendered":"Monastero di San Benedetto e Sacro Speco"},"content":{"rendered":"<p><a href=\"https:\/\/www.rome-roma.net\/photos\/latium\/subiaco\/images\/abbazia_san_benedetto_3890.jpg\" rel=\"lightbox[a]\"><img loading=\"lazy\" class=\"alignright\" src=\"https:\/\/www.rome-roma.net\/photos\/latium\/subiaco\/images\/abbazia_san_benedetto_3890.jpg\" alt=\"san benedetto\" width=\"200\" height=\"300\" border=\"0\" hspace=\"3\" vspace=\"3\" \/><\/a>Il <strong>Monastero di San Benedetto<\/strong> a <a href=\"https:\/\/www.rome-roma.net\/it\/subiaco-nel-lazio\/\"><strong>Subiaco<\/strong><\/a>, noto anche come <strong>Santuario del Sacro Speco<\/strong>, \u00e8 uno dei centri benedettini pi\u00f9 influenti. <br \/>Qui <strong>Benedetto da Norcia<\/strong>, conosciuto come San Benedetto, si ritir\u00f2 in una grotta all&#8217;inizio del VI secolo, vivendo come eremita per tre anni prima di diventare abate a Vicovaro e poi fondare questo monastero, uno dei dodici che egli istitu\u00ec nella valle di Subiaco. <br \/>Per la sua storia, il suo ruolo essenziale nella cristianit\u00e0, cos\u00ec come per il suo patrimonio e la sua architettura, rappresenta un importante centro religioso della regione.<\/p>\n<h2>Un edificio monumentale sospeso<\/h2>\n<p>Nella cavit\u00e0 di una curvatura di un&#8217;alta parete rocciosa, l&#8217;edificio si erge sui resti della <strong>Villa di Nerone<\/strong>, i cui elementi sono stati integrati nella sua struttura. Sostenuto da nove grandi archi che rafforzano la parete rocciosa, il monumento sfrutta il rilievo naturale, mostrando un sorprendente equilibrio tra architettura umana e roccia. <br \/>L&#8217;interno, in parte scavato nella roccia, combina ampi spazi, tra cui due chiese sovrapposte e diverse cappelle disposte lungo la parete. Splendidi affreschi ricoprono le pareti.<\/p>\n<h2>Le chiese e gli affreschi<\/h2>\n<p>La <strong>chiesa inferiore<\/strong>, costruita attorno alla <strong>grotta di San Benedetto<\/strong>, risale alla fine del XII secolo. La <strong>chiesa superiore<\/strong>, invece, fu edificata a met\u00e0 del XIV secolo, in un periodo di espansione dell&#8217;influenza del monastero. <br \/>La disposizione degli spazi \u00e8 armoniosa, con le chiese su pi\u00f9 livelli, cappelle e aree dedicate alla preghiera e alla vita monastica. Gran parte del monastero \u00e8 integrata nella roccia.<br \/>Nel XVII secolo furono effettuati rimaneggiamenti barocchi, che aggiunsero decorazioni a determinate zone del complesso.<\/p>\n<p>Gli <strong>affreschi pi\u00f9 antichi<\/strong>, risalenti all\u2019<strong>VIII secolo<\/strong>, sono influenzati dall&#8217;arte <strong>bizantina<\/strong> e <strong>romana<\/strong>, con motivi geometrici e simboli cristiani poco frequenti nell&#8217;arte cristiana primitiva.<br \/>I pi\u00f9 notevoli degli affreschi risalgono al <strong>XIII e XIV secolo<\/strong>, rappresentando temi principali come la Passione di Cristo, la vita della Vergine e quella di San Benedetto. <br \/>Degni di nota sono <em>La Trasfigurazione<\/em> nella chiesa superiore, realizzata nel XIII secolo come una delle prime rappresentazioni di questa scena iconografica, e l&#8217;immagine pi\u00f9 antica di San Francesco d&#8217;Assisi, dipinta nella Cappella San Gregorio nel 1223, anno del suo pellegrinaggio a Subiaco. Nell&#8217;antico refettorio, un\u2019<em>Ultima Cena<\/em> del XIV secolo si distingue per la sua finezza artistica.<\/p>\n<p>Tra gli oggetti e le reliquie conservati, si trovano un antico calice del XIV secolo, testi liturgici miniati e antiche icone.<\/p>\n<h2>Storia e ruolo centrale nella cristianit\u00e0<\/h2>\n<h3>Fondazione e primi anni (VI secolo)<\/h3>\n<p>Il monastero di San Benedetto a Subiaco fu fondato all&#8217;inizio del VI secolo da <strong>San Benedetto da Norcia<\/strong>, fondatore dell&#8217;ordine benedettino. Tuttavia, alcuni studiosi ipotizzano l&#8217;esistenza di un monastero pre-benedettino nella zona, forse legato ad eremiti.<br \/>Dopo il suo ritiro nella <strong>grotta del Sacro Speco<\/strong>, Benedetto fu raggiunto da discepoli e fond\u00f2 la prima comunit\u00e0 benedettina, dedicata alla preghiera, alla meditazione e allo studio delle Scritture.<br \/>Benedetto istitu\u00ec <strong>dodici monasteri<\/strong> nella valle di <a href=\"https:\/\/www.rome-roma.net\/it\/subiaco-nel-lazio\/\">Subiaco<\/a>, tra cui il pi\u00f9 importante divenne quello del Sacro Speco.<\/p>\n<h4>Il ruolo spirituale e culturale nel Medioevo<\/h4>\n<p>Dopo la fondazione di <a href=\"https:\/\/www.rome-roma.net\/it\/montecassino\/\">Montecassino<\/a> da parte di Benedetto, l\u2019<strong>abate Cassiodoro<\/strong> avrebbe soggiornato a Subiaco, contribuendo alla creazione di una biblioteca monastica per preservare e diffondere le conoscenze antiche.<br \/>Il monastero di San Benedetto occup\u00f2 un ruolo centrale nel monachesimo benedettino, nello sviluppo spirituale, nella formazione monastica e teologica e nella diffusione della cultura cristiana in Italia. Contribu\u00ec anche alla diffusione della <strong>Regola di San Benedetto<\/strong>, che poneva l&#8217;accento su preghiera, lavoro e studio come mezzi di santificazione.<\/p>\n<p>Dall\u2019<strong>VIII secolo<\/strong>, Subiaco divenne un importante centro di <strong>pellegrinaggio<\/strong> cristiano. <br \/>Il monastero ebbe anche un ruolo centrale nella <strong>conservazione dei manoscritti<\/strong> antichi, grazie ai <strong>monaci amanuensi<\/strong> che vi lavoravano nella biblioteca.<\/p>\n<h4>Invasioni e difficolt\u00e0 politiche<\/h4>\n<p>Il monastero fu minacciato da invasioni esterne, tra cui quelle <strong>longobarde nell\u2019VIII secolo<\/strong>. Tuttavia, resistette grazie al sostegno dell&#8217;autorit\u00e0 papale, che proteggeva le comunit\u00e0 monastiche, aumentando la sua influenza.<\/p>\n<h4>XI e XII secolo: Rinnovamento e influenza<\/h4>\n<p>Nel <strong>XII secolo<\/strong>, il monastero sub\u00ec riforme promosse dalla <strong>riforma cluniacense<\/strong>, che mirava a restaurare la rigore della regola benedettina. Fu un periodo di rinnovamento spirituale e monastico, durante il quale Subiaco divenne un modello di piet\u00e0 e disciplina. In questo periodo si svilupp\u00f2 anche la costruzione della <strong>grande chiesa inferiore<\/strong> attorno alla grotta di San Benedetto, dedicata alla <strong>Vergine Maria<\/strong>.<\/p>\n<p>Il monastero fu testimone di una fioritura artistica nel XII secolo, con la realizzazione di <strong>affreschi che rappresentavano scene bibliche<\/strong>. Gli affreschi, in particolare quelli del XIII e XIV secolo, illustrano episodi della vita di Cristo, della Vergine e di San Benedetto.<\/p>\n<h3>Rinascimento ed et\u00e0 moderna (XVI-XVIII secolo)<\/h3>\n<p>Nel <strong>XVI secolo<\/strong>, le tensioni politiche e le riforme protestanti in Europa influenzarono il monastero di Subiaco, causando un periodo di declino.<br \/>Nel <strong>XVII secolo<\/strong>, tuttavia, ci fu un rinnovamento con riforme che ristabilirono la regolarit\u00e0 della vita monastica. Il complesso fu ampliato con contributi barocchi e l\u2019aggiunta di reliquie.<\/p>\n<h3>XIX e XX secolo: Transizione e restauri<\/h3>\n<p>Il monastero affront\u00f2 difficolt\u00e0 nel XIX secolo a causa dei cambiamenti politici in Italia: il Risorgimento, le rivoluzioni del 1848 e l\u2019unificazione italiana nel 1861. Lo Stato italiano cerc\u00f2 di limitare l\u2019influenza della Chiesa sui territori monastici, confiscando molte propriet\u00e0.<br \/>Nel 1872, ci fu una scissione nella Congregazione benedettina di Montecassino, e il monastero di San Benedetto divenne la casa madre della Congregazione benedettina di Subiaco, che oggi riunisce oltre 60 monasteri e priorati in Italia.<\/p>\n<p>Dopo la prima guerra mondiale, il monastero di San Benedetto conobbe un rinnovamento con lavori di restauro. Fu riconosciuto come sito storico nel 1921, e riprese il suo ruolo di luogo di preghiera e meditazione.<\/p>\n<p>Oggi, il monastero \u00e8 una meta di pellegrinaggio importante. Subiaco attira anche studiosi e studenti di teologia, monachesimo, con seminari spirituali e ritiri per monaci e laici.<\/p>\n<h2>Informazione e visite<\/h2>\n<h2>Informations et visites<\/h2>\n<table style=\"border-collapse: collapse; width: 100%; height: 271px;\">\n<tbody>\n<tr style=\"background-color: #fae8c3;\">\n<td style=\"width: 100%; height: 49px;\"><span style=\"font-size: 10pt;\"><strong>Monastero di San Benedetto &#8211; Sacro Speco<\/strong><\/span><br \/><span style=\"font-size: 10pt;\"><em>Via S. Benedetto, snc, 00028 Subiaco RM<br \/><\/em><\/span><\/td>\n<\/tr>\n<tr style=\"background-color: #f7ece1;\">\n<td style=\"width: 100%; height: 222px;\">\n<p><strong><span style=\"font-size: 10pt;\">Orari e visite (da confermare)<\/span><\/strong><\/p>\n<p style=\"padding-left: 40px;\"><span style=\"font-size: 10pt;\">Tutti i giorni 9.00 &#8211; 12.30; 15.00 &#8211; 17.00 (o 18.00 in estate: dal 1 aprile al 1 novembre)<\/span><\/p>\n<p><span style=\"font-size: 10pt;\"><strong>Link<\/strong><\/span><\/p>\n<ul>\n<li><span style=\"font-size: 10pt;\">Siti web ufficiali : <a href=\"https:\/\/monasterosanbenedettosubiaco.it\" target=\"_blank\" rel=\"noopener\">https:\/\/monasterosanbenedettosubiaco.it<\/a>, <a href=\"https:\/\/benedettini-subiaco.org\/\" target=\"_blank\" rel=\"noopener\">https:\/\/benedettini-subiaco.org\/<\/a><\/span><\/li>\n<\/ul>\n<\/td>\n<\/tr>\n<\/tbody>\n<\/table>\n<h2>Galleria<br \/><!--StartFragment--><\/h2>\n<p><a href=\"https:\/\/www.rome-roma.net\/photos\/latium\/subiaco\/images\/abbaye_saint_benoit_3883.jpg\" rel=\"lightbox[a]\"><img loading=\"lazy\" src=\"https:\/\/www.rome-roma.net\/photos\/latium\/subiaco\/thumbnails\/abbaye_saint_benoit_3883.jpg\" alt=\"abazzia san benedetto\" width=\"85\" height=\"122\" border=\"0\" hspace=\"3\" vspace=\"3\" \/><\/a> <a href=\"https:\/\/www.rome-roma.net\/photos\/latium\/subiaco\/images\/abbaye_saint_benoit_3882.jpg\" rel=\"lightbox[a]\"><img loading=\"lazy\" src=\"https:\/\/www.rome-roma.net\/photos\/latium\/subiaco\/thumbnails\/abbaye_saint_benoit_3882.jpg\" alt=\"san benedetto\" width=\"122\" height=\"85\" border=\"0\" hspace=\"3\" vspace=\"3\" \/><\/a><a href=\"https:\/\/www.rome-roma.net\/photos\/latium\/subiaco\/images\/img_3881.jpg\" rel=\"lightbox[a]\"><img loading=\"lazy\" src=\"https:\/\/www.rome-roma.net\/photos\/latium\/subiaco\/thumbnails\/img_3881.jpg\" alt=\"san benedetto\" width=\"122\" height=\"85\" border=\"0\" hspace=\"3\" vspace=\"3\" \/><\/a><a href=\"https:\/\/www.rome-roma.net\/photos\/latium\/subiaco\/images\/san_benedetto_3887.jpg\" rel=\"lightbox[a]\"><img loading=\"lazy\" src=\"https:\/\/www.rome-roma.net\/photos\/latium\/subiaco\/thumbnails\/san_benedetto_3887.jpg\" alt=\"san benedetto\" width=\"122\" height=\"85\" border=\"0\" hspace=\"3\" vspace=\"3\" \/><\/a><a href=\"https:\/\/www.rome-roma.net\/photos\/latium\/subiaco\/images\/abbaye_san_benedetto_3885.jpg\" rel=\"lightbox[a]\"><img loading=\"lazy\" src=\"https:\/\/www.rome-roma.net\/photos\/latium\/subiaco\/thumbnails\/abbaye_san_benedetto_3885.jpg\" alt=\"san benedetto\" width=\"85\" height=\"122\" border=\"0\" hspace=\"3\" vspace=\"3\" \/><\/a><a href=\"https:\/\/www.rome-roma.net\/photos\/latium\/subiaco\/images\/abbaye_san_benedetto_3886.jpg\" rel=\"lightbox[a]\"><img loading=\"lazy\" src=\"https:\/\/www.rome-roma.net\/photos\/latium\/subiaco\/thumbnails\/abbaye_san_benedetto_3886.jpg\" alt=\"san benedetto\" width=\"85\" height=\"122\" border=\"0\" hspace=\"3\" vspace=\"3\" \/><\/a><a href=\"https:\/\/www.rome-roma.net\/photos\/latium\/subiaco\/images\/abbazia_san_benedetto_3890.jpg\" rel=\"lightbox[a]\"><img loading=\"lazy\" src=\"https:\/\/www.rome-roma.net\/photos\/latium\/subiaco\/thumbnails\/abbazia_san_benedetto_3890.jpg\" alt=\"san benedetto\" width=\"85\" height=\"122\" border=\"0\" hspace=\"3\" vspace=\"3\" \/><\/a><a href=\"https:\/\/www.rome-roma.net\/photos\/latium\/subiaco\/images\/abbazia_san_benedetto_3892.jpg\" rel=\"lightbox[a]\"><img loading=\"lazy\" src=\"https:\/\/www.rome-roma.net\/photos\/latium\/subiaco\/thumbnails\/abbazia_san_benedetto_3892.jpg\" alt=\"san benedetto\" width=\"85\" height=\"122\" border=\"0\" hspace=\"5\" \/><\/a> <a href=\"https:\/\/www.rome-roma.net\/photos\/latium\/subiaco\/images\/abbazzia_san_benedetto_3893.jpg\" rel=\"lightbox[a]\"><img loading=\"lazy\" src=\"https:\/\/www.rome-roma.net\/photos\/latium\/subiaco\/thumbnails\/abbazzia_san_benedetto_3893.jpg\" alt=\"san benedetto\" width=\"85\" height=\"122\" border=\"0\" hspace=\"3\" vspace=\"3\" \/><\/a><a href=\"https:\/\/www.rome-roma.net\/photos\/latium\/subiaco\/images\/san_benedetto_3889.jpg\" rel=\"lightbox[a]\"><img loading=\"lazy\" src=\"https:\/\/www.rome-roma.net\/photos\/latium\/subiaco\/thumbnails\/san_benedetto_3889.jpg\" alt=\"san benedetto\" width=\"85\" height=\"122\" border=\"0\" hspace=\"3\" vspace=\"3\" \/><\/a> <a href=\"https:\/\/www.rome-roma.net\/photos\/latium\/subiaco\/images\/san_benedetto_3888.jpg\" rel=\"lightbox[a]\"><img loading=\"lazy\" src=\"https:\/\/www.rome-roma.net\/photos\/latium\/subiaco\/thumbnails\/san_benedetto_3888.jpg\" alt=\"san benedetto\" width=\"122\" height=\"85\" border=\"0\" hspace=\"3\" vspace=\"3\" \/><\/a><a href=\"https:\/\/www.rome-roma.net\/photos\/latium\/subiaco\/images\/img_3894.jpg\" rel=\"lightbox[a]\"><img loading=\"lazy\" src=\"https:\/\/www.rome-roma.net\/photos\/latium\/subiaco\/thumbnails\/img_3894.jpg\" alt=\"san benedetto\" width=\"122\" height=\"85\" border=\"0\" hspace=\"3\" vspace=\"3\" \/><\/a><\/p>\n\n\n<h2>Cartina ed indirizzo<\/h2>\r\n\t\t<b>Indirizzo : <\/b>Via S. Benedetto, 00028 Subiaco RM, Italie<div id=\"travelersmap-container-69f15992ae244\" class=\"travelersmap-container\" style=\"z-index: 1; min-height: 10px; min-width:10px; height:400px;width:100%; max-width:; max-height:; position:relative;\"><div style=\"position:absolute; z-index:-1;top: 50%;text-align: center;display: block;left: 50%;transform: translate(-50%,-50%);\">Travelers' Map is loading... <br> If you see this after your page is loaded completely, leafletJS files are missing.<\/div><\/div><i>Clicca sulla freccia per localizzarti sulla mappa<\/i><br><br>\n\n\n\n<h2>Articoli su Subiaco<\/h2>\n\n\n\n<ul class=\"lcp_catlist\" id=\"lcp_instance_0\"><li><a href=\"https:\/\/www.rome-roma.net\/it\/subiaco-nel-lazio\/\">Subiaco nel Lazio<\/a><a href=\"https:\/\/www.rome-roma.net\/it\/subiaco-nel-lazio\/\" title=\"Subiaco nel Lazio\"><img src=\"https:\/\/www.rome-roma.net\/photos\/latium\/subiaco\/images\/abbaye_saint_benoit_3883.jpg\" class=\"classthumblist\"  alt=\"Subiaco nel Lazio\" \/><\/a><div class=\"lcp_excerpt\">Subiaco \u00e8 una piccola citt\u00e0 situata nel contesto montuoso dei Monti Simbruini, lungo il fiume Aniene. I romani si erano ...<\/div><\/li><li class=\"current\"><a href=\"https:\/\/www.rome-roma.net\/it\/monastero-di-san-benedetto\/\">Monastero di San Benedetto e Sacro Speco<\/a><a href=\"https:\/\/www.rome-roma.net\/it\/monastero-di-san-benedetto\/\" title=\"Monastero di San Benedetto e Sacro Speco\"><img src=\"https:\/\/www.rome-roma.net\/photos\/latium\/subiaco\/images\/abbazia_san_benedetto_3890.jpg\" class=\"classthumblist\"  alt=\"Monastero di San Benedetto e Sacro Speco\" \/><\/a><div class=\"lcp_excerpt\">Il Monastero di San Benedetto a Subiaco, noto anche come Santuario del Sacro Speco, \u00e8 uno dei centri benedettini pi\u00f9 ...<\/div><\/li><li><a href=\"https:\/\/www.rome-roma.net\/it\/monastero-di-santa-scolastica\/\">Monastero di Santa Scolastica a Subiaco<\/a><div class=\"lcp_excerpt\">Il monastero di Santa Scolastica, situato a Subiaco, \u00e8 l&#8217;unico dei dodici monasteri fondati da San Benedetto nella valle ad ...<\/div><\/li><\/ul>\n\n\n<p><!--EndFragment--><\/p>","protected":false},"excerpt":{"rendered":"<p>Il Monastero di San Benedetto a Subiaco, noto anche come Santuario del Sacro Speco, \u00e8 uno dei centri benedettini pi\u00f9 influenti. Qui Benedetto da Norcia, conosciuto come San Benedetto, si ritir\u00f2 in una grotta all&#8217;inizio del VI secolo, vivendo come eremita per tre anni prima di diventare abate a Vicovaro e poi fondare questo monastero, [&hellip;]<\/p>\n","protected":false},"featured_media":0,"parent":0,"menu_order":0,"comment_status":"open","ping_status":"open","template":"","format":"standard","meta":{"kt_blocks_editor_width":"","_links_to":"","_links_to_target":""},"genre":[270,272],"interet":[287],"quartier":[298,302],"categorie_site":[355],"quartier_historique":[],"etiquettes_site":[],"acf":[],"yoast_head":"<!-- This site is optimized with the Yoast SEO plugin v17.4 - https:\/\/yoast.com\/wordpress\/plugins\/seo\/ -->\n<title>Monastero di San Benedetto e Sacro Speco &ndash; Rome-Roma<\/title>\n<meta name=\"description\" content=\"In una grotta di questo monastero, San Benedetto si ritir\u00f2 prima di fondare l&#039;ordine dei benedettini, con 12 monasteri nella valle di Subiaco. Scoperta e visita\" \/>\n<meta name=\"robots\" content=\"index, follow, max-snippet:-1, max-image-preview:large, max-video-preview:-1\" \/>\n<link rel=\"canonical\" href=\"https:\/\/www.rome-roma.net\/it\/monastero-di-san-benedetto\/\" \/>\n<meta property=\"og:locale\" content=\"it_IT\" \/>\n<meta property=\"og:type\" content=\"article\" \/>\n<meta property=\"og:title\" content=\"Monastero di San Benedetto e Sacro Speco &ndash; Rome-Roma\" \/>\n<meta property=\"og:description\" content=\"In una grotta di questo monastero, San Benedetto si ritir\u00f2 prima di fondare l&#039;ordine dei benedettini, con 12 monasteri nella valle di Subiaco. Scoperta e visita\" \/>\n<meta property=\"og:url\" content=\"https:\/\/www.rome-roma.net\/it\/monastero-di-san-benedetto\/\" \/>\n<meta property=\"og:site_name\" content=\"Rome-Roma\" \/>\n<meta property=\"article:modified_time\" content=\"2025-01-13T18:12:00+00:00\" \/>\n<meta property=\"og:image\" content=\"https:\/\/www.rome-roma.net\/photos\/latium\/subiaco\/images\/abbazia_san_benedetto_3890.jpg\" \/>\n<meta name=\"twitter:card\" content=\"summary_large_image\" \/>\n<meta name=\"twitter:label1\" content=\"Tempo di lettura stimato\" \/>\n\t<meta name=\"twitter:data1\" content=\"8 minuti\" \/>\n<script type=\"application\/ld+json\" class=\"yoast-schema-graph\">{\"@context\":\"https:\/\/schema.org\",\"@graph\":[{\"@type\":\"Organization\",\"@id\":\"https:\/\/www.rome-roma.net\/it\/#organization\",\"name\":\"Rome-Roma\",\"url\":\"https:\/\/www.rome-roma.net\/it\/\",\"sameAs\":[],\"logo\":{\"@type\":\"ImageObject\",\"@id\":\"https:\/\/www.rome-roma.net\/it\/#logo\",\"inLanguage\":\"it-IT\",\"url\":\"https:\/\/www.rome-roma.net\/wp-content\/uploads\/2025\/07\/logo-rome-roma-420.jpg\",\"contentUrl\":\"https:\/\/www.rome-roma.net\/wp-content\/uploads\/2025\/07\/logo-rome-roma-420.jpg\",\"width\":420,\"height\":420,\"caption\":\"Rome-Roma\"},\"image\":{\"@id\":\"https:\/\/www.rome-roma.net\/it\/#logo\"}},{\"@type\":\"WebSite\",\"@id\":\"https:\/\/www.rome-roma.net\/it\/#website\",\"url\":\"https:\/\/www.rome-roma.net\/it\/\",\"name\":\"Rome-Roma\",\"description\":\"Cultura & Viaggio\",\"publisher\":{\"@id\":\"https:\/\/www.rome-roma.net\/it\/#organization\"},\"potentialAction\":[{\"@type\":\"SearchAction\",\"target\":{\"@type\":\"EntryPoint\",\"urlTemplate\":\"https:\/\/www.rome-roma.net\/it\/?s={search_term_string}\"},\"query-input\":\"required name=search_term_string\"}],\"inLanguage\":\"it-IT\"},{\"@type\":\"ImageObject\",\"@id\":\"https:\/\/www.rome-roma.net\/it\/monastero-di-san-benedetto\/#primaryimage\",\"inLanguage\":\"it-IT\",\"url\":\"https:\/\/www.rome-roma.net\/photos\/latium\/subiaco\/images\/abbazia_san_benedetto_3890.jpg\",\"contentUrl\":\"https:\/\/www.rome-roma.net\/photos\/latium\/subiaco\/images\/abbazia_san_benedetto_3890.jpg\"},{\"@type\":\"WebPage\",\"@id\":\"https:\/\/www.rome-roma.net\/it\/monastero-di-san-benedetto\/#webpage\",\"url\":\"https:\/\/www.rome-roma.net\/it\/monastero-di-san-benedetto\/\",\"name\":\"Monastero di San Benedetto e Sacro Speco &ndash; Rome-Roma\",\"isPartOf\":{\"@id\":\"https:\/\/www.rome-roma.net\/it\/#website\"},\"primaryImageOfPage\":{\"@id\":\"https:\/\/www.rome-roma.net\/it\/monastero-di-san-benedetto\/#primaryimage\"},\"datePublished\":\"2020-01-30T15:12:13+00:00\",\"dateModified\":\"2025-01-13T18:12:00+00:00\",\"description\":\"In una grotta di questo monastero, San Benedetto si ritir\\u00f2 prima di fondare l'ordine dei benedettini, con 12 monasteri nella valle di Subiaco. Scoperta e visita\",\"breadcrumb\":{\"@id\":\"https:\/\/www.rome-roma.net\/it\/monastero-di-san-benedetto\/#breadcrumb\"},\"inLanguage\":\"it-IT\",\"potentialAction\":[{\"@type\":\"ReadAction\",\"target\":[\"https:\/\/www.rome-roma.net\/it\/monastero-di-san-benedetto\/\"]}]},{\"@type\":\"BreadcrumbList\",\"@id\":\"https:\/\/www.rome-roma.net\/it\/monastero-di-san-benedetto\/#breadcrumb\",\"itemListElement\":[{\"@type\":\"ListItem\",\"position\":1,\"name\":\"Accueil\",\"item\":\"https:\/\/www.rome-roma.net\/it\/\"},{\"@type\":\"ListItem\",\"position\":2,\"name\":\"Monastero di San Benedetto e Sacro Speco\"}]}]}<\/script>\n<!-- \/ Yoast SEO plugin. -->","yoast_head_json":{"title":"Monastero di San Benedetto e Sacro Speco &ndash; Rome-Roma","description":"In una grotta di questo monastero, San Benedetto si ritir\u00f2 prima di fondare l'ordine dei benedettini, con 12 monasteri nella valle di Subiaco. Scoperta e visita","robots":{"index":"index","follow":"follow","max-snippet":"max-snippet:-1","max-image-preview":"max-image-preview:large","max-video-preview":"max-video-preview:-1"},"canonical":"https:\/\/www.rome-roma.net\/it\/monastero-di-san-benedetto\/","og_locale":"it_IT","og_type":"article","og_title":"Monastero di San Benedetto e Sacro Speco &ndash; Rome-Roma","og_description":"In una grotta di questo monastero, San Benedetto si ritir\u00f2 prima di fondare l'ordine dei benedettini, con 12 monasteri nella valle di Subiaco. Scoperta e visita","og_url":"https:\/\/www.rome-roma.net\/it\/monastero-di-san-benedetto\/","og_site_name":"Rome-Roma","article_modified_time":"2025-01-13T18:12:00+00:00","og_image":[{"url":"https:\/\/www.rome-roma.net\/photos\/latium\/subiaco\/images\/abbazia_san_benedetto_3890.jpg"}],"twitter_card":"summary_large_image","twitter_misc":{"Tempo di lettura stimato":"8 minuti"},"schema":{"@context":"https:\/\/schema.org","@graph":[{"@type":"Organization","@id":"https:\/\/www.rome-roma.net\/it\/#organization","name":"Rome-Roma","url":"https:\/\/www.rome-roma.net\/it\/","sameAs":[],"logo":{"@type":"ImageObject","@id":"https:\/\/www.rome-roma.net\/it\/#logo","inLanguage":"it-IT","url":"https:\/\/www.rome-roma.net\/wp-content\/uploads\/2025\/07\/logo-rome-roma-420.jpg","contentUrl":"https:\/\/www.rome-roma.net\/wp-content\/uploads\/2025\/07\/logo-rome-roma-420.jpg","width":420,"height":420,"caption":"Rome-Roma"},"image":{"@id":"https:\/\/www.rome-roma.net\/it\/#logo"}},{"@type":"WebSite","@id":"https:\/\/www.rome-roma.net\/it\/#website","url":"https:\/\/www.rome-roma.net\/it\/","name":"Rome-Roma","description":"Cultura & Viaggio","publisher":{"@id":"https:\/\/www.rome-roma.net\/it\/#organization"},"potentialAction":[{"@type":"SearchAction","target":{"@type":"EntryPoint","urlTemplate":"https:\/\/www.rome-roma.net\/it\/?s={search_term_string}"},"query-input":"required name=search_term_string"}],"inLanguage":"it-IT"},{"@type":"ImageObject","@id":"https:\/\/www.rome-roma.net\/it\/monastero-di-san-benedetto\/#primaryimage","inLanguage":"it-IT","url":"https:\/\/www.rome-roma.net\/photos\/latium\/subiaco\/images\/abbazia_san_benedetto_3890.jpg","contentUrl":"https:\/\/www.rome-roma.net\/photos\/latium\/subiaco\/images\/abbazia_san_benedetto_3890.jpg"},{"@type":"WebPage","@id":"https:\/\/www.rome-roma.net\/it\/monastero-di-san-benedetto\/#webpage","url":"https:\/\/www.rome-roma.net\/it\/monastero-di-san-benedetto\/","name":"Monastero di San Benedetto e Sacro Speco &ndash; Rome-Roma","isPartOf":{"@id":"https:\/\/www.rome-roma.net\/it\/#website"},"primaryImageOfPage":{"@id":"https:\/\/www.rome-roma.net\/it\/monastero-di-san-benedetto\/#primaryimage"},"datePublished":"2020-01-30T15:12:13+00:00","dateModified":"2025-01-13T18:12:00+00:00","description":"In una grotta di questo monastero, San Benedetto si ritir\u00f2 prima di fondare l'ordine dei benedettini, con 12 monasteri nella valle di Subiaco. Scoperta e visita","breadcrumb":{"@id":"https:\/\/www.rome-roma.net\/it\/monastero-di-san-benedetto\/#breadcrumb"},"inLanguage":"it-IT","potentialAction":[{"@type":"ReadAction","target":["https:\/\/www.rome-roma.net\/it\/monastero-di-san-benedetto\/"]}]},{"@type":"BreadcrumbList","@id":"https:\/\/www.rome-roma.net\/it\/monastero-di-san-benedetto\/#breadcrumb","itemListElement":[{"@type":"ListItem","position":1,"name":"Accueil","item":"https:\/\/www.rome-roma.net\/it\/"},{"@type":"ListItem","position":2,"name":"Monastero di San Benedetto e Sacro Speco"}]}]}},"acf_fields":{"nom_monument":null,"wikidata":"","sameas":null},"_links":{"self":[{"href":"https:\/\/www.rome-roma.net\/it\/wp-json\/wp\/v2\/site\/5734"}],"collection":[{"href":"https:\/\/www.rome-roma.net\/it\/wp-json\/wp\/v2\/site"}],"about":[{"href":"https:\/\/www.rome-roma.net\/it\/wp-json\/wp\/v2\/types\/site"}],"replies":[{"embeddable":true,"href":"https:\/\/www.rome-roma.net\/it\/wp-json\/wp\/v2\/comments?post=5734"}],"wp:attachment":[{"href":"https:\/\/www.rome-roma.net\/it\/wp-json\/wp\/v2\/media?parent=5734"}],"wp:term":[{"taxonomy":"genre","embeddable":true,"href":"https:\/\/www.rome-roma.net\/it\/wp-json\/wp\/v2\/genre?post=5734"},{"taxonomy":"interet","embeddable":true,"href":"https:\/\/www.rome-roma.net\/it\/wp-json\/wp\/v2\/interet?post=5734"},{"taxonomy":"quartier","embeddable":true,"href":"https:\/\/www.rome-roma.net\/it\/wp-json\/wp\/v2\/quartier?post=5734"},{"taxonomy":"categorie_site","embeddable":true,"href":"https:\/\/www.rome-roma.net\/it\/wp-json\/wp\/v2\/categorie_site?post=5734"},{"taxonomy":"quartier_historique","embeddable":true,"href":"https:\/\/www.rome-roma.net\/it\/wp-json\/wp\/v2\/quartier_historique?post=5734"},{"taxonomy":"etiquettes_site","embeddable":true,"href":"https:\/\/www.rome-roma.net\/it\/wp-json\/wp\/v2\/etiquettes_site?post=5734"}],"curies":[{"name":"wp","href":"https:\/\/api.w.org\/{rel}","templated":true}]}}