


{"id":5762,"date":"2020-01-31T18:04:26","date_gmt":"2020-01-31T17:04:26","guid":{"rendered":"https:\/\/www.rome-roma.net\/site\/viterbe\/"},"modified":"2024-12-18T22:14:51","modified_gmt":"2024-12-18T21:14:51","slug":"viterbo-nel-lazio","status":"publish","type":"site","link":"https:\/\/www.rome-roma.net\/it\/viterbo-nel-lazio\/","title":{"rendered":"Viterbo"},"content":{"rendered":"<div style=\"width: 260px\" class=\"wp-caption alignright\"><a href=\"https:\/\/www.rome-roma.net\/photos\/latium\/latium-viterbe-montefiascone-tuscania-norchia\/images\/viterbo_quartiere_medioevale_9262.jpg\" rel=\"lightbox[a]\"><img loading=\"lazy\" src=\"https:\/\/www.rome-roma.net\/photos\/latium\/latium-viterbe-montefiascone-tuscania-norchia\/images\/viterbo_quartiere_medioevale_9262.jpg\" alt=\"viterbe - quartiere san pellegrino\" width=\"250\" height=\"167\" border=\"0\" \/><\/a><p class=\"wp-caption-text\">Quartiere San Pellegrino<\/p><\/div>\n<p><strong>Viterbo<\/strong> \u00e8 la capitale della <strong>Tuschia<\/strong>, una regione nel nord del Lazio, a circa 80 km da Roma.<br \/>Conserva uno dei centri storici medioevali meglio conservati in Italia, con molte ricchezze architettoniche e artistiche, chiese, piazze, palazzi e torri.<br \/>\u00c8 anche noto per le sue terme, e in particolare per la <em>Macchina di Santa Rosa<\/em>, un baldacchino trionfale alto circa 30 metri, ricostruito ogni 5 anni circa, in riferimento a un monumento simile del XIII secolo.<em><br \/><\/em><\/p>\n<p>Fu nel Medioevo che Viterbo fu fondata, verso la fine dell&#8217;VIII secolo, attorno a un castrum lombardo. In precedenza era un insediamento <strong>etrusco<\/strong>, poi <strong>romano<\/strong> dal IV secolo a.C.<\/p>\n<div style=\"width: 260px\" class=\"wp-caption alignleft\"><a href=\"https:\/\/www.rome-roma.net\/photos\/latium\/latium-viterbe-montefiascone-tuscania-norchia\/images\/viterbe_palaisdespapes_9226.jpg\" rel=\"lightbox[a]\"><img loading=\"lazy\" src=\"https:\/\/www.rome-roma.net\/photos\/latium\/latium-viterbe-montefiascone-tuscania-norchia\/images\/viterbe_palaisdespapes_9226.jpg\" alt=\"viterbo, palazzo dei papi\" width=\"250\" height=\"167\" border=\"0\" \/><\/a><p class=\"wp-caption-text\">Palazzo dei Papi<\/p><\/div>\n<p>Tra i principali monumenti di Viterbo, il <strong>Palazzo dei Papi<\/strong>\u00a0 prende il nome dalla sua sede papale tra il 1257 e il 1281. Il <strong>Palazzo dei Priori<\/strong> \u00e8 anche uno dei pi\u00f9 belli della citt\u00e0. La cattedrale romanica di <strong>San Lorenzo<\/strong> del XII secolo \u00e8 l&#8217;edificio religioso pi\u00f9 importante.<br \/>Molte altre chiese, come <strong>Santa Maria Nuova<\/strong>, non mancano di interesse.<\/p>\n<p>Tuttavia, il pi\u00f9 interessante di Viterbo \u00e8 il suo quartiere medievale di <strong>San Pellegrino<\/strong>, con i suoi vicoli, le case d&#8217;epoca e alcune torri. La citt\u00e0 ha anche una potente cinta muraria medievale.<br \/>Nel Medioevo, Viterbo controllava quasi 50 castelli nella regione, una lunga storia che \u00e8 raccontata nel Museo del Colle del Duomo e nel Museo Civico.<\/p>\n<p>A 5 km da Viterbo puoi scoprire <strong>Santa Maria della Quercia<\/strong>, un&#8217;importante chiesa che fu ricostruita in modo identico all&#8217;originale negli anni &#8217;70.<\/p>\n\n\n<h2>Visita di Viterbo<\/h2>\n<p>Il centro storico \u00e8 protetto da imponenti mura, lunghe 5 chilometri, costruite nel XII e XIII secolo, dotate di torri e porte, tra le quali le pi\u00f9 belle sono Porta Romana, Porta della Verit\u00e0 e Porta Fiorentina.<\/p>\n<p>Ecco un&#8217;idea per una visita con gli edifici incontrati lungo il percorso.<\/p>\n<p>Partendo da Porta della Verit\u00e0, ad est, la chiesa di <strong>Santa Maria della Verit\u00e0<\/strong> conserva in particolare affreschi del XV secolo di Lorenzo da Viterbo nella sua stupefacente <strong>cappella Mazzatosta<\/strong>. Acanto c&#8217;\u00e8 il museo civico.<\/p>\n<h2><span style=\"font-size: 18pt;\">Museo civico<\/span><\/h2>\n<table>\n<tbody>\n<tr style=\"background-color: #f7ece1;\">\n<td>\n<p><span style=\"font-size: 10pt;\">Occupando in parte il chiostro della chiesa, il <strong>Museo civico<\/strong> merita una visita in particolare per la pinacoteca, raccogliendo dipinti dal 15 \u00b0 al 19 \u00b0 secolo. Conserva anche opere etrusche, antiche e medievali. Due dipinti di <strong>Sebastiano dal Piombo<\/strong> si distinguono dalla collezione, <em>la Piet\u00e0<\/em> e <em>la Flagellazione<\/em>. Ci sono anche opere di Salvator Rosa e Pietro da Cortona, ceramiche dell&#8217;officina Della Robbia, un presepe monumentale, una pala d&#8217;altare di Pastura, ecc.<\/span><\/p>\n<\/td>\n<\/tr>\n<tr style=\"background-color: #f9f4f0;\">\n<td>\n<p><span style=\"font-size: 10pt;\"><strong>Informazioni<br \/><\/strong>Museo Civoco, <em>Piazza Francesco Crispi<\/em><\/span><\/p>\n<ul>\n<li><span style=\"font-size: 10pt;\">Aperto da marted\u00ec a domenica<br \/>Dal 1 novembre al 31 marzo: dalle 9 alle 18 \/ Dal 1 aprile al 31 ottobre: \u200b\u200bdalle 9 alle 19<br \/>Ingresso: \u20ac 3,50, gratuito: 1 \u00b0 domenica di ogni mese, pi\u00f9 di 65, sotto 18 anni<\/span><\/li>\n<\/ul>\n<\/td>\n<\/tr>\n<\/tbody>\n<\/table>\n<p>In <em>Via Orologio Vecchio<\/em>, il <strong>Palazzo Mazzatosta<\/strong> \u00e8 una delle case medievali pi\u00f9 notevoli, con un <em>profferlo<\/em>, la caratteristica scala esterna di Viterbo.<br \/>Una delle piazze principali, la <strong><em>Piazza delle Erbe<\/em><\/strong>, \u00e8 adornata dalla Fontana dei Leoni (1621).<br \/>Da qui la <em>Via Roma<\/em> conduce al vecchio centro civile della citt\u00e0, dove la <strong><em>Piazza del Plebiscito<\/em><\/strong> \u00e8 circondata da edifici risalenti al 13 \u00b0 secolo, come la <strong>torre dell&#8217;orologio<\/strong>, il <strong>Palazzo del Podest\u00e0<\/strong> , o la Chiesa di <strong>Sant&#8217;Angelo in Spatha<\/strong> (con un crocifisso del 14 \u00b0 secolo), il <strong>Palazzo dei Priori<\/strong> (con il suo portico colonnato) della fine del 15 \u00b0 secolo.<\/p>\n<h2><span style=\"font-size: 18pt;\">Palazzo dei Priori et Sala Regia<\/span><\/h2>\n<table>\n<tbody>\n<tr style=\"background-color: #f7ece1;\">\n<td>\n<div style=\"width: 310px\" class=\"wp-caption alignright\"><a href=\"https:\/\/www.rome-roma.net\/photos\/latium\/latium-viterbe-montefiascone-tuscania-norchia\/images\/viterbe_italie_9197.jpg\" rel=\"lightbox[a]\"><img loading=\"lazy\" src=\"https:\/\/www.rome-roma.net\/photos\/latium\/latium-viterbe-montefiascone-tuscania-norchia\/images\/viterbe_italie_9197.jpg\" alt=\"viterbe centre\" width=\"300\" height=\"200\" border=\"0\" \/><\/a><p class=\"wp-caption-text\">Facciata del Palazzo dei Priori<\/p><\/div>\nSebbene la sua facciata sia austera, questo palazzo riserva alcune belle sorprese, prima di tutto con il suo cortile decorato con sarcofagi e una bella fontana del 17 \u00b0 secolo. \u00c8 possibile visitare il piano principale, dove la cappella \u00e8 decorata con affreschi.<br \/>Le sale di ricevimento sono decorate con affreschi incentrati sulla storia della citt\u00e0 e sulle sue origini mitiche, tra cui quelle di <strong>Baldassare Croce<\/strong> (XVI secolo) nella <strong>Sala Regia<\/strong>.<\/td>\n<\/tr>\n<tr style=\"background-color: #f9f4f0;\">\n<td>\n<p><span style=\"font-size: 10pt;\"><strong>Informazioni<br \/><\/strong>Palazzo dei Priori &#8211; <em>Piazza del Plebiscito<\/em><\/span><\/p>\n<ul>\n<li><span style=\"font-size: 10pt;\">Orari : ore 9.00 &#8211; 13.00 ; 15.00 &#8211; 18.00 ; salvo domenica : 10.00 &#8211; 13.00 \/ 15.00 &#8211; 18.00<\/span><br \/><span style=\"font-size: 10pt;\">Entrata libera<\/span><\/li>\n<\/ul>\n<\/td>\n<\/tr>\n<\/tbody>\n<\/table>\n<p><em>Via San Lorenzo<\/em> conduce al centro religioso della citt\u00e0, passando per <em>Piazza del Ges\u00f9<\/em>, dove si affaccia la chiesa romanica della Chiesa del Ges\u00f9, una graziosa fontana del 17 \u00b0 secolo e la torre medievale di Borgognone.<br \/>In <em>Piazza della Morte<\/em>, la fontana \u00e8 una delle pi\u00f9 antiche di Viterbo, risalente al 13 \u00b0 secolo, con la sua forma caratteristica.<br \/>Sul camino per la <strong><em>Piazza San Lorenzo<\/em><\/strong>, passi sotto il <em>Ponte del Duomo<\/em> e di fronte al carino Palazzo Farnese (14 \u00b0 secolo e Rinascimento).<br \/>In questa emblematica piazza medievale, si trovano la <strong>Cattedrale San Lorenzo<\/strong> e il <strong>Palazzo dei Papi<\/strong>.<\/p>\n<h2><span style=\"font-size: 18pt;\">Cattedrale San Lorenzo<\/span><\/h2>\n<table>\n<tbody>\n<tr style=\"background-color: #f7ece1;\">\n<td>\n<div style=\"width: 310px\" class=\"wp-caption alignright\"><a href=\"https:\/\/www.rome-roma.net\/photos\/latium\/lazio-viterbo-blera-sangiovenale\/images\/viterbe_cathedrale_9451.jpg\" rel=\"lightbox[a]\"><img loading=\"lazy\" src=\"https:\/\/www.rome-roma.net\/photos\/latium\/lazio-viterbo-blera-sangiovenale\/images\/viterbe_cathedrale_9451.jpg\" alt=\"viterbe - cath\u00e9drale\" width=\"300\" height=\"200\" border=\"0\" \/><\/a><p class=\"wp-caption-text\">Cattedrale di San Lorenzo<\/p><\/div>\nLa <strong>cattedrale<\/strong> fu eretta nel 12 \u00b0 secolo e ha conservato il bellissimo campanile del 13 \u00b0 secolo dal Medioevo. Tuttavia, la facciata fu modificata nel XVI secolo, in particolare con la scala. Le absidi furono restaurate dopo danni durante la seconda guerra mondiale.<br \/>All&#8217;interno rimane un pavimento cosmatesco e le navate sono separate da colonne con bellissimi capitelli. Nella navata destra, un bacino battesimale in marmo di Carrara risale al XV secolo. L&#8217;abside barocca \u00e8 nascosta da un&#8217;abside moderna ricostruita dopo la guerra.<br \/>Il battistero \u00e8 decorato con affreschi della scuola di Pastura e l&#8217;abside presenta affreschi della fine del XIII secolo. L&#8217;abside a sinistra ospita una copia dell&#8217;icona della <em>Madonna della Carbonara<\/em> (fine del XII secolo).<br \/>Ospitato anche il sarcofago di Papa Giovanni XXI (1276-1277), che era l&#8217;unico pontefice portoghese. La tela dell&#8217;altare maggiore raffigurante <em>San Lorenzo<\/em> fu realizzata da <strong>Giovan Francesco Romanelli<\/strong> nel XVIII secolo. I dieci pannelli che decorano le pareti della navata centrale mostrano episodi della vita di San Lorenzo (di <strong>Marco Benefial<\/strong>).<\/td>\n<\/tr>\n<tr style=\"background-color: #f9f4f0;\">\n<td>\n<p><span style=\"font-size: 10pt;\"><strong>Informazioni<\/strong><\/span><br \/><span style=\"font-size: 10pt;\">Cattedrale di San Lorenzo, <em>Piazza San Lorenzo<\/em><\/span><\/p>\n<ul>\n<li><span style=\"font-size: 10pt;\">Orari<\/span><br \/><span style=\"font-size: 10pt;\">Dal 1 aprile al 2 novembre : ore 8.00 &#8211; 19.00<\/span><br \/><span style=\"font-size: 10pt;\">Dal 3 novembre al 31 marzo, dal luned\u00ec al venerd\u00ec : ore 10.00 &#8211; 13.00 \/ 15.00 &#8211; 18.00, sabato e domenica : ore 10.00 &#8211; 18.00<\/span><\/li>\n<\/ul>\n<\/td>\n<\/tr>\n<\/tbody>\n<\/table>\n<p>La cattedrale \u00e8 collegata al Palazzo dei Papi (1255-1267).<\/p>\n<h2><span style=\"font-size: 18pt;\">Palazzo dei Papi<\/span><\/h2>\n<table>\n<tbody>\n<tr style=\"background-color: #f7ece1;\">\n<td>\n<div style=\"width: 310px\" class=\"wp-caption alignright\"><a href=\"https:\/\/www.rome-roma.net\/photos\/latium\/latium-viterbe-montefiascone-tuscania-norchia\/images\/viterbe_palaisdespapes_9226.jpg\" rel=\"lightbox[a]\"><img loading=\"lazy\" src=\"https:\/\/www.rome-roma.net\/photos\/latium\/latium-viterbe-montefiascone-tuscania-norchia\/images\/viterbe_palaisdespapes_9226.jpg\" alt=\"viterbe\" width=\"300\" height=\"200\" border=\"0\" \/><\/a><p class=\"wp-caption-text\">Palazzo dei Papi<\/p><\/div>\nQuesto imponente edificio fu costruito tra il 1255 e il 1267 quando Alessandro IV decise di trasferire la Curia papale da Roma a Viterbo, per resistere all&#8217;ostilit\u00e0 dei Guelfi, ingrandendo il vecchio palazzo episcopale.\n<p>La maestosa <em>Sala del Conclave<\/em>, \u00e8 cos\u00ec chiamata per il pi\u00f9 lungo conclave della storia, 33 mesi per l&#8217;elezione di Gregorio X. \u00c8 illuminata da 12 splendide finestre. Vi si accede dalla piazza da un&#8217;ampia scala.<br \/>La facciata del palazzo \u00e8 decorata con merlature rettangolari.<br \/>Notevole anche l&#8217;elegante<em> loggia delle benedizioni<\/em>, costruita nel 1267 dal capitano Andrea Gatti, coperta da volte e con raffinati archi gotici. Al centro c&#8217;\u00e8 ancora la fontana del 15 \u00b0 secolo. La trabeazione nella parte inferiore reca pannelli con le armi della citt\u00e0, l&#8217;imperatore e il papa.<br \/>Da notare anche la bella <em>sala Gualterio<\/em>, riccamente decorata con affreschi e caratterizzata dalla presenza dello stemma di papa Clemente VIII (1592-1605).<\/p>\n<\/td>\n<\/tr>\n<tr style=\"background-color: #f9f4f0;\">\n<td>\n<p><span style=\"font-size: 10pt;\"><strong>Informazioni<\/strong><\/span><br \/><span style=\"font-size: 10pt;\">Palazzo dei Papi, <em>piazza San Lorenzo<\/em><\/span><\/p>\n<ul>\n<li><span style=\"font-size: 10pt;\">Dal 1 aprile al 2 novembre, tutti i giorni dalle 10.00 alle 19.00<\/span><br \/><span style=\"font-size: 10pt;\">Dal 3 novembre al 31 marzo, dal luned\u00ec al venerd\u00ec 10.00 &#8211; 13.00 \/ 15.00 &#8211; 18.00, sabato e domenica 10.00 &#8211; 18.00<\/span><br \/><span style=\"font-size: 10pt;\">Chiuso il 24 e 25 dicembre<\/span><br \/><span style=\"font-size: 10pt;\">Biglietto intero: \u20ac 9<\/span><\/li>\n<\/ul>\n<\/td>\n<\/tr>\n<\/tbody>\n<\/table>\n<h2><span style=\"font-size: 18pt;\">Museo Colle del Duomo<\/span><\/h2>\n<table>\n<tbody>\n<tr style=\"background-color: #f7ece1;\">\n<td>\n<p>Il <strong>Museo del Colle del Duomo<\/strong>, situato tra il Palazzo dei Papi e la cattedrale, conserva alcuni pezzi archeologici (etruschi, romani e medievali), dipinti, tra cui la<em> Madonna della Carbonara<\/em>, notevoli icone o la <em>crocifissione di Viterbo<\/em> attribuita a Michelangelo, e oggetti sacri che appartenevano ai Papi.<\/p>\n<\/td>\n<\/tr>\n<tr style=\"background-color: #f9f4f0;\">\n<td>\n<p><span style=\"font-size: 10pt;\"><strong>Informazioni<\/strong><\/span><br \/><span style=\"font-size: 10pt;\">Museo del Colle del Duomo, <em>Piazza San Lorenzo 8<\/em><\/span><\/p>\n<ul>\n<li><span style=\"font-size: 10pt;\">Orari<\/span><br \/><span style=\"font-size: 10pt;\">Dal 1 aprile al 2 novembre: dalle 10.00 alle 19.00<\/span><br \/><span style=\"font-size: 10pt;\">Dal 3 novembre al 31 marzo, dal luned\u00ec al venerd\u00ec dalle 10.00 &#8211; 13.00\/ 15.00 &#8211; 18.00, sabato e domenica 10.00 &#8211; 18.00<\/span><br \/><span style=\"font-size: 10pt;\">Chiuso 24 e 25 dicembre<\/span><\/li>\n<li><span style=\"font-size: 10pt;\">Biglietto intero: \u20ac 9<\/span><\/li>\n<\/ul>\n<\/td>\n<\/tr>\n<\/tbody>\n<\/table>\n<h2><span style=\"font-size: 18pt;\">Quartiere medievale di San Pellegrino<\/span><\/h2>\n<table>\n<tbody>\n<tr style=\"background-color: #f7ece1;\">\n<td>\n<div style=\"width: 210px\" class=\"wp-caption alignright\"><a href=\"https:\/\/www.rome-roma.net\/photos\/latium\/latium-viterbe-montefiascone-tuscania-norchia\/images\/viterbo_quartiere_medioevale_9258.jpg\" rel=\"lightbox[a]\"><img loading=\"lazy\" src=\"https:\/\/www.rome-roma.net\/photos\/latium\/latium-viterbe-montefiascone-tuscania-norchia\/images\/viterbo_quartiere_medioevale_9258.jpg\" alt=\"viterbe - quartier m\u00e9di\u00e9val San Pellegrino\" width=\"200\" height=\"300\" border=\"0\" \/><\/a><p class=\"wp-caption-text\">Piazza San Pellegrino<\/p><\/div>\nNella parte meridionale del centro di Viterbo, il quartiere di <strong>San Pellegrino<\/strong> \u00e8 uno dei centri medievali meglio conservati in Europa, dove attraverso vicoli tortuosi si ergono torri, case, archi.<br \/>Puoi accedervi da <em>Piazza San Carluccio<\/em>, dove una fontana risale al 13 \u00b0 secolo, con una vasca quadrangolare, dove sotto la testa del leone sono scolpiti i simboli delle famiglie Anguillara (due anguille incrociate) ed i Gatti (quattro fasce orizzontali) ).<br \/>La <em>Via San Pellegrino<\/em> \u00e8 l&#8217;asse principale del quartiere medievale, fiancheggiata da edifici medievali, passaggi a volta, torri e le\u00a0 caratteristiche scale esterne in facciata delle case (<em>profferli<\/em>) e ponti che collegano le case su entrambi i lati della strada.<br \/>La piazza principale, <em>Piazza San Pellegrino<\/em>, \u00e8 dominata dal maestoso <strong>Palazzo degli Alessandri<\/strong> (prima met\u00e0 del XIII secolo). La chiesa di San Pellegrino, che risale al Medioevo, fu ricostruita nel XIX secolo e danneggiata dai bombardamenti del 1944.<br \/>Pi\u00f9 a sud, il vicino quartiere medievale di <strong>Pianoscarono<\/strong> era in passato separato dal precedente da un fiume. Il suo centro \u00e8 la <em>fontana del Piano<\/em> (XII-XIV secolo) e la bella chiesa romanica di <em>Sant&#8217;Andrea<\/em>.<\/td>\n<\/tr>\n<\/tbody>\n<\/table>\n<p>Andando a nord dal centro della citt\u00e0, in <em>Via Cardinale la Fontaine<\/em> si trova il <strong>Palazzo Gatti<\/strong>, che era quello di una potente famiglia guelfa, costruita nel 13 \u00b0 secolo e di cui rimane solo una piccola parte.<br \/>Prendendo <em>Via Baciadonne<\/em>, si incontra la suggestiva chiesa romanica di <strong>Santa Maria Nuova<\/strong>, una delle pi\u00f9 interessanti della citt\u00e0, fondata nell&#8217;XI secolo. Conserva dipinti ed elementi dal XIII al XVI secolo, un bellissimo chiostro medievale e una cripta.<br \/>Su <em>via Cavour<\/em>, da un lato fu costruita la bella <strong>Casa Poscia<\/strong> nel XIV secolo. Di fronte, il Palazzo Brugiotti ospita il <strong>Museo della ceramica della Tuscia<\/strong>, che ospita circa 300 pezzi che ripercorrono la storia e la tecnica della ceramica locale fin dal Medioevo.<\/p>\n<div style=\"width: 210px\" class=\"wp-caption alignright\"><a href=\"https:\/\/www.rome-roma.net\/photos\/latium\/latium-viterbe-montefiascone-tuscania-norchia\/images\/viterbo_casa_medioevale_9204.jpg\" rel=\"lightbox[a]\"><img loading=\"lazy\" src=\"https:\/\/www.rome-roma.net\/photos\/latium\/latium-viterbe-montefiascone-tuscania-norchia\/images\/viterbo_casa_medioevale_9204.jpg\" alt=\"casa poscia, viterbe\" width=\"200\" height=\"300\" border=\"0\" \/><\/a><p class=\"wp-caption-text\">Casa Poscia<\/p><\/div>\n<p>La strada raggiunge la <em>piazza della Fontana Grande<\/em>, la cui fontana \u00e8 una delle pi\u00f9 maestose di Viterbo (XIII-XV secolo).<br \/>Dalla piazza, <em>Via Garibaldi<\/em> conduce alla <strong>Chiesa di Santo Sisto<\/strong>, vicino alla Porta Romana, originaria del IX secolo, i cui volumi sono insoliti con l&#8217;abside inclusa nelle mura della citt\u00e0.<\/p>\n<p>Spostandoci a nord dal centro della citt\u00e0, <em>via Mazzini<\/em>, ci incontra l&#8217;affascinante chiesa di <strong>San Giovanni in Zoccoli<\/strong> (XII secolo), con un bellissimo rosone e affreschi del XV secolo.<br \/>Ancora pi\u00f9 a nord, nell&#8217;omonima strada, il <strong>Santuario di Santa Rosa<\/strong>, con la sua cupola, fu ricostruito nel XIX secolo. Ospita il corpo della santa. Nella vicina <em>Piazza Verdi<\/em> \u00e8 possibile ammirare il grazioso <strong>Palazzo Santoro<\/strong> del XV secolo e il neoclassico Teatro dell&#8217;Unione.<\/p>\n<p>Pi\u00f9 a ovest si trova in <em>Piazza della Rocca<\/em>, una fontana che risale al 16 \u00b0 secolo e la Basilica di <strong>San Francesco alla Rocca<\/strong>, costruita nel 13 \u00b0 secolo e affidata ai francescani. In particolare, ospita le tombe monumentali di Clemente IV e Adriano V, e <em>La Piet\u00e0<\/em> di Sebastiano del Piombo (copia dell&#8217;originale).<br \/>La <strong>Rocca Albornoz<\/strong> (XIV-XV, pi\u00f9 volte ricostruita) ospita il <strong>Museo Nazionale Etrusco<\/strong>, che conserva bellissimi pezzi etruschi e romani, provenienti da siti circostanti come Ferrento o Ischia di Castro.<\/p>\n<p>Nella parte occidentale del centro, l&#8217;imponente <strong>chiesa della Santissima Trinit\u00e0<\/strong>, fondata nel Medioevo, ampliata nel 18 \u00b0 secolo in stile barocco e neoclassico, ha un chiostro decorato con affreschi del 17 \u00b0 secolo.<\/p>\n\n\n\n<h2>Nei dintorni<\/h2>\n<p>Nelle vicinanze, diversi villaggi sono di interesse turistico: <a href=\"https:\/\/www.rome-roma.net\/it\/montefiascone-nel-lazio\/\">Montefiascone<\/a> (17 km), Bomarzo (18 km), Fabrica di Roma (24 km), <a href=\"https:\/\/www.rome-roma.net\/it\/tuscania-nel-lazio\/\">Tuscania<\/a> (23 km), Vitorchiano (9 km) e Soriano nel Cimino (16 km ).<br>Dobbiamo anche menzionare i notevoli siti archeologici di <a href=\"https:\/\/www.rome-roma.net\/it\/norchia-nel-lazio\/\">Norchia<\/a> (24 km), Castel d&#8217;Asso (8 km), Castel Cardinale (16 km), Ferento (9 km), nonch\u00e9 il &#8220;Parco dei Mostri&#8221; di Bomarzo (18 km), la Villa Lante (5 km), Torre Alfina (48 km) o le terme (8 km, incluso il Bagnaccio).<br>Inoltre, il piccolo <a href=\"https:\/\/www.rome-roma.net\/it\/lago-di-vico\/\">lago di Vico<\/a> a sud e il vasto <a href=\"https:\/\/www.rome-roma.net\/it\/lago-di-bolsena\/\">lago di Bolsena<\/a> a nord sono belle destinazioni.<\/p>\n\n\n\n<h2>Informazioni, saperne di pi\u00f9<\/h2>\n\n\n<table style=\"border-collapse: collapse; width: 100%; height: 236px;\">\n<tbody>\n<tr style=\"background-color: #f7ece1;\">\n<td style=\"width: 100%; height: 49px;\"><span style=\"font-size: 10pt;\"><strong>Viterbo<\/strong><\/span><br \/><span style=\"font-size: 10pt;\"><em>01100 Provincia di Viterbo, Lazio<\/em><\/span><\/td>\n<\/tr>\n<tr style=\"background-color: #fae8c3;\">\n<td style=\"width: 100%; height: 187px;\">\n<p><span style=\"font-size: 10pt;\"><strong>Collegamenti<\/strong><\/span><\/p>\n<ul>\n<li><span style=\"font-size: 10pt;\">Sito ufficiale della citt\u00e0 : <a href=\"https:\/\/comune.viterbo.it\/\" target=\"_blank\" rel=\"noopener\" data-title=\" \">comune.viterbo.it<\/a><\/span><\/li>\n<li><span style=\"font-size: 10pt;\"><a href=\"https:\/\/it.wikipedia.org\/wiki\/Viterbo\" target=\"_blank\" rel=\"noopener noreferrer\" data-title=\" \">Viterbo su Wikipedia<\/a><\/span><\/li>\n<li><span style=\"font-size: 10pt;\">Siti turistici locali : <a href=\"https:\/\/www.tusciaturismo.com\/comuni\/viterbo\/\" target=\"_blank\" rel=\"noopener\" data-title=\" \">Tuscia Turismo<\/a>, <a href=\"https:\/\/www.guidaviterbo.com\/\" target=\"_blank\" rel=\"noopener noreferrer\" data-title=\" \">GuidaViterbo.com<\/a>, <\/span><a href=\"https:\/\/www.infoviterbo.it\/\" target=\"_blank\" rel=\"noopener\" data-title=\" \"><span style=\"font-size: 10pt;\">www.infoviterbo.it<\/span><\/a><\/li>\n<\/ul>\n<\/td>\n<\/tr>\n<\/tbody>\n<\/table>\n<p><!--StartFragment--><\/p>\n\n\n<h2>Cartina ed indirizzo<\/h2>\r\n\t\t<b>Indirizzo : <\/b> Viterbe, 01100 Viterbe <div id=\"travelersmap-container-69f274349b4cc\" class=\"travelersmap-container\" style=\"z-index: 1; min-height: 10px; min-width:10px; height:400px;width:100%; max-width:; max-height:; position:relative;\"><div style=\"position:absolute; z-index:-1;top: 50%;text-align: center;display: block;left: 50%;transform: translate(-50%,-50%);\">Travelers' Map is loading... <br> If you see this after your page is loaded completely, leafletJS files are missing.<\/div><\/div><i>Clicca sulla freccia per localizzarti sulla mappa<\/i><br><br>\n\n\n\n<h2>Visita e fotografie<\/h2>\n\n\n<p align=\"left\"><a href=\"https:\/\/www.rome-roma.net\/photos\/latium\/lazio-vulci-viterbo\/images\/viterbe_9191.jpg\" rel=\"lightbox[a]\"><img loading=\"lazy\" src=\"https:\/\/www.rome-roma.net\/photos\/latium\/lazio-vulci-viterbo\/thumbnails\/viterbe_9191.jpg\" alt=\"viterbe\" width=\"122\" height=\"85\" border=\"0\" \/><\/a><\/p>\n<h3 align=\"left\">Duomo San Lorenzo di Viterbo<\/h3>\n<p><a href=\"https:\/\/www.rome-roma.net\/photos\/latium\/lazio-viterbo-blera-sangiovenale\/images\/viterbe_cathedrale_9451.jpg\" rel=\"lightbox[a]\"><img loading=\"lazy\" src=\"https:\/\/www.rome-roma.net\/photos\/latium\/lazio-viterbo-blera-sangiovenale\/thumbnails\/viterbe_cathedrale_9451.jpg\" alt=\"viterbe - cath\u00e9drale\" width=\"122\" height=\"85\" border=\"0\" \/><\/a><a href=\"https:\/\/www.rome-roma.net\/photos\/latium\/lazio-viterbo-blera-sangiovenale\/images\/viterbe_cathedrale_9453.jpg\" rel=\"lightbox[a]\"><img loading=\"lazy\" src=\"https:\/\/www.rome-roma.net\/photos\/latium\/lazio-viterbo-blera-sangiovenale\/thumbnails\/viterbe_cathedrale_9453.jpg\" alt=\"viterbe - duomo\" width=\"85\" height=\"122\" border=\"0\" \/><\/a><a href=\"https:\/\/www.rome-roma.net\/photos\/latium\/lazio-vulci-viterbo\/images\/viterbe_9192.jpg\" rel=\"lightbox[a]\"><img loading=\"lazy\" src=\"https:\/\/www.rome-roma.net\/photos\/latium\/lazio-vulci-viterbo\/thumbnails\/viterbe_9192.jpg\" alt=\"viterbe - \u00e9glise\" width=\"85\" height=\"122\" border=\"0\" \/><\/a><br \/>La cattedrale romanica di Viterbo risale al XII secolo, il suo campanile \u00e8 del XIV secolo.<\/p>\n<p><a href=\"https:\/\/www.rome-roma.net\/photos\/latium\/latium-viterbe-montefiascone-tuscania-norchia\/images\/viterbo_cattedrale_9468.jpg\" rel=\"lightbox[a]\"><img loading=\"lazy\" src=\"https:\/\/www.rome-roma.net\/photos\/latium\/latium-viterbe-montefiascone-tuscania-norchia\/thumbnails\/viterbo_cattedrale_9468.jpg\" alt=\"viterbe\" width=\"85\" height=\"122\" border=\"0\" \/><\/a><a href=\"https:\/\/www.rome-roma.net\/photos\/latium\/latium-viterbe-montefiascone-tuscania-norchia\/images\/viterbo_duomo_9459.jpg\" rel=\"lightbox[a]\"><img loading=\"lazy\" src=\"https:\/\/www.rome-roma.net\/photos\/latium\/latium-viterbe-montefiascone-tuscania-norchia\/thumbnails\/viterbo_duomo_9459.jpg\" alt=\"viterbe\" width=\"85\" height=\"122\" border=\"0\" \/><\/a><a href=\"https:\/\/www.rome-roma.net\/photos\/latium\/latium-viterbe-montefiascone-tuscania-norchia\/images\/viterbo_duomo_9462.jpg\" rel=\"lightbox[a]\"><img loading=\"lazy\" src=\"https:\/\/www.rome-roma.net\/photos\/latium\/latium-viterbe-montefiascone-tuscania-norchia\/thumbnails\/viterbo_duomo_9462.jpg\" alt=\"viterbe duomo\" width=\"85\" height=\"122\" border=\"0\" \/><\/a><a href=\"https:\/\/www.rome-roma.net\/photos\/latium\/lazio-viterbo-blera-sangiovenale\/images\/viterbe_cathedrale_9457.jpg\" rel=\"lightbox[a]\"><img loading=\"lazy\" src=\"https:\/\/www.rome-roma.net\/photos\/latium\/lazio-viterbo-blera-sangiovenale\/thumbnails\/viterbe_cathedrale_9457.jpg\" alt=\"viterbe\" width=\"85\" height=\"122\" border=\"0\" \/><\/a><a href=\"https:\/\/www.rome-roma.net\/photos\/latium\/lazio-viterbo-blera-sangiovenale\/images\/viterbo_duomo_9465.jpg\" rel=\"lightbox[a]\"><img loading=\"lazy\" src=\"https:\/\/www.rome-roma.net\/photos\/latium\/lazio-viterbo-blera-sangiovenale\/thumbnails\/viterbo_duomo_9465.jpg\" alt=\"viterbe\" width=\"85\" height=\"122\" border=\"0\" \/><\/a><a href=\"https:\/\/www.rome-roma.net\/photos\/latium\/lazio-viterbo-blera-sangiovenale\/images\/viterbo_duomo_9464.jpg\" rel=\"lightbox[a]\"><img loading=\"lazy\" src=\"https:\/\/www.rome-roma.net\/photos\/latium\/lazio-viterbo-blera-sangiovenale\/thumbnails\/viterbo_duomo_9464.jpg\" alt=\"viterbe duomo photo\" width=\"122\" height=\"85\" border=\"0\" \/><\/a><a href=\"https:\/\/www.rome-roma.net\/photos\/latium\/lazio-viterbo-blera-sangiovenale\/images\/viterbo_duomo_9467.jpg\" rel=\"lightbox[a]\"><img loading=\"lazy\" src=\"https:\/\/www.rome-roma.net\/photos\/latium\/lazio-viterbo-blera-sangiovenale\/thumbnails\/viterbo_duomo_9467.jpg\" alt=\"viterbe\" width=\"122\" height=\"85\" border=\"0\" \/><\/a><\/p>\n<h3>Palazzo dei Papi<\/h3>\n<p><a href=\"https:\/\/www.rome-roma.net\/photos\/latium\/latium-viterbe-montefiascone-tuscania-norchia\/images\/viterbe_palaisdespapes_9224.jpg\" rel=\"lightbox[a]\"><img loading=\"lazy\" src=\"https:\/\/www.rome-roma.net\/photos\/latium\/latium-viterbe-montefiascone-tuscania-norchia\/thumbnails\/viterbe_palaisdespapes_9224.jpg\" alt=\"viterbe - palais des papes\" width=\"122\" height=\"85\" border=\"0\" \/><\/a><a href=\"https:\/\/www.rome-roma.net\/photos\/latium\/latium-viterbe-montefiascone-tuscania-norchia\/images\/viterbe_palaisdespapes_9226.jpg\" rel=\"lightbox[a]\"><img loading=\"lazy\" src=\"https:\/\/www.rome-roma.net\/photos\/latium\/latium-viterbe-montefiascone-tuscania-norchia\/thumbnails\/viterbe_palaisdespapes_9226.jpg\" alt=\"viterbe\" width=\"122\" height=\"85\" border=\"0\" \/><\/a><a href=\"https:\/\/www.rome-roma.net\/photos\/latium\/latium-viterbe-montefiascone-tuscania-norchia\/images\/viterbe_palazzodeipapi_9227.jpg\" rel=\"lightbox[a]\"><img loading=\"lazy\" src=\"https:\/\/www.rome-roma.net\/photos\/latium\/latium-viterbe-montefiascone-tuscania-norchia\/thumbnails\/viterbe_palazzodeipapi_9227.jpg\" alt=\"viterbe - palazzo papale\" width=\"122\" height=\"85\" border=\"0\" \/><\/a><a href=\"https:\/\/www.rome-roma.net\/photos\/latium\/latium-viterbe-montefiascone-tuscania-norchia\/images\/viterbe_palazzodeipapi_9230.jpg\" rel=\"lightbox[a]\"><img loading=\"lazy\" src=\"https:\/\/www.rome-roma.net\/photos\/latium\/latium-viterbe-montefiascone-tuscania-norchia\/thumbnails\/viterbe_palazzodeipapi_9230.jpg\" alt=\"viterbe\" width=\"122\" height=\"85\" border=\"0\" \/><\/a><br \/>Il Palazzo Papale di Viterbo ospit\u00f2 nel XIII secolo poco pi\u00f9 di 20 anni i Papi, dopo Roma e prima di stabilirsi ad Avignone.<\/p>\n<h3>Piazza del sindaco<\/h3>\n<p><a href=\"https:\/\/www.rome-roma.net\/photos\/latium\/latium-viterbe-montefiascone-tuscania-norchia\/images\/viterbe_italie_9197.jpg\" rel=\"lightbox[a]\"><img loading=\"lazy\" src=\"https:\/\/www.rome-roma.net\/photos\/latium\/latium-viterbe-montefiascone-tuscania-norchia\/thumbnails\/viterbe_italie_9197.jpg\" alt=\"viterbe centre\" width=\"122\" height=\"85\" border=\"0\" \/><\/a><a href=\"https:\/\/www.rome-roma.net\/photos\/latium\/latium-viterbe-montefiascone-tuscania-norchia\/images\/viterbe_photo_9210.jpg\" rel=\"lightbox[a]\"><img loading=\"lazy\" src=\"https:\/\/www.rome-roma.net\/photos\/latium\/latium-viterbe-montefiascone-tuscania-norchia\/thumbnails\/viterbe_photo_9210.jpg\" alt=\"viterbe\" width=\"122\" height=\"85\" border=\"0\" \/><\/a><a href=\"https:\/\/www.rome-roma.net\/photos\/latium\/latium-viterbe-montefiascone-tuscania-norchia\/images\/viterbe_photo_9213.jpg\" rel=\"lightbox[a]\"><img loading=\"lazy\" src=\"https:\/\/www.rome-roma.net\/photos\/latium\/latium-viterbe-montefiascone-tuscania-norchia\/thumbnails\/viterbe_photo_9213.jpg\" alt=\"viterbe\" width=\"85\" height=\"122\" border=\"0\" \/><\/a><a href=\"https:\/\/www.rome-roma.net\/photos\/latium\/latium-viterbe-montefiascone-tuscania-norchia\/images\/viterbe_photo_9215.jpg\" rel=\"lightbox[a]\"><img loading=\"lazy\" src=\"https:\/\/www.rome-roma.net\/photos\/latium\/latium-viterbe-montefiascone-tuscania-norchia\/thumbnails\/viterbe_photo_9215.jpg\" alt=\"viterbe\" width=\"85\" height=\"122\" border=\"0\" \/><\/a><a href=\"https:\/\/www.rome-roma.net\/photos\/latium\/latium-viterbe-montefiascone-tuscania-norchia\/images\/viterbe_photo_9216.jpg\" rel=\"lightbox[a]\"><img loading=\"lazy\" src=\"https:\/\/www.rome-roma.net\/photos\/latium\/latium-viterbe-montefiascone-tuscania-norchia\/thumbnails\/viterbe_photo_9216.jpg\" alt=\"viterbe\" width=\"85\" height=\"122\" border=\"0\" \/><\/a><a href=\"https:\/\/www.rome-roma.net\/photos\/latium\/latium-viterbe-montefiascone-tuscania-norchia\/images\/viterbe_italie_9201.jpg\" rel=\"lightbox[a]\"><img loading=\"lazy\" src=\"https:\/\/www.rome-roma.net\/photos\/latium\/latium-viterbe-montefiascone-tuscania-norchia\/thumbnails\/viterbe_italie_9201.jpg\" alt=\"viterbe\" width=\"85\" height=\"122\" border=\"0\" \/><\/a><\/p>\n<h3>Quartiere medioevale di San Pellegrino<\/h3>\n<p><a href=\"https:\/\/www.rome-roma.net\/photos\/latium\/latium-viterbe-montefiascone-tuscania-norchia\/images\/viterbo_casa_medioevale_9204.jpg\" rel=\"lightbox[a]\"><img loading=\"lazy\" src=\"https:\/\/www.rome-roma.net\/photos\/latium\/latium-viterbe-montefiascone-tuscania-norchia\/thumbnails\/viterbo_casa_medioevale_9204.jpg\" alt=\"viterbe\" width=\"85\" height=\"122\" border=\"0\" \/><\/a><a href=\"https:\/\/www.rome-roma.net\/photos\/latium\/latium-viterbe-montefiascone-tuscania-norchia\/images\/viterbo_quartiere_medioevale_9247.jpg\" rel=\"lightbox[a]\"><img loading=\"lazy\" src=\"https:\/\/www.rome-roma.net\/photos\/latium\/latium-viterbe-montefiascone-tuscania-norchia\/thumbnails\/viterbo_quartiere_medioevale_9247.jpg\" alt=\"viterbe\" width=\"85\" height=\"122\" border=\"0\" \/><\/a><a href=\"https:\/\/www.rome-roma.net\/photos\/latium\/latium-viterbe-montefiascone-tuscania-norchia\/images\/viterbo_quartiere_medioevale_9250.jpg\" rel=\"lightbox[a]\"><img loading=\"lazy\" src=\"https:\/\/www.rome-roma.net\/photos\/latium\/latium-viterbe-montefiascone-tuscania-norchia\/thumbnails\/viterbo_quartiere_medioevale_9250.jpg\" alt=\"viterbe\" width=\"85\" height=\"122\" border=\"0\" \/><\/a><a href=\"https:\/\/www.rome-roma.net\/photos\/latium\/latium-viterbe-montefiascone-tuscania-norchia\/images\/viterbo_quartiere_medioevale_9258.jpg\" rel=\"lightbox[a]\"><img loading=\"lazy\" src=\"https:\/\/www.rome-roma.net\/photos\/latium\/latium-viterbe-montefiascone-tuscania-norchia\/thumbnails\/viterbo_quartiere_medioevale_9258.jpg\" alt=\"viterbe - quartier m\u00e9di\u00e9val\" width=\"85\" height=\"122\" border=\"0\" \/><\/a><a href=\"https:\/\/www.rome-roma.net\/photos\/latium\/latium-viterbe-montefiascone-tuscania-norchia\/images\/viterbo_quartiere_medioevale_9259.jpg\" rel=\"lightbox[a]\"><img loading=\"lazy\" src=\"https:\/\/www.rome-roma.net\/photos\/latium\/latium-viterbe-montefiascone-tuscania-norchia\/thumbnails\/viterbo_quartiere_medioevale_9259.jpg\" alt=\"viterbe\" width=\"85\" height=\"122\" border=\"0\" \/><\/a><a href=\"https:\/\/www.rome-roma.net\/photos\/latium\/latium-viterbe-montefiascone-tuscania-norchia\/images\/viterbo_quartiere_medioevale_9260.jpg\" rel=\"lightbox[a]\"><img loading=\"lazy\" src=\"https:\/\/www.rome-roma.net\/photos\/latium\/latium-viterbe-montefiascone-tuscania-norchia\/thumbnails\/viterbo_quartiere_medioevale_9260.jpg\" alt=\"viterbe\" width=\"85\" height=\"122\" border=\"0\" \/><\/a><a href=\"https:\/\/www.rome-roma.net\/photos\/latium\/latium-viterbe-montefiascone-tuscania-norchia\/images\/viterbo_quartiere_medioevale_9265.jpg\" rel=\"lightbox[a]\"><img loading=\"lazy\" src=\"https:\/\/www.rome-roma.net\/photos\/latium\/latium-viterbe-montefiascone-tuscania-norchia\/thumbnails\/viterbo_quartiere_medioevale_9265.jpg\" alt=\"viterbe\" width=\"85\" height=\"122\" border=\"0\" \/><\/a><a href=\"https:\/\/www.rome-roma.net\/photos\/latium\/latium-viterbe-montefiascone-tuscania-norchia\/images\/viterbo_quartiere_medioevale_9267.jpg\" rel=\"lightbox[a]\"><img loading=\"lazy\" src=\"https:\/\/www.rome-roma.net\/photos\/latium\/latium-viterbe-montefiascone-tuscania-norchia\/thumbnails\/viterbo_quartiere_medioevale_9267.jpg\" alt=\"viterbe\" width=\"85\" height=\"122\" border=\"0\" \/><\/a><a href=\"https:\/\/www.rome-roma.net\/photos\/latium\/latium-viterbe-montefiascone-tuscania-norchia\/images\/viterbo_quartiere_medioevale_9269.jpg\" rel=\"lightbox[a]\"><img loading=\"lazy\" src=\"https:\/\/www.rome-roma.net\/photos\/latium\/latium-viterbe-montefiascone-tuscania-norchia\/thumbnails\/viterbo_quartiere_medioevale_9269.jpg\" alt=\"viterbe\" width=\"85\" height=\"122\" border=\"0\" \/><\/a><\/p>\n<p><a href=\"https:\/\/www.rome-roma.net\/photos\/latium\/latium-viterbe-montefiascone-tuscania-norchia\/images\/viterbe_photo_9217.jpg\" rel=\"lightbox[a]\"><img loading=\"lazy\" src=\"https:\/\/www.rome-roma.net\/photos\/latium\/latium-viterbe-montefiascone-tuscania-norchia\/thumbnails\/viterbe_photo_9217.jpg\" alt=\"viterbe\" width=\"122\" height=\"85\" border=\"0\" \/><\/a><a href=\"https:\/\/www.rome-roma.net\/photos\/latium\/latium-viterbe-montefiascone-tuscania-norchia\/images\/viterbo_quartiere_medioevale_9262.jpg\" rel=\"lightbox[a]\"><img loading=\"lazy\" src=\"https:\/\/www.rome-roma.net\/photos\/latium\/latium-viterbe-montefiascone-tuscania-norchia\/thumbnails\/viterbo_quartiere_medioevale_9262.jpg\" alt=\"viterbe - quartier m\u00e9di\u00e9val\" width=\"122\" height=\"85\" border=\"0\" \/><\/a><\/p>\n<p><a href=\"https:\/\/www.rome-roma.net\/photos\/latium\/latium-viterbe-montefiascone-tuscania-norchia\/images\/viterbo_mura_9208.jpg\" rel=\"lightbox[a]\"><img loading=\"lazy\" src=\"https:\/\/www.rome-roma.net\/photos\/latium\/latium-viterbe-montefiascone-tuscania-norchia\/thumbnails\/viterbo_mura_9208.jpg\" alt=\"viterbe - murs\" width=\"122\" height=\"85\" border=\"0\" \/><\/a> Recinto di Viterbo<\/p>\n\n","protected":false},"excerpt":{"rendered":"<p>Viterbo \u00e8 la capitale della Tuschia, una regione nel nord del Lazio, a circa 80 km da Roma.Conserva uno dei centri storici medioevali meglio conservati in Italia, con molte ricchezze architettoniche e artistiche, chiese, piazze, palazzi e torri.\u00c8 anche noto per le sue terme, e in particolare per la Macchina di Santa Rosa, un baldacchino [&hellip;]<\/p>\n","protected":false},"featured_media":0,"parent":0,"menu_order":0,"comment_status":"open","ping_status":"open","template":"","format":"standard","meta":{"kt_blocks_editor_width":"","_links_to":"","_links_to_target":""},"genre":[283,272],"interet":[287],"quartier":[297],"categorie_site":[361],"quartier_historique":[],"etiquettes_site":[],"acf":[],"yoast_head":"<!-- This site is optimized with the Yoast SEO plugin v17.4 - https:\/\/yoast.com\/wordpress\/plugins\/seo\/ -->\n<title>Viterbo &ndash; Rome-Roma<\/title>\n<meta name=\"description\" content=\"Scoperta di Viterbo, a nord di Roma, nota per le sue terme, il suo Palazzo dei Papi e il suo centro storico, quartiere San Pellegrino medievale. Informazioni e turismo nel Lazio.\" \/>\n<meta name=\"robots\" content=\"index, follow, max-snippet:-1, max-image-preview:large, max-video-preview:-1\" \/>\n<link rel=\"canonical\" href=\"https:\/\/www.rome-roma.net\/it\/viterbo-nel-lazio\/\" \/>\n<meta property=\"og:locale\" content=\"it_IT\" \/>\n<meta property=\"og:type\" content=\"article\" \/>\n<meta property=\"og:title\" content=\"Viterbo &ndash; Rome-Roma\" \/>\n<meta property=\"og:description\" content=\"Scoperta di Viterbo, a nord di Roma, nota per le sue terme, il suo Palazzo dei Papi e il suo centro storico, quartiere San Pellegrino medievale. Informazioni e turismo nel Lazio.\" \/>\n<meta property=\"og:url\" content=\"https:\/\/www.rome-roma.net\/it\/viterbo-nel-lazio\/\" \/>\n<meta property=\"og:site_name\" content=\"Rome-Roma\" \/>\n<meta property=\"article:modified_time\" content=\"2024-12-18T21:14:51+00:00\" \/>\n<meta property=\"og:image\" content=\"https:\/\/www.rome-roma.net\/photos\/latium\/latium-viterbe-montefiascone-tuscania-norchia\/images\/viterbo_quartiere_medioevale_9262.jpg\" \/>\n<meta name=\"twitter:card\" content=\"summary_large_image\" \/>\n<meta name=\"twitter:label1\" content=\"Tempo di lettura stimato\" \/>\n\t<meta name=\"twitter:data1\" content=\"18 minuti\" \/>\n<script type=\"application\/ld+json\" class=\"yoast-schema-graph\">{\"@context\":\"https:\/\/schema.org\",\"@graph\":[{\"@type\":\"Organization\",\"@id\":\"https:\/\/www.rome-roma.net\/it\/#organization\",\"name\":\"Rome-Roma\",\"url\":\"https:\/\/www.rome-roma.net\/it\/\",\"sameAs\":[],\"logo\":{\"@type\":\"ImageObject\",\"@id\":\"https:\/\/www.rome-roma.net\/it\/#logo\",\"inLanguage\":\"it-IT\",\"url\":\"https:\/\/www.rome-roma.net\/wp-content\/uploads\/2025\/07\/logo-rome-roma-420.jpg\",\"contentUrl\":\"https:\/\/www.rome-roma.net\/wp-content\/uploads\/2025\/07\/logo-rome-roma-420.jpg\",\"width\":420,\"height\":420,\"caption\":\"Rome-Roma\"},\"image\":{\"@id\":\"https:\/\/www.rome-roma.net\/it\/#logo\"}},{\"@type\":\"WebSite\",\"@id\":\"https:\/\/www.rome-roma.net\/it\/#website\",\"url\":\"https:\/\/www.rome-roma.net\/it\/\",\"name\":\"Rome-Roma\",\"description\":\"Cultura & Viaggio\",\"publisher\":{\"@id\":\"https:\/\/www.rome-roma.net\/it\/#organization\"},\"potentialAction\":[{\"@type\":\"SearchAction\",\"target\":{\"@type\":\"EntryPoint\",\"urlTemplate\":\"https:\/\/www.rome-roma.net\/it\/?s={search_term_string}\"},\"query-input\":\"required name=search_term_string\"}],\"inLanguage\":\"it-IT\"},{\"@type\":\"ImageObject\",\"@id\":\"https:\/\/www.rome-roma.net\/it\/viterbo-nel-lazio\/#primaryimage\",\"inLanguage\":\"it-IT\",\"url\":\"https:\/\/www.rome-roma.net\/photos\/latium\/latium-viterbe-montefiascone-tuscania-norchia\/images\/viterbo_quartiere_medioevale_9262.jpg\",\"contentUrl\":\"https:\/\/www.rome-roma.net\/photos\/latium\/latium-viterbe-montefiascone-tuscania-norchia\/images\/viterbo_quartiere_medioevale_9262.jpg\"},{\"@type\":\"WebPage\",\"@id\":\"https:\/\/www.rome-roma.net\/it\/viterbo-nel-lazio\/#webpage\",\"url\":\"https:\/\/www.rome-roma.net\/it\/viterbo-nel-lazio\/\",\"name\":\"Viterbo &ndash; Rome-Roma\",\"isPartOf\":{\"@id\":\"https:\/\/www.rome-roma.net\/it\/#website\"},\"primaryImageOfPage\":{\"@id\":\"https:\/\/www.rome-roma.net\/it\/viterbo-nel-lazio\/#primaryimage\"},\"datePublished\":\"2020-01-31T17:04:26+00:00\",\"dateModified\":\"2024-12-18T21:14:51+00:00\",\"description\":\"Scoperta di Viterbo, a nord di Roma, nota per le sue terme, il suo Palazzo dei Papi e il suo centro storico, quartiere San Pellegrino medievale. Informazioni e turismo nel Lazio.\",\"breadcrumb\":{\"@id\":\"https:\/\/www.rome-roma.net\/it\/viterbo-nel-lazio\/#breadcrumb\"},\"inLanguage\":\"it-IT\",\"potentialAction\":[{\"@type\":\"ReadAction\",\"target\":[\"https:\/\/www.rome-roma.net\/it\/viterbo-nel-lazio\/\"]}]},{\"@type\":\"BreadcrumbList\",\"@id\":\"https:\/\/www.rome-roma.net\/it\/viterbo-nel-lazio\/#breadcrumb\",\"itemListElement\":[{\"@type\":\"ListItem\",\"position\":1,\"name\":\"Accueil\",\"item\":\"https:\/\/www.rome-roma.net\/it\/\"},{\"@type\":\"ListItem\",\"position\":2,\"name\":\"Viterbo\"}]}]}<\/script>\n<!-- \/ Yoast SEO plugin. -->","yoast_head_json":{"title":"Viterbo &ndash; Rome-Roma","description":"Scoperta di Viterbo, a nord di Roma, nota per le sue terme, il suo Palazzo dei Papi e il suo centro storico, quartiere San Pellegrino medievale. Informazioni e turismo nel Lazio.","robots":{"index":"index","follow":"follow","max-snippet":"max-snippet:-1","max-image-preview":"max-image-preview:large","max-video-preview":"max-video-preview:-1"},"canonical":"https:\/\/www.rome-roma.net\/it\/viterbo-nel-lazio\/","og_locale":"it_IT","og_type":"article","og_title":"Viterbo &ndash; Rome-Roma","og_description":"Scoperta di Viterbo, a nord di Roma, nota per le sue terme, il suo Palazzo dei Papi e il suo centro storico, quartiere San Pellegrino medievale. Informazioni e turismo nel Lazio.","og_url":"https:\/\/www.rome-roma.net\/it\/viterbo-nel-lazio\/","og_site_name":"Rome-Roma","article_modified_time":"2024-12-18T21:14:51+00:00","og_image":[{"url":"https:\/\/www.rome-roma.net\/photos\/latium\/latium-viterbe-montefiascone-tuscania-norchia\/images\/viterbo_quartiere_medioevale_9262.jpg"}],"twitter_card":"summary_large_image","twitter_misc":{"Tempo di lettura stimato":"18 minuti"},"schema":{"@context":"https:\/\/schema.org","@graph":[{"@type":"Organization","@id":"https:\/\/www.rome-roma.net\/it\/#organization","name":"Rome-Roma","url":"https:\/\/www.rome-roma.net\/it\/","sameAs":[],"logo":{"@type":"ImageObject","@id":"https:\/\/www.rome-roma.net\/it\/#logo","inLanguage":"it-IT","url":"https:\/\/www.rome-roma.net\/wp-content\/uploads\/2025\/07\/logo-rome-roma-420.jpg","contentUrl":"https:\/\/www.rome-roma.net\/wp-content\/uploads\/2025\/07\/logo-rome-roma-420.jpg","width":420,"height":420,"caption":"Rome-Roma"},"image":{"@id":"https:\/\/www.rome-roma.net\/it\/#logo"}},{"@type":"WebSite","@id":"https:\/\/www.rome-roma.net\/it\/#website","url":"https:\/\/www.rome-roma.net\/it\/","name":"Rome-Roma","description":"Cultura & Viaggio","publisher":{"@id":"https:\/\/www.rome-roma.net\/it\/#organization"},"potentialAction":[{"@type":"SearchAction","target":{"@type":"EntryPoint","urlTemplate":"https:\/\/www.rome-roma.net\/it\/?s={search_term_string}"},"query-input":"required name=search_term_string"}],"inLanguage":"it-IT"},{"@type":"ImageObject","@id":"https:\/\/www.rome-roma.net\/it\/viterbo-nel-lazio\/#primaryimage","inLanguage":"it-IT","url":"https:\/\/www.rome-roma.net\/photos\/latium\/latium-viterbe-montefiascone-tuscania-norchia\/images\/viterbo_quartiere_medioevale_9262.jpg","contentUrl":"https:\/\/www.rome-roma.net\/photos\/latium\/latium-viterbe-montefiascone-tuscania-norchia\/images\/viterbo_quartiere_medioevale_9262.jpg"},{"@type":"WebPage","@id":"https:\/\/www.rome-roma.net\/it\/viterbo-nel-lazio\/#webpage","url":"https:\/\/www.rome-roma.net\/it\/viterbo-nel-lazio\/","name":"Viterbo &ndash; Rome-Roma","isPartOf":{"@id":"https:\/\/www.rome-roma.net\/it\/#website"},"primaryImageOfPage":{"@id":"https:\/\/www.rome-roma.net\/it\/viterbo-nel-lazio\/#primaryimage"},"datePublished":"2020-01-31T17:04:26+00:00","dateModified":"2024-12-18T21:14:51+00:00","description":"Scoperta di Viterbo, a nord di Roma, nota per le sue terme, il suo Palazzo dei Papi e il suo centro storico, quartiere San Pellegrino medievale. Informazioni e turismo nel Lazio.","breadcrumb":{"@id":"https:\/\/www.rome-roma.net\/it\/viterbo-nel-lazio\/#breadcrumb"},"inLanguage":"it-IT","potentialAction":[{"@type":"ReadAction","target":["https:\/\/www.rome-roma.net\/it\/viterbo-nel-lazio\/"]}]},{"@type":"BreadcrumbList","@id":"https:\/\/www.rome-roma.net\/it\/viterbo-nel-lazio\/#breadcrumb","itemListElement":[{"@type":"ListItem","position":1,"name":"Accueil","item":"https:\/\/www.rome-roma.net\/it\/"},{"@type":"ListItem","position":2,"name":"Viterbo"}]}]}},"acf_fields":{"nom_monument":null,"wikidata":"Q13395","sameas":null},"_links":{"self":[{"href":"https:\/\/www.rome-roma.net\/it\/wp-json\/wp\/v2\/site\/5762"}],"collection":[{"href":"https:\/\/www.rome-roma.net\/it\/wp-json\/wp\/v2\/site"}],"about":[{"href":"https:\/\/www.rome-roma.net\/it\/wp-json\/wp\/v2\/types\/site"}],"replies":[{"embeddable":true,"href":"https:\/\/www.rome-roma.net\/it\/wp-json\/wp\/v2\/comments?post=5762"}],"wp:attachment":[{"href":"https:\/\/www.rome-roma.net\/it\/wp-json\/wp\/v2\/media?parent=5762"}],"wp:term":[{"taxonomy":"genre","embeddable":true,"href":"https:\/\/www.rome-roma.net\/it\/wp-json\/wp\/v2\/genre?post=5762"},{"taxonomy":"interet","embeddable":true,"href":"https:\/\/www.rome-roma.net\/it\/wp-json\/wp\/v2\/interet?post=5762"},{"taxonomy":"quartier","embeddable":true,"href":"https:\/\/www.rome-roma.net\/it\/wp-json\/wp\/v2\/quartier?post=5762"},{"taxonomy":"categorie_site","embeddable":true,"href":"https:\/\/www.rome-roma.net\/it\/wp-json\/wp\/v2\/categorie_site?post=5762"},{"taxonomy":"quartier_historique","embeddable":true,"href":"https:\/\/www.rome-roma.net\/it\/wp-json\/wp\/v2\/quartier_historique?post=5762"},{"taxonomy":"etiquettes_site","embeddable":true,"href":"https:\/\/www.rome-roma.net\/it\/wp-json\/wp\/v2\/etiquettes_site?post=5762"}],"curies":[{"name":"wp","href":"https:\/\/api.w.org\/{rel}","templated":true}]}}