


{"id":5794,"date":"2020-01-15T18:27:14","date_gmt":"2020-01-15T17:27:14","guid":{"rendered":"https:\/\/www.rome-roma.net\/site\/place-d-espagne-piazza-di-spagna\/"},"modified":"2025-07-31T21:59:01","modified_gmt":"2025-07-31T19:59:01","slug":"piazza-di-spagna","status":"publish","type":"site","link":"https:\/\/www.rome-roma.net\/it\/piazza-di-spagna\/","title":{"rendered":"Piazza di Spagna"},"content":{"rendered":"<div id=\"attachment_10477\" style=\"width: 310px\" class=\"wp-caption alignright\"><a href=\"https:\/\/www.rome-roma.net\/wp-content\/uploads\/2020\/01\/place-d-espagne-escaliers-rome_9709.jpg\"><img aria-describedby=\"caption-attachment-10477\" loading=\"lazy\" class=\"wp-image-10477\" src=\"https:\/\/www.rome-roma.net\/wp-content\/uploads\/2020\/01\/place-d-espagne-escaliers-rome_9709-1024x683.jpg\" alt=\"place-d-espagne-escaliers-rome_9709\" width=\"300\" height=\"200\" srcset=\"https:\/\/www.rome-roma.net\/wp-content\/uploads\/2020\/01\/place-d-espagne-escaliers-rome_9709-1024x683.jpg 1024w, https:\/\/www.rome-roma.net\/wp-content\/uploads\/2020\/01\/place-d-espagne-escaliers-rome_9709-300x200.jpg 300w, https:\/\/www.rome-roma.net\/wp-content\/uploads\/2020\/01\/place-d-espagne-escaliers-rome_9709-768x512.jpg 768w, https:\/\/www.rome-roma.net\/wp-content\/uploads\/2020\/01\/place-d-espagne-escaliers-rome_9709.jpg 1200w\" sizes=\"(max-width: 300px) 100vw, 300px\" \/><\/a><p id=\"caption-attachment-10477\" class=\"wp-caption-text\">Piazza di Spagna e fontana della Barcaccia<\/p><\/div>\n<p>In un quartiere elegante del Rione Colonna, la <strong>Piazza di Spagna di Roma<\/strong> (\u201cPiazza di Spagna\u201d in italiano) \u00e8 una delle piazze pi\u00f9 famose di Roma e la pi\u00f9 originale per la sua forma poco comune.<br \/>Si caratterizza per la grande scalinata barocca della Trinit\u00e0 dei Monti, un vero monumento ascendente dalla fontana della Barcaccia fino all\u2019obelisco e alla graziosa chiesa con le sue due torri gemelle.<\/p>\n<p>La piazza si chiamava Piazza di Francia (<em>Place de France<\/em>) nel XVII secolo. Poi assunse il nome di Piazza di Spagna a causa della presenza storica dell\u2019ambasciata di Spagna presso la Santa Sede.<br \/>Le vie vicine sono note per ospitare numerose boutique di lusso e antiquari, come via Condotti, via Frattina o via del Babuino.<\/p>\n<table style=\"margin-bottom: 0rem;\"><tbody><tr style=\"background-color:#fcfaf7; \" \r\n    onmouseover=\"this.style.backgroundColor='#f7dbb8';\" \r\n    onmouseout=\"this.style.backgroundColor='#fcfaf7';\"><td style=\"width:70px;\"><a href=\"https:\/\/www.getyourguide.it\/rome-l33\/rome-de-nuit-piazza-di-spagna-trevi-navona-et-pantheon-t459815\/?partner_id=DLYVAO3&#038;utm_medium=online_publisher\" target=\"_blank\" rel=\"nofollow noopener\"><img style=\"display:inline;vertical-align:middle;padding:5px;\" src=\"https:\/\/www.rome-roma.net\/images\/icones\/icone-tickets2.png\" alt=\"icona biglietti visita\" title=\"Biglietti per visitare la Piazza di Spagna\" width=\"50\"><\/a><\/td><td style=\"vertical-align:middle;text-align:left;\"><a href=\"https:\/\/www.getyourguide.it\/rome-l33\/rome-de-nuit-piazza-di-spagna-trevi-navona-et-pantheon-t459815\/?partner_id=DLYVAO3&#038;utm_medium=online_publisher\" target=\"_blank\" rel=\"nofollow noopener\">Biglietti per visitare la Piazza di Spagna<\/a><\/td><\/tr><tr style=\"background-color:#ffffff; \" \r\n    onmouseover=\"this.style.backgroundColor='#f7dbb8';\" \r\n    onmouseout=\"this.style.backgroundColor='#ffffff';\"><td style=\"width:70px;\"><a href=\"https:\/\/www.booking.com\/searchresults.it.html?aid=308344;label=headerlandmark;landmark=1091;group_adults=2;no_rooms=1;group_children=0;nflt=review_score=80%3Bdistance=1000\" target=\"_blank\" rel=\"nofollow noopener\"><img style=\"display:inline;vertical-align:middle;padding:5px;\" src=\"https:\/\/www.rome-roma.net\/images\/icones\/icone-hotel22.png\" alt=\"icona alberghi\" title=\"Alberghi, camere e appartamenti vicino al monumento\" width=\"50\"><\/a><\/td><td style=\"vertical-align:middle;text-align:left;\"><a href=\"https:\/\/www.booking.com\/searchresults.it.html?aid=308344;label=headerlandmark;landmark=1091;group_adults=2;no_rooms=1;group_children=0;nflt=review_score=80%3Bdistance=1000\" target=\"_blank\" rel=\"nofollow noopener\">Alberghi, camere e appartamenti vicino al monumento<\/a><\/td><\/tr><\/tbody><\/table>\n<h2>La piazza, la scalinata e i monumenti<\/h2>\n<h3>La fontana della Barcaccia<\/h3>\n<div id=\"attachment_10492\" style=\"width: 310px\" class=\"wp-caption alignright\"><a href=\"https:\/\/www.rome-roma.net\/wp-content\/uploads\/2020\/01\/place-d-espagne-fontaine-de-la-barcaccia-rome_9705.jpg\"><img aria-describedby=\"caption-attachment-10492\" loading=\"lazy\" class=\"size-medium wp-image-10492\" src=\"https:\/\/www.rome-roma.net\/wp-content\/uploads\/2020\/01\/place-d-espagne-fontaine-de-la-barcaccia-rome_9705-300x200.jpg\" alt=\"place-d-espagne-fontaine-de-la-barcaccia-rome_9705\" width=\"300\" height=\"200\" srcset=\"https:\/\/www.rome-roma.net\/wp-content\/uploads\/2020\/01\/place-d-espagne-fontaine-de-la-barcaccia-rome_9705-300x200.jpg 300w, https:\/\/www.rome-roma.net\/wp-content\/uploads\/2020\/01\/place-d-espagne-fontaine-de-la-barcaccia-rome_9705-1024x683.jpg 1024w, https:\/\/www.rome-roma.net\/wp-content\/uploads\/2020\/01\/place-d-espagne-fontaine-de-la-barcaccia-rome_9705-768x512.jpg 768w, https:\/\/www.rome-roma.net\/wp-content\/uploads\/2020\/01\/place-d-espagne-fontaine-de-la-barcaccia-rome_9705.jpg 1200w\" sizes=\"(max-width: 300px) 100vw, 300px\" \/><\/a><p id=\"caption-attachment-10492\" class=\"wp-caption-text\">Fontana della Barcaccia<\/p><\/div>\n<p>Al centro della piazza, la celebre <strong>Fontana della Barcaccia<\/strong> (1629) risale agli inizi del periodo barocco. Fu scolpita da <strong>Pietro Bernini<\/strong> e da suo figlio Gian Lorenzo, detto <strong>il Bernini<\/strong>.<\/p>\n<h3>La scalinata monumentale<\/h3>\n<p>La <strong>scalinata monumentale<\/strong> di 136 gradini, in stile tardo barocco, fu commissionata dal cardinale francese <strong>Pierre Gu\u00e9rin de Tencin<\/strong>, allo scopo di collegare l\u2019ambasciata spagnola alla chiesa della <strong><a href=\"https:\/\/www.rome-roma.net\/trinite-des-monts\/\">Trinit\u00e0 dei Monti<\/a><\/strong>. Con finanziamenti francesi, la realizzazione fu affidata ad <strong>Alessandro Specchi<\/strong> e a <strong>Francesco De Sanctis<\/strong>.<br \/>La sua inaugurazione da parte di papa Benedetto XIII in occasione del giubileo del 1725 fu il risultato di generazioni di dibattiti su come sistemare il pendio del colle Pincio.<br \/>Questa grande scalinata in marmo, suddivisa in tre parti, \u00e8 ornata da numerose terrazze che in primavera sono splendidamente decorate con una moltitudine di fiori. \u00c8 stata progettata in modo che, avvicinandosi, l\u2019effetto scenico progredisca con varie prospettive.<\/p>\n<h3>La casa di John Keats e il Salone da t\u00e8<\/h3>\n<p>A destra della scalinata si trova la casa del poeta inglese <strong>John Keats<\/strong>, la <em>Casina Rossa<\/em>, dove visse e mor\u00ec nel 1821. \u00c8 stata trasformata in un museo dedicato alla sua memoria e a quella di Percy Bysshe Shelley.<br \/>A sinistra della scalinata, il salon da t\u00e8 di <strong>Babington<\/strong> fu fondato nel 1893 da due inglesi. \u00c8 il salone da t\u00e8 pi\u00f9 antico della citt\u00e0.<\/p>\n<h3>L\u2019obelisco Sallustiano e la Trinit\u00e0 dei Monti<\/h3>\n<div id=\"attachment_10517\" style=\"width: 210px\" class=\"wp-caption alignleft\"><a href=\"https:\/\/www.rome-roma.net\/wp-content\/uploads\/2020\/01\/escaliers-place-d-espagne-rome_1720.jpg\"><img aria-describedby=\"caption-attachment-10517\" loading=\"lazy\" class=\"size-medium wp-image-10517\" src=\"https:\/\/www.rome-roma.net\/wp-content\/uploads\/2020\/01\/escaliers-place-d-espagne-rome_1720-200x300.jpg\" alt=\"escaliers-place-d-espagne-rome_1720\" width=\"200\" height=\"300\" srcset=\"https:\/\/www.rome-roma.net\/wp-content\/uploads\/2020\/01\/escaliers-place-d-espagne-rome_1720-200x300.jpg 200w, https:\/\/www.rome-roma.net\/wp-content\/uploads\/2020\/01\/escaliers-place-d-espagne-rome_1720-683x1024.jpg 683w, https:\/\/www.rome-roma.net\/wp-content\/uploads\/2020\/01\/escaliers-place-d-espagne-rome_1720-768x1152.jpg 768w, https:\/\/www.rome-roma.net\/wp-content\/uploads\/2020\/01\/escaliers-place-d-espagne-rome_1720.jpg 800w\" sizes=\"(max-width: 200px) 100vw, 200px\" \/><\/a><p id=\"caption-attachment-10517\" class=\"wp-caption-text\">Scale di Piazza di Spagna<\/p><\/div>\n<p>Davanti alla chiesa francese della <a href=\"https:\/\/www.rome-roma.net\/trinite-des-monts\/\"><strong>Trinit\u00e0 dei Monti<\/strong><\/a> (costruita nel XVI secolo e restaurata nel XIX), si gode di una bella vista sulla citt\u00e0 in cima ai gradini. L\u2019<strong>obelisco Sallustiano<\/strong> si erge qui, monolite egizio di quasi 14 metri di altezza, portato dall\u2019Egitto a Roma poco dopo l\u2019epoca di Augusto, in granito rosso delle cave di Assuan. I geroglifici sembrano essere stati copiati a Roma, verso il 200 d.C., piuttosto maldestramente da quelli dell\u2019obelisco di Ramses II installato sulla spina del Circo Massimo, con i nomi di Seti I e Ramses II. Originariamente era eretto nei giardini di Sallustio, poco pi\u00f9 sopra sul colle Pincio.<\/p>\n<p>L\u2019interno della chiesa \u00e8 ornato da una decorazione sontuosa di <strong>Daniele de Volterra<\/strong>, un discepolo di Michelangelo. Vicino alla chiesa si estende il giardino della <a href=\"https:\/\/www.rome-roma.net\/villa-medicis\/\"><strong>Villa Medici<\/strong><\/a>, oggi sede dell\u2019Accademia di Francia a Roma. Questo palazzo fu realizzato nel 1570 da Ammannati, architetto della famiglia fiorentina dei Medici.<\/p>\n<h3>Lato orientale della piazza<\/h3>\n<p>Lato via Frattina il <a href=\"https:\/\/www.rome-roma.net\/palais-de-propaganda-fide\/\"><strong>Palazzo di Propaganda Fide<\/strong><\/a> (<em>Palazzo della Propagazione della Fede<\/em>) \u00e8 una propriet\u00e0 della Santa Sede, costruito a partire dal 1644. La facciata principale fu disegnata da <strong>il Bernini<\/strong>, mentre la facciata laterale \u00e8 di <strong>Borromini<\/strong>.<\/p>\n<div id=\"attachment_10512\" style=\"width: 210px\" class=\"wp-caption alignright\"><a href=\"https:\/\/www.rome-roma.net\/wp-content\/uploads\/2020\/01\/colonne-de-l-immaculee-conception-rome_1718.jpg\"><img aria-describedby=\"caption-attachment-10512\" loading=\"lazy\" class=\"wp-image-10512 size-medium\" src=\"https:\/\/www.rome-roma.net\/wp-content\/uploads\/2020\/01\/colonne-de-l-immaculee-conception-rome_1718-200x300.jpg\" alt=\"colonne-de-l-immaculee-conception-rome_1718\" width=\"200\" height=\"300\" srcset=\"https:\/\/www.rome-roma.net\/wp-content\/uploads\/2020\/01\/colonne-de-l-immaculee-conception-rome_1718-200x300.jpg 200w, https:\/\/www.rome-roma.net\/wp-content\/uploads\/2020\/01\/colonne-de-l-immaculee-conception-rome_1718-683x1024.jpg 683w, https:\/\/www.rome-roma.net\/wp-content\/uploads\/2020\/01\/colonne-de-l-immaculee-conception-rome_1718-768x1152.jpg 768w, https:\/\/www.rome-roma.net\/wp-content\/uploads\/2020\/01\/colonne-de-l-immaculee-conception-rome_1718.jpg 800w\" sizes=\"(max-width: 200px) 100vw, 200px\" \/><\/a><p id=\"caption-attachment-10512\" class=\"wp-caption-text\">Colonna dell\u2019Immacolata Concezione<\/p><\/div>\n<p>Di fronte a quest\u2019ultimo s\u2019innalza la <a href=\"https:\/\/www.rome-roma.net\/colonne-immaculee-conception\/\"><strong>Colonna dell\u2019Immacolata Concezione<\/strong><\/a>, inaugurata l\u20198 dicembre 1857.<br \/>Ogni 8 dicembre dal 1923, i pompieri di Roma offrono in occasione della festa dell\u2019Immacolata Concezione una corona di fiori alla Madonna. Inoltre, dal 1953 il papa assiste regolarmente a questa cerimonia, diventata una delle celebrazioni religiose pi\u00f9 popolari a Roma, con una messa officiata dal Papa.<\/p>\n<h2>Panoramica storica<\/h2>\n<p>Nel 1494, <strong>San Francesco di Paola<\/strong> acquist\u00f2 un vigneto in cima all\u2019attuale scalinata monumentale, con il sostegno del re Carlo VIII di Francia, con l\u2019intento di costruirvi un monastero per i Frati Minimi.<br \/>Una prima parte della chiesa gotica della <a href=\"https:\/\/www.rome-roma.net\/trinite-des-monts\/\"><strong>Trinit\u00e0 dei Monti<\/strong><\/a> fu costruita dal 1502 al 1519 dal re francese Luigi XII, accanto al monastero. Fu completata successivamente dagli architetti <strong>Giacomo della Porta<\/strong> e <strong>Carlo Maderno<\/strong>.<\/p>\n<p>Nel 1620 la piazza divenne propriet\u00e0 della Spagna che vi install\u00f2 la sua ambasciata presso la Santa Sede.<br \/>Nel 1629 la <strong>Fontana della Barcaccia<\/strong> fu realizzata dallo scultore <strong>Pietro Bernini<\/strong> (il padre di Gian Lorenzo Bernini, il Bernini).<br \/>A partire dal 1644, il <strong>Palazzo di Propaganda Fide<\/strong> (<em>Palazzo della Propagazione della Fede<\/em>) fu costruito sul lato sud della piazza da <strong>il Bernini<\/strong> e <strong>Francesco Borromini<\/strong>. Questi luoghi ospitano dal 1622 la sede della Congregazione per l\u2019evangelizzazione dei popoli della Curia romana.<br \/>All\u2019inizio del XVIII secolo, il quartiere divenne turistico-alberghiero, con numerosi hotel e locande per accogliere gli stranieri.<br \/>Tra il 1723 e il 1726 fu costruita la \u201cscalinata\u201d, la scalinata monumentale, su iniziativa del cardinale francese <strong>Pierre Gu\u00e9rin de Tencin<\/strong>, dall\u2019architetto <strong>Francesco De Sanctis<\/strong>, e inaugurata dal papa <strong>Benedetto XIII<\/strong> in occasione del giubileo del 1725.<br \/>Nel 1789 l\u2019obelisco dei Giardini di Sallustio (<em>Horti Sallustiani<\/em>) fu trasferito davanti alla chiesa della Trinit\u00e0 dei Monti.<br \/>La <strong>Colonna dell\u2019Immacolata Concezione<\/strong> fu eretta verso sud nel 1854 da papa Pio IX, sulla piazza Mignanelli adiacente a Piazza di Spagna.<br \/>Nel XIX secolo il poeta britannico John Keats visse fino alla sua morte nel 1821 nella <strong>Casina Rossa<\/strong>, a destra della scalinata.<br \/>Nel 1834 gli Ospitalieri di San Giovanni di Gerusalemme, di Rodi e di Malta vi stabilirono la loro sede internazionale, al n.\u202f68 di via Condotti.<br \/>Nel 1893 due inglesi fondarono il <strong>Babington&#8217;s tea room<\/strong>.<\/p>\n<h2>Galleria fotografica<\/h2>\n\n\n<figure class=\"wp-container-3 wp-block-gallery-2 wp-block-gallery has-nested-images columns-4 is-cropped\">\n<figure class=\"wp-block-image size-medium\"><a href=\"https:\/\/www.rome-roma.net\/wp-content\/uploads\/2020\/01\/piazza-di-spagna-roma_1705.jpg\"><img loading=\"lazy\" width=\"300\" height=\"200\" data-id=\"10522\"  src=\"https:\/\/www.rome-roma.net\/wp-content\/uploads\/2020\/01\/piazza-di-spagna-roma_1705-300x200.jpg\" alt=\"piazza-di-spagna-roma-1705\" class=\"wp-image-10522\" srcset=\"https:\/\/www.rome-roma.net\/wp-content\/uploads\/2020\/01\/piazza-di-spagna-roma_1705-300x200.jpg 300w, https:\/\/www.rome-roma.net\/wp-content\/uploads\/2020\/01\/piazza-di-spagna-roma_1705-1024x683.jpg 1024w, https:\/\/www.rome-roma.net\/wp-content\/uploads\/2020\/01\/piazza-di-spagna-roma_1705-768x512.jpg 768w, https:\/\/www.rome-roma.net\/wp-content\/uploads\/2020\/01\/piazza-di-spagna-roma_1705.jpg 1200w\" sizes=\"(max-width: 300px) 100vw, 300px\" \/><\/a><figcaption> La trinit\u00e0 dei monti e la scalinata<\/figcaption><\/figure>\n\n\n\n<figure class=\"wp-block-image size-medium\"><a href=\"https:\/\/www.rome-roma.net\/wp-content\/uploads\/2020\/01\/place-d-espagne-fontaine-de-la-barcaccia-rome_1704.jpg\"><img loading=\"lazy\" width=\"300\" height=\"200\" data-id=\"10547\"  src=\"https:\/\/www.rome-roma.net\/wp-content\/uploads\/2020\/01\/place-d-espagne-fontaine-de-la-barcaccia-rome_1704-300x200.jpg\" alt=\"Piazza di Spagna e Fontana della Barcaccia a Roma\" class=\"wp-image-10547\" srcset=\"https:\/\/www.rome-roma.net\/wp-content\/uploads\/2020\/01\/place-d-espagne-fontaine-de-la-barcaccia-rome_1704-300x200.jpg 300w, https:\/\/www.rome-roma.net\/wp-content\/uploads\/2020\/01\/place-d-espagne-fontaine-de-la-barcaccia-rome_1704-1024x683.jpg 1024w, https:\/\/www.rome-roma.net\/wp-content\/uploads\/2020\/01\/place-d-espagne-fontaine-de-la-barcaccia-rome_1704-768x512.jpg 768w, https:\/\/www.rome-roma.net\/wp-content\/uploads\/2020\/01\/place-d-espagne-fontaine-de-la-barcaccia-rome_1704.jpg 1200w\" sizes=\"(max-width: 300px) 100vw, 300px\" \/><\/a><figcaption>Fontana della Barcaccia, di Pietro Bernini (XVII) il padre del Bernino<\/figcaption><\/figure>\n\n\n\n<figure class=\"wp-block-image size-medium\"><a href=\"https:\/\/www.rome-roma.net\/wp-content\/uploads\/2020\/01\/piazza-di-spagna-roma_1710.jpg\"><img loading=\"lazy\" width=\"300\" height=\"200\" data-id=\"10542\"  src=\"https:\/\/www.rome-roma.net\/wp-content\/uploads\/2020\/01\/piazza-di-spagna-roma_1710-300x200.jpg\" alt=\"Piazza di Spagna a Roma\" class=\"wp-image-10542\" srcset=\"https:\/\/www.rome-roma.net\/wp-content\/uploads\/2020\/01\/piazza-di-spagna-roma_1710-300x200.jpg 300w, https:\/\/www.rome-roma.net\/wp-content\/uploads\/2020\/01\/piazza-di-spagna-roma_1710-1024x683.jpg 1024w, https:\/\/www.rome-roma.net\/wp-content\/uploads\/2020\/01\/piazza-di-spagna-roma_1710-768x512.jpg 768w, https:\/\/www.rome-roma.net\/wp-content\/uploads\/2020\/01\/piazza-di-spagna-roma_1710.jpg 1200w\" sizes=\"(max-width: 300px) 100vw, 300px\" \/><\/a><\/figure>\n\n\n\n<figure class=\"wp-block-image size-medium\"><a href=\"https:\/\/www.rome-roma.net\/wp-content\/uploads\/2020\/01\/place-d-espagne-rome_9704.jpg\"><img loading=\"lazy\" width=\"200\" height=\"300\" data-id=\"10507\"  src=\"https:\/\/www.rome-roma.net\/wp-content\/uploads\/2020\/01\/place-d-espagne-rome_9704-200x300.jpg\" alt=\"Piazza di Spagna a Roma\" class=\"wp-image-10507\" srcset=\"https:\/\/www.rome-roma.net\/wp-content\/uploads\/2020\/01\/place-d-espagne-rome_9704-200x300.jpg 200w, https:\/\/www.rome-roma.net\/wp-content\/uploads\/2020\/01\/place-d-espagne-rome_9704-683x1024.jpg 683w, https:\/\/www.rome-roma.net\/wp-content\/uploads\/2020\/01\/place-d-espagne-rome_9704-768x1152.jpg 768w, https:\/\/www.rome-roma.net\/wp-content\/uploads\/2020\/01\/place-d-espagne-rome_9704.jpg 800w\" sizes=\"(max-width: 200px) 100vw, 200px\" \/><\/a><\/figure>\n\n\n\n<figure class=\"wp-block-image size-medium\"><a href=\"https:\/\/www.rome-roma.net\/wp-content\/uploads\/2020\/01\/fontana-della-barcaccia-piazza-di-spagna-roma_5876.jpg\"><img loading=\"lazy\" width=\"300\" height=\"200\" data-id=\"10452\"  src=\"https:\/\/www.rome-roma.net\/wp-content\/uploads\/2020\/01\/fontana-della-barcaccia-piazza-di-spagna-roma_5876-300x200.jpg\" alt=\"Fontana della Barcaccia, di Pietro Bernini (XVII) il padre del Bernino\" class=\"wp-image-10452\" srcset=\"https:\/\/www.rome-roma.net\/wp-content\/uploads\/2020\/01\/fontana-della-barcaccia-piazza-di-spagna-roma_5876-300x200.jpg 300w, https:\/\/www.rome-roma.net\/wp-content\/uploads\/2020\/01\/fontana-della-barcaccia-piazza-di-spagna-roma_5876-1024x683.jpg 1024w, https:\/\/www.rome-roma.net\/wp-content\/uploads\/2020\/01\/fontana-della-barcaccia-piazza-di-spagna-roma_5876-768x512.jpg 768w, https:\/\/www.rome-roma.net\/wp-content\/uploads\/2020\/01\/fontana-della-barcaccia-piazza-di-spagna-roma_5876.jpg 1200w\" sizes=\"(max-width: 300px) 100vw, 300px\" \/><\/a><figcaption>Fontana della Barcaccia, di Pietro Bernini (XVII) il padre del Bernino<\/figcaption><\/figure>\n\n\n\n<figure class=\"wp-block-image size-medium\"><a href=\"https:\/\/www.rome-roma.net\/wp-content\/uploads\/2020\/01\/piazza-di-spagna-roma_5871.jpg\"><img loading=\"lazy\" width=\"300\" height=\"200\" data-id=\"10462\"  src=\"https:\/\/www.rome-roma.net\/wp-content\/uploads\/2020\/01\/piazza-di-spagna-roma_5871-300x200.jpg\" alt=\"Piazza di Spagna a Roma\" class=\"wp-image-10462\" srcset=\"https:\/\/www.rome-roma.net\/wp-content\/uploads\/2020\/01\/piazza-di-spagna-roma_5871-300x200.jpg 300w, https:\/\/www.rome-roma.net\/wp-content\/uploads\/2020\/01\/piazza-di-spagna-roma_5871-1024x683.jpg 1024w, https:\/\/www.rome-roma.net\/wp-content\/uploads\/2020\/01\/piazza-di-spagna-roma_5871-768x512.jpg 768w, https:\/\/www.rome-roma.net\/wp-content\/uploads\/2020\/01\/piazza-di-spagna-roma_5871.jpg 1200w\" sizes=\"(max-width: 300px) 100vw, 300px\" \/><\/a><\/figure>\n\n\n\n<figure class=\"wp-block-image size-medium\"><a href=\"https:\/\/www.rome-roma.net\/wp-content\/uploads\/2020\/01\/place-d-espagne-escaliers-rome_9711.jpg\"><img loading=\"lazy\" width=\"300\" height=\"200\" data-id=\"10487\"  src=\"https:\/\/www.rome-roma.net\/wp-content\/uploads\/2020\/01\/place-d-espagne-escaliers-rome_9711-300x200.jpg\" alt=\"Scalinata di Piazza di Spagna a Roma\" class=\"wp-image-10487\" srcset=\"https:\/\/www.rome-roma.net\/wp-content\/uploads\/2020\/01\/place-d-espagne-escaliers-rome_9711-300x200.jpg 300w, https:\/\/www.rome-roma.net\/wp-content\/uploads\/2020\/01\/place-d-espagne-escaliers-rome_9711-1024x683.jpg 1024w, https:\/\/www.rome-roma.net\/wp-content\/uploads\/2020\/01\/place-d-espagne-escaliers-rome_9711-768x512.jpg 768w, https:\/\/www.rome-roma.net\/wp-content\/uploads\/2020\/01\/place-d-espagne-escaliers-rome_9711.jpg 1200w\" sizes=\"(max-width: 300px) 100vw, 300px\" \/><\/a><\/figure>\n<\/figure>\n\n\n<style id=\"kt-blocks_6acf7b-d9\" type=\"text\/css\">.kt-accordion-id_6acf7b-d9 .kt-accordion-panel-inner {background:#ffffff;border-width:0px 0px 0px 0px;}.kt-accordion-id_6acf7b-d9 .kt-blocks-accordion-header {color:#ffffff;background:#9b51e0;border-color:#555555 #555555 #555555 #555555;font-size:18px;line-height:24px;border-radius:6px 6px 6px 6px;border-width:0px 0px 0px 0px;padding:14px 16px 14px 16px;margin-top:10px;}.kt-accordion-id_6acf7b-d9 .kt-blocks-accordion-header .kt-btn-svg-icon svg {width:18px;height:18px;}.kt-accordion-id_6acf7b-d9:not( .kt-accodion-icon-style-basiccircle ):not( .kt-accodion-icon-style-xclosecircle ):not( .kt-accodion-icon-style-arrowcircle ) .kt-blocks-accordion-icon-trigger:after, .kt-accordion-id_6acf7b-d9:not( .kt-accodion-icon-style-basiccircle ):not( .kt-accodion-icon-style-xclosecircle ):not( .kt-accodion-icon-style-arrowcircle ) .kt-blocks-accordion-icon-trigger:before {background:#ffffff;}.kt-accordion-id_6acf7b-d9:not( .kt-accodion-icon-style-basic ):not( .kt-accodion-icon-style-xclose ):not( .kt-accodion-icon-style-arrow ) .kt-blocks-accordion-icon-trigger {background:#ffffff;}.kt-accordion-id_6acf7b-d9:not( .kt-accodion-icon-style-basic ):not( .kt-accodion-icon-style-xclose ):not( .kt-accodion-icon-style-arrow ) .kt-blocks-accordion-icon-trigger:after, .kt-accordion-id_6acf7b-d9:not( .kt-accodion-icon-style-basic ):not( .kt-accodion-icon-style-xclose ):not( .kt-accodion-icon-style-arrow ) .kt-blocks-accordion-icon-trigger:before {background:#9b51e0;}.kt-accordion-id_6acf7b-d9 .kt-blocks-accordion-header:hover, .kt-accordion-id_6acf7b-d9 .kt-blocks-accordion-header:focus {color:#444444;background:#eeeeee;border-color:#eeeeee #eeeeee #eeeeee #eeeeee;}.kt-accordion-id_6acf7b-d9:not( .kt-accodion-icon-style-basiccircle ):not( .kt-accodion-icon-style-xclosecircle ):not( .kt-accodion-icon-style-arrowcircle ) .kt-blocks-accordion-header:hover .kt-blocks-accordion-icon-trigger:after, .kt-accordion-id_6acf7b-d9:not( .kt-accodion-icon-style-basiccircle ):not( .kt-accodion-icon-style-xclosecircle ):not( .kt-accodion-icon-style-arrowcircle ) .kt-blocks-accordion-header:hover .kt-blocks-accordion-icon-trigger:before, .kt-accordion-id_6acf7b-d9:not( .kt-accodion-icon-style-basiccircle ):not( .kt-accodion-icon-style-xclosecircle ):not( .kt-accodion-icon-style-arrowcircle ) .kt-blocks-accordion-header:focus .kt-blocks-accordion-icon-trigger:after, .kt-accordion-id_6acf7b-d9:not( .kt-accodion-icon-style-basiccircle ):not( .kt-accodion-icon-style-xclosecircle ):not( .kt-accodion-icon-style-arrowcircle ) .kt-blocks-accordion-header:focus .kt-blocks-accordion-icon-trigger:before {background:#444444;}.kt-accordion-id_6acf7b-d9:not( .kt-accodion-icon-style-basic ):not( .kt-accodion-icon-style-xclose ):not( .kt-accodion-icon-style-arrow ) .kt-blocks-accordion-header:hover .kt-blocks-accordion-icon-trigger, .kt-accordion-id_6acf7b-d9:not( .kt-accodion-icon-style-basic ):not( .kt-accodion-icon-style-xclose ):not( .kt-accodion-icon-style-arrow ) .kt-blocks-accordion-header:focus .kt-blocks-accordion-icon-trigger {background:#444444;}.kt-accordion-id_6acf7b-d9:not( .kt-accodion-icon-style-basic ):not( .kt-accodion-icon-style-xclose ):not( .kt-accodion-icon-style-arrow ) .kt-blocks-accordion-header:hover .kt-blocks-accordion-icon-trigger:after, .kt-accordion-id_6acf7b-d9:not( .kt-accodion-icon-style-basic ):not( .kt-accodion-icon-style-xclose ):not( .kt-accodion-icon-style-arrow ) .kt-blocks-accordion-header:hover .kt-blocks-accordion-icon-trigger:before, .kt-accordion-id_6acf7b-d9:not( .kt-accodion-icon-style-basic ):not( .kt-accodion-icon-style-xclose ):not( .kt-accodion-icon-style-arrow ) .kt-blocks-accordion-header:focus .kt-blocks-accordion-icon-trigger:after, .kt-accordion-id_6acf7b-d9:not( .kt-accodion-icon-style-basic ):not( .kt-accodion-icon-style-xclose ):not( .kt-accodion-icon-style-arrow ) .kt-blocks-accordion-header:focus .kt-blocks-accordion-icon-trigger:before {background:#eeeeee;}.kt-accordion-id_6acf7b-d9 .kt-blocks-accordion-header.kt-accordion-panel-active {color:#ffffff;background:#f3690e;border-color:#f3690e #f3690e #f3690e #f3690e;}.kt-accordion-id_6acf7b-d9:not( .kt-accodion-icon-style-basiccircle ):not( .kt-accodion-icon-style-xclosecircle ):not( .kt-accodion-icon-style-arrowcircle ) .kt-blocks-accordion-header.kt-accordion-panel-active .kt-blocks-accordion-icon-trigger:after, .kt-accordion-id_6acf7b-d9:not( .kt-accodion-icon-style-basiccircle ):not( .kt-accodion-icon-style-xclosecircle ):not( .kt-accodion-icon-style-arrowcircle ) .kt-blocks-accordion-header.kt-accordion-panel-active .kt-blocks-accordion-icon-trigger:before {background:#ffffff;}.kt-accordion-id_6acf7b-d9:not( .kt-accodion-icon-style-basic ):not( .kt-accodion-icon-style-xclose ):not( .kt-accodion-icon-style-arrow ) .kt-blocks-accordion-header.kt-accordion-panel-active .kt-blocks-accordion-icon-trigger {background:#ffffff;}.kt-accordion-id_6acf7b-d9:not( .kt-accodion-icon-style-basic ):not( .kt-accodion-icon-style-xclose ):not( .kt-accodion-icon-style-arrow ) .kt-blocks-accordion-header.kt-accordion-panel-active .kt-blocks-accordion-icon-trigger:after, .kt-accordion-id_6acf7b-d9:not( .kt-accodion-icon-style-basic ):not( .kt-accodion-icon-style-xclose ):not( .kt-accodion-icon-style-arrow ) .kt-blocks-accordion-header.kt-accordion-panel-active .kt-blocks-accordion-icon-trigger:before {background:#f3690e;}<\/style>\n<div class=\"wp-block-kadence-accordion alignnone\"><div class=\"kt-accordion-wrap kt-accordion-wrap kt-accordion-id_6acf7b-d9 kt-accordion-has-2-panes kt-active-pane-0 kt-accordion-block kt-pane-header-alignment-left kt-accodion-icon-style-basic kt-accodion-icon-side-right\" style=\"max-width:none\"><div class=\"kt-accordion-inner-wrap\" data-allow-multiple-open=\"false\" data-start-open=\"none\">\n<div class=\"wp-block-kadence-pane kt-accordion-pane kt-accordion-pane-2 kt-pane_0b2f58-52\"><div class=\"kt-accordion-header-wrap\"><button class=\"kt-blocks-accordion-header kt-acccordion-button-label-show\"><div class=\"kt-blocks-accordion-title-wrap\"><span class=\"kt-blocks-accordion-title\">Altre foto<\/span><\/div><div class=\"kt-blocks-accordion-icon-trigger\"><\/div><\/button><\/div><div class=\"kt-accordion-panel\"><div class=\"kt-accordion-panel-inner\">\n\n\t\t<style type=\"text\/css\">\n\t\t\t#gallery-1 {\n\t\t\t\tmargin: auto;\n\t\t\t}\n\t\t\t#gallery-1 .gallery-item {\n\t\t\t\tfloat: left;\n\t\t\t\tmargin-top: 10px;\n\t\t\t\ttext-align: center;\n\t\t\t\twidth: 20%;\n\t\t\t}\n\t\t\t#gallery-1 img {\n\t\t\t\tborder: 2px solid #cfcfcf;\n\t\t\t}\n\t\t\t#gallery-1 .gallery-caption {\n\t\t\t\tmargin-left: 0;\n\t\t\t}\n\t\t\t\/* see gallery_shortcode() in wp-includes\/media.php *\/\n\t\t<\/style>\n\t\t<div id='gallery-1' class='gallery galleryid-5794 gallery-columns-5 gallery-size-thumbnail'><dl class='gallery-item'>\n\t\t\t<dt class='gallery-icon portrait'>\n\t\t\t\t<a href='https:\/\/www.rome-roma.net\/wp-content\/uploads\/2020\/01\/escaliers-place-d-espagne-rome_1720.jpg'><img width=\"150\" height=\"150\" src=\"https:\/\/www.rome-roma.net\/wp-content\/uploads\/2020\/01\/escaliers-place-d-espagne-rome_1720-150x150.jpg\" class=\"attachment-thumbnail size-thumbnail\" alt=\"escaliers-place-d-espagne-rome_1720\" loading=\"lazy\" aria-describedby=\"gallery-1-10520\" srcset=\"https:\/\/www.rome-roma.net\/wp-content\/uploads\/2020\/01\/escaliers-place-d-espagne-rome_1720-150x150.jpg 150w, https:\/\/www.rome-roma.net\/wp-content\/uploads\/2020\/01\/escaliers-place-d-espagne-rome_1720-50x50.jpg 50w, https:\/\/www.rome-roma.net\/wp-content\/uploads\/2020\/01\/escaliers-place-d-espagne-rome_1720-80x80.jpg 80w, https:\/\/www.rome-roma.net\/wp-content\/uploads\/2020\/01\/escaliers-place-d-espagne-rome_1720-75x75.jpg 75w\" sizes=\"(max-width: 150px) 100vw, 150px\" \/><\/a>\n\t\t\t<\/dt>\n\t\t\t\t<dd class='wp-caption-text gallery-caption' id='gallery-1-10520'>\n\t\t\t\tEscaliers de la Place d&#8217;Espagne\n\t\t\t\t<\/dd><\/dl><dl class='gallery-item'>\n\t\t\t<dt class='gallery-icon portrait'>\n\t\t\t\t<a href='https:\/\/www.rome-roma.net\/wp-content\/uploads\/2020\/01\/place-d-espagne-escaliers-rome_9708.jpg'><img width=\"150\" height=\"150\" src=\"https:\/\/www.rome-roma.net\/wp-content\/uploads\/2020\/01\/place-d-espagne-escaliers-rome_9708-150x150.jpg\" class=\"attachment-thumbnail size-thumbnail\" alt=\"place-d-espagne-escaliers-rome_9708\" loading=\"lazy\" srcset=\"https:\/\/www.rome-roma.net\/wp-content\/uploads\/2020\/01\/place-d-espagne-escaliers-rome_9708-150x150.jpg 150w, https:\/\/www.rome-roma.net\/wp-content\/uploads\/2020\/01\/place-d-espagne-escaliers-rome_9708-50x50.jpg 50w, https:\/\/www.rome-roma.net\/wp-content\/uploads\/2020\/01\/place-d-espagne-escaliers-rome_9708-80x80.jpg 80w, https:\/\/www.rome-roma.net\/wp-content\/uploads\/2020\/01\/place-d-espagne-escaliers-rome_9708-75x75.jpg 75w\" sizes=\"(max-width: 150px) 100vw, 150px\" \/><\/a>\n\t\t\t<\/dt><\/dl><dl class='gallery-item'>\n\t\t\t<dt class='gallery-icon landscape'>\n\t\t\t\t<a href='https:\/\/www.rome-roma.net\/wp-content\/uploads\/2020\/01\/piazza-di-spagna-roma_1708.jpg'><img width=\"150\" height=\"150\" src=\"https:\/\/www.rome-roma.net\/wp-content\/uploads\/2020\/01\/piazza-di-spagna-roma_1708-150x150.jpg\" class=\"attachment-thumbnail size-thumbnail\" alt=\"piazza-di-spagna-roma_1708\" loading=\"lazy\" srcset=\"https:\/\/www.rome-roma.net\/wp-content\/uploads\/2020\/01\/piazza-di-spagna-roma_1708-150x150.jpg 150w, https:\/\/www.rome-roma.net\/wp-content\/uploads\/2020\/01\/piazza-di-spagna-roma_1708-50x50.jpg 50w, https:\/\/www.rome-roma.net\/wp-content\/uploads\/2020\/01\/piazza-di-spagna-roma_1708-80x80.jpg 80w, https:\/\/www.rome-roma.net\/wp-content\/uploads\/2020\/01\/piazza-di-spagna-roma_1708-75x75.jpg 75w\" sizes=\"(max-width: 150px) 100vw, 150px\" \/><\/a>\n\t\t\t<\/dt><\/dl><dl class='gallery-item'>\n\t\t\t<dt class='gallery-icon landscape'>\n\t\t\t\t<a href='https:\/\/www.rome-roma.net\/wp-content\/uploads\/2020\/01\/piazza-di-spagna-roma_1709.jpg'><img width=\"150\" height=\"150\" src=\"https:\/\/www.rome-roma.net\/wp-content\/uploads\/2020\/01\/piazza-di-spagna-roma_1709-150x150.jpg\" class=\"attachment-thumbnail size-thumbnail\" alt=\"piazza-di-spagna-roma_1709\" loading=\"lazy\" srcset=\"https:\/\/www.rome-roma.net\/wp-content\/uploads\/2020\/01\/piazza-di-spagna-roma_1709-150x150.jpg 150w, https:\/\/www.rome-roma.net\/wp-content\/uploads\/2020\/01\/piazza-di-spagna-roma_1709-50x50.jpg 50w, https:\/\/www.rome-roma.net\/wp-content\/uploads\/2020\/01\/piazza-di-spagna-roma_1709-80x80.jpg 80w, https:\/\/www.rome-roma.net\/wp-content\/uploads\/2020\/01\/piazza-di-spagna-roma_1709-75x75.jpg 75w\" sizes=\"(max-width: 150px) 100vw, 150px\" \/><\/a>\n\t\t\t<\/dt><\/dl><dl class='gallery-item'>\n\t\t\t<dt class='gallery-icon landscape'>\n\t\t\t\t<a href='https:\/\/www.rome-roma.net\/wp-content\/uploads\/2020\/01\/place-d-espagne-escaliers-rome_9710.jpg'><img width=\"150\" height=\"150\" src=\"https:\/\/www.rome-roma.net\/wp-content\/uploads\/2020\/01\/place-d-espagne-escaliers-rome_9710-150x150.jpg\" class=\"attachment-thumbnail size-thumbnail\" alt=\"place-d-espagne-escaliers-rome_9710\" loading=\"lazy\" srcset=\"https:\/\/www.rome-roma.net\/wp-content\/uploads\/2020\/01\/place-d-espagne-escaliers-rome_9710-150x150.jpg 150w, https:\/\/www.rome-roma.net\/wp-content\/uploads\/2020\/01\/place-d-espagne-escaliers-rome_9710-50x50.jpg 50w, https:\/\/www.rome-roma.net\/wp-content\/uploads\/2020\/01\/place-d-espagne-escaliers-rome_9710-80x80.jpg 80w, https:\/\/www.rome-roma.net\/wp-content\/uploads\/2020\/01\/place-d-espagne-escaliers-rome_9710-75x75.jpg 75w\" sizes=\"(max-width: 150px) 100vw, 150px\" \/><\/a>\n\t\t\t<\/dt><\/dl><br style=\"clear: both\" \/><dl class='gallery-item'>\n\t\t\t<dt class='gallery-icon landscape'>\n\t\t\t\t<a href='https:\/\/www.rome-roma.net\/wp-content\/uploads\/2020\/01\/place-d-espagne-escaliers-rome_9709.jpg'><img width=\"150\" height=\"150\" src=\"https:\/\/www.rome-roma.net\/wp-content\/uploads\/2020\/01\/place-d-espagne-escaliers-rome_9709-150x150.jpg\" class=\"attachment-thumbnail size-thumbnail\" alt=\"place-d-espagne-escaliers-rome_9709\" loading=\"lazy\" aria-describedby=\"gallery-1-10480\" srcset=\"https:\/\/www.rome-roma.net\/wp-content\/uploads\/2020\/01\/place-d-espagne-escaliers-rome_9709-150x150.jpg 150w, https:\/\/www.rome-roma.net\/wp-content\/uploads\/2020\/01\/place-d-espagne-escaliers-rome_9709-50x50.jpg 50w, https:\/\/www.rome-roma.net\/wp-content\/uploads\/2020\/01\/place-d-espagne-escaliers-rome_9709-80x80.jpg 80w, https:\/\/www.rome-roma.net\/wp-content\/uploads\/2020\/01\/place-d-espagne-escaliers-rome_9709-75x75.jpg 75w\" sizes=\"(max-width: 150px) 100vw, 150px\" \/><\/a>\n\t\t\t<\/dt>\n\t\t\t\t<dd class='wp-caption-text gallery-caption' id='gallery-1-10480'>\n\t\t\t\tPlace d&#8217;Espagne et fontaine de la Barcaccia\n\t\t\t\t<\/dd><\/dl><dl class='gallery-item'>\n\t\t\t<dt class='gallery-icon landscape'>\n\t\t\t\t<a href='https:\/\/www.rome-roma.net\/wp-content\/uploads\/2020\/01\/place-d-espagne-rome_1711.jpg'><img width=\"150\" height=\"150\" src=\"https:\/\/www.rome-roma.net\/wp-content\/uploads\/2020\/01\/place-d-espagne-rome_1711-150x150.jpg\" class=\"attachment-thumbnail size-thumbnail\" alt=\"place-d-espagne-rome_1711\" loading=\"lazy\" aria-describedby=\"gallery-1-10555\" srcset=\"https:\/\/www.rome-roma.net\/wp-content\/uploads\/2020\/01\/place-d-espagne-rome_1711-150x150.jpg 150w, https:\/\/www.rome-roma.net\/wp-content\/uploads\/2020\/01\/place-d-espagne-rome_1711-50x50.jpg 50w, https:\/\/www.rome-roma.net\/wp-content\/uploads\/2020\/01\/place-d-espagne-rome_1711-80x80.jpg 80w, https:\/\/www.rome-roma.net\/wp-content\/uploads\/2020\/01\/place-d-espagne-rome_1711-75x75.jpg 75w\" sizes=\"(max-width: 150px) 100vw, 150px\" \/><\/a>\n\t\t\t<\/dt>\n\t\t\t\t<dd class='wp-caption-text gallery-caption' id='gallery-1-10555'>\n\t\t\t\t La trinit\u00e9 des Monts et les escaliers\n\t\t\t\t<\/dd><\/dl><dl class='gallery-item'>\n\t\t\t<dt class='gallery-icon landscape'>\n\t\t\t\t<a href='https:\/\/www.rome-roma.net\/wp-content\/uploads\/2020\/01\/piazza-di-spagna-roma_4354.jpg'><img width=\"150\" height=\"150\" src=\"https:\/\/www.rome-roma.net\/wp-content\/uploads\/2020\/01\/piazza-di-spagna-roma_4354-150x150.jpg\" class=\"attachment-thumbnail size-thumbnail\" alt=\"piazza-di-spagna-roma_4354\" loading=\"lazy\" aria-describedby=\"gallery-1-10460\" srcset=\"https:\/\/www.rome-roma.net\/wp-content\/uploads\/2020\/01\/piazza-di-spagna-roma_4354-150x150.jpg 150w, https:\/\/www.rome-roma.net\/wp-content\/uploads\/2020\/01\/piazza-di-spagna-roma_4354-50x50.jpg 50w, https:\/\/www.rome-roma.net\/wp-content\/uploads\/2020\/01\/piazza-di-spagna-roma_4354-80x80.jpg 80w, https:\/\/www.rome-roma.net\/wp-content\/uploads\/2020\/01\/piazza-di-spagna-roma_4354-75x75.jpg 75w\" sizes=\"(max-width: 150px) 100vw, 150px\" \/><\/a>\n\t\t\t<\/dt>\n\t\t\t\t<dd class='wp-caption-text gallery-caption' id='gallery-1-10460'>\n\t\t\t\tTrinit\u00e9 des Monts\n\t\t\t\t<\/dd><\/dl><dl class='gallery-item'>\n\t\t\t<dt class='gallery-icon portrait'>\n\t\t\t\t<a href='https:\/\/www.rome-roma.net\/wp-content\/uploads\/2020\/01\/place-d-espagne-trinite-des-monts-rome_1700.jpg'><img width=\"150\" height=\"150\" src=\"https:\/\/www.rome-roma.net\/wp-content\/uploads\/2020\/01\/place-d-espagne-trinite-des-monts-rome_1700-150x150.jpg\" class=\"attachment-thumbnail size-thumbnail\" alt=\"place-d-espagne-trinite-des-monts-rome_1700\" loading=\"lazy\" aria-describedby=\"gallery-1-10575\" srcset=\"https:\/\/www.rome-roma.net\/wp-content\/uploads\/2020\/01\/place-d-espagne-trinite-des-monts-rome_1700-150x150.jpg 150w, https:\/\/www.rome-roma.net\/wp-content\/uploads\/2020\/01\/place-d-espagne-trinite-des-monts-rome_1700-50x50.jpg 50w, https:\/\/www.rome-roma.net\/wp-content\/uploads\/2020\/01\/place-d-espagne-trinite-des-monts-rome_1700-80x80.jpg 80w, https:\/\/www.rome-roma.net\/wp-content\/uploads\/2020\/01\/place-d-espagne-trinite-des-monts-rome_1700-75x75.jpg 75w\" sizes=\"(max-width: 150px) 100vw, 150px\" \/><\/a>\n\t\t\t<\/dt>\n\t\t\t\t<dd class='wp-caption-text gallery-caption' id='gallery-1-10575'>\n\t\t\t\tTrinit\u00e9 des Monts\n\t\t\t\t<\/dd><\/dl><dl class='gallery-item'>\n\t\t\t<dt class='gallery-icon portrait'>\n\t\t\t\t<a href='https:\/\/www.rome-roma.net\/wp-content\/uploads\/2020\/01\/piazza-di-spagna-roma-5855.jpg'><img width=\"150\" height=\"150\" src=\"https:\/\/www.rome-roma.net\/wp-content\/uploads\/2020\/01\/piazza-di-spagna-roma-5855-150x150.jpg\" class=\"attachment-thumbnail size-thumbnail\" alt=\"piazza-di-spagna-roma_5855\" loading=\"lazy\" srcset=\"https:\/\/www.rome-roma.net\/wp-content\/uploads\/2020\/01\/piazza-di-spagna-roma-5855-150x150.jpg 150w, https:\/\/www.rome-roma.net\/wp-content\/uploads\/2020\/01\/piazza-di-spagna-roma-5855-50x50.jpg 50w, https:\/\/www.rome-roma.net\/wp-content\/uploads\/2020\/01\/piazza-di-spagna-roma-5855-80x80.jpg 80w, https:\/\/www.rome-roma.net\/wp-content\/uploads\/2020\/01\/piazza-di-spagna-roma-5855-75x75.jpg 75w\" sizes=\"(max-width: 150px) 100vw, 150px\" \/><\/a>\n\t\t\t<\/dt><\/dl><br style=\"clear: both\" \/><dl class='gallery-item'>\n\t\t\t<dt class='gallery-icon portrait'>\n\t\t\t\t<a href='https:\/\/www.rome-roma.net\/wp-content\/uploads\/2020\/01\/place-d-espagne-fontaine-de-la-barcaccia-rome_9713.jpg'><img width=\"150\" height=\"150\" src=\"https:\/\/www.rome-roma.net\/wp-content\/uploads\/2020\/01\/place-d-espagne-fontaine-de-la-barcaccia-rome_9713-150x150.jpg\" class=\"attachment-thumbnail size-thumbnail\" alt=\"place-d-espagne-fontaine-de-la-barcaccia-rome_9713\" loading=\"lazy\" srcset=\"https:\/\/www.rome-roma.net\/wp-content\/uploads\/2020\/01\/place-d-espagne-fontaine-de-la-barcaccia-rome_9713-150x150.jpg 150w, https:\/\/www.rome-roma.net\/wp-content\/uploads\/2020\/01\/place-d-espagne-fontaine-de-la-barcaccia-rome_9713-50x50.jpg 50w, https:\/\/www.rome-roma.net\/wp-content\/uploads\/2020\/01\/place-d-espagne-fontaine-de-la-barcaccia-rome_9713-80x80.jpg 80w, https:\/\/www.rome-roma.net\/wp-content\/uploads\/2020\/01\/place-d-espagne-fontaine-de-la-barcaccia-rome_9713-75x75.jpg 75w\" sizes=\"(max-width: 150px) 100vw, 150px\" \/><\/a>\n\t\t\t<\/dt><\/dl><dl class='gallery-item'>\n\t\t\t<dt class='gallery-icon portrait'>\n\t\t\t\t<a href='https:\/\/www.rome-roma.net\/wp-content\/uploads\/2020\/01\/colonne-de-l-immaculee-conception-rome_1718.jpg'><img width=\"150\" height=\"150\" src=\"https:\/\/www.rome-roma.net\/wp-content\/uploads\/2020\/01\/colonne-de-l-immaculee-conception-rome_1718-150x150.jpg\" class=\"attachment-thumbnail size-thumbnail\" alt=\"colonne-de-l-immaculee-conception-rome_1718\" loading=\"lazy\" srcset=\"https:\/\/www.rome-roma.net\/wp-content\/uploads\/2020\/01\/colonne-de-l-immaculee-conception-rome_1718-150x150.jpg 150w, https:\/\/www.rome-roma.net\/wp-content\/uploads\/2020\/01\/colonne-de-l-immaculee-conception-rome_1718-50x50.jpg 50w, https:\/\/www.rome-roma.net\/wp-content\/uploads\/2020\/01\/colonne-de-l-immaculee-conception-rome_1718-80x80.jpg 80w, https:\/\/www.rome-roma.net\/wp-content\/uploads\/2020\/01\/colonne-de-l-immaculee-conception-rome_1718-75x75.jpg 75w\" sizes=\"(max-width: 150px) 100vw, 150px\" \/><\/a>\n\t\t\t<\/dt><\/dl><dl class='gallery-item'>\n\t\t\t<dt class='gallery-icon landscape'>\n\t\t\t\t<a href='https:\/\/www.rome-roma.net\/wp-content\/uploads\/2020\/01\/place-d-espagne-rome_9703.jpg'><img width=\"150\" height=\"150\" src=\"https:\/\/www.rome-roma.net\/wp-content\/uploads\/2020\/01\/place-d-espagne-rome_9703-150x150.jpg\" class=\"attachment-thumbnail size-thumbnail\" alt=\"place-d-espagne-rome_9703\" loading=\"lazy\" aria-describedby=\"gallery-1-10505\" srcset=\"https:\/\/www.rome-roma.net\/wp-content\/uploads\/2020\/01\/place-d-espagne-rome_9703-150x150.jpg 150w, https:\/\/www.rome-roma.net\/wp-content\/uploads\/2020\/01\/place-d-espagne-rome_9703-50x50.jpg 50w, https:\/\/www.rome-roma.net\/wp-content\/uploads\/2020\/01\/place-d-espagne-rome_9703-80x80.jpg 80w, https:\/\/www.rome-roma.net\/wp-content\/uploads\/2020\/01\/place-d-espagne-rome_9703-75x75.jpg 75w\" sizes=\"(max-width: 150px) 100vw, 150px\" \/><\/a>\n\t\t\t<\/dt>\n\t\t\t\t<dd class='wp-caption-text gallery-caption' id='gallery-1-10505'>\n\t\t\t\tPiazza Mignanelli  et colonne\n\t\t\t\t<\/dd><\/dl><dl class='gallery-item'>\n\t\t\t<dt class='gallery-icon landscape'>\n\t\t\t\t<a href='https:\/\/www.rome-roma.net\/wp-content\/uploads\/2020\/01\/fontana-della-barcaccia-piazza-di-spagna-roma_5875.jpg'><img width=\"150\" height=\"150\" src=\"https:\/\/www.rome-roma.net\/wp-content\/uploads\/2020\/01\/fontana-della-barcaccia-piazza-di-spagna-roma_5875-150x150.jpg\" class=\"attachment-thumbnail size-thumbnail\" alt=\"fontana-della-barcaccia-piazza-di-spagna-roma_5875\" loading=\"lazy\" aria-describedby=\"gallery-1-10450\" srcset=\"https:\/\/www.rome-roma.net\/wp-content\/uploads\/2020\/01\/fontana-della-barcaccia-piazza-di-spagna-roma_5875-150x150.jpg 150w, https:\/\/www.rome-roma.net\/wp-content\/uploads\/2020\/01\/fontana-della-barcaccia-piazza-di-spagna-roma_5875-50x50.jpg 50w, https:\/\/www.rome-roma.net\/wp-content\/uploads\/2020\/01\/fontana-della-barcaccia-piazza-di-spagna-roma_5875-80x80.jpg 80w, https:\/\/www.rome-roma.net\/wp-content\/uploads\/2020\/01\/fontana-della-barcaccia-piazza-di-spagna-roma_5875-75x75.jpg 75w\" sizes=\"(max-width: 150px) 100vw, 150px\" \/><\/a>\n\t\t\t<\/dt>\n\t\t\t\t<dd class='wp-caption-text gallery-caption' id='gallery-1-10450'>\n\t\t\t\tFontaine de la Barcaccia et Place d&#8217;Espagne\n\t\t\t\t<\/dd><\/dl>\n\t\t\t<br style='clear: both' \/>\n\t\t<\/div>\n\n<\/div><\/div><\/div>\n<\/div><\/div><\/div>\n\n\n\n<p><\/p>\n\n\n\n<h2>Articoli relativi a Piazza di Spagna<\/h2>\n\n\n\n<ul class=\"lcp_catlist\" id=\"lcp_instance_0\"><li class=\"current\"><a href=\"https:\/\/www.rome-roma.net\/it\/piazza-di-spagna\/\">Piazza di Spagna<\/a><a href=\"https:\/\/www.rome-roma.net\/it\/piazza-di-spagna\/\" title=\"Piazza di Spagna\"><img src=\"https:\/\/www.rome-roma.net\/wp-content\/uploads\/2020\/01\/place-d-espagne-escaliers-rome_9709-1024x683.jpg\" class=\"classthumblist\"  alt=\"Piazza di Spagna\" \/><\/a><div class=\"lcp_excerpt\">In un quartiere elegante del Rione Colonna, la Piazza di Spagna di Roma (\u201cPiazza di Spagna\u201d in italiano) \u00e8 una delle piazze pi\u00f9 famose di ...<\/div><\/li><li><a href=\"https:\/\/www.rome-roma.net\/it\/trinita-dei-monti\/\">Trinit\u00e0 dei Monti<\/a><a href=\"https:\/\/www.rome-roma.net\/it\/trinita-dei-monti\/\" title=\"Trinit\u00e0 dei Monti\"><img src=\"https:\/\/www.rome-roma.net\/photos\/quirinale-spagna-angelo-farnese\/images\/piazzadispagna_4353.jpg\" class=\"classthumblist\"  alt=\"Trinit\u00e0 dei Monti\" \/><\/a><div class=\"lcp_excerpt\">\nCostruita dalla fine del XV secolo, la chiesa della Trinit\u00e0 dei Monti \u00e8 una chiesa francese occupata da un Convento dei Minimi.Si trova in cima ...<\/div><\/li><li><a href=\"https:\/\/www.rome-roma.net\/it\/villa-medici\/\">Villa Medici<\/a><a href=\"https:\/\/www.rome-roma.net\/it\/villa-medici\/\" title=\"Villa Medici\"><img src=\"https:\/\/www.rome-roma.net\/photos\/trevi-piazze-appia\/images\/villa_medici_2843.jpg\" class=\"classthumblist\"  alt=\"Villa Medici\" \/><\/a><div class=\"lcp_excerpt\">La Villa Medici, situata sul colle Pincio a Roma, ospita dal 1803 l&#8217;Accademia di Francia a Roma. Questo edificio rinascimentale, risalente al XVIo secolo, si ...<\/div><\/li><li><a href=\"https:\/\/www.rome-roma.net\/it\/palazzo-di-propaganda-fide\/\">Palazzo di Propaganda Fide<\/a><a href=\"https:\/\/www.rome-roma.net\/it\/palazzo-di-propaganda-fide\/\" title=\"Palazzo di Propaganda Fide\"><img src=\"https:\/\/www.rome-roma.net\/images\/tableaux\/palazzo-di-propaganda-fide.jpg\" class=\"classthumblist\"  alt=\"Palazzo di Propaganda Fide\" \/><\/a><div class=\"lcp_excerpt\">Il Palazzo di Propaganda Fide, propriet\u00e0 della Santa Sede, ospita la Congregazione per l&#8217;Evangelizzazione dei Popoli dal 1626. Si trova a sud di Piazza di ...<\/div><\/li><li><a href=\"https:\/\/www.rome-roma.net\/it\/colonna-dell-immacolata\/\">Colonna dell&#8217;Immacolata<\/a><a href=\"https:\/\/www.rome-roma.net\/it\/colonna-dell-immacolata\/\" title=\"Colonna dell&#039;Immacolata\"><img src=\"https:\/\/www.rome-roma.net\/wp-content\/uploads\/2020\/02\/colonne-de-l-immaculee-conception-5851-683x1024.jpg\" class=\"classthumblist\"  alt=\"Colonna dell&#039;Immacolata\" \/><\/a><div class=\"lcp_excerpt\">Situ\u00e9e pr\u00e8s de la Place d&#8217;Espagne, cette colonne d&#8217;origine antique a \u00e9t\u00e9 \u00e9rig\u00e9e au XIXe si\u00e8cle, surmont\u00e9e d&#8217;une Vierge qui est c\u00e9l\u00e9br\u00e9e chaque ann\u00e9e, le ...<\/div><\/li><\/ul>\n\n\n<p><!--StartFragment--><\/p>\n\n\n<h2>Vedute antiche nel arte<\/h2><div>3 opere di Piazza di Spagna sono state trovate nella database. Per vederle tutte aprire questo <a href=\"https:\/\/www.rome-roma.net\/site-rome-art.php?lieu=piazza+di+spagna\" target=\"_blank\">collegamento<\/a>.<\/div><div class=\"wp-block-kadence-advancedgallery kb-gallery-wrap-id-_5955fd-3f\">\r\n        <div class=\"kb-gallery-ul kb-gallery-type-fluidcarousel kb-gallery-id-_5955fd-3f kb-gallery-caption-style-below kb-gallery-magnific-init kb-gallery-filter-none\" data-image-filter=\"none\" data-lightbox-caption=\"true\">\r\n            <div class=\"kt-blocks-carousel kt-carousel-container-dotstyle-dark\">\r\n                <div class=\"kt-blocks-carousel-init kb-blocks-fluid-carousel kt-carousel-arrowstyle-whiteondark kt-carousel-dotstyle-dark\" data-slider-anim-speed=\"400\" data-slider-type=\"fluidcarousel\" data-slider-scroll=\"1\" data-slider-arrows=\"true\" data-slider-dots=\"true\" data-slider-hover-pause=\"false\" data-slider-auto=\"false\" data-slider-speed=\"7000\">\r\n        <div class=\"kb-slide-item kb-gallery-carousel-item\"><li class=\"kadence-blocks-gallery-item\"><div class=\"kadence-blocks-gallery-item-inner\">\r\n            <figure class=\"kb-gallery-figure kb-gallery-item-has-link kadence-blocks-gallery-item-has-caption\">\r\n                <a href=\"https:\/\/www.rome-roma.net\/artmodule\/antonietta brandeis\/antonietta brandeis place d espagne.jpg\" class=\"kb-gallery-item-link\" style=\"color: #FFFFFF;\">\r\n                    <div class=\"kb-gal-image-radius\"><div class=\"kb-gallery-image-contain\">\r\n                        <img src=\"https:\/\/www.rome-roma.net\/artmodule\/antonietta brandeis\/antonietta brandeis place d espagne.jpg\" width=\"300\" height=\"200\" \r\n                            alt=\"Antonietta Brandeis,Les escaliers de la Place d'Espagne (1878-1893, date ind\u00e9termin\u00e9e)\" \r\n                            data-full-image=\"https:\/\/www.rome-roma.net\/artmodule\/antonietta brandeis\/antonietta brandeis place d espagne.jpg\" \r\n                            data-light-image=\"https:\/\/www.rome-roma.net\/artmodule\/antonietta brandeis\/antonietta brandeis place d espagne.jpg\" data-id=\"149\" \r\n                            data-link=\"https:\/\/www.rome-roma.net\/artmodule\/antonietta brandeis\/antonietta brandeis place d espagne.jpg\" \r\n                            class=\"wp-image-149\" loading=lazy\/>\r\n                    <\/div><\/div>\r\n                    <figcaption class=\"kadence-blocks-gallery-item__caption\">Antonietta Brandeis, Les escaliers de la Place d'Espagne<\/figcaption>\r\n                <\/a>\r\n            <\/figure><\/div><\/li><\/div>\r\n        <div class=\"kb-slide-item kb-gallery-carousel-item\"><li class=\"kadence-blocks-gallery-item\"><div class=\"kadence-blocks-gallery-item-inner\">\r\n            <figure class=\"kb-gallery-figure kb-gallery-item-has-link kadence-blocks-gallery-item-has-caption\">\r\n                <a href=\"https:\/\/www.rome-roma.net\/artmodule\/bernardo bellotto\/bellotto bernardo - veduta di roma con la chiesa della trinita dei monti.jpg\" class=\"kb-gallery-item-link\" style=\"color: #FFFFFF;\">\r\n                    <div class=\"kb-gal-image-radius\"><div class=\"kb-gallery-image-contain\">\r\n                        <img src=\"https:\/\/www.rome-roma.net\/artmodule\/bernardo bellotto\/bellotto bernardo - veduta di roma con la chiesa della trinita dei monti.jpg\" width=\"300\" height=\"200\" \r\n                            alt=\"Bernardo Bellotto,Trinit\u00e9 des Monts, Place d'Espagne (?, avant 1780, date ind\u00e9termin\u00e9e)\" \r\n                            data-full-image=\"https:\/\/www.rome-roma.net\/artmodule\/bernardo bellotto\/bellotto bernardo - veduta di roma con la chiesa della trinita dei monti.jpg\" \r\n                            data-light-image=\"https:\/\/www.rome-roma.net\/artmodule\/bernardo bellotto\/bellotto bernardo - veduta di roma con la chiesa della trinita dei monti.jpg\" data-id=\"149\" \r\n                            data-link=\"https:\/\/www.rome-roma.net\/artmodule\/bernardo bellotto\/bellotto bernardo - veduta di roma con la chiesa della trinita dei monti.jpg\" \r\n                            class=\"wp-image-149\" loading=lazy\/>\r\n                    <\/div><\/div>\r\n                    <figcaption class=\"kadence-blocks-gallery-item__caption\">Bernardo Bellotto, Trinit\u00e9 des Monts, Place d'Espagne<\/figcaption>\r\n                <\/a>\r\n            <\/figure><\/div><\/li><\/div>\r\n        <div class=\"kb-slide-item kb-gallery-carousel-item\"><li class=\"kadence-blocks-gallery-item\"><div class=\"kadence-blocks-gallery-item-inner\">\r\n            <figure class=\"kb-gallery-figure kb-gallery-item-has-link kadence-blocks-gallery-item-has-caption\">\r\n                <a href=\"https:\/\/www.rome-roma.net\/artmodule\/johann wilhelm baur\/baur johann wilhelm - veduta di piazza di spagna a roma.jpg\" class=\"kb-gallery-item-link\" style=\"color: #FFFFFF;\">\r\n                    <div class=\"kb-gal-image-radius\"><div class=\"kb-gallery-image-contain\">\r\n                        <img src=\"https:\/\/www.rome-roma.net\/artmodule\/johann wilhelm baur\/baur johann wilhelm - veduta di piazza di spagna a roma.jpg\" width=\"300\" height=\"200\" \r\n                            alt=\"Johann Wilhelm Baur,Place d'Espagne \u00e0 Rome (?, avant 1640, date ind\u00e9termin\u00e9e)\" \r\n                            data-full-image=\"https:\/\/www.rome-roma.net\/artmodule\/johann wilhelm baur\/baur johann wilhelm - veduta di piazza di spagna a roma.jpg\" \r\n                            data-light-image=\"https:\/\/www.rome-roma.net\/artmodule\/johann wilhelm baur\/baur johann wilhelm - veduta di piazza di spagna a roma.jpg\" data-id=\"149\" \r\n                            data-link=\"https:\/\/www.rome-roma.net\/artmodule\/johann wilhelm baur\/baur johann wilhelm - veduta di piazza di spagna a roma.jpg\" \r\n                            class=\"wp-image-149\" loading=lazy\/>\r\n                    <\/div><\/div>\r\n                    <figcaption class=\"kadence-blocks-gallery-item__caption\">Johann Wilhelm Baur, Place d'Espagne \u00e0 Rome<\/figcaption>\r\n                <\/a>\r\n            <\/figure><\/div><\/li><\/div><\/div><\/div><\/div><\/div><a href=\"https:\/\/www.rome-roma.net\/site-rome-art.php?lieu=piazza+di+spagna\" target=\"_blank\">Clica per vedere oltre dipinti e artisti su Place d'Espagne in Roma<\/a><br><br><br>\n\n\n\n<h2>Cartina ed indirizzo<\/h2>\r\n\t\t<b>Indirizzo : <\/b>Piazza di Spagna, 00187 Roma RM, Italie<div id=\"travelersmap-container-69f0d8ebbcee6\" class=\"travelersmap-container\" style=\"z-index: 1; min-height: 10px; min-width:10px; height:400px;width:100%; max-width:; max-height:; position:relative;\"><div style=\"position:absolute; z-index:-1;top: 50%;text-align: center;display: block;left: 50%;transform: translate(-50%,-50%);\">Travelers' Map is loading... <br> If you see this after your page is loaded completely, leafletJS files are missing.<\/div><\/div><i>Clicca sulla freccia per localizzarti sulla mappa<\/i><br><br>\n\n\n<h2>Informazioni<\/h2>\n<table style=\"border-collapse: collapse; width: 100%;\">\n<tbody>\n<tr style=\"background-color: #fae8c3;\">\n<td style=\"width: 100%;\"><strong><em><span style=\"font-size: 10pt;\">Piazza di Spagna<\/span><\/em><\/strong><\/td>\n<\/tr>\n<tr style=\"background-color: #f7ece1;\">\n<td style=\"width: 100%;\">\n<p><span style=\"font-size: 10pt;\"><b>Fonti e link per approfondire<\/b> :<\/span><\/p>\n<ul>\n<li><span style=\"font-size: 10pt;\">Siti del Comune di Roma: <a href=\"https:\/\/060608.comune.roma.it\/cultura\/beni-architettonici-e-storici\/piazza-di-spagna-15925\" target=\"_blank\" rel=\"noopener\">Piazza di Spagna su 60608<\/a> e <a href=\"https:\/\/www.turismoroma.it\/it\/luoghi\/piazza-di-spagna\" target=\"_blank\" rel=\"noopener\">TurismoRoma<\/a><\/span><\/li>\n<li><a href=\"https:\/\/it.wikipedia.org\/wiki\/Piazza_di_Spagna\" target=\"_blank\" rel=\"noopener\"><span style=\"font-size: 10pt;\">Pagina Wikipedia<\/span><\/a><\/li>\n<li><span style=\"font-size: 10pt;\">Su Roma Segreta: <a href=\"https:\/\/www.romasegreta.it\/campo-marzio\/piazza-di-spagna.html\" target=\"_blank\" rel=\"noopener noreferrer\">www.romasegreta.it<\/a><\/span><\/li>\n<\/ul>\n<\/td>\n<\/tr>\n<\/tbody>\n<\/table>\n<p><!--EndFragment--><\/p>\n<p><!--EndFragment--><\/p>","protected":false},"excerpt":{"rendered":"<p>In un quartiere elegante del Rione Colonna, la Piazza di Spagna di Roma (\u201cPiazza di Spagna\u201d in italiano) \u00e8 una delle piazze pi\u00f9 famose di Roma e la pi\u00f9 originale per la sua forma poco comune.Si caratterizza per la grande scalinata barocca della Trinit\u00e0 dei Monti, un vero monumento ascendente dalla fontana della Barcaccia fino [&hellip;]<\/p>\n","protected":false},"featured_media":0,"parent":0,"menu_order":0,"comment_status":"open","ping_status":"open","template":"","format":"standard","meta":{"kt_blocks_editor_width":"","_links_to":"","_links_to_target":""},"genre":[279],"interet":[289],"quartier":[316],"categorie_site":[402,395],"quartier_historique":[443],"etiquettes_site":[],"acf":[],"yoast_head":"<!-- This site is optimized with the Yoast SEO plugin v17.4 - https:\/\/yoast.com\/wordpress\/plugins\/seo\/ -->\n<title>Piazza di Spagna &ndash; Rome-Roma<\/title>\n<meta name=\"description\" content=\"Piazza di Spagna a Roma \u00e8 una delle pi\u00f9 sceniche della citt\u00e0, con le sue scale monumentali che conducono alla Trinit\u00e0 dei Monti. visita e informazioni.\" \/>\n<meta name=\"robots\" content=\"index, follow, max-snippet:-1, max-image-preview:large, max-video-preview:-1\" \/>\n<link rel=\"canonical\" href=\"https:\/\/www.rome-roma.net\/it\/piazza-di-spagna\/\" \/>\n<meta property=\"og:locale\" content=\"it_IT\" \/>\n<meta property=\"og:type\" content=\"article\" \/>\n<meta property=\"og:title\" content=\"Piazza di Spagna &ndash; Rome-Roma\" \/>\n<meta property=\"og:description\" content=\"Piazza di Spagna a Roma \u00e8 una delle pi\u00f9 sceniche della citt\u00e0, con le sue scale monumentali che conducono alla Trinit\u00e0 dei Monti. visita e informazioni.\" \/>\n<meta property=\"og:url\" content=\"https:\/\/www.rome-roma.net\/it\/piazza-di-spagna\/\" \/>\n<meta property=\"og:site_name\" content=\"Rome-Roma\" \/>\n<meta property=\"article:modified_time\" content=\"2025-07-31T19:59:01+00:00\" \/>\n<meta property=\"og:image\" content=\"https:\/\/www.rome-roma.net\/wp-content\/uploads\/2020\/01\/fontana-della-barcaccia-piazza-di-spagna-roma_5875-150x150.jpg\" \/>\n<meta name=\"twitter:card\" content=\"summary_large_image\" \/>\n<meta name=\"twitter:label1\" content=\"Tempo di lettura stimato\" \/>\n\t<meta name=\"twitter:data1\" content=\"7 minuti\" \/>\n<script type=\"application\/ld+json\" class=\"yoast-schema-graph\">{\"@context\":\"https:\/\/schema.org\",\"@graph\":[{\"@type\":\"Organization\",\"@id\":\"https:\/\/www.rome-roma.net\/it\/#organization\",\"name\":\"Rome-Roma\",\"url\":\"https:\/\/www.rome-roma.net\/it\/\",\"sameAs\":[],\"logo\":{\"@type\":\"ImageObject\",\"@id\":\"https:\/\/www.rome-roma.net\/it\/#logo\",\"inLanguage\":\"it-IT\",\"url\":\"https:\/\/www.rome-roma.net\/wp-content\/uploads\/2025\/07\/logo-rome-roma-420.jpg\",\"contentUrl\":\"https:\/\/www.rome-roma.net\/wp-content\/uploads\/2025\/07\/logo-rome-roma-420.jpg\",\"width\":420,\"height\":420,\"caption\":\"Rome-Roma\"},\"image\":{\"@id\":\"https:\/\/www.rome-roma.net\/it\/#logo\"}},{\"@type\":\"WebSite\",\"@id\":\"https:\/\/www.rome-roma.net\/it\/#website\",\"url\":\"https:\/\/www.rome-roma.net\/it\/\",\"name\":\"Rome-Roma\",\"description\":\"Cultura & Viaggio\",\"publisher\":{\"@id\":\"https:\/\/www.rome-roma.net\/it\/#organization\"},\"potentialAction\":[{\"@type\":\"SearchAction\",\"target\":{\"@type\":\"EntryPoint\",\"urlTemplate\":\"https:\/\/www.rome-roma.net\/it\/?s={search_term_string}\"},\"query-input\":\"required name=search_term_string\"}],\"inLanguage\":\"it-IT\"},{\"@type\":\"ImageObject\",\"@id\":\"https:\/\/www.rome-roma.net\/it\/piazza-di-spagna\/#primaryimage\",\"inLanguage\":\"it-IT\",\"url\":\"https:\/\/www.rome-roma.net\/wp-content\/uploads\/2020\/01\/place-d-espagne-escaliers-rome_9709.jpg\",\"contentUrl\":\"https:\/\/www.rome-roma.net\/wp-content\/uploads\/2020\/01\/place-d-espagne-escaliers-rome_9709.jpg\",\"width\":1200,\"height\":800,\"caption\":\"Place d'Espagne et fontaine de la Barcaccia\"},{\"@type\":\"WebPage\",\"@id\":\"https:\/\/www.rome-roma.net\/it\/piazza-di-spagna\/#webpage\",\"url\":\"https:\/\/www.rome-roma.net\/it\/piazza-di-spagna\/\",\"name\":\"Piazza di Spagna &ndash; Rome-Roma\",\"isPartOf\":{\"@id\":\"https:\/\/www.rome-roma.net\/it\/#website\"},\"primaryImageOfPage\":{\"@id\":\"https:\/\/www.rome-roma.net\/it\/piazza-di-spagna\/#primaryimage\"},\"datePublished\":\"2020-01-15T17:27:14+00:00\",\"dateModified\":\"2025-07-31T19:59:01+00:00\",\"description\":\"Piazza di Spagna a Roma \\u00e8 una delle pi\\u00f9 sceniche della citt\\u00e0, con le sue scale monumentali che conducono alla Trinit\\u00e0 dei Monti. visita e informazioni.\",\"breadcrumb\":{\"@id\":\"https:\/\/www.rome-roma.net\/it\/piazza-di-spagna\/#breadcrumb\"},\"inLanguage\":\"it-IT\",\"potentialAction\":[{\"@type\":\"ReadAction\",\"target\":[\"https:\/\/www.rome-roma.net\/it\/piazza-di-spagna\/\"]}]},{\"@type\":\"BreadcrumbList\",\"@id\":\"https:\/\/www.rome-roma.net\/it\/piazza-di-spagna\/#breadcrumb\",\"itemListElement\":[{\"@type\":\"ListItem\",\"position\":1,\"name\":\"Accueil\",\"item\":\"https:\/\/www.rome-roma.net\/it\/\"},{\"@type\":\"ListItem\",\"position\":2,\"name\":\"Piazza di Spagna\"}]}]}<\/script>\n<!-- \/ Yoast SEO plugin. -->","yoast_head_json":{"title":"Piazza di Spagna &ndash; Rome-Roma","description":"Piazza di Spagna a Roma \u00e8 una delle pi\u00f9 sceniche della citt\u00e0, con le sue scale monumentali che conducono alla Trinit\u00e0 dei Monti. visita e informazioni.","robots":{"index":"index","follow":"follow","max-snippet":"max-snippet:-1","max-image-preview":"max-image-preview:large","max-video-preview":"max-video-preview:-1"},"canonical":"https:\/\/www.rome-roma.net\/it\/piazza-di-spagna\/","og_locale":"it_IT","og_type":"article","og_title":"Piazza di Spagna &ndash; Rome-Roma","og_description":"Piazza di Spagna a Roma \u00e8 una delle pi\u00f9 sceniche della citt\u00e0, con le sue scale monumentali che conducono alla Trinit\u00e0 dei Monti. visita e informazioni.","og_url":"https:\/\/www.rome-roma.net\/it\/piazza-di-spagna\/","og_site_name":"Rome-Roma","article_modified_time":"2025-07-31T19:59:01+00:00","og_image":[{"url":"https:\/\/www.rome-roma.net\/wp-content\/uploads\/2020\/01\/fontana-della-barcaccia-piazza-di-spagna-roma_5875-150x150.jpg"}],"twitter_card":"summary_large_image","twitter_misc":{"Tempo di lettura stimato":"7 minuti"},"schema":{"@context":"https:\/\/schema.org","@graph":[{"@type":"Organization","@id":"https:\/\/www.rome-roma.net\/it\/#organization","name":"Rome-Roma","url":"https:\/\/www.rome-roma.net\/it\/","sameAs":[],"logo":{"@type":"ImageObject","@id":"https:\/\/www.rome-roma.net\/it\/#logo","inLanguage":"it-IT","url":"https:\/\/www.rome-roma.net\/wp-content\/uploads\/2025\/07\/logo-rome-roma-420.jpg","contentUrl":"https:\/\/www.rome-roma.net\/wp-content\/uploads\/2025\/07\/logo-rome-roma-420.jpg","width":420,"height":420,"caption":"Rome-Roma"},"image":{"@id":"https:\/\/www.rome-roma.net\/it\/#logo"}},{"@type":"WebSite","@id":"https:\/\/www.rome-roma.net\/it\/#website","url":"https:\/\/www.rome-roma.net\/it\/","name":"Rome-Roma","description":"Cultura & Viaggio","publisher":{"@id":"https:\/\/www.rome-roma.net\/it\/#organization"},"potentialAction":[{"@type":"SearchAction","target":{"@type":"EntryPoint","urlTemplate":"https:\/\/www.rome-roma.net\/it\/?s={search_term_string}"},"query-input":"required name=search_term_string"}],"inLanguage":"it-IT"},{"@type":"ImageObject","@id":"https:\/\/www.rome-roma.net\/it\/piazza-di-spagna\/#primaryimage","inLanguage":"it-IT","url":"https:\/\/www.rome-roma.net\/wp-content\/uploads\/2020\/01\/place-d-espagne-escaliers-rome_9709.jpg","contentUrl":"https:\/\/www.rome-roma.net\/wp-content\/uploads\/2020\/01\/place-d-espagne-escaliers-rome_9709.jpg","width":1200,"height":800,"caption":"Place d'Espagne et fontaine de la Barcaccia"},{"@type":"WebPage","@id":"https:\/\/www.rome-roma.net\/it\/piazza-di-spagna\/#webpage","url":"https:\/\/www.rome-roma.net\/it\/piazza-di-spagna\/","name":"Piazza di Spagna &ndash; Rome-Roma","isPartOf":{"@id":"https:\/\/www.rome-roma.net\/it\/#website"},"primaryImageOfPage":{"@id":"https:\/\/www.rome-roma.net\/it\/piazza-di-spagna\/#primaryimage"},"datePublished":"2020-01-15T17:27:14+00:00","dateModified":"2025-07-31T19:59:01+00:00","description":"Piazza di Spagna a Roma \u00e8 una delle pi\u00f9 sceniche della citt\u00e0, con le sue scale monumentali che conducono alla Trinit\u00e0 dei Monti. visita e informazioni.","breadcrumb":{"@id":"https:\/\/www.rome-roma.net\/it\/piazza-di-spagna\/#breadcrumb"},"inLanguage":"it-IT","potentialAction":[{"@type":"ReadAction","target":["https:\/\/www.rome-roma.net\/it\/piazza-di-spagna\/"]}]},{"@type":"BreadcrumbList","@id":"https:\/\/www.rome-roma.net\/it\/piazza-di-spagna\/#breadcrumb","itemListElement":[{"@type":"ListItem","position":1,"name":"Accueil","item":"https:\/\/www.rome-roma.net\/it\/"},{"@type":"ListItem","position":2,"name":"Piazza di Spagna"}]}]}},"acf_fields":{"nom_monument":"Piazza di Spagna a Roma","wikidata":"Q15124814","sameas":"https:\/\/it.wikipedia.org\/wiki\/Piazza_di_Spagna"},"_links":{"self":[{"href":"https:\/\/www.rome-roma.net\/it\/wp-json\/wp\/v2\/site\/5794"}],"collection":[{"href":"https:\/\/www.rome-roma.net\/it\/wp-json\/wp\/v2\/site"}],"about":[{"href":"https:\/\/www.rome-roma.net\/it\/wp-json\/wp\/v2\/types\/site"}],"replies":[{"embeddable":true,"href":"https:\/\/www.rome-roma.net\/it\/wp-json\/wp\/v2\/comments?post=5794"}],"wp:attachment":[{"href":"https:\/\/www.rome-roma.net\/it\/wp-json\/wp\/v2\/media?parent=5794"}],"wp:term":[{"taxonomy":"genre","embeddable":true,"href":"https:\/\/www.rome-roma.net\/it\/wp-json\/wp\/v2\/genre?post=5794"},{"taxonomy":"interet","embeddable":true,"href":"https:\/\/www.rome-roma.net\/it\/wp-json\/wp\/v2\/interet?post=5794"},{"taxonomy":"quartier","embeddable":true,"href":"https:\/\/www.rome-roma.net\/it\/wp-json\/wp\/v2\/quartier?post=5794"},{"taxonomy":"categorie_site","embeddable":true,"href":"https:\/\/www.rome-roma.net\/it\/wp-json\/wp\/v2\/categorie_site?post=5794"},{"taxonomy":"quartier_historique","embeddable":true,"href":"https:\/\/www.rome-roma.net\/it\/wp-json\/wp\/v2\/quartier_historique?post=5794"},{"taxonomy":"etiquettes_site","embeddable":true,"href":"https:\/\/www.rome-roma.net\/it\/wp-json\/wp\/v2\/etiquettes_site?post=5794"}],"curies":[{"name":"wp","href":"https:\/\/api.w.org\/{rel}","templated":true}]}}