


{"id":5796,"date":"2020-01-19T19:59:00","date_gmt":"2020-01-19T18:59:00","guid":{"rendered":"https:\/\/www.rome-roma.net\/site\/piazza-del-popolo\/"},"modified":"2025-08-21T10:28:48","modified_gmt":"2025-08-21T08:28:48","slug":"piazza-del-popolo-roma","status":"publish","type":"site","link":"https:\/\/www.rome-roma.net\/it\/piazza-del-popolo-roma\/","title":{"rendered":"Piazza del Popolo"},"content":{"rendered":"<div style=\"width: 210px\" class=\"wp-caption alignright\"><a href=\"https:\/\/www.rome-roma.net\/photos\/voyage2\/rome\/images\/rome_piazzadelpopolo_9686.jpg\" rel=\"lightbox[a]\"><img loading=\"lazy\" src=\"https:\/\/www.rome-roma.net\/photos\/voyage2\/rome\/images\/rome_piazzadelpopolo_9686.jpg\" alt=\"Piazza del Popolo, obelisco flaminio\" width=\"200\" height=\"300\" align=\"right\" border=\"0\" hspace=\"7\" vspace=\"2\" \/><\/a><p class=\"wp-caption-text\">Obelisco Flaminio<\/p><\/div>\n<p>La <strong>Piazza del Popolo<\/strong> fu progettata nel XVI secolo per offrire un ingresso maestoso quando si arriva a Roma da la Via Flaminia. La monumentale <strong>Porta del Popolo<\/strong> sostitu\u00ec la Porta Flaminia.\u00a0Fu rimaneggiata da Giuseppe Valadier all&#8217;inizio del XIX secolo.<br \/>La sua estensione consente l&#8217;organizzazione di eventi e manifestazioni, potendo ospitare fino a 65.000 persone. \u00c8 dominata dalla collina del <a href=\"https:\/\/www.rome-roma.net\/it\/pincio\/\"><strong>Pincio<\/strong><\/a> a est, la lunga <a href=\"https:\/\/www.rome-roma.net\/it\/la-via-del-corso\/\"><strong>via del Corso<\/strong><\/a> si dirige verso sud, e sulla piazza si trovano tre chiese, tra cui la notevole <a href=\"https:\/\/www.rome-roma.net\/it\/santa-maria-del-popolo\/\"><strong>Basilica di Santa Maria del Popolo<\/strong><\/a>.<\/p>\n<p><strong>Punti salienti della Piazza del Popolo da vedere:<\/strong><\/p>\n<ul>\n<li>La <a href=\"https:\/\/www.rome-roma.net\/it\/santa-maria-del-popolo\/\"><strong>Basilica di Santa Maria del Popolo<\/strong><\/a> e le sue cappelle decorate da artisti del Rinascimento e del Barocco.<\/li>\n<li>Le chiese gemelle <strong>Santa Maria in Montesanto<\/strong> e <strong>Santa Maria dei Miracoli<\/strong>, che formano il Tridente.<\/li>\n<li>L&#8217;<strong>obelisco Flaminio<\/strong>, eretto sotto Sisto V e spostato da Domenico Fontana.<\/li>\n<li>Le fontane e le statue di Giuseppe Valadier, tra cui la Dea Roma e Nettuno con i Tritoni.<\/li>\n<li>La <strong>Porta del Popolo<\/strong>, monumentale ingresso della Via Flaminia.<\/li>\n<li>La prospettiva sul <a href=\"https:\/\/www.rome-roma.net\/it\/pincio\/\"><strong>Pincio<\/strong><\/a> e sulla Via del Corso, la vista dal Pincio stesso.<\/li>\n<\/ul>\n<h2>Descrizione e visita<\/h2>\n<p>La piazza e la sua porta sono un buon esempio della stratificazione architettonica di Roma, un fenomeno comune nella Citt\u00e0 Eterna, che i Papi successivi hanno riorganizzato e abbellitati, con architetti come <strong>Domenico Fontana<\/strong> nel XVII secolo o <strong>Valadier<\/strong> nel XIX secolo.<\/p>\n<h3>Le tre chiese<\/h3>\n<div style=\"width: 310px\" class=\"wp-caption alignleft\"><a href=\"https:\/\/www.rome-roma.net\/photos\/voyage2\/rome\/images\/rome_piazzadelpopolo_9698.jpg\" rel=\"lightbox[a]\"><img loading=\"lazy\" src=\"https:\/\/www.rome-roma.net\/photos\/voyage2\/rome\/images\/rome_piazzadelpopolo_9698.jpg\" alt=\"Piazza del Popolo\" width=\"300\" height=\"200\" align=\"left\" border=\"0\" hspace=\"7\" vspace=\"2\" \/><\/a><p class=\"wp-caption-text\">Chiese gemelle Piazza del Popolo<\/p><\/div>\n<p>Tre chiese si vedono nella piazza. La pi\u00f9 antica \u00e8 la <a href=\"https:\/\/www.rome-roma.net\/it\/santa-maria-del-popolo\/\"><strong>Basilica di Santa Maria del Popolo<\/strong><\/a>, situata sul lato della porta, costruita nell&#8217;XI secolo e successivamente rinnovata, nel XV e XVII secolo dal <strong>Bernini<\/strong>. \u00c8 uno degli edifici pi\u00f9 notevoli del Rinascimento romano.<br \/>Dal 1562 al 1565 <strong>Nanni di Baccio Bigio<\/strong> ricostru\u00ec la facciata esterna della porta. Nel 1655, Gian Lorenzo Bernini rinnov\u00f2 la facciata interna e la cornice.<\/p>\n<p>Le chiese gemelle: <strong>Santa Maria in Montesanto<\/strong> (1675) e <a href=\"https:\/\/www.rome-roma.net\/it\/chiesa-santa-maria-dei-miracoli\/\"><strong>Santa Maria dei Miracoli<\/strong><\/a> (1678), furono costruite su richiesta di Alessandro VII. Occupano i due poli del tridente formato da Via del Corso, Via del Babuino e Via di Ripetta. Questi due edifici barocchi furono iniziati da <strong>Carlo Rainaldi<\/strong>, poi terminati da <strong>Carlo Fontana <\/strong>con la collaborazione di Bernini.<\/p>\n<h3>La fontana e l&#8217;Obelisco Flaminio<\/h3>\n<p>Nel 1573, <strong>Papa Gregorio XIII<\/strong> install\u00f2 una fontana al centro della piazza di <strong>Giacomo della Porta<\/strong> (una delle diciotto fontane progettate dopo il restauro del&#8217;Acquedotto Vergine). Ma nel 1589, <strong>Papa Sisto V<\/strong> fece erigere l\u00ec il grande <strong>Obelisco Flaminio<\/strong>, alto 24 metri, precedentemente collocato nel Circo Massimo. Domenico Fontana spost\u00f2 quindi la fontana di della Porta all&#8217;inizio della Via del Corso.<br \/>L&#8217;obelisco fu realizzato intorno al XII secolo a.C., per celebrare la gloria di Seti I e Ramses II. Augusto lo port\u00f2 da Eliopoli dopo la sua conquista dell&#8217;Egitto (30 aC).<\/p>\n<h3>Le sistemazioni di Valadier e successivi<\/h3>\n<div id=\"attachment_24079\" style=\"width: 210px\" class=\"wp-caption alignright\"><a href=\"https:\/\/www.rome-roma.net\/wp-content\/uploads\/2020\/01\/fontaine-pincio-dea-roma-place-du-peuple-rome_6337.jpg\"><img aria-describedby=\"caption-attachment-24079\" loading=\"lazy\" class=\"wp-image-24079 size-medium\" src=\"https:\/\/www.rome-roma.net\/wp-content\/uploads\/2020\/01\/fontaine-pincio-dea-roma-place-du-peuple-rome_6337-200x300.jpg\" alt=\"Fontana lato Pincio. La Dea Roma tra il Tevere e l'Aniene\" width=\"200\" height=\"300\" srcset=\"https:\/\/www.rome-roma.net\/wp-content\/uploads\/2020\/01\/fontaine-pincio-dea-roma-place-du-peuple-rome_6337-200x300.jpg 200w, https:\/\/www.rome-roma.net\/wp-content\/uploads\/2020\/01\/fontaine-pincio-dea-roma-place-du-peuple-rome_6337-683x1024.jpg 683w, https:\/\/www.rome-roma.net\/wp-content\/uploads\/2020\/01\/fontaine-pincio-dea-roma-place-du-peuple-rome_6337-768x1152.jpg 768w, https:\/\/www.rome-roma.net\/wp-content\/uploads\/2020\/01\/fontaine-pincio-dea-roma-place-du-peuple-rome_6337.jpg 800w\" sizes=\"(max-width: 200px) 100vw, 200px\" \/><\/a><p id=\"caption-attachment-24079\" class=\"wp-caption-text\">Fontana lato Pincio. La Dea Roma tra il Tevere e l&#8217;Aniene<\/p><\/div>\n<p>La forma della piazza fu ereditata dalla fine del XIX secolo. In precedenza, la sua fisionomia era quella di un quadrato trapezoidale, allargato verso il Tridente. Dall&#8217;occupazione napoleonica, <strong>Joseph Valadier<\/strong> ha immaginato una nuova pianificazione per installare due caserme. Questo progetto fu abbandonato a causa del terreno accidentato tra la piazza e il <a href=\"https:\/\/www.rome-roma.net\/it\/pincio\/\"><strong>Pincio<\/strong><\/a>. Quindi, la piazza prese l&#8217;attuale forma ellittica, con una doppia esedra, decorata con numerose fontane e statue.<br \/>Valadier spost\u00f2 la fontana di Giacomo Della Porta e complet\u00f2 i lavori ristrutturando le pendici e la terrazza del Pincio.<br \/>La nuova fontana centrale circonda l&#8217;obelisco con un leone di marmo in stile egiziano in ciascuno dei suoi angoli, da cui l&#8217;acqua scorre dalla bocca.<br \/>Poco dopo, realizz\u00f2 anche le due fontane quasi gemelle. L&#8217;acqua trabocca da un grande semiguscio in un bacino. Nella parte superiore di ogni fontana, ad ogni estremit\u00e0 c&#8217;\u00e8 una coppia di delfini con code piegate, mentre al centro un gruppo di statue \u00e8 l&#8217;unica differenza tra le due opere. A ovest, verso il Tevere e su una roccia, una statua di Nettuno \u00e8 fiancheggiata da due tritoni con altrettanti delfini. Ad est, sul lato del Pincio, la roccia reca la statua della dea Roma, affiancata dalle statue sedute del Tevere e dell&#8217;Aniene, e ai cui piedi il lupo capitolino allatta i gemelli. Le strutture dietro, verso il Pincio, con le nicchie dalle quali scorre l&#8217;acqua in cascata sono anch&#8217;esse di Valadier.<\/p>\n<p>Nel 1878-1879, le due torri che fortificarono la porta furono demolite e furono aggiunti due archi laterali.<\/p>\n\n\n<h2>Cartina ed indirizzo<\/h2>\r\n\t\t<b>Indirizzo : <\/b> Piazza del Popolo, Roma RM <div id=\"travelersmap-container-69f0d8ee6284a\" class=\"travelersmap-container\" style=\"z-index: 1; min-height: 10px; min-width:10px; height:400px;width:100%; max-width:; max-height:; position:relative;\"><div style=\"position:absolute; z-index:-1;top: 50%;text-align: center;display: block;left: 50%;transform: translate(-50%,-50%);\">Travelers' Map is loading... <br> If you see this after your page is loaded completely, leafletJS files are missing.<\/div><\/div><i>Clicca sulla freccia per localizzarti sulla mappa<\/i><br><br>\n\n\n\n<h2>Galleria fotografica<\/h2>\n\n\n\n<figure class=\"wp-container-3 wp-block-gallery-2 wp-block-gallery has-nested-images columns-4 is-cropped\">\n<figure class=\"wp-block-image size-medium\"><a href=\"https:\/\/www.rome-roma.net\/wp-content\/uploads\/2020\/01\/piazza-del-popolo-dal-pincio_2186.jpg\"><img loading=\"lazy\" width=\"300\" height=\"200\" data-id=\"24513\"  src=\"https:\/\/www.rome-roma.net\/wp-content\/uploads\/2020\/01\/piazza-del-popolo-dal-pincio_2186-300x200.jpg\" alt=\"La Piazza del Popolo vista dal Pincio\" class=\"wp-image-24513\" srcset=\"https:\/\/www.rome-roma.net\/wp-content\/uploads\/2020\/01\/piazza-del-popolo-dal-pincio_2186-300x200.jpg 300w, https:\/\/www.rome-roma.net\/wp-content\/uploads\/2020\/01\/piazza-del-popolo-dal-pincio_2186-1024x683.jpg 1024w, https:\/\/www.rome-roma.net\/wp-content\/uploads\/2020\/01\/piazza-del-popolo-dal-pincio_2186-768x512.jpg 768w, https:\/\/www.rome-roma.net\/wp-content\/uploads\/2020\/01\/piazza-del-popolo-dal-pincio_2186.jpg 1200w\" sizes=\"(max-width: 300px) 100vw, 300px\" \/><\/a><figcaption>Veduta dal Pincio<\/figcaption><\/figure>\n\n\n\n<figure class=\"wp-block-image size-medium\"><a href=\"https:\/\/www.rome-roma.net\/wp-content\/uploads\/2020\/02\/piazza-del-popolo-rome_3529.jpg\"><img loading=\"lazy\" width=\"300\" height=\"200\" data-id=\"24432\"  src=\"https:\/\/www.rome-roma.net\/wp-content\/uploads\/2020\/02\/piazza-del-popolo-rome_3529-300x200.jpg\" alt=\"La Piazza del Popolo a Roma\" class=\"wp-image-24432\" srcset=\"https:\/\/www.rome-roma.net\/wp-content\/uploads\/2020\/02\/piazza-del-popolo-rome_3529-300x200.jpg 300w, https:\/\/www.rome-roma.net\/wp-content\/uploads\/2020\/02\/piazza-del-popolo-rome_3529-1024x683.jpg 1024w, https:\/\/www.rome-roma.net\/wp-content\/uploads\/2020\/02\/piazza-del-popolo-rome_3529-768x512.jpg 768w, https:\/\/www.rome-roma.net\/wp-content\/uploads\/2020\/02\/piazza-del-popolo-rome_3529.jpg 1200w\" sizes=\"(max-width: 300px) 100vw, 300px\" \/><\/a><figcaption>Piazza del Popolo, chiese gemelle e obelisco<\/figcaption><\/figure>\n\n\n\n<figure class=\"wp-block-image size-medium\"><a href=\"https:\/\/www.rome-roma.net\/wp-content\/uploads\/2020\/01\/basilique-sainte-marie-du-peuple-rome_2086.jpg\"><img loading=\"lazy\" width=\"300\" height=\"200\" data-id=\"24054\"  src=\"https:\/\/www.rome-roma.net\/wp-content\/uploads\/2020\/01\/basilique-sainte-marie-du-peuple-rome_2086-300x200.jpg\" alt=\"Basilica di Santa Maria Maggiore, Piazza del Popolo, Roma\" class=\"wp-image-24054\" srcset=\"https:\/\/www.rome-roma.net\/wp-content\/uploads\/2020\/01\/basilique-sainte-marie-du-peuple-rome_2086-300x200.jpg 300w, https:\/\/www.rome-roma.net\/wp-content\/uploads\/2020\/01\/basilique-sainte-marie-du-peuple-rome_2086-1024x683.jpg 1024w, https:\/\/www.rome-roma.net\/wp-content\/uploads\/2020\/01\/basilique-sainte-marie-du-peuple-rome_2086-768x512.jpg 768w, https:\/\/www.rome-roma.net\/wp-content\/uploads\/2020\/01\/basilique-sainte-marie-du-peuple-rome_2086.jpg 1200w\" sizes=\"(max-width: 300px) 100vw, 300px\" \/><\/a><figcaption>Santa Maria del Popolo<\/figcaption><\/figure>\n\n\n\n<figure class=\"wp-block-image size-medium\"><a href=\"https:\/\/www.rome-roma.net\/wp-content\/uploads\/2020\/02\/obelisque-place-du-peuple-rome_3531.jpg\"><img loading=\"lazy\" width=\"200\" height=\"300\" data-id=\"24417\"  src=\"https:\/\/www.rome-roma.net\/wp-content\/uploads\/2020\/02\/obelisque-place-du-peuple-rome_3531-200x300.jpg\" alt=\"Obelisco Flaminio\" class=\"wp-image-24417\" srcset=\"https:\/\/www.rome-roma.net\/wp-content\/uploads\/2020\/02\/obelisque-place-du-peuple-rome_3531-200x300.jpg 200w, https:\/\/www.rome-roma.net\/wp-content\/uploads\/2020\/02\/obelisque-place-du-peuple-rome_3531-683x1024.jpg 683w, https:\/\/www.rome-roma.net\/wp-content\/uploads\/2020\/02\/obelisque-place-du-peuple-rome_3531-768x1152.jpg 768w, https:\/\/www.rome-roma.net\/wp-content\/uploads\/2020\/02\/obelisque-place-du-peuple-rome_3531.jpg 800w\" sizes=\"(max-width: 200px) 100vw, 200px\" \/><\/a><figcaption>Obelisco Flaminio<\/figcaption><\/figure>\n\n\n\n<figure class=\"wp-block-image size-medium\"><a href=\"https:\/\/www.rome-roma.net\/wp-content\/uploads\/2020\/02\/leone-fontana-piazza-del-popolo-roma_4903.jpg\"><img loading=\"lazy\" width=\"300\" height=\"200\" data-id=\"24357\"  src=\"https:\/\/www.rome-roma.net\/wp-content\/uploads\/2020\/02\/leone-fontana-piazza-del-popolo-roma_4903-300x200.jpg\" alt=\"Leone, fontana in Piazza del Popolo, Roma\" class=\"wp-image-24357\" srcset=\"https:\/\/www.rome-roma.net\/wp-content\/uploads\/2020\/02\/leone-fontana-piazza-del-popolo-roma_4903-300x200.jpg 300w, https:\/\/www.rome-roma.net\/wp-content\/uploads\/2020\/02\/leone-fontana-piazza-del-popolo-roma_4903-1024x683.jpg 1024w, https:\/\/www.rome-roma.net\/wp-content\/uploads\/2020\/02\/leone-fontana-piazza-del-popolo-roma_4903-768x512.jpg 768w, https:\/\/www.rome-roma.net\/wp-content\/uploads\/2020\/02\/leone-fontana-piazza-del-popolo-roma_4903.jpg 1200w\" sizes=\"(max-width: 300px) 100vw, 300px\" \/><\/a><figcaption>Leone della fontana<\/figcaption><\/figure>\n\n\n\n<figure class=\"wp-block-image size-medium\"><a href=\"https:\/\/www.rome-roma.net\/wp-content\/uploads\/2020\/01\/leone-fontana-obelisco-egiziano-piazza-del-popolo-roma_9688.jpg\"><img loading=\"lazy\" width=\"300\" height=\"200\" data-id=\"24119\"  src=\"https:\/\/www.rome-roma.net\/wp-content\/uploads\/2020\/01\/leone-fontana-obelisco-egiziano-piazza-del-popolo-roma_9688-300x200.jpg\" alt=\"Leone, fontana in Piazza del Popolo, Roma\" class=\"wp-image-24119\" srcset=\"https:\/\/www.rome-roma.net\/wp-content\/uploads\/2020\/01\/leone-fontana-obelisco-egiziano-piazza-del-popolo-roma_9688-300x200.jpg 300w, https:\/\/www.rome-roma.net\/wp-content\/uploads\/2020\/01\/leone-fontana-obelisco-egiziano-piazza-del-popolo-roma_9688-1024x683.jpg 1024w, https:\/\/www.rome-roma.net\/wp-content\/uploads\/2020\/01\/leone-fontana-obelisco-egiziano-piazza-del-popolo-roma_9688-768x512.jpg 768w, https:\/\/www.rome-roma.net\/wp-content\/uploads\/2020\/01\/leone-fontana-obelisco-egiziano-piazza-del-popolo-roma_9688.jpg 1200w\" sizes=\"(max-width: 300px) 100vw, 300px\" \/><\/a><figcaption>Leone della fontana<\/figcaption><\/figure>\n<\/figure>\n\n\n\n<h2>Articoli sulla piazza<\/h2>\n\n\n\n<ul class=\"lcp_catlist\" id=\"lcp_instance_0\"><li class=\"current\"><a href=\"https:\/\/www.rome-roma.net\/it\/piazza-del-popolo-roma\/\">Piazza del Popolo<\/a><a href=\"https:\/\/www.rome-roma.net\/it\/piazza-del-popolo-roma\/\" title=\"Piazza del Popolo\"><img src=\"https:\/\/www.rome-roma.net\/photos\/voyage2\/rome\/images\/rome_piazzadelpopolo_9686.jpg\" class=\"classthumblist\"  alt=\"Piazza del Popolo\" \/><\/a><div class=\"lcp_excerpt\">La Piazza del Popolo fu progettata nel XVI secolo per offrire un ingresso maestoso quando si arriva a Roma da la Via Flaminia. La monumentale ...<\/div><\/li><li><a href=\"https:\/\/www.rome-roma.net\/it\/santa-maria-del-popolo\/\">Basilica di Santa Maria del Popolo a Roma<\/a><a href=\"https:\/\/www.rome-roma.net\/it\/santa-maria-del-popolo\/\" title=\"Basilica di Santa Maria del Popolo a Roma\"><img width=\"50\" height=\"50\" src=\"https:\/\/www.rome-roma.net\/wp-content\/uploads\/2020\/01\/rome_piazzadelpopolo_96951-150x150.jpg\" class=\"classthumblist wp-post-image\" alt=\"Basilica di Santa Maria del Popolo a Roma\" loading=\"lazy\" srcset=\"https:\/\/www.rome-roma.net\/wp-content\/uploads\/2020\/01\/rome_piazzadelpopolo_96951-150x150.jpg 150w, https:\/\/www.rome-roma.net\/wp-content\/uploads\/2020\/01\/rome_piazzadelpopolo_96951-50x50.jpg 50w, https:\/\/www.rome-roma.net\/wp-content\/uploads\/2020\/01\/rome_piazzadelpopolo_96951-80x80.jpg 80w, https:\/\/www.rome-roma.net\/wp-content\/uploads\/2020\/01\/rome_piazzadelpopolo_96951-75x75.jpg 75w\" sizes=\"(max-width: 50px) 100vw, 50px\" \/><\/a><div class=\"lcp_excerpt\">Santa Maria del Popolo \u00e8 un&#8217;importante chiesa rinascimentale a Roma. Conserva opere di Raffaello, Bernini e Caravaggio.\nDescrizione, informazioni e orari, visita e storia della chiesa ...<\/div><\/li><li><a href=\"https:\/\/www.rome-roma.net\/it\/chiesa-santa-maria-dei-miracoli\/\">Chiesa di Santa Maria dei Miracoli<\/a><a href=\"https:\/\/www.rome-roma.net\/it\/chiesa-santa-maria-dei-miracoli\/\" title=\"Chiesa di Santa Maria dei Miracoli\"><img src=\"https:\/\/www.rome-roma.net\/photos\/popolo-corso-pantheon\/images\/santa_maria_dei_miracoli_roma_6345.jpg\" class=\"classthumblist\"  alt=\"Chiesa di Santa Maria dei Miracoli\" \/><\/a><div class=\"lcp_excerpt\">La Chiesa di Santa Maria dei Miracoli si trova Piazza del Popolo, a nord dell&#8217;antico Campo Marzio. La sua &#8220;gemella&#8221;, Santa Maria in Montesanto, \u00e8 ...<\/div><\/li><li><a href=\"https:\/\/www.rome-roma.net\/it\/pincio\/\">Pincio, colle e passeggiata<\/a><a href=\"https:\/\/www.rome-roma.net\/it\/pincio\/\" title=\"Pincio, colle e passeggiata\"><img src=\"https:\/\/www.rome-roma.net\/photos\/arapacis-pincio-napoleonico-santamariadelpopolo\/images\/pincio_borghese_roma_2187.jpg\" class=\"classthumblist\"  alt=\"Pincio, colle e passeggiata\" \/><\/a><div class=\"lcp_excerpt\">Il Pincio \u00e8 un colle di Roma, situato a nord del Quirinale, che domina il Campo Marzio. Diverse ville e giardini occupano il colle, tra ...<\/div><\/li><li><a href=\"https:\/\/www.rome-roma.net\/it\/museo-leonardo-da-vinci-piazza-del-popolo\/\">Museo Leonardo da Vinci Piazza del Popolo<\/a><a href=\"https:\/\/www.rome-roma.net\/it\/museo-leonardo-da-vinci-piazza-del-popolo\/\" title=\"Museo Leonardo da Vinci Piazza del Popolo\"><img src=\"https:\/\/www.rome-roma.net\/wp-content\/uploads\/2022\/11\/museo-leonardo-da-vinci-piazza-del-popolo-150x150.jpg\" class=\"classthumblist\"  alt=\"Museo Leonardo da Vinci Piazza del Popolo\" \/><\/a><div class=\"lcp_excerpt\">Il museo Leonardo da Vinci, adiacente alla chiesa di Santa Maria del Popolo sulla Piazza del Popolo, \u00e8 dedicato alla straordinaria opera creativa di Leonardo ...<\/div><\/li><\/ul>\n\n\n\n<h2>Vedute antiche nel arte<\/h2><div>25 opere di Piazza del Popolo sono state trovate nella database. Per vederle tutte aprire questo <a href=\"https:\/\/www.rome-roma.net\/site-rome-art.php?lieu=piazza+del+popolo\" target=\"_blank\">collegamento<\/a>.<\/div><div class=\"wp-block-kadence-advancedgallery kb-gallery-wrap-id-_5955fd-3f\">\r\n        <div class=\"kb-gallery-ul kb-gallery-type-fluidcarousel kb-gallery-id-_5955fd-3f kb-gallery-caption-style-below kb-gallery-magnific-init kb-gallery-filter-none\" data-image-filter=\"none\" data-lightbox-caption=\"true\">\r\n            <div class=\"kt-blocks-carousel kt-carousel-container-dotstyle-dark\">\r\n                <div class=\"kt-blocks-carousel-init kb-blocks-fluid-carousel kt-carousel-arrowstyle-whiteondark kt-carousel-dotstyle-dark\" data-slider-anim-speed=\"400\" data-slider-type=\"fluidcarousel\" data-slider-scroll=\"1\" data-slider-arrows=\"true\" data-slider-dots=\"true\" data-slider-hover-pause=\"false\" data-slider-auto=\"false\" data-slider-speed=\"7000\">\r\n        <div class=\"kb-slide-item kb-gallery-carousel-item\"><li class=\"kadence-blocks-gallery-item\"><div class=\"kadence-blocks-gallery-item-inner\">\r\n            <figure class=\"kb-gallery-figure kb-gallery-item-has-link kadence-blocks-gallery-item-has-caption\">\r\n                <a href=\"https:\/\/www.rome-roma.net\/artmodule\/antonio acquaroni\/antonio acquaroni - vedute di roma - piazza del popolo.jpg\" class=\"kb-gallery-item-link\" style=\"color: #FFFFFF;\">\r\n                    <div class=\"kb-gal-image-radius\"><div class=\"kb-gallery-image-contain\">\r\n                        <img src=\"https:\/\/www.rome-roma.net\/artmodule\/antonio acquaroni\/antonio acquaroni - vedute di roma - piazza del popolo.jpg\" width=\"300\" height=\"200\" \r\n                            alt=\"Antonio Acquaroni,Vue de rome, Piazza del Popolo (environ 1828)\" \r\n                            data-full-image=\"https:\/\/www.rome-roma.net\/artmodule\/antonio acquaroni\/antonio acquaroni - vedute di roma - piazza del popolo.jpg\" \r\n                            data-light-image=\"https:\/\/www.rome-roma.net\/artmodule\/antonio acquaroni\/antonio acquaroni - vedute di roma - piazza del popolo.jpg\" data-id=\"149\" \r\n                            data-link=\"https:\/\/www.rome-roma.net\/artmodule\/antonio acquaroni\/antonio acquaroni - vedute di roma - piazza del popolo.jpg\" \r\n                            class=\"wp-image-149\" loading=lazy\/>\r\n                    <\/div><\/div>\r\n                    <figcaption class=\"kadence-blocks-gallery-item__caption\">Antonio Acquaroni, Vue de rome, Piazza del Popolo<\/figcaption>\r\n                <\/a>\r\n            <\/figure><\/div><\/li><\/div>\r\n        <div class=\"kb-slide-item kb-gallery-carousel-item\"><li class=\"kadence-blocks-gallery-item\"><div class=\"kadence-blocks-gallery-item-inner\">\r\n            <figure class=\"kb-gallery-figure kb-gallery-item-has-link kadence-blocks-gallery-item-has-caption\">\r\n                <a href=\"https:\/\/www.rome-roma.net\/artmodule\/bernardo bellotto\/bernardo bellotto - entree a rome de jerzy ossolinski - emissaire de wladyslaw iv de pologne et le pape urbain viii - 1778.jpg\" class=\"kb-gallery-item-link\" style=\"color: #FFFFFF;\">\r\n                    <div class=\"kb-gal-image-radius\"><div class=\"kb-gallery-image-contain\">\r\n                        <img src=\"https:\/\/www.rome-roma.net\/artmodule\/bernardo bellotto\/bernardo bellotto - entree a rome de jerzy ossolinski - emissaire de wladyslaw iv de pologne et le pape urbain viii - 1778.jpg\" width=\"300\" height=\"200\" \r\n                            alt=\"Bernardo Bellotto,Entr\u00e9e a rome de jerzy ossolinski - emissaire de wladyslaw iv de pologne - et le pape urbain viii - 1778 (1778)\" \r\n                            data-full-image=\"https:\/\/www.rome-roma.net\/artmodule\/bernardo bellotto\/bernardo bellotto - entree a rome de jerzy ossolinski - emissaire de wladyslaw iv de pologne et le pape urbain viii - 1778.jpg\" \r\n                            data-light-image=\"https:\/\/www.rome-roma.net\/artmodule\/bernardo bellotto\/bernardo bellotto - entree a rome de jerzy ossolinski - emissaire de wladyslaw iv de pologne et le pape urbain viii - 1778.jpg\" data-id=\"149\" \r\n                            data-link=\"https:\/\/www.rome-roma.net\/artmodule\/bernardo bellotto\/bernardo bellotto - entree a rome de jerzy ossolinski - emissaire de wladyslaw iv de pologne et le pape urbain viii - 1778.jpg\" \r\n                            class=\"wp-image-149\" loading=lazy\/>\r\n                    <\/div><\/div>\r\n                    <figcaption class=\"kadence-blocks-gallery-item__caption\">Bernardo Bellotto, Entr\u00e9e a rome de jerzy ossolinski - emissaire de wladyslaw iv de pologne - et le pape urbain viii - 1778<\/figcaption>\r\n                <\/a>\r\n            <\/figure><\/div><\/li><\/div>\r\n        <div class=\"kb-slide-item kb-gallery-carousel-item\"><li class=\"kadence-blocks-gallery-item\"><div class=\"kadence-blocks-gallery-item-inner\">\r\n            <figure class=\"kb-gallery-figure kb-gallery-item-has-link kadence-blocks-gallery-item-has-caption\">\r\n                <a href=\"https:\/\/www.rome-roma.net\/artmodule\/bernardo bellotto\/bernardo bellotto - piazza del popolo - 1743.jpg\" class=\"kb-gallery-item-link\" style=\"color: #FFFFFF;\">\r\n                    <div class=\"kb-gal-image-radius\"><div class=\"kb-gallery-image-contain\">\r\n                        <img src=\"https:\/\/www.rome-roma.net\/artmodule\/bernardo bellotto\/bernardo bellotto - piazza del popolo - 1743.jpg\" width=\"300\" height=\"200\" \r\n                            alt=\"Bernardo Bellotto,La Place du Peuple (1743)\" \r\n                            data-full-image=\"https:\/\/www.rome-roma.net\/artmodule\/bernardo bellotto\/bernardo bellotto - piazza del popolo - 1743.jpg\" \r\n                            data-light-image=\"https:\/\/www.rome-roma.net\/artmodule\/bernardo bellotto\/bernardo bellotto - piazza del popolo - 1743.jpg\" data-id=\"149\" \r\n                            data-link=\"https:\/\/www.rome-roma.net\/artmodule\/bernardo bellotto\/bernardo bellotto - piazza del popolo - 1743.jpg\" \r\n                            class=\"wp-image-149\" loading=lazy\/>\r\n                    <\/div><\/div>\r\n                    <figcaption class=\"kadence-blocks-gallery-item__caption\">Bernardo Bellotto, La Place du Peuple<\/figcaption>\r\n                <\/a>\r\n            <\/figure><\/div><\/li><\/div>\r\n        <div class=\"kb-slide-item kb-gallery-carousel-item\"><li class=\"kadence-blocks-gallery-item\"><div class=\"kadence-blocks-gallery-item-inner\">\r\n            <figure class=\"kb-gallery-figure kb-gallery-item-has-link kadence-blocks-gallery-item-has-caption\">\r\n                <a href=\"https:\/\/www.rome-roma.net\/artmodule\/canaletto\/canaletto - piazza del popolo - roma - 1760 II.jpg\" class=\"kb-gallery-item-link\" style=\"color: #FFFFFF;\">\r\n                    <div class=\"kb-gal-image-radius\"><div class=\"kb-gallery-image-contain\">\r\n                        <img src=\"https:\/\/www.rome-roma.net\/artmodule\/canaletto\/canaletto - piazza del popolo - roma - 1760 II.jpg\" width=\"300\" height=\"200\" \r\n                            alt=\"Canaletto,Place du Peuple (1760)\" \r\n                            data-full-image=\"https:\/\/www.rome-roma.net\/artmodule\/canaletto\/canaletto - piazza del popolo - roma - 1760 II.jpg\" \r\n                            data-light-image=\"https:\/\/www.rome-roma.net\/artmodule\/canaletto\/canaletto - piazza del popolo - roma - 1760 II.jpg\" data-id=\"149\" \r\n                            data-link=\"https:\/\/www.rome-roma.net\/artmodule\/canaletto\/canaletto - piazza del popolo - roma - 1760 II.jpg\" \r\n                            class=\"wp-image-149\" loading=lazy\/>\r\n                    <\/div><\/div>\r\n                    <figcaption class=\"kadence-blocks-gallery-item__caption\">Canaletto, Place du Peuple<\/figcaption>\r\n                <\/a>\r\n            <\/figure><\/div><\/li><\/div>\r\n        <div class=\"kb-slide-item kb-gallery-carousel-item\"><li class=\"kadence-blocks-gallery-item\"><div class=\"kadence-blocks-gallery-item-inner\">\r\n            <figure class=\"kb-gallery-figure kb-gallery-item-has-link kadence-blocks-gallery-item-has-caption\">\r\n                <a href=\"https:\/\/www.rome-roma.net\/artmodule\/canaletto\/canaletto - piazza del popolo - roma - 1760.jpg\" class=\"kb-gallery-item-link\" style=\"color: #FFFFFF;\">\r\n                    <div class=\"kb-gal-image-radius\"><div class=\"kb-gallery-image-contain\">\r\n                        <img src=\"https:\/\/www.rome-roma.net\/artmodule\/canaletto\/canaletto - piazza del popolo - roma - 1760.jpg\" width=\"300\" height=\"200\" \r\n                            alt=\"Canaletto,Place du Peuple (1760)\" \r\n                            data-full-image=\"https:\/\/www.rome-roma.net\/artmodule\/canaletto\/canaletto - piazza del popolo - roma - 1760.jpg\" \r\n                            data-light-image=\"https:\/\/www.rome-roma.net\/artmodule\/canaletto\/canaletto - piazza del popolo - roma - 1760.jpg\" data-id=\"149\" \r\n                            data-link=\"https:\/\/www.rome-roma.net\/artmodule\/canaletto\/canaletto - piazza del popolo - roma - 1760.jpg\" \r\n                            class=\"wp-image-149\" loading=lazy\/>\r\n                    <\/div><\/div>\r\n                    <figcaption class=\"kadence-blocks-gallery-item__caption\">Canaletto, Place du Peuple<\/figcaption>\r\n                <\/a>\r\n            <\/figure><\/div><\/li><\/div>\r\n        <div class=\"kb-slide-item kb-gallery-carousel-item\"><li class=\"kadence-blocks-gallery-item\"><div class=\"kadence-blocks-gallery-item-inner\">\r\n            <figure class=\"kb-gallery-figure kb-gallery-item-has-link kadence-blocks-gallery-item-has-caption\">\r\n                <a href=\"https:\/\/www.rome-roma.net\/artmodule\/gaspar van wittel\/gaspar van wittel - veduta di roma piazza del popolo.jpg\" class=\"kb-gallery-item-link\" style=\"color: #FFFFFF;\">\r\n                    <div class=\"kb-gal-image-radius\"><div class=\"kb-gallery-image-contain\">\r\n                        <img src=\"https:\/\/www.rome-roma.net\/artmodule\/gaspar van wittel\/gaspar van wittel - veduta di roma piazza del popolo.jpg\" width=\"300\" height=\"200\" \r\n                            alt=\"Gaspar Van Wittel,Place du Peuple (?, avant 1736, date ind\u00e9termin\u00e9e)\" \r\n                            data-full-image=\"https:\/\/www.rome-roma.net\/artmodule\/gaspar van wittel\/gaspar van wittel - veduta di roma piazza del popolo.jpg\" \r\n                            data-light-image=\"https:\/\/www.rome-roma.net\/artmodule\/gaspar van wittel\/gaspar van wittel - veduta di roma piazza del popolo.jpg\" data-id=\"149\" \r\n                            data-link=\"https:\/\/www.rome-roma.net\/artmodule\/gaspar van wittel\/gaspar van wittel - veduta di roma piazza del popolo.jpg\" \r\n                            class=\"wp-image-149\" loading=lazy\/>\r\n                    <\/div><\/div>\r\n                    <figcaption class=\"kadence-blocks-gallery-item__caption\">Gaspar Van Wittel, Place du Peuple<\/figcaption>\r\n                <\/a>\r\n            <\/figure><\/div><\/li><\/div>\r\n        <div class=\"kb-slide-item kb-gallery-carousel-item\"><li class=\"kadence-blocks-gallery-item\"><div class=\"kadence-blocks-gallery-item-inner\">\r\n            <figure class=\"kb-gallery-figure kb-gallery-item-has-link kadence-blocks-gallery-item-has-caption\">\r\n                <a href=\"https:\/\/www.rome-roma.net\/artmodule\/gaspar van wittel\/gaspare vanvitelli (style of) - piazza del popolo - national trust.jpg\" class=\"kb-gallery-item-link\" style=\"color: #FFFFFF;\">\r\n                    <div class=\"kb-gal-image-radius\"><div class=\"kb-gallery-image-contain\">\r\n                        <img src=\"https:\/\/www.rome-roma.net\/artmodule\/gaspar van wittel\/gaspare vanvitelli (style of) - piazza del popolo - national trust.jpg\" width=\"300\" height=\"200\" \r\n                            alt=\"Gaspar Van Wittel,Place du Peuple (?, avant 1736, date ind\u00e9termin\u00e9e)\" \r\n                            data-full-image=\"https:\/\/www.rome-roma.net\/artmodule\/gaspar van wittel\/gaspare vanvitelli (style of) - piazza del popolo - national trust.jpg\" \r\n                            data-light-image=\"https:\/\/www.rome-roma.net\/artmodule\/gaspar van wittel\/gaspare vanvitelli (style of) - piazza del popolo - national trust.jpg\" data-id=\"149\" \r\n                            data-link=\"https:\/\/www.rome-roma.net\/artmodule\/gaspar van wittel\/gaspare vanvitelli (style of) - piazza del popolo - national trust.jpg\" \r\n                            class=\"wp-image-149\" loading=lazy\/>\r\n                    <\/div><\/div>\r\n                    <figcaption class=\"kadence-blocks-gallery-item__caption\">Gaspar Van Wittel, Place du Peuple<\/figcaption>\r\n                <\/a>\r\n            <\/figure><\/div><\/li><\/div>\r\n        <div class=\"kb-slide-item kb-gallery-carousel-item\"><li class=\"kadence-blocks-gallery-item\"><div class=\"kadence-blocks-gallery-item-inner\">\r\n            <figure class=\"kb-gallery-figure kb-gallery-item-has-link kadence-blocks-gallery-item-has-caption\">\r\n                <a href=\"https:\/\/www.rome-roma.net\/artmodule\/gaspar van wittel\/gaspar van wittel - veduta di roma piazza del popolo 4.jpg\" class=\"kb-gallery-item-link\" style=\"color: #FFFFFF;\">\r\n                    <div class=\"kb-gal-image-radius\"><div class=\"kb-gallery-image-contain\">\r\n                        <img src=\"https:\/\/www.rome-roma.net\/artmodule\/gaspar van wittel\/gaspar van wittel - veduta di roma piazza del popolo 4.jpg\" width=\"300\" height=\"200\" \r\n                            alt=\"Gaspar Van Wittel,Place du Peuple (?, avant 1736, date ind\u00e9termin\u00e9e)\" \r\n                            data-full-image=\"https:\/\/www.rome-roma.net\/artmodule\/gaspar van wittel\/gaspar van wittel - veduta di roma piazza del popolo 4.jpg\" \r\n                            data-light-image=\"https:\/\/www.rome-roma.net\/artmodule\/gaspar van wittel\/gaspar van wittel - veduta di roma piazza del popolo 4.jpg\" data-id=\"149\" \r\n                            data-link=\"https:\/\/www.rome-roma.net\/artmodule\/gaspar van wittel\/gaspar van wittel - veduta di roma piazza del popolo 4.jpg\" \r\n                            class=\"wp-image-149\" loading=lazy\/>\r\n                    <\/div><\/div>\r\n                    <figcaption class=\"kadence-blocks-gallery-item__caption\">Gaspar Van Wittel, Place du Peuple<\/figcaption>\r\n                <\/a>\r\n            <\/figure><\/div><\/li><\/div>\r\n        <div class=\"kb-slide-item kb-gallery-carousel-item\"><li class=\"kadence-blocks-gallery-item\"><div class=\"kadence-blocks-gallery-item-inner\">\r\n            <figure class=\"kb-gallery-figure kb-gallery-item-has-link kadence-blocks-gallery-item-has-caption\">\r\n                <a href=\"https:\/\/www.rome-roma.net\/artmodule\/gaspar van wittel\/gaspar van wittel - veduta di roma piazza del popolo 3.jpg\" class=\"kb-gallery-item-link\" style=\"color: #FFFFFF;\">\r\n                    <div class=\"kb-gal-image-radius\"><div class=\"kb-gallery-image-contain\">\r\n                        <img src=\"https:\/\/www.rome-roma.net\/artmodule\/gaspar van wittel\/gaspar van wittel - veduta di roma piazza del popolo 3.jpg\" width=\"300\" height=\"200\" \r\n                            alt=\"Gaspar Van Wittel,Place du Peuple (?, avant 1736, date ind\u00e9termin\u00e9e)\" \r\n                            data-full-image=\"https:\/\/www.rome-roma.net\/artmodule\/gaspar van wittel\/gaspar van wittel - veduta di roma piazza del popolo 3.jpg\" \r\n                            data-light-image=\"https:\/\/www.rome-roma.net\/artmodule\/gaspar van wittel\/gaspar van wittel - veduta di roma piazza del popolo 3.jpg\" data-id=\"149\" \r\n                            data-link=\"https:\/\/www.rome-roma.net\/artmodule\/gaspar van wittel\/gaspar van wittel - veduta di roma piazza del popolo 3.jpg\" \r\n                            class=\"wp-image-149\" loading=lazy\/>\r\n                    <\/div><\/div>\r\n                    <figcaption class=\"kadence-blocks-gallery-item__caption\">Gaspar Van Wittel, Place du Peuple<\/figcaption>\r\n                <\/a>\r\n            <\/figure><\/div><\/li><\/div><\/div><\/div><\/div><\/div><a href=\"https:\/\/www.rome-roma.net\/site-rome-art.php?lieu=piazza+del+popolo\" target=\"_blank\">Clica per vedere oltre dipinti e artisti su Place du Peuple in Roma<\/a><br><br><\/p>\n\n\n<h2>Informazioni<\/h2>\n<table style=\"border-collapse: collapse; width: 100%;\">\n<tbody>\n<tr style=\"background-color: #fae8c3;\">\n<td style=\"width: 100%;\"><span style=\"font-size: 10pt;\"><strong><em>Piazza del Popolo<\/em><\/strong><\/span><\/td>\n<\/tr>\n<tr style=\"background-color: #f7ece1;\">\n<td style=\"width: 100%;\">\n<p><span style=\"font-size: 10pt;\"><b>Fonti e collegamenti<\/b><\/span><\/p>\n<ul>\n<li><span style=\"font-size: 10pt;\">Sito del comune di Roma : <a href=\"https:\/\/060608.comune.roma.it\/cultura\/beni-architettonici-e-storici\/piazza-del-popolo-15932\" target=\"_blank\" rel=\"noopener\">Piazza del Popolo su 060608<\/a><\/span><\/li>\n<li><span style=\"font-size: 10pt;\">Pagina su Roma Segreta : <a href=\"https:\/\/www.romasegreta.it\/campo-marzio\/piazza-del-popolo.html\" target=\"_blank\" rel=\"noopener noreferrer\">www.romasegreta.it\/campo-marzio\/piazza-del-popolo.html<\/a><\/span><\/li>\n<li><a href=\"https:\/\/it.wikipedia.org\/wiki\/Piazza_del_Popolo_(Roma)\" target=\"_blank\" rel=\"noopener\"><span style=\"font-size: 10pt;\">Piazza del Popolo su Wikipedia<\/span><\/a><\/li>\n<\/ul>\n<\/td>\n<\/tr>\n<\/tbody>\n<\/table>\n<p><!--EndFragment--><\/p>\n<p><!--EndFragment--><\/p>\n<p><!--EndFragment--><\/p>","protected":false},"excerpt":{"rendered":"<p>La Piazza del Popolo fu progettata nel XVI secolo per offrire un ingresso maestoso quando si arriva a Roma da la Via Flaminia. La monumentale Porta del Popolo sostitu\u00ec la Porta Flaminia.\u00a0Fu rimaneggiata da Giuseppe Valadier all&#8217;inizio del XIX secolo.La sua estensione consente l&#8217;organizzazione di eventi e manifestazioni, potendo ospitare fino a 65.000 persone. \u00c8 [&hellip;]<\/p>\n","protected":false},"featured_media":0,"parent":0,"menu_order":0,"comment_status":"open","ping_status":"open","template":"","format":"standard","meta":{"kt_blocks_editor_width":"","_links_to":"","_links_to_target":""},"genre":[279],"interet":[288],"quartier":[316,330],"categorie_site":[408,395],"quartier_historique":[443],"etiquettes_site":[],"acf":[],"yoast_head":"<!-- This site is optimized with the Yoast SEO plugin v17.4 - https:\/\/yoast.com\/wordpress\/plugins\/seo\/ -->\n<title>Piazza del Popolo &ndash; Rome-Roma<\/title>\n<meta name=\"description\" content=\"Visita della Piazza del Popolo a Roma, al piede del colle del Pincio, con le sue fontane, le chiese, l&#039;obelisco Flamninio e le statue\" \/>\n<meta name=\"robots\" content=\"index, follow, max-snippet:-1, max-image-preview:large, max-video-preview:-1\" \/>\n<link rel=\"canonical\" href=\"https:\/\/www.rome-roma.net\/it\/piazza-del-popolo-roma\/\" \/>\n<meta property=\"og:locale\" content=\"it_IT\" \/>\n<meta property=\"og:type\" content=\"article\" \/>\n<meta property=\"og:title\" content=\"Piazza del Popolo &ndash; Rome-Roma\" \/>\n<meta property=\"og:description\" content=\"Visita della Piazza del Popolo a Roma, al piede del colle del Pincio, con le sue fontane, le chiese, l&#039;obelisco Flamninio e le statue\" \/>\n<meta property=\"og:url\" content=\"https:\/\/www.rome-roma.net\/it\/piazza-del-popolo-roma\/\" \/>\n<meta property=\"og:site_name\" content=\"Rome-Roma\" \/>\n<meta property=\"article:modified_time\" content=\"2025-08-21T08:28:48+00:00\" \/>\n<meta property=\"og:image\" content=\"https:\/\/www.rome-roma.net\/photos\/voyage2\/rome\/images\/rome_piazzadelpopolo_9686.jpg\" \/>\n<meta name=\"twitter:card\" content=\"summary_large_image\" \/>\n<meta name=\"twitter:label1\" content=\"Tempo di lettura stimato\" \/>\n\t<meta name=\"twitter:data1\" content=\"6 minuti\" \/>\n<script type=\"application\/ld+json\" class=\"yoast-schema-graph\">{\"@context\":\"https:\/\/schema.org\",\"@graph\":[{\"@type\":\"Organization\",\"@id\":\"https:\/\/www.rome-roma.net\/it\/#organization\",\"name\":\"Rome-Roma\",\"url\":\"https:\/\/www.rome-roma.net\/it\/\",\"sameAs\":[],\"logo\":{\"@type\":\"ImageObject\",\"@id\":\"https:\/\/www.rome-roma.net\/it\/#logo\",\"inLanguage\":\"it-IT\",\"url\":\"https:\/\/www.rome-roma.net\/wp-content\/uploads\/2025\/07\/logo-rome-roma-420.jpg\",\"contentUrl\":\"https:\/\/www.rome-roma.net\/wp-content\/uploads\/2025\/07\/logo-rome-roma-420.jpg\",\"width\":420,\"height\":420,\"caption\":\"Rome-Roma\"},\"image\":{\"@id\":\"https:\/\/www.rome-roma.net\/it\/#logo\"}},{\"@type\":\"WebSite\",\"@id\":\"https:\/\/www.rome-roma.net\/it\/#website\",\"url\":\"https:\/\/www.rome-roma.net\/it\/\",\"name\":\"Rome-Roma\",\"description\":\"Cultura & Viaggio\",\"publisher\":{\"@id\":\"https:\/\/www.rome-roma.net\/it\/#organization\"},\"potentialAction\":[{\"@type\":\"SearchAction\",\"target\":{\"@type\":\"EntryPoint\",\"urlTemplate\":\"https:\/\/www.rome-roma.net\/it\/?s={search_term_string}\"},\"query-input\":\"required name=search_term_string\"}],\"inLanguage\":\"it-IT\"},{\"@type\":\"ImageObject\",\"@id\":\"https:\/\/www.rome-roma.net\/it\/piazza-del-popolo-roma\/#primaryimage\",\"inLanguage\":\"it-IT\",\"url\":\"https:\/\/www.rome-roma.net\/photos\/voyage2\/rome\/images\/rome_piazzadelpopolo_9686.jpg\",\"contentUrl\":\"https:\/\/www.rome-roma.net\/photos\/voyage2\/rome\/images\/rome_piazzadelpopolo_9686.jpg\"},{\"@type\":\"WebPage\",\"@id\":\"https:\/\/www.rome-roma.net\/it\/piazza-del-popolo-roma\/#webpage\",\"url\":\"https:\/\/www.rome-roma.net\/it\/piazza-del-popolo-roma\/\",\"name\":\"Piazza del Popolo &ndash; Rome-Roma\",\"isPartOf\":{\"@id\":\"https:\/\/www.rome-roma.net\/it\/#website\"},\"primaryImageOfPage\":{\"@id\":\"https:\/\/www.rome-roma.net\/it\/piazza-del-popolo-roma\/#primaryimage\"},\"datePublished\":\"2020-01-19T18:59:00+00:00\",\"dateModified\":\"2025-08-21T08:28:48+00:00\",\"description\":\"Visita della Piazza del Popolo a Roma, al piede del colle del Pincio, con le sue fontane, le chiese, l'obelisco Flamninio e le statue\",\"breadcrumb\":{\"@id\":\"https:\/\/www.rome-roma.net\/it\/piazza-del-popolo-roma\/#breadcrumb\"},\"inLanguage\":\"it-IT\",\"potentialAction\":[{\"@type\":\"ReadAction\",\"target\":[\"https:\/\/www.rome-roma.net\/it\/piazza-del-popolo-roma\/\"]}]},{\"@type\":\"BreadcrumbList\",\"@id\":\"https:\/\/www.rome-roma.net\/it\/piazza-del-popolo-roma\/#breadcrumb\",\"itemListElement\":[{\"@type\":\"ListItem\",\"position\":1,\"name\":\"Accueil\",\"item\":\"https:\/\/www.rome-roma.net\/it\/\"},{\"@type\":\"ListItem\",\"position\":2,\"name\":\"Piazza del Popolo\"}]}]}<\/script>\n<!-- \/ Yoast SEO plugin. -->","yoast_head_json":{"title":"Piazza del Popolo &ndash; Rome-Roma","description":"Visita della Piazza del Popolo a Roma, al piede del colle del Pincio, con le sue fontane, le chiese, l'obelisco Flamninio e le statue","robots":{"index":"index","follow":"follow","max-snippet":"max-snippet:-1","max-image-preview":"max-image-preview:large","max-video-preview":"max-video-preview:-1"},"canonical":"https:\/\/www.rome-roma.net\/it\/piazza-del-popolo-roma\/","og_locale":"it_IT","og_type":"article","og_title":"Piazza del Popolo &ndash; Rome-Roma","og_description":"Visita della Piazza del Popolo a Roma, al piede del colle del Pincio, con le sue fontane, le chiese, l'obelisco Flamninio e le statue","og_url":"https:\/\/www.rome-roma.net\/it\/piazza-del-popolo-roma\/","og_site_name":"Rome-Roma","article_modified_time":"2025-08-21T08:28:48+00:00","og_image":[{"url":"https:\/\/www.rome-roma.net\/photos\/voyage2\/rome\/images\/rome_piazzadelpopolo_9686.jpg"}],"twitter_card":"summary_large_image","twitter_misc":{"Tempo di lettura stimato":"6 minuti"},"schema":{"@context":"https:\/\/schema.org","@graph":[{"@type":"Organization","@id":"https:\/\/www.rome-roma.net\/it\/#organization","name":"Rome-Roma","url":"https:\/\/www.rome-roma.net\/it\/","sameAs":[],"logo":{"@type":"ImageObject","@id":"https:\/\/www.rome-roma.net\/it\/#logo","inLanguage":"it-IT","url":"https:\/\/www.rome-roma.net\/wp-content\/uploads\/2025\/07\/logo-rome-roma-420.jpg","contentUrl":"https:\/\/www.rome-roma.net\/wp-content\/uploads\/2025\/07\/logo-rome-roma-420.jpg","width":420,"height":420,"caption":"Rome-Roma"},"image":{"@id":"https:\/\/www.rome-roma.net\/it\/#logo"}},{"@type":"WebSite","@id":"https:\/\/www.rome-roma.net\/it\/#website","url":"https:\/\/www.rome-roma.net\/it\/","name":"Rome-Roma","description":"Cultura & Viaggio","publisher":{"@id":"https:\/\/www.rome-roma.net\/it\/#organization"},"potentialAction":[{"@type":"SearchAction","target":{"@type":"EntryPoint","urlTemplate":"https:\/\/www.rome-roma.net\/it\/?s={search_term_string}"},"query-input":"required name=search_term_string"}],"inLanguage":"it-IT"},{"@type":"ImageObject","@id":"https:\/\/www.rome-roma.net\/it\/piazza-del-popolo-roma\/#primaryimage","inLanguage":"it-IT","url":"https:\/\/www.rome-roma.net\/photos\/voyage2\/rome\/images\/rome_piazzadelpopolo_9686.jpg","contentUrl":"https:\/\/www.rome-roma.net\/photos\/voyage2\/rome\/images\/rome_piazzadelpopolo_9686.jpg"},{"@type":"WebPage","@id":"https:\/\/www.rome-roma.net\/it\/piazza-del-popolo-roma\/#webpage","url":"https:\/\/www.rome-roma.net\/it\/piazza-del-popolo-roma\/","name":"Piazza del Popolo &ndash; Rome-Roma","isPartOf":{"@id":"https:\/\/www.rome-roma.net\/it\/#website"},"primaryImageOfPage":{"@id":"https:\/\/www.rome-roma.net\/it\/piazza-del-popolo-roma\/#primaryimage"},"datePublished":"2020-01-19T18:59:00+00:00","dateModified":"2025-08-21T08:28:48+00:00","description":"Visita della Piazza del Popolo a Roma, al piede del colle del Pincio, con le sue fontane, le chiese, l'obelisco Flamninio e le statue","breadcrumb":{"@id":"https:\/\/www.rome-roma.net\/it\/piazza-del-popolo-roma\/#breadcrumb"},"inLanguage":"it-IT","potentialAction":[{"@type":"ReadAction","target":["https:\/\/www.rome-roma.net\/it\/piazza-del-popolo-roma\/"]}]},{"@type":"BreadcrumbList","@id":"https:\/\/www.rome-roma.net\/it\/piazza-del-popolo-roma\/#breadcrumb","itemListElement":[{"@type":"ListItem","position":1,"name":"Accueil","item":"https:\/\/www.rome-roma.net\/it\/"},{"@type":"ListItem","position":2,"name":"Piazza del Popolo"}]}]}},"acf_fields":{"nom_monument":"Piazza del Popolo a Roma","wikidata":"Q824997","sameas":"https:\/\/it.wikipedia.org\/wiki\/Piazza_del_Popolo_(Roma)"},"_links":{"self":[{"href":"https:\/\/www.rome-roma.net\/it\/wp-json\/wp\/v2\/site\/5796"}],"collection":[{"href":"https:\/\/www.rome-roma.net\/it\/wp-json\/wp\/v2\/site"}],"about":[{"href":"https:\/\/www.rome-roma.net\/it\/wp-json\/wp\/v2\/types\/site"}],"replies":[{"embeddable":true,"href":"https:\/\/www.rome-roma.net\/it\/wp-json\/wp\/v2\/comments?post=5796"}],"wp:attachment":[{"href":"https:\/\/www.rome-roma.net\/it\/wp-json\/wp\/v2\/media?parent=5796"}],"wp:term":[{"taxonomy":"genre","embeddable":true,"href":"https:\/\/www.rome-roma.net\/it\/wp-json\/wp\/v2\/genre?post=5796"},{"taxonomy":"interet","embeddable":true,"href":"https:\/\/www.rome-roma.net\/it\/wp-json\/wp\/v2\/interet?post=5796"},{"taxonomy":"quartier","embeddable":true,"href":"https:\/\/www.rome-roma.net\/it\/wp-json\/wp\/v2\/quartier?post=5796"},{"taxonomy":"categorie_site","embeddable":true,"href":"https:\/\/www.rome-roma.net\/it\/wp-json\/wp\/v2\/categorie_site?post=5796"},{"taxonomy":"quartier_historique","embeddable":true,"href":"https:\/\/www.rome-roma.net\/it\/wp-json\/wp\/v2\/quartier_historique?post=5796"},{"taxonomy":"etiquettes_site","embeddable":true,"href":"https:\/\/www.rome-roma.net\/it\/wp-json\/wp\/v2\/etiquettes_site?post=5796"}],"curies":[{"name":"wp","href":"https:\/\/api.w.org\/{rel}","templated":true}]}}