


{"id":5799,"date":"2020-02-11T10:11:09","date_gmt":"2020-02-11T09:11:09","guid":{"rendered":"https:\/\/www.rome-roma.net\/site\/campo-de-fiori\/"},"modified":"2025-01-02T21:03:14","modified_gmt":"2025-01-02T20:03:14","slug":"piazza-campo-de-fiori","status":"publish","type":"site","link":"https:\/\/www.rome-roma.net\/it\/piazza-campo-de-fiori\/","title":{"rendered":"Piazza Campo de&#8217; Fiori"},"content":{"rendered":"<div style=\"width: 260px\" class=\"wp-caption alignright\"><a href=\"https:\/\/www.rome-roma.net\/photos\/trasteverepiazzeroma\/images\/campo_dei_fiori_2023.jpg\"><img loading=\"lazy\" src=\"https:\/\/www.rome-roma.net\/photos\/trasteverepiazzeroma\/images\/campo_dei_fiori_2023.jpg\" alt=\"campo dei fiori\" width=\"250\" height=\"167\" align=\"right\" hspace=\"4\" vspace=\"4\"><\/a><p class=\"wp-caption-text\">Mercato di Campo de&#8217; Fiori<\/p><\/div>\n<p>Un tempo un semplice prato fiorito, da cui deriva il nome <strong>Campo de\u2019 Fiori<\/strong>, questa piazza \u00e8 oggi uno dei luoghi pi\u00f9 pittoreschi della citt\u00e0, mentre nel XV secolo vi pascolavano ancora gli animali.<\/p>\n<h2>Il fascino pittoresco del Campo<\/h2>\n<p>Situata tra le vicine <a href=\"https:\/\/www.rome-roma.net\/it\/piazza-farnese\/\">Piazza Farnese<\/a> e <a href=\"https:\/\/www.rome-roma.net\/it\/piazza-navona\/\">Piazza Navona<\/a>, Campo de\u2019 Fiori conserva un fascino tipico della Roma antica, privo di eccessi barocchi. Ogni mattina, la piazza si anima con un vivace mercato che offre fiori, frutta, verdura, spezie, vari generi alimentari e piccoli oggetti esposti su bancarelle di legno. Durante il resto della giornata, vibra al ritmo dei suoi numerosi bar e terrazze. La sera, l\u2019atmosfera diventa conviviale, con giovani romani e turisti che si danno appuntamento intorno alla <strong>statua di Giordano Bruno<\/strong>.<\/p>\n<p>Nel XV secolo, il mercato che un tempo si trovava sul Campidoglio (Piazza del Mercato, oggi Piazza d\u2019Aracoeli) fu trasferito nella vicina Piazza Navona, favorendo lo sviluppo del quartiere. La piazza fu pavimentata e tutt\u2019intorno vennero costruite locande. Nel 1869, il mercato si stabil\u00ec definitivamente a Campo de\u2019 Fiori.<\/p>\n<p>La piazza fu anche un luogo di esecuzioni pubbliche. Nel 1889, al centro venne eretta una statua del monaco filosofo <strong>Giordano Bruno<\/strong>. Per le sue idee estremamente liberali, fu condannato per eresia e bruciato vivo su questa piazza dalla Chiesa il 17 febbraio 1600. La presenza imponente della statua, impassibile, immobile e severa, contrasta con l\u2019agitazione continua dei passanti e l\u2019animazione della piazza.<\/p>\n<h2>Statua di Giordano Bruno<\/h2>\n<p><em><span class=\"Style3\"><a href=\"https:\/\/www.rome-roma.net\/photos\/campo-navona-roma\/images\/statua_campodeifiori_roma_3327.jpg\" rel=\"lightbox[a]\"><img loading=\"lazy\" class=\"alignright\" src=\"https:\/\/www.rome-roma.net\/photos\/campo-navona-roma\/images\/statua_campodeifiori_roma_3327.jpg\" alt=\"place campo dei fiori \" width=\"200\" height=\"300\" border=\"0\" hspace=\"4\" vspace=\"4\"><\/a><\/span><\/em>Progettata da <strong>Ettore Ferrari<\/strong>, la statua fu inaugurata il 9 giugno 1889. Questo progetto, di forte carica anticlericale, incontr\u00f2 numerosi ostacoli in una Roma fortemente influenzata dal potere religioso. Inizialmente proposto nel 1876, si dovette attendere il 1888 e l\u2019arrivo di un nuovo consiglio comunale perch\u00e9 il progetto fosse approvato. Lo stesso papa Leone XIII denunci\u00f2 l\u2019opera come un simbolo di lotta contro la religione cattolica.<\/p>\n<p>La base del monumento \u00e8 decorata con otto medaglioni raffiguranti celebri figure eretiche e con pannelli che raccontano episodi della vita di Giordano Bruno. Vi \u00e8 incisa una frase di Giovanni Bovio: \u00abA Bruno il secolo da lui divinato qui dove il rogo arse\u00bb.<\/p>\n<p>Pi\u00f9 volte il Vaticano tent\u00f2 invano di far rimuovere quest\u2019opera.<\/p>\n<h2>La fontana del campo<\/h2>\n<div id=\"attachment_23357\" style=\"width: 310px\" class=\"wp-caption alignleft\"><a href=\"https:\/\/www.rome-roma.net\/wp-content\/uploads\/2020\/01\/fontana-campo-de-fiori_4512.jpg\"><img aria-describedby=\"caption-attachment-23357\" loading=\"lazy\" class=\"wp-image-23357 size-medium\" src=\"https:\/\/www.rome-roma.net\/wp-content\/uploads\/2020\/01\/fontana-campo-de-fiori_4512-300x200.jpg\" alt=\"fontana-campo-de-fiori_4512\" width=\"300\" height=\"200\" srcset=\"https:\/\/www.rome-roma.net\/wp-content\/uploads\/2020\/01\/fontana-campo-de-fiori_4512-300x200.jpg 300w, https:\/\/www.rome-roma.net\/wp-content\/uploads\/2020\/01\/fontana-campo-de-fiori_4512-1024x683.jpg 1024w, https:\/\/www.rome-roma.net\/wp-content\/uploads\/2020\/01\/fontana-campo-de-fiori_4512-768x512.jpg 768w, https:\/\/www.rome-roma.net\/wp-content\/uploads\/2020\/01\/fontana-campo-de-fiori_4512.jpg 1200w\" sizes=\"(max-width: 300px) 100vw, 300px\" \/><\/a><p id=\"caption-attachment-23357\" class=\"wp-caption-text\">La fontana del Campo<\/p><\/div>\n<p>In passato, al posto della statua si trovava una fontana conosciuta come la <strong>Terrina<\/strong>, progettata da <strong>Giacomo della Porta<\/strong> nel 1590. Questa fontana, a forma di zuppiera, era composta da una vasca ovale in marmo sormontata da un coperchio bombato con una sfera centrale ed era decorata con delfini in bronzo. Un\u2019iscrizione del 1622 riportava queste parole: \u00abAMA DIO E NON FALLIRE. FA DEL BENE E LASSA DIRE.\u00bb<\/p>\n<p>Quando la statua fu eretta, la Terrina venne smontata e reinstallata nel 1924 sulla Piazza della <a href=\"https:\/\/www.rome-roma.net\/it\/chiesa-nuova-santa-maria-in-vallicella\/\">Chiesa Nuova<\/a>. Nello stesso anno fu realizzata l\u2019attuale fontana, ispirata alla Terrina, collocata su un lato del Campo de\u2019 Fiori. Mantiene dimensioni simili all\u2019originale, ma si distingue per una piccola vasca centrale rialzata che sostituisce il coperchio.<\/p>\n\n\n<h2>Cartina ed indirizzo<\/h2>\r\n\t\t<b>Indirizzo : <\/b>Piazza Campo de' Fiori, 00186 Roma RM<div id=\"travelersmap-container-69f2d75a94fa4\" class=\"travelersmap-container\" style=\"z-index: 1; min-height: 10px; min-width:10px; height:400px;width:100%; max-width:; max-height:; position:relative;\"><div style=\"position:absolute; z-index:-1;top: 50%;text-align: center;display: block;left: 50%;transform: translate(-50%,-50%);\">Travelers' Map is loading... <br> If you see this after your page is loaded completely, leafletJS files are missing.<\/div><\/div><i>Clicca sulla freccia per localizzarti sulla mappa<\/i><br><br>\n\n\n<h2>Informazione<\/h2>\n<table style=\"border-collapse: collapse; width: 100%;\">\n<tbody>\n<tr style=\"background-color: #fae8c3;\">\n<td style=\"width: 100%;\"><span style=\"font-size: 10pt;\"><strong>Piazza Campo de&#8217; Fiori<\/strong><\/span><br \/><span style=\"font-size: 10pt;\"><em>00186 Roma<\/em><\/span><\/td>\n<\/tr>\n<tr style=\"background-color: #f7ece1;\">\n<td style=\"width: 100%;\"><span style=\"font-size: 10pt;\">Il mercato di Campo si tiene di solito dal luned\u00ec al sabato, dalle 7:00 alle 14:00<\/span><\/td>\n<\/tr>\n<tr style=\"background-color: #fae8c3;\">\n<td style=\"width: 100%;\">\n<p><span style=\"font-size: 10pt;\"><b>Fonti e collegamenti<\/b><\/span><\/p>\n<ul>\n<li><span style=\"font-size: 10pt;\">Pagina su Roma Segreta : <a href=\"https:\/\/www.romasegreta.it\/parione\/campo-de-fiori.html\" target=\"_blank\" rel=\"noopener noreferrer\">www.romasegreta.it\/parione\/campo-de-fiori.html<\/a><\/span><\/li>\n<li><span style=\"font-size: 10pt;\">Sito del comune di Roma : <a href=\"https:\/\/www.turismoroma.it\/fr\/places\/campo-de%E2%80%99-fiori\" target=\"_blank\" rel=\"noopener\">turismoroma<\/a><\/span><\/li>\n<li><span style=\"font-size: 10pt;\">Fontana del Campo : <a href=\"https:\/\/www.sovraintendenzaroma.it\/i_luoghi\/roma_medioevale_e_moderna\/fontane\/fontana_in_campo_de_fiori\" target=\"_blank\" rel=\"noopener\">www.sovraintendenzaroma.it<\/a><\/span><\/li>\n<\/ul>\n<\/td>\n<\/tr>\n<\/tbody>\n<\/table>\n<h2>Galleria<\/h2>\n\n\t\t<style type=\"text\/css\">\n\t\t\t#gallery-1 {\n\t\t\t\tmargin: auto;\n\t\t\t}\n\t\t\t#gallery-1 .gallery-item {\n\t\t\t\tfloat: left;\n\t\t\t\tmargin-top: 10px;\n\t\t\t\ttext-align: center;\n\t\t\t\twidth: 20%;\n\t\t\t}\n\t\t\t#gallery-1 img {\n\t\t\t\tborder: 2px solid #cfcfcf;\n\t\t\t}\n\t\t\t#gallery-1 .gallery-caption {\n\t\t\t\tmargin-left: 0;\n\t\t\t}\n\t\t\t\/* see gallery_shortcode() in wp-includes\/media.php *\/\n\t\t<\/style>\n\t\t<div id='gallery-1' class='gallery galleryid-5799 gallery-columns-5 gallery-size-thumbnail'><dl class='gallery-item'>\n\t\t\t<dt class='gallery-icon landscape'>\n\t\t\t\t<a href='https:\/\/www.rome-roma.net\/wp-content\/uploads\/2020\/01\/piazza-campo-de-fiori_1900.jpg'><img width=\"150\" height=\"150\" src=\"https:\/\/www.rome-roma.net\/wp-content\/uploads\/2020\/01\/piazza-campo-de-fiori_1900-150x150.jpg\" class=\"attachment-thumbnail size-thumbnail\" alt=\"piazza-campo-de-fiori_1900\" loading=\"lazy\" aria-describedby=\"gallery-1-23380\" srcset=\"https:\/\/www.rome-roma.net\/wp-content\/uploads\/2020\/01\/piazza-campo-de-fiori_1900-150x150.jpg 150w, https:\/\/www.rome-roma.net\/wp-content\/uploads\/2020\/01\/piazza-campo-de-fiori_1900-50x50.jpg 50w, https:\/\/www.rome-roma.net\/wp-content\/uploads\/2020\/01\/piazza-campo-de-fiori_1900-80x80.jpg 80w, https:\/\/www.rome-roma.net\/wp-content\/uploads\/2020\/01\/piazza-campo-de-fiori_1900-75x75.jpg 75w\" sizes=\"(max-width: 150px) 100vw, 150px\" \/><\/a>\n\t\t\t<\/dt>\n\t\t\t\t<dd class='wp-caption-text gallery-caption' id='gallery-1-23380'>\n\t\t\t\tCampo de&#8217; Fiori\n\t\t\t\t<\/dd><\/dl><dl class='gallery-item'>\n\t\t\t<dt class='gallery-icon landscape'>\n\t\t\t\t<a href='https:\/\/www.rome-roma.net\/wp-content\/uploads\/2020\/01\/mercato-campo-de-fiori_2023.jpg'><img width=\"150\" height=\"150\" src=\"https:\/\/www.rome-roma.net\/wp-content\/uploads\/2020\/01\/mercato-campo-de-fiori_2023-150x150.jpg\" class=\"attachment-thumbnail size-thumbnail\" alt=\"mercato-campo-de-fiori_2023\" loading=\"lazy\" aria-describedby=\"gallery-1-23315\" srcset=\"https:\/\/www.rome-roma.net\/wp-content\/uploads\/2020\/01\/mercato-campo-de-fiori_2023-150x150.jpg 150w, https:\/\/www.rome-roma.net\/wp-content\/uploads\/2020\/01\/mercato-campo-de-fiori_2023-50x50.jpg 50w, https:\/\/www.rome-roma.net\/wp-content\/uploads\/2020\/01\/mercato-campo-de-fiori_2023-80x80.jpg 80w, https:\/\/www.rome-roma.net\/wp-content\/uploads\/2020\/01\/mercato-campo-de-fiori_2023-75x75.jpg 75w\" sizes=\"(max-width: 150px) 100vw, 150px\" \/><\/a>\n\t\t\t<\/dt>\n\t\t\t\t<dd class='wp-caption-text gallery-caption' id='gallery-1-23315'>\n\t\t\t\tMercato mattutino\n\t\t\t\t<\/dd><\/dl><dl class='gallery-item'>\n\t\t\t<dt class='gallery-icon landscape'>\n\t\t\t\t<a href='https:\/\/www.rome-roma.net\/wp-content\/uploads\/2020\/01\/marche-campo-de-fiori_2026.jpg'><img width=\"150\" height=\"150\" src=\"https:\/\/www.rome-roma.net\/wp-content\/uploads\/2020\/01\/marche-campo-de-fiori_2026-150x150.jpg\" class=\"attachment-thumbnail size-thumbnail\" alt=\"marche-campo-de-fiori_2026\" loading=\"lazy\" aria-describedby=\"gallery-1-23305\" srcset=\"https:\/\/www.rome-roma.net\/wp-content\/uploads\/2020\/01\/marche-campo-de-fiori_2026-150x150.jpg 150w, https:\/\/www.rome-roma.net\/wp-content\/uploads\/2020\/01\/marche-campo-de-fiori_2026-50x50.jpg 50w, https:\/\/www.rome-roma.net\/wp-content\/uploads\/2020\/01\/marche-campo-de-fiori_2026-80x80.jpg 80w, https:\/\/www.rome-roma.net\/wp-content\/uploads\/2020\/01\/marche-campo-de-fiori_2026-75x75.jpg 75w\" sizes=\"(max-width: 150px) 100vw, 150px\" \/><\/a>\n\t\t\t<\/dt>\n\t\t\t\t<dd class='wp-caption-text gallery-caption' id='gallery-1-23305'>\n\t\t\t\tMercato mattutino\n\t\t\t\t<\/dd><\/dl><dl class='gallery-item'>\n\t\t\t<dt class='gallery-icon landscape'>\n\t\t\t\t<a href='https:\/\/www.rome-roma.net\/wp-content\/uploads\/2020\/01\/marche-campo-de-fiori_2027.jpg'><img width=\"150\" height=\"150\" src=\"https:\/\/www.rome-roma.net\/wp-content\/uploads\/2020\/01\/marche-campo-de-fiori_2027-150x150.jpg\" class=\"attachment-thumbnail size-thumbnail\" alt=\"marche-campo-de-fiori_2027\" loading=\"lazy\" aria-describedby=\"gallery-1-23310\" srcset=\"https:\/\/www.rome-roma.net\/wp-content\/uploads\/2020\/01\/marche-campo-de-fiori_2027-150x150.jpg 150w, https:\/\/www.rome-roma.net\/wp-content\/uploads\/2020\/01\/marche-campo-de-fiori_2027-50x50.jpg 50w, https:\/\/www.rome-roma.net\/wp-content\/uploads\/2020\/01\/marche-campo-de-fiori_2027-80x80.jpg 80w, https:\/\/www.rome-roma.net\/wp-content\/uploads\/2020\/01\/marche-campo-de-fiori_2027-75x75.jpg 75w\" sizes=\"(max-width: 150px) 100vw, 150px\" \/><\/a>\n\t\t\t<\/dt>\n\t\t\t\t<dd class='wp-caption-text gallery-caption' id='gallery-1-23310'>\n\t\t\t\tMercato mattutino\n\t\t\t\t<\/dd><\/dl><dl class='gallery-item'>\n\t\t\t<dt class='gallery-icon landscape'>\n\t\t\t\t<a href='https:\/\/www.rome-roma.net\/wp-content\/uploads\/2020\/01\/sera-campo-de-fiori_3912.jpg'><img width=\"150\" height=\"150\" src=\"https:\/\/www.rome-roma.net\/wp-content\/uploads\/2020\/01\/sera-campo-de-fiori_3912-150x150.jpg\" class=\"attachment-thumbnail size-thumbnail\" alt=\"sera-campo-de-fiori_3912\" loading=\"lazy\" aria-describedby=\"gallery-1-23385\" srcset=\"https:\/\/www.rome-roma.net\/wp-content\/uploads\/2020\/01\/sera-campo-de-fiori_3912-150x150.jpg 150w, https:\/\/www.rome-roma.net\/wp-content\/uploads\/2020\/01\/sera-campo-de-fiori_3912-50x50.jpg 50w, https:\/\/www.rome-roma.net\/wp-content\/uploads\/2020\/01\/sera-campo-de-fiori_3912-80x80.jpg 80w, https:\/\/www.rome-roma.net\/wp-content\/uploads\/2020\/01\/sera-campo-de-fiori_3912-75x75.jpg 75w\" sizes=\"(max-width: 150px) 100vw, 150px\" \/><\/a>\n\t\t\t<\/dt>\n\t\t\t\t<dd class='wp-caption-text gallery-caption' id='gallery-1-23385'>\n\t\t\t\tIl Campo di sera\n\t\t\t\t<\/dd><\/dl><br style=\"clear: both\" \/><dl class='gallery-item'>\n\t\t\t<dt class='gallery-icon landscape'>\n\t\t\t\t<a href='https:\/\/www.rome-roma.net\/wp-content\/uploads\/2020\/01\/campo-de-fiori-rome_2234-1.jpg'><img width=\"150\" height=\"150\" src=\"https:\/\/www.rome-roma.net\/wp-content\/uploads\/2020\/01\/campo-de-fiori-rome_2234-1-150x150.jpg\" class=\"attachment-thumbnail size-thumbnail\" alt=\"campo-de-fiori-rome_2234\" loading=\"lazy\" aria-describedby=\"gallery-1-23435\" srcset=\"https:\/\/www.rome-roma.net\/wp-content\/uploads\/2020\/01\/campo-de-fiori-rome_2234-1-150x150.jpg 150w, https:\/\/www.rome-roma.net\/wp-content\/uploads\/2020\/01\/campo-de-fiori-rome_2234-1-50x50.jpg 50w, https:\/\/www.rome-roma.net\/wp-content\/uploads\/2020\/01\/campo-de-fiori-rome_2234-1-80x80.jpg 80w, https:\/\/www.rome-roma.net\/wp-content\/uploads\/2020\/01\/campo-de-fiori-rome_2234-1-75x75.jpg 75w\" sizes=\"(max-width: 150px) 100vw, 150px\" \/><\/a>\n\t\t\t<\/dt>\n\t\t\t\t<dd class='wp-caption-text gallery-caption' id='gallery-1-23435'>\n\t\t\t\tIl Campo di sera\n\t\t\t\t<\/dd><\/dl><dl class='gallery-item'>\n\t\t\t<dt class='gallery-icon landscape'>\n\t\t\t\t<a href='https:\/\/www.rome-roma.net\/wp-content\/uploads\/2020\/01\/campo-de-fiori-roma_2230-1.jpg'><img width=\"150\" height=\"150\" src=\"https:\/\/www.rome-roma.net\/wp-content\/uploads\/2020\/01\/campo-de-fiori-roma_2230-1-150x150.jpg\" class=\"attachment-thumbnail size-thumbnail\" alt=\"campo-de-fiori-roma_2230\" loading=\"lazy\" aria-describedby=\"gallery-1-23425\" srcset=\"https:\/\/www.rome-roma.net\/wp-content\/uploads\/2020\/01\/campo-de-fiori-roma_2230-1-150x150.jpg 150w, https:\/\/www.rome-roma.net\/wp-content\/uploads\/2020\/01\/campo-de-fiori-roma_2230-1-50x50.jpg 50w, https:\/\/www.rome-roma.net\/wp-content\/uploads\/2020\/01\/campo-de-fiori-roma_2230-1-80x80.jpg 80w, https:\/\/www.rome-roma.net\/wp-content\/uploads\/2020\/01\/campo-de-fiori-roma_2230-1-75x75.jpg 75w\" sizes=\"(max-width: 150px) 100vw, 150px\" \/><\/a>\n\t\t\t<\/dt>\n\t\t\t\t<dd class='wp-caption-text gallery-caption' id='gallery-1-23425'>\n\t\t\t\tIl Campo di sera\n\t\t\t\t<\/dd><\/dl><dl class='gallery-item'>\n\t\t\t<dt class='gallery-icon landscape'>\n\t\t\t\t<a href='https:\/\/www.rome-roma.net\/wp-content\/uploads\/2020\/01\/sera-campo-de-fiori_3913.jpg'><img width=\"150\" height=\"150\" src=\"https:\/\/www.rome-roma.net\/wp-content\/uploads\/2020\/01\/sera-campo-de-fiori_3913-150x150.jpg\" class=\"attachment-thumbnail size-thumbnail\" alt=\"sera-campo-de-fiori_3913\" loading=\"lazy\" aria-describedby=\"gallery-1-23390\" srcset=\"https:\/\/www.rome-roma.net\/wp-content\/uploads\/2020\/01\/sera-campo-de-fiori_3913-150x150.jpg 150w, https:\/\/www.rome-roma.net\/wp-content\/uploads\/2020\/01\/sera-campo-de-fiori_3913-50x50.jpg 50w, https:\/\/www.rome-roma.net\/wp-content\/uploads\/2020\/01\/sera-campo-de-fiori_3913-80x80.jpg 80w, https:\/\/www.rome-roma.net\/wp-content\/uploads\/2020\/01\/sera-campo-de-fiori_3913-75x75.jpg 75w\" sizes=\"(max-width: 150px) 100vw, 150px\" \/><\/a>\n\t\t\t<\/dt>\n\t\t\t\t<dd class='wp-caption-text gallery-caption' id='gallery-1-23390'>\n\t\t\t\tIl Campo di sera\n\t\t\t\t<\/dd><\/dl><dl class='gallery-item'>\n\t\t\t<dt class='gallery-icon portrait'>\n\t\t\t\t<a href='https:\/\/www.rome-roma.net\/wp-content\/uploads\/2020\/01\/statua-giordano-bruno-campo-de-fiori_3541.jpg'><img width=\"150\" height=\"150\" src=\"https:\/\/www.rome-roma.net\/wp-content\/uploads\/2020\/01\/statua-giordano-bruno-campo-de-fiori_3541-150x150.jpg\" class=\"attachment-thumbnail size-thumbnail\" alt=\"statua-giordano-bruno-campo-de-fiori_3541\" loading=\"lazy\" aria-describedby=\"gallery-1-23415\" srcset=\"https:\/\/www.rome-roma.net\/wp-content\/uploads\/2020\/01\/statua-giordano-bruno-campo-de-fiori_3541-150x150.jpg 150w, https:\/\/www.rome-roma.net\/wp-content\/uploads\/2020\/01\/statua-giordano-bruno-campo-de-fiori_3541-50x50.jpg 50w, https:\/\/www.rome-roma.net\/wp-content\/uploads\/2020\/01\/statua-giordano-bruno-campo-de-fiori_3541-80x80.jpg 80w, https:\/\/www.rome-roma.net\/wp-content\/uploads\/2020\/01\/statua-giordano-bruno-campo-de-fiori_3541-75x75.jpg 75w\" sizes=\"(max-width: 150px) 100vw, 150px\" \/><\/a>\n\t\t\t<\/dt>\n\t\t\t\t<dd class='wp-caption-text gallery-caption' id='gallery-1-23415'>\n\t\t\t\tStatua di Giordano Bruno\n\t\t\t\t<\/dd><\/dl><dl class='gallery-item'>\n\t\t\t<dt class='gallery-icon portrait'>\n\t\t\t\t<a href='https:\/\/www.rome-roma.net\/wp-content\/uploads\/2020\/01\/statue-giordano-bruno-campo-de-fiori_3326.jpg'><img width=\"150\" height=\"150\" src=\"https:\/\/www.rome-roma.net\/wp-content\/uploads\/2020\/01\/statue-giordano-bruno-campo-de-fiori_3326-150x150.jpg\" class=\"attachment-thumbnail size-thumbnail\" alt=\"statue-giordano-bruno-campo-de-fiori_3326\" loading=\"lazy\" aria-describedby=\"gallery-1-23340\" srcset=\"https:\/\/www.rome-roma.net\/wp-content\/uploads\/2020\/01\/statue-giordano-bruno-campo-de-fiori_3326-150x150.jpg 150w, https:\/\/www.rome-roma.net\/wp-content\/uploads\/2020\/01\/statue-giordano-bruno-campo-de-fiori_3326-50x50.jpg 50w, https:\/\/www.rome-roma.net\/wp-content\/uploads\/2020\/01\/statue-giordano-bruno-campo-de-fiori_3326-80x80.jpg 80w, https:\/\/www.rome-roma.net\/wp-content\/uploads\/2020\/01\/statue-giordano-bruno-campo-de-fiori_3326-75x75.jpg 75w\" sizes=\"(max-width: 150px) 100vw, 150px\" \/><\/a>\n\t\t\t<\/dt>\n\t\t\t\t<dd class='wp-caption-text gallery-caption' id='gallery-1-23340'>\n\t\t\t\tStatua di Giordano Bruno\n\t\t\t\t<\/dd><\/dl><br style=\"clear: both\" \/><dl class='gallery-item'>\n\t\t\t<dt class='gallery-icon portrait'>\n\t\t\t\t<a href='https:\/\/www.rome-roma.net\/wp-content\/uploads\/2020\/01\/campo-dei-fiori-visita_3325.jpg'><img width=\"150\" height=\"150\" src=\"https:\/\/www.rome-roma.net\/wp-content\/uploads\/2020\/01\/campo-dei-fiori-visita_3325-150x150.jpg\" class=\"attachment-thumbnail size-thumbnail\" alt=\"campo-dei-fiori-visita_3325\" loading=\"lazy\" aria-describedby=\"gallery-1-23295\" srcset=\"https:\/\/www.rome-roma.net\/wp-content\/uploads\/2020\/01\/campo-dei-fiori-visita_3325-150x150.jpg 150w, https:\/\/www.rome-roma.net\/wp-content\/uploads\/2020\/01\/campo-dei-fiori-visita_3325-50x50.jpg 50w, https:\/\/www.rome-roma.net\/wp-content\/uploads\/2020\/01\/campo-dei-fiori-visita_3325-80x80.jpg 80w, https:\/\/www.rome-roma.net\/wp-content\/uploads\/2020\/01\/campo-dei-fiori-visita_3325-75x75.jpg 75w\" sizes=\"(max-width: 150px) 100vw, 150px\" \/><\/a>\n\t\t\t<\/dt>\n\t\t\t\t<dd class='wp-caption-text gallery-caption' id='gallery-1-23295'>\n\t\t\t\tStatua di Giordano Bruno\n\t\t\t\t<\/dd><\/dl><dl class='gallery-item'>\n\t\t\t<dt class='gallery-icon portrait'>\n\t\t\t\t<a href='https:\/\/www.rome-roma.net\/wp-content\/uploads\/2020\/01\/statua-giordano-bruno-campo-de-fiori_3540.jpg'><img width=\"150\" height=\"150\" src=\"https:\/\/www.rome-roma.net\/wp-content\/uploads\/2020\/01\/statua-giordano-bruno-campo-de-fiori_3540-150x150.jpg\" class=\"attachment-thumbnail size-thumbnail\" alt=\"statua-giordano-bruno-campo-de-fiori_3540\" loading=\"lazy\" aria-describedby=\"gallery-1-23410\" srcset=\"https:\/\/www.rome-roma.net\/wp-content\/uploads\/2020\/01\/statua-giordano-bruno-campo-de-fiori_3540-150x150.jpg 150w, https:\/\/www.rome-roma.net\/wp-content\/uploads\/2020\/01\/statua-giordano-bruno-campo-de-fiori_3540-50x50.jpg 50w, https:\/\/www.rome-roma.net\/wp-content\/uploads\/2020\/01\/statua-giordano-bruno-campo-de-fiori_3540-80x80.jpg 80w, https:\/\/www.rome-roma.net\/wp-content\/uploads\/2020\/01\/statua-giordano-bruno-campo-de-fiori_3540-75x75.jpg 75w\" sizes=\"(max-width: 150px) 100vw, 150px\" \/><\/a>\n\t\t\t<\/dt>\n\t\t\t\t<dd class='wp-caption-text gallery-caption' id='gallery-1-23410'>\n\t\t\t\tStatua di Giordano Bruno\n\t\t\t\t<\/dd><\/dl><dl class='gallery-item'>\n\t\t\t<dt class='gallery-icon landscape'>\n\t\t\t\t<a href='https:\/\/www.rome-roma.net\/wp-content\/uploads\/2020\/01\/fontaine-campo-de-fiori_4515.jpg'><img width=\"150\" height=\"150\" src=\"https:\/\/www.rome-roma.net\/wp-content\/uploads\/2020\/01\/fontaine-campo-de-fiori_4515-150x150.jpg\" class=\"attachment-thumbnail size-thumbnail\" alt=\"fontaine-campo-de-fiori_4515\" loading=\"lazy\" aria-describedby=\"gallery-1-23350\" srcset=\"https:\/\/www.rome-roma.net\/wp-content\/uploads\/2020\/01\/fontaine-campo-de-fiori_4515-150x150.jpg 150w, https:\/\/www.rome-roma.net\/wp-content\/uploads\/2020\/01\/fontaine-campo-de-fiori_4515-50x50.jpg 50w, https:\/\/www.rome-roma.net\/wp-content\/uploads\/2020\/01\/fontaine-campo-de-fiori_4515-80x80.jpg 80w, https:\/\/www.rome-roma.net\/wp-content\/uploads\/2020\/01\/fontaine-campo-de-fiori_4515-75x75.jpg 75w\" sizes=\"(max-width: 150px) 100vw, 150px\" \/><\/a>\n\t\t\t<\/dt>\n\t\t\t\t<dd class='wp-caption-text gallery-caption' id='gallery-1-23350'>\n\t\t\t\tLa fontana\n\t\t\t\t<\/dd><\/dl>\n\t\t\t<br style='clear: both' \/>\n\t\t<\/div>\n","protected":false},"excerpt":{"rendered":"<p>Le Campo de&#8217; Fiori est une des places les plus agr\u00e9ables de Rome, avec son march\u00e9 matinal, les bars et terrasses autour de la statue de Giordano Bruno.<\/p>\n","protected":false},"featured_media":0,"parent":0,"menu_order":0,"comment_status":"open","ping_status":"open","template":"","format":"standard","meta":{"kt_blocks_editor_width":"","_links_to":"","_links_to_target":""},"genre":[271,274,279],"interet":[287],"quartier":[308],"categorie_site":[395],"quartier_historique":[450],"etiquettes_site":[],"acf":[],"yoast_head":"<!-- This site is optimized with the Yoast SEO plugin v17.4 - https:\/\/yoast.com\/wordpress\/plugins\/seo\/ -->\n<title>Piazza Campo de&#039; Fiori &ndash; Rome-Roma<\/title>\n<meta name=\"description\" content=\"Campo de &#039;Fiori \u00e8 una delle piazze pi\u00f9 piacevoli di Roma, con il suo mercato mattutino, i bar e le terrazze intorno alla statua di Giordano Bruno.\" \/>\n<meta name=\"robots\" content=\"index, follow, max-snippet:-1, max-image-preview:large, max-video-preview:-1\" \/>\n<link rel=\"canonical\" href=\"https:\/\/www.rome-roma.net\/it\/piazza-campo-de-fiori\/\" \/>\n<meta property=\"og:locale\" content=\"it_IT\" \/>\n<meta property=\"og:type\" content=\"article\" \/>\n<meta property=\"og:title\" content=\"Piazza Campo de&#039; Fiori &ndash; Rome-Roma\" \/>\n<meta property=\"og:description\" content=\"Campo de &#039;Fiori \u00e8 una delle piazze pi\u00f9 piacevoli di Roma, con il suo mercato mattutino, i bar e le terrazze intorno alla statua di Giordano Bruno.\" \/>\n<meta property=\"og:url\" content=\"https:\/\/www.rome-roma.net\/it\/piazza-campo-de-fiori\/\" \/>\n<meta property=\"og:site_name\" content=\"Rome-Roma\" \/>\n<meta property=\"article:modified_time\" content=\"2025-01-02T20:03:14+00:00\" \/>\n<meta property=\"og:image\" content=\"https:\/\/www.rome-roma.net\/wp-content\/uploads\/2020\/01\/campo-dei-fiori-visita_3325-150x150.jpg\" \/>\n<meta name=\"twitter:card\" content=\"summary_large_image\" \/>\n<meta name=\"twitter:label1\" content=\"Tempo di lettura stimato\" \/>\n\t<meta name=\"twitter:data1\" content=\"4 minuti\" \/>\n<script type=\"application\/ld+json\" class=\"yoast-schema-graph\">{\"@context\":\"https:\/\/schema.org\",\"@graph\":[{\"@type\":\"Organization\",\"@id\":\"https:\/\/www.rome-roma.net\/it\/#organization\",\"name\":\"Rome-Roma\",\"url\":\"https:\/\/www.rome-roma.net\/it\/\",\"sameAs\":[],\"logo\":{\"@type\":\"ImageObject\",\"@id\":\"https:\/\/www.rome-roma.net\/it\/#logo\",\"inLanguage\":\"it-IT\",\"url\":\"https:\/\/www.rome-roma.net\/wp-content\/uploads\/2025\/07\/logo-rome-roma-420.jpg\",\"contentUrl\":\"https:\/\/www.rome-roma.net\/wp-content\/uploads\/2025\/07\/logo-rome-roma-420.jpg\",\"width\":420,\"height\":420,\"caption\":\"Rome-Roma\"},\"image\":{\"@id\":\"https:\/\/www.rome-roma.net\/it\/#logo\"}},{\"@type\":\"WebSite\",\"@id\":\"https:\/\/www.rome-roma.net\/it\/#website\",\"url\":\"https:\/\/www.rome-roma.net\/it\/\",\"name\":\"Rome-Roma\",\"description\":\"Cultura & Viaggio\",\"publisher\":{\"@id\":\"https:\/\/www.rome-roma.net\/it\/#organization\"},\"potentialAction\":[{\"@type\":\"SearchAction\",\"target\":{\"@type\":\"EntryPoint\",\"urlTemplate\":\"https:\/\/www.rome-roma.net\/it\/?s={search_term_string}\"},\"query-input\":\"required name=search_term_string\"}],\"inLanguage\":\"it-IT\"},{\"@type\":\"ImageObject\",\"@id\":\"https:\/\/www.rome-roma.net\/it\/piazza-campo-de-fiori\/#primaryimage\",\"inLanguage\":\"it-IT\",\"url\":\"https:\/\/www.rome-roma.net\/photos\/trasteverepiazzeroma\/images\/campo_dei_fiori_2023.jpg\",\"contentUrl\":\"https:\/\/www.rome-roma.net\/photos\/trasteverepiazzeroma\/images\/campo_dei_fiori_2023.jpg\"},{\"@type\":\"WebPage\",\"@id\":\"https:\/\/www.rome-roma.net\/it\/piazza-campo-de-fiori\/#webpage\",\"url\":\"https:\/\/www.rome-roma.net\/it\/piazza-campo-de-fiori\/\",\"name\":\"Piazza Campo de' Fiori &ndash; Rome-Roma\",\"isPartOf\":{\"@id\":\"https:\/\/www.rome-roma.net\/it\/#website\"},\"primaryImageOfPage\":{\"@id\":\"https:\/\/www.rome-roma.net\/it\/piazza-campo-de-fiori\/#primaryimage\"},\"datePublished\":\"2020-02-11T09:11:09+00:00\",\"dateModified\":\"2025-01-02T20:03:14+00:00\",\"description\":\"Campo de 'Fiori \\u00e8 una delle piazze pi\\u00f9 piacevoli di Roma, con il suo mercato mattutino, i bar e le terrazze intorno alla statua di Giordano Bruno.\",\"breadcrumb\":{\"@id\":\"https:\/\/www.rome-roma.net\/it\/piazza-campo-de-fiori\/#breadcrumb\"},\"inLanguage\":\"it-IT\",\"potentialAction\":[{\"@type\":\"ReadAction\",\"target\":[\"https:\/\/www.rome-roma.net\/it\/piazza-campo-de-fiori\/\"]}]},{\"@type\":\"BreadcrumbList\",\"@id\":\"https:\/\/www.rome-roma.net\/it\/piazza-campo-de-fiori\/#breadcrumb\",\"itemListElement\":[{\"@type\":\"ListItem\",\"position\":1,\"name\":\"Accueil\",\"item\":\"https:\/\/www.rome-roma.net\/it\/\"},{\"@type\":\"ListItem\",\"position\":2,\"name\":\"Piazza Campo de&#8217; Fiori\"}]}]}<\/script>\n<!-- \/ Yoast SEO plugin. -->","yoast_head_json":{"title":"Piazza Campo de' Fiori &ndash; Rome-Roma","description":"Campo de 'Fiori \u00e8 una delle piazze pi\u00f9 piacevoli di Roma, con il suo mercato mattutino, i bar e le terrazze intorno alla statua di Giordano Bruno.","robots":{"index":"index","follow":"follow","max-snippet":"max-snippet:-1","max-image-preview":"max-image-preview:large","max-video-preview":"max-video-preview:-1"},"canonical":"https:\/\/www.rome-roma.net\/it\/piazza-campo-de-fiori\/","og_locale":"it_IT","og_type":"article","og_title":"Piazza Campo de' Fiori &ndash; Rome-Roma","og_description":"Campo de 'Fiori \u00e8 una delle piazze pi\u00f9 piacevoli di Roma, con il suo mercato mattutino, i bar e le terrazze intorno alla statua di Giordano Bruno.","og_url":"https:\/\/www.rome-roma.net\/it\/piazza-campo-de-fiori\/","og_site_name":"Rome-Roma","article_modified_time":"2025-01-02T20:03:14+00:00","og_image":[{"url":"https:\/\/www.rome-roma.net\/wp-content\/uploads\/2020\/01\/campo-dei-fiori-visita_3325-150x150.jpg"}],"twitter_card":"summary_large_image","twitter_misc":{"Tempo di lettura stimato":"4 minuti"},"schema":{"@context":"https:\/\/schema.org","@graph":[{"@type":"Organization","@id":"https:\/\/www.rome-roma.net\/it\/#organization","name":"Rome-Roma","url":"https:\/\/www.rome-roma.net\/it\/","sameAs":[],"logo":{"@type":"ImageObject","@id":"https:\/\/www.rome-roma.net\/it\/#logo","inLanguage":"it-IT","url":"https:\/\/www.rome-roma.net\/wp-content\/uploads\/2025\/07\/logo-rome-roma-420.jpg","contentUrl":"https:\/\/www.rome-roma.net\/wp-content\/uploads\/2025\/07\/logo-rome-roma-420.jpg","width":420,"height":420,"caption":"Rome-Roma"},"image":{"@id":"https:\/\/www.rome-roma.net\/it\/#logo"}},{"@type":"WebSite","@id":"https:\/\/www.rome-roma.net\/it\/#website","url":"https:\/\/www.rome-roma.net\/it\/","name":"Rome-Roma","description":"Cultura & Viaggio","publisher":{"@id":"https:\/\/www.rome-roma.net\/it\/#organization"},"potentialAction":[{"@type":"SearchAction","target":{"@type":"EntryPoint","urlTemplate":"https:\/\/www.rome-roma.net\/it\/?s={search_term_string}"},"query-input":"required name=search_term_string"}],"inLanguage":"it-IT"},{"@type":"ImageObject","@id":"https:\/\/www.rome-roma.net\/it\/piazza-campo-de-fiori\/#primaryimage","inLanguage":"it-IT","url":"https:\/\/www.rome-roma.net\/photos\/trasteverepiazzeroma\/images\/campo_dei_fiori_2023.jpg","contentUrl":"https:\/\/www.rome-roma.net\/photos\/trasteverepiazzeroma\/images\/campo_dei_fiori_2023.jpg"},{"@type":"WebPage","@id":"https:\/\/www.rome-roma.net\/it\/piazza-campo-de-fiori\/#webpage","url":"https:\/\/www.rome-roma.net\/it\/piazza-campo-de-fiori\/","name":"Piazza Campo de' Fiori &ndash; Rome-Roma","isPartOf":{"@id":"https:\/\/www.rome-roma.net\/it\/#website"},"primaryImageOfPage":{"@id":"https:\/\/www.rome-roma.net\/it\/piazza-campo-de-fiori\/#primaryimage"},"datePublished":"2020-02-11T09:11:09+00:00","dateModified":"2025-01-02T20:03:14+00:00","description":"Campo de 'Fiori \u00e8 una delle piazze pi\u00f9 piacevoli di Roma, con il suo mercato mattutino, i bar e le terrazze intorno alla statua di Giordano Bruno.","breadcrumb":{"@id":"https:\/\/www.rome-roma.net\/it\/piazza-campo-de-fiori\/#breadcrumb"},"inLanguage":"it-IT","potentialAction":[{"@type":"ReadAction","target":["https:\/\/www.rome-roma.net\/it\/piazza-campo-de-fiori\/"]}]},{"@type":"BreadcrumbList","@id":"https:\/\/www.rome-roma.net\/it\/piazza-campo-de-fiori\/#breadcrumb","itemListElement":[{"@type":"ListItem","position":1,"name":"Accueil","item":"https:\/\/www.rome-roma.net\/it\/"},{"@type":"ListItem","position":2,"name":"Piazza Campo de&#8217; Fiori"}]}]}},"acf_fields":{"nom_monument":null,"wikidata":"Q28303","sameas":null},"_links":{"self":[{"href":"https:\/\/www.rome-roma.net\/it\/wp-json\/wp\/v2\/site\/5799"}],"collection":[{"href":"https:\/\/www.rome-roma.net\/it\/wp-json\/wp\/v2\/site"}],"about":[{"href":"https:\/\/www.rome-roma.net\/it\/wp-json\/wp\/v2\/types\/site"}],"replies":[{"embeddable":true,"href":"https:\/\/www.rome-roma.net\/it\/wp-json\/wp\/v2\/comments?post=5799"}],"wp:attachment":[{"href":"https:\/\/www.rome-roma.net\/it\/wp-json\/wp\/v2\/media?parent=5799"}],"wp:term":[{"taxonomy":"genre","embeddable":true,"href":"https:\/\/www.rome-roma.net\/it\/wp-json\/wp\/v2\/genre?post=5799"},{"taxonomy":"interet","embeddable":true,"href":"https:\/\/www.rome-roma.net\/it\/wp-json\/wp\/v2\/interet?post=5799"},{"taxonomy":"quartier","embeddable":true,"href":"https:\/\/www.rome-roma.net\/it\/wp-json\/wp\/v2\/quartier?post=5799"},{"taxonomy":"categorie_site","embeddable":true,"href":"https:\/\/www.rome-roma.net\/it\/wp-json\/wp\/v2\/categorie_site?post=5799"},{"taxonomy":"quartier_historique","embeddable":true,"href":"https:\/\/www.rome-roma.net\/it\/wp-json\/wp\/v2\/quartier_historique?post=5799"},{"taxonomy":"etiquettes_site","embeddable":true,"href":"https:\/\/www.rome-roma.net\/it\/wp-json\/wp\/v2\/etiquettes_site?post=5799"}],"curies":[{"name":"wp","href":"https:\/\/api.w.org\/{rel}","templated":true}]}}