


{"id":5811,"date":"2020-02-12T16:51:55","date_gmt":"2020-02-12T15:51:55","guid":{"rendered":"https:\/\/www.rome-roma.net\/site\/piazza-barberini\/"},"modified":"2025-01-04T11:18:49","modified_gmt":"2025-01-04T10:18:49","slug":"la-piazza-barberini","status":"publish","type":"site","link":"https:\/\/www.rome-roma.net\/it\/la-piazza-barberini\/","title":{"rendered":"Piazza Barberini"},"content":{"rendered":"<p>La <strong>Piazza Barberini<\/strong> si trova sul <a href=\"https:\/\/www.rome-roma.net\/it\/colle-del-quirinale\/\"><strong>Colle del Quirinale<\/strong><\/a>, ai piedi della <a href=\"https:\/\/www.rome-roma.net\/it\/la-via-veneto\/\"><strong>Via Veneto<\/strong><\/a>, dove convergono diverse arterie principali di Roma.<\/p>\n<h2>Sviluppo e Barberini<\/h2>\n<p>Prima del suo sviluppo nel XVI secolo, l&#8217;area era principalmente occupata da ville e giardini.<br \/>Gli edifici che oggi la circondano risalgono al XVI secolo, ma sono stati ricostruiti.<br \/>Sulla piazza, sul lato sud, si trova il <a href=\"https:\/\/www.rome-roma.net\/it\/gallerie-nazionali-di-arte-antica-palazzo-barberini\/\"><strong>Palazzo Barberini<\/strong><\/a>, del XVII secolo, costruito per il cardinale <strong>Francesco Barberini<\/strong>, un esempio notevole di architettura barocca.<br \/>Questa piazza fu a lungo un centro di attivit\u00e0 artistica, in particolare con artisti spagnoli nel XVIII secolo.<\/p>\n<div style=\"width: 310px\" class=\"wp-caption alignright\"><a href=\"https:\/\/www.rome-roma.net\/photos\/voyage2\/roma\/images\/roma_fontanadeltrittone_9887.jpg\"><img loading=\"lazy\" src=\"https:\/\/www.rome-roma.net\/photos\/voyage2\/roma\/images\/roma_fontanadeltrittone_9887.jpg\" alt=\"piazza barberini, fontana del tritone\" width=\"300\" height=\"200\" align=\"right\" \/><\/a><p class=\"wp-caption-text\">Fontana del Tritone<\/p><\/div>\n<p>Nel XIX secolo, con l&#8217;espansione della Via Veneto e la costruzione di hotel di lusso, Piazza Barberini divenne un luogo frequentato dall&#8217;aristocrazia e dalla borghesia europea. Caff\u00e8 e salotti letterari vi si stabilirono, attirando intellettuali e artisti stranieri.<\/p>\n<h2>Monumenti e curiosit\u00e0<\/h2>\n<p>Al centro si erge una celebre scultura del <strong>Bernini<\/strong>: la <a href=\"https:\/\/www.rome-roma.net\/it\/fontana-del-tritone\/\"><strong>Fontana del Tritone<\/strong><\/a>, risalente al 1642-1643, commissionata da papa Urbano VIII, membro della famiglia Barberini. Rappresenta il dio marino Tritone che soffia in una conchiglia.<\/p>\n<p>All&#8217;angolo di Via Veneto, la <a href=\"https:\/\/www.rome-roma.net\/it\/fontana-delle-api\/\"><strong>Fontana delle Api<\/strong><\/a>, un&#8217;altra scultura del Bernini del 1644, ha la forma di una conchiglia con delle api, simbolo della famiglia Barberini.<\/p>\n<p>Un obelisco vi si trovava dal 1632 al 1822, trasferito poi nei giardini di Villa Medici.<\/p>\n<p><a href=\"https:\/\/www.rome-roma.net\/photos\/voyage2\/roma\/images\/rome_fontainedutriton_9882.jpg\" rel=\"lightbox[a]\"><img loading=\"lazy\" src=\"https:\/\/www.rome-roma.net\/photos\/voyage2\/roma\/thumbnails\/rome_fontainedutriton_9882.jpg\" alt=\"Fontana del Tritone\" width=\"85\" height=\"122\" border=\"0\" \/><\/a><a href=\"https:\/\/www.rome-roma.net\/photos\/voyage2\/roma\/images\/rome_fontainedutriton_9884.jpg\" rel=\"lightbox[a]\"><img loading=\"lazy\" src=\"https:\/\/www.rome-roma.net\/photos\/voyage2\/roma\/thumbnails\/rome_fontainedutriton_9884.jpg\" alt=\"Fontana del Tritone\" width=\"122\" height=\"85\" border=\"0\" \/><\/a><br \/>Fontana del Tritone<\/p>\n<p><a href=\"https:\/\/www.rome-roma.net\/photos\/visite-rome\/images\/palazzobarberini_museoarteantica_5731.jpg\" rel=\"lightbox[a]\"><img loading=\"lazy\" src=\"https:\/\/www.rome-roma.net\/photos\/visite-rome\/thumbnails\/palazzobarberini_museoarteantica_5731.jpg\" alt=\"Fontana del Tritone a Roma\" width=\"154\" height=\"106\" border=\"0\" \/><\/a><br \/>Palazzo Barberini<\/p>\n\n\n<h2>Sulla Piazza Barberini<\/h2>\n\n\n\n<ul class=\"lcp_catlist\" id=\"lcp_instance_0\"><li><a href=\"https:\/\/www.rome-roma.net\/it\/gallerie-nazionali-di-arte-antica-palazzo-barberini\/\">Gallerie Nazionali di Arte Antica,  Palazzo Barberini<\/a><a href=\"https:\/\/www.rome-roma.net\/it\/gallerie-nazionali-di-arte-antica-palazzo-barberini\/\" title=\"Gallerie Nazionali di Arte Antica,  Palazzo Barberini\"><img src=\"https:\/\/www.rome-roma.net\/photos\/2017\/palazzo-barberini\/images\/facade_palazzo_barberini_3620.jpg\" class=\"classthumblist\"  alt=\"Gallerie Nazionali di Arte Antica,  Palazzo Barberini\" \/><\/a><div class=\"lcp_excerpt\">Il museo della Galleria\nLa Galleria Nazionale d\u2019Arte Antica \u00e8 distribuita tra due sedi emblematiche: il Palazzo Barberini e il Palazzo Corsini. La maggior parte della ...<\/div><\/li><li class=\"current\"><a href=\"https:\/\/www.rome-roma.net\/it\/la-piazza-barberini\/\">Piazza Barberini<\/a><a href=\"https:\/\/www.rome-roma.net\/it\/la-piazza-barberini\/\" title=\"Piazza Barberini\"><img src=\"https:\/\/www.rome-roma.net\/photos\/voyage2\/roma\/images\/roma_fontanadeltrittone_9887.jpg\" class=\"classthumblist\"  alt=\"Piazza Barberini\" \/><\/a><div class=\"lcp_excerpt\">La Piazza Barberini si trova sul Colle del Quirinale, ai piedi della Via Veneto, dove convergono diverse arterie principali di Roma.\nSviluppo e Barberini\nPrima del suo ...<\/div><\/li><li><a href=\"https:\/\/www.rome-roma.net\/it\/fontana-del-tritone\/\">Fontana del Tritone<\/a><a href=\"https:\/\/www.rome-roma.net\/it\/fontana-del-tritone\/\" title=\"Fontana del Tritone\"><img src=\"https:\/\/www.rome-roma.net\/photos\/voyage2\/roma\/images\/rome_fontainedutriton_9882.jpg\" class=\"classthumblist\"  alt=\"Fontana del Tritone\" \/><\/a><div class=\"lcp_excerpt\">Costruita dal Bernini (Gian Lorenzo Bernini) tra il 1642 e il 1643 su richiesta di papa Urbano VIII Barberini (1623-1644), la Fontana del Tritone \u00e8 ...<\/div><\/li><li><a href=\"https:\/\/www.rome-roma.net\/it\/fontana-delle-api\/\">Fontana delle Api<\/a><a href=\"https:\/\/www.rome-roma.net\/it\/fontana-delle-api\/\" title=\"Fontana delle Api\"><img src=\"https:\/\/www.rome-roma.net\/wp-content\/uploads\/2020\/02\/fontana-delle-api_3147-300x200.jpg\" class=\"classthumblist\"  alt=\"Fontana delle Api\" \/><\/a><div class=\"lcp_excerpt\">La Fontana delle Api, realizzata nel 1644 da Gian Lorenzo Bernini, \u00e8 una testimonianza della sua arte barocca.Inizialmente, si trovava all&#8217;angolo di Via Felice (oggi ...<\/div><\/li><\/ul>\n\n\n\n<h2>Cartina ed indirizzo<\/h2>\r\n\t\t<b>Indirizzo : <\/b> Piazza Barberini, 00187 Roma RM <div id=\"travelersmap-container-69f4f68f14439\" class=\"travelersmap-container\" style=\"z-index: 1; min-height: 10px; min-width:10px; height:400px;width:100%; max-width:; max-height:; position:relative;\"><div style=\"position:absolute; z-index:-1;top: 50%;text-align: center;display: block;left: 50%;transform: translate(-50%,-50%);\">Travelers' Map is loading... <br> If you see this after your page is loaded completely, leafletJS files are missing.<\/div><\/div><i>Clicca sulla freccia per localizzarti sulla mappa<\/i><br><br>\n\n\n\n<h2>Vedute antiche nel arte<\/h2><div>3 opere di Piazza Barberini sono state trovate nella database. Per vederle tutte aprire questo <a href=\"https:\/\/www.rome-roma.net\/site-rome-art.php?lieu=piazza+barberini\" target=\"_blank\">collegamento<\/a>.<\/div><div class=\"wp-block-kadence-advancedgallery kb-gallery-wrap-id-_5955fd-3f\">\r\n        <div class=\"kb-gallery-ul kb-gallery-type-fluidcarousel kb-gallery-id-_5955fd-3f kb-gallery-caption-style-below kb-gallery-magnific-init kb-gallery-filter-none\" data-image-filter=\"none\" data-lightbox-caption=\"true\">\r\n            <div class=\"kt-blocks-carousel kt-carousel-container-dotstyle-dark\">\r\n                <div class=\"kt-blocks-carousel-init kb-blocks-fluid-carousel kt-carousel-arrowstyle-whiteondark kt-carousel-dotstyle-dark\" data-slider-anim-speed=\"400\" data-slider-type=\"fluidcarousel\" data-slider-scroll=\"1\" data-slider-arrows=\"true\" data-slider-dots=\"true\" data-slider-hover-pause=\"false\" data-slider-auto=\"false\" data-slider-speed=\"7000\">\r\n        <div class=\"kb-slide-item kb-gallery-carousel-item\"><li class=\"kadence-blocks-gallery-item\"><div class=\"kadence-blocks-gallery-item-inner\">\r\n            <figure class=\"kb-gallery-figure kb-gallery-item-has-link kadence-blocks-gallery-item-has-caption\">\r\n                <a href=\"https:\/\/www.rome-roma.net\/artmodule\/albert kuchler\/kuchler albert - commiato di una famiglia a piazza barberini - adieux.jpg\" class=\"kb-gallery-item-link\" style=\"color: #FFFFFF;\">\r\n                    <div class=\"kb-gal-image-radius\"><div class=\"kb-gallery-image-contain\">\r\n                        <img src=\"https:\/\/www.rome-roma.net\/artmodule\/albert kuchler\/kuchler albert - commiato di una famiglia a piazza barberini - adieux.jpg\" width=\"300\" height=\"200\" \r\n                            alt=\"Albert K\u00fcchler,Les adieux d'une famille \u00e0 Rome, sur la Place Barberini (1830-1886, date ind\u00e9termin\u00e9e)\" \r\n                            data-full-image=\"https:\/\/www.rome-roma.net\/artmodule\/albert kuchler\/kuchler albert - commiato di una famiglia a piazza barberini - adieux.jpg\" \r\n                            data-light-image=\"https:\/\/www.rome-roma.net\/artmodule\/albert kuchler\/kuchler albert - commiato di una famiglia a piazza barberini - adieux.jpg\" data-id=\"149\" \r\n                            data-link=\"https:\/\/www.rome-roma.net\/artmodule\/albert kuchler\/kuchler albert - commiato di una famiglia a piazza barberini - adieux.jpg\" \r\n                            class=\"wp-image-149\" loading=lazy\/>\r\n                    <\/div><\/div>\r\n                    <figcaption class=\"kadence-blocks-gallery-item__caption\">Albert K\u00fcchler, Les adieux d'une famille \u00e0 Rome, sur la Place Barberini<\/figcaption>\r\n                <\/a>\r\n            <\/figure><\/div><\/li><\/div>\r\n        <div class=\"kb-slide-item kb-gallery-carousel-item\"><li class=\"kadence-blocks-gallery-item\"><div class=\"kadence-blocks-gallery-item-inner\">\r\n            <figure class=\"kb-gallery-figure kb-gallery-item-has-link kadence-blocks-gallery-item-has-caption\">\r\n                <a href=\"https:\/\/www.rome-roma.net\/artmodule\/ettore roesler franz\/ettore roesler franz - piazza e fontana barberini - 1885.jpg\" class=\"kb-gallery-item-link\" style=\"color: #FFFFFF;\">\r\n                    <div class=\"kb-gal-image-radius\"><div class=\"kb-gallery-image-contain\">\r\n                        <img src=\"https:\/\/www.rome-roma.net\/artmodule\/ettore roesler franz\/ettore roesler franz - piazza e fontana barberini - 1885.jpg\" width=\"300\" height=\"200\" \r\n                            alt=\"Ettore Roesler Franz,Place et Fontaine Barberini (environ 1885)\" \r\n                            data-full-image=\"https:\/\/www.rome-roma.net\/artmodule\/ettore roesler franz\/ettore roesler franz - piazza e fontana barberini - 1885.jpg\" \r\n                            data-light-image=\"https:\/\/www.rome-roma.net\/artmodule\/ettore roesler franz\/ettore roesler franz - piazza e fontana barberini - 1885.jpg\" data-id=\"149\" \r\n                            data-link=\"https:\/\/www.rome-roma.net\/artmodule\/ettore roesler franz\/ettore roesler franz - piazza e fontana barberini - 1885.jpg\" \r\n                            class=\"wp-image-149\" loading=lazy\/>\r\n                    <\/div><\/div>\r\n                    <figcaption class=\"kadence-blocks-gallery-item__caption\">Ettore Roesler Franz, Place et Fontaine Barberini<\/figcaption>\r\n                <\/a>\r\n            <\/figure><\/div><\/li><\/div>\r\n        <div class=\"kb-slide-item kb-gallery-carousel-item\"><li class=\"kadence-blocks-gallery-item\"><div class=\"kadence-blocks-gallery-item-inner\">\r\n            <figure class=\"kb-gallery-figure kb-gallery-item-has-link kadence-blocks-gallery-item-has-caption\">\r\n                <a href=\"https:\/\/www.rome-roma.net\/artmodule\/gustaf wilhelm palm\/gustaf wilhelm palm - piazza barberini - 1879.jpg\" class=\"kb-gallery-item-link\" style=\"color: #FFFFFF;\">\r\n                    <div class=\"kb-gal-image-radius\"><div class=\"kb-gallery-image-contain\">\r\n                        <img src=\"https:\/\/www.rome-roma.net\/artmodule\/gustaf wilhelm palm\/gustaf wilhelm palm - piazza barberini - 1879.jpg\" width=\"300\" height=\"200\" \r\n                            alt=\"Gustaf Wilhelm Palm,Piazza Barberini (1879)\" \r\n                            data-full-image=\"https:\/\/www.rome-roma.net\/artmodule\/gustaf wilhelm palm\/gustaf wilhelm palm - piazza barberini - 1879.jpg\" \r\n                            data-light-image=\"https:\/\/www.rome-roma.net\/artmodule\/gustaf wilhelm palm\/gustaf wilhelm palm - piazza barberini - 1879.jpg\" data-id=\"149\" \r\n                            data-link=\"https:\/\/www.rome-roma.net\/artmodule\/gustaf wilhelm palm\/gustaf wilhelm palm - piazza barberini - 1879.jpg\" \r\n                            class=\"wp-image-149\" loading=lazy\/>\r\n                    <\/div><\/div>\r\n                    <figcaption class=\"kadence-blocks-gallery-item__caption\">Gustaf Wilhelm Palm, Piazza Barberini<\/figcaption>\r\n                <\/a>\r\n            <\/figure><\/div><\/li><\/div><\/div><\/div><\/div><\/div><a href=\"https:\/\/www.rome-roma.net\/site-rome-art.php?lieu=piazza+barberini\" target=\"_blank\">Clica per vedere oltre dipinti e artisti su Place Barberini in Roma<\/a><br><br><\/p>\n\n\n<h2>Informazioni<\/h2>\n<table style=\"border-collapse: collapse; width: 100%;\">\n<tbody>\n<tr style=\"background-color: #fae8c3;\">\n<td style=\"width: 100%;\"><span style=\"font-size: 10pt;\"><strong><em>Piazza Barberini<\/em><\/strong><\/span><\/td>\n<\/tr>\n<tr style=\"background-color: #f7ece1;\">\n<td style=\"width: 100%;\">\n<p><span style=\"font-size: 10pt;\"><b>Fonti e collegamenti<br \/><\/b><\/span><\/p>\n<ul>\n<li><span style=\"font-size: 10pt;\">Siti della citt\u00e0 di Roma : <a href=\"https:\/\/www.turismoroma.it\/it\/luoghi\/piazza-barberini\" target=\"_blank\" rel=\"noopener\">Piazza Barberini sur turismoroma<\/a><\/span><\/li>\n<li><span style=\"font-size: 10pt;\">Pagina su Roma Segreta : <a href=\"https:\/\/www.romasegreta.it\/trevi\/piazza-barberini.html\" target=\"_blank\" rel=\"noopener noreferrer\">www.romasegreta.it\/trevi\/piazza-barberini.html<\/a><\/span><\/li>\n<\/ul>\n<\/td>\n<\/tr>\n<\/tbody>\n<\/table>\n<p><!--EndFragment--><\/p>\n<p><!--EndFragment--><\/p>\n<p><!--EndFragment--><\/p>","protected":false},"excerpt":{"rendered":"<p>La Piazza Barberini si trova sul Colle del Quirinale, ai piedi della Via Veneto, dove convergono diverse arterie principali di Roma. Sviluppo e Barberini Prima del suo sviluppo nel XVI secolo, l&#8217;area era principalmente occupata da ville e giardini.Gli edifici che oggi la circondano risalgono al XVI secolo, ma sono stati ricostruiti.Sulla piazza, sul lato [&hellip;]<\/p>\n","protected":false},"featured_media":0,"parent":0,"menu_order":0,"comment_status":"open","ping_status":"open","template":"","format":"standard","meta":{"kt_blocks_editor_width":"","_links_to":"","_links_to_target":""},"genre":[279],"interet":[286],"quartier":[316,328],"categorie_site":[396,395],"quartier_historique":[462],"etiquettes_site":[],"acf":[],"yoast_head":"<!-- This site is optimized with the Yoast SEO plugin v17.4 - https:\/\/yoast.com\/wordpress\/plugins\/seo\/ -->\n<title>Piazza Barberini &ndash; Rome-Roma<\/title>\n<meta name=\"description\" content=\"Scoperta della piazza Barberini a Roma, con la fontana del Tritone di Bernini, storia e descrizione. Visita di Roma, quartieri e monumenti.\" \/>\n<meta name=\"robots\" content=\"index, follow, max-snippet:-1, max-image-preview:large, max-video-preview:-1\" \/>\n<link rel=\"canonical\" href=\"https:\/\/www.rome-roma.net\/it\/la-piazza-barberini\/\" \/>\n<meta property=\"og:locale\" content=\"it_IT\" \/>\n<meta property=\"og:type\" content=\"article\" \/>\n<meta property=\"og:title\" content=\"Piazza Barberini &ndash; Rome-Roma\" \/>\n<meta property=\"og:description\" content=\"Scoperta della piazza Barberini a Roma, con la fontana del Tritone di Bernini, storia e descrizione. Visita di Roma, quartieri e monumenti.\" \/>\n<meta property=\"og:url\" content=\"https:\/\/www.rome-roma.net\/it\/la-piazza-barberini\/\" \/>\n<meta property=\"og:site_name\" content=\"Rome-Roma\" \/>\n<meta property=\"article:modified_time\" content=\"2025-01-04T10:18:49+00:00\" \/>\n<meta property=\"og:image\" content=\"https:\/\/www.rome-roma.net\/photos\/voyage2\/roma\/images\/roma_fontanadeltrittone_9887.jpg\" \/>\n<meta name=\"twitter:card\" content=\"summary_large_image\" \/>\n<meta name=\"twitter:label1\" content=\"Tempo di lettura stimato\" \/>\n\t<meta name=\"twitter:data1\" content=\"2 minuti\" \/>\n<script type=\"application\/ld+json\" class=\"yoast-schema-graph\">{\"@context\":\"https:\/\/schema.org\",\"@graph\":[{\"@type\":\"Organization\",\"@id\":\"https:\/\/www.rome-roma.net\/it\/#organization\",\"name\":\"Rome-Roma\",\"url\":\"https:\/\/www.rome-roma.net\/it\/\",\"sameAs\":[],\"logo\":{\"@type\":\"ImageObject\",\"@id\":\"https:\/\/www.rome-roma.net\/it\/#logo\",\"inLanguage\":\"it-IT\",\"url\":\"https:\/\/www.rome-roma.net\/wp-content\/uploads\/2025\/07\/logo-rome-roma-420.jpg\",\"contentUrl\":\"https:\/\/www.rome-roma.net\/wp-content\/uploads\/2025\/07\/logo-rome-roma-420.jpg\",\"width\":420,\"height\":420,\"caption\":\"Rome-Roma\"},\"image\":{\"@id\":\"https:\/\/www.rome-roma.net\/it\/#logo\"}},{\"@type\":\"WebSite\",\"@id\":\"https:\/\/www.rome-roma.net\/it\/#website\",\"url\":\"https:\/\/www.rome-roma.net\/it\/\",\"name\":\"Rome-Roma\",\"description\":\"Cultura & Viaggio\",\"publisher\":{\"@id\":\"https:\/\/www.rome-roma.net\/it\/#organization\"},\"potentialAction\":[{\"@type\":\"SearchAction\",\"target\":{\"@type\":\"EntryPoint\",\"urlTemplate\":\"https:\/\/www.rome-roma.net\/it\/?s={search_term_string}\"},\"query-input\":\"required name=search_term_string\"}],\"inLanguage\":\"it-IT\"},{\"@type\":\"ImageObject\",\"@id\":\"https:\/\/www.rome-roma.net\/it\/la-piazza-barberini\/#primaryimage\",\"inLanguage\":\"it-IT\",\"url\":\"https:\/\/www.rome-roma.net\/photos\/voyage2\/roma\/images\/roma_fontanadeltrittone_9887.jpg\",\"contentUrl\":\"https:\/\/www.rome-roma.net\/photos\/voyage2\/roma\/images\/roma_fontanadeltrittone_9887.jpg\"},{\"@type\":\"WebPage\",\"@id\":\"https:\/\/www.rome-roma.net\/it\/la-piazza-barberini\/#webpage\",\"url\":\"https:\/\/www.rome-roma.net\/it\/la-piazza-barberini\/\",\"name\":\"Piazza Barberini &ndash; Rome-Roma\",\"isPartOf\":{\"@id\":\"https:\/\/www.rome-roma.net\/it\/#website\"},\"primaryImageOfPage\":{\"@id\":\"https:\/\/www.rome-roma.net\/it\/la-piazza-barberini\/#primaryimage\"},\"datePublished\":\"2020-02-12T15:51:55+00:00\",\"dateModified\":\"2025-01-04T10:18:49+00:00\",\"description\":\"Scoperta della piazza Barberini a Roma, con la fontana del Tritone di Bernini, storia e descrizione. Visita di Roma, quartieri e monumenti.\",\"breadcrumb\":{\"@id\":\"https:\/\/www.rome-roma.net\/it\/la-piazza-barberini\/#breadcrumb\"},\"inLanguage\":\"it-IT\",\"potentialAction\":[{\"@type\":\"ReadAction\",\"target\":[\"https:\/\/www.rome-roma.net\/it\/la-piazza-barberini\/\"]}]},{\"@type\":\"BreadcrumbList\",\"@id\":\"https:\/\/www.rome-roma.net\/it\/la-piazza-barberini\/#breadcrumb\",\"itemListElement\":[{\"@type\":\"ListItem\",\"position\":1,\"name\":\"Accueil\",\"item\":\"https:\/\/www.rome-roma.net\/it\/\"},{\"@type\":\"ListItem\",\"position\":2,\"name\":\"Piazza Barberini\"}]}]}<\/script>\n<!-- \/ Yoast SEO plugin. -->","yoast_head_json":{"title":"Piazza Barberini &ndash; Rome-Roma","description":"Scoperta della piazza Barberini a Roma, con la fontana del Tritone di Bernini, storia e descrizione. Visita di Roma, quartieri e monumenti.","robots":{"index":"index","follow":"follow","max-snippet":"max-snippet:-1","max-image-preview":"max-image-preview:large","max-video-preview":"max-video-preview:-1"},"canonical":"https:\/\/www.rome-roma.net\/it\/la-piazza-barberini\/","og_locale":"it_IT","og_type":"article","og_title":"Piazza Barberini &ndash; Rome-Roma","og_description":"Scoperta della piazza Barberini a Roma, con la fontana del Tritone di Bernini, storia e descrizione. Visita di Roma, quartieri e monumenti.","og_url":"https:\/\/www.rome-roma.net\/it\/la-piazza-barberini\/","og_site_name":"Rome-Roma","article_modified_time":"2025-01-04T10:18:49+00:00","og_image":[{"url":"https:\/\/www.rome-roma.net\/photos\/voyage2\/roma\/images\/roma_fontanadeltrittone_9887.jpg"}],"twitter_card":"summary_large_image","twitter_misc":{"Tempo di lettura stimato":"2 minuti"},"schema":{"@context":"https:\/\/schema.org","@graph":[{"@type":"Organization","@id":"https:\/\/www.rome-roma.net\/it\/#organization","name":"Rome-Roma","url":"https:\/\/www.rome-roma.net\/it\/","sameAs":[],"logo":{"@type":"ImageObject","@id":"https:\/\/www.rome-roma.net\/it\/#logo","inLanguage":"it-IT","url":"https:\/\/www.rome-roma.net\/wp-content\/uploads\/2025\/07\/logo-rome-roma-420.jpg","contentUrl":"https:\/\/www.rome-roma.net\/wp-content\/uploads\/2025\/07\/logo-rome-roma-420.jpg","width":420,"height":420,"caption":"Rome-Roma"},"image":{"@id":"https:\/\/www.rome-roma.net\/it\/#logo"}},{"@type":"WebSite","@id":"https:\/\/www.rome-roma.net\/it\/#website","url":"https:\/\/www.rome-roma.net\/it\/","name":"Rome-Roma","description":"Cultura & Viaggio","publisher":{"@id":"https:\/\/www.rome-roma.net\/it\/#organization"},"potentialAction":[{"@type":"SearchAction","target":{"@type":"EntryPoint","urlTemplate":"https:\/\/www.rome-roma.net\/it\/?s={search_term_string}"},"query-input":"required name=search_term_string"}],"inLanguage":"it-IT"},{"@type":"ImageObject","@id":"https:\/\/www.rome-roma.net\/it\/la-piazza-barberini\/#primaryimage","inLanguage":"it-IT","url":"https:\/\/www.rome-roma.net\/photos\/voyage2\/roma\/images\/roma_fontanadeltrittone_9887.jpg","contentUrl":"https:\/\/www.rome-roma.net\/photos\/voyage2\/roma\/images\/roma_fontanadeltrittone_9887.jpg"},{"@type":"WebPage","@id":"https:\/\/www.rome-roma.net\/it\/la-piazza-barberini\/#webpage","url":"https:\/\/www.rome-roma.net\/it\/la-piazza-barberini\/","name":"Piazza Barberini &ndash; Rome-Roma","isPartOf":{"@id":"https:\/\/www.rome-roma.net\/it\/#website"},"primaryImageOfPage":{"@id":"https:\/\/www.rome-roma.net\/it\/la-piazza-barberini\/#primaryimage"},"datePublished":"2020-02-12T15:51:55+00:00","dateModified":"2025-01-04T10:18:49+00:00","description":"Scoperta della piazza Barberini a Roma, con la fontana del Tritone di Bernini, storia e descrizione. Visita di Roma, quartieri e monumenti.","breadcrumb":{"@id":"https:\/\/www.rome-roma.net\/it\/la-piazza-barberini\/#breadcrumb"},"inLanguage":"it-IT","potentialAction":[{"@type":"ReadAction","target":["https:\/\/www.rome-roma.net\/it\/la-piazza-barberini\/"]}]},{"@type":"BreadcrumbList","@id":"https:\/\/www.rome-roma.net\/it\/la-piazza-barberini\/#breadcrumb","itemListElement":[{"@type":"ListItem","position":1,"name":"Accueil","item":"https:\/\/www.rome-roma.net\/it\/"},{"@type":"ListItem","position":2,"name":"Piazza Barberini"}]}]}},"acf_fields":{"nom_monument":null,"wikidata":"Q947037","sameas":null},"_links":{"self":[{"href":"https:\/\/www.rome-roma.net\/it\/wp-json\/wp\/v2\/site\/5811"}],"collection":[{"href":"https:\/\/www.rome-roma.net\/it\/wp-json\/wp\/v2\/site"}],"about":[{"href":"https:\/\/www.rome-roma.net\/it\/wp-json\/wp\/v2\/types\/site"}],"replies":[{"embeddable":true,"href":"https:\/\/www.rome-roma.net\/it\/wp-json\/wp\/v2\/comments?post=5811"}],"wp:attachment":[{"href":"https:\/\/www.rome-roma.net\/it\/wp-json\/wp\/v2\/media?parent=5811"}],"wp:term":[{"taxonomy":"genre","embeddable":true,"href":"https:\/\/www.rome-roma.net\/it\/wp-json\/wp\/v2\/genre?post=5811"},{"taxonomy":"interet","embeddable":true,"href":"https:\/\/www.rome-roma.net\/it\/wp-json\/wp\/v2\/interet?post=5811"},{"taxonomy":"quartier","embeddable":true,"href":"https:\/\/www.rome-roma.net\/it\/wp-json\/wp\/v2\/quartier?post=5811"},{"taxonomy":"categorie_site","embeddable":true,"href":"https:\/\/www.rome-roma.net\/it\/wp-json\/wp\/v2\/categorie_site?post=5811"},{"taxonomy":"quartier_historique","embeddable":true,"href":"https:\/\/www.rome-roma.net\/it\/wp-json\/wp\/v2\/quartier_historique?post=5811"},{"taxonomy":"etiquettes_site","embeddable":true,"href":"https:\/\/www.rome-roma.net\/it\/wp-json\/wp\/v2\/etiquettes_site?post=5811"}],"curies":[{"name":"wp","href":"https:\/\/api.w.org\/{rel}","templated":true}]}}