


{"id":5814,"date":"2020-02-01T17:50:00","date_gmt":"2020-02-01T16:50:00","guid":{"rendered":"https:\/\/www.rome-roma.net\/site\/place-du-quirinal\/"},"modified":"2025-01-04T14:15:31","modified_gmt":"2025-01-04T13:15:31","slug":"piazza-del-quirinale","status":"publish","type":"site","link":"https:\/\/www.rome-roma.net\/it\/piazza-del-quirinale\/","title":{"rendered":"Piazza del Quirinale"},"content":{"rendered":"<div id=\"attachment_24638\" style=\"width: 310px\" class=\"wp-caption alignright\"><a href=\"https:\/\/www.rome-roma.net\/wp-content\/uploads\/2020\/02\/piazza-del-quirinale-roma-9211.jpg\"><img aria-describedby=\"caption-attachment-24638\" loading=\"lazy\" class=\"wp-image-24638\" src=\"https:\/\/www.rome-roma.net\/wp-content\/uploads\/2020\/02\/piazza-del-quirinale-roma-9211-1024x683.jpg\" alt=\"piazza-del-quirinale-roma_9211\" width=\"300\" height=\"200\" srcset=\"https:\/\/www.rome-roma.net\/wp-content\/uploads\/2020\/02\/piazza-del-quirinale-roma-9211-1024x683.jpg 1024w, https:\/\/www.rome-roma.net\/wp-content\/uploads\/2020\/02\/piazza-del-quirinale-roma-9211-300x200.jpg 300w, https:\/\/www.rome-roma.net\/wp-content\/uploads\/2020\/02\/piazza-del-quirinale-roma-9211-768x512.jpg 768w, https:\/\/www.rome-roma.net\/wp-content\/uploads\/2020\/02\/piazza-del-quirinale-roma-9211.jpg 1200w\" sizes=\"(max-width: 300px) 100vw, 300px\" \/><\/a><p id=\"caption-attachment-24638\" class=\"wp-caption-text\">Piazza del Quirinale, palazzo, fontana e obelisco<\/p><\/div>\n<p>La <strong>Piazza del Quirinale<\/strong> si estende sul <a href=\"https:\/\/www.rome-roma.net\/it\/colle-del-quirinale\/\"><strong>colle del Quirinale<\/strong><\/a>, la pi\u00f9 alta delle sette colline primigenie dell&#8217;antica Roma. \u00c8 dominata dall&#8217;imponente <a href=\"https:\/\/www.rome-roma.net\/it\/palazzo-del-quirinale\/\"><strong>Palazzo del Quirinale<\/strong><\/a>, sede della Presidenza della Repubblica Italiana. Nella parte sud-est si erge la <strong>Fontana dei Dioscuri<\/strong>.<\/p>\n<h2>Dall&#8217;antichit\u00e0 ai giorni nostri<\/h2>\n<p>In antichit\u00e0, la collina del Quirinale ospitava templi dedicati a varie divinit\u00e0 romane, tra cui il Tempio di Quirino (del III secolo a.C.), da cui prende il nome la collina; il Tempio di Serapide del III secolo d.C. (nei giardini del <a href=\"https:\/\/www.rome-roma.net\/it\/palazzo-e-galleria-colonna\/\">Palazzo Colonna<\/a>); le Terme di Costantino (del IV secolo, probabilmente nelle vicinanze).<\/p>\n<p>La piazza fu riorganizzata sotto il papa Urbano VIII Barberini nel XVII secolo. Fu in particolare costruito il gigantesco <a href=\"https:\/\/www.rome-roma.net\/it\/palazzo-del-quirinale\/\"><strong>Palazzo del Quirinale<\/strong><\/a>, che ospita anche giardini lussureggianti. <br \/>La storia di questo palazzo risale al XVI secolo, quando il cardinale Ippolito d&#8217;Este fece costruire una villa in mezzo a un vigneto. Successivamente, papa Gregorio XIII ordin\u00f2 la costruzione della sua villa di campagna nelle vicinanze, che venne poi ampliata e collegata alla Villa d&#8217;Este. Questo palazzo \u00e8 stato la residenza dei papi per secoli, prima di diventare il palazzo reale nel 1870, e infine la residenza del Presidente della Repubblica Italiana nel 1948.<\/p>\n<p>Nel XVIII secolo furono apportate modifiche, sotto il papa Clemente XI, alla piazza e al palazzo, come la costruzione della scalinata.<br \/>Dalla fine del XIX secolo, essa ha assunto un ruolo nelle cerimonie militari, nei cortei e nelle rappresentazioni simboliche dello Stato.<\/p>\n<h2>Descrizione della piazza<\/h2>\n<p>L&#8217;edificio principale \u00e8 il <a href=\"https:\/\/www.rome-roma.net\/it\/palazzo-del-quirinale\/\"><strong>Palazzo del Quirinale<\/strong><\/a>, oggi sede della Presidenza della Repubblica Italiana, un tempo residenza estiva dei Papi.<\/p>\n<p>La piazza \u00e8 aperta a ovest, offrendo una terrazza da cui si pu\u00f2 ammirare un bellissimo panorama sulla citt\u00e0 e sulla cupola di San Pietro. Tra questa e il palazzo, si trova la elegante scalinata del XVIII secolo che collega la <strong>Salita di Montecavallo<\/strong> alla piazza e al palazzo.<\/p>\n<div id=\"attachment_24553\" style=\"width: 210px\" class=\"wp-caption alignright\"><a href=\"https:\/\/www.rome-roma.net\/wp-content\/uploads\/2020\/02\/fontaine-des-dioscures-place-du-quirinal_3715.jpg\"><img aria-describedby=\"caption-attachment-24553\" loading=\"lazy\" class=\"wp-image-24553 size-medium\" src=\"https:\/\/www.rome-roma.net\/wp-content\/uploads\/2020\/02\/fontaine-des-dioscures-place-du-quirinal_3715-200x300.jpg\" alt=\"fontaine-des-dioscures-place-du-quirinal_3715\" width=\"200\" height=\"300\" srcset=\"https:\/\/www.rome-roma.net\/wp-content\/uploads\/2020\/02\/fontaine-des-dioscures-place-du-quirinal_3715-200x300.jpg 200w, https:\/\/www.rome-roma.net\/wp-content\/uploads\/2020\/02\/fontaine-des-dioscures-place-du-quirinal_3715-683x1024.jpg 683w, https:\/\/www.rome-roma.net\/wp-content\/uploads\/2020\/02\/fontaine-des-dioscures-place-du-quirinal_3715-768x1152.jpg 768w, https:\/\/www.rome-roma.net\/wp-content\/uploads\/2020\/02\/fontaine-des-dioscures-place-du-quirinal_3715.jpg 800w\" sizes=\"(max-width: 200px) 100vw, 200px\" \/><\/a><p id=\"caption-attachment-24553\" class=\"wp-caption-text\">Fontana dei Dioscuri<\/p><\/div>\n<p>Al centro della piazza si trova la <a href=\"https:\/\/www.rome-roma.net\/it\/fontana-di-monte-cavallo\/\"><strong>Fontana dei Dioscuri<\/strong><\/a> con il suo Obelisco del Quirinale al centro, posto qui nel I secolo d.C. Le statue di Castore e Polluce, alte pi\u00f9 di 5 metri e provenienti dalle Terme di Costantino, sono repliche romane di originali greci risalenti al V secolo a.C.<\/p>\n<p>Dall&#8217;altra parte di Via del Quirinale sorge il <a href=\"https:\/\/www.rome-roma.net\/it\/palazzo-della-consulta\/\"><strong>Palazzo della Consulta<\/strong><\/a>, costruito sull&#8217;area delle antiche Terme di Costantino. Un tempo sede della Sacra Consulta, un importante organo giudiziario della Chiesa, fu ricostruito nel XVII secolo. Oggi ospita la Corte Costituzionale Italiana.<\/p>\n<p>Sul lato sud della piazza, le <strong>Scuderie Papali del Quirinale<\/strong> furono costruite all&#8217;inizio del XVIII secolo da Alessandro Specchi e Ferdinando Fuga. Oggi ospitano importanti mostre temporanee.<\/p>\n\n\n<h2>Sulla Piazza del Quirinale<\/h2>\n\n\n\n<ul class=\"lcp_catlist\" id=\"lcp_instance_0\"><li class=\"current\"><a href=\"https:\/\/www.rome-roma.net\/it\/piazza-del-quirinale\/\">Piazza del Quirinale<\/a><a href=\"https:\/\/www.rome-roma.net\/it\/piazza-del-quirinale\/\" title=\"Piazza del Quirinale\"><img src=\"https:\/\/www.rome-roma.net\/wp-content\/uploads\/2020\/02\/piazza-del-quirinale-roma-9211-1024x683.jpg\" class=\"classthumblist\"  alt=\"Piazza del Quirinale\" \/><\/a><div class=\"lcp_excerpt\">La Piazza del Quirinale si estende sul colle del Quirinale, la pi\u00f9 alta delle sette colline primigenie dell&#8217;antica Roma. \u00c8 dominata dall&#8217;imponente Palazzo del Quirinale, ...<\/div><\/li><li><a href=\"https:\/\/www.rome-roma.net\/it\/palazzo-del-quirinale\/\">Palazzo del Quirinale<\/a><a href=\"https:\/\/www.rome-roma.net\/it\/palazzo-del-quirinale\/\" title=\"Palazzo del Quirinale\"><img src=\"https:\/\/www.rome-roma.net\/photos\/quirinale-palazzo\/images\/interno_palazzodelquirinale_6325.jpg\" class=\"classthumblist\"  alt=\"Palazzo del Quirinale\" \/><\/a><div class=\"lcp_excerpt\">\nSituato in cima alla collina, nell&#8217;omonima piazza, il Palazzo del Quirinale \u00e8 la residenza ufficiale del Presidente della Repubblica Italiana e uno dei simboli dello ...<\/div><\/li><li><a href=\"https:\/\/www.rome-roma.net\/it\/fontana-di-monte-cavallo\/\">Fontana di Monte Cavallo sul Quirinale<\/a><a href=\"https:\/\/www.rome-roma.net\/it\/fontana-di-monte-cavallo\/\" title=\"Fontana di Monte Cavallo sul Quirinale\"><img src=\"https:\/\/www.rome-roma.net\/wp-content\/uploads\/2020\/02\/fontaine-des-dioscures-place-du-quirinal-4745-683x1024.jpg\" class=\"classthumblist\"  alt=\"Fontana di Monte Cavallo sul Quirinale\" \/><\/a><div class=\"lcp_excerpt\">\nAl centro della Piazza del Quirinale, di fronte al Palazzo presidenziale, si erge la Fontana di Monte Cavallo, detta anche Fontana dei Dioscuri, con le ...<\/div><\/li><li><a href=\"https:\/\/www.rome-roma.net\/it\/palazzo-della-consulta\/\">Palazzo della Consulta, sede della Corte Costituzionale<\/a><a href=\"https:\/\/www.rome-roma.net\/it\/palazzo-della-consulta\/\" title=\"Palazzo della Consulta, sede della Corte Costituzionale\"><img src=\"https:\/\/www.rome-roma.net\/wp-content\/uploads\/2020\/02\/palazzo-della-consulta-piazza-del-quirinale-4742-300x200.jpg\" class=\"classthumblist\"  alt=\"Palazzo della Consulta, sede della Corte Costituzionale\" \/><\/a><div class=\"lcp_excerpt\">Il Palazzo della Consulta, situato lungo la Via del Quirinale e affacciato su Piazza del Quirinale, fu edificato su una parte dell\u2019antico sito delle Terme ...<\/div><\/li><li><a href=\"https:\/\/www.rome-roma.net\/it\/scuderie-del-quirinale\/\">Scuderie del Quirinale<\/a><a href=\"https:\/\/www.rome-roma.net\/it\/scuderie-del-quirinale\/\" title=\"Scuderie del Quirinale\"><img src=\"https:\/\/www.rome-roma.net\/wp-content\/uploads\/2020\/02\/scuderie-e-piazza-del-quirinale-2834-1024x683.jpg\" class=\"classthumblist\"  alt=\"Scuderie del Quirinale\" \/><\/a><div class=\"lcp_excerpt\">Visita delle scuderie del Quirinale a Roma, che oggi ospitano mostre, nella piazza omonima e che erano scuderie nel XVIII secolo.\n<\/div><\/li><\/ul>\n\n\n\n<h3>Colle del Quirinale<\/h3>\n\n\n\n<ul class=\"lcp_catlist\" id=\"lcp_instance_0\"><li class=\"current\"><a href=\"https:\/\/www.rome-roma.net\/it\/piazza-del-quirinale\/\">Piazza del Quirinale<\/a><a href=\"https:\/\/www.rome-roma.net\/it\/piazza-del-quirinale\/\" title=\"Piazza del Quirinale\"><img src=\"https:\/\/www.rome-roma.net\/wp-content\/uploads\/2020\/02\/piazza-del-quirinale-roma-9211-1024x683.jpg\" class=\"classthumblist\"  alt=\"Piazza del Quirinale\" \/><\/a><div class=\"lcp_excerpt\">La Piazza del Quirinale si estende sul colle del Quirinale, la pi\u00f9 alta delle sette colline primigenie dell&#8217;antica Roma. \u00c8 dominata dall&#8217;imponente Palazzo del Quirinale, ...<\/div><\/li><li><a href=\"https:\/\/www.rome-roma.net\/it\/colle-del-quirinale\/\">Colle del Quirinale<\/a><a href=\"https:\/\/www.rome-roma.net\/it\/colle-del-quirinale\/\" title=\"Colle del Quirinale\"><img src=\"https:\/\/www.rome-roma.net\/wp-content\/uploads\/2020\/02\/collines-de-rome-271x300.jpg\" class=\"classthumblist\"  alt=\"Colle del Quirinale\" \/><\/a><div class=\"lcp_excerpt\">Il Colle Quirinale a Roma \u00e8 uno dei sette colli storici, il pi\u00f9 settentrionale della citt\u00e0. Descrizione e storia.\n<\/div><\/li><\/ul>\n\n\n\n<h2>Cartina ed indirizzo<\/h2>\r\n\t\t<b>Indirizzo : <\/b> Piazza del Quirinale, Roma RM <div id=\"travelersmap-container-69f0eeb58953b\" class=\"travelersmap-container\" style=\"z-index: 1; min-height: 10px; min-width:10px; height:400px;width:100%; max-width:; max-height:; position:relative;\"><div style=\"position:absolute; z-index:-1;top: 50%;text-align: center;display: block;left: 50%;transform: translate(-50%,-50%);\">Travelers' Map is loading... <br> If you see this after your page is loaded completely, leafletJS files are missing.<\/div><\/div><i>Clicca sulla freccia per localizzarti sulla mappa<\/i><br><br>\n\n\n<h2>Informazioni<\/h2>\n<table style=\"border-collapse: collapse; width: 100%;\">\n<tbody>\n<tr style=\"background-color: #fae8c3;\">\n<td style=\"width: 100%;\"><span style=\"font-size: 10pt;\"><strong><em>Piazza del Quirinale<\/em><\/strong><\/span><\/td>\n<\/tr>\n<tr style=\"background-color: #f7ece1;\">\n<td style=\"width: 100%;\">\n<p><span style=\"font-size: 10pt;\"><b>Fonti e collegamenti<br \/><\/b><\/span><\/p>\n<ul>\n<li><span style=\"font-size: 10pt;\">Siti della citt\u00e0 di Roma : <a href=\"https:\/\/www.turismoroma.it\/fr\/places\/place-et-palais-du-quirinal\" target=\"_blank\" rel=\"noopener\">Piazza e palazzo del Quirinale su turismoroma.it<\/a><\/span><\/li>\n<li><span style=\"font-size: 10pt;\">Pagina su Roma Segreta : <a href=\"https:\/\/www.romasegreta.it\/trevi\/piazza-del-quirinale.html\" target=\"_blank\" rel=\"noopener noreferrer\">www.romasegreta.it\/trevi\/piazza-del-quirinale.html<\/a><\/span><\/li>\n<li><span style=\"font-size: 10pt;\"><a href=\"https:\/\/it.wikipedia.org\/wiki\/Piazza_del_Quirinale\" target=\"_blank\" rel=\"noopener noreferrer\">Pagina Wikipedia<\/a><\/span><\/li>\n<\/ul>\n<\/td>\n<\/tr>\n<\/tbody>\n<\/table>\n<p><!--EndFragment--><\/p>\n<p><!--EndFragment--><\/p>\n<p><!--EndFragment--><\/p>\n<h2>Galleria<\/h2>\n\n\t\t<style type=\"text\/css\">\n\t\t\t#gallery-1 {\n\t\t\t\tmargin: auto;\n\t\t\t}\n\t\t\t#gallery-1 .gallery-item {\n\t\t\t\tfloat: left;\n\t\t\t\tmargin-top: 10px;\n\t\t\t\ttext-align: center;\n\t\t\t\twidth: 20%;\n\t\t\t}\n\t\t\t#gallery-1 img {\n\t\t\t\tborder: 2px solid #cfcfcf;\n\t\t\t}\n\t\t\t#gallery-1 .gallery-caption {\n\t\t\t\tmargin-left: 0;\n\t\t\t}\n\t\t\t\/* see gallery_shortcode() in wp-includes\/media.php *\/\n\t\t<\/style>\n\t\t<div id='gallery-1' class='gallery galleryid-5814 gallery-columns-5 gallery-size-thumbnail'><dl class='gallery-item'>\n\t\t\t<dt class='gallery-icon landscape'>\n\t\t\t\t<a href='https:\/\/www.rome-roma.net\/wp-content\/uploads\/2020\/02\/piazza-del-quirinale-2836.jpg'><img width=\"150\" height=\"150\" src=\"https:\/\/www.rome-roma.net\/wp-content\/uploads\/2020\/02\/piazza-del-quirinale-2836-150x150.jpg\" class=\"attachment-thumbnail size-thumbnail\" alt=\"piazza-del-quirinale_2836\" loading=\"lazy\" aria-describedby=\"gallery-1-24621\" srcset=\"https:\/\/www.rome-roma.net\/wp-content\/uploads\/2020\/02\/piazza-del-quirinale-2836-150x150.jpg 150w, https:\/\/www.rome-roma.net\/wp-content\/uploads\/2020\/02\/piazza-del-quirinale-2836-50x50.jpg 50w, https:\/\/www.rome-roma.net\/wp-content\/uploads\/2020\/02\/piazza-del-quirinale-2836-80x80.jpg 80w, https:\/\/www.rome-roma.net\/wp-content\/uploads\/2020\/02\/piazza-del-quirinale-2836-75x75.jpg 75w\" sizes=\"(max-width: 150px) 100vw, 150px\" \/><\/a>\n\t\t\t<\/dt>\n\t\t\t\t<dd class='wp-caption-text gallery-caption' id='gallery-1-24621'>\n\t\t\t\tPlace du Quirinal\n\t\t\t\t<\/dd><\/dl><dl class='gallery-item'>\n\t\t\t<dt class='gallery-icon landscape'>\n\t\t\t\t<a href='https:\/\/www.rome-roma.net\/wp-content\/uploads\/2020\/02\/piazza-del-quirinale-roma-9211.jpg'><img width=\"150\" height=\"150\" src=\"https:\/\/www.rome-roma.net\/wp-content\/uploads\/2020\/02\/piazza-del-quirinale-roma-9211-150x150.jpg\" class=\"attachment-thumbnail size-thumbnail\" alt=\"piazza-del-quirinale-roma_9211\" loading=\"lazy\" aria-describedby=\"gallery-1-24641\" srcset=\"https:\/\/www.rome-roma.net\/wp-content\/uploads\/2020\/02\/piazza-del-quirinale-roma-9211-150x150.jpg 150w, https:\/\/www.rome-roma.net\/wp-content\/uploads\/2020\/02\/piazza-del-quirinale-roma-9211-50x50.jpg 50w, https:\/\/www.rome-roma.net\/wp-content\/uploads\/2020\/02\/piazza-del-quirinale-roma-9211-80x80.jpg 80w, https:\/\/www.rome-roma.net\/wp-content\/uploads\/2020\/02\/piazza-del-quirinale-roma-9211-75x75.jpg 75w\" sizes=\"(max-width: 150px) 100vw, 150px\" \/><\/a>\n\t\t\t<\/dt>\n\t\t\t\t<dd class='wp-caption-text gallery-caption' id='gallery-1-24641'>\n\t\t\t\tFontaine des Dioscures devant le palais\n\t\t\t\t<\/dd><\/dl><dl class='gallery-item'>\n\t\t\t<dt class='gallery-icon landscape'>\n\t\t\t\t<a href='https:\/\/www.rome-roma.net\/wp-content\/uploads\/2020\/02\/piazza-del-quirinale-2835.jpg'><img width=\"150\" height=\"150\" src=\"https:\/\/www.rome-roma.net\/wp-content\/uploads\/2020\/02\/piazza-del-quirinale-2835-150x150.jpg\" class=\"attachment-thumbnail size-thumbnail\" alt=\"piazza-del-quirinale_2835\" loading=\"lazy\" aria-describedby=\"gallery-1-24616\" srcset=\"https:\/\/www.rome-roma.net\/wp-content\/uploads\/2020\/02\/piazza-del-quirinale-2835-150x150.jpg 150w, https:\/\/www.rome-roma.net\/wp-content\/uploads\/2020\/02\/piazza-del-quirinale-2835-50x50.jpg 50w, https:\/\/www.rome-roma.net\/wp-content\/uploads\/2020\/02\/piazza-del-quirinale-2835-80x80.jpg 80w, https:\/\/www.rome-roma.net\/wp-content\/uploads\/2020\/02\/piazza-del-quirinale-2835-75x75.jpg 75w\" sizes=\"(max-width: 150px) 100vw, 150px\" \/><\/a>\n\t\t\t<\/dt>\n\t\t\t\t<dd class='wp-caption-text gallery-caption' id='gallery-1-24616'>\n\t\t\t\tPalazzo della Consulta\n\t\t\t\t<\/dd><\/dl><dl class='gallery-item'>\n\t\t\t<dt class='gallery-icon landscape'>\n\t\t\t\t<a href='https:\/\/www.rome-roma.net\/wp-content\/uploads\/2020\/02\/palazzo-della-consulta-piazza-del-quirinale-4742.jpg'><img width=\"150\" height=\"150\" src=\"https:\/\/www.rome-roma.net\/wp-content\/uploads\/2020\/02\/palazzo-della-consulta-piazza-del-quirinale_4742-150x150.jpg\" class=\"attachment-thumbnail size-thumbnail\" alt=\"palazzo-della-consulta-piazza-del-quirinale_4742\" loading=\"lazy\" aria-describedby=\"gallery-1-24721\" srcset=\"https:\/\/www.rome-roma.net\/wp-content\/uploads\/2020\/02\/palazzo-della-consulta-piazza-del-quirinale_4742-150x150.jpg 150w, https:\/\/www.rome-roma.net\/wp-content\/uploads\/2020\/02\/palazzo-della-consulta-piazza-del-quirinale_4742-50x50.jpg 50w, https:\/\/www.rome-roma.net\/wp-content\/uploads\/2020\/02\/palazzo-della-consulta-piazza-del-quirinale_4742-80x80.jpg 80w, https:\/\/www.rome-roma.net\/wp-content\/uploads\/2020\/02\/palazzo-della-consulta-piazza-del-quirinale_4742-75x75.jpg 75w\" sizes=\"(max-width: 150px) 100vw, 150px\" \/><\/a>\n\t\t\t<\/dt>\n\t\t\t\t<dd class='wp-caption-text gallery-caption' id='gallery-1-24721'>\n\t\t\t\tPalazzo della Consulta\n\t\t\t\t<\/dd><\/dl><dl class='gallery-item'>\n\t\t\t<dt class='gallery-icon landscape'>\n\t\t\t\t<a href='https:\/\/www.rome-roma.net\/wp-content\/uploads\/2020\/02\/place-du-quirinal-rome-4752.jpg'><img width=\"150\" height=\"150\" src=\"https:\/\/www.rome-roma.net\/wp-content\/uploads\/2020\/02\/place-du-quirinal-rome-4752-150x150.jpg\" class=\"attachment-thumbnail size-thumbnail\" alt=\"place-du-quirinal-rome_4752\" loading=\"lazy\" aria-describedby=\"gallery-1-24741\" srcset=\"https:\/\/www.rome-roma.net\/wp-content\/uploads\/2020\/02\/place-du-quirinal-rome-4752-150x150.jpg 150w, https:\/\/www.rome-roma.net\/wp-content\/uploads\/2020\/02\/place-du-quirinal-rome-4752-50x50.jpg 50w, https:\/\/www.rome-roma.net\/wp-content\/uploads\/2020\/02\/place-du-quirinal-rome-4752-80x80.jpg 80w, https:\/\/www.rome-roma.net\/wp-content\/uploads\/2020\/02\/place-du-quirinal-rome-4752-75x75.jpg 75w\" sizes=\"(max-width: 150px) 100vw, 150px\" \/><\/a>\n\t\t\t<\/dt>\n\t\t\t\t<dd class='wp-caption-text gallery-caption' id='gallery-1-24741'>\n\t\t\t\tPalais du Quirinal\n\t\t\t\t<\/dd><\/dl><br style=\"clear: both\" \/><dl class='gallery-item'>\n\t\t\t<dt class='gallery-icon landscape'>\n\t\t\t\t<a href='https:\/\/www.rome-roma.net\/wp-content\/uploads\/2020\/02\/palazzo-del-quirinale-roma-4748.jpg'><img width=\"150\" height=\"150\" src=\"https:\/\/www.rome-roma.net\/wp-content\/uploads\/2020\/02\/palazzo-del-quirinale-roma_4748-150x150.jpg\" class=\"attachment-thumbnail size-thumbnail\" alt=\"palazzo-del-quirinale-roma_4748\" loading=\"lazy\" aria-describedby=\"gallery-1-24726\" srcset=\"https:\/\/www.rome-roma.net\/wp-content\/uploads\/2020\/02\/palazzo-del-quirinale-roma_4748-150x150.jpg 150w, https:\/\/www.rome-roma.net\/wp-content\/uploads\/2020\/02\/palazzo-del-quirinale-roma_4748-50x50.jpg 50w, https:\/\/www.rome-roma.net\/wp-content\/uploads\/2020\/02\/palazzo-del-quirinale-roma_4748-80x80.jpg 80w, https:\/\/www.rome-roma.net\/wp-content\/uploads\/2020\/02\/palazzo-del-quirinale-roma_4748-75x75.jpg 75w\" sizes=\"(max-width: 150px) 100vw, 150px\" \/><\/a>\n\t\t\t<\/dt>\n\t\t\t\t<dd class='wp-caption-text gallery-caption' id='gallery-1-24726'>\n\t\t\t\tPalais du Quirinal\n\t\t\t\t<\/dd><\/dl><dl class='gallery-item'>\n\t\t\t<dt class='gallery-icon landscape'>\n\t\t\t\t<a href='https:\/\/www.rome-roma.net\/wp-content\/uploads\/2020\/02\/piazza-del-quirinale-roma-9212.jpg'><img width=\"150\" height=\"150\" src=\"https:\/\/www.rome-roma.net\/wp-content\/uploads\/2020\/02\/piazza-del-quirinale-roma-9212-150x150.jpg\" class=\"attachment-thumbnail size-thumbnail\" alt=\"piazza-del-quirinale-roma_9212\" loading=\"lazy\" srcset=\"https:\/\/www.rome-roma.net\/wp-content\/uploads\/2020\/02\/piazza-del-quirinale-roma-9212-150x150.jpg 150w, https:\/\/www.rome-roma.net\/wp-content\/uploads\/2020\/02\/piazza-del-quirinale-roma-9212-50x50.jpg 50w, https:\/\/www.rome-roma.net\/wp-content\/uploads\/2020\/02\/piazza-del-quirinale-roma-9212-80x80.jpg 80w, https:\/\/www.rome-roma.net\/wp-content\/uploads\/2020\/02\/piazza-del-quirinale-roma-9212-75x75.jpg 75w\" sizes=\"(max-width: 150px) 100vw, 150px\" \/><\/a>\n\t\t\t<\/dt><\/dl><dl class='gallery-item'>\n\t\t\t<dt class='gallery-icon landscape'>\n\t\t\t\t<a href='https:\/\/www.rome-roma.net\/wp-content\/uploads\/2020\/02\/fontaine-des-dioscures-place-du-quirinal_2838.jpg'><img width=\"150\" height=\"150\" src=\"https:\/\/www.rome-roma.net\/wp-content\/uploads\/2020\/02\/fontaine-des-dioscures-place-du-quirinal_2838-150x150.jpg\" class=\"attachment-thumbnail size-thumbnail\" alt=\"fontaine-des-dioscures-place-du-quirinal_2838\" loading=\"lazy\" srcset=\"https:\/\/www.rome-roma.net\/wp-content\/uploads\/2020\/02\/fontaine-des-dioscures-place-du-quirinal_2838-150x150.jpg 150w, https:\/\/www.rome-roma.net\/wp-content\/uploads\/2020\/02\/fontaine-des-dioscures-place-du-quirinal_2838-50x50.jpg 50w, https:\/\/www.rome-roma.net\/wp-content\/uploads\/2020\/02\/fontaine-des-dioscures-place-du-quirinal_2838-80x80.jpg 80w, https:\/\/www.rome-roma.net\/wp-content\/uploads\/2020\/02\/fontaine-des-dioscures-place-du-quirinal_2838-75x75.jpg 75w\" sizes=\"(max-width: 150px) 100vw, 150px\" \/><\/a>\n\t\t\t<\/dt><\/dl><dl class='gallery-item'>\n\t\t\t<dt class='gallery-icon landscape'>\n\t\t\t\t<a href='https:\/\/www.rome-roma.net\/wp-content\/uploads\/2020\/02\/piazza-del-quirinale-palazzo-della-consulta-roma-9213.jpg'><img width=\"150\" height=\"150\" src=\"https:\/\/www.rome-roma.net\/wp-content\/uploads\/2020\/02\/piazza-del-quirinale-palazzo-della-consulta-roma-9213-150x150.jpg\" class=\"attachment-thumbnail size-thumbnail\" alt=\"piazza-del-quirinale-palazzo-della-consulta-roma_9213\" loading=\"lazy\" srcset=\"https:\/\/www.rome-roma.net\/wp-content\/uploads\/2020\/02\/piazza-del-quirinale-palazzo-della-consulta-roma-9213-150x150.jpg 150w, https:\/\/www.rome-roma.net\/wp-content\/uploads\/2020\/02\/piazza-del-quirinale-palazzo-della-consulta-roma-9213-50x50.jpg 50w, https:\/\/www.rome-roma.net\/wp-content\/uploads\/2020\/02\/piazza-del-quirinale-palazzo-della-consulta-roma-9213-80x80.jpg 80w, https:\/\/www.rome-roma.net\/wp-content\/uploads\/2020\/02\/piazza-del-quirinale-palazzo-della-consulta-roma-9213-75x75.jpg 75w\" sizes=\"(max-width: 150px) 100vw, 150px\" \/><\/a>\n\t\t\t<\/dt><\/dl><dl class='gallery-item'>\n\t\t\t<dt class='gallery-icon landscape'>\n\t\t\t\t<a href='https:\/\/www.rome-roma.net\/wp-content\/uploads\/2020\/02\/scuderie-e-piazza-del-quirinale-2834.jpg'><img width=\"150\" height=\"150\" src=\"https:\/\/www.rome-roma.net\/wp-content\/uploads\/2020\/02\/scuderie-e-piazza-del-quirinale-2834-150x150.jpg\" class=\"attachment-thumbnail size-thumbnail\" alt=\"scuderie-e-piazza-del-quirinale_2834\" loading=\"lazy\" aria-describedby=\"gallery-1-24676\" srcset=\"https:\/\/www.rome-roma.net\/wp-content\/uploads\/2020\/02\/scuderie-e-piazza-del-quirinale-2834-150x150.jpg 150w, https:\/\/www.rome-roma.net\/wp-content\/uploads\/2020\/02\/scuderie-e-piazza-del-quirinale-2834-50x50.jpg 50w, https:\/\/www.rome-roma.net\/wp-content\/uploads\/2020\/02\/scuderie-e-piazza-del-quirinale-2834-80x80.jpg 80w, https:\/\/www.rome-roma.net\/wp-content\/uploads\/2020\/02\/scuderie-e-piazza-del-quirinale-2834-75x75.jpg 75w\" sizes=\"(max-width: 150px) 100vw, 150px\" \/><\/a>\n\t\t\t<\/dt>\n\t\t\t\t<dd class='wp-caption-text gallery-caption' id='gallery-1-24676'>\n\t\t\t\tEcuries du Quirinal\n\t\t\t\t<\/dd><\/dl><br style=\"clear: both\" \/><dl class='gallery-item'>\n\t\t\t<dt class='gallery-icon landscape'>\n\t\t\t\t<a href='https:\/\/www.rome-roma.net\/wp-content\/uploads\/2020\/02\/panorama-piazza-del-quirinale-2791.jpg'><img width=\"150\" height=\"150\" src=\"https:\/\/www.rome-roma.net\/wp-content\/uploads\/2020\/02\/panorama-piazza-del-quirinale-2791-150x150.jpg\" class=\"attachment-thumbnail size-thumbnail\" alt=\"panorama-piazza-del-quirinale_2791\" loading=\"lazy\" aria-describedby=\"gallery-1-24601\" srcset=\"https:\/\/www.rome-roma.net\/wp-content\/uploads\/2020\/02\/panorama-piazza-del-quirinale-2791-150x150.jpg 150w, https:\/\/www.rome-roma.net\/wp-content\/uploads\/2020\/02\/panorama-piazza-del-quirinale-2791-50x50.jpg 50w, https:\/\/www.rome-roma.net\/wp-content\/uploads\/2020\/02\/panorama-piazza-del-quirinale-2791-80x80.jpg 80w, https:\/\/www.rome-roma.net\/wp-content\/uploads\/2020\/02\/panorama-piazza-del-quirinale-2791-75x75.jpg 75w\" sizes=\"(max-width: 150px) 100vw, 150px\" \/><\/a>\n\t\t\t<\/dt>\n\t\t\t\t<dd class='wp-caption-text gallery-caption' id='gallery-1-24601'>\n\t\t\t\tPanorama vers Saint-Pierre\n\t\t\t\t<\/dd><\/dl><dl class='gallery-item'>\n\t\t\t<dt class='gallery-icon landscape'>\n\t\t\t\t<a href='https:\/\/www.rome-roma.net\/wp-content\/uploads\/2020\/02\/panorama-place-du-quirinal-9217.jpg'><img width=\"150\" height=\"150\" src=\"https:\/\/www.rome-roma.net\/wp-content\/uploads\/2020\/02\/panorama-place-du-quirinal-9217-150x150.jpg\" class=\"attachment-thumbnail size-thumbnail\" alt=\"panorama-place-du-quirinal_9217\" loading=\"lazy\" srcset=\"https:\/\/www.rome-roma.net\/wp-content\/uploads\/2020\/02\/panorama-place-du-quirinal-9217-150x150.jpg 150w, https:\/\/www.rome-roma.net\/wp-content\/uploads\/2020\/02\/panorama-place-du-quirinal-9217-50x50.jpg 50w, https:\/\/www.rome-roma.net\/wp-content\/uploads\/2020\/02\/panorama-place-du-quirinal-9217-80x80.jpg 80w, https:\/\/www.rome-roma.net\/wp-content\/uploads\/2020\/02\/panorama-place-du-quirinal-9217-75x75.jpg 75w\" sizes=\"(max-width: 150px) 100vw, 150px\" \/><\/a>\n\t\t\t<\/dt><\/dl><dl class='gallery-item'>\n\t\t\t<dt class='gallery-icon portrait'>\n\t\t\t\t<a href='https:\/\/www.rome-roma.net\/wp-content\/uploads\/2020\/02\/fontaine-des-dioscures-place-du-quirinal_3715.jpg'><img width=\"150\" height=\"150\" src=\"https:\/\/www.rome-roma.net\/wp-content\/uploads\/2020\/02\/fontaine-des-dioscures-place-du-quirinal_3715-150x150.jpg\" class=\"attachment-thumbnail size-thumbnail\" alt=\"fontaine-des-dioscures-place-du-quirinal_3715\" loading=\"lazy\" srcset=\"https:\/\/www.rome-roma.net\/wp-content\/uploads\/2020\/02\/fontaine-des-dioscures-place-du-quirinal_3715-150x150.jpg 150w, https:\/\/www.rome-roma.net\/wp-content\/uploads\/2020\/02\/fontaine-des-dioscures-place-du-quirinal_3715-50x50.jpg 50w, https:\/\/www.rome-roma.net\/wp-content\/uploads\/2020\/02\/fontaine-des-dioscures-place-du-quirinal_3715-80x80.jpg 80w, https:\/\/www.rome-roma.net\/wp-content\/uploads\/2020\/02\/fontaine-des-dioscures-place-du-quirinal_3715-75x75.jpg 75w\" sizes=\"(max-width: 150px) 100vw, 150px\" \/><\/a>\n\t\t\t<\/dt><\/dl><dl class='gallery-item'>\n\t\t\t<dt class='gallery-icon landscape'>\n\t\t\t\t<a href='https:\/\/www.rome-roma.net\/wp-content\/uploads\/2020\/02\/fontana-piazza-del-quirinale-roma-4757.jpg'><img width=\"150\" height=\"150\" src=\"https:\/\/www.rome-roma.net\/wp-content\/uploads\/2020\/02\/fontana-piazza-del-quirinale-roma_4757-150x150.jpg\" class=\"attachment-thumbnail size-thumbnail\" alt=\"fontana-piazza-del-quirinale-roma_4757\" loading=\"lazy\" aria-describedby=\"gallery-1-24711\" srcset=\"https:\/\/www.rome-roma.net\/wp-content\/uploads\/2020\/02\/fontana-piazza-del-quirinale-roma_4757-150x150.jpg 150w, https:\/\/www.rome-roma.net\/wp-content\/uploads\/2020\/02\/fontana-piazza-del-quirinale-roma_4757-50x50.jpg 50w, https:\/\/www.rome-roma.net\/wp-content\/uploads\/2020\/02\/fontana-piazza-del-quirinale-roma_4757-80x80.jpg 80w, https:\/\/www.rome-roma.net\/wp-content\/uploads\/2020\/02\/fontana-piazza-del-quirinale-roma_4757-75x75.jpg 75w\" sizes=\"(max-width: 150px) 100vw, 150px\" \/><\/a>\n\t\t\t<\/dt>\n\t\t\t\t<dd class='wp-caption-text gallery-caption' id='gallery-1-24711'>\n\t\t\t\tFontaine\n\t\t\t\t<\/dd><\/dl><dl class='gallery-item'>\n\t\t\t<dt class='gallery-icon landscape'>\n\t\t\t\t<a href='https:\/\/www.rome-roma.net\/wp-content\/uploads\/2020\/02\/fontana-piazza-del-quirinale-3737.jpg'><img width=\"150\" height=\"150\" src=\"https:\/\/www.rome-roma.net\/wp-content\/uploads\/2020\/02\/fontana-piazza-del-quirinale-3737-150x150.jpg\" class=\"attachment-thumbnail size-thumbnail\" alt=\"fontana-piazza-del-quirinale_3737\" loading=\"lazy\" aria-describedby=\"gallery-1-24576\" srcset=\"https:\/\/www.rome-roma.net\/wp-content\/uploads\/2020\/02\/fontana-piazza-del-quirinale-3737-150x150.jpg 150w, https:\/\/www.rome-roma.net\/wp-content\/uploads\/2020\/02\/fontana-piazza-del-quirinale-3737-50x50.jpg 50w, https:\/\/www.rome-roma.net\/wp-content\/uploads\/2020\/02\/fontana-piazza-del-quirinale-3737-80x80.jpg 80w, https:\/\/www.rome-roma.net\/wp-content\/uploads\/2020\/02\/fontana-piazza-del-quirinale-3737-75x75.jpg 75w\" sizes=\"(max-width: 150px) 100vw, 150px\" \/><\/a>\n\t\t\t<\/dt>\n\t\t\t\t<dd class='wp-caption-text gallery-caption' id='gallery-1-24576'>\n\t\t\t\tFontaine\n\t\t\t\t<\/dd><\/dl><br style=\"clear: both\" \/><dl class='gallery-item'>\n\t\t\t<dt class='gallery-icon landscape'>\n\t\t\t\t<a href='https:\/\/www.rome-roma.net\/wp-content\/uploads\/2020\/02\/escaliers-place-du-quirinal-4739.jpg'><img width=\"150\" height=\"150\" src=\"https:\/\/www.rome-roma.net\/wp-content\/uploads\/2020\/02\/escaliers-place-du-quirinal-4739-150x150.jpg\" class=\"attachment-thumbnail size-thumbnail\" alt=\"escaliers-place-du-quirinal_4739\" loading=\"lazy\" aria-describedby=\"gallery-1-24681\" srcset=\"https:\/\/www.rome-roma.net\/wp-content\/uploads\/2020\/02\/escaliers-place-du-quirinal-4739-150x150.jpg 150w, https:\/\/www.rome-roma.net\/wp-content\/uploads\/2020\/02\/escaliers-place-du-quirinal-4739-50x50.jpg 50w, https:\/\/www.rome-roma.net\/wp-content\/uploads\/2020\/02\/escaliers-place-du-quirinal-4739-80x80.jpg 80w, https:\/\/www.rome-roma.net\/wp-content\/uploads\/2020\/02\/escaliers-place-du-quirinal-4739-75x75.jpg 75w\" sizes=\"(max-width: 150px) 100vw, 150px\" \/><\/a>\n\t\t\t<\/dt>\n\t\t\t\t<dd class='wp-caption-text gallery-caption' id='gallery-1-24681'>\n\t\t\t\tEscalier menant \u00e0 la place avec les statues\n\t\t\t\t<\/dd><\/dl><dl class='gallery-item'>\n\t\t\t<dt class='gallery-icon landscape'>\n\t\t\t\t<a href='https:\/\/www.rome-roma.net\/wp-content\/uploads\/2020\/02\/scalinata-statue-romane-piazza-del-quirinale-4740.jpg'><img width=\"150\" height=\"150\" src=\"https:\/\/www.rome-roma.net\/wp-content\/uploads\/2020\/02\/scalinata-statue-romane-piazza-del-quirinale-4740-150x150.jpg\" class=\"attachment-thumbnail size-thumbnail\" alt=\"scalinata-statue-romane-piazza-del-quirinale_4740\" loading=\"lazy\" srcset=\"https:\/\/www.rome-roma.net\/wp-content\/uploads\/2020\/02\/scalinata-statue-romane-piazza-del-quirinale-4740-150x150.jpg 150w, https:\/\/www.rome-roma.net\/wp-content\/uploads\/2020\/02\/scalinata-statue-romane-piazza-del-quirinale-4740-50x50.jpg 50w, https:\/\/www.rome-roma.net\/wp-content\/uploads\/2020\/02\/scalinata-statue-romane-piazza-del-quirinale-4740-80x80.jpg 80w, https:\/\/www.rome-roma.net\/wp-content\/uploads\/2020\/02\/scalinata-statue-romane-piazza-del-quirinale-4740-75x75.jpg 75w\" sizes=\"(max-width: 150px) 100vw, 150px\" \/><\/a>\n\t\t\t<\/dt><\/dl><dl class='gallery-item'>\n\t\t\t<dt class='gallery-icon landscape'>\n\t\t\t\t<a href='https:\/\/www.rome-roma.net\/wp-content\/uploads\/2020\/02\/scalinata-piazza-del-quirinale-2832.jpg'><img width=\"150\" height=\"150\" src=\"https:\/\/www.rome-roma.net\/wp-content\/uploads\/2020\/02\/scalinata-piazza-del-quirinale-2832-150x150.jpg\" class=\"attachment-thumbnail size-thumbnail\" alt=\"scalinata-piazza-del-quirinale_2832\" loading=\"lazy\" srcset=\"https:\/\/www.rome-roma.net\/wp-content\/uploads\/2020\/02\/scalinata-piazza-del-quirinale-2832-150x150.jpg 150w, https:\/\/www.rome-roma.net\/wp-content\/uploads\/2020\/02\/scalinata-piazza-del-quirinale-2832-50x50.jpg 50w, https:\/\/www.rome-roma.net\/wp-content\/uploads\/2020\/02\/scalinata-piazza-del-quirinale-2832-80x80.jpg 80w, https:\/\/www.rome-roma.net\/wp-content\/uploads\/2020\/02\/scalinata-piazza-del-quirinale-2832-75x75.jpg 75w\" sizes=\"(max-width: 150px) 100vw, 150px\" \/><\/a>\n\t\t\t<\/dt><\/dl><dl class='gallery-item'>\n\t\t\t<dt class='gallery-icon landscape'>\n\t\t\t\t<a href='https:\/\/www.rome-roma.net\/wp-content\/uploads\/2020\/02\/scalinata-statue-romane-piazza-del-quirinale-4741.jpg'><img width=\"150\" height=\"150\" src=\"https:\/\/www.rome-roma.net\/wp-content\/uploads\/2020\/02\/scalinata-statue-romane-piazza-del-quirinale-4741-150x150.jpg\" class=\"attachment-thumbnail size-thumbnail\" alt=\"scalinata-statue-romane-piazza-del-quirinale_4741\" loading=\"lazy\" srcset=\"https:\/\/www.rome-roma.net\/wp-content\/uploads\/2020\/02\/scalinata-statue-romane-piazza-del-quirinale-4741-150x150.jpg 150w, https:\/\/www.rome-roma.net\/wp-content\/uploads\/2020\/02\/scalinata-statue-romane-piazza-del-quirinale-4741-50x50.jpg 50w, https:\/\/www.rome-roma.net\/wp-content\/uploads\/2020\/02\/scalinata-statue-romane-piazza-del-quirinale-4741-80x80.jpg 80w, https:\/\/www.rome-roma.net\/wp-content\/uploads\/2020\/02\/scalinata-statue-romane-piazza-del-quirinale-4741-75x75.jpg 75w\" sizes=\"(max-width: 150px) 100vw, 150px\" \/><\/a>\n\t\t\t<\/dt><\/dl><dl class='gallery-item'>\n\t\t\t<dt class='gallery-icon landscape'>\n\t\t\t\t<a href='https:\/\/www.rome-roma.net\/wp-content\/uploads\/2020\/02\/piazza-del-quirinale-roma-3706.jpg'><img width=\"150\" height=\"150\" src=\"https:\/\/www.rome-roma.net\/wp-content\/uploads\/2020\/02\/piazza-del-quirinale-roma-3706-150x150.jpg\" class=\"attachment-thumbnail size-thumbnail\" alt=\"piazza-del-quirinale-roma_3706\" loading=\"lazy\" aria-describedby=\"gallery-1-24636\" srcset=\"https:\/\/www.rome-roma.net\/wp-content\/uploads\/2020\/02\/piazza-del-quirinale-roma-3706-150x150.jpg 150w, https:\/\/www.rome-roma.net\/wp-content\/uploads\/2020\/02\/piazza-del-quirinale-roma-3706-50x50.jpg 50w, https:\/\/www.rome-roma.net\/wp-content\/uploads\/2020\/02\/piazza-del-quirinale-roma-3706-80x80.jpg 80w, https:\/\/www.rome-roma.net\/wp-content\/uploads\/2020\/02\/piazza-del-quirinale-roma-3706-75x75.jpg 75w\" sizes=\"(max-width: 150px) 100vw, 150px\" \/><\/a>\n\t\t\t<\/dt>\n\t\t\t\t<dd class='wp-caption-text gallery-caption' id='gallery-1-24636'>\n\t\t\t\tPalais sur la Place du Quirinal\n\t\t\t\t<\/dd><\/dl><br style=\"clear: both\" \/><dl class='gallery-item'>\n\t\t\t<dt class='gallery-icon landscape'>\n\t\t\t\t<a href='https:\/\/www.rome-roma.net\/wp-content\/uploads\/2020\/02\/place-du-quirinal-rome-3717.jpg'><img width=\"150\" height=\"150\" src=\"https:\/\/www.rome-roma.net\/wp-content\/uploads\/2020\/02\/place-du-quirinal-rome-3717-150x150.jpg\" class=\"attachment-thumbnail size-thumbnail\" alt=\"place-du-quirinal-rome_3717\" loading=\"lazy\" srcset=\"https:\/\/www.rome-roma.net\/wp-content\/uploads\/2020\/02\/place-du-quirinal-rome-3717-150x150.jpg 150w, https:\/\/www.rome-roma.net\/wp-content\/uploads\/2020\/02\/place-du-quirinal-rome-3717-50x50.jpg 50w, https:\/\/www.rome-roma.net\/wp-content\/uploads\/2020\/02\/place-du-quirinal-rome-3717-80x80.jpg 80w, https:\/\/www.rome-roma.net\/wp-content\/uploads\/2020\/02\/place-du-quirinal-rome-3717-75x75.jpg 75w\" sizes=\"(max-width: 150px) 100vw, 150px\" \/><\/a>\n\t\t\t<\/dt><\/dl>\n\t\t\t<br style='clear: both' \/>\n\t\t<\/div>\n\n<p><span class=\"Style3\"><em><a href=\"https:\/\/www.rome-roma.net\/photos\/trevi-piazze-appia\/images\/piazza_del_quirinale_2837.jpg\" target=\"_blank\" rel=\"lightbox[a] noopener noreferrer\"><img loading=\"lazy\" src=\"https:\/\/www.rome-roma.net\/photos\/trevi-piazze-appia\/thumbnails\/piazza_del_quirinale_2837.jpg\" alt=\"place du quirinal \u00e0 rome\" width=\"106\" height=\"154\" border=\"0\" hspace=\"3\" vspace=\"3\" \/><\/a><span class=\"desc\"><a href=\"https:\/\/www.rome-roma.net\/photos\/quirinale-palazzo\/images\/cupola_santcarloallequatrofontane_borromini_6302.jpg\" rel=\"lightbox[a]\"><img loading=\"lazy\" src=\"https:\/\/www.rome-roma.net\/photos\/quirinale-palazzo\/thumbnails\/piazzadelquirinale_6328.jpg\" alt=\"place du quirinal - chevaux\" width=\"106\" height=\"154\" border=\"0\" hspace=\"3\" vspace=\"3\" \/><\/a><\/span> Fontana dei Dioscuri<\/em><br \/><\/span><\/p>","protected":false},"excerpt":{"rendered":"<p>La Piazza del Quirinale si estende sul colle del Quirinale, la pi\u00f9 alta delle sette colline primigenie dell&#8217;antica Roma. \u00c8 dominata dall&#8217;imponente Palazzo del Quirinale, sede della Presidenza della Repubblica Italiana. Nella parte sud-est si erge la Fontana dei Dioscuri. Dall&#8217;antichit\u00e0 ai giorni nostri In antichit\u00e0, la collina del Quirinale ospitava templi dedicati a varie [&hellip;]<\/p>\n","protected":false},"featured_media":0,"parent":0,"menu_order":0,"comment_status":"open","ping_status":"open","template":"","format":"standard","meta":{"kt_blocks_editor_width":"","_links_to":"","_links_to_target":""},"genre":[279],"interet":[287],"quartier":[328],"categorie_site":[409,395],"quartier_historique":[462],"etiquettes_site":[478],"acf":[],"yoast_head":"<!-- This site is optimized with the Yoast SEO plugin v17.4 - https:\/\/yoast.com\/wordpress\/plugins\/seo\/ -->\n<title>Piazza del Quirinale &ndash; Rome-Roma<\/title>\n<meta name=\"description\" content=\"Sulla Piazza del Quirinale si affaccia l&#039;omonimo palazzo presidenziale, con la monumentale fontana dei Dioscuri, le sue statue colossali e l&#039;obelisco.\" \/>\n<meta name=\"robots\" content=\"index, follow, max-snippet:-1, max-image-preview:large, max-video-preview:-1\" \/>\n<link rel=\"canonical\" href=\"https:\/\/www.rome-roma.net\/it\/piazza-del-quirinale\/\" \/>\n<meta property=\"og:locale\" content=\"it_IT\" \/>\n<meta property=\"og:type\" content=\"article\" \/>\n<meta property=\"og:title\" content=\"Piazza del Quirinale &ndash; Rome-Roma\" \/>\n<meta property=\"og:description\" content=\"Sulla Piazza del Quirinale si affaccia l&#039;omonimo palazzo presidenziale, con la monumentale fontana dei Dioscuri, le sue statue colossali e l&#039;obelisco.\" \/>\n<meta property=\"og:url\" content=\"https:\/\/www.rome-roma.net\/it\/piazza-del-quirinale\/\" \/>\n<meta property=\"og:site_name\" content=\"Rome-Roma\" \/>\n<meta property=\"article:modified_time\" content=\"2025-01-04T13:15:31+00:00\" \/>\n<meta property=\"og:image\" content=\"https:\/\/www.rome-roma.net\/wp-content\/uploads\/2020\/02\/fontaine-des-dioscures-place-du-quirinal_2838-150x150.jpg\" \/>\n<meta name=\"twitter:card\" content=\"summary_large_image\" \/>\n<meta name=\"twitter:label1\" content=\"Tempo di lettura stimato\" \/>\n\t<meta name=\"twitter:data1\" content=\"3 minuti\" \/>\n<script type=\"application\/ld+json\" class=\"yoast-schema-graph\">{\"@context\":\"https:\/\/schema.org\",\"@graph\":[{\"@type\":\"Organization\",\"@id\":\"https:\/\/www.rome-roma.net\/it\/#organization\",\"name\":\"Rome-Roma\",\"url\":\"https:\/\/www.rome-roma.net\/it\/\",\"sameAs\":[],\"logo\":{\"@type\":\"ImageObject\",\"@id\":\"https:\/\/www.rome-roma.net\/it\/#logo\",\"inLanguage\":\"it-IT\",\"url\":\"https:\/\/www.rome-roma.net\/wp-content\/uploads\/2025\/07\/logo-rome-roma-420.jpg\",\"contentUrl\":\"https:\/\/www.rome-roma.net\/wp-content\/uploads\/2025\/07\/logo-rome-roma-420.jpg\",\"width\":420,\"height\":420,\"caption\":\"Rome-Roma\"},\"image\":{\"@id\":\"https:\/\/www.rome-roma.net\/it\/#logo\"}},{\"@type\":\"WebSite\",\"@id\":\"https:\/\/www.rome-roma.net\/it\/#website\",\"url\":\"https:\/\/www.rome-roma.net\/it\/\",\"name\":\"Rome-Roma\",\"description\":\"Cultura & Viaggio\",\"publisher\":{\"@id\":\"https:\/\/www.rome-roma.net\/it\/#organization\"},\"potentialAction\":[{\"@type\":\"SearchAction\",\"target\":{\"@type\":\"EntryPoint\",\"urlTemplate\":\"https:\/\/www.rome-roma.net\/it\/?s={search_term_string}\"},\"query-input\":\"required name=search_term_string\"}],\"inLanguage\":\"it-IT\"},{\"@type\":\"ImageObject\",\"@id\":\"https:\/\/www.rome-roma.net\/it\/piazza-del-quirinale\/#primaryimage\",\"inLanguage\":\"it-IT\",\"url\":\"https:\/\/www.rome-roma.net\/wp-content\/uploads\/2020\/02\/piazza-del-quirinale-roma-9211.jpg\",\"contentUrl\":\"https:\/\/www.rome-roma.net\/wp-content\/uploads\/2020\/02\/piazza-del-quirinale-roma-9211.jpg\",\"width\":1200,\"height\":800,\"caption\":\"Fontaine des Dioscures devant le palais\"},{\"@type\":\"WebPage\",\"@id\":\"https:\/\/www.rome-roma.net\/it\/piazza-del-quirinale\/#webpage\",\"url\":\"https:\/\/www.rome-roma.net\/it\/piazza-del-quirinale\/\",\"name\":\"Piazza del Quirinale &ndash; Rome-Roma\",\"isPartOf\":{\"@id\":\"https:\/\/www.rome-roma.net\/it\/#website\"},\"primaryImageOfPage\":{\"@id\":\"https:\/\/www.rome-roma.net\/it\/piazza-del-quirinale\/#primaryimage\"},\"datePublished\":\"2020-02-01T16:50:00+00:00\",\"dateModified\":\"2025-01-04T13:15:31+00:00\",\"description\":\"Sulla Piazza del Quirinale si affaccia l'omonimo palazzo presidenziale, con la monumentale fontana dei Dioscuri, le sue statue colossali e l'obelisco.\",\"breadcrumb\":{\"@id\":\"https:\/\/www.rome-roma.net\/it\/piazza-del-quirinale\/#breadcrumb\"},\"inLanguage\":\"it-IT\",\"potentialAction\":[{\"@type\":\"ReadAction\",\"target\":[\"https:\/\/www.rome-roma.net\/it\/piazza-del-quirinale\/\"]}]},{\"@type\":\"BreadcrumbList\",\"@id\":\"https:\/\/www.rome-roma.net\/it\/piazza-del-quirinale\/#breadcrumb\",\"itemListElement\":[{\"@type\":\"ListItem\",\"position\":1,\"name\":\"Accueil\",\"item\":\"https:\/\/www.rome-roma.net\/it\/\"},{\"@type\":\"ListItem\",\"position\":2,\"name\":\"Piazza del Quirinale\"}]}]}<\/script>\n<!-- \/ Yoast SEO plugin. -->","yoast_head_json":{"title":"Piazza del Quirinale &ndash; Rome-Roma","description":"Sulla Piazza del Quirinale si affaccia l'omonimo palazzo presidenziale, con la monumentale fontana dei Dioscuri, le sue statue colossali e l'obelisco.","robots":{"index":"index","follow":"follow","max-snippet":"max-snippet:-1","max-image-preview":"max-image-preview:large","max-video-preview":"max-video-preview:-1"},"canonical":"https:\/\/www.rome-roma.net\/it\/piazza-del-quirinale\/","og_locale":"it_IT","og_type":"article","og_title":"Piazza del Quirinale &ndash; Rome-Roma","og_description":"Sulla Piazza del Quirinale si affaccia l'omonimo palazzo presidenziale, con la monumentale fontana dei Dioscuri, le sue statue colossali e l'obelisco.","og_url":"https:\/\/www.rome-roma.net\/it\/piazza-del-quirinale\/","og_site_name":"Rome-Roma","article_modified_time":"2025-01-04T13:15:31+00:00","og_image":[{"url":"https:\/\/www.rome-roma.net\/wp-content\/uploads\/2020\/02\/fontaine-des-dioscures-place-du-quirinal_2838-150x150.jpg"}],"twitter_card":"summary_large_image","twitter_misc":{"Tempo di lettura stimato":"3 minuti"},"schema":{"@context":"https:\/\/schema.org","@graph":[{"@type":"Organization","@id":"https:\/\/www.rome-roma.net\/it\/#organization","name":"Rome-Roma","url":"https:\/\/www.rome-roma.net\/it\/","sameAs":[],"logo":{"@type":"ImageObject","@id":"https:\/\/www.rome-roma.net\/it\/#logo","inLanguage":"it-IT","url":"https:\/\/www.rome-roma.net\/wp-content\/uploads\/2025\/07\/logo-rome-roma-420.jpg","contentUrl":"https:\/\/www.rome-roma.net\/wp-content\/uploads\/2025\/07\/logo-rome-roma-420.jpg","width":420,"height":420,"caption":"Rome-Roma"},"image":{"@id":"https:\/\/www.rome-roma.net\/it\/#logo"}},{"@type":"WebSite","@id":"https:\/\/www.rome-roma.net\/it\/#website","url":"https:\/\/www.rome-roma.net\/it\/","name":"Rome-Roma","description":"Cultura & Viaggio","publisher":{"@id":"https:\/\/www.rome-roma.net\/it\/#organization"},"potentialAction":[{"@type":"SearchAction","target":{"@type":"EntryPoint","urlTemplate":"https:\/\/www.rome-roma.net\/it\/?s={search_term_string}"},"query-input":"required name=search_term_string"}],"inLanguage":"it-IT"},{"@type":"ImageObject","@id":"https:\/\/www.rome-roma.net\/it\/piazza-del-quirinale\/#primaryimage","inLanguage":"it-IT","url":"https:\/\/www.rome-roma.net\/wp-content\/uploads\/2020\/02\/piazza-del-quirinale-roma-9211.jpg","contentUrl":"https:\/\/www.rome-roma.net\/wp-content\/uploads\/2020\/02\/piazza-del-quirinale-roma-9211.jpg","width":1200,"height":800,"caption":"Fontaine des Dioscures devant le palais"},{"@type":"WebPage","@id":"https:\/\/www.rome-roma.net\/it\/piazza-del-quirinale\/#webpage","url":"https:\/\/www.rome-roma.net\/it\/piazza-del-quirinale\/","name":"Piazza del Quirinale &ndash; Rome-Roma","isPartOf":{"@id":"https:\/\/www.rome-roma.net\/it\/#website"},"primaryImageOfPage":{"@id":"https:\/\/www.rome-roma.net\/it\/piazza-del-quirinale\/#primaryimage"},"datePublished":"2020-02-01T16:50:00+00:00","dateModified":"2025-01-04T13:15:31+00:00","description":"Sulla Piazza del Quirinale si affaccia l'omonimo palazzo presidenziale, con la monumentale fontana dei Dioscuri, le sue statue colossali e l'obelisco.","breadcrumb":{"@id":"https:\/\/www.rome-roma.net\/it\/piazza-del-quirinale\/#breadcrumb"},"inLanguage":"it-IT","potentialAction":[{"@type":"ReadAction","target":["https:\/\/www.rome-roma.net\/it\/piazza-del-quirinale\/"]}]},{"@type":"BreadcrumbList","@id":"https:\/\/www.rome-roma.net\/it\/piazza-del-quirinale\/#breadcrumb","itemListElement":[{"@type":"ListItem","position":1,"name":"Accueil","item":"https:\/\/www.rome-roma.net\/it\/"},{"@type":"ListItem","position":2,"name":"Piazza del Quirinale"}]}]}},"acf_fields":{"nom_monument":null,"wikidata":"Q2091947","sameas":null},"_links":{"self":[{"href":"https:\/\/www.rome-roma.net\/it\/wp-json\/wp\/v2\/site\/5814"}],"collection":[{"href":"https:\/\/www.rome-roma.net\/it\/wp-json\/wp\/v2\/site"}],"about":[{"href":"https:\/\/www.rome-roma.net\/it\/wp-json\/wp\/v2\/types\/site"}],"replies":[{"embeddable":true,"href":"https:\/\/www.rome-roma.net\/it\/wp-json\/wp\/v2\/comments?post=5814"}],"wp:attachment":[{"href":"https:\/\/www.rome-roma.net\/it\/wp-json\/wp\/v2\/media?parent=5814"}],"wp:term":[{"taxonomy":"genre","embeddable":true,"href":"https:\/\/www.rome-roma.net\/it\/wp-json\/wp\/v2\/genre?post=5814"},{"taxonomy":"interet","embeddable":true,"href":"https:\/\/www.rome-roma.net\/it\/wp-json\/wp\/v2\/interet?post=5814"},{"taxonomy":"quartier","embeddable":true,"href":"https:\/\/www.rome-roma.net\/it\/wp-json\/wp\/v2\/quartier?post=5814"},{"taxonomy":"categorie_site","embeddable":true,"href":"https:\/\/www.rome-roma.net\/it\/wp-json\/wp\/v2\/categorie_site?post=5814"},{"taxonomy":"quartier_historique","embeddable":true,"href":"https:\/\/www.rome-roma.net\/it\/wp-json\/wp\/v2\/quartier_historique?post=5814"},{"taxonomy":"etiquettes_site","embeddable":true,"href":"https:\/\/www.rome-roma.net\/it\/wp-json\/wp\/v2\/etiquettes_site?post=5814"}],"curies":[{"name":"wp","href":"https:\/\/api.w.org\/{rel}","templated":true}]}}