


{"id":5821,"date":"2020-01-20T11:58:00","date_gmt":"2020-01-20T10:58:00","guid":{"rendered":"https:\/\/www.rome-roma.net\/site\/ile-tiberine\/"},"modified":"2025-08-27T21:10:38","modified_gmt":"2025-08-27T19:10:38","slug":"isola-tiberina","status":"publish","type":"site","link":"https:\/\/www.rome-roma.net\/it\/isola-tiberina\/","title":{"rendered":"Scoperta dell&#8217;Isola Tiberina sul Tevere"},"content":{"rendered":"<p><a href=\"https:\/\/www.rome-roma.net\/photos\/TrastevereIsolaTiberinaSantaCeciliaSisto\/images\/iletiberine_0370.jpg\" rel=\"lightbox[a]\"><img loading=\"lazy\" src=\"https:\/\/www.rome-roma.net\/photos\/TrastevereIsolaTiberinaSantaCeciliaSisto\/images\/iletiberine_0370.jpg\" alt=\"ile tiberine\" width=\"200\" height=\"300\" align=\"right\" border=\"0\" hspace=\"10\" vspace=\"10\"><\/a>L&#8217;<strong>isola Tiberina<\/strong> \u00e8 l&#8217;unica isola sul Tevere lungo il suo corso attraverso Roma. Misura quasi 300 metri ed \u00e8 collegata alle rive da due ponti di origine antica, tra <a href=\"https:\/\/www.rome-roma.net\/it\/quartiere\/trastevere-e-gianicolo\/\">Trastevere<\/a> e il <a href=\"https:\/\/www.rome-roma.net\/it\/quartiere\/ghetto-ebraico\/\">ghetto<\/a>. <br>\u00c8 un luogo incantevole di Roma, tranquillo e affascinante, tra le acque del fiume, con i suoi antichi edifici, una storia intrecciata con leggende, i suoi ponti, o in estate, i suoi bar e il cinema all&#8217;aperto dell&#8217;Isola del Cinema.<\/p>\n<h2>Da vedere e da fare sull\u2019Isola Tiberina<\/h2>\n<ol>\n<li><a href=\"https:\/\/www.rome-roma.net\/it\/chiesa-san-bartolomeo-all-isola\/\">Basilica di San Bartolomeo all\u2019Isola<\/a><br>Edificata sui resti del Tempio di Esculapio, questa chiesa conserva le reliquie di San Bartolomeo e un chiostro romanico del XII secolo. Di fronte alla chiesa, una edicola ricorda la cosiddetta \u00abcolonna infame\u00bb.<\/li>\n<li><a href=\"https:\/\/www.rome-roma.net\/it\/isola-tiberina\/monumenti-sull-isola-tiberina\/#Tempio-di-Esculapio-e-santuari-antichi\">Resti del Tempio di Esculapio<\/a><br>Costruito nel III secolo a.C. (inaugurato nel 289 a.C.), era dedicato al dio della medicina. L\u2019isola, modellata a forma di nave, simboleggiava il viaggio del serpente sacro portato da Epidauro. Fu organizzata per assomigliare a una trireme, con prua e poppa scolpite nei blocchi di travertino e un obelisco centrale come albero maestro :contentReference[oaicite:0]{index=0}.<\/li>\n<li>I <a href=\"https:\/\/www.rome-roma.net\/it\/ponte-fabricio\/\">Ponte Fabricio<\/a> e <a href=\"https:\/\/www.rome-roma.net\/it\/ponte-cestio\/\">Ponte Cestio<\/a><br>Il primo, costruito nel 62 a.C., \u00e8 il ponte pi\u00f9 antico di Roma ancora in uso e collega l\u2019isola al centro storico. Il secondo, eretto nel 46 a.C., mette in comunicazione l\u2019isola con il Trastevere; \u00e8 stato restaurato nel IV secolo e nel Medioevo :contentReference[oaicite:1]{index=1}.<\/li>\n<li><a href=\"https:\/\/www.rome-roma.net\/it\/isola-tiberina\/monumenti-sull-isola-tiberina\/#Ospedale-Fatebenefratelli\">Ospedale Fatebenefratelli<\/a> e <a href=\"https:\/\/www.rome-roma.net\/it\/isola-tiberina\/monumenti-sull-isola-tiberina\/#San-Giovanni-Calibita\">chiesa di San Giovanni Calibita<\/a><br>Fondato nel Medioevo (1582-84) e tuttora attivo, questo ospedale ha segnato la storia della medicina romana. San Giovanni Calibita \u00e8 una piccola chiesa annessa all\u2019ospedale, edificata sui resti di antichi santuari (come quello dedicato a Giove Giurario) :contentReference[oaicite:2]{index=2}.<\/li>\n<\/ol>\n<p><strong>Da fare<\/strong> :<\/p>\n<ul>\n<li>Passeggiare lungo il Tevere<br>Approfittate dei lungotevere per una tranquilla passeggiata con vista sul fiume.<\/li>\n<li>Partecipare a una proiezione all\u2019aperto<br>In estate l\u2019isola ospita il festival \u00abIsola del Cinema\u00bb, con proiezioni sotto le stelle.<\/li>\n<li>Visite guidate<br>Sono disponibili tour guidati per scoprire in profondit\u00e0 la storia e le leggende dell\u2019isola.<\/li>\n<\/ul>\n<h2>Un&#8217;isola segnata dalla storia dei suoi santuari<\/h2>\n<p>Secondo la leggenda, l&#8217;isola emerse nel 509 a.C. quando Tarquinio il Superbo, l&#8217;ultimo re etrusco di Roma, fu cacciato dal popolo esasperato dalla sua tirannia. Durante questa rivolta, l&#8217;enorme deposito di grano del re sarebbe stato gettato nel Tevere, formando una piccola isola.<br>L&#8217;isola \u00e8 in realt\u00e0 un guado naturale formato da tufo, come la collina vicina del Palatino, su cui si sono accumulati depositi di alluvioni naturali.<\/p>\n<p>Un&#8217;altra leggenda importante riguarda l&#8217;isola. Roma fu colpita da una terribile peste. Nel 293 a.C., dopo aver consultato le sibille, i sacerdoti e i dirigenti inviarono una missione a <strong>Epidauro<\/strong>, dove si trovava il santuario di <strong>Esculapio<\/strong>, il dio guaritore nella mitologia greca, per chiedere la sua intercessione per Roma. Giunto al tempio, un grande serpente, simbolo del dio, usc\u00ec dal santuario e sal\u00ec sulla nave romana. Al ritorno, il rettile salt\u00f2 dalla nave per rifugiarsi sull&#8217;isola. Si decise allora di costruire un tempio dedicato a Esculapio, che fu inaugurato nel 289 a.C. Pi\u00f9 tardi, l&#8217;isola venne modellata a forma di trireme in ricordo della nave di ritorno da Epidauro, con una poppa, una prua e un obelisco al centro come albero, e fu durante il I secolo a.C. che furono costruiti i due ponti in pietra.<\/p>\n<div id=\"attachment_26928\" style=\"width: 310px\" class=\"wp-caption alignright\"><a href=\"https:\/\/www.rome-roma.net\/wp-content\/uploads\/2020\/01\/restes-bateau-ile-tiberine-esculape-rome-6015.jpg\"><img aria-describedby=\"caption-attachment-26928\" loading=\"lazy\" class=\"wp-image-26928 size-medium\" src=\"https:\/\/www.rome-roma.net\/wp-content\/uploads\/2020\/01\/restes-bateau-ile-tiberine-esculape-rome-6015-300x200.jpg\" alt=\"restes-bateau-ile-tiberine-esculape-rome_6015\" width=\"300\" height=\"200\" srcset=\"https:\/\/www.rome-roma.net\/wp-content\/uploads\/2020\/01\/restes-bateau-ile-tiberine-esculape-rome-6015-300x200.jpg 300w, https:\/\/www.rome-roma.net\/wp-content\/uploads\/2020\/01\/restes-bateau-ile-tiberine-esculape-rome-6015-768x512.jpg 768w, https:\/\/www.rome-roma.net\/wp-content\/uploads\/2020\/01\/restes-bateau-ile-tiberine-esculape-rome-6015.jpg 1000w\" sizes=\"(max-width: 300px) 100vw, 300px\" \/><\/a><p id=\"caption-attachment-26928\" class=\"wp-caption-text\">Resti della nave con Esculapio<\/p><\/div>\n<p>Il <strong>tempio di Esculapio<\/strong> fu annesso al primo ospedale di Roma, la cui intensa attivit\u00e0 \u00e8 proseguita nel medioevo e fino ai giorni nostri.<br>Prima della costruzione delle sponde del Tevere nel 1870, sui due lati dell&#8217;isola erano installati per secoli mulini su zattere, che utilizzavano la forza della corrente per macinare la farina.<br>Dal 1995, ogni estate si tiene un cinema all&#8217;aperto con eventi culturali associati, <br>l&#8217;<strong>Isola del Cinema<\/strong>, dove vengono proiettati film cult, recenti e anteprime, del cinema italiano e internazionale.<\/p>\n<h2>Panoramica degli edifici dell&#8217;Isola Tiberina<\/h2>\n<p>\u00c8 sui resti del tempio romano di Esculapio che fu costruita la <a href=\"https:\/\/www.rome-roma.net\/it\/chiesa-san-bartolomeo-all-isola\/\"><strong>chiesa di San Bartolomeo all\u2019Isola<\/strong><\/a>, che conserva un campanile romanico del XII secolo e vicino all&#8217;altare principale l&#8217;antica colonna cava del medioevo che fungeva da pozzo, probabilmente collegata alla sorgente.<br>Il <a href=\"https:\/\/www.rome-roma.net\/it\/ponte-fabricio\/\"><strong>Ponte Fabricio<\/strong><\/a>, costruito nel 62 a.C., \u00e8 stato in gran parte conservato, sebbene le piene del Tevere abbiano richiesto numerosi restauri, con un piccolo arco per facilitare il passaggio della corrente. Nel medioevo era chiamato &#8220;ponte degli ebrei&#8221; a causa della vicinanza al ghetto. <br>Il <a href=\"https:\/\/www.rome-roma.net\/it\/ponte-cestio\/\"><strong>Ponte Cestio<\/strong><\/a>, eretto nel 46 a.C., \u00e8 stato in gran parte ricostruito verso la fine del XIX secolo.<br>Vicino all&#8217;isola, il <a href=\"https:\/\/www.rome-roma.net\/it\/ponte-rotto-emilio\/\"><strong>Ponte Rotto<\/strong><\/a> (originariamente Ponte Emilio), attraversava il Tevere pi\u00f9 a sud fin dal III secolo a.C.<br>La prua della nave che formava l&#8217;isola \u00e8 ancora parzialmente visibile oggi con blocchi di travertino che ricoprono l&#8217;interno in peperino, decorati con una rappresentazione di Esculapio con il suo serpente (vedi foto precedente).<br>L&#8217;obelisco fu sostituito nel 1500 da una colonna scomparsa, e poi lasci\u00f2 il posto a un edicola nel XIX secolo.<br>Sul lato settentrionale dell&#8217;isola si trovavano vari santuari romani, su cui si sviluppa l&#8217;<strong>ospedale Fatebenefratelli<\/strong> con la sua chiesa di <strong>San Giovanni Calibita<\/strong>.<br>Tra la chiesa di San Bartolomeo e il Tevere, si trovava il palazzo medievale dei Pierleoni, di cui rimane la &#8220;Torre della Pucelle&#8221; o Torre dei Caetani a capo del ponte Fabricio.<\/p>\n<p>\u2192 Leggi anche l&#8217;articolo dettagliato sugli <a href=\"https:\/\/www.rome-roma.net\/it\/isola-tiberina\/monumenti-sull-isola-tiberina\/\">edifici dell&#8217;isola Tiberina<\/a><\/p>\n<p align=\"left\"><a href=\"https:\/\/www.rome-roma.net\/rome\/rome-tabeaux\/dipinti\/Ponte-Quattro-Capi-e-Ghetto.jpg\" rel=\"lightbox[a]\"><img loading=\"lazy\" src=\"https:\/\/www.rome-roma.net\/rome\/rome-tabeaux\/dipinti\/Ponte-Quattro-Capi-e-Ghetto.jpg\" alt=\"Ponte e ghetto\" usemap=\"#ie\" width=\"312\" height=\"221\" border=\"0\" hspace=\"5\" vspace=\"5\"><\/a>Ponte e ghetto, vista del passato<\/p>\n\n\n<h2>Sull&#8217;Isola Tiberina<\/h2>\n\n\n\n<ul class=\"lcp_catlist\" id=\"lcp_instance_0\"><li class=\"current\"><a href=\"https:\/\/www.rome-roma.net\/it\/isola-tiberina\/\">Scoperta dell&#8217;Isola Tiberina sul Tevere<\/a><a href=\"https:\/\/www.rome-roma.net\/it\/isola-tiberina\/\" title=\"Scoperta dell&#039;Isola Tiberina sul Tevere\"><img width=\"50\" height=\"50\" src=\"https:\/\/www.rome-roma.net\/wp-content\/uploads\/2020\/01\/ile-tiberine_0341-150x150.jpg\" class=\"classthumblist wp-post-image\" alt=\"Scoperta dell&#039;Isola Tiberina sul Tevere\" loading=\"lazy\" srcset=\"https:\/\/www.rome-roma.net\/wp-content\/uploads\/2020\/01\/ile-tiberine_0341-150x150.jpg 150w, https:\/\/www.rome-roma.net\/wp-content\/uploads\/2020\/01\/ile-tiberine_0341-50x50.jpg 50w, https:\/\/www.rome-roma.net\/wp-content\/uploads\/2020\/01\/ile-tiberine_0341-80x80.jpg 80w, https:\/\/www.rome-roma.net\/wp-content\/uploads\/2020\/01\/ile-tiberine_0341-75x75.jpg 75w\" sizes=\"(max-width: 50px) 100vw, 50px\" \/><\/a><div class=\"lcp_excerpt\">L&#8217;isola Tiberina \u00e8 l&#8217;unica isola sul Tevere lungo il suo corso attraverso Roma. Misura quasi 300 metri ed \u00e8 collegata ...<\/div><\/li><li><a href=\"https:\/\/www.rome-roma.net\/it\/chiesa-san-bartolomeo-all-isola\/\">Chiesa di San Bartolomeo all&#8217; Isola<\/a><a href=\"https:\/\/www.rome-roma.net\/it\/chiesa-san-bartolomeo-all-isola\/\" title=\"Chiesa di San Bartolomeo all&#039; Isola\"><img src=\"https:\/\/www.rome-roma.net\/photos\/campidoglio-tiberina\/images\/sanbartolomeoallisola_0462.jpg\" class=\"classthumblist\"  alt=\"Chiesa di San Bartolomeo all&#039; Isola\" \/><\/a><div class=\"lcp_excerpt\">\nSan Bartolomeo all&#8217;Isola, una basilica minore di Roma, fu costruita intorno all&#8217;anno 1000 sull&#8217;isola Tiberina, sito dell&#8217;antico tempio di Esculapio, ...<\/div><\/li><li><a href=\"https:\/\/www.rome-roma.net\/it\/isola-tiberina\/monumenti-sull-isola-tiberina\/\">Monumenti sull&#8217;isola Tiberina<\/a><a href=\"https:\/\/www.rome-roma.net\/it\/isola-tiberina\/monumenti-sull-isola-tiberina\/\" title=\"Monumenti sull&#039;isola Tiberina\"><img width=\"50\" height=\"50\" src=\"https:\/\/www.rome-roma.net\/wp-content\/uploads\/2020\/01\/vestigi-nave-isola-tiberina-esculapio-roma-6010-150x150.jpg\" class=\"classthumblist wp-post-image\" alt=\"Monumenti sull&#039;isola Tiberina\" loading=\"lazy\" srcset=\"https:\/\/www.rome-roma.net\/wp-content\/uploads\/2020\/01\/vestigi-nave-isola-tiberina-esculapio-roma-6010-150x150.jpg 150w, https:\/\/www.rome-roma.net\/wp-content\/uploads\/2020\/01\/vestigi-nave-isola-tiberina-esculapio-roma-6010-50x50.jpg 50w, https:\/\/www.rome-roma.net\/wp-content\/uploads\/2020\/01\/vestigi-nave-isola-tiberina-esculapio-roma-6010-80x80.jpg 80w, https:\/\/www.rome-roma.net\/wp-content\/uploads\/2020\/01\/vestigi-nave-isola-tiberina-esculapio-roma-6010-75x75.jpg 75w\" sizes=\"(max-width: 50px) 100vw, 50px\" \/><\/a><div class=\"lcp_excerpt\">L&#8217;edificio principale attualmente presente sull&#8217;isola Tiberina, ad eccezione dell&#8217;ospedale Fatebenefratelli che occupa la maggior parte della sua superficie, \u00e8 la ...<\/div><\/li><li><a href=\"https:\/\/www.rome-roma.net\/it\/ponte-cestio\/\">Ponte Cestio<\/a><a href=\"https:\/\/www.rome-roma.net\/it\/ponte-cestio\/\" title=\"Ponte Cestio\"><img src=\"https:\/\/www.rome-roma.net\/photos\/TrastevereIsolaTiberinaSantaCeciliaSisto\/images\/pontcestio_iletiberine_0373.jpg\" class=\"classthumblist\"  alt=\"Ponte Cestio\" \/><\/a><div class=\"lcp_excerpt\">Descrizione e storia\nIl Ponte Cestio collega l&#8217;Isola Tiberina al Trastevere. La sua costruzione risale al 46 a.C., probabilmente da Lucio ...<\/div><\/li><li><a href=\"https:\/\/www.rome-roma.net\/it\/ponte-rotto-emilio\/\">Ponte Rotto, l&#8217;ex Ponte Emilio<\/a><a href=\"https:\/\/www.rome-roma.net\/it\/ponte-rotto-emilio\/\" title=\"Ponte Rotto, l&#039;ex Ponte Emilio\"><img src=\"https:\/\/www.rome-roma.net\/photos\/TrastevereIsolaTiberinaSantaCeciliaSisto\/images\/ponterotto_0338.jpg\" class=\"classthumblist\"  alt=\"Ponte Rotto, l&#039;ex Ponte Emilio\" \/><\/a><div class=\"lcp_excerpt\">Il Ponte Emilio, oggi conosciuto anche come Ponte Rotto, risale probabilmente alla met\u00e0 del III secolo a.C., secondo i testi ...<\/div><\/li><li><a href=\"https:\/\/www.rome-roma.net\/it\/ponte-fabricio\/\">Ponte Fabricio<\/a><a href=\"https:\/\/www.rome-roma.net\/it\/ponte-fabricio\/\" title=\"Ponte Fabricio\"><img src=\"https:\/\/www.rome-roma.net\/wp-content\/uploads\/2020\/02\/franz20-20ponte20fabriccio20-18961-225x300.jpg\" class=\"classthumblist\"  alt=\"Ponte Fabricio\" \/><\/a><div class=\"lcp_excerpt\">Il Ponte Fabricio \u00e8 il ponte romano meglio conservato di Roma, costruito nel 62 a.C. per sostituire un vecchio ponte ...<\/div><\/li><\/ul>\n\n\n<h2>Cartina ed indirizzo<\/h2>\r\n\t\t<b>Indirizzo : <\/b> Isola Tiberina, 00186 Rome <div id=\"travelersmap-container-69f0eefbabc09\" class=\"travelersmap-container\" style=\"z-index: 1; min-height: 10px; min-width:10px; height:400px;width:100%; max-width:; max-height:; position:relative;\"><div style=\"position:absolute; z-index:-1;top: 50%;text-align: center;display: block;left: 50%;transform: translate(-50%,-50%);\">Travelers' Map is loading... <br> If you see this after your page is loaded completely, leafletJS files are missing.<\/div><\/div><i>Clicca sulla freccia per localizzarti sulla mappa<\/i>\n<h2>Vedute antiche nel arte<\/h2><div>14 opere di Scoperta dell&#8217;Isola Tiberina sul Tevere sono state trovate nella database. Per vederle tutte aprire questo <a href=\"https:\/\/www.rome-roma.net\/site-rome-art.php?lieu=ile+tiberine\" target=\"_blank\">collegamento<\/a>.<\/div><div class=\"wp-block-kadence-advancedgallery kb-gallery-wrap-id-_5955fd-3f\">\r\n        <div class=\"kb-gallery-ul kb-gallery-type-fluidcarousel kb-gallery-id-_5955fd-3f kb-gallery-caption-style-below kb-gallery-magnific-init kb-gallery-filter-none\" data-image-filter=\"none\" data-lightbox-caption=\"true\">\r\n            <div class=\"kt-blocks-carousel kt-carousel-container-dotstyle-dark\">\r\n                <div class=\"kt-blocks-carousel-init kb-blocks-fluid-carousel kt-carousel-arrowstyle-whiteondark kt-carousel-dotstyle-dark\" data-slider-anim-speed=\"400\" data-slider-type=\"fluidcarousel\" data-slider-scroll=\"1\" data-slider-arrows=\"true\" data-slider-dots=\"true\" data-slider-hover-pause=\"false\" data-slider-auto=\"false\" data-slider-speed=\"7000\">\r\n        <div class=\"kb-slide-item kb-gallery-carousel-item\"><li class=\"kadence-blocks-gallery-item\"><div class=\"kadence-blocks-gallery-item-inner\">\r\n            <figure class=\"kb-gallery-figure kb-gallery-item-has-link kadence-blocks-gallery-item-has-caption\">\r\n                <a href=\"https:\/\/www.rome-roma.net\/artmodule\/antonio joli\/joli antonio - veduta di roma con l isola tiberina.jpg\" class=\"kb-gallery-item-link\" style=\"color: #FFFFFF;\">\r\n                    <div class=\"kb-gal-image-radius\"><div class=\"kb-gallery-image-contain\">\r\n                        <img src=\"https:\/\/www.rome-roma.net\/artmodule\/antonio joli\/joli antonio - veduta di roma con l isola tiberina.jpg\" width=\"300\" height=\"200\" \r\n                            alt=\"Antonio Joli,L'ile Tib\u00e9rine (?, avant 1777, date ind\u00e9termin\u00e9e)\" \r\n                            data-full-image=\"https:\/\/www.rome-roma.net\/artmodule\/antonio joli\/joli antonio - veduta di roma con l isola tiberina.jpg\" \r\n                            data-light-image=\"https:\/\/www.rome-roma.net\/artmodule\/antonio joli\/joli antonio - veduta di roma con l isola tiberina.jpg\" data-id=\"149\" \r\n                            data-link=\"https:\/\/www.rome-roma.net\/artmodule\/antonio joli\/joli antonio - veduta di roma con l isola tiberina.jpg\" \r\n                            class=\"wp-image-149\" loading=lazy\/>\r\n                    <\/div><\/div>\r\n                    <figcaption class=\"kadence-blocks-gallery-item__caption\">Antonio Joli, L'ile Tib\u00e9rine<\/figcaption>\r\n                <\/a>\r\n            <\/figure><\/div><\/li><\/div>\r\n        <div class=\"kb-slide-item kb-gallery-carousel-item\"><li class=\"kadence-blocks-gallery-item\"><div class=\"kadence-blocks-gallery-item-inner\">\r\n            <figure class=\"kb-gallery-figure kb-gallery-item-has-link kadence-blocks-gallery-item-has-caption\">\r\n                <a href=\"https:\/\/www.rome-roma.net\/artmodule\/ettore roesler franz\/ettore roesler franz - isola tiberina con i ponti cestio e fabricio.jpg\" class=\"kb-gallery-item-link\" style=\"color: #FFFFFF;\">\r\n                    <div class=\"kb-gal-image-radius\"><div class=\"kb-gallery-image-contain\">\r\n                        <img src=\"https:\/\/www.rome-roma.net\/artmodule\/ettore roesler franz\/ettore roesler franz - isola tiberina con i ponti cestio e fabricio.jpg\" width=\"300\" height=\"200\" \r\n                            alt=\"Ettore Roesler Franz,Ile Tib\u00e9rine avec le Pont Cestio et le Pont Fabricio (?, avant 1907, date ind\u00e9termin\u00e9e)\" \r\n                            data-full-image=\"https:\/\/www.rome-roma.net\/artmodule\/ettore roesler franz\/ettore roesler franz - isola tiberina con i ponti cestio e fabricio.jpg\" \r\n                            data-light-image=\"https:\/\/www.rome-roma.net\/artmodule\/ettore roesler franz\/ettore roesler franz - isola tiberina con i ponti cestio e fabricio.jpg\" data-id=\"149\" \r\n                            data-link=\"https:\/\/www.rome-roma.net\/artmodule\/ettore roesler franz\/ettore roesler franz - isola tiberina con i ponti cestio e fabricio.jpg\" \r\n                            class=\"wp-image-149\" loading=lazy\/>\r\n                    <\/div><\/div>\r\n                    <figcaption class=\"kadence-blocks-gallery-item__caption\">Ettore Roesler Franz, Ile Tib\u00e9rine avec le Pont Cestio et le Pont Fabricio<\/figcaption>\r\n                <\/a>\r\n            <\/figure><\/div><\/li><\/div>\r\n        <div class=\"kb-slide-item kb-gallery-carousel-item\"><li class=\"kadence-blocks-gallery-item\"><div class=\"kadence-blocks-gallery-item-inner\">\r\n            <figure class=\"kb-gallery-figure kb-gallery-item-has-link kadence-blocks-gallery-item-has-caption\">\r\n                <a href=\"https:\/\/www.rome-roma.net\/artmodule\/ettore roesler franz\/franz - avanzi medioevali sull isola tiberina.jpg\" class=\"kb-gallery-item-link\" style=\"color: #FFFFFF;\">\r\n                    <div class=\"kb-gal-image-radius\"><div class=\"kb-gallery-image-contain\">\r\n                        <img src=\"https:\/\/www.rome-roma.net\/artmodule\/ettore roesler franz\/franz - avanzi medioevali sull isola tiberina.jpg\" width=\"300\" height=\"200\" \r\n                            alt=\"Ettore Roesler Franz,Avanc\u00e9e m\u00e9di\u00e9vale sur l'Ile Tib\u00e9rine (?, avant 1907, date ind\u00e9termin\u00e9e)\" \r\n                            data-full-image=\"https:\/\/www.rome-roma.net\/artmodule\/ettore roesler franz\/franz - avanzi medioevali sull isola tiberina.jpg\" \r\n                            data-light-image=\"https:\/\/www.rome-roma.net\/artmodule\/ettore roesler franz\/franz - avanzi medioevali sull isola tiberina.jpg\" data-id=\"149\" \r\n                            data-link=\"https:\/\/www.rome-roma.net\/artmodule\/ettore roesler franz\/franz - avanzi medioevali sull isola tiberina.jpg\" \r\n                            class=\"wp-image-149\" loading=lazy\/>\r\n                    <\/div><\/div>\r\n                    <figcaption class=\"kadence-blocks-gallery-item__caption\">Ettore Roesler Franz, Avanc\u00e9e m\u00e9di\u00e9vale sur l'Ile Tib\u00e9rine<\/figcaption>\r\n                <\/a>\r\n            <\/figure><\/div><\/li><\/div>\r\n        <div class=\"kb-slide-item kb-gallery-carousel-item\"><li class=\"kadence-blocks-gallery-item\"><div class=\"kadence-blocks-gallery-item-inner\">\r\n            <figure class=\"kb-gallery-figure kb-gallery-item-has-link kadence-blocks-gallery-item-has-caption\">\r\n                <a href=\"https:\/\/www.rome-roma.net\/artmodule\/ettore roesler franz\/franz - isola tiberina e ponte cestio.jpg\" class=\"kb-gallery-item-link\" style=\"color: #FFFFFF;\">\r\n                    <div class=\"kb-gal-image-radius\"><div class=\"kb-gallery-image-contain\">\r\n                        <img src=\"https:\/\/www.rome-roma.net\/artmodule\/ettore roesler franz\/franz - isola tiberina e ponte cestio.jpg\" width=\"300\" height=\"200\" \r\n                            alt=\"Ettore Roesler Franz,L'Ile Tib\u00e9rine et le Pont Cestio (?, avant 1907, date ind\u00e9termin\u00e9e)\" \r\n                            data-full-image=\"https:\/\/www.rome-roma.net\/artmodule\/ettore roesler franz\/franz - isola tiberina e ponte cestio.jpg\" \r\n                            data-light-image=\"https:\/\/www.rome-roma.net\/artmodule\/ettore roesler franz\/franz - isola tiberina e ponte cestio.jpg\" data-id=\"149\" \r\n                            data-link=\"https:\/\/www.rome-roma.net\/artmodule\/ettore roesler franz\/franz - isola tiberina e ponte cestio.jpg\" \r\n                            class=\"wp-image-149\" loading=lazy\/>\r\n                    <\/div><\/div>\r\n                    <figcaption class=\"kadence-blocks-gallery-item__caption\">Ettore Roesler Franz, L'Ile Tib\u00e9rine et le Pont Cestio<\/figcaption>\r\n                <\/a>\r\n            <\/figure><\/div><\/li><\/div>\r\n        <div class=\"kb-slide-item kb-gallery-carousel-item\"><li class=\"kadence-blocks-gallery-item\"><div class=\"kadence-blocks-gallery-item-inner\">\r\n            <figure class=\"kb-gallery-figure kb-gallery-item-has-link kadence-blocks-gallery-item-has-caption\">\r\n                <a href=\"https:\/\/www.rome-roma.net\/artmodule\/ettore roesler franz\/franz - ponte fabriccio -1896.jpg\" class=\"kb-gallery-item-link\" style=\"color: #FFFFFF;\">\r\n                    <div class=\"kb-gal-image-radius\"><div class=\"kb-gallery-image-contain\">\r\n                        <img src=\"https:\/\/www.rome-roma.net\/artmodule\/ettore roesler franz\/franz - ponte fabriccio -1896.jpg\" width=\"300\" height=\"200\" \r\n                            alt=\"Ettore Roesler Franz,Ponte Fabricio (environ 1896)\" \r\n                            data-full-image=\"https:\/\/www.rome-roma.net\/artmodule\/ettore roesler franz\/franz - ponte fabriccio -1896.jpg\" \r\n                            data-light-image=\"https:\/\/www.rome-roma.net\/artmodule\/ettore roesler franz\/franz - ponte fabriccio -1896.jpg\" data-id=\"149\" \r\n                            data-link=\"https:\/\/www.rome-roma.net\/artmodule\/ettore roesler franz\/franz - ponte fabriccio -1896.jpg\" \r\n                            class=\"wp-image-149\" loading=lazy\/>\r\n                    <\/div><\/div>\r\n                    <figcaption class=\"kadence-blocks-gallery-item__caption\">Ettore Roesler Franz, Ponte Fabricio<\/figcaption>\r\n                <\/a>\r\n            <\/figure><\/div><\/li><\/div>\r\n        <div class=\"kb-slide-item kb-gallery-carousel-item\"><li class=\"kadence-blocks-gallery-item\"><div class=\"kadence-blocks-gallery-item-inner\">\r\n            <figure class=\"kb-gallery-figure kb-gallery-item-has-link kadence-blocks-gallery-item-has-caption\">\r\n                <a href=\"https:\/\/www.rome-roma.net\/artmodule\/ettore roesler franz\/franz-tevere-isola tiberina-1878.jpg\" class=\"kb-gallery-item-link\" style=\"color: #FFFFFF;\">\r\n                    <div class=\"kb-gal-image-radius\"><div class=\"kb-gallery-image-contain\">\r\n                        <img src=\"https:\/\/www.rome-roma.net\/artmodule\/ettore roesler franz\/franz-tevere-isola tiberina-1878.jpg\" width=\"300\" height=\"200\" \r\n                            alt=\"Ettore Roesler Franz,Tibre, \u00eele Tib\u00e9rine (environ 1878)\" \r\n                            data-full-image=\"https:\/\/www.rome-roma.net\/artmodule\/ettore roesler franz\/franz-tevere-isola tiberina-1878.jpg\" \r\n                            data-light-image=\"https:\/\/www.rome-roma.net\/artmodule\/ettore roesler franz\/franz-tevere-isola tiberina-1878.jpg\" data-id=\"149\" \r\n                            data-link=\"https:\/\/www.rome-roma.net\/artmodule\/ettore roesler franz\/franz-tevere-isola tiberina-1878.jpg\" \r\n                            class=\"wp-image-149\" loading=lazy\/>\r\n                    <\/div><\/div>\r\n                    <figcaption class=\"kadence-blocks-gallery-item__caption\">Ettore Roesler Franz, Tibre, \u00eele Tib\u00e9rine<\/figcaption>\r\n                <\/a>\r\n            <\/figure><\/div><\/li><\/div>\r\n        <div class=\"kb-slide-item kb-gallery-carousel-item\"><li class=\"kadence-blocks-gallery-item\"><div class=\"kadence-blocks-gallery-item-inner\">\r\n            <figure class=\"kb-gallery-figure kb-gallery-item-has-link kadence-blocks-gallery-item-has-caption\">\r\n                <a href=\"https:\/\/www.rome-roma.net\/artmodule\/ettore roesler franz\/roesler franz - ponte cestio  e san bartolomeo all isola - 1879.jpg\" class=\"kb-gallery-item-link\" style=\"color: #FFFFFF;\">\r\n                    <div class=\"kb-gal-image-radius\"><div class=\"kb-gallery-image-contain\">\r\n                        <img src=\"https:\/\/www.rome-roma.net\/artmodule\/ettore roesler franz\/roesler franz - ponte cestio  e san bartolomeo all isola - 1879.jpg\" width=\"300\" height=\"200\" \r\n                            alt=\"Ettore Roesler Franz,Ponte Cestio et San Bartolomeo all'Isola (environ 1879)\" \r\n                            data-full-image=\"https:\/\/www.rome-roma.net\/artmodule\/ettore roesler franz\/roesler franz - ponte cestio  e san bartolomeo all isola - 1879.jpg\" \r\n                            data-light-image=\"https:\/\/www.rome-roma.net\/artmodule\/ettore roesler franz\/roesler franz - ponte cestio  e san bartolomeo all isola - 1879.jpg\" data-id=\"149\" \r\n                            data-link=\"https:\/\/www.rome-roma.net\/artmodule\/ettore roesler franz\/roesler franz - ponte cestio  e san bartolomeo all isola - 1879.jpg\" \r\n                            class=\"wp-image-149\" loading=lazy\/>\r\n                    <\/div><\/div>\r\n                    <figcaption class=\"kadence-blocks-gallery-item__caption\">Ettore Roesler Franz, Ponte Cestio et San Bartolomeo all'Isola<\/figcaption>\r\n                <\/a>\r\n            <\/figure><\/div><\/li><\/div>\r\n        <div class=\"kb-slide-item kb-gallery-carousel-item\"><li class=\"kadence-blocks-gallery-item\"><div class=\"kadence-blocks-gallery-item-inner\">\r\n            <figure class=\"kb-gallery-figure kb-gallery-item-has-link kadence-blocks-gallery-item-has-caption\">\r\n                <a href=\"https:\/\/www.rome-roma.net\/artmodule\/gaspar van wittel\/caspar van wittel - isola tiberina - 1685.jpg\" class=\"kb-gallery-item-link\" style=\"color: #FFFFFF;\">\r\n                    <div class=\"kb-gal-image-radius\"><div class=\"kb-gallery-image-contain\">\r\n                        <img src=\"https:\/\/www.rome-roma.net\/artmodule\/gaspar van wittel\/caspar van wittel - isola tiberina - 1685.jpg\" width=\"300\" height=\"200\" \r\n                            alt=\"Gaspar Van Wittel,Ile Tib\u00e9rine (1685)\" \r\n                            data-full-image=\"https:\/\/www.rome-roma.net\/artmodule\/gaspar van wittel\/caspar van wittel - isola tiberina - 1685.jpg\" \r\n                            data-light-image=\"https:\/\/www.rome-roma.net\/artmodule\/gaspar van wittel\/caspar van wittel - isola tiberina - 1685.jpg\" data-id=\"149\" \r\n                            data-link=\"https:\/\/www.rome-roma.net\/artmodule\/gaspar van wittel\/caspar van wittel - isola tiberina - 1685.jpg\" \r\n                            class=\"wp-image-149\" loading=lazy\/>\r\n                    <\/div><\/div>\r\n                    <figcaption class=\"kadence-blocks-gallery-item__caption\">Gaspar Van Wittel, Ile Tib\u00e9rine<\/figcaption>\r\n                <\/a>\r\n            <\/figure><\/div><\/li><\/div>\r\n        <div class=\"kb-slide-item kb-gallery-carousel-item\"><li class=\"kadence-blocks-gallery-item\"><div class=\"kadence-blocks-gallery-item-inner\">\r\n            <figure class=\"kb-gallery-figure kb-gallery-item-has-link kadence-blocks-gallery-item-has-caption\">\r\n                <a href=\"https:\/\/www.rome-roma.net\/artmodule\/gaspar van wittel\/caspar van wittel - musee histoire de l art de vienne - the tiberian island - 1685.jpg\" class=\"kb-gallery-item-link\" style=\"color: #FFFFFF;\">\r\n                    <div class=\"kb-gal-image-radius\"><div class=\"kb-gallery-image-contain\">\r\n                        <img src=\"https:\/\/www.rome-roma.net\/artmodule\/gaspar van wittel\/caspar van wittel - musee histoire de l art de vienne - the tiberian island - 1685.jpg\" width=\"300\" height=\"200\" \r\n                            alt=\"Gaspar Van Wittel,Ile Tib\u00e9rine (1685)\" \r\n                            data-full-image=\"https:\/\/www.rome-roma.net\/artmodule\/gaspar van wittel\/caspar van wittel - musee histoire de l art de vienne - the tiberian island - 1685.jpg\" \r\n                            data-light-image=\"https:\/\/www.rome-roma.net\/artmodule\/gaspar van wittel\/caspar van wittel - musee histoire de l art de vienne - the tiberian island - 1685.jpg\" data-id=\"149\" \r\n                            data-link=\"https:\/\/www.rome-roma.net\/artmodule\/gaspar van wittel\/caspar van wittel - musee histoire de l art de vienne - the tiberian island - 1685.jpg\" \r\n                            class=\"wp-image-149\" loading=lazy\/>\r\n                    <\/div><\/div>\r\n                    <figcaption class=\"kadence-blocks-gallery-item__caption\">Gaspar Van Wittel, Ile Tib\u00e9rine<\/figcaption>\r\n                <\/a>\r\n            <\/figure><\/div><\/li><\/div><\/div><\/div><\/div><\/div><a href=\"https:\/\/www.rome-roma.net\/site-rome-art.php?lieu=ile+tiberine\" target=\"_blank\">Clica per vedere oltre dipinti e artisti su Ile Tib\u00e9rine in Roma<\/a><br>\n<h2>Galleria e visita<\/h2>\n<p><a href=\"https:\/\/www.rome-roma.net\/photos\/TrastevereIsolaTiberinaSantaCeciliaSisto\/images\/iletiberine_0370.jpg\" target=\"_blank\" rel=\"lightbox[a] noopener noreferrer\"><img loading=\"lazy\" src=\"https:\/\/www.rome-roma.net\/photos\/TrastevereIsolaTiberinaSantaCeciliaSisto\/thumbnails\/iletiberine_0370.jpg\" alt=\"Ile Tib\u00e9rine\" width=\"106\" height=\"154\" border=\"0\" hspace=\"3\" vspace=\"3\" \/><\/a><a href=\"https:\/\/www.rome-roma.net\/photos\/TrastevereIsolaTiberinaSantaCeciliaSisto\/images\/isolatiberina_0341.jpg\" target=\"_blank\" rel=\"lightbox[a] noopener noreferrer\"><img loading=\"lazy\" src=\"https:\/\/www.rome-roma.net\/photos\/TrastevereIsolaTiberinaSantaCeciliaSisto\/thumbnails\/isolatiberina_0341.jpg\" alt=\"Ile Tib\u00e9rine\" width=\"154\" height=\"106\" border=\"0\" hspace=\"3\" vspace=\"3\" \/><\/a><a href=\"https:\/\/www.rome-roma.net\/photos\/TrastevereIsolaTiberinaSantaCeciliaSisto\/images\/isolatiberina_0342.jpg\" target=\"_blank\" rel=\"lightbox[a] noopener noreferrer\"><img loading=\"lazy\" src=\"https:\/\/www.rome-roma.net\/photos\/TrastevereIsolaTiberinaSantaCeciliaSisto\/thumbnails\/isolatiberina_0342.jpg\" alt=\"Ile Tib\u00e9rine\" width=\"154\" height=\"106\" border=\"0\" hspace=\"3\" vspace=\"3\" \/><\/a><br \/>Vista sull&#8217;isola dalla banco sul lato del Trastevere<br \/><a href=\"https:\/\/www.rome-roma.net\/photos\/TrastevereIsolaTiberinaSantaCeciliaSisto\/images\/fatebenefratelli_iletiberine_0371.jpg\" target=\"_blank\" rel=\"lightbox[a] noopener noreferrer\"><img loading=\"lazy\" src=\"https:\/\/www.rome-roma.net\/photos\/TrastevereIsolaTiberinaSantaCeciliaSisto\/thumbnails\/fatebenefratelli_iletiberine_0371.jpg\" alt=\"Fatebene Fratelli  Ile Tib\u00e9rine\" width=\"154\" height=\"106\" border=\"0\" hspace=\"3\" vspace=\"3\" \/><\/a><br \/>Clinica <strong>Fatebene Fratelli<\/strong><\/p>\n<p><!--StartFragment--><\/p>","protected":false},"excerpt":{"rendered":"<p>L&#8217;isola Tiberina \u00e8 l&#8217;unica isola sul Tevere lungo il suo corso attraverso Roma. Misura quasi 300 metri ed \u00e8 collegata alle rive da due ponti di origine antica, tra Trastevere e il ghetto. \u00c8 un luogo incantevole di Roma, tranquillo e affascinante, tra le acque del fiume, con i suoi antichi edifici, una storia intrecciata [&hellip;]<\/p>\n","protected":false},"featured_media":12612,"parent":0,"menu_order":0,"comment_status":"open","ping_status":"open","template":"","format":"standard","meta":{"kt_blocks_editor_width":"","_links_to":"","_links_to_target":""},"genre":[273],"interet":[287],"quartier":[308,310],"categorie_site":[414,415],"quartier_historique":[455],"etiquettes_site":[],"acf":[],"yoast_head":"<!-- This site is optimized with the Yoast SEO plugin v17.4 - https:\/\/yoast.com\/wordpress\/plugins\/seo\/ -->\n<title>Scoperta dell&#039;Isola Tiberina sul Tevere &ndash; Rome-Roma<\/title>\n<meta name=\"description\" content=\"Scoperta dell&#039;Isola Tiberina a Roma, i suoi monumenti, i ponti e la sua storia. Questo antico luogo di culto \u00e8 diventato un luogo piacevole della citt\u00e0.\" \/>\n<meta name=\"robots\" content=\"index, follow, max-snippet:-1, max-image-preview:large, max-video-preview:-1\" \/>\n<link rel=\"canonical\" href=\"https:\/\/www.rome-roma.net\/it\/isola-tiberina\/\" \/>\n<meta property=\"og:locale\" content=\"it_IT\" \/>\n<meta property=\"og:type\" content=\"article\" \/>\n<meta property=\"og:title\" content=\"Scoperta dell&#039;Isola Tiberina sul Tevere &ndash; Rome-Roma\" \/>\n<meta property=\"og:description\" content=\"Scoperta dell&#039;Isola Tiberina a Roma, i suoi monumenti, i ponti e la sua storia. Questo antico luogo di culto \u00e8 diventato un luogo piacevole della citt\u00e0.\" \/>\n<meta property=\"og:url\" content=\"https:\/\/www.rome-roma.net\/it\/isola-tiberina\/\" \/>\n<meta property=\"og:site_name\" content=\"Rome-Roma\" \/>\n<meta property=\"article:modified_time\" content=\"2025-08-27T19:10:38+00:00\" \/>\n<meta property=\"og:image\" content=\"https:\/\/www.rome-roma.net\/wp-content\/uploads\/2020\/01\/ile-tiberine_0341.jpg\" \/>\n\t<meta property=\"og:image:width\" content=\"1200\" \/>\n\t<meta property=\"og:image:height\" content=\"800\" \/>\n<meta name=\"twitter:card\" content=\"summary_large_image\" \/>\n<meta name=\"twitter:label1\" content=\"Tempo di lettura stimato\" \/>\n\t<meta name=\"twitter:data1\" content=\"6 minuti\" \/>\n<script type=\"application\/ld+json\" class=\"yoast-schema-graph\">{\"@context\":\"https:\/\/schema.org\",\"@graph\":[{\"@type\":\"Organization\",\"@id\":\"https:\/\/www.rome-roma.net\/it\/#organization\",\"name\":\"Rome-Roma\",\"url\":\"https:\/\/www.rome-roma.net\/it\/\",\"sameAs\":[],\"logo\":{\"@type\":\"ImageObject\",\"@id\":\"https:\/\/www.rome-roma.net\/it\/#logo\",\"inLanguage\":\"it-IT\",\"url\":\"https:\/\/www.rome-roma.net\/wp-content\/uploads\/2025\/07\/logo-rome-roma-420.jpg\",\"contentUrl\":\"https:\/\/www.rome-roma.net\/wp-content\/uploads\/2025\/07\/logo-rome-roma-420.jpg\",\"width\":420,\"height\":420,\"caption\":\"Rome-Roma\"},\"image\":{\"@id\":\"https:\/\/www.rome-roma.net\/it\/#logo\"}},{\"@type\":\"WebSite\",\"@id\":\"https:\/\/www.rome-roma.net\/it\/#website\",\"url\":\"https:\/\/www.rome-roma.net\/it\/\",\"name\":\"Rome-Roma\",\"description\":\"Cultura & Viaggio\",\"publisher\":{\"@id\":\"https:\/\/www.rome-roma.net\/it\/#organization\"},\"potentialAction\":[{\"@type\":\"SearchAction\",\"target\":{\"@type\":\"EntryPoint\",\"urlTemplate\":\"https:\/\/www.rome-roma.net\/it\/?s={search_term_string}\"},\"query-input\":\"required name=search_term_string\"}],\"inLanguage\":\"it-IT\"},{\"@type\":\"ImageObject\",\"@id\":\"https:\/\/www.rome-roma.net\/it\/isola-tiberina\/#primaryimage\",\"inLanguage\":\"it-IT\",\"url\":\"https:\/\/www.rome-roma.net\/wp-content\/uploads\/2020\/01\/ile-tiberine_0341.jpg\",\"contentUrl\":\"https:\/\/www.rome-roma.net\/wp-content\/uploads\/2020\/01\/ile-tiberine_0341.jpg\",\"width\":1200,\"height\":800,\"caption\":\"Isola Tiberina\"},{\"@type\":\"WebPage\",\"@id\":\"https:\/\/www.rome-roma.net\/it\/isola-tiberina\/#webpage\",\"url\":\"https:\/\/www.rome-roma.net\/it\/isola-tiberina\/\",\"name\":\"Scoperta dell'Isola Tiberina sul Tevere &ndash; Rome-Roma\",\"isPartOf\":{\"@id\":\"https:\/\/www.rome-roma.net\/it\/#website\"},\"primaryImageOfPage\":{\"@id\":\"https:\/\/www.rome-roma.net\/it\/isola-tiberina\/#primaryimage\"},\"datePublished\":\"2020-01-20T10:58:00+00:00\",\"dateModified\":\"2025-08-27T19:10:38+00:00\",\"description\":\"Scoperta dell'Isola Tiberina a Roma, i suoi monumenti, i ponti e la sua storia. Questo antico luogo di culto \\u00e8 diventato un luogo piacevole della citt\\u00e0.\",\"breadcrumb\":{\"@id\":\"https:\/\/www.rome-roma.net\/it\/isola-tiberina\/#breadcrumb\"},\"inLanguage\":\"it-IT\",\"potentialAction\":[{\"@type\":\"ReadAction\",\"target\":[\"https:\/\/www.rome-roma.net\/it\/isola-tiberina\/\"]}]},{\"@type\":\"BreadcrumbList\",\"@id\":\"https:\/\/www.rome-roma.net\/it\/isola-tiberina\/#breadcrumb\",\"itemListElement\":[{\"@type\":\"ListItem\",\"position\":1,\"name\":\"Accueil\",\"item\":\"https:\/\/www.rome-roma.net\/it\/\"},{\"@type\":\"ListItem\",\"position\":2,\"name\":\"Scoperta dell&#8217;Isola Tiberina sul Tevere\"}]}]}<\/script>\n<!-- \/ Yoast SEO plugin. -->","yoast_head_json":{"title":"Scoperta dell'Isola Tiberina sul Tevere &ndash; Rome-Roma","description":"Scoperta dell'Isola Tiberina a Roma, i suoi monumenti, i ponti e la sua storia. Questo antico luogo di culto \u00e8 diventato un luogo piacevole della citt\u00e0.","robots":{"index":"index","follow":"follow","max-snippet":"max-snippet:-1","max-image-preview":"max-image-preview:large","max-video-preview":"max-video-preview:-1"},"canonical":"https:\/\/www.rome-roma.net\/it\/isola-tiberina\/","og_locale":"it_IT","og_type":"article","og_title":"Scoperta dell'Isola Tiberina sul Tevere &ndash; Rome-Roma","og_description":"Scoperta dell'Isola Tiberina a Roma, i suoi monumenti, i ponti e la sua storia. Questo antico luogo di culto \u00e8 diventato un luogo piacevole della citt\u00e0.","og_url":"https:\/\/www.rome-roma.net\/it\/isola-tiberina\/","og_site_name":"Rome-Roma","article_modified_time":"2025-08-27T19:10:38+00:00","og_image":[{"width":1200,"height":800,"url":"https:\/\/www.rome-roma.net\/wp-content\/uploads\/2020\/01\/ile-tiberine_0341.jpg","type":"image\/jpeg"}],"twitter_card":"summary_large_image","twitter_misc":{"Tempo di lettura stimato":"6 minuti"},"schema":{"@context":"https:\/\/schema.org","@graph":[{"@type":"Organization","@id":"https:\/\/www.rome-roma.net\/it\/#organization","name":"Rome-Roma","url":"https:\/\/www.rome-roma.net\/it\/","sameAs":[],"logo":{"@type":"ImageObject","@id":"https:\/\/www.rome-roma.net\/it\/#logo","inLanguage":"it-IT","url":"https:\/\/www.rome-roma.net\/wp-content\/uploads\/2025\/07\/logo-rome-roma-420.jpg","contentUrl":"https:\/\/www.rome-roma.net\/wp-content\/uploads\/2025\/07\/logo-rome-roma-420.jpg","width":420,"height":420,"caption":"Rome-Roma"},"image":{"@id":"https:\/\/www.rome-roma.net\/it\/#logo"}},{"@type":"WebSite","@id":"https:\/\/www.rome-roma.net\/it\/#website","url":"https:\/\/www.rome-roma.net\/it\/","name":"Rome-Roma","description":"Cultura & Viaggio","publisher":{"@id":"https:\/\/www.rome-roma.net\/it\/#organization"},"potentialAction":[{"@type":"SearchAction","target":{"@type":"EntryPoint","urlTemplate":"https:\/\/www.rome-roma.net\/it\/?s={search_term_string}"},"query-input":"required name=search_term_string"}],"inLanguage":"it-IT"},{"@type":"ImageObject","@id":"https:\/\/www.rome-roma.net\/it\/isola-tiberina\/#primaryimage","inLanguage":"it-IT","url":"https:\/\/www.rome-roma.net\/wp-content\/uploads\/2020\/01\/ile-tiberine_0341.jpg","contentUrl":"https:\/\/www.rome-roma.net\/wp-content\/uploads\/2020\/01\/ile-tiberine_0341.jpg","width":1200,"height":800,"caption":"Isola Tiberina"},{"@type":"WebPage","@id":"https:\/\/www.rome-roma.net\/it\/isola-tiberina\/#webpage","url":"https:\/\/www.rome-roma.net\/it\/isola-tiberina\/","name":"Scoperta dell'Isola Tiberina sul Tevere &ndash; Rome-Roma","isPartOf":{"@id":"https:\/\/www.rome-roma.net\/it\/#website"},"primaryImageOfPage":{"@id":"https:\/\/www.rome-roma.net\/it\/isola-tiberina\/#primaryimage"},"datePublished":"2020-01-20T10:58:00+00:00","dateModified":"2025-08-27T19:10:38+00:00","description":"Scoperta dell'Isola Tiberina a Roma, i suoi monumenti, i ponti e la sua storia. Questo antico luogo di culto \u00e8 diventato un luogo piacevole della citt\u00e0.","breadcrumb":{"@id":"https:\/\/www.rome-roma.net\/it\/isola-tiberina\/#breadcrumb"},"inLanguage":"it-IT","potentialAction":[{"@type":"ReadAction","target":["https:\/\/www.rome-roma.net\/it\/isola-tiberina\/"]}]},{"@type":"BreadcrumbList","@id":"https:\/\/www.rome-roma.net\/it\/isola-tiberina\/#breadcrumb","itemListElement":[{"@type":"ListItem","position":1,"name":"Accueil","item":"https:\/\/www.rome-roma.net\/it\/"},{"@type":"ListItem","position":2,"name":"Scoperta dell&#8217;Isola Tiberina sul Tevere"}]}]}},"acf_fields":{"nom_monument":"Isola Tiberina","wikidata":"Q545404","sameas":"https:\/\/it.wikipedia.org\/wiki\/Isola_Tiberina"},"_links":{"self":[{"href":"https:\/\/www.rome-roma.net\/it\/wp-json\/wp\/v2\/site\/5821"}],"collection":[{"href":"https:\/\/www.rome-roma.net\/it\/wp-json\/wp\/v2\/site"}],"about":[{"href":"https:\/\/www.rome-roma.net\/it\/wp-json\/wp\/v2\/types\/site"}],"replies":[{"embeddable":true,"href":"https:\/\/www.rome-roma.net\/it\/wp-json\/wp\/v2\/comments?post=5821"}],"wp:featuredmedia":[{"embeddable":true,"href":"https:\/\/www.rome-roma.net\/it\/wp-json\/wp\/v2\/media\/12612"}],"wp:attachment":[{"href":"https:\/\/www.rome-roma.net\/it\/wp-json\/wp\/v2\/media?parent=5821"}],"wp:term":[{"taxonomy":"genre","embeddable":true,"href":"https:\/\/www.rome-roma.net\/it\/wp-json\/wp\/v2\/genre?post=5821"},{"taxonomy":"interet","embeddable":true,"href":"https:\/\/www.rome-roma.net\/it\/wp-json\/wp\/v2\/interet?post=5821"},{"taxonomy":"quartier","embeddable":true,"href":"https:\/\/www.rome-roma.net\/it\/wp-json\/wp\/v2\/quartier?post=5821"},{"taxonomy":"categorie_site","embeddable":true,"href":"https:\/\/www.rome-roma.net\/it\/wp-json\/wp\/v2\/categorie_site?post=5821"},{"taxonomy":"quartier_historique","embeddable":true,"href":"https:\/\/www.rome-roma.net\/it\/wp-json\/wp\/v2\/quartier_historique?post=5821"},{"taxonomy":"etiquettes_site","embeddable":true,"href":"https:\/\/www.rome-roma.net\/it\/wp-json\/wp\/v2\/etiquettes_site?post=5821"}],"curies":[{"name":"wp","href":"https:\/\/api.w.org\/{rel}","templated":true}]}}