


{"id":5942,"date":"2020-01-14T14:55:35","date_gmt":"2020-01-14T13:55:35","guid":{"rendered":"https:\/\/www.rome-roma.net\/site\/arc-de-constantin\/"},"modified":"2024-12-18T09:38:15","modified_gmt":"2024-12-18T08:38:15","slug":"arco-di-costantino","status":"publish","type":"site","link":"https:\/\/www.rome-roma.net\/it\/arco-di-costantino\/","title":{"rendered":"Arco di Costantino"},"content":{"rendered":"\n\n<div id=\"attachment_26164\" style=\"width: 310px\" class=\"wp-caption alignright\"><a href=\"https:\/\/www.rome-roma.net\/wp-content\/uploads\/2020\/01\/arc-de-constantin-rome-0015.jpg\"><img aria-describedby=\"caption-attachment-26164\" loading=\"lazy\" class=\"wp-image-26164\" src=\"https:\/\/www.rome-roma.net\/wp-content\/uploads\/2020\/01\/arc-de-constantin-rome-0015-1024x683.jpg\" alt=\"Foto della Facciata sud dell'Arco di Costantino\" width=\"300\" height=\"200\" srcset=\"https:\/\/www.rome-roma.net\/wp-content\/uploads\/2020\/01\/arc-de-constantin-rome-0015-1024x683.jpg 1024w, https:\/\/www.rome-roma.net\/wp-content\/uploads\/2020\/01\/arc-de-constantin-rome-0015-300x200.jpg 300w, https:\/\/www.rome-roma.net\/wp-content\/uploads\/2020\/01\/arc-de-constantin-rome-0015-768x512.jpg 768w, https:\/\/www.rome-roma.net\/wp-content\/uploads\/2020\/01\/arc-de-constantin-rome-0015.jpg 1200w\" sizes=\"(max-width: 300px) 100vw, 300px\" \/><\/a><p id=\"caption-attachment-26164\" class=\"wp-caption-text\">Facciata sud dell&#8217;Arco di Costantino<\/p><\/div>\n<p>Situato nelle immediate vicinanze del <a href=\"https:\/\/www.rome-roma.net\/it\/colosseo\/\">Colosseo<\/a>, lo splendido <strong>Arco di Costantino<\/strong> fu eretto nell&#8217;anno 315 DC sulla Via Triumphalis &#8211; la via trionfale che percorreva le processioni che raggiungevano il Campidoglio &#8211; in onore della vittoria di Costantino su Massenzio nella <strong>Battaglia del ponte Milvio<\/strong> nel 312.<\/p>\n<h2>Descrizione e storia<\/h2>\n<p>\u00c8 il pi\u00f9 grande arco della citt\u00e0, alto 21 metri per una larghezza di oltre 25 metri, con il passaggio dell&#8217;arco centrale di 11,45 metri di altezza.<br>Ogni facciata \u00e8 affiancata da quattro colonne corinzie che sostengono l&#8217;entablamento e poi l&#8217;attico, con al centro di esso un&#8217;iscrizione identica su ciascun lato, dedicata dal senato romano a Costantino e alla sua vittoria sul \u00abtiranno\u00bb.<br>Si caratterizza per numerosi rilievi che provengono da monumenti romani pi\u00f9 antichi. Fu in questo periodo che inizi\u00f2 il riutilizzo sistematico di materiali antichi, un uso che continu\u00f2 per tutto il Medioevo. Generalmente si spiega questa pratica sia per assicurare la rapidit\u00e0 della costruzione (meno di due anni), sia a causa della mancanza di scultori qualificati a Roma, o forse un po&#8217; di entrambi.<\/p>\n<div id=\"attachment_26209\" style=\"width: 310px\" class=\"wp-caption alignright\"><a href=\"https:\/\/www.rome-roma.net\/wp-content\/uploads\/2020\/01\/medaglioni-adriano-arco-di-costantino-roma-9821.jpg\"><img aria-describedby=\"caption-attachment-26209\" loading=\"lazy\" class=\"wp-image-26209 size-medium\" src=\"https:\/\/www.rome-roma.net\/wp-content\/uploads\/2020\/01\/medaglioni-adriano-arco-di-costantino-roma-9821-300x200.jpg\" alt=\"Foto Medaglioni di Adriano e fregio di Costantino\" width=\"300\" height=\"200\" srcset=\"https:\/\/www.rome-roma.net\/wp-content\/uploads\/2020\/01\/medaglioni-adriano-arco-di-costantino-roma-9821-300x200.jpg 300w, https:\/\/www.rome-roma.net\/wp-content\/uploads\/2020\/01\/medaglioni-adriano-arco-di-costantino-roma-9821-1024x683.jpg 1024w, https:\/\/www.rome-roma.net\/wp-content\/uploads\/2020\/01\/medaglioni-adriano-arco-di-costantino-roma-9821-768x512.jpg 768w, https:\/\/www.rome-roma.net\/wp-content\/uploads\/2020\/01\/medaglioni-adriano-arco-di-costantino-roma-9821.jpg 1200w\" sizes=\"(max-width: 300px) 100vw, 300px\" \/><\/a><p id=\"caption-attachment-26209\" class=\"wp-caption-text\">Medaglioni di Adriano e fregio di Costantino<\/p><\/div>\n<p>Il perimetro degli archi e i piedistalli risalgono a <strong>Costantino<\/strong>, con in particolare le vittorie alate con trofei, e i prigionieri barbari sui basamenti delle colonne, le stagioni personificate ai lati dell&#8217;arco centrale, le divinit\u00e0 fluviali ai lati dei piccoli archi, e i sei pannelli stretti sopra questi ultimi, che fanno il giro dell&#8217;arco con un fregio che racconta la campagna di Costantino contro Massenzio.<br>Gli otto medaglioni sopra gli archi laterali provengono da un monumento sconosciuto eretto per Adriano, con alternanza di scene di cacce e sacrifici.<br>I quattro pannelli sull&#8217;attico che incornicia la dedicazione provengono da un monumento dedicato a Marco Aurelio, probabilmente eretto dal figlio Commodo, con scene della campagna di Marco Aurelio contro i germanici.<br>Le due tavole all&#8217;interno dell&#8217;arco centrale, cos\u00ec come le due sculture laterali dell&#8217;attico, provengono da un fregio in onore di Traiano, con la sua campagna contro i Daci, originariamente nell&#8217;attico della Basilica Ulpia. Le otto statue di Daci prigionieri che adornano l&#8217;attico sono anche della stessa epoca.<\/p>\n<p>Tutti questi elementi fanno dell&#8217;arco di Costantino uno degli edifici romani pi\u00f9 interessanti, emblematico della scultura romana.<\/p>\n<p>Nel Medioevo, fu trasformato in torre e incorporato nelle fortificazioni dei Frangipane. \u00c8 stato restaurato all&#8217;inizio del XIX secolo e i dintorni sono stati sgomberati.<\/p>\n<p>Nelle immediate vicinanze esistevano i resti di una monumentale fontana in mattoni rivestiti di marmo, la <strong>Meta Sudans<\/strong>, rasa al suolo negli anni &#8217;30 con l&#8217;inaugurazione della Via dei Trionfi. Era a forma di cono troncato, costruito sotto l&#8217;imperatore Tito.<\/p>\n<h2>Galleria<\/h2>\n\n\n<figure class=\"wp-container-3 wp-block-gallery-2 wp-block-gallery has-nested-images columns-default is-cropped\">\n<figure class=\"wp-block-image size-medium\"><a href=\"https:\/\/www.rome-roma.net\/wp-content\/uploads\/2020\/01\/arco-di-costantino-roma-9984.jpg\"><img loading=\"lazy\" width=\"300\" height=\"200\" data-id=\"26202\"  src=\"https:\/\/www.rome-roma.net\/wp-content\/uploads\/2020\/01\/arco-di-costantino-roma-9984-300x200.jpg\" alt=\"Arco di Costantino a Roma\" class=\"wp-image-26202\" srcset=\"https:\/\/www.rome-roma.net\/wp-content\/uploads\/2020\/01\/arco-di-costantino-roma-9984-300x200.jpg 300w, https:\/\/www.rome-roma.net\/wp-content\/uploads\/2020\/01\/arco-di-costantino-roma-9984-1024x683.jpg 1024w, https:\/\/www.rome-roma.net\/wp-content\/uploads\/2020\/01\/arco-di-costantino-roma-9984-768x512.jpg 768w, https:\/\/www.rome-roma.net\/wp-content\/uploads\/2020\/01\/arco-di-costantino-roma-9984.jpg 1200w\" sizes=\"(max-width: 300px) 100vw, 300px\" \/><\/a><figcaption>Facciata sud dell&#8217;Arco di Costantino<\/figcaption><\/figure>\n\n\n\n<figure class=\"wp-block-image size-medium\"><a href=\"https:\/\/www.rome-roma.net\/wp-content\/uploads\/2020\/01\/arc-de-constantin-rome-0016.jpg\"><img loading=\"lazy\" width=\"300\" height=\"200\" data-id=\"26172\"  src=\"https:\/\/www.rome-roma.net\/wp-content\/uploads\/2020\/01\/arc-de-constantin-rome-0016-300x200.jpg\" alt=\"Arco di Costantino a Roma\" class=\"wp-image-26172\" srcset=\"https:\/\/www.rome-roma.net\/wp-content\/uploads\/2020\/01\/arc-de-constantin-rome-0016-300x200.jpg 300w, https:\/\/www.rome-roma.net\/wp-content\/uploads\/2020\/01\/arc-de-constantin-rome-0016-1024x683.jpg 1024w, https:\/\/www.rome-roma.net\/wp-content\/uploads\/2020\/01\/arc-de-constantin-rome-0016-768x512.jpg 768w, https:\/\/www.rome-roma.net\/wp-content\/uploads\/2020\/01\/arc-de-constantin-rome-0016.jpg 1200w\" sizes=\"(max-width: 300px) 100vw, 300px\" \/><\/a><\/figure>\n\n\n\n<figure class=\"wp-block-image size-medium\"><a href=\"https:\/\/www.rome-roma.net\/wp-content\/uploads\/2020\/01\/arc-de-constantin-rome-0015.jpg\"><img loading=\"lazy\" width=\"300\" height=\"200\" data-id=\"26167\"  src=\"https:\/\/www.rome-roma.net\/wp-content\/uploads\/2020\/01\/arc-de-constantin-rome-0015-300x200.jpg\" alt=\"Arco di Costantino a Roma\" class=\"wp-image-26167\" srcset=\"https:\/\/www.rome-roma.net\/wp-content\/uploads\/2020\/01\/arc-de-constantin-rome-0015-300x200.jpg 300w, https:\/\/www.rome-roma.net\/wp-content\/uploads\/2020\/01\/arc-de-constantin-rome-0015-1024x683.jpg 1024w, https:\/\/www.rome-roma.net\/wp-content\/uploads\/2020\/01\/arc-de-constantin-rome-0015-768x512.jpg 768w, https:\/\/www.rome-roma.net\/wp-content\/uploads\/2020\/01\/arc-de-constantin-rome-0015.jpg 1200w\" sizes=\"(max-width: 300px) 100vw, 300px\" \/><\/a><\/figure>\n\n\n\n<figure class=\"wp-block-image size-large\"><a href=\"https:\/\/www.rome-roma.net\/wp-content\/uploads\/2020\/01\/arc-de-constantin-rome-3672.jpg\"><img loading=\"lazy\" width=\"1024\" height=\"683\" data-id=\"26177\"  src=\"https:\/\/www.rome-roma.net\/wp-content\/uploads\/2020\/01\/arc-de-constantin-rome-3672-1024x683.jpg\" alt=\"Arco di Costantino a Roma\" class=\"wp-image-26177\" srcset=\"https:\/\/www.rome-roma.net\/wp-content\/uploads\/2020\/01\/arc-de-constantin-rome-3672-1024x683.jpg 1024w, https:\/\/www.rome-roma.net\/wp-content\/uploads\/2020\/01\/arc-de-constantin-rome-3672-300x200.jpg 300w, https:\/\/www.rome-roma.net\/wp-content\/uploads\/2020\/01\/arc-de-constantin-rome-3672-768x512.jpg 768w, https:\/\/www.rome-roma.net\/wp-content\/uploads\/2020\/01\/arc-de-constantin-rome-3672.jpg 1200w\" sizes=\"(max-width: 1024px) 100vw, 1024px\" \/><\/a><figcaption>Facciata sud dell&#8217;Arco di Costantino<\/figcaption><\/figure>\n<\/figure>\n\n\n\n<figure class=\"wp-container-5 wp-block-gallery-4 wp-block-gallery has-nested-images columns-default is-cropped\">\n<figure class=\"wp-block-image size-medium\"><a href=\"https:\/\/www.rome-roma.net\/wp-content\/uploads\/2020\/01\/rilievi-lato-arco-di-costantino-roma-9986.jpg\"><img loading=\"lazy\" width=\"200\" height=\"300\" data-id=\"26229\"  src=\"https:\/\/www.rome-roma.net\/wp-content\/uploads\/2020\/01\/rilievi-lato-arco-di-costantino-roma-9986-200x300.jpg\" alt=\"Rilievo dell'epoca di Traiano in alto sul lato dell'attico\" class=\"wp-image-26229\" srcset=\"https:\/\/www.rome-roma.net\/wp-content\/uploads\/2020\/01\/rilievi-lato-arco-di-costantino-roma-9986-200x300.jpg 200w, https:\/\/www.rome-roma.net\/wp-content\/uploads\/2020\/01\/rilievi-lato-arco-di-costantino-roma-9986-683x1024.jpg 683w, https:\/\/www.rome-roma.net\/wp-content\/uploads\/2020\/01\/rilievi-lato-arco-di-costantino-roma-9986-768x1152.jpg 768w, https:\/\/www.rome-roma.net\/wp-content\/uploads\/2020\/01\/rilievi-lato-arco-di-costantino-roma-9986.jpg 800w\" sizes=\"(max-width: 200px) 100vw, 200px\" \/><\/a><figcaption>Rilievo dell&#8217;epoca di Traiano in alto sul lato dell&#8217;attico, il medaglione data da Costantino con il fregio che gira intorno al monumento che racconta la campagna di Costantino contro Massenzio<\/figcaption><\/figure>\n\n\n\n<figure class=\"wp-block-image size-medium\"><a href=\"https:\/\/www.rome-roma.net\/wp-content\/uploads\/2020\/01\/rilievi-arco-di-costantino-roma-0008.jpg\"><img loading=\"lazy\" width=\"300\" height=\"200\" data-id=\"26224\"  src=\"https:\/\/www.rome-roma.net\/wp-content\/uploads\/2020\/01\/rilievi-arco-di-costantino-roma-0008-300x200.jpg\" alt=\"Rilievo dell'arco di Costantino\" class=\"wp-image-26224\" srcset=\"https:\/\/www.rome-roma.net\/wp-content\/uploads\/2020\/01\/rilievi-arco-di-costantino-roma-0008-300x200.jpg 300w, https:\/\/www.rome-roma.net\/wp-content\/uploads\/2020\/01\/rilievi-arco-di-costantino-roma-0008-1024x683.jpg 1024w, https:\/\/www.rome-roma.net\/wp-content\/uploads\/2020\/01\/rilievi-arco-di-costantino-roma-0008-768x512.jpg 768w, https:\/\/www.rome-roma.net\/wp-content\/uploads\/2020\/01\/rilievi-arco-di-costantino-roma-0008.jpg 1200w\" sizes=\"(max-width: 300px) 100vw, 300px\" \/><\/a><\/figure>\n\n\n\n<figure class=\"wp-block-image size-medium\"><a href=\"https:\/\/www.rome-roma.net\/wp-content\/uploads\/2020\/01\/medaglioni-adriano-arco-di-costantino-roma-9821.jpg\"><img loading=\"lazy\" width=\"300\" height=\"200\" data-id=\"26209\"  src=\"https:\/\/www.rome-roma.net\/wp-content\/uploads\/2020\/01\/medaglioni-adriano-arco-di-costantino-roma-9821-300x200.jpg\" alt=\"Medaglioni in facciata con rilievi dell'epoca di Adriano, Arco di Costantino\" class=\"wp-image-26209\" srcset=\"https:\/\/www.rome-roma.net\/wp-content\/uploads\/2020\/01\/medaglioni-adriano-arco-di-costantino-roma-9821-300x200.jpg 300w, https:\/\/www.rome-roma.net\/wp-content\/uploads\/2020\/01\/medaglioni-adriano-arco-di-costantino-roma-9821-1024x683.jpg 1024w, https:\/\/www.rome-roma.net\/wp-content\/uploads\/2020\/01\/medaglioni-adriano-arco-di-costantino-roma-9821-768x512.jpg 768w, https:\/\/www.rome-roma.net\/wp-content\/uploads\/2020\/01\/medaglioni-adriano-arco-di-costantino-roma-9821.jpg 1200w\" sizes=\"(max-width: 300px) 100vw, 300px\" \/><\/a><figcaption>Medaglioni in facciata con rilievi dell&#8217;epoca di Adriano, scene di cacce e sacrifici. E sotto, un&#8217;altra parte del fregio di Costantino<\/figcaption><\/figure>\n<\/figure>\n\n\n\n<figure class=\"wp-container-7 wp-block-gallery-6 wp-block-gallery has-nested-images columns-default is-cropped\">\n<figure class=\"wp-block-image size-medium\"><a href=\"https:\/\/www.rome-roma.net\/wp-content\/uploads\/2020\/01\/rilievi-costantino-arco-di-costantino-roma-9819.jpg\"><img loading=\"lazy\" width=\"300\" height=\"200\" data-id=\"26219\"  src=\"https:\/\/www.rome-roma.net\/wp-content\/uploads\/2020\/01\/rilievi-costantino-arco-di-costantino-roma-9819-300x200.jpg\" alt=\"Rilievi dell'epoca di Costantino sui piedistalli, arco di Costantino\" class=\"wp-image-26219\" srcset=\"https:\/\/www.rome-roma.net\/wp-content\/uploads\/2020\/01\/rilievi-costantino-arco-di-costantino-roma-9819-300x200.jpg 300w, https:\/\/www.rome-roma.net\/wp-content\/uploads\/2020\/01\/rilievi-costantino-arco-di-costantino-roma-9819-1024x683.jpg 1024w, https:\/\/www.rome-roma.net\/wp-content\/uploads\/2020\/01\/rilievi-costantino-arco-di-costantino-roma-9819-768x512.jpg 768w, https:\/\/www.rome-roma.net\/wp-content\/uploads\/2020\/01\/rilievi-costantino-arco-di-costantino-roma-9819.jpg 1200w\" sizes=\"(max-width: 300px) 100vw, 300px\" \/><\/a><figcaption>Rilievi dell&#8217;epoca di Costantino sui piedistalli: vittoria alata in facciata e prigionieri barbari con soldati ai lati<\/figcaption><\/figure>\n\n\n\n<figure class=\"wp-block-image size-medium\"><a href=\"https:\/\/www.rome-roma.net\/wp-content\/uploads\/2020\/01\/rilievi-costantino-arco-di-costantino-roma-9818.jpg\"><img loading=\"lazy\" width=\"200\" height=\"300\" data-id=\"26214\"  src=\"https:\/\/www.rome-roma.net\/wp-content\/uploads\/2020\/01\/rilievi-costantino-arco-di-costantino-roma-9818-200x300.jpg\" alt=\"Rilievi dell'arco di Costantino\" class=\"wp-image-26214\" srcset=\"https:\/\/www.rome-roma.net\/wp-content\/uploads\/2020\/01\/rilievi-costantino-arco-di-costantino-roma-9818-200x300.jpg 200w, https:\/\/www.rome-roma.net\/wp-content\/uploads\/2020\/01\/rilievi-costantino-arco-di-costantino-roma-9818-683x1024.jpg 683w, https:\/\/www.rome-roma.net\/wp-content\/uploads\/2020\/01\/rilievi-costantino-arco-di-costantino-roma-9818-768x1152.jpg 768w, https:\/\/www.rome-roma.net\/wp-content\/uploads\/2020\/01\/rilievi-costantino-arco-di-costantino-roma-9818.jpg 800w\" sizes=\"(max-width: 200px) 100vw, 200px\" \/><\/a><\/figure>\n\n\n\n<figure class=\"wp-block-image size-medium\"><a href=\"https:\/\/www.rome-roma.net\/wp-content\/uploads\/2020\/01\/attico-marco-aurelio-arco-di-costantino-roma_3674.jpg\"><img loading=\"lazy\" width=\"300\" height=\"200\" data-id=\"26204\"  src=\"https:\/\/www.rome-roma.net\/wp-content\/uploads\/2020\/01\/attico-marco-aurelio-arco-di-costantino-roma_3674-300x200.jpg\" alt=\"attico marco aurelio, arco di costantino, roma\" class=\"wp-image-26204\" srcset=\"https:\/\/www.rome-roma.net\/wp-content\/uploads\/2020\/01\/attico-marco-aurelio-arco-di-costantino-roma_3674-300x200.jpg 300w, https:\/\/www.rome-roma.net\/wp-content\/uploads\/2020\/01\/attico-marco-aurelio-arco-di-costantino-roma_3674-1024x683.jpg 1024w, https:\/\/www.rome-roma.net\/wp-content\/uploads\/2020\/01\/attico-marco-aurelio-arco-di-costantino-roma_3674-768x512.jpg 768w, https:\/\/www.rome-roma.net\/wp-content\/uploads\/2020\/01\/attico-marco-aurelio-arco-di-costantino-roma_3674.jpg 1200w\" sizes=\"(max-width: 300px) 100vw, 300px\" \/><\/a><figcaption>Uno dei quattro rilievi che incorniciano l&#8217;attico dell&#8217;epoca di Marco Aurelio, evocando scene della sua campagna contro i germani<\/figcaption><\/figure>\n<\/figure>\n\n\n\n<figure class=\"wp-container-9 wp-block-gallery-8 wp-block-gallery has-nested-images columns-4 is-cropped\">\n<figure class=\"wp-block-image size-medium\"><a href=\"https:\/\/www.rome-roma.net\/wp-content\/uploads\/2020\/01\/arcodicostantino-1142-1.jpg\"><img loading=\"lazy\" width=\"300\" height=\"200\" data-id=\"26236\"  src=\"https:\/\/www.rome-roma.net\/wp-content\/uploads\/2020\/01\/arcodicostantino-1142-1-300x200.jpg\" alt=\"arco di costantino_1142\" class=\"wp-image-26236\" srcset=\"https:\/\/www.rome-roma.net\/wp-content\/uploads\/2020\/01\/arcodicostantino-1142-1-300x200.jpg 300w, https:\/\/www.rome-roma.net\/wp-content\/uploads\/2020\/01\/arcodicostantino-1142-1-1024x683.jpg 1024w, https:\/\/www.rome-roma.net\/wp-content\/uploads\/2020\/01\/arcodicostantino-1142-1-768x512.jpg 768w, https:\/\/www.rome-roma.net\/wp-content\/uploads\/2020\/01\/arcodicostantino-1142-1.jpg 1200w\" sizes=\"(max-width: 300px) 100vw, 300px\" \/><\/a><figcaption>Facciata nord<\/figcaption><\/figure>\n\n\n\n<figure class=\"wp-block-image size-medium\"><a href=\"https:\/\/www.rome-roma.net\/wp-content\/uploads\/2020\/01\/arco-di-costantino-roma-1060.jpg\"><img loading=\"lazy\" width=\"300\" height=\"200\" data-id=\"26194\"  src=\"https:\/\/www.rome-roma.net\/wp-content\/uploads\/2020\/01\/arco-di-costantino-roma-1060-300x200.jpg\" alt=\"arco-di-costantino-roma_1060\" class=\"wp-image-26194\" srcset=\"https:\/\/www.rome-roma.net\/wp-content\/uploads\/2020\/01\/arco-di-costantino-roma-1060-300x200.jpg 300w, https:\/\/www.rome-roma.net\/wp-content\/uploads\/2020\/01\/arco-di-costantino-roma-1060-1024x683.jpg 1024w, https:\/\/www.rome-roma.net\/wp-content\/uploads\/2020\/01\/arco-di-costantino-roma-1060-768x512.jpg 768w, https:\/\/www.rome-roma.net\/wp-content\/uploads\/2020\/01\/arco-di-costantino-roma-1060.jpg 1200w\" sizes=\"(max-width: 300px) 100vw, 300px\" \/><\/a><figcaption>Facciata nord<\/figcaption><\/figure>\n\n\n\n<figure class=\"wp-block-image size-medium\"><a href=\"https:\/\/www.rome-roma.net\/wp-content\/uploads\/2020\/01\/arco-di-costantino-roma-1059.jpg\"><img loading=\"lazy\" width=\"300\" height=\"200\" data-id=\"26189\"  src=\"https:\/\/www.rome-roma.net\/wp-content\/uploads\/2020\/01\/arco-di-costantino-roma-1059-300x200.jpg\" alt=\"arco-di-costantino-roma_1059\" class=\"wp-image-26189\" srcset=\"https:\/\/www.rome-roma.net\/wp-content\/uploads\/2020\/01\/arco-di-costantino-roma-1059-300x200.jpg 300w, https:\/\/www.rome-roma.net\/wp-content\/uploads\/2020\/01\/arco-di-costantino-roma-1059-1024x683.jpg 1024w, https:\/\/www.rome-roma.net\/wp-content\/uploads\/2020\/01\/arco-di-costantino-roma-1059-768x512.jpg 768w, https:\/\/www.rome-roma.net\/wp-content\/uploads\/2020\/01\/arco-di-costantino-roma-1059.jpg 1200w\" sizes=\"(max-width: 300px) 100vw, 300px\" \/><\/a><figcaption>Facciata nord<\/figcaption><\/figure>\n\n\n\n<figure class=\"wp-block-image size-medium\"><a href=\"https:\/\/www.rome-roma.net\/wp-content\/uploads\/2020\/01\/arco-di-costantino-roma_1055.jpg\"><img loading=\"lazy\" width=\"200\" height=\"300\" data-id=\"26184\"  src=\"https:\/\/www.rome-roma.net\/wp-content\/uploads\/2020\/01\/arco-di-costantino-roma_1055-200x300.jpg\" alt=\"arco-di-costantino-roma_1055\" class=\"wp-image-26184\" srcset=\"https:\/\/www.rome-roma.net\/wp-content\/uploads\/2020\/01\/arco-di-costantino-roma_1055-200x300.jpg 200w, https:\/\/www.rome-roma.net\/wp-content\/uploads\/2020\/01\/arco-di-costantino-roma_1055-683x1024.jpg 683w, https:\/\/www.rome-roma.net\/wp-content\/uploads\/2020\/01\/arco-di-costantino-roma_1055-768x1152.jpg 768w, https:\/\/www.rome-roma.net\/wp-content\/uploads\/2020\/01\/arco-di-costantino-roma_1055.jpg 800w\" sizes=\"(max-width: 200px) 100vw, 200px\" \/><\/a><figcaption>Facciata nord<\/figcaption><\/figure>\n\n\n\n<figure class=\"wp-block-image size-large\"><a href=\"https:\/\/www.rome-roma.net\/wp-content\/uploads\/2020\/01\/arco-di-costantino-roma-1048.jpg\"><img loading=\"lazy\" width=\"1024\" height=\"683\" data-id=\"26179\"  src=\"https:\/\/www.rome-roma.net\/wp-content\/uploads\/2020\/01\/arco-di-costantino-roma-1048-1024x683.jpg\" alt=\"Foto facciata nord, dell'arco di costantino, Roma\" class=\"wp-image-26179\" srcset=\"https:\/\/www.rome-roma.net\/wp-content\/uploads\/2020\/01\/arco-di-costantino-roma-1048-1024x683.jpg 1024w, https:\/\/www.rome-roma.net\/wp-content\/uploads\/2020\/01\/arco-di-costantino-roma-1048-300x200.jpg 300w, https:\/\/www.rome-roma.net\/wp-content\/uploads\/2020\/01\/arco-di-costantino-roma-1048-768x512.jpg 768w, https:\/\/www.rome-roma.net\/wp-content\/uploads\/2020\/01\/arco-di-costantino-roma-1048.jpg 1200w\" sizes=\"(max-width: 1024px) 100vw, 1024px\" \/><\/a><\/figure>\n<\/figure>\n\n\n\n\n\n<h2>Cartina ed indirizzo<\/h2>\r\n\t\t<b>Indirizzo : <\/b>Via di San Gregorio, 00186 Roma RM, Italie<div id=\"travelersmap-container-69f11068cf907\" class=\"travelersmap-container\" style=\"z-index: 1; min-height: 10px; min-width:10px; height:400px;width:100%; max-width:; max-height:; position:relative;\"><div style=\"position:absolute; z-index:-1;top: 50%;text-align: center;display: block;left: 50%;transform: translate(-50%,-50%);\">Travelers' Map is loading... <br> If you see this after your page is loaded completely, leafletJS files are missing.<\/div><\/div><i>Clicca sulla freccia per localizzarti sulla mappa<\/i>\n\n\n\n<h2>Vedute antiche nel arte<\/h2><div>37 opere di Arco di Costantino sono state trovate nella database. Per vederle tutte aprire questo <a href=\"https:\/\/www.rome-roma.net\/site-rome-art.php?lieu=arc+de+constantin\" target=\"_blank\">collegamento<\/a>.<\/div><div class=\"wp-block-kadence-advancedgallery kb-gallery-wrap-id-_5955fd-3f\">\r\n        <div class=\"kb-gallery-ul kb-gallery-type-fluidcarousel kb-gallery-id-_5955fd-3f kb-gallery-caption-style-below kb-gallery-magnific-init kb-gallery-filter-none\" data-image-filter=\"none\" data-lightbox-caption=\"true\">\r\n            <div class=\"kt-blocks-carousel kt-carousel-container-dotstyle-dark\">\r\n                <div class=\"kt-blocks-carousel-init kb-blocks-fluid-carousel kt-carousel-arrowstyle-whiteondark kt-carousel-dotstyle-dark\" data-slider-anim-speed=\"400\" data-slider-type=\"fluidcarousel\" data-slider-scroll=\"1\" data-slider-arrows=\"true\" data-slider-dots=\"true\" data-slider-hover-pause=\"false\" data-slider-auto=\"false\" data-slider-speed=\"7000\">\r\n        <div class=\"kb-slide-item kb-gallery-carousel-item\"><li class=\"kadence-blocks-gallery-item\"><div class=\"kadence-blocks-gallery-item-inner\">\r\n            <figure class=\"kb-gallery-figure kb-gallery-item-has-link kadence-blocks-gallery-item-has-caption\">\r\n                <a href=\"https:\/\/www.rome-roma.net\/artmodule\/louis ducros\/louis ducros - rome - arc de constantin - 1785-1793 - musee cantonal des beaux-arts de lausanne.jpg\" class=\"kb-gallery-item-link\" style=\"color: #FFFFFF;\">\r\n                    <div class=\"kb-gal-image-radius\"><div class=\"kb-gallery-image-contain\">\r\n                        <img src=\"https:\/\/www.rome-roma.net\/artmodule\/louis ducros\/louis ducros - rome - arc de constantin - 1785-1793 - musee cantonal des beaux-arts de lausanne.jpg\" width=\"300\" height=\"200\" \r\n                            alt=\"Abraham-Louis-Rodolphe Ducros,Arc de Constantin (1785-1793, date ind\u00e9termin\u00e9e)\" \r\n                            data-full-image=\"https:\/\/www.rome-roma.net\/artmodule\/louis ducros\/louis ducros - rome - arc de constantin - 1785-1793 - musee cantonal des beaux-arts de lausanne.jpg\" \r\n                            data-light-image=\"https:\/\/www.rome-roma.net\/artmodule\/louis ducros\/louis ducros - rome - arc de constantin - 1785-1793 - musee cantonal des beaux-arts de lausanne.jpg\" data-id=\"149\" \r\n                            data-link=\"https:\/\/www.rome-roma.net\/artmodule\/louis ducros\/louis ducros - rome - arc de constantin - 1785-1793 - musee cantonal des beaux-arts de lausanne.jpg\" \r\n                            class=\"wp-image-149\" loading=lazy\/>\r\n                    <\/div><\/div>\r\n                    <figcaption class=\"kadence-blocks-gallery-item__caption\">Abraham-Louis-Rodolphe Ducros, Arc de Constantin<\/figcaption>\r\n                <\/a>\r\n            <\/figure><\/div><\/li><\/div>\r\n        <div class=\"kb-slide-item kb-gallery-carousel-item\"><li class=\"kadence-blocks-gallery-item\"><div class=\"kadence-blocks-gallery-item-inner\">\r\n            <figure class=\"kb-gallery-figure kb-gallery-item-has-link kadence-blocks-gallery-item-has-caption\">\r\n                <a href=\"https:\/\/www.rome-roma.net\/artmodule\/antonietta brandeis\/antonietta brandeis arc de constantin.jpg\" class=\"kb-gallery-item-link\" style=\"color: #FFFFFF;\">\r\n                    <div class=\"kb-gal-image-radius\"><div class=\"kb-gallery-image-contain\">\r\n                        <img src=\"https:\/\/www.rome-roma.net\/artmodule\/antonietta brandeis\/antonietta brandeis arc de constantin.jpg\" width=\"300\" height=\"200\" \r\n                            alt=\"Antonietta Brandeis,L'arc de Constantin (1878-1893, date ind\u00e9termin\u00e9e)\" \r\n                            data-full-image=\"https:\/\/www.rome-roma.net\/artmodule\/antonietta brandeis\/antonietta brandeis arc de constantin.jpg\" \r\n                            data-light-image=\"https:\/\/www.rome-roma.net\/artmodule\/antonietta brandeis\/antonietta brandeis arc de constantin.jpg\" data-id=\"149\" \r\n                            data-link=\"https:\/\/www.rome-roma.net\/artmodule\/antonietta brandeis\/antonietta brandeis arc de constantin.jpg\" \r\n                            class=\"wp-image-149\" loading=lazy\/>\r\n                    <\/div><\/div>\r\n                    <figcaption class=\"kadence-blocks-gallery-item__caption\">Antonietta Brandeis, L'arc de Constantin<\/figcaption>\r\n                <\/a>\r\n            <\/figure><\/div><\/li><\/div>\r\n        <div class=\"kb-slide-item kb-gallery-carousel-item\"><li class=\"kadence-blocks-gallery-item\"><div class=\"kadence-blocks-gallery-item-inner\">\r\n            <figure class=\"kb-gallery-figure kb-gallery-item-has-link kadence-blocks-gallery-item-has-caption\">\r\n                <a href=\"https:\/\/www.rome-roma.net\/artmodule\/antonio joli\/antonio joli - colisee - arc de constantin.jpg\" class=\"kb-gallery-item-link\" style=\"color: #FFFFFF;\">\r\n                    <div class=\"kb-gal-image-radius\"><div class=\"kb-gallery-image-contain\">\r\n                        <img src=\"https:\/\/www.rome-roma.net\/artmodule\/antonio joli\/antonio joli - colisee - arc de constantin.jpg\" width=\"300\" height=\"200\" \r\n                            alt=\"Antonio Joli,Le Colis\u00e9e et l'Arc de Constantin (1720-1770, date ind\u00e9termin\u00e9e)\" \r\n                            data-full-image=\"https:\/\/www.rome-roma.net\/artmodule\/antonio joli\/antonio joli - colisee - arc de constantin.jpg\" \r\n                            data-light-image=\"https:\/\/www.rome-roma.net\/artmodule\/antonio joli\/antonio joli - colisee - arc de constantin.jpg\" data-id=\"149\" \r\n                            data-link=\"https:\/\/www.rome-roma.net\/artmodule\/antonio joli\/antonio joli - colisee - arc de constantin.jpg\" \r\n                            class=\"wp-image-149\" loading=lazy\/>\r\n                    <\/div><\/div>\r\n                    <figcaption class=\"kadence-blocks-gallery-item__caption\">Antonio Joli, Le Colis\u00e9e et l'Arc de Constantin<\/figcaption>\r\n                <\/a>\r\n            <\/figure><\/div><\/li><\/div>\r\n        <div class=\"kb-slide-item kb-gallery-carousel-item\"><li class=\"kadence-blocks-gallery-item\"><div class=\"kadence-blocks-gallery-item-inner\">\r\n            <figure class=\"kb-gallery-figure kb-gallery-item-has-link kadence-blocks-gallery-item-has-caption\">\r\n                <a href=\"https:\/\/www.rome-roma.net\/artmodule\/antonio joli\/antonio joli - vue sur le colisee et arc de constantin.jpg\" class=\"kb-gallery-item-link\" style=\"color: #FFFFFF;\">\r\n                    <div class=\"kb-gal-image-radius\"><div class=\"kb-gallery-image-contain\">\r\n                        <img src=\"https:\/\/www.rome-roma.net\/artmodule\/antonio joli\/antonio joli - vue sur le colisee et arc de constantin.jpg\" width=\"300\" height=\"200\" \r\n                            alt=\"Antonio Joli,Vue sur le Colis\u00e9e et l'Arc de constantin (1720-1770, date ind\u00e9termin\u00e9e)\" \r\n                            data-full-image=\"https:\/\/www.rome-roma.net\/artmodule\/antonio joli\/antonio joli - vue sur le colisee et arc de constantin.jpg\" \r\n                            data-light-image=\"https:\/\/www.rome-roma.net\/artmodule\/antonio joli\/antonio joli - vue sur le colisee et arc de constantin.jpg\" data-id=\"149\" \r\n                            data-link=\"https:\/\/www.rome-roma.net\/artmodule\/antonio joli\/antonio joli - vue sur le colisee et arc de constantin.jpg\" \r\n                            class=\"wp-image-149\" loading=lazy\/>\r\n                    <\/div><\/div>\r\n                    <figcaption class=\"kadence-blocks-gallery-item__caption\">Antonio Joli, Vue sur le Colis\u00e9e et l'Arc de constantin<\/figcaption>\r\n                <\/a>\r\n            <\/figure><\/div><\/li><\/div>\r\n        <div class=\"kb-slide-item kb-gallery-carousel-item\"><li class=\"kadence-blocks-gallery-item\"><div class=\"kadence-blocks-gallery-item-inner\">\r\n            <figure class=\"kb-gallery-figure kb-gallery-item-has-link kadence-blocks-gallery-item-has-caption\">\r\n                <a href=\"https:\/\/www.rome-roma.net\/artmodule\/bernardo bellotto\/bernardo bellotto - arc de constantin - 1742.jpg\" class=\"kb-gallery-item-link\" style=\"color: #FFFFFF;\">\r\n                    <div class=\"kb-gal-image-radius\"><div class=\"kb-gallery-image-contain\">\r\n                        <img src=\"https:\/\/www.rome-roma.net\/artmodule\/bernardo bellotto\/bernardo bellotto - arc de constantin - 1742.jpg\" width=\"300\" height=\"200\" \r\n                            alt=\"Bernardo Bellotto,L'arc de Constantin (1742)\" \r\n                            data-full-image=\"https:\/\/www.rome-roma.net\/artmodule\/bernardo bellotto\/bernardo bellotto - arc de constantin - 1742.jpg\" \r\n                            data-light-image=\"https:\/\/www.rome-roma.net\/artmodule\/bernardo bellotto\/bernardo bellotto - arc de constantin - 1742.jpg\" data-id=\"149\" \r\n                            data-link=\"https:\/\/www.rome-roma.net\/artmodule\/bernardo bellotto\/bernardo bellotto - arc de constantin - 1742.jpg\" \r\n                            class=\"wp-image-149\" loading=lazy\/>\r\n                    <\/div><\/div>\r\n                    <figcaption class=\"kadence-blocks-gallery-item__caption\">Bernardo Bellotto, L'arc de Constantin<\/figcaption>\r\n                <\/a>\r\n            <\/figure><\/div><\/li><\/div>\r\n        <div class=\"kb-slide-item kb-gallery-carousel-item\"><li class=\"kadence-blocks-gallery-item\"><div class=\"kadence-blocks-gallery-item-inner\">\r\n            <figure class=\"kb-gallery-figure kb-gallery-item-has-link kadence-blocks-gallery-item-has-caption\">\r\n                <a href=\"https:\/\/www.rome-roma.net\/artmodule\/bernardo bellotto\/bernardo bellotto - le colisee et l arc de constantin - 1742.jpg\" class=\"kb-gallery-item-link\" style=\"color: #FFFFFF;\">\r\n                    <div class=\"kb-gal-image-radius\"><div class=\"kb-gallery-image-contain\">\r\n                        <img src=\"https:\/\/www.rome-roma.net\/artmodule\/bernardo bellotto\/bernardo bellotto - le colisee et l arc de constantin - 1742.jpg\" width=\"300\" height=\"200\" \r\n                            alt=\"Bernardo Bellotto,Le Colis\u00e9e et l'Arc de Constantin (1742)\" \r\n                            data-full-image=\"https:\/\/www.rome-roma.net\/artmodule\/bernardo bellotto\/bernardo bellotto - le colisee et l arc de constantin - 1742.jpg\" \r\n                            data-light-image=\"https:\/\/www.rome-roma.net\/artmodule\/bernardo bellotto\/bernardo bellotto - le colisee et l arc de constantin - 1742.jpg\" data-id=\"149\" \r\n                            data-link=\"https:\/\/www.rome-roma.net\/artmodule\/bernardo bellotto\/bernardo bellotto - le colisee et l arc de constantin - 1742.jpg\" \r\n                            class=\"wp-image-149\" loading=lazy\/>\r\n                    <\/div><\/div>\r\n                    <figcaption class=\"kadence-blocks-gallery-item__caption\">Bernardo Bellotto, Le Colis\u00e9e et l'Arc de Constantin<\/figcaption>\r\n                <\/a>\r\n            <\/figure><\/div><\/li><\/div>\r\n        <div class=\"kb-slide-item kb-gallery-carousel-item\"><li class=\"kadence-blocks-gallery-item\"><div class=\"kadence-blocks-gallery-item-inner\">\r\n            <figure class=\"kb-gallery-figure kb-gallery-item-has-link kadence-blocks-gallery-item-has-caption\">\r\n                <a href=\"https:\/\/www.rome-roma.net\/artmodule\/canaletto\/canaletto - colosseum and arch of constantine  1743.jpg\" class=\"kb-gallery-item-link\" style=\"color: #FFFFFF;\">\r\n                    <div class=\"kb-gal-image-radius\"><div class=\"kb-gallery-image-contain\">\r\n                        <img src=\"https:\/\/www.rome-roma.net\/artmodule\/canaletto\/canaletto - colosseum and arch of constantine  1743.jpg\" width=\"300\" height=\"200\" \r\n                            alt=\"Canaletto,Colis\u00e9e et arc de Constantin (1743)\" \r\n                            data-full-image=\"https:\/\/www.rome-roma.net\/artmodule\/canaletto\/canaletto - colosseum and arch of constantine  1743.jpg\" \r\n                            data-light-image=\"https:\/\/www.rome-roma.net\/artmodule\/canaletto\/canaletto - colosseum and arch of constantine  1743.jpg\" data-id=\"149\" \r\n                            data-link=\"https:\/\/www.rome-roma.net\/artmodule\/canaletto\/canaletto - colosseum and arch of constantine  1743.jpg\" \r\n                            class=\"wp-image-149\" loading=lazy\/>\r\n                    <\/div><\/div>\r\n                    <figcaption class=\"kadence-blocks-gallery-item__caption\">Canaletto, Colis\u00e9e et arc de Constantin<\/figcaption>\r\n                <\/a>\r\n            <\/figure><\/div><\/li><\/div>\r\n        <div class=\"kb-slide-item kb-gallery-carousel-item\"><li class=\"kadence-blocks-gallery-item\"><div class=\"kadence-blocks-gallery-item-inner\">\r\n            <figure class=\"kb-gallery-figure kb-gallery-item-has-link kadence-blocks-gallery-item-has-caption\">\r\n                <a href=\"https:\/\/www.rome-roma.net\/artmodule\/canaletto\/imitateur de canaletto - colisee et arc de constantin - national trust.jpg\" class=\"kb-gallery-item-link\" style=\"color: #FFFFFF;\">\r\n                    <div class=\"kb-gal-image-radius\"><div class=\"kb-gallery-image-contain\">\r\n                        <img src=\"https:\/\/www.rome-roma.net\/artmodule\/canaletto\/imitateur de canaletto - colisee et arc de constantin - national trust.jpg\" width=\"300\" height=\"200\" \r\n                            alt=\"Canaletto,Le Colis\u00e9e et l'Arc de Constantin (1730-1768, date ind\u00e9termin\u00e9e)\" \r\n                            data-full-image=\"https:\/\/www.rome-roma.net\/artmodule\/canaletto\/imitateur de canaletto - colisee et arc de constantin - national trust.jpg\" \r\n                            data-light-image=\"https:\/\/www.rome-roma.net\/artmodule\/canaletto\/imitateur de canaletto - colisee et arc de constantin - national trust.jpg\" data-id=\"149\" \r\n                            data-link=\"https:\/\/www.rome-roma.net\/artmodule\/canaletto\/imitateur de canaletto - colisee et arc de constantin - national trust.jpg\" \r\n                            class=\"wp-image-149\" loading=lazy\/>\r\n                    <\/div><\/div>\r\n                    <figcaption class=\"kadence-blocks-gallery-item__caption\">Canaletto, Le Colis\u00e9e et l'Arc de Constantin<\/figcaption>\r\n                <\/a>\r\n            <\/figure><\/div><\/li><\/div>\r\n        <div class=\"kb-slide-item kb-gallery-carousel-item\"><li class=\"kadence-blocks-gallery-item\"><div class=\"kadence-blocks-gallery-item-inner\">\r\n            <figure class=\"kb-gallery-figure kb-gallery-item-has-link kadence-blocks-gallery-item-has-caption\">\r\n                <a href=\"https:\/\/www.rome-roma.net\/artmodule\/canaletto\/canaletto - arc de constantin.jpg\" class=\"kb-gallery-item-link\" style=\"color: #FFFFFF;\">\r\n                    <div class=\"kb-gal-image-radius\"><div class=\"kb-gallery-image-contain\">\r\n                        <img src=\"https:\/\/www.rome-roma.net\/artmodule\/canaletto\/canaletto - arc de constantin.jpg\" width=\"300\" height=\"200\" \r\n                            alt=\"Canaletto,Arc de Constantin (1730-1768, date ind\u00e9termin\u00e9e)\" \r\n                            data-full-image=\"https:\/\/www.rome-roma.net\/artmodule\/canaletto\/canaletto - arc de constantin.jpg\" \r\n                            data-light-image=\"https:\/\/www.rome-roma.net\/artmodule\/canaletto\/canaletto - arc de constantin.jpg\" data-id=\"149\" \r\n                            data-link=\"https:\/\/www.rome-roma.net\/artmodule\/canaletto\/canaletto - arc de constantin.jpg\" \r\n                            class=\"wp-image-149\" loading=lazy\/>\r\n                    <\/div><\/div>\r\n                    <figcaption class=\"kadence-blocks-gallery-item__caption\">Canaletto, Arc de Constantin<\/figcaption>\r\n                <\/a>\r\n            <\/figure><\/div><\/li><\/div><\/div><\/div><\/div><\/div><a href=\"https:\/\/www.rome-roma.net\/site-rome-art.php?lieu=arc+de+constantin\" target=\"_blank\">Clica per vedere oltre dipinti e artisti su Arc de Constantin in Roma<\/a><br>\n\n\n\n<h2>Informazioni<\/h2>\n<table style=\"border-collapse: collapse; width: 100%;\">\n<tbody>\n<tr style=\"background-color: #fae8c3;\">\n<td style=\"width: 100%;\"><span style=\"font-size: 10pt;\"><strong>Arco di Costantino<\/strong><\/span><br \/><span style=\"font-size: 10pt;\"><em>Via di San Gregorio, 00186 Roma<\/em><\/span><\/td>\n<\/tr>\n<tr style=\"background-color: #f7ece1;\">\n<td style=\"width: 100%;\">\n<p><span style=\"font-size: 10pt;\"><strong>Fonti e collegamenti<\/strong><\/span><\/p>\n<ul>\n<li><a href=\"https:\/\/060608.comune.roma.it\/cultura\/beni-archeologici\/arco-di-costantino-3728\" target=\"_blank\" rel=\"noopener\"><span style=\"font-size: 10pt;\">Sito del comune di Roma : Arco di Costantino<\/span><\/a><\/li>\n<li><span style=\"font-size: 10pt;\"><a href=\"https:\/\/it.wikipedia.org\/wiki\/Arco_di_Costantino\" target=\"_blank\" rel=\"noopener noreferrer\">Pagina Wikipedia<\/a><\/span><\/li>\n<li><span style=\"font-size: 10pt;\"><a href=\"https:\/\/www.romasegreta.it\/celio\/arco-di-costantino.html\" target=\"_blank\" rel=\"noopener noreferrer\">Pagina di Roma Segreta<\/a> <\/span><\/li>\n<\/ul>\n<\/td>\n<\/tr>\n<\/tbody>\n<\/table>\n","protected":false},"excerpt":{"rendered":"<p>Scoperta dell&#8217;arco di Costantino vicino al Colosseo, uno dei monumenti pi\u00f9 emblematici della scultura romana di diverse epoche. Descrizione, foto e storia.<\/p>\n","protected":false},"featured_media":26167,"parent":0,"menu_order":0,"comment_status":"open","ping_status":"open","template":"","format":"standard","meta":{"kt_blocks_editor_width":"","_links_to":"","_links_to_target":""},"genre":[268],"interet":[287],"quartier":[314],"categorie_site":[425],"quartier_historique":[442],"etiquettes_site":[],"acf":[],"yoast_head":"<!-- This site is optimized with the Yoast SEO plugin v17.4 - https:\/\/yoast.com\/wordpress\/plugins\/seo\/ -->\n<title>Arco di Costantino &ndash; Rome-Roma<\/title>\n<meta name=\"description\" content=\"Scoperta dell&#039;arco di Costantino vicino al Colosseo, uno dei monumenti pi\u00f9 emblematici della scultura romana di diverse epoche. Descrizione, foto e storia.\" \/>\n<meta name=\"robots\" content=\"index, follow, max-snippet:-1, max-image-preview:large, max-video-preview:-1\" \/>\n<link rel=\"canonical\" href=\"https:\/\/www.rome-roma.net\/it\/arco-di-costantino\/\" \/>\n<meta property=\"og:locale\" content=\"it_IT\" \/>\n<meta property=\"og:type\" content=\"article\" \/>\n<meta property=\"og:title\" content=\"Arco di Costantino &ndash; Rome-Roma\" \/>\n<meta property=\"og:description\" content=\"Scoperta dell&#039;arco di Costantino vicino al Colosseo, uno dei monumenti pi\u00f9 emblematici della scultura romana di diverse epoche. Descrizione, foto e storia.\" \/>\n<meta property=\"og:url\" content=\"https:\/\/www.rome-roma.net\/it\/arco-di-costantino\/\" \/>\n<meta property=\"og:site_name\" content=\"Rome-Roma\" \/>\n<meta property=\"article:modified_time\" content=\"2024-12-18T08:38:15+00:00\" \/>\n<meta property=\"og:image\" content=\"https:\/\/www.rome-roma.net\/wp-content\/uploads\/2020\/01\/arc-de-constantin-rome-0015.jpg\" \/>\n\t<meta property=\"og:image:width\" content=\"1200\" \/>\n\t<meta property=\"og:image:height\" content=\"800\" \/>\n<meta name=\"twitter:card\" content=\"summary_large_image\" \/>\n<meta name=\"twitter:label1\" content=\"Tempo di lettura stimato\" \/>\n\t<meta name=\"twitter:data1\" content=\"6 minuti\" \/>\n<script type=\"application\/ld+json\" class=\"yoast-schema-graph\">{\"@context\":\"https:\/\/schema.org\",\"@graph\":[{\"@type\":\"Organization\",\"@id\":\"https:\/\/www.rome-roma.net\/it\/#organization\",\"name\":\"Rome-Roma\",\"url\":\"https:\/\/www.rome-roma.net\/it\/\",\"sameAs\":[],\"logo\":{\"@type\":\"ImageObject\",\"@id\":\"https:\/\/www.rome-roma.net\/it\/#logo\",\"inLanguage\":\"it-IT\",\"url\":\"https:\/\/www.rome-roma.net\/wp-content\/uploads\/2025\/07\/logo-rome-roma-420.jpg\",\"contentUrl\":\"https:\/\/www.rome-roma.net\/wp-content\/uploads\/2025\/07\/logo-rome-roma-420.jpg\",\"width\":420,\"height\":420,\"caption\":\"Rome-Roma\"},\"image\":{\"@id\":\"https:\/\/www.rome-roma.net\/it\/#logo\"}},{\"@type\":\"WebSite\",\"@id\":\"https:\/\/www.rome-roma.net\/it\/#website\",\"url\":\"https:\/\/www.rome-roma.net\/it\/\",\"name\":\"Rome-Roma\",\"description\":\"Cultura & Viaggio\",\"publisher\":{\"@id\":\"https:\/\/www.rome-roma.net\/it\/#organization\"},\"potentialAction\":[{\"@type\":\"SearchAction\",\"target\":{\"@type\":\"EntryPoint\",\"urlTemplate\":\"https:\/\/www.rome-roma.net\/it\/?s={search_term_string}\"},\"query-input\":\"required name=search_term_string\"}],\"inLanguage\":\"it-IT\"},{\"@type\":\"ImageObject\",\"@id\":\"https:\/\/www.rome-roma.net\/it\/arco-di-costantino\/#primaryimage\",\"inLanguage\":\"it-IT\",\"url\":\"https:\/\/www.rome-roma.net\/wp-content\/uploads\/2020\/01\/arc-de-constantin-rome-0015.jpg\",\"contentUrl\":\"https:\/\/www.rome-roma.net\/wp-content\/uploads\/2020\/01\/arc-de-constantin-rome-0015.jpg\",\"width\":1200,\"height\":800,\"caption\":\"Arco di Costantino a Roma\"},{\"@type\":\"WebPage\",\"@id\":\"https:\/\/www.rome-roma.net\/it\/arco-di-costantino\/#webpage\",\"url\":\"https:\/\/www.rome-roma.net\/it\/arco-di-costantino\/\",\"name\":\"Arco di Costantino &ndash; Rome-Roma\",\"isPartOf\":{\"@id\":\"https:\/\/www.rome-roma.net\/it\/#website\"},\"primaryImageOfPage\":{\"@id\":\"https:\/\/www.rome-roma.net\/it\/arco-di-costantino\/#primaryimage\"},\"datePublished\":\"2020-01-14T13:55:35+00:00\",\"dateModified\":\"2024-12-18T08:38:15+00:00\",\"description\":\"Scoperta dell'arco di Costantino vicino al Colosseo, uno dei monumenti pi\\u00f9 emblematici della scultura romana di diverse epoche. Descrizione, foto e storia.\",\"breadcrumb\":{\"@id\":\"https:\/\/www.rome-roma.net\/it\/arco-di-costantino\/#breadcrumb\"},\"inLanguage\":\"it-IT\",\"potentialAction\":[{\"@type\":\"ReadAction\",\"target\":[\"https:\/\/www.rome-roma.net\/it\/arco-di-costantino\/\"]}]},{\"@type\":\"BreadcrumbList\",\"@id\":\"https:\/\/www.rome-roma.net\/it\/arco-di-costantino\/#breadcrumb\",\"itemListElement\":[{\"@type\":\"ListItem\",\"position\":1,\"name\":\"Accueil\",\"item\":\"https:\/\/www.rome-roma.net\/it\/\"},{\"@type\":\"ListItem\",\"position\":2,\"name\":\"Arco di Costantino\"}]}]}<\/script>\n<!-- \/ Yoast SEO plugin. -->","yoast_head_json":{"title":"Arco di Costantino &ndash; Rome-Roma","description":"Scoperta dell'arco di Costantino vicino al Colosseo, uno dei monumenti pi\u00f9 emblematici della scultura romana di diverse epoche. Descrizione, foto e storia.","robots":{"index":"index","follow":"follow","max-snippet":"max-snippet:-1","max-image-preview":"max-image-preview:large","max-video-preview":"max-video-preview:-1"},"canonical":"https:\/\/www.rome-roma.net\/it\/arco-di-costantino\/","og_locale":"it_IT","og_type":"article","og_title":"Arco di Costantino &ndash; Rome-Roma","og_description":"Scoperta dell'arco di Costantino vicino al Colosseo, uno dei monumenti pi\u00f9 emblematici della scultura romana di diverse epoche. Descrizione, foto e storia.","og_url":"https:\/\/www.rome-roma.net\/it\/arco-di-costantino\/","og_site_name":"Rome-Roma","article_modified_time":"2024-12-18T08:38:15+00:00","og_image":[{"width":1200,"height":800,"url":"https:\/\/www.rome-roma.net\/wp-content\/uploads\/2020\/01\/arc-de-constantin-rome-0015.jpg","type":"image\/jpeg"}],"twitter_card":"summary_large_image","twitter_misc":{"Tempo di lettura stimato":"6 minuti"},"schema":{"@context":"https:\/\/schema.org","@graph":[{"@type":"Organization","@id":"https:\/\/www.rome-roma.net\/it\/#organization","name":"Rome-Roma","url":"https:\/\/www.rome-roma.net\/it\/","sameAs":[],"logo":{"@type":"ImageObject","@id":"https:\/\/www.rome-roma.net\/it\/#logo","inLanguage":"it-IT","url":"https:\/\/www.rome-roma.net\/wp-content\/uploads\/2025\/07\/logo-rome-roma-420.jpg","contentUrl":"https:\/\/www.rome-roma.net\/wp-content\/uploads\/2025\/07\/logo-rome-roma-420.jpg","width":420,"height":420,"caption":"Rome-Roma"},"image":{"@id":"https:\/\/www.rome-roma.net\/it\/#logo"}},{"@type":"WebSite","@id":"https:\/\/www.rome-roma.net\/it\/#website","url":"https:\/\/www.rome-roma.net\/it\/","name":"Rome-Roma","description":"Cultura & Viaggio","publisher":{"@id":"https:\/\/www.rome-roma.net\/it\/#organization"},"potentialAction":[{"@type":"SearchAction","target":{"@type":"EntryPoint","urlTemplate":"https:\/\/www.rome-roma.net\/it\/?s={search_term_string}"},"query-input":"required name=search_term_string"}],"inLanguage":"it-IT"},{"@type":"ImageObject","@id":"https:\/\/www.rome-roma.net\/it\/arco-di-costantino\/#primaryimage","inLanguage":"it-IT","url":"https:\/\/www.rome-roma.net\/wp-content\/uploads\/2020\/01\/arc-de-constantin-rome-0015.jpg","contentUrl":"https:\/\/www.rome-roma.net\/wp-content\/uploads\/2020\/01\/arc-de-constantin-rome-0015.jpg","width":1200,"height":800,"caption":"Arco di Costantino a Roma"},{"@type":"WebPage","@id":"https:\/\/www.rome-roma.net\/it\/arco-di-costantino\/#webpage","url":"https:\/\/www.rome-roma.net\/it\/arco-di-costantino\/","name":"Arco di Costantino &ndash; Rome-Roma","isPartOf":{"@id":"https:\/\/www.rome-roma.net\/it\/#website"},"primaryImageOfPage":{"@id":"https:\/\/www.rome-roma.net\/it\/arco-di-costantino\/#primaryimage"},"datePublished":"2020-01-14T13:55:35+00:00","dateModified":"2024-12-18T08:38:15+00:00","description":"Scoperta dell'arco di Costantino vicino al Colosseo, uno dei monumenti pi\u00f9 emblematici della scultura romana di diverse epoche. Descrizione, foto e storia.","breadcrumb":{"@id":"https:\/\/www.rome-roma.net\/it\/arco-di-costantino\/#breadcrumb"},"inLanguage":"it-IT","potentialAction":[{"@type":"ReadAction","target":["https:\/\/www.rome-roma.net\/it\/arco-di-costantino\/"]}]},{"@type":"BreadcrumbList","@id":"https:\/\/www.rome-roma.net\/it\/arco-di-costantino\/#breadcrumb","itemListElement":[{"@type":"ListItem","position":1,"name":"Accueil","item":"https:\/\/www.rome-roma.net\/it\/"},{"@type":"ListItem","position":2,"name":"Arco di Costantino"}]}]}},"acf_fields":{"nom_monument":null,"wikidata":"Q5786","sameas":null},"_links":{"self":[{"href":"https:\/\/www.rome-roma.net\/it\/wp-json\/wp\/v2\/site\/5942"}],"collection":[{"href":"https:\/\/www.rome-roma.net\/it\/wp-json\/wp\/v2\/site"}],"about":[{"href":"https:\/\/www.rome-roma.net\/it\/wp-json\/wp\/v2\/types\/site"}],"replies":[{"embeddable":true,"href":"https:\/\/www.rome-roma.net\/it\/wp-json\/wp\/v2\/comments?post=5942"}],"wp:featuredmedia":[{"embeddable":true,"href":"https:\/\/www.rome-roma.net\/it\/wp-json\/wp\/v2\/media\/26167"}],"wp:attachment":[{"href":"https:\/\/www.rome-roma.net\/it\/wp-json\/wp\/v2\/media?parent=5942"}],"wp:term":[{"taxonomy":"genre","embeddable":true,"href":"https:\/\/www.rome-roma.net\/it\/wp-json\/wp\/v2\/genre?post=5942"},{"taxonomy":"interet","embeddable":true,"href":"https:\/\/www.rome-roma.net\/it\/wp-json\/wp\/v2\/interet?post=5942"},{"taxonomy":"quartier","embeddable":true,"href":"https:\/\/www.rome-roma.net\/it\/wp-json\/wp\/v2\/quartier?post=5942"},{"taxonomy":"categorie_site","embeddable":true,"href":"https:\/\/www.rome-roma.net\/it\/wp-json\/wp\/v2\/categorie_site?post=5942"},{"taxonomy":"quartier_historique","embeddable":true,"href":"https:\/\/www.rome-roma.net\/it\/wp-json\/wp\/v2\/quartier_historique?post=5942"},{"taxonomy":"etiquettes_site","embeddable":true,"href":"https:\/\/www.rome-roma.net\/it\/wp-json\/wp\/v2\/etiquettes_site?post=5942"}],"curies":[{"name":"wp","href":"https:\/\/api.w.org\/{rel}","templated":true}]}}