


{"id":6069,"date":"2020-02-11T19:07:26","date_gmt":"2020-02-11T18:07:26","guid":{"rendered":"https:\/\/www.rome-roma.net\/site\/piazza-colonna\/"},"modified":"2025-01-03T14:21:38","modified_gmt":"2025-01-03T13:21:38","slug":"piazza-colonna-roma","status":"publish","type":"site","link":"https:\/\/www.rome-roma.net\/it\/piazza-colonna-roma\/","title":{"rendered":"Piazza Colonna"},"content":{"rendered":"<p>La <strong>Piazza Colonna<\/strong> fu realizzata alla fine del XVI secolo da papa Sisto V, situata a met\u00e0 strada tra la <a href=\"https:\/\/www.rome-roma.net\/it\/piazza-venezia-a-roma\/\">Piazza Venezia<\/a> e la <a href=\"https:\/\/www.rome-roma.net\/it\/piazza-del-popolo-roma\/\">Piazza del Popolo<\/a>, lungo la <a href=\"https:\/\/www.rome-roma.net\/it\/la-via-del-corso\/\">via del Corso<\/a>.<\/p>\n<h2>Una descrizione della piazza<\/h2>\n<div id=\"attachment_9982\" style=\"width: 310px\" class=\"wp-caption alignleft\"><a href=\"https:\/\/www.rome-roma.net\/wp-content\/uploads\/2020\/02\/piazza-colonna-roma_2046.jpg\"><img aria-describedby=\"caption-attachment-9982\" loading=\"lazy\" class=\"wp-image-9982 size-medium\" src=\"https:\/\/www.rome-roma.net\/wp-content\/uploads\/2020\/02\/piazza-colonna-roma_2046-300x200.jpg\" alt=\"piazza-colonna-roma_2046\" width=\"300\" height=\"200\" srcset=\"https:\/\/www.rome-roma.net\/wp-content\/uploads\/2020\/02\/piazza-colonna-roma_2046-300x200.jpg 300w, https:\/\/www.rome-roma.net\/wp-content\/uploads\/2020\/02\/piazza-colonna-roma_2046-1024x683.jpg 1024w, https:\/\/www.rome-roma.net\/wp-content\/uploads\/2020\/02\/piazza-colonna-roma_2046-768x512.jpg 768w, https:\/\/www.rome-roma.net\/wp-content\/uploads\/2020\/02\/piazza-colonna-roma_2046.jpg 1200w\" sizes=\"(max-width: 300px) 100vw, 300px\" \/><\/a><p id=\"caption-attachment-9982\" class=\"wp-caption-text\">Piazza Colonna<\/p><\/div>\n<p>Al centro della piazza s&#8217;innalza la <a href=\"https:\/\/www.rome-roma.net\/it\/colonna-di-marco-aurelio\/\"><strong>Colonna di Marco Aurelio<\/strong><\/a>, eretta qui in onore dell&#8217;<strong>imperatore Marco Aurelio<\/strong> tra il 180 (data della sua morte) e il 193, seguendo un modello ispirato a quello di Traiano, per commemorare le sue vittorie militari.<\/p>\n<p>Un tempo si trovava al centro di un complesso monumentale che comprendeva il <strong>Tempio di Marco Aurelio<\/strong> (nell&#8217;attuale palazzo Wedekind), edificato dal figlio e successore Commodo; l&#8217;Ustrinum Antoninorum, usato per le cremazioni, vicino al palazzo di Montecitorio; oltre ad altri edifici di tipo insulae.<\/p>\n<div id=\"attachment_9977\" style=\"width: 160px\" class=\"wp-caption alignright\"><a href=\"https:\/\/www.rome-roma.net\/wp-content\/uploads\/2020\/02\/piazza-colonna-marco-aurelio_2047.jpg\"><img aria-describedby=\"caption-attachment-9977\" loading=\"lazy\" class=\"size-thumbnail wp-image-9977\" src=\"https:\/\/www.rome-roma.net\/wp-content\/uploads\/2020\/02\/piazza-colonna-marco-aurelio_2047-150x150.jpg\" alt=\"piazza-colonna-marco-aurelio_2047\" width=\"150\" height=\"150\" srcset=\"https:\/\/www.rome-roma.net\/wp-content\/uploads\/2020\/02\/piazza-colonna-marco-aurelio_2047-150x150.jpg 150w, https:\/\/www.rome-roma.net\/wp-content\/uploads\/2020\/02\/piazza-colonna-marco-aurelio_2047-50x50.jpg 50w, https:\/\/www.rome-roma.net\/wp-content\/uploads\/2020\/02\/piazza-colonna-marco-aurelio_2047-80x80.jpg 80w, https:\/\/www.rome-roma.net\/wp-content\/uploads\/2020\/02\/piazza-colonna-marco-aurelio_2047-75x75.jpg 75w\" sizes=\"(max-width: 150px) 100vw, 150px\" \/><\/a><p id=\"caption-attachment-9977\" class=\"wp-caption-text\">Colonna di Marco Aurelio<\/p><\/div>\n<p>Di fronte alla colonna, sul lato nord, s&#8217;innalza la facciata principale del <strong>palazzo Chigi<\/strong>, attualmente sede del Consiglio dei ministri italiani.<br \/>Sul lato ovest, il <strong>palazzo Wedekind<\/strong> ospita la sede del quotidiano nazionale <strong>Il Tempo<\/strong>, il cui portico poggia su magnifiche colonne ioniche provenienti dall&#8217;antica citt\u00e0 romana di <a href=\"https:\/\/www.rome-roma.net\/it\/parco-di-veio\/\"><strong>Veio<\/strong><\/a>.<br \/>Altri palazzi circondano la piazza e, dall&#8217;altro lato della Via del Corso, si trova la Galleria Colonna, oggi rinominata <a href=\"https:\/\/www.rome-roma.net\/it\/galleria-alberto-sordi\/\"><strong>Galleria Alberto Sordi<\/strong><\/a>, con le sue boutique raffinate.<br \/>Infine, l&#8217;elegante <a href=\"https:\/\/www.rome-roma.net\/it\/fontana-della-piazza-colonna\/\">fontana della Piazza Colonna<\/a>, progettata da <strong>Giacomo della Porta<\/strong> su commissione di papa Gregorio XIII, \u00e8 alimentata dalle acque dell&#8217;acquedotto dell&#8217;Acqua Vergine.<\/p>\n<h2>Monumenti sulla piazza<\/h2>\n<h3>Colonna, galleria e fontana<\/h3>\n<ul>\n<li>Leggi la pagina sulla <a href=\"https:\/\/www.rome-roma.net\/it\/colonna-di-marco-aurelio\/\">colonna di Marco Aurelio<\/a><\/li>\n<li>Leggi la pagina sulla <a href=\"https:\/\/www.rome-roma.net\/it\/galleria-alberto-sordi\/\">galleria Alberto Sordi<\/a><\/li>\n<li>Leggi la pagina sulla <a href=\"https:\/\/www.rome-roma.net\/it\/fontana-della-piazza-colonna\/\">fontana piazza Colonna<\/a><\/li>\n<\/ul>\n<h3><span style=\"color: #000000;\">Palazzo Wedekind<\/span><\/h3>\n<div id=\"attachment_9972\" style=\"width: 310px\" class=\"wp-caption alignright\"><a href=\"https:\/\/www.rome-roma.net\/wp-content\/uploads\/2020\/02\/piazza-colonna_1209.jpg\"><img aria-describedby=\"caption-attachment-9972\" loading=\"lazy\" class=\"size-medium wp-image-9972\" src=\"https:\/\/www.rome-roma.net\/wp-content\/uploads\/2020\/02\/piazza-colonna_1209-300x200.jpg\" alt=\"piazza-colonna_1209\" width=\"300\" height=\"200\" srcset=\"https:\/\/www.rome-roma.net\/wp-content\/uploads\/2020\/02\/piazza-colonna_1209-300x200.jpg 300w, https:\/\/www.rome-roma.net\/wp-content\/uploads\/2020\/02\/piazza-colonna_1209-1024x683.jpg 1024w, https:\/\/www.rome-roma.net\/wp-content\/uploads\/2020\/02\/piazza-colonna_1209-768x512.jpg 768w, https:\/\/www.rome-roma.net\/wp-content\/uploads\/2020\/02\/piazza-colonna_1209.jpg 1200w\" sizes=\"(max-width: 300px) 100vw, 300px\" \/><\/a><p id=\"caption-attachment-9972\" class=\"wp-caption-text\">Palazzo Wedekind<\/p><\/div>\n<p>Il <strong>palazzo Wedekind<\/strong> occupa il sito dell&#8217;antico tempio di Marco Aurelio, con una struttura risalente alla seconda met\u00e0 del XVII secolo, costruita sull&#8217;area di case appartenenti alla famiglia Soderini. Sub\u00ec modifiche quando papa Innocenzo XII lo affid\u00f2 all&#8217;Ospizio apostolico di San Michele. Nel XIX secolo, ospit\u00f2 la direzione delle poste pontificie.<\/p>\n<p>Il suo portico straordinario \u00e8 costituito da dodici colonne ioniche, di cui undici provengono da un edificio augusteo della citt\u00e0 antica di Veio, forse una basilica. Un&#8217;iscrizione in latino sul lintello ricorda che, nel 1838, papa Gregorio XVI fece aggiungere questo portico. Le quattro colonne in marmo venato che incorniciano il portale d&#8217;ingresso provengono dalla <a href=\"https:\/\/www.rome-roma.net\/it\/basilica-san-paolo-fuori-le-mura\/\">basilica di San Paolo fuori le Mura<\/a>. In cima c&#8217;era una terrazza ornata da un&#8217;iscrizione commemorativa incorniciata da due orologi che coronavano l&#8217;edificio. Quando le poste furono trasferite nel 1876 in piazza San Silvestro, lo Stato vendette il palazzo al banchiere Wedekind, che effettu\u00f2 dei lavori di ristrutturazione, rimuovendo l&#8217;iscrizione superiore e uno degli orologi. Oggi il palazzo ospita la sede del quotidiano nazionale <strong>Il Tempo<\/strong>.<\/p>\n<h3>Palazzo Chigi<\/h3>\n<p>Sul lato nord della piazza, il <strong>palazzo Chigi<\/strong> \u00e8 la sede della <strong>Presidenza del Consiglio dei Ministri<\/strong> dal 1961, dove si riunisce il governo esecutivo italiano. Costruito nel XVI secolo per Pietro Aldobrandini da Matteo Bartolini, fu acquisito dalla famiglia Chigi nel 1659. Di grande dimensione, si distingue per i suoi piccoli balconi sulla facciata, in particolare quello che si affaccia sulla <a href=\"https:\/\/www.rome-roma.net\/it\/la-via-del-corso\/\">via del Corso<\/a>, la cui finestra ha un timpano tagliato, poich\u00e9 lo stemma di Alessandro VII fu trasferito nell&#8217;atrio.<\/p>\n<p>I lavori furono completati dall&#8217;architetto Felice Della Greca, che aggiunse l&#8217;elegante cortile con portici e l&#8217;imponente scalinata d&#8217;onore. Nel XVIII secolo, fu creato il portale di <strong>piazza Colonna<\/strong>, insieme alla fontana del cortile che porta l&#8217;emblema dei Chigi (sei colline coronate da una stella), e le prestigiose stanze del primo e secondo piano. Al secondo piano, il Salone d&#8217;oro, decorato con dorature dal pavimento al soffitto, fu realizzato in occasione del matrimonio del principe Sigismondo Chigi con Maria Flaminia Odescalchi. Il soffitto, ornato da false prospettive, presenta al centro un dipinto di Giovan Battista Gaulli (detto il Baciccia) che rappresenta Endimione spiato da Diana, dipinto nel 1668.<\/p>\n<p>Dopo essere stato un palazzo privato, il palazzo Chigi fu successivamente la sede dell&#8217;ambasciata di Spagna, poi dell&#8217;ambasciata di Austria-Ungheria. Acquistato dallo Stato nel 1922, ospit\u00f2 il Ministero degli Affari Esteri fino al 1961, anno in cui fu trasferito al Palazzo della Farnesina.<\/p>\n<h3>Palazzo Ferrajoli<\/h3>\n<p>Sul lato sud della piazza, il <strong>palazzo Ferrajoli<\/strong> fu costruito nel XVI secolo, probabilmente ristrutturato da Giacomo Della Porta, poi modificato nel XVII secolo da Francesco Peparelli. Fu di propriet\u00e0 dei marchesi Ferrajoli nel XIX secolo. Una bella fontana decora il cortile, dove si erge una statua di Cerere su una base ornata da una testa di leone, dalla quale l&#8217;acqua scorre nel bacino.<\/p>\n<h3>Santa Maria della Piet\u00e0<\/h3>\n<p>Adiacente al palazzo precedente, la piccola chiesa del XVI secolo dei <strong>Santi Bartolomeo e Alessandro dei bergamaschi<\/strong>, affidata alla <strong>Confraternita dei bergamaschi<\/strong>, era un tempo chiamata Santa Maria della Piet\u00e0 ed era annessa all&#8217;ospedale dei Pazzerelli. Il portale \u00e8 sovrastato da un bassorilievo che rappresenta la Madonna. All&#8217;interno, i dipinti risalgono ai primi del XX secolo, e vi si trova una scultura in legno del Cristo alla colonna, opera di Filippo del Borgo, e una tela della Madonna della Piet\u00e0, attribuita a Guido Reni.<\/p>\n\n\n<h2>Cartina ed indirizzo<\/h2>\r\n\t\t<b>Indirizzo : <\/b> Piazza Colonna, Roma RM <div id=\"travelersmap-container-69f2fb348c089\" class=\"travelersmap-container\" style=\"z-index: 1; min-height: 10px; min-width:10px; height:400px;width:100%; max-width:; max-height:; position:relative;\"><div style=\"position:absolute; z-index:-1;top: 50%;text-align: center;display: block;left: 50%;transform: translate(-50%,-50%);\">Travelers' Map is loading... <br> If you see this after your page is loaded completely, leafletJS files are missing.<\/div><\/div><i>Clicca sulla freccia per localizzarti sulla mappa<\/i><br><br>\n\n\n\n<h2>Sulla Piazza Colonna<\/h2>\n\n\n\n<ul class=\"lcp_catlist\" id=\"lcp_instance_0\"><li class=\"current\"><a href=\"https:\/\/www.rome-roma.net\/it\/piazza-colonna-roma\/\">Piazza Colonna<\/a><a href=\"https:\/\/www.rome-roma.net\/it\/piazza-colonna-roma\/\" title=\"Piazza Colonna\"><img src=\"https:\/\/www.rome-roma.net\/wp-content\/uploads\/2020\/02\/piazza-colonna-roma_2046-300x200.jpg\" class=\"classthumblist\"  alt=\"Piazza Colonna\" \/><\/a><div class=\"lcp_excerpt\">La Piazza Colonna fu realizzata alla fine del XVI secolo da papa Sisto V, situata a met\u00e0 strada tra la Piazza Venezia e la Piazza ...<\/div><\/li><li><a href=\"https:\/\/www.rome-roma.net\/it\/colonna-di-marco-aurelio\/\">Colonna di Marco Aurelio<\/a><a href=\"https:\/\/www.rome-roma.net\/it\/colonna-di-marco-aurelio\/\" title=\"Colonna di Marco Aurelio\"><img src=\"https:\/\/www.rome-roma.net\/wp-content\/uploads\/2020\/02\/piazza-colonna-marco-aurelio_2047-683x1024.jpg\" class=\"classthumblist\"  alt=\"Colonna di Marco Aurelio\" \/><\/a><div class=\"lcp_excerpt\">Eretta sul Campo Marzio dopo la morte dell&#8217;Imperatore Marco Aurelio, questa colonna incisa alta 30 metri celebra le vittorie militari contro tedeschi e sarmati.\n<\/div><\/li><li><a href=\"https:\/\/www.rome-roma.net\/it\/galleria-alberto-sordi\/\">Galleria Alberto Sordi<\/a><a href=\"https:\/\/www.rome-roma.net\/it\/galleria-alberto-sordi\/\" title=\"Galleria Alberto Sordi\"><img src=\"https:\/\/www.rome-roma.net\/photos\/rome2015\/images\/galleria_alberto_sordi_9219.jpg\" class=\"classthumblist\"  alt=\"Galleria Alberto Sordi\" \/><\/a><div class=\"lcp_excerpt\">Il progetto della galleria risale al 1872 con il progetto di ampliamento di piazza Colonna e l&#8217;installazione della Camera dei Deputati (parlamento) nel vicino palazzo ...<\/div><\/li><li><a href=\"https:\/\/www.rome-roma.net\/it\/fontana-della-piazza-colonna\/\">Fontana della Piazza Colonna<\/a><a href=\"https:\/\/www.rome-roma.net\/it\/fontana-della-piazza-colonna\/\" title=\"Fontana della Piazza Colonna\"><img src=\"https:\/\/www.rome-roma.net\/wp-content\/uploads\/2020\/06\/fontana-piazza-colonna_1205-1024x683.jpg\" class=\"classthumblist\"  alt=\"Fontana della Piazza Colonna\" \/><\/a><div class=\"lcp_excerpt\">La fontana situata in Piazza Colonna a Roma ha beneficiato del restauro dell\u2019acquedotto dell\u2019Acqua Vergine nel XVI secolo, quando furono installate delle diramazioni per alimentare ...<\/div><\/li><\/ul>\n\n\n\n<h2>Vedute antiche nel arte<\/h2><div>5 opere di Piazza Colonna sono state trovate nella database. Per vederle tutte aprire questo <a href=\"https:\/\/www.rome-roma.net\/site-rome-art.php?lieu=piazza+colonna\" target=\"_blank\">collegamento<\/a>.<\/div><div class=\"wp-block-kadence-advancedgallery kb-gallery-wrap-id-_5955fd-3f\">\r\n        <div class=\"kb-gallery-ul kb-gallery-type-fluidcarousel kb-gallery-id-_5955fd-3f kb-gallery-caption-style-below kb-gallery-magnific-init kb-gallery-filter-none\" data-image-filter=\"none\" data-lightbox-caption=\"true\">\r\n            <div class=\"kt-blocks-carousel kt-carousel-container-dotstyle-dark\">\r\n                <div class=\"kt-blocks-carousel-init kb-blocks-fluid-carousel kt-carousel-arrowstyle-whiteondark kt-carousel-dotstyle-dark\" data-slider-anim-speed=\"400\" data-slider-type=\"fluidcarousel\" data-slider-scroll=\"1\" data-slider-arrows=\"true\" data-slider-dots=\"true\" data-slider-hover-pause=\"false\" data-slider-auto=\"false\" data-slider-speed=\"7000\">\r\n        <div class=\"kb-slide-item kb-gallery-carousel-item\"><li class=\"kadence-blocks-gallery-item\"><div class=\"kadence-blocks-gallery-item-inner\">\r\n            <figure class=\"kb-gallery-figure kb-gallery-item-has-link kadence-blocks-gallery-item-has-caption\">\r\n                <a href=\"https:\/\/www.rome-roma.net\/artmodule\/giacomo van lint\/jacob van lint - chinese masquerade on piazza colonna during carnival - national trust.jpg\" class=\"kb-gallery-item-link\" style=\"color: #FFFFFF;\">\r\n                    <div class=\"kb-gal-image-radius\"><div class=\"kb-gallery-image-contain\">\r\n                        <img src=\"https:\/\/www.rome-roma.net\/artmodule\/giacomo van lint\/jacob van lint - chinese masquerade on piazza colonna during carnival - national trust.jpg\" width=\"300\" height=\"200\" \r\n                            alt=\"Giacomo Van Lint,Piazza Colonna (?, avant 1790, date ind\u00e9termin\u00e9e)\" \r\n                            data-full-image=\"https:\/\/www.rome-roma.net\/artmodule\/giacomo van lint\/jacob van lint - chinese masquerade on piazza colonna during carnival - national trust.jpg\" \r\n                            data-light-image=\"https:\/\/www.rome-roma.net\/artmodule\/giacomo van lint\/jacob van lint - chinese masquerade on piazza colonna during carnival - national trust.jpg\" data-id=\"149\" \r\n                            data-link=\"https:\/\/www.rome-roma.net\/artmodule\/giacomo van lint\/jacob van lint - chinese masquerade on piazza colonna during carnival - national trust.jpg\" \r\n                            class=\"wp-image-149\" loading=lazy\/>\r\n                    <\/div><\/div>\r\n                    <figcaption class=\"kadence-blocks-gallery-item__caption\">Giacomo Van Lint, Piazza Colonna<\/figcaption>\r\n                <\/a>\r\n            <\/figure><\/div><\/li><\/div>\r\n        <div class=\"kb-slide-item kb-gallery-carousel-item\"><li class=\"kadence-blocks-gallery-item\"><div class=\"kadence-blocks-gallery-item-inner\">\r\n            <figure class=\"kb-gallery-figure kb-gallery-item-has-link kadence-blocks-gallery-item-has-caption\">\r\n                <a href=\"https:\/\/www.rome-roma.net\/artmodule\/ippolito caffi\/caffi ippolito - il carnevale a roma.jpg\" class=\"kb-gallery-item-link\" style=\"color: #FFFFFF;\">\r\n                    <div class=\"kb-gal-image-radius\"><div class=\"kb-gallery-image-contain\">\r\n                        <img src=\"https:\/\/www.rome-roma.net\/artmodule\/ippolito caffi\/caffi ippolito - il carnevale a roma.jpg\" width=\"300\" height=\"200\" \r\n                            alt=\"Ippolito Caffi,Carnaval \u00e0 Rome (?, avant 1866, date ind\u00e9termin\u00e9e)\" \r\n                            data-full-image=\"https:\/\/www.rome-roma.net\/artmodule\/ippolito caffi\/caffi ippolito - il carnevale a roma.jpg\" \r\n                            data-light-image=\"https:\/\/www.rome-roma.net\/artmodule\/ippolito caffi\/caffi ippolito - il carnevale a roma.jpg\" data-id=\"149\" \r\n                            data-link=\"https:\/\/www.rome-roma.net\/artmodule\/ippolito caffi\/caffi ippolito - il carnevale a roma.jpg\" \r\n                            class=\"wp-image-149\" loading=lazy\/>\r\n                    <\/div><\/div>\r\n                    <figcaption class=\"kadence-blocks-gallery-item__caption\">Ippolito Caffi, Carnaval \u00e0 Rome<\/figcaption>\r\n                <\/a>\r\n            <\/figure><\/div><\/li><\/div>\r\n        <div class=\"kb-slide-item kb-gallery-carousel-item\"><li class=\"kadence-blocks-gallery-item\"><div class=\"kadence-blocks-gallery-item-inner\">\r\n            <figure class=\"kb-gallery-figure kb-gallery-item-has-link kadence-blocks-gallery-item-has-caption\">\r\n                <a href=\"https:\/\/www.rome-roma.net\/artmodule\/jan miel\/jan miel - carnival in piazza colonna - roma.jpg\" class=\"kb-gallery-item-link\" style=\"color: #FFFFFF;\">\r\n                    <div class=\"kb-gal-image-radius\"><div class=\"kb-gallery-image-contain\">\r\n                        <img src=\"https:\/\/www.rome-roma.net\/artmodule\/jan miel\/jan miel - carnival in piazza colonna - roma.jpg\" width=\"300\" height=\"200\" \r\n                            alt=\"Jan Miel,Carnaval \u00e0 Piazza Colonna (?, avant 1663, date ind\u00e9termin\u00e9e)\" \r\n                            data-full-image=\"https:\/\/www.rome-roma.net\/artmodule\/jan miel\/jan miel - carnival in piazza colonna - roma.jpg\" \r\n                            data-light-image=\"https:\/\/www.rome-roma.net\/artmodule\/jan miel\/jan miel - carnival in piazza colonna - roma.jpg\" data-id=\"149\" \r\n                            data-link=\"https:\/\/www.rome-roma.net\/artmodule\/jan miel\/jan miel - carnival in piazza colonna - roma.jpg\" \r\n                            class=\"wp-image-149\" loading=lazy\/>\r\n                    <\/div><\/div>\r\n                    <figcaption class=\"kadence-blocks-gallery-item__caption\">Jan Miel, Carnaval \u00e0 Piazza Colonna<\/figcaption>\r\n                <\/a>\r\n            <\/figure><\/div><\/li><\/div>\r\n        <div class=\"kb-slide-item kb-gallery-carousel-item\"><li class=\"kadence-blocks-gallery-item\"><div class=\"kadence-blocks-gallery-item-inner\">\r\n            <figure class=\"kb-gallery-figure kb-gallery-item-has-link kadence-blocks-gallery-item-has-caption\">\r\n                <a href=\"https:\/\/www.rome-roma.net\/artmodule\/quaedvlieg\/quaedvlieg carel - carnevale in piazza colonna.jpg\" class=\"kb-gallery-item-link\" style=\"color: #FFFFFF;\">\r\n                    <div class=\"kb-gal-image-radius\"><div class=\"kb-gallery-image-contain\">\r\n                        <img src=\"https:\/\/www.rome-roma.net\/artmodule\/quaedvlieg\/quaedvlieg carel - carnevale in piazza colonna.jpg\" width=\"300\" height=\"200\" \r\n                            alt=\"Karel Max Gerlach Antoon Quaedvlieg,Carnaval Place de la Colonne (?, avant 1874, date ind\u00e9termin\u00e9e)\" \r\n                            data-full-image=\"https:\/\/www.rome-roma.net\/artmodule\/quaedvlieg\/quaedvlieg carel - carnevale in piazza colonna.jpg\" \r\n                            data-light-image=\"https:\/\/www.rome-roma.net\/artmodule\/quaedvlieg\/quaedvlieg carel - carnevale in piazza colonna.jpg\" data-id=\"149\" \r\n                            data-link=\"https:\/\/www.rome-roma.net\/artmodule\/quaedvlieg\/quaedvlieg carel - carnevale in piazza colonna.jpg\" \r\n                            class=\"wp-image-149\" loading=lazy\/>\r\n                    <\/div><\/div>\r\n                    <figcaption class=\"kadence-blocks-gallery-item__caption\">Karel Max Gerlach Antoon Quaedvlieg, Carnaval Place de la Colonne<\/figcaption>\r\n                <\/a>\r\n            <\/figure><\/div><\/li><\/div>\r\n        <div class=\"kb-slide-item kb-gallery-carousel-item\"><li class=\"kadence-blocks-gallery-item\"><div class=\"kadence-blocks-gallery-item-inner\">\r\n            <figure class=\"kb-gallery-figure kb-gallery-item-has-link kadence-blocks-gallery-item-has-caption\">\r\n                <a href=\"https:\/\/www.rome-roma.net\/artmodule\/luigi rossini\/luigi rossini - piazza colonna - 1850.jpg\" class=\"kb-gallery-item-link\" style=\"color: #FFFFFF;\">\r\n                    <div class=\"kb-gal-image-radius\"><div class=\"kb-gallery-image-contain\">\r\n                        <img src=\"https:\/\/www.rome-roma.net\/artmodule\/luigi rossini\/luigi rossini - piazza colonna - 1850.jpg\" width=\"300\" height=\"200\" \r\n                            alt=\"Luigi Rossini,Piazza Colonna (1850)\" \r\n                            data-full-image=\"https:\/\/www.rome-roma.net\/artmodule\/luigi rossini\/luigi rossini - piazza colonna - 1850.jpg\" \r\n                            data-light-image=\"https:\/\/www.rome-roma.net\/artmodule\/luigi rossini\/luigi rossini - piazza colonna - 1850.jpg\" data-id=\"149\" \r\n                            data-link=\"https:\/\/www.rome-roma.net\/artmodule\/luigi rossini\/luigi rossini - piazza colonna - 1850.jpg\" \r\n                            class=\"wp-image-149\" loading=lazy\/>\r\n                    <\/div><\/div>\r\n                    <figcaption class=\"kadence-blocks-gallery-item__caption\">Luigi Rossini, Piazza Colonna<\/figcaption>\r\n                <\/a>\r\n            <\/figure><\/div><\/li><\/div><\/div><\/div><\/div><\/div><a href=\"https:\/\/www.rome-roma.net\/site-rome-art.php?lieu=piazza+colonna\" target=\"_blank\">Clica per vedere oltre dipinti e artisti su Place de la Colonne in Roma<\/a><br><br><\/p>\n\n\n<h2>Informazioni<\/h2>\n<table style=\"border-collapse: collapse; width: 100%; height: 180px;\">\n<tbody>\n<tr style=\"background-color: #fae8c3;\">\n<td style=\"width: 100%; height: 26px;\"><span style=\"font-size: 10pt;\"><strong>Piazza Colonna<\/strong><\/span><\/td>\n<\/tr>\n<tr style=\"background-color: #f7ece1;\">\n<td style=\"width: 100%; height: 154px;\">\n<p><span style=\"font-size: 10pt;\"><b>Fonti e collegamenti<\/b><\/span><\/p>\n<ul>\n<li><span style=\"font-size: 10pt;\">Piazza Colonna\u00a0 : <a href=\"https:\/\/www.romasegreta.it\/colonna\/piazza-colonna.html\" target=\"_blank\" rel=\"noopener noreferrer\">www.romasegreta.it<\/a>, <a href=\"https:\/\/it.wikipedia.org\/wiki\/Piazza_Colonna\" target=\"_blank\" rel=\"noopener noreferrer\">pagina Wikipedia<\/a>, <a href=\"https:\/\/www.turismoroma.it\/it\/luoghi\/piazza-colonna\" target=\"_blank\" rel=\"noopener\">Piazza Colonna su turismoroma.it<\/a><\/span><\/li>\n<li><span style=\"font-size: 10pt;\">Santi Bartolomeo e Alessandro : <a href=\"https:\/\/www.turismoroma.it\/it\/luoghi\/la-chiesa-dei-santi-bartolomeo-e-alessandro-dei-bergamaschi-e-lantico-oratorio\" target=\"_blank\" rel=\"noopener\">www.turismoroma.it<\/a>, <a href=\"https:\/\/www.arciconfraternitabergamaschi.it\/index.htm\" target=\"_blank\" rel=\"noopener\">Arciconfraternita dei Bergamaschi<\/a><\/span><\/li>\n<\/ul>\n<\/td>\n<\/tr>\n<\/tbody>\n<\/table>\n<p><!--EndFragment--><\/p>\n<p><!--EndFragment--><\/p>\n<p><!--EndFragment--><\/p>\n<h2 style=\"text-align: left;\" align=\"center\">Galleria<\/h2>\n\n\t\t<style type=\"text\/css\">\n\t\t\t#gallery-1 {\n\t\t\t\tmargin: auto;\n\t\t\t}\n\t\t\t#gallery-1 .gallery-item {\n\t\t\t\tfloat: left;\n\t\t\t\tmargin-top: 10px;\n\t\t\t\ttext-align: center;\n\t\t\t\twidth: 20%;\n\t\t\t}\n\t\t\t#gallery-1 img {\n\t\t\t\tborder: 2px solid #cfcfcf;\n\t\t\t}\n\t\t\t#gallery-1 .gallery-caption {\n\t\t\t\tmargin-left: 0;\n\t\t\t}\n\t\t\t\/* see gallery_shortcode() in wp-includes\/media.php *\/\n\t\t<\/style>\n\t\t<div id='gallery-1' class='gallery galleryid-6069 gallery-columns-5 gallery-size-thumbnail'><dl class='gallery-item'>\n\t\t\t<dt class='gallery-icon landscape'>\n\t\t\t\t<a href='https:\/\/www.rome-roma.net\/wp-content\/uploads\/2020\/02\/piazza-colonna-roma_2046.jpg'><img width=\"150\" height=\"150\" src=\"https:\/\/www.rome-roma.net\/wp-content\/uploads\/2020\/02\/piazza-colonna-roma_2046-150x150.jpg\" class=\"attachment-thumbnail size-thumbnail\" alt=\"piazza-colonna-roma_2046\" loading=\"lazy\" aria-describedby=\"gallery-1-9985\" srcset=\"https:\/\/www.rome-roma.net\/wp-content\/uploads\/2020\/02\/piazza-colonna-roma_2046-150x150.jpg 150w, https:\/\/www.rome-roma.net\/wp-content\/uploads\/2020\/02\/piazza-colonna-roma_2046-50x50.jpg 50w, https:\/\/www.rome-roma.net\/wp-content\/uploads\/2020\/02\/piazza-colonna-roma_2046-80x80.jpg 80w, https:\/\/www.rome-roma.net\/wp-content\/uploads\/2020\/02\/piazza-colonna-roma_2046-75x75.jpg 75w\" sizes=\"(max-width: 150px) 100vw, 150px\" \/><\/a>\n\t\t\t<\/dt>\n\t\t\t\t<dd class='wp-caption-text gallery-caption' id='gallery-1-9985'>\n\t\t\t\tPiazza Colonna\n\t\t\t\t<\/dd><\/dl><dl class='gallery-item'>\n\t\t\t<dt class='gallery-icon portrait'>\n\t\t\t\t<a href='https:\/\/www.rome-roma.net\/wp-content\/uploads\/2020\/01\/piazza-colonna-roma_4738.jpg'><img width=\"150\" height=\"150\" src=\"https:\/\/www.rome-roma.net\/wp-content\/uploads\/2020\/01\/piazza-colonna-roma_4738-150x150.jpg\" class=\"attachment-thumbnail size-thumbnail\" alt=\"piazza-colonna-roma_4738\" loading=\"lazy\" aria-describedby=\"gallery-1-22111\" srcset=\"https:\/\/www.rome-roma.net\/wp-content\/uploads\/2020\/01\/piazza-colonna-roma_4738-150x150.jpg 150w, https:\/\/www.rome-roma.net\/wp-content\/uploads\/2020\/01\/piazza-colonna-roma_4738-50x50.jpg 50w, https:\/\/www.rome-roma.net\/wp-content\/uploads\/2020\/01\/piazza-colonna-roma_4738-80x80.jpg 80w, https:\/\/www.rome-roma.net\/wp-content\/uploads\/2020\/01\/piazza-colonna-roma_4738-75x75.jpg 75w\" sizes=\"(max-width: 150px) 100vw, 150px\" \/><\/a>\n\t\t\t<\/dt>\n\t\t\t\t<dd class='wp-caption-text gallery-caption' id='gallery-1-22111'>\n\t\t\t\tColonna di Marco Aurelio\n\t\t\t\t<\/dd><\/dl><dl class='gallery-item'>\n\t\t\t<dt class='gallery-icon landscape'>\n\t\t\t\t<a href='https:\/\/www.rome-roma.net\/wp-content\/uploads\/2020\/02\/piazza-colonna_1209.jpg'><img width=\"150\" height=\"150\" src=\"https:\/\/www.rome-roma.net\/wp-content\/uploads\/2020\/02\/piazza-colonna_1209-150x150.jpg\" class=\"attachment-thumbnail size-thumbnail\" alt=\"piazza-colonna_1209\" loading=\"lazy\" aria-describedby=\"gallery-1-9975\" srcset=\"https:\/\/www.rome-roma.net\/wp-content\/uploads\/2020\/02\/piazza-colonna_1209-150x150.jpg 150w, https:\/\/www.rome-roma.net\/wp-content\/uploads\/2020\/02\/piazza-colonna_1209-50x50.jpg 50w, https:\/\/www.rome-roma.net\/wp-content\/uploads\/2020\/02\/piazza-colonna_1209-80x80.jpg 80w, https:\/\/www.rome-roma.net\/wp-content\/uploads\/2020\/02\/piazza-colonna_1209-75x75.jpg 75w\" sizes=\"(max-width: 150px) 100vw, 150px\" \/><\/a>\n\t\t\t<\/dt>\n\t\t\t\t<dd class='wp-caption-text gallery-caption' id='gallery-1-9975'>\n\t\t\t\tPalazzo Wedekind\n\t\t\t\t<\/dd><\/dl><dl class='gallery-item'>\n\t\t\t<dt class='gallery-icon portrait'>\n\t\t\t\t<a href='https:\/\/www.rome-roma.net\/wp-content\/uploads\/2020\/02\/piazza-colonna-marco-aurelio_2047.jpg'><img width=\"150\" height=\"150\" src=\"https:\/\/www.rome-roma.net\/wp-content\/uploads\/2020\/02\/piazza-colonna-marco-aurelio_2047-150x150.jpg\" class=\"attachment-thumbnail size-thumbnail\" alt=\"piazza-colonna-marco-aurelio_2047\" loading=\"lazy\" aria-describedby=\"gallery-1-9980\" srcset=\"https:\/\/www.rome-roma.net\/wp-content\/uploads\/2020\/02\/piazza-colonna-marco-aurelio_2047-150x150.jpg 150w, https:\/\/www.rome-roma.net\/wp-content\/uploads\/2020\/02\/piazza-colonna-marco-aurelio_2047-50x50.jpg 50w, https:\/\/www.rome-roma.net\/wp-content\/uploads\/2020\/02\/piazza-colonna-marco-aurelio_2047-80x80.jpg 80w, https:\/\/www.rome-roma.net\/wp-content\/uploads\/2020\/02\/piazza-colonna-marco-aurelio_2047-75x75.jpg 75w\" sizes=\"(max-width: 150px) 100vw, 150px\" \/><\/a>\n\t\t\t<\/dt>\n\t\t\t\t<dd class='wp-caption-text gallery-caption' id='gallery-1-9980'>\n\t\t\t\tColonna di Marco Aurelio\n\t\t\t\t<\/dd><\/dl><dl class='gallery-item'>\n\t\t\t<dt class='gallery-icon landscape'>\n\t\t\t\t<a href='https:\/\/www.rome-roma.net\/wp-content\/uploads\/2020\/01\/place-de-la-colonne-rome_9221.jpg'><img width=\"150\" height=\"150\" src=\"https:\/\/www.rome-roma.net\/wp-content\/uploads\/2020\/01\/place-de-la-colonne-rome_9221-150x150.jpg\" class=\"attachment-thumbnail size-thumbnail\" alt=\"place-de-la-colonne-rome_9221\" loading=\"lazy\" srcset=\"https:\/\/www.rome-roma.net\/wp-content\/uploads\/2020\/01\/place-de-la-colonne-rome_9221-150x150.jpg 150w, https:\/\/www.rome-roma.net\/wp-content\/uploads\/2020\/01\/place-de-la-colonne-rome_9221-50x50.jpg 50w, https:\/\/www.rome-roma.net\/wp-content\/uploads\/2020\/01\/place-de-la-colonne-rome_9221-80x80.jpg 80w, https:\/\/www.rome-roma.net\/wp-content\/uploads\/2020\/01\/place-de-la-colonne-rome_9221-75x75.jpg 75w\" sizes=\"(max-width: 150px) 100vw, 150px\" \/><\/a>\n\t\t\t<\/dt><\/dl><br style=\"clear: both\" \/><dl class='gallery-item'>\n\t\t\t<dt class='gallery-icon landscape'>\n\t\t\t\t<a href='https:\/\/www.rome-roma.net\/wp-content\/uploads\/2020\/02\/fontana-piazza-colonna_1205.jpg'><img width=\"150\" height=\"150\" src=\"https:\/\/www.rome-roma.net\/wp-content\/uploads\/2020\/02\/fontana-piazza-colonna_1205-150x150.jpg\" class=\"attachment-thumbnail size-thumbnail\" alt=\"fontana-piazza-colonna_1205\" loading=\"lazy\" aria-describedby=\"gallery-1-9970\" srcset=\"https:\/\/www.rome-roma.net\/wp-content\/uploads\/2020\/02\/fontana-piazza-colonna_1205-150x150.jpg 150w, https:\/\/www.rome-roma.net\/wp-content\/uploads\/2020\/02\/fontana-piazza-colonna_1205-50x50.jpg 50w, https:\/\/www.rome-roma.net\/wp-content\/uploads\/2020\/02\/fontana-piazza-colonna_1205-80x80.jpg 80w, https:\/\/www.rome-roma.net\/wp-content\/uploads\/2020\/02\/fontana-piazza-colonna_1205-75x75.jpg 75w\" sizes=\"(max-width: 150px) 100vw, 150px\" \/><\/a>\n\t\t\t<\/dt>\n\t\t\t\t<dd class='wp-caption-text gallery-caption' id='gallery-1-9970'>\n\t\t\t\tFontana\n\t\t\t\t<\/dd><\/dl><dl class='gallery-item'>\n\t\t\t<dt class='gallery-icon portrait'>\n\t\t\t\t<a href='https:\/\/www.rome-roma.net\/wp-content\/uploads\/2020\/01\/colonna-di-marco-aurelio_3558.jpg'><img width=\"150\" height=\"150\" src=\"https:\/\/www.rome-roma.net\/wp-content\/uploads\/2020\/01\/colonna-di-marco-aurelio_3558-150x150.jpg\" class=\"attachment-thumbnail size-thumbnail\" alt=\"colonna-di-marco-aurelio_3558\" loading=\"lazy\" srcset=\"https:\/\/www.rome-roma.net\/wp-content\/uploads\/2020\/01\/colonna-di-marco-aurelio_3558-150x150.jpg 150w, https:\/\/www.rome-roma.net\/wp-content\/uploads\/2020\/01\/colonna-di-marco-aurelio_3558-50x50.jpg 50w, https:\/\/www.rome-roma.net\/wp-content\/uploads\/2020\/01\/colonna-di-marco-aurelio_3558-80x80.jpg 80w, https:\/\/www.rome-roma.net\/wp-content\/uploads\/2020\/01\/colonna-di-marco-aurelio_3558-75x75.jpg 75w\" sizes=\"(max-width: 150px) 100vw, 150px\" \/><\/a>\n\t\t\t<\/dt><\/dl><dl class='gallery-item'>\n\t\t\t<dt class='gallery-icon portrait'>\n\t\t\t\t<a href='https:\/\/www.rome-roma.net\/wp-content\/uploads\/2020\/01\/colonne-de-marc-aurele_3569.jpg'><img width=\"150\" height=\"150\" src=\"https:\/\/www.rome-roma.net\/wp-content\/uploads\/2020\/01\/colonne-de-marc-aurele_3569-150x150.jpg\" class=\"attachment-thumbnail size-thumbnail\" alt=\"colonne-de-marc-aurele_3569\" loading=\"lazy\" srcset=\"https:\/\/www.rome-roma.net\/wp-content\/uploads\/2020\/01\/colonne-de-marc-aurele_3569-150x150.jpg 150w, https:\/\/www.rome-roma.net\/wp-content\/uploads\/2020\/01\/colonne-de-marc-aurele_3569-50x50.jpg 50w, https:\/\/www.rome-roma.net\/wp-content\/uploads\/2020\/01\/colonne-de-marc-aurele_3569-80x80.jpg 80w, https:\/\/www.rome-roma.net\/wp-content\/uploads\/2020\/01\/colonne-de-marc-aurele_3569-75x75.jpg 75w\" sizes=\"(max-width: 150px) 100vw, 150px\" \/><\/a>\n\t\t\t<\/dt><\/dl>\n\t\t\t<br style='clear: both' \/>\n\t\t<\/div>\n\n<h3 style=\"text-align: left;\" align=\"center\">Antica foto<\/h3>\n<p align=\"center\"><a href=\"https:\/\/www.rome-roma.net\/rome\/rome-tabeaux\/photos\/rues-places\/piazzacolonna.jpg\" rel=\"lightbox[a]\"><img loading=\"lazy\" class=\"alignleft\" title=\"Place Saint-Pierre\" src=\"https:\/\/www.rome-roma.net\/rome\/rome-tabeaux\/photos\/rues-places\/piazzacolonna.jpg\" alt=\"piazza colonna\" width=\"256\" height=\"173\" border=\"0\" hspace=\"3\" vspace=\"3\" \/><\/a><\/p>","protected":false},"excerpt":{"rendered":"<p>La Piazza Colonna fu realizzata alla fine del XVI secolo da papa Sisto V, situata a met\u00e0 strada tra la Piazza Venezia e la Piazza del Popolo, lungo la via del Corso. Una descrizione della piazza Al centro della piazza s&#8217;innalza la Colonna di Marco Aurelio, eretta qui in onore dell&#8217;imperatore Marco Aurelio tra il [&hellip;]<\/p>\n","protected":false},"featured_media":0,"parent":0,"menu_order":0,"comment_status":"open","ping_status":"open","template":"","format":"standard","meta":{"kt_blocks_editor_width":"","_links_to":"","_links_to_target":""},"genre":[279],"interet":[287],"quartier":[323],"categorie_site":[397,395,521],"quartier_historique":[446],"etiquettes_site":[],"acf":[],"yoast_head":"<!-- This site is optimized with the Yoast SEO plugin v17.4 - https:\/\/yoast.com\/wordpress\/plugins\/seo\/ -->\n<title>Piazza Colonna &ndash; Rome-Roma<\/title>\n<meta name=\"description\" content=\"Scoperta della Piazza Colonna a Roma, con i suoi palazzi e l&#039;antica colonna di Marco Aurelio. Storia e informazione, visita dei quartieri di Roma.\" \/>\n<meta name=\"robots\" content=\"index, follow, max-snippet:-1, max-image-preview:large, max-video-preview:-1\" \/>\n<link rel=\"canonical\" href=\"https:\/\/www.rome-roma.net\/it\/piazza-colonna-roma\/\" \/>\n<meta property=\"og:locale\" content=\"it_IT\" \/>\n<meta property=\"og:type\" content=\"article\" \/>\n<meta property=\"og:title\" content=\"Piazza Colonna &ndash; Rome-Roma\" \/>\n<meta property=\"og:description\" content=\"Scoperta della Piazza Colonna a Roma, con i suoi palazzi e l&#039;antica colonna di Marco Aurelio. Storia e informazione, visita dei quartieri di Roma.\" \/>\n<meta property=\"og:url\" content=\"https:\/\/www.rome-roma.net\/it\/piazza-colonna-roma\/\" \/>\n<meta property=\"og:site_name\" content=\"Rome-Roma\" \/>\n<meta property=\"article:modified_time\" content=\"2025-01-03T13:21:38+00:00\" \/>\n<meta property=\"og:image\" content=\"https:\/\/www.rome-roma.net\/wp-content\/uploads\/2020\/02\/fontana-piazza-colonna_1205-150x150.jpg\" \/>\n<meta name=\"twitter:card\" content=\"summary_large_image\" \/>\n<meta name=\"twitter:label1\" content=\"Tempo di lettura stimato\" \/>\n\t<meta name=\"twitter:data1\" content=\"5 minuti\" \/>\n<script type=\"application\/ld+json\" class=\"yoast-schema-graph\">{\"@context\":\"https:\/\/schema.org\",\"@graph\":[{\"@type\":\"Organization\",\"@id\":\"https:\/\/www.rome-roma.net\/it\/#organization\",\"name\":\"Rome-Roma\",\"url\":\"https:\/\/www.rome-roma.net\/it\/\",\"sameAs\":[],\"logo\":{\"@type\":\"ImageObject\",\"@id\":\"https:\/\/www.rome-roma.net\/it\/#logo\",\"inLanguage\":\"it-IT\",\"url\":\"https:\/\/www.rome-roma.net\/wp-content\/uploads\/2025\/07\/logo-rome-roma-420.jpg\",\"contentUrl\":\"https:\/\/www.rome-roma.net\/wp-content\/uploads\/2025\/07\/logo-rome-roma-420.jpg\",\"width\":420,\"height\":420,\"caption\":\"Rome-Roma\"},\"image\":{\"@id\":\"https:\/\/www.rome-roma.net\/it\/#logo\"}},{\"@type\":\"WebSite\",\"@id\":\"https:\/\/www.rome-roma.net\/it\/#website\",\"url\":\"https:\/\/www.rome-roma.net\/it\/\",\"name\":\"Rome-Roma\",\"description\":\"Cultura & Viaggio\",\"publisher\":{\"@id\":\"https:\/\/www.rome-roma.net\/it\/#organization\"},\"potentialAction\":[{\"@type\":\"SearchAction\",\"target\":{\"@type\":\"EntryPoint\",\"urlTemplate\":\"https:\/\/www.rome-roma.net\/it\/?s={search_term_string}\"},\"query-input\":\"required name=search_term_string\"}],\"inLanguage\":\"it-IT\"},{\"@type\":\"ImageObject\",\"@id\":\"https:\/\/www.rome-roma.net\/it\/piazza-colonna-roma\/#primaryimage\",\"inLanguage\":\"it-IT\",\"url\":\"https:\/\/www.rome-roma.net\/wp-content\/uploads\/2020\/02\/piazza-colonna-roma_2046.jpg\",\"contentUrl\":\"https:\/\/www.rome-roma.net\/wp-content\/uploads\/2020\/02\/piazza-colonna-roma_2046.jpg\",\"width\":1200,\"height\":800,\"caption\":\"Piazza Colonna\"},{\"@type\":\"WebPage\",\"@id\":\"https:\/\/www.rome-roma.net\/it\/piazza-colonna-roma\/#webpage\",\"url\":\"https:\/\/www.rome-roma.net\/it\/piazza-colonna-roma\/\",\"name\":\"Piazza Colonna &ndash; Rome-Roma\",\"isPartOf\":{\"@id\":\"https:\/\/www.rome-roma.net\/it\/#website\"},\"primaryImageOfPage\":{\"@id\":\"https:\/\/www.rome-roma.net\/it\/piazza-colonna-roma\/#primaryimage\"},\"datePublished\":\"2020-02-11T18:07:26+00:00\",\"dateModified\":\"2025-01-03T13:21:38+00:00\",\"description\":\"Scoperta della Piazza Colonna a Roma, con i suoi palazzi e l'antica colonna di Marco Aurelio. Storia e informazione, visita dei quartieri di Roma.\",\"breadcrumb\":{\"@id\":\"https:\/\/www.rome-roma.net\/it\/piazza-colonna-roma\/#breadcrumb\"},\"inLanguage\":\"it-IT\",\"potentialAction\":[{\"@type\":\"ReadAction\",\"target\":[\"https:\/\/www.rome-roma.net\/it\/piazza-colonna-roma\/\"]}]},{\"@type\":\"BreadcrumbList\",\"@id\":\"https:\/\/www.rome-roma.net\/it\/piazza-colonna-roma\/#breadcrumb\",\"itemListElement\":[{\"@type\":\"ListItem\",\"position\":1,\"name\":\"Accueil\",\"item\":\"https:\/\/www.rome-roma.net\/it\/\"},{\"@type\":\"ListItem\",\"position\":2,\"name\":\"Piazza Colonna\"}]}]}<\/script>\n<!-- \/ Yoast SEO plugin. -->","yoast_head_json":{"title":"Piazza Colonna &ndash; Rome-Roma","description":"Scoperta della Piazza Colonna a Roma, con i suoi palazzi e l'antica colonna di Marco Aurelio. Storia e informazione, visita dei quartieri di Roma.","robots":{"index":"index","follow":"follow","max-snippet":"max-snippet:-1","max-image-preview":"max-image-preview:large","max-video-preview":"max-video-preview:-1"},"canonical":"https:\/\/www.rome-roma.net\/it\/piazza-colonna-roma\/","og_locale":"it_IT","og_type":"article","og_title":"Piazza Colonna &ndash; Rome-Roma","og_description":"Scoperta della Piazza Colonna a Roma, con i suoi palazzi e l'antica colonna di Marco Aurelio. Storia e informazione, visita dei quartieri di Roma.","og_url":"https:\/\/www.rome-roma.net\/it\/piazza-colonna-roma\/","og_site_name":"Rome-Roma","article_modified_time":"2025-01-03T13:21:38+00:00","og_image":[{"url":"https:\/\/www.rome-roma.net\/wp-content\/uploads\/2020\/02\/fontana-piazza-colonna_1205-150x150.jpg"}],"twitter_card":"summary_large_image","twitter_misc":{"Tempo di lettura stimato":"5 minuti"},"schema":{"@context":"https:\/\/schema.org","@graph":[{"@type":"Organization","@id":"https:\/\/www.rome-roma.net\/it\/#organization","name":"Rome-Roma","url":"https:\/\/www.rome-roma.net\/it\/","sameAs":[],"logo":{"@type":"ImageObject","@id":"https:\/\/www.rome-roma.net\/it\/#logo","inLanguage":"it-IT","url":"https:\/\/www.rome-roma.net\/wp-content\/uploads\/2025\/07\/logo-rome-roma-420.jpg","contentUrl":"https:\/\/www.rome-roma.net\/wp-content\/uploads\/2025\/07\/logo-rome-roma-420.jpg","width":420,"height":420,"caption":"Rome-Roma"},"image":{"@id":"https:\/\/www.rome-roma.net\/it\/#logo"}},{"@type":"WebSite","@id":"https:\/\/www.rome-roma.net\/it\/#website","url":"https:\/\/www.rome-roma.net\/it\/","name":"Rome-Roma","description":"Cultura & Viaggio","publisher":{"@id":"https:\/\/www.rome-roma.net\/it\/#organization"},"potentialAction":[{"@type":"SearchAction","target":{"@type":"EntryPoint","urlTemplate":"https:\/\/www.rome-roma.net\/it\/?s={search_term_string}"},"query-input":"required name=search_term_string"}],"inLanguage":"it-IT"},{"@type":"ImageObject","@id":"https:\/\/www.rome-roma.net\/it\/piazza-colonna-roma\/#primaryimage","inLanguage":"it-IT","url":"https:\/\/www.rome-roma.net\/wp-content\/uploads\/2020\/02\/piazza-colonna-roma_2046.jpg","contentUrl":"https:\/\/www.rome-roma.net\/wp-content\/uploads\/2020\/02\/piazza-colonna-roma_2046.jpg","width":1200,"height":800,"caption":"Piazza Colonna"},{"@type":"WebPage","@id":"https:\/\/www.rome-roma.net\/it\/piazza-colonna-roma\/#webpage","url":"https:\/\/www.rome-roma.net\/it\/piazza-colonna-roma\/","name":"Piazza Colonna &ndash; Rome-Roma","isPartOf":{"@id":"https:\/\/www.rome-roma.net\/it\/#website"},"primaryImageOfPage":{"@id":"https:\/\/www.rome-roma.net\/it\/piazza-colonna-roma\/#primaryimage"},"datePublished":"2020-02-11T18:07:26+00:00","dateModified":"2025-01-03T13:21:38+00:00","description":"Scoperta della Piazza Colonna a Roma, con i suoi palazzi e l'antica colonna di Marco Aurelio. Storia e informazione, visita dei quartieri di Roma.","breadcrumb":{"@id":"https:\/\/www.rome-roma.net\/it\/piazza-colonna-roma\/#breadcrumb"},"inLanguage":"it-IT","potentialAction":[{"@type":"ReadAction","target":["https:\/\/www.rome-roma.net\/it\/piazza-colonna-roma\/"]}]},{"@type":"BreadcrumbList","@id":"https:\/\/www.rome-roma.net\/it\/piazza-colonna-roma\/#breadcrumb","itemListElement":[{"@type":"ListItem","position":1,"name":"Accueil","item":"https:\/\/www.rome-roma.net\/it\/"},{"@type":"ListItem","position":2,"name":"Piazza Colonna"}]}]}},"acf_fields":{"nom_monument":null,"wikidata":"Q63785","sameas":null},"_links":{"self":[{"href":"https:\/\/www.rome-roma.net\/it\/wp-json\/wp\/v2\/site\/6069"}],"collection":[{"href":"https:\/\/www.rome-roma.net\/it\/wp-json\/wp\/v2\/site"}],"about":[{"href":"https:\/\/www.rome-roma.net\/it\/wp-json\/wp\/v2\/types\/site"}],"replies":[{"embeddable":true,"href":"https:\/\/www.rome-roma.net\/it\/wp-json\/wp\/v2\/comments?post=6069"}],"wp:attachment":[{"href":"https:\/\/www.rome-roma.net\/it\/wp-json\/wp\/v2\/media?parent=6069"}],"wp:term":[{"taxonomy":"genre","embeddable":true,"href":"https:\/\/www.rome-roma.net\/it\/wp-json\/wp\/v2\/genre?post=6069"},{"taxonomy":"interet","embeddable":true,"href":"https:\/\/www.rome-roma.net\/it\/wp-json\/wp\/v2\/interet?post=6069"},{"taxonomy":"quartier","embeddable":true,"href":"https:\/\/www.rome-roma.net\/it\/wp-json\/wp\/v2\/quartier?post=6069"},{"taxonomy":"categorie_site","embeddable":true,"href":"https:\/\/www.rome-roma.net\/it\/wp-json\/wp\/v2\/categorie_site?post=6069"},{"taxonomy":"quartier_historique","embeddable":true,"href":"https:\/\/www.rome-roma.net\/it\/wp-json\/wp\/v2\/quartier_historique?post=6069"},{"taxonomy":"etiquettes_site","embeddable":true,"href":"https:\/\/www.rome-roma.net\/it\/wp-json\/wp\/v2\/etiquettes_site?post=6069"}],"curies":[{"name":"wp","href":"https:\/\/api.w.org\/{rel}","templated":true}]}}