


{"id":6088,"date":"2020-02-26T13:01:43","date_gmt":"2020-02-26T12:01:43","guid":{"rendered":"https:\/\/www.rome-roma.net\/site\/rome-sous-la-neige\/"},"modified":"2020-04-07T15:46:47","modified_gmt":"2020-04-07T13:46:47","slug":"roma-sotto-la-neve","status":"publish","type":"site","link":"https:\/\/www.rome-roma.net\/it\/roma-sotto-la-neve\/","title":{"rendered":"Roma sotto la neve"},"content":{"rendered":"<p><em><a href=\"https:\/\/www.rome-roma.net\/photos\/NeigeRome-NeveRoma\/images\/placesaintpierre_neigearome2012_5901.jpg\" rel=\"lightbox\"><img loading=\"lazy\" src=\"https:\/\/www.rome-roma.net\/photos\/NeigeRome-NeveRoma\/images\/placesaintpierre_neigearome2012_5901.jpg\" alt=\"Neige \u00e0 Rome du 3 f\u00e9vrier 2012\" width=\"300\" height=\"200\" align=\"right\" border=\"0\" hspace=\"4\" \/><\/a><\/em>A Roma, la neve cade raramente, ma nel febbraio 2012 \u00e8 probabile che un record sia rotto. \u00c8 il pi\u00f9 grande accumulo di neve da 26 anni.<br \/>\nL&#8217;evento si \u00e8 verificato pi\u00f9 di mezza giornata prima delle previsioni del tempo.<br \/>\nLa popolazione \u00e8 stata sorpresa, soprattutto perch\u00e9 i romani non sono assolutamente abituati. Le auto non possono pi\u00f9 o non osano pi\u00f9 muoversi. Il traffico \u00e8 bloccato nel pomeriggio di venerd\u00ec 3 febbraio, gli autobus non circolano pi\u00f9, i negozi si chiudono, i motociclisti tornano a casa come possono, a volte spingendo faticosamente lo scooter. Gli abitanti sembrano paralizzati, i loro occhi incerti, a volte sbalorditi. I luoghi turistici, solitamente invasi da venditori ambulanti e turisti, sono deserti. Non usciamo pi\u00f9, per paura dell&#8217;ignoto, eppure, come scoprirono i romani, la metropolitana funziona ancora.<br \/>\nLa sera del 3 febbraio, di fronte al caos causato da questi pochi centimetri di neve, il sindaco Allemano consiglia alla popolazione di rimanere a casa e proibisce il traffico automobilistico senza catene &#8230;<\/p>\n<p>Consulta la storia del manto nevoso a Roma, vedrai che quando nevica \u00e8 generalmente di 1 o 2 cm !!<\/p>\n<blockquote>\n<p align=\"left\">&#8211; 2010 : 1\/2 cm<br \/>\n&#8211; 2005 : 2 cm<br \/>\n&#8211; 1999 : 5 cm<br \/>\n&#8211; <strong>1986 : 23 cm<\/strong><br \/>\n&#8211; 1971 : 15 cm<br \/>\n&#8211; 1965 : 25 cm<br \/>\n&#8211; 1939 : 30 cm<\/p>\n<\/blockquote>\n<p align=\"left\">\n<h2 align=\"left\">Fotografie e video di Roma sotto la neve il 3 febbraio 2012<\/h2>\n<p align=\"left\"><a href=\"https:\/\/www.rome-roma.net\/photos\/NeigeRome-NeveRoma\/images\/piazzasanpietro_nevearoma2012_5904.jpg\" rel=\"lightbox\"><img loading=\"lazy\" src=\"https:\/\/www.rome-roma.net\/photos\/NeigeRome-NeveRoma\/thumbnails\/piazzasanpietro_nevearoma2012_5904.jpg\" alt=\"rome sous la neige f\u00e9vrier 2012\" width=\"154\" height=\"106\" border=\"0\" hspace=\"3\" vspace=\"3\" \/><\/a><a href=\"https:\/\/www.rome-roma.net\/photos\/NeigeRome-NeveRoma\/images\/placesaintpierre_neigearome2012_5888.jpg\" rel=\"lightbox\"><img loading=\"lazy\" src=\"https:\/\/www.rome-roma.net\/photos\/NeigeRome-NeveRoma\/thumbnails\/placesaintpierre_neigearome2012_5888.jpg\" alt=\"rome sous la neige f\u00e9vrier 2012\" width=\"154\" height=\"106\" border=\"0\" hspace=\"3\" vspace=\"3\" \/><\/a><a href=\"https:\/\/www.rome-roma.net\/photos\/NeigeRome-NeveRoma\/images\/placesaintpierre_neigearome2012_5901.jpg\" rel=\"lightbox\"><img loading=\"lazy\" src=\"https:\/\/www.rome-roma.net\/photos\/NeigeRome-NeveRoma\/thumbnails\/placesaintpierre_neigearome2012_5901.jpg\" alt=\"rome sous la neige f\u00e9vrier 2012\" width=\"154\" height=\"106\" border=\"0\" hspace=\"3\" vspace=\"3\" \/><\/a> San Pietro congelato<\/p>\n<p align=\"left\"><a href=\"https:\/\/www.rome-roma.net\/photos\/NeigeRome-NeveRoma\/images\/neveroma2012_piazzanavona_5926.jpg\" rel=\"lightbox\"><img loading=\"lazy\" src=\"https:\/\/www.rome-roma.net\/photos\/NeigeRome-NeveRoma\/thumbnails\/neveroma2012_piazzanavona_5926.jpg\" alt=\"rome sous la neige f\u00e9vrier 2012\" width=\"154\" height=\"106\" border=\"0\" hspace=\"3\" vspace=\"3\" \/><\/a><a href=\"https:\/\/www.rome-roma.net\/photos\/NeigeRome-NeveRoma\/images\/neveroma2012_piazzanavona_5928.jpg\" rel=\"lightbox\"><img loading=\"lazy\" src=\"https:\/\/www.rome-roma.net\/photos\/NeigeRome-NeveRoma\/thumbnails\/neveroma2012_piazzanavona_5928.jpg\" alt=\"rome sous la neige f\u00e9vrier 2012\" width=\"154\" height=\"106\" border=\"0\" hspace=\"3\" vspace=\"3\" \/><\/a><a href=\"https:\/\/www.rome-roma.net\/photos\/NeigeRome-NeveRoma\/images\/neveroma2012_piazzanavona_5930.jpg\" rel=\"lightbox\"><img loading=\"lazy\" src=\"https:\/\/www.rome-roma.net\/photos\/NeigeRome-NeveRoma\/thumbnails\/neveroma2012_piazzanavona_5930.jpg\" alt=\"rome sous la neige f\u00e9vrier 2012\" width=\"154\" height=\"106\" border=\"0\" hspace=\"3\" vspace=\"3\" \/><\/a><a href=\"https:\/\/www.rome-roma.net\/photos\/NeigeRome-NeveRoma\/images\/romesouslaneige2012_placenavone_5941.jpg\" rel=\"lightbox\"><img loading=\"lazy\" src=\"https:\/\/www.rome-roma.net\/photos\/NeigeRome-NeveRoma\/thumbnails\/romesouslaneige2012_placenavone_5941.jpg\" alt=\"rome sous la neige f\u00e9vrier 2012\" width=\"154\" height=\"106\" border=\"0\" hspace=\"3\" vspace=\"3\" \/><\/a><a href=\"https:\/\/www.rome-roma.net\/photos\/NeigeRome-NeveRoma\/images\/romesouslaneige2012_placenavone_5946.jpg\" rel=\"lightbox\"><img loading=\"lazy\" src=\"https:\/\/www.rome-roma.net\/photos\/NeigeRome-NeveRoma\/thumbnails\/romesouslaneige2012_placenavone_5946.jpg\" alt=\"rome sous la neige f\u00e9vrier 2012\" width=\"154\" height=\"106\" border=\"0\" hspace=\"3\" vspace=\"3\" \/><\/a><br \/>\nPiazza Navona<\/p>\n<p align=\"left\"><a href=\"https:\/\/www.rome-roma.net\/photos\/NeigeRome-NeveRoma\/images\/neveroma2012_campodeifiori_5914.jpg\" rel=\"lightbox\"><img loading=\"lazy\" src=\"https:\/\/www.rome-roma.net\/photos\/NeigeRome-NeveRoma\/thumbnails\/neveroma2012_campodeifiori_5914.jpg\" alt=\"rome sous la neige f\u00e9vrier 2012\" width=\"106\" height=\"154\" border=\"0\" hspace=\"3\" vspace=\"3\" \/><\/a><a href=\"https:\/\/www.rome-roma.net\/photos\/NeigeRome-NeveRoma\/images\/neveroma2012_campodeifiori_5917.jpg\" rel=\"lightbox\"><img loading=\"lazy\" src=\"https:\/\/www.rome-roma.net\/photos\/NeigeRome-NeveRoma\/thumbnails\/neveroma2012_campodeifiori_5917.jpg\" alt=\"rome sous la neige f\u00e9vrier 2012\" width=\"154\" height=\"106\" border=\"0\" hspace=\"3\" vspace=\"3\" \/><\/a><a href=\"https:\/\/www.rome-roma.net\/photos\/NeigeRome-NeveRoma\/images\/nevicaroma2012_fororomano_5982.jpg\" rel=\"lightbox\"><img loading=\"lazy\" src=\"https:\/\/www.rome-roma.net\/photos\/NeigeRome-NeveRoma\/thumbnails\/nevicaroma2012_fororomano_5982.jpg\" alt=\"rome sous la neige f\u00e9vrier 2012\" width=\"154\" height=\"106\" border=\"0\" hspace=\"3\" vspace=\"3\" \/><\/a><a href=\"https:\/\/www.rome-roma.net\/photos\/NeigeRome-NeveRoma\/images\/nevicaroma2012_pantheon_5963.jpg\" rel=\"lightbox\"><img loading=\"lazy\" src=\"https:\/\/www.rome-roma.net\/photos\/NeigeRome-NeveRoma\/thumbnails\/nevicaroma2012_pantheon_5963.jpg\" alt=\"rome sous la neige f\u00e9vrier 2012\" width=\"154\" height=\"106\" border=\"0\" hspace=\"3\" vspace=\"3\" \/><\/a><br \/>\nCampo de&#8217; Fiori, foro romano, Pantheon<\/p>\n<p align=\"left\"><iframe loading=\"lazy\" src=\"http:\/\/www.youtube.com\/embed\/qw_fsZlJu9U\" width=\"560\" height=\"315\" frameborder=\"0\" allowfullscreen=\"allowfullscreen\"><\/iframe><\/p>\n<p align=\"left\"><iframe loading=\"lazy\" src=\"http:\/\/www.youtube.com\/embed\/6i04eH1gkoc\" width=\"560\" height=\"315\" frameborder=\"0\" allowfullscreen=\"allowfullscreen\"><\/iframe><\/p>\n<p><iframe loading=\"lazy\" src=\"http:\/\/www.youtube.com\/embed\/TTPc7moPUj8\" width=\"560\" height=\"315\" frameborder=\"0\" allowfullscreen=\"allowfullscreen\"><\/iframe><\/p>\n<h2>Roma sotto la neve il 4 febbraio 2012<\/h2>\n<p><iframe loading=\"lazy\" src=\"http:\/\/www.youtube.com\/embed\/N_wSYCXd0Yg\" width=\"560\" height=\"315\" frameborder=\"0\" allowfullscreen=\"allowfullscreen\"><\/iframe><\/p>\n<h4>Vedute da aeri di Roma sotto la neve<br \/>\n<iframe loading=\"lazy\" src=\"http:\/\/www.youtube.com\/embed\/hRxARRSY7uA\" width=\"420\" height=\"315\" frameborder=\"0\" allowfullscreen=\"allowfullscreen\"><\/iframe><\/h4>\n<h2>Video della caduta di neve del 3 febbraio 2012<\/h2>\n<p><iframe loading=\"lazy\" src=\"http:\/\/www.youtube.com\/embed\/swB0opBSjJo\" width=\"560\" height=\"315\" frameborder=\"0\" allowfullscreen=\"allowfullscreen\"><\/iframe><\/p>\n","protected":false},"excerpt":{"rendered":"<p>A Roma, la neve cade raramente, ma nel febbraio 2012 \u00e8 probabile che un record sia rotto. \u00c8 il pi\u00f9 grande accumulo di neve da 26 anni. L&#8217;evento si \u00e8 verificato pi\u00f9 di mezza giornata prima delle previsioni del tempo. La popolazione \u00e8 stata sorpresa, soprattutto perch\u00e9 i romani non sono assolutamente abituati. Le auto [&hellip;]<\/p>\n","protected":false},"featured_media":0,"parent":0,"menu_order":0,"comment_status":"open","ping_status":"open","template":"single-site-culture.php","format":"standard","meta":{"kt_blocks_editor_width":"","_links_to":"","_links_to_target":""},"genre":[],"interet":[],"quartier":[],"categorie_site":[373],"quartier_historique":[],"etiquettes_site":[],"acf":[],"yoast_head":"<!-- This site is optimized with the Yoast SEO plugin v17.4 - https:\/\/yoast.com\/wordpress\/plugins\/seo\/ -->\n<title>Roma sotto la neve &ndash; Rome-Roma<\/title>\n<meta name=\"description\" content=\"Fotografie e video di Roma sotto neve, episodio record di febbraio 2012, evento raro nella citt\u00e0 eterna. Curiosit\u00e0 a Roma.\" \/>\n<meta name=\"robots\" content=\"index, follow, max-snippet:-1, max-image-preview:large, max-video-preview:-1\" \/>\n<link rel=\"canonical\" href=\"https:\/\/www.rome-roma.net\/it\/roma-sotto-la-neve\/\" \/>\n<meta property=\"og:locale\" content=\"it_IT\" \/>\n<meta property=\"og:type\" content=\"article\" \/>\n<meta property=\"og:title\" content=\"Roma sotto la neve &ndash; Rome-Roma\" \/>\n<meta property=\"og:description\" content=\"Fotografie e video di Roma sotto neve, episodio record di febbraio 2012, evento raro nella citt\u00e0 eterna. Curiosit\u00e0 a Roma.\" \/>\n<meta property=\"og:url\" content=\"https:\/\/www.rome-roma.net\/it\/roma-sotto-la-neve\/\" \/>\n<meta property=\"og:site_name\" content=\"Rome-Roma\" \/>\n<meta property=\"article:modified_time\" content=\"2020-04-07T13:46:47+00:00\" \/>\n<meta property=\"og:image\" content=\"https:\/\/www.rome-roma.net\/photos\/NeigeRome-NeveRoma\/images\/placesaintpierre_neigearome2012_5901.jpg\" \/>\n<meta name=\"twitter:card\" content=\"summary_large_image\" \/>\n<meta name=\"twitter:label1\" content=\"Tempo di lettura stimato\" \/>\n\t<meta name=\"twitter:data1\" content=\"1 minuto\" \/>\n<script type=\"application\/ld+json\" class=\"yoast-schema-graph\">{\"@context\":\"https:\/\/schema.org\",\"@graph\":[{\"@type\":\"Organization\",\"@id\":\"https:\/\/www.rome-roma.net\/it\/#organization\",\"name\":\"Rome-Roma\",\"url\":\"https:\/\/www.rome-roma.net\/it\/\",\"sameAs\":[],\"logo\":{\"@type\":\"ImageObject\",\"@id\":\"https:\/\/www.rome-roma.net\/it\/#logo\",\"inLanguage\":\"it-IT\",\"url\":\"https:\/\/www.rome-roma.net\/wp-content\/uploads\/2025\/07\/logo-rome-roma-420.jpg\",\"contentUrl\":\"https:\/\/www.rome-roma.net\/wp-content\/uploads\/2025\/07\/logo-rome-roma-420.jpg\",\"width\":420,\"height\":420,\"caption\":\"Rome-Roma\"},\"image\":{\"@id\":\"https:\/\/www.rome-roma.net\/it\/#logo\"}},{\"@type\":\"WebSite\",\"@id\":\"https:\/\/www.rome-roma.net\/it\/#website\",\"url\":\"https:\/\/www.rome-roma.net\/it\/\",\"name\":\"Rome-Roma\",\"description\":\"Cultura & Viaggio\",\"publisher\":{\"@id\":\"https:\/\/www.rome-roma.net\/it\/#organization\"},\"potentialAction\":[{\"@type\":\"SearchAction\",\"target\":{\"@type\":\"EntryPoint\",\"urlTemplate\":\"https:\/\/www.rome-roma.net\/it\/?s={search_term_string}\"},\"query-input\":\"required name=search_term_string\"}],\"inLanguage\":\"it-IT\"},{\"@type\":\"ImageObject\",\"@id\":\"https:\/\/www.rome-roma.net\/it\/roma-sotto-la-neve\/#primaryimage\",\"inLanguage\":\"it-IT\",\"url\":\"https:\/\/www.rome-roma.net\/photos\/NeigeRome-NeveRoma\/images\/placesaintpierre_neigearome2012_5901.jpg\",\"contentUrl\":\"https:\/\/www.rome-roma.net\/photos\/NeigeRome-NeveRoma\/images\/placesaintpierre_neigearome2012_5901.jpg\"},{\"@type\":\"WebPage\",\"@id\":\"https:\/\/www.rome-roma.net\/it\/roma-sotto-la-neve\/#webpage\",\"url\":\"https:\/\/www.rome-roma.net\/it\/roma-sotto-la-neve\/\",\"name\":\"Roma sotto la neve &ndash; Rome-Roma\",\"isPartOf\":{\"@id\":\"https:\/\/www.rome-roma.net\/it\/#website\"},\"primaryImageOfPage\":{\"@id\":\"https:\/\/www.rome-roma.net\/it\/roma-sotto-la-neve\/#primaryimage\"},\"datePublished\":\"2020-02-26T12:01:43+00:00\",\"dateModified\":\"2020-04-07T13:46:47+00:00\",\"description\":\"Fotografie e video di Roma sotto neve, episodio record di febbraio 2012, evento raro nella citt\\u00e0 eterna. Curiosit\\u00e0 a Roma.\",\"breadcrumb\":{\"@id\":\"https:\/\/www.rome-roma.net\/it\/roma-sotto-la-neve\/#breadcrumb\"},\"inLanguage\":\"it-IT\",\"potentialAction\":[{\"@type\":\"ReadAction\",\"target\":[\"https:\/\/www.rome-roma.net\/it\/roma-sotto-la-neve\/\"]}]},{\"@type\":\"BreadcrumbList\",\"@id\":\"https:\/\/www.rome-roma.net\/it\/roma-sotto-la-neve\/#breadcrumb\",\"itemListElement\":[{\"@type\":\"ListItem\",\"position\":1,\"name\":\"Accueil\",\"item\":\"https:\/\/www.rome-roma.net\/it\/\"},{\"@type\":\"ListItem\",\"position\":2,\"name\":\"Roma sotto la neve\"}]}]}<\/script>\n<!-- \/ Yoast SEO plugin. -->","yoast_head_json":{"title":"Roma sotto la neve &ndash; Rome-Roma","description":"Fotografie e video di Roma sotto neve, episodio record di febbraio 2012, evento raro nella citt\u00e0 eterna. Curiosit\u00e0 a Roma.","robots":{"index":"index","follow":"follow","max-snippet":"max-snippet:-1","max-image-preview":"max-image-preview:large","max-video-preview":"max-video-preview:-1"},"canonical":"https:\/\/www.rome-roma.net\/it\/roma-sotto-la-neve\/","og_locale":"it_IT","og_type":"article","og_title":"Roma sotto la neve &ndash; Rome-Roma","og_description":"Fotografie e video di Roma sotto neve, episodio record di febbraio 2012, evento raro nella citt\u00e0 eterna. Curiosit\u00e0 a Roma.","og_url":"https:\/\/www.rome-roma.net\/it\/roma-sotto-la-neve\/","og_site_name":"Rome-Roma","article_modified_time":"2020-04-07T13:46:47+00:00","og_image":[{"url":"https:\/\/www.rome-roma.net\/photos\/NeigeRome-NeveRoma\/images\/placesaintpierre_neigearome2012_5901.jpg"}],"twitter_card":"summary_large_image","twitter_misc":{"Tempo di lettura stimato":"1 minuto"},"schema":{"@context":"https:\/\/schema.org","@graph":[{"@type":"Organization","@id":"https:\/\/www.rome-roma.net\/it\/#organization","name":"Rome-Roma","url":"https:\/\/www.rome-roma.net\/it\/","sameAs":[],"logo":{"@type":"ImageObject","@id":"https:\/\/www.rome-roma.net\/it\/#logo","inLanguage":"it-IT","url":"https:\/\/www.rome-roma.net\/wp-content\/uploads\/2025\/07\/logo-rome-roma-420.jpg","contentUrl":"https:\/\/www.rome-roma.net\/wp-content\/uploads\/2025\/07\/logo-rome-roma-420.jpg","width":420,"height":420,"caption":"Rome-Roma"},"image":{"@id":"https:\/\/www.rome-roma.net\/it\/#logo"}},{"@type":"WebSite","@id":"https:\/\/www.rome-roma.net\/it\/#website","url":"https:\/\/www.rome-roma.net\/it\/","name":"Rome-Roma","description":"Cultura & Viaggio","publisher":{"@id":"https:\/\/www.rome-roma.net\/it\/#organization"},"potentialAction":[{"@type":"SearchAction","target":{"@type":"EntryPoint","urlTemplate":"https:\/\/www.rome-roma.net\/it\/?s={search_term_string}"},"query-input":"required name=search_term_string"}],"inLanguage":"it-IT"},{"@type":"ImageObject","@id":"https:\/\/www.rome-roma.net\/it\/roma-sotto-la-neve\/#primaryimage","inLanguage":"it-IT","url":"https:\/\/www.rome-roma.net\/photos\/NeigeRome-NeveRoma\/images\/placesaintpierre_neigearome2012_5901.jpg","contentUrl":"https:\/\/www.rome-roma.net\/photos\/NeigeRome-NeveRoma\/images\/placesaintpierre_neigearome2012_5901.jpg"},{"@type":"WebPage","@id":"https:\/\/www.rome-roma.net\/it\/roma-sotto-la-neve\/#webpage","url":"https:\/\/www.rome-roma.net\/it\/roma-sotto-la-neve\/","name":"Roma sotto la neve &ndash; Rome-Roma","isPartOf":{"@id":"https:\/\/www.rome-roma.net\/it\/#website"},"primaryImageOfPage":{"@id":"https:\/\/www.rome-roma.net\/it\/roma-sotto-la-neve\/#primaryimage"},"datePublished":"2020-02-26T12:01:43+00:00","dateModified":"2020-04-07T13:46:47+00:00","description":"Fotografie e video di Roma sotto neve, episodio record di febbraio 2012, evento raro nella citt\u00e0 eterna. Curiosit\u00e0 a Roma.","breadcrumb":{"@id":"https:\/\/www.rome-roma.net\/it\/roma-sotto-la-neve\/#breadcrumb"},"inLanguage":"it-IT","potentialAction":[{"@type":"ReadAction","target":["https:\/\/www.rome-roma.net\/it\/roma-sotto-la-neve\/"]}]},{"@type":"BreadcrumbList","@id":"https:\/\/www.rome-roma.net\/it\/roma-sotto-la-neve\/#breadcrumb","itemListElement":[{"@type":"ListItem","position":1,"name":"Accueil","item":"https:\/\/www.rome-roma.net\/it\/"},{"@type":"ListItem","position":2,"name":"Roma sotto la neve"}]}]}},"acf_fields":{"nom_monument":null,"wikidata":"","sameas":null},"_links":{"self":[{"href":"https:\/\/www.rome-roma.net\/it\/wp-json\/wp\/v2\/site\/6088"}],"collection":[{"href":"https:\/\/www.rome-roma.net\/it\/wp-json\/wp\/v2\/site"}],"about":[{"href":"https:\/\/www.rome-roma.net\/it\/wp-json\/wp\/v2\/types\/site"}],"replies":[{"embeddable":true,"href":"https:\/\/www.rome-roma.net\/it\/wp-json\/wp\/v2\/comments?post=6088"}],"wp:attachment":[{"href":"https:\/\/www.rome-roma.net\/it\/wp-json\/wp\/v2\/media?parent=6088"}],"wp:term":[{"taxonomy":"genre","embeddable":true,"href":"https:\/\/www.rome-roma.net\/it\/wp-json\/wp\/v2\/genre?post=6088"},{"taxonomy":"interet","embeddable":true,"href":"https:\/\/www.rome-roma.net\/it\/wp-json\/wp\/v2\/interet?post=6088"},{"taxonomy":"quartier","embeddable":true,"href":"https:\/\/www.rome-roma.net\/it\/wp-json\/wp\/v2\/quartier?post=6088"},{"taxonomy":"categorie_site","embeddable":true,"href":"https:\/\/www.rome-roma.net\/it\/wp-json\/wp\/v2\/categorie_site?post=6088"},{"taxonomy":"quartier_historique","embeddable":true,"href":"https:\/\/www.rome-roma.net\/it\/wp-json\/wp\/v2\/quartier_historique?post=6088"},{"taxonomy":"etiquettes_site","embeddable":true,"href":"https:\/\/www.rome-roma.net\/it\/wp-json\/wp\/v2\/etiquettes_site?post=6088"}],"curies":[{"name":"wp","href":"https:\/\/api.w.org\/{rel}","templated":true}]}}