


{"id":6129,"date":"2020-02-05T16:35:46","date_gmt":"2020-02-05T15:35:46","guid":{"rendered":"https:\/\/www.rome-roma.net\/site\/musee-de-la-civilisation-romaine\/"},"modified":"2024-12-26T13:42:07","modified_gmt":"2024-12-26T12:42:07","slug":"museo-della-civilta-romana","status":"publish","type":"site","link":"https:\/\/www.rome-roma.net\/it\/museo-della-civilta-romana\/","title":{"rendered":"Museo della civilt\u00e0 romana"},"content":{"rendered":"<p align=\"left\"><a href=\"https:\/\/www.rome-roma.net\/photos\/museodellaciviltaromana\/images\/colosseo_museodellaciviltaromana_3411.jpg\" rel=\"lightbox[a]\"><img loading=\"lazy\" class=\"alignright\" src=\"https:\/\/www.rome-roma.net\/photos\/museodellaciviltaromana\/images\/colosseo_museodellaciviltaromana_3411.jpg\" alt=\"maquette du colis\u00e9e\" width=\"300\" height=\"200\" align=\"left\" border=\"0\" hspace=\"10\" vspace=\"2\" \/><\/a>Il <strong>Museo della Civilt\u00e0 Romana<\/strong> \u00e8, come suggerisce il nome, dedicato alla civilt\u00e0 romana in tutta la sua diversit\u00e0, trattando sia la vita politica che quella quotidiana. Le sue collezioni sono suddivise in 59 sezioni, coprendo una superficie totale di 12.000 metri quadrati.<\/p>\n<p>L&#8217;edificio che ospita il museo fu progettato nel 1939, inizialmente nell&#8217;ambito dell&#8217;Esposizione Universale del 1942, per celebrare le vittorie fasciste.<\/p>\n<h2>Opere del museo<\/h2>\n<p>Le prime 14 sale offrono uno spunto storico su Roma, dalle sue origini fino al VI secolo d.C.<br \/>Le opere includono riproduzioni come calchi di sculture, iscrizioni, frammenti di edifici, nonch\u00e9 modelli di monumenti e complessi architettonici di Roma e delle province dell&#8217;Impero Romano.<\/p>\n<div style=\"width: 310px\" class=\"wp-caption alignright\"><a href=\"https:\/\/www.rome-roma.net\/photos\/museodellaciviltaromana\/images\/reconstitution_romeantique_museedelacivilisationromaine_3499.jpg\" rel=\"lightbox[a]\"><img loading=\"lazy\" src=\"https:\/\/www.rome-roma.net\/photos\/museodellaciviltaromana\/images\/reconstitution_romeantique_museedelacivilisationromaine_3499.jpg\" alt=\"maquette de rome\" width=\"300\" height=\"200\" border=\"0\" \/><\/a><p class=\"wp-caption-text\">Zoom su una parte del modello di Roma<\/p><\/div>\n<p>Ci sono anche ricostruzioni di scene, battaglie e oggetti vari, realizzati a partire dalle scoperte archeologiche, dalle rappresentazioni grafiche e dalle descrizioni degli autori antichi. L&#8217;altezza delle sale, che raggiunge i 10 metri, ha permesso la ricostruzione in scala reale di alcune parti di edifici. Molti edifici distrutti o scomparsi sono stati fedelmente ricreati.<\/p>\n<h3>Il modello della Roma imperiale<\/h3>\n<p>Tra i pezzi pi\u00f9 notevoli, troviamo un grande modello della Roma antica imperiale ai tempi di <strong>Costantino<\/strong> (IV secolo d.C.), realizzato in scala 1:250. Progettato dall&#8217;architetto Italo Gismondi, questa ricostruzione rispetta rigorosi criteri scientifici, basandosi sulla <strong>Forma Urbis Severiana<\/strong>, una lastra di marmo incisa che rappresenta il piano della citt\u00e0 del III secolo d.C., e sulla <strong>Forma Urbis Romae<\/strong>. Il modello \u00e8 regolarmente aggiornato alla luce delle nuove scoperte archeologiche.<\/p>\n<h3 style=\"text-align: left;\" align=\"center\"><a href=\"https:\/\/www.rome-roma.net\/photos\/museodellaciviltaromana\/images\/colonnatraiana_museodellaciviltaromana_3466.jpg\" rel=\"lightbox[a]\"><img loading=\"lazy\" class=\"alignleft\" src=\"https:\/\/www.rome-roma.net\/photos\/museodellaciviltaromana\/images\/colonnatraiana_museodellaciviltaromana_3466.jpg\" alt=\"moulage colonne trajane\" width=\"300\" height=\"200\" border=\"0\" \/><\/a>Calchi della Colonna Traiana<\/h3>\n<p>Tra le riproduzioni di grande interesse, ci sono i calchi dei rilievi della <a href=\"https:\/\/www.rome-roma.net\/it\/colonna-traiana\/\"><strong>Colonna Traiana<\/strong><\/a> (113 d.C.). Si tratta di una delle tre copie realizzate da Napoleone III nel 1861 della colonna eretta da Apollodoro di Damasco per celebrare le vittorie dell&#8217;imperatore Traiano sui Daci (101-102 e 105-106).<\/p>\n<h3>Altre opere notevoli<\/h3>\n<p>Tra le altre opere significative, si segnalano anche i calchi dei bassorilievi della <strong>Colonna di Giove<\/strong> e della <strong>grande frisa di Traiano<\/strong> (alta 3 metri e lunga pi\u00f9 di 18 metri), ricostruita in particolare a partire dai rilievi dell&#8217;arco di Costantino.<\/p>\n\n\n<h2>Articles sur le mus\u00e9e<\/h2>\n\n\n\n<ul class=\"lcp_catlist\" id=\"lcp_instance_0\"><li class=\"current\"><a href=\"https:\/\/www.rome-roma.net\/it\/museo-della-civilta-romana\/\">Museo della civilt\u00e0 romana<\/a><a href=\"https:\/\/www.rome-roma.net\/it\/museo-della-civilta-romana\/\" title=\"Museo della civilt\u00e0 romana\"><img src=\"https:\/\/www.rome-roma.net\/photos\/museodellaciviltaromana\/images\/colosseo_museodellaciviltaromana_3411.jpg\" class=\"classthumblist\"  alt=\"Museo della civilt\u00e0 romana\" \/><\/a><div class=\"lcp_excerpt\">Il Museo della Civilt\u00e0 Romana \u00e8, come suggerisce il nome, dedicato alla civilt\u00e0 romana in tutta la sua diversit\u00e0, trattando sia la ...<\/div><\/li><li><a href=\"https:\/\/www.rome-roma.net\/it\/museo-della-civilta-romana\/visita-galleria-museo-della-civilta-romana\/\">Visita e galleria del Museo della Civilt\u00e0 Romana<\/a><a href=\"https:\/\/www.rome-roma.net\/it\/museo-della-civilta-romana\/visita-galleria-museo-della-civilta-romana\/\" title=\"Visita e galleria del Museo della Civilt\u00e0 Romana\"><img width=\"50\" height=\"50\" src=\"https:\/\/www.rome-roma.net\/wp-content\/uploads\/2020\/02\/colosseo_museodellaciviltaromana_34131-150x150.jpg\" class=\"classthumblist wp-post-image\" alt=\"Visita e galleria del Museo della Civilt\u00e0 Romana\" loading=\"lazy\" srcset=\"https:\/\/www.rome-roma.net\/wp-content\/uploads\/2020\/02\/colosseo_museodellaciviltaromana_34131-150x150.jpg 150w, https:\/\/www.rome-roma.net\/wp-content\/uploads\/2020\/02\/colosseo_museodellaciviltaromana_34131-50x50.jpg 50w, https:\/\/www.rome-roma.net\/wp-content\/uploads\/2020\/02\/colosseo_museodellaciviltaromana_34131-80x80.jpg 80w, https:\/\/www.rome-roma.net\/wp-content\/uploads\/2020\/02\/colosseo_museodellaciviltaromana_34131-75x75.jpg 75w\" sizes=\"(max-width: 50px) 100vw, 50px\" \/><\/a><div class=\"lcp_excerpt\">\n  Sale del museo\n  Ricostituzione della Roma arcaica (sotto i Re Tarquini : VII-VI a.C.)\n Mappa dei popoli italici, con ...<\/div><\/li><li><a href=\"https:\/\/www.rome-roma.net\/it\/museo-della-civilta-romana\/ricostituzione-della-roma-antica\/\">Ricostituzione della Roma antica<\/a><a href=\"https:\/\/www.rome-roma.net\/it\/museo-della-civilta-romana\/ricostituzione-della-roma-antica\/\" title=\"Ricostituzione della Roma antica\"><img src=\"https:\/\/www.rome-roma.net\/photos\/museodellaciviltaromana\/thumbnails\/maquetteromeantique_museedelacivilisationromaine_3474.jpg\" class=\"classthumblist\"  alt=\"Ricostituzione della Roma antica\" \/><\/a><div class=\"lcp_excerpt\">\nIl grande modello di Roma nel Museo della Civilt\u00e0 Romana ricostruisce la citt\u00e0 su una scala di 2: 250 al tempo di ...<\/div><\/li><li><a href=\"https:\/\/www.rome-roma.net\/it\/museo-della-civilta-romana\/ricostituzione-della-roma-dei-tarquini\/\">Ricostituzione della Roma dei Tarquini<\/a><a href=\"https:\/\/www.rome-roma.net\/it\/museo-della-civilta-romana\/ricostituzione-della-roma-dei-tarquini\/\" title=\"Ricostituzione della Roma dei Tarquini\"><img src=\"https:\/\/www.rome-roma.net\/photos\/museodellaciviltaromana\/thumbnails\/roma_archaica_tarquini_3359.jpg\" class=\"classthumblist\"  alt=\"Ricostituzione della Roma dei Tarquini\" \/><\/a><div class=\"lcp_excerpt\">\nRicostruzione della Roma arcaica al Museo della Civilt\u00e0 Romana, modello della citt\u00e0.Immagine del modello qui sotto, ingrandisci per vedere i dettagli.\n\n\n\n\n\n\n  ...<\/div><\/li><\/ul>\n\n\n<p><!--StartFragment--><\/p>\n\n\n<h2>Cartina ed indirizzo<\/h2>\r\n\t\t<b>Indirizzo : <\/b>Piazza Giovanni Agnelli, 10, 00144 Roma RM, Italie<div id=\"travelersmap-container-69f3c29fdbb1f\" class=\"travelersmap-container\" style=\"z-index: 1; min-height: 10px; min-width:10px; height:400px;width:100%; max-width:; max-height:; position:relative;\"><div style=\"position:absolute; z-index:-1;top: 50%;text-align: center;display: block;left: 50%;transform: translate(-50%,-50%);\">Travelers' Map is loading... <br> If you see this after your page is loaded completely, leafletJS files are missing.<\/div><\/div><i>Clicca sulla freccia per localizzarti sulla mappa<\/i>\n\n\n\n<h2>Visita ed informazioni<\/h2>\n\n\n<table style=\"border-collapse: collapse; width: 100%;\">\n<tbody>\n<tr style=\"background-color: #fae8c3;\">\n<td style=\"width: 100%;\"><strong><span style=\"font-size: 10pt;\">Museo della Civilt\u00e0 Romana<\/span><\/strong><br \/><em><span style=\"font-size: 10pt;\">Piazza G. Agnelli, 10 &#8211; 00144 Roma<\/span><\/em><\/td>\n<\/tr>\n<tr style=\"background-color: #f7ece1;\">\n<td style=\"width: 100%;\">\n<p><span style=\"font-size: 10pt;\"><strong>Orari e visite<\/strong><\/span><\/p>\n<ul>\n<li><span style=\"font-size: 10pt;\">ATTENZIONE: Il museo \u00e8 attualmente chiuso per restauro dal 31 gennaio 2014 fino ad una data per il momento indeterminata (vedi il <a href=\"https:\/\/www.museociviltaromana.it\/\" target=\"_blank\" rel=\"noopener\">sito del museo<\/a> per maggiori informazioni)<\/span><\/li>\n<\/ul>\n<\/td>\n<\/tr>\n<tr style=\"background-color: #fae8c3;\">\n<td style=\"width: 100%;\">\n<p><span style=\"font-size: 10pt;\"><strong>Collegamenti<\/strong><\/span><\/p>\n<ul>\n<li><span style=\"font-size: 10pt;\">Sito ufficiale : <a href=\"https:\/\/www.museociviltaromana.it\/\" target=\"_blank\" rel=\"noopener\">www.museociviltaromana.it<\/a><\/span><\/li>\n<li><span style=\"font-size: 10pt;\">Informazioni sul sito del comune <\/span><a href=\"https:\/\/060608.comune.roma.it\/cultura\/musei\/museo-della-civilta-romana-3063\" target=\"_blank\" rel=\"noopener\"><span style=\"font-size: 10pt;\">060608<\/span><\/a><\/li>\n<\/ul>\n<\/td>\n<\/tr>\n<\/tbody>\n<\/table>\n\n\n<p><\/p>\n","protected":false},"excerpt":{"rendered":"<p>Il Museo della Civilt\u00e0 Romana \u00e8, come suggerisce il nome, dedicato alla civilt\u00e0 romana in tutta la sua diversit\u00e0, trattando sia la vita politica che quella quotidiana. Le sue collezioni sono suddivise in 59 sezioni, coprendo una superficie totale di 12.000 metri quadrati. L&#8217;edificio che ospita il museo fu progettato nel 1939, inizialmente nell&#8217;ambito dell&#8217;Esposizione [&hellip;]<\/p>\n","protected":false},"featured_media":0,"parent":0,"menu_order":0,"comment_status":"open","ping_status":"open","template":"","format":"standard","meta":{"kt_blocks_editor_width":"","_links_to":"","_links_to_target":""},"genre":[268,275],"interet":[287],"quartier":[334,333],"categorie_site":[362,365],"quartier_historique":[],"etiquettes_site":[],"acf":[],"yoast_head":"<!-- This site is optimized with the Yoast SEO plugin v17.4 - https:\/\/yoast.com\/wordpress\/plugins\/seo\/ -->\n<title>Museo della civilt\u00e0 romana &ndash; Rome-Roma<\/title>\n<meta name=\"description\" content=\"Museo dedicato alla civilt\u00e0 romana nei suoi vari aspetti, dalla vita politica alla vita quotidiana, con molti modelli, plastici e mappe.\" \/>\n<meta name=\"robots\" content=\"index, follow, max-snippet:-1, max-image-preview:large, max-video-preview:-1\" \/>\n<link rel=\"canonical\" href=\"https:\/\/www.rome-roma.net\/it\/museo-della-civilta-romana\/\" \/>\n<meta property=\"og:locale\" content=\"it_IT\" \/>\n<meta property=\"og:type\" content=\"article\" \/>\n<meta property=\"og:title\" content=\"Museo della civilt\u00e0 romana &ndash; Rome-Roma\" \/>\n<meta property=\"og:description\" content=\"Museo dedicato alla civilt\u00e0 romana nei suoi vari aspetti, dalla vita politica alla vita quotidiana, con molti modelli, plastici e mappe.\" \/>\n<meta property=\"og:url\" content=\"https:\/\/www.rome-roma.net\/it\/museo-della-civilta-romana\/\" \/>\n<meta property=\"og:site_name\" content=\"Rome-Roma\" \/>\n<meta property=\"article:modified_time\" content=\"2024-12-26T12:42:07+00:00\" \/>\n<meta property=\"og:image\" content=\"https:\/\/www.rome-roma.net\/photos\/museodellaciviltaromana\/images\/colosseo_museodellaciviltaromana_3411.jpg\" \/>\n<meta name=\"twitter:card\" content=\"summary_large_image\" \/>\n<meta name=\"twitter:label1\" content=\"Tempo di lettura stimato\" \/>\n\t<meta name=\"twitter:data1\" content=\"3 minuti\" \/>\n<script type=\"application\/ld+json\" class=\"yoast-schema-graph\">{\"@context\":\"https:\/\/schema.org\",\"@graph\":[{\"@type\":\"Organization\",\"@id\":\"https:\/\/www.rome-roma.net\/it\/#organization\",\"name\":\"Rome-Roma\",\"url\":\"https:\/\/www.rome-roma.net\/it\/\",\"sameAs\":[],\"logo\":{\"@type\":\"ImageObject\",\"@id\":\"https:\/\/www.rome-roma.net\/it\/#logo\",\"inLanguage\":\"it-IT\",\"url\":\"https:\/\/www.rome-roma.net\/wp-content\/uploads\/2025\/07\/logo-rome-roma-420.jpg\",\"contentUrl\":\"https:\/\/www.rome-roma.net\/wp-content\/uploads\/2025\/07\/logo-rome-roma-420.jpg\",\"width\":420,\"height\":420,\"caption\":\"Rome-Roma\"},\"image\":{\"@id\":\"https:\/\/www.rome-roma.net\/it\/#logo\"}},{\"@type\":\"WebSite\",\"@id\":\"https:\/\/www.rome-roma.net\/it\/#website\",\"url\":\"https:\/\/www.rome-roma.net\/it\/\",\"name\":\"Rome-Roma\",\"description\":\"Cultura & Viaggio\",\"publisher\":{\"@id\":\"https:\/\/www.rome-roma.net\/it\/#organization\"},\"potentialAction\":[{\"@type\":\"SearchAction\",\"target\":{\"@type\":\"EntryPoint\",\"urlTemplate\":\"https:\/\/www.rome-roma.net\/it\/?s={search_term_string}\"},\"query-input\":\"required name=search_term_string\"}],\"inLanguage\":\"it-IT\"},{\"@type\":\"ImageObject\",\"@id\":\"https:\/\/www.rome-roma.net\/it\/museo-della-civilta-romana\/#primaryimage\",\"inLanguage\":\"it-IT\",\"url\":\"https:\/\/www.rome-roma.net\/photos\/museodellaciviltaromana\/images\/colosseo_museodellaciviltaromana_3411.jpg\",\"contentUrl\":\"https:\/\/www.rome-roma.net\/photos\/museodellaciviltaromana\/images\/colosseo_museodellaciviltaromana_3411.jpg\"},{\"@type\":\"WebPage\",\"@id\":\"https:\/\/www.rome-roma.net\/it\/museo-della-civilta-romana\/#webpage\",\"url\":\"https:\/\/www.rome-roma.net\/it\/museo-della-civilta-romana\/\",\"name\":\"Museo della civilt\\u00e0 romana &ndash; Rome-Roma\",\"isPartOf\":{\"@id\":\"https:\/\/www.rome-roma.net\/it\/#website\"},\"primaryImageOfPage\":{\"@id\":\"https:\/\/www.rome-roma.net\/it\/museo-della-civilta-romana\/#primaryimage\"},\"datePublished\":\"2020-02-05T15:35:46+00:00\",\"dateModified\":\"2024-12-26T12:42:07+00:00\",\"description\":\"Museo dedicato alla civilt\\u00e0 romana nei suoi vari aspetti, dalla vita politica alla vita quotidiana, con molti modelli, plastici e mappe.\",\"breadcrumb\":{\"@id\":\"https:\/\/www.rome-roma.net\/it\/museo-della-civilta-romana\/#breadcrumb\"},\"inLanguage\":\"it-IT\",\"potentialAction\":[{\"@type\":\"ReadAction\",\"target\":[\"https:\/\/www.rome-roma.net\/it\/museo-della-civilta-romana\/\"]}]},{\"@type\":\"BreadcrumbList\",\"@id\":\"https:\/\/www.rome-roma.net\/it\/museo-della-civilta-romana\/#breadcrumb\",\"itemListElement\":[{\"@type\":\"ListItem\",\"position\":1,\"name\":\"Accueil\",\"item\":\"https:\/\/www.rome-roma.net\/it\/\"},{\"@type\":\"ListItem\",\"position\":2,\"name\":\"Museo della civilt\\u00e0 romana\"}]}]}<\/script>\n<!-- \/ Yoast SEO plugin. -->","yoast_head_json":{"title":"Museo della civilt\u00e0 romana &ndash; Rome-Roma","description":"Museo dedicato alla civilt\u00e0 romana nei suoi vari aspetti, dalla vita politica alla vita quotidiana, con molti modelli, plastici e mappe.","robots":{"index":"index","follow":"follow","max-snippet":"max-snippet:-1","max-image-preview":"max-image-preview:large","max-video-preview":"max-video-preview:-1"},"canonical":"https:\/\/www.rome-roma.net\/it\/museo-della-civilta-romana\/","og_locale":"it_IT","og_type":"article","og_title":"Museo della civilt\u00e0 romana &ndash; Rome-Roma","og_description":"Museo dedicato alla civilt\u00e0 romana nei suoi vari aspetti, dalla vita politica alla vita quotidiana, con molti modelli, plastici e mappe.","og_url":"https:\/\/www.rome-roma.net\/it\/museo-della-civilta-romana\/","og_site_name":"Rome-Roma","article_modified_time":"2024-12-26T12:42:07+00:00","og_image":[{"url":"https:\/\/www.rome-roma.net\/photos\/museodellaciviltaromana\/images\/colosseo_museodellaciviltaromana_3411.jpg"}],"twitter_card":"summary_large_image","twitter_misc":{"Tempo di lettura stimato":"3 minuti"},"schema":{"@context":"https:\/\/schema.org","@graph":[{"@type":"Organization","@id":"https:\/\/www.rome-roma.net\/it\/#organization","name":"Rome-Roma","url":"https:\/\/www.rome-roma.net\/it\/","sameAs":[],"logo":{"@type":"ImageObject","@id":"https:\/\/www.rome-roma.net\/it\/#logo","inLanguage":"it-IT","url":"https:\/\/www.rome-roma.net\/wp-content\/uploads\/2025\/07\/logo-rome-roma-420.jpg","contentUrl":"https:\/\/www.rome-roma.net\/wp-content\/uploads\/2025\/07\/logo-rome-roma-420.jpg","width":420,"height":420,"caption":"Rome-Roma"},"image":{"@id":"https:\/\/www.rome-roma.net\/it\/#logo"}},{"@type":"WebSite","@id":"https:\/\/www.rome-roma.net\/it\/#website","url":"https:\/\/www.rome-roma.net\/it\/","name":"Rome-Roma","description":"Cultura & Viaggio","publisher":{"@id":"https:\/\/www.rome-roma.net\/it\/#organization"},"potentialAction":[{"@type":"SearchAction","target":{"@type":"EntryPoint","urlTemplate":"https:\/\/www.rome-roma.net\/it\/?s={search_term_string}"},"query-input":"required name=search_term_string"}],"inLanguage":"it-IT"},{"@type":"ImageObject","@id":"https:\/\/www.rome-roma.net\/it\/museo-della-civilta-romana\/#primaryimage","inLanguage":"it-IT","url":"https:\/\/www.rome-roma.net\/photos\/museodellaciviltaromana\/images\/colosseo_museodellaciviltaromana_3411.jpg","contentUrl":"https:\/\/www.rome-roma.net\/photos\/museodellaciviltaromana\/images\/colosseo_museodellaciviltaromana_3411.jpg"},{"@type":"WebPage","@id":"https:\/\/www.rome-roma.net\/it\/museo-della-civilta-romana\/#webpage","url":"https:\/\/www.rome-roma.net\/it\/museo-della-civilta-romana\/","name":"Museo della civilt\u00e0 romana &ndash; Rome-Roma","isPartOf":{"@id":"https:\/\/www.rome-roma.net\/it\/#website"},"primaryImageOfPage":{"@id":"https:\/\/www.rome-roma.net\/it\/museo-della-civilta-romana\/#primaryimage"},"datePublished":"2020-02-05T15:35:46+00:00","dateModified":"2024-12-26T12:42:07+00:00","description":"Museo dedicato alla civilt\u00e0 romana nei suoi vari aspetti, dalla vita politica alla vita quotidiana, con molti modelli, plastici e mappe.","breadcrumb":{"@id":"https:\/\/www.rome-roma.net\/it\/museo-della-civilta-romana\/#breadcrumb"},"inLanguage":"it-IT","potentialAction":[{"@type":"ReadAction","target":["https:\/\/www.rome-roma.net\/it\/museo-della-civilta-romana\/"]}]},{"@type":"BreadcrumbList","@id":"https:\/\/www.rome-roma.net\/it\/museo-della-civilta-romana\/#breadcrumb","itemListElement":[{"@type":"ListItem","position":1,"name":"Accueil","item":"https:\/\/www.rome-roma.net\/it\/"},{"@type":"ListItem","position":2,"name":"Museo della civilt\u00e0 romana"}]}]}},"acf_fields":{"nom_monument":null,"wikidata":"Q1275123","sameas":null},"_links":{"self":[{"href":"https:\/\/www.rome-roma.net\/it\/wp-json\/wp\/v2\/site\/6129"}],"collection":[{"href":"https:\/\/www.rome-roma.net\/it\/wp-json\/wp\/v2\/site"}],"about":[{"href":"https:\/\/www.rome-roma.net\/it\/wp-json\/wp\/v2\/types\/site"}],"replies":[{"embeddable":true,"href":"https:\/\/www.rome-roma.net\/it\/wp-json\/wp\/v2\/comments?post=6129"}],"wp:attachment":[{"href":"https:\/\/www.rome-roma.net\/it\/wp-json\/wp\/v2\/media?parent=6129"}],"wp:term":[{"taxonomy":"genre","embeddable":true,"href":"https:\/\/www.rome-roma.net\/it\/wp-json\/wp\/v2\/genre?post=6129"},{"taxonomy":"interet","embeddable":true,"href":"https:\/\/www.rome-roma.net\/it\/wp-json\/wp\/v2\/interet?post=6129"},{"taxonomy":"quartier","embeddable":true,"href":"https:\/\/www.rome-roma.net\/it\/wp-json\/wp\/v2\/quartier?post=6129"},{"taxonomy":"categorie_site","embeddable":true,"href":"https:\/\/www.rome-roma.net\/it\/wp-json\/wp\/v2\/categorie_site?post=6129"},{"taxonomy":"quartier_historique","embeddable":true,"href":"https:\/\/www.rome-roma.net\/it\/wp-json\/wp\/v2\/quartier_historique?post=6129"},{"taxonomy":"etiquettes_site","embeddable":true,"href":"https:\/\/www.rome-roma.net\/it\/wp-json\/wp\/v2\/etiquettes_site?post=6129"}],"curies":[{"name":"wp","href":"https:\/\/api.w.org\/{rel}","templated":true}]}}