


{"id":6469,"date":"2020-01-22T16:27:26","date_gmt":"2020-01-22T15:27:26","guid":{"rendered":"https:\/\/www.rome-roma.net\/site\/basilica-di-san-giovanni-in-laterano\/visite-de-saint-jean-du-latran\/"},"modified":"2020-04-20T15:37:13","modified_gmt":"2020-04-20T13:37:13","slug":"visita-di-san-giovanni-in-laterano","status":"publish","type":"site","link":"https:\/\/www.rome-roma.net\/it\/basilica-di-san-giovanni-in-laterano\/visita-di-san-giovanni-in-laterano\/","title":{"rendered":"Visita di San Giovanni in Laterano"},"content":{"rendered":"<p lang=\"fr-FR\">L&#8217;interno della basilica, lungo 130 metri, conserva le proporzioni dell&#8217;edificio originale del IV secolo d.C. Il suo arredamento \u00e8 tuttavia molto diverso dall&#8217;originale, ereditato in particolare dagli importanti lavori eseguiti da <strong>Borromini<\/strong> tra il 1646 e il 1649.<\/p>\n<h2 lang=\"fr-FR\"><span style=\"font-size: 18pt;\">Facciata ed esterno<br \/><\/span><\/h2>\n<div style=\"width: 310px\" class=\"wp-caption alignright\"><a href=\"https:\/\/www.rome-roma.net\/photos\/SanGiovanniInLaterano\/images\/facadesaintjeandulatran_0220.jpg\" rel=\"lightbox[a]\"><img loading=\"lazy\" src=\"https:\/\/www.rome-roma.net\/photos\/SanGiovanniInLaterano\/images\/facadesaintjeandulatran_0220.jpg\" alt=\"saint jean du latran : fa\u00e7ade\" width=\"300\" height=\"200\" border=\"0\" \/><\/a><p class=\"wp-caption-text\">Facciata principale<\/p><\/div>\n<p lang=\"fr-FR\">La facciata principale di <strong>Galilei<\/strong> del XVIII secolo presenta un unico ordine, con colonne e semicolonne corinzie, un timpano centrale e una balaustra coronata da quindici statue colossali che rappresentano Cristo, i Santi Giovanni Battista, l&#8217;evangelista e i dottori della Chiesa. Sul cornicione, una lunga iscrizione ricorda l&#8217;erezione della facciata commissionata da <strong>Clemente XII<\/strong>.<br \/>Un mosaico del timpano raffigurante Ges\u00f9 proviene dalla basilica paleocristiana.<\/p>\n<div style=\"width: 310px\" class=\"wp-caption alignleft\"><a href=\"https:\/\/www.rome-roma.net\/photos\/basilique-saint-jean-latran\/images\/basilique_saint_jean_du_latran_0002.jpg\" rel=\"lightbox[a]\"><img loading=\"lazy\" src=\"https:\/\/www.rome-roma.net\/photos\/basilique-saint-jean-latran\/images\/basilique_saint_jean_du_latran_0002.jpg\" alt=\"basilique saint jean du latran - fa\u00e7ade nord\" width=\"300\" height=\"200\" border=\"0\" \/><\/a><p class=\"wp-caption-text\">Facciata transetto nord<\/p><\/div>\n<p>Sotto il portico, rilievi in marmo evocano la vita del Battista. Una statua di Costantino del IV secolo proviene dalle terme del Quirinale. Il portale centrale ha una bella porta antica della Curia del Foro Romano. L&#8217;ultima porta a destra \u00e8 la porta santa.<\/p>\n<p>La facciata del transetto settentrionale \u00e8 incoronata tra due campanili medievali del tempo di Pio IV. Il portico con la loggia che la precede fu realizzato da <strong>Domenico Fontana<\/strong>. Sui soffitti di questi, affreschi di angeli e santi risalgono a Sisto V. In una nicchia chiusa da un portale, vi \u00e8 una statua in bronzo di Enrico IV di Francia.<\/p>\n<h2 lang=\"fr-FR\"><span style=\"font-size: 18pt;\">Navata centrale<\/span><\/h2>\n<div style=\"width: 210px\" class=\"wp-caption alignright\"><a href=\"https:\/\/www.rome-roma.net\/photos\/SanGiovanniInLaterano\/images\/basiliquesaintjeandulatran3_0152.jpg\" rel=\"lightbox[a]\"><img loading=\"lazy\" src=\"https:\/\/www.rome-roma.net\/photos\/SanGiovanniInLaterano\/images\/basiliquesaintjeandulatran3_0152.jpg\" alt=\"nef saint jean du latran\" width=\"200\" height=\"300\" border=\"0\" \/><\/a><p class=\"wp-caption-text\">Navata centrale<\/p><\/div>\n<p lang=\"fr-FR\">Come l&#8217;antico edificio, la basilica ha cinque navate. Gli splendidi interni provengono dalla ristrutturazione progettata da <strong>Borromini<\/strong> nel XVII secolo.<\/p>\n<div style=\"width: 116px\" class=\"wp-caption alignleft\"><a href=\"https:\/\/www.rome-roma.net\/photos\/SanGiovanniInLaterano\/images\/matthieusaintjeandulatran_0153.jpg\" rel=\"lightbox[a]\"><img loading=\"lazy\" src=\"https:\/\/www.rome-roma.net\/photos\/SanGiovanniInLaterano\/thumbnails\/matthieusaintjeandulatran_0153.jpg\" alt=\"saint matthieu - saint jean du latran\" width=\"106\" height=\"154\" border=\"0\" \/><\/a><p class=\"wp-caption-text\">San Matteo<\/p><\/div>\n<p>La navata centrale ha conservato il soffitto a cassettoni del XVI secolo.<\/p>\n<p>Le 12 nicchie inserite nei pilastri ospitano le statue degli apostoli. Sono incorniciati dalle loro colonne di marmi, con un timpano decorato dalla colomba dei Pamphilj.<\/p>\n<p>Tra le finestre dei dischi dipinti rappresentano i profeti. Il pavimento cosmatesco \u00e8 quello della basilica medievale.<\/p>\n<div style=\"width: 116px\" class=\"wp-caption alignleft\"><a href=\"https:\/\/www.rome-roma.net\/photos\/SanGiovanniInLaterano\/images\/ciboriumbaldaquinsaintjeandulatran_0156.jpg\" rel=\"lightbox[a]\"><img loading=\"lazy\" src=\"https:\/\/www.rome-roma.net\/photos\/SanGiovanniInLaterano\/thumbnails\/ciboriumbaldaquinsaintjeandulatran_0156.jpg\" alt=\"baldaquin - saint jean du latran\" width=\"106\" height=\"154\" border=\"0\" \/><\/a><p class=\"wp-caption-text\">Ciborio<\/p><\/div>\n<p>In fondo alla navata, all&#8217;incrocio, il magnifico ciborio gotico realizzato dal toscano <strong>Giovanni di Stefano<\/strong> nel 1367, ospita l&#8217;altare papale.<\/p>\n<p>Sotto, un reliquiario chiuso da una griglia d&#8217;oro conterrebbe i teschi di San Paolo e di San Pietro. Di fronte, l&#8217;altare fu ricostruito da Pio IX, con la tomba di Papa Martino V (1443, di Simone Ghini). Sul cornicione esterno tra la cella delle reliquie e l&#8217;altare degli affreschi raffigurano Santi, la crocifissione, il buon pastore, la Madonna col Bambino e l&#8217;incoronazione di Maria.<\/p>\n<h2 lang=\"fr-FR\"><span style=\"font-size: 18pt;\">Abside et coro<\/span><\/h2>\n<div style=\"width: 310px\" class=\"wp-caption alignright\"><a href=\"https:\/\/www.rome-roma.net\/photos\/2013-mars2014\/sangiovanniinlaterano\/images\/mosaico_abside_san_giovanni_in_laterano_5335.jpg\" rel=\"lightbox[a]\"><img loading=\"lazy\" src=\"https:\/\/www.rome-roma.net\/photos\/2013-mars2014\/sangiovanniinlaterano\/images\/mosaico_abside_san_giovanni_in_laterano_5335.jpg\" alt=\"abside basilique saint-jean du latran\" width=\"300\" height=\"200\" border=\"0\" \/><\/a><p class=\"wp-caption-text\">Mosa\u00efque de l&#8217;abside<\/p><\/div>\n<p>Papa <strong>Leone XIII<\/strong> fece ricostruire l&#8217;antica abside nel 1885 da Virginio e Francesco <strong>Vespignani<\/strong>, distruggendo quella risalente a Niccol\u00f2 IV con il suo deambulatorio della fine del XIII secolo.<br \/>Lo spazio aperto accoglie il nuovo coro, riccamente decorato con affreschi, stucchi e marmi policromi.<\/p>\n<p>Nell&#8217;abside il grande mosaico rappresenta alla sinistra della croce di Cristo e la colomba dello Spirito Santo: la Vergine, Niccol\u00f2 IV, San Pietro e San Paolo; a destra, San Giovanni Battista, San Giovanni Evangelista e Sant&#8217;Andrea.<br \/>Di dimensioni inferiori, le figure di San Francesco d&#8217;Assisi e di Sant&#8217;Antonio da Padova furono aggiunte sotto Niccol\u00f2 IV. Nel fregio ai piedi degli apostoli, ci sono anche le piccole figure degli artisti Camerino e Torriti.<\/p>\n<p>Questo mosaico \u00e8 una riproduzione fedele dell&#8217;originale della fine del XIII secolo (di Jacopo Torriti e Jacopo da Camerino). Questa era anche una riproduzione di una versione pi\u00f9 antica.<\/p>\n<p>La sedia papale nell&#8217;abside \u00e8 una copia del XIX secolo della originale cosmatesca che si trova nel chiostro.<\/p>\n<h2 lang=\"fr-FR\"><span style=\"font-size: 18pt;\">Transetto<\/span><\/h2>\n<div style=\"width: 310px\" class=\"wp-caption alignright\"><a href=\"https:\/\/www.rome-roma.net\/photos\/SanGiovanniInLaterano\/images\/transeptsudfresquedelascensionsaintjeandulatran_0158.jpg\" rel=\"lightbox[a]\"><img loading=\"lazy\" src=\"https:\/\/www.rome-roma.net\/photos\/SanGiovanniInLaterano\/images\/transeptsudfresquedelascensionsaintjeandulatran_0158.jpg\" alt=\"saint jean du latran\" width=\"300\" height=\"200\" border=\"0\" \/><\/a><p class=\"wp-caption-text\">Transetto nord, altare del Santissimo Sacramento<\/p><\/div>\n<p>Il transetto, con la sua profusione di opere, \u00e8 particolarmente rappresentativo del manierismo romano della fine del XVI secolo.<\/p>\n<p>Nel transetto settentrionale, l&#8217;immenso organo di Luca Biagi risale al XVI secolo. Nel transetto meridionale, l&#8217;<strong>altare del Santissimo Sacramento<\/strong> presenta un ciborio barocco decorato con pietre preziose. Il reliquiario della mensa dell&#8217;Ultima Cena su cui Ges\u00f9 mangi\u00f2 fu un&#8217;opera di Ambrogio Buonvicino e Orazio Censor. \u00c8 incorniciato da quattro antiche colonne corinzie, in bronzo, del II secolo d.C.<br \/>L&#8217;affresco sopra raffigurante <em>l&#8217;Ascensione<\/em> \u00e8 opera del <strong>Cavalier d&#8217;Arpino<\/strong>.<\/p>\n<h2 lang=\"fr-FR\"><span style=\"font-size: 18pt;\">Navate laterale<br \/><\/span><\/h2>\n<p lang=\"fr-FR\"><strong>Borromini<\/strong> decor\u00f2 le navate laterali con grande creativit\u00e0, posizionando i antichi monumenti funerari tra le cappelle o lavorando i pilastri.<\/p>\n<div style=\"width: 164px\" class=\"wp-caption alignright\"><a href=\"https:\/\/www.rome-roma.net\/photos\/SanGiovanniInLaterano\/images\/giottobonifaceviiijubile1300sangiovanniinlaterano_0178.jpg\" rel=\"lightbox[a]\"><img loading=\"lazy\" src=\"https:\/\/www.rome-roma.net\/photos\/SanGiovanniInLaterano\/thumbnails\/giottobonifaceviiijubile1300sangiovanniinlaterano_0178.jpg\" alt=\"fresque de giotto - saint jean du latran\" width=\"154\" height=\"151\" border=\"0\" \/><\/a><p class=\"wp-caption-text\">Frammento dell&#8217;antico affresco detto di Giotto<\/p><\/div>\n<p><span lang=\"fr-FR\">Nella navata destra, un frammento di un affresco trecentesco, attribuito da alcuni a <strong>Giotto<\/strong>, proviene dall&#8217;arredamento dell&#8217;antica Loggia delle Benedizioni. Rappresenta Papa Bonifacio VIII durante l&#8217;Anno Santo 1300 (immagine a destra).<br \/>Citiamo le principali cappelle di questa navata : la cappella Massimo, la cappella Torlonia e la cappella Casati con le tombe del cardinale lombardo Conte Casati (morto a Roma nel 1288), e del suo discendente Don Agostino Casati (1739-1820), conte delle dinastie di Milano e Muggi\u00f2.<\/span><\/p>\n<div style=\"width: 177px\" class=\"wp-caption alignleft\"><a href=\"https:\/\/www.rome-roma.net\/photos\/SanGiovanniInLaterano\/images\/chapellessaintjeandulatran_0185.jpg\" rel=\"lightbox[a]\"><img loading=\"lazy\" src=\"https:\/\/www.rome-roma.net\/photos\/SanGiovanniInLaterano\/images\/chapellessaintjeandulatran_0185.jpg\" alt=\"Cappella Corsini  - saint jean du latran\" width=\"167\" height=\"250\" border=\"0\" \/><\/a><p class=\"wp-caption-text\">Cappella Corsini<\/p><\/div>\n<p>Nella navata sinistra, una copia del gisant di Riccardo degli Annibaldi fu fatta da <strong>Arnolfo di Cambio<\/strong> nel 1276 (l&#8217;originale \u00e8 nel chiostro)<\/p>\n<p>In questa navata, la <strong>cappella Corsini<\/strong> ospita un&#8217;antica urna di porfido dal Pantheon, con le tombe di papa <strong>Clemente XII<\/strong> e altri membri della sua famiglia.<br \/>Le decorazioni in stucco sono opere dello scultore Simone Martinez di Messina e di suo figlio Francesco. La Piet\u00e0 in marmo di Antonio Montauti, del 1733, \u00e8 l&#8217;opera pi\u00f9 famosa dello scultore barocco.<\/p>\n<p>\u00a0<\/p>\n<h2><span style=\"font-size: 18pt;\">Galleria<\/span><\/h2>\n\n<style id=\"kt-blocks_6834cd-86\" type=\"text\/css\">.kt-accordion-id_6834cd-86 .kt-accordion-panel-inner {background:#ffffff;border-width:0px 1px 1px 1px;}.kt-accordion-id_6834cd-86 .kt-blocks-accordion-header {color:#313131;background:#bb9cd9;border-color:#eeeeee #eeeeee #eeeeee #eeeeee;font-size:18px;line-height:24px;border-radius:0px 0px 0px 0px;border-width:1px 1px 1px 2px;padding:14px 16px 14px 16px;margin-top:10px;}.kt-accordion-id_6834cd-86 .kt-blocks-accordion-header .kt-btn-svg-icon svg {width:18px;height:18px;}.kt-accordion-id_6834cd-86:not( .kt-accodion-icon-style-basiccircle ):not( .kt-accodion-icon-style-xclosecircle ):not( .kt-accodion-icon-style-arrowcircle ) .kt-blocks-accordion-icon-trigger:after, .kt-accordion-id_6834cd-86:not( .kt-accodion-icon-style-basiccircle ):not( .kt-accodion-icon-style-xclosecircle ):not( .kt-accodion-icon-style-arrowcircle ) .kt-blocks-accordion-icon-trigger:before {background:#313131;}.kt-accordion-id_6834cd-86:not( .kt-accodion-icon-style-basic ):not( .kt-accodion-icon-style-xclose ):not( .kt-accodion-icon-style-arrow ) .kt-blocks-accordion-icon-trigger {background:#313131;}.kt-accordion-id_6834cd-86:not( .kt-accodion-icon-style-basic ):not( .kt-accodion-icon-style-xclose ):not( .kt-accodion-icon-style-arrow ) .kt-blocks-accordion-icon-trigger:after, .kt-accordion-id_6834cd-86:not( .kt-accodion-icon-style-basic ):not( .kt-accodion-icon-style-xclose ):not( .kt-accodion-icon-style-arrow ) .kt-blocks-accordion-icon-trigger:before {background:#bb9cd9;}.kt-accordion-id_6834cd-86 .kt-blocks-accordion-header:hover, .kt-accordion-id_6834cd-86 .kt-blocks-accordion-header:focus {color:#eeeeee;background:#bb9cd9;border-color:#d4d4d4 #d4d4d4 #d4d4d4 #d4d4d4;}.kt-accordion-id_6834cd-86:not( .kt-accodion-icon-style-basiccircle ):not( .kt-accodion-icon-style-xclosecircle ):not( .kt-accodion-icon-style-arrowcircle ) .kt-blocks-accordion-header:hover .kt-blocks-accordion-icon-trigger:after, .kt-accordion-id_6834cd-86:not( .kt-accodion-icon-style-basiccircle ):not( .kt-accodion-icon-style-xclosecircle ):not( .kt-accodion-icon-style-arrowcircle ) .kt-blocks-accordion-header:hover .kt-blocks-accordion-icon-trigger:before, .kt-accordion-id_6834cd-86:not( .kt-accodion-icon-style-basiccircle ):not( .kt-accodion-icon-style-xclosecircle ):not( .kt-accodion-icon-style-arrowcircle ) .kt-blocks-accordion-header:focus .kt-blocks-accordion-icon-trigger:after, .kt-accordion-id_6834cd-86:not( .kt-accodion-icon-style-basiccircle ):not( .kt-accodion-icon-style-xclosecircle ):not( .kt-accodion-icon-style-arrowcircle ) .kt-blocks-accordion-header:focus .kt-blocks-accordion-icon-trigger:before {background:#eeeeee;}.kt-accordion-id_6834cd-86:not( .kt-accodion-icon-style-basic ):not( .kt-accodion-icon-style-xclose ):not( .kt-accodion-icon-style-arrow ) .kt-blocks-accordion-header:hover .kt-blocks-accordion-icon-trigger, .kt-accordion-id_6834cd-86:not( .kt-accodion-icon-style-basic ):not( .kt-accodion-icon-style-xclose ):not( .kt-accodion-icon-style-arrow ) .kt-blocks-accordion-header:focus .kt-blocks-accordion-icon-trigger {background:#eeeeee;}.kt-accordion-id_6834cd-86:not( .kt-accodion-icon-style-basic ):not( .kt-accodion-icon-style-xclose ):not( .kt-accodion-icon-style-arrow ) .kt-blocks-accordion-header:hover .kt-blocks-accordion-icon-trigger:after, .kt-accordion-id_6834cd-86:not( .kt-accodion-icon-style-basic ):not( .kt-accodion-icon-style-xclose ):not( .kt-accodion-icon-style-arrow ) .kt-blocks-accordion-header:hover .kt-blocks-accordion-icon-trigger:before, .kt-accordion-id_6834cd-86:not( .kt-accodion-icon-style-basic ):not( .kt-accodion-icon-style-xclose ):not( .kt-accodion-icon-style-arrow ) .kt-blocks-accordion-header:focus .kt-blocks-accordion-icon-trigger:after, .kt-accordion-id_6834cd-86:not( .kt-accodion-icon-style-basic ):not( .kt-accodion-icon-style-xclose ):not( .kt-accodion-icon-style-arrow ) .kt-blocks-accordion-header:focus .kt-blocks-accordion-icon-trigger:before {background:#bb9cd9;}.kt-accordion-id_6834cd-86 .kt-blocks-accordion-header.kt-accordion-panel-active {color:#444444;background:#ffffff;border-color:#eeeeee #eeeeee #eeeeee #0e9cd1;}.kt-accordion-id_6834cd-86:not( .kt-accodion-icon-style-basiccircle ):not( .kt-accodion-icon-style-xclosecircle ):not( .kt-accodion-icon-style-arrowcircle ) .kt-blocks-accordion-header.kt-accordion-panel-active .kt-blocks-accordion-icon-trigger:after, .kt-accordion-id_6834cd-86:not( .kt-accodion-icon-style-basiccircle ):not( .kt-accodion-icon-style-xclosecircle ):not( .kt-accodion-icon-style-arrowcircle ) .kt-blocks-accordion-header.kt-accordion-panel-active .kt-blocks-accordion-icon-trigger:before {background:#444444;}.kt-accordion-id_6834cd-86:not( .kt-accodion-icon-style-basic ):not( .kt-accodion-icon-style-xclose ):not( .kt-accodion-icon-style-arrow ) .kt-blocks-accordion-header.kt-accordion-panel-active .kt-blocks-accordion-icon-trigger {background:#444444;}.kt-accordion-id_6834cd-86:not( .kt-accodion-icon-style-basic ):not( .kt-accodion-icon-style-xclose ):not( .kt-accodion-icon-style-arrow ) .kt-blocks-accordion-header.kt-accordion-panel-active .kt-blocks-accordion-icon-trigger:after, .kt-accordion-id_6834cd-86:not( .kt-accodion-icon-style-basic ):not( .kt-accodion-icon-style-xclose ):not( .kt-accodion-icon-style-arrow ) .kt-blocks-accordion-header.kt-accordion-panel-active .kt-blocks-accordion-icon-trigger:before {background:#ffffff;}<\/style>\n<div class=\"wp-block-kadence-accordion alignnone\"><div class=\"kt-accordion-wrap kt-accordion-wrap kt-accordion-id_6834cd-86 kt-accordion-has-2-panes kt-active-pane-0 kt-accordion-block kt-pane-header-alignment-left kt-accodion-icon-style-arrow kt-accodion-icon-side-right\" style=\"max-width:none\"><div class=\"kt-accordion-inner-wrap\" data-allow-multiple-open=\"true\" data-start-open=\"none\">\n<div class=\"wp-block-kadence-pane kt-accordion-pane kt-accordion-pane-1 kt-pane_aa68e9-f6\"><div class=\"kt-accordion-header-wrap\"><button class=\"kt-blocks-accordion-header kt-acccordion-button-label-show\"><div class=\"kt-blocks-accordion-title-wrap\"><span class=\"kt-blocks-accordion-title\">Aprire la galleria fotografica<\/span><\/div><div class=\"kt-blocks-accordion-icon-trigger\"><\/div><\/button><\/div><div class=\"kt-accordion-panel\"><div class=\"kt-accordion-panel-inner\">\n<h3>Esterno, facciate<\/h3>\n<p><a href=\"https:\/\/www.rome-roma.net\/photos\/2013-mars2014\/sangiovanniinlaterano\/images\/basilique_saintjeandulatran_2183.jpg\"><img loading=\"lazy\" src=\"https:\/\/www.rome-roma.net\/photos\/2013-mars2014\/sangiovanniinlaterano\/thumbnails\/basilique_saintjeandulatran_2183.jpg\" alt=\"basilique san giovanni in laterano\" width=\"154\" height=\"106\" border=\"0\" \/><\/a><a href=\"https:\/\/www.rome-roma.net\/photos\/2013-mars2014\/sangiovanniinlaterano\/images\/basilique_saintjeandulatran_2184.jpg\"><img loading=\"lazy\" src=\"https:\/\/www.rome-roma.net\/photos\/2013-mars2014\/sangiovanniinlaterano\/thumbnails\/basilique_saintjeandulatran_2184.jpg\" alt=\"basilique san giovanni in laterano\" width=\"154\" height=\"106\" border=\"0\" \/><\/a><a href=\"https:\/\/www.rome-roma.net\/photos\/2013-mars2014\/sangiovanniinlaterano\/images\/basilique_saintjeandulatran_2185.jpg\"><img loading=\"lazy\" src=\"https:\/\/www.rome-roma.net\/photos\/2013-mars2014\/sangiovanniinlaterano\/thumbnails\/basilique_saintjeandulatran_2185.jpg\" alt=\"basilique san giovanni in laterano\" width=\"154\" height=\"106\" border=\"0\" \/><\/a><a href=\"https:\/\/www.rome-roma.net\/photos\/2013-mars2014\/sangiovanniinlaterano\/images\/basilique_saintjeandulatran_2186.jpg\"><img loading=\"lazy\" src=\"https:\/\/www.rome-roma.net\/photos\/2013-mars2014\/sangiovanniinlaterano\/thumbnails\/basilique_saintjeandulatran_2186.jpg\" alt=\"basilique san giovanni in laterano\" width=\"154\" height=\"106\" border=\"0\" \/><\/a><\/p>\n<p><a href=\"https:\/\/www.rome-roma.net\/photos\/SanGiovanniInLaterano\/images\/facadesaintjeandulatran_0150.jpg\" rel=\"lightbox[a]\"><img loading=\"lazy\" src=\"https:\/\/www.rome-roma.net\/photos\/SanGiovanniInLaterano\/thumbnails\/facadesaintjeandulatran_0150.jpg\" alt=\"fa\u00e7ade de saint jean du latran\" width=\"106\" height=\"154\" border=\"0\" \/><\/a><a href=\"https:\/\/www.rome-roma.net\/photos\/SanGiovanniInLaterano\/images\/facadesaintjeandulatran_0220.jpg\" rel=\"lightbox[a]\"><img loading=\"lazy\" src=\"https:\/\/www.rome-roma.net\/photos\/SanGiovanniInLaterano\/thumbnails\/facadesaintjeandulatran_0220.jpg\" alt=\"saint jean du latran : fa\u00e7ade\" width=\"154\" height=\"106\" border=\"0\" \/><\/a><a href=\"https:\/\/www.rome-roma.net\/photos\/basilique-saint-jean-latran\/images\/roma_sanGiovanni.jpg\" rel=\"lightbox[a]\"><img loading=\"lazy\" src=\"https:\/\/www.rome-roma.net\/photos\/basilique-saint-jean-latran\/thumbnails\/roma_sangiovanni.jpg\" alt=\"basilique saint jean du latran \" width=\"154\" height=\"106\" border=\"0\" \/><\/a> Facciata principale<br \/><a href=\"https:\/\/www.rome-roma.net\/photos\/SanGiovanniInLaterano\/images\/sangiovanniinlaterano_0199.jpg\" rel=\"lightbox[a]\"><img loading=\"lazy\" src=\"https:\/\/www.rome-roma.net\/photos\/SanGiovanniInLaterano\/thumbnails\/sangiovanniinlaterano_0199.jpg\" alt=\"saint jean du latran\" width=\"106\" height=\"154\" border=\"0\" \/><\/a><a href=\"https:\/\/www.rome-roma.net\/photos\/basilique-saint-jean-latran\/images\/basilique_saint_jean_du_latran_0001.jpg\" rel=\"lightbox[a]\"><img loading=\"lazy\" src=\"https:\/\/www.rome-roma.net\/photos\/basilique-saint-jean-latran\/thumbnails\/basilique_saint_jean_du_latran_0001.jpg\" alt=\"basilique saint jean du latran \" width=\"122\" height=\"85\" border=\"0\" \/><\/a><a href=\"https:\/\/www.rome-roma.net\/photos\/basilique-saint-jean-latran\/images\/basilique_saint_jean_du_latran_0002.jpg\" rel=\"lightbox[a]\"><img loading=\"lazy\" src=\"https:\/\/www.rome-roma.net\/photos\/basilique-saint-jean-latran\/thumbnails\/basilique_saint_jean_du_latran_0002.jpg\" alt=\"basilique saint jean du latran \" width=\"122\" height=\"85\" border=\"0\" \/><\/a> A destra, facciata del transetto nord<\/p>\n<p><a href=\"https:\/\/www.rome-roma.net\/photos\/SanGiovanniInLaterano\/images\/portasantasangiovanniinlaterano_0219.jpg\" rel=\"lightbox[a]\"><img loading=\"lazy\" src=\"https:\/\/www.rome-roma.net\/photos\/SanGiovanniInLaterano\/thumbnails\/portasantasangiovanniinlaterano_0219.jpg\" alt=\"porta santa - saint jean du latran\" width=\"106\" height=\"154\" border=\"0\" \/><\/a> Porta santa, aperta soltanto in anno santo<\/p>\n<p><a href=\"https:\/\/www.rome-roma.net\/photos\/SanGiovanniInLaterano\/images\/portiqueprincipalsaintjeandulatran_0151.jpg\" rel=\"lightbox[a]\"><img loading=\"lazy\" src=\"https:\/\/www.rome-roma.net\/photos\/SanGiovanniInLaterano\/thumbnails\/portiqueprincipalsaintjeandulatran_0151.jpg\" alt=\"portique - saint jean du latran\" width=\"154\" height=\"106\" border=\"0\" \/><\/a><a href=\"https:\/\/www.rome-roma.net\/photos\/SanGiovanniInLaterano\/images\/constantinesaintjohninlateran_0218.jpg\" rel=\"lightbox[a]\"><img loading=\"lazy\" src=\"https:\/\/www.rome-roma.net\/photos\/SanGiovanniInLaterano\/thumbnails\/constantinesaintjohninlateran_0218.jpg\" alt=\"statue de constantin - saint jean du latran\" width=\"154\" height=\"106\" border=\"0\" \/><\/a> Il portico, nartece, con la statua antica di Costantino, il fondatore della chiesa<\/p>\n<h3>Navata centrale<\/h3>\n<p><a href=\"https:\/\/www.rome-roma.net\/photos\/SanGiovanniInLaterano\/images\/basiliquesaintjeandulatran3_0152.jpg\" rel=\"lightbox[a]\"><img loading=\"lazy\" src=\"https:\/\/www.rome-roma.net\/photos\/SanGiovanniInLaterano\/thumbnails\/basiliquesaintjeandulatran3_0152.jpg\" alt=\"nef saint jean du latran\" width=\"106\" height=\"154\" border=\"0\" \/><\/a><span class=\"desc\"><a href=\"https:\/\/www.rome-roma.net\/photos\/2013-mars2014\/sangiovanniinlaterano\/images\/basilique_saint_jean_du_latran_5321.jpg\" rel=\"lightbox[a]\"><img loading=\"lazy\" src=\"https:\/\/www.rome-roma.net\/photos\/2013-mars2014\/sangiovanniinlaterano\/thumbnails\/basilique_saint_jean_du_latran_5321.jpg\" alt=\"visite basilique saint-jean du latran\" width=\"106\" height=\"154\" border=\"0\" \/><\/a><\/span><a href=\"https:\/\/www.rome-roma.net\/photos\/SanGiovanniInLaterano\/images\/nefapotressaintjeandulatran_0182.jpg\" rel=\"lightbox[a]\"><img loading=\"lazy\" src=\"https:\/\/www.rome-roma.net\/photos\/SanGiovanniInLaterano\/thumbnails\/nefapotressaintjeandulatran_0182.jpg\" alt=\"nef de saint jean du latran\" width=\"106\" height=\"154\" border=\"0\" \/><\/a><br \/><a href=\"https:\/\/www.rome-roma.net\/photos\/SanGiovanniInLaterano\/images\/basiliquesaintjeandulatran2_0152.jpg\" rel=\"lightbox[a]\"><img loading=\"lazy\" src=\"https:\/\/www.rome-roma.net\/photos\/SanGiovanniInLaterano\/thumbnails\/basiliquesaintjeandulatran2_0152.jpg\" alt=\"nef de saint jean du latran\" width=\"154\" height=\"106\" border=\"0\" \/><\/a><span class=\"desc\"><a href=\"https:\/\/www.rome-roma.net\/photos\/2013-mars2014\/sangiovanniinlaterano\/images\/basilique_saint_jean_du_latran_5323.jpg\" rel=\"lightbox[a]\"><img loading=\"lazy\" src=\"https:\/\/www.rome-roma.net\/photos\/2013-mars2014\/sangiovanniinlaterano\/thumbnails\/basilique_saint_jean_du_latran_5323.jpg\" alt=\"visite basilique saint-jean du latran\" width=\"154\" height=\"106\" border=\"0\" \/><\/a><a href=\"https:\/\/www.rome-roma.net\/photos\/2013-mars2014\/sangiovanniinlaterano\/images\/basilique_saint_jean_du_latran_5325.jpg\" rel=\"lightbox[a]\"><img loading=\"lazy\" src=\"https:\/\/www.rome-roma.net\/photos\/2013-mars2014\/sangiovanniinlaterano\/thumbnails\/basilique_saint_jean_du_latran_5325.jpg\" alt=\"visite basilique saint-jean du latran\" width=\"154\" height=\"106\" border=\"0\" \/><\/a><a href=\"https:\/\/www.rome-roma.net\/photos\/2013-mars2014\/sangiovanniinlaterano\/images\/basilique_saint_jean_du_latran_5326.jpg\" rel=\"lightbox[a]\"><img loading=\"lazy\" src=\"https:\/\/www.rome-roma.net\/photos\/2013-mars2014\/sangiovanniinlaterano\/thumbnails\/basilique_saint_jean_du_latran_5326.jpg\" alt=\"visite basilique saint-jean du latran\" width=\"154\" height=\"106\" border=\"0\" \/><\/a><\/span><\/p>\n<h3>Le statue colossali degli apostoli<\/h3>\n<table id=\"contenantstandard2\" border=\"0\" width=\"100%%\" cellspacing=\"0\" cellpadding=\"4\">\n<tbody>\n<tr>\n<td id=\"contenantstandard2\"><a href=\"https:\/\/www.rome-roma.net\/photos\/SanGiovanniInLaterano\/images\/matthieusaintjeandulatran_0153.jpg\" rel=\"lightbox[a]\"><img loading=\"lazy\" src=\"https:\/\/www.rome-roma.net\/photos\/SanGiovanniInLaterano\/thumbnails\/matthieusaintjeandulatran_0153.jpg\" alt=\"saint matthieu - saint jean du latran\" width=\"106\" height=\"154\" border=\"0\" \/><\/a> Matteo<\/td>\n<td id=\"contenantstandard2\"><a href=\"https:\/\/www.rome-roma.net\/photos\/SanGiovanniInLaterano\/images\/saintbarthelemysangiovanniinlaterano_0179.jpg\" rel=\"lightbox[a]\"><img loading=\"lazy\" src=\"https:\/\/www.rome-roma.net\/photos\/SanGiovanniInLaterano\/thumbnails\/saintbarthelemysangiovanniinlaterano_0179.jpg\" alt=\"saint barthelemy - saint jean du latran\" width=\"106\" height=\"154\" border=\"0\" \/><\/a> Bartolomeo<\/td>\n<td id=\"contenantstandard2\">\u00a0<\/td>\n<\/tr>\n<tr>\n<td id=\"contenantstandard2\"><a href=\"https:\/\/www.rome-roma.net\/photos\/2013-mars2014\/sangiovanniinlaterano\/images\/giacomo_il_maggiore_san_giovanni_in_laterano_5332.jpg\" rel=\"lightbox[a]\"><img loading=\"lazy\" src=\"https:\/\/www.rome-roma.net\/photos\/2013-mars2014\/sangiovanniinlaterano\/thumbnails\/giacomo_il_maggiore_san_giovanni_in_laterano_5332.jpg\" alt=\"visite basilique saint-jean du latran\" width=\"106\" height=\"154\" border=\"0\" \/><\/a> Giacomo<\/td>\n<td id=\"contenantstandard2\"><span class=\"desc\"><a href=\"https:\/\/www.rome-roma.net\/photos\/2013-mars2014\/sangiovanniinlaterano\/images\/san_giovanni_in_laterano_5348.jpg\" rel=\"lightbox[a]\"><img loading=\"lazy\" src=\"https:\/\/www.rome-roma.net\/photos\/2013-mars2014\/sangiovanniinlaterano\/thumbnails\/san_giovanni_in_laterano_5348.jpg\" alt=\"visite basilique saint-jean du latran\" width=\"106\" height=\"154\" border=\"0\" \/><\/a><\/span><\/td>\n<td id=\"contenantstandard2\">\u00a0<\/td>\n<\/tr>\n<\/tbody>\n<\/table>\n<h3>Presbiterio e ciborio<\/h3>\n<p><a href=\"https:\/\/www.rome-roma.net\/photos\/SanGiovanniInLaterano\/images\/ciboriumbaldaquinsaintjeandulatran_0156.jpg\" rel=\"lightbox[a]\"><img loading=\"lazy\" src=\"https:\/\/www.rome-roma.net\/photos\/SanGiovanniInLaterano\/thumbnails\/ciboriumbaldaquinsaintjeandulatran_0156.jpg\" alt=\"baldaquin - saint jean du latran\" width=\"106\" height=\"154\" border=\"0\" \/><\/a><a href=\"https:\/\/www.rome-roma.net\/photos\/SanGiovanniInLaterano\/images\/saintjeandulatran_0174.jpg\" rel=\"lightbox[a]\"><img loading=\"lazy\" src=\"https:\/\/www.rome-roma.net\/photos\/SanGiovanniInLaterano\/thumbnails\/saintjeandulatran_0174.jpg\" alt=\"ciborium - saint jean du latran\" width=\"106\" height=\"154\" border=\"0\" \/><\/a><a href=\"https:\/\/www.rome-roma.net\/photos\/SanGiovanniInLaterano\/images\/saintjohninlateran_0215.jpg\" rel=\"lightbox[a]\"><img loading=\"lazy\" src=\"https:\/\/www.rome-roma.net\/photos\/SanGiovanniInLaterano\/thumbnails\/saintjohninlateran_0215.jpg\" alt=\"saint jean du latran\" width=\"106\" height=\"154\" border=\"0\" \/><\/a><a href=\"https:\/\/www.rome-roma.net\/photos\/basilique-saint-jean-latran\/images\/san_giovanni_in_laterano_0025.jpg\" rel=\"lightbox[a]\"><img loading=\"lazy\" src=\"https:\/\/www.rome-roma.net\/photos\/basilique-saint-jean-latran\/thumbnails\/san_giovanni_in_laterano_0025.jpg\" alt=\"san giovanni in laterano - basilica\" width=\"106\" height=\"154\" border=\"0\" \/><\/a><span class=\"desc\"><a href=\"https:\/\/www.rome-roma.net\/photos\/2013-mars2014\/sangiovanniinlaterano\/images\/basilica_san_giovanni_in_laterano_5346.jpg\" rel=\"lightbox[a]\"><img loading=\"lazy\" src=\"https:\/\/www.rome-roma.net\/photos\/2013-mars2014\/sangiovanniinlaterano\/thumbnails\/basilica_san_giovanni_in_laterano_5346.jpg\" alt=\"visite basilique saint-jean du latran\" width=\"106\" height=\"154\" border=\"0\" \/><\/a><a href=\"https:\/\/www.rome-roma.net\/photos\/2013-mars2014\/sangiovanniinlaterano\/images\/altare_san_giovanni_in_laterano_5336.jpg\" rel=\"lightbox[a]\"><img loading=\"lazy\" src=\"https:\/\/www.rome-roma.net\/photos\/2013-mars2014\/sangiovanniinlaterano\/thumbnails\/altare_san_giovanni_in_laterano_5336.jpg\" alt=\"visite basilique saint-jean du latran\" width=\"154\" height=\"106\" border=\"0\" \/><\/a><\/span> <br \/>Il baldacchino gotico, del toscano <strong>Giovanni di Stefano<\/strong>, risale al 1367. Il reliquiario conterrebbe i teschi di San Paolo e San Pietro. L&#8217;altare fu ricostruito da Pio IX.<\/p>\n<p><span class=\"desc\"><a href=\"https:\/\/www.rome-roma.net\/photos\/2013-mars2014\/sangiovanniinlaterano\/images\/basilica_san_giovanni_in_laterano_5345.jpg\" rel=\"lightbox[a]\"><img loading=\"lazy\" src=\"https:\/\/www.rome-roma.net\/photos\/2013-mars2014\/sangiovanniinlaterano\/thumbnails\/basilica_san_giovanni_in_laterano_5345.jpg\" alt=\"visite basilique saint-jean du latran\" width=\"106\" height=\"154\" border=\"0\" \/><\/a><\/span><\/p>\n<h3>Abside<\/h3>\n<p><a href=\"https:\/\/www.rome-roma.net\/photos\/SanGiovanniInLaterano\/images\/absidesangiovanniinlaterano_0002.jpg\" rel=\"lightbox[a]\"><img loading=\"lazy\" src=\"https:\/\/www.rome-roma.net\/photos\/SanGiovanniInLaterano\/thumbnails\/absidesangiovanniinlaterano_0002.jpg\" alt=\"abside - saint jean du latran\" width=\"106\" height=\"154\" border=\"0\" \/><\/a><a href=\"https:\/\/www.rome-roma.net\/photos\/SanGiovanniInLaterano\/images\/absidesangiovanniinlaterano2_0002.jpg\" rel=\"lightbox[a]\"><img loading=\"lazy\" src=\"https:\/\/www.rome-roma.net\/photos\/SanGiovanniInLaterano\/thumbnails\/absidesangiovanniinlaterano2_0002.jpg\" alt=\"mosaique abside de saint jean du latran\" width=\"154\" height=\"106\" border=\"0\" \/><\/a><span class=\"desc\"><a href=\"https:\/\/www.rome-roma.net\/photos\/2013-mars2014\/sangiovanniinlaterano\/images\/abside_san_giovanni_in_laterano_5333.jpg\" rel=\"lightbox[a]\"><img loading=\"lazy\" src=\"https:\/\/www.rome-roma.net\/photos\/2013-mars2014\/sangiovanniinlaterano\/thumbnails\/abside_san_giovanni_in_laterano_5333.jpg\" alt=\"abside basilique saint-jean du latran\" width=\"154\" height=\"106\" border=\"0\" \/><\/a><\/span><span class=\"desc\"><a href=\"https:\/\/www.rome-roma.net\/photos\/2013-mars2014\/sangiovanniinlaterano\/images\/abside_san_giovanni_in_laterano_5334.jpg\" rel=\"lightbox[a]\"><img loading=\"lazy\" src=\"https:\/\/www.rome-roma.net\/photos\/2013-mars2014\/sangiovanniinlaterano\/thumbnails\/abside_san_giovanni_in_laterano_5334.jpg\" alt=\"abside basilique saint-jean du latran\" width=\"154\" height=\"106\" border=\"0\" \/><\/a><\/span><span class=\"desc\"><a href=\"https:\/\/www.rome-roma.net\/photos\/2013-mars2014\/sangiovanniinlaterano\/images\/mosaico_abside_san_giovanni_in_laterano_5335.jpg\" rel=\"lightbox[a]\"><img loading=\"lazy\" src=\"https:\/\/www.rome-roma.net\/photos\/2013-mars2014\/sangiovanniinlaterano\/thumbnails\/mosaico_abside_san_giovanni_in_laterano_5335.jpg\" alt=\"abside basilique saint-jean du latran\" width=\"154\" height=\"106\" border=\"0\" \/><\/a><\/span><\/p>\n<h3>Navate laterali<\/h3>\n<p><a href=\"https:\/\/www.rome-roma.net\/photos\/SanGiovanniInLaterano\/images\/giottobonifaceviiijubile1300sangiovanniinlaterano_0178.jpg\" rel=\"lightbox[a]\"><img loading=\"lazy\" src=\"https:\/\/www.rome-roma.net\/photos\/SanGiovanniInLaterano\/thumbnails\/giottobonifaceviiijubile1300sangiovanniinlaterano_0178.jpg\" alt=\"fresque de giotto - saint jean du latran\" width=\"154\" height=\"151\" border=\"0\" \/><\/a> <br \/>Frammento dell&#8217;affresco di <strong>Giotto<\/strong> o della sua scuola nel XIV secolo. Rappresenta Papa <strong>Bonifacio VIII<\/strong> durante l&#8217;Anno Santo 1300.<\/p>\n<p><span class=\"desc\"><a href=\"https:\/\/www.rome-roma.net\/photos\/2013-mars2014\/sangiovanniinlaterano\/images\/cappella_corsini_basilique_saint_jean_du_latran_5327.jpg\" rel=\"lightbox[a]\"><img loading=\"lazy\" src=\"https:\/\/www.rome-roma.net\/photos\/2013-mars2014\/sangiovanniinlaterano\/thumbnails\/cappella_corsini_basilique_saint_jean_du_latran_5327.jpg\" alt=\"visite basilique saint-jean du latran\" width=\"106\" height=\"154\" border=\"0\" \/><\/a><\/span><span class=\"desc\"><a href=\"https:\/\/www.rome-roma.net\/photos\/2013-mars2014\/sangiovanniinlaterano\/images\/cappella_corsini_basilique_saint_jean_du_latran_5328.jpg\" rel=\"lightbox[a]\"><img loading=\"lazy\" src=\"https:\/\/www.rome-roma.net\/photos\/2013-mars2014\/sangiovanniinlaterano\/thumbnails\/cappella_corsini_basilique_saint_jean_du_latran_5328.jpg\" alt=\"chapelle corsini - visite basilique saint-jean du latran\" width=\"106\" height=\"154\" border=\"0\" \/><\/a><\/span><a href=\"https:\/\/www.rome-roma.net\/photos\/SanGiovanniInLaterano\/images\/chapellessaintjeandulatran_0185.jpg\" rel=\"lightbox[a]\"><img loading=\"lazy\" src=\"https:\/\/www.rome-roma.net\/photos\/SanGiovanniInLaterano\/thumbnails\/chapellessaintjeandulatran_0185.jpg\" alt=\"Cappella Corsini  - saint jean du latran\" width=\"106\" height=\"154\" border=\"0\" \/><\/a> Cappella Corsini <br \/><span class=\"desc\"><a href=\"https:\/\/www.rome-roma.net\/photos\/2013-mars2014\/sangiovanniinlaterano\/images\/cappella_lancellotti_basilique_saint_jean_du_latran_5330.jpg\" rel=\"lightbox[a]\"><img loading=\"lazy\" src=\"https:\/\/www.rome-roma.net\/photos\/2013-mars2014\/sangiovanniinlaterano\/thumbnails\/cappella_lancellotti_basilique_saint_jean_du_latran_5330.jpg\" alt=\"visite basilique saint-jean du latran\" width=\"106\" height=\"154\" border=\"0\" \/><\/a><\/span><span class=\"desc\"><a href=\"https:\/\/www.rome-roma.net\/photos\/2013-mars2014\/sangiovanniinlaterano\/images\/cappella_lancellotti_basilique_saint_jean_du_latran_5331.jpg\" rel=\"lightbox[a]\"><img loading=\"lazy\" src=\"https:\/\/www.rome-roma.net\/photos\/2013-mars2014\/sangiovanniinlaterano\/thumbnails\/cappella_lancellotti_basilique_saint_jean_du_latran_5331.jpg\" alt=\"visite basilique saint-jean du latran\" width=\"154\" height=\"106\" border=\"0\" \/><\/a><\/span><a href=\"https:\/\/www.rome-roma.net\/photos\/SanGiovanniInLaterano\/images\/chapellessaintjeandulatran_0187.jpg\" rel=\"lightbox[a]\"><img loading=\"lazy\" src=\"https:\/\/www.rome-roma.net\/photos\/SanGiovanniInLaterano\/thumbnails\/chapellessaintjeandulatran_0187.jpg\" alt=\"Cappella Lancellotti - saint jean du latran\" width=\"106\" height=\"154\" border=\"0\" \/><\/a><a href=\"https:\/\/www.rome-roma.net\/photos\/SanGiovanniInLaterano\/images\/peinturechapellesaintjeandulatran_0187.jpg\" rel=\"lightbox[a]\"><img loading=\"lazy\" src=\"https:\/\/www.rome-roma.net\/photos\/SanGiovanniInLaterano\/thumbnails\/peinturechapellesaintjeandulatran_0187.jpg\" alt=\"saint jean du latran\" width=\"115\" height=\"154\" border=\"0\" \/><\/a> Cappella Lancellotti, dipinto di San Francesco d&#8217;Assisi<\/p>\n<h3>Transetto<\/h3>\n<p><a href=\"https:\/\/www.rome-roma.net\/photos\/SanGiovanniInLaterano\/images\/saintjeandulatran_0171.jpg\" rel=\"lightbox[a]\"><img loading=\"lazy\" src=\"https:\/\/www.rome-roma.net\/photos\/SanGiovanniInLaterano\/thumbnails\/saintjeandulatran_0171.jpg\" alt=\"autel du Saint Sacrement - saint jean du latran\" width=\"106\" height=\"154\" border=\"0\" \/><\/a><a href=\"https:\/\/www.rome-roma.net\/photos\/SanGiovanniInLaterano\/images\/afrescoasenzionesangiovanniinlaterano_0168.jpg\" rel=\"lightbox[a]\"><img loading=\"lazy\" src=\"https:\/\/www.rome-roma.net\/photos\/SanGiovanniInLaterano\/thumbnails\/afrescoasenzionesangiovanniinlaterano_0168.jpg\" alt=\"saint jean du latran\" width=\"154\" height=\"106\" border=\"0\" \/><\/a><span class=\"desc\"><a href=\"https:\/\/www.rome-roma.net\/photos\/2013-mars2014\/sangiovanniinlaterano\/images\/transetti_san_giovanni_in_laterano_5340.jpg\" rel=\"lightbox[a]\"><img loading=\"lazy\" src=\"https:\/\/www.rome-roma.net\/photos\/2013-mars2014\/sangiovanniinlaterano\/thumbnails\/transetti_san_giovanni_in_laterano_5340.jpg\" alt=\"visite basilique saint-jean du latran\" width=\"154\" height=\"106\" border=\"0\" \/><\/a><\/span> L&#8217;altare del Santissimo Sacramento, circondato da quattro antiche colonne corinzie, in bronzo, del II secolo d.C. La pittura dell&#8217;<em>Ascensione<\/em>.<\/p>\n<p><a href=\"https:\/\/www.rome-roma.net\/photos\/SanGiovanniInLaterano\/images\/fresquessaintjeandulatran_0172.jpg\" rel=\"lightbox[a]\"><img loading=\"lazy\" src=\"https:\/\/www.rome-roma.net\/photos\/SanGiovanniInLaterano\/thumbnails\/fresquessaintjeandulatran_0172.jpg\" alt=\"saint jean du latran\" width=\"106\" height=\"154\" border=\"0\" \/><\/a><a href=\"https:\/\/www.rome-roma.net\/photos\/SanGiovanniInLaterano\/images\/transeptsudfresquedelascensionsaintjeandulatran_0158.jpg\" rel=\"lightbox[a]\"><img loading=\"lazy\" src=\"https:\/\/www.rome-roma.net\/photos\/SanGiovanniInLaterano\/thumbnails\/transeptsudfresquedelascensionsaintjeandulatran_0158.jpg\" alt=\"saint jean du latran\" width=\"154\" height=\"106\" border=\"0\" \/><\/a><span class=\"desc\"><a href=\"https:\/\/www.rome-roma.net\/photos\/2013-mars2014\/sangiovanniinlaterano\/images\/transetti_san_giovanni_in_laterano_5341.jpg\" rel=\"lightbox[a]\"><img loading=\"lazy\" src=\"https:\/\/www.rome-roma.net\/photos\/2013-mars2014\/sangiovanniinlaterano\/thumbnails\/transetti_san_giovanni_in_laterano_5341.jpg\" alt=\"visite basilique saint-jean du latran\" width=\"154\" height=\"106\" border=\"0\" \/><\/a><\/span> Transetto<br \/><a href=\"https:\/\/www.rome-roma.net\/photos\/SanGiovanniInLaterano\/images\/fresquessaintjeandulatran_0170.jpg\" rel=\"lightbox[a]\"><img loading=\"lazy\" src=\"https:\/\/www.rome-roma.net\/photos\/SanGiovanniInLaterano\/thumbnails\/fresquessaintjeandulatran_0170.jpg\" alt=\"Fresques - saint jean du latran\" width=\"154\" height=\"109\" border=\"0\" \/><\/a><a href=\"https:\/\/www.rome-roma.net\/photos\/SanGiovanniInLaterano\/images\/fresquessaintjeandulatran_0173.jpg\" rel=\"lightbox[a]\"><img loading=\"lazy\" src=\"https:\/\/www.rome-roma.net\/photos\/SanGiovanniInLaterano\/thumbnails\/fresquessaintjeandulatran_0173.jpg\" alt=\" \u00e0 saint jean du latran\" width=\"154\" height=\"110\" border=\"0\" \/><\/a><a href=\"https:\/\/www.rome-roma.net\/photos\/SanGiovanniInLaterano\/images\/affreschisangiovanniinlaterano_0175.jpg\" rel=\"lightbox[a]\"><img loading=\"lazy\" src=\"https:\/\/www.rome-roma.net\/photos\/SanGiovanniInLaterano\/thumbnails\/affreschisangiovanniinlaterano_0175.jpg\" alt=\"saint jean du latran\" width=\"154\" height=\"93\" border=\"0\" \/><\/a> Affreschi murali nel transetto<br \/><span class=\"desc\"><a href=\"https:\/\/www.rome-roma.net\/photos\/2013-mars2014\/sangiovanniinlaterano\/images\/affreschi_transetti_san_giovanni_in_laterano_5343.jpg\" rel=\"lightbox[a]\"><img loading=\"lazy\" src=\"https:\/\/www.rome-roma.net\/photos\/2013-mars2014\/sangiovanniinlaterano\/thumbnails\/affreschi_transetti_san_giovanni_in_laterano_5343.jpg\" alt=\"visite basilique saint-jean du latran\" width=\"154\" height=\"106\" border=\"0\" \/><\/a><\/span><span class=\"desc\"><a href=\"https:\/\/www.rome-roma.net\/photos\/2013-mars2014\/sangiovanniinlaterano\/images\/affreschi_transetti_san_giovanni_in_laterano_53440.jpg\" rel=\"lightbox[a]\"><img loading=\"lazy\" src=\"https:\/\/www.rome-roma.net\/photos\/2013-mars2014\/sangiovanniinlaterano\/thumbnails\/affreschi_transetti_san_giovanni_in_laterano_53440.jpg\" alt=\"visite basilique saint-jean du latran\" width=\"154\" height=\"95\" border=\"0\" \/><\/a><\/span><\/p>\n<h3>Tombe e dettagli<\/h3>\n<p><a href=\"https:\/\/www.rome-roma.net\/photos\/SanGiovanniInLaterano\/images\/tombaleonixiiisangiovanniinlaterano_0167.jpg\" rel=\"lightbox[a]\"><img loading=\"lazy\" src=\"https:\/\/www.rome-roma.net\/photos\/SanGiovanniInLaterano\/thumbnails\/tombaleonixiiisangiovanniinlaterano_0167.jpg\" alt=\"Tombe du Pape Leon XIII\" width=\"154\" height=\"106\" border=\"0\" \/><\/a> Tomba di Papa Leone XIII (1878-1903), di Giulio Tadolini (1907) <br \/><a href=\"https:\/\/www.rome-roma.net\/photos\/SanGiovanniInLaterano\/images\/sangiovanniinlaterano_0177.jpg\" rel=\"lightbox[a]\"><img loading=\"lazy\" src=\"https:\/\/www.rome-roma.net\/photos\/SanGiovanniInLaterano\/thumbnails\/sangiovanniinlaterano_0177.jpg\" alt=\"saint jean du latran\" width=\"106\" height=\"154\" border=\"0\" \/><\/a><a href=\"https:\/\/www.rome-roma.net\/photos\/SanGiovanniInLaterano\/images\/chapellessaintjeandulatran_0184.jpg\" rel=\"lightbox[a]\"><img loading=\"lazy\" src=\"https:\/\/www.rome-roma.net\/photos\/SanGiovanniInLaterano\/thumbnails\/chapellessaintjeandulatran_0184.jpg\" alt=\"saint jean du latran\" width=\"106\" height=\"154\" border=\"0\" \/><\/a><a href=\"https:\/\/www.rome-roma.net\/photos\/SanGiovanniInLaterano\/images\/chapellessaintjeandulatran_0186.jpg\" rel=\"lightbox[a]\"><img loading=\"lazy\" src=\"https:\/\/www.rome-roma.net\/photos\/SanGiovanniInLaterano\/thumbnails\/chapellessaintjeandulatran_0186.jpg\" alt=\"saint jean du latran\" width=\"154\" height=\"106\" border=\"0\" \/><\/a><\/p>\n<p><a href=\"https:\/\/www.rome-roma.net\/photos\/SanGiovanniInLaterano\/images\/tombainnocenzoiiisangiovanniinlaterano_0169.jpg\" rel=\"lightbox[a]\"><img loading=\"lazy\" src=\"https:\/\/www.rome-roma.net\/photos\/SanGiovanniInLaterano\/thumbnails\/tombainnocenzoiiisangiovanniinlaterano_0169.jpg\" alt=\"Tombe d'Innocent III\" width=\"154\" height=\"106\" border=\"0\" \/><\/a> Tombo d&#8217;Innocenzo III (1160-1216, pontificato : 1198-1216) <br \/><a href=\"https:\/\/www.rome-roma.net\/photos\/SanGiovanniInLaterano\/images\/tombasangiovanniinlaterano_0176.jpg\" rel=\"lightbox[a]\"><img loading=\"lazy\" src=\"https:\/\/www.rome-roma.net\/photos\/SanGiovanniInLaterano\/thumbnails\/tombasangiovanniinlaterano_0176.jpg\" alt=\"Tombe saint jean du latran\" width=\"154\" height=\"106\" border=\"0\" \/><\/a> Tomba <br \/><span class=\"desc\"><a href=\"https:\/\/www.rome-roma.net\/photos\/2013-mars2014\/sangiovanniinlaterano\/images\/pieta_antonio_montauti_basilique_saint_jean_du_latran_5329.jpg\" rel=\"lightbox[a]\"><img loading=\"lazy\" src=\"https:\/\/www.rome-roma.net\/photos\/2013-mars2014\/sangiovanniinlaterano\/thumbnails\/pieta_antonio_montauti_basilique_saint_jean_du_latran_5329.jpg\" alt=\"visite basilique saint-jean du latran\" width=\"106\" height=\"154\" border=\"0\" \/><\/a><\/span><\/p>\n<p><span class=\"desc\"><a href=\"https:\/\/www.rome-roma.net\/photos\/2013-mars2014\/sangiovanniinlaterano\/images\/transetti_san_giovanni_in_laterano_5339.jpg\" rel=\"lightbox[a]\"><img loading=\"lazy\" src=\"https:\/\/www.rome-roma.net\/photos\/2013-mars2014\/sangiovanniinlaterano\/thumbnails\/transetti_san_giovanni_in_laterano_5339.jpg\" alt=\"visite basilique saint-jean du latran\" width=\"154\" height=\"106\" border=\"0\" \/><\/a><\/span><span class=\"desc\"><a href=\"https:\/\/www.rome-roma.net\/photos\/2013-mars2014\/sangiovanniinlaterano\/images\/transetti_san_giovanni_in_laterano_5342.jpg\" rel=\"lightbox[a]\"><img loading=\"lazy\" src=\"https:\/\/www.rome-roma.net\/photos\/2013-mars2014\/sangiovanniinlaterano\/thumbnails\/transetti_san_giovanni_in_laterano_5342.jpg\" alt=\"visite basilique saint-jean du latran\" width=\"154\" height=\"106\" border=\"0\" \/><\/a><\/span><\/p>\n<p><a href=\"https:\/\/www.rome-roma.net\/photos\/basilique-saint-jean-latran\/images\/san_giovanni_in_laterano_0008.jpg\" rel=\"lightbox[a]\"><img loading=\"lazy\" src=\"https:\/\/www.rome-roma.net\/photos\/basilique-saint-jean-latran\/thumbnails\/san_giovanni_in_laterano_0008.jpg\" alt=\"san giovanni in laterano - basilica\" width=\"85\" height=\"122\" border=\"0\" \/><\/a><a href=\"https:\/\/www.rome-roma.net\/photos\/basilique-saint-jean-latran\/images\/san_giovanni_in_laterano_0009.jpg\" rel=\"lightbox[a]\"><img loading=\"lazy\" src=\"https:\/\/www.rome-roma.net\/photos\/basilique-saint-jean-latran\/thumbnails\/san_giovanni_in_laterano_0009.jpg\" alt=\"san giovanni in laterano - basilica\" width=\"91\" height=\"122\" border=\"0\" \/><\/a><a href=\"https:\/\/www.rome-roma.net\/photos\/basilique-saint-jean-latran\/images\/basilique_saint_jean_du_latran_0007.jpg\" rel=\"lightbox[a]\"><img loading=\"lazy\" src=\"https:\/\/www.rome-roma.net\/photos\/basilique-saint-jean-latran\/thumbnails\/basilique_saint_jean_du_latran_0007.jpg\" alt=\"san giovanni in laterano - basilica\" width=\"122\" height=\"94\" border=\"0\" \/><\/a><a href=\"https:\/\/www.rome-roma.net\/photos\/basilique-saint-jean-latran\/images\/san_giovanni_in_laterano_0017.jpg\" rel=\"lightbox[a]\"><img loading=\"lazy\" src=\"https:\/\/www.rome-roma.net\/photos\/basilique-saint-jean-latran\/thumbnails\/san_giovanni_in_laterano_0017.jpg\" alt=\"san giovanni in laterano - basilica\" width=\"122\" height=\"94\" border=\"0\" \/><\/a><a href=\"https:\/\/www.rome-roma.net\/photos\/basilique-saint-jean-latran\/images\/san_giovanni_in_laterano_0018.jpg\" rel=\"lightbox[a]\"><img loading=\"lazy\" src=\"https:\/\/www.rome-roma.net\/photos\/basilique-saint-jean-latran\/thumbnails\/san_giovanni_in_laterano_0018.jpg\" alt=\"san giovanni in laterano - basilica\" width=\"122\" height=\"94\" border=\"0\" \/><\/a><br \/>Alcuni detagli<\/p>\n<p><span class=\"desc\"><a href=\"https:\/\/www.rome-roma.net\/photos\/2013-mars2014\/sangiovanniinlaterano\/images\/basilique_saint_jean_du_latran_5324.jpg\" rel=\"lightbox[a]\"><img loading=\"lazy\" src=\"https:\/\/www.rome-roma.net\/photos\/2013-mars2014\/sangiovanniinlaterano\/thumbnails\/basilique_saint_jean_du_latran_5324.jpg\" alt=\"visite basilique saint-jean du latran\" width=\"106\" height=\"154\" border=\"0\" \/><\/a><\/span> <span class=\"desc\"><a href=\"https:\/\/www.rome-roma.net\/photos\/2013-mars2014\/sangiovanniinlaterano\/images\/san_giovanni_in_laterano_5349.jpg\" rel=\"lightbox[a]\"><img loading=\"lazy\" src=\"https:\/\/www.rome-roma.net\/photos\/2013-mars2014\/sangiovanniinlaterano\/thumbnails\/san_giovanni_in_laterano_5349.jpg\" alt=\"visite basilique saint-jean du latran\" width=\"106\" height=\"154\" border=\"0\" \/><\/a><a href=\"https:\/\/www.rome-roma.net\/photos\/2013-mars2014\/sangiovanniinlaterano\/images\/transetti_san_giovanni_in_laterano_5338.jpg\" rel=\"lightbox[a]\"><img loading=\"lazy\" src=\"https:\/\/www.rome-roma.net\/photos\/2013-mars2014\/sangiovanniinlaterano\/thumbnails\/transetti_san_giovanni_in_laterano_5338.jpg\" alt=\"visite basilique saint-jean du latran\" width=\"154\" height=\"106\" border=\"0\" \/><\/a><\/span><\/p>\n<\/div><\/div><\/div>\n<\/div><\/div><\/div>\n\n\n<p><!--EndFragment--><\/p>\n\n\n<h2>Articoli sulla basilica<\/h2>\n\n\n\n<ul class=\"lcp_catlist\" id=\"lcp_instance_0\"><li><a href=\"https:\/\/www.rome-roma.net\/it\/basilica-di-san-giovanni-in-laterano\/\">Basilica di San Giovanni in Laterano<\/a><a href=\"https:\/\/www.rome-roma.net\/it\/basilica-di-san-giovanni-in-laterano\/\" title=\"Basilica di San Giovanni in Laterano\"><img src=\"https:\/\/www.rome-roma.net\/wp-content\/uploads\/2020\/01\/facciata-principale-san-giovanni-in-laterano-rome-roma_0674-300x200.jpg\" class=\"classthumblist\"  alt=\"Basilica di San Giovanni in Laterano\" \/><\/a><div class=\"lcp_excerpt\">La Basilica Papale di San Giovanni in Laterano a Roma \u00e8 la cattedrale del Papa come vescovo di Roma. Eretta ...<\/div><\/li><li><a href=\"https:\/\/www.rome-roma.net\/it\/battistero-lateranense\/\">Battistero Lateranense<\/a><a href=\"https:\/\/www.rome-roma.net\/it\/battistero-lateranense\/\" title=\"Battistero Lateranense\"><img src=\"https:\/\/www.rome-roma.net\/foto\/sitimonumenti\/images\/atrium_mosaiques_baptistere_du_latran_0799.jpg\" class=\"classthumblist\"  alt=\"Battistero Lateranense\" \/><\/a><div class=\"lcp_excerpt\">Il Battistero Lateranense, incluso nella Basilica di San Giovanni, \u00e8 uno dei pi\u00f9 antichi edifici cristiani di questo tipo, risalente ...<\/div><\/li><li class=\"current\"><a href=\"https:\/\/www.rome-roma.net\/it\/basilica-di-san-giovanni-in-laterano\/visita-di-san-giovanni-in-laterano\/\">Visita di San Giovanni in Laterano<\/a><a href=\"https:\/\/www.rome-roma.net\/it\/basilica-di-san-giovanni-in-laterano\/visita-di-san-giovanni-in-laterano\/\" title=\"Visita di San Giovanni in Laterano\"><img width=\"50\" height=\"50\" src=\"https:\/\/www.rome-roma.net\/wp-content\/uploads\/2020\/01\/mosaico_abside_san_giovanni_in_laterano_53351-150x150.jpg\" class=\"classthumblist wp-post-image\" alt=\"Visita di San Giovanni in Laterano\" loading=\"lazy\" srcset=\"https:\/\/www.rome-roma.net\/wp-content\/uploads\/2020\/01\/mosaico_abside_san_giovanni_in_laterano_53351-150x150.jpg 150w, https:\/\/www.rome-roma.net\/wp-content\/uploads\/2020\/01\/mosaico_abside_san_giovanni_in_laterano_53351-50x50.jpg 50w, https:\/\/www.rome-roma.net\/wp-content\/uploads\/2020\/01\/mosaico_abside_san_giovanni_in_laterano_53351-80x80.jpg 80w, https:\/\/www.rome-roma.net\/wp-content\/uploads\/2020\/01\/mosaico_abside_san_giovanni_in_laterano_53351-75x75.jpg 75w\" sizes=\"(max-width: 50px) 100vw, 50px\" \/><\/a><div class=\"lcp_excerpt\">Visita e storia della Basilica Lateranense di San Giovanni a Roma: navata, abside, affreschi e cappelle, foto e descrizione. 130 ...<\/div><\/li><li><a href=\"https:\/\/www.rome-roma.net\/it\/basilica-di-san-giovanni-in-laterano\/chiostro-di-san-giovanni-in-laterano\/\">Chiostro di San Giovanni in Laterano<\/a><a href=\"https:\/\/www.rome-roma.net\/it\/basilica-di-san-giovanni-in-laterano\/chiostro-di-san-giovanni-in-laterano\/\" title=\"Chiostro di San Giovanni in Laterano\"><img width=\"50\" height=\"50\" src=\"https:\/\/www.rome-roma.net\/wp-content\/uploads\/2020\/01\/chiostro_lateranese_san_giovanni_in_laterano_53601-150x150.jpg\" class=\"classthumblist wp-post-image\" alt=\"Chiostro di San Giovanni in Laterano\" loading=\"lazy\" srcset=\"https:\/\/www.rome-roma.net\/wp-content\/uploads\/2020\/01\/chiostro_lateranese_san_giovanni_in_laterano_53601-150x150.jpg 150w, https:\/\/www.rome-roma.net\/wp-content\/uploads\/2020\/01\/chiostro_lateranese_san_giovanni_in_laterano_53601-50x50.jpg 50w, https:\/\/www.rome-roma.net\/wp-content\/uploads\/2020\/01\/chiostro_lateranese_san_giovanni_in_laterano_53601-80x80.jpg 80w, https:\/\/www.rome-roma.net\/wp-content\/uploads\/2020\/01\/chiostro_lateranese_san_giovanni_in_laterano_53601-75x75.jpg 75w\" sizes=\"(max-width: 50px) 100vw, 50px\" \/><\/a><div class=\"lcp_excerpt\">Visita e descrizione del chiostro della Basilica di San Giovanni in Laterano a Roma, orari, fotografie e storia.\n<\/div><\/li><li><a href=\"https:\/\/www.rome-roma.net\/it\/piazza-san-giovanni-in-laterano\/\">Piazza di San Giovanni in Laterano<\/a><a href=\"https:\/\/www.rome-roma.net\/it\/piazza-san-giovanni-in-laterano\/\" title=\"Piazza di San Giovanni in Laterano\"><img src=\"https:\/\/www.rome-roma.net\/wp-content\/uploads\/2020\/01\/piazza-san-giovanni-in-laterano_0147-300x200.jpg\" class=\"classthumblist\"  alt=\"Piazza di San Giovanni in Laterano\" \/><\/a><div class=\"lcp_excerpt\">La Piazza San Giovanni in Laterano \u00e8 un&#8217;importante piazza di Roma. Si trova ai margini del centro storico, vicino alle ...<\/div><\/li><li><a href=\"https:\/\/www.rome-roma.net\/it\/scala-santa-e-sancta-sanctorum\/\">Scala Santa e Sancta Sanctorum<\/a><a href=\"https:\/\/www.rome-roma.net\/it\/scala-santa-e-sancta-sanctorum\/\" title=\"Scala Santa e Sancta Sanctorum\"><img width=\"50\" height=\"50\" src=\"https:\/\/www.rome-roma.net\/wp-content\/uploads\/2020\/02\/sanctuaire-sancta-sanctorum-saint-escalier-2184-150x150.jpg\" class=\"classthumblist wp-post-image\" alt=\"Scala Santa e Sancta Sanctorum\" loading=\"lazy\" srcset=\"https:\/\/www.rome-roma.net\/wp-content\/uploads\/2020\/02\/sanctuaire-sancta-sanctorum-saint-escalier-2184-150x150.jpg 150w, https:\/\/www.rome-roma.net\/wp-content\/uploads\/2020\/02\/sanctuaire-sancta-sanctorum-saint-escalier-2184-50x50.jpg 50w, https:\/\/www.rome-roma.net\/wp-content\/uploads\/2020\/02\/sanctuaire-sancta-sanctorum-saint-escalier-2184-80x80.jpg 80w, https:\/\/www.rome-roma.net\/wp-content\/uploads\/2020\/02\/sanctuaire-sancta-sanctorum-saint-escalier-2184-75x75.jpg 75w\" sizes=\"(max-width: 50px) 100vw, 50px\" \/><\/a><div class=\"lcp_excerpt\">Sulla Piazza di San Giovanni in Laterano, di fronte al Palazzo del Laterano, il santuario fu costruito nel XVI secolo ...<\/div><\/li><\/ul>\n","protected":false},"excerpt":{"rendered":"<p>Visita e storia della Basilica Lateranense di San Giovanni a Roma: navata, abside, affreschi e cappelle, foto e descrizione. 130 metri di lunghezza, le sue proporzioni sono quelle del IV secolo d.C.<br \/>\nScala Santa, Battistero, chiostro e piazza San Giovanni.<\/p>\n","protected":false},"featured_media":726,"parent":5675,"menu_order":0,"comment_status":"open","ping_status":"open","template":"","format":"standard","meta":{"kt_blocks_editor_width":"","_links_to":"","_links_to_target":""},"genre":[],"interet":[],"quartier":[],"categorie_site":[383],"quartier_historique":[],"etiquettes_site":[],"acf":[],"yoast_head":"<!-- This site is optimized with the Yoast SEO plugin v17.4 - https:\/\/yoast.com\/wordpress\/plugins\/seo\/ -->\n<title>Visita di San Giovanni in Laterano &ndash; Rome-Roma<\/title>\n<meta name=\"description\" content=\"Visita e storia della Basilica di San Giovanni in Laterano : facciata, navata, abside, affreschi e cappelle, galleria e descrizione. Opere e storia.\" \/>\n<meta name=\"robots\" content=\"index, follow, max-snippet:-1, max-image-preview:large, max-video-preview:-1\" \/>\n<link rel=\"canonical\" href=\"https:\/\/www.rome-roma.net\/it\/basilica-di-san-giovanni-in-laterano\/visita-di-san-giovanni-in-laterano\/\" \/>\n<meta property=\"og:locale\" content=\"it_IT\" \/>\n<meta property=\"og:type\" content=\"article\" \/>\n<meta property=\"og:title\" content=\"Visita di San Giovanni in Laterano &ndash; Rome-Roma\" \/>\n<meta property=\"og:description\" content=\"Visita e storia della Basilica di San Giovanni in Laterano : facciata, navata, abside, affreschi e cappelle, galleria e descrizione. Opere e storia.\" \/>\n<meta property=\"og:url\" content=\"https:\/\/www.rome-roma.net\/it\/basilica-di-san-giovanni-in-laterano\/visita-di-san-giovanni-in-laterano\/\" \/>\n<meta property=\"og:site_name\" content=\"Rome-Roma\" \/>\n<meta property=\"article:modified_time\" content=\"2020-04-20T13:37:13+00:00\" \/>\n<meta property=\"og:image\" content=\"https:\/\/www.rome-roma.net\/wp-content\/uploads\/2020\/01\/mosaico_abside_san_giovanni_in_laterano_53351.jpg\" \/>\n\t<meta property=\"og:image:width\" content=\"799\" \/>\n\t<meta property=\"og:image:height\" content=\"533\" \/>\n<meta name=\"twitter:card\" content=\"summary_large_image\" \/>\n<meta name=\"twitter:label1\" content=\"Tempo di lettura stimato\" \/>\n\t<meta name=\"twitter:data1\" content=\"5 minuti\" \/>\n<script type=\"application\/ld+json\" class=\"yoast-schema-graph\">{\"@context\":\"https:\/\/schema.org\",\"@graph\":[{\"@type\":\"Organization\",\"@id\":\"https:\/\/www.rome-roma.net\/it\/#organization\",\"name\":\"Rome-Roma\",\"url\":\"https:\/\/www.rome-roma.net\/it\/\",\"sameAs\":[],\"logo\":{\"@type\":\"ImageObject\",\"@id\":\"https:\/\/www.rome-roma.net\/it\/#logo\",\"inLanguage\":\"it-IT\",\"url\":\"https:\/\/www.rome-roma.net\/wp-content\/uploads\/2025\/07\/logo-rome-roma-420.jpg\",\"contentUrl\":\"https:\/\/www.rome-roma.net\/wp-content\/uploads\/2025\/07\/logo-rome-roma-420.jpg\",\"width\":420,\"height\":420,\"caption\":\"Rome-Roma\"},\"image\":{\"@id\":\"https:\/\/www.rome-roma.net\/it\/#logo\"}},{\"@type\":\"WebSite\",\"@id\":\"https:\/\/www.rome-roma.net\/it\/#website\",\"url\":\"https:\/\/www.rome-roma.net\/it\/\",\"name\":\"Rome-Roma\",\"description\":\"Cultura & Viaggio\",\"publisher\":{\"@id\":\"https:\/\/www.rome-roma.net\/it\/#organization\"},\"potentialAction\":[{\"@type\":\"SearchAction\",\"target\":{\"@type\":\"EntryPoint\",\"urlTemplate\":\"https:\/\/www.rome-roma.net\/it\/?s={search_term_string}\"},\"query-input\":\"required name=search_term_string\"}],\"inLanguage\":\"it-IT\"},{\"@type\":\"ImageObject\",\"@id\":\"https:\/\/www.rome-roma.net\/it\/basilica-di-san-giovanni-in-laterano\/visita-di-san-giovanni-in-laterano\/#primaryimage\",\"inLanguage\":\"it-IT\",\"url\":\"https:\/\/www.rome-roma.net\/wp-content\/uploads\/2020\/01\/mosaico_abside_san_giovanni_in_laterano_53351.jpg\",\"contentUrl\":\"https:\/\/www.rome-roma.net\/wp-content\/uploads\/2020\/01\/mosaico_abside_san_giovanni_in_laterano_53351.jpg\",\"width\":799,\"height\":533,\"caption\":\"Basilique Saint-Jean du Latran\"},{\"@type\":\"WebPage\",\"@id\":\"https:\/\/www.rome-roma.net\/it\/basilica-di-san-giovanni-in-laterano\/visita-di-san-giovanni-in-laterano\/#webpage\",\"url\":\"https:\/\/www.rome-roma.net\/it\/basilica-di-san-giovanni-in-laterano\/visita-di-san-giovanni-in-laterano\/\",\"name\":\"Visita di San Giovanni in Laterano &ndash; Rome-Roma\",\"isPartOf\":{\"@id\":\"https:\/\/www.rome-roma.net\/it\/#website\"},\"primaryImageOfPage\":{\"@id\":\"https:\/\/www.rome-roma.net\/it\/basilica-di-san-giovanni-in-laterano\/visita-di-san-giovanni-in-laterano\/#primaryimage\"},\"datePublished\":\"2020-01-22T15:27:26+00:00\",\"dateModified\":\"2020-04-20T13:37:13+00:00\",\"description\":\"Visita e storia della Basilica di San Giovanni in Laterano : facciata, navata, abside, affreschi e cappelle, galleria e descrizione. Opere e storia.\",\"breadcrumb\":{\"@id\":\"https:\/\/www.rome-roma.net\/it\/basilica-di-san-giovanni-in-laterano\/visita-di-san-giovanni-in-laterano\/#breadcrumb\"},\"inLanguage\":\"it-IT\",\"potentialAction\":[{\"@type\":\"ReadAction\",\"target\":[\"https:\/\/www.rome-roma.net\/it\/basilica-di-san-giovanni-in-laterano\/visita-di-san-giovanni-in-laterano\/\"]}]},{\"@type\":\"BreadcrumbList\",\"@id\":\"https:\/\/www.rome-roma.net\/it\/basilica-di-san-giovanni-in-laterano\/visita-di-san-giovanni-in-laterano\/#breadcrumb\",\"itemListElement\":[{\"@type\":\"ListItem\",\"position\":1,\"name\":\"Accueil\",\"item\":\"https:\/\/www.rome-roma.net\/it\/\"},{\"@type\":\"ListItem\",\"position\":2,\"name\":\"Basilica di San Giovanni in Laterano\",\"item\":\"https:\/\/www.rome-roma.net\/it\/basilica-di-san-giovanni-in-laterano\/\"},{\"@type\":\"ListItem\",\"position\":3,\"name\":\"Visita di San Giovanni in Laterano\"}]}]}<\/script>\n<!-- \/ Yoast SEO plugin. -->","yoast_head_json":{"title":"Visita di San Giovanni in Laterano &ndash; Rome-Roma","description":"Visita e storia della Basilica di San Giovanni in Laterano : facciata, navata, abside, affreschi e cappelle, galleria e descrizione. Opere e storia.","robots":{"index":"index","follow":"follow","max-snippet":"max-snippet:-1","max-image-preview":"max-image-preview:large","max-video-preview":"max-video-preview:-1"},"canonical":"https:\/\/www.rome-roma.net\/it\/basilica-di-san-giovanni-in-laterano\/visita-di-san-giovanni-in-laterano\/","og_locale":"it_IT","og_type":"article","og_title":"Visita di San Giovanni in Laterano &ndash; Rome-Roma","og_description":"Visita e storia della Basilica di San Giovanni in Laterano : facciata, navata, abside, affreschi e cappelle, galleria e descrizione. Opere e storia.","og_url":"https:\/\/www.rome-roma.net\/it\/basilica-di-san-giovanni-in-laterano\/visita-di-san-giovanni-in-laterano\/","og_site_name":"Rome-Roma","article_modified_time":"2020-04-20T13:37:13+00:00","og_image":[{"width":799,"height":533,"url":"https:\/\/www.rome-roma.net\/wp-content\/uploads\/2020\/01\/mosaico_abside_san_giovanni_in_laterano_53351.jpg","type":"image\/jpeg"}],"twitter_card":"summary_large_image","twitter_misc":{"Tempo di lettura stimato":"5 minuti"},"schema":{"@context":"https:\/\/schema.org","@graph":[{"@type":"Organization","@id":"https:\/\/www.rome-roma.net\/it\/#organization","name":"Rome-Roma","url":"https:\/\/www.rome-roma.net\/it\/","sameAs":[],"logo":{"@type":"ImageObject","@id":"https:\/\/www.rome-roma.net\/it\/#logo","inLanguage":"it-IT","url":"https:\/\/www.rome-roma.net\/wp-content\/uploads\/2025\/07\/logo-rome-roma-420.jpg","contentUrl":"https:\/\/www.rome-roma.net\/wp-content\/uploads\/2025\/07\/logo-rome-roma-420.jpg","width":420,"height":420,"caption":"Rome-Roma"},"image":{"@id":"https:\/\/www.rome-roma.net\/it\/#logo"}},{"@type":"WebSite","@id":"https:\/\/www.rome-roma.net\/it\/#website","url":"https:\/\/www.rome-roma.net\/it\/","name":"Rome-Roma","description":"Cultura & Viaggio","publisher":{"@id":"https:\/\/www.rome-roma.net\/it\/#organization"},"potentialAction":[{"@type":"SearchAction","target":{"@type":"EntryPoint","urlTemplate":"https:\/\/www.rome-roma.net\/it\/?s={search_term_string}"},"query-input":"required name=search_term_string"}],"inLanguage":"it-IT"},{"@type":"ImageObject","@id":"https:\/\/www.rome-roma.net\/it\/basilica-di-san-giovanni-in-laterano\/visita-di-san-giovanni-in-laterano\/#primaryimage","inLanguage":"it-IT","url":"https:\/\/www.rome-roma.net\/wp-content\/uploads\/2020\/01\/mosaico_abside_san_giovanni_in_laterano_53351.jpg","contentUrl":"https:\/\/www.rome-roma.net\/wp-content\/uploads\/2020\/01\/mosaico_abside_san_giovanni_in_laterano_53351.jpg","width":799,"height":533,"caption":"Basilique Saint-Jean du Latran"},{"@type":"WebPage","@id":"https:\/\/www.rome-roma.net\/it\/basilica-di-san-giovanni-in-laterano\/visita-di-san-giovanni-in-laterano\/#webpage","url":"https:\/\/www.rome-roma.net\/it\/basilica-di-san-giovanni-in-laterano\/visita-di-san-giovanni-in-laterano\/","name":"Visita di San Giovanni in Laterano &ndash; Rome-Roma","isPartOf":{"@id":"https:\/\/www.rome-roma.net\/it\/#website"},"primaryImageOfPage":{"@id":"https:\/\/www.rome-roma.net\/it\/basilica-di-san-giovanni-in-laterano\/visita-di-san-giovanni-in-laterano\/#primaryimage"},"datePublished":"2020-01-22T15:27:26+00:00","dateModified":"2020-04-20T13:37:13+00:00","description":"Visita e storia della Basilica di San Giovanni in Laterano : facciata, navata, abside, affreschi e cappelle, galleria e descrizione. Opere e storia.","breadcrumb":{"@id":"https:\/\/www.rome-roma.net\/it\/basilica-di-san-giovanni-in-laterano\/visita-di-san-giovanni-in-laterano\/#breadcrumb"},"inLanguage":"it-IT","potentialAction":[{"@type":"ReadAction","target":["https:\/\/www.rome-roma.net\/it\/basilica-di-san-giovanni-in-laterano\/visita-di-san-giovanni-in-laterano\/"]}]},{"@type":"BreadcrumbList","@id":"https:\/\/www.rome-roma.net\/it\/basilica-di-san-giovanni-in-laterano\/visita-di-san-giovanni-in-laterano\/#breadcrumb","itemListElement":[{"@type":"ListItem","position":1,"name":"Accueil","item":"https:\/\/www.rome-roma.net\/it\/"},{"@type":"ListItem","position":2,"name":"Basilica di San Giovanni in Laterano","item":"https:\/\/www.rome-roma.net\/it\/basilica-di-san-giovanni-in-laterano\/"},{"@type":"ListItem","position":3,"name":"Visita di San Giovanni in Laterano"}]}]}},"acf_fields":{"nom_monument":"","wikidata":"","sameas":""},"_links":{"self":[{"href":"https:\/\/www.rome-roma.net\/it\/wp-json\/wp\/v2\/site\/6469"}],"collection":[{"href":"https:\/\/www.rome-roma.net\/it\/wp-json\/wp\/v2\/site"}],"about":[{"href":"https:\/\/www.rome-roma.net\/it\/wp-json\/wp\/v2\/types\/site"}],"replies":[{"embeddable":true,"href":"https:\/\/www.rome-roma.net\/it\/wp-json\/wp\/v2\/comments?post=6469"}],"up":[{"embeddable":true,"href":"https:\/\/www.rome-roma.net\/it\/wp-json\/wp\/v2\/site\/5675"}],"wp:featuredmedia":[{"embeddable":true,"href":"https:\/\/www.rome-roma.net\/it\/wp-json\/wp\/v2\/media\/726"}],"wp:attachment":[{"href":"https:\/\/www.rome-roma.net\/it\/wp-json\/wp\/v2\/media?parent=6469"}],"wp:term":[{"taxonomy":"genre","embeddable":true,"href":"https:\/\/www.rome-roma.net\/it\/wp-json\/wp\/v2\/genre?post=6469"},{"taxonomy":"interet","embeddable":true,"href":"https:\/\/www.rome-roma.net\/it\/wp-json\/wp\/v2\/interet?post=6469"},{"taxonomy":"quartier","embeddable":true,"href":"https:\/\/www.rome-roma.net\/it\/wp-json\/wp\/v2\/quartier?post=6469"},{"taxonomy":"categorie_site","embeddable":true,"href":"https:\/\/www.rome-roma.net\/it\/wp-json\/wp\/v2\/categorie_site?post=6469"},{"taxonomy":"quartier_historique","embeddable":true,"href":"https:\/\/www.rome-roma.net\/it\/wp-json\/wp\/v2\/quartier_historique?post=6469"},{"taxonomy":"etiquettes_site","embeddable":true,"href":"https:\/\/www.rome-roma.net\/it\/wp-json\/wp\/v2\/etiquettes_site?post=6469"}],"curies":[{"name":"wp","href":"https:\/\/api.w.org\/{rel}","templated":true}]}}