


{"id":6487,"date":"2020-01-19T13:43:00","date_gmt":"2020-01-19T12:43:00","guid":{"rendered":"https:\/\/www.rome-roma.net\/site\/basilique-sainte-sabine\/"},"modified":"2025-08-19T10:40:36","modified_gmt":"2025-08-19T08:40:36","slug":"basilica-di-santa-sabina","status":"publish","type":"site","link":"https:\/\/www.rome-roma.net\/it\/basilica-di-santa-sabina\/","title":{"rendered":"Basilica di Santa Sabina all&#8217;Aventino"},"content":{"rendered":"<div id=\"attachment_35310\" style=\"width: 310px\" class=\"wp-caption alignright\"><a href=\"https:\/\/www.rome-roma.net\/wp-content\/uploads\/2020\/01\/interieur-sainte-sabine-aventin-rome-roma_0291.jpg\"><img aria-describedby=\"caption-attachment-35310\" loading=\"lazy\" class=\"wp-image-35310 size-medium\" src=\"https:\/\/www.rome-roma.net\/wp-content\/uploads\/2020\/01\/interieur-sainte-sabine-aventin-rome-roma_0291-300x200.jpg\" alt=\"L'interno della basilica di Santa Sabina a Roma\" width=\"300\" height=\"200\" srcset=\"https:\/\/www.rome-roma.net\/wp-content\/uploads\/2020\/01\/interieur-sainte-sabine-aventin-rome-roma_0291-300x200.jpg 300w, https:\/\/www.rome-roma.net\/wp-content\/uploads\/2020\/01\/interieur-sainte-sabine-aventin-rome-roma_0291-1024x683.jpg 1024w, https:\/\/www.rome-roma.net\/wp-content\/uploads\/2020\/01\/interieur-sainte-sabine-aventin-rome-roma_0291-768x512.jpg 768w, https:\/\/www.rome-roma.net\/wp-content\/uploads\/2020\/01\/interieur-sainte-sabine-aventin-rome-roma_0291.jpg 1200w\" sizes=\"(max-width: 300px) 100vw, 300px\" \/><\/a><p id=\"caption-attachment-35310\" class=\"wp-caption-text\">La navata centrale di Santa Sabina<\/p><\/div>\n<p>La <strong>basilica di Santa Sabina<\/strong>, dedicata a Santa Sabina sull\u2019Aventino, \u00e8 una delle pi\u00f9 notevoli basiliche paleocristiane di Roma ancora conservate. Fu edificata nel V secolo vicino a un antico tempio di Giunone. <br>Oggi \u00e8 la sede della Curia dell\u2019Ordine dei Frati Predicatori, i domenicani.<\/p>\n<p>L\u2019edificio sub\u00ec diversi restauri e fu alterato nel XVI<sup> secolo<\/sup> con la chiusura di circa venti finestre. <br>Le campagne di restauro dell\u2019inizio del XX<sup> secolo<\/sup> restituirono in parte l\u2019aspetto originario. Il suo interno, sobrio e armonioso, presenta proporzioni equilibrate. Conserva alcuni elementi notevoli, come una porta in legno risalente al V secolo.<\/p>\n<h2>Storia della basilica di Santa Sabina sull\u2019Aventino<\/h2>\n<p>La chiesa fu costruita dal prete <strong>Pietro d\u2019Illiria<\/strong>, originario della Dalmazia, tra il 422 e il 432, sul sito tradizionalmente associato alla casa di Sabina, matrona romana divenuta poi santa, figura che sembra probabilmente la cristianizzazione di una leggenda locale piuttosto che un personaggio storico attestato. Il suo culto \u00e8 documentato a partire dal V secolo. Iscrizioni rinvenute nei pressi attestano l\u2019esistenza del tempio di Giunone Regina, di cui circa 24 colonne furono reimpiegate nella costruzione della basilica.<\/p>\n<div id=\"attachment_35316\" style=\"width: 310px\" class=\"wp-caption alignleft\"><a href=\"https:\/\/www.rome-roma.net\/wp-content\/uploads\/2020\/01\/affresco-murale-santa-sabina-aventino-rome-roma_0304.jpg\"><img aria-describedby=\"caption-attachment-35316\" loading=\"lazy\" class=\"wp-image-35316 size-medium\" src=\"https:\/\/www.rome-roma.net\/wp-content\/uploads\/2020\/01\/affresco-murale-santa-sabina-aventino-rome-roma_0304-300x200.jpg\" alt=\"L'antico affresco nella basilica di Santa Sabina sull'Aventino\" width=\"300\" height=\"200\" srcset=\"https:\/\/www.rome-roma.net\/wp-content\/uploads\/2020\/01\/affresco-murale-santa-sabina-aventino-rome-roma_0304-300x200.jpg 300w, https:\/\/www.rome-roma.net\/wp-content\/uploads\/2020\/01\/affresco-murale-santa-sabina-aventino-rome-roma_0304-1024x683.jpg 1024w, https:\/\/www.rome-roma.net\/wp-content\/uploads\/2020\/01\/affresco-murale-santa-sabina-aventino-rome-roma_0304-768x512.jpg 768w, https:\/\/www.rome-roma.net\/wp-content\/uploads\/2020\/01\/affresco-murale-santa-sabina-aventino-rome-roma_0304.jpg 1200w\" sizes=\"(max-width: 300px) 100vw, 300px\" \/><\/a><p id=\"caption-attachment-35316\" class=\"wp-caption-text\">L&#8217;antico affresco nel vestibolo<\/p><\/div>\n<p>Nel IX<sup> secolo<\/sup> la chiesa fu inglobata nelle fortificazioni imperiali e l\u2019attuale campanile risale al X o XI secolo.<\/p>\n<p>Nel 1219 papa Onorio III affid\u00f2 la basilica ai Frati Predicatori, che ne fecero la loro sede generale. Secondo la tradizione, san Domenico avrebbe piantato un arancio nel chiostro, portato dalla Spagna, considerato miracoloso. Esistono ancora discendenti di quell\u2019albero nel giardino e parte del tronco originario \u00e8 conservata.<\/p>\n<p>Nel 1287 vi si tenne un conclave per eleggere il successore di Onorio IV. Un\u2019epidemia di malaria decim\u00f2 sei cardinali e costrinse gli altri alla fuga, ad eccezione di Girolamo Masci, che fu eletto papa Niccol\u00f2 IV il 22 febbraio 1288. Secondo alcuni resoconti, il conclave dur\u00f2 diversi mesi a causa dell\u2019epidemia.<\/p>\n<p>L\u2019edificio sub\u00ec poi importanti trasformazioni con i restauri di Domenico Fontana (1587), di Francesco Borromini (1643) e altri interventi successivi. Il restauro condotto da Antonio Mu\u00f1oz all\u2019inizio del XX<sup> secolo<\/sup> restitu\u00ec parzialmente la struttura primitiva.<\/p>\n<h2>Architettura e interno<\/h2>\n<div id=\"attachment_35321\" style=\"width: 310px\" class=\"wp-caption alignright\"><a href=\"https:\/\/www.rome-roma.net\/wp-content\/uploads\/2020\/01\/interieur-nef-sainte-sabine-aventin-rome-roma_0712.jpg\"><img aria-describedby=\"caption-attachment-35321\" loading=\"lazy\" class=\"size-medium wp-image-35321\" src=\"https:\/\/www.rome-roma.net\/wp-content\/uploads\/2020\/01\/interieur-nef-sainte-sabine-aventin-rome-roma_0712-300x200.jpg\" alt=\"Colonne e capitelli della navata di Santa Sabina a Roma\" width=\"300\" height=\"200\" srcset=\"https:\/\/www.rome-roma.net\/wp-content\/uploads\/2020\/01\/interieur-nef-sainte-sabine-aventin-rome-roma_0712-300x200.jpg 300w, https:\/\/www.rome-roma.net\/wp-content\/uploads\/2020\/01\/interieur-nef-sainte-sabine-aventin-rome-roma_0712-1024x683.jpg 1024w, https:\/\/www.rome-roma.net\/wp-content\/uploads\/2020\/01\/interieur-nef-sainte-sabine-aventin-rome-roma_0712-768x512.jpg 768w, https:\/\/www.rome-roma.net\/wp-content\/uploads\/2020\/01\/interieur-nef-sainte-sabine-aventin-rome-roma_0712.jpg 1200w\" sizes=\"(max-width: 300px) 100vw, 300px\" \/><\/a><p id=\"caption-attachment-35321\" class=\"wp-caption-text\">Colonne e capitelli della navata<\/p><\/div>\n<p>La basilica non possiede una facciata monumentale: l\u2019ingresso si trova nel nartece, inserito in uno dei quattro bracci dell\u2019antico portico, oggi compreso nel monastero domenicano. Le pareti lisce e le grandi finestre della navata centrale sono caratteristiche delle prime basiliche cristiane, ispirate alle basiliche civili romane; questa tecnica di ampie aperture scomparve dopo la caduta dell\u2019Impero.<br>L\u2019antica <strong>torre campanaria medievale<\/strong> fu modificata con aggiunte barocche.<\/p>\n<p>L\u2019interno comprende tre navate separate da colonne antiche di epoca imperiale tarda e termina con un\u2019abside semicircolare. Degli aggiunti barocchi rimangono solo due cappelle laterali quadrate con cupola: San Giacinto (a destra) e Santa Caterina da Siena (a sinistra).<\/p>\n<div id=\"attachment_35326\" style=\"width: 210px\" class=\"wp-caption alignleft\"><a href=\"https:\/\/www.rome-roma.net\/wp-content\/uploads\/2020\/01\/tomba-slab-of-munoz-de-zamora-santa-sabina-aventino-rome-roma_0703.jpg\"><img aria-describedby=\"caption-attachment-35326\" loading=\"lazy\" class=\"size-medium wp-image-35326\" src=\"https:\/\/www.rome-roma.net\/wp-content\/uploads\/2020\/01\/tomba-slab-of-munoz-de-zamora-santa-sabina-aventino-rome-roma_0703-200x300.jpg\" alt=\"Tomba di Mu\u00f1oz de Zamora, Santa Sabina\" width=\"200\" height=\"300\" srcset=\"https:\/\/www.rome-roma.net\/wp-content\/uploads\/2020\/01\/tomba-slab-of-munoz-de-zamora-santa-sabina-aventino-rome-roma_0703-200x300.jpg 200w, https:\/\/www.rome-roma.net\/wp-content\/uploads\/2020\/01\/tomba-slab-of-munoz-de-zamora-santa-sabina-aventino-rome-roma_0703-683x1024.jpg 683w, https:\/\/www.rome-roma.net\/wp-content\/uploads\/2020\/01\/tomba-slab-of-munoz-de-zamora-santa-sabina-aventino-rome-roma_0703-768x1152.jpg 768w, https:\/\/www.rome-roma.net\/wp-content\/uploads\/2020\/01\/tomba-slab-of-munoz-de-zamora-santa-sabina-aventino-rome-roma_0703.jpg 800w\" sizes=\"(max-width: 200px) 100vw, 200px\" \/><\/a><p id=\"caption-attachment-35326\" class=\"wp-caption-text\">Lastra tombale di Mu\u00f1oz de Zamora<\/p><\/div>\n<p>Il <strong>soffitto a cassettoni<\/strong>, tipico delle realizzazioni del tardo neoclassico, realizzato nel 1938, sostitu\u00ec un antico decoro a mosaici. <br>Al centro della navata si trova la <strong>tomba di Mu\u00f1o de Zamora<\/strong> (1300), decorata con mosaici.<\/p>\n<p>Nell\u2019abside, un <strong>affresco di Taddeo Zuccari<\/strong> (1560) raffigura Cristo circondato dagli apostoli e dai santi sepolti nella basilica.<br>La decorazione originaria del V secolo era costituita da vaste mosaici, di cui restano solo pochi frammenti e alcune tessere rinvenute durante gli scavi. <br>Sull\u2019arco trionfale vi sono quindici medaglioni dipinti nel 1920, che raffigurano al centro Cristo, affiancato da apostoli, profeti e papi.<\/p>\n<h2>Elementi notevoli della basilica<\/h2>\n<h3>La porta in legno del V secolo<\/h3>\n<div id=\"attachment_35331\" style=\"width: 310px\" class=\"wp-caption alignright\"><a href=\"https:\/\/www.rome-roma.net\/wp-content\/uploads\/2020\/01\/porte-en-bois-sainte-sabine-aventin-rome-roma_0303.jpg\"><img aria-describedby=\"caption-attachment-35331\" loading=\"lazy\" class=\"size-medium wp-image-35331\" src=\"https:\/\/www.rome-roma.net\/wp-content\/uploads\/2020\/01\/porte-en-bois-sainte-sabine-aventin-rome-roma_0303-300x200.jpg\" alt=\"Porta in legno antica di Santa Sabina a Roma\" width=\"300\" height=\"200\" srcset=\"https:\/\/www.rome-roma.net\/wp-content\/uploads\/2020\/01\/porte-en-bois-sainte-sabine-aventin-rome-roma_0303-300x200.jpg 300w, https:\/\/www.rome-roma.net\/wp-content\/uploads\/2020\/01\/porte-en-bois-sainte-sabine-aventin-rome-roma_0303-1024x683.jpg 1024w, https:\/\/www.rome-roma.net\/wp-content\/uploads\/2020\/01\/porte-en-bois-sainte-sabine-aventin-rome-roma_0303-768x512.jpg 768w, https:\/\/www.rome-roma.net\/wp-content\/uploads\/2020\/01\/porte-en-bois-sainte-sabine-aventin-rome-roma_0303.jpg 1200w\" sizes=\"(max-width: 300px) 100vw, 300px\" \/><\/a><p id=\"caption-attachment-35331\" class=\"wp-caption-text\">Porta in legno antica<\/p><\/div>\n<p>L\u2019ingresso principale conserva una <strong>porta in legno del V secolo<\/strong>, considerata il pi\u00f9 antico esempio di scultura lignea cristiana. Originariamente composta da 28 pannelli, 18 sono ancora visibili. Uno di essi, raffigurante la Crocifissione, \u00e8 la pi\u00f9 antica immagine conosciuta di questo evento, di carattere schematico, con croce e figure ridotte a simboli.<\/p>\n<p>I pannelli, in legno di cipresso, raffigurano scene dell\u2019Antico e del Nuovo Testamento (Mos\u00e8, Elia, Epifania, miracoli di Cristo, Crocifissione, Ascensione). Le croci compaiono in modo discreto, poich\u00e9 la rappresentazione esplicita del supplizio di Ges\u00f9 era eccezionale a quell\u2019epoca. Nel restauro del 1836, nel pannello che rappresenta il passaggio del Mar Rosso, il volto del faraone fu sostituito con quello di Napoleone \u2014 scelta ironica del restauratore, essendo Napoleone morto quindici anni prima.<\/p>\n<h3>La Lapis Diaboli<\/h3>\n<p>La \u00abLapis Diaboli\u00bb, pietra nera rotonda posta su una colonna tortile a sinistra dell\u2019ingresso, sarebbe \u2014 secondo la leggenda \u2014 il proiettile lanciato dal diavolo contro Domenico in preghiera sulla lastra che copriva i martiri. La pietra spezz\u00f2 la lastra, che fu poi ricomposta. In realt\u00e0, la lastra fu rotta accidentalmente da Domenico Fontana durante i lavori del 1587, e non nel 1527 come talvolta riportato.<\/p>\n<h3>Il chiostro e l\u2019arancio di san Domenico<\/h3>\n<p>Secondo la tradizione, san Domenico avrebbe portato dalla Spagna la primissima pianta di arancio introdotta in Italia, che fece poi piantare nel chiostro del convento annesso a Santa Sabina. L\u2019albero \u00e8 oggi visibile dall\u2019interno della chiesa, attraverso una piccola apertura ovale nel muro del nartece. \u00c8 ritenuto \u00abmiracoloso\u00bb: non solo avrebbe continuato a fruttificare per secoli, ma si racconta che santa Caterina da Siena ne colse le arance, le cand\u00ec e le offr\u00ec a papa Urbano VI. Durante lavori del 1936, nelle sue radici furono trovate monete del XIV secolo, a testimonianza dell\u2019antichit\u00e0 del luogo.<br>\u2192 Leggi anche l\u2019articolo sul <a href=\"https:\/\/www.rome-roma.net\/jardins-des-orangers\/\">Giardino degli Aranci sull\u2019Aventino<\/a><\/p>\n<h2>Resti antichi e archeologia nei dintorni<\/h2>\n<p>A nord della chiesa sono stati rinvenuti resti delle mura cosiddette \u00abServiane\u00bb, con due fasi: una prima del VI<sup> secolo a.C.<\/sup> in tufo del Palatino, e una seconda dopo il sacco dei Galli dell\u2019inizio del IV<sup> secolo a.C.<\/sup> <\/p>\n<p>Dietro queste mura si ergevano diversi edifici, tra cui uno del II<sup> secolo a.C.<\/sup>. Sotto il portico della chiesa \u00e8 stata ritrovata una strada parallela all\u2019antico Vicus Armilustri. Nella stessa basilica, gli scavi hanno rivelato case dell\u2019inizio dell\u2019epoca imperiale, decorate con mosaici, e un piccolo tempio del III<sup> secolo a.C.<\/sup>, probabilmente un luogo di culto domestico o secondario.<\/p>\n<h2>Informazioni<\/h2>\n<table style=\"border-collapse: collapse; width: 100%;\">\n<tbody>\n<tr style=\"background-color: #fae8c3;\">\n<td style=\"width: 100%;\"><span style=\"font-size: 10pt;\"><strong>Basilica di Santa Sabina all&#8217;Aventino<\/strong><\/span><br><span style=\"font-size: 10pt;\"><em>Piazza Pietro D&#8217;Illiria, 1, 00153 Roma<\/em><\/span><\/td>\n<\/tr>\n<tr style=\"background-color: #f7ece1;\">\n<td style=\"width: 100%;\">\n<p><span style=\"font-size: 10pt;\"><strong>Orari (soggetti a variazioni)<\/strong><\/span><\/p>\n<p style=\"padding-left: 40px;\"><span style=\"font-size: 10pt;\">Domenica e luned\u00ec: 12.00 &#8211; 19.00<\/span><br><span style=\"font-size: 10pt;\">Dal marted\u00ec al sabato: 8.00 &#8211; 19.00<\/span><\/p>\n<\/td>\n<\/tr>\n<tr style=\"background-color: #fae8c3;\">\n<td style=\"width: 100%;\">\n<p><span style=\"font-size: 10pt;\"><b>Fonti e link per approfondire<\/b><\/span><\/p>\n<ul>\n<li><span style=\"font-size: 10pt;\">Sito della basilica: <a href=\"https:\/\/basilicasantasabina.it\/\" target=\"_blank\" rel=\"noopener\">https:\/\/basilicasantasabina.it\/<\/a><\/span><\/li>\n<li><span style=\"font-size: 10pt;\">Per saperne di pi\u00f9 sulla basilica: <a href=\"https:\/\/it.wikipedia.org\/wiki\/Basilica_di_Santa_Sabina\" target=\"_blank\" rel=\"noopener\">Santa Sabina su Wikipedia<\/a><\/span><\/li>\n<li><a href=\"https:\/\/060608.comune.roma.it\/turismo-religioso\/chiese-cattoliche\/basilica-di-santa-sabina-allaventino-13458\" target=\"_blank\" rel=\"noopener\"><span style=\"font-size: 10pt;\">Info su Santa Sabina sul sito della citt\u00e0 060608<\/span><\/a><\/li>\n<\/ul>\n<\/td>\n<\/tr>\n<\/tbody>\n<\/table>\n\n\n<h2>Cartina ed indirizzo<\/h2>\r\n\t\t<b>Indirizzo : <\/b>Piazza Pietro D'Illiria, 1, 00153 Roma RM, Italie<div id=\"travelersmap-container-69f2bb1ce3265\" class=\"travelersmap-container\" style=\"z-index: 1; min-height: 10px; min-width:10px; height:400px;width:100%; max-width:; max-height:; position:relative;\"><div style=\"position:absolute; z-index:-1;top: 50%;text-align: center;display: block;left: 50%;transform: translate(-50%,-50%);\">Travelers' Map is loading... <br> If you see this after your page is loaded completely, leafletJS files are missing.<\/div><\/div><i>Clicca sulla freccia per localizzarti sulla mappa<\/i><br><br>\n\n\n\n<h2>Galleria fotografica<\/h2>\n\n\n\n<figure class=\"wp-container-3 wp-block-gallery-2 wp-block-gallery has-nested-images columns-4 is-cropped\">\n<figure class=\"wp-block-image size-medium\"><a href=\"https:\/\/www.rome-roma.net\/wp-content\/uploads\/2025\/08\/esterno-santa-sabina-aventino-rome-roma_0281.jpg\"><img loading=\"lazy\" width=\"300\" height=\"200\" data-id=\"35371\"  src=\"https:\/\/www.rome-roma.net\/wp-content\/uploads\/2025\/08\/esterno-santa-sabina-aventino-rome-roma_0281-300x200.jpg\" alt=\"\" class=\"wp-image-35371\" srcset=\"https:\/\/www.rome-roma.net\/wp-content\/uploads\/2025\/08\/esterno-santa-sabina-aventino-rome-roma_0281-300x200.jpg 300w, https:\/\/www.rome-roma.net\/wp-content\/uploads\/2025\/08\/esterno-santa-sabina-aventino-rome-roma_0281-1024x683.jpg 1024w, https:\/\/www.rome-roma.net\/wp-content\/uploads\/2025\/08\/esterno-santa-sabina-aventino-rome-roma_0281-768x512.jpg 768w, https:\/\/www.rome-roma.net\/wp-content\/uploads\/2025\/08\/esterno-santa-sabina-aventino-rome-roma_0281.jpg 1200w\" sizes=\"(max-width: 300px) 100vw, 300px\" \/><\/a><figcaption>Esterno di Santa Sabina<\/figcaption><\/figure>\n\n\n\n<figure class=\"wp-block-image size-medium\"><a href=\"https:\/\/www.rome-roma.net\/wp-content\/uploads\/2025\/08\/portico-santa-sabina-aventino-rome-roma_0285.jpg\"><img loading=\"lazy\" width=\"300\" height=\"200\" data-id=\"35415\"  src=\"https:\/\/www.rome-roma.net\/wp-content\/uploads\/2025\/08\/portico-santa-sabina-aventino-rome-roma_0285-300x200.jpg\" alt=\"\" class=\"wp-image-35415\" srcset=\"https:\/\/www.rome-roma.net\/wp-content\/uploads\/2025\/08\/portico-santa-sabina-aventino-rome-roma_0285-300x200.jpg 300w, https:\/\/www.rome-roma.net\/wp-content\/uploads\/2025\/08\/portico-santa-sabina-aventino-rome-roma_0285-1024x683.jpg 1024w, https:\/\/www.rome-roma.net\/wp-content\/uploads\/2025\/08\/portico-santa-sabina-aventino-rome-roma_0285-768x512.jpg 768w, https:\/\/www.rome-roma.net\/wp-content\/uploads\/2025\/08\/portico-santa-sabina-aventino-rome-roma_0285.jpg 1200w\" sizes=\"(max-width: 300px) 100vw, 300px\" \/><\/a><figcaption>Portico di Santa Sabina<\/figcaption><\/figure>\n\n\n\n<figure class=\"wp-block-image size-medium\"><a href=\"https:\/\/www.rome-roma.net\/wp-content\/uploads\/2025\/08\/porta-ligneo-santa-sabina-aventino-rome-roma_0303.jpg\"><img loading=\"lazy\" width=\"200\" height=\"300\" data-id=\"35410\"  src=\"https:\/\/www.rome-roma.net\/wp-content\/uploads\/2025\/08\/porta-ligneo-santa-sabina-aventino-rome-roma_0303-200x300.jpg\" alt=\"\" class=\"wp-image-35410\" srcset=\"https:\/\/www.rome-roma.net\/wp-content\/uploads\/2025\/08\/porta-ligneo-santa-sabina-aventino-rome-roma_0303-200x300.jpg 200w, https:\/\/www.rome-roma.net\/wp-content\/uploads\/2025\/08\/porta-ligneo-santa-sabina-aventino-rome-roma_0303-683x1024.jpg 683w, https:\/\/www.rome-roma.net\/wp-content\/uploads\/2025\/08\/porta-ligneo-santa-sabina-aventino-rome-roma_0303-768x1152.jpg 768w, https:\/\/www.rome-roma.net\/wp-content\/uploads\/2025\/08\/porta-ligneo-santa-sabina-aventino-rome-roma_0303.jpg 800w\" sizes=\"(max-width: 200px) 100vw, 200px\" \/><\/a><figcaption>Porta lignea antica<\/figcaption><\/figure>\n\n\n\n<figure class=\"wp-block-image size-medium\"><a href=\"https:\/\/www.rome-roma.net\/wp-content\/uploads\/2020\/01\/porte-en-bois-sainte-sabine-aventin-rome-roma_0303.jpg\"><img loading=\"lazy\" width=\"300\" height=\"200\" data-id=\"35331\"  src=\"https:\/\/www.rome-roma.net\/wp-content\/uploads\/2020\/01\/porte-en-bois-sainte-sabine-aventin-rome-roma_0303-300x200.jpg\" alt=\"Porta lignea di Santa Sabina\" class=\"wp-image-35331\" srcset=\"https:\/\/www.rome-roma.net\/wp-content\/uploads\/2020\/01\/porte-en-bois-sainte-sabine-aventin-rome-roma_0303-300x200.jpg 300w, https:\/\/www.rome-roma.net\/wp-content\/uploads\/2020\/01\/porte-en-bois-sainte-sabine-aventin-rome-roma_0303-1024x683.jpg 1024w, https:\/\/www.rome-roma.net\/wp-content\/uploads\/2020\/01\/porte-en-bois-sainte-sabine-aventin-rome-roma_0303-768x512.jpg 768w, https:\/\/www.rome-roma.net\/wp-content\/uploads\/2020\/01\/porte-en-bois-sainte-sabine-aventin-rome-roma_0303.jpg 1200w\" sizes=\"(max-width: 300px) 100vw, 300px\" \/><\/a><figcaption>Porta lignea antica<\/figcaption><\/figure>\n\n\n\n<figure class=\"wp-block-image size-medium\"><a href=\"https:\/\/www.rome-roma.net\/wp-content\/uploads\/2020\/01\/affresco-murale-santa-sabina-aventino-rome-roma_0304.jpg\"><img loading=\"lazy\" width=\"300\" height=\"200\" data-id=\"35316\"  src=\"https:\/\/www.rome-roma.net\/wp-content\/uploads\/2020\/01\/affresco-murale-santa-sabina-aventino-rome-roma_0304-300x200.jpg\" alt=\"L'antico affresco nella Basilica di Santa Sabina sull'Aventino\" class=\"wp-image-35316\" srcset=\"https:\/\/www.rome-roma.net\/wp-content\/uploads\/2020\/01\/affresco-murale-santa-sabina-aventino-rome-roma_0304-300x200.jpg 300w, https:\/\/www.rome-roma.net\/wp-content\/uploads\/2020\/01\/affresco-murale-santa-sabina-aventino-rome-roma_0304-1024x683.jpg 1024w, https:\/\/www.rome-roma.net\/wp-content\/uploads\/2020\/01\/affresco-murale-santa-sabina-aventino-rome-roma_0304-768x512.jpg 768w, https:\/\/www.rome-roma.net\/wp-content\/uploads\/2020\/01\/affresco-murale-santa-sabina-aventino-rome-roma_0304.jpg 1200w\" sizes=\"(max-width: 300px) 100vw, 300px\" \/><\/a><figcaption>L&#8217;antico affresco nel vestibolo<\/figcaption><\/figure>\n\n\n\n<figure class=\"wp-block-image size-medium\"><a href=\"https:\/\/www.rome-roma.net\/wp-content\/uploads\/2020\/01\/interieur-sainte-sabine-aventin-rome-roma_0291.jpg\"><img loading=\"lazy\" width=\"300\" height=\"200\" data-id=\"35310\"  src=\"https:\/\/www.rome-roma.net\/wp-content\/uploads\/2020\/01\/interieur-sainte-sabine-aventin-rome-roma_0291-300x200.jpg\" alt=\"L'interno della Basilica di Santa Sabina a Roma\" class=\"wp-image-35310\" srcset=\"https:\/\/www.rome-roma.net\/wp-content\/uploads\/2020\/01\/interieur-sainte-sabine-aventin-rome-roma_0291-300x200.jpg 300w, https:\/\/www.rome-roma.net\/wp-content\/uploads\/2020\/01\/interieur-sainte-sabine-aventin-rome-roma_0291-1024x683.jpg 1024w, https:\/\/www.rome-roma.net\/wp-content\/uploads\/2020\/01\/interieur-sainte-sabine-aventin-rome-roma_0291-768x512.jpg 768w, https:\/\/www.rome-roma.net\/wp-content\/uploads\/2020\/01\/interieur-sainte-sabine-aventin-rome-roma_0291.jpg 1200w\" sizes=\"(max-width: 300px) 100vw, 300px\" \/><\/a><figcaption>Navata centrale<\/figcaption><\/figure>\n\n\n\n<figure class=\"wp-block-image size-medium\"><a href=\"https:\/\/www.rome-roma.net\/wp-content\/uploads\/2025\/08\/interno-navata-santa-sabina-aventino-rome-roma_0708.jpg\"><img loading=\"lazy\" width=\"200\" height=\"300\" data-id=\"35390\"  src=\"https:\/\/www.rome-roma.net\/wp-content\/uploads\/2025\/08\/interno-navata-santa-sabina-aventino-rome-roma_0708-200x300.jpg\" alt=\"\" class=\"wp-image-35390\" srcset=\"https:\/\/www.rome-roma.net\/wp-content\/uploads\/2025\/08\/interno-navata-santa-sabina-aventino-rome-roma_0708-200x300.jpg 200w, https:\/\/www.rome-roma.net\/wp-content\/uploads\/2025\/08\/interno-navata-santa-sabina-aventino-rome-roma_0708-683x1024.jpg 683w, https:\/\/www.rome-roma.net\/wp-content\/uploads\/2025\/08\/interno-navata-santa-sabina-aventino-rome-roma_0708-768x1152.jpg 768w, https:\/\/www.rome-roma.net\/wp-content\/uploads\/2025\/08\/interno-navata-santa-sabina-aventino-rome-roma_0708.jpg 800w\" sizes=\"(max-width: 200px) 100vw, 200px\" \/><\/a><figcaption>Navata centrale<\/figcaption><\/figure>\n\n\n\n<figure class=\"wp-block-image size-medium\"><a href=\"https:\/\/www.rome-roma.net\/wp-content\/uploads\/2025\/08\/interno-santa-sabina-aventino-rome-roma_0288.jpg\"><img loading=\"lazy\" width=\"300\" height=\"200\" data-id=\"35383\"  src=\"https:\/\/www.rome-roma.net\/wp-content\/uploads\/2025\/08\/interno-santa-sabina-aventino-rome-roma_0288-300x200.jpg\" alt=\"\" class=\"wp-image-35383\" srcset=\"https:\/\/www.rome-roma.net\/wp-content\/uploads\/2025\/08\/interno-santa-sabina-aventino-rome-roma_0288-300x200.jpg 300w, https:\/\/www.rome-roma.net\/wp-content\/uploads\/2025\/08\/interno-santa-sabina-aventino-rome-roma_0288-1024x683.jpg 1024w, https:\/\/www.rome-roma.net\/wp-content\/uploads\/2025\/08\/interno-santa-sabina-aventino-rome-roma_0288-768x512.jpg 768w, https:\/\/www.rome-roma.net\/wp-content\/uploads\/2025\/08\/interno-santa-sabina-aventino-rome-roma_0288.jpg 1200w\" sizes=\"(max-width: 300px) 100vw, 300px\" \/><\/a><figcaption>Navata centrale<\/figcaption><\/figure>\n\n\n\n<figure class=\"wp-block-image size-medium\"><a href=\"https:\/\/www.rome-roma.net\/wp-content\/uploads\/2025\/08\/interieur-nef-sainte-sabine-aventin-rome-roma_0711.jpg\"><img loading=\"lazy\" width=\"300\" height=\"200\" data-id=\"35375\"  src=\"https:\/\/www.rome-roma.net\/wp-content\/uploads\/2025\/08\/interieur-nef-sainte-sabine-aventin-rome-roma_0711-300x200.jpg\" alt=\"\" class=\"wp-image-35375\" srcset=\"https:\/\/www.rome-roma.net\/wp-content\/uploads\/2025\/08\/interieur-nef-sainte-sabine-aventin-rome-roma_0711-300x200.jpg 300w, https:\/\/www.rome-roma.net\/wp-content\/uploads\/2025\/08\/interieur-nef-sainte-sabine-aventin-rome-roma_0711-1024x683.jpg 1024w, https:\/\/www.rome-roma.net\/wp-content\/uploads\/2025\/08\/interieur-nef-sainte-sabine-aventin-rome-roma_0711-768x512.jpg 768w, https:\/\/www.rome-roma.net\/wp-content\/uploads\/2025\/08\/interieur-nef-sainte-sabine-aventin-rome-roma_0711.jpg 1200w\" sizes=\"(max-width: 300px) 100vw, 300px\" \/><\/a><figcaption>Navata centrale<\/figcaption><\/figure>\n\n\n\n<figure class=\"wp-block-image size-medium\"><a href=\"https:\/\/www.rome-roma.net\/wp-content\/uploads\/2025\/08\/interno-capitelli-santa-sabina-aventino-rome-roma_0713.jpg\"><img loading=\"lazy\" width=\"200\" height=\"300\" data-id=\"35338\"  src=\"https:\/\/www.rome-roma.net\/wp-content\/uploads\/2025\/08\/interno-capitelli-santa-sabina-aventino-rome-roma_0713-200x300.jpg\" alt=\"\" class=\"wp-image-35338\" srcset=\"https:\/\/www.rome-roma.net\/wp-content\/uploads\/2025\/08\/interno-capitelli-santa-sabina-aventino-rome-roma_0713-200x300.jpg 200w, https:\/\/www.rome-roma.net\/wp-content\/uploads\/2025\/08\/interno-capitelli-santa-sabina-aventino-rome-roma_0713-683x1024.jpg 683w, https:\/\/www.rome-roma.net\/wp-content\/uploads\/2025\/08\/interno-capitelli-santa-sabina-aventino-rome-roma_0713-768x1152.jpg 768w, https:\/\/www.rome-roma.net\/wp-content\/uploads\/2025\/08\/interno-capitelli-santa-sabina-aventino-rome-roma_0713.jpg 800w\" sizes=\"(max-width: 200px) 100vw, 200px\" \/><\/a><figcaption>La navata centrale, colonne<\/figcaption><\/figure>\n\n\n\n<figure class=\"wp-block-image size-medium\"><a href=\"https:\/\/www.rome-roma.net\/wp-content\/uploads\/2020\/01\/interieur-nef-sainte-sabine-aventin-rome-roma_0712.jpg\"><img loading=\"lazy\" width=\"300\" height=\"200\" data-id=\"35321\"  src=\"https:\/\/www.rome-roma.net\/wp-content\/uploads\/2020\/01\/interieur-nef-sainte-sabine-aventin-rome-roma_0712-300x200.jpg\" alt=\"Colonne e capitelli della navata di Santa Sabina a Roma\" class=\"wp-image-35321\" srcset=\"https:\/\/www.rome-roma.net\/wp-content\/uploads\/2020\/01\/interieur-nef-sainte-sabine-aventin-rome-roma_0712-300x200.jpg 300w, https:\/\/www.rome-roma.net\/wp-content\/uploads\/2020\/01\/interieur-nef-sainte-sabine-aventin-rome-roma_0712-1024x683.jpg 1024w, https:\/\/www.rome-roma.net\/wp-content\/uploads\/2020\/01\/interieur-nef-sainte-sabine-aventin-rome-roma_0712-768x512.jpg 768w, https:\/\/www.rome-roma.net\/wp-content\/uploads\/2020\/01\/interieur-nef-sainte-sabine-aventin-rome-roma_0712.jpg 1200w\" sizes=\"(max-width: 300px) 100vw, 300px\" \/><\/a><figcaption>Colonne e capitelli della navata<\/figcaption><\/figure>\n\n\n\n<figure class=\"wp-block-image size-medium\"><a href=\"https:\/\/www.rome-roma.net\/wp-content\/uploads\/2025\/08\/interno-abside-santa-sabina-aventino-rome-roma_0300.jpg\"><img loading=\"lazy\" width=\"300\" height=\"200\" data-id=\"35389\"  src=\"https:\/\/www.rome-roma.net\/wp-content\/uploads\/2025\/08\/interno-abside-santa-sabina-aventino-rome-roma_0300-300x200.jpg\" alt=\"\" class=\"wp-image-35389\" srcset=\"https:\/\/www.rome-roma.net\/wp-content\/uploads\/2025\/08\/interno-abside-santa-sabina-aventino-rome-roma_0300-300x200.jpg 300w, https:\/\/www.rome-roma.net\/wp-content\/uploads\/2025\/08\/interno-abside-santa-sabina-aventino-rome-roma_0300-1024x683.jpg 1024w, https:\/\/www.rome-roma.net\/wp-content\/uploads\/2025\/08\/interno-abside-santa-sabina-aventino-rome-roma_0300-768x512.jpg 768w, https:\/\/www.rome-roma.net\/wp-content\/uploads\/2025\/08\/interno-abside-santa-sabina-aventino-rome-roma_0300.jpg 1200w\" sizes=\"(max-width: 300px) 100vw, 300px\" \/><\/a><figcaption>Abside<\/figcaption><\/figure>\n\n\n\n<figure class=\"wp-block-image size-medium\"><a href=\"https:\/\/www.rome-roma.net\/wp-content\/uploads\/2025\/08\/interno-abside-santa-sabina-aventino-rome-roma_0301.jpg\"><img loading=\"lazy\" width=\"200\" height=\"300\" data-id=\"35384\"  src=\"https:\/\/www.rome-roma.net\/wp-content\/uploads\/2025\/08\/interno-abside-santa-sabina-aventino-rome-roma_0301-200x300.jpg\" alt=\"\" class=\"wp-image-35384\" srcset=\"https:\/\/www.rome-roma.net\/wp-content\/uploads\/2025\/08\/interno-abside-santa-sabina-aventino-rome-roma_0301-200x300.jpg 200w, https:\/\/www.rome-roma.net\/wp-content\/uploads\/2025\/08\/interno-abside-santa-sabina-aventino-rome-roma_0301-683x1024.jpg 683w, https:\/\/www.rome-roma.net\/wp-content\/uploads\/2025\/08\/interno-abside-santa-sabina-aventino-rome-roma_0301-768x1152.jpg 768w, https:\/\/www.rome-roma.net\/wp-content\/uploads\/2025\/08\/interno-abside-santa-sabina-aventino-rome-roma_0301.jpg 800w\" sizes=\"(max-width: 200px) 100vw, 200px\" \/><\/a><figcaption>Abside<\/figcaption><\/figure>\n\n\n\n<figure class=\"wp-block-image size-medium\"><a href=\"https:\/\/www.rome-roma.net\/wp-content\/uploads\/2025\/08\/affresco-abside-santa-sabina-aventino-rome-roma_3747.jpg\"><img loading=\"lazy\" width=\"300\" height=\"200\" data-id=\"35368\"  src=\"https:\/\/www.rome-roma.net\/wp-content\/uploads\/2025\/08\/affresco-abside-santa-sabina-aventino-rome-roma_3747-300x200.jpg\" alt=\"\" class=\"wp-image-35368\" srcset=\"https:\/\/www.rome-roma.net\/wp-content\/uploads\/2025\/08\/affresco-abside-santa-sabina-aventino-rome-roma_3747-300x200.jpg 300w, https:\/\/www.rome-roma.net\/wp-content\/uploads\/2025\/08\/affresco-abside-santa-sabina-aventino-rome-roma_3747-1024x683.jpg 1024w, https:\/\/www.rome-roma.net\/wp-content\/uploads\/2025\/08\/affresco-abside-santa-sabina-aventino-rome-roma_3747-768x512.jpg 768w, https:\/\/www.rome-roma.net\/wp-content\/uploads\/2025\/08\/affresco-abside-santa-sabina-aventino-rome-roma_3747.jpg 1200w\" sizes=\"(max-width: 300px) 100vw, 300px\" \/><\/a><figcaption>Affresco dell&#8217;abside<\/figcaption><\/figure>\n\n\n\n<figure class=\"wp-block-image size-medium\"><a href=\"https:\/\/www.rome-roma.net\/wp-content\/uploads\/2025\/08\/cupola-cappella-santa-sabina-aventino-rome-roma_0704.jpg\"><img loading=\"lazy\" width=\"300\" height=\"200\" data-id=\"35353\"  src=\"https:\/\/www.rome-roma.net\/wp-content\/uploads\/2025\/08\/cupola-cappella-santa-sabina-aventino-rome-roma_0704-300x200.jpg\" alt=\"\" class=\"wp-image-35353\" srcset=\"https:\/\/www.rome-roma.net\/wp-content\/uploads\/2025\/08\/cupola-cappella-santa-sabina-aventino-rome-roma_0704-300x200.jpg 300w, https:\/\/www.rome-roma.net\/wp-content\/uploads\/2025\/08\/cupola-cappella-santa-sabina-aventino-rome-roma_0704-1024x683.jpg 1024w, https:\/\/www.rome-roma.net\/wp-content\/uploads\/2025\/08\/cupola-cappella-santa-sabina-aventino-rome-roma_0704-768x512.jpg 768w, https:\/\/www.rome-roma.net\/wp-content\/uploads\/2025\/08\/cupola-cappella-santa-sabina-aventino-rome-roma_0704.jpg 1200w\" sizes=\"(max-width: 300px) 100vw, 300px\" \/><\/a><figcaption>Cupola della cappella<\/figcaption><\/figure>\n\n\n\n<figure class=\"wp-block-image size-medium\"><a href=\"https:\/\/www.rome-roma.net\/wp-content\/uploads\/2025\/08\/federico-zuccari-gloria-di-san-giacinto-santa-sabina-aventino-rome-roma_3749.jpg\"><img loading=\"lazy\" width=\"300\" height=\"200\" data-id=\"35363\"  src=\"https:\/\/www.rome-roma.net\/wp-content\/uploads\/2025\/08\/federico-zuccari-gloria-di-san-giacinto-santa-sabina-aventino-rome-roma_3749-300x200.jpg\" alt=\"\" class=\"wp-image-35363\" srcset=\"https:\/\/www.rome-roma.net\/wp-content\/uploads\/2025\/08\/federico-zuccari-gloria-di-san-giacinto-santa-sabina-aventino-rome-roma_3749-300x200.jpg 300w, https:\/\/www.rome-roma.net\/wp-content\/uploads\/2025\/08\/federico-zuccari-gloria-di-san-giacinto-santa-sabina-aventino-rome-roma_3749-1024x683.jpg 1024w, https:\/\/www.rome-roma.net\/wp-content\/uploads\/2025\/08\/federico-zuccari-gloria-di-san-giacinto-santa-sabina-aventino-rome-roma_3749-768x512.jpg 768w, https:\/\/www.rome-roma.net\/wp-content\/uploads\/2025\/08\/federico-zuccari-gloria-di-san-giacinto-santa-sabina-aventino-rome-roma_3749.jpg 1200w\" sizes=\"(max-width: 300px) 100vw, 300px\" \/><\/a><figcaption>Affresco di Federico Zuccari: Gloria di San Giacinto<\/figcaption><\/figure>\n\n\n\n<figure class=\"wp-block-image size-medium\"><a href=\"https:\/\/www.rome-roma.net\/wp-content\/uploads\/2025\/08\/tombe-santa-sabina-aventino-rome-roma_0293.jpg\"><img loading=\"lazy\" width=\"200\" height=\"300\" data-id=\"35349\"  src=\"https:\/\/www.rome-roma.net\/wp-content\/uploads\/2025\/08\/tombe-santa-sabina-aventino-rome-roma_0293-200x300.jpg\" alt=\"\" class=\"wp-image-35349\" srcset=\"https:\/\/www.rome-roma.net\/wp-content\/uploads\/2025\/08\/tombe-santa-sabina-aventino-rome-roma_0293-200x300.jpg 200w, https:\/\/www.rome-roma.net\/wp-content\/uploads\/2025\/08\/tombe-santa-sabina-aventino-rome-roma_0293-683x1024.jpg 683w, https:\/\/www.rome-roma.net\/wp-content\/uploads\/2025\/08\/tombe-santa-sabina-aventino-rome-roma_0293-768x1152.jpg 768w, https:\/\/www.rome-roma.net\/wp-content\/uploads\/2025\/08\/tombe-santa-sabina-aventino-rome-roma_0293.jpg 800w\" sizes=\"(max-width: 200px) 100vw, 200px\" \/><\/a><figcaption>Pietra tombale<\/figcaption><\/figure>\n\n\n\n<figure class=\"wp-block-image size-medium\"><a href=\"https:\/\/www.rome-roma.net\/wp-content\/uploads\/2020\/01\/tomba-slab-of-munoz-de-zamora-santa-sabina-aventino-rome-roma_0703.jpg\"><img loading=\"lazy\" width=\"200\" height=\"300\" data-id=\"35326\"  src=\"https:\/\/www.rome-roma.net\/wp-content\/uploads\/2020\/01\/tomba-slab-of-munoz-de-zamora-santa-sabina-aventino-rome-roma_0703-200x300.jpg\" alt=\"Tomba di Munoz de Zamora, Santa Sabina\" class=\"wp-image-35326\" srcset=\"https:\/\/www.rome-roma.net\/wp-content\/uploads\/2020\/01\/tomba-slab-of-munoz-de-zamora-santa-sabina-aventino-rome-roma_0703-200x300.jpg 200w, https:\/\/www.rome-roma.net\/wp-content\/uploads\/2020\/01\/tomba-slab-of-munoz-de-zamora-santa-sabina-aventino-rome-roma_0703-683x1024.jpg 683w, https:\/\/www.rome-roma.net\/wp-content\/uploads\/2020\/01\/tomba-slab-of-munoz-de-zamora-santa-sabina-aventino-rome-roma_0703-768x1152.jpg 768w, https:\/\/www.rome-roma.net\/wp-content\/uploads\/2020\/01\/tomba-slab-of-munoz-de-zamora-santa-sabina-aventino-rome-roma_0703.jpg 800w\" sizes=\"(max-width: 200px) 100vw, 200px\" \/><\/a><figcaption>Tomba di Munoz de Zamora<\/figcaption><\/figure>\n\n\n\n<figure class=\"wp-block-image size-medium\"><a href=\"https:\/\/www.rome-roma.net\/wp-content\/uploads\/2025\/08\/interno-abside-santa-sabina-aventino-rome-roma_0302.jpg\"><img loading=\"lazy\" width=\"200\" height=\"300\" data-id=\"35340\"  src=\"https:\/\/www.rome-roma.net\/wp-content\/uploads\/2025\/08\/interno-abside-santa-sabina-aventino-rome-roma_0302-200x300.jpg\" alt=\"\" class=\"wp-image-35340\" srcset=\"https:\/\/www.rome-roma.net\/wp-content\/uploads\/2025\/08\/interno-abside-santa-sabina-aventino-rome-roma_0302-200x300.jpg 200w, https:\/\/www.rome-roma.net\/wp-content\/uploads\/2025\/08\/interno-abside-santa-sabina-aventino-rome-roma_0302-683x1024.jpg 683w, https:\/\/www.rome-roma.net\/wp-content\/uploads\/2025\/08\/interno-abside-santa-sabina-aventino-rome-roma_0302-768x1152.jpg 768w, https:\/\/www.rome-roma.net\/wp-content\/uploads\/2025\/08\/interno-abside-santa-sabina-aventino-rome-roma_0302.jpg 800w\" sizes=\"(max-width: 200px) 100vw, 200px\" \/><\/a><figcaption>Pietra tombale<\/figcaption><\/figure>\n\n\n\n<figure class=\"wp-block-image size-medium\"><a href=\"https:\/\/www.rome-roma.net\/wp-content\/uploads\/2025\/08\/tomba-cardinal-auxias-de-podio-santa-sabina-aventino-rome-roma_0295.jpg\"><img loading=\"lazy\" width=\"200\" height=\"300\" data-id=\"35385\"  src=\"https:\/\/www.rome-roma.net\/wp-content\/uploads\/2025\/08\/tomba-cardinal-auxias-de-podio-santa-sabina-aventino-rome-roma_0295-200x300.jpg\" alt=\"\" class=\"wp-image-35385\" srcset=\"https:\/\/www.rome-roma.net\/wp-content\/uploads\/2025\/08\/tomba-cardinal-auxias-de-podio-santa-sabina-aventino-rome-roma_0295-200x300.jpg 200w, https:\/\/www.rome-roma.net\/wp-content\/uploads\/2025\/08\/tomba-cardinal-auxias-de-podio-santa-sabina-aventino-rome-roma_0295-683x1024.jpg 683w, https:\/\/www.rome-roma.net\/wp-content\/uploads\/2025\/08\/tomba-cardinal-auxias-de-podio-santa-sabina-aventino-rome-roma_0295-768x1152.jpg 768w, https:\/\/www.rome-roma.net\/wp-content\/uploads\/2025\/08\/tomba-cardinal-auxias-de-podio-santa-sabina-aventino-rome-roma_0295.jpg 800w\" sizes=\"(max-width: 200px) 100vw, 200px\" \/><\/a><figcaption>Tomba del cardinale Auxias de Podio (1485)<\/figcaption><\/figure>\n<\/figure>\n\n\n\n\n\n<h2>Vedute antiche nel arte<\/h2><div>3 opere di Basilica di Santa Sabina all&#8217;Aventino sono state trovate nella database. Per vederle tutte aprire questo <a href=\"https:\/\/www.rome-roma.net\/site-rome-art.php?lieu=sainte+sabine\" target=\"_blank\">collegamento<\/a>.<\/div><div class=\"wp-block-kadence-advancedgallery kb-gallery-wrap-id-_5955fd-3f\">\r\n        <div class=\"kb-gallery-ul kb-gallery-type-fluidcarousel kb-gallery-id-_5955fd-3f kb-gallery-caption-style-below kb-gallery-magnific-init kb-gallery-filter-none\" data-image-filter=\"none\" data-lightbox-caption=\"true\">\r\n            <div class=\"kt-blocks-carousel kt-carousel-container-dotstyle-dark\">\r\n                <div class=\"kt-blocks-carousel-init kb-blocks-fluid-carousel kt-carousel-arrowstyle-whiteondark kt-carousel-dotstyle-dark\" data-slider-anim-speed=\"400\" data-slider-type=\"fluidcarousel\" data-slider-scroll=\"1\" data-slider-arrows=\"true\" data-slider-dots=\"true\" data-slider-hover-pause=\"false\" data-slider-auto=\"false\" data-slider-speed=\"7000\">\r\n        <div class=\"kb-slide-item kb-gallery-carousel-item\"><li class=\"kadence-blocks-gallery-item\"><div class=\"kadence-blocks-gallery-item-inner\">\r\n            <figure class=\"kb-gallery-figure kb-gallery-item-has-link kadence-blocks-gallery-item-has-caption\">\r\n                <a href=\"https:\/\/www.rome-roma.net\/artmodule\/charles lock eastlake\/charles lock eastlake - sainte sabine et pyramide de cestius.jpg\" class=\"kb-gallery-item-link\" style=\"color: #FFFFFF;\">\r\n                    <div class=\"kb-gal-image-radius\"><div class=\"kb-gallery-image-contain\">\r\n                        <img src=\"https:\/\/www.rome-roma.net\/artmodule\/charles lock eastlake\/charles lock eastlake - sainte sabine et pyramide de cestius.jpg\" width=\"300\" height=\"200\" \r\n                            alt=\"Charles Lock Eastlake,Sainte sabine et pyramide de Cestius (1815-1825, date ind\u00e9termin\u00e9e)\" \r\n                            data-full-image=\"https:\/\/www.rome-roma.net\/artmodule\/charles lock eastlake\/charles lock eastlake - sainte sabine et pyramide de cestius.jpg\" \r\n                            data-light-image=\"https:\/\/www.rome-roma.net\/artmodule\/charles lock eastlake\/charles lock eastlake - sainte sabine et pyramide de cestius.jpg\" data-id=\"149\" \r\n                            data-link=\"https:\/\/www.rome-roma.net\/artmodule\/charles lock eastlake\/charles lock eastlake - sainte sabine et pyramide de cestius.jpg\" \r\n                            class=\"wp-image-149\" loading=lazy\/>\r\n                    <\/div><\/div>\r\n                    <figcaption class=\"kadence-blocks-gallery-item__caption\">Charles Lock Eastlake, Sainte sabine et pyramide de Cestius<\/figcaption>\r\n                <\/a>\r\n            <\/figure><\/div><\/li><\/div>\r\n        <div class=\"kb-slide-item kb-gallery-carousel-item\"><li class=\"kadence-blocks-gallery-item\"><div class=\"kadence-blocks-gallery-item-inner\">\r\n            <figure class=\"kb-gallery-figure kb-gallery-item-has-link kadence-blocks-gallery-item-has-caption\">\r\n                <a href=\"https:\/\/www.rome-roma.net\/artmodule\/ettore roesler franz\/ettore roesler franz - santa sabina - 1888.jpg\" class=\"kb-gallery-item-link\" style=\"color: #FFFFFF;\">\r\n                    <div class=\"kb-gal-image-radius\"><div class=\"kb-gallery-image-contain\">\r\n                        <img src=\"https:\/\/www.rome-roma.net\/artmodule\/ettore roesler franz\/ettore roesler franz - santa sabina - 1888.jpg\" width=\"300\" height=\"200\" \r\n                            alt=\"Ettore Roesler Franz,Sainte Sabine (environ 1888)\" \r\n                            data-full-image=\"https:\/\/www.rome-roma.net\/artmodule\/ettore roesler franz\/ettore roesler franz - santa sabina - 1888.jpg\" \r\n                            data-light-image=\"https:\/\/www.rome-roma.net\/artmodule\/ettore roesler franz\/ettore roesler franz - santa sabina - 1888.jpg\" data-id=\"149\" \r\n                            data-link=\"https:\/\/www.rome-roma.net\/artmodule\/ettore roesler franz\/ettore roesler franz - santa sabina - 1888.jpg\" \r\n                            class=\"wp-image-149\" loading=lazy\/>\r\n                    <\/div><\/div>\r\n                    <figcaption class=\"kadence-blocks-gallery-item__caption\">Ettore Roesler Franz, Sainte Sabine<\/figcaption>\r\n                <\/a>\r\n            <\/figure><\/div><\/li><\/div>\r\n        <div class=\"kb-slide-item kb-gallery-carousel-item\"><li class=\"kadence-blocks-gallery-item\"><div class=\"kadence-blocks-gallery-item-inner\">\r\n            <figure class=\"kb-gallery-figure kb-gallery-item-has-link kadence-blocks-gallery-item-has-caption\">\r\n                <a href=\"https:\/\/www.rome-roma.net\/artmodule\/nicolle victor jean\/nicolle victor jean - sainte sabine.jpg\" class=\"kb-gallery-item-link\" style=\"color: #FFFFFF;\">\r\n                    <div class=\"kb-gal-image-radius\"><div class=\"kb-gallery-image-contain\">\r\n                        <img src=\"https:\/\/www.rome-roma.net\/artmodule\/nicolle victor jean\/nicolle victor jean - sainte sabine.jpg\" width=\"300\" height=\"200\" \r\n                            alt=\"Victor-Jean Nicolle,Sainte Sabine (?, avant 1826, date ind\u00e9termin\u00e9e)\" \r\n                            data-full-image=\"https:\/\/www.rome-roma.net\/artmodule\/nicolle victor jean\/nicolle victor jean - sainte sabine.jpg\" \r\n                            data-light-image=\"https:\/\/www.rome-roma.net\/artmodule\/nicolle victor jean\/nicolle victor jean - sainte sabine.jpg\" data-id=\"149\" \r\n                            data-link=\"https:\/\/www.rome-roma.net\/artmodule\/nicolle victor jean\/nicolle victor jean - sainte sabine.jpg\" \r\n                            class=\"wp-image-149\" loading=lazy\/>\r\n                    <\/div><\/div>\r\n                    <figcaption class=\"kadence-blocks-gallery-item__caption\">Victor-Jean Nicolle, Sainte Sabine<\/a> (\u0152uvre pr\u00e9sente \u00e0 la <a href=\"https:\/\/galerievittet.com\/\" target=\"_blank\">Galerie Claude Vittet<\/a>)<a><\/figcaption>\r\n                <\/a>\r\n            <\/figure><\/div><\/li><\/div><\/div><\/div><\/div><\/div><a href=\"https:\/\/www.rome-roma.net\/site-rome-art.php?lieu=sainte+sabine\" target=\"_blank\">Clica per vedere oltre dipinti e artisti su Sainte Sabine in Roma<\/a><br><br>\n\n\n\n<p><\/p>\n","protected":false},"excerpt":{"rendered":"<p>La Basilica di Santa Sabina, sul colle Aventino a Roma, \u00e8 una delle chiese paleocristiane pi\u00f9 belle della citt\u00e0.<br \/>\nVisita, descrizione e storia di questo edificio risalente al V secolo.<\/p>\n","protected":false},"featured_media":35403,"parent":0,"menu_order":0,"comment_status":"open","ping_status":"open","template":"","format":"standard","meta":{"kt_blocks_editor_width":"","_links_to":"","_links_to_target":""},"genre":[270],"interet":[288],"quartier":[304,305],"categorie_site":[382],"quartier_historique":[455],"etiquettes_site":[],"acf":[],"yoast_head":"<!-- This site is optimized with the Yoast SEO plugin v17.4 - https:\/\/yoast.com\/wordpress\/plugins\/seo\/ -->\n<title>Basilica di Santa Sabina all&#039;Aventino &ndash; Rome-Roma<\/title>\n<meta name=\"description\" content=\"La Basilica di Santa Sabina, sul colle Aventino a Roma, \u00e8 una delle chiese paleocristiane maggiori della citt\u00e0. Visita, descrizione e storia.\" \/>\n<meta name=\"robots\" content=\"index, follow, max-snippet:-1, max-image-preview:large, max-video-preview:-1\" \/>\n<link rel=\"canonical\" href=\"https:\/\/www.rome-roma.net\/it\/basilica-di-santa-sabina\/\" \/>\n<meta property=\"og:locale\" content=\"it_IT\" \/>\n<meta property=\"og:type\" content=\"article\" \/>\n<meta property=\"og:title\" content=\"Basilica di Santa Sabina all&#039;Aventino &ndash; Rome-Roma\" \/>\n<meta property=\"og:description\" content=\"La Basilica di Santa Sabina, sul colle Aventino a Roma, \u00e8 una delle chiese paleocristiane maggiori della citt\u00e0. Visita, descrizione e storia.\" \/>\n<meta property=\"og:url\" content=\"https:\/\/www.rome-roma.net\/it\/basilica-di-santa-sabina\/\" \/>\n<meta property=\"og:site_name\" content=\"Rome-Roma\" \/>\n<meta property=\"article:modified_time\" content=\"2025-08-19T08:40:36+00:00\" \/>\n<meta property=\"og:image\" content=\"https:\/\/www.rome-roma.net\/wp-content\/uploads\/2025\/08\/interno-abside-santa-sabina-aventino-rome-roma_0300.jpg\" \/>\n\t<meta property=\"og:image:width\" content=\"1200\" \/>\n\t<meta property=\"og:image:height\" content=\"800\" \/>\n<meta name=\"twitter:card\" content=\"summary_large_image\" \/>\n<meta name=\"twitter:label1\" content=\"Tempo di lettura stimato\" \/>\n\t<meta name=\"twitter:data1\" content=\"10 minuti\" \/>\n<script type=\"application\/ld+json\" class=\"yoast-schema-graph\">{\"@context\":\"https:\/\/schema.org\",\"@graph\":[{\"@type\":\"Organization\",\"@id\":\"https:\/\/www.rome-roma.net\/it\/#organization\",\"name\":\"Rome-Roma\",\"url\":\"https:\/\/www.rome-roma.net\/it\/\",\"sameAs\":[],\"logo\":{\"@type\":\"ImageObject\",\"@id\":\"https:\/\/www.rome-roma.net\/it\/#logo\",\"inLanguage\":\"it-IT\",\"url\":\"https:\/\/www.rome-roma.net\/wp-content\/uploads\/2025\/07\/logo-rome-roma-420.jpg\",\"contentUrl\":\"https:\/\/www.rome-roma.net\/wp-content\/uploads\/2025\/07\/logo-rome-roma-420.jpg\",\"width\":420,\"height\":420,\"caption\":\"Rome-Roma\"},\"image\":{\"@id\":\"https:\/\/www.rome-roma.net\/it\/#logo\"}},{\"@type\":\"WebSite\",\"@id\":\"https:\/\/www.rome-roma.net\/it\/#website\",\"url\":\"https:\/\/www.rome-roma.net\/it\/\",\"name\":\"Rome-Roma\",\"description\":\"Cultura & Viaggio\",\"publisher\":{\"@id\":\"https:\/\/www.rome-roma.net\/it\/#organization\"},\"potentialAction\":[{\"@type\":\"SearchAction\",\"target\":{\"@type\":\"EntryPoint\",\"urlTemplate\":\"https:\/\/www.rome-roma.net\/it\/?s={search_term_string}\"},\"query-input\":\"required name=search_term_string\"}],\"inLanguage\":\"it-IT\"},{\"@type\":\"ImageObject\",\"@id\":\"https:\/\/www.rome-roma.net\/it\/basilica-di-santa-sabina\/#primaryimage\",\"inLanguage\":\"it-IT\",\"url\":\"https:\/\/www.rome-roma.net\/wp-content\/uploads\/2025\/08\/interno-abside-santa-sabina-aventino-rome-roma_0300.jpg\",\"contentUrl\":\"https:\/\/www.rome-roma.net\/wp-content\/uploads\/2025\/08\/interno-abside-santa-sabina-aventino-rome-roma_0300.jpg\",\"width\":1200,\"height\":800,\"caption\":\"Abside de Sainte-Sabine\"},{\"@type\":\"WebPage\",\"@id\":\"https:\/\/www.rome-roma.net\/it\/basilica-di-santa-sabina\/#webpage\",\"url\":\"https:\/\/www.rome-roma.net\/it\/basilica-di-santa-sabina\/\",\"name\":\"Basilica di Santa Sabina all'Aventino &ndash; Rome-Roma\",\"isPartOf\":{\"@id\":\"https:\/\/www.rome-roma.net\/it\/#website\"},\"primaryImageOfPage\":{\"@id\":\"https:\/\/www.rome-roma.net\/it\/basilica-di-santa-sabina\/#primaryimage\"},\"datePublished\":\"2020-01-19T12:43:00+00:00\",\"dateModified\":\"2025-08-19T08:40:36+00:00\",\"description\":\"La Basilica di Santa Sabina, sul colle Aventino a Roma, \\u00e8 una delle chiese paleocristiane maggiori della citt\\u00e0. Visita, descrizione e storia.\",\"breadcrumb\":{\"@id\":\"https:\/\/www.rome-roma.net\/it\/basilica-di-santa-sabina\/#breadcrumb\"},\"inLanguage\":\"it-IT\",\"potentialAction\":[{\"@type\":\"ReadAction\",\"target\":[\"https:\/\/www.rome-roma.net\/it\/basilica-di-santa-sabina\/\"]}]},{\"@type\":\"BreadcrumbList\",\"@id\":\"https:\/\/www.rome-roma.net\/it\/basilica-di-santa-sabina\/#breadcrumb\",\"itemListElement\":[{\"@type\":\"ListItem\",\"position\":1,\"name\":\"Accueil\",\"item\":\"https:\/\/www.rome-roma.net\/it\/\"},{\"@type\":\"ListItem\",\"position\":2,\"name\":\"Basilica di Santa Sabina all&#8217;Aventino\"}]}]}<\/script>\n<!-- \/ Yoast SEO plugin. -->","yoast_head_json":{"title":"Basilica di Santa Sabina all'Aventino &ndash; Rome-Roma","description":"La Basilica di Santa Sabina, sul colle Aventino a Roma, \u00e8 una delle chiese paleocristiane maggiori della citt\u00e0. Visita, descrizione e storia.","robots":{"index":"index","follow":"follow","max-snippet":"max-snippet:-1","max-image-preview":"max-image-preview:large","max-video-preview":"max-video-preview:-1"},"canonical":"https:\/\/www.rome-roma.net\/it\/basilica-di-santa-sabina\/","og_locale":"it_IT","og_type":"article","og_title":"Basilica di Santa Sabina all'Aventino &ndash; Rome-Roma","og_description":"La Basilica di Santa Sabina, sul colle Aventino a Roma, \u00e8 una delle chiese paleocristiane maggiori della citt\u00e0. Visita, descrizione e storia.","og_url":"https:\/\/www.rome-roma.net\/it\/basilica-di-santa-sabina\/","og_site_name":"Rome-Roma","article_modified_time":"2025-08-19T08:40:36+00:00","og_image":[{"width":1200,"height":800,"url":"https:\/\/www.rome-roma.net\/wp-content\/uploads\/2025\/08\/interno-abside-santa-sabina-aventino-rome-roma_0300.jpg","type":"image\/jpeg"}],"twitter_card":"summary_large_image","twitter_misc":{"Tempo di lettura stimato":"10 minuti"},"schema":{"@context":"https:\/\/schema.org","@graph":[{"@type":"Organization","@id":"https:\/\/www.rome-roma.net\/it\/#organization","name":"Rome-Roma","url":"https:\/\/www.rome-roma.net\/it\/","sameAs":[],"logo":{"@type":"ImageObject","@id":"https:\/\/www.rome-roma.net\/it\/#logo","inLanguage":"it-IT","url":"https:\/\/www.rome-roma.net\/wp-content\/uploads\/2025\/07\/logo-rome-roma-420.jpg","contentUrl":"https:\/\/www.rome-roma.net\/wp-content\/uploads\/2025\/07\/logo-rome-roma-420.jpg","width":420,"height":420,"caption":"Rome-Roma"},"image":{"@id":"https:\/\/www.rome-roma.net\/it\/#logo"}},{"@type":"WebSite","@id":"https:\/\/www.rome-roma.net\/it\/#website","url":"https:\/\/www.rome-roma.net\/it\/","name":"Rome-Roma","description":"Cultura & Viaggio","publisher":{"@id":"https:\/\/www.rome-roma.net\/it\/#organization"},"potentialAction":[{"@type":"SearchAction","target":{"@type":"EntryPoint","urlTemplate":"https:\/\/www.rome-roma.net\/it\/?s={search_term_string}"},"query-input":"required name=search_term_string"}],"inLanguage":"it-IT"},{"@type":"ImageObject","@id":"https:\/\/www.rome-roma.net\/it\/basilica-di-santa-sabina\/#primaryimage","inLanguage":"it-IT","url":"https:\/\/www.rome-roma.net\/wp-content\/uploads\/2025\/08\/interno-abside-santa-sabina-aventino-rome-roma_0300.jpg","contentUrl":"https:\/\/www.rome-roma.net\/wp-content\/uploads\/2025\/08\/interno-abside-santa-sabina-aventino-rome-roma_0300.jpg","width":1200,"height":800,"caption":"Abside de Sainte-Sabine"},{"@type":"WebPage","@id":"https:\/\/www.rome-roma.net\/it\/basilica-di-santa-sabina\/#webpage","url":"https:\/\/www.rome-roma.net\/it\/basilica-di-santa-sabina\/","name":"Basilica di Santa Sabina all'Aventino &ndash; Rome-Roma","isPartOf":{"@id":"https:\/\/www.rome-roma.net\/it\/#website"},"primaryImageOfPage":{"@id":"https:\/\/www.rome-roma.net\/it\/basilica-di-santa-sabina\/#primaryimage"},"datePublished":"2020-01-19T12:43:00+00:00","dateModified":"2025-08-19T08:40:36+00:00","description":"La Basilica di Santa Sabina, sul colle Aventino a Roma, \u00e8 una delle chiese paleocristiane maggiori della citt\u00e0. Visita, descrizione e storia.","breadcrumb":{"@id":"https:\/\/www.rome-roma.net\/it\/basilica-di-santa-sabina\/#breadcrumb"},"inLanguage":"it-IT","potentialAction":[{"@type":"ReadAction","target":["https:\/\/www.rome-roma.net\/it\/basilica-di-santa-sabina\/"]}]},{"@type":"BreadcrumbList","@id":"https:\/\/www.rome-roma.net\/it\/basilica-di-santa-sabina\/#breadcrumb","itemListElement":[{"@type":"ListItem","position":1,"name":"Accueil","item":"https:\/\/www.rome-roma.net\/it\/"},{"@type":"ListItem","position":2,"name":"Basilica di Santa Sabina all&#8217;Aventino"}]}]}},"acf_fields":{"nom_monument":"Basilica di Santa Sabina all'Aventino","wikidata":"Q592244","sameas":"https:\/\/it.wikipedia.org\/wiki\/Basilica_di_Santa_Sabina"},"_links":{"self":[{"href":"https:\/\/www.rome-roma.net\/it\/wp-json\/wp\/v2\/site\/6487"}],"collection":[{"href":"https:\/\/www.rome-roma.net\/it\/wp-json\/wp\/v2\/site"}],"about":[{"href":"https:\/\/www.rome-roma.net\/it\/wp-json\/wp\/v2\/types\/site"}],"replies":[{"embeddable":true,"href":"https:\/\/www.rome-roma.net\/it\/wp-json\/wp\/v2\/comments?post=6487"}],"wp:featuredmedia":[{"embeddable":true,"href":"https:\/\/www.rome-roma.net\/it\/wp-json\/wp\/v2\/media\/35403"}],"wp:attachment":[{"href":"https:\/\/www.rome-roma.net\/it\/wp-json\/wp\/v2\/media?parent=6487"}],"wp:term":[{"taxonomy":"genre","embeddable":true,"href":"https:\/\/www.rome-roma.net\/it\/wp-json\/wp\/v2\/genre?post=6487"},{"taxonomy":"interet","embeddable":true,"href":"https:\/\/www.rome-roma.net\/it\/wp-json\/wp\/v2\/interet?post=6487"},{"taxonomy":"quartier","embeddable":true,"href":"https:\/\/www.rome-roma.net\/it\/wp-json\/wp\/v2\/quartier?post=6487"},{"taxonomy":"categorie_site","embeddable":true,"href":"https:\/\/www.rome-roma.net\/it\/wp-json\/wp\/v2\/categorie_site?post=6487"},{"taxonomy":"quartier_historique","embeddable":true,"href":"https:\/\/www.rome-roma.net\/it\/wp-json\/wp\/v2\/quartier_historique?post=6487"},{"taxonomy":"etiquettes_site","embeddable":true,"href":"https:\/\/www.rome-roma.net\/it\/wp-json\/wp\/v2\/etiquettes_site?post=6487"}],"curies":[{"name":"wp","href":"https:\/\/api.w.org\/{rel}","templated":true}]}}