


{"id":6631,"date":"2020-01-25T17:27:00","date_gmt":"2020-01-25T16:27:00","guid":{"rendered":"https:\/\/www.rome-roma.net\/site\/e-u-r\/"},"modified":"2020-06-03T15:29:48","modified_gmt":"2020-06-03T13:29:48","slug":"quartiere-e-u-r","status":"publish","type":"site","link":"https:\/\/www.rome-roma.net\/it\/quartiere-e-u-r\/","title":{"rendered":"Quartiere E.U.R."},"content":{"rendered":"<div style=\"width: 310px\" class=\"wp-caption alignright\"><a href=\"https:\/\/www.rome-roma.net\/foto\/trefontane-eur\/images\/palaisdelacivilisationromaine_eur_0653.jpg\" rel=\"lightbox[a]\"><img loading=\"lazy\" src=\"https:\/\/www.rome-roma.net\/foto\/trefontane-eur\/images\/palaisdelacivilisationromaine_eur_0653.jpg\" alt=\"Palazzo della Civilt\u00e0 Italiana, EUR\" width=\"300\" height=\"200\" align=\"right\" border=\"0\" hspace=\"5\" vspace=\"2\" \/><\/a><p class=\"wp-caption-text\">Palazzo della Civilt\u00e0 Italiana<\/p><\/div>Il <strong>quartiere EUR<\/strong> (<i>Esposizione Universale di Roma)<\/i>\u00e8 nato dal desiderio del regime fascista di glorificare le idee imperialiste.<\/p>\n<p>Il progetto \u00e8 stato lanciato da <strong>Benito Mussolini<\/strong> e doveva essere realizzato nell&#8217;ambito dell&#8217;Esposizione Universale di Roma di 1942. Pianific\u00f2 la costruzione di una grande area urbana ben attrezzata, compresi tutti i servizi pubblici e le aree verdi, collegata al centro citt\u00e0 da la <strong>via Cristoforo Colombo<\/strong>.<\/p>\n<p>L&#8217;EUR si presenta come una delle aree moderne pi\u00f9 interessanti di Roma. Gli imponenti edifici sono stati creati da grandi architetti dell&#8217;epoca, e emergono da uno spazio molto arioso e verde. \u00c8 a Roma l&#8217;unica testimonianza significativa delle tendenze artistiche e architettoniche della prima met\u00e0 del XX secolo in Italia.<\/p>\n<div style=\"width: 310px\" class=\"wp-caption alignright\"><a href=\"https:\/\/www.rome-roma.net\/foto\/trefontane-eur\/images\/obeliscodimarconi_eur_0645.jpg\"><img loading=\"lazy\" src=\"https:\/\/www.rome-roma.net\/foto\/trefontane-eur\/images\/obeliscodimarconi_eur_0645.jpg\" alt=\"Obelisco Marconi\" width=\"300\" height=\"200\" align=\"right\" hspace=\"5\" \/><\/a><p class=\"wp-caption-text\">Obelisco Marconi<\/p><\/div>\n<p>Il suo piano del quartiere \u00e8 ispirato al modello &#8220;classico&#8221; dell&#8217;architettura dei mercati romani di Traiano.<br \/>\nLa <span class=\"st\"><strong>piazza delle Nazioni Unite<\/strong> forma un genere <\/span>di ingresso al quartiere, con porte collegate da pilastri e imponenti fontane.<br \/>\nDue vasti viali conducono al <strong>Palazzo dei Congressi<\/strong> e al <strong><span class=\"st\">Palazzo della Civilt\u00e0 Italiana<\/span><\/strong>. Questo monumento, pi\u00f9 comunemente chiamato &#8220;<em>Colosseo quadrato&#8221;<\/em>, pu\u00f2 essere considerato uno degli edifici pi\u00f9 rappresentativi dell&#8217;architettura fascista.<br \/>\nLa <strong>basilica dei Santi Pietro e Paolo<\/strong> sorge su una collina artificiale, le sue forme sono semplici e austere.<\/p>\n<h2>Edifici monumentali<\/h2>\n<ul>\n<li><strong>Palazzo della Civilt\u00e0 Italiana<\/strong>, chiamato &#8220;Colosseo quadrato&#8221;, costruito nel 1939, di forma cubica con le sue facciate forate di 216 archi sulla<\/li>\n<li>Il <strong>Palazzo dei Congressi<\/strong>, costruito tra il 1938 e il 1954 da <strong>Adalberto Libera<\/strong>, esempio riuscito di architettura razionalista con in particolare una sala di ricevimento cubica larga 38 metri, una terrazza con giardino e un teatro a cielo aperto.<\/li>\n<li>La <strong>Basilica dei Santi Pietro e Paolo<\/strong>, che si affaccia su una collina artificiale, inaugurata nel 1955.<\/li>\n<li>L&#8217;<strong>obelisco di Marconi<\/strong>, iniziato nel 1939 e inaugurato nel 1959.<\/li>\n<li>Il <strong>Palazzo dell&#8217;Archivio dello Stato<\/strong>, costruito tra il 1939 e il 1942, poi completato negli anni &#8217;50, che originariamente era destinato a ospitare nei suoi padiglioni il Palazzo delle Forze armate, e divenne la sede degli archivi nazionali nel 1960.<\/li>\n<li>Altri: edifici che ospitano i musei MuCiv, il parco centrale, il lago e la cascata, il palazzo dell&#8217;INPS, ecc.<\/li>\n<\/ul>\n<h2>Nel quartiere dell&#8217;EUR<\/h2>\n<ul class=\"lcp_catlist\" id=\"lcp_instance_0\"><li class=\"current\"><a href=\"https:\/\/www.rome-roma.net\/it\/quartiere-e-u-r\/\">Quartiere E.U.R.<\/a><a href=\"https:\/\/www.rome-roma.net\/it\/quartiere-e-u-r\/\" title=\"Quartiere E.U.R.\"><img src=\"https:\/\/www.rome-roma.net\/foto\/trefontane-eur\/images\/palaisdelacivilisationromaine_eur_0653.jpg\" class=\"classthumblist\"  alt=\"Quartiere E.U.R.\" \/><\/a><div class=\"lcp_excerpt\">Visita del quartiere EUR di Roma, progetto di architettura fascista iniziato da Mussolini, che glorifica le idee imperialiste. Storia e ...<\/div><\/li><li><a href=\"https:\/\/www.rome-roma.net\/it\/muciv-arti-e-culture-africane-americane-asiatiche-e-oceaniane\/\">MuCiv &#8211; Arti e Culture africane, americane, asiatiche e oceaniane<\/a><a href=\"https:\/\/www.rome-roma.net\/it\/muciv-arti-e-culture-africane-americane-asiatiche-e-oceaniane\/\" title=\"MuCiv - Arti e Culture africane, americane, asiatiche e oceaniane\"><img src=\"https:\/\/www.rome-roma.net\/wp-content\/uploads\/2020\/02\/muciv-museo-delle-civilta-300x90.png\" class=\"classthumblist\"  alt=\"MuCiv - Arti e Culture africane, americane, asiatiche e oceaniane\" \/><\/a><div class=\"lcp_excerpt\">Storia e Fondazione\nQuesta recente sezione del Museo delle Civilt\u00e0 (MuCiv) \u00e8 dedicata alle arti e alle culture africane, americane, asiatiche ...<\/div><\/li><li><a href=\"https:\/\/www.rome-roma.net\/it\/museo-della-civilta-romana\/\">Museo della civilt\u00e0 romana<\/a><a href=\"https:\/\/www.rome-roma.net\/it\/museo-della-civilta-romana\/\" title=\"Museo della civilt\u00e0 romana\"><img src=\"https:\/\/www.rome-roma.net\/photos\/museodellaciviltaromana\/images\/colosseo_museodellaciviltaromana_3411.jpg\" class=\"classthumblist\"  alt=\"Museo della civilt\u00e0 romana\" \/><\/a><div class=\"lcp_excerpt\">Il Museo della Civilt\u00e0 Romana \u00e8, come suggerisce il nome, dedicato alla civilt\u00e0 romana in tutta la sua diversit\u00e0, trattando ...<\/div><\/li><li><a href=\"https:\/\/www.rome-roma.net\/it\/museo-alto-medioevo-alessandra-vaccaro\/\">MuCiv &#8211; Museo dell\u2019alto Medioevo<\/a><a href=\"https:\/\/www.rome-roma.net\/it\/museo-alto-medioevo-alessandra-vaccaro\/\" title=\"MuCiv - Museo dell\u2019alto Medioevo\"><img src=\"https:\/\/www.rome-roma.net\/wp-content\/uploads\/2020\/02\/muciv-museo-delle-civilta-300x90.png\" class=\"classthumblist\"  alt=\"MuCiv - Museo dell\u2019alto Medioevo\" \/><\/a><div class=\"lcp_excerpt\">Testimonianza della transizione tra Antichit\u00e0 e Medioevo\nIl Museo Nazionale dell&#8217;Alto Medioevo (Museo Nazionale dell&#8217;Alto Medioevo) \u00e8 stato inaugurato nel 1967 ...<\/div><\/li><li><a href=\"https:\/\/www.rome-roma.net\/it\/museo-delle-arti-e-tradizioni-popolari-lamberto-loria\/\">MuCiv  &#8211; Arti e tradizioni popolari<\/a><a href=\"https:\/\/www.rome-roma.net\/it\/museo-delle-arti-e-tradizioni-popolari-lamberto-loria\/\" title=\"MuCiv  - Arti e tradizioni popolari\"><img src=\"https:\/\/www.rome-roma.net\/wp-content\/uploads\/2020\/02\/muciv-museo-delle-civilta-300x90.png\" class=\"classthumblist\"  alt=\"MuCiv  - Arti e tradizioni popolari\" \/><\/a><div class=\"lcp_excerpt\">Organizzate su due piani, le collezioni dedicate alle Arti e Tradizioni Popolari del MuCiv espongono oggetti e documenti legati agli ...<\/div><\/li><\/ul>\n<h2>Cartina ed indirizzo<\/h2>\r\n\t\t<b>Indirizzo : <\/b>EUR, 00144 Rome <div id=\"travelersmap-container-69f3f50301641\" class=\"travelersmap-container\" style=\"z-index: 1; min-height: 10px; min-width:10px; height:400px;width:100%; max-width:; max-height:; position:relative;\"><div style=\"position:absolute; z-index:-1;top: 50%;text-align: center;display: block;left: 50%;transform: translate(-50%,-50%);\">Travelers' Map is loading... <br> If you see this after your page is loaded completely, leafletJS files are missing.<\/div><\/div><i>Clicca sulla freccia per localizzarti sulla mappa<\/i>\n<h2 align=\"center\">Galleria<\/h2>\n<p align=\"center\"><span class=\"desc\"><a href=\"https:\/\/www.rome-roma.net\/foto\/trefontane-eur\/images\/obeliscodimarconi_eur_0643.jpg\" target=\"_blank\" rel=\"lightbox[a] noopener noreferrer\"><img loading=\"lazy\" src=\"https:\/\/www.rome-roma.net\/foto\/trefontane-eur\/thumbnails\/obeliscodimarconi_eur_0643.jpg\" alt=\"le quartier de l'EUR \u00e0 Rome\" width=\"106\" height=\"154\" border=\"0\" hspace=\"3\" vspace=\"3\" \/><\/a><a href=\"https:\/\/www.rome-roma.net\/foto\/trefontane-eur\/images\/obeliscodimarconi_eur_0645.jpg\" target=\"_blank\" rel=\"lightbox[a] noopener noreferrer\"><img loading=\"lazy\" src=\"https:\/\/www.rome-roma.net\/foto\/trefontane-eur\/thumbnails\/obeliscodimarconi_eur_0645.jpg\" alt=\"le quartier de l'EUR \u00e0 Rome\" width=\"154\" height=\"106\" border=\"0\" hspace=\"3\" vspace=\"3\" \/><\/a><br \/>\nObelisco Marconi <\/span><\/p>\n<p align=\"center\"><span class=\"desc\"><a href=\"https:\/\/www.rome-roma.net\/foto\/trefontane-eur\/images\/palaisdelacivilisationromaine_eur_0651.jpg\" target=\"_blank\" rel=\"lightbox[a] noopener noreferrer\"><img loading=\"lazy\" src=\"https:\/\/www.rome-roma.net\/foto\/trefontane-eur\/thumbnails\/palaisdelacivilisationromaine_eur_0651.jpg\" alt=\"le quartier de l'EUR \u00e0 Rome\" width=\"154\" height=\"106\" border=\"0\" hspace=\"3\" vspace=\"3\" \/><\/a><\/span><span class=\"desc\"><a href=\"https:\/\/www.rome-roma.net\/foto\/trefontane-eur\/images\/palaisdelacivilisationromaine_eur_0652.jpg\" target=\"_blank\" rel=\"lightbox[a] noopener noreferrer\"><img loading=\"lazy\" src=\"https:\/\/www.rome-roma.net\/foto\/trefontane-eur\/thumbnails\/palaisdelacivilisationromaine_eur_0652.jpg\" alt=\"le quartier de l'EUR \u00e0 Rome\" width=\"154\" height=\"106\" border=\"0\" hspace=\"3\" vspace=\"3\" \/><\/a><\/span><span class=\"desc\"><a href=\"https:\/\/www.rome-roma.net\/foto\/trefontane-eur\/images\/palaisdelacivilisationromaine_eur_0653.jpg\" target=\"_blank\" rel=\"lightbox[a] noopener noreferrer\"><img loading=\"lazy\" src=\"https:\/\/www.rome-roma.net\/foto\/trefontane-eur\/thumbnails\/palaisdelacivilisationromaine_eur_0653.jpg\" alt=\"le quartier de l'EUR \u00e0 Rome\" width=\"154\" height=\"106\" border=\"0\" hspace=\"3\" vspace=\"3\" \/><\/a><\/span><span class=\"desc\"><a href=\"https:\/\/www.rome-roma.net\/foto\/trefontane-eur\/images\/palazzo_della_civilta_italiana_quartiere_eur_0646.jpg\" target=\"_blank\" rel=\"lightbox[a] noopener noreferrer\"><img loading=\"lazy\" src=\"https:\/\/www.rome-roma.net\/foto\/trefontane-eur\/thumbnails\/palazzo_della_civilta_italiana_quartiere_eur_0646.jpg\" alt=\"le quartier de l'EUR \u00e0 Rome\" width=\"154\" height=\"106\" border=\"0\" hspace=\"3\" vspace=\"3\" \/><\/a><br \/>\nPalazzo della Civilt\u00e0 romana<br \/>\n<\/span><span class=\"desc\"><a href=\"https:\/\/www.rome-roma.net\/foto\/trefontane-eur\/images\/palazzo_della_civilta_italiana_quartiere_eur_0648.jpg\" target=\"_blank\" rel=\"lightbox[a] noopener noreferrer\"><img loading=\"lazy\" src=\"https:\/\/www.rome-roma.net\/foto\/trefontane-eur\/thumbnails\/palazzo_della_civilta_italiana_quartiere_eur_0648.jpg\" alt=\"le quartier de l'EUR \u00e0 Rome\" width=\"154\" height=\"106\" border=\"0\" hspace=\"3\" vspace=\"3\" \/><\/a><\/span><span class=\"desc\"><a href=\"https:\/\/www.rome-roma.net\/foto\/trefontane-eur\/images\/palazzo_della_civilta_italiana_quartiere_eur_0649.jpg\" target=\"_blank\" rel=\"lightbox[a] noopener noreferrer\"><img loading=\"lazy\" src=\"https:\/\/www.rome-roma.net\/foto\/trefontane-eur\/thumbnails\/palazzo_della_civilta_italiana_quartiere_eur_0649.jpg\" alt=\"le quartier de l'EUR \u00e0 Rome\" width=\"154\" height=\"106\" border=\"0\" hspace=\"3\" vspace=\"3\" \/><\/a><\/span><span class=\"desc\"><a href=\"https:\/\/www.rome-roma.net\/foto\/trefontane-eur\/images\/palazzo_della_civilta_italiana_quartiere_eur_0650.jpg\" target=\"_blank\" rel=\"lightbox[a] noopener noreferrer\"><img loading=\"lazy\" src=\"https:\/\/www.rome-roma.net\/foto\/trefontane-eur\/thumbnails\/palazzo_della_civilta_italiana_quartiere_eur_0650.jpg\" alt=\"le quartier de l'EUR \u00e0 Rome\" width=\"154\" height=\"106\" border=\"0\" hspace=\"3\" vspace=\"3\" \/><\/a><\/span><\/p>\n","protected":false},"excerpt":{"rendered":"<p>Visita del quartiere EUR di Roma, progetto di architettura fascista iniziato da Mussolini, che glorifica le idee imperialiste. Storia e monumenti dell&#8217;EUR.<\/p>\n","protected":false},"featured_media":0,"parent":0,"menu_order":0,"comment_status":"open","ping_status":"open","template":"","format":"standard","meta":{"kt_blocks_editor_width":"","_links_to":"","_links_to_target":""},"genre":[273],"interet":[287],"quartier":[334,333],"categorie_site":[414,415],"quartier_historique":[],"etiquettes_site":[],"acf":[],"yoast_head":"<!-- This site is optimized with the Yoast SEO plugin v17.4 - https:\/\/yoast.com\/wordpress\/plugins\/seo\/ -->\n<title>Quartiere E.U.R. &ndash; Rome-Roma<\/title>\n<meta name=\"description\" content=\"Visita del quartiere EUR di Roma, progetto di architettura fascista iniziato da Mussolini, che glorifica le idee imperialiste. Storia e monumenti dell&#039;EUR.\" \/>\n<meta name=\"robots\" content=\"index, follow, max-snippet:-1, max-image-preview:large, max-video-preview:-1\" \/>\n<link rel=\"canonical\" href=\"https:\/\/www.rome-roma.net\/it\/quartiere-e-u-r\/\" \/>\n<meta property=\"og:locale\" content=\"it_IT\" \/>\n<meta property=\"og:type\" content=\"article\" \/>\n<meta property=\"og:title\" content=\"Quartiere E.U.R. &ndash; Rome-Roma\" \/>\n<meta property=\"og:description\" content=\"Visita del quartiere EUR di Roma, progetto di architettura fascista iniziato da Mussolini, che glorifica le idee imperialiste. Storia e monumenti dell&#039;EUR.\" \/>\n<meta property=\"og:url\" content=\"https:\/\/www.rome-roma.net\/it\/quartiere-e-u-r\/\" \/>\n<meta property=\"og:site_name\" content=\"Rome-Roma\" \/>\n<meta property=\"article:modified_time\" content=\"2020-06-03T13:29:48+00:00\" \/>\n<meta property=\"og:image\" content=\"https:\/\/www.rome-roma.net\/foto\/trefontane-eur\/images\/palaisdelacivilisationromaine_eur_0653.jpg\" \/>\n<meta name=\"twitter:card\" content=\"summary_large_image\" \/>\n<meta name=\"twitter:label1\" content=\"Tempo di lettura stimato\" \/>\n\t<meta name=\"twitter:data1\" content=\"2 minuti\" \/>\n<script type=\"application\/ld+json\" class=\"yoast-schema-graph\">{\"@context\":\"https:\/\/schema.org\",\"@graph\":[{\"@type\":\"Organization\",\"@id\":\"https:\/\/www.rome-roma.net\/it\/#organization\",\"name\":\"Rome-Roma\",\"url\":\"https:\/\/www.rome-roma.net\/it\/\",\"sameAs\":[],\"logo\":{\"@type\":\"ImageObject\",\"@id\":\"https:\/\/www.rome-roma.net\/it\/#logo\",\"inLanguage\":\"it-IT\",\"url\":\"https:\/\/www.rome-roma.net\/wp-content\/uploads\/2025\/07\/logo-rome-roma-420.jpg\",\"contentUrl\":\"https:\/\/www.rome-roma.net\/wp-content\/uploads\/2025\/07\/logo-rome-roma-420.jpg\",\"width\":420,\"height\":420,\"caption\":\"Rome-Roma\"},\"image\":{\"@id\":\"https:\/\/www.rome-roma.net\/it\/#logo\"}},{\"@type\":\"WebSite\",\"@id\":\"https:\/\/www.rome-roma.net\/it\/#website\",\"url\":\"https:\/\/www.rome-roma.net\/it\/\",\"name\":\"Rome-Roma\",\"description\":\"Cultura & Viaggio\",\"publisher\":{\"@id\":\"https:\/\/www.rome-roma.net\/it\/#organization\"},\"potentialAction\":[{\"@type\":\"SearchAction\",\"target\":{\"@type\":\"EntryPoint\",\"urlTemplate\":\"https:\/\/www.rome-roma.net\/it\/?s={search_term_string}\"},\"query-input\":\"required name=search_term_string\"}],\"inLanguage\":\"it-IT\"},{\"@type\":\"ImageObject\",\"@id\":\"https:\/\/www.rome-roma.net\/it\/quartiere-e-u-r\/#primaryimage\",\"inLanguage\":\"it-IT\",\"url\":\"https:\/\/www.rome-roma.net\/foto\/trefontane-eur\/images\/palaisdelacivilisationromaine_eur_0653.jpg\",\"contentUrl\":\"https:\/\/www.rome-roma.net\/foto\/trefontane-eur\/images\/palaisdelacivilisationromaine_eur_0653.jpg\"},{\"@type\":\"WebPage\",\"@id\":\"https:\/\/www.rome-roma.net\/it\/quartiere-e-u-r\/#webpage\",\"url\":\"https:\/\/www.rome-roma.net\/it\/quartiere-e-u-r\/\",\"name\":\"Quartiere E.U.R. &ndash; Rome-Roma\",\"isPartOf\":{\"@id\":\"https:\/\/www.rome-roma.net\/it\/#website\"},\"primaryImageOfPage\":{\"@id\":\"https:\/\/www.rome-roma.net\/it\/quartiere-e-u-r\/#primaryimage\"},\"datePublished\":\"2020-01-25T16:27:00+00:00\",\"dateModified\":\"2020-06-03T13:29:48+00:00\",\"description\":\"Visita del quartiere EUR di Roma, progetto di architettura fascista iniziato da Mussolini, che glorifica le idee imperialiste. Storia e monumenti dell'EUR.\",\"breadcrumb\":{\"@id\":\"https:\/\/www.rome-roma.net\/it\/quartiere-e-u-r\/#breadcrumb\"},\"inLanguage\":\"it-IT\",\"potentialAction\":[{\"@type\":\"ReadAction\",\"target\":[\"https:\/\/www.rome-roma.net\/it\/quartiere-e-u-r\/\"]}]},{\"@type\":\"BreadcrumbList\",\"@id\":\"https:\/\/www.rome-roma.net\/it\/quartiere-e-u-r\/#breadcrumb\",\"itemListElement\":[{\"@type\":\"ListItem\",\"position\":1,\"name\":\"Accueil\",\"item\":\"https:\/\/www.rome-roma.net\/it\/\"},{\"@type\":\"ListItem\",\"position\":2,\"name\":\"Quartiere E.U.R.\"}]}]}<\/script>\n<!-- \/ Yoast SEO plugin. -->","yoast_head_json":{"title":"Quartiere E.U.R. &ndash; Rome-Roma","description":"Visita del quartiere EUR di Roma, progetto di architettura fascista iniziato da Mussolini, che glorifica le idee imperialiste. Storia e monumenti dell'EUR.","robots":{"index":"index","follow":"follow","max-snippet":"max-snippet:-1","max-image-preview":"max-image-preview:large","max-video-preview":"max-video-preview:-1"},"canonical":"https:\/\/www.rome-roma.net\/it\/quartiere-e-u-r\/","og_locale":"it_IT","og_type":"article","og_title":"Quartiere E.U.R. &ndash; Rome-Roma","og_description":"Visita del quartiere EUR di Roma, progetto di architettura fascista iniziato da Mussolini, che glorifica le idee imperialiste. Storia e monumenti dell'EUR.","og_url":"https:\/\/www.rome-roma.net\/it\/quartiere-e-u-r\/","og_site_name":"Rome-Roma","article_modified_time":"2020-06-03T13:29:48+00:00","og_image":[{"url":"https:\/\/www.rome-roma.net\/foto\/trefontane-eur\/images\/palaisdelacivilisationromaine_eur_0653.jpg"}],"twitter_card":"summary_large_image","twitter_misc":{"Tempo di lettura stimato":"2 minuti"},"schema":{"@context":"https:\/\/schema.org","@graph":[{"@type":"Organization","@id":"https:\/\/www.rome-roma.net\/it\/#organization","name":"Rome-Roma","url":"https:\/\/www.rome-roma.net\/it\/","sameAs":[],"logo":{"@type":"ImageObject","@id":"https:\/\/www.rome-roma.net\/it\/#logo","inLanguage":"it-IT","url":"https:\/\/www.rome-roma.net\/wp-content\/uploads\/2025\/07\/logo-rome-roma-420.jpg","contentUrl":"https:\/\/www.rome-roma.net\/wp-content\/uploads\/2025\/07\/logo-rome-roma-420.jpg","width":420,"height":420,"caption":"Rome-Roma"},"image":{"@id":"https:\/\/www.rome-roma.net\/it\/#logo"}},{"@type":"WebSite","@id":"https:\/\/www.rome-roma.net\/it\/#website","url":"https:\/\/www.rome-roma.net\/it\/","name":"Rome-Roma","description":"Cultura & Viaggio","publisher":{"@id":"https:\/\/www.rome-roma.net\/it\/#organization"},"potentialAction":[{"@type":"SearchAction","target":{"@type":"EntryPoint","urlTemplate":"https:\/\/www.rome-roma.net\/it\/?s={search_term_string}"},"query-input":"required name=search_term_string"}],"inLanguage":"it-IT"},{"@type":"ImageObject","@id":"https:\/\/www.rome-roma.net\/it\/quartiere-e-u-r\/#primaryimage","inLanguage":"it-IT","url":"https:\/\/www.rome-roma.net\/foto\/trefontane-eur\/images\/palaisdelacivilisationromaine_eur_0653.jpg","contentUrl":"https:\/\/www.rome-roma.net\/foto\/trefontane-eur\/images\/palaisdelacivilisationromaine_eur_0653.jpg"},{"@type":"WebPage","@id":"https:\/\/www.rome-roma.net\/it\/quartiere-e-u-r\/#webpage","url":"https:\/\/www.rome-roma.net\/it\/quartiere-e-u-r\/","name":"Quartiere E.U.R. &ndash; Rome-Roma","isPartOf":{"@id":"https:\/\/www.rome-roma.net\/it\/#website"},"primaryImageOfPage":{"@id":"https:\/\/www.rome-roma.net\/it\/quartiere-e-u-r\/#primaryimage"},"datePublished":"2020-01-25T16:27:00+00:00","dateModified":"2020-06-03T13:29:48+00:00","description":"Visita del quartiere EUR di Roma, progetto di architettura fascista iniziato da Mussolini, che glorifica le idee imperialiste. Storia e monumenti dell'EUR.","breadcrumb":{"@id":"https:\/\/www.rome-roma.net\/it\/quartiere-e-u-r\/#breadcrumb"},"inLanguage":"it-IT","potentialAction":[{"@type":"ReadAction","target":["https:\/\/www.rome-roma.net\/it\/quartiere-e-u-r\/"]}]},{"@type":"BreadcrumbList","@id":"https:\/\/www.rome-roma.net\/it\/quartiere-e-u-r\/#breadcrumb","itemListElement":[{"@type":"ListItem","position":1,"name":"Accueil","item":"https:\/\/www.rome-roma.net\/it\/"},{"@type":"ListItem","position":2,"name":"Quartiere E.U.R."}]}]}},"acf_fields":{"nom_monument":null,"wikidata":"Q3734793","sameas":null},"_links":{"self":[{"href":"https:\/\/www.rome-roma.net\/it\/wp-json\/wp\/v2\/site\/6631"}],"collection":[{"href":"https:\/\/www.rome-roma.net\/it\/wp-json\/wp\/v2\/site"}],"about":[{"href":"https:\/\/www.rome-roma.net\/it\/wp-json\/wp\/v2\/types\/site"}],"replies":[{"embeddable":true,"href":"https:\/\/www.rome-roma.net\/it\/wp-json\/wp\/v2\/comments?post=6631"}],"wp:attachment":[{"href":"https:\/\/www.rome-roma.net\/it\/wp-json\/wp\/v2\/media?parent=6631"}],"wp:term":[{"taxonomy":"genre","embeddable":true,"href":"https:\/\/www.rome-roma.net\/it\/wp-json\/wp\/v2\/genre?post=6631"},{"taxonomy":"interet","embeddable":true,"href":"https:\/\/www.rome-roma.net\/it\/wp-json\/wp\/v2\/interet?post=6631"},{"taxonomy":"quartier","embeddable":true,"href":"https:\/\/www.rome-roma.net\/it\/wp-json\/wp\/v2\/quartier?post=6631"},{"taxonomy":"categorie_site","embeddable":true,"href":"https:\/\/www.rome-roma.net\/it\/wp-json\/wp\/v2\/categorie_site?post=6631"},{"taxonomy":"quartier_historique","embeddable":true,"href":"https:\/\/www.rome-roma.net\/it\/wp-json\/wp\/v2\/quartier_historique?post=6631"},{"taxonomy":"etiquettes_site","embeddable":true,"href":"https:\/\/www.rome-roma.net\/it\/wp-json\/wp\/v2\/etiquettes_site?post=6631"}],"curies":[{"name":"wp","href":"https:\/\/api.w.org\/{rel}","templated":true}]}}