


{"id":6703,"date":"2020-03-15T14:30:23","date_gmt":"2020-03-15T13:30:23","guid":{"rendered":"https:\/\/www.rome-roma.net\/site\/foro-romano\/maison-des-vestales\/"},"modified":"2025-07-28T10:11:03","modified_gmt":"2025-07-28T08:11:03","slug":"casa-delle-vestali","status":"publish","type":"site","link":"https:\/\/www.rome-roma.net\/it\/foro-romano\/casa-delle-vestali\/","title":{"rendered":"Casa delle Vestali"},"content":{"rendered":"\n<div style=\"width: 210px\" class=\"wp-caption alignright\"><a href=\"https:\/\/www.rome-roma.net\/photos\/fororomanodiroma\/images\/maisondesvestales_rome_0094.jpg\"><img loading=\"lazy\" src=\"https:\/\/www.rome-roma.net\/photos\/fororomanodiroma\/images\/maisondesvestales_rome_0094.jpg\" alt=\"Statua di una vestale\" width=\"200\" height=\"300\" align=\"right\" hspace=\"5\" \/><\/a><p class=\"wp-caption-text\">Statua di una vestale<\/p><\/div>\n<p>La <strong>Casa delle Vestali<\/strong>, chiamata anche <em>Atrium Vestae<\/em>, e il <a href=\"https:\/\/www.rome-roma.net\/it\/foro-romano\/tempio-di-vesta\/\">Tempio di Vesta<\/a> erano luoghi riservati alle sacerdotesse chiamate <em>vestali<\/em>. Questo vasto edificio \u00e8 uno dei pi\u00f9 antichi del Foro. L&#8217;ordine delle vestali sarebbe stato fondato al tempo dei re di Roma, ed era l&#8217;unico ordine sacerdotale femminile dell&#8217;antica Roma.<\/p>\n<p>Le sei <em>vestali<\/em> erano incaricate del <strong>culto di Vesta<\/strong>, la dea della Terra, del focolare domestico. Dovevano mantenere il fuoco sacro, posto su un altare nella cella del tempio, che non doveva essere mai spento, perch\u00e9 simboleggiava la sostenibilit\u00e0 della citt\u00e0 di Roma.<br \/>Questa missione fu inizialmente affidata alle figlie del re, prima che l&#8217;ordine reclutasse ragazze (tra i 6 e i 10 anni) da famiglie patrizie, esercitando il loro servizio per 30 anni. Dovevano rimanere vergini, con la minaccia di essere sepolte vive (il loro sangue non dovrebbe essere versato).<br \/>Tuttavia, la vestale godeva di grandi privilegi, come l&#8217;indipendenza (dal patriarcato), il prestigio e il denaro.<\/p>\n<p>La casa a due o tre piani fu ricostruita e ampliata dopo l&#8217;incendio sotto Nerone nel 64 d.C., poi in seguito sotto Adriano. Sotto la Repubblica, il complesso chiamato &#8220;Atrium Vestae&#8221; era pi\u00f9 piccolo.<\/p>\n<h2>Descrizione e galleria<\/h2>\n<p>L&#8217;entrata \u00e8 vicino al <a href=\"https:\/\/www.rome-roma.net\/it\/foro-romano\/tempio-di-vesta\/\">Tempio di Vesta<\/a>, dove un&#8217;edicola sostenuta da due colonne ioniche (di cui rimane solo una) \u00e8 incisa con un&#8217;iscrizione che descrive la costruzione della casa (dal tempo di Adriano).<\/p>\n<div style=\"width: 310px\" class=\"wp-caption alignright\"><a href=\"https:\/\/www.rome-roma.net\/photos\/fororomanodiroma\/images\/maisondesvestales_rome_0097.jpg\"><img loading=\"lazy\" src=\"https:\/\/www.rome-roma.net\/photos\/fororomanodiroma\/images\/maisondesvestales_rome_0097.jpg\" alt=\"casa delle vestali\" width=\"300\" height=\"200\" border=\"0\" hspace=\"3\" vspace=\"3\" \/><\/a><p class=\"wp-caption-text\">Casa delle Vestali<\/p><\/div>\n<p>Il cortile di 61 per 20 metri era circondato da un portico colonnato di due piani, attorno al quale erano distribuiti le sale della casa, su due o tre piani. Tre bacini rettangolari adornavano il cortile, con il pi\u00f9 grande al centro che fu sostituito da una costruzione ottagonale intorno al terzo secolo d.C.<br \/>Rimangono basi e statue che adornavano il portico, risalente al III secolo d.C. Sono state trovate ammucchiate e riposizionate qui a caso o trasferite al Museo delle Terme di Diocleziano.<\/p>\n<p>Sul lato est si trovava una grande sala a volta, affiancata da altre tre sale per lato, con una statua in marmo identificata come quella di <strong>Numa Pompilio<\/strong>, secondo re di Roma e mitico fondatore del culto di Vesta.<\/p>\n<p>Sul lato sud, le stanze si susseguono con forno, mulino e cucina. Al piano superiore c&#8217;erano le stanze delle sacerdotesse e bagni riscaldati.<br \/>Alla fine dell&#8217;ala sud, una sala absidale \u00e8, secondo alcune fonti, legata al curioso culto del dio <em>Aius Locuzio<\/em>, che nel 390 a.C. cerc\u00f2 di mettere in guardia i romani dall&#8217;invasione gallica, ma la cui voce fu ignorata.<\/p>\n<p>Una grande sala di ricevimento occupava gran parte del lato ovest.<\/p>\n<h2>Galleria<\/h2>\n\n\n\n<figure class=\"wp-container-3 wp-block-gallery-2 wp-block-gallery has-nested-images columns-4 is-cropped\">\n<figure class=\"wp-block-image size-medium\"><a href=\"https:\/\/www.rome-roma.net\/wp-content\/uploads\/2021\/03\/casa-delle-vestali-foro-romano-0080.jpg\"><img loading=\"lazy\" width=\"1200\" height=\"800\" data-id=\"25999\"  src=\"https:\/\/www.rome-roma.net\/wp-content\/uploads\/2021\/03\/casa-delle-vestali-foro-romano-0080.jpg\" alt=\"Casa delle Vestali sul Foro Romano\" class=\"wp-image-25999\" srcset=\"https:\/\/www.rome-roma.net\/wp-content\/uploads\/2021\/03\/casa-delle-vestali-foro-romano-0080.jpg 1200w, https:\/\/www.rome-roma.net\/wp-content\/uploads\/2021\/03\/casa-delle-vestali-foro-romano-0080-300x200.jpg 300w, https:\/\/www.rome-roma.net\/wp-content\/uploads\/2021\/03\/casa-delle-vestali-foro-romano-0080-1024x683.jpg 1024w, https:\/\/www.rome-roma.net\/wp-content\/uploads\/2021\/03\/casa-delle-vestali-foro-romano-0080-768x512.jpg 768w\" sizes=\"(max-width: 1200px) 100vw, 1200px\" \/><\/a><\/figure>\n\n\n\n<figure class=\"wp-block-image size-medium\"><a href=\"https:\/\/www.rome-roma.net\/wp-content\/uploads\/2021\/03\/maison-des-vestales-forum-romain-0098.jpg\"><img loading=\"lazy\" width=\"800\" height=\"1200\" data-id=\"26024\"  src=\"https:\/\/www.rome-roma.net\/wp-content\/uploads\/2021\/03\/maison-des-vestales-forum-romain-0098.jpg\" alt=\"Casa delle Vestali sul Foro Romano\" class=\"wp-image-26024\" srcset=\"https:\/\/www.rome-roma.net\/wp-content\/uploads\/2021\/03\/maison-des-vestales-forum-romain-0098.jpg 800w, https:\/\/www.rome-roma.net\/wp-content\/uploads\/2021\/03\/maison-des-vestales-forum-romain-0098-200x300.jpg 200w, https:\/\/www.rome-roma.net\/wp-content\/uploads\/2021\/03\/maison-des-vestales-forum-romain-0098-683x1024.jpg 683w, https:\/\/www.rome-roma.net\/wp-content\/uploads\/2021\/03\/maison-des-vestales-forum-romain-0098-768x1152.jpg 768w\" sizes=\"(max-width: 800px) 100vw, 800px\" \/><\/a><\/figure>\n\n\n\n<figure class=\"wp-block-image size-medium\"><a href=\"https:\/\/www.rome-roma.net\/wp-content\/uploads\/2021\/03\/maison-des-vestales-forum-romain-0097.jpg\"><img loading=\"lazy\" width=\"1200\" height=\"800\" data-id=\"26019\"  src=\"https:\/\/www.rome-roma.net\/wp-content\/uploads\/2021\/03\/maison-des-vestales-forum-romain-0097.jpg\" alt=\"Casa delle Vestali sul Foro Romano\" class=\"wp-image-26019\" srcset=\"https:\/\/www.rome-roma.net\/wp-content\/uploads\/2021\/03\/maison-des-vestales-forum-romain-0097.jpg 1200w, https:\/\/www.rome-roma.net\/wp-content\/uploads\/2021\/03\/maison-des-vestales-forum-romain-0097-300x200.jpg 300w, https:\/\/www.rome-roma.net\/wp-content\/uploads\/2021\/03\/maison-des-vestales-forum-romain-0097-1024x683.jpg 1024w, https:\/\/www.rome-roma.net\/wp-content\/uploads\/2021\/03\/maison-des-vestales-forum-romain-0097-768x512.jpg 768w\" sizes=\"(max-width: 1200px) 100vw, 1200px\" \/><\/a><\/figure>\n\n\n\n<figure class=\"wp-block-image size-medium\"><a href=\"https:\/\/www.rome-roma.net\/wp-content\/uploads\/2021\/03\/maison-des-vestales-forum-romain-0096.jpg\"><img loading=\"lazy\" width=\"1200\" height=\"800\" data-id=\"26014\"  src=\"https:\/\/www.rome-roma.net\/wp-content\/uploads\/2021\/03\/maison-des-vestales-forum-romain-0096.jpg\" alt=\"Casa delle Vestali sul Foro Romano\" class=\"wp-image-26014\" srcset=\"https:\/\/www.rome-roma.net\/wp-content\/uploads\/2021\/03\/maison-des-vestales-forum-romain-0096.jpg 1200w, https:\/\/www.rome-roma.net\/wp-content\/uploads\/2021\/03\/maison-des-vestales-forum-romain-0096-300x200.jpg 300w, https:\/\/www.rome-roma.net\/wp-content\/uploads\/2021\/03\/maison-des-vestales-forum-romain-0096-1024x683.jpg 1024w, https:\/\/www.rome-roma.net\/wp-content\/uploads\/2021\/03\/maison-des-vestales-forum-romain-0096-768x512.jpg 768w\" sizes=\"(max-width: 1200px) 100vw, 1200px\" \/><\/a><\/figure>\n\n\n\n<figure class=\"wp-block-image size-medium\"><a href=\"https:\/\/www.rome-roma.net\/wp-content\/uploads\/2021\/03\/casa-delle-vestali-foro-romano-0094.jpg\"><img loading=\"lazy\" width=\"800\" height=\"1200\" data-id=\"26009\"  src=\"https:\/\/www.rome-roma.net\/wp-content\/uploads\/2021\/03\/casa-delle-vestali-foro-romano-0094.jpg\" alt=\"Statua della Casa delle Vestali sul Foro Romano\" class=\"wp-image-26009\" srcset=\"https:\/\/www.rome-roma.net\/wp-content\/uploads\/2021\/03\/casa-delle-vestali-foro-romano-0094.jpg 800w, https:\/\/www.rome-roma.net\/wp-content\/uploads\/2021\/03\/casa-delle-vestali-foro-romano-0094-200x300.jpg 200w, https:\/\/www.rome-roma.net\/wp-content\/uploads\/2021\/03\/casa-delle-vestali-foro-romano-0094-683x1024.jpg 683w, https:\/\/www.rome-roma.net\/wp-content\/uploads\/2021\/03\/casa-delle-vestali-foro-romano-0094-768x1152.jpg 768w\" sizes=\"(max-width: 800px) 100vw, 800px\" \/><\/a><\/figure>\n\n\n\n<figure class=\"wp-block-image size-medium\"><a href=\"https:\/\/www.rome-roma.net\/wp-content\/uploads\/2021\/03\/casa-delle-vestali-foro-romano-0093.jpg\"><img loading=\"lazy\" width=\"1200\" height=\"800\" data-id=\"26004\"  src=\"https:\/\/www.rome-roma.net\/wp-content\/uploads\/2021\/03\/casa-delle-vestali-foro-romano-0093.jpg\" alt=\"Statue della Casa delle Vestali sul Foro Romano\" class=\"wp-image-26004\" srcset=\"https:\/\/www.rome-roma.net\/wp-content\/uploads\/2021\/03\/casa-delle-vestali-foro-romano-0093.jpg 1200w, https:\/\/www.rome-roma.net\/wp-content\/uploads\/2021\/03\/casa-delle-vestali-foro-romano-0093-300x200.jpg 300w, https:\/\/www.rome-roma.net\/wp-content\/uploads\/2021\/03\/casa-delle-vestali-foro-romano-0093-1024x683.jpg 1024w, https:\/\/www.rome-roma.net\/wp-content\/uploads\/2021\/03\/casa-delle-vestali-foro-romano-0093-768x512.jpg 768w\" sizes=\"(max-width: 1200px) 100vw, 1200px\" \/><\/a><\/figure>\n<\/figure>\n\n\n\n<h2>Cartina ed indirizzo<\/h2>\r\n\t\t<b>Indirizzo : <\/b>Clivo della Vittoria, 00186 Rome<div id=\"travelersmap-container-69f0f250dc397\" class=\"travelersmap-container\" style=\"z-index: 1; min-height: 10px; min-width:10px; height:400px;width:100%; max-width:; max-height:; position:relative;\"><div style=\"position:absolute; z-index:-1;top: 50%;text-align: center;display: block;left: 50%;transform: translate(-50%,-50%);\">Travelers' Map is loading... <br> If you see this after your page is loaded completely, leafletJS files are missing.<\/div><\/div><i>Clicca sulla freccia per localizzarti sulla mappa<\/i>\n\n\n\n<h2>Info, link e visite<\/h2>\n<table style=\"border-collapse: collapse; width: 100%;\">\n<tbody>\n<tr style=\"background-color: #fae8c3;\">\n<td style=\"width: 100%;\"><span style=\"font-size: 10pt;\"><strong>Casa delle Vestali<\/strong><\/span><br><span style=\"font-size: 10pt;\"><em><b><\/b>Clivo della Vittoria, Foro Romano<\/em><\/span><\/td>\n<\/tr>\n<tr style=\"background-color: #f7ece1;\">\n<td style=\"width: 100%;\">\n<table style=\"margin-bottom: 0rem;\"><tbody><tr style=\"background-color:#fcfaf7; \" \r\n    onmouseover=\"this.style.backgroundColor='#f7dbb8';\" \r\n    onmouseout=\"this.style.backgroundColor='#fcfaf7';\"><td style=\"width:70px;\"><a href=\"https:\/\/www.getyourguide.it\/forum-romain-l2618\/?partner_id=DLYVAO3&#038;utm_medium=online_publisher&#038;placement=content-top\" target=\"_blank\" rel=\"nofollow noopener\"><img style=\"display:inline;vertical-align:middle;padding:5px;\" src=\"https:\/\/www.rome-roma.net\/images\/icones\/icone-tickets2.png\" alt=\"icona biglietti visita\" title=\"Biglietti per visitare il foro romano\" width=\"50\"><\/a><\/td><td style=\"vertical-align:middle;text-align:left;\"><a href=\"https:\/\/www.getyourguide.it\/forum-romain-l2618\/?partner_id=DLYVAO3&#038;utm_medium=online_publisher&#038;placement=content-top\" target=\"_blank\" rel=\"nofollow noopener\">Biglietti per visitare il foro romano<\/a><\/td><\/tr><tr style=\"background-color:#ffffff; \" \r\n    onmouseover=\"this.style.backgroundColor='#f7dbb8';\" \r\n    onmouseout=\"this.style.backgroundColor='#ffffff';\"><td style=\"width:70px;\"><a href=\"https:\/\/www.booking.com\/searchresults.it.html?aid=308344;label=headerlandmark;landmark=2125;group_adults=2;no_rooms=1;group_children=0;nflt=review_score=80%3Bdistance=1000\" target=\"_blank\" rel=\"nofollow noopener\"><img style=\"display:inline;vertical-align:middle;padding:5px;\" src=\"https:\/\/www.rome-roma.net\/images\/icones\/icone-hotel22.png\" alt=\"icona alberghi\" title=\"Alberghi, camere e appartamenti vicino al monumento\" width=\"50\"><\/a><\/td><td style=\"vertical-align:middle;text-align:left;\"><a href=\"https:\/\/www.booking.com\/searchresults.it.html?aid=308344;label=headerlandmark;landmark=2125;group_adults=2;no_rooms=1;group_children=0;nflt=review_score=80%3Bdistance=1000\" target=\"_blank\" rel=\"nofollow noopener\">Alberghi, camere e appartamenti vicino al monumento<\/a><\/td><\/tr><\/tbody><\/table>\n<\/td>\n<\/tr>\n<tr style=\"background-color: #f7ece1;\">\n<td style=\"width: 100%;\">\n<p><span style=\"font-size: 10pt;\"><strong>Link<\/strong><\/span><\/p>\n<ul>\n<li><span style=\"font-size: 10pt;\"><a href=\"https:\/\/it.wikipedia.org\/wiki\/Casa_delle_Vestali\" target=\"_blank\" rel=\"noopener noreferrer\">Pagina Wikipedia : Casa delle Vestali<\/a><\/span><\/li>\n<li><span style=\"font-size: 10pt;\">Unicaen : <a href=\"https:\/\/rome.unicaen.fr\/monument\/maisonvestales\/\" target=\"_blank\" rel=\"noopener\">Ricostituzione della Casa delle Vestali<\/a><\/span><\/li>\n<\/ul>\n<\/td>\n<\/tr>\n<\/tbody>\n<\/table>\n\n\n\n<h2> Edifici del foro <\/h2>\n\n\n\n<ul class=\"lcp_catlist\" id=\"lcp_instance_0\"><li><a href=\"https:\/\/www.rome-roma.net\/it\/foro-romano\/\">Foro romano di Roma<\/a><a href=\"https:\/\/www.rome-roma.net\/it\/foro-romano\/\" title=\"Foro romano di Roma\"><img width=\"35\" height=\"35\" src=\"https:\/\/www.rome-roma.net\/wp-content\/uploads\/2020\/01\/forum-romain_6519-150x150.jpg\" class=\"classthumblist wp-post-image\" alt=\"Foro romano di Roma\" loading=\"lazy\" srcset=\"https:\/\/www.rome-roma.net\/wp-content\/uploads\/2020\/01\/forum-romain_6519-150x150.jpg 150w, https:\/\/www.rome-roma.net\/wp-content\/uploads\/2020\/01\/forum-romain_6519-50x50.jpg 50w, https:\/\/www.rome-roma.net\/wp-content\/uploads\/2020\/01\/forum-romain_6519-80x80.jpg 80w, https:\/\/www.rome-roma.net\/wp-content\/uploads\/2020\/01\/forum-romain_6519-75x75.jpg 75w\" sizes=\"(max-width: 35px) 100vw, 35px\" \/><\/a><div class=\"lcp_excerpt\">\nIl Foro Romano \u00e8 uno dei siti archeologici pi\u00f9 affascinanti ...<\/div><\/li><li><a href=\"https:\/\/www.rome-roma.net\/it\/foro-romano\/curia-iulia\/\">Curia Iulia<\/a><a href=\"https:\/\/www.rome-roma.net\/it\/foro-romano\/curia-iulia\/\" title=\"Curia Iulia\"><img width=\"35\" height=\"35\" src=\"https:\/\/www.rome-roma.net\/wp-content\/uploads\/2020\/01\/Foro-romano-Roma_38481-150x150.jpg\" class=\"classthumblist wp-post-image\" alt=\"Curia Iulia\" loading=\"lazy\" srcset=\"https:\/\/www.rome-roma.net\/wp-content\/uploads\/2020\/01\/Foro-romano-Roma_38481-150x150.jpg 150w, https:\/\/www.rome-roma.net\/wp-content\/uploads\/2020\/01\/Foro-romano-Roma_38481-50x50.jpg 50w, https:\/\/www.rome-roma.net\/wp-content\/uploads\/2020\/01\/Foro-romano-Roma_38481-80x80.jpg 80w, https:\/\/www.rome-roma.net\/wp-content\/uploads\/2020\/01\/Foro-romano-Roma_38481-75x75.jpg 75w\" sizes=\"(max-width: 35px) 100vw, 35px\" \/><\/a><div class=\"lcp_excerpt\">\nLa Curia del Foro Romano era il cuore nevralgico della ...<\/div><\/li><li><a href=\"https:\/\/www.rome-roma.net\/it\/foro-romano\/tempio-di-antonino-e-faustina\/\">Tempio di Antonino e Faustina<\/a><a href=\"https:\/\/www.rome-roma.net\/it\/foro-romano\/tempio-di-antonino-e-faustina\/\" title=\"Tempio di Antonino e Faustina\"><img width=\"35\" height=\"35\" src=\"https:\/\/www.rome-roma.net\/wp-content\/uploads\/2020\/03\/Foro-romano-Roma_38501-150x150.jpg\" class=\"classthumblist wp-post-image\" alt=\"Tempio di Antonino e Faustina\" loading=\"lazy\" srcset=\"https:\/\/www.rome-roma.net\/wp-content\/uploads\/2020\/03\/Foro-romano-Roma_38501-150x150.jpg 150w, https:\/\/www.rome-roma.net\/wp-content\/uploads\/2020\/03\/Foro-romano-Roma_38501-50x50.jpg 50w, https:\/\/www.rome-roma.net\/wp-content\/uploads\/2020\/03\/Foro-romano-Roma_38501-80x80.jpg 80w, https:\/\/www.rome-roma.net\/wp-content\/uploads\/2020\/03\/Foro-romano-Roma_38501-75x75.jpg 75w\" sizes=\"(max-width: 35px) 100vw, 35px\" \/><\/a><div class=\"lcp_excerpt\">\nIl Tempio di Antonino e Faustina, uno dei meglio conservati ...<\/div><\/li><li><a href=\"https:\/\/www.rome-roma.net\/it\/foro-romano\/basilica-emilia\/\">Basilica Emilia<\/a><a href=\"https:\/\/www.rome-roma.net\/it\/foro-romano\/basilica-emilia\/\" title=\"Basilica Emilia\"><img width=\"35\" height=\"35\" src=\"https:\/\/www.rome-roma.net\/wp-content\/uploads\/2020\/01\/basiliqueaemilia_forum_01341-150x150.jpg\" class=\"classthumblist wp-post-image\" alt=\"Basilica Emilia\" loading=\"lazy\" srcset=\"https:\/\/www.rome-roma.net\/wp-content\/uploads\/2020\/01\/basiliqueaemilia_forum_01341-150x150.jpg 150w, https:\/\/www.rome-roma.net\/wp-content\/uploads\/2020\/01\/basiliqueaemilia_forum_01341-50x50.jpg 50w, https:\/\/www.rome-roma.net\/wp-content\/uploads\/2020\/01\/basiliqueaemilia_forum_01341-80x80.jpg 80w, https:\/\/www.rome-roma.net\/wp-content\/uploads\/2020\/01\/basiliqueaemilia_forum_01341-75x75.jpg 75w\" sizes=\"(max-width: 35px) 100vw, 35px\" \/><\/a><div class=\"lcp_excerpt\">\nLa Basilica Emilia fu costruita nel 179 a.C. e successivamente ...<\/div><\/li><li><a href=\"https:\/\/www.rome-roma.net\/it\/foro-romano\/arco-di-settimio-severo\/\">Arco di Settimio Severo<\/a><a href=\"https:\/\/www.rome-roma.net\/it\/foro-romano\/arco-di-settimio-severo\/\" title=\"Arco di Settimio Severo\"><img width=\"35\" height=\"35\" src=\"https:\/\/www.rome-roma.net\/wp-content\/uploads\/2020\/01\/Forum-romain-Rome_38371-1-150x150.jpg\" class=\"classthumblist wp-post-image\" alt=\"Arco di Settimio Severo\" loading=\"lazy\" srcset=\"https:\/\/www.rome-roma.net\/wp-content\/uploads\/2020\/01\/Forum-romain-Rome_38371-1-150x150.jpg 150w, https:\/\/www.rome-roma.net\/wp-content\/uploads\/2020\/01\/Forum-romain-Rome_38371-1-50x50.jpg 50w, https:\/\/www.rome-roma.net\/wp-content\/uploads\/2020\/01\/Forum-romain-Rome_38371-1-80x80.jpg 80w, https:\/\/www.rome-roma.net\/wp-content\/uploads\/2020\/01\/Forum-romain-Rome_38371-1-75x75.jpg 75w\" sizes=\"(max-width: 35px) 100vw, 35px\" \/><\/a><div class=\"lcp_excerpt\">\nL\u2019Arco di Settimio Severo \u00e8 il monumento meglio conservato del ...<\/div><\/li><li><a href=\"https:\/\/www.rome-roma.net\/it\/foro-romano\/arco-di-tito\/\">Arco di Tito<\/a><a href=\"https:\/\/www.rome-roma.net\/it\/foro-romano\/arco-di-tito\/\" title=\"Arco di Tito\"><img width=\"35\" height=\"35\" src=\"https:\/\/www.rome-roma.net\/wp-content\/uploads\/2020\/01\/forumromain_arcdetitus_00861-150x150.jpg\" class=\"classthumblist wp-post-image\" alt=\"Arco di Tito\" loading=\"lazy\" srcset=\"https:\/\/www.rome-roma.net\/wp-content\/uploads\/2020\/01\/forumromain_arcdetitus_00861-150x150.jpg 150w, https:\/\/www.rome-roma.net\/wp-content\/uploads\/2020\/01\/forumromain_arcdetitus_00861-50x50.jpg 50w, https:\/\/www.rome-roma.net\/wp-content\/uploads\/2020\/01\/forumromain_arcdetitus_00861-80x80.jpg 80w, https:\/\/www.rome-roma.net\/wp-content\/uploads\/2020\/01\/forumromain_arcdetitus_00861-75x75.jpg 75w\" sizes=\"(max-width: 35px) 100vw, 35px\" \/><\/a><div class=\"lcp_excerpt\">\nStoria e descrizione\nL&#8217;Arco di Tito \u00e8 un arco trionfale costruito ...<\/div><\/li><li><a href=\"https:\/\/www.rome-roma.net\/it\/foro-romano\/basilica-giulia\/\">Basilica Giulia<\/a><a href=\"https:\/\/www.rome-roma.net\/it\/foro-romano\/basilica-giulia\/\" title=\"Basilica Giulia\"><img width=\"35\" height=\"35\" src=\"https:\/\/www.rome-roma.net\/wp-content\/uploads\/2020\/01\/basilicagiulia_fororoma_01071-150x150.jpg\" class=\"classthumblist wp-post-image\" alt=\"Basilica Giulia\" loading=\"lazy\" srcset=\"https:\/\/www.rome-roma.net\/wp-content\/uploads\/2020\/01\/basilicagiulia_fororoma_01071-150x150.jpg 150w, https:\/\/www.rome-roma.net\/wp-content\/uploads\/2020\/01\/basilicagiulia_fororoma_01071-50x50.jpg 50w, https:\/\/www.rome-roma.net\/wp-content\/uploads\/2020\/01\/basilicagiulia_fororoma_01071-80x80.jpg 80w, https:\/\/www.rome-roma.net\/wp-content\/uploads\/2020\/01\/basilicagiulia_fororoma_01071-75x75.jpg 75w\" sizes=\"(max-width: 35px) 100vw, 35px\" \/><\/a><div class=\"lcp_excerpt\">\nLa Basilica Giulia occupa un ampio spazio tra due antiche ...<\/div><\/li><li><a href=\"https:\/\/www.rome-roma.net\/it\/foro-romano\/basilica-di-massenzio\/\">Basilica di Massenzio<\/a><a href=\"https:\/\/www.rome-roma.net\/it\/foro-romano\/basilica-di-massenzio\/\" title=\"Basilica di Massenzio\"><img width=\"35\" height=\"35\" src=\"https:\/\/www.rome-roma.net\/wp-content\/uploads\/2020\/01\/basiliqueconstantinmaxence_00781-150x150.jpg\" class=\"classthumblist wp-post-image\" alt=\"Basilica di Massenzio\" loading=\"lazy\" srcset=\"https:\/\/www.rome-roma.net\/wp-content\/uploads\/2020\/01\/basiliqueconstantinmaxence_00781-150x150.jpg 150w, https:\/\/www.rome-roma.net\/wp-content\/uploads\/2020\/01\/basiliqueconstantinmaxence_00781-50x50.jpg 50w, https:\/\/www.rome-roma.net\/wp-content\/uploads\/2020\/01\/basiliqueconstantinmaxence_00781-80x80.jpg 80w, https:\/\/www.rome-roma.net\/wp-content\/uploads\/2020\/01\/basiliqueconstantinmaxence_00781-75x75.jpg 75w\" sizes=\"(max-width: 35px) 100vw, 35px\" \/><\/a><div class=\"lcp_excerpt\">\nQuesto monumento \u00e8 il pi\u00f9 grande del foro romano. Fu ...<\/div><\/li><li><a href=\"https:\/\/www.rome-roma.net\/it\/foro-romano\/foro-originale\/\">Foro originale e Comizio<\/a><a href=\"https:\/\/www.rome-roma.net\/it\/foro-romano\/foro-originale\/\" title=\"Foro originale e Comizio\"><img src=\"https:\/\/www.rome-roma.net\/photos\/fororomanodiroma\/images\/colonnetetrarchiche_roma_0104.jpg\" class=\"classthumblist\"  alt=\"Foro originale e Comizio\" \/><\/a><div class=\"lcp_excerpt\">\nCulla politica dell&#8217;antica Roma\nIl nord-ovest dell&#8217;attuale foro \u00e8 l&#8217;area pi\u00f9 ...<\/div><\/li><li><a href=\"https:\/\/www.rome-roma.net\/it\/foro-romano\/tempio-di-vesta\/\">Tempio di Vesta<\/a><a href=\"https:\/\/www.rome-roma.net\/it\/foro-romano\/tempio-di-vesta\/\" title=\"Tempio di Vesta\"><img width=\"35\" height=\"35\" src=\"https:\/\/www.rome-roma.net\/wp-content\/uploads\/2020\/03\/templedevesta_rome_00991-150x150.jpg\" class=\"classthumblist wp-post-image\" alt=\"Tempio di Vesta\" loading=\"lazy\" srcset=\"https:\/\/www.rome-roma.net\/wp-content\/uploads\/2020\/03\/templedevesta_rome_00991-150x150.jpg 150w, https:\/\/www.rome-roma.net\/wp-content\/uploads\/2020\/03\/templedevesta_rome_00991-50x50.jpg 50w, https:\/\/www.rome-roma.net\/wp-content\/uploads\/2020\/03\/templedevesta_rome_00991-80x80.jpg 80w, https:\/\/www.rome-roma.net\/wp-content\/uploads\/2020\/03\/templedevesta_rome_00991-75x75.jpg 75w\" sizes=\"(max-width: 35px) 100vw, 35px\" \/><\/a><div class=\"lcp_excerpt\">\nIl Tempio di Vesta \u00e8 uno dei santuari pi\u00f9 antichi ...<\/div><\/li><li><a href=\"https:\/\/www.rome-roma.net\/it\/foro-romano\/tempio-del-divo-romolo\/\">Tempio del Divo Romolo<\/a><a href=\"https:\/\/www.rome-roma.net\/it\/foro-romano\/tempio-del-divo-romolo\/\" title=\"Tempio del Divo Romolo\"><img width=\"35\" height=\"35\" src=\"https:\/\/www.rome-roma.net\/wp-content\/uploads\/2020\/03\/Foro-romano-Roma_38521-150x150.jpg\" class=\"classthumblist wp-post-image\" alt=\"Tempio del Divo Romolo\" loading=\"lazy\" srcset=\"https:\/\/www.rome-roma.net\/wp-content\/uploads\/2020\/03\/Foro-romano-Roma_38521-150x150.jpg 150w, https:\/\/www.rome-roma.net\/wp-content\/uploads\/2020\/03\/Foro-romano-Roma_38521-50x50.jpg 50w, https:\/\/www.rome-roma.net\/wp-content\/uploads\/2020\/03\/Foro-romano-Roma_38521-80x80.jpg 80w, https:\/\/www.rome-roma.net\/wp-content\/uploads\/2020\/03\/Foro-romano-Roma_38521-75x75.jpg 75w, https:\/\/www.rome-roma.net\/wp-content\/uploads\/2020\/03\/Foro-romano-Roma_38521-467x480.jpg 467w\" sizes=\"(max-width: 35px) 100vw, 35px\" \/><\/a><div class=\"lcp_excerpt\">\nAll&#8217;inizio di Roma, questo luogo sarebbe stato occupato da un ...<\/div><\/li><li><a href=\"https:\/\/www.rome-roma.net\/it\/foro-romano\/tempio-di-saturno\/\">Tempio di Saturno e Saturnali<\/a><a href=\"https:\/\/www.rome-roma.net\/it\/foro-romano\/tempio-di-saturno\/\" title=\"Tempio di Saturno e Saturnali\"><img width=\"35\" height=\"35\" src=\"https:\/\/www.rome-roma.net\/wp-content\/uploads\/2020\/03\/temple-de-saturne_5449-150x150.jpg\" class=\"classthumblist wp-post-image\" alt=\"Tempio di Saturno e Saturnali\" loading=\"lazy\" srcset=\"https:\/\/www.rome-roma.net\/wp-content\/uploads\/2020\/03\/temple-de-saturne_5449-150x150.jpg 150w, https:\/\/www.rome-roma.net\/wp-content\/uploads\/2020\/03\/temple-de-saturne_5449-50x50.jpg 50w, https:\/\/www.rome-roma.net\/wp-content\/uploads\/2020\/03\/temple-de-saturne_5449-80x80.jpg 80w, https:\/\/www.rome-roma.net\/wp-content\/uploads\/2020\/03\/temple-de-saturne_5449-75x75.jpg 75w\" sizes=\"(max-width: 35px) 100vw, 35px\" \/><\/a><div class=\"lcp_excerpt\">\nStoria del tempio di Saturno\nIl tempio di Saturno \u00e8 il ...<\/div><\/li><li><a href=\"https:\/\/www.rome-roma.net\/it\/foro-romano\/tempio-dei-dioscuri\/\">Tempio dei Dioscuri<\/a><a href=\"https:\/\/www.rome-roma.net\/it\/foro-romano\/tempio-dei-dioscuri\/\" title=\"Tempio dei Dioscuri\"><img width=\"35\" height=\"35\" src=\"https:\/\/www.rome-roma.net\/wp-content\/uploads\/2020\/03\/temple_de_castor_et_pollux_forum_romain_54571-150x150.jpg\" class=\"classthumblist wp-post-image\" alt=\"Tempio dei Dioscuri\" loading=\"lazy\" srcset=\"https:\/\/www.rome-roma.net\/wp-content\/uploads\/2020\/03\/temple_de_castor_et_pollux_forum_romain_54571-150x150.jpg 150w, https:\/\/www.rome-roma.net\/wp-content\/uploads\/2020\/03\/temple_de_castor_et_pollux_forum_romain_54571-50x50.jpg 50w, https:\/\/www.rome-roma.net\/wp-content\/uploads\/2020\/03\/temple_de_castor_et_pollux_forum_romain_54571-80x80.jpg 80w, https:\/\/www.rome-roma.net\/wp-content\/uploads\/2020\/03\/temple_de_castor_et_pollux_forum_romain_54571-75x75.jpg 75w\" sizes=\"(max-width: 35px) 100vw, 35px\" \/><\/a><div class=\"lcp_excerpt\">\nLe tre colonne corinzie rimanenti provengono da una ricostruzione intorno ...<\/div><\/li><li class=\"current\"><a href=\"https:\/\/www.rome-roma.net\/it\/foro-romano\/casa-delle-vestali\/\">Casa delle Vestali<\/a><a href=\"https:\/\/www.rome-roma.net\/it\/foro-romano\/casa-delle-vestali\/\" title=\"Casa delle Vestali\"><img width=\"35\" height=\"35\" src=\"https:\/\/www.rome-roma.net\/wp-content\/uploads\/2020\/03\/maisondesvestales_rome_00971-150x150.jpg\" class=\"classthumblist wp-post-image\" alt=\"Casa delle Vestali\" loading=\"lazy\" srcset=\"https:\/\/www.rome-roma.net\/wp-content\/uploads\/2020\/03\/maisondesvestales_rome_00971-150x150.jpg 150w, https:\/\/www.rome-roma.net\/wp-content\/uploads\/2020\/03\/maisondesvestales_rome_00971-50x50.jpg 50w, https:\/\/www.rome-roma.net\/wp-content\/uploads\/2020\/03\/maisondesvestales_rome_00971-80x80.jpg 80w, https:\/\/www.rome-roma.net\/wp-content\/uploads\/2020\/03\/maisondesvestales_rome_00971-75x75.jpg 75w\" sizes=\"(max-width: 35px) 100vw, 35px\" \/><\/a><div class=\"lcp_excerpt\">\nLa Casa delle Vestali, chiamata anche Atrium Vestae, e il ...<\/div><\/li><li><a href=\"https:\/\/www.rome-roma.net\/it\/foro-romano\/tempio-del-divo-giulio\/\">Tempio del Divo Giulio<\/a><a href=\"https:\/\/www.rome-roma.net\/it\/foro-romano\/tempio-del-divo-giulio\/\" title=\"Tempio del Divo Giulio\"><img width=\"35\" height=\"35\" src=\"https:\/\/www.rome-roma.net\/wp-content\/uploads\/2020\/03\/tempiodeldivogiulio_aradicesare_01151-150x150.jpg\" class=\"classthumblist wp-post-image\" alt=\"Tempio del Divo Giulio\" loading=\"lazy\" srcset=\"https:\/\/www.rome-roma.net\/wp-content\/uploads\/2020\/03\/tempiodeldivogiulio_aradicesare_01151-150x150.jpg 150w, https:\/\/www.rome-roma.net\/wp-content\/uploads\/2020\/03\/tempiodeldivogiulio_aradicesare_01151-50x50.jpg 50w, https:\/\/www.rome-roma.net\/wp-content\/uploads\/2020\/03\/tempiodeldivogiulio_aradicesare_01151-80x80.jpg 80w, https:\/\/www.rome-roma.net\/wp-content\/uploads\/2020\/03\/tempiodeldivogiulio_aradicesare_01151-75x75.jpg 75w\" sizes=\"(max-width: 35px) 100vw, 35px\" \/><\/a><div class=\"lcp_excerpt\">\nQuesto tempio del Divino Cesare fu dedicato a Giulio Cesare ...<\/div><\/li><li><a href=\"https:\/\/www.rome-roma.net\/it\/foro-romano\/colonna-di-foca\/\">Colonna di Foca<\/a><a href=\"https:\/\/www.rome-roma.net\/it\/foro-romano\/colonna-di-foca\/\" title=\"Colonna di Foca\"><img width=\"35\" height=\"35\" src=\"https:\/\/www.rome-roma.net\/wp-content\/uploads\/2020\/03\/colonnadifoca_fororomano_01121-150x150.jpg\" class=\"classthumblist wp-post-image\" alt=\"Colonna di Foca\" loading=\"lazy\" srcset=\"https:\/\/www.rome-roma.net\/wp-content\/uploads\/2020\/03\/colonnadifoca_fororomano_01121-150x150.jpg 150w, https:\/\/www.rome-roma.net\/wp-content\/uploads\/2020\/03\/colonnadifoca_fororomano_01121-50x50.jpg 50w, https:\/\/www.rome-roma.net\/wp-content\/uploads\/2020\/03\/colonnadifoca_fororomano_01121-80x80.jpg 80w, https:\/\/www.rome-roma.net\/wp-content\/uploads\/2020\/03\/colonnadifoca_fororomano_01121-75x75.jpg 75w, https:\/\/www.rome-roma.net\/wp-content\/uploads\/2020\/03\/colonnadifoca_fororomano_01121-467x480.jpg 467w\" sizes=\"(max-width: 35px) 100vw, 35px\" \/><\/a><div class=\"lcp_excerpt\">\nLa colonna di Foca fu eretta di fronte ai rostri ...<\/div><\/li><li><a href=\"https:\/\/www.rome-roma.net\/it\/foro-romano\/portico-degli-dei-consenti\/\">Portico degli Dei Consenti<\/a><a href=\"https:\/\/www.rome-roma.net\/it\/foro-romano\/portico-degli-dei-consenti\/\" title=\"Portico degli Dei Consenti\"><img width=\"35\" height=\"35\" src=\"https:\/\/www.rome-roma.net\/wp-content\/uploads\/2020\/03\/porticodeglideiconsenti_fororoma_01101-150x150.jpg\" class=\"classthumblist wp-post-image\" alt=\"Portico degli Dei Consenti\" loading=\"lazy\" srcset=\"https:\/\/www.rome-roma.net\/wp-content\/uploads\/2020\/03\/porticodeglideiconsenti_fororoma_01101-150x150.jpg 150w, https:\/\/www.rome-roma.net\/wp-content\/uploads\/2020\/03\/porticodeglideiconsenti_fororoma_01101-50x50.jpg 50w, https:\/\/www.rome-roma.net\/wp-content\/uploads\/2020\/03\/porticodeglideiconsenti_fororoma_01101-80x80.jpg 80w, https:\/\/www.rome-roma.net\/wp-content\/uploads\/2020\/03\/porticodeglideiconsenti_fororoma_01101-75x75.jpg 75w\" sizes=\"(max-width: 35px) 100vw, 35px\" \/><\/a><div class=\"lcp_excerpt\">\nSituato nell&#8217;angolo nord-ovest del foro, ai piedi del Tabularium, questo ...<\/div><\/li><li><a href=\"https:\/\/www.rome-roma.net\/it\/foro-romano\/#Galleria-Foto-del-Foro-Romano\">Fotografie del Foro romano<\/a><a href=\"https:\/\/www.rome-roma.net\/it\/foro-romano\/#Galleria-Foto-del-Foro-Romano\" title=\"Fotografie del Foro romano\"><img width=\"35\" height=\"35\" src=\"https:\/\/www.rome-roma.net\/wp-content\/uploads\/2020\/03\/foro-romano_0532-150x150.jpg\" class=\"classthumblist wp-post-image\" alt=\"Fotografie del Foro romano\" loading=\"lazy\" srcset=\"https:\/\/www.rome-roma.net\/wp-content\/uploads\/2020\/03\/foro-romano_0532-150x150.jpg 150w, https:\/\/www.rome-roma.net\/wp-content\/uploads\/2020\/03\/foro-romano_0532-50x50.jpg 50w, https:\/\/www.rome-roma.net\/wp-content\/uploads\/2020\/03\/foro-romano_0532-80x80.jpg 80w, https:\/\/www.rome-roma.net\/wp-content\/uploads\/2020\/03\/foro-romano_0532-75x75.jpg 75w\" sizes=\"(max-width: 35px) 100vw, 35px\" \/><\/a><div class=\"lcp_excerpt\">\n\nForo romano di Roma\n   \n\n\n\n \n\n\n<\/div><\/li><li><a href=\"https:\/\/www.rome-roma.net\/it\/foro-romano\/tempio-di-vespasiano-e-tito\/\">Tempio di Vespasiano e Tito<\/a><a href=\"https:\/\/www.rome-roma.net\/it\/foro-romano\/tempio-di-vespasiano-e-tito\/\" title=\"Tempio di Vespasiano e Tito\"><img src=\"https:\/\/www.rome-roma.net\/wp-content\/uploads\/2020\/01\/foro-romano-panorama-0540-683x1024.jpg\" class=\"classthumblist\"  alt=\"Tempio di Vespasiano e Tito\" \/><\/a><div class=\"lcp_excerpt\">\nLa costruzione del Tempio di Vespasiano, ai piedi del colle ...<\/div><\/li><li><a href=\"https:\/\/www.rome-roma.net\/it\/foro-romano\/santa-maria-antiqua-ed-edifici-domiziani\/\">Santa Maria Antiqua ed edifici domiziani<\/a><a href=\"https:\/\/www.rome-roma.net\/it\/foro-romano\/santa-maria-antiqua-ed-edifici-domiziani\/\" title=\"Santa Maria Antiqua ed edifici domiziani\"><img src=\"https:\/\/www.rome-roma.net\/wp-content\/uploads\/2020\/03\/crocifissione-santa-maria-antiqua-214x300.jpg\" class=\"classthumblist\"  alt=\"Santa Maria Antiqua ed edifici domiziani\" \/><\/a><div class=\"lcp_excerpt\">\nLa chiesa di Santa Maria Antiqua \u00e8 l&#8217;edificio cristiano pi\u00f9 ...<\/div><\/li><li><a href=\"https:\/\/www.rome-roma.net\/it\/foro-romano\/tempio-di-venere-e-roma\/\">Tempio di Venere e Roma<\/a><a href=\"https:\/\/www.rome-roma.net\/it\/foro-romano\/tempio-di-venere-e-roma\/\" title=\"Tempio di Venere e Roma\"><img width=\"35\" height=\"35\" src=\"https:\/\/www.rome-roma.net\/wp-content\/uploads\/2025\/07\/tempio-di-venere-e-roma-150x150.jpg\" class=\"classthumblist wp-post-image\" alt=\"Tempio di Venere e Roma\" loading=\"lazy\" srcset=\"https:\/\/www.rome-roma.net\/wp-content\/uploads\/2025\/07\/tempio-di-venere-e-roma-150x150.jpg 150w, https:\/\/www.rome-roma.net\/wp-content\/uploads\/2025\/07\/tempio-di-venere-e-roma-50x50.jpg 50w, https:\/\/www.rome-roma.net\/wp-content\/uploads\/2025\/07\/tempio-di-venere-e-roma-80x80.jpg 80w, https:\/\/www.rome-roma.net\/wp-content\/uploads\/2025\/07\/tempio-di-venere-e-roma-75x75.jpg 75w\" sizes=\"(max-width: 35px) 100vw, 35px\" \/><\/a><div class=\"lcp_excerpt\">\nIl Tempio di Venere e Roma, situato all&#8217;estremit\u00e0 nord-orientale del ...<\/div><\/li><li><a href=\"https:\/\/www.rome-roma.net\/it\/foro-romano\/i-rostri-del-foro-romano\/\">I Rostri del Foro Romano<\/a><a href=\"https:\/\/www.rome-roma.net\/it\/foro-romano\/i-rostri-del-foro-romano\/\" title=\"I Rostri del Foro Romano\"><img width=\"35\" height=\"35\" src=\"https:\/\/www.rome-roma.net\/wp-content\/uploads\/2020\/01\/Foro-romano-Roma_38481-150x150.jpg\" class=\"classthumblist wp-post-image\" alt=\"I Rostri del Foro Romano\" loading=\"lazy\" srcset=\"https:\/\/www.rome-roma.net\/wp-content\/uploads\/2020\/01\/Foro-romano-Roma_38481-150x150.jpg 150w, https:\/\/www.rome-roma.net\/wp-content\/uploads\/2020\/01\/Foro-romano-Roma_38481-50x50.jpg 50w, https:\/\/www.rome-roma.net\/wp-content\/uploads\/2020\/01\/Foro-romano-Roma_38481-80x80.jpg 80w, https:\/\/www.rome-roma.net\/wp-content\/uploads\/2020\/01\/Foro-romano-Roma_38481-75x75.jpg 75w\" sizes=\"(max-width: 35px) 100vw, 35px\" \/><\/a><div class=\"lcp_excerpt\">\nI Rostri, situati nella parte nord-occidentale del Foro Romano a ...<\/div><\/li><\/ul>\n","protected":false},"excerpt":{"rendered":"<p>La Casa delle Vestali, chiamata anche Atrium Vestae, e il Tempio di Vesta erano luoghi riservati alle sacerdotesse chiamate vestali. Questo vasto edificio \u00e8 uno dei pi\u00f9 antichi del Foro. L&#8217;ordine delle vestali sarebbe stato fondato al tempo dei re di Roma, ed era l&#8217;unico ordine sacerdotale femminile dell&#8217;antica Roma. Le sei vestali erano incaricate [&hellip;]<\/p>\n","protected":false},"featured_media":4947,"parent":5482,"menu_order":0,"comment_status":"open","ping_status":"open","template":"","format":"standard","meta":{"kt_blocks_editor_width":"","_links_to":"","_links_to_target":""},"genre":[268],"interet":[286],"quartier":[314],"categorie_site":[432],"quartier_historique":[442],"etiquettes_site":[],"acf":[],"yoast_head":"<!-- This site is optimized with the Yoast SEO plugin v17.4 - https:\/\/yoast.com\/wordpress\/plugins\/seo\/ -->\n<title>Casa delle Vestali &ndash; Rome-Roma<\/title>\n<meta name=\"description\" content=\"La Casa delle Vestali, uno dei edifici pi\u00f9 antichi del Foro repubblicano, era il luogo riservato alle sacerdotesse chiamate vestali. Visita e storia.\" \/>\n<meta name=\"robots\" content=\"index, follow, max-snippet:-1, max-image-preview:large, max-video-preview:-1\" \/>\n<link rel=\"canonical\" href=\"https:\/\/www.rome-roma.net\/it\/foro-romano\/casa-delle-vestali\/\" \/>\n<meta property=\"og:locale\" content=\"it_IT\" \/>\n<meta property=\"og:type\" content=\"article\" \/>\n<meta property=\"og:title\" content=\"Casa delle Vestali &ndash; Rome-Roma\" \/>\n<meta property=\"og:description\" content=\"La Casa delle Vestali, uno dei edifici pi\u00f9 antichi del Foro repubblicano, era il luogo riservato alle sacerdotesse chiamate vestali. Visita e storia.\" \/>\n<meta property=\"og:url\" content=\"https:\/\/www.rome-roma.net\/it\/foro-romano\/casa-delle-vestali\/\" \/>\n<meta property=\"og:site_name\" content=\"Rome-Roma\" \/>\n<meta property=\"article:modified_time\" content=\"2025-07-28T08:11:03+00:00\" \/>\n<meta property=\"og:image\" content=\"https:\/\/www.rome-roma.net\/wp-content\/uploads\/2020\/03\/maisondesvestales_rome_00971.jpg\" \/>\n\t<meta property=\"og:image:width\" content=\"750\" \/>\n\t<meta property=\"og:image:height\" content=\"500\" \/>\n<meta name=\"twitter:card\" content=\"summary_large_image\" \/>\n<meta name=\"twitter:label1\" content=\"Tempo di lettura stimato\" \/>\n\t<meta name=\"twitter:data1\" content=\"4 minuti\" \/>\n<script type=\"application\/ld+json\" class=\"yoast-schema-graph\">{\"@context\":\"https:\/\/schema.org\",\"@graph\":[{\"@type\":\"Organization\",\"@id\":\"https:\/\/www.rome-roma.net\/it\/#organization\",\"name\":\"Rome-Roma\",\"url\":\"https:\/\/www.rome-roma.net\/it\/\",\"sameAs\":[],\"logo\":{\"@type\":\"ImageObject\",\"@id\":\"https:\/\/www.rome-roma.net\/it\/#logo\",\"inLanguage\":\"it-IT\",\"url\":\"https:\/\/www.rome-roma.net\/wp-content\/uploads\/2025\/07\/logo-rome-roma-420.jpg\",\"contentUrl\":\"https:\/\/www.rome-roma.net\/wp-content\/uploads\/2025\/07\/logo-rome-roma-420.jpg\",\"width\":420,\"height\":420,\"caption\":\"Rome-Roma\"},\"image\":{\"@id\":\"https:\/\/www.rome-roma.net\/it\/#logo\"}},{\"@type\":\"WebSite\",\"@id\":\"https:\/\/www.rome-roma.net\/it\/#website\",\"url\":\"https:\/\/www.rome-roma.net\/it\/\",\"name\":\"Rome-Roma\",\"description\":\"Cultura & Viaggio\",\"publisher\":{\"@id\":\"https:\/\/www.rome-roma.net\/it\/#organization\"},\"potentialAction\":[{\"@type\":\"SearchAction\",\"target\":{\"@type\":\"EntryPoint\",\"urlTemplate\":\"https:\/\/www.rome-roma.net\/it\/?s={search_term_string}\"},\"query-input\":\"required name=search_term_string\"}],\"inLanguage\":\"it-IT\"},{\"@type\":\"ImageObject\",\"@id\":\"https:\/\/www.rome-roma.net\/it\/foro-romano\/casa-delle-vestali\/#primaryimage\",\"inLanguage\":\"it-IT\",\"url\":\"https:\/\/www.rome-roma.net\/wp-content\/uploads\/2020\/03\/maisondesvestales_rome_00971.jpg\",\"contentUrl\":\"https:\/\/www.rome-roma.net\/wp-content\/uploads\/2020\/03\/maisondesvestales_rome_00971.jpg\",\"width\":750,\"height\":500,\"caption\":\"Maison des Vestales\"},{\"@type\":\"WebPage\",\"@id\":\"https:\/\/www.rome-roma.net\/it\/foro-romano\/casa-delle-vestali\/#webpage\",\"url\":\"https:\/\/www.rome-roma.net\/it\/foro-romano\/casa-delle-vestali\/\",\"name\":\"Casa delle Vestali &ndash; Rome-Roma\",\"isPartOf\":{\"@id\":\"https:\/\/www.rome-roma.net\/it\/#website\"},\"primaryImageOfPage\":{\"@id\":\"https:\/\/www.rome-roma.net\/it\/foro-romano\/casa-delle-vestali\/#primaryimage\"},\"datePublished\":\"2020-03-15T13:30:23+00:00\",\"dateModified\":\"2025-07-28T08:11:03+00:00\",\"description\":\"La Casa delle Vestali, uno dei edifici pi\\u00f9 antichi del Foro repubblicano, era il luogo riservato alle sacerdotesse chiamate vestali. Visita e storia.\",\"breadcrumb\":{\"@id\":\"https:\/\/www.rome-roma.net\/it\/foro-romano\/casa-delle-vestali\/#breadcrumb\"},\"inLanguage\":\"it-IT\",\"potentialAction\":[{\"@type\":\"ReadAction\",\"target\":[\"https:\/\/www.rome-roma.net\/it\/foro-romano\/casa-delle-vestali\/\"]}]},{\"@type\":\"BreadcrumbList\",\"@id\":\"https:\/\/www.rome-roma.net\/it\/foro-romano\/casa-delle-vestali\/#breadcrumb\",\"itemListElement\":[{\"@type\":\"ListItem\",\"position\":1,\"name\":\"Accueil\",\"item\":\"https:\/\/www.rome-roma.net\/it\/\"},{\"@type\":\"ListItem\",\"position\":2,\"name\":\"Foro romano di Roma\",\"item\":\"https:\/\/www.rome-roma.net\/it\/foro-romano\/\"},{\"@type\":\"ListItem\",\"position\":3,\"name\":\"Casa delle Vestali\"}]}]}<\/script>\n<!-- \/ Yoast SEO plugin. -->","yoast_head_json":{"title":"Casa delle Vestali &ndash; Rome-Roma","description":"La Casa delle Vestali, uno dei edifici pi\u00f9 antichi del Foro repubblicano, era il luogo riservato alle sacerdotesse chiamate vestali. Visita e storia.","robots":{"index":"index","follow":"follow","max-snippet":"max-snippet:-1","max-image-preview":"max-image-preview:large","max-video-preview":"max-video-preview:-1"},"canonical":"https:\/\/www.rome-roma.net\/it\/foro-romano\/casa-delle-vestali\/","og_locale":"it_IT","og_type":"article","og_title":"Casa delle Vestali &ndash; Rome-Roma","og_description":"La Casa delle Vestali, uno dei edifici pi\u00f9 antichi del Foro repubblicano, era il luogo riservato alle sacerdotesse chiamate vestali. Visita e storia.","og_url":"https:\/\/www.rome-roma.net\/it\/foro-romano\/casa-delle-vestali\/","og_site_name":"Rome-Roma","article_modified_time":"2025-07-28T08:11:03+00:00","og_image":[{"width":750,"height":500,"url":"https:\/\/www.rome-roma.net\/wp-content\/uploads\/2020\/03\/maisondesvestales_rome_00971.jpg","type":"image\/jpeg"}],"twitter_card":"summary_large_image","twitter_misc":{"Tempo di lettura stimato":"4 minuti"},"schema":{"@context":"https:\/\/schema.org","@graph":[{"@type":"Organization","@id":"https:\/\/www.rome-roma.net\/it\/#organization","name":"Rome-Roma","url":"https:\/\/www.rome-roma.net\/it\/","sameAs":[],"logo":{"@type":"ImageObject","@id":"https:\/\/www.rome-roma.net\/it\/#logo","inLanguage":"it-IT","url":"https:\/\/www.rome-roma.net\/wp-content\/uploads\/2025\/07\/logo-rome-roma-420.jpg","contentUrl":"https:\/\/www.rome-roma.net\/wp-content\/uploads\/2025\/07\/logo-rome-roma-420.jpg","width":420,"height":420,"caption":"Rome-Roma"},"image":{"@id":"https:\/\/www.rome-roma.net\/it\/#logo"}},{"@type":"WebSite","@id":"https:\/\/www.rome-roma.net\/it\/#website","url":"https:\/\/www.rome-roma.net\/it\/","name":"Rome-Roma","description":"Cultura & Viaggio","publisher":{"@id":"https:\/\/www.rome-roma.net\/it\/#organization"},"potentialAction":[{"@type":"SearchAction","target":{"@type":"EntryPoint","urlTemplate":"https:\/\/www.rome-roma.net\/it\/?s={search_term_string}"},"query-input":"required name=search_term_string"}],"inLanguage":"it-IT"},{"@type":"ImageObject","@id":"https:\/\/www.rome-roma.net\/it\/foro-romano\/casa-delle-vestali\/#primaryimage","inLanguage":"it-IT","url":"https:\/\/www.rome-roma.net\/wp-content\/uploads\/2020\/03\/maisondesvestales_rome_00971.jpg","contentUrl":"https:\/\/www.rome-roma.net\/wp-content\/uploads\/2020\/03\/maisondesvestales_rome_00971.jpg","width":750,"height":500,"caption":"Maison des Vestales"},{"@type":"WebPage","@id":"https:\/\/www.rome-roma.net\/it\/foro-romano\/casa-delle-vestali\/#webpage","url":"https:\/\/www.rome-roma.net\/it\/foro-romano\/casa-delle-vestali\/","name":"Casa delle Vestali &ndash; Rome-Roma","isPartOf":{"@id":"https:\/\/www.rome-roma.net\/it\/#website"},"primaryImageOfPage":{"@id":"https:\/\/www.rome-roma.net\/it\/foro-romano\/casa-delle-vestali\/#primaryimage"},"datePublished":"2020-03-15T13:30:23+00:00","dateModified":"2025-07-28T08:11:03+00:00","description":"La Casa delle Vestali, uno dei edifici pi\u00f9 antichi del Foro repubblicano, era il luogo riservato alle sacerdotesse chiamate vestali. Visita e storia.","breadcrumb":{"@id":"https:\/\/www.rome-roma.net\/it\/foro-romano\/casa-delle-vestali\/#breadcrumb"},"inLanguage":"it-IT","potentialAction":[{"@type":"ReadAction","target":["https:\/\/www.rome-roma.net\/it\/foro-romano\/casa-delle-vestali\/"]}]},{"@type":"BreadcrumbList","@id":"https:\/\/www.rome-roma.net\/it\/foro-romano\/casa-delle-vestali\/#breadcrumb","itemListElement":[{"@type":"ListItem","position":1,"name":"Accueil","item":"https:\/\/www.rome-roma.net\/it\/"},{"@type":"ListItem","position":2,"name":"Foro romano di Roma","item":"https:\/\/www.rome-roma.net\/it\/foro-romano\/"},{"@type":"ListItem","position":3,"name":"Casa delle Vestali"}]}]}},"acf_fields":{"nom_monument":"Casa delle Vestali","wikidata":"Q285196","sameas":"https:\/\/it.wikipedia.org\/wiki\/Casa_delle_Vestali"},"_links":{"self":[{"href":"https:\/\/www.rome-roma.net\/it\/wp-json\/wp\/v2\/site\/6703"}],"collection":[{"href":"https:\/\/www.rome-roma.net\/it\/wp-json\/wp\/v2\/site"}],"about":[{"href":"https:\/\/www.rome-roma.net\/it\/wp-json\/wp\/v2\/types\/site"}],"replies":[{"embeddable":true,"href":"https:\/\/www.rome-roma.net\/it\/wp-json\/wp\/v2\/comments?post=6703"}],"up":[{"embeddable":true,"href":"https:\/\/www.rome-roma.net\/it\/wp-json\/wp\/v2\/site\/5482"}],"wp:featuredmedia":[{"embeddable":true,"href":"https:\/\/www.rome-roma.net\/it\/wp-json\/wp\/v2\/media\/4947"}],"wp:attachment":[{"href":"https:\/\/www.rome-roma.net\/it\/wp-json\/wp\/v2\/media?parent=6703"}],"wp:term":[{"taxonomy":"genre","embeddable":true,"href":"https:\/\/www.rome-roma.net\/it\/wp-json\/wp\/v2\/genre?post=6703"},{"taxonomy":"interet","embeddable":true,"href":"https:\/\/www.rome-roma.net\/it\/wp-json\/wp\/v2\/interet?post=6703"},{"taxonomy":"quartier","embeddable":true,"href":"https:\/\/www.rome-roma.net\/it\/wp-json\/wp\/v2\/quartier?post=6703"},{"taxonomy":"categorie_site","embeddable":true,"href":"https:\/\/www.rome-roma.net\/it\/wp-json\/wp\/v2\/categorie_site?post=6703"},{"taxonomy":"quartier_historique","embeddable":true,"href":"https:\/\/www.rome-roma.net\/it\/wp-json\/wp\/v2\/quartier_historique?post=6703"},{"taxonomy":"etiquettes_site","embeddable":true,"href":"https:\/\/www.rome-roma.net\/it\/wp-json\/wp\/v2\/etiquettes_site?post=6703"}],"curies":[{"name":"wp","href":"https:\/\/api.w.org\/{rel}","templated":true}]}}