


{"id":6722,"date":"2020-03-14T17:22:01","date_gmt":"2020-03-14T16:22:01","guid":{"rendered":"https:\/\/www.rome-roma.net\/site\/foro-romano\/le-forum-d-origine\/"},"modified":"2025-07-26T15:46:37","modified_gmt":"2025-07-26T13:46:37","slug":"foro-originale","status":"publish","type":"site","link":"https:\/\/www.rome-roma.net\/it\/foro-romano\/foro-originale\/","title":{"rendered":"Foro originale e Comizio"},"content":{"rendered":"\n<div style=\"width: 177px\" class=\"wp-caption alignright\"><a href=\"https:\/\/www.rome-roma.net\/photos\/fororomanodiroma\/images\/colonnetetrarchiche_roma_0104.jpg\"><img loading=\"lazy\" src=\"https:\/\/www.rome-roma.net\/photos\/fororomanodiroma\/images\/colonnetetrarchiche_roma_0104.jpg\" alt=\"colonna onoraria\" width=\"167\" height=\"250\" align=\"right\" hspace=\"5\" vspace=\"3\" \/><\/a><p class=\"wp-caption-text\">Colonna onoraria<\/p><\/div>\n<h2>Culla politica dell&#8217;antica Roma<\/h2>\n<p>Il nord-ovest dell&#8217;attuale foro \u00e8 l&#8217;area pi\u00f9 antica, con il <strong>Comizio<\/strong> che si trovava tra la Curia e i Rostri.<br \/>Durante il periodo reale, nella seconda met\u00e0 del VI secolo a.C., il Comizio includeva i primi edifici arcaici, sede dell&#8217;attivit\u00e0 politica a Roma, all&#8217;origine del Senato e della Curia, e con una tribuna che diventer\u00e0 quella dei Rostri. Questo luogo era orientato secondo i punti cardinali. <br \/>A prossimit\u00e0, una lapide scura sul pavimento, indica la posizione del <strong><em>Lapis Niger<\/em><\/strong> (intorno al VI secolo a.C.), una stele che, secondo la leggenda, era legata alla morte di Romolo, incisa da una delle pi\u00f9 antiche iscrizioni latine conosciute.<br \/>Rettangolare in epoca reale, la piazza divenne circolare sotto la Repubblica, circondata da gradini concentrici.<\/p>\n<p>Un&#8217;area elevata corrisponde alla <strong>Piazza del Foro<\/strong>, ex centro della vita pubblica, dove si svolgevano le principali cerimonie e si teneva un mercato.<br \/>La parte meridionale della piazza era delimitata da colonne, le <em>Columnae Honorariae <\/em>(colonne onorarie), tra le quale alcune sono state raddrizzate.<br \/>La prima pavimentazione risale probabilmente ai re etruschi.<\/p>\n\n\n\n<h2>Cartina ed indirizzo<\/h2>\r\n\t\t<b>Indirizzo : <\/b>Via della Curia, 4, 00186 Roma RM, Italy<div id=\"travelersmap-container-69f3d25e83858\" class=\"travelersmap-container\" style=\"z-index: 1; min-height: 10px; min-width:10px; height:400px;width:100%; max-width:; max-height:; position:relative;\"><div style=\"position:absolute; z-index:-1;top: 50%;text-align: center;display: block;left: 50%;transform: translate(-50%,-50%);\">Travelers' Map is loading... <br> If you see this after your page is loaded completely, leafletJS files are missing.<\/div><\/div><i>Clicca sulla freccia per localizzarti sulla mappa<\/i>\n\n\n\n<h2> Edifici del Foro<\/h2>\n\n\n\n<ul class=\"lcp_catlist\" id=\"lcp_instance_0\"><li><a href=\"https:\/\/www.rome-roma.net\/it\/foro-romano\/\">Foro romano di Roma<\/a><a href=\"https:\/\/www.rome-roma.net\/it\/foro-romano\/\" title=\"Foro romano di Roma\"><img width=\"50\" height=\"50\" src=\"https:\/\/www.rome-roma.net\/wp-content\/uploads\/2020\/01\/forum-romain_6519-150x150.jpg\" class=\"classthumblist wp-post-image\" alt=\"Foro romano di Roma\" loading=\"lazy\" srcset=\"https:\/\/www.rome-roma.net\/wp-content\/uploads\/2020\/01\/forum-romain_6519-150x150.jpg 150w, https:\/\/www.rome-roma.net\/wp-content\/uploads\/2020\/01\/forum-romain_6519-50x50.jpg 50w, https:\/\/www.rome-roma.net\/wp-content\/uploads\/2020\/01\/forum-romain_6519-80x80.jpg 80w, https:\/\/www.rome-roma.net\/wp-content\/uploads\/2020\/01\/forum-romain_6519-75x75.jpg 75w\" sizes=\"(max-width: 50px) 100vw, 50px\" \/><\/a><div class=\"lcp_excerpt\">\nIl Foro Romano \u00e8 uno dei siti archeologici pi\u00f9 affascinanti ...<\/div><\/li><li><a href=\"https:\/\/www.rome-roma.net\/it\/foro-romano\/curia-iulia\/\">Curia Iulia<\/a><a href=\"https:\/\/www.rome-roma.net\/it\/foro-romano\/curia-iulia\/\" title=\"Curia Iulia\"><img width=\"50\" height=\"50\" src=\"https:\/\/www.rome-roma.net\/wp-content\/uploads\/2020\/01\/Foro-romano-Roma_38481-150x150.jpg\" class=\"classthumblist wp-post-image\" alt=\"Curia Iulia\" loading=\"lazy\" srcset=\"https:\/\/www.rome-roma.net\/wp-content\/uploads\/2020\/01\/Foro-romano-Roma_38481-150x150.jpg 150w, https:\/\/www.rome-roma.net\/wp-content\/uploads\/2020\/01\/Foro-romano-Roma_38481-50x50.jpg 50w, https:\/\/www.rome-roma.net\/wp-content\/uploads\/2020\/01\/Foro-romano-Roma_38481-80x80.jpg 80w, https:\/\/www.rome-roma.net\/wp-content\/uploads\/2020\/01\/Foro-romano-Roma_38481-75x75.jpg 75w\" sizes=\"(max-width: 50px) 100vw, 50px\" \/><\/a><div class=\"lcp_excerpt\">\nLa Curia del Foro Romano era il cuore nevralgico della ...<\/div><\/li><li><a href=\"https:\/\/www.rome-roma.net\/it\/foro-romano\/tempio-di-antonino-e-faustina\/\">Tempio di Antonino e Faustina<\/a><a href=\"https:\/\/www.rome-roma.net\/it\/foro-romano\/tempio-di-antonino-e-faustina\/\" title=\"Tempio di Antonino e Faustina\"><img width=\"50\" height=\"50\" src=\"https:\/\/www.rome-roma.net\/wp-content\/uploads\/2020\/03\/Foro-romano-Roma_38501-150x150.jpg\" class=\"classthumblist wp-post-image\" alt=\"Tempio di Antonino e Faustina\" loading=\"lazy\" srcset=\"https:\/\/www.rome-roma.net\/wp-content\/uploads\/2020\/03\/Foro-romano-Roma_38501-150x150.jpg 150w, https:\/\/www.rome-roma.net\/wp-content\/uploads\/2020\/03\/Foro-romano-Roma_38501-50x50.jpg 50w, https:\/\/www.rome-roma.net\/wp-content\/uploads\/2020\/03\/Foro-romano-Roma_38501-80x80.jpg 80w, https:\/\/www.rome-roma.net\/wp-content\/uploads\/2020\/03\/Foro-romano-Roma_38501-75x75.jpg 75w\" sizes=\"(max-width: 50px) 100vw, 50px\" \/><\/a><div class=\"lcp_excerpt\">\nIl Tempio di Antonino e Faustina, uno dei meglio conservati ...<\/div><\/li><li><a href=\"https:\/\/www.rome-roma.net\/it\/foro-romano\/basilica-emilia\/\">Basilica Emilia<\/a><a href=\"https:\/\/www.rome-roma.net\/it\/foro-romano\/basilica-emilia\/\" title=\"Basilica Emilia\"><img width=\"50\" height=\"50\" src=\"https:\/\/www.rome-roma.net\/wp-content\/uploads\/2020\/01\/basiliqueaemilia_forum_01341-150x150.jpg\" class=\"classthumblist wp-post-image\" alt=\"Basilica Emilia\" loading=\"lazy\" srcset=\"https:\/\/www.rome-roma.net\/wp-content\/uploads\/2020\/01\/basiliqueaemilia_forum_01341-150x150.jpg 150w, https:\/\/www.rome-roma.net\/wp-content\/uploads\/2020\/01\/basiliqueaemilia_forum_01341-50x50.jpg 50w, https:\/\/www.rome-roma.net\/wp-content\/uploads\/2020\/01\/basiliqueaemilia_forum_01341-80x80.jpg 80w, https:\/\/www.rome-roma.net\/wp-content\/uploads\/2020\/01\/basiliqueaemilia_forum_01341-75x75.jpg 75w\" sizes=\"(max-width: 50px) 100vw, 50px\" \/><\/a><div class=\"lcp_excerpt\">\nLa Basilica Emilia fu costruita nel 179 a.C. e successivamente ...<\/div><\/li><li><a href=\"https:\/\/www.rome-roma.net\/it\/foro-romano\/arco-di-settimio-severo\/\">Arco di Settimio Severo<\/a><a href=\"https:\/\/www.rome-roma.net\/it\/foro-romano\/arco-di-settimio-severo\/\" title=\"Arco di Settimio Severo\"><img width=\"50\" height=\"50\" src=\"https:\/\/www.rome-roma.net\/wp-content\/uploads\/2020\/01\/Forum-romain-Rome_38371-1-150x150.jpg\" class=\"classthumblist wp-post-image\" alt=\"Arco di Settimio Severo\" loading=\"lazy\" srcset=\"https:\/\/www.rome-roma.net\/wp-content\/uploads\/2020\/01\/Forum-romain-Rome_38371-1-150x150.jpg 150w, https:\/\/www.rome-roma.net\/wp-content\/uploads\/2020\/01\/Forum-romain-Rome_38371-1-50x50.jpg 50w, https:\/\/www.rome-roma.net\/wp-content\/uploads\/2020\/01\/Forum-romain-Rome_38371-1-80x80.jpg 80w, https:\/\/www.rome-roma.net\/wp-content\/uploads\/2020\/01\/Forum-romain-Rome_38371-1-75x75.jpg 75w\" sizes=\"(max-width: 50px) 100vw, 50px\" \/><\/a><div class=\"lcp_excerpt\">\nL\u2019Arco di Settimio Severo \u00e8 il monumento meglio conservato del ...<\/div><\/li><li><a href=\"https:\/\/www.rome-roma.net\/it\/foro-romano\/arco-di-tito\/\">Arco di Tito<\/a><a href=\"https:\/\/www.rome-roma.net\/it\/foro-romano\/arco-di-tito\/\" title=\"Arco di Tito\"><img width=\"50\" height=\"50\" src=\"https:\/\/www.rome-roma.net\/wp-content\/uploads\/2020\/01\/forumromain_arcdetitus_00861-150x150.jpg\" class=\"classthumblist wp-post-image\" alt=\"Arco di Tito\" loading=\"lazy\" srcset=\"https:\/\/www.rome-roma.net\/wp-content\/uploads\/2020\/01\/forumromain_arcdetitus_00861-150x150.jpg 150w, https:\/\/www.rome-roma.net\/wp-content\/uploads\/2020\/01\/forumromain_arcdetitus_00861-50x50.jpg 50w, https:\/\/www.rome-roma.net\/wp-content\/uploads\/2020\/01\/forumromain_arcdetitus_00861-80x80.jpg 80w, https:\/\/www.rome-roma.net\/wp-content\/uploads\/2020\/01\/forumromain_arcdetitus_00861-75x75.jpg 75w\" sizes=\"(max-width: 50px) 100vw, 50px\" \/><\/a><div class=\"lcp_excerpt\">\nStoria e descrizione\nL&#8217;Arco di Tito \u00e8 un arco trionfale costruito ...<\/div><\/li><li><a href=\"https:\/\/www.rome-roma.net\/it\/foro-romano\/basilica-giulia\/\">Basilica Giulia<\/a><a href=\"https:\/\/www.rome-roma.net\/it\/foro-romano\/basilica-giulia\/\" title=\"Basilica Giulia\"><img width=\"50\" height=\"50\" src=\"https:\/\/www.rome-roma.net\/wp-content\/uploads\/2020\/01\/basilicagiulia_fororoma_01071-150x150.jpg\" class=\"classthumblist wp-post-image\" alt=\"Basilica Giulia\" loading=\"lazy\" srcset=\"https:\/\/www.rome-roma.net\/wp-content\/uploads\/2020\/01\/basilicagiulia_fororoma_01071-150x150.jpg 150w, https:\/\/www.rome-roma.net\/wp-content\/uploads\/2020\/01\/basilicagiulia_fororoma_01071-50x50.jpg 50w, https:\/\/www.rome-roma.net\/wp-content\/uploads\/2020\/01\/basilicagiulia_fororoma_01071-80x80.jpg 80w, https:\/\/www.rome-roma.net\/wp-content\/uploads\/2020\/01\/basilicagiulia_fororoma_01071-75x75.jpg 75w\" sizes=\"(max-width: 50px) 100vw, 50px\" \/><\/a><div class=\"lcp_excerpt\">\nLa Basilica Giulia occupa un ampio spazio tra due antiche ...<\/div><\/li><li><a href=\"https:\/\/www.rome-roma.net\/it\/foro-romano\/basilica-di-massenzio\/\">Basilica di Massenzio<\/a><a href=\"https:\/\/www.rome-roma.net\/it\/foro-romano\/basilica-di-massenzio\/\" title=\"Basilica di Massenzio\"><img width=\"50\" height=\"50\" src=\"https:\/\/www.rome-roma.net\/wp-content\/uploads\/2020\/01\/basiliqueconstantinmaxence_00781-150x150.jpg\" class=\"classthumblist wp-post-image\" alt=\"Basilica di Massenzio\" loading=\"lazy\" srcset=\"https:\/\/www.rome-roma.net\/wp-content\/uploads\/2020\/01\/basiliqueconstantinmaxence_00781-150x150.jpg 150w, https:\/\/www.rome-roma.net\/wp-content\/uploads\/2020\/01\/basiliqueconstantinmaxence_00781-50x50.jpg 50w, https:\/\/www.rome-roma.net\/wp-content\/uploads\/2020\/01\/basiliqueconstantinmaxence_00781-80x80.jpg 80w, https:\/\/www.rome-roma.net\/wp-content\/uploads\/2020\/01\/basiliqueconstantinmaxence_00781-75x75.jpg 75w\" sizes=\"(max-width: 50px) 100vw, 50px\" \/><\/a><div class=\"lcp_excerpt\">\nQuesto monumento \u00e8 il pi\u00f9 grande del foro romano. Fu ...<\/div><\/li><li class=\"current\"><a href=\"https:\/\/www.rome-roma.net\/it\/foro-romano\/foro-originale\/\">Foro originale e Comizio<\/a><a href=\"https:\/\/www.rome-roma.net\/it\/foro-romano\/foro-originale\/\" title=\"Foro originale e Comizio\"><img src=\"https:\/\/www.rome-roma.net\/photos\/fororomanodiroma\/images\/colonnetetrarchiche_roma_0104.jpg\" class=\"classthumblist\"  alt=\"Foro originale e Comizio\" \/><\/a><div class=\"lcp_excerpt\">\nCulla politica dell&#8217;antica Roma\nIl nord-ovest dell&#8217;attuale foro \u00e8 l&#8217;area pi\u00f9 ...<\/div><\/li><li><a href=\"https:\/\/www.rome-roma.net\/it\/foro-romano\/tempio-di-vesta\/\">Tempio di Vesta<\/a><a href=\"https:\/\/www.rome-roma.net\/it\/foro-romano\/tempio-di-vesta\/\" title=\"Tempio di Vesta\"><img width=\"50\" height=\"50\" src=\"https:\/\/www.rome-roma.net\/wp-content\/uploads\/2020\/03\/templedevesta_rome_00991-150x150.jpg\" class=\"classthumblist wp-post-image\" alt=\"Tempio di Vesta\" loading=\"lazy\" srcset=\"https:\/\/www.rome-roma.net\/wp-content\/uploads\/2020\/03\/templedevesta_rome_00991-150x150.jpg 150w, https:\/\/www.rome-roma.net\/wp-content\/uploads\/2020\/03\/templedevesta_rome_00991-50x50.jpg 50w, https:\/\/www.rome-roma.net\/wp-content\/uploads\/2020\/03\/templedevesta_rome_00991-80x80.jpg 80w, https:\/\/www.rome-roma.net\/wp-content\/uploads\/2020\/03\/templedevesta_rome_00991-75x75.jpg 75w\" sizes=\"(max-width: 50px) 100vw, 50px\" \/><\/a><div class=\"lcp_excerpt\">\nIl Tempio di Vesta \u00e8 uno dei santuari pi\u00f9 antichi ...<\/div><\/li><li><a href=\"https:\/\/www.rome-roma.net\/it\/foro-romano\/tempio-del-divo-romolo\/\">Tempio del Divo Romolo<\/a><a href=\"https:\/\/www.rome-roma.net\/it\/foro-romano\/tempio-del-divo-romolo\/\" title=\"Tempio del Divo Romolo\"><img width=\"50\" height=\"50\" src=\"https:\/\/www.rome-roma.net\/wp-content\/uploads\/2020\/03\/Foro-romano-Roma_38521-150x150.jpg\" class=\"classthumblist wp-post-image\" alt=\"Tempio del Divo Romolo\" loading=\"lazy\" srcset=\"https:\/\/www.rome-roma.net\/wp-content\/uploads\/2020\/03\/Foro-romano-Roma_38521-150x150.jpg 150w, https:\/\/www.rome-roma.net\/wp-content\/uploads\/2020\/03\/Foro-romano-Roma_38521-50x50.jpg 50w, https:\/\/www.rome-roma.net\/wp-content\/uploads\/2020\/03\/Foro-romano-Roma_38521-80x80.jpg 80w, https:\/\/www.rome-roma.net\/wp-content\/uploads\/2020\/03\/Foro-romano-Roma_38521-75x75.jpg 75w, https:\/\/www.rome-roma.net\/wp-content\/uploads\/2020\/03\/Foro-romano-Roma_38521-467x480.jpg 467w\" sizes=\"(max-width: 50px) 100vw, 50px\" \/><\/a><div class=\"lcp_excerpt\">\nAll&#8217;inizio di Roma, questo luogo sarebbe stato occupato da un ...<\/div><\/li><li><a href=\"https:\/\/www.rome-roma.net\/it\/foro-romano\/tempio-di-saturno\/\">Tempio di Saturno e Saturnali<\/a><a href=\"https:\/\/www.rome-roma.net\/it\/foro-romano\/tempio-di-saturno\/\" title=\"Tempio di Saturno e Saturnali\"><img width=\"50\" height=\"50\" src=\"https:\/\/www.rome-roma.net\/wp-content\/uploads\/2020\/03\/temple-de-saturne_5449-150x150.jpg\" class=\"classthumblist wp-post-image\" alt=\"Tempio di Saturno e Saturnali\" loading=\"lazy\" srcset=\"https:\/\/www.rome-roma.net\/wp-content\/uploads\/2020\/03\/temple-de-saturne_5449-150x150.jpg 150w, https:\/\/www.rome-roma.net\/wp-content\/uploads\/2020\/03\/temple-de-saturne_5449-50x50.jpg 50w, https:\/\/www.rome-roma.net\/wp-content\/uploads\/2020\/03\/temple-de-saturne_5449-80x80.jpg 80w, https:\/\/www.rome-roma.net\/wp-content\/uploads\/2020\/03\/temple-de-saturne_5449-75x75.jpg 75w\" sizes=\"(max-width: 50px) 100vw, 50px\" \/><\/a><div class=\"lcp_excerpt\">\nStoria del tempio di Saturno\nIl tempio di Saturno \u00e8 il ...<\/div><\/li><li><a href=\"https:\/\/www.rome-roma.net\/it\/foro-romano\/tempio-dei-dioscuri\/\">Tempio dei Dioscuri<\/a><a href=\"https:\/\/www.rome-roma.net\/it\/foro-romano\/tempio-dei-dioscuri\/\" title=\"Tempio dei Dioscuri\"><img width=\"50\" height=\"50\" src=\"https:\/\/www.rome-roma.net\/wp-content\/uploads\/2020\/03\/temple_de_castor_et_pollux_forum_romain_54571-150x150.jpg\" class=\"classthumblist wp-post-image\" alt=\"Tempio dei Dioscuri\" loading=\"lazy\" srcset=\"https:\/\/www.rome-roma.net\/wp-content\/uploads\/2020\/03\/temple_de_castor_et_pollux_forum_romain_54571-150x150.jpg 150w, https:\/\/www.rome-roma.net\/wp-content\/uploads\/2020\/03\/temple_de_castor_et_pollux_forum_romain_54571-50x50.jpg 50w, https:\/\/www.rome-roma.net\/wp-content\/uploads\/2020\/03\/temple_de_castor_et_pollux_forum_romain_54571-80x80.jpg 80w, https:\/\/www.rome-roma.net\/wp-content\/uploads\/2020\/03\/temple_de_castor_et_pollux_forum_romain_54571-75x75.jpg 75w\" sizes=\"(max-width: 50px) 100vw, 50px\" \/><\/a><div class=\"lcp_excerpt\">\nLe tre colonne corinzie rimanenti provengono da una ricostruzione intorno ...<\/div><\/li><li><a href=\"https:\/\/www.rome-roma.net\/it\/foro-romano\/casa-delle-vestali\/\">Casa delle Vestali<\/a><a href=\"https:\/\/www.rome-roma.net\/it\/foro-romano\/casa-delle-vestali\/\" title=\"Casa delle Vestali\"><img width=\"50\" height=\"50\" src=\"https:\/\/www.rome-roma.net\/wp-content\/uploads\/2020\/03\/maisondesvestales_rome_00971-150x150.jpg\" class=\"classthumblist wp-post-image\" alt=\"Casa delle Vestali\" loading=\"lazy\" srcset=\"https:\/\/www.rome-roma.net\/wp-content\/uploads\/2020\/03\/maisondesvestales_rome_00971-150x150.jpg 150w, https:\/\/www.rome-roma.net\/wp-content\/uploads\/2020\/03\/maisondesvestales_rome_00971-50x50.jpg 50w, https:\/\/www.rome-roma.net\/wp-content\/uploads\/2020\/03\/maisondesvestales_rome_00971-80x80.jpg 80w, https:\/\/www.rome-roma.net\/wp-content\/uploads\/2020\/03\/maisondesvestales_rome_00971-75x75.jpg 75w\" sizes=\"(max-width: 50px) 100vw, 50px\" \/><\/a><div class=\"lcp_excerpt\">\nLa Casa delle Vestali, chiamata anche Atrium Vestae, e il ...<\/div><\/li><li><a href=\"https:\/\/www.rome-roma.net\/it\/foro-romano\/tempio-del-divo-giulio\/\">Tempio del Divo Giulio<\/a><a href=\"https:\/\/www.rome-roma.net\/it\/foro-romano\/tempio-del-divo-giulio\/\" title=\"Tempio del Divo Giulio\"><img width=\"50\" height=\"50\" src=\"https:\/\/www.rome-roma.net\/wp-content\/uploads\/2020\/03\/tempiodeldivogiulio_aradicesare_01151-150x150.jpg\" class=\"classthumblist wp-post-image\" alt=\"Tempio del Divo Giulio\" loading=\"lazy\" srcset=\"https:\/\/www.rome-roma.net\/wp-content\/uploads\/2020\/03\/tempiodeldivogiulio_aradicesare_01151-150x150.jpg 150w, https:\/\/www.rome-roma.net\/wp-content\/uploads\/2020\/03\/tempiodeldivogiulio_aradicesare_01151-50x50.jpg 50w, https:\/\/www.rome-roma.net\/wp-content\/uploads\/2020\/03\/tempiodeldivogiulio_aradicesare_01151-80x80.jpg 80w, https:\/\/www.rome-roma.net\/wp-content\/uploads\/2020\/03\/tempiodeldivogiulio_aradicesare_01151-75x75.jpg 75w\" sizes=\"(max-width: 50px) 100vw, 50px\" \/><\/a><div class=\"lcp_excerpt\">\nQuesto tempio del Divino Cesare fu dedicato a Giulio Cesare ...<\/div><\/li><li><a href=\"https:\/\/www.rome-roma.net\/it\/foro-romano\/colonna-di-foca\/\">Colonna di Foca<\/a><a href=\"https:\/\/www.rome-roma.net\/it\/foro-romano\/colonna-di-foca\/\" title=\"Colonna di Foca\"><img width=\"50\" height=\"50\" src=\"https:\/\/www.rome-roma.net\/wp-content\/uploads\/2020\/03\/colonnadifoca_fororomano_01121-150x150.jpg\" class=\"classthumblist wp-post-image\" alt=\"Colonna di Foca\" loading=\"lazy\" srcset=\"https:\/\/www.rome-roma.net\/wp-content\/uploads\/2020\/03\/colonnadifoca_fororomano_01121-150x150.jpg 150w, https:\/\/www.rome-roma.net\/wp-content\/uploads\/2020\/03\/colonnadifoca_fororomano_01121-50x50.jpg 50w, https:\/\/www.rome-roma.net\/wp-content\/uploads\/2020\/03\/colonnadifoca_fororomano_01121-80x80.jpg 80w, https:\/\/www.rome-roma.net\/wp-content\/uploads\/2020\/03\/colonnadifoca_fororomano_01121-75x75.jpg 75w, https:\/\/www.rome-roma.net\/wp-content\/uploads\/2020\/03\/colonnadifoca_fororomano_01121-467x480.jpg 467w\" sizes=\"(max-width: 50px) 100vw, 50px\" \/><\/a><div class=\"lcp_excerpt\">\nLa colonna di Foca fu eretta di fronte ai rostri ...<\/div><\/li><li><a href=\"https:\/\/www.rome-roma.net\/it\/foro-romano\/portico-degli-dei-consenti\/\">Portico degli Dei Consenti<\/a><a href=\"https:\/\/www.rome-roma.net\/it\/foro-romano\/portico-degli-dei-consenti\/\" title=\"Portico degli Dei Consenti\"><img width=\"50\" height=\"50\" src=\"https:\/\/www.rome-roma.net\/wp-content\/uploads\/2020\/03\/porticodeglideiconsenti_fororoma_01101-150x150.jpg\" class=\"classthumblist wp-post-image\" alt=\"Portico degli Dei Consenti\" loading=\"lazy\" srcset=\"https:\/\/www.rome-roma.net\/wp-content\/uploads\/2020\/03\/porticodeglideiconsenti_fororoma_01101-150x150.jpg 150w, https:\/\/www.rome-roma.net\/wp-content\/uploads\/2020\/03\/porticodeglideiconsenti_fororoma_01101-50x50.jpg 50w, https:\/\/www.rome-roma.net\/wp-content\/uploads\/2020\/03\/porticodeglideiconsenti_fororoma_01101-80x80.jpg 80w, https:\/\/www.rome-roma.net\/wp-content\/uploads\/2020\/03\/porticodeglideiconsenti_fororoma_01101-75x75.jpg 75w\" sizes=\"(max-width: 50px) 100vw, 50px\" \/><\/a><div class=\"lcp_excerpt\">\nSituato nell&#8217;angolo nord-ovest del foro, ai piedi del Tabularium, questo ...<\/div><\/li><li><a href=\"https:\/\/www.rome-roma.net\/it\/foro-romano\/#Galleria-Foto-del-Foro-Romano\">Fotografie del Foro romano<\/a><a href=\"https:\/\/www.rome-roma.net\/it\/foro-romano\/#Galleria-Foto-del-Foro-Romano\" title=\"Fotografie del Foro romano\"><img width=\"50\" height=\"50\" src=\"https:\/\/www.rome-roma.net\/wp-content\/uploads\/2020\/03\/foro-romano_0532-150x150.jpg\" class=\"classthumblist wp-post-image\" alt=\"Fotografie del Foro romano\" loading=\"lazy\" srcset=\"https:\/\/www.rome-roma.net\/wp-content\/uploads\/2020\/03\/foro-romano_0532-150x150.jpg 150w, https:\/\/www.rome-roma.net\/wp-content\/uploads\/2020\/03\/foro-romano_0532-50x50.jpg 50w, https:\/\/www.rome-roma.net\/wp-content\/uploads\/2020\/03\/foro-romano_0532-80x80.jpg 80w, https:\/\/www.rome-roma.net\/wp-content\/uploads\/2020\/03\/foro-romano_0532-75x75.jpg 75w\" sizes=\"(max-width: 50px) 100vw, 50px\" \/><\/a><div class=\"lcp_excerpt\">\n\nForo romano di Roma\n   \n\n\n\n \n\n\n<\/div><\/li><li><a href=\"https:\/\/www.rome-roma.net\/it\/foro-romano\/tempio-di-vespasiano-e-tito\/\">Tempio di Vespasiano e Tito<\/a><a href=\"https:\/\/www.rome-roma.net\/it\/foro-romano\/tempio-di-vespasiano-e-tito\/\" title=\"Tempio di Vespasiano e Tito\"><img src=\"https:\/\/www.rome-roma.net\/wp-content\/uploads\/2020\/01\/foro-romano-panorama-0540-683x1024.jpg\" class=\"classthumblist\"  alt=\"Tempio di Vespasiano e Tito\" \/><\/a><div class=\"lcp_excerpt\">\nLa costruzione del Tempio di Vespasiano, ai piedi del colle ...<\/div><\/li><li><a href=\"https:\/\/www.rome-roma.net\/it\/foro-romano\/santa-maria-antiqua-ed-edifici-domiziani\/\">Santa Maria Antiqua ed edifici domiziani<\/a><a href=\"https:\/\/www.rome-roma.net\/it\/foro-romano\/santa-maria-antiqua-ed-edifici-domiziani\/\" title=\"Santa Maria Antiqua ed edifici domiziani\"><img src=\"https:\/\/www.rome-roma.net\/wp-content\/uploads\/2020\/03\/crocifissione-santa-maria-antiqua-214x300.jpg\" class=\"classthumblist\"  alt=\"Santa Maria Antiqua ed edifici domiziani\" \/><\/a><div class=\"lcp_excerpt\">\nLa chiesa di Santa Maria Antiqua \u00e8 l&#8217;edificio cristiano pi\u00f9 ...<\/div><\/li><li><a href=\"https:\/\/www.rome-roma.net\/it\/foro-romano\/tempio-di-venere-e-roma\/\">Tempio di Venere e Roma<\/a><a href=\"https:\/\/www.rome-roma.net\/it\/foro-romano\/tempio-di-venere-e-roma\/\" title=\"Tempio di Venere e Roma\"><img width=\"70\" height=\"50\" src=\"https:\/\/www.rome-roma.net\/wp-content\/uploads\/2025\/07\/tempio-di-venere-e-roma-800x567.jpg\" class=\"classthumblist wp-post-image\" alt=\"Tempio di Venere e Roma\" loading=\"lazy\" \/><\/a><div class=\"lcp_excerpt\">\nIl Tempio di Venere e Roma, situato all&#8217;estremit\u00e0 nord-orientale del ...<\/div><\/li><li><a href=\"https:\/\/www.rome-roma.net\/it\/foro-romano\/i-rostri-del-foro-romano\/\">I Rostri del Foro Romano<\/a><a href=\"https:\/\/www.rome-roma.net\/it\/foro-romano\/i-rostri-del-foro-romano\/\" title=\"I Rostri del Foro Romano\"><img width=\"50\" height=\"50\" src=\"https:\/\/www.rome-roma.net\/wp-content\/uploads\/2020\/01\/Foro-romano-Roma_38481-150x150.jpg\" class=\"classthumblist wp-post-image\" alt=\"I Rostri del Foro Romano\" loading=\"lazy\" srcset=\"https:\/\/www.rome-roma.net\/wp-content\/uploads\/2020\/01\/Foro-romano-Roma_38481-150x150.jpg 150w, https:\/\/www.rome-roma.net\/wp-content\/uploads\/2020\/01\/Foro-romano-Roma_38481-50x50.jpg 50w, https:\/\/www.rome-roma.net\/wp-content\/uploads\/2020\/01\/Foro-romano-Roma_38481-80x80.jpg 80w, https:\/\/www.rome-roma.net\/wp-content\/uploads\/2020\/01\/Foro-romano-Roma_38481-75x75.jpg 75w\" sizes=\"(max-width: 50px) 100vw, 50px\" \/><\/a><div class=\"lcp_excerpt\">\nI Rostri, situati nella parte nord-occidentale del Foro Romano a ...<\/div><\/li><\/ul>\n","protected":false},"excerpt":{"rendered":"<p>Culla politica dell&#8217;antica Roma Il nord-ovest dell&#8217;attuale foro \u00e8 l&#8217;area pi\u00f9 antica, con il Comizio che si trovava tra la Curia e i Rostri.Durante il periodo reale, nella seconda met\u00e0 del VI secolo a.C., il Comizio includeva i primi edifici arcaici, sede dell&#8217;attivit\u00e0 politica a Roma, all&#8217;origine del Senato e della Curia, e con una [&hellip;]<\/p>\n","protected":false},"featured_media":0,"parent":5482,"menu_order":0,"comment_status":"open","ping_status":"open","template":"","format":"standard","meta":{"kt_blocks_editor_width":"","_links_to":"","_links_to_target":""},"genre":[268],"interet":[286],"quartier":[314],"categorie_site":[432],"quartier_historique":[442],"etiquettes_site":[],"acf":[],"yoast_head":"<!-- This site is optimized with the Yoast SEO plugin v17.4 - https:\/\/yoast.com\/wordpress\/plugins\/seo\/ -->\n<title>Foro originale e Comizio &ndash; Rome-Roma<\/title>\n<meta name=\"description\" content=\"Il Comizio, tra i Rostri e la Curia era il centro politico pi\u00f9 antico di Roma. A sud si estendeva la Piazza del Foro, luogo di riunione.\" \/>\n<meta name=\"robots\" content=\"index, follow, max-snippet:-1, max-image-preview:large, max-video-preview:-1\" \/>\n<link rel=\"canonical\" href=\"https:\/\/www.rome-roma.net\/it\/foro-romano\/foro-originale\/\" \/>\n<meta property=\"og:locale\" content=\"it_IT\" \/>\n<meta property=\"og:type\" content=\"article\" \/>\n<meta property=\"og:title\" content=\"Foro originale e Comizio &ndash; Rome-Roma\" \/>\n<meta property=\"og:description\" content=\"Il Comizio, tra i Rostri e la Curia era il centro politico pi\u00f9 antico di Roma. A sud si estendeva la Piazza del Foro, luogo di riunione.\" \/>\n<meta property=\"og:url\" content=\"https:\/\/www.rome-roma.net\/it\/foro-romano\/foro-originale\/\" \/>\n<meta property=\"og:site_name\" content=\"Rome-Roma\" \/>\n<meta property=\"article:modified_time\" content=\"2025-07-26T13:46:37+00:00\" \/>\n<meta property=\"og:image\" content=\"https:\/\/www.rome-roma.net\/photos\/fororomanodiroma\/images\/colonnetetrarchiche_roma_0104.jpg\" \/>\n<meta name=\"twitter:card\" content=\"summary_large_image\" \/>\n<meta name=\"twitter:label1\" content=\"Tempo di lettura stimato\" \/>\n\t<meta name=\"twitter:data1\" content=\"2 minuti\" \/>\n<script type=\"application\/ld+json\" class=\"yoast-schema-graph\">{\"@context\":\"https:\/\/schema.org\",\"@graph\":[{\"@type\":\"Organization\",\"@id\":\"https:\/\/www.rome-roma.net\/it\/#organization\",\"name\":\"Rome-Roma\",\"url\":\"https:\/\/www.rome-roma.net\/it\/\",\"sameAs\":[],\"logo\":{\"@type\":\"ImageObject\",\"@id\":\"https:\/\/www.rome-roma.net\/it\/#logo\",\"inLanguage\":\"it-IT\",\"url\":\"https:\/\/www.rome-roma.net\/wp-content\/uploads\/2025\/07\/logo-rome-roma-420.jpg\",\"contentUrl\":\"https:\/\/www.rome-roma.net\/wp-content\/uploads\/2025\/07\/logo-rome-roma-420.jpg\",\"width\":420,\"height\":420,\"caption\":\"Rome-Roma\"},\"image\":{\"@id\":\"https:\/\/www.rome-roma.net\/it\/#logo\"}},{\"@type\":\"WebSite\",\"@id\":\"https:\/\/www.rome-roma.net\/it\/#website\",\"url\":\"https:\/\/www.rome-roma.net\/it\/\",\"name\":\"Rome-Roma\",\"description\":\"Cultura & Viaggio\",\"publisher\":{\"@id\":\"https:\/\/www.rome-roma.net\/it\/#organization\"},\"potentialAction\":[{\"@type\":\"SearchAction\",\"target\":{\"@type\":\"EntryPoint\",\"urlTemplate\":\"https:\/\/www.rome-roma.net\/it\/?s={search_term_string}\"},\"query-input\":\"required name=search_term_string\"}],\"inLanguage\":\"it-IT\"},{\"@type\":\"ImageObject\",\"@id\":\"https:\/\/www.rome-roma.net\/it\/foro-romano\/foro-originale\/#primaryimage\",\"inLanguage\":\"it-IT\",\"url\":\"https:\/\/www.rome-roma.net\/photos\/fororomanodiroma\/images\/colonnetetrarchiche_roma_0104.jpg\",\"contentUrl\":\"https:\/\/www.rome-roma.net\/photos\/fororomanodiroma\/images\/colonnetetrarchiche_roma_0104.jpg\"},{\"@type\":\"WebPage\",\"@id\":\"https:\/\/www.rome-roma.net\/it\/foro-romano\/foro-originale\/#webpage\",\"url\":\"https:\/\/www.rome-roma.net\/it\/foro-romano\/foro-originale\/\",\"name\":\"Foro originale e Comizio &ndash; Rome-Roma\",\"isPartOf\":{\"@id\":\"https:\/\/www.rome-roma.net\/it\/#website\"},\"primaryImageOfPage\":{\"@id\":\"https:\/\/www.rome-roma.net\/it\/foro-romano\/foro-originale\/#primaryimage\"},\"datePublished\":\"2020-03-14T16:22:01+00:00\",\"dateModified\":\"2025-07-26T13:46:37+00:00\",\"description\":\"Il Comizio, tra i Rostri e la Curia era il centro politico pi\\u00f9 antico di Roma. A sud si estendeva la Piazza del Foro, luogo di riunione.\",\"breadcrumb\":{\"@id\":\"https:\/\/www.rome-roma.net\/it\/foro-romano\/foro-originale\/#breadcrumb\"},\"inLanguage\":\"it-IT\",\"potentialAction\":[{\"@type\":\"ReadAction\",\"target\":[\"https:\/\/www.rome-roma.net\/it\/foro-romano\/foro-originale\/\"]}]},{\"@type\":\"BreadcrumbList\",\"@id\":\"https:\/\/www.rome-roma.net\/it\/foro-romano\/foro-originale\/#breadcrumb\",\"itemListElement\":[{\"@type\":\"ListItem\",\"position\":1,\"name\":\"Accueil\",\"item\":\"https:\/\/www.rome-roma.net\/it\/\"},{\"@type\":\"ListItem\",\"position\":2,\"name\":\"Foro romano di Roma\",\"item\":\"https:\/\/www.rome-roma.net\/it\/foro-romano\/\"},{\"@type\":\"ListItem\",\"position\":3,\"name\":\"Foro originale e Comizio\"}]}]}<\/script>\n<!-- \/ Yoast SEO plugin. -->","yoast_head_json":{"title":"Foro originale e Comizio &ndash; Rome-Roma","description":"Il Comizio, tra i Rostri e la Curia era il centro politico pi\u00f9 antico di Roma. A sud si estendeva la Piazza del Foro, luogo di riunione.","robots":{"index":"index","follow":"follow","max-snippet":"max-snippet:-1","max-image-preview":"max-image-preview:large","max-video-preview":"max-video-preview:-1"},"canonical":"https:\/\/www.rome-roma.net\/it\/foro-romano\/foro-originale\/","og_locale":"it_IT","og_type":"article","og_title":"Foro originale e Comizio &ndash; Rome-Roma","og_description":"Il Comizio, tra i Rostri e la Curia era il centro politico pi\u00f9 antico di Roma. A sud si estendeva la Piazza del Foro, luogo di riunione.","og_url":"https:\/\/www.rome-roma.net\/it\/foro-romano\/foro-originale\/","og_site_name":"Rome-Roma","article_modified_time":"2025-07-26T13:46:37+00:00","og_image":[{"url":"https:\/\/www.rome-roma.net\/photos\/fororomanodiroma\/images\/colonnetetrarchiche_roma_0104.jpg"}],"twitter_card":"summary_large_image","twitter_misc":{"Tempo di lettura stimato":"2 minuti"},"schema":{"@context":"https:\/\/schema.org","@graph":[{"@type":"Organization","@id":"https:\/\/www.rome-roma.net\/it\/#organization","name":"Rome-Roma","url":"https:\/\/www.rome-roma.net\/it\/","sameAs":[],"logo":{"@type":"ImageObject","@id":"https:\/\/www.rome-roma.net\/it\/#logo","inLanguage":"it-IT","url":"https:\/\/www.rome-roma.net\/wp-content\/uploads\/2025\/07\/logo-rome-roma-420.jpg","contentUrl":"https:\/\/www.rome-roma.net\/wp-content\/uploads\/2025\/07\/logo-rome-roma-420.jpg","width":420,"height":420,"caption":"Rome-Roma"},"image":{"@id":"https:\/\/www.rome-roma.net\/it\/#logo"}},{"@type":"WebSite","@id":"https:\/\/www.rome-roma.net\/it\/#website","url":"https:\/\/www.rome-roma.net\/it\/","name":"Rome-Roma","description":"Cultura & Viaggio","publisher":{"@id":"https:\/\/www.rome-roma.net\/it\/#organization"},"potentialAction":[{"@type":"SearchAction","target":{"@type":"EntryPoint","urlTemplate":"https:\/\/www.rome-roma.net\/it\/?s={search_term_string}"},"query-input":"required name=search_term_string"}],"inLanguage":"it-IT"},{"@type":"ImageObject","@id":"https:\/\/www.rome-roma.net\/it\/foro-romano\/foro-originale\/#primaryimage","inLanguage":"it-IT","url":"https:\/\/www.rome-roma.net\/photos\/fororomanodiroma\/images\/colonnetetrarchiche_roma_0104.jpg","contentUrl":"https:\/\/www.rome-roma.net\/photos\/fororomanodiroma\/images\/colonnetetrarchiche_roma_0104.jpg"},{"@type":"WebPage","@id":"https:\/\/www.rome-roma.net\/it\/foro-romano\/foro-originale\/#webpage","url":"https:\/\/www.rome-roma.net\/it\/foro-romano\/foro-originale\/","name":"Foro originale e Comizio &ndash; Rome-Roma","isPartOf":{"@id":"https:\/\/www.rome-roma.net\/it\/#website"},"primaryImageOfPage":{"@id":"https:\/\/www.rome-roma.net\/it\/foro-romano\/foro-originale\/#primaryimage"},"datePublished":"2020-03-14T16:22:01+00:00","dateModified":"2025-07-26T13:46:37+00:00","description":"Il Comizio, tra i Rostri e la Curia era il centro politico pi\u00f9 antico di Roma. A sud si estendeva la Piazza del Foro, luogo di riunione.","breadcrumb":{"@id":"https:\/\/www.rome-roma.net\/it\/foro-romano\/foro-originale\/#breadcrumb"},"inLanguage":"it-IT","potentialAction":[{"@type":"ReadAction","target":["https:\/\/www.rome-roma.net\/it\/foro-romano\/foro-originale\/"]}]},{"@type":"BreadcrumbList","@id":"https:\/\/www.rome-roma.net\/it\/foro-romano\/foro-originale\/#breadcrumb","itemListElement":[{"@type":"ListItem","position":1,"name":"Accueil","item":"https:\/\/www.rome-roma.net\/it\/"},{"@type":"ListItem","position":2,"name":"Foro romano di Roma","item":"https:\/\/www.rome-roma.net\/it\/foro-romano\/"},{"@type":"ListItem","position":3,"name":"Foro originale e Comizio"}]}]}},"acf_fields":{"nom_monument":"Comizio del Foro romano","wikidata":null,"sameas":""},"_links":{"self":[{"href":"https:\/\/www.rome-roma.net\/it\/wp-json\/wp\/v2\/site\/6722"}],"collection":[{"href":"https:\/\/www.rome-roma.net\/it\/wp-json\/wp\/v2\/site"}],"about":[{"href":"https:\/\/www.rome-roma.net\/it\/wp-json\/wp\/v2\/types\/site"}],"replies":[{"embeddable":true,"href":"https:\/\/www.rome-roma.net\/it\/wp-json\/wp\/v2\/comments?post=6722"}],"up":[{"embeddable":true,"href":"https:\/\/www.rome-roma.net\/it\/wp-json\/wp\/v2\/site\/5482"}],"wp:attachment":[{"href":"https:\/\/www.rome-roma.net\/it\/wp-json\/wp\/v2\/media?parent=6722"}],"wp:term":[{"taxonomy":"genre","embeddable":true,"href":"https:\/\/www.rome-roma.net\/it\/wp-json\/wp\/v2\/genre?post=6722"},{"taxonomy":"interet","embeddable":true,"href":"https:\/\/www.rome-roma.net\/it\/wp-json\/wp\/v2\/interet?post=6722"},{"taxonomy":"quartier","embeddable":true,"href":"https:\/\/www.rome-roma.net\/it\/wp-json\/wp\/v2\/quartier?post=6722"},{"taxonomy":"categorie_site","embeddable":true,"href":"https:\/\/www.rome-roma.net\/it\/wp-json\/wp\/v2\/categorie_site?post=6722"},{"taxonomy":"quartier_historique","embeddable":true,"href":"https:\/\/www.rome-roma.net\/it\/wp-json\/wp\/v2\/quartier_historique?post=6722"},{"taxonomy":"etiquettes_site","embeddable":true,"href":"https:\/\/www.rome-roma.net\/it\/wp-json\/wp\/v2\/etiquettes_site?post=6722"}],"curies":[{"name":"wp","href":"https:\/\/api.w.org\/{rel}","templated":true}]}}