


{"id":6756,"date":"2020-02-06T10:34:41","date_gmt":"2020-02-06T09:34:41","guid":{"rendered":"https:\/\/www.rome-roma.net\/site\/galerie-et-palais-doria-pamhilj\/"},"modified":"2026-04-05T19:28:05","modified_gmt":"2026-04-05T17:28:05","slug":"galleria-e-palazzo-doria-pamphilj","status":"publish","type":"site","link":"https:\/\/www.rome-roma.net\/it\/galleria-e-palazzo-doria-pamphilj\/","title":{"rendered":"Galleria e Palazzo Doria Pamphilj"},"content":{"rendered":"<p>Il prestigioso <strong>Palazzo Pamphili<\/strong> (scritto anche <em>Pamphilj<\/em>), uni dei pi\u00f9 grandi palazzi privati di Roma e uno dei pi\u00f9 belli, combina diversi stili architettonici, tra cui il tardo barocco. Ospita anche la <strong>Galleria Doria-Pamphilj<\/strong>, un museo privato appartenente alla famiglia <strong>Doria Pamphilj Landi<\/strong>.<\/p>\n<h2>Uno dei pi\u00f9 grandi palazzi di Roma<\/h2>\n<div id=\"attachment_9869\" style=\"width: 310px\" class=\"wp-caption alignright\"><a href=\"https:\/\/www.rome-roma.net\/wp-content\/uploads\/2020\/02\/palais-doria-pamphili_3602.jpg\"><img aria-describedby=\"caption-attachment-9869\" loading=\"lazy\" class=\"wp-image-9869 size-medium\" src=\"https:\/\/www.rome-roma.net\/wp-content\/uploads\/2020\/02\/palais-doria-pamphili_3602-300x200.jpg\" alt=\"Galleria degli Specchi, palais-doria-pamphili_3602\" width=\"300\" height=\"200\" srcset=\"https:\/\/www.rome-roma.net\/wp-content\/uploads\/2020\/02\/palais-doria-pamphili_3602-300x200.jpg 300w, https:\/\/www.rome-roma.net\/wp-content\/uploads\/2020\/02\/palais-doria-pamphili_3602-1024x683.jpg 1024w, https:\/\/www.rome-roma.net\/wp-content\/uploads\/2020\/02\/palais-doria-pamphili_3602-768x512.jpg 768w, https:\/\/www.rome-roma.net\/wp-content\/uploads\/2020\/02\/palais-doria-pamphili_3602.jpg 1200w\" sizes=\"(max-width: 300px) 100vw, 300px\" \/><\/a><p id=\"caption-attachment-9869\" class=\"wp-caption-text\">Galleria degli Specchi<\/p><\/div>\n<p>Situato all&#8217;incrocio tra Via del Corso, Via della Gatta e Piazza del Collegio Romano, il <strong>Palazzo Doria Pamphilj<\/strong> risale ai secoli XVI-XVIII. Costantemente rinnovato e ampliato, \u00e8 oggi uno dei pi\u00f9 grandi palazzi privati di Roma. <br \/>Inizialmente costruito dal cardinale <strong>Fazio Santoro<\/strong>, divenne in seguito propriet\u00e0 dei <strong>Della Rovere<\/strong> e poi del cardinale <strong>Pietro Aldobrandini<\/strong> all&#8217;inizio del XVII secolo. Nel 1647, <strong>Olimpia Aldobrandini<\/strong> lo port\u00f2 in dote al principe <strong>Camillo Pamphilj<\/strong>, nipote di papa <strong>Innocenzo X<\/strong>. Da allora, \u00e8 rimasto nel patrimonio dei <strong>Doria-Pamphilj<\/strong>, discendenti diretti dei Pamphilj. <br \/>Le collezioni esposte, accessibili al pubblico, sono distribuite in diverse sale, tra cui la cappella progettata da Carlo Fontana e la sontuosa <strong>Galleria degli Specchi<\/strong>.<\/p>\n<p><span style=\"font-size: 18pt;\">Uno sguardo all&#8217;esterno<\/span><\/p>\n<p>La facciata su Via del Corso si divide in cinque sezioni verticali, adornate da tre portali. Quello centrale, particolarmente notevole, \u00e8 affiancato da quattro colonne con capitelli decorati con gigli. I tre piani presentano finestre incorniciate da colonne e sormontate da piccoli timpani di stili diversi. Un balcone centrale in travertino e due logge laterali curve completano l&#8217;insieme. La cornice \u00e8 decorata con gli stemmi dei Pamphilj: gigli e colombe con un ramoscello d&#8217;ulivo nel becco.<\/p>\n\n\t\t<style type=\"text\/css\">\n\t\t\t#gallery-1 {\n\t\t\t\tmargin: auto;\n\t\t\t}\n\t\t\t#gallery-1 .gallery-item {\n\t\t\t\tfloat: left;\n\t\t\t\tmargin-top: 10px;\n\t\t\t\ttext-align: center;\n\t\t\t\twidth: 20%;\n\t\t\t}\n\t\t\t#gallery-1 img {\n\t\t\t\tborder: 2px solid #cfcfcf;\n\t\t\t}\n\t\t\t#gallery-1 .gallery-caption {\n\t\t\t\tmargin-left: 0;\n\t\t\t}\n\t\t\t\/* see gallery_shortcode() in wp-includes\/media.php *\/\n\t\t<\/style>\n\t\t<div id='gallery-1' class='gallery galleryid-6756 gallery-columns-5 gallery-size-thumbnail'><dl class='gallery-item'>\n\t\t\t<dt class='gallery-icon landscape'>\n\t\t\t\t<a href='https:\/\/www.rome-roma.net\/wp-content\/uploads\/2020\/02\/palais-doria-pamphili_1187.jpg'><img width=\"150\" height=\"150\" src=\"https:\/\/www.rome-roma.net\/wp-content\/uploads\/2020\/02\/palais-doria-pamphili_1187-150x150.jpg\" class=\"attachment-thumbnail size-thumbnail\" alt=\"palais-doria-pamphili_1187\" loading=\"lazy\" aria-describedby=\"gallery-1-9862\" srcset=\"https:\/\/www.rome-roma.net\/wp-content\/uploads\/2020\/02\/palais-doria-pamphili_1187-150x150.jpg 150w, https:\/\/www.rome-roma.net\/wp-content\/uploads\/2020\/02\/palais-doria-pamphili_1187-50x50.jpg 50w, https:\/\/www.rome-roma.net\/wp-content\/uploads\/2020\/02\/palais-doria-pamphili_1187-80x80.jpg 80w, https:\/\/www.rome-roma.net\/wp-content\/uploads\/2020\/02\/palais-doria-pamphili_1187-75x75.jpg 75w\" sizes=\"(max-width: 150px) 100vw, 150px\" \/><\/a>\n\t\t\t<\/dt>\n\t\t\t\t<dd class='wp-caption-text gallery-caption' id='gallery-1-9862'>\n\t\t\t\tFa\u00e7ade sur la Piazza del Collegio Romano (XVIIe)\n\t\t\t\t<\/dd><\/dl><dl class='gallery-item'>\n\t\t\t<dt class='gallery-icon landscape'>\n\t\t\t\t<a href='https:\/\/www.rome-roma.net\/wp-content\/uploads\/2020\/02\/palais-doria-pamphili_1188.jpg'><img width=\"150\" height=\"150\" src=\"https:\/\/www.rome-roma.net\/wp-content\/uploads\/2020\/02\/palais-doria-pamphili_1188-150x150.jpg\" class=\"attachment-thumbnail size-thumbnail\" alt=\"palais-doria-pamphili_1188\" loading=\"lazy\" aria-describedby=\"gallery-1-9867\" srcset=\"https:\/\/www.rome-roma.net\/wp-content\/uploads\/2020\/02\/palais-doria-pamphili_1188-150x150.jpg 150w, https:\/\/www.rome-roma.net\/wp-content\/uploads\/2020\/02\/palais-doria-pamphili_1188-50x50.jpg 50w, https:\/\/www.rome-roma.net\/wp-content\/uploads\/2020\/02\/palais-doria-pamphili_1188-80x80.jpg 80w, https:\/\/www.rome-roma.net\/wp-content\/uploads\/2020\/02\/palais-doria-pamphili_1188-75x75.jpg 75w\" sizes=\"(max-width: 150px) 100vw, 150px\" \/><\/a>\n\t\t\t<\/dt>\n\t\t\t\t<dd class='wp-caption-text gallery-caption' id='gallery-1-9867'>\n\t\t\t\tFa\u00e7ade sur la Piazza del Collegio Romano (XVIIe)\n\t\t\t\t<\/dd><\/dl><dl class='gallery-item'>\n\t\t\t<dt class='gallery-icon landscape'>\n\t\t\t\t<a href='https:\/\/www.rome-roma.net\/wp-content\/uploads\/2020\/02\/palais-doria-pamphili_3602.jpg'><img width=\"150\" height=\"150\" src=\"https:\/\/www.rome-roma.net\/wp-content\/uploads\/2020\/02\/palais-doria-pamphili_3602-150x150.jpg\" class=\"attachment-thumbnail size-thumbnail\" alt=\"palais-doria-pamphili_3602\" loading=\"lazy\" aria-describedby=\"gallery-1-9872\" srcset=\"https:\/\/www.rome-roma.net\/wp-content\/uploads\/2020\/02\/palais-doria-pamphili_3602-150x150.jpg 150w, https:\/\/www.rome-roma.net\/wp-content\/uploads\/2020\/02\/palais-doria-pamphili_3602-50x50.jpg 50w, https:\/\/www.rome-roma.net\/wp-content\/uploads\/2020\/02\/palais-doria-pamphili_3602-80x80.jpg 80w, https:\/\/www.rome-roma.net\/wp-content\/uploads\/2020\/02\/palais-doria-pamphili_3602-75x75.jpg 75w\" sizes=\"(max-width: 150px) 100vw, 150px\" \/><\/a>\n\t\t\t<\/dt>\n\t\t\t\t<dd class='wp-caption-text gallery-caption' id='gallery-1-9872'>\n\t\t\t\tGalerie des Glaces\n\t\t\t\t<\/dd><\/dl><dl class='gallery-item'>\n\t\t\t<dt class='gallery-icon landscape'>\n\t\t\t\t<a href='https:\/\/www.rome-roma.net\/wp-content\/uploads\/2020\/02\/galleria-degli-specchi-palazzo-doria-pamphili_3603.jpg'><img width=\"150\" height=\"150\" src=\"https:\/\/www.rome-roma.net\/wp-content\/uploads\/2020\/02\/galleria-degli-specchi-palazzo-doria-pamphili_3603-150x150.jpg\" class=\"attachment-thumbnail size-thumbnail\" alt=\"Galerie des Glaces, palais-doria-pamphili_3602\" loading=\"lazy\" aria-describedby=\"gallery-1-9877\" srcset=\"https:\/\/www.rome-roma.net\/wp-content\/uploads\/2020\/02\/galleria-degli-specchi-palazzo-doria-pamphili_3603-150x150.jpg 150w, https:\/\/www.rome-roma.net\/wp-content\/uploads\/2020\/02\/galleria-degli-specchi-palazzo-doria-pamphili_3603-50x50.jpg 50w, https:\/\/www.rome-roma.net\/wp-content\/uploads\/2020\/02\/galleria-degli-specchi-palazzo-doria-pamphili_3603-80x80.jpg 80w, https:\/\/www.rome-roma.net\/wp-content\/uploads\/2020\/02\/galleria-degli-specchi-palazzo-doria-pamphili_3603-75x75.jpg 75w\" sizes=\"(max-width: 150px) 100vw, 150px\" \/><\/a>\n\t\t\t<\/dt>\n\t\t\t\t<dd class='wp-caption-text gallery-caption' id='gallery-1-9877'>\n\t\t\t\tGalerie de Glaces\n\t\t\t\t<\/dd><\/dl><dl class='gallery-item'>\n\t\t\t<dt class='gallery-icon landscape'>\n\t\t\t\t<a href='https:\/\/www.rome-roma.net\/wp-content\/uploads\/2020\/02\/galleria-degli-specchi-palazzo-doria-pamphili_3607.jpg'><img width=\"150\" height=\"150\" src=\"https:\/\/www.rome-roma.net\/wp-content\/uploads\/2020\/02\/galleria-degli-specchi-palazzo-doria-pamphili_3607-150x150.jpg\" class=\"attachment-thumbnail size-thumbnail\" alt=\"galleria-degli-specchi-palazzo-doria-pamphili_3607\" loading=\"lazy\" aria-describedby=\"gallery-1-9882\" srcset=\"https:\/\/www.rome-roma.net\/wp-content\/uploads\/2020\/02\/galleria-degli-specchi-palazzo-doria-pamphili_3607-150x150.jpg 150w, https:\/\/www.rome-roma.net\/wp-content\/uploads\/2020\/02\/galleria-degli-specchi-palazzo-doria-pamphili_3607-50x50.jpg 50w, https:\/\/www.rome-roma.net\/wp-content\/uploads\/2020\/02\/galleria-degli-specchi-palazzo-doria-pamphili_3607-80x80.jpg 80w, https:\/\/www.rome-roma.net\/wp-content\/uploads\/2020\/02\/galleria-degli-specchi-palazzo-doria-pamphili_3607-75x75.jpg 75w\" sizes=\"(max-width: 150px) 100vw, 150px\" \/><\/a>\n\t\t\t<\/dt>\n\t\t\t\t<dd class='wp-caption-text gallery-caption' id='gallery-1-9882'>\n\t\t\t\tGalerie de Glaces\n\t\t\t\t<\/dd><\/dl><br style=\"clear: both\" \/>\n\t\t<\/div>\n\n<h2>Le opere della Galleria Pamphilj<\/h2>\n<div style=\"width: 247px\" class=\"wp-caption alignright\"><img loading=\"lazy\" src=\"https:\/\/www.rome-roma.net\/photos\/palais\/galleria-pamphilj\/velazquez-portrait-of-innocent-x-c1650.jpg\" alt=\"Ritratto di Innocenzo X, di Diego Vel\u00e1zquez\" width=\"237\" height=\"300\" align=\"right\" border=\"0\" hspace=\"5\" vspace=\"4\" \/><p class=\"wp-caption-text\">Ritratto di Innocenzo X, di Diego Vel\u00e1zquez, circa 1650<\/p><\/div>\n<p>Il nucleo delle collezioni della <strong>Galleria Pamphilj<\/strong> risale all&#8217;eredit\u00e0 Aldobrandini, divisa tra Gianbattista Pamphilj e Gianbattista Borghese, i due figli di Olimpia Aldobrandini. <br \/>Queste collezioni furono successivamente arricchite dagli acquisti del principe Camillo e dei suoi successori. Sono protette da due fideicommissi, uno stabilito da Innocenzo X nel 1651 e l&#8217;altro dal ramo Aldobrandini, impedendo cos\u00ec la dispersione dei beni. <br \/>La collezione \u00e8 stata quindi costituita nei secoli dalle famiglie Doria, Pamphilj, Landi e Aldobrandini, unite attraverso matrimoni e diventate Doria Pamphilj.<\/p>\n<h3>Alcune opere principali esposte<\/h3>\n<ul>\n<li><strong>Algardi<\/strong>: <em>Busto di Benedetto Pamphilj<\/em> (circa 1640-1650), <em>Busto di Olimpia Pamphilj<\/em> (circa 1640-1650)<\/li>\n<li><strong>Bernini<\/strong>: <em>Busti di Innocenzo X<\/em> (circa 1647-1650, due esemplari realizzati a pochi giorni di distanza)<\/li>\n<li><strong>Annibale Carracci<\/strong>: <em>Maddalena penitente<\/em> (data di creazione non specificata), <em>San Girolamo<\/em> (data di creazione non specificata), <em>Paesaggio con la fuga in Egitto<\/em> (circa 1604)<\/li>\n<li><strong>Claude Lorrain<\/strong>: <em>Paesaggio con figure danzanti<\/em> (data di creazione non specificata), <em>Paesaggio con Diana<\/em> (data di creazione non specificata), <em>Cefalo e Procri<\/em> (data di creazione non specificata), <em>Veduta di Delfi con processione<\/em> (data di creazione non specificata), <em>Paesaggio con Apollo e Mercurio<\/em> (data di creazione non specificata)<\/li>\n<li><strong>Guercino<\/strong>: <em>Erminia ritrova Tancredi ferito<\/em> (circa 1650), <em>Endimione dormiente<\/em> (data di creazione non specificata)<\/li>\n<li><strong>Caravaggio<\/strong>: <em>Riposo durante la fuga in Egitto<\/em> (circa 1597), <em>Maddalena penitente<\/em> (circa 1598-1599), <em>San Giovanni Battista<\/em> (circa 1602)<\/li>\n<li><strong>Tiziano<\/strong>: <em>Salom\u00e8<\/em> (circa 1516)<\/li>\n<li><strong>Raffaello<\/strong>: <em>Ritratto di Andrea Navagero e Agostino Beazzano<\/em> (circa 1516)<\/li>\n<li><strong>Giorgio Vasari<\/strong>: <em>Deposizione dalla croce<\/em> (data di creazione non specificata)<\/li>\n<li><strong>Diego Vel\u00e1zquez<\/strong>: <em>Ritratto di Innocenzo X<\/em> (circa 1650)<\/li>\n<li><strong>Pieter Brueghel il Vecchio<\/strong>: <em>Battaglia navale nel golfo di Napoli<\/em> (tra il 1558 e il 1562)<\/li>\n<li><strong>Il Domenichino<\/strong>: <em>Susanna e i vecchioni<\/em> (1603)<\/li>\n<li><strong>Jos\u00e9 de Ribera<\/strong>: <em>San Girolamo<\/em> (1637)<\/li>\n<li><strong>Sebastiano del Piombo<\/strong>: <em>Ritratto di Andrea Doria<\/em> (1526)<\/li>\n<li><strong>Hans Memling<\/strong>: <em>Compianto sul Cristo morto<\/em> (circa 1470)<\/li>\n<li><strong>Filippo Lippi<\/strong>: <em>Annunciazione<\/em> (circa 1445-1450)<\/li>\n<li><strong>Jan Gossaert (Mabuse)<\/strong>: <em>Dittico Doria-Pamphilj<\/em> (circa 1508)<\/li>\n<li><strong>Parmigianino<\/strong>: <em>Madonna Doria<\/em> (circa 1525)<\/li>\n<\/ul>\n\n\n<h2>Cartina ed indirizzo<\/h2>\r\n\t\t<b>Indirizzo : <\/b>Via del Corso, 305, 00186 Roma RM, Italie<div id=\"travelersmap-container-69f4d784aab95\" class=\"travelersmap-container\" style=\"z-index: 1; min-height: 10px; min-width:10px; height:400px;width:100%; max-width:; max-height:; position:relative;\"><div style=\"position:absolute; z-index:-1;top: 50%;text-align: center;display: block;left: 50%;transform: translate(-50%,-50%);\">Travelers' Map is loading... <br> If you see this after your page is loaded completely, leafletJS files are missing.<\/div><\/div><i>Clicca sulla freccia per localizzarti sulla mappa<\/i><br><br>\n\n\n<h2>Informazioni e visita della galleria<\/h2>\n<table style=\"margin-bottom: 0rem;\"><tbody><tr style=\"background-color:#fcfaf7; \" \r\n    onmouseover=\"this.style.backgroundColor='#f7dbb8';\" \r\n    onmouseout=\"this.style.backgroundColor='#fcfaf7';\"><td style=\"vertical-align: middle; text-align: right;\"><a href=\"https:\/\/www.getyourguide.it\/palazzo-doria-pamphilj-l3281\/rome-entree-vip-au-palazzo-doria-pamphilj-t224619\/?partner_id=DLYVAO3&#038;utm_medium=online_publisher&#038;placement=content-middle\" target=\"_blank\" rel=\"nofollow noopener\">Biglietti per visitare la Galleria Pamphilj<\/a><\/td><td style=\"width:70px;\"><a href=\"https:\/\/www.getyourguide.it\/palazzo-doria-pamphilj-l3281\/rome-entree-vip-au-palazzo-doria-pamphilj-t224619\/?partner_id=DLYVAO3&#038;utm_medium=online_publisher&#038;placement=content-middle\" target=\"_blank\" rel=\"nofollow noopener\"><img style=\"display:inline;vertical-align:middle;padding:5px;\" src=\"https:\/\/www.rome-roma.net\/images\/icones\/icone-tickets2.png\" alt=\"icona biglietti visita\" title=\"Biglietti per visitare la Galleria Pamphilj\" width=\"65\" align=\"center\"><\/a><\/td><\/tr><tr style=\"background-color:#ffffff; \" \r\n    onmouseover=\"this.style.backgroundColor='#f7dbb8';\" \r\n    onmouseout=\"this.style.backgroundColor='#ffffff';\"><td style=\"vertical-align: middle; text-align: right;\"><a href=\"https:\/\/www.booking.com\/searchresults.it.html?aid=308344;label=headerlandmark;landmark=1090;group_adults=2;no_rooms=1;group_children=0;nflt=review_score=80%3Bdistance=1000\" target=\"_blank\" rel=\"nofollow noopener\">Alberghi, camere e appartamenti vicino al monumento<\/a><\/td><td style=\"width:70px;\"><a href=\"https:\/\/www.booking.com\/searchresults.it.html?aid=308344;label=headerlandmark;landmark=1090;group_adults=2;no_rooms=1;group_children=0;nflt=review_score=80%3Bdistance=1000\" target=\"_blank\" rel=\"nofollow noopener\"><img style=\"display:inline;vertical-align:middle;padding:5px;\" src=\"https:\/\/www.rome-roma.net\/images\/icones\/icone-hotel22.png\" alt=\"icona alberghi\" title=\"Alberghi, camere e appartamenti vicino al monumento\" width=\"65\" align=\"center\"><\/a><\/td><\/tr><\/tbody><\/table>\n<table style=\"border-collapse: collapse; width: 100%; height: 572px;\">\n<tbody>\n<tr style=\"background-color: #fae8c3;\">\n<td style=\"width: 100%; height: 86px;\"><span style=\"font-size: 10pt;\"><strong>Galleria Doria Pamphilj<\/strong> &#8211; Palazzo Doria Pamphilj<em><br \/>Via del Corso, 305 &#8211; 00186 Roma<\/em><\/span><br \/><em><span style=\"font-size: 10pt;\">Tel: (0039) 06 6797323 &#8211; e<span class=\"label\">mail:<\/span> <a href=\"mailto:info@dopart.it\">info@dopart.it<\/a> &#8211; <\/span><\/em><span style=\"font-size: 10pt;\"><em><span class=\"label\">Sito web:<\/span> <\/em><a href=\"https:\/\/www.doriapamphilj.it\/roma\/\" target=\"_blank\" rel=\"noopener\"><em>www.doriapamphilj.it\/roma\/<\/em><\/a><\/span><\/td>\n<\/tr>\n<tr style=\"background-color: #f7ece1;\">\n<td style=\"width: 100%; height: 285px;\">\n<p><span style=\"font-size: 10pt;\"><strong>Orari di apertura e tariffe delle visite della galleria<br \/><\/strong><\/span><\/p>\n<ul>\n<li><strong><span style=\"font-size: 10pt;\">Aperture e chiusure :<\/span><\/strong><br \/><span style=\"font-size: 10pt;\">Il luned\u00ec, marted\u00ec e gioved\u00ec dalle 9 alle 19 (ultimo ingresso alle 18).<\/span><br \/><span style=\"font-size: 10pt;\">Venerd\u00ec, sabato e domenica dalle 10 alle 20 (ultimo ingresso alle 19).<\/span><br \/><span style=\"font-size: 10pt;\">Giorno di chiusura settimanale: mercoled\u00ec.<\/span><br \/><span style=\"font-size: 10pt;\">Apertura straordinaria: mercoled\u00ec 31 dicembre 2025 dalle 9 alle 19 (ultimo ingresso alle 18).<\/span><br \/><span style=\"font-size: 10pt;\">Giorni di chiusura: 1 gennaio, Pasqua e 25 dicembre.<\/span><\/li>\n<li><span style=\"font-size: 10pt;\">Le visite si svolgono in fasce orarie prestabilite. In assenza di prenotazione, l&#8217;accesso immediato alla Galleria non \u00e8 garantito. <\/span><span style=\"font-size: 10pt;\">Informazioni disponibili all&#8217;indirizzo info@dopart.it o al numero di telefono +39 06 6797323 (9:30 &#8211; 19:30).<\/span><\/li>\n<li><span style=\"font-size: 10pt;\"><strong>Tariffe :<\/strong><br \/>Biglietto intero: \u20ac 16 + \u20ac 1 di prenotazione<\/span><br \/><span style=\"font-size: 10pt;\">Ingresso gratuito (eccetto \u20ac 1 di prenotazione) per i bambini sotto i 12 anni<\/span><br \/><span style=\"font-size: 10pt;\">Consulta tutte le condizioni tariffarie sul sito ufficiale<\/span><\/li>\n<li><span style=\"font-size: 10pt;\">Audioguida inclusa nel biglietto (in italiano, francese o inglese).<br \/><\/span><\/li>\n<\/ul>\n<\/td>\n<\/tr>\n<tr style=\"background-color: #fae8c3;\">\n<td style=\"width: 100%; height: 138px;\">\n<p><span style=\"font-size: 10pt;\"><b>Fonti e link per maggiori informazioni<\/b>:<\/span><\/p>\n<ul>\n<li><span style=\"font-size: 10pt;\">Sito ufficiale: <a href=\"https:\/\/www.doriapamphilj.it\/roma\/\" target=\"_blank\" rel=\"noopener noreferrer\">www.doriapamphilj.it\/roma<\/a><\/span><\/li>\n<li><span style=\"font-size: 10pt;\">Sito del comune di Roma 060608: <a href=\"https:\/\/060608.comune.roma.it\/cultura\/musei\/galleria-doria-pamphilj-2979\" target=\"_blank\" rel=\"noopener\">Galleria Pamphilj<\/a> e <a href=\"https:\/\/060608.comune.roma.it\/cultura\/beni-architettonici-e-storici\/palazzo-doria-pamphilj-15839\" target=\"_blank\" rel=\"noopener\">Palazzo Pamphilj<\/a><\/span><\/li>\n<\/ul>\n<\/td>\n<\/tr>\n<tr style=\"height: 63px;\">\n<td style=\"width: 100%; height: 63px;\">\n<p><span style=\"font-size: 10pt;\"><div data-gyg-href=\"https:\/\/widget.getyourguide.com\/default\/activities.frame\" data-gyg-locale-code=\"it-IT\" data-gyg-widget=\"activities\" data-gyg-number-of-items=\"2\" data-gyg-partner-id=\"DLYVAO3\" data-gyg-tour-ids=\"224619,355350\"><\/div><\/span><\/p>\n<\/td>\n<\/tr>\n<\/tbody>\n<\/table>\n\n\n<h2>Galleria fotografica<\/h2>\n\n\n<h3><strong><span style=\"font-size: 14pt;\">Sala del Pussino<\/span><br \/><\/strong><\/h3>\n<p><span class=\"Style3\"><a href=\"https:\/\/www.rome-roma.net\/photos\/2017\/galerie-pamphilj\/images\/sala_del_pussino_galerie_pamphilj_3579.jpg\" rel=\"lightbox[a]\"><img loading=\"lazy\" src=\"https:\/\/www.rome-roma.net\/photos\/2017\/galerie-pamphilj\/thumbnails\/sala_del_pussino_galerie_pamphilj_3579.jpg\" alt=\"Galerie Doria Pamphilj \u00e0 Rome\" width=\"154\" height=\"106\" border=\"0\" hspace=\"3\" vspace=\"3\" \/><\/a><\/span><span class=\"Style3\"><a href=\"https:\/\/www.rome-roma.net\/photos\/2017\/galerie-pamphilj\/images\/sala_del_pussino_galerie_pamphilj_3580.jpg\" rel=\"lightbox[a]\"><img loading=\"lazy\" src=\"https:\/\/www.rome-roma.net\/photos\/2017\/galerie-pamphilj\/thumbnails\/sala_del_pussino_galerie_pamphilj_3580.jpg\" alt=\"Galerie Doria Pamphilj \u00e0 Rome\" width=\"154\" height=\"106\" border=\"0\" hspace=\"3\" vspace=\"3\" \/><\/a><\/span><span class=\"Style3\"><a href=\"https:\/\/www.rome-roma.net\/photos\/2017\/galerie-pamphilj\/images\/salon_de_poussin_galerie_pamphilj_3588.jpg\" rel=\"lightbox[a]\"><img loading=\"lazy\" src=\"https:\/\/www.rome-roma.net\/photos\/2017\/galerie-pamphilj\/thumbnails\/salon_de_poussin_galerie_pamphilj_3588.jpg\" alt=\"Galerie Doria Pamphilj \u00e0 Rome\" width=\"106\" height=\"154\" border=\"0\" hspace=\"3\" vspace=\"3\" \/><\/a><br \/><\/span><\/p>\n<h3><span class=\"Style5\"><span style=\"font-size: 14pt;\"><strong>Salone dei Velluti<\/strong><\/span><br \/><\/span><\/h3>\n<p><span class=\"Style3\"><a href=\"https:\/\/www.rome-roma.net\/photos\/2017\/galerie-pamphilj\/images\/sala_del_pussino_galerie_pamphilj_3581.jpg\" rel=\"lightbox[a]\"><img loading=\"lazy\" src=\"https:\/\/www.rome-roma.net\/photos\/2017\/galerie-pamphilj\/thumbnails\/sala_del_pussino_galerie_pamphilj_3581.jpg\" alt=\"Galerie Doria Pamphilj \u00e0 Rome\" width=\"154\" height=\"106\" border=\"0\" hspace=\"3\" vspace=\"3\" \/><\/a> <br \/><\/span><\/p>\n<h3><strong><span style=\"font-size: 14pt;\">Sala da ballo<\/span> <\/strong><\/h3>\n<p><span class=\"Style3\"><a href=\"https:\/\/www.rome-roma.net\/photos\/2017\/galerie-pamphilj\/images\/sala_da_ballo_galerie_pamphilj_3582.jpg\" rel=\"lightbox[a]\"><img loading=\"lazy\" src=\"https:\/\/www.rome-roma.net\/photos\/2017\/galerie-pamphilj\/thumbnails\/sala_da_ballo_galerie_pamphilj_3582.jpg\" alt=\"Galerie Doria Pamphilj \u00e0 Rome\" width=\"154\" height=\"106\" border=\"0\" hspace=\"3\" vspace=\"3\" \/><\/a><\/span><span class=\"Style3\"><a href=\"https:\/\/www.rome-roma.net\/photos\/2017\/galerie-pamphilj\/images\/sala_da_ballo_galerie_pamphilj_3585.jpg\" rel=\"lightbox[a]\"><img loading=\"lazy\" src=\"https:\/\/www.rome-roma.net\/photos\/2017\/galerie-pamphilj\/thumbnails\/sala_da_ballo_galerie_pamphilj_3585.jpg\" alt=\"Galerie Doria Pamphilj \u00e0 Rome\" width=\"154\" height=\"106\" border=\"0\" hspace=\"3\" vspace=\"3\" \/><\/a><\/span><span class=\"Style3\"><a href=\"https:\/\/www.rome-roma.net\/photos\/2017\/galerie-pamphilj\/images\/sala_da_ballo_galerie_pamphilj_3586.jpg\" rel=\"lightbox[a]\"><img loading=\"lazy\" src=\"https:\/\/www.rome-roma.net\/photos\/2017\/galerie-pamphilj\/thumbnails\/sala_da_ballo_galerie_pamphilj_3586.jpg\" alt=\"Galerie Doria Pamphilj \u00e0 Rome\" width=\"154\" height=\"106\" border=\"0\" hspace=\"3\" vspace=\"3\" \/><\/a><\/span><\/p>\n<h3><span style=\"font-size: 14pt;\"><strong>Capella<\/strong><\/span><\/h3>\n<p><span class=\"Style3\"><a href=\"https:\/\/www.rome-roma.net\/photos\/2017\/galerie-pamphilj\/images\/capella_galerie_pamphilj_3587.jpg\" rel=\"lightbox[a]\"><img loading=\"lazy\" src=\"https:\/\/www.rome-roma.net\/photos\/2017\/galerie-pamphilj\/thumbnails\/capella_galerie_pamphilj_3587.jpg\" alt=\"Galerie Doria Pamphilj \u00e0 Rome\" width=\"154\" height=\"106\" border=\"0\" hspace=\"3\" vspace=\"3\" \/><\/a><br \/><\/span><\/p>\n<h3><span style=\"font-size: 14pt;\"><strong>Galleria Aldobrandini<\/strong><\/span><\/h3>\n<p><span class=\"Style3\"><a href=\"https:\/\/www.rome-roma.net\/photos\/2017\/galerie-pamphilj\/images\/galleria_aldobrandini_galerie_pamphilj_3590.jpg\" rel=\"lightbox[a]\"><img loading=\"lazy\" src=\"https:\/\/www.rome-roma.net\/photos\/2017\/galerie-pamphilj\/thumbnails\/galleria_aldobrandini_galerie_pamphilj_3590.jpg\" alt=\"Galerie Doria Pamphilj \u00e0 Rome\" width=\"154\" height=\"106\" border=\"0\" hspace=\"3\" vspace=\"3\" \/><\/a><\/span><span class=\"Style3\"><a href=\"https:\/\/www.rome-roma.net\/photos\/2017\/galerie-pamphilj\/images\/galleria_aldobrandini_galerie_pamphilj_3591.jpg\" rel=\"lightbox[a]\"><img loading=\"lazy\" src=\"https:\/\/www.rome-roma.net\/photos\/2017\/galerie-pamphilj\/thumbnails\/galleria_aldobrandini_galerie_pamphilj_3591.jpg\" alt=\"Galerie Doria Pamphilj \u00e0 Rome\" width=\"154\" height=\"106\" border=\"0\" hspace=\"3\" vspace=\"3\" \/><\/a><\/span><span class=\"Style3\"><a href=\"https:\/\/www.rome-roma.net\/photos\/2017\/galerie-pamphilj\/images\/galleria_aldobrandini_galerie_pamphilj_3592.jpg\" rel=\"lightbox[a]\"><img loading=\"lazy\" src=\"https:\/\/www.rome-roma.net\/photos\/2017\/galerie-pamphilj\/thumbnails\/galleria_aldobrandini_galerie_pamphilj_3592.jpg\" alt=\"Galerie Doria Pamphilj \u00e0 Rome\" width=\"154\" height=\"106\" border=\"0\" hspace=\"3\" vspace=\"3\" \/><\/a><\/span><span class=\"Style3\"><a href=\"https:\/\/www.rome-roma.net\/photos\/2017\/galerie-pamphilj\/images\/galleria_aldobrandini_galerie_pamphilj_3593.jpg\" rel=\"lightbox[a]\"><img loading=\"lazy\" src=\"https:\/\/www.rome-roma.net\/photos\/2017\/galerie-pamphilj\/thumbnails\/galleria_aldobrandini_galerie_pamphilj_3593.jpg\" alt=\"Galerie Doria Pamphilj \u00e0 Rome\" width=\"154\" height=\"106\" border=\"0\" hspace=\"3\" vspace=\"3\" \/><\/a><\/span><br \/><span class=\"Style3\"><a href=\"https:\/\/www.rome-roma.net\/photos\/2017\/galerie-pamphilj\/images\/galleria_aldobrandini_galerie_pamphilj_3594.jpg\" rel=\"lightbox[a]\"><img loading=\"lazy\" src=\"https:\/\/www.rome-roma.net\/photos\/2017\/galerie-pamphilj\/thumbnails\/galleria_aldobrandini_galerie_pamphilj_3594.jpg\" alt=\"Galerie Doria Pamphilj \u00e0 Rome\" width=\"154\" height=\"106\" border=\"0\" hspace=\"3\" vspace=\"3\" \/><\/a><a href=\"https:\/\/www.rome-roma.net\/photos\/2017\/galerie-pamphilj\/images\/galleria_aldobrandini_galerie_pamphilj_3595.jpg\" rel=\"lightbox[a]\"><img loading=\"lazy\" src=\"https:\/\/www.rome-roma.net\/photos\/2017\/galerie-pamphilj\/thumbnails\/galleria_aldobrandini_galerie_pamphilj_3595.jpg\" alt=\"Galerie Doria Pamphilj \u00e0 Rome\" width=\"154\" height=\"106\" border=\"0\" hspace=\"3\" vspace=\"3\" \/><\/a><\/span><span class=\"Style3\"><a href=\"https:\/\/www.rome-roma.net\/photos\/2017\/galerie-pamphilj\/images\/galleria_aldobrandini_galerie_pamphilj_3599.jpg\" rel=\"lightbox[a]\"><img loading=\"lazy\" src=\"https:\/\/www.rome-roma.net\/photos\/2017\/galerie-pamphilj\/thumbnails\/galleria_aldobrandini_galerie_pamphilj_3599.jpg\" alt=\"Galerie Doria Pamphilj \u00e0 Rome\" width=\"154\" height=\"106\" border=\"0\" hspace=\"3\" vspace=\"3\" \/><\/a><\/span><span class=\"Style3\"><a href=\"https:\/\/www.rome-roma.net\/photos\/2017\/galerie-pamphilj\/images\/galleria_aldobrandini_galerie_pamphilj_3600.jpg\" rel=\"lightbox[a]\"><img loading=\"lazy\" src=\"https:\/\/www.rome-roma.net\/photos\/2017\/galerie-pamphilj\/thumbnails\/galleria_aldobrandini_galerie_pamphilj_3600.jpg\" alt=\"Galerie Doria Pamphilj \u00e0 Rome\" width=\"106\" height=\"154\" border=\"0\" hspace=\"3\" vspace=\"3\" \/><\/a><\/span><\/p>\n<h3><strong><span style=\"font-size: 14pt;\">Galleria degli Specchi<\/span><br \/><\/strong><\/h3>\n<p><span class=\"Style3\"><a href=\"https:\/\/www.rome-roma.net\/photos\/2017\/galerie-pamphilj\/images\/galleria_degli_specchi_galerie_pamphilj_3598.jpg\" rel=\"lightbox[a]\"><img loading=\"lazy\" src=\"https:\/\/www.rome-roma.net\/photos\/2017\/galerie-pamphilj\/thumbnails\/galleria_degli_specchi_galerie_pamphilj_3598.jpg\" alt=\"Galerie Doria Pamphilj \u00e0 Rome\" width=\"154\" height=\"106\" border=\"0\" hspace=\"3\" vspace=\"3\" \/><\/a><\/span><span class=\"Style3\"><a href=\"https:\/\/www.rome-roma.net\/photos\/2017\/galerie-pamphilj\/images\/galleria_degli_specchi_galerie_pamphilj_3601.jpg\" rel=\"lightbox[a]\"><img loading=\"lazy\" src=\"https:\/\/www.rome-roma.net\/photos\/2017\/galerie-pamphilj\/thumbnails\/galleria_degli_specchi_galerie_pamphilj_3601.jpg\" alt=\"Galerie Doria Pamphilj \u00e0 Rome\" width=\"154\" height=\"106\" border=\"0\" hspace=\"3\" vspace=\"3\" \/><\/a><\/span><span class=\"Style3\"><a href=\"https:\/\/www.rome-roma.net\/photos\/2017\/galerie-pamphilj\/images\/galleria_degli_specchi_galerie_pamphilj_3602.jpg\" rel=\"lightbox[a]\"><img loading=\"lazy\" src=\"https:\/\/www.rome-roma.net\/photos\/2017\/galerie-pamphilj\/thumbnails\/galleria_degli_specchi_galerie_pamphilj_3602.jpg\" alt=\"Galerie Doria Pamphilj \u00e0 Rome\" width=\"154\" height=\"106\" border=\"0\" hspace=\"3\" vspace=\"3\" \/><\/a><\/span><span class=\"Style3\"><a href=\"https:\/\/www.rome-roma.net\/photos\/2017\/galerie-pamphilj\/images\/galleria_degli_specchi_galerie_pamphilj_3603.jpg\" rel=\"lightbox[a]\"><img loading=\"lazy\" src=\"https:\/\/www.rome-roma.net\/photos\/2017\/galerie-pamphilj\/thumbnails\/galleria_degli_specchi_galerie_pamphilj_3603.jpg\" alt=\"Galerie Doria Pamphilj \u00e0 Rome\" width=\"154\" height=\"106\" border=\"0\" hspace=\"3\" vspace=\"3\" \/><\/a><\/span><span class=\"Style3\"><a href=\"https:\/\/www.rome-roma.net\/photos\/2017\/galerie-pamphilj\/images\/galleria_degli_specchi_galerie_pamphilj_3605.jpg\" rel=\"lightbox[a]\"><img loading=\"lazy\" src=\"https:\/\/www.rome-roma.net\/photos\/2017\/galerie-pamphilj\/thumbnails\/galleria_degli_specchi_galerie_pamphilj_3605.jpg\" alt=\"Galerie Doria Pamphilj \u00e0 Rome\" width=\"106\" height=\"154\" border=\"0\" hspace=\"3\" vspace=\"3\" \/><\/a><\/span><br \/><span class=\"Style3\"><a href=\"https:\/\/www.rome-roma.net\/photos\/2017\/galerie-pamphilj\/images\/galleria_degli_specchi_galerie_pamphilj_3607.jpg\" rel=\"lightbox[a]\"><img loading=\"lazy\" src=\"https:\/\/www.rome-roma.net\/photos\/2017\/galerie-pamphilj\/thumbnails\/galleria_degli_specchi_galerie_pamphilj_3607.jpg\" alt=\"Galerie Doria Pamphilj \u00e0 Rome\" width=\"154\" height=\"106\" border=\"0\" hspace=\"3\" vspace=\"3\" \/><\/a><\/span><span class=\"Style3\"><br \/><\/span><\/p>\n<h3><strong><span style=\"font-size: 14pt;\">Galleria Pamphilj<\/span> <\/strong><\/h3>\n<p><span class=\"Style3\"><a href=\"https:\/\/www.rome-roma.net\/photos\/2017\/galerie-pamphilj\/images\/galleria_doria_galerie_pamphilj_3584.jpg\" rel=\"lightbox[a]\"><img loading=\"lazy\" src=\"https:\/\/www.rome-roma.net\/photos\/2017\/galerie-pamphilj\/thumbnails\/galleria_doria_galerie_pamphilj_3584.jpg\" alt=\"Galerie Doria Pamphilj \u00e0 Rome\" width=\"154\" height=\"106\" border=\"0\" hspace=\"3\" vspace=\"3\" \/><\/a><\/span><span class=\"Style3\"><a href=\"https:\/\/www.rome-roma.net\/photos\/2017\/galerie-pamphilj\/images\/galleria_pamphilj_galerie_pamphilj_3608.jpg\" rel=\"lightbox[a]\"><img loading=\"lazy\" src=\"https:\/\/www.rome-roma.net\/photos\/2017\/galerie-pamphilj\/thumbnails\/galleria_pamphilj_galerie_pamphilj_3608.jpg\" alt=\"Galerie Doria Pamphilj \u00e0 Rome\" width=\"106\" height=\"154\" border=\"0\" hspace=\"3\" vspace=\"3\" \/><\/a><\/span><span class=\"Style3\"><a href=\"https:\/\/www.rome-roma.net\/photos\/2017\/galerie-pamphilj\/images\/galleria_pamphilj_galerie_pamphilj_3609.jpg\" rel=\"lightbox[a]\"><img loading=\"lazy\" src=\"https:\/\/www.rome-roma.net\/photos\/2017\/galerie-pamphilj\/thumbnails\/galleria_pamphilj_galerie_pamphilj_3609.jpg\" alt=\"Galerie Doria Pamphilj \u00e0 Rome\" width=\"154\" height=\"106\" border=\"0\" hspace=\"3\" vspace=\"3\" \/><\/a><\/span><\/p>\n<h3><span style=\"font-size: 14pt;\"><strong>Salone Aldobrandini<\/strong><\/span><\/h3>\n<p><span class=\"Style3\"><a href=\"https:\/\/www.rome-roma.net\/photos\/2017\/galerie-pamphilj\/images\/sala_aldobrandini_galerie_pamphilj_3611.jpg\" rel=\"lightbox[a]\"><img loading=\"lazy\" src=\"https:\/\/www.rome-roma.net\/photos\/2017\/galerie-pamphilj\/thumbnails\/sala_aldobrandini_galerie_pamphilj_3611.jpg\" alt=\"Galerie Doria Pamphilj \u00e0 Rome\" width=\"154\" height=\"106\" border=\"0\" hspace=\"3\" vspace=\"3\" \/><\/a><\/span><span class=\"Style3\"><a href=\"https:\/\/www.rome-roma.net\/photos\/2017\/galerie-pamphilj\/images\/sala_aldobrandini_galerie_pamphilj_3612.jpg\" rel=\"lightbox[a]\"><img loading=\"lazy\" src=\"https:\/\/www.rome-roma.net\/photos\/2017\/galerie-pamphilj\/thumbnails\/sala_aldobrandini_galerie_pamphilj_3612.jpg\" alt=\"Galerie Doria Pamphilj \u00e0 Rome\" width=\"154\" height=\"106\" border=\"0\" hspace=\"3\" vspace=\"3\" \/><\/a><\/span><span class=\"Style3\"><a href=\"https:\/\/www.rome-roma.net\/photos\/2017\/galerie-pamphilj\/images\/sala_aldobrandini_galerie_pamphilj_3613.jpg\" rel=\"lightbox[a]\"><img loading=\"lazy\" src=\"https:\/\/www.rome-roma.net\/photos\/2017\/galerie-pamphilj\/thumbnails\/sala_aldobrandini_galerie_pamphilj_3613.jpg\" alt=\"Galerie Doria Pamphilj \u00e0 Rome\" width=\"154\" height=\"106\" border=\"0\" hspace=\"3\" vspace=\"3\" \/><\/a><\/span><\/p>\n<h3><strong><span style=\"font-size: 14pt;\">Altre vedute del palazzo<\/span><br \/><\/strong><\/h3>\n<p><span class=\"Style3\"><a href=\"https:\/\/www.rome-roma.net\/photos\/2017\/galerie-pamphilj\/images\/palais_galerie_pamphilj_3614.jpg\" rel=\"lightbox[a]\"><img loading=\"lazy\" src=\"https:\/\/www.rome-roma.net\/photos\/2017\/galerie-pamphilj\/thumbnails\/palais_galerie_pamphilj_3614.jpg\" alt=\"Galerie Doria Pamphilj \u00e0 Rome\" width=\"154\" height=\"106\" border=\"0\" hspace=\"3\" vspace=\"3\" \/><\/a><\/span><span class=\"Style3\"><a href=\"https:\/\/www.rome-roma.net\/photos\/2017\/galerie-pamphilj\/images\/palais_galerie_pamphilj_3616.jpg\" rel=\"lightbox[a]\"><img loading=\"lazy\" src=\"https:\/\/www.rome-roma.net\/photos\/2017\/galerie-pamphilj\/thumbnails\/palais_galerie_pamphilj_3616.jpg\" alt=\"Galerie Doria Pamphilj \u00e0 Rome\" width=\"154\" height=\"106\" border=\"0\" hspace=\"3\" vspace=\"3\" \/><\/a><\/span><\/p>\n<p>\u00a0<\/p>\n<p><!--EndFragment--><\/p>","protected":false},"excerpt":{"rendered":"<p>Il prestigioso Palazzo Pamphili (scritto anche Pamphilj), uni dei pi\u00f9 grandi palazzi privati di Roma e uno dei pi\u00f9 belli, combina diversi stili architettonici, tra cui il tardo barocco. Ospita anche la Galleria Doria-Pamphilj, un museo privato appartenente alla famiglia Doria Pamphilj Landi. Uno dei pi\u00f9 grandi palazzi di Roma Situato all&#8217;incrocio tra Via del [&hellip;]<\/p>\n","protected":false},"featured_media":0,"parent":0,"menu_order":0,"comment_status":"open","ping_status":"open","template":"","format":"standard","meta":{"kt_blocks_editor_width":"","_links_to":"","_links_to_target":""},"genre":[275,277],"interet":[287],"quartier":[323],"categorie_site":[362,391,521],"quartier_historique":[451],"etiquettes_site":[],"acf":[],"yoast_head":"<!-- This site is optimized with the Yoast SEO plugin v17.4 - https:\/\/yoast.com\/wordpress\/plugins\/seo\/ -->\n<title>Galleria e Palazzo Doria Pamphilj &ndash; Rome-Roma<\/title>\n<meta name=\"description\" content=\"Ospitata nel storico Palazzo Doria Pamphilj, la galleria \u00e8 un importante museo privato a Roma. Orari di visita e di apertura, condizioni per visitare il palazzo ed i musei\" \/>\n<meta name=\"robots\" content=\"index, follow, max-snippet:-1, max-image-preview:large, max-video-preview:-1\" \/>\n<link rel=\"canonical\" href=\"https:\/\/www.rome-roma.net\/it\/galleria-e-palazzo-doria-pamphilj\/\" \/>\n<meta property=\"og:locale\" content=\"it_IT\" \/>\n<meta property=\"og:type\" content=\"article\" \/>\n<meta property=\"og:title\" content=\"Galleria e Palazzo Doria Pamphilj &ndash; Rome-Roma\" \/>\n<meta property=\"og:description\" content=\"Ospitata nel storico Palazzo Doria Pamphilj, la galleria \u00e8 un importante museo privato a Roma. Orari di visita e di apertura, condizioni per visitare il palazzo ed i musei\" \/>\n<meta property=\"og:url\" content=\"https:\/\/www.rome-roma.net\/it\/galleria-e-palazzo-doria-pamphilj\/\" \/>\n<meta property=\"og:site_name\" content=\"Rome-Roma\" \/>\n<meta property=\"article:modified_time\" content=\"2026-04-05T17:28:05+00:00\" \/>\n<meta property=\"og:image\" content=\"https:\/\/www.rome-roma.net\/wp-content\/uploads\/2020\/02\/palais-doria-pamphili_1187-150x150.jpg\" \/>\n<meta name=\"twitter:card\" content=\"summary_large_image\" \/>\n<meta name=\"twitter:label1\" content=\"Tempo di lettura stimato\" \/>\n\t<meta name=\"twitter:data1\" content=\"10 minuti\" \/>\n<script type=\"application\/ld+json\" class=\"yoast-schema-graph\">{\"@context\":\"https:\/\/schema.org\",\"@graph\":[{\"@type\":\"Organization\",\"@id\":\"https:\/\/www.rome-roma.net\/it\/#organization\",\"name\":\"Rome-Roma\",\"url\":\"https:\/\/www.rome-roma.net\/it\/\",\"sameAs\":[],\"logo\":{\"@type\":\"ImageObject\",\"@id\":\"https:\/\/www.rome-roma.net\/it\/#logo\",\"inLanguage\":\"it-IT\",\"url\":\"https:\/\/www.rome-roma.net\/wp-content\/uploads\/2025\/07\/logo-rome-roma-420.jpg\",\"contentUrl\":\"https:\/\/www.rome-roma.net\/wp-content\/uploads\/2025\/07\/logo-rome-roma-420.jpg\",\"width\":420,\"height\":420,\"caption\":\"Rome-Roma\"},\"image\":{\"@id\":\"https:\/\/www.rome-roma.net\/it\/#logo\"}},{\"@type\":\"WebSite\",\"@id\":\"https:\/\/www.rome-roma.net\/it\/#website\",\"url\":\"https:\/\/www.rome-roma.net\/it\/\",\"name\":\"Rome-Roma\",\"description\":\"Cultura & Viaggio\",\"publisher\":{\"@id\":\"https:\/\/www.rome-roma.net\/it\/#organization\"},\"potentialAction\":[{\"@type\":\"SearchAction\",\"target\":{\"@type\":\"EntryPoint\",\"urlTemplate\":\"https:\/\/www.rome-roma.net\/it\/?s={search_term_string}\"},\"query-input\":\"required name=search_term_string\"}],\"inLanguage\":\"it-IT\"},{\"@type\":\"ImageObject\",\"@id\":\"https:\/\/www.rome-roma.net\/it\/galleria-e-palazzo-doria-pamphilj\/#primaryimage\",\"inLanguage\":\"it-IT\",\"url\":\"https:\/\/www.rome-roma.net\/wp-content\/uploads\/2020\/02\/palais-doria-pamphili_3602.jpg\",\"contentUrl\":\"https:\/\/www.rome-roma.net\/wp-content\/uploads\/2020\/02\/palais-doria-pamphili_3602.jpg\",\"width\":1200,\"height\":800,\"caption\":\"Galerie des Glaces\"},{\"@type\":\"WebPage\",\"@id\":\"https:\/\/www.rome-roma.net\/it\/galleria-e-palazzo-doria-pamphilj\/#webpage\",\"url\":\"https:\/\/www.rome-roma.net\/it\/galleria-e-palazzo-doria-pamphilj\/\",\"name\":\"Galleria e Palazzo Doria Pamphilj &ndash; Rome-Roma\",\"isPartOf\":{\"@id\":\"https:\/\/www.rome-roma.net\/it\/#website\"},\"primaryImageOfPage\":{\"@id\":\"https:\/\/www.rome-roma.net\/it\/galleria-e-palazzo-doria-pamphilj\/#primaryimage\"},\"datePublished\":\"2020-02-06T09:34:41+00:00\",\"dateModified\":\"2026-04-05T17:28:05+00:00\",\"description\":\"Ospitata nel storico Palazzo Doria Pamphilj, la galleria \\u00e8 un importante museo privato a Roma. Orari di visita e di apertura, condizioni per visitare il palazzo ed i musei\",\"breadcrumb\":{\"@id\":\"https:\/\/www.rome-roma.net\/it\/galleria-e-palazzo-doria-pamphilj\/#breadcrumb\"},\"inLanguage\":\"it-IT\",\"potentialAction\":[{\"@type\":\"ReadAction\",\"target\":[\"https:\/\/www.rome-roma.net\/it\/galleria-e-palazzo-doria-pamphilj\/\"]}]},{\"@type\":\"BreadcrumbList\",\"@id\":\"https:\/\/www.rome-roma.net\/it\/galleria-e-palazzo-doria-pamphilj\/#breadcrumb\",\"itemListElement\":[{\"@type\":\"ListItem\",\"position\":1,\"name\":\"Accueil\",\"item\":\"https:\/\/www.rome-roma.net\/it\/\"},{\"@type\":\"ListItem\",\"position\":2,\"name\":\"Galleria e Palazzo Doria Pamphilj\"}]}]}<\/script>\n<!-- \/ Yoast SEO plugin. -->","yoast_head_json":{"title":"Galleria e Palazzo Doria Pamphilj &ndash; Rome-Roma","description":"Ospitata nel storico Palazzo Doria Pamphilj, la galleria \u00e8 un importante museo privato a Roma. Orari di visita e di apertura, condizioni per visitare il palazzo ed i musei","robots":{"index":"index","follow":"follow","max-snippet":"max-snippet:-1","max-image-preview":"max-image-preview:large","max-video-preview":"max-video-preview:-1"},"canonical":"https:\/\/www.rome-roma.net\/it\/galleria-e-palazzo-doria-pamphilj\/","og_locale":"it_IT","og_type":"article","og_title":"Galleria e Palazzo Doria Pamphilj &ndash; Rome-Roma","og_description":"Ospitata nel storico Palazzo Doria Pamphilj, la galleria \u00e8 un importante museo privato a Roma. Orari di visita e di apertura, condizioni per visitare il palazzo ed i musei","og_url":"https:\/\/www.rome-roma.net\/it\/galleria-e-palazzo-doria-pamphilj\/","og_site_name":"Rome-Roma","article_modified_time":"2026-04-05T17:28:05+00:00","og_image":[{"url":"https:\/\/www.rome-roma.net\/wp-content\/uploads\/2020\/02\/palais-doria-pamphili_1187-150x150.jpg"}],"twitter_card":"summary_large_image","twitter_misc":{"Tempo di lettura stimato":"10 minuti"},"schema":{"@context":"https:\/\/schema.org","@graph":[{"@type":"Organization","@id":"https:\/\/www.rome-roma.net\/it\/#organization","name":"Rome-Roma","url":"https:\/\/www.rome-roma.net\/it\/","sameAs":[],"logo":{"@type":"ImageObject","@id":"https:\/\/www.rome-roma.net\/it\/#logo","inLanguage":"it-IT","url":"https:\/\/www.rome-roma.net\/wp-content\/uploads\/2025\/07\/logo-rome-roma-420.jpg","contentUrl":"https:\/\/www.rome-roma.net\/wp-content\/uploads\/2025\/07\/logo-rome-roma-420.jpg","width":420,"height":420,"caption":"Rome-Roma"},"image":{"@id":"https:\/\/www.rome-roma.net\/it\/#logo"}},{"@type":"WebSite","@id":"https:\/\/www.rome-roma.net\/it\/#website","url":"https:\/\/www.rome-roma.net\/it\/","name":"Rome-Roma","description":"Cultura & Viaggio","publisher":{"@id":"https:\/\/www.rome-roma.net\/it\/#organization"},"potentialAction":[{"@type":"SearchAction","target":{"@type":"EntryPoint","urlTemplate":"https:\/\/www.rome-roma.net\/it\/?s={search_term_string}"},"query-input":"required name=search_term_string"}],"inLanguage":"it-IT"},{"@type":"ImageObject","@id":"https:\/\/www.rome-roma.net\/it\/galleria-e-palazzo-doria-pamphilj\/#primaryimage","inLanguage":"it-IT","url":"https:\/\/www.rome-roma.net\/wp-content\/uploads\/2020\/02\/palais-doria-pamphili_3602.jpg","contentUrl":"https:\/\/www.rome-roma.net\/wp-content\/uploads\/2020\/02\/palais-doria-pamphili_3602.jpg","width":1200,"height":800,"caption":"Galerie des Glaces"},{"@type":"WebPage","@id":"https:\/\/www.rome-roma.net\/it\/galleria-e-palazzo-doria-pamphilj\/#webpage","url":"https:\/\/www.rome-roma.net\/it\/galleria-e-palazzo-doria-pamphilj\/","name":"Galleria e Palazzo Doria Pamphilj &ndash; Rome-Roma","isPartOf":{"@id":"https:\/\/www.rome-roma.net\/it\/#website"},"primaryImageOfPage":{"@id":"https:\/\/www.rome-roma.net\/it\/galleria-e-palazzo-doria-pamphilj\/#primaryimage"},"datePublished":"2020-02-06T09:34:41+00:00","dateModified":"2026-04-05T17:28:05+00:00","description":"Ospitata nel storico Palazzo Doria Pamphilj, la galleria \u00e8 un importante museo privato a Roma. Orari di visita e di apertura, condizioni per visitare il palazzo ed i musei","breadcrumb":{"@id":"https:\/\/www.rome-roma.net\/it\/galleria-e-palazzo-doria-pamphilj\/#breadcrumb"},"inLanguage":"it-IT","potentialAction":[{"@type":"ReadAction","target":["https:\/\/www.rome-roma.net\/it\/galleria-e-palazzo-doria-pamphilj\/"]}]},{"@type":"BreadcrumbList","@id":"https:\/\/www.rome-roma.net\/it\/galleria-e-palazzo-doria-pamphilj\/#breadcrumb","itemListElement":[{"@type":"ListItem","position":1,"name":"Accueil","item":"https:\/\/www.rome-roma.net\/it\/"},{"@type":"ListItem","position":2,"name":"Galleria e Palazzo Doria Pamphilj"}]}]}},"acf_fields":{"nom_monument":"","wikidata":"Q385387","sameas":""},"_links":{"self":[{"href":"https:\/\/www.rome-roma.net\/it\/wp-json\/wp\/v2\/site\/6756"}],"collection":[{"href":"https:\/\/www.rome-roma.net\/it\/wp-json\/wp\/v2\/site"}],"about":[{"href":"https:\/\/www.rome-roma.net\/it\/wp-json\/wp\/v2\/types\/site"}],"replies":[{"embeddable":true,"href":"https:\/\/www.rome-roma.net\/it\/wp-json\/wp\/v2\/comments?post=6756"}],"wp:attachment":[{"href":"https:\/\/www.rome-roma.net\/it\/wp-json\/wp\/v2\/media?parent=6756"}],"wp:term":[{"taxonomy":"genre","embeddable":true,"href":"https:\/\/www.rome-roma.net\/it\/wp-json\/wp\/v2\/genre?post=6756"},{"taxonomy":"interet","embeddable":true,"href":"https:\/\/www.rome-roma.net\/it\/wp-json\/wp\/v2\/interet?post=6756"},{"taxonomy":"quartier","embeddable":true,"href":"https:\/\/www.rome-roma.net\/it\/wp-json\/wp\/v2\/quartier?post=6756"},{"taxonomy":"categorie_site","embeddable":true,"href":"https:\/\/www.rome-roma.net\/it\/wp-json\/wp\/v2\/categorie_site?post=6756"},{"taxonomy":"quartier_historique","embeddable":true,"href":"https:\/\/www.rome-roma.net\/it\/wp-json\/wp\/v2\/quartier_historique?post=6756"},{"taxonomy":"etiquettes_site","embeddable":true,"href":"https:\/\/www.rome-roma.net\/it\/wp-json\/wp\/v2\/etiquettes_site?post=6756"}],"curies":[{"name":"wp","href":"https:\/\/api.w.org\/{rel}","templated":true}]}}