


{"id":6778,"date":"2020-02-24T18:42:30","date_gmt":"2020-02-24T17:42:30","guid":{"rendered":"https:\/\/www.rome-roma.net\/site\/horaires-et-tarifs-des-monuments-et-des-musees\/"},"modified":"2026-04-13T15:15:11","modified_gmt":"2026-04-13T13:15:11","slug":"orari-e-tariffe-dei-monumenti-e-musei-di-roma","status":"publish","type":"site","link":"https:\/\/www.rome-roma.net\/it\/orari-e-tariffe-dei-monumenti-e-musei-di-roma\/","title":{"rendered":"Orari e tariffe dei monumenti e musei di Roma"},"content":{"rendered":"<p><em>Le tariffe e gli orari indicati potrebbero non essere aggiornati, ultimo aggiornamento: aprile 2026.<br \/>\nMolti musei nazionali e comunali sono liberamente accessibili una volta al mese, consulta l&#8217;<a href=\"https:\/\/www.rome-roma.net\/it\/ingresso-gratuito-nei-musei-ogni-mese\/\">elenco di questi<\/a>.<br \/>\nVedi anche la pagina che lista i <a href=\"https:\/\/www.rome-roma.net\/it\/musei-di-roma\/\">musei di Roma<\/a>.<\/em><em><br \/>\n<\/em><\/p>\n<hr \/>\n<h1 class=\"region-country-table\" style=\"text-align: center;\" align=\"center\"><span style=\"font-size: 24pt;\">Monumenti<\/span><\/h1>\n<h2 style=\"text-align: left;\"><a href=\"https:\/\/www.rome-roma.net\/it\/colosseo\/\"><span style=\"font-size: 12pt; background-color: #cde2f7;\"><strong>Colosseo<\/strong><\/span><\/a><span style=\"font-size: 12pt; background-color: #cde2f7;\"><strong> (info ed orari)<\/strong><\/span><\/h2>\n<p><span style=\"font-size: 10pt;\"><span class=\"accueilparagraphe\"><em>Piazza del Colosseo<br \/>\nTel. : (+39) 06 39967700 \u2013 <a href=\"https:\/\/colosseo.it\/\" target=\"_blank\" rel=\"noopener\">colosseo.it<\/a> \u2013 <a href=\"https:\/\/060608.comune.roma.it\/cultura\/beni-archeologici\/colosseo-anfiteatro-flavio-3854\" target=\"_blank\" rel=\"noopener\">060608<\/a><br \/>\n<\/em><\/span><\/span><span style=\"font-size: 10pt;\"><span class=\"accueilparagraphe\">Dal 1\u00b0 al 28 marzo 2026: 8:30 &#8211; 17:30 (ultimo ingresso alle 16:30) | Dal 29 marzo al 30 settembre: 8:30 &#8211; 19:15 (ingressi fino alle 18:15) | Dal 1\u00b0 al 24 ottobre: 8:30 &#8211; 18:30 (ultimo ingresso alle 17:30) | Dal 25 ottobre 2026 al 28 febbraio 2027: 8:30 &#8211; 16:30 (ultimo ingresso alle 15:30)<br \/>\nChiusure 2026: 25 dicembre, 1 gennaio, 3 aprile<br \/>\nDal 24 marzo al 4 aprile 2026 (escluso il 3): 8:30 &#8211; 13:00 (ultimo ingresso alle 12:00)<br \/>\n<span style=\"color: #800000;\"><strong>Prenotazione obbligatoria dei biglietti<\/strong><\/span><br \/>\n<\/span><\/span><span style=\"font-size: 10pt;\"><span class=\"accueilparagraphe\"><strong>Biglietto \u00ab 24h &#8211; Foro, Colosseo, Palatino \u00bb<\/strong><br \/>\nTariffa biglietto intero \u20ac 18 \/ ridotto Roma Pass \u20ac 11,50\/ ridotto \u20ac 2 (18 e 24 anni UE, insegnanti UE) \/ Gratuito per i minori di 18 anni dell&#8217;UE, ecc.<br \/>\nUn ingresso unico al Colosseo (senza arena), nonch\u00e9 un ingresso unico alla zona archeologica del Foro Romano, del Palatino e dei Fori imperiali, valido 24 ore.<br \/>\n<strong>Biglietto \u00ab Full Experience \u00bb<\/strong><br \/>\nTariffa biglietto pieno \u20ac 24 \/ ridotto \u20ac 2 (vedi casi precedentemente elencati).<br \/>\nValido per due giorni consecutivi, con un&#8217;unica entrata al Colosseo e una sola entrata alla zona archeologica del Foro Romano, dei Fori Imperiali e del Palatino, e opzioni come siti qualificati di \u00abSUPER\u00bb e l&#8217;accesso all&#8217;arena del Colosseo, o sotterranei del Colosseo, o panorama del Colosseo, ecc.<br \/>\nGratis la prima domenica di ogni mese, ma nessun accesso all&#8217;arena o al sotterraneo in quel giorno<br \/>\nInformazioni aggiuntive, prenotazioni e condizioni su <a href=\"https:\/\/colosseo.it\/area\/colosseo\/\" target=\"_blank\" rel=\"noopener\" data-title=\" \">colosseo.it<\/a> et <a href=\"https:\/\/060608.comune.roma.it\/cultura\/beni-archeologici\/colosseo-anfiteatro-flavio-3854\" target=\"_blank\" rel=\"noopener\" data-title=\" \">060608<\/a><\/span><\/span><\/p>\n<h2><span style=\"font-size: 12pt; background-color: #deecfa;\"><strong><a href=\"https:\/\/www.rome-roma.net\/it\/foro-romano\/\">Foro romano<\/a> (info)<br \/>\n<\/strong><\/span><\/h2>\n<p><span class=\"accueilparagraphe\"><span style=\"font-size: 10pt;\"><em>Via della Salara Vecchia, 5\/6, 00186 Roma RM<\/em><\/span><br \/>\n<span style=\"font-size: 10pt;\"><em>Tel : (+39) 06.39967700 &#8211; Websites : <\/em><em><a href=\"https:\/\/060608.comune.roma.it\/cultura\/beni-archeologici\/area-archeologica-foro-romano-e-palatino-3749\" target=\"_blank\" rel=\"noopener\" data-title=\" \">060608<\/a> e<\/em> <a href=\"https:\/\/colosseo.it\/area\/foro-romano\/\" target=\"_blank\" rel=\"noopener\" data-title=\" \"><em>colosseo.it\/area\/foro-romano<\/em><\/a><br \/>\n<\/span><\/span><span class=\"accueilparagraphe\"><span style=\"font-size: 10pt;\">Stesse condizioni del biglietto cumulativo (vedi sopra) e altre soluzioni:<br \/>\n&#8211; Biglietto Forum Pass Super con ingresso aperto all&#8217;area archeologica del Foro e del Palatino, accesso ai siti \u00abSUPER\u00bb, e un ingresso ai Fori imperiali (escluso il Colosseo)<br \/>\nBiglietto intero \u20ac 18 \/ \u20ac 11,50 ridotto Roma Pass \/ \u20ac 2 ridotto da 18 a 25 anni UE \/ Gratuito per minori di 18 anni, ecc<br \/>\nInformazioni aggiuntive, prenotazioni e condizioni su <a href=\"https:\/\/060608.comune.roma.it\/cultura\/beni-archeologici\/area-archeologica-foro-romano-e-palatino-3749\" target=\"_blank\" rel=\"noopener\" data-title=\" \">060608<\/a> e <a href=\"https:\/\/colosseo.it\/area\/foro-romano\/\" target=\"_blank\" rel=\"noopener\" data-title=\" \">colosseo.it\/area\/foro-romano<\/a><\/span><\/span><\/p>\n<h2><a href=\"https:\/\/www.rome-roma.net\/it\/palatino\/\"><span style=\"font-size: 12pt; background-color: #deecfa;\"><strong>Palatino<\/strong><\/span><\/a><span style=\"font-size: 12pt; background-color: #deecfa;\"><strong> (info)<\/strong><\/span><\/h2>\n<p><span style=\"font-size: 10pt;\"><span class=\"accueilparagraphe\"><strong><em>Palatino e Museo Palatino<\/em><\/strong> \u2013 <em>Roma, Via di San Gregorio 30<\/em><br \/>\n<em>Tel : +39.06.39967700 &#8211; Website :<\/em><em> <a href=\"https:\/\/060608.comune.roma.it\/cultura\/beni-archeologici\/area-archeologica-foro-romano-e-palatino-3749\" target=\"_blank\" rel=\"noopener\" data-title=\" \">060608<\/a> e<\/em> <a href=\"https:\/\/colosseo.it\/area\/foro-romano\/\" target=\"_blank\" rel=\"noopener\" data-title=\" \"><em>colosseo.it\/area\/foro-romano<\/em><\/a><br \/>\n<\/span><\/span><span style=\"font-size: 10pt;\">Il Palatino pu\u00f2 essere visitato insieme al Colosseo, con le stesse condizioni di tariffa e di visita (vedi sopra), o altrimenti :<br \/>\n&#8211; <strong>Biglietto Forum Pass Super<\/strong> con ingresso aperto all&#8217;area archeologica del Foro e del Palatino, accesso ai siti \u00abSUPER\u00bb e ingresso ai Fori Imperiali (escluso Colosseo)<br \/>\nIntero \u20ac 18 \/ \u20ac 11,50 ridotto Roma Pass \/ \u20ac 2 ridotto da 18 a 25 anni dell&#8217;UE \/ Gratis per minori di 18 anni, ecc<br \/>\n&#8211; Orari e condizioni di visite particolari di alcuni edifici come la Casa di Augusto, inclusi nei siti \u00abSUPER\u00bb : vedi sito ufficiale<br \/>\n<\/span><\/p>\n<h2><span style=\"font-size: 12pt; background-color: #deecfa;\"><strong><a href=\"https:\/\/www.rome-roma.net\/it\/carcere-mamertino-carcer-tullianum\/\">Carcer Tullianum<\/a> (info) &#8211; Carcere Mamertino<br \/>\n<\/strong><\/span><\/h2>\n<p><span style=\"font-size: 10pt;\"><em><strong>Carcer Tullianum<\/strong> \u2013 Clivo Argentario, 1<\/em><\/span><br \/>\n<span style=\"font-size: 10pt;\"><em><a href=\"https:\/\/www.omniavaticanrome.org\/it\/cards\/il-carcer-tullianum\" target=\"_blank\" rel=\"noopener\">www.omniavaticanrome.org\/it\/cards\/il-carcer-tullianum<\/a><br \/>\n<\/em>Aperto dal luned\u00ec alla domenica, generalmente tra le 9 e le 17, su prenotazione (vedi la pagina ufficiale).<\/span><br \/>\n<span style=\"font-size: 10pt;\">La visita dura circa 40 minuti.<\/span><br \/>\n<span style=\"font-size: 10pt;\">Tariffa biglietto Carcer Tullianum solo:\u00a0 pieno 10 \u20ac, ridotto 5 \u20ac<\/span><br \/>\n<span style=\"font-size: 10pt;\">Tariffa biglietto che combina Colosseo, Carcer Tullianum, Palatino, Foro Romano: <span class=\"accueilparagraphe\">intero <\/span>28 \u20ac, ridotto 7 \u20ac o 5 \u20ac<\/span><\/p>\n<h2><a href=\"https:\/\/www.rome-roma.net\/it\/pantheon-di-roma\/\"><span style=\"font-size: 12pt; background-color: #deecfa;\"><strong>Pantheon<\/strong><\/span><\/a><span style=\"font-size: 12pt; background-color: #deecfa;\"><strong> (info)<\/strong><\/span><\/h2>\n<p><span class=\"accueilparagraphe\"><span style=\"font-size: 10pt;\"><em><strong>Pantheon di Roma<\/strong> \u2013 Piazza della Rotonda<br \/>\nTel. : (0039) 06 68300230<\/em><\/span><br \/>\n<span style=\"font-size: 10pt;\">Aperto tutti i giorni dalle 9 alle 19, ingresso fino alle 18.30. Chiusura biglietteria alle 18. Chiuso il 25 dicembre e 1 gennaio.<br \/>\nTariffa biglietto intero \u20ac 5 \/ Tariffa biglietto ridotto \u20ac 2 (cittadini UE dai 18 ai 25 anni, ecc.) \/ Gratis per i minori di 18 anni, ecc.<br \/>\nInformazioni e condizioni particolari su <a href=\"https:\/\/direzionemuseiroma.cultura.gov.it\/pantheon\/\" target=\"_blank\" rel=\"noopener\">direzionemuseiroma.cultura.gov.it<\/a> o <\/span><a href=\"https:\/\/www.turismoroma.it\/it\/luoghi\/pantheon\" target=\"_blank\" rel=\"noopener\" data-title=\" \"><span style=\"font-size: 10pt;\">www.turismoroma.it<\/span><\/a><\/span><\/p>\n<h2><a href=\"https:\/\/www.rome-roma.net\/it\/monumento-a-vittorio-emanuele-ii\/\"><span style=\"font-size: 12pt; background-color: #deecfa;\"><strong>Monumento a Vittorio Emanuele II<\/strong><\/span><\/a><span style=\"font-size: 12pt; background-color: #deecfa;\"><strong> (info)<\/strong><\/span><\/h2>\n<p><span class=\"accueilparagraphe\"><span style=\"font-size: 10pt;\"><em><strong>Monumento a Vittorio Emanuele II<\/strong>, Piazza Venezia<\/em><br \/>\n<em>Tel. (0039) 06 6991718 &#8211; <a href=\"https:\/\/060608.comune.roma.it\/cultura\/beni-architettonici-e-storici\/monumento-a-vittorio-emanuele-ii-vittoriano-15954\" target=\"_blank\" rel=\"noopener\" data-title=\" \">060608<\/a> e <a href=\"https:\/\/vive.cultura.gov.it\/it\/vittoriano\" target=\"_blank\" rel=\"noopener\" data-title=\" \">vive.cultura.gov.it\/it\/vittoriano<\/a><\/em><br \/>\nTutti i giorni dalle 9:30 alle 19:30 (ultimo ingresso alle 18:45). 1o gennaio 2026: aperto con ultimo ingresso alle 16:15.<br \/>\nChiuso il 25 dicembre<br \/>\nIngresso libero, tranne per l&#8217;accesso alla terrazza panoramica (biglietto intero \u20ac 18 \/\u00a0 ridotto \u20ac 5), inclusa nel percorso accompagnato, nel biglietto integrato con entrate al Museo Centrale del Risorgimento e al Museo del Palazzo di Venezia. Biglietto valido 7 giorni. Gratuito la prima domenica del mese.<br \/>\n<\/span> <\/span><\/p>\n<h2><span style=\"font-size: 12pt; background-color: #deecfa;\"><strong><a href=\"https:\/\/www.rome-roma.net\/it\/castel-sant-angelo\/\">Castel Sant&#8217;Angelo<\/a> (info), <a href=\"https:\/\/www.rome-roma.net\/it\/mausoleo-di-adriano\/\">Mausoleo di Adriano<\/a> (info)<br \/>\n<\/strong><\/span><\/h2>\n<p><span style=\"font-size: 10pt;\"><em><strong>Castel Sant\u2019Angelo<\/strong>, Lungotevere Castello, 50<\/em><br \/>\n<em>Tel. : (+39) 06 68191111 e (+39) 06 32810 \/ <a href=\"http:\/\/castelsantangelo.beniculturali.it\/\" target=\"_blank\" rel=\"noopener\">Sito ufficiale<\/a> et <a href=\"https:\/\/060608.comune.roma.it\/cultura\/musei\/museo-nazionale-di-castel-santangelo-2952\" target=\"_blank\" rel=\"noopener\">060608<\/a><\/em><br \/>\nAperto dal luned\u00ec alla domenica dalle 9 alle 19.30. Ingresso fino alle 18.30.<br \/>\nChiuso il 1o gennaio, il 1o maggio e il 25 dicembre, salvo eventuali aperture straordinarie.<br \/>\nTariffa biglietto intero \u20ac 16 \/ ridotto \u20ac 2 (cittadini UE di et\u00e0 inferiore ai 25 anni, ecc.)<br \/>\n<\/span><\/p>\n<h2><span style=\"font-size: 12pt; background-color: #deecfa;\"><strong><a href=\"https:\/\/www.rome-roma.net\/it\/fori-imperiali\/\">Fori imperiali<\/a> (info)<br \/>\n<\/strong><\/span><\/h2>\n<p><span class=\"accueilparagraphe\" style=\"font-size: 10pt;\"><em><strong>Fori Imperiali<\/strong>, Via dei Fori Imperiali<\/em><br \/>\n<em>Tel. (+39) 06 39967700 \/ <a href=\"https:\/\/060608.comune.roma.it\/cultura\/beni-archeologici\/area-archeologica-dei-fori-imperiali-3743\" target=\"_blank\" rel=\"noopener\">060608<\/a> &#8211; <a href=\"https:\/\/www.turismoroma.it\/it\/luoghi\/area-archeologica-dei-fori-imperiali\" target=\"_blank\" rel=\"noopener\">www.turismoroma.it<\/a><\/em><br \/>\nI Fori Imperiali, tra cui la colonna di Traiano, sono visibili dalla <em>via dei Fori Imperiali<\/em>, mentre i mercati di Traiano sono accessibili tramite il museo dedicato dei Fori imperiali. Una parte dei fori imperiali pu\u00f2 essere percorsa anche con il biglietto collegato al Foro Romano (vedi sopra).<\/span><\/p>\n<h2><span style=\"font-size: 12pt; background-color: #deecfa;\"><a href=\"https:\/\/www.rome-roma.net\/it\/parco-archeologico-dell-appia-antica\/mausoleo-di-cecilia-metella\/\"><strong>Mausoleo di Cecilia Metella<\/strong><\/a><strong> (info)<\/strong><span class=\"accueilparagraphe\"><strong>\u00a0<\/strong><\/span><\/span><\/h2>\n<p><em><span style=\"font-size: 10pt;\"><em class=\"accueilparagraphe\"><strong>Mausoleo di Cecilia Metella<\/strong><\/em>, Via Appia Antica, 161<\/span><\/em><br \/>\n<span style=\"font-size: 10pt;\"><em><span class=\"accueilparagraphe\">Siti :<\/span><\/em><span class=\"accueilparagraphe\"><em><a href=\"https:\/\/www.parcoarcheologicoappiaantica.it\/luoghi\/mausoleo-di-cecilia-metella-e-castrum-caetani\/\" target=\"_blank\" rel=\"noopener\" data-title=\" \">www.parcoarcheologicoappiaantica.it<\/a> e <a href=\"https:\/\/060608.comune.roma.it\/cultura\/beni-archeologici\/mausoleo-di-cecilia-metella-castrum-caetani-e-chiesa-di-san-nicola-3952\" target=\"_blank\" rel=\"noopener\" data-title=\" \">060608<\/a><\/em><br \/>\n<\/span>&#8211; Biglietto cumulativo Parco Archeologico dell&#8217;Appia Antica (Antiquarium di Lucrezia Romana, Mausoleo di Cecilia Metella, Complesso di Capo di Bove, Villa dei Quintili &#8211; Santa Maria Nova,): <span class=\"accueilparagraphe\">biglietto <\/span>intero 8 \u20ac \/ ridotto 2 \u20ac (18-25 anni) \/ gratuito (minori di 18 anni, disabili, ecc.) \/ ridotto di \u20ac 4 per i possessori del Roma Pass) valido in giornata<br \/>\n&#8211; Biglietto cumulativo con altri siti (i precedenti e Tomba della via Latina, Villa di Sette Bassi): <span class=\"accueilparagraphe\">intero <\/span>12 \u20ac \/ ridotto 2 \u20ac, ecc.<br \/>\nValido per una settimana.<br \/>\n&#8211; Mia Appia Card: \u20ac 25 (abbonamento 1 anno ai siti dell&#8217;Appia Antica)<br \/>\n&#8211; Ingresso gratuito la prima domenica del mese.<br \/>\n<span class=\"accueilparagraphe\"><strong>Aperto dal marted\u00ec alla domenica:<\/strong><br \/>\n<\/span>&#8211; Dal 1o al 31 ottobre dalle 9 alle 18:30 \/ Dal 1o novembre al 28\/29 febbraio dalle 9 alle 16:30<br \/>\n&#8211; Dal 1o al 31 marzo dalle 9 alle 18:30 \/ Dal 1o aprile a settembre dalle 9 alle 19:15<br \/>\nUltimo ingresso 30 minuti prima della chiusura.<br \/>\nChiuso il luned\u00ec, il 25 dicembre e il 1 gennaio.<br \/>\n<\/span><\/p>\n<h2><a href=\"https:\/\/www.rome-roma.net\/it\/parco-archeologico-dell-appia-antica\/villa-dei-quintili\/\"><span style=\"font-size: 12pt; background-color: #deecfa;\"><strong>Villa dei Quintili<\/strong><\/span><\/a><span style=\"font-size: 12pt; background-color: #deecfa;\"><strong> (info)<\/strong><\/span><\/h2>\n<p><span class=\"accueilparagraphe\" style=\"font-size: 10pt;\"><em>Via Appia Nuova, 1092<\/em><br \/>\n<span class=\"accueilparagraphe\"><em><a href=\"https:\/\/060608.comune.roma.it\/cultura\/beni-archeologici\/villa-dei-quintili-e-santa-maria-nova-3758\" target=\"_blank\" rel=\"noopener\" data-title=\" \">060608<\/a> e <a href=\"https:\/\/www.parcoarcheologicoappiaantica.it\/luoghi\/villa-dei-quintili-e-santa-maria-nova\/\" target=\"_blank\" rel=\"noopener\">www.parcoarcheologicoappiaantica.it<\/a><\/em><\/span><br \/>\nCondizioni: come descritto sopra con il Mausoleo di Cecilia Metella<br \/>\n<\/span><\/p>\n<h2><span style=\"font-size: 12pt; background-color: #deecfa;\"><strong><a href=\"https:\/\/www.rome-roma.net\/it\/parco-archeologico-dell-appia-antica\/circo-e-villa-di-massenzio\/\">Circo e Villa di Massenzio<\/a> (info), Mausoleo di Romolo<\/strong><\/span><\/h2>\n<p><span class=\"accueilparagraphe\" style=\"font-size: 10pt;\"><em><strong>Circo, Villa di Massenzio e Mausoleo di Romolo<\/strong>, Via Appia Antica, 153<\/em><br \/>\n<span class=\"accueilparagraphe\"><em><a href=\"https:\/\/www.villadimassenzio.it\/\" target=\"_blank\" rel=\"noopener\">www.villadimassenzio.it<\/a> e <a href=\"https:\/\/060608.comune.roma.it\/cultura\/beni-archeologici\/circo-villa-di-massenzio-e-mausoleo-di-romolo-3747\" target=\"_blank\" rel=\"noopener\" data-title=\" \">060608<\/a><\/em><\/span><br \/>\n&#8211; Da ottobre a maggio: dal marted\u00ec alla domenica dalle 10:00 alle 16:00<br \/>\n&#8211; 24 e 31 dicembre dalle 10:00 alle 14:00 \/ 1o gennaio 2026 dalle 11:00 alle 16:00<br \/>\n&#8211; Da giugno a settembre: dal marted\u00ec al venerd\u00ec dalle 10:00 alle 16:00\/ sabato e domenica dalle 10:00 alle 19:00<br \/>\nUltimo ingresso consentito 45 minuti prima della chiusura<br \/>\nGiorni di chiusura: luned\u00ec 1 maggio e 25 dicembre<br \/>\n&#8211; Tariffe: <span class=\"accueilparagraphe\">biglietto <\/span>intero \u20ac 7,50 | ridotto \u20ac 6<br \/>\n<\/span><\/p>\n<h2><a href=\"https:\/\/www.rome-roma.net\/it\/terme-di-caracalla\/\"><span style=\"font-size: 12pt; background-color: #deecfa;\"><strong>Terme di Caracalla<\/strong><\/span><\/a><span style=\"font-size: 12pt; background-color: #deecfa;\"><strong> (info)<\/strong><\/span><\/h2>\n<p><span style=\"font-size: 10pt;\"><span class=\"accueilparagraphe\"><em><strong>Terme di Caracalla<\/strong>, Via Terme di Caracalla<\/em><br \/>\n<em>Tel. (+39) 06 39967700<\/em> \/ <em><a href=\"https:\/\/www.soprintendenzaspecialeroma.it\/schede\/terme-di-caracalla_3009\/\" target=\"_blank\" rel=\"noopener noreferrer\" data-title=\" \">www.soprintendenzaspecialeroma.it<\/a> e <a href=\"https:\/\/060608.comune.roma.it\/cultura\/beni-archeologici\/terme-di-caracalla-3807\" target=\"_blank\" rel=\"noopener\" data-title=\" \">060608<\/a><\/em><br \/>\n<\/span><\/span><span style=\"font-size: 10pt;\">Prezzo <span class=\"accueilparagraphe\">biglietto <\/span><span class=\"accueilparagraphe\">intero <\/span>: 8 \u20ac, ridotto: 2 \u20ac.<br \/>\nAperto dal marted\u00ec alla domenica<br \/>\n&#8211; Dal 1o al 30 settembre dalle 9 alle 19 (ultimo ingresso alle 18)<br \/>\n&#8211; Dal 1\u00b0 al 25 ottobre dalle 9 alle 18:30 (ultimo ingresso alle 17:30)<br \/>\n&#8211; Dal 26 ottobre al 28 febbraio dalle 9:00 alle 16:30 (ultimo ingresso alle 15:30)<br \/>\n&#8211; Dal 1o al 28 marzo dalle 9 alle 17:30 (ultimo ingresso alle 16:30)<br \/>\n&#8211; Dal 29 marzo al 31 agosto dalle 9:00 alle 19:15 (ultimo ingresso alle 18:00)<br \/>\nChiuso il luned\u00ec, il 25 dicembre e il 1o gennaio<br \/>\nAggiornamenti, chiusure o aperture eccezionali e modalit\u00e0 complete: <a href=\"http:\/\/www.soprintendenzaspecialeroma.it\/schede\/terme-di-caracalla_3009\/\" target=\"_blank\" rel=\"noopener\" data-title=\" \">sito ufficiale<\/a><\/span><\/p>\n<h2><a href=\"https:\/\/www.rome-roma.net\/it\/circo-massimo\/\"><span style=\"font-size: 12pt; background-color: #deecfa;\"><strong>Circo Massimo<\/strong><\/span><\/a><span style=\"font-size: 12pt; background-color: #deecfa;\"><strong> (info)<\/strong><\/span><\/h2>\n<p><span class=\"accueilparagraphe\" style=\"font-size: 10pt;\"><em><strong>Circo Massimo<\/strong> &#8211; Via del Circo Massimo, 00186 Roma<\/em> &#8211; <em>Sito : <span class=\"accueilparagraphe\"><a href=\"https:\/\/060608.comune.roma.it\/cultura\/beni-archeologici\/torre-della-moletta-e-area-archeologica-del-circo-massimo-3937\" target=\"_blank\" rel=\"noopener\" data-title=\" \">060608<\/a><\/span><\/em><br \/>\nTra l&#8217;Aventino e il Palatino, parco ad ingresso libero.<br \/>\nZona archeologica del Circo Massimo:<br \/>\n&#8211; Dall&#8217;ultima domenica di ottobre all&#8217;ultimo sabato di marzo: da marted\u00ec a domenica dalle 9:30 alle 16 (ultimo ingresso alle 15:00)<br \/>\n&#8211; Dall&#8217;ultima domenica di marzo all&#8217;ultimo sabato di ottobre: da marted\u00ec a domenica dalle 9:30 alle 19 (ultimo ingresso alle 18)<br \/>\nChiuso il luned\u00ec, il 25 dicembre e il 1o maggio<br \/>\nTariffa <span class=\"accueilparagraphe\">biglietto <\/span>intero: 7 \u20ac \/ ridotto: 4 \u20ac<br \/>\n<\/span><\/p>\n<h2><a href=\"https:\/\/www.rome-roma.net\/it\/circo-massimo\/\"><span style=\"font-size: 12pt; background-color: #deecfa;\"><strong>Stadio di Domiziano<\/strong><\/span><\/a><span style=\"font-size: 12pt; background-color: #deecfa;\"><strong> (info)<\/strong><\/span><\/h2>\n<p><span class=\"accueilparagraphe\" style=\"font-size: 10pt;\"><em><strong>Stadio di Domiziano<\/strong> \u2013 Via di Tor Sanguigna, 3 <\/em>\u2013 <span class=\"accueilparagraphe\"><a href=\"https:\/\/stadiodomiziano.com\/\" target=\"_blank\" rel=\"noopener\" data-title=\" \"><em>stadiodomiziano.com<\/em><\/a><\/span><br \/>\nMuseo dello stadio antico sotto il pavimento di piazza Navona.<br \/>\n<span class=\"accueilparagraphe\"><strong><span style=\"color: #ff0000;\">Chiuso per restauri in data 1o aprile 2026<\/span><\/strong><br \/>\nTutti i giorni dalle 10 alle 19. Ingressi fino alle 18:20.<br \/>\nPercorso standard: tariffa biglietto intero: 10 \u20ac, ridotto: 8 \u20ac o 6 \u20ac \/ Percorso esclusivo: tariffa biglietto intero: 15 \u20ac, tariffa biglietto ridotto: 13 \u20ac o 10 \u20ac o 6 \u20ac<\/span><br \/>\n<\/span><\/p>\n<h2><a href=\"https:\/\/www.rome-roma.net\/it\/colle-oppio\/domus-aurea-nerone\/\"><span style=\"font-size: 12pt; background-color: #deecfa;\"><strong>Domus Aurea<\/strong><\/span><\/a><span style=\"font-size: 12pt; background-color: #deecfa;\"><strong> (info)<\/strong><\/span><\/h2>\n<p><span class=\"accueilparagraphe\" style=\"font-size: 10pt;\"><em><strong>Domus Aurea<\/strong> &#8211; Via della Domus Aurea, 1, 00184 Roma &#8211; <a href=\"https:\/\/colosseo.it\/area\/domus-aurea\/\" target=\"_blank\" rel=\"noopener\">parcocolosseo.it\/area\/domus-Aurea<\/a><\/em><br \/>\nVestigi di sale del palazzo di Nerone<br \/>\nSu prenotazione, da venerd\u00ec a domenica tra le 9:15 e le 17:15. Chiuso la prima domenica di ogni mese<br \/>\nUlteriori chiusure 2026: 5 gennaio, 2 febbraio, 2 marzo, 6 aprile, 25 aprile, 4 maggio, 1 giugno, 2 giugno, 6 luglio, 3 agosto, 7 settembre, 5 ottobre, 2 novembre, 4 novembre, 7 dicembre<br \/>\nTariffa visita libera: <span class=\"accueilparagraphe\">biglietto <\/span><span class=\"accueilparagraphe\">intero <\/span> 18 \u20ac, <span class=\"accueilparagraphe\">biglietto <\/span>ridotto 2 \u20ac \/ Tariffa visita guidata e realt\u00e0 virtuale: <span class=\"accueilparagraphe\">biglietto <\/span>pieno 26 \u20ac, ridotto 10 \u20ac<br \/>\n<\/span><\/p>\n<h2><a href=\"https:\/\/www.rome-roma.net\/it\/case-romane-del-celio\/\"><span style=\"font-size: 12pt; background-color: #deecfa;\"><strong>Case Romane del Celio<\/strong><\/span><\/a><span style=\"font-size: 12pt; background-color: #deecfa;\"><strong> (info)<\/strong><\/span><\/h2>\n<p><span class=\"accueilparagraphe\" style=\"font-size: 10pt;\"><span class=\"accueilparagraphe\"><em><strong>Case Romane del Celio <\/strong>\u2013 Clivo di Scauro, 00184 Roma \u2013 <\/em><em><a href=\"https:\/\/www.caseromanedelcelio.it\/\" target=\"_blank\" rel=\"noopener\" data-title=\" \">www.caseromanedelcelio.it<\/a><\/em><br \/>\n<\/span>Le sale affrescate della casa romana sotto la collina del Celio<br \/>\nAperto dal luned\u00ec alla domenica e nei giorni festivi, dalle 10 alle 16.<br \/>\nChiusure: 1o gennaio, 25 dicembre.<br \/>\nTariffa <span class=\"accueilparagraphe\">biglietto <\/span>intero: 8 \u20ac \/ ridotto: 6 \u20ac (+ 2 \u20ac di eventuali costi di prenotazione).<br \/>\n<\/span><\/p>\n<p><a href=\"https:\/\/www.rome-roma.net\/wp-content\/uploads\/2020\/02\/image-musees-monuments-romeroma.jpg\"><img loading=\"lazy\" class=\"aligncenter wp-image-15469 size-full\" src=\"https:\/\/www.rome-roma.net\/wp-content\/uploads\/2020\/02\/image-musees-monuments-romeroma.jpg\" alt=\"musei e monumenti di Roma - Orari e biglietti\" width=\"1600\" height=\"847\" srcset=\"https:\/\/www.rome-roma.net\/wp-content\/uploads\/2020\/02\/image-musees-monuments-romeroma.jpg 1600w, https:\/\/www.rome-roma.net\/wp-content\/uploads\/2020\/02\/image-musees-monuments-romeroma-300x159.jpg 300w, https:\/\/www.rome-roma.net\/wp-content\/uploads\/2020\/02\/image-musees-monuments-romeroma-1024x542.jpg 1024w, https:\/\/www.rome-roma.net\/wp-content\/uploads\/2020\/02\/image-musees-monuments-romeroma-768x407.jpg 768w, https:\/\/www.rome-roma.net\/wp-content\/uploads\/2020\/02\/image-musees-monuments-romeroma-1536x813.jpg 1536w\" sizes=\"(max-width: 1600px) 100vw, 1600px\" \/><\/a><\/p>\n<hr \/>\n<h1 style=\"text-align: center;\"><span style=\"font-size: 24pt;\">Palazzi<\/span><\/h1>\n<h2><span style=\"font-size: 12pt; background-color: #deecfa;\"><strong><a href=\"https:\/\/www.rome-roma.net\/it\/palazzo-farnese\/\">Palazzo Farnese<\/a> (info)<br \/>\n<\/strong><\/span><\/h2>\n<p><span class=\"accueilparagraphe\"><span style=\"font-size: 10pt;\"><em><strong>Palazzo Farnese, Ambasciata di Francia in Italia<\/strong>, Piazza Farnese 67, 00100 Roma<\/em><br \/>\n<em><a href=\"https:\/\/it.ambafrance.org\/-Italien-\" target=\"_blank\" rel=\"noopener\">https:\/\/it.ambafrance.org<\/a> visite : <a href=\"https:\/\/visite-palazzofarnese.it\/\" target=\"_blank\" rel=\"noopener\" data-title=\" \">https:\/\/visite-palazzofarnese.it<\/a><\/em><\/span><br \/>\n<span style=\"font-size: 10pt;\">Visite al Palazzo Farnese: partenze il luned\u00ec alle 15, 16 e 17; il marted\u00ec, gioved\u00ec e venerd\u00ec alle 15 e 16.<\/span><br \/>\n<span style=\"font-size: 10pt;\">Visite al Palazzo Farnese + Scuola Francese di Roma: partenze il venerd\u00ec alle 17<\/span><br \/>\n<span style=\"font-size: 10pt;\">Visite al Palazzo Farnese + sotterranei: partenze il luned\u00ec alle 17 (in italiano), il marted\u00ec alle 17 (in inglese) e il gioved\u00ec alle 17 (in francese)<\/span><br \/>\n<span style=\"font-size: 10pt;\">Tariffe (Ingresso + Visita Guidata): Palazzo Farnese \u20ac 15\/ Palazzo Farnese + sotterranei \u20ac 20 \/ Palazzo Farnese + Scuola francese di Roma \u20ac 22<\/span><br \/>\n<span style=\"font-size: 10pt;\">Ingresso gratuito per bambini fino a 6 anni<\/span><br \/>\n<\/span><\/p>\n<h2><a href=\"https:\/\/www.rome-roma.net\/it\/palazzo-del-quirinale\/\"><span style=\"font-size: 12pt; background-color: #deecfa;\"><strong>Palazzo del Quirinale<\/strong><\/span><\/a><span style=\"font-size: 12pt; background-color: #deecfa;\"><strong> (info)<\/strong><\/span><\/h2>\n<p><span style=\"font-size: 10pt;\"><span class=\"accueilparagraphe\"><em><strong>Palazzo del Quirinale<\/strong> &#8211; Sede della presidenza de la Repubblica italiana, Piazza del Quirinale<br \/>\n<a href=\"https:\/\/palazzo.quirinale.it\/\" target=\"_blank\" rel=\"noopener\" data-title=\" \">https:\/\/palazzo.quirinale.it\/<\/a>, <a href=\"https:\/\/visite.quirinale.it\/QTicket\/#\/VQUI\/it\" target=\"_blank\" rel=\"noopener\" data-title=\" \">https:\/\/visite.quirinale.it<\/a> \u2013 Tel. (+39) 06 39.96.75.57<br \/>\n<\/em><\/span>Per il percorso principale (fino al 30 giugno 2026): visite tutti i giorni tranne il luned\u00ec e il gioved\u00ec, dalle 9.30 alle 16.00 (ultimo ingresso alle 14.30)<\/span><br \/>\n<span style=\"font-size: 10pt;\">Chiusure: dal 26 luglio all&#8217;11 settembre<\/span><br \/>\n<span style=\"font-size: 10pt;\">Tariffe: gratuite, ma costo della prenotazione \u20ac 2,50<\/span><br \/>\n<span class=\"accueilparagraphe\" style=\"font-size: 10pt;\">Prenotazioni richieste almeno 5 giorni prima della data della visita<\/span><\/p>\n<h2><a href=\"https:\/\/www.rome-roma.net\/it\/villa-medici\/\"><span style=\"font-size: 12pt; background-color: #deecfa;\"><strong>Villa Medici<\/strong><\/span><\/a><span style=\"font-size: 12pt; background-color: #deecfa;\"><strong> (info)<\/strong><\/span><\/h2>\n<p><span class=\"accueilparagraphe\"><span style=\"font-size: 10pt;\"><em><strong>Villa Medici<\/strong> \u2013 Academia di Francia a Roma &#8211; Viale Trinit\u00e0 dei Monti, 1<br \/>\n<a href=\"https:\/\/villamedici.it\/it\/\" target=\"_blank\" rel=\"noopener\">www.villamedici.it<\/a> \/ Tel : (+39) 06 67 61 200 \/ Email : standard@villamedici.it<br \/>\n<\/em>Visite guidate su prenotazione, orari di partenza in francese: dal luned\u00ec alla domenica tranne il marted\u00ec dalle 10 alle 18.<\/span><br \/>\n<span style=\"font-size: 10pt;\">Mostre temporanee: dal luned\u00ec alla domenica, tranne il marted\u00ec, dalle 10 alle 19, con ingressi fino alle 18:30.<\/span><br \/>\n<span style=\"font-size: 10pt;\">Villa Medici \u00e8 aperta al pubblico dal luned\u00ec alla domenica dalle 9:30 alle 19:00 (ultimo ingresso alle 18:30). \u00c8 chiusa il marted\u00ec.<\/span><br \/>\n<span style=\"font-size: 10pt;\">Apertura eccezionale il marted\u00ec 23 e il 30 dicembre 2025 e il 6 gennaio 2026. Chiuso il 25 dicembre. \u00c8 aperta anche nelle altre festivit\u00e0.<\/span><br \/>\n<span style=\"font-size: 10pt;\">Tariffa biglietto intero : 14 \u20ac | Tariffa biglietto ridotto: 11 \u20ac.<\/span><br \/>\n<span style=\"font-size: 10pt;\">Giorni di chiusura: marted\u00ec, 1o maggio e 25 dicembre<\/span><br \/>\n<\/span><\/p>\n<h2><a href=\"https:\/\/www.rome-roma.net\/it\/palazzo-madama\/\"><span style=\"font-size: 12pt; background-color: #deecfa;\"><strong>Palazzo Madama<\/strong><\/span><\/a><span style=\"font-size: 12pt; background-color: #deecfa;\"><strong> (info)<\/strong><\/span><\/h2>\n<p><span style=\"font-size: 10pt;\"><span class=\"accueilparagraphe\"><em><strong>Palazzo Madama<\/strong> &#8211; Sede del senato italiano &#8211; Piazza Madama, 00186 Roma<br \/>\n<a href=\"https:\/\/www.senato.it\/relazioni-con-i-cittadini\/visitare-senato\/privati-cittadini\" target=\"_blank\" rel=\"noopener\">www.senato.it<\/a> &#8211; visitealsenato@senato.it &#8211; Tel (+39) 06 67062177<br \/>\n<\/em><\/span><\/span><span lang=\"fr-FR\" style=\"font-size: 10pt;\">Dal 6 marzo al 7 giugno 2026, mostra temporanea dove sar\u00e0 possibile visitare lo stesso Palazzo Madama.<br \/>\nAperture straordinarie al pubblico: sabato 25 e domenica 26 aprile 2026 Orari: dalle 10 alle 20 (ultimo accesso alle 19:30)<br \/>\nVisite guidate gratuite.<br \/>\nAltre date di apertura previste nel 2026 (dettagli sul sito ufficiale): 1, 2, 3, 9, 10, 30, 31 maggio\/ 1, 2, 6 e 7 giugno<br \/>\n<\/span><\/p>\n<h2><a href=\"https:\/\/www.rome-roma.net\/it\/villa-farnesina-trastevere\/\"><span style=\"font-size: 12pt; background-color: #deecfa;\"><strong>Villa Farnesina<\/strong><\/span><\/a><span style=\"font-size: 12pt; background-color: #deecfa;\"><strong> (info)<\/strong><\/span><\/h2>\n<p><span style=\"font-size: 10pt;\"><em><strong>Villa Farnesina<\/strong> &#8211; Via della Lungara, 230, 00165 Roma<\/em><\/span><br \/>\n<span style=\"font-size: 10pt;\"><em><a href=\"http:\/\/www.villafarnesina.it\/\" target=\"_blank\" rel=\"noopener\" data-title=\" \">www.villafarnesina.it<\/a> \/ Email : farnesina@lincei.it<br \/>\n<\/em>Visite ordinarie: dal luned\u00ec al sabato dalle 9 alle 14 (ultimo ingresso alle 13:15).<\/span><br \/>\n<span style=\"font-size: 10pt;\">Apertura straordinaria: seconda domenica del mese, dalle 9 alle 17 (ultimo ingresso alle 16:15).<\/span><br \/>\n<span style=\"font-size: 10pt;\">Festivit\u00e0: vedi sito ufficiale.<\/span><br \/>\n<span style=\"font-size: 10pt;\">Prezzo <span class=\"accueilparagraphe\">biglietto <\/span>intero 12 \u20ac, ridotto 10 \u20ac (+ 65 anni, ecc.), ridotto 7 \u20ac (10-18 anni, studenti, ecc.), scuola 5 \u20ac, gratuito per bambini sotto i 10 anni, disabili, ecc.<\/span><\/p>\n<h2><strong><span id=\"Palais-du-Latran\" style=\"font-size: 12pt;\"><a class=\"titrelistemusees\" href=\"https:\/\/www.rome-roma.net\/musee-historique-du-vatican\/\" data-title=\" \">Palazzo Lateranese<\/a> (info)<\/span><\/strong><\/h2>\n<p><span style=\"font-size: 10pt;\"><span class=\"accueilparagraphe\"><strong>Palazzo Lateranense<\/strong> &#8211; <em>Piazza di San Giovanni in Laterano, 00184 Roma<\/em><em><br \/>\n<a href=\"https:\/\/www.palazzolateranense.com\/it\/\" target=\"_blank\" rel=\"noopener\" data-title=\" \">www.palazzolateranense.com<\/a>\u00a0\u2013 info@palazzolateranense.com<br \/>\n<\/em><\/span>Aperto dal luned\u00ec al sabato dalle 9 alle 17.<\/span><br \/>\n<span style=\"font-size: 10pt;\">Prezzo <span class=\"accueilparagraphe\">biglietto <\/span>pieno a seconda della visita scelta: 14 \u20ac a 19 \u20ac \/ ridotto 6-18 anni o studenti: 12 \u20ac a 16 \u20ac (vedi sito ufficiale per ulteriori condizioni)<\/span><\/p>\n<hr \/>\n<h1 class=\"region-country-table\" align=\"center\"><a name=\"visitemuseesrome\"><\/a><span style=\"font-size: 24pt;\">Musei e gallerie<br \/>\n<\/span><\/h1>\n<h2><span style=\"font-size: 12pt; background-color: #deecfa;\"><strong><a href=\"https:\/\/www.rome-roma.net\/it\/musei-vaticani\/\">Musei Vaticani<\/a> (info)<br \/>\n<\/strong><\/span><\/h2>\n<p><span class=\"accueilparagraphe\" style=\"font-size: 10pt;\"><em><strong>Musei Vaticani<\/strong>, Ingresso Viale Vaticano, accesso tramite Metro Ottavianno<\/em><br \/>\n<em><a href=\"https:\/\/www.museivaticani.va\/content\/museivaticani\/it.html\" target=\"_blank\" rel=\"noopener\">www.museivaticani.va<\/a> &#8211; Tel: (+39) 06 69883145 &#8211; E-mail: info.mv@scv.va<\/em><br \/>\n<span class=\"accueilparagraphe\">Aperto in genere dal luned\u00ec al sabato dalle 8 alle 20. Ingressi fino alle 18.<br \/>\nChiuso la domenica, tranne l&#8217;ultima domenica di ogni mese (escluso Pasqua) dove i musei sono gratuiti e accessibili dalle 9 alle 14 (ingressi fino alle 12:30)<br \/>\n<em>Chiusure supplementari e aperture eccezionali :<\/em> <em><a href=\"http:\/\/www.museivaticani.va\/content\/dam\/museivaticani\/pdf\/utilities\/calendario_musei.pdf\" target=\"_blank\" rel=\"noopener\">calendario<\/a><\/em><br \/>\nTariffa biglietto intero \u20ac 20 (+ \u20ac 5 di prenotazione) \/ ridotto \u20ac 8 (+ \u20ac 5 di prenotazione): 7-18 anni, religiosi, studenti sotto i 25 anni, ecc. \/ ridotto scuole: \u20ac 4 (+ \u20ac 2 di prenotazione) \/ Gratuito per bambini sotto i 7 anni, ecc. \/ Audioguida \u20ac 7, audioguida bambini \u20ac 5.<\/span><\/span><\/p>\n<h2><a href=\"https:\/\/www.rome-roma.net\/it\/galleria-borghese\/\"><span style=\"font-size: 12pt; background-color: #deecfa;\"><strong>Galleria Borghese<\/strong><\/span><\/a><span style=\"font-size: 12pt; background-color: #deecfa;\"><strong> (info)<\/strong><\/span><\/h2>\n<p><span style=\"font-size: 10pt;\"><span class=\"accueilparagraphe\"><em><strong>Galleria Borghese<\/strong>, Villa Borghese, Piazzale del Museo Borghese<br \/>\nTel : (+39) 06 32810 &#8211; <a href=\"https:\/\/galleriaborghese.beniculturali.it\/\" target=\"_blank\" rel=\"noopener\">www.galleriaborghese.it<\/a><br \/>\n<\/em><\/span><\/span><span style=\"font-size: 10pt;\">Prenotazione obbligatoria (anche per i possessori del Roma Pass)<br \/>\nAperto dal marted\u00ec alla domenica dalle 9 alle 19 (ingresso fino alle 17:45). Ingresso ogni ora e anche alle 17:45. Chiuso il 25 dicembre e il 1o gennaio.<br \/>\nTariffa <span class=\"accueilparagraphe\">biglietto <\/span>intero: 16 \u20ac (+2\u20ac di tassa di prenotazione) | ridotto: 2 \u20ac tra i 18 e i 25 anni (+2\u20ac di tassa di prenotazione) | Ultimo giro partenza 17:45 (pi\u00f9 breve): tariffa <span class=\"accueilparagraphe\">biglietto <\/span>intero 11 \u20ac (+2 \u20ac res) | sotto i 18 anni: 2 \u20ac (tassa di prenotazione).<br \/>\nAltre condizioni da consultare sul sito ufficiale.<br \/>\n<\/span><\/p>\n<h2><span style=\"font-size: 12pt; background-color: #deecfa;\"><strong><a href=\"https:\/\/www.rome-roma.net\/it\/musei-capitolini\/\">Musei Capitolini<\/a> (info)<br \/>\n<\/strong><\/span><\/h2>\n<p><span class=\"accueilparagraphe\" style=\"font-size: 10pt;\"><em><strong>Musei Capitolini<\/strong>, Piazza del Campidoglio 1, 00186 Roma<\/em><br \/>\n<em><a href=\"https:\/\/www.museicapitolini.org\/\" target=\"_blank\" rel=\"noopener\">www.museicapitolini.org<\/a> \/ Tel : (+39) 060 608 ogni giorno ore 9 &#8211; ore 21 \/ E-mail : info.museicapitolini@comune.roma.it<\/em><br \/>\nUn importante museo di Roma che ospita opere dell&#8217;antichit\u00e0 e una pinacoteca.<br \/>\n<span class=\"accueilparagraphe\">Aperto tutti i giorni dalle 9:30 alle 19:30 in generale (chiusura degli ingressi alle 18:30).<br \/>\n24 e 31 dicembre: dalle 9.30 alle 14 (ingressi fino alle 13) \/ 1o gennaio 2026: dalle 11.00 alle 20.00.<br \/>\nChiuso il 1o maggio e il 25 dicembre.<br \/>\n<\/span>Tariffa (ingresso al museo se non c&#8217;\u00e8 esposizione): <span class=\"accueilparagraphe\">biglietto <\/span>intero 15 \u20ac, ridotto 9,50 \u20ac &#8211; Videoguida e audioguida: 6 \u20ac \/ 4 \u20ac<br \/>\nTariffe talvolta maggiorate a seconda dell&#8217;esposizione in corso.<br \/>\n<\/span><\/p>\n<h2><a href=\"https:\/\/www.rome-roma.net\/it\/museo-nazionale-romano\/\"><span style=\"font-size: 12pt; background-color: #deecfa;\"><strong>Museo Nazionale Romano<\/strong><\/span><\/a><span style=\"font-size: 12pt; background-color: #deecfa;\"><strong> (info)<\/strong><\/span><\/h2>\n<p><span style=\"font-size: 10pt;\"><span class=\"accueilparagraphe\"><em><strong>Museo Nazionale Romano<\/strong> \u2013 Via E. de Nicola, 79,<br \/>\nWebsite : <a href=\"https:\/\/museonazionaleromano.beniculturali.it\/\" target=\"_blank\" rel=\"noopener\">www.museonazionaleromano.beniculturali.it<\/a><\/em> <em>e<\/em> <em><a href=\"https:\/\/060608.comune.roma.it\/cultura\/musei\/museo-nazionale-romano-3039\" target=\"_blank\" rel=\"noopener\" data-title=\" \">060608<\/a><\/em><br \/>\n<\/span><\/span><span style=\"font-size: 10pt;\">Ospita la pi\u00f9 importante collezione archeologica del mondo, visibile nei seguenti luoghi:<br \/>\n\u2022 <a href=\"https:\/\/www.rome-roma.net\/it\/museo-nazionale-romano\/palazzo-altemps\/\">Palazzo Altemps<\/a>: Piazza di S. Apollinare<br \/>\n\u2022 <a href=\"https:\/\/www.rome-roma.net\/it\/museo-nazionale-romano\/palazzo-massimo-alle-terme\/\">Palazzo Massimo<\/a>: Largo di Villa Peretti,1<br \/>\n\u2022 <a href=\"https:\/\/www.rome-roma.net\/it\/terme-di-diocleziano\/\">Terme di Diocleziano<\/a>: Viale E. di Nicola 78.<br \/>\n\u2022 <a href=\"https:\/\/www.rome-roma.net\/it\/museo-nazionale-romano\/cripta-balbi\/\">Cripta Balbi<\/a>: Via Botteghe Oscure 31\u00a0 (chiusa per restauro dal 9 gennaio 2023, in data 1o aprile 2026)<br \/>\nSiti aperti generalmente dal marted\u00ec alla domenica dalle 9 alle 19. Ingressi fino alle 18.<br \/>\nBiglietto intero combinato (valido 7 giorni): 15 \u20ac, ridotto: 2 \u20ac.<\/span><\/p>\n<h2><span style=\"font-size: 12pt; background-color: #deecfa;\"><strong><a href=\"https:\/\/www.rome-roma.net\/it\/mercati-di-traiano\/\">Museo dei fori imperiali, mercati di Traiano<\/a> (info)<br \/>\n<\/strong><\/span><\/h2>\n<p><span class=\"accueilparagraphe\" style=\"font-size: 10pt;\"><em><strong>Museo dei Fori Imperiali<\/strong>, Mercati di Traiano, Via 4 novembre, 94<\/em><br \/>\n<a href=\"https:\/\/www.mercatiditraiano.it\/\" target=\"_blank\" rel=\"noopener\"><em>www.mercatiditraiano.it<\/em><\/a><br \/>\nUn museo dedicato ai fori imperiali \u00e8 ospitato nei antichi mercati di Traiano. Mostre temporanee si tengono regolarmente.<br \/>\n<span class=\"accueilparagraphe\">Aperto tutti i giorni dalle 9:30 alle 19:30 (chiuso il 25 dicembre e il 1 maggio).<br \/>\nIl 24 e 31 dicembre aperto dalle 9.30 alle 14. Il 1o gennaio 2026 aperto dalle 11.00 alle 20.<br \/>\nIngressi fino a un&#8217;ora prima della chiusura del sito.<br \/>\n<\/span>Tariffa esclusa eventuali esposizioni in corso: <span class=\"accueilparagraphe\">biglietto <\/span><span class=\"accueilparagraphe\">intero <\/span>15 \u20ac, ridotto 9,50 \u20ac &#8211; Condizioni di gratuit\u00e0 da consultare sul sito ufficiale.<br \/>\n<\/span><\/p>\n<h2><a href=\"https:\/\/www.rome-roma.net\/it\/domus-romane-di-palazzo-valentini\/\"><span style=\"font-size: 12pt; background-color: #deecfa;\"><strong>Domus Romane del Palazzo Valentini<\/strong><\/span><\/a><span style=\"font-size: 12pt; background-color: #deecfa;\"><strong> (info)<\/strong><\/span><\/h2>\n<p><span class=\"accueilparagraphe\" style=\"font-size: 10pt;\"><span class=\"accueilparagraphe\"><em><strong>Domus Romane di Palazzo Valentini<\/strong>, Via IV Novembre 119\/A<br \/>\n<a href=\"https:\/\/www.palazzovalentini.it\/\" target=\"_blank\" rel=\"noopener\">www.palazzovalentini.it<\/a><br \/>\n<\/em>Dal 1o marzo al 31 ottobre 2026: aperto tutti i giorni tranne il marted\u00ec dalle 10 alle 19 (partenza dell&#8217;ultima visita alle 17:30).<br \/>\nChiuso il marted\u00ec, il 25 dicembre, il 1o gennaio e il 1o maggio.<br \/>\nPrezzo biglietto intero : 15 \u20ac (16 \u20ac versione open) | ridotto: 9 \u20ac | scuole: 6,00 \u20ac.<br \/>\n<\/span><\/span><\/p>\n<h2><span style=\"font-size: 12pt; background-color: #deecfa;\"><strong><a href=\"https:\/\/www.rome-roma.net\/it\/museo-nazionale-etrusco-di-villa-giulia\/\">ETRU &#8211; Museo Nazionale Etrusco<\/a> (info)<br \/>\n<\/strong><\/span><\/h2>\n<p><span style=\"font-size: 10pt;\"><em><strong>ETRU \u2013 Museo Nazionale Etrusco di Villa Giulia<\/strong>, Piazzale di Villa Giulia, 9 &#8211; 00196 Roma<\/em><\/span><br \/>\n<span style=\"font-size: 10pt;\"><em><a href=\"https:\/\/www.museoetru.it\/\" target=\"_blank\" rel=\"noopener noreferrer\" data-title=\" \">www.museoetru.it<\/a><\/em> \/ <em>Tel: (+ 39) 06 3226571 \/ E-mail: sba-em@beniculturali.it<\/em><\/span><br \/>\n<span style=\"font-size: 10pt;\">Tariffa biglietto intero : \u20ac 12 \/ ridotto \u20ac 2<\/span><br \/>\n<span style=\"font-size: 10pt;\">Aperto dal marted\u00ec alla domenica dalle 9 alle 20 da fine marzo a fine ottobre; altrimenti dalle 8.30 alle 19.30, la biglietteria chiude un&#8217;ora prima della chiusura.<\/span><br \/>\n<span style=\"font-size: 10pt;\">Chiuso il luned\u00ec, e il 1 o gennaio, e 25 dicembre<\/span><\/p>\n<h2><span style=\"font-size: 12pt; background-color: #deecfa;\"><strong><a href=\"https:\/\/www.rome-roma.net\/it\/museo-della-civilta-romana\/\">Museo della Civilt\u00e0 Romana<\/a> (info)<br \/>\n<\/strong><\/span><\/h2>\n<p><span class=\"accueilparagraphe\" style=\"font-size: 10pt;\"><em><strong>Museo della Civilt\u00e0 Romana<\/strong>, <\/em><em>Piazza G. Agnelli, 10 &#8211; 00144 Roma<\/em><br \/>\n<em>Tel. (+39) 060608<\/em> &#8211; <a href=\"https:\/\/www.museociviltaromana.it\/\" target=\"_blank\" rel=\"noopener\"><em>www.museociviltaromana.it<\/em><\/a><br \/>\nIl Planetario si trova nello stesso edificio del Museo della Civilt\u00e0 Romana<br \/>\n<strong>ATTENZIONE<\/strong>: Il museo \u00e8 chiuso per restauro dal 31 gennaio 2014 fino ad una data per il momento indeterminata<br \/>\n<\/span><\/p>\n<h2><a href=\"https:\/\/www.rome-roma.net\/it\/gallerie-nazionali-di-arte-antica-palazzo-barberini\/\"><span style=\"font-size: 12pt; background-color: #deecfa;\"><strong>Galleria Nazionale d&#8217;Arte Antica di Palazzo Barberini<\/strong><\/span><\/a><span style=\"font-size: 12pt; background-color: #deecfa;\"><strong> (info)<\/strong><\/span><\/h2>\n<p><span style=\"font-size: 10pt;\"><em><span class=\"accueilparagraphe\"><strong>Galleria Nazionale d\u2019Arte Antica di Palazzo Barberini<\/strong>, Via delle Quattro Fontane, 13<br \/>\n<\/span>Tel: +39 06 68802323 &#8211; Email: gan-aar@beniculturali.it &#8211; Site web : <\/em><a href=\"https:\/\/barberinicorsini.org\/\" target=\"_blank\" rel=\"noopener\"><em>www.barberinicorsini.org<\/em><\/a><\/span><br \/>\n<span style=\"font-size: 10pt;\">Orario: dal marted\u00ec alla domenica, dalle 10 alle 19 (Ingressi fino alle 18)<\/span><br \/>\n<span style=\"font-size: 10pt;\">Chiusure: ogni luned\u00ec, 25 dicembre e 1 gennaio<\/span><br \/>\n<span style=\"font-size: 10pt;\">Tariffa biglietto Palazzo Barberini + Galleria Corsini : <span class=\"accueilparagraphe\">intero <\/span>: 15 \u20ac, ridotto: 2 \u20ac (valido 20 giorni)<\/span><\/p>\n<h2><a href=\"https:\/\/www.rome-roma.net\/it\/palazzo-e-galleria-corsini\/\"><span style=\"font-size: 12pt; background-color: #deecfa;\"><strong>Galleria Nazionale d&#8217;Arte Antica della Galleria Corsini<\/strong><\/span><\/a><span style=\"font-size: 12pt; background-color: #deecfa;\"><strong> (info)<\/strong><\/span><\/h2>\n<p><span class=\"accueilparagraphe\" style=\"font-size: 10pt;\"><span class=\"accueilparagraphe\"><em><strong>Galleria Corsini<\/strong>, Via della Lungara 10, 00165 ROMA<\/em><br \/>\n<em>Tel. (+39) 06 68802323 &#8211; <a href=\"https:\/\/www.barberinicorsini.org\/\" target=\"_blank\" rel=\"noopener noreferrer\" data-title=\" \">www.barberinicorsini.org<\/a><\/em><br \/>\n<\/span>Aperto dal marted\u00ec alla domenica dalle 10 alle 19 (Ingressi fino alle 18)<br \/>\nChiuso il marted\u00ec, 25 dicembre e 1o gennaio<br \/>\nTariffa biglietto Palazzo Barberini + Galleria Corsini: <span class=\"accueilparagraphe\">intero <\/span>15 \u20ac \/ ridotto 2 \u20ac (valido 20 giorni)<br \/>\n<\/span><\/p>\n<h2><a href=\"https:\/\/www.rome-roma.net\/it\/altare-della-pace-di-augusto-ara-pacis\/\"><span style=\"font-size: 12pt; background-color: #deecfa;\"><strong>Museo dell&#8217;Ara Pacis<\/strong><\/span><\/a><span style=\"font-size: 12pt; background-color: #deecfa;\"><strong> (info)<\/strong><\/span><\/h2>\n<p><span style=\"font-size: 10pt;\"><em><strong>Museo dell\u2019Ara Pacis<\/strong>, Lungotevere in Augusta (angolo via Tomacelli) <\/em><\/span><br \/>\n<span style=\"font-size: 10pt;\"><em><a href=\"https:\/\/www.arapacis.it\/\" target=\"_blank\" rel=\"noopener\">www.arapacis.it<\/a> \/ (+39) 060608 (ore 9-21) \/ Email: info.arapacis@comune.roma.it<\/em><\/span><br \/>\n<span style=\"font-size: 10pt;\">Tariffa biglietto intero: \u20ac 14 \/ ridotto \u20ac 8,50 (esclusa la mostra del percorso)<\/span><br \/>\n<span style=\"font-size: 10pt;\">Aperto dal marted\u00ec alla domenica dalle 9.30 alle 19.30.<\/span><br \/>\n<span style=\"font-size: 10pt;\">Aperto il 24 e 31 dicembre dalle 9.30 alle 14. Il 1o gennaio 2026 dalle 11 alle 20.<\/span><br \/>\n<span style=\"font-size: 10pt;\">Chiuso il luned\u00ec, il 1o maggio e il 25 dicembre.<\/span><br \/>\n<span style=\"font-size: 10pt;\">Ultimo ingresso un&#8217;ora prima della chiusura.<\/span><\/p>\n<h2><a href=\"https:\/\/www.rome-roma.net\/it\/galleria-e-palazzo-doria-pamphilj\/\"><span style=\"font-size: 12pt; background-color: #deecfa;\"><strong>Galleria Doria Pamphilj<\/strong><\/span><\/a><span style=\"font-size: 12pt; background-color: #deecfa;\"><strong> (info)<\/strong><\/span><\/h2>\n<p><span class=\"accueilparagraphe\" style=\"font-size: 10pt;\"><span class=\"accueilparagraphe\"><em><strong>Galleria Doria Pamphilj<\/strong>, Piazza del Collegio Romano,1\/A &#8211; Entrata Via del Corso, 305 &#8211; Roma <\/em><br \/>\n<em>Tel : (+39) 06 6797323 \/ <a href=\"https:\/\/www.doriapamphilj.it\/roma\/\" target=\"_blank\" rel=\"noopener\">www.doriapamphilj.it<\/a><\/em><br \/>\nApertura: luned\u00ec, marted\u00ec e gioved\u00ec dalle 9 alle 19 (ultimo ingresso alle 18) \/ venerd\u00ec, sabato e domenica dalle 10 alle 20 (ingresso fino alle 19).<br \/>\nChiusura settimanale: mercoled\u00ec<br \/>\nMercoled\u00ec 31 dicembre 2025: apertura dalle 9 alle 19 (ingresso fino alle 18).<br \/>\nGiorni di chiusura: 1 gennaio, Pasqua e 25 dicembre.<br \/>\nTariffa biglietto intero: 16 \u20ac (+ 1 \u20ac di prenotazione) &#8211; Gratuito per i minori di 12 anni (escluso 1 \u20ac di prenotazione).<br \/>\nVedi altre condizioni di sconto sul sito ufficiale.<br \/>\n<\/span><\/span><\/p>\n<h2><a href=\"https:\/\/www.rome-roma.net\/it\/palazzo-e-galleria-spada\/\"><span style=\"font-size: 12pt; background-color: #deecfa;\"><strong>Galleria Spada<\/strong><\/span><\/a><span style=\"font-size: 12pt; background-color: #deecfa;\"><strong> (info)<\/strong><\/span><\/h2>\n<p><span class=\"accueilparagraphe\" style=\"font-size: 10pt;\"><em><strong>Galleria Spada<\/strong>, Piazza Capo di Ferro 13, Roma<\/em><br \/>\n<em>Tel. (+39) 06 6874896 \u2013<\/em><span class=\"accueilparagraphe\"><em> <a href=\"https:\/\/galleriaspada.cultura.gov.it\/\" target=\"_blank\" rel=\"noopener\" data-title=\" \">https:\/\/galleriaspada.cultura.gov.it<\/a><\/em><em> e<\/em> <a href=\"https:\/\/060608.comune.roma.it\/cultura\/musei\/galleria-spada-2978\" target=\"_blank\" rel=\"noopener\" data-title=\" \">060608<\/a><br \/>\n<\/span>Orario: da mercoled\u00ec a luned\u00ec dalle 8.30 alle 19.30 (ingresso fino alle 19.00)<br \/>\nChiuso il marted\u00ec, 25 dicembre e 1o gennaio<br \/>\nPrezzo <span class=\"accueilparagraphe\">intero <\/span>: 6 \u20ac \/ ridotto: 2 \u20ac<br \/>\n<\/span><\/p>\n<h2><a href=\"https:\/\/www.rome-roma.net\/it\/palazzo-e-galleria-colonna\/\"><span style=\"font-size: 12pt; background-color: #deecfa;\"><strong>Galleria Colonna<\/strong><\/span><\/a><span style=\"font-size: 12pt; background-color: #deecfa;\"><strong> (info)<\/strong><\/span><\/h2>\n<p><span style=\"font-size: 10pt;\"><span class=\"accueilparagraphe\"><em><strong>Galleria Colonna<\/strong>, Via della Pilotta, 17<\/em><br \/>\n<em><a href=\"https:\/\/www.galleriacolonna.it\/\" target=\"_blank\" rel=\"noopener\">www.galleriacolonna.it<\/a> &#8211; Tel : (+39) 06 6784350 &#8211; info@galleriacolonna.it<\/em><br \/>\n&#8211; Apertura al pubblico il sabato mattina, ingressi dalle 9:15 alle 13:15. Percorso breve \u20ac 15 o percorso completo \u20ac 25.<br \/>\nVisite guidate su prenotazione, in italiano, inglese, francese o spagnolo: \u20ac 150 + costo dei biglietti.<br \/>\n&#8211; Venerd\u00ec mattina: visite guidate su prenotazione, in italiano alle 9:30, 10:00 e 10:30, in inglese alle 9:30 e 10:00, in francese alle 10:30. Costo \u20ac 35. Possibilit\u00e0 di gruppi con guida.<br \/>\n&#8211; Venerd\u00ec e sabato pomeriggio e gli altri giorni: visite private su prenotazione.<br \/>\n<\/span><\/span><\/p>\n<h2><span style=\"font-size: 12pt; background-color: #deecfa;\"><strong>Museo storico del Vaticano (info)<br \/>\n<\/strong><\/span><\/h2>\n<p><span style=\"font-size: 10pt;\"><em><strong>Museo Storico Vaticano<\/strong>, Piazza di San Giovanni in Laterano<\/em><\/span><br \/>\n<span style=\"font-size: 10pt;\"><em><a href=\"https:\/\/060608.comune.roma.it\/cultura\/musei\/museo-storico-vaticano-san-giovanni-2997\" target=\"_blank\" rel=\"noopener\" data-title=\" \">060608<\/a> e <a href=\"https:\/\/www.museivaticani.va\/content\/museivaticani\/it.html#museostorico\" target=\"_blank\" rel=\"noopener\" data-title=\" \">www.museivaticani.va<\/a><\/em><\/span><br \/>\n<span style=\"font-size: 10pt;\"><em>Prenotazione online: visiteguidategruppi.musei@scv.va<\/em><br \/>\nDal 1\u00ba ottobre 2013 il Museo Storico Vaticano \u00e8 visitabile solo su prenotazione (che deve essere effettuata con almeno 15 giorni di anticipo via e-mail o fax) per gruppi, con guida obbligatoria. Orario da concordare con il museo.<br \/>\nChiuso la domenica e festivi vaticani.<br \/>\nPrezzo visita guidata con guida: \u20ac 160 + \u20ac 5 a persona<\/span><\/p>\n<h2><a href=\"https:\/\/www.rome-roma.net\/it\/museo-centrale-montemartini\/\"><span style=\"font-size: 12pt; background-color: #deecfa;\"><strong>Centrale Montemartini<\/strong><\/span><\/a><span style=\"font-size: 12pt; background-color: #deecfa;\"><strong> (info)<\/strong><\/span><\/h2>\n<p><span style=\"font-size: 10pt;\"><span class=\"accueilparagraphe\"><em><strong>Centrale Montemartini<\/strong>, Via Ostiense 106 &#8211; 00154 Roma<\/em><br \/>\n<em>Tel. +39 060608 &#8211;<\/em><em> <a href=\"https:\/\/www.centralemontemartini.org\/\" target=\"_blank\" rel=\"noopener\" data-title=\" \">www.centralemontemartini.org<\/a> et <a href=\"https:\/\/060608.comune.roma.it\/cultura\/musei\/centrale-montemartini-3045\" target=\"_blank\" rel=\"noopener\" data-title=\" \">060608<\/a><\/em><br \/>\n<\/span>Orario: dal marted\u00ec alla domenica dalle 9 alle 19. Il 24 e 31 dicembre dalle 9 alle 14. Ingressi fino a mezz&#8217;ora prima della chiusura. Chiuso ogni luned\u00ec, 25 dicembre e 1 maggio. Il 1o gennaio 2026 dalle 11 alle 20.<\/span><br \/>\n<span style=\"font-size: 10pt;\">Tariffa in assenza di esposizione: <span class=\"accueilparagraphe\">biglietto <\/span><span class=\"accueilparagraphe\">intero <\/span>\u20ac 11 \/ ridotto \u20ac 6,50 (tariffe maggiorate in caso di esposizione in corso)<\/span><br \/>\n<span style=\"font-size: 10pt;\">Biglietto completo incluso I Musei del Campidoglio + La Centrale Montemartini (valido 7 giorni): tariffa <span class=\"accueilparagraphe\">biglietto <\/span>intero \u20ac 15,50, ridotto \u20ac 11,50 (tariffe maggiorate in caso di esposizione in corso).<\/span><\/p>\n<h2><a href=\"https:\/\/www.rome-roma.net\/it\/maxxi-museo-nazionale-delle-arti-del-xxi-secolo\/\"><span style=\"font-size: 12pt; background-color: #deecfa;\"><strong>MAXXI Museo nazionale delle arti del XXI secolo<\/strong><\/span><\/a><span style=\"font-size: 12pt; background-color: #deecfa;\"><strong> (info)<\/strong><\/span><\/h2>\n<p><span style=\"font-size: 10pt;\"><span class=\"accueilparagraphe\"><em><strong>MAXXI Museo nazionale delle arti del XXI secolo<\/strong>, Via Guido Reni, 4 A &#8211; 00196 Roma<br \/>\n<a href=\"https:\/\/www.maxxi.art\/\" target=\"_blank\" rel=\"noopener noreferrer\" data-title=\" \">www.maxxi.art<\/a><br \/>\n<\/em><\/span>Da marted\u00ec a domenica: 11.00 &#8211; 19.00 (ingressi fino ad un&#8217;ora prima della chiusura).<br \/>\nChiuso il luned\u00ec, il 1o maggio e il 25 dicembre, ed eventuali chiusure eccezionali.<br \/>\nTariffa biglietto <span class=\"accueilparagraphe\">intero <\/span>15 \u20ac (14 \u20ac on-line) \/ ridotto 12 \u20ac (11 \u20ac on-line) \/ Open 18 \u20ac \/ Gratis -18 anni, disabili, ecc.<br \/>\n<\/span><\/p>\n<h2><a href=\"https:\/\/www.rome-roma.net\/it\/museo-napoleonico\/\"><span style=\"font-size: 12pt; background-color: #deecfa;\"><strong>Museo Napoleonico<\/strong><\/span><\/a><span style=\"font-size: 12pt; background-color: #deecfa;\"><strong> (info)<\/strong><\/span><\/h2>\n<p><span style=\"font-size: 10pt;\"><span class=\"accueilparagraphe\"><em><strong>Museo Napoleonico<\/strong>, Piazza di Ponte Umberto I <\/em><br \/>\n<em><a href=\"https:\/\/www.museonapoleonico.it\/\" target=\"_blank\" rel=\"noopener\">www.museonapoleonico.it<\/a> &#8211; Tel : +39 060608 (ore 9-19) &#8211; Email : <a href=\"mailto:museonapoleonico@comune.roma.it\" data-title=\" \">museonapoleonico@comune.roma.it<\/a><\/em><br \/>\n<\/span>Orari: da marted\u00ec a domenica dalle 10 alle 18. Eccetto il 24 e 31 dicembre dalle 10 alle 14 e il 1o gennaio 2026 dalle 11 alle 16.<\/span><br \/>\n<span style=\"font-size: 10pt;\">Giorni di chiusura: ogni luned\u00ec, il 25 dicembre, il 1o gennaio e il 1o maggio.<\/span><br \/>\n<span style=\"font-size: 10pt;\">Ultimo ingresso un&#8217;ora prima della chiusura. <\/span><br \/>\n<span style=\"font-size: 10pt;\">Prezzo: <span class=\"accueilparagraphe\">biglietto <\/span><span class=\"accueilparagraphe\">intero <\/span>\u20ac 7,50 \/ Ridotto \u20ac 6,00.<\/span><\/p>\n<h2><a href=\"https:\/\/www.rome-roma.net\/it\/museo-di-roma-palazzo-braschi\/\"><span style=\"font-size: 12pt; background-color: #deecfa;\"><strong>Museo di Roma al Palazzo Braschi<\/strong><\/span><\/a><span style=\"font-size: 12pt; background-color: #deecfa;\"><strong> (info)<\/strong><\/span><\/h2>\n<p><span class=\"accueilparagraphe\" style=\"font-size: 10pt;\"><em><strong>Museo di Roma, Palazzo Braschi<\/strong> &#8211; Entrata dal Piazza Navona, 2 o Piazza San Pantaleo, 10 &#8211; 00186 Roma<\/em><br \/>\n<em>E-mail : museodiroma@comune.roma.it &#8211; Website : <a href=\"https:\/\/www.museodiroma.it\/\" target=\"_blank\" rel=\"noopener\">www.museodiroma.it<\/a><\/em><br \/>\nTariffa biglietto intero: \u20ac 13 \/ ridotto \u20ac 7,50. Tariffe maggiorate per eventuali mostre.<br \/>\nApertura: dal marted\u00ec alla domenica dalle 10 alle 19 (ingressi fino alle 18). Il 24 e il 31 dicembre dalle 10 alle 14 (ingressi fino alle 13). Il 1o gennaio 2026 dalle 11 alle 20 (ingressi fino alle 19).<br \/>\nChiuso il luned\u00ec, il 1o maggio e il 25 dicembre.<br \/>\n<\/span><\/p>\n<h2><a href=\"https:\/\/www.rome-roma.net\/it\/galleria-arte-moderna\/\"><span style=\"font-size: 12pt; background-color: #deecfa;\"><strong>Galleria comunale d&#8217;Arte moderna<\/strong><\/span><\/a><span style=\"font-size: 12pt; background-color: #deecfa;\"><strong> (info)<\/strong><\/span><\/h2>\n<p><span style=\"font-size: 10pt;\"><span class=\"accueilparagraphe\"><strong><em>Galleria Comunale d\u2019Arte Moderna<\/em><\/strong>, <em>Via Francesco Crispi n. 24 &#8211; 00187 Roma<\/em><br \/>\n<em><a href=\"https:\/\/www.galleriaartemodernaroma.it\/\" target=\"_blank\" rel=\"noopener noreferrer\" data-title=\" \">www.galleriaartemodernaroma.it<\/a> &#8211; <\/em><em>Tel. (+39) 060608 (ore 9-19) &#8211; Email : <\/em><em>info@galleriaartemodernaroma.it<br \/>\n<\/em><\/span>Aperto dal marted\u00ec alla domenica dalle 10 alle 19, tranne il 24 e 31 dicembre dalle 10 alle 14 e il 1o gennaio dalle 11 alle 20.<\/span><br \/>\n<span style=\"font-size: 10pt;\">Ultimo ingresso mezz&#8217;ora prima della chiusura. Chiuso il luned\u00ec, il 1o maggio e il 25 dicembre.<\/span><br \/>\n<span style=\"font-size: 10pt;\">Tariffa <span class=\"accueilparagraphe\">biglietto <\/span>intero: 14,50 \u20ac \/ ridotto: 10 \u20ac \/ altre condizioni da consultare sul sito ufficiale.<\/span><\/p>\n<h2><a href=\"https:\/\/www.rome-roma.net\/it\/la-galleria-nazionale-gnam\/\"><span style=\"font-size: 12pt; background-color: #deecfa;\"><strong>GNAMC Galleria Nazionale d&#8217;arte moderna<\/strong><\/span><\/a><span style=\"font-size: 12pt; background-color: #deecfa;\"><strong> (info)<\/strong><\/span><\/h2>\n<p><span style=\"font-size: 10pt;\"><span class=\"accueilparagraphe\"><strong><em>Galleria nazionale d\u2019arte moderna e contemporanea<\/em><\/strong>, <em>Viale delle Belle Arti, 131 &#8211; 00197 Roma<\/em><br \/>\n<em><a href=\"https:\/\/lagallerianazionale.com\/\" target=\"_blank\" rel=\"noopener\" data-title=\" \">lagallerianazionale.com<\/a> et <a href=\"https:\/\/060608.comune.roma.it\/cultura\/musei\/la-galleria-nazionale-darte-moderna-e-contemporanea-la-galleria-2967\" target=\"_blank\" rel=\"noopener\" data-title=\" \">060608<\/a> &#8211; Tel: (<\/em><em>+39) 06 322 98 221 &#8211; gan-amc@beniculturali.it<br \/>\n<\/em><\/span>Aperto dal marted\u00ec alla domenica dalle 9 alle 19 (ultimo ingresso 45 minuti prima della chiusura).<br \/>\nChiuso il luned\u00ec e il 25 dicembre.<br \/>\nAperture straordinarie: 5, 6 e 25 aprile e 1 maggio. Ingresso gratuito con prenotazione obbligatoria il 5 e 25 aprile.<br \/>\nTariffe: <span class=\"accueilparagraphe\">biglietto <\/span>intero 17\u20ac \/ ridotto 2\u20ac \/ ridotto con Galleria Borghese 10\u20ac \/ Abbonamento 50\u20ac \/ Gratuit\u00e0 e altre condizioni sul sito ufficiale.<br \/>\n<\/span><\/p>\n<h2><a href=\"https:\/\/www.rome-roma.net\/it\/macro-museo\/\"><strong><span style=\"font-size: 12pt; background-color: #deecfa;\">MACRO Via Nizza<\/span><\/strong><\/a><strong><span style=\"font-size: 12pt; background-color: #deecfa;\"> (info)<\/span><\/strong><\/h2>\n<p><span style=\"font-size: 10pt;\"><span class=\"Style1\"><em><strong>MACRO Museum of Contemporary Art of Rome<\/strong>, Via Nizza 138 &#8211; 00198 Roma<\/em><br \/>\n<a href=\"https:\/\/www.museomacro.it\/\" target=\"_blank\" rel=\"noopener\"><em> www.museomacro.it<\/em><\/a><br \/>\n<\/span>Aperto il marted\u00ec, mercoled\u00ec, gioved\u00ec e venerd\u00ec dalle 12.00 alle 19.00 e sabato e domenica dalle 10.00 alle 19.00.<\/span><br \/>\n<span style=\"font-size: 10pt;\">Chiuso il luned\u00ec. Ultimo ingresso 30 minuti prima della chiusura.<\/span><br \/>\n<span style=\"font-size: 10pt;\">Tariffe: <span class=\"accueilparagraphe\">biglietto <\/span>intero \u20ac 6 \/ ridotto \u20ac 4 \/ Gratuito il marted\u00ec<\/span><\/p>\n<h2><strong><a href=\"https:\/\/www.rome-roma.net\/it\/museo-delle-mura\/\"><span style=\"font-size: 12pt; background-color: #deecfa;\">Museo delle mura di Roma<\/span><\/a><span style=\"font-size: 12pt; background-color: #deecfa;\"> (info)<\/span><br \/>\n<\/strong><\/h2>\n<p><span style=\"font-size: 10pt;\"><span class=\"accueilparagraphe\"><em><strong>Museo delle Mura di Roma<\/strong>, Via di Porta San Sebastiano, 18 &#8211; 00179 Roma<\/em><br \/>\n<em>Tel : (+39) 0670475284 &#8211; <a href=\"https:\/\/www.museodellemuraroma.it\/\">www.museodellemuraroma.it<\/a><\/em><br \/>\n<\/span><\/span><span style=\"font-size: 10pt;\">Apertura dal marted\u00ec alla domenica dalle 10 alle 16 (la biglietteria chiude un&#8217;ora prima).<br \/>\n1o gennaio 2026: dalle 11 alle 16.<br \/>\nChiuso luned\u00ec, 1\u00ba maggio e 25 dicembre.<br \/>\nTariffa: ingresso gratuito.<\/span><\/p>\n<h2><span id=\"Mattatoio\" style=\"font-size: 12pt;\"><strong><a href=\"https:\/\/www.rome-roma.net\/it\/mattatoio-di-roma\/\" target=\"_blank\" rel=\"noopener\">Mattatoio<\/a> (info)<br \/>\n<\/strong><\/span><\/h2>\n<p><span style=\"font-size: 10pt;\"><em><strong>Mattatoio<\/strong>, Piazza Orazio Giustiniani, 4, 00153 Roma<br \/>\n<a href=\"https:\/\/www.mattatoioroma.it\/\" target=\"_blank\" rel=\"noopener\" data-title=\" \">www.mattatoioroma.it<\/a> \/ info.mattatoio@palaexpo.it<\/em><\/span><br \/>\n<span style=\"font-size: 10pt;\">Aperto dal marted\u00ec alla domenica dalle 11 alle 20 in generale. Ingresso fino a un&#8217;ora prima della chiusura<\/span><br \/>\n<span style=\"font-size: 10pt;\">Ingresso gratuito, alcune mostre possono essere a pagamento<\/span><\/p>\n<h2><a href=\"https:\/\/www.rome-roma.net\/it\/museo-alto-medioevo-alessandra-vaccaro\/\"><span style=\"font-size: 12pt; background-color: #deecfa;\"><strong>MuCiv &#8211; Museo Nazionale dell&#8217;Alto Medioevo<\/strong><\/span><\/a><span style=\"font-size: 12pt; background-color: #deecfa;\"><strong> (info)<\/strong><\/span><\/h2>\n<p><span style=\"font-size: 10pt;\"><em><strong>MuCiv \u2013 Museo Nazionale dell\u2019Alto Medioevo<\/strong>, Viale Lincoln, 3 &#8211; Esposizione Universale Roma \u2013 Roma<\/em><\/span><br \/>\n<a href=\"https:\/\/www.museodellecivilta.it\/alto-medioevo\/\" target=\"_blank\" rel=\"noopener\"><span style=\"font-size: 10pt;\"><em>museodellecivilta.it<\/em><\/span><\/a><br \/>\n<span style=\"font-size: 10pt;\">Aperto dal marted\u00ec alla domenica dalle 8 alle 19 (ingressi fino alle 18:30).<\/span><br \/>\n<span style=\"font-size: 10pt;\">Chiuso il luned\u00ec, il 1o gennaio e il 25 dicembre.<\/span><br \/>\n<span style=\"font-size: 10pt;\">Aperture eccezionali nel 2026: 6 aprile, 25 aprile, 1 maggio: dalle 8 alle 19 (ultimo ingresso alle 18:30).<\/span><br \/>\n<span style=\"font-size: 10pt;\">Chiusure straordinarie nel 2026: 7 aprile.<\/span><br \/>\n<span style=\"font-size: 10pt;\">Biglietti (valido per tutti i musei del MuCiv): biglietto intero da 10 \u20ac \/ biglietto ridotto 2 \u20ac \/ biglietto amico 5 \u20ac<\/span><\/p>\n<h2><a href=\"https:\/\/www.rome-roma.net\/it\/palazzo-di-venezia-e-museo\/\"><span style=\"font-size: 12pt; background-color: #deecfa;\"><strong>Museo Nazionale del Palazzo di Venezia<\/strong><\/span><\/a><span style=\"font-size: 12pt; background-color: #deecfa;\"><strong> (info)<\/strong><\/span><\/h2>\n<p><span class=\"accueilparagraphe\"><span style=\"font-size: 10pt;\"><em><strong>Museo Nazionale del Palazzo di Venezia<\/strong>, Via del Plebiscito, 118 &#8211; 00186 Roma <\/em><\/span><br \/>\n<span style=\"font-size: 10pt;\"><em><a href=\"https:\/\/vive.cultura.gov.it\/it\/palazzo-venezia\" target=\"_blank\" rel=\"noopener\">vive.cultura.gov.it\/it\/palazzo-venezia<\/a> <\/em><em>&#8211; Tel. (+39) 06 699941 \/ (+39) 06 32810<\/em><\/span><br \/>\n<span style=\"font-size: 10pt;\">Aperto tutti i giorni dalle 9:30 alle 19:30 (ingressi fino alle 18:45). Il giardino \u00e8 liberamente accessibile.<\/span><br \/>\n<span style=\"font-size: 10pt;\">Biglietto unico Museo di Palazzo Venezia + Terrazza panoramica + Museo del Risorgimento (valido 7 giorni): Tariffa biglietto intero \u20ac 18, ridotto \u20ac 5. Ingresso gratuito la prima domenica di ogni mese.<\/span><br \/>\n<\/span><\/p>\n<h2><a href=\"https:\/\/www.rome-roma.net\/it\/museo-di-scultura-antica-giovanni-barracco\/\"><span style=\"font-size: 12pt; background-color: #deecfa;\"><strong>Museo di Scultura Antica Giovanni Barracco<\/strong><\/span><\/a><span style=\"font-size: 12pt; background-color: #deecfa;\"><strong> (info)<\/strong><\/span><\/h2>\n<p><span class=\"accueilparagraphe\" style=\"font-size: 10pt;\"><em><strong>Museo di Scultura Antica Giovanni Barracco<\/strong>, Corso Vittorio Emanuele 166\/A \u2013 Roma<\/em><br \/>\n<em>E-mail: info.museobarracco@comune.roma.it \u2013 <a href=\"https:\/\/www.museobarracco.it\/\" target=\"_blank\" rel=\"noopener noreferrer\" data-title=\" \">www.museobarracco.it<\/a> <\/em><br \/>\nAperto dal marted\u00ec alla domenica dalle 10 alle 18. Il 24 e 31 dicembre dalle 9 alle 14. Il 1o gennaio 2026 dalle 11 alle 16.<br \/>\nIngressi fino a 45 minuti prima della chiusura.<br \/>\nChiuso il luned\u00ec, il 1o maggio e il 25 dicembre.<br \/>\nTariffe: biglietto intero \u20ac 7,50 \/ Ridotto \u20ac 6,00.<br \/>\n<\/span><\/p>\n<h2><strong><a href=\"https:\/\/www.rome-roma.net\/it\/muciv-arti-e-culture-africane-americane-asiatiche-e-oceaniane\/\"><span style=\"font-size: 12pt; background-color: #deecfa;\">MuCiv &#8211; Arti e culture del mondo<\/span><\/a><span style=\"font-size: 12pt; background-color: #deecfa;\"> (info)<\/span><br \/>\n<\/strong><\/h2>\n<p><span style=\"font-size: 10pt;\"><em><strong>MuCiv Museo delle Civilt\u00e0 &#8211; Arti e culture del mondo<\/strong><br \/>\nPalazzo delle Scienze Primo piano &#8211; Piazza Guglielmo Marconi, 14 (Quartiere Europa EUR)<\/em><br \/>\n<a href=\"https:\/\/museocivilta.cultura.gov.it\/arti_culture\/\" target=\"_blank\" rel=\"noopener\"><em>https:\/\/museocivilta.cultura.gov.it\/arti_culture\/<\/em><\/a><br \/>\nAperto dal marted\u00ec alla domenica dalle 8 alle 19 (ingressi fino alle 18:30).<br \/>\nChiuso il luned\u00ec, il 1o gennaio e il 25 dicembre.<br \/>\nAperture eccezionali nel 2026: 6 aprile, 25 aprile, 1 maggio: dalle 8 alle 19 (ultimo ingresso alle 18:30).<br \/>\nChiusure straordinarie nel 2026: 7 aprile.<br \/>\nBiglietti (valido per tutti i musei del MuCiv): intero da 10 \u20ac \/ ridotto 2 \u20ac \/ amico 5 \u20ac.<br \/>\n<\/span><\/p>\n<h2><a href=\"https:\/\/www.rome-roma.net\/it\/museo-delle-arti-e-tradizioni-popolari-lamberto-loria\/\"><span style=\"background-color: #deecfa; font-size: 12pt;\"><strong>MuCiv &#8211; Arti e Tradizioni Popolari<\/strong><\/span><\/a><span style=\"background-color: #deecfa; font-size: 12pt;\"><strong> (info)<\/strong><\/span><\/h2>\n<p><span style=\"font-size: 10pt;\"><em><span class=\"accueilparagraphe\"><strong>MuCiv Museo delle Civilt\u00e0 &#8211; Arti e tradizioni popolari<\/strong><br \/>\nPalazzo delle arti e tradizioni &#8211; Piazza Guglielmo Marconi, 8 &#8211; EUR, Roma<\/span><\/em><u><br \/>\n<em><a href=\"https:\/\/museocivilta.cultura.gov.it\/arti-tradizioni-popolari\/\" target=\"_blank\" rel=\"noopener\">https:\/\/museocivilta.cultura.gov.it\/arti-tradizioni-popolari<\/a><\/em><\/u><em> &#8211; <\/em><em>Tel.(+39) 06 5926148, <\/em><a href=\"mailto:mu-civ@beniculturali.it\"><em>mu-civ@beniculturali.it<\/em><\/a><u><br \/>\n<\/u>Aperto dal marted\u00ec alla domenica dalle 8 alle 19 (ingressi fino alle 18:30).<br \/>\nChiuso il luned\u00ec, il 1o gennaio e il 25 dicembre.<br \/>\nAperture eccezionali nel 2026: 6 aprile, 25 aprile, 1 maggio: dalle 8 alle 19 (ultimo ingresso alle 18:30).<br \/>\nChiusure straordinarie nel 2026: 7 aprile.<br \/>\nBiglietti (valido per tutti i musei del MuCiv): intero da 10 \u20ac \/ ridotto 2 \u20ac \/ amico 5 \u20ac.<br \/>\n<\/span><\/p>\n<h2><a href=\"https:\/\/www.rome-roma.net\/it\/museo-centrale-del-risorgimento\/\"><span style=\"background-color: #deecfa; font-size: 12pt;\"><strong>Museo del Risorgimento<\/strong><\/span><\/a><span style=\"background-color: #deecfa; font-size: 12pt;\"><strong> (info)<\/strong><\/span><\/h2>\n<p><span style=\"font-size: 10pt;\"><em><strong>Museo Centrale del Risorgimento<\/strong> &#8211; Via di San Pietro in Carcere<\/em><br \/>\n<em>Tel : (+39) 06 6793598 \/ vi-ve@beniculturali.it \/ <a href=\"https:\/\/vive.cultura.gov.it\/it\/museo-centrale-del-risorgimento\" target=\"_blank\" rel=\"noopener\">vive.cultura.gov.it\/it\/museo-centrale-del-risorgimento<\/a><\/em><br \/>\nAperto tutti i giorni dalle 9 alle 19:30, ingressi fino alle 18:45.<br \/>\nTariffa biglietto intero: \u20ac 18 (Biglietto valido 7 giorni con accesso alla terrazza del Vittoriano e al Museo Nazionale di Palazzo di Venezia) \/ Ridotto: \u20ac 5 (dai 18 ai 25 anni) \/ Gratuito la prima domenica del mese. Altre condizioni sul sito ufficiale.<br \/>\n<\/span><\/p>\n<h2><a href=\"https:\/\/www.rome-roma.net\/it\/museo-di-roma-in-trastevere\/\"><span style=\"background-color: #deecfa; font-size: 12pt;\"><strong>Museo di Roma in Trastevere<\/strong><\/span><\/a><span style=\"background-color: #deecfa; font-size: 12pt;\"><strong> (info)<\/strong><\/span><\/h2>\n<p><span class=\"accueilparagraphe\"><span style=\"font-size: 10pt;\"><em><strong>Museo di Roma in Trastevere<\/strong>, Piazza Sant&#8217;Egidio 1\/b &#8211; 00153 Roma<\/em><br \/>\n<em><a href=\"https:\/\/www.museodiromaintrastevere.it\/\" target=\"_blank\" rel=\"noopener\" data-title=\" \">www.museodiromaintrastevere.it<\/a> e <a href=\"https:\/\/060608.comune.roma.it\/cultura\/musei\/museo-di-roma-in-trastevere-3029\" target=\"_blank\" rel=\"noopener\" data-title=\" \">060608<\/a><\/em><br \/>\nAperto dal marted\u00ec alla domenica dalle 10 alle 20. Il 24 e 31 dicembre dalle 10 alle 14. Il 1o gennaio 2026 dalle 11 alle 20.<br \/>\nIngressi fino a un&#8217;ora prima della chiusura. Chiusure: luned\u00ec, 25 dicembre e 1o maggio.<br \/>\nTariffe variabili a seconda delle esposizioni. Al 01\/04\/2026: biglietto intero 13 \u20ac; ridotto 8,50 \u20ac.<br \/>\n<\/span> <\/span><\/p>\n<h2><a href=\"https:\/\/www.rome-roma.net\/it\/museo-pietro-canonica\/\"><span style=\"background-color: #deecfa; font-size: 12pt;\"><strong>Museo Pietro Canonica<\/strong><\/span><\/a><span style=\"background-color: #deecfa; font-size: 12pt;\"><strong> (info)<\/strong><\/span><\/h2>\n<p><span class=\"accueilparagraphe\" style=\"font-size: 10pt;\"><span class=\"accueilparagraphe\"><em><strong>Museo Pietro Canonica<\/strong>, Viale Pietro Canonica (Piazza di Siena) 2 &#8211; 00197 Roma (Villa Borghese)<br \/>\n<a href=\"https:\/\/www.museocanonica.it\/\" target=\"_blank\" rel=\"noopener\">www.museocanonica.it<\/a> &#8211; Tel (+39) 060608 dalle 9 alle 19 &#8211; Email: info@museocanonica.it<\/em><br \/>\nDa marted\u00ec a domenica dalle 10 alle 16 (ingressi fino alle 15:15) \/ 24 e 31 dicembre dalle 10 alle 14 \/ 1o gennaio 2026 dalle 11 alle 16.<br \/>\nUltimo ingresso 45 minuti prima della chiusura (un&#8217;ora prima se si visita l&#8217;appartamento privato e la galleria del deposito).<br \/>\nGiorni di chiusura: luned\u00ec, 1o maggio e 25 dicembre<br \/>\nTariffe: Biglietto intero \u20ac 7,50 \/ Ridotto \u20ac 6,00<br \/>\nBiglietto cumulativo Museo Canonica &#8211; Museo Carlo Bilotti &#8211; Aranciera di Villa Borghese: Pieno \u20ac 11 \/ Ridotto \u20ac 7,50.<br \/>\n<\/span><\/span><\/p>\n<h2><span style=\"background-color: #deecfa; font-size: 12pt;\"><strong>Keats Shelley house (info)<br \/>\n<\/strong><\/span><\/h2>\n<p><span class=\"accueilparagraphe\" style=\"font-size: 10pt;\"><em>Piazza di Spagna 26 &#8211; 00187 Rome<\/em><br \/>\n<em><span class=\"accueilparagraphe\"><a href=\"https:\/\/ksh.roma.it\/\" target=\"_blank\" rel=\"noopener\" data-title=\" \">ksh.roma.it<\/a> e <a href=\"https:\/\/060608.comune.roma.it\/cultura\/musei\/keats-shelley-house-2971\" target=\"_blank\" rel=\"noopener\" data-title=\" \">060608<\/a><\/span>&#8211; <span class=\"accueilparagraphe\">Tel: (0039) 06 678 4235 &#8211; info@keats-shelley-house.org<\/span><\/em><br \/>\nAperto dal luned\u00ec al sabato: dalle 10 alle 13 \/ dalle 14 alle 18 (ingresso fino alle 17.45)<br \/>\nChiuso la domenica e altre chiusure da consultare sul sito ufficiale<br \/>\nTariffa biglietto intero \u20ac 6 \/ ridotto \u20ac 5<br \/>\n<\/span><\/p>\n<h2><span style=\"font-size: 12pt; background-color: #deecfa;\"><strong>Museo Hendrik Christian Andersen (info)<br \/>\n<\/strong><\/span><\/h2>\n<p><span class=\"accueilparagraphe\"><span style=\"font-size: 10pt;\"><em>Via Pasquale Stanislao Mancini, 20 | 00196 Roma<\/em><br \/>\n<em><a href=\"https:\/\/cultura.gov.it\/luogo\/museo-hendrik-christian-andersen\" target=\"_blank\" rel=\"noopener\" data-title=\" \">https:\/\/cultura.gov.it\/luogo\/museo-hendrik-christian-andersen<\/a> e <a href=\"https:\/\/www.turismoroma.it\/fr\/places\/casa-museo-hendrik-andersen\" target=\"_blank\" rel=\"noopener\" data-title=\" \">060608<\/a>\u00a0&#8211; Tel. (0039) 06 3219089 \/ s-gnam.museoandersen@beniculturali.it<\/em><br \/>\nAperto dal marted\u00ec alla domenica dalle 9.30 alle 19.30 (ingresso fino alle 18.45)<br \/>\nChiuso il luned\u00ec, 1 gennaio e 25 dicembre<br \/>\nTariffe : Prezzo biglietto intero 6\u20ac , ridotto 2\u20ac<br \/>\n<\/span><\/span><\/p>\n<h2><span style=\"background-color: #deecfa; font-size: 12pt;\"><strong>Museo Boncompagni Ludovisi (info)<br \/>\n<\/strong><\/span><\/h2>\n<p><span style=\"font-size: 10pt;\"><span class=\"accueilparagraphe\"><em><strong>Museo Boncompagni Ludovisi<\/strong> per le Arti Decorative, il Costume e la Moda dei secoli XIX e XX<br \/>\nVia Boncompagni, 18, 00187 Roma \/ Website : <a href=\"https:\/\/cultura.gov.it\/luogo\/museo-boncompagni-ludovisi-per-le-arti-decorative-il-costume-e-la-moda-dei-secoli-xix-e-xx\" target=\"_blank\" rel=\"noopener\" data-title=\" \">cultura.gov.it<\/a>\u00a0 e <a href=\"https:\/\/www.turismoroma.it\/it\/luoghi\/museo-boncompagni-ludovisi-le-arti-decorative-il-costume-e-la-moda-dei-secoli-xix-e-xx\" target=\"_blank\" rel=\"noopener\" data-title=\" \">TurismoRoma<\/a><\/em><br \/>\nAperto dal marted\u00ec alla domenica dalle 9:00 alle 19:30 (ingressi fino alle 18:30). Chiuso tutti i luned\u00ec, il 1o gennaio (eccetto le festivit\u00e0) e il 25 dicembre. Aperture eccezionali alcuni luned\u00ec: consultare il sito ufficiale.<br \/>\nPrezzo biglietto intero: 6 \u20ac, ridotto: 2 \u20ac.<br \/>\n<\/span><\/span><\/p>\n<h2><span style=\"background-color: #deecfa; font-size: 12pt;\"><strong><a href=\"https:\/\/www.rome-roma.net\/it\/scuderie-del-quirinale\/\">Scuderie del Quirinale<\/a> (info)<br \/>\n<\/strong><\/span><\/h2>\n<p><span style=\"font-size: 10pt;\"><span class=\"accueilparagraphe\"><strong><em>Scuderie del Quirinale<\/em><em> &#8211; <\/em><\/strong><em>Via Ventiquattro Maggio, 16 &#8211; 00186 Roma<\/em><br \/>\n<em><a href=\"https:\/\/scuderiequirinale.it\/\" target=\"_blank\" rel=\"noopener\">www.scuderiequirinale.it<\/a> &#8211; Tel. (+39) 02 92897722 &#8211; Email : <a href=\"mailto:info@scuderiequirinale.it\" data-title=\" \">info@scuderiequirinale.it<\/a> <\/em><br \/>\n<\/span><\/span><span style=\"font-size: 10pt;\">Aperto solo in occasione di mostre. Tutti i giorni dalle 10.00 alle 20.00, salvo eccezioni. Ingresso fino a un&#8217;ora prima della chiusura.<br \/>\nTariffe variabili a seconda delle esposizioni, al 01\/04\/26: biglietto intero \u20ac 18 \/ ridotto \u20ac 16 (insegnanti, ecc.) \/ ridotto \u20ac 12 (meno di 30 anni) \/ ridotto \u20ac 5 (da 6 a 17 anni) \/ cortesia \u20ac 3 (meno di 6 anni, guide turistiche, ecc.) \/ gratuito per i minori di 6 anni, disabili.<br \/>\n<\/span><\/p>\n<h2><a href=\"https:\/\/www.rome-roma.net\/it\/musei-della-villa-torlonia\/\"><span style=\"font-size: 12pt; background-color: #deecfa;\"><strong>Musei di Villa Torlonia<\/strong><\/span><\/a><span style=\"font-size: 12pt; background-color: #deecfa;\"><strong> (info)<\/strong><\/span><\/h2>\n<p><span style=\"font-size: 10pt;\"><span class=\"accueilparagraphe\"><em><strong>Musei di Villa Torlonia<\/strong>, <\/em><em>Via Nomentana 70 &#8211; 00161 Roma<\/em><\/span><span class=\"accueilparagraphe\"><br \/>\n<em><a href=\"https:\/\/www.museivillatorlonia.it\/\" target=\"_blank\" rel=\"noopener\" data-title=\" \">www.museivillatorlonia.it<\/a> e <a href=\"https:\/\/www.turismoroma.it\/it\/luoghi\/musei-di-villa-torlonia\" target=\"_blank\" rel=\"noopener\">060608<\/a> \u2013 Tel. (+39) 060608, email : info@museivillatorlonia.it<\/em><br \/>\n<\/span>Aperto dal marted\u00ec alla domenica dalle 9:00 alle 19:00. Il 24 e 31 dicembre dalle 9:00 alle 14:00. 1o gennaio 2026 dalle 11:00 alle 20:00 (Serra Moresca dalle 11:00 alle 16:00). <\/span><br \/>\n<span style=\"font-size: 10pt;\">Chiuso il luned\u00ec, 25 dicembre e 1o maggio.<\/span><br \/>\n<span style=\"font-size: 10pt;\">La Serra Moresca \u00e8 aperta dal 01\/04 al 30\/09 dal marted\u00ec alla domenica dalle 10 alle 19, e dal 01\/10 al 31\/03 dal marted\u00ec alla domenica dalle 10 alle 16. Chiuso il luned\u00ec, 1o maggio, 25 dicembre e luglio e agosto. Il Tour Moresca \u00e8 chiuso la prima domenica del mese.<\/span><br \/>\n<span style=\"font-size: 10pt;\"><strong>Tariffe<\/strong> (variabili a seconda delle esposizioni in corso): Casino dei Principi: pieno \u20ac 8; ridotto \u20ac 5 \/ Casino Nobile: prezzo intero \u20ac 11; ridotto \u20ac 6,50 \/ Casina delle Civette: pieno \u20ac 10,50; ridotto \u20ac 7 \/ Serra Moresca con la Torre Moresca: pieno \u20ac 8; ridotto \u20ac 5 \/ Bunker e rifugi antiaerei: pieno \u20ac 12; ridotto \u20ac 6 \/ BIGLIETTI CUMULATIVI: da acquistare allo sportello.<\/span><\/p>\n<h2><a href=\"https:\/\/www.rome-roma.net\/it\/studi-di-cinecitta\/\"><span style=\"background-color: #deecfa; font-size: 12pt;\"><strong>Cinecitt\u00e0 si mostra<\/strong><\/span><\/a><span style=\"background-color: #deecfa; font-size: 12pt;\"><strong> (info)<\/strong><\/span><\/h2>\n<p><span class=\"accueilparagraphe\"><span style=\"font-size: 10pt;\"><em>Via Tuscolana, 1055 | 00173 Roma<\/em><\/span><br \/>\n<span style=\"font-size: 10pt;\"><em><a href=\"https:\/\/cinecitta.com\/visita\/\" target=\"_blank\" rel=\"noopener\">cinecitta.com\/visita<\/a>\u00a0&#8211; Tel: (+39) 06 72293269 biglietteria &#8211; Email: visit@cinecittaluce.it<\/em><br \/>\nOrario della mostra: tutti i giorni tranne il marted\u00ec, dalle 10 alle 18 (ultimo ingresso alle 16:30)<\/span><br \/>\n<span style=\"font-size: 10pt;\">Chiuso ogni marted\u00ec, dal 22 al 25 dicembre 2026 e il 1o gennaio<\/span><br \/>\n<span style=\"font-size: 10pt;\">Le visite guidate degli altopiani (Roma Antica nel 2026) si svolgono solo in alcuni giorni, vedi il <a href=\"https:\/\/cinecitta.com\/visita\/calendario-eventi\/\" target=\"_blank\" rel=\"noopener\">calendario sul sito ufficiale<\/a>.<\/span><br \/>\n<span style=\"font-size: 10pt;\">&#8211; Tariffe Cinecitt\u00e0 se mostra O Museo MIAC: biglietto intero 10 \u20ac \/ ridotto 8 \u20ac (sotto i 26, sopra i 65 anni) \/ ridotto 5 \u20ac (5-10 anni)<\/span><br \/>\n<span style=\"font-size: 10pt;\">&#8211; Tariffe Cinecitt\u00e0 si Mostra + Museo dell&#8217;audiovisivo MIAC: biglietto intero 15 \u20ac, famiglia 45 \u20ac <\/span><br \/>\n<span style=\"font-size: 10pt;\">&#8211; Tariffe Cinecitt\u00e0 si Mostra + visita guidata dei plateaux (vedi il <a href=\"https:\/\/cinecitta.com\/visita\/calendario-eventi\/\" target=\"_blank\" rel=\"noopener\">calendario<\/a>) : biglietto intero \u20ac 15\/ Meno di 26 e pi\u00f9 di 65: \u20ac 13\/ Disabili e 5-10 anni: \u20ac 7\/ Famiglia: \u20ac 50<\/span><br \/>\n<span style=\"font-size: 10pt;\">&#8211; Cinecitt\u00e0 si Mostra + MIAC + Visita guidata set Roma Antica (vedi il <a href=\"https:\/\/cinecitta.com\/visita\/calendario-eventi\/\" target=\"_blank\" rel=\"noopener\">calendario<\/a>) : biglietto intero \u20ac 20<\/span><br \/>\n<span style=\"font-size: 10pt;\">Vedi tutte le condizioni tariffarie sul sito ufficiale.<\/span><\/span><\/p>\n<h2><span style=\"font-size: 12pt; background-color: #deecfa;\"><strong><a href=\"https:\/\/www.rome-roma.net\/it\/museo-civico-di-zoologia\/\">Museo zoologico di Roma<\/a> (info)<br \/>\n<\/strong><\/span><\/h2>\n<p><span style=\"font-size: 10pt;\"><em><span class=\"accueilparagraphe\"><strong>Museo Civico di Zoologia<\/strong> &#8211; Via Ulisse Aldrovandi, 18 \/ <\/span><\/em><span class=\"accueilparagraphe\"><em>Tel: (0039) 06 67109270, (0039) 060608 (ore 9 alle 19, tutti i giorni)<\/em><br \/>\n<em>Site web : <a href=\"https:\/\/www.museocivicodizoologia.it\/\" target=\"_blank\" rel=\"noopener\">www.museocivicodizoologia.it<\/a><\/em><br \/>\nAperto generalmente da marted\u00ec a domenica dalle 9 alle 19. Tranne il 24 e 31 dicembre dalle 9 alle 14, e il 1o gennaio 2026 dalle 11 alle 20.<br \/>\nUltimo ingresso fino a un&#8217;ora prima della chiusura. Chiuso il luned\u00ec, il 1o maggio e il 25 dicembre.<br \/>\nTariffa normale del museo solo: biglietto prezzo intero \u20ac 10,50 \/ ridotto \u20ac 5,50<br \/>\n<\/span><\/span><\/p>\n<h2><span style=\"font-size: 12pt; background-color: #deecfa;\"><strong><a href=\"https:\/\/www.rome-roma.net\/it\/chiesa-e-cripta-dei-cappuccini\/\">Museo e cripta dei Cappuccini<\/a> (info)<\/strong><\/span><\/h2>\n<p><span class=\"accueilparagraphe\" style=\"font-size: 10pt;\"><em><strong>Santa Maria Concezione dei Cappuccini<\/strong>, Via Vittorio Veneto, 27 \u2013 Tel: (+39) 06 88803695 \u2013 Email: segreteria@cappucciniviaveneto.it<\/em> \u2013 <em>Website : <a href=\"https:\/\/museoecriptacappuccini.it\/\" target=\"_blank\" rel=\"noopener\">museoecriptacappuccini.it<\/a><\/em><br \/>\n<span class=\"accueilparagraphe\">Aperto dal luned\u00ec alla domenica: 09:30 &#8211; 13:30 | 14:30 &#8211; 18:30 (ultimo ingresso: un&#8217;ora prima della chiusura)<br \/>\nChiusure: Pasqua, 25 dicembre e 1o gennaio. Orari festivi: consultare il sito ufficiale.<br \/>\n<\/span>Tariffa prezzo intero \u20ac 10 \/ ridotto \u20ac 6,50 (fino a 18 anni, oltre 65) \/ ridotto per gruppi \u20ac 7,50.<br \/>\n<\/span><\/p>\n<h2><span style=\"font-size: 12pt; background-color: #deecfa;\"><strong><a href=\"https:\/\/www.rome-roma.net\/it\/palazzo-di-propaganda-fide\/\">Museo Missionario di Propaganda Fide<\/a> (info)<\/strong><\/span><\/h2>\n<p><span style=\"font-size: 10pt;\"><em><strong>Museo Missionario di Propagando Fide<\/strong>, Via di Propaganda, 1 &#8211; Tel: (+39) 06 69880266 &#8211; Email: museomissionario@propagandafide.va<\/em><\/span><br \/>\n<span class=\"accueilparagraphe\" style=\"font-size: 10pt;\"><em>Website : <a href=\"http:\/\/www.museopropagandafide.va\/\" target=\"_blank\" rel=\"noopener\">www.museopropagandafide.va<\/a><\/em><\/span><br \/>\n<span style=\"font-size: 10pt;\">Il Museo Missionario \u00e8 attualmente chiuso per lavori<\/span><\/p>\n<h2><span style=\"font-size: 12pt; background-color: #deecfa;\"><strong><a class=\"titrelistemusees\" href=\"https:\/\/www.rome-roma.net\/it\/leonardo-da-vinci-experience\/\" data-title=\" \">Leonardo da Vinci Experience<\/a> (info)<\/strong><\/span><\/h2>\n<p><span style=\"font-size: 10pt;\"><em><strong>Leonardo da Vinci Experience<\/strong>, Via della Conciliazione, 19, 00193 Roma<br \/>\n<\/em><a href=\"https:\/\/www.leonardodavincimuseo.com\/\" target=\"_blank\" rel=\"noopener\"><em>www.leonardodavincimuseo.com<\/em><\/a> \u2013<em> Tel: (0039 (0039) 06 6833316 \u2013 Email: info@leonardodavincimuseo.com<br \/>\n<\/em>Aperto ogni giorno dalle ore 9.30 alle ore 19.30 \/ Biglietto <span class=\"accueilparagraphe\">intero <\/span>\u20ac 12, ridotto \u20ac 10<\/span><\/p>\n<h2><span style=\"font-size: 12pt; background-color: #deecfa;\"><strong><a class=\"titrelistemusees\" href=\"https:\/\/www.rome-roma.net\/it\/mostra-leonardo-il-genio-e-le-invenzioni\/\" data-title=\" \">Mostra Leonardo. Il genio e le invenzioni<\/a> (info)<\/strong><\/span><\/h2>\n<p><span style=\"font-size: 10pt;\"><em><strong>Mostra Leonardo. Il genio e le invenzioni<\/strong>, Palazzo della Cancelleria, Piazza della Cancelleria, 1, 00186 Roma<\/em><\/span><br \/>\n<span style=\"font-size: 10pt;\"><em><a href=\"https:\/\/www.mostradileonardo.com\/\" target=\"_blank\" rel=\"noopener\">www.mostradileonardo.com<\/a> \u2013 Email: info@mostradileonardo.com \u2013 Tel: (0039) 06 69887616<\/em><\/span><br \/>\n<span style=\"font-size: 10pt;\">Aperto ogni giorno dalle ore 9.30 alle ore 19.30 \/ Biglietto intero \u20ac 9, ridotto \u20ac 7<\/span><\/p>\n<h2><span style=\"font-size: 12pt; background-color: #deecfa;\"><strong><a class=\"titrelistemusees\" href=\"https:\/\/www.rome-roma.net\/it\/museo-leonardo-da-vinci-piazza-del-popolo\/\" data-title=\" \">Museo Leonardo da Vinci Piazza del Popolo<\/a> (info)<\/strong><\/span><\/h2>\n<p><span style=\"font-size: 10pt;\"><em><strong>Museo Leonardo da Vinci Piazza del Popolo<\/strong>, Piazza del Popolo, 12, 00187 Roma<\/em><\/span><br \/>\n<span style=\"font-size: 10pt;\"><em><a href=\"https:\/\/www.museodavinci.it\/\" target=\"_blank\" rel=\"noopener\">museodavinci.it<\/a> \u2013 Email: info@museodavinci.it \u2013 Tel: (0039) 06 3200144<\/em><\/span><br \/>\n<span style=\"font-size: 10pt;\">Aperto ogni giorno dalle ore 10 alle ore 19 \/ Biglietto <span class=\"accueilparagraphe\">intero <\/span>\u20ac 14, ridotto \u20ac 10<\/span><\/p>\n<hr \/>\n<h1 class=\"region-country-table\" align=\"center\"><a name=\"visitebasiliqueseglisesrome\"><\/a><span style=\"font-size: 24pt;\">Basiliche e chiese<br \/>\n<\/span><\/h1>\n<p>Per le altre chiese, consultare le pagine dedicate (<a href=\"https:\/\/www.rome-roma.net\/it\/rubrica\/chiese\/\">basiliche e chiese di Roma<\/a>) dove troverete i collegamenti al sito del comune che indica gli orari.<\/p>\n<h2><span style=\"font-size: 12pt; background-color: #deecfa;\"><strong><a href=\"https:\/\/www.rome-roma.net\/it\/basilica-di-san-pietro-in-vaticano\/\">Basilica San Pietro<\/a> (info)<\/strong><br \/>\n<\/span><\/h2>\n<p><span style=\"font-size: 10pt;\"><em><strong>Basilica San Pietro<\/strong>, Piazza San Pietro, Vaticano<br \/>\n<a href=\"https:\/\/www.basilicasanpietro.va\/it\" target=\"_blank\" rel=\"noopener\">www.basilicasanpietro.va<\/a><\/em><\/span><\/p>\n<p><span style=\"font-size: 10pt;\"><strong>Orari e visite della basilica<\/strong><br \/>\nDal 1\u00b0 aprile al 30 settembre: tutti i giorni dalle 7:00 alle 19:10. Dal 1\u00b0 ottobre al 31 marzo: tutti i giorni dalle 7:00 alle 19:10.<br \/>\nChiusure: consultare il sito ufficiale<br \/>\n<strong>Orari e tariffe di accesso alla cupola (da confermare)<br \/>\n<\/strong>Periodo invernale (26 ottobre 2025 &#8211; 28 marzo): 7:30 &#8211; 17:00 \/ Periodo estivo (29 marzo 2026 &#8211; 25 ottobre 2026): 7:00 &#8211; 18:00<br \/>\nAscensore poi 320 gradini a piedi: 10 \u20ac \/ Accesso a piedi da 551 gradini: 8 \u20ac \/ Biglietto ridotto: 5 \u20ac (tariffe da confermare)<br \/>\nChiusure: consultare il sito ufficiale<br \/>\n<strong>Tomba di San Pietro, necropoli e basilica costantiniana<\/strong><br \/>\nVisita il sito ufficiale :\u00a0<a href=\"https:\/\/www.necropolivaticana.org\/fr\" target=\"_blank\" rel=\"noopener\" data-title=\" \">www.necropolivaticana.org<\/a><br \/>\n<\/span><\/p>\n<hr \/>\n<h1 class=\"region-country-table\" align=\"center\"><a id=\"catacombesderome\" name=\"catacombesderome\"><\/a><span style=\"font-size: 24pt;\">Catacombe di Roma<\/span><\/h1>\n<h2><a href=\"https:\/\/www.rome-roma.net\/it\/catacombe-di-san-callisto\/\"><span style=\"font-size: 12pt; background-color: #deecfa;\"><strong>Catacombe di San Callisto<\/strong><\/span><\/a><strong><span style=\"font-size: 12pt; background-color: #deecfa;\"> (info)<\/span><\/strong><\/h2>\n<p class=\"accueilparagraphe\"><span style=\"font-size: 10pt;\"><em><strong>Catacombe di San Callisto<\/strong>, Via Appia Antica, 110\/126<\/em><\/span><br \/>\n<span style=\"font-size: 10pt;\"><em><a href=\"https:\/\/www.catacombesancallisto.it\/\" target=\"_blank\" rel=\"noopener\" data-title=\" \">www.catacombesancallisto.it<\/a> e <\/em><a href=\"https:\/\/060608.comune.roma.it\/cultura\/beni-archeologici\/catacombe-di-san-callisto-3717\" target=\"_blank\" rel=\"noopener\" data-title=\" \"><em>060608<\/em><\/a> \u00a0&#8211; <em>Tel : (+39) 06 5130151 &#8211; Email : info@catacombesancallisto.it<br \/>\n<\/em>Aperto tutti i giorni tranne il mercoled\u00ec, dalle 9 alle 12 (ultima partenza) e dalle 14 alle 17 (ultima partenza). La biglietteria chiude alle 16:50.<\/span><br \/>\n<span style=\"font-size: 10pt;\">Il gioved\u00ec santo, partenza dell&#8217;ultima visita alle 16:30. Le visite sono guidate e durano circa 40 minuti.<\/span><br \/>\n<span style=\"font-size: 10pt;\">Chiusure: ogni mercoled\u00ec, giorno dell&#8217;anno (1o gennaio), dal 15 gennaio al 12 febbraio 2025, domenica di Pasqua (20 aprile 2025), Natale (25 dicembre).<\/span><br \/>\n<span style=\"font-size: 10pt;\">Tariffa biglietto intero : 10 \u20ac (+ 2 \u20ac se prenotato) \/ Ridotto: 7 \u20ac (+ 2 \u20ac se prenotato) per: dai 7 ai 16 anni, scuole, alcuni studenti sotto i 25 anni, religiosi, ecc. \/ Gratuito per bambini sotto i 6 anni, disabili, ecc.<\/span><\/p>\n<h2><a href=\"https:\/\/www.rome-roma.net\/it\/catacombe-di-san-sebastiano\/\"><span style=\"font-size: 12pt; background-color: #deecfa;\"><strong>Catacombe di San Sebastiano<\/strong><\/span><\/a><strong><span style=\"font-size: 12pt; background-color: #deecfa;\"> (info)<\/span><\/strong><\/h2>\n<p class=\"accueilparagraphe\"><span style=\"font-size: 10pt;\"><em><strong>Catacombe di San Sebastiano<\/strong>, Via Appia Antica, 136 &#8211; Roma<\/em><\/span><br \/>\n<span style=\"font-size: 10pt;\"><a href=\"https:\/\/www.catacombe.org\/\" target=\"_blank\" rel=\"noopener\"><em>catacombe.org<\/em><\/a> &#8211; <em>Tel: (0039) 06 7850350 <\/em>&#8211; <em>info@catacombe.org<br \/>\n<\/em>Aperto dal marted\u00ec alla domenica dalle 09:15 alle 17:15 (ultimo ingresso alle 16:45) e chiuso il luned\u00ec.<\/span><br \/>\n<span style=\"font-size: 10pt;\">Giorni di chiusura aggiuntivi: 25 dicembre (Natale), 1 gennaio (Capodanno), giorno di Pasqua.<\/span><br \/>\n<span style=\"font-size: 10pt;\">Chiusura annuale 2026: dal 7 al 17 dicembre 2026.<\/span><br \/>\n<span style=\"font-size: 10pt;\">Tariffa biglietto intero 10 \u20ac (+ 2 \u20ac se prenotazione) \/ Ridotto 7 \u20ac (+ 2 \u20ac se prenotazione) per: dai 7 ai 16 anni, scuole, alcuni studenti sotto i 25 anni, religiosi, ecc. \/ Gratuito per bambini sotto i 6 anni, disabili, ecc.<\/span><\/p>\n<h2><a href=\"https:\/\/www.rome-roma.net\/it\/catacombe-di-priscilla\/\"><span style=\"font-size: 12pt; background-color: #deecfa;\"><strong>Catacombe di Priscilla<\/strong><\/span><\/a><span style=\"font-size: 12pt; background-color: #deecfa;\"><strong> (info)<\/strong><\/span><\/h2>\n<p class=\"accueilparagraphe\"><span style=\"font-size: 10pt;\"><em><strong>Catacombe di Priscilla<\/strong>, Via Salaria, 430 &#8211; Roma <\/em><\/span><br \/>\n<span style=\"font-size: 10pt;\"><em><a href=\"https:\/\/catacombepriscilla.com\/\" target=\"_blank\" rel=\"noopener\">www.catacombepriscilla.com<\/a> \u2013 Tel: (0039) 06 86206272 \u2013 catacombapriscillaseg@gmail.com<\/em><\/span><br \/>\n<span style=\"font-size: 10pt;\">Prenotazione obbligatoria di una visita guidata (durata circa 45 minuti) tramite il modulo del sito ufficiale.<\/span><br \/>\n<span style=\"font-size: 10pt;\">Apertura: dal marted\u00ec alla domenica dalle 9.30 alle 13.00 (ultima partenza alle 12.00) e dalle 14.00 alle 17.00 (ultima partenza alle 16.15).<\/span><br \/>\n<span style=\"font-size: 10pt;\">Chiusure: ogni luned\u00ec, Natale (24-26 dicembre), Capodanno (1o gennaio), Epifania (6 gennaio), 12-26 gennaio 2026, Pasqua (5 aprile 2026), 17-31 agosto 2026.<\/span><br \/>\n<span style=\"font-size: 10pt;\">Tariffa biglietto intero 10 \u20ac (+ 2 \u20ac se prenotazione) \/ Ridotto 7 \u20ac (+ 2 \u20ac se prenotazione): da 7 a 16 anni, scuole, alcuni studenti sotto i 25 anni, religiosi \/ Gratuito per bambini sotto i 6 anni, disabili, ecc.<\/span><\/p>\n<h2 class=\"post-title\"><a href=\"https:\/\/www.rome-roma.net\/it\/catacombe-di-domitilla\/\"><span style=\"font-size: 12pt; background-color: #deecfa;\"><strong>Catacombe di Domitilla<\/strong><\/span><\/a><strong><span style=\"font-size: 12pt; background-color: #deecfa;\"> (info)<\/span><\/strong><\/h2>\n<p><span style=\"font-size: 10pt;\"><em><strong>Catacombe di Domitilla<\/strong>, Via delle Sette Chiese, 282 &#8211; 00147 Roma<br \/>\n<a href=\"https:\/\/www.catacombedomitilla.it\/\" target=\"_blank\" rel=\"noopener noreferrer\" data-title=\" \">www.catacombedomitilla.it<\/a> &#8211; Tel : +39 06 5110342 &#8211; Email : info@domitilla.info<br \/>\n<\/em>Aperto dal luned\u00ec alla domenica tranne il marted\u00ec dalle 9 alle 12 e dalle 14 alle 17.<\/span><br \/>\n<span style=\"font-size: 10pt;\">La partenza dell&#8217;ultima visita guidata (inclusa nel biglietto) \u00e8 prevista 20 minuti prima della chiusura. Visite guidate in italiano, inglese, tedesco, spagnolo e francese<\/span><br \/>\n<span style=\"font-size: 10pt;\">Chiuso il 1\u00b0 gennaio, 25 dicembre e durante la chiusura annuale. Consulta il sito ufficiale e il modulo di prenotazione.<\/span><br \/>\n<span style=\"font-size: 10pt;\">Tariffa biglietto adulti: 10 \u20ac \/ Bambini da 6 a 15 anni: 7 \u20ac \/ Bambini fino a 5 anni: gratis<\/span><\/p>\n<h2 class=\"post-title\"><strong><a href=\"https:\/\/www.rome-roma.net\/it\/complesso-di-sant-agnese-fuori-le-mura\/catacombe-di-sant-agnese\/\"><span style=\"font-size: 12pt; background-color: #deecfa;\">Catacombe di Sant&#8217;Agnese<\/span><\/a><span style=\"font-size: 12pt; background-color: #deecfa;\"> (info)<\/span><\/strong><\/h2>\n<p><span style=\"font-size: 10pt;\"><em><strong>Catacombe di Sant\u2019Agnese<\/strong>, Via Nomentana 349 &#8211; 00198 Roma<\/em><\/span><br \/>\n<span style=\"font-size: 10pt;\"><a href=\"https:\/\/www.santagnese.net\/site\/catacombe-mausoleo\/\" target=\"_blank\" rel=\"noopener\">www.santagnese.net\/site\/catacombe-mausoleo<\/a> &#8211; <em>Tel: (+39) 06 8610840 &#8211; catacombe@santagnese.net<\/em><\/span><br \/>\n<span style=\"font-size: 10pt;\">Aperto tutti i giorni dal luned\u00ec al sabato dalle 10 alle 13 e dalle 15 alle 18 (partenze alle 10, 11, 12, 15, 16 e 17).<\/span><br \/>\n<span style=\"font-size: 10pt;\">Giorni di chiusura: la domenica, il 1o gennaio, Pasqua, met\u00e0 agosto, Natale, mattina delle festivit\u00e0 religiose ecc.<\/span><br \/>\n<span style=\"font-size: 10pt;\">Le visite sono guidate e durano circa 60 minuti.<\/span><br \/>\n<span style=\"font-size: 10pt;\">Tariffa biglietto intero : 10 \u20ac \/ Ridotto : 7 \u20ac (dai 7 ai 16 anni, scuole, alcuni studenti sotto i 25 anni, religiosi) \/ Gratuito per bambini sotto i 6 anni, disabili, ecc. Aggiungi 2 \u20ac se prenoti online.<\/span><\/p>\n<hr \/>\n<h1 class=\"region-country-table\" align=\"center\"><a id=\"autres\" name=\"autres\"><\/a><span style=\"font-size: 24pt;\">Altri luoghi, parchi e giardini<\/span><\/h1>\n<h2><span style=\"font-size: 12pt; background-color: #deecfa;\"><strong><a href=\"https:\/\/www.rome-roma.net\/it\/giardini-vaticani\/\">Giardini Vaticani<\/a> (info)<br \/>\n<\/strong><\/span><\/h2>\n<p><span style=\"font-size: 10pt;\"><em><strong>Giardini Vaticano<\/strong>, Viale Vaticano<br \/>\n<a href=\"https:\/\/www.museivaticani.va\/\" target=\"_blank\" rel=\"noopener\">www.museivaticani.va<\/a>, <a href=\"https:\/\/tickets.museivaticani.va\/home\/calendar\/visit\/Giardini-Vaticani\" target=\"_blank\" rel=\"noopener\">prenotazioni<\/a> \/ Tel: (+39) 06 69884676 \/ Prenotazioni tel: (+39) 06 69883145 \/ help.musei@scv.va<br \/>\n<\/em>Ci sono diversi tipi di visite guidate ai Giardini Vaticani: per famiglie, in piccolo bus, combinate con i musei o no.<br \/>\nPrenotazione obbligatoria. Informazioni precise e formule da consultare sul sito ufficiale.<br \/>\nTariffe biglietti interi di 20 \u20ac (Capture Nature), 40 \u20ac (Open Bus), 45 \u20ac (con visita guidata dei musei) \/ tariffe biglietti ridotti rispettive: 10 \u20ac, 30 \u20ac, 35 \u20ac. Vedi il sito ufficiale per informazioni precise.<br \/>\n<\/span><\/p>\n<h2><a href=\"https:\/\/www.rome-roma.net\/it\/bioparco-zoo-di-roma\/\"><span style=\"font-size: 12pt; background-color: #deecfa;\"><strong>Parco zoologico. Bioparco di Roma<\/strong><\/span><\/a><span style=\"font-size: 12pt; background-color: #deecfa;\"><strong> (info)<\/strong><\/span><\/h2>\n<p><span style=\"font-size: 10pt;\"><em><span class=\"accueilparagraphe\"><strong>Bioparco di Roma<\/strong> \u2013 Piazzale del Giardino Zoologico, 1<br \/>\nWebsite: <a href=\"https:\/\/www.bioparco.it\/\" target=\"_blank\" rel=\"noopener\">www.bioparco.it<\/a> \/ Tel : 0039 06 3608211 \/ info@bioparco.it<br \/>\n<\/span><\/em><strong>Aperto tutto l&#8217;anno<\/strong>, 7 giorni su 7, tranne il 25 dicembre, quando il parco \u00e8 chiuso l&#8217;intera giornata. Ingresso consentito fino a un&#8217;ora prima della chiusura.<\/span><br \/>\n<span style=\"font-size: 10pt;\">Orari di apertura 2026: dal 1\u00b0 gennaio al 28 marzo dalle 9:30 alle 17:00 \/ Dal 29 marzo al 24 ottobre dalle 9:30 alle 18:00 \/ Dal 25 ottobre al 31 dicembre dalle 9:30 alle 17:00 \/ Dal 29 marzo al 4 ottobre 2026: orario prolungato il sabato, la domenica e i giorni festivi: dalle 9:30 alle 19:00<\/span><br \/>\n<span style=\"font-size: 10pt;\"><strong>Tariffe<\/strong> (che possono essere decrescenti in base alla durata della prenotazione): \u20ac 19 per gli adulti \/ \u20ac 14 per i bambini oltre un metro e fino a 10 anni, di et\u00e0 superiore ai 65 anni, gruppi \/ \u20ac 11 per disabili a meno del 100% \/ Gratuito per bambini sotto un metro, disabili al 100% e accompagnatore \/ \u20ac 9 last minute a 2 ore dalla chiusura, ecc<\/span><\/p>\n","protected":false},"excerpt":{"rendered":"<p>Le tariffe e gli orari indicati potrebbero non essere aggiornati, ultimo aggiornamento: aprile 2026. Molti musei nazionali e comunali sono liberamente accessibili una volta al mese, consulta l&#8217;elenco di questi. Vedi anche la pagina che lista i musei di Roma. Monumenti Colosseo (info ed orari) Piazza del Colosseo Tel. : (+39) 06 39967700 \u2013 colosseo.it [&hellip;]<\/p>\n","protected":false},"featured_media":15469,"parent":0,"menu_order":0,"comment_status":"open","ping_status":"open","template":"single-site-culture.php","format":"standard","meta":{"kt_blocks_editor_width":"","_links_to":"","_links_to_target":""},"genre":[],"interet":[],"quartier":[],"categorie_site":[362,376,381],"quartier_historique":[],"etiquettes_site":[],"acf":[],"yoast_head":"<!-- This site is optimized with the Yoast SEO plugin v17.4 - https:\/\/yoast.com\/wordpress\/plugins\/seo\/ -->\n<title>Orari e tariffe dei monumenti e musei di Roma &ndash; Rome-Roma<\/title>\n<meta name=\"description\" content=\"Elenco degli orari, tariffe, indirizzi e condizioni per visitare i principali monumenti, musei di Roma e siti archeologici.\" \/>\n<meta name=\"robots\" content=\"index, follow, max-snippet:-1, max-image-preview:large, max-video-preview:-1\" \/>\n<link rel=\"canonical\" href=\"https:\/\/www.rome-roma.net\/it\/orari-e-tariffe-dei-monumenti-e-musei-di-roma\/\" \/>\n<meta property=\"og:locale\" content=\"it_IT\" \/>\n<meta property=\"og:type\" content=\"article\" \/>\n<meta property=\"og:title\" content=\"Orari e tariffe dei monumenti e musei di Roma &ndash; Rome-Roma\" \/>\n<meta property=\"og:description\" content=\"Elenco degli orari, tariffe, indirizzi e condizioni per visitare i principali monumenti, musei di Roma e siti archeologici.\" \/>\n<meta property=\"og:url\" content=\"https:\/\/www.rome-roma.net\/it\/orari-e-tariffe-dei-monumenti-e-musei-di-roma\/\" \/>\n<meta property=\"og:site_name\" content=\"Rome-Roma\" \/>\n<meta property=\"article:modified_time\" content=\"2026-04-13T13:15:11+00:00\" \/>\n<meta property=\"og:image\" content=\"https:\/\/www.rome-roma.net\/wp-content\/uploads\/2020\/02\/image-musees-monuments-romeroma.jpg\" \/>\n\t<meta property=\"og:image:width\" content=\"1600\" \/>\n\t<meta property=\"og:image:height\" content=\"847\" \/>\n<meta name=\"twitter:card\" content=\"summary_large_image\" \/>\n<meta name=\"twitter:label1\" content=\"Tempo di lettura stimato\" \/>\n\t<meta name=\"twitter:data1\" content=\"30 minuti\" \/>\n<script type=\"application\/ld+json\" class=\"yoast-schema-graph\">{\"@context\":\"https:\/\/schema.org\",\"@graph\":[{\"@type\":\"Organization\",\"@id\":\"https:\/\/www.rome-roma.net\/it\/#organization\",\"name\":\"Rome-Roma\",\"url\":\"https:\/\/www.rome-roma.net\/it\/\",\"sameAs\":[],\"logo\":{\"@type\":\"ImageObject\",\"@id\":\"https:\/\/www.rome-roma.net\/it\/#logo\",\"inLanguage\":\"it-IT\",\"url\":\"https:\/\/www.rome-roma.net\/wp-content\/uploads\/2025\/07\/logo-rome-roma-420.jpg\",\"contentUrl\":\"https:\/\/www.rome-roma.net\/wp-content\/uploads\/2025\/07\/logo-rome-roma-420.jpg\",\"width\":420,\"height\":420,\"caption\":\"Rome-Roma\"},\"image\":{\"@id\":\"https:\/\/www.rome-roma.net\/it\/#logo\"}},{\"@type\":\"WebSite\",\"@id\":\"https:\/\/www.rome-roma.net\/it\/#website\",\"url\":\"https:\/\/www.rome-roma.net\/it\/\",\"name\":\"Rome-Roma\",\"description\":\"Cultura & Viaggio\",\"publisher\":{\"@id\":\"https:\/\/www.rome-roma.net\/it\/#organization\"},\"potentialAction\":[{\"@type\":\"SearchAction\",\"target\":{\"@type\":\"EntryPoint\",\"urlTemplate\":\"https:\/\/www.rome-roma.net\/it\/?s={search_term_string}\"},\"query-input\":\"required name=search_term_string\"}],\"inLanguage\":\"it-IT\"},{\"@type\":\"ImageObject\",\"@id\":\"https:\/\/www.rome-roma.net\/it\/orari-e-tariffe-dei-monumenti-e-musei-di-roma\/#primaryimage\",\"inLanguage\":\"it-IT\",\"url\":\"https:\/\/www.rome-roma.net\/wp-content\/uploads\/2020\/02\/image-musees-monuments-romeroma.jpg\",\"contentUrl\":\"https:\/\/www.rome-roma.net\/wp-content\/uploads\/2020\/02\/image-musees-monuments-romeroma.jpg\",\"width\":1600,\"height\":847,\"caption\":\"image-musees-monuments-romeroma\"},{\"@type\":\"WebPage\",\"@id\":\"https:\/\/www.rome-roma.net\/it\/orari-e-tariffe-dei-monumenti-e-musei-di-roma\/#webpage\",\"url\":\"https:\/\/www.rome-roma.net\/it\/orari-e-tariffe-dei-monumenti-e-musei-di-roma\/\",\"name\":\"Orari e tariffe dei monumenti e musei di Roma &ndash; Rome-Roma\",\"isPartOf\":{\"@id\":\"https:\/\/www.rome-roma.net\/it\/#website\"},\"primaryImageOfPage\":{\"@id\":\"https:\/\/www.rome-roma.net\/it\/orari-e-tariffe-dei-monumenti-e-musei-di-roma\/#primaryimage\"},\"datePublished\":\"2020-02-24T17:42:30+00:00\",\"dateModified\":\"2026-04-13T13:15:11+00:00\",\"description\":\"Elenco degli orari, tariffe, indirizzi e condizioni per visitare i principali monumenti, musei di Roma e siti archeologici.\",\"breadcrumb\":{\"@id\":\"https:\/\/www.rome-roma.net\/it\/orari-e-tariffe-dei-monumenti-e-musei-di-roma\/#breadcrumb\"},\"inLanguage\":\"it-IT\",\"potentialAction\":[{\"@type\":\"ReadAction\",\"target\":[\"https:\/\/www.rome-roma.net\/it\/orari-e-tariffe-dei-monumenti-e-musei-di-roma\/\"]}]},{\"@type\":\"BreadcrumbList\",\"@id\":\"https:\/\/www.rome-roma.net\/it\/orari-e-tariffe-dei-monumenti-e-musei-di-roma\/#breadcrumb\",\"itemListElement\":[{\"@type\":\"ListItem\",\"position\":1,\"name\":\"Accueil\",\"item\":\"https:\/\/www.rome-roma.net\/it\/\"},{\"@type\":\"ListItem\",\"position\":2,\"name\":\"Orari e tariffe dei monumenti e musei di Roma\"}]}]}<\/script>\n<!-- \/ Yoast SEO plugin. -->","yoast_head_json":{"title":"Orari e tariffe dei monumenti e musei di Roma &ndash; Rome-Roma","description":"Elenco degli orari, tariffe, indirizzi e condizioni per visitare i principali monumenti, musei di Roma e siti archeologici.","robots":{"index":"index","follow":"follow","max-snippet":"max-snippet:-1","max-image-preview":"max-image-preview:large","max-video-preview":"max-video-preview:-1"},"canonical":"https:\/\/www.rome-roma.net\/it\/orari-e-tariffe-dei-monumenti-e-musei-di-roma\/","og_locale":"it_IT","og_type":"article","og_title":"Orari e tariffe dei monumenti e musei di Roma &ndash; Rome-Roma","og_description":"Elenco degli orari, tariffe, indirizzi e condizioni per visitare i principali monumenti, musei di Roma e siti archeologici.","og_url":"https:\/\/www.rome-roma.net\/it\/orari-e-tariffe-dei-monumenti-e-musei-di-roma\/","og_site_name":"Rome-Roma","article_modified_time":"2026-04-13T13:15:11+00:00","og_image":[{"width":1600,"height":847,"url":"https:\/\/www.rome-roma.net\/wp-content\/uploads\/2020\/02\/image-musees-monuments-romeroma.jpg","type":"image\/jpeg"}],"twitter_card":"summary_large_image","twitter_misc":{"Tempo di lettura stimato":"30 minuti"},"schema":{"@context":"https:\/\/schema.org","@graph":[{"@type":"Organization","@id":"https:\/\/www.rome-roma.net\/it\/#organization","name":"Rome-Roma","url":"https:\/\/www.rome-roma.net\/it\/","sameAs":[],"logo":{"@type":"ImageObject","@id":"https:\/\/www.rome-roma.net\/it\/#logo","inLanguage":"it-IT","url":"https:\/\/www.rome-roma.net\/wp-content\/uploads\/2025\/07\/logo-rome-roma-420.jpg","contentUrl":"https:\/\/www.rome-roma.net\/wp-content\/uploads\/2025\/07\/logo-rome-roma-420.jpg","width":420,"height":420,"caption":"Rome-Roma"},"image":{"@id":"https:\/\/www.rome-roma.net\/it\/#logo"}},{"@type":"WebSite","@id":"https:\/\/www.rome-roma.net\/it\/#website","url":"https:\/\/www.rome-roma.net\/it\/","name":"Rome-Roma","description":"Cultura & Viaggio","publisher":{"@id":"https:\/\/www.rome-roma.net\/it\/#organization"},"potentialAction":[{"@type":"SearchAction","target":{"@type":"EntryPoint","urlTemplate":"https:\/\/www.rome-roma.net\/it\/?s={search_term_string}"},"query-input":"required name=search_term_string"}],"inLanguage":"it-IT"},{"@type":"ImageObject","@id":"https:\/\/www.rome-roma.net\/it\/orari-e-tariffe-dei-monumenti-e-musei-di-roma\/#primaryimage","inLanguage":"it-IT","url":"https:\/\/www.rome-roma.net\/wp-content\/uploads\/2020\/02\/image-musees-monuments-romeroma.jpg","contentUrl":"https:\/\/www.rome-roma.net\/wp-content\/uploads\/2020\/02\/image-musees-monuments-romeroma.jpg","width":1600,"height":847,"caption":"image-musees-monuments-romeroma"},{"@type":"WebPage","@id":"https:\/\/www.rome-roma.net\/it\/orari-e-tariffe-dei-monumenti-e-musei-di-roma\/#webpage","url":"https:\/\/www.rome-roma.net\/it\/orari-e-tariffe-dei-monumenti-e-musei-di-roma\/","name":"Orari e tariffe dei monumenti e musei di Roma &ndash; Rome-Roma","isPartOf":{"@id":"https:\/\/www.rome-roma.net\/it\/#website"},"primaryImageOfPage":{"@id":"https:\/\/www.rome-roma.net\/it\/orari-e-tariffe-dei-monumenti-e-musei-di-roma\/#primaryimage"},"datePublished":"2020-02-24T17:42:30+00:00","dateModified":"2026-04-13T13:15:11+00:00","description":"Elenco degli orari, tariffe, indirizzi e condizioni per visitare i principali monumenti, musei di Roma e siti archeologici.","breadcrumb":{"@id":"https:\/\/www.rome-roma.net\/it\/orari-e-tariffe-dei-monumenti-e-musei-di-roma\/#breadcrumb"},"inLanguage":"it-IT","potentialAction":[{"@type":"ReadAction","target":["https:\/\/www.rome-roma.net\/it\/orari-e-tariffe-dei-monumenti-e-musei-di-roma\/"]}]},{"@type":"BreadcrumbList","@id":"https:\/\/www.rome-roma.net\/it\/orari-e-tariffe-dei-monumenti-e-musei-di-roma\/#breadcrumb","itemListElement":[{"@type":"ListItem","position":1,"name":"Accueil","item":"https:\/\/www.rome-roma.net\/it\/"},{"@type":"ListItem","position":2,"name":"Orari e tariffe dei monumenti e musei di Roma"}]}]}},"acf_fields":{"nom_monument":"","wikidata":"","sameas":""},"_links":{"self":[{"href":"https:\/\/www.rome-roma.net\/it\/wp-json\/wp\/v2\/site\/6778"}],"collection":[{"href":"https:\/\/www.rome-roma.net\/it\/wp-json\/wp\/v2\/site"}],"about":[{"href":"https:\/\/www.rome-roma.net\/it\/wp-json\/wp\/v2\/types\/site"}],"replies":[{"embeddable":true,"href":"https:\/\/www.rome-roma.net\/it\/wp-json\/wp\/v2\/comments?post=6778"}],"wp:featuredmedia":[{"embeddable":true,"href":"https:\/\/www.rome-roma.net\/it\/wp-json\/wp\/v2\/media\/15469"}],"wp:attachment":[{"href":"https:\/\/www.rome-roma.net\/it\/wp-json\/wp\/v2\/media?parent=6778"}],"wp:term":[{"taxonomy":"genre","embeddable":true,"href":"https:\/\/www.rome-roma.net\/it\/wp-json\/wp\/v2\/genre?post=6778"},{"taxonomy":"interet","embeddable":true,"href":"https:\/\/www.rome-roma.net\/it\/wp-json\/wp\/v2\/interet?post=6778"},{"taxonomy":"quartier","embeddable":true,"href":"https:\/\/www.rome-roma.net\/it\/wp-json\/wp\/v2\/quartier?post=6778"},{"taxonomy":"categorie_site","embeddable":true,"href":"https:\/\/www.rome-roma.net\/it\/wp-json\/wp\/v2\/categorie_site?post=6778"},{"taxonomy":"quartier_historique","embeddable":true,"href":"https:\/\/www.rome-roma.net\/it\/wp-json\/wp\/v2\/quartier_historique?post=6778"},{"taxonomy":"etiquettes_site","embeddable":true,"href":"https:\/\/www.rome-roma.net\/it\/wp-json\/wp\/v2\/etiquettes_site?post=6778"}],"curies":[{"name":"wp","href":"https:\/\/api.w.org\/{rel}","templated":true}]}}