


{"id":6810,"date":"2020-02-07T12:14:05","date_gmt":"2020-02-07T11:14:05","guid":{"rendered":"https:\/\/www.rome-roma.net\/site\/le-pincio\/"},"modified":"2025-01-01T21:32:48","modified_gmt":"2025-01-01T20:32:48","slug":"pincio","status":"publish","type":"site","link":"https:\/\/www.rome-roma.net\/it\/pincio\/","title":{"rendered":"Pincio, colle e passeggiata"},"content":{"rendered":"<div style=\"width: 210px\" class=\"wp-caption alignright\"><a href=\"https:\/\/www.rome-roma.net\/photos\/arapacis-pincio-napoleonico-santamariadelpopolo\/images\/pincio_borghese_roma_2187.jpg\" rel=\"lightbox[a]\"><img loading=\"lazy\" src=\"https:\/\/www.rome-roma.net\/photos\/arapacis-pincio-napoleonico-santamariadelpopolo\/images\/pincio_borghese_roma_2187.jpg\" alt=\"terrazza pincio\" width=\"200\" height=\"300\" align=\"right\" border=\"0\" hspace=\"5\" vspace=\"2\" \/><\/a><p class=\"wp-caption-text\">Dalla terrazza del Pincio, Piazzale Napoleone I<\/p><\/div>\n<p>Il <strong>Pincio<\/strong> \u00e8 un colle di Roma, situato a nord del <strong>Quirinale<\/strong>, che domina il <strong>Campo Marzio<\/strong>. Diverse ville e giardini occupano il colle, tra cui il grande <a href=\"https:\/\/www.rome-roma.net\/it\/parco-della-villa-borghese\/\">Parco di Villa Borghese<\/a>. <br \/>Oggi il termine si riferisce in particolare al piccolo parco elegante, la Passeggiata del Pincio, di otto ettari, che sovrasta <a href=\"https:\/\/www.rome-roma.net\/it\/piazza-del-popolo-roma\/\">Piazza del Popolo<\/a>, da cui si gode una splendida vista dalla terrazza di Piazzale <strong>Napoleone I<\/strong>, fino alla cupola di San Pietro e al quartiere Prati.<\/p>\n<h2>Storia del Pincio<\/h2>\n<p>In epoca antica, la collina era chiamata <strong>Hortulorum Collis<\/strong>, la collina dei giardini. Il nome attuale deriva dalla famiglia dei <strong>Pincii<\/strong>, che vi possedevano una villa nel IV secolo. Le fondamenta della loro residenza, nota come <strong>Muro Torto<\/strong>, sono ancora visibili oggi.<br \/>Si trovava al di fuori delle mura della citt\u00e0 antica, ma fu integrata nelle <a href=\"https:\/\/www.rome-roma.net\/it\/mura-aureliane\/\">mura aureliane<\/a> nel III secolo. <br \/>Sotto la Repubblica Romana, importanti famiglie vi stabilirono ville e giardini, tra cui forse quelli di Scipione e Pompeo. Pi\u00f9 sicuramente, vi si trovavano i possedimenti di <strong>Lucullo<\/strong> (i Luculus Horti, dove Lucullo fu ucciso da Messalina), nonch\u00e9 i giardini di Sallustio.<\/p>\n<div id=\"attachment_24495\" style=\"width: 310px\" class=\"wp-caption alignleft\"><a href=\"https:\/\/www.rome-roma.net\/wp-content\/uploads\/2020\/01\/fontana-del-mose-pincio_2188.jpg\"><img aria-describedby=\"caption-attachment-24495\" loading=\"lazy\" class=\"wp-image-24495 size-medium\" src=\"https:\/\/www.rome-roma.net\/wp-content\/uploads\/2020\/01\/fontana-del-mose-pincio_2188-300x200.jpg\" alt=\"fontana-del-mose-pincio_2188\" width=\"300\" height=\"200\" srcset=\"https:\/\/www.rome-roma.net\/wp-content\/uploads\/2020\/01\/fontana-del-mose-pincio_2188-300x200.jpg 300w, https:\/\/www.rome-roma.net\/wp-content\/uploads\/2020\/01\/fontana-del-mose-pincio_2188-1024x683.jpg 1024w, https:\/\/www.rome-roma.net\/wp-content\/uploads\/2020\/01\/fontana-del-mose-pincio_2188-768x512.jpg 768w, https:\/\/www.rome-roma.net\/wp-content\/uploads\/2020\/01\/fontana-del-mose-pincio_2188.jpg 1200w\" sizes=\"(max-width: 300px) 100vw, 300px\" \/><\/a><p id=\"caption-attachment-24495\" class=\"wp-caption-text\">Fontana del Mos\u00e8<\/p><\/div>\n<p>La collina del Pincio fu fortemente urbanizzata a partire dall&#8217;epoca di Augusto: Agrippa vi costru\u00ec una villa e la sua tomba, mentre sua sorella Polla eresse il Portico Vipsanio. Nei pressi di Piazza Santi Apostoli si trovava la caserma della prima coorte e il mercato del maiale, detto <em>Suarium Forum<\/em>.<br \/>Ai piedi della collina, si trovava la <strong>tomba dei Domizi<\/strong>, contenente le ceneri di <strong>Nerone<\/strong>.<br \/>A partire dal II secolo d.C., grandi case occuparono i bordi della Via Lata, con edifici in mattoni a pi\u00f9 piani (insulae) e portici ornamentali. <br \/>Dal 273, l&#8217;imperatore <strong>Aureliano<\/strong> intraprese la costruzione del grande <strong>Tempio del Sole<\/strong>, situato tra Via del Corso e Piazza San Silvestro.<\/p>\n<p>In tempi pi\u00f9 recenti, <strong>Gian Lorenzo Bernini<\/strong> scolp\u00ec la <strong>Porta del Popolo<\/strong>, l&#8217;ingresso nord della citt\u00e0 attraverso il quale arrivavano pellegrini, mercanti, imperatori e artisti.<br \/>Dal 1816 al 1824, sotto il regno di <strong>Napoleone I<\/strong>, <strong>Giuseppe Valadier<\/strong> progett\u00f2 il giardino della collina e l&#8217;attuale piazza. Questo giardino, noto oggi come &#8220;Pincio&#8221;, fa anche parte del Parco di Villa Borghese all&#8217;interno delle mura aureliane. Fu il primo parco pubblico di Roma.<br \/>Molti busti decorano i suoi viali.<\/p>\n<h2>Visita al parco del Pincio<\/h2>\n<p>In passato occupato da giardini e vigneti, il Pincio cambi\u00f2 profondamente aspetto nel 1811, sotto l&#8217;impulso di <strong>Giuseppe Valadier<\/strong>, per diventare un luogo di passeggio molto apprezzato. Valadier cre\u00f2 viali bordati di pini, palme e querce, trasformandolo in uno spazio alla moda per le passeggiate.<\/p>\n<p>Il Viale Gabriele D&#8217;Annunzio, che parte da Piazza del Popolo, sale verso la collina. In una delle sue curve si trova una fontana interessante ricavata da una vasca termale antica in granito rosso. Dopo essere stata spostata pi\u00f9 volte, fu installata per un periodo in Piazza San Marco.<br \/>Pi\u00f9 in alto, si raggiunge il <strong>Piazzale Napoleone I<\/strong>, in omaggio all&#8217;imperatore che ispir\u00f2 la sistemazione del Pincio. Da questa terrazza, la vista si estende su Piazza del Popolo e una gran parte della citt\u00e0.<br \/>Questa terrazza \u00e8 sostenuta dalla monumentale <strong>Fontana dell&#8217;Acqua Vergine<\/strong> (<em>Mostra dell&#8217;Acqua Vergine<\/em>), con i suoi due livelli, le nicchie al piano inferiore e la loggia al piano superiore, dove le colonne corinzie incorniciano i tre archi.<\/p>\n<div id=\"attachment_24500\" style=\"width: 210px\" class=\"wp-caption alignright\"><a href=\"https:\/\/www.rome-roma.net\/wp-content\/uploads\/2020\/01\/obelisco-pinciano-parco-pincio_2190.jpg\"><img aria-describedby=\"caption-attachment-24500\" loading=\"lazy\" class=\"size-medium wp-image-24500\" src=\"https:\/\/www.rome-roma.net\/wp-content\/uploads\/2020\/01\/obelisco-pinciano-parco-pincio_2190-200x300.jpg\" alt=\"obelisco-pinciano-parco-pincio_2190\" width=\"200\" height=\"300\" srcset=\"https:\/\/www.rome-roma.net\/wp-content\/uploads\/2020\/01\/obelisco-pinciano-parco-pincio_2190-200x300.jpg 200w, https:\/\/www.rome-roma.net\/wp-content\/uploads\/2020\/01\/obelisco-pinciano-parco-pincio_2190-683x1024.jpg 683w, https:\/\/www.rome-roma.net\/wp-content\/uploads\/2020\/01\/obelisco-pinciano-parco-pincio_2190-768x1152.jpg 768w, https:\/\/www.rome-roma.net\/wp-content\/uploads\/2020\/01\/obelisco-pinciano-parco-pincio_2190.jpg 800w\" sizes=\"(max-width: 200px) 100vw, 200px\" \/><\/a><p id=\"caption-attachment-24500\" class=\"wp-caption-text\">Obelisco Pinciano o di Antinoo<\/p><\/div>\n<p>Il parco ospita l&#8217;<strong>Obelisco Pinciano<\/strong>, noto anche come Obelisco di Antinoo, eretto dall&#8217;imperatore Adriano in memoria del suo amico, annegato nel Nilo nel 130 d.C. Alto 9,25 metri, fu spostato nel 1822 da un giardino del Vaticano.<br \/>In origine ornava la tomba di Antinoo, probabilmente situata sul Palatino, ma fu ritrovato nel XVI secolo nel <strong>Circo di Varo<\/strong> (vicino alla <a href=\"https:\/\/www.rome-roma.net\/it\/basilica-di-santa-croce-in-gerusalemme\/\">chiesa di Santa Croce in Gerusalemme<\/a>), dove era stato collocato dall&#8217;imperatore Eliogabalo.<\/p>\n<p>In Via dell&#8217;Orologio, un <strong>idrocronometro<\/strong> al centro di una fontana rappresenta un orologio unico e curioso, presentato all&#8217;Esposizione Universale di Parigi nel 1867. Creato dall&#8217;orologiaio e frate domenicano Giovanni Embriaco, il suo meccanismo \u00e8 alimentato dal movimento dell&#8217;acqua.<\/p>\n<p>Un&#8217;altra bella fontana \u00e8 la <strong>Fontana del Mos\u00e8<\/strong> in marmo, con la statua di una donna sopra un cesto contenente il piccolo Mos\u00e8 al centro di una vasca circolare.<\/p>\n<p>Nelle vicinanze si trova il palazzo neoclassico della <strong>Casina Valadier<\/strong>, progettato da Valadier tra il 1813 e il 1817, che si dice sia una copia della prua dell&#8217;HMS Victory, la nave comandata dall&#8217;ammiraglio Nelson nella battaglia di Trafalgar, in memoria della sconfitta della flotta francese nel Mediterraneo. Sotto l&#8217;edificio si trova una cisterna romana. Dopo la Prima Guerra Mondiale, divenne un casin\u00f2 molto frequentato.<\/p>\n<p>Il parco \u00e8 decorato da numerosi busti di personaggi famosi lungo i viali, spesso restaurati a seguito di atti di vandalismo. Alcune statue sono state persino rinominate sotto la pressione del Vaticano, come nel caso di quella di Savonarola, diventata Guido Aretino.<\/p>\n\n\n<h2>Cartina ed indirizzo<\/h2>\r\n\t\t<b>Indirizzo : <\/b>Viale Gabriele D'Annunzio, 00187 Roma RM, Italie<div id=\"travelersmap-container-69f34ba2bef49\" class=\"travelersmap-container\" style=\"z-index: 1; min-height: 10px; min-width:10px; height:400px;width:100%; max-width:; max-height:; position:relative;\"><div style=\"position:absolute; z-index:-1;top: 50%;text-align: center;display: block;left: 50%;transform: translate(-50%,-50%);\">Travelers' Map is loading... <br> If you see this after your page is loaded completely, leafletJS files are missing.<\/div><\/div><i>Clicca sulla freccia per localizzarti sulla mappa<\/i><br><br>\n\n\n\n<h2>Vedute antiche nel arte<\/h2><div>7 opere di Pincio, colle e passeggiata sono state trovate nella database. Per vederle tutte aprire questo <a href=\"https:\/\/www.rome-roma.net\/site-rome-art.php?lieu=pincio\" target=\"_blank\">collegamento<\/a>.<\/div><div class=\"wp-block-kadence-advancedgallery kb-gallery-wrap-id-_5955fd-3f\">\r\n        <div class=\"kb-gallery-ul kb-gallery-type-fluidcarousel kb-gallery-id-_5955fd-3f kb-gallery-caption-style-below kb-gallery-magnific-init kb-gallery-filter-none\" data-image-filter=\"none\" data-lightbox-caption=\"true\">\r\n            <div class=\"kt-blocks-carousel kt-carousel-container-dotstyle-dark\">\r\n                <div class=\"kt-blocks-carousel-init kb-blocks-fluid-carousel kt-carousel-arrowstyle-whiteondark kt-carousel-dotstyle-dark\" data-slider-anim-speed=\"400\" data-slider-type=\"fluidcarousel\" data-slider-scroll=\"1\" data-slider-arrows=\"true\" data-slider-dots=\"true\" data-slider-hover-pause=\"false\" data-slider-auto=\"false\" data-slider-speed=\"7000\">\r\n        <div class=\"kb-slide-item kb-gallery-carousel-item\"><li class=\"kadence-blocks-gallery-item\"><div class=\"kadence-blocks-gallery-item-inner\">\r\n            <figure class=\"kb-gallery-figure kb-gallery-item-has-link kadence-blocks-gallery-item-has-caption\">\r\n                <a href=\"https:\/\/www.rome-roma.net\/artmodule\/albert arnz\/arnz albert - terrasse du pincio.jpg\" class=\"kb-gallery-item-link\" style=\"color: #FFFFFF;\">\r\n                    <div class=\"kb-gal-image-radius\"><div class=\"kb-gallery-image-contain\">\r\n                        <img src=\"https:\/\/www.rome-roma.net\/artmodule\/albert arnz\/arnz albert - terrasse du pincio.jpg\" width=\"300\" height=\"200\" \r\n                            alt=\"Albert Arnz,Terasse du Pincio (1862-1910, date ind\u00e9termin\u00e9e)\" \r\n                            data-full-image=\"https:\/\/www.rome-roma.net\/artmodule\/albert arnz\/arnz albert - terrasse du pincio.jpg\" \r\n                            data-light-image=\"https:\/\/www.rome-roma.net\/artmodule\/albert arnz\/arnz albert - terrasse du pincio.jpg\" data-id=\"149\" \r\n                            data-link=\"https:\/\/www.rome-roma.net\/artmodule\/albert arnz\/arnz albert - terrasse du pincio.jpg\" \r\n                            class=\"wp-image-149\" loading=lazy\/>\r\n                    <\/div><\/div>\r\n                    <figcaption class=\"kadence-blocks-gallery-item__caption\">Albert Arnz, Terasse du Pincio<\/figcaption>\r\n                <\/a>\r\n            <\/figure><\/div><\/li><\/div>\r\n        <div class=\"kb-slide-item kb-gallery-carousel-item\"><li class=\"kadence-blocks-gallery-item\"><div class=\"kadence-blocks-gallery-item-inner\">\r\n            <figure class=\"kb-gallery-figure kb-gallery-item-has-link kadence-blocks-gallery-item-has-caption\">\r\n                <a href=\"https:\/\/www.rome-roma.net\/artmodule\/augusto bompiani\/augusto bompiani - 1e terrasse du pincio.jpg\" class=\"kb-gallery-item-link\" style=\"color: #FFFFFF;\">\r\n                    <div class=\"kb-gal-image-radius\"><div class=\"kb-gallery-image-contain\">\r\n                        <img src=\"https:\/\/www.rome-roma.net\/artmodule\/augusto bompiani\/augusto bompiani - 1e terrasse du pincio.jpg\" width=\"300\" height=\"200\" \r\n                            alt=\"Augusto Bompiani,Premi\u00e8re terrasse du Pincio, Piazza del Popolo (1870-1930, date ind\u00e9termin\u00e9e)\" \r\n                            data-full-image=\"https:\/\/www.rome-roma.net\/artmodule\/augusto bompiani\/augusto bompiani - 1e terrasse du pincio.jpg\" \r\n                            data-light-image=\"https:\/\/www.rome-roma.net\/artmodule\/augusto bompiani\/augusto bompiani - 1e terrasse du pincio.jpg\" data-id=\"149\" \r\n                            data-link=\"https:\/\/www.rome-roma.net\/artmodule\/augusto bompiani\/augusto bompiani - 1e terrasse du pincio.jpg\" \r\n                            class=\"wp-image-149\" loading=lazy\/>\r\n                    <\/div><\/div>\r\n                    <figcaption class=\"kadence-blocks-gallery-item__caption\">Augusto Bompiani, Premi\u00e8re terrasse du Pincio, Piazza del Popolo<\/figcaption>\r\n                <\/a>\r\n            <\/figure><\/div><\/li><\/div>\r\n        <div class=\"kb-slide-item kb-gallery-carousel-item\"><li class=\"kadence-blocks-gallery-item\"><div class=\"kadence-blocks-gallery-item-inner\">\r\n            <figure class=\"kb-gallery-figure kb-gallery-item-has-link kadence-blocks-gallery-item-has-caption\">\r\n                <a href=\"https:\/\/www.rome-roma.net\/artmodule\/augusto bompiani\/augusto bompiani - 2e terrasse du pincio.jpg\" class=\"kb-gallery-item-link\" style=\"color: #FFFFFF;\">\r\n                    <div class=\"kb-gal-image-radius\"><div class=\"kb-gallery-image-contain\">\r\n                        <img src=\"https:\/\/www.rome-roma.net\/artmodule\/augusto bompiani\/augusto bompiani - 2e terrasse du pincio.jpg\" width=\"300\" height=\"200\" \r\n                            alt=\"Augusto Bompiani,Deuxi\u00e8me terrasse du Pincio (1870-1930, date ind\u00e9termin\u00e9e)\" \r\n                            data-full-image=\"https:\/\/www.rome-roma.net\/artmodule\/augusto bompiani\/augusto bompiani - 2e terrasse du pincio.jpg\" \r\n                            data-light-image=\"https:\/\/www.rome-roma.net\/artmodule\/augusto bompiani\/augusto bompiani - 2e terrasse du pincio.jpg\" data-id=\"149\" \r\n                            data-link=\"https:\/\/www.rome-roma.net\/artmodule\/augusto bompiani\/augusto bompiani - 2e terrasse du pincio.jpg\" \r\n                            class=\"wp-image-149\" loading=lazy\/>\r\n                    <\/div><\/div>\r\n                    <figcaption class=\"kadence-blocks-gallery-item__caption\">Augusto Bompiani, Deuxi\u00e8me terrasse du Pincio<\/figcaption>\r\n                <\/a>\r\n            <\/figure><\/div><\/li><\/div>\r\n        <div class=\"kb-slide-item kb-gallery-carousel-item\"><li class=\"kadence-blocks-gallery-item\"><div class=\"kadence-blocks-gallery-item-inner\">\r\n            <figure class=\"kb-gallery-figure kb-gallery-item-has-link kadence-blocks-gallery-item-has-caption\">\r\n                <a href=\"https:\/\/www.rome-roma.net\/artmodule\/ippolito caffi\/ippolito caffi - monte pincio di mattina.jpg\" class=\"kb-gallery-item-link\" style=\"color: #FFFFFF;\">\r\n                    <div class=\"kb-gal-image-radius\"><div class=\"kb-gallery-image-contain\">\r\n                        <img src=\"https:\/\/www.rome-roma.net\/artmodule\/ippolito caffi\/ippolito caffi - monte pincio di mattina.jpg\" width=\"300\" height=\"200\" \r\n                            alt=\"Ippolito Caffi,Mont Pincio en matin\u00e9e (1835-1860, date ind\u00e9termin\u00e9e)\" \r\n                            data-full-image=\"https:\/\/www.rome-roma.net\/artmodule\/ippolito caffi\/ippolito caffi - monte pincio di mattina.jpg\" \r\n                            data-light-image=\"https:\/\/www.rome-roma.net\/artmodule\/ippolito caffi\/ippolito caffi - monte pincio di mattina.jpg\" data-id=\"149\" \r\n                            data-link=\"https:\/\/www.rome-roma.net\/artmodule\/ippolito caffi\/ippolito caffi - monte pincio di mattina.jpg\" \r\n                            class=\"wp-image-149\" loading=lazy\/>\r\n                    <\/div><\/div>\r\n                    <figcaption class=\"kadence-blocks-gallery-item__caption\">Ippolito Caffi, Mont Pincio en matin\u00e9e<\/figcaption>\r\n                <\/a>\r\n            <\/figure><\/div><\/li><\/div>\r\n        <div class=\"kb-slide-item kb-gallery-carousel-item\"><li class=\"kadence-blocks-gallery-item\"><div class=\"kadence-blocks-gallery-item-inner\">\r\n            <figure class=\"kb-gallery-figure kb-gallery-item-has-link kadence-blocks-gallery-item-has-caption\">\r\n                <a href=\"https:\/\/www.rome-roma.net\/artmodule\/ippolito caffi\/ippolito caffi - veduta di roma dal pincio - 1855.jpg\" class=\"kb-gallery-item-link\" style=\"color: #FFFFFF;\">\r\n                    <div class=\"kb-gal-image-radius\"><div class=\"kb-gallery-image-contain\">\r\n                        <img src=\"https:\/\/www.rome-roma.net\/artmodule\/ippolito caffi\/ippolito caffi - veduta di roma dal pincio - 1855.jpg\" width=\"300\" height=\"200\" \r\n                            alt=\"Ippolito Caffi,Vue de Rome depuis le Pincio (1855)\" \r\n                            data-full-image=\"https:\/\/www.rome-roma.net\/artmodule\/ippolito caffi\/ippolito caffi - veduta di roma dal pincio - 1855.jpg\" \r\n                            data-light-image=\"https:\/\/www.rome-roma.net\/artmodule\/ippolito caffi\/ippolito caffi - veduta di roma dal pincio - 1855.jpg\" data-id=\"149\" \r\n                            data-link=\"https:\/\/www.rome-roma.net\/artmodule\/ippolito caffi\/ippolito caffi - veduta di roma dal pincio - 1855.jpg\" \r\n                            class=\"wp-image-149\" loading=lazy\/>\r\n                    <\/div><\/div>\r\n                    <figcaption class=\"kadence-blocks-gallery-item__caption\">Ippolito Caffi, Vue de Rome depuis le Pincio<\/figcaption>\r\n                <\/a>\r\n            <\/figure><\/div><\/li><\/div>\r\n        <div class=\"kb-slide-item kb-gallery-carousel-item\"><li class=\"kadence-blocks-gallery-item\"><div class=\"kadence-blocks-gallery-item-inner\">\r\n            <figure class=\"kb-gallery-figure kb-gallery-item-has-link kadence-blocks-gallery-item-has-caption\">\r\n                <a href=\"https:\/\/www.rome-roma.net\/artmodule\/johann wilhelm baur\/baur johann wilhelm - villa ludovisi.jpg\" class=\"kb-gallery-item-link\" style=\"color: #FFFFFF;\">\r\n                    <div class=\"kb-gal-image-radius\"><div class=\"kb-gallery-image-contain\">\r\n                        <img src=\"https:\/\/www.rome-roma.net\/artmodule\/johann wilhelm baur\/baur johann wilhelm - villa ludovisi.jpg\" width=\"300\" height=\"200\" \r\n                            alt=\"Johann Wilhelm Baur,La Villa Ludovisi (1620-1640, date ind\u00e9termin\u00e9e)\" \r\n                            data-full-image=\"https:\/\/www.rome-roma.net\/artmodule\/johann wilhelm baur\/baur johann wilhelm - villa ludovisi.jpg\" \r\n                            data-light-image=\"https:\/\/www.rome-roma.net\/artmodule\/johann wilhelm baur\/baur johann wilhelm - villa ludovisi.jpg\" data-id=\"149\" \r\n                            data-link=\"https:\/\/www.rome-roma.net\/artmodule\/johann wilhelm baur\/baur johann wilhelm - villa ludovisi.jpg\" \r\n                            class=\"wp-image-149\" loading=lazy\/>\r\n                    <\/div><\/div>\r\n                    <figcaption class=\"kadence-blocks-gallery-item__caption\">Johann Wilhelm Baur, La Villa Ludovisi<\/figcaption>\r\n                <\/a>\r\n            <\/figure><\/div><\/li><\/div>\r\n        <div class=\"kb-slide-item kb-gallery-carousel-item\"><li class=\"kadence-blocks-gallery-item\"><div class=\"kadence-blocks-gallery-item-inner\">\r\n            <figure class=\"kb-gallery-figure kb-gallery-item-has-link kadence-blocks-gallery-item-has-caption\">\r\n                <a href=\"https:\/\/www.rome-roma.net\/artmodule\/willem van nieulandt\/willem van nieulandt - view of rome from the pincio - 1618 - rijksmuseum amsterdam.jpg\" class=\"kb-gallery-item-link\" style=\"color: #FFFFFF;\">\r\n                    <div class=\"kb-gal-image-radius\"><div class=\"kb-gallery-image-contain\">\r\n                        <img src=\"https:\/\/www.rome-roma.net\/artmodule\/willem van nieulandt\/willem van nieulandt - view of rome from the pincio - 1618 - rijksmuseum amsterdam.jpg\" width=\"300\" height=\"200\" \r\n                            alt=\"Willem van Nieulandt,Vue de Rome depuis le Pincio (1618)\" \r\n                            data-full-image=\"https:\/\/www.rome-roma.net\/artmodule\/willem van nieulandt\/willem van nieulandt - view of rome from the pincio - 1618 - rijksmuseum amsterdam.jpg\" \r\n                            data-light-image=\"https:\/\/www.rome-roma.net\/artmodule\/willem van nieulandt\/willem van nieulandt - view of rome from the pincio - 1618 - rijksmuseum amsterdam.jpg\" data-id=\"149\" \r\n                            data-link=\"https:\/\/www.rome-roma.net\/artmodule\/willem van nieulandt\/willem van nieulandt - view of rome from the pincio - 1618 - rijksmuseum amsterdam.jpg\" \r\n                            class=\"wp-image-149\" loading=lazy\/>\r\n                    <\/div><\/div>\r\n                    <figcaption class=\"kadence-blocks-gallery-item__caption\">Willem van Nieulandt, Vue de Rome depuis le Pincio<\/figcaption>\r\n                <\/a>\r\n            <\/figure><\/div><\/li><\/div><\/div><\/div><\/div><\/div><a href=\"https:\/\/www.rome-roma.net\/site-rome-art.php?lieu=pincio\" target=\"_blank\">Clica per vedere oltre dipinti e artisti su Pincio in Roma<\/a><br><br><br>\n\n\n<h2>Informazioni<\/h2>\n<table style=\"border-collapse: collapse; width: 100%; height: 203px;\">\n<tbody>\n<tr style=\"background-color: #fae8c3;\">\n<td style=\"width: 100%; height: 49px;\"><span style=\"font-size: 10pt;\"><strong>Passeggiata del Pincio<em><br \/><\/em><\/strong><em>Salita del Pincio &#8211; Viale Gabriele D&#8217;Annunzio &#8211; Viale di Villa Medici &#8211; Viale delle Magnolie<\/em><strong><em><br \/><\/em><\/strong><\/span><\/td>\n<\/tr>\n<tr style=\"background-color: #f7ece1;\">\n<td style=\"width: 100%; height: 154px;\">\n<p><strong><span style=\"font-size: 10pt;\">Fonti e link per saperne di pi\u00f9<\/span><\/strong><\/p>\n<ul>\n<li><span style=\"font-size: 10pt;\">Websiti della citt\u00e0 di Roma : <a href=\"https:\/\/060608.comune.roma.it\/green-and-sport\/giardini-ville-e-parchi-urbani\/passeggiata-del-pincio-3402\" target=\"_blank\" rel=\"noopener\">Pincio su 060608<\/a>, <a href=\"https:\/\/www.sovraintendenzaroma.it\/i_luoghi\/ville_e_parchi_storici\/passeggiate_parchi_e_giardini\/passeggiata_del_pincio\" target=\"_blank\" rel=\"noopener\">Pincio su sovraintendenzaroma.it<\/a><\/span><\/li>\n<li><span style=\"font-size: 10pt;\">Pagina su <\/span><a href=\"https:\/\/www.romasegreta.it\/campo-marzio\/pincio.html\" target=\"_blank\" rel=\"noopener noreferrer\"><span style=\"font-size: 10pt;\">Roma Segreta<\/span><\/a><\/li>\n<\/ul>\n<\/td>\n<\/tr>\n<\/tbody>\n<\/table>","protected":false},"excerpt":{"rendered":"<p>Il Pincio \u00e8 un colle di Roma, situato a nord del Quirinale, che domina il Campo Marzio. Diverse ville e giardini occupano il colle, tra cui il grande Parco di Villa Borghese. Oggi il termine si riferisce in particolare al piccolo parco elegante, la Passeggiata del Pincio, di otto ettari, che sovrasta Piazza del Popolo, [&hellip;]<\/p>\n","protected":false},"featured_media":0,"parent":0,"menu_order":0,"comment_status":"open","ping_status":"open","template":"","format":"standard","meta":{"kt_blocks_editor_width":"","_links_to":"","_links_to_target":""},"genre":[278],"interet":[287],"quartier":[316,318],"categorie_site":[393,408,394],"quartier_historique":[443],"etiquettes_site":[],"acf":[],"yoast_head":"<!-- This site is optimized with the Yoast SEO plugin v17.4 - https:\/\/yoast.com\/wordpress\/plugins\/seo\/ -->\n<title>Pincio, colle e passeggiata &ndash; Rome-Roma<\/title>\n<meta name=\"description\" content=\"Il Pincio di Roma \u00e8 un elegante piccolo parco, situato sull&#039;omonima collina, che domina la Piazza del Popolo e vicino a Villa Borghese. Visita e storia\" \/>\n<meta name=\"robots\" content=\"index, follow, max-snippet:-1, max-image-preview:large, max-video-preview:-1\" \/>\n<link rel=\"canonical\" href=\"https:\/\/www.rome-roma.net\/it\/pincio\/\" \/>\n<meta property=\"og:locale\" content=\"it_IT\" \/>\n<meta property=\"og:type\" content=\"article\" \/>\n<meta property=\"og:title\" content=\"Pincio, colle e passeggiata &ndash; Rome-Roma\" \/>\n<meta property=\"og:description\" content=\"Il Pincio di Roma \u00e8 un elegante piccolo parco, situato sull&#039;omonima collina, che domina la Piazza del Popolo e vicino a Villa Borghese. Visita e storia\" \/>\n<meta property=\"og:url\" content=\"https:\/\/www.rome-roma.net\/it\/pincio\/\" \/>\n<meta property=\"og:site_name\" content=\"Rome-Roma\" \/>\n<meta property=\"article:modified_time\" content=\"2025-01-01T20:32:48+00:00\" \/>\n<meta property=\"og:image\" content=\"https:\/\/www.rome-roma.net\/photos\/arapacis-pincio-napoleonico-santamariadelpopolo\/images\/pincio_borghese_roma_2187.jpg\" \/>\n<meta name=\"twitter:card\" content=\"summary_large_image\" \/>\n<meta name=\"twitter:label1\" content=\"Tempo di lettura stimato\" \/>\n\t<meta name=\"twitter:data1\" content=\"5 minuti\" \/>\n<script type=\"application\/ld+json\" class=\"yoast-schema-graph\">{\"@context\":\"https:\/\/schema.org\",\"@graph\":[{\"@type\":\"Organization\",\"@id\":\"https:\/\/www.rome-roma.net\/it\/#organization\",\"name\":\"Rome-Roma\",\"url\":\"https:\/\/www.rome-roma.net\/it\/\",\"sameAs\":[],\"logo\":{\"@type\":\"ImageObject\",\"@id\":\"https:\/\/www.rome-roma.net\/it\/#logo\",\"inLanguage\":\"it-IT\",\"url\":\"https:\/\/www.rome-roma.net\/wp-content\/uploads\/2025\/07\/logo-rome-roma-420.jpg\",\"contentUrl\":\"https:\/\/www.rome-roma.net\/wp-content\/uploads\/2025\/07\/logo-rome-roma-420.jpg\",\"width\":420,\"height\":420,\"caption\":\"Rome-Roma\"},\"image\":{\"@id\":\"https:\/\/www.rome-roma.net\/it\/#logo\"}},{\"@type\":\"WebSite\",\"@id\":\"https:\/\/www.rome-roma.net\/it\/#website\",\"url\":\"https:\/\/www.rome-roma.net\/it\/\",\"name\":\"Rome-Roma\",\"description\":\"Cultura & Viaggio\",\"publisher\":{\"@id\":\"https:\/\/www.rome-roma.net\/it\/#organization\"},\"potentialAction\":[{\"@type\":\"SearchAction\",\"target\":{\"@type\":\"EntryPoint\",\"urlTemplate\":\"https:\/\/www.rome-roma.net\/it\/?s={search_term_string}\"},\"query-input\":\"required name=search_term_string\"}],\"inLanguage\":\"it-IT\"},{\"@type\":\"ImageObject\",\"@id\":\"https:\/\/www.rome-roma.net\/it\/pincio\/#primaryimage\",\"inLanguage\":\"it-IT\",\"url\":\"https:\/\/www.rome-roma.net\/photos\/arapacis-pincio-napoleonico-santamariadelpopolo\/images\/pincio_borghese_roma_2187.jpg\",\"contentUrl\":\"https:\/\/www.rome-roma.net\/photos\/arapacis-pincio-napoleonico-santamariadelpopolo\/images\/pincio_borghese_roma_2187.jpg\"},{\"@type\":\"WebPage\",\"@id\":\"https:\/\/www.rome-roma.net\/it\/pincio\/#webpage\",\"url\":\"https:\/\/www.rome-roma.net\/it\/pincio\/\",\"name\":\"Pincio, colle e passeggiata &ndash; Rome-Roma\",\"isPartOf\":{\"@id\":\"https:\/\/www.rome-roma.net\/it\/#website\"},\"primaryImageOfPage\":{\"@id\":\"https:\/\/www.rome-roma.net\/it\/pincio\/#primaryimage\"},\"datePublished\":\"2020-02-07T11:14:05+00:00\",\"dateModified\":\"2025-01-01T20:32:48+00:00\",\"description\":\"Il Pincio di Roma \\u00e8 un elegante piccolo parco, situato sull'omonima collina, che domina la Piazza del Popolo e vicino a Villa Borghese. Visita e storia\",\"breadcrumb\":{\"@id\":\"https:\/\/www.rome-roma.net\/it\/pincio\/#breadcrumb\"},\"inLanguage\":\"it-IT\",\"potentialAction\":[{\"@type\":\"ReadAction\",\"target\":[\"https:\/\/www.rome-roma.net\/it\/pincio\/\"]}]},{\"@type\":\"BreadcrumbList\",\"@id\":\"https:\/\/www.rome-roma.net\/it\/pincio\/#breadcrumb\",\"itemListElement\":[{\"@type\":\"ListItem\",\"position\":1,\"name\":\"Accueil\",\"item\":\"https:\/\/www.rome-roma.net\/it\/\"},{\"@type\":\"ListItem\",\"position\":2,\"name\":\"Pincio, colle e passeggiata\"}]}]}<\/script>\n<!-- \/ Yoast SEO plugin. -->","yoast_head_json":{"title":"Pincio, colle e passeggiata &ndash; Rome-Roma","description":"Il Pincio di Roma \u00e8 un elegante piccolo parco, situato sull'omonima collina, che domina la Piazza del Popolo e vicino a Villa Borghese. Visita e storia","robots":{"index":"index","follow":"follow","max-snippet":"max-snippet:-1","max-image-preview":"max-image-preview:large","max-video-preview":"max-video-preview:-1"},"canonical":"https:\/\/www.rome-roma.net\/it\/pincio\/","og_locale":"it_IT","og_type":"article","og_title":"Pincio, colle e passeggiata &ndash; Rome-Roma","og_description":"Il Pincio di Roma \u00e8 un elegante piccolo parco, situato sull'omonima collina, che domina la Piazza del Popolo e vicino a Villa Borghese. Visita e storia","og_url":"https:\/\/www.rome-roma.net\/it\/pincio\/","og_site_name":"Rome-Roma","article_modified_time":"2025-01-01T20:32:48+00:00","og_image":[{"url":"https:\/\/www.rome-roma.net\/photos\/arapacis-pincio-napoleonico-santamariadelpopolo\/images\/pincio_borghese_roma_2187.jpg"}],"twitter_card":"summary_large_image","twitter_misc":{"Tempo di lettura stimato":"5 minuti"},"schema":{"@context":"https:\/\/schema.org","@graph":[{"@type":"Organization","@id":"https:\/\/www.rome-roma.net\/it\/#organization","name":"Rome-Roma","url":"https:\/\/www.rome-roma.net\/it\/","sameAs":[],"logo":{"@type":"ImageObject","@id":"https:\/\/www.rome-roma.net\/it\/#logo","inLanguage":"it-IT","url":"https:\/\/www.rome-roma.net\/wp-content\/uploads\/2025\/07\/logo-rome-roma-420.jpg","contentUrl":"https:\/\/www.rome-roma.net\/wp-content\/uploads\/2025\/07\/logo-rome-roma-420.jpg","width":420,"height":420,"caption":"Rome-Roma"},"image":{"@id":"https:\/\/www.rome-roma.net\/it\/#logo"}},{"@type":"WebSite","@id":"https:\/\/www.rome-roma.net\/it\/#website","url":"https:\/\/www.rome-roma.net\/it\/","name":"Rome-Roma","description":"Cultura & Viaggio","publisher":{"@id":"https:\/\/www.rome-roma.net\/it\/#organization"},"potentialAction":[{"@type":"SearchAction","target":{"@type":"EntryPoint","urlTemplate":"https:\/\/www.rome-roma.net\/it\/?s={search_term_string}"},"query-input":"required name=search_term_string"}],"inLanguage":"it-IT"},{"@type":"ImageObject","@id":"https:\/\/www.rome-roma.net\/it\/pincio\/#primaryimage","inLanguage":"it-IT","url":"https:\/\/www.rome-roma.net\/photos\/arapacis-pincio-napoleonico-santamariadelpopolo\/images\/pincio_borghese_roma_2187.jpg","contentUrl":"https:\/\/www.rome-roma.net\/photos\/arapacis-pincio-napoleonico-santamariadelpopolo\/images\/pincio_borghese_roma_2187.jpg"},{"@type":"WebPage","@id":"https:\/\/www.rome-roma.net\/it\/pincio\/#webpage","url":"https:\/\/www.rome-roma.net\/it\/pincio\/","name":"Pincio, colle e passeggiata &ndash; Rome-Roma","isPartOf":{"@id":"https:\/\/www.rome-roma.net\/it\/#website"},"primaryImageOfPage":{"@id":"https:\/\/www.rome-roma.net\/it\/pincio\/#primaryimage"},"datePublished":"2020-02-07T11:14:05+00:00","dateModified":"2025-01-01T20:32:48+00:00","description":"Il Pincio di Roma \u00e8 un elegante piccolo parco, situato sull'omonima collina, che domina la Piazza del Popolo e vicino a Villa Borghese. Visita e storia","breadcrumb":{"@id":"https:\/\/www.rome-roma.net\/it\/pincio\/#breadcrumb"},"inLanguage":"it-IT","potentialAction":[{"@type":"ReadAction","target":["https:\/\/www.rome-roma.net\/it\/pincio\/"]}]},{"@type":"BreadcrumbList","@id":"https:\/\/www.rome-roma.net\/it\/pincio\/#breadcrumb","itemListElement":[{"@type":"ListItem","position":1,"name":"Accueil","item":"https:\/\/www.rome-roma.net\/it\/"},{"@type":"ListItem","position":2,"name":"Pincio, colle e passeggiata"}]}]}},"acf_fields":{"nom_monument":null,"wikidata":"Q550215","sameas":null},"_links":{"self":[{"href":"https:\/\/www.rome-roma.net\/it\/wp-json\/wp\/v2\/site\/6810"}],"collection":[{"href":"https:\/\/www.rome-roma.net\/it\/wp-json\/wp\/v2\/site"}],"about":[{"href":"https:\/\/www.rome-roma.net\/it\/wp-json\/wp\/v2\/types\/site"}],"replies":[{"embeddable":true,"href":"https:\/\/www.rome-roma.net\/it\/wp-json\/wp\/v2\/comments?post=6810"}],"wp:attachment":[{"href":"https:\/\/www.rome-roma.net\/it\/wp-json\/wp\/v2\/media?parent=6810"}],"wp:term":[{"taxonomy":"genre","embeddable":true,"href":"https:\/\/www.rome-roma.net\/it\/wp-json\/wp\/v2\/genre?post=6810"},{"taxonomy":"interet","embeddable":true,"href":"https:\/\/www.rome-roma.net\/it\/wp-json\/wp\/v2\/interet?post=6810"},{"taxonomy":"quartier","embeddable":true,"href":"https:\/\/www.rome-roma.net\/it\/wp-json\/wp\/v2\/quartier?post=6810"},{"taxonomy":"categorie_site","embeddable":true,"href":"https:\/\/www.rome-roma.net\/it\/wp-json\/wp\/v2\/categorie_site?post=6810"},{"taxonomy":"quartier_historique","embeddable":true,"href":"https:\/\/www.rome-roma.net\/it\/wp-json\/wp\/v2\/quartier_historique?post=6810"},{"taxonomy":"etiquettes_site","embeddable":true,"href":"https:\/\/www.rome-roma.net\/it\/wp-json\/wp\/v2\/etiquettes_site?post=6810"}],"curies":[{"name":"wp","href":"https:\/\/api.w.org\/{rel}","templated":true}]}}