


{"id":6815,"date":"2020-01-25T17:09:00","date_gmt":"2020-01-25T16:09:00","guid":{"rendered":"https:\/\/www.rome-roma.net\/site\/le-vatican\/"},"modified":"2025-08-23T14:16:38","modified_gmt":"2025-08-23T12:16:38","slug":"vaticano","status":"publish","type":"site","link":"https:\/\/www.rome-roma.net\/it\/vaticano\/","title":{"rendered":"Vaticano"},"content":{"rendered":"<div style=\"width: 173px\" class=\"wp-caption alignright\"><img loading=\"lazy\" src=\"https:\/\/www.rome-roma.net\/images\/vatican-drapeau.jpg\" alt=\"drapeau vatican\" width=\"163\" height=\"149\" align=\"left\" hspace=\"5\"><p class=\"wp-caption-text\">Bandiera del Vaticano<\/p><\/div>\n<p>La <strong>Citt\u00e0 del Vaticano<\/strong> \u00e8 uno stato indipendente posto sotto la sovranit\u00e0 della Santa Sede tramite l&#8217;autorit\u00e0 del Papa della <strong>Chiesa Cattolica<\/strong>, che vi regna come monarca assoluto.<br>\u00c8 uno Stato riconosciuto ma non membro dell&#8217;ONU, dove ha lo status di osservatore. La creazione ufficiale di questo stato risale all&#8217;11 febbraio 1929 con la firma dei <strong>patti lateranensi<\/strong>.<\/p>\n<h2>Presentazione della Citt\u00e0 del Vaticano<\/h2>\n<p>Con una superficie di appena 0,44 km\u00b2, incastonato nella citt\u00e0 di Roma, il Vaticano (lo Stato della Citt\u00e0 del Vaticano, o Citt\u00e0 del Vaticano per essere precisi) \u00e8 il pi\u00f9 piccolo stato indipendente del mondo, sia per superficie che per popolazione con 824 abitanti nel 2008.<br>Tuttavia i territori posseduti dalla Santa Sede \u2013 senza la sua sovranit\u00e0 \u2013 sono notevolmente pi\u00f9 estesi, oltre 10 km\u00b2 (cinque volte il Principato di Monaco), con molte zone extraterritoriali.<\/p>\n<p>La lingua veicolare \u00e8 l&#8217;italiano e non il latino, lingua della Chiesa Cattolica Romana che resta comunque la lingua giuridica del Vaticano. Il francese \u00e8 la lingua diplomatica, il Vaticano si registra come Stato francofono presso gli organismi internazionali. La lingua ufficiale dell&#8217;esercito vaticano, la Guardia Svizzera, \u00e8 il tedesco.<\/p>\n<h2>Visitare il Vaticano: un concentrato di arte, storia e spiritualit\u00e0<\/h2>\n<p>Il Vaticano \u00e8 un concentrato di storia, arte e spiritualit\u00e0. Situato nel cuore di Roma, ospita tesori inestimabili come i <strong>Musei Vaticani<\/strong>, la <strong>Cappella Sistina<\/strong>, la <strong>Basilica di San Pietro<\/strong> e i suoi celebri <strong>giardini<\/strong>. Una visita completa pu\u00f2 durare tra le 6 e le 8 ore, o un&#8217;intera giornata per i pi\u00f9 interessati. \u00c8 fortemente consigliato prenotare i biglietti in anticipo, soprattutto per evitare lunghe code.<br>L&#8217;accesso alla basilica \u00e8 gratuito, ma l&#8217;ingresso ai musei e alla cupola \u00e8 a pagamento. Per un&#8217;esperienza completa, \u00e8 consigliata una visita guidata, che offre spiegazioni dettagliate e accesso privilegiato ad alcuni siti. Sono disponibili anche visite notturne o private per un&#8217;esperienza pi\u00f9 intima.<\/p>\n<div data-gyg-href=\"https:\/\/widget.getyourguide.com\/default\/activities.frame\" data-gyg-locale-code=\"fr-FR\" data-gyg-widget=\"activities\" data-gyg-number-of-items=\"6\" data-gyg-partner-id=\"DLYVAO3\" data-gyg-q=\"vatican et saint-pierre\"><span>Powered by <a target=\"_blank\" rel=\"sponsored\" href=\"https:\/\/www.getyourguide.com\/vatican-l524\/\">GetYourGuide<\/a><\/span><\/div>\n<h2>Elenco di cose da vedere e fare in Vaticano<\/h2>\n<ul>\n<li><a href=\"https:\/\/www.rome-roma.net\/it\/musei-vaticani\/\"><strong>Musei Vaticani<\/strong><\/a><br>I Musei Vaticani ospitano collezioni impressionanti, includendo la Cappella Sistina e i suoi celebri affreschi di Michelangelo. Le esposizioni e le gallerie del museo permettono di percorrere l\u2019arte egizia, greco-romana e il Rinascimento italiano.<\/li>\n<li><a href=\"https:\/\/www.rome-roma.net\/it\/cappella-sistina\/\"><strong>Cappella Sistina<\/strong><\/a><br>Consiglio: visitare di prima mattina o nel tardo pomeriggio per evitare la folla<\/li>\n<li><a href=\"https:\/\/www.rome-roma.net\/it\/basilica-di-san-pietro-in-vaticano\/\"><strong>Basilica di San Pietro<\/strong><\/a><br>La Basilica di San Pietro \u00e8 imperdibile per ammirare la sua facciata, la piazza maestosa e la cupola progettata da Michelangelo, offrendo una vista panoramica su Roma.<br>La Necropoli Vaticana sotto la basilica permette di scoprire antichi sepolcri, incluso quello di San Pietro.<br>Ingresso: Gratuito tramite Via della Conciliazione<br>Opzioni a pagamento: Salita alla cupola (8 \u20ac per le scale, 10 \u20ac per l&#8217;ascensore)<br>Accesso tramite la Cappella Sistina attraverso un passaggio riservato (riservato a gruppi o visite guidate)<\/li>\n<li><a href=\"https:\/\/www.rome-roma.net\/it\/piazza-san-pietro\/\"><strong>Piazza San Pietro<\/strong><\/a><br>Piazza San Pietro e le sue colonne del Bernini costituiscono un luogo di raccolta emblematico, in particolare per le udienze papali.<\/li>\n<li><a href=\"https:\/\/www.rome-roma.net\/it\/giardini-vaticani\/\"><strong>Giardini Vaticani<\/strong><\/a><br>Il Giardino del Vaticano, accessibile tramite visita guidata, offre uno spazio verde e tranquillo nel cuore dello Stato pontificio.<br>Accesso: Solo con visita guidata prenotata in anticipo<br>Durata: Circa 2 ore<br>Punti salienti: Vedute panoramiche, fontane, statue e vegetazione lussureggiante<\/li>\n<li><strong>Udienze papali<\/strong><br>Quando: Ogni mercoled\u00ec alle 9:30 (salvo eccezioni)<br>Luogo: Piazza San Pietro<br>Accesso: Gratuito, ma \u00e8 richiesto un biglietto (prenotazione consigliata)<\/li>\n<\/ul>\n<h2>Storia del Vaticano<\/h2>\n<p>Lo Stato della Chiesa esiste da circa un millennio, si estendeva su gran parte dell\u2019Italia Centrale, costituendo la base territoriale del potere temporale dei Papi, fino al 1870, quando il 20 settembre, i Bersaglieri del <strong>Regno d&#8217;Italia<\/strong> entrarono a Roma attraverso una breccia nella Porta Pia. Roma fu annessa al Regno e dichiarata capitale, ponendo fine al potere temporale esercitato dalla Chiesa.<br>Il Papa <strong>Pio IX<\/strong> non acconsent\u00ec affatto a questo atto unilaterale dell\u2019Italia e si consider\u00f2 prigioniero in Vaticano: inizi\u00f2 allora la Questione Romana, che torment\u00f2 i rapporti tra il Regno d\u2019Italia e la Chiesa Cattolica per 59 anni.<br>Dopo lunghe trattative diplomatiche, la Questione fu risolta l\u201911 febbraio 1929 con i <strong>Patti Lateranensi<\/strong>, in cui furono reciprocamente riconosciuti l\u2019indipendenza e la sovranit\u00e0.<\/p>\n\n\n<figure class=\"wp-container-3 wp-block-gallery-2 wp-block-gallery has-nested-images columns-2 is-cropped\">\n<figure class=\"wp-block-image size-large\"><a href=\"https:\/\/www.rome-roma.net\/wp-content\/uploads\/2020\/01\/musei-vaticani-palazzi-pontifici_1512-1.jpg\"><img loading=\"lazy\" width=\"1200\" height=\"800\" data-id=\"36528\"  src=\"https:\/\/www.rome-roma.net\/wp-content\/uploads\/2020\/01\/musei-vaticani-palazzi-pontifici_1512-1.jpg\" alt=\"Vista sui Musei Vaticani\" class=\"wp-image-36528\" srcset=\"https:\/\/www.rome-roma.net\/wp-content\/uploads\/2020\/01\/musei-vaticani-palazzi-pontifici_1512-1.jpg 1200w, https:\/\/www.rome-roma.net\/wp-content\/uploads\/2020\/01\/musei-vaticani-palazzi-pontifici_1512-1-300x200.jpg 300w, https:\/\/www.rome-roma.net\/wp-content\/uploads\/2020\/01\/musei-vaticani-palazzi-pontifici_1512-1-1024x683.jpg 1024w, https:\/\/www.rome-roma.net\/wp-content\/uploads\/2020\/01\/musei-vaticani-palazzi-pontifici_1512-1-768x512.jpg 768w\" sizes=\"(max-width: 1200px) 100vw, 1200px\" \/><\/a><figcaption>Vista sui Palazzi Apostolici e sui Musei Vaticani<\/figcaption><\/figure>\n\n\n\n<figure class=\"wp-block-image size-large\"><a href=\"https:\/\/www.rome-roma.net\/wp-content\/uploads\/2020\/01\/mure-vaticane-passeto-rome-roma_5782.jpg\"><img loading=\"lazy\" width=\"1200\" height=\"800\" data-id=\"36523\"  src=\"https:\/\/www.rome-roma.net\/wp-content\/uploads\/2020\/01\/mure-vaticane-passeto-rome-roma_5782.jpg\" alt=\"Parte del Passeto, parete e sentiero che collega il Vaticano a Castel Sant'Angelo\" class=\"wp-image-36523\" srcset=\"https:\/\/www.rome-roma.net\/wp-content\/uploads\/2020\/01\/mure-vaticane-passeto-rome-roma_5782.jpg 1200w, https:\/\/www.rome-roma.net\/wp-content\/uploads\/2020\/01\/mure-vaticane-passeto-rome-roma_5782-300x200.jpg 300w, https:\/\/www.rome-roma.net\/wp-content\/uploads\/2020\/01\/mure-vaticane-passeto-rome-roma_5782-1024x683.jpg 1024w, https:\/\/www.rome-roma.net\/wp-content\/uploads\/2020\/01\/mure-vaticane-passeto-rome-roma_5782-768x512.jpg 768w\" sizes=\"(max-width: 1200px) 100vw, 1200px\" \/><\/a><figcaption>Parte del Passeto, parete e sentiero che collega il Vaticano a Castel Sant&#8217;Angelo<\/figcaption><\/figure>\n\n\n\n<figure class=\"wp-block-image size-large\"><a href=\"https:\/\/www.rome-roma.net\/wp-content\/uploads\/2020\/01\/giardini-vaticani-rome-roma_1513.jpg\"><img loading=\"lazy\" width=\"1200\" height=\"800\" data-id=\"36534\"  src=\"https:\/\/www.rome-roma.net\/wp-content\/uploads\/2020\/01\/giardini-vaticani-rome-roma_1513.jpg\" alt=\"Vista su una parte dei Giardini Vaticani\" class=\"wp-image-36534\" srcset=\"https:\/\/www.rome-roma.net\/wp-content\/uploads\/2020\/01\/giardini-vaticani-rome-roma_1513.jpg 1200w, https:\/\/www.rome-roma.net\/wp-content\/uploads\/2020\/01\/giardini-vaticani-rome-roma_1513-300x200.jpg 300w, https:\/\/www.rome-roma.net\/wp-content\/uploads\/2020\/01\/giardini-vaticani-rome-roma_1513-1024x683.jpg 1024w, https:\/\/www.rome-roma.net\/wp-content\/uploads\/2020\/01\/giardini-vaticani-rome-roma_1513-768x512.jpg 768w\" sizes=\"(max-width: 1200px) 100vw, 1200px\" \/><\/a><figcaption>Vista su una parte dei Giardini Vaticani<\/figcaption><\/figure>\n<\/figure>\n\n\n<h2>Mappa del Vaticano<\/h2>\n<p><a href=\"https:\/\/www.rome-roma.net\/cartes\/carte-vatican.jpg\" rel=\"lightbox\"><img loading=\"lazy\" src=\"https:\/\/www.rome-roma.net\/cartes\/carte-vatican.jpg\" alt=\"pianta del Vaticano\" usemap=\"#Map\" width=\"688\" height=\"744\" border=\"0\"><\/a><br>Mappa cliccabile del Vaticano<\/p>\n\n\n<map name=\"Map\"><area shape=\"poly\" coords=\"463,426,477,420,526,417,552,395,588,395,614,424,623,460,617,499,584,525,542,515,520,496,461,499,467,484,470,435\" href=\"https:\/\/www.rome-roma.net\/place-saint-pierre-de-rome\/\" alt=\"Piazza San Pietro\" title=\"Piazza San Pietro\"><area shape=\"poly\" coords=\"465,431,434,431,405,431,389,414,361,428,345,457,361,491,388,504,405,493,441,490,464,487\" href=\"https:\/\/www.rome-roma.net\/basilique-saint-pierre-de-rome\/\" alt=\"Basilica di San Pietro\" title=\"Basilica di San Pietro\"><area shape=\"poly\" coords=\"355,181,320,207,333,242,363,250,419,248,415,348,369,377,396,401,423,427,459,426,474,419,498,413,485,373,490,245,487,168,424,167\" href=\"https:\/\/www.rome-roma.net\/musees-du-vatican\/\" alt=\"Musei Vaticani\" title=\"Musei Vaticani\"><\/map>\n\n\n<h2>Vedute antiche nel arte<\/h2><div>8 opere di Vaticano sono state trovate nella database. Per vederle tutte aprire questo <a href=\"https:\/\/www.rome-roma.net\/site-rome-art.php?lieu=vatican\" target=\"_blank\">collegamento<\/a>.<\/div><div class=\"wp-block-kadence-advancedgallery kb-gallery-wrap-id-_5955fd-3f\">\r\n        <div class=\"kb-gallery-ul kb-gallery-type-fluidcarousel kb-gallery-id-_5955fd-3f kb-gallery-caption-style-below kb-gallery-magnific-init kb-gallery-filter-none\" data-image-filter=\"none\" data-lightbox-caption=\"true\">\r\n            <div class=\"kt-blocks-carousel kt-carousel-container-dotstyle-dark\">\r\n                <div class=\"kt-blocks-carousel-init kb-blocks-fluid-carousel kt-carousel-arrowstyle-whiteondark kt-carousel-dotstyle-dark\" data-slider-anim-speed=\"400\" data-slider-type=\"fluidcarousel\" data-slider-scroll=\"1\" data-slider-arrows=\"true\" data-slider-dots=\"true\" data-slider-hover-pause=\"false\" data-slider-auto=\"false\" data-slider-speed=\"7000\">\r\n        <div class=\"kb-slide-item kb-gallery-carousel-item\"><li class=\"kadence-blocks-gallery-item\"><div class=\"kadence-blocks-gallery-item-inner\">\r\n            <figure class=\"kb-gallery-figure kb-gallery-item-has-link kadence-blocks-gallery-item-has-caption\">\r\n                <a href=\"https:\/\/www.rome-roma.net\/artmodule\/christoffer wilhelm eckersberg\/eckersberg christoffer wilhelm - porta angelica et vatican - 1813.jpg\" class=\"kb-gallery-item-link\" style=\"color: #FFFFFF;\">\r\n                    <div class=\"kb-gal-image-radius\"><div class=\"kb-gallery-image-contain\">\r\n                        <img src=\"https:\/\/www.rome-roma.net\/artmodule\/christoffer wilhelm eckersberg\/eckersberg christoffer wilhelm - porta angelica et vatican - 1813.jpg\" width=\"300\" height=\"200\" \r\n                            alt=\"Christoffer Wilhelm Eckersberg,Porta Angelica et la Vatican (1813)\" \r\n                            data-full-image=\"https:\/\/www.rome-roma.net\/artmodule\/christoffer wilhelm eckersberg\/eckersberg christoffer wilhelm - porta angelica et vatican - 1813.jpg\" \r\n                            data-light-image=\"https:\/\/www.rome-roma.net\/artmodule\/christoffer wilhelm eckersberg\/eckersberg christoffer wilhelm - porta angelica et vatican - 1813.jpg\" data-id=\"149\" \r\n                            data-link=\"https:\/\/www.rome-roma.net\/artmodule\/christoffer wilhelm eckersberg\/eckersberg christoffer wilhelm - porta angelica et vatican - 1813.jpg\" \r\n                            class=\"wp-image-149\" loading=lazy\/>\r\n                    <\/div><\/div>\r\n                    <figcaption class=\"kadence-blocks-gallery-item__caption\">Christoffer Wilhelm Eckersberg, Porta Angelica et la Vatican<\/figcaption>\r\n                <\/a>\r\n            <\/figure><\/div><\/li><\/div>\r\n        <div class=\"kb-slide-item kb-gallery-carousel-item\"><li class=\"kadence-blocks-gallery-item\"><div class=\"kadence-blocks-gallery-item-inner\">\r\n            <figure class=\"kb-gallery-figure kb-gallery-item-has-link kadence-blocks-gallery-item-has-caption\">\r\n                <a href=\"https:\/\/www.rome-roma.net\/artmodule\/panini\/pannini - veduta del giardino vaticano di belvedere.jpg\" class=\"kb-gallery-item-link\" style=\"color: #FFFFFF;\">\r\n                    <div class=\"kb-gal-image-radius\"><div class=\"kb-gallery-image-contain\">\r\n                        <img src=\"https:\/\/www.rome-roma.net\/artmodule\/panini\/pannini - veduta del giardino vaticano di belvedere.jpg\" width=\"300\" height=\"200\" \r\n                            alt=\"Giovanni Paolo Pannini,Vue du jardin du Belv\u00e9dere au Vatican (?, avant 1765, date ind\u00e9termin\u00e9e)\" \r\n                            data-full-image=\"https:\/\/www.rome-roma.net\/artmodule\/panini\/pannini - veduta del giardino vaticano di belvedere.jpg\" \r\n                            data-light-image=\"https:\/\/www.rome-roma.net\/artmodule\/panini\/pannini - veduta del giardino vaticano di belvedere.jpg\" data-id=\"149\" \r\n                            data-link=\"https:\/\/www.rome-roma.net\/artmodule\/panini\/pannini - veduta del giardino vaticano di belvedere.jpg\" \r\n                            class=\"wp-image-149\" loading=lazy\/>\r\n                    <\/div><\/div>\r\n                    <figcaption class=\"kadence-blocks-gallery-item__caption\">Giovanni Paolo Pannini, Vue du jardin du Belv\u00e9dere au Vatican<\/figcaption>\r\n                <\/a>\r\n            <\/figure><\/div><\/li><\/div>\r\n        <div class=\"kb-slide-item kb-gallery-carousel-item\"><li class=\"kadence-blocks-gallery-item\"><div class=\"kadence-blocks-gallery-item-inner\">\r\n            <figure class=\"kb-gallery-figure kb-gallery-item-has-link kadence-blocks-gallery-item-has-caption\">\r\n                <a href=\"https:\/\/www.rome-roma.net\/artmodule\/panini\/pannini - veduta del gran cortile del belvedere - vaticano.jpg\" class=\"kb-gallery-item-link\" style=\"color: #FFFFFF;\">\r\n                    <div class=\"kb-gal-image-radius\"><div class=\"kb-gallery-image-contain\">\r\n                        <img src=\"https:\/\/www.rome-roma.net\/artmodule\/panini\/pannini - veduta del gran cortile del belvedere - vaticano.jpg\" width=\"300\" height=\"200\" \r\n                            alt=\"Giovanni Paolo Pannini,Vue de la Grande Cour du Belv\u00e9dere au Vatican (?, avant 1765, date ind\u00e9termin\u00e9e)\" \r\n                            data-full-image=\"https:\/\/www.rome-roma.net\/artmodule\/panini\/pannini - veduta del gran cortile del belvedere - vaticano.jpg\" \r\n                            data-light-image=\"https:\/\/www.rome-roma.net\/artmodule\/panini\/pannini - veduta del gran cortile del belvedere - vaticano.jpg\" data-id=\"149\" \r\n                            data-link=\"https:\/\/www.rome-roma.net\/artmodule\/panini\/pannini - veduta del gran cortile del belvedere - vaticano.jpg\" \r\n                            class=\"wp-image-149\" loading=lazy\/>\r\n                    <\/div><\/div>\r\n                    <figcaption class=\"kadence-blocks-gallery-item__caption\">Giovanni Paolo Pannini, Vue de la Grande Cour du Belv\u00e9dere au Vatican<\/figcaption>\r\n                <\/a>\r\n            <\/figure><\/div><\/li><\/div>\r\n        <div class=\"kb-slide-item kb-gallery-carousel-item\"><li class=\"kadence-blocks-gallery-item\"><div class=\"kadence-blocks-gallery-item-inner\">\r\n            <figure class=\"kb-gallery-figure kb-gallery-item-has-link kadence-blocks-gallery-item-has-caption\">\r\n                <a href=\"https:\/\/www.rome-roma.net\/artmodule\/william turner\/joseph mallord william turner 074.jpg\" class=\"kb-gallery-item-link\" style=\"color: #FFFFFF;\">\r\n                    <div class=\"kb-gal-image-radius\"><div class=\"kb-gallery-image-contain\">\r\n                        <img src=\"https:\/\/www.rome-roma.net\/artmodule\/william turner\/joseph mallord william turner 074.jpg\" width=\"300\" height=\"200\" \r\n                            alt=\"Joseph Mallord William Turner,Vue depuis les loges du Vatican (?, avant 1851)\" \r\n                            data-full-image=\"https:\/\/www.rome-roma.net\/artmodule\/william turner\/joseph mallord william turner 074.jpg\" \r\n                            data-light-image=\"https:\/\/www.rome-roma.net\/artmodule\/william turner\/joseph mallord william turner 074.jpg\" data-id=\"149\" \r\n                            data-link=\"https:\/\/www.rome-roma.net\/artmodule\/william turner\/joseph mallord william turner 074.jpg\" \r\n                            class=\"wp-image-149\" loading=lazy\/>\r\n                    <\/div><\/div>\r\n                    <figcaption class=\"kadence-blocks-gallery-item__caption\">Joseph Mallord William Turner, Vue depuis les loges du Vatican<\/figcaption>\r\n                <\/a>\r\n            <\/figure><\/div><\/li><\/div>\r\n        <div class=\"kb-slide-item kb-gallery-carousel-item\"><li class=\"kadence-blocks-gallery-item\"><div class=\"kadence-blocks-gallery-item-inner\">\r\n            <figure class=\"kb-gallery-figure kb-gallery-item-has-link kadence-blocks-gallery-item-has-caption\">\r\n                <a href=\"https:\/\/www.rome-roma.net\/artmodule\/william turner\/joseph mallord william turner - a road beside a high wall with the buildings of the vatican c1796.jpg\" class=\"kb-gallery-item-link\" style=\"color: #FFFFFF;\">\r\n                    <div class=\"kb-gal-image-radius\"><div class=\"kb-gallery-image-contain\">\r\n                        <img src=\"https:\/\/www.rome-roma.net\/artmodule\/william turner\/joseph mallord william turner - a road beside a high wall with the buildings of the vatican c1796.jpg\" width=\"300\" height=\"200\" \r\n                            alt=\"Joseph Mallord William Turner,Chemin longeant une muraille et les Palais du Vatican (environ 1796)\" \r\n                            data-full-image=\"https:\/\/www.rome-roma.net\/artmodule\/william turner\/joseph mallord william turner - a road beside a high wall with the buildings of the vatican c1796.jpg\" \r\n                            data-light-image=\"https:\/\/www.rome-roma.net\/artmodule\/william turner\/joseph mallord william turner - a road beside a high wall with the buildings of the vatican c1796.jpg\" data-id=\"149\" \r\n                            data-link=\"https:\/\/www.rome-roma.net\/artmodule\/william turner\/joseph mallord william turner - a road beside a high wall with the buildings of the vatican c1796.jpg\" \r\n                            class=\"wp-image-149\" loading=lazy\/>\r\n                    <\/div><\/div>\r\n                    <figcaption class=\"kadence-blocks-gallery-item__caption\">Joseph Mallord William Turner, Chemin longeant une muraille et les Palais du Vatican<\/figcaption>\r\n                <\/a>\r\n            <\/figure><\/div><\/li><\/div>\r\n        <div class=\"kb-slide-item kb-gallery-carousel-item\"><li class=\"kadence-blocks-gallery-item\"><div class=\"kadence-blocks-gallery-item-inner\">\r\n            <figure class=\"kb-gallery-figure kb-gallery-item-has-link kadence-blocks-gallery-item-has-caption\">\r\n                <a href=\"https:\/\/www.rome-roma.net\/artmodule\/maerten van heemskerck\/maerten van heemskerck - rome old saint-peter s basilica and vatican palace - 1535.jpg\" class=\"kb-gallery-item-link\" style=\"color: #FFFFFF;\">\r\n                    <div class=\"kb-gal-image-radius\"><div class=\"kb-gallery-image-contain\">\r\n                        <img src=\"https:\/\/www.rome-roma.net\/artmodule\/maerten van heemskerck\/maerten van heemskerck - rome old saint-peter s basilica and vatican palace - 1535.jpg\" width=\"300\" height=\"200\" \r\n                            alt=\"Maarten van Heemskerck,Ancienne basilique Saint-Pierre et Palais du Vatican (1535)\" \r\n                            data-full-image=\"https:\/\/www.rome-roma.net\/artmodule\/maerten van heemskerck\/maerten van heemskerck - rome old saint-peter s basilica and vatican palace - 1535.jpg\" \r\n                            data-light-image=\"https:\/\/www.rome-roma.net\/artmodule\/maerten van heemskerck\/maerten van heemskerck - rome old saint-peter s basilica and vatican palace - 1535.jpg\" data-id=\"149\" \r\n                            data-link=\"https:\/\/www.rome-roma.net\/artmodule\/maerten van heemskerck\/maerten van heemskerck - rome old saint-peter s basilica and vatican palace - 1535.jpg\" \r\n                            class=\"wp-image-149\" loading=lazy\/>\r\n                    <\/div><\/div>\r\n                    <figcaption class=\"kadence-blocks-gallery-item__caption\">Maarten van Heemskerck, Ancienne basilique Saint-Pierre et Palais du Vatican<\/figcaption>\r\n                <\/a>\r\n            <\/figure><\/div><\/li><\/div>\r\n        <div class=\"kb-slide-item kb-gallery-carousel-item\"><li class=\"kadence-blocks-gallery-item\"><div class=\"kadence-blocks-gallery-item-inner\">\r\n            <figure class=\"kb-gallery-figure kb-gallery-item-has-link kadence-blocks-gallery-item-has-caption\">\r\n                <a href=\"https:\/\/www.rome-roma.net\/artmodule\/simone pomardi\/simone pomardi - veduta di roma dalle logge vaticane.jpg\" class=\"kb-gallery-item-link\" style=\"color: #FFFFFF;\">\r\n                    <div class=\"kb-gal-image-radius\"><div class=\"kb-gallery-image-contain\">\r\n                        <img src=\"https:\/\/www.rome-roma.net\/artmodule\/simone pomardi\/simone pomardi - veduta di roma dalle logge vaticane.jpg\" width=\"300\" height=\"200\" \r\n                            alt=\"Simone Pomardi,Vue sur Rome depuis les loges vaticanes (?, avant 1830, date ind\u00e9termin\u00e9e)\" \r\n                            data-full-image=\"https:\/\/www.rome-roma.net\/artmodule\/simone pomardi\/simone pomardi - veduta di roma dalle logge vaticane.jpg\" \r\n                            data-light-image=\"https:\/\/www.rome-roma.net\/artmodule\/simone pomardi\/simone pomardi - veduta di roma dalle logge vaticane.jpg\" data-id=\"149\" \r\n                            data-link=\"https:\/\/www.rome-roma.net\/artmodule\/simone pomardi\/simone pomardi - veduta di roma dalle logge vaticane.jpg\" \r\n                            class=\"wp-image-149\" loading=lazy\/>\r\n                    <\/div><\/div>\r\n                    <figcaption class=\"kadence-blocks-gallery-item__caption\">Simone Pomardi, Vue sur Rome depuis les loges vaticanes<\/figcaption>\r\n                <\/a>\r\n            <\/figure><\/div><\/li><\/div>\r\n        <div class=\"kb-slide-item kb-gallery-carousel-item\"><li class=\"kadence-blocks-gallery-item\"><div class=\"kadence-blocks-gallery-item-inner\">\r\n            <figure class=\"kb-gallery-figure kb-gallery-item-has-link kadence-blocks-gallery-item-has-caption\">\r\n                <a href=\"https:\/\/www.rome-roma.net\/artmodule\/william marlow\/william marlow - view of st peter s.jpg\" class=\"kb-gallery-item-link\" style=\"color: #FFFFFF;\">\r\n                    <div class=\"kb-gal-image-radius\"><div class=\"kb-gallery-image-contain\">\r\n                        <img src=\"https:\/\/www.rome-roma.net\/artmodule\/william marlow\/william marlow - view of st peter s.jpg\" width=\"300\" height=\"200\" \r\n                            alt=\"William Marlow,Vue sur Saint-Pierre (?, avant 1813, date ind\u00e9termin\u00e9e)\" \r\n                            data-full-image=\"https:\/\/www.rome-roma.net\/artmodule\/william marlow\/william marlow - view of st peter s.jpg\" \r\n                            data-light-image=\"https:\/\/www.rome-roma.net\/artmodule\/william marlow\/william marlow - view of st peter s.jpg\" data-id=\"149\" \r\n                            data-link=\"https:\/\/www.rome-roma.net\/artmodule\/william marlow\/william marlow - view of st peter s.jpg\" \r\n                            class=\"wp-image-149\" loading=lazy\/>\r\n                    <\/div><\/div>\r\n                    <figcaption class=\"kadence-blocks-gallery-item__caption\">William Marlow, Vue sur Saint-Pierre<\/figcaption>\r\n                <\/a>\r\n            <\/figure><\/div><\/li><\/div><\/div><\/div><\/div><\/div><a href=\"https:\/\/www.rome-roma.net\/site-rome-art.php?lieu=vatican\" target=\"_blank\">Clica per vedere oltre dipinti e artisti su Vatican in Roma<\/a><br>\n<h2>Cartina ed indirizzo<\/h2>\r\n\t\t<b>Indirizzo : <\/b>Citt\u00e0 del Vaticano, 00120 Vatican City <div id=\"travelersmap-container-69f411f444b84\" class=\"travelersmap-container\" style=\"z-index: 1; min-height: 10px; min-width:10px; height:400px;width:100%; max-width:; max-height:; position:relative;\"><div style=\"position:absolute; z-index:-1;top: 50%;text-align: center;display: block;left: 50%;transform: translate(-50%,-50%);\">Travelers' Map is loading... <br> If you see this after your page is loaded completely, leafletJS files are missing.<\/div><\/div><i>Clicca sulla freccia per localizzarti sulla mappa<\/i>\n\n\n<h2>Articoli legati al Vaticano<\/h2>\n\n\n\n<ul class=\"lcp_catlist\" id=\"lcp_instance_0\"><li><a href=\"https:\/\/www.rome-roma.net\/it\/basilica-di-san-pietro-in-vaticano\/\">Basilica di San Pietro in Vaticano<\/a><a href=\"https:\/\/www.rome-roma.net\/it\/basilica-di-san-pietro-in-vaticano\/\" title=\"Basilica di San Pietro in Vaticano\"><img src=\"https:\/\/www.rome-roma.net\/wp-content\/uploads\/2020\/01\/facade-basilique-saint-pierre-rome_5757-1024x683.jpg\" class=\"classthumblist\"  alt=\"Basilica di San Pietro in Vaticano\" \/><\/a><div class=\"lcp_excerpt\">Scopri la Basilica di San Pietro a Roma: visita, descrizione e storia. Costruito sulla tomba dell&#8217;apostolo Pietro che risale all&#8217;anno ...<\/div><\/li><li class=\"current\"><a href=\"https:\/\/www.rome-roma.net\/it\/vaticano\/\">Vaticano<\/a><a href=\"https:\/\/www.rome-roma.net\/it\/vaticano\/\" title=\"Vaticano\"><img width=\"50\" height=\"50\" src=\"https:\/\/www.rome-roma.net\/wp-content\/uploads\/2020\/01\/vatican-drapeau-150x150.jpg\" class=\"classthumblist wp-post-image\" alt=\"Vaticano\" loading=\"lazy\" srcset=\"https:\/\/www.rome-roma.net\/wp-content\/uploads\/2020\/01\/vatican-drapeau-150x150.jpg 150w, https:\/\/www.rome-roma.net\/wp-content\/uploads\/2020\/01\/vatican-drapeau.jpg 300w, https:\/\/www.rome-roma.net\/wp-content\/uploads\/2020\/01\/vatican-drapeau-50x50.jpg 50w, https:\/\/www.rome-roma.net\/wp-content\/uploads\/2020\/01\/vatican-drapeau-80x80.jpg 80w, https:\/\/www.rome-roma.net\/wp-content\/uploads\/2020\/01\/vatican-drapeau-75x75.jpg 75w\" sizes=\"(max-width: 50px) 100vw, 50px\" \/><\/a><div class=\"lcp_excerpt\">\nLa Citt\u00e0 del Vaticano \u00e8 uno stato indipendente posto sotto la sovranit\u00e0 della Santa Sede tramite l&#8217;autorit\u00e0 del Papa della ...<\/div><\/li><li><a href=\"https:\/\/www.rome-roma.net\/it\/piazza-san-pietro\/\">Piazza San Pietro (Vaticano)<\/a><a href=\"https:\/\/www.rome-roma.net\/it\/piazza-san-pietro\/\" title=\"Piazza San Pietro (Vaticano)\"><img src=\"https:\/\/www.rome-roma.net\/wp-content\/uploads\/2020\/01\/piazza-san-pietro-roma_5687-300x200.jpg\" class=\"classthumblist\"  alt=\"Piazza San Pietro (Vaticano)\" \/><\/a><div class=\"lcp_excerpt\">\nLa Piazza San Pietro, situata davanti alla maestosa Basilica di San Pietro in Vaticano, \u00e8 un\u2019opera architettonica barocca emblematica. Vero ...<\/div><\/li><li><a href=\"https:\/\/www.rome-roma.net\/it\/musei-vaticani\/\">Musei Vaticani<\/a><a href=\"https:\/\/www.rome-roma.net\/it\/musei-vaticani\/\" title=\"Musei Vaticani\"><img src=\"https:\/\/www.rome-roma.net\/wp-content\/uploads\/2020\/01\/musei-vaticani-palazzi-pontifici_1512-300x200.jpg\" class=\"classthumblist\"  alt=\"Musei Vaticani\" \/><\/a><div class=\"lcp_excerpt\">Presentazione generale\n\nI Musei Vaticani, situati nel cuore della Citt\u00e0 del Vaticano, costituiscono uno dei complessi museali pi\u00f9 prestigiosi e vasti ...<\/div><\/li><li><a href=\"https:\/\/www.rome-roma.net\/it\/cappella-sistina\/\">Cappella Sistina<\/a><a href=\"https:\/\/www.rome-roma.net\/it\/cappella-sistina\/\" title=\"Cappella Sistina\"><img width=\"50\" height=\"50\" src=\"https:\/\/www.rome-roma.net\/wp-content\/uploads\/2020\/01\/chapelle-sixtine-150x150.jpg\" class=\"classthumblist wp-post-image\" alt=\"Cappella Sistina\" loading=\"lazy\" srcset=\"https:\/\/www.rome-roma.net\/wp-content\/uploads\/2020\/01\/chapelle-sixtine-150x150.jpg 150w, https:\/\/www.rome-roma.net\/wp-content\/uploads\/2020\/01\/chapelle-sixtine-50x50.jpg 50w, https:\/\/www.rome-roma.net\/wp-content\/uploads\/2020\/01\/chapelle-sixtine-80x80.jpg 80w, https:\/\/www.rome-roma.net\/wp-content\/uploads\/2020\/01\/chapelle-sixtine-75x75.jpg 75w\" sizes=\"(max-width: 50px) 100vw, 50px\" \/><\/a><div class=\"lcp_excerpt\">Scoperta della Cappella Sistina a Roma, la cui volta fu realizzata da Michelangelo nel XVI secolo, situata nei palazzi pontificali ...<\/div><\/li><li><a href=\"https:\/\/www.rome-roma.net\/it\/stanze-di-raffaello\/\">Stanze di Raffaello<\/a><a href=\"https:\/\/www.rome-roma.net\/it\/stanze-di-raffaello\/\" title=\"Stanze di Raffaello\"><img src=\"https:\/\/www.rome-roma.net\/photos\/musees-vatican\/images\/stanze_di_raffaello_musei_vaticano_2755.jpg\" class=\"classthumblist\"  alt=\"Stanze di Raffaello\" \/><\/a><div class=\"lcp_excerpt\">Le stanze di Raffaello in Vaticano furono affrescate nel XVI secolo sotto la direzione di Raffaello. Ci sono grandi opere ...<\/div><\/li><li><a href=\"https:\/\/www.rome-roma.net\/it\/giardini-vaticani\/\">Giardini Vaticani<\/a><div class=\"lcp_excerpt\">I giardini Vaticani coprono 23 ettari, ovvero pi\u00f9 della met\u00e0 della superficie della citt\u00e0 del Vaticano. Sono separati dai musei ...<\/div><\/li><\/ul>\n\n\n<h2>Informazioni e articoli<\/h2>\n<table style=\"border-collapse: collapse; width: 100%; height: 191px;\">\n<tbody>\n<tr style=\"background-color: #fae8c3;\">\n<td style=\"width: 100%; height: 23px;\"><strong><em><span style=\"font-size: 10pt;\">Citt\u00e0 del Vaticano<\/span><\/em><\/strong><\/td>\n<\/tr>\n<tr style=\"background-color: #f7ece1;\">\n<td style=\"width: 100%; height: 168px;\">\n<p><strong><span style=\"font-size: 10pt;\">Fonti e link<\/span><\/strong><\/p>\n<ul>\n<li><span style=\"font-size: 10pt;\">Sito ufficiale della Santa Sede : <a href=\"https:\/\/www.vatican.va\/content\/vatican\/it.html\" target=\"_blank\" rel=\"noopener\">www.vatican.va<\/a><\/span><\/li>\n<li><a href=\"https:\/\/it.wikipedia.org\/wiki\/Citt%C3%A0_del_Vaticano\" target=\"_blank\" rel=\"noopener\"><span style=\"font-size: 10pt;\">Citt\u00e0 del Vaticano su Wikipedia<\/span><\/a><\/li>\n<li><a href=\"https:\/\/www.vaticannews.va\/it.html\" target=\"_blank\" rel=\"noopener\"><span style=\"font-size: 10pt;\">Vatican News<\/span><\/a><\/li>\n<\/ul>\n<\/td>\n<\/tr>\n<\/tbody>\n<\/table>","protected":false},"excerpt":{"rendered":"<p>La Citt\u00e0 del Vaticano \u00e8 uno stato indipendente posto sotto la sovranit\u00e0 della Santa Sede tramite l&#8217;autorit\u00e0 del Papa della Chiesa Cattolica, che vi regna come monarca assoluto.\u00c8 uno Stato riconosciuto ma non membro dell&#8217;ONU, dove ha lo status di osservatore. La creazione ufficiale di questo stato risale all&#8217;11 febbraio 1929 con la firma dei [&hellip;]<\/p>\n","protected":false},"featured_media":36557,"parent":0,"menu_order":0,"comment_status":"open","ping_status":"open","template":"","format":"standard","meta":{"kt_blocks_editor_width":"","_links_to":"","_links_to_target":""},"genre":[283,273],"interet":[288],"quartier":[307],"categorie_site":[440],"quartier_historique":[],"etiquettes_site":[],"acf":[],"yoast_head":"<!-- This site is optimized with the Yoast SEO plugin v17.4 - https:\/\/yoast.com\/wordpress\/plugins\/seo\/ -->\n<title>Vaticano &ndash; Rome-Roma<\/title>\n<meta name=\"description\" content=\"Scoperta del Vaticano, citt\u00e0-stato dentro la citt\u00e0 di Roma. Storia della citt\u00e0, descrizione, mappa, musei e Basilica di San Pietro.\" \/>\n<meta name=\"robots\" content=\"index, follow, max-snippet:-1, max-image-preview:large, max-video-preview:-1\" \/>\n<link rel=\"canonical\" href=\"https:\/\/www.rome-roma.net\/it\/vaticano\/\" \/>\n<meta property=\"og:locale\" content=\"it_IT\" \/>\n<meta property=\"og:type\" content=\"article\" \/>\n<meta property=\"og:title\" content=\"Vaticano &ndash; Rome-Roma\" \/>\n<meta property=\"og:description\" content=\"Scoperta del Vaticano, citt\u00e0-stato dentro la citt\u00e0 di Roma. Storia della citt\u00e0, descrizione, mappa, musei e Basilica di San Pietro.\" \/>\n<meta property=\"og:url\" content=\"https:\/\/www.rome-roma.net\/it\/vaticano\/\" \/>\n<meta property=\"og:site_name\" content=\"Rome-Roma\" \/>\n<meta property=\"article:modified_time\" content=\"2025-08-23T12:16:38+00:00\" \/>\n<meta property=\"og:image\" content=\"https:\/\/www.rome-roma.net\/wp-content\/uploads\/2020\/01\/vatican-drapeau.jpg\" \/>\n\t<meta property=\"og:image:width\" content=\"300\" \/>\n\t<meta property=\"og:image:height\" content=\"300\" \/>\n<meta name=\"twitter:card\" content=\"summary_large_image\" \/>\n<meta name=\"twitter:label1\" content=\"Tempo di lettura stimato\" \/>\n\t<meta name=\"twitter:data1\" content=\"5 minuti\" \/>\n<script type=\"application\/ld+json\" class=\"yoast-schema-graph\">{\"@context\":\"https:\/\/schema.org\",\"@graph\":[{\"@type\":\"Organization\",\"@id\":\"https:\/\/www.rome-roma.net\/it\/#organization\",\"name\":\"Rome-Roma\",\"url\":\"https:\/\/www.rome-roma.net\/it\/\",\"sameAs\":[],\"logo\":{\"@type\":\"ImageObject\",\"@id\":\"https:\/\/www.rome-roma.net\/it\/#logo\",\"inLanguage\":\"it-IT\",\"url\":\"https:\/\/www.rome-roma.net\/wp-content\/uploads\/2025\/07\/logo-rome-roma-420.jpg\",\"contentUrl\":\"https:\/\/www.rome-roma.net\/wp-content\/uploads\/2025\/07\/logo-rome-roma-420.jpg\",\"width\":420,\"height\":420,\"caption\":\"Rome-Roma\"},\"image\":{\"@id\":\"https:\/\/www.rome-roma.net\/it\/#logo\"}},{\"@type\":\"WebSite\",\"@id\":\"https:\/\/www.rome-roma.net\/it\/#website\",\"url\":\"https:\/\/www.rome-roma.net\/it\/\",\"name\":\"Rome-Roma\",\"description\":\"Cultura & Viaggio\",\"publisher\":{\"@id\":\"https:\/\/www.rome-roma.net\/it\/#organization\"},\"potentialAction\":[{\"@type\":\"SearchAction\",\"target\":{\"@type\":\"EntryPoint\",\"urlTemplate\":\"https:\/\/www.rome-roma.net\/it\/?s={search_term_string}\"},\"query-input\":\"required name=search_term_string\"}],\"inLanguage\":\"it-IT\"},{\"@type\":\"ImageObject\",\"@id\":\"https:\/\/www.rome-roma.net\/it\/vaticano\/#primaryimage\",\"inLanguage\":\"it-IT\",\"url\":\"https:\/\/www.rome-roma.net\/wp-content\/uploads\/2020\/01\/vatican-drapeau.jpg\",\"contentUrl\":\"https:\/\/www.rome-roma.net\/wp-content\/uploads\/2020\/01\/vatican-drapeau.jpg\",\"width\":300,\"height\":300,\"caption\":\"drapeau du vatican\"},{\"@type\":\"WebPage\",\"@id\":\"https:\/\/www.rome-roma.net\/it\/vaticano\/#webpage\",\"url\":\"https:\/\/www.rome-roma.net\/it\/vaticano\/\",\"name\":\"Vaticano &ndash; Rome-Roma\",\"isPartOf\":{\"@id\":\"https:\/\/www.rome-roma.net\/it\/#website\"},\"primaryImageOfPage\":{\"@id\":\"https:\/\/www.rome-roma.net\/it\/vaticano\/#primaryimage\"},\"datePublished\":\"2020-01-25T16:09:00+00:00\",\"dateModified\":\"2025-08-23T12:16:38+00:00\",\"description\":\"Scoperta del Vaticano, citt\\u00e0-stato dentro la citt\\u00e0 di Roma. Storia della citt\\u00e0, descrizione, mappa, musei e Basilica di San Pietro.\",\"breadcrumb\":{\"@id\":\"https:\/\/www.rome-roma.net\/it\/vaticano\/#breadcrumb\"},\"inLanguage\":\"it-IT\",\"potentialAction\":[{\"@type\":\"ReadAction\",\"target\":[\"https:\/\/www.rome-roma.net\/it\/vaticano\/\"]}]},{\"@type\":\"BreadcrumbList\",\"@id\":\"https:\/\/www.rome-roma.net\/it\/vaticano\/#breadcrumb\",\"itemListElement\":[{\"@type\":\"ListItem\",\"position\":1,\"name\":\"Accueil\",\"item\":\"https:\/\/www.rome-roma.net\/it\/\"},{\"@type\":\"ListItem\",\"position\":2,\"name\":\"Vaticano\"}]}]}<\/script>\n<!-- \/ Yoast SEO plugin. -->","yoast_head_json":{"title":"Vaticano &ndash; Rome-Roma","description":"Scoperta del Vaticano, citt\u00e0-stato dentro la citt\u00e0 di Roma. Storia della citt\u00e0, descrizione, mappa, musei e Basilica di San Pietro.","robots":{"index":"index","follow":"follow","max-snippet":"max-snippet:-1","max-image-preview":"max-image-preview:large","max-video-preview":"max-video-preview:-1"},"canonical":"https:\/\/www.rome-roma.net\/it\/vaticano\/","og_locale":"it_IT","og_type":"article","og_title":"Vaticano &ndash; Rome-Roma","og_description":"Scoperta del Vaticano, citt\u00e0-stato dentro la citt\u00e0 di Roma. Storia della citt\u00e0, descrizione, mappa, musei e Basilica di San Pietro.","og_url":"https:\/\/www.rome-roma.net\/it\/vaticano\/","og_site_name":"Rome-Roma","article_modified_time":"2025-08-23T12:16:38+00:00","og_image":[{"width":300,"height":300,"url":"https:\/\/www.rome-roma.net\/wp-content\/uploads\/2020\/01\/vatican-drapeau.jpg","type":"image\/jpeg"}],"twitter_card":"summary_large_image","twitter_misc":{"Tempo di lettura stimato":"5 minuti"},"schema":{"@context":"https:\/\/schema.org","@graph":[{"@type":"Organization","@id":"https:\/\/www.rome-roma.net\/it\/#organization","name":"Rome-Roma","url":"https:\/\/www.rome-roma.net\/it\/","sameAs":[],"logo":{"@type":"ImageObject","@id":"https:\/\/www.rome-roma.net\/it\/#logo","inLanguage":"it-IT","url":"https:\/\/www.rome-roma.net\/wp-content\/uploads\/2025\/07\/logo-rome-roma-420.jpg","contentUrl":"https:\/\/www.rome-roma.net\/wp-content\/uploads\/2025\/07\/logo-rome-roma-420.jpg","width":420,"height":420,"caption":"Rome-Roma"},"image":{"@id":"https:\/\/www.rome-roma.net\/it\/#logo"}},{"@type":"WebSite","@id":"https:\/\/www.rome-roma.net\/it\/#website","url":"https:\/\/www.rome-roma.net\/it\/","name":"Rome-Roma","description":"Cultura & Viaggio","publisher":{"@id":"https:\/\/www.rome-roma.net\/it\/#organization"},"potentialAction":[{"@type":"SearchAction","target":{"@type":"EntryPoint","urlTemplate":"https:\/\/www.rome-roma.net\/it\/?s={search_term_string}"},"query-input":"required name=search_term_string"}],"inLanguage":"it-IT"},{"@type":"ImageObject","@id":"https:\/\/www.rome-roma.net\/it\/vaticano\/#primaryimage","inLanguage":"it-IT","url":"https:\/\/www.rome-roma.net\/wp-content\/uploads\/2020\/01\/vatican-drapeau.jpg","contentUrl":"https:\/\/www.rome-roma.net\/wp-content\/uploads\/2020\/01\/vatican-drapeau.jpg","width":300,"height":300,"caption":"drapeau du vatican"},{"@type":"WebPage","@id":"https:\/\/www.rome-roma.net\/it\/vaticano\/#webpage","url":"https:\/\/www.rome-roma.net\/it\/vaticano\/","name":"Vaticano &ndash; Rome-Roma","isPartOf":{"@id":"https:\/\/www.rome-roma.net\/it\/#website"},"primaryImageOfPage":{"@id":"https:\/\/www.rome-roma.net\/it\/vaticano\/#primaryimage"},"datePublished":"2020-01-25T16:09:00+00:00","dateModified":"2025-08-23T12:16:38+00:00","description":"Scoperta del Vaticano, citt\u00e0-stato dentro la citt\u00e0 di Roma. Storia della citt\u00e0, descrizione, mappa, musei e Basilica di San Pietro.","breadcrumb":{"@id":"https:\/\/www.rome-roma.net\/it\/vaticano\/#breadcrumb"},"inLanguage":"it-IT","potentialAction":[{"@type":"ReadAction","target":["https:\/\/www.rome-roma.net\/it\/vaticano\/"]}]},{"@type":"BreadcrumbList","@id":"https:\/\/www.rome-roma.net\/it\/vaticano\/#breadcrumb","itemListElement":[{"@type":"ListItem","position":1,"name":"Accueil","item":"https:\/\/www.rome-roma.net\/it\/"},{"@type":"ListItem","position":2,"name":"Vaticano"}]}]}},"acf_fields":{"nom_monument":"Citt\u00e0 del Vaticano","wikidata":"Q237","sameas":"https:\/\/it.wikipedia.org\/wiki\/Citt%C3%A0_del_Vaticano"},"_links":{"self":[{"href":"https:\/\/www.rome-roma.net\/it\/wp-json\/wp\/v2\/site\/6815"}],"collection":[{"href":"https:\/\/www.rome-roma.net\/it\/wp-json\/wp\/v2\/site"}],"about":[{"href":"https:\/\/www.rome-roma.net\/it\/wp-json\/wp\/v2\/types\/site"}],"replies":[{"embeddable":true,"href":"https:\/\/www.rome-roma.net\/it\/wp-json\/wp\/v2\/comments?post=6815"}],"wp:featuredmedia":[{"embeddable":true,"href":"https:\/\/www.rome-roma.net\/it\/wp-json\/wp\/v2\/media\/36557"}],"wp:attachment":[{"href":"https:\/\/www.rome-roma.net\/it\/wp-json\/wp\/v2\/media?parent=6815"}],"wp:term":[{"taxonomy":"genre","embeddable":true,"href":"https:\/\/www.rome-roma.net\/it\/wp-json\/wp\/v2\/genre?post=6815"},{"taxonomy":"interet","embeddable":true,"href":"https:\/\/www.rome-roma.net\/it\/wp-json\/wp\/v2\/interet?post=6815"},{"taxonomy":"quartier","embeddable":true,"href":"https:\/\/www.rome-roma.net\/it\/wp-json\/wp\/v2\/quartier?post=6815"},{"taxonomy":"categorie_site","embeddable":true,"href":"https:\/\/www.rome-roma.net\/it\/wp-json\/wp\/v2\/categorie_site?post=6815"},{"taxonomy":"quartier_historique","embeddable":true,"href":"https:\/\/www.rome-roma.net\/it\/wp-json\/wp\/v2\/quartier_historique?post=6815"},{"taxonomy":"etiquettes_site","embeddable":true,"href":"https:\/\/www.rome-roma.net\/it\/wp-json\/wp\/v2\/etiquettes_site?post=6815"}],"curies":[{"name":"wp","href":"https:\/\/api.w.org\/{rel}","templated":true}]}}