


{"id":6873,"date":"2020-01-18T19:04:29","date_gmt":"2020-01-18T18:04:29","guid":{"rendered":"https:\/\/www.rome-roma.net\/site\/mura-aureliane\/porta-maggiore\/"},"modified":"2020-05-06T14:33:35","modified_gmt":"2020-05-06T12:33:35","slug":"porta-maggiore","status":"publish","type":"site","link":"https:\/\/www.rome-roma.net\/it\/mura-aureliane\/porta-maggiore\/","title":{"rendered":"Porta Maggiore"},"content":{"rendered":"<div style=\"width: 270px\" class=\"wp-caption alignright\"><a href=\"https:\/\/www.rome-roma.net\/photos\/voyage2\/roma\/images\/roma_portamaggiore_9782.jpg\" target=\"_blank\" rel=\"lightbox[a] noopener noreferrer\"><img loading=\"lazy\" src=\"https:\/\/www.rome-roma.net\/photos\/voyage2\/roma\/images\/roma_portamaggiore_9782.jpg\" alt=\"porta maggiore\" width=\"260\" vspace=\"10\" hspace=\"10\" height=\"175\" border=\"0\" align=\"right\"><\/a><p class=\"wp-caption-text\">Porta maggiore<\/p><\/div>\n<p>Questa porta fu costruita sotto l&#8217;imperatore <strong>Claudio<\/strong> nell&#8217;anno 52 della nostra era per consentire all&#8217;acquedotto Claudio di attraversare le <strong>via Prenestina<\/strong> e <strong>Labicana<\/strong> (oggi via Casilina). Quindi in origine era pi\u00f9 un arco che una porta.<br>Quando fu inaugurata, fu chiamata <em>ad Spem Veterem<\/em>, a causa della vicina presenza di un antichissimo tempio dedicato alla dea Speranza (consacrato nel 477 a.C.)<\/p>\n<p>I due fornici superiori della porta corrispondono ai canali degli acquedotti <strong>Anio Novus<\/strong> (il pi\u00f9 alto) e <strong>Aqua Claudia<\/strong>.<br>Sono ancora visibili le iscrizioni degli imperatori Claudio, Vespasiano e Tito, che lo restaurarono nel 71 e nel 81.<br>Pi\u00f9 tardi, verso il 271, divenne veramente una porta essendo incorporato nelle Mura Aureliane. Fu fortificata al tempo di Onorio, rinforzato da una cortina di pietra, con un bastione e delle tori quadrate. Un&#8217;iscrizione risale a questo periodo (402).<br>Nel 1838, Papa Gregorio XVI la fece restaurare, distruggendo la fortificazione di Onorio. Durante questa demolizione, apparvero la tomba repubblicana del fornaio Eurisace e di sua moglie Atinia.<\/p>\n<p>Nelle vicinanze furono rinvenute molte antiche vestigia, come tombe, e in particolare una bellissima basilica sotterranea.<\/p>\n<p align=\"center\"><a href=\"https:\/\/www.rome-roma.net\/photos\/museodellaciviltaromana\/images\/portamaggiore_roma_museodellaciviltaromana_3402.jpg\" rel=\"lightbox[a]\"><img loading=\"lazy\" src=\"https:\/\/www.rome-roma.net\/photos\/museodellaciviltaromana\/thumbnails\/portamaggiore_roma_museodellaciviltaromana_3402.jpg\" alt=\"porta maggiore \" width=\"154\" height=\"106\" border=\"0\"><\/a> <span class=\"desc\"><br>Ricostituzione della Porta Maggiore, Museo della Civilt\u00e0 Romana<br><\/span><\/p>\n<p class=\"desc\" align=\"center\"><a href=\"https:\/\/www.rome-roma.net\/photos\/voyage2\/roma\/images\/roma_portamaggiore_9782.jpg\" rel=\"lightbox[a]\"><img loading=\"lazy\" src=\"https:\/\/www.rome-roma.net\/photos\/voyage2\/roma\/thumbnails\/roma_portamaggiore_9782.jpg\" alt=\"porta maggiore - rome\" width=\"122\" height=\"85\" border=\"0\"><\/a><em><a href=\"https:\/\/www.rome-roma.net\/photos\/voyage2\/roma\/images\/roma_portamaggiore_9781.jpg\" rel=\"lightbox[a]\"><img loading=\"lazy\" src=\"https:\/\/www.rome-roma.net\/photos\/voyage2\/roma\/thumbnails\/roma_portamaggiore_9781.jpg\" alt=\"porta maggiore\" width=\"85\" height=\"122\" border=\"0\"><\/a><\/em><a href=\"https:\/\/www.rome-roma.net\/photos\/voyage2\/roma\/images\/rome_portemajeure_9780.jpg\" rel=\"lightbox[a]\"><img loading=\"lazy\" src=\"https:\/\/www.rome-roma.net\/photos\/voyage2\/roma\/thumbnails\/rome_portemajeure_9780.jpg\" alt=\"porta maggiore\" width=\"122\" height=\"85\" border=\"0\"><\/a><a href=\"https:\/\/www.rome-roma.net\/photos\/voyage2\/roma\/images\/roma_portamaggiore_9784.jpg\" rel=\"lightbox[a]\"><img loading=\"lazy\" src=\"https:\/\/www.rome-roma.net\/photos\/voyage2\/roma\/thumbnails\/roma_portamaggiore_9784.jpg\" alt=\"porta maggiore\" width=\"85\" height=\"122\" border=\"0\"><\/a><a href=\"https:\/\/www.rome-roma.net\/photos\/voyage2\/roma\/images\/roma_portamaggiore_9785.jpg\" rel=\"lightbox[a]\"><img loading=\"lazy\" src=\"https:\/\/www.rome-roma.net\/photos\/voyage2\/roma\/thumbnails\/roma_portamaggiore_9785.jpg\" alt=\"porta maggiore\" width=\"122\" height=\"85\" border=\"0\"><\/a><a href=\"https:\/\/www.rome-roma.net\/photos\/voyage2\/roma\/images\/roma_portamaggiore_9787.jpg\" rel=\"lightbox[a]\"><img loading=\"lazy\" src=\"https:\/\/www.rome-roma.net\/photos\/voyage2\/roma\/thumbnails\/roma_portamaggiore_9787.jpg\" alt=\"porta maggiore\" width=\"122\" height=\"85\" border=\"0\"><\/a><br><a href=\"https:\/\/www.rome-roma.net\/photos\/voyage2\/roma\/images\/rome_portemajeure_9779.jpg\" rel=\"lightbox[a]\"><img loading=\"lazy\" src=\"https:\/\/www.rome-roma.net\/photos\/voyage2\/roma\/thumbnails\/rome_portemajeure_9779.jpg\" alt=\"porta maggiore\" width=\"85\" height=\"122\" border=\"0\"><\/a><br>Tomba repubblicana del fornaio Eurisace e di sua moglie Atinia<\/p>\n\n\n<h2>Cartina ed indirizzo<\/h2>\r\n\t\t<b>Indirizzo : <\/b>Piazza di Porta Maggiore, 00182 Roma RM, Italie<div id=\"travelersmap-container-69f3cb5b9ce6d\" class=\"travelersmap-container\" style=\"z-index: 1; min-height: 10px; min-width:10px; height:400px;width:100%; max-width:; max-height:; position:relative;\"><div style=\"position:absolute; z-index:-1;top: 50%;text-align: center;display: block;left: 50%;transform: translate(-50%,-50%);\">Travelers' Map is loading... <br> If you see this after your page is loaded completely, leafletJS files are missing.<\/div><\/div><i>Clicca sulla freccia per localizzarti sulla mappa<\/i>\n\n\n\n<h2>Vedute antiche nel arte<\/h2><div>5 opere di Porta Maggiore sono state trovate nella database. Per vederle tutte aprire questo <a href=\"https:\/\/www.rome-roma.net\/site-rome-art.php?lieu=porta+maggiore\" target=\"_blank\">collegamento<\/a>.<\/div><div class=\"wp-block-kadence-advancedgallery kb-gallery-wrap-id-_5955fd-3f\">\r\n        <div class=\"kb-gallery-ul kb-gallery-type-fluidcarousel kb-gallery-id-_5955fd-3f kb-gallery-caption-style-below kb-gallery-magnific-init kb-gallery-filter-none\" data-image-filter=\"none\" data-lightbox-caption=\"true\">\r\n            <div class=\"kt-blocks-carousel kt-carousel-container-dotstyle-dark\">\r\n                <div class=\"kt-blocks-carousel-init kb-blocks-fluid-carousel kt-carousel-arrowstyle-whiteondark kt-carousel-dotstyle-dark\" data-slider-anim-speed=\"400\" data-slider-type=\"fluidcarousel\" data-slider-scroll=\"1\" data-slider-arrows=\"true\" data-slider-dots=\"true\" data-slider-hover-pause=\"false\" data-slider-auto=\"false\" data-slider-speed=\"7000\">\r\n        <div class=\"kb-slide-item kb-gallery-carousel-item\"><li class=\"kadence-blocks-gallery-item\"><div class=\"kadence-blocks-gallery-item-inner\">\r\n            <figure class=\"kb-gallery-figure kb-gallery-item-has-link kadence-blocks-gallery-item-has-caption\">\r\n                <a href=\"https:\/\/www.rome-roma.net\/artmodule\/edward lear\/edward lear - porta maggiore - roma.jpg\" class=\"kb-gallery-item-link\" style=\"color: #FFFFFF;\">\r\n                    <div class=\"kb-gal-image-radius\"><div class=\"kb-gallery-image-contain\">\r\n                        <img src=\"https:\/\/www.rome-roma.net\/artmodule\/edward lear\/edward lear - porta maggiore - roma.jpg\" width=\"300\" height=\"200\" \r\n                            alt=\"Edward Lear,Porta Maggiore (?, avant 1888, date ind\u00e9termin\u00e9e)\" \r\n                            data-full-image=\"https:\/\/www.rome-roma.net\/artmodule\/edward lear\/edward lear - porta maggiore - roma.jpg\" \r\n                            data-light-image=\"https:\/\/www.rome-roma.net\/artmodule\/edward lear\/edward lear - porta maggiore - roma.jpg\" data-id=\"149\" \r\n                            data-link=\"https:\/\/www.rome-roma.net\/artmodule\/edward lear\/edward lear - porta maggiore - roma.jpg\" \r\n                            class=\"wp-image-149\" loading=lazy\/>\r\n                    <\/div><\/div>\r\n                    <figcaption class=\"kadence-blocks-gallery-item__caption\">Edward Lear, Porta Maggiore<\/figcaption>\r\n                <\/a>\r\n            <\/figure><\/div><\/li><\/div>\r\n        <div class=\"kb-slide-item kb-gallery-carousel-item\"><li class=\"kadence-blocks-gallery-item\"><div class=\"kadence-blocks-gallery-item-inner\">\r\n            <figure class=\"kb-gallery-figure kb-gallery-item-has-link kadence-blocks-gallery-item-has-caption\">\r\n                <a href=\"https:\/\/www.rome-roma.net\/artmodule\/luigi rossini\/luigi rossini - porta maggiore - 1850.jpg\" class=\"kb-gallery-item-link\" style=\"color: #FFFFFF;\">\r\n                    <div class=\"kb-gal-image-radius\"><div class=\"kb-gallery-image-contain\">\r\n                        <img src=\"https:\/\/www.rome-roma.net\/artmodule\/luigi rossini\/luigi rossini - porta maggiore - 1850.jpg\" width=\"300\" height=\"200\" \r\n                            alt=\"Luigi Rossini,Porta Maggiore (1850)\" \r\n                            data-full-image=\"https:\/\/www.rome-roma.net\/artmodule\/luigi rossini\/luigi rossini - porta maggiore - 1850.jpg\" \r\n                            data-light-image=\"https:\/\/www.rome-roma.net\/artmodule\/luigi rossini\/luigi rossini - porta maggiore - 1850.jpg\" data-id=\"149\" \r\n                            data-link=\"https:\/\/www.rome-roma.net\/artmodule\/luigi rossini\/luigi rossini - porta maggiore - 1850.jpg\" \r\n                            class=\"wp-image-149\" loading=lazy\/>\r\n                    <\/div><\/div>\r\n                    <figcaption class=\"kadence-blocks-gallery-item__caption\">Luigi Rossini, Porta Maggiore<\/figcaption>\r\n                <\/a>\r\n            <\/figure><\/div><\/li><\/div>\r\n        <div class=\"kb-slide-item kb-gallery-carousel-item\"><li class=\"kadence-blocks-gallery-item\"><div class=\"kadence-blocks-gallery-item-inner\">\r\n            <figure class=\"kb-gallery-figure kb-gallery-item-has-link kadence-blocks-gallery-item-has-caption\">\r\n                <a href=\"https:\/\/www.rome-roma.net\/artmodule\/luigi rossini\/luigi rossini - resti della porta onoriana a porta maggiore - 1850.jpg\" class=\"kb-gallery-item-link\" style=\"color: #FFFFFF;\">\r\n                    <div class=\"kb-gal-image-radius\"><div class=\"kb-gallery-image-contain\">\r\n                        <img src=\"https:\/\/www.rome-roma.net\/artmodule\/luigi rossini\/luigi rossini - resti della porta onoriana a porta maggiore - 1850.jpg\" width=\"300\" height=\"200\" \r\n                            alt=\"Luigi Rossini,Restes de la Porta Onoriana \u00e0 la Porta Maggiore (1850)\" \r\n                            data-full-image=\"https:\/\/www.rome-roma.net\/artmodule\/luigi rossini\/luigi rossini - resti della porta onoriana a porta maggiore - 1850.jpg\" \r\n                            data-light-image=\"https:\/\/www.rome-roma.net\/artmodule\/luigi rossini\/luigi rossini - resti della porta onoriana a porta maggiore - 1850.jpg\" data-id=\"149\" \r\n                            data-link=\"https:\/\/www.rome-roma.net\/artmodule\/luigi rossini\/luigi rossini - resti della porta onoriana a porta maggiore - 1850.jpg\" \r\n                            class=\"wp-image-149\" loading=lazy\/>\r\n                    <\/div><\/div>\r\n                    <figcaption class=\"kadence-blocks-gallery-item__caption\">Luigi Rossini, Restes de la Porta Onoriana \u00e0 la Porta Maggiore<\/figcaption>\r\n                <\/a>\r\n            <\/figure><\/div><\/li><\/div>\r\n        <div class=\"kb-slide-item kb-gallery-carousel-item\"><li class=\"kadence-blocks-gallery-item\"><div class=\"kadence-blocks-gallery-item-inner\">\r\n            <figure class=\"kb-gallery-figure kb-gallery-item-has-link kadence-blocks-gallery-item-has-caption\">\r\n                <a href=\"https:\/\/www.rome-roma.net\/artmodule\/nicolle victor jean\/nicolle victor jean - oratoire de la porta maggiore.jpg\" class=\"kb-gallery-item-link\" style=\"color: #FFFFFF;\">\r\n                    <div class=\"kb-gal-image-radius\"><div class=\"kb-gallery-image-contain\">\r\n                        <img src=\"https:\/\/www.rome-roma.net\/artmodule\/nicolle victor jean\/nicolle victor jean - oratoire de la porta maggiore.jpg\" width=\"300\" height=\"200\" \r\n                            alt=\"Victor-Jean Nicolle,Oratoire de la Porta Maggiore (?, avant 1826, date ind\u00e9termin\u00e9e)\" \r\n                            data-full-image=\"https:\/\/www.rome-roma.net\/artmodule\/nicolle victor jean\/nicolle victor jean - oratoire de la porta maggiore.jpg\" \r\n                            data-light-image=\"https:\/\/www.rome-roma.net\/artmodule\/nicolle victor jean\/nicolle victor jean - oratoire de la porta maggiore.jpg\" data-id=\"149\" \r\n                            data-link=\"https:\/\/www.rome-roma.net\/artmodule\/nicolle victor jean\/nicolle victor jean - oratoire de la porta maggiore.jpg\" \r\n                            class=\"wp-image-149\" loading=lazy\/>\r\n                    <\/div><\/div>\r\n                    <figcaption class=\"kadence-blocks-gallery-item__caption\">Victor-Jean Nicolle, Oratoire de la Porta Maggiore<\/a> (\u0152uvre pr\u00e9sente \u00e0 la <a href=\"https:\/\/galerievittet.com\/\" target=\"_blank\">Galerie Claude Vittet<\/a>)<a><\/figcaption>\r\n                <\/a>\r\n            <\/figure><\/div><\/li><\/div>\r\n        <div class=\"kb-slide-item kb-gallery-carousel-item\"><li class=\"kadence-blocks-gallery-item\"><div class=\"kadence-blocks-gallery-item-inner\">\r\n            <figure class=\"kb-gallery-figure kb-gallery-item-has-link kadence-blocks-gallery-item-has-caption\">\r\n                <a href=\"https:\/\/www.rome-roma.net\/artmodule\/nicolle victor jean\/nicolle victor jean - vue de la porte majeure depuis interieur de la ville.jpg\" class=\"kb-gallery-item-link\" style=\"color: #FFFFFF;\">\r\n                    <div class=\"kb-gal-image-radius\"><div class=\"kb-gallery-image-contain\">\r\n                        <img src=\"https:\/\/www.rome-roma.net\/artmodule\/nicolle victor jean\/nicolle victor jean - vue de la porte majeure depuis interieur de la ville.jpg\" width=\"300\" height=\"200\" \r\n                            alt=\"Victor-Jean Nicolle,Vue de la Porte Majeure depuis l'int\u00e9rieur de la ville (?, avant 1826, date ind\u00e9termin\u00e9e)\" \r\n                            data-full-image=\"https:\/\/www.rome-roma.net\/artmodule\/nicolle victor jean\/nicolle victor jean - vue de la porte majeure depuis interieur de la ville.jpg\" \r\n                            data-light-image=\"https:\/\/www.rome-roma.net\/artmodule\/nicolle victor jean\/nicolle victor jean - vue de la porte majeure depuis interieur de la ville.jpg\" data-id=\"149\" \r\n                            data-link=\"https:\/\/www.rome-roma.net\/artmodule\/nicolle victor jean\/nicolle victor jean - vue de la porte majeure depuis interieur de la ville.jpg\" \r\n                            class=\"wp-image-149\" loading=lazy\/>\r\n                    <\/div><\/div>\r\n                    <figcaption class=\"kadence-blocks-gallery-item__caption\">Victor-Jean Nicolle, Vue de la Porte Majeure depuis l'int\u00e9rieur de la ville<\/a> (\u0152uvre pr\u00e9sente \u00e0 la <a href=\"https:\/\/galerievittet.com\/\" target=\"_blank\">Galerie Claude Vittet<\/a>)<a><\/figcaption>\r\n                <\/a>\r\n            <\/figure><\/div><\/li><\/div><\/div><\/div><\/div><\/div><a href=\"https:\/\/www.rome-roma.net\/site-rome-art.php?lieu=porta+maggiore\" target=\"_blank\">Clica per vedere oltre dipinti e artisti su Porte Majeure in Roma<\/a><br>\n\n\n\n<h2>Porte delle mura aureliane<\/h2>\n\n\n\n<ul class=\"lcp_catlist\" id=\"lcp_instance_0\"><li><a href=\"https:\/\/www.rome-roma.net\/it\/mura-aureliane\/\">Mura aureliane<\/a><a href=\"https:\/\/www.rome-roma.net\/it\/mura-aureliane\/\" title=\"Mura aureliane\"><img src=\"https:\/\/www.rome-roma.net\/photos\/murs-portes-rome\/Muraille-Aurelien-Rome_3592.jpg\" class=\"classthumblist\"  alt=\"Mura aureliane\" \/><\/a><\/li><li><a href=\"https:\/\/www.rome-roma.net\/it\/mura-aureliane\/porta-san-paolo\/\">Porta San Paolo<\/a><a href=\"https:\/\/www.rome-roma.net\/it\/mura-aureliane\/porta-san-paolo\/\" title=\"Porta San Paolo\"><img src=\"https:\/\/www.rome-roma.net\/wp-content\/uploads\/2020\/01\/pyramide-de-caius-cestius-porte-saint-paul-3665-1024x683.jpg\" class=\"classthumblist\"  alt=\"Porta San Paolo\" \/><\/a><\/li><li class=\"current\"><a href=\"https:\/\/www.rome-roma.net\/it\/mura-aureliane\/porta-maggiore\/\">Porta Maggiore<\/a><a href=\"https:\/\/www.rome-roma.net\/it\/mura-aureliane\/porta-maggiore\/\" title=\"Porta Maggiore\"><img src=\"https:\/\/www.rome-roma.net\/photos\/voyage2\/roma\/images\/roma_portamaggiore_9782.jpg\" class=\"classthumblist\"  alt=\"Porta Maggiore\" \/><\/a><\/li><li><a href=\"https:\/\/www.rome-roma.net\/it\/mura-aureliane\/porta-tiburtina\/\">Porta Tiburtina<\/a><a href=\"https:\/\/www.rome-roma.net\/it\/mura-aureliane\/porta-tiburtina\/\" title=\"Porta Tiburtina\"><img src=\"https:\/\/www.rome-roma.net\/photos\/visite-rome\/images\/porta_tiburtina_mure_aureliane_6391.jpg\" class=\"classthumblist\"  alt=\"Porta Tiburtina\" \/><\/a><\/li><li><a href=\"https:\/\/www.rome-roma.net\/it\/mura-aureliane\/la-porta-pia\/\">Porta Pia<\/a><a href=\"https:\/\/www.rome-roma.net\/it\/mura-aureliane\/la-porta-pia\/\" title=\"Porta Pia\"><img src=\"https:\/\/www.rome-roma.net\/photos\/murs-portes-rome\/porta-pia-pinciana\/images\/porta_pia_interieur_2851.jpg\" class=\"classthumblist\"  alt=\"Porta Pia\" \/><\/a><\/li><li><a href=\"https:\/\/www.rome-roma.net\/it\/mura-aureliane\/la-porta-pinciana\/\">Porta Pinciana<\/a><a href=\"https:\/\/www.rome-roma.net\/it\/mura-aureliane\/la-porta-pinciana\/\" title=\"Porta Pinciana\"><img src=\"https:\/\/www.rome-roma.net\/photos\/murs-portes-rome\/porta-pia-pinciana\/images\/porta_pinciana_interieur_2873.jpg\" class=\"classthumblist\"  alt=\"Porta Pinciana\" \/><\/a><\/li><li><a href=\"https:\/\/www.rome-roma.net\/it\/mura-aureliane\/la-porta-salaria\/\">Porta Salaria<\/a><a href=\"https:\/\/www.rome-roma.net\/it\/mura-aureliane\/la-porta-salaria\/\" title=\"Porta Salaria\"><img src=\"https:\/\/www.rome-roma.net\/wp-content\/uploads\/2020\/01\/porta-salaria-giuseppe-vasi-300x197.jpg\" class=\"classthumblist\"  alt=\"Porta Salaria\" \/><\/a><\/li><li><a href=\"https:\/\/www.rome-roma.net\/it\/piramide-di-caio-cestio\/\">Piramide di Caio Cestio<\/a><a href=\"https:\/\/www.rome-roma.net\/it\/piramide-di-caio-cestio\/\" title=\"Piramide di Caio Cestio\"><img src=\"https:\/\/www.rome-roma.net\/wp-content\/uploads\/2020\/01\/piramide-di-caio-cestio-3658-683x1024.jpg\" class=\"classthumblist\"  alt=\"Piramide di Caio Cestio\" \/><\/a><\/li><li><a href=\"https:\/\/www.rome-roma.net\/it\/mura-aureliane\/arco-di-druso-porta-san-sebastiano\/\">Arco di Druso e Porta San Sebastiano<\/a><a href=\"https:\/\/www.rome-roma.net\/it\/mura-aureliane\/arco-di-druso-porta-san-sebastiano\/\" title=\"Arco di Druso e Porta San Sebastiano\"><img src=\"https:\/\/www.rome-roma.net\/foto\/via-appia-antica\/images\/via_appia_antica_porta.jpg\" class=\"classthumblist\"  alt=\"Arco di Druso e Porta San Sebastiano\" \/><\/a><\/li><li><a href=\"https:\/\/www.rome-roma.net\/it\/museo-delle-mura\/\">Museo delle Mura<\/a><a href=\"https:\/\/www.rome-roma.net\/it\/museo-delle-mura\/\" title=\"Museo delle Mura\"><img src=\"https:\/\/www.rome-roma.net\/photos\/murs-portes-rome\/Porte-Saint-Sebastien_3588.jpg\" class=\"classthumblist\"  alt=\"Museo delle Mura\" \/><\/a><\/li><li><a href=\"https:\/\/www.rome-roma.net\/it\/mura-aureliane\/porta-asinaria-roma\/\">Porta Asinaria<\/a><a href=\"https:\/\/www.rome-roma.net\/it\/mura-aureliane\/porta-asinaria-roma\/\" title=\"Porta Asinaria\"><img src=\"https:\/\/www.rome-roma.net\/photos\/2013-mars2014\/portesderome\/images\/porta_asinaria_roma_2178.jpg\" class=\"classthumblist\"  alt=\"Porta Asinaria\" \/><\/a><\/li><li><a href=\"https:\/\/www.rome-roma.net\/it\/mura-aureliane\/la-porta-san-giovanni\/\">Porta San Giovanni<\/a><a href=\"https:\/\/www.rome-roma.net\/it\/mura-aureliane\/la-porta-san-giovanni\/\" title=\"Porta San Giovanni\"><img src=\"https:\/\/www.rome-roma.net\/photos\/2013-mars2014\/portesderome\/images\/porta_san_giovanni_roma_2180.jpg\" class=\"classthumblist\"  alt=\"Porta San Giovanni\" \/><\/a><\/li><li><a href=\"https:\/\/www.rome-roma.net\/it\/mura-aureliane\/la-porta-latina\/\">Porta Latina<\/a><a href=\"https:\/\/www.rome-roma.net\/it\/mura-aureliane\/la-porta-latina\/\" title=\"Porta Latina\"><img src=\"https:\/\/www.rome-roma.net\/photos\/2013-mars2014\/portesderome\/images\/porta_latina_2019.jpg\" class=\"classthumblist\"  alt=\"Porta Latina\" \/><\/a><\/li><\/ul>\n","protected":false},"excerpt":{"rendered":"<p>Questa porta fu costruita sotto l&#8217;imperatore Claudio nell&#8217;anno 52 della nostra era per consentire all&#8217;acquedotto Claudio di attraversare le via Prenestina e Labicana (oggi via Casilina). Quindi in origine era pi\u00f9 un arco che una porta.Quando fu inaugurata, fu chiamata ad Spem Veterem, a causa della vicina presenza di un antichissimo tempio dedicato alla dea [&hellip;]<\/p>\n","protected":false},"featured_media":0,"parent":6016,"menu_order":0,"comment_status":"open","ping_status":"open","template":"","format":"standard","meta":{"kt_blocks_editor_width":"","_links_to":"","_links_to_target":""},"genre":[268,279],"interet":[286],"quartier":[319],"categorie_site":[434,395,425],"quartier_historique":[447],"etiquettes_site":[],"acf":[],"yoast_head":"<!-- This site is optimized with the Yoast SEO plugin v17.4 - https:\/\/yoast.com\/wordpress\/plugins\/seo\/ -->\n<title>Porta Maggiore &ndash; Rome-Roma<\/title>\n<meta name=\"description\" content=\"Cette porte a \u00e9t\u00e9 construite sous l&#039;empereur Claude en l&#039;an 52 pour permettre \u00e0 l&#039;aqueduc de traverser les via Prenestina et Labicana \u00e0 Rome.\" \/>\n<meta name=\"robots\" content=\"index, follow, max-snippet:-1, max-image-preview:large, max-video-preview:-1\" \/>\n<link rel=\"canonical\" href=\"https:\/\/www.rome-roma.net\/it\/mura-aureliane\/porta-maggiore\/\" \/>\n<meta property=\"og:locale\" content=\"it_IT\" \/>\n<meta property=\"og:type\" content=\"article\" \/>\n<meta property=\"og:title\" content=\"Porta Maggiore &ndash; Rome-Roma\" \/>\n<meta property=\"og:description\" content=\"Cette porte a \u00e9t\u00e9 construite sous l&#039;empereur Claude en l&#039;an 52 pour permettre \u00e0 l&#039;aqueduc de traverser les via Prenestina et Labicana \u00e0 Rome.\" \/>\n<meta property=\"og:url\" content=\"https:\/\/www.rome-roma.net\/it\/mura-aureliane\/porta-maggiore\/\" \/>\n<meta property=\"og:site_name\" content=\"Rome-Roma\" \/>\n<meta property=\"article:modified_time\" content=\"2020-05-06T12:33:35+00:00\" \/>\n<meta property=\"og:image\" content=\"https:\/\/www.rome-roma.net\/photos\/voyage2\/roma\/images\/roma_portamaggiore_9782.jpg\" \/>\n<meta name=\"twitter:card\" content=\"summary_large_image\" \/>\n<meta name=\"twitter:label1\" content=\"Tempo di lettura stimato\" \/>\n\t<meta name=\"twitter:data1\" content=\"1 minuto\" \/>\n<script type=\"application\/ld+json\" class=\"yoast-schema-graph\">{\"@context\":\"https:\/\/schema.org\",\"@graph\":[{\"@type\":\"Organization\",\"@id\":\"https:\/\/www.rome-roma.net\/it\/#organization\",\"name\":\"Rome-Roma\",\"url\":\"https:\/\/www.rome-roma.net\/it\/\",\"sameAs\":[],\"logo\":{\"@type\":\"ImageObject\",\"@id\":\"https:\/\/www.rome-roma.net\/it\/#logo\",\"inLanguage\":\"it-IT\",\"url\":\"https:\/\/www.rome-roma.net\/wp-content\/uploads\/2025\/07\/logo-rome-roma-420.jpg\",\"contentUrl\":\"https:\/\/www.rome-roma.net\/wp-content\/uploads\/2025\/07\/logo-rome-roma-420.jpg\",\"width\":420,\"height\":420,\"caption\":\"Rome-Roma\"},\"image\":{\"@id\":\"https:\/\/www.rome-roma.net\/it\/#logo\"}},{\"@type\":\"WebSite\",\"@id\":\"https:\/\/www.rome-roma.net\/it\/#website\",\"url\":\"https:\/\/www.rome-roma.net\/it\/\",\"name\":\"Rome-Roma\",\"description\":\"Cultura & Viaggio\",\"publisher\":{\"@id\":\"https:\/\/www.rome-roma.net\/it\/#organization\"},\"potentialAction\":[{\"@type\":\"SearchAction\",\"target\":{\"@type\":\"EntryPoint\",\"urlTemplate\":\"https:\/\/www.rome-roma.net\/it\/?s={search_term_string}\"},\"query-input\":\"required name=search_term_string\"}],\"inLanguage\":\"it-IT\"},{\"@type\":\"ImageObject\",\"@id\":\"https:\/\/www.rome-roma.net\/it\/mura-aureliane\/porta-maggiore\/#primaryimage\",\"inLanguage\":\"it-IT\",\"url\":\"https:\/\/www.rome-roma.net\/photos\/voyage2\/roma\/images\/roma_portamaggiore_9782.jpg\",\"contentUrl\":\"https:\/\/www.rome-roma.net\/photos\/voyage2\/roma\/images\/roma_portamaggiore_9782.jpg\"},{\"@type\":\"WebPage\",\"@id\":\"https:\/\/www.rome-roma.net\/it\/mura-aureliane\/porta-maggiore\/#webpage\",\"url\":\"https:\/\/www.rome-roma.net\/it\/mura-aureliane\/porta-maggiore\/\",\"name\":\"Porta Maggiore &ndash; Rome-Roma\",\"isPartOf\":{\"@id\":\"https:\/\/www.rome-roma.net\/it\/#website\"},\"primaryImageOfPage\":{\"@id\":\"https:\/\/www.rome-roma.net\/it\/mura-aureliane\/porta-maggiore\/#primaryimage\"},\"datePublished\":\"2020-01-18T18:04:29+00:00\",\"dateModified\":\"2020-05-06T12:33:35+00:00\",\"description\":\"Cette porte a \\u00e9t\\u00e9 construite sous l'empereur Claude en l'an 52 pour permettre \\u00e0 l'aqueduc de traverser les via Prenestina et Labicana \\u00e0 Rome.\",\"breadcrumb\":{\"@id\":\"https:\/\/www.rome-roma.net\/it\/mura-aureliane\/porta-maggiore\/#breadcrumb\"},\"inLanguage\":\"it-IT\",\"potentialAction\":[{\"@type\":\"ReadAction\",\"target\":[\"https:\/\/www.rome-roma.net\/it\/mura-aureliane\/porta-maggiore\/\"]}]},{\"@type\":\"BreadcrumbList\",\"@id\":\"https:\/\/www.rome-roma.net\/it\/mura-aureliane\/porta-maggiore\/#breadcrumb\",\"itemListElement\":[{\"@type\":\"ListItem\",\"position\":1,\"name\":\"Accueil\",\"item\":\"https:\/\/www.rome-roma.net\/it\/\"},{\"@type\":\"ListItem\",\"position\":2,\"name\":\"Mura aureliane\",\"item\":\"https:\/\/www.rome-roma.net\/it\/mura-aureliane\/\"},{\"@type\":\"ListItem\",\"position\":3,\"name\":\"Porta Maggiore\"}]}]}<\/script>\n<!-- \/ Yoast SEO plugin. -->","yoast_head_json":{"title":"Porta Maggiore &ndash; Rome-Roma","description":"Cette porte a \u00e9t\u00e9 construite sous l'empereur Claude en l'an 52 pour permettre \u00e0 l'aqueduc de traverser les via Prenestina et Labicana \u00e0 Rome.","robots":{"index":"index","follow":"follow","max-snippet":"max-snippet:-1","max-image-preview":"max-image-preview:large","max-video-preview":"max-video-preview:-1"},"canonical":"https:\/\/www.rome-roma.net\/it\/mura-aureliane\/porta-maggiore\/","og_locale":"it_IT","og_type":"article","og_title":"Porta Maggiore &ndash; Rome-Roma","og_description":"Cette porte a \u00e9t\u00e9 construite sous l'empereur Claude en l'an 52 pour permettre \u00e0 l'aqueduc de traverser les via Prenestina et Labicana \u00e0 Rome.","og_url":"https:\/\/www.rome-roma.net\/it\/mura-aureliane\/porta-maggiore\/","og_site_name":"Rome-Roma","article_modified_time":"2020-05-06T12:33:35+00:00","og_image":[{"url":"https:\/\/www.rome-roma.net\/photos\/voyage2\/roma\/images\/roma_portamaggiore_9782.jpg"}],"twitter_card":"summary_large_image","twitter_misc":{"Tempo di lettura stimato":"1 minuto"},"schema":{"@context":"https:\/\/schema.org","@graph":[{"@type":"Organization","@id":"https:\/\/www.rome-roma.net\/it\/#organization","name":"Rome-Roma","url":"https:\/\/www.rome-roma.net\/it\/","sameAs":[],"logo":{"@type":"ImageObject","@id":"https:\/\/www.rome-roma.net\/it\/#logo","inLanguage":"it-IT","url":"https:\/\/www.rome-roma.net\/wp-content\/uploads\/2025\/07\/logo-rome-roma-420.jpg","contentUrl":"https:\/\/www.rome-roma.net\/wp-content\/uploads\/2025\/07\/logo-rome-roma-420.jpg","width":420,"height":420,"caption":"Rome-Roma"},"image":{"@id":"https:\/\/www.rome-roma.net\/it\/#logo"}},{"@type":"WebSite","@id":"https:\/\/www.rome-roma.net\/it\/#website","url":"https:\/\/www.rome-roma.net\/it\/","name":"Rome-Roma","description":"Cultura & Viaggio","publisher":{"@id":"https:\/\/www.rome-roma.net\/it\/#organization"},"potentialAction":[{"@type":"SearchAction","target":{"@type":"EntryPoint","urlTemplate":"https:\/\/www.rome-roma.net\/it\/?s={search_term_string}"},"query-input":"required name=search_term_string"}],"inLanguage":"it-IT"},{"@type":"ImageObject","@id":"https:\/\/www.rome-roma.net\/it\/mura-aureliane\/porta-maggiore\/#primaryimage","inLanguage":"it-IT","url":"https:\/\/www.rome-roma.net\/photos\/voyage2\/roma\/images\/roma_portamaggiore_9782.jpg","contentUrl":"https:\/\/www.rome-roma.net\/photos\/voyage2\/roma\/images\/roma_portamaggiore_9782.jpg"},{"@type":"WebPage","@id":"https:\/\/www.rome-roma.net\/it\/mura-aureliane\/porta-maggiore\/#webpage","url":"https:\/\/www.rome-roma.net\/it\/mura-aureliane\/porta-maggiore\/","name":"Porta Maggiore &ndash; Rome-Roma","isPartOf":{"@id":"https:\/\/www.rome-roma.net\/it\/#website"},"primaryImageOfPage":{"@id":"https:\/\/www.rome-roma.net\/it\/mura-aureliane\/porta-maggiore\/#primaryimage"},"datePublished":"2020-01-18T18:04:29+00:00","dateModified":"2020-05-06T12:33:35+00:00","description":"Cette porte a \u00e9t\u00e9 construite sous l'empereur Claude en l'an 52 pour permettre \u00e0 l'aqueduc de traverser les via Prenestina et Labicana \u00e0 Rome.","breadcrumb":{"@id":"https:\/\/www.rome-roma.net\/it\/mura-aureliane\/porta-maggiore\/#breadcrumb"},"inLanguage":"it-IT","potentialAction":[{"@type":"ReadAction","target":["https:\/\/www.rome-roma.net\/it\/mura-aureliane\/porta-maggiore\/"]}]},{"@type":"BreadcrumbList","@id":"https:\/\/www.rome-roma.net\/it\/mura-aureliane\/porta-maggiore\/#breadcrumb","itemListElement":[{"@type":"ListItem","position":1,"name":"Accueil","item":"https:\/\/www.rome-roma.net\/it\/"},{"@type":"ListItem","position":2,"name":"Mura aureliane","item":"https:\/\/www.rome-roma.net\/it\/mura-aureliane\/"},{"@type":"ListItem","position":3,"name":"Porta Maggiore"}]}]}},"acf_fields":{"nom_monument":null,"wikidata":"Q751318","sameas":null},"_links":{"self":[{"href":"https:\/\/www.rome-roma.net\/it\/wp-json\/wp\/v2\/site\/6873"}],"collection":[{"href":"https:\/\/www.rome-roma.net\/it\/wp-json\/wp\/v2\/site"}],"about":[{"href":"https:\/\/www.rome-roma.net\/it\/wp-json\/wp\/v2\/types\/site"}],"replies":[{"embeddable":true,"href":"https:\/\/www.rome-roma.net\/it\/wp-json\/wp\/v2\/comments?post=6873"}],"up":[{"embeddable":true,"href":"https:\/\/www.rome-roma.net\/it\/wp-json\/wp\/v2\/site\/6016"}],"wp:attachment":[{"href":"https:\/\/www.rome-roma.net\/it\/wp-json\/wp\/v2\/media?parent=6873"}],"wp:term":[{"taxonomy":"genre","embeddable":true,"href":"https:\/\/www.rome-roma.net\/it\/wp-json\/wp\/v2\/genre?post=6873"},{"taxonomy":"interet","embeddable":true,"href":"https:\/\/www.rome-roma.net\/it\/wp-json\/wp\/v2\/interet?post=6873"},{"taxonomy":"quartier","embeddable":true,"href":"https:\/\/www.rome-roma.net\/it\/wp-json\/wp\/v2\/quartier?post=6873"},{"taxonomy":"categorie_site","embeddable":true,"href":"https:\/\/www.rome-roma.net\/it\/wp-json\/wp\/v2\/categorie_site?post=6873"},{"taxonomy":"quartier_historique","embeddable":true,"href":"https:\/\/www.rome-roma.net\/it\/wp-json\/wp\/v2\/quartier_historique?post=6873"},{"taxonomy":"etiquettes_site","embeddable":true,"href":"https:\/\/www.rome-roma.net\/it\/wp-json\/wp\/v2\/etiquettes_site?post=6873"}],"curies":[{"name":"wp","href":"https:\/\/api.w.org\/{rel}","templated":true}]}}