


{"id":6897,"date":"2020-01-18T19:29:38","date_gmt":"2020-01-18T18:29:38","guid":{"rendered":"https:\/\/www.rome-roma.net\/site\/mura-aureliane\/porte-tiburtine\/"},"modified":"2020-05-06T17:36:11","modified_gmt":"2020-05-06T15:36:11","slug":"porta-tiburtina","status":"publish","type":"site","link":"https:\/\/www.rome-roma.net\/it\/mura-aureliane\/porta-tiburtina\/","title":{"rendered":"Porta Tiburtina"},"content":{"rendered":"<div style=\"width: 185px\" class=\"wp-caption alignright\"><a href=\"https:\/\/www.rome-roma.net\/photos\/visite-rome\/images\/porta_tiburtina_mure_aureliane_6391.jpg\" rel=\"lightbox[a]\"><img loading=\"lazy\" src=\"https:\/\/www.rome-roma.net\/photos\/visite-rome\/images\/porta_tiburtina_mure_aureliane_6391.jpg\" alt=\"porta tiburtina\" width=\"175\" height=\"260\" align=\"right\" border=\"0\" hspace=\"15\" vspace=\"5\" \/><\/a><p class=\"wp-caption-text\">Porta Tiburtina<\/p><\/div>\n<p>La <strong>Porta Tiburtina<\/strong>, nota anche come <strong>Porta San Lorenzo<\/strong>, si situava sulla <em>Via Tibur<\/em> che portava a <strong>Tivoli<\/strong>. Risale al 5 a.C. e fu incorporata intorno al 270 nelle mura aureliane, tra Porta Praetoriana e Porta Maggiore.<\/p>\n<p>L&#8217;arco della porta fu costruito durante il regno di Augusto, all&#8217;incrocio di tre acquedotti: Marcia, Iulia e Tepula. Fu restaurato sotto Tito e Caracalla. Al momento della sua incorporazione nelle mura aureliane, fu fiancheggiata da due torri quadrangolari di circa venti metri di altezza.<\/p>\n<p>Nel 402, l&#8217;imperatore <strong>Flavio Onorio<\/strong> pul\u00ec l&#8217;area dei rifiuti accumulati per oltre un secolo, rafforz\u00f2 il muro e aggiunse una struttura a cinque finestre. Pertanto, la facciata interna dell&#8217;edificio \u00e8 in stile repubblicano romano e l&#8217;esterno \u00e8 del primo Medioevo.<\/p>\n<p>Il 20 novembre 1347, Cola di Rienzo ci vinse l&#8217;importante Battaglia della Porta di San Lorenzo contro i baroni di Roma.<\/p>\n<p>L&#8217;Arco di Augusto ha tre iscrizioni. Quella del canale superiore, sull&#8217;Aqua Iulia, risale al 5 a.C.<\/p>\n<p align=\"center\">&#8220;IMP (rateur) CAESAR DIVI F Iuli (Ilios) AUGUSTUS Pontifex Maximus CO (n) S (ul) XII TRIBUNIC (ia) POTESTAT (e) XIX IMP (rateur) XIIII RIVOS aquarum OMNIUM REFECIT &#8220;<\/p>\n<p><em><i>Imperator<\/i> Cesare Augusto, figlio del divino Giulio, pontefice massimo, console per la dodicesima volta, tribuno della plebe per la diciannovesima volta, <i>imperator<\/i> per la quattordicesima volta, restaur\u00f2 le condutture di tutti gli acquedotti.<\/em><\/p>\n<p>L&#8217;iscrizione al centro, sull&#8217;Aqua Tepula, risale al restauro dell&#8217;imperatore Caracalla nel 212.<br \/>Sul canale inferiore dell&#8217;Aqua Marcia, l&#8217;iscrizione si riferisce al restauro dell&#8217;imperatore Tito nel 79.<\/p>\n<p align=\"center\"><span class=\"desc\"><a href=\"https:\/\/www.rome-roma.net\/photos\/visite-rome\/images\/porta_tiburtina_mure_aureliane_6391.jpg\" rel=\"lightbox[a]\"><img loading=\"lazy\" src=\"https:\/\/www.rome-roma.net\/photos\/visite-rome\/thumbnails\/porta_tiburtina_mure_aureliane_6391.jpg\" alt=\"porta tiburtina\" width=\"106\" height=\"154\" border=\"0\" \/><\/a><\/span><span class=\"desc\"><a href=\"https:\/\/www.rome-roma.net\/photos\/visite-rome\/images\/porta_tiburtina_mure_aureliane_6392.jpg\" rel=\"lightbox[a]\"><img loading=\"lazy\" src=\"https:\/\/www.rome-roma.net\/photos\/visite-rome\/thumbnails\/porta_tiburtina_mure_aureliane_6392.jpg\" alt=\"porta tiburtina\" width=\"154\" height=\"106\" border=\"0\" \/><\/a><\/span><span class=\"desc\"><a href=\"https:\/\/www.rome-roma.net\/photos\/visite-rome\/images\/porta_tiburtina_mure_aureliane_6393.jpg\" rel=\"lightbox[a]\"><img loading=\"lazy\" src=\"https:\/\/www.rome-roma.net\/photos\/visite-rome\/thumbnails\/porta_tiburtina_mure_aureliane_6393.jpg\" alt=\"porta tiburtina\" width=\"154\" height=\"106\" border=\"0\" \/><\/a><br \/>Lato interno della Porta Tiburtina, epoca della fine della repubblica romana <\/span><\/p>\n<p align=\"center\"><span class=\"desc\"><a href=\"https:\/\/www.rome-roma.net\/photos\/visite-rome\/images\/mure_aureliane_san_lorenzo_6395.jpg\" rel=\"lightbox[a]\"><img loading=\"lazy\" src=\"https:\/\/www.rome-roma.net\/photos\/visite-rome\/thumbnails\/mure_aureliane_san_lorenzo_6395.jpg\" alt=\"porta tiburtina\" width=\"154\" height=\"106\" border=\"0\" \/><\/a><a href=\"https:\/\/www.rome-roma.net\/photos\/visite-rome\/images\/murs_aureliens_tiburtina_san_lorenzo_6397.jpg\" rel=\"lightbox[a]\"><img loading=\"lazy\" src=\"https:\/\/www.rome-roma.net\/photos\/visite-rome\/thumbnails\/murs_aureliens_tiburtina_san_lorenzo_6397.jpg\" alt=\"porta tiburtina\" width=\"154\" height=\"106\" border=\"0\" \/><\/a><\/span><span class=\"desc\"><a href=\"https:\/\/www.rome-roma.net\/photos\/visite-rome\/images\/murs_aureliens_tiburtina_san_lorenzo_6398.jpg\" rel=\"lightbox[a]\"><img loading=\"lazy\" src=\"https:\/\/www.rome-roma.net\/photos\/visite-rome\/thumbnails\/murs_aureliens_tiburtina_san_lorenzo_6398.jpg\" alt=\"porta tiburtina\" width=\"154\" height=\"106\" border=\"0\" \/><\/a><br \/>Lato esterno della Porta Tiburtina, dell&#8217;alto medioevo <\/span><\/p>\n\n\n<h2>Cartina ed indirizzo<\/h2>\r\n\t\t<b>Indirizzo : <\/b>Viale di Porta Tiburtina, 14, 00185 Roma RM, Italie<div id=\"travelersmap-container-69f3cb1cae8c2\" class=\"travelersmap-container\" style=\"z-index: 1; min-height: 10px; min-width:10px; height:400px;width:100%; max-width:; max-height:; position:relative;\"><div style=\"position:absolute; z-index:-1;top: 50%;text-align: center;display: block;left: 50%;transform: translate(-50%,-50%);\">Travelers' Map is loading... <br> If you see this after your page is loaded completely, leafletJS files are missing.<\/div><\/div><i>Clicca sulla freccia per localizzarti sulla mappa<\/i><br>\n\n\n\n<h2>Vedute antiche nel arte<\/h2><div>1 opere di Porta Tiburtina sono state trovate nella database. Per vederle tutte aprire questo <a href=\"https:\/\/www.rome-roma.net\/site-rome-art.php?lieu=porta+tiburtina\" target=\"_blank\">collegamento<\/a>.<\/div><div class=\"wp-block-kadence-advancedgallery kb-gallery-wrap-id-_5955fd-3f\">\r\n        <div class=\"kb-gallery-ul kb-gallery-type-fluidcarousel kb-gallery-id-_5955fd-3f kb-gallery-caption-style-below kb-gallery-magnific-init kb-gallery-filter-none\" data-image-filter=\"none\" data-lightbox-caption=\"true\">\r\n            <div class=\"kt-blocks-carousel kt-carousel-container-dotstyle-dark\">\r\n                <div class=\"kt-blocks-carousel-init kb-blocks-fluid-carousel kt-carousel-arrowstyle-whiteondark kt-carousel-dotstyle-dark\" data-slider-anim-speed=\"400\" data-slider-type=\"fluidcarousel\" data-slider-scroll=\"1\" data-slider-arrows=\"true\" data-slider-dots=\"true\" data-slider-hover-pause=\"false\" data-slider-auto=\"false\" data-slider-speed=\"7000\">\r\n        <div class=\"kb-slide-item kb-gallery-carousel-item\"><li class=\"kadence-blocks-gallery-item\"><div class=\"kadence-blocks-gallery-item-inner\">\r\n            <figure class=\"kb-gallery-figure kb-gallery-item-has-link kadence-blocks-gallery-item-has-caption\">\r\n                <a href=\"https:\/\/www.rome-roma.net\/artmodule\/john warwick smith\/john warwick smith - porta tiburtina - san lorenzo.jpg\" class=\"kb-gallery-item-link\" style=\"color: #FFFFFF;\">\r\n                    <div class=\"kb-gal-image-radius\"><div class=\"kb-gallery-image-contain\">\r\n                        <img src=\"https:\/\/www.rome-roma.net\/artmodule\/john warwick smith\/john warwick smith - porta tiburtina - san lorenzo.jpg\" width=\"300\" height=\"200\" \r\n                            alt=\"John Warwick Smith,Porta Tiburtina ou San Lorenzo (?, avant 1831, date ind\u00e9termin\u00e9e)\" \r\n                            data-full-image=\"https:\/\/www.rome-roma.net\/artmodule\/john warwick smith\/john warwick smith - porta tiburtina - san lorenzo.jpg\" \r\n                            data-light-image=\"https:\/\/www.rome-roma.net\/artmodule\/john warwick smith\/john warwick smith - porta tiburtina - san lorenzo.jpg\" data-id=\"149\" \r\n                            data-link=\"https:\/\/www.rome-roma.net\/artmodule\/john warwick smith\/john warwick smith - porta tiburtina - san lorenzo.jpg\" \r\n                            class=\"wp-image-149\" loading=lazy\/>\r\n                    <\/div><\/div>\r\n                    <figcaption class=\"kadence-blocks-gallery-item__caption\">John Warwick Smith, Porta Tiburtina ou San Lorenzo<\/figcaption>\r\n                <\/a>\r\n            <\/figure><\/div><\/li><\/div><\/div><\/div><\/div><\/div><a href=\"https:\/\/www.rome-roma.net\/site-rome-art.php?lieu=porta+tiburtina\" target=\"_blank\">Clica per vedere oltre dipinti e artisti su Porte Tiburtine in Roma<\/a><br><br>\n\n\n\n<h2>Porte delle mura aureliane<\/h2>\n\n\n\n<ul class=\"lcp_catlist\" id=\"lcp_instance_0\"><li><a href=\"https:\/\/www.rome-roma.net\/it\/mura-aureliane\/\">Mura aureliane<\/a><a href=\"https:\/\/www.rome-roma.net\/it\/mura-aureliane\/\" title=\"Mura aureliane\"><img src=\"https:\/\/www.rome-roma.net\/photos\/murs-portes-rome\/Muraille-Aurelien-Rome_3592.jpg\" class=\"classthumblist\"  alt=\"Mura aureliane\" \/><\/a><\/li><li><a href=\"https:\/\/www.rome-roma.net\/it\/mura-aureliane\/porta-san-paolo\/\">Porta San Paolo<\/a><a href=\"https:\/\/www.rome-roma.net\/it\/mura-aureliane\/porta-san-paolo\/\" title=\"Porta San Paolo\"><img src=\"https:\/\/www.rome-roma.net\/wp-content\/uploads\/2020\/01\/pyramide-de-caius-cestius-porte-saint-paul-3665-1024x683.jpg\" class=\"classthumblist\"  alt=\"Porta San Paolo\" \/><\/a><\/li><li><a href=\"https:\/\/www.rome-roma.net\/it\/mura-aureliane\/porta-maggiore\/\">Porta Maggiore<\/a><a href=\"https:\/\/www.rome-roma.net\/it\/mura-aureliane\/porta-maggiore\/\" title=\"Porta Maggiore\"><img src=\"https:\/\/www.rome-roma.net\/photos\/voyage2\/roma\/images\/roma_portamaggiore_9782.jpg\" class=\"classthumblist\"  alt=\"Porta Maggiore\" \/><\/a><\/li><li class=\"current\"><a href=\"https:\/\/www.rome-roma.net\/it\/mura-aureliane\/porta-tiburtina\/\">Porta Tiburtina<\/a><a href=\"https:\/\/www.rome-roma.net\/it\/mura-aureliane\/porta-tiburtina\/\" title=\"Porta Tiburtina\"><img src=\"https:\/\/www.rome-roma.net\/photos\/visite-rome\/images\/porta_tiburtina_mure_aureliane_6391.jpg\" class=\"classthumblist\"  alt=\"Porta Tiburtina\" \/><\/a><\/li><li><a href=\"https:\/\/www.rome-roma.net\/it\/mura-aureliane\/la-porta-pia\/\">Porta Pia<\/a><a href=\"https:\/\/www.rome-roma.net\/it\/mura-aureliane\/la-porta-pia\/\" title=\"Porta Pia\"><img src=\"https:\/\/www.rome-roma.net\/photos\/murs-portes-rome\/porta-pia-pinciana\/images\/porta_pia_interieur_2851.jpg\" class=\"classthumblist\"  alt=\"Porta Pia\" \/><\/a><\/li><li><a href=\"https:\/\/www.rome-roma.net\/it\/mura-aureliane\/la-porta-pinciana\/\">Porta Pinciana<\/a><a href=\"https:\/\/www.rome-roma.net\/it\/mura-aureliane\/la-porta-pinciana\/\" title=\"Porta Pinciana\"><img src=\"https:\/\/www.rome-roma.net\/photos\/murs-portes-rome\/porta-pia-pinciana\/images\/porta_pinciana_interieur_2873.jpg\" class=\"classthumblist\"  alt=\"Porta Pinciana\" \/><\/a><\/li><li><a href=\"https:\/\/www.rome-roma.net\/it\/mura-aureliane\/la-porta-salaria\/\">Porta Salaria<\/a><a href=\"https:\/\/www.rome-roma.net\/it\/mura-aureliane\/la-porta-salaria\/\" title=\"Porta Salaria\"><img src=\"https:\/\/www.rome-roma.net\/wp-content\/uploads\/2020\/01\/porta-salaria-giuseppe-vasi-300x197.jpg\" class=\"classthumblist\"  alt=\"Porta Salaria\" \/><\/a><\/li><li><a href=\"https:\/\/www.rome-roma.net\/it\/piramide-di-caio-cestio\/\">Piramide di Caio Cestio<\/a><a href=\"https:\/\/www.rome-roma.net\/it\/piramide-di-caio-cestio\/\" title=\"Piramide di Caio Cestio\"><img src=\"https:\/\/www.rome-roma.net\/wp-content\/uploads\/2020\/01\/piramide-di-caio-cestio-3658-683x1024.jpg\" class=\"classthumblist\"  alt=\"Piramide di Caio Cestio\" \/><\/a><\/li><li><a href=\"https:\/\/www.rome-roma.net\/it\/mura-aureliane\/arco-di-druso-porta-san-sebastiano\/\">Arco di Druso e Porta San Sebastiano<\/a><a href=\"https:\/\/www.rome-roma.net\/it\/mura-aureliane\/arco-di-druso-porta-san-sebastiano\/\" title=\"Arco di Druso e Porta San Sebastiano\"><img src=\"https:\/\/www.rome-roma.net\/foto\/via-appia-antica\/images\/via_appia_antica_porta.jpg\" class=\"classthumblist\"  alt=\"Arco di Druso e Porta San Sebastiano\" \/><\/a><\/li><li><a href=\"https:\/\/www.rome-roma.net\/it\/museo-delle-mura\/\">Museo delle Mura<\/a><a href=\"https:\/\/www.rome-roma.net\/it\/museo-delle-mura\/\" title=\"Museo delle Mura\"><img src=\"https:\/\/www.rome-roma.net\/photos\/murs-portes-rome\/Porte-Saint-Sebastien_3588.jpg\" class=\"classthumblist\"  alt=\"Museo delle Mura\" \/><\/a><\/li><li><a href=\"https:\/\/www.rome-roma.net\/it\/mura-aureliane\/porta-asinaria-roma\/\">Porta Asinaria<\/a><a href=\"https:\/\/www.rome-roma.net\/it\/mura-aureliane\/porta-asinaria-roma\/\" title=\"Porta Asinaria\"><img src=\"https:\/\/www.rome-roma.net\/photos\/2013-mars2014\/portesderome\/images\/porta_asinaria_roma_2178.jpg\" class=\"classthumblist\"  alt=\"Porta Asinaria\" \/><\/a><\/li><li><a href=\"https:\/\/www.rome-roma.net\/it\/mura-aureliane\/la-porta-san-giovanni\/\">Porta San Giovanni<\/a><a href=\"https:\/\/www.rome-roma.net\/it\/mura-aureliane\/la-porta-san-giovanni\/\" title=\"Porta San Giovanni\"><img src=\"https:\/\/www.rome-roma.net\/photos\/2013-mars2014\/portesderome\/images\/porta_san_giovanni_roma_2180.jpg\" class=\"classthumblist\"  alt=\"Porta San Giovanni\" \/><\/a><\/li><li><a href=\"https:\/\/www.rome-roma.net\/it\/mura-aureliane\/la-porta-latina\/\">Porta Latina<\/a><a href=\"https:\/\/www.rome-roma.net\/it\/mura-aureliane\/la-porta-latina\/\" title=\"Porta Latina\"><img src=\"https:\/\/www.rome-roma.net\/photos\/2013-mars2014\/portesderome\/images\/porta_latina_2019.jpg\" class=\"classthumblist\"  alt=\"Porta Latina\" \/><\/a><\/li><\/ul>\n","protected":false},"excerpt":{"rendered":"<p>La Porta Tiburtina, nota anche come Porta San Lorenzo, si situava sulla Via Tibur che portava a Tivoli. Risale al 5 a.C. e fu incorporata intorno al 270 nelle mura aureliane, tra Porta Praetoriana e Porta Maggiore. L&#8217;arco della porta fu costruito durante il regno di Augusto, all&#8217;incrocio di tre acquedotti: Marcia, Iulia e Tepula. [&hellip;]<\/p>\n","protected":false},"featured_media":0,"parent":6016,"menu_order":0,"comment_status":"open","ping_status":"open","template":"","format":"standard","meta":{"kt_blocks_editor_width":"","_links_to":"","_links_to_target":""},"genre":[268],"interet":[286],"quartier":[319,337,336],"categorie_site":[434],"quartier_historique":[],"etiquettes_site":[],"acf":[],"yoast_head":"<!-- This site is optimized with the Yoast SEO plugin v17.4 - https:\/\/yoast.com\/wordpress\/plugins\/seo\/ -->\n<title>Porta Tiburtina &ndash; Rome-Roma<\/title>\n<meta name=\"description\" content=\"La Porta Tiburtina, che risale al 5 a.C., fu incorporata intorno al 270 nelle mura aureliane. Ci passavano tre acquedotti : Marcia, Iulia e Tepula.\" \/>\n<meta name=\"robots\" content=\"index, follow, max-snippet:-1, max-image-preview:large, max-video-preview:-1\" \/>\n<link rel=\"canonical\" href=\"https:\/\/www.rome-roma.net\/it\/mura-aureliane\/porta-tiburtina\/\" \/>\n<meta property=\"og:locale\" content=\"it_IT\" \/>\n<meta property=\"og:type\" content=\"article\" \/>\n<meta property=\"og:title\" content=\"Porta Tiburtina &ndash; Rome-Roma\" \/>\n<meta property=\"og:description\" content=\"La Porta Tiburtina, che risale al 5 a.C., fu incorporata intorno al 270 nelle mura aureliane. Ci passavano tre acquedotti : Marcia, Iulia e Tepula.\" \/>\n<meta property=\"og:url\" content=\"https:\/\/www.rome-roma.net\/it\/mura-aureliane\/porta-tiburtina\/\" \/>\n<meta property=\"og:site_name\" content=\"Rome-Roma\" \/>\n<meta property=\"article:modified_time\" content=\"2020-05-06T15:36:11+00:00\" \/>\n<meta property=\"og:image\" content=\"https:\/\/www.rome-roma.net\/photos\/visite-rome\/images\/porta_tiburtina_mure_aureliane_6391.jpg\" \/>\n<meta name=\"twitter:card\" content=\"summary_large_image\" \/>\n<meta name=\"twitter:label1\" content=\"Tempo di lettura stimato\" \/>\n\t<meta name=\"twitter:data1\" content=\"1 minuto\" \/>\n<script type=\"application\/ld+json\" class=\"yoast-schema-graph\">{\"@context\":\"https:\/\/schema.org\",\"@graph\":[{\"@type\":\"Organization\",\"@id\":\"https:\/\/www.rome-roma.net\/it\/#organization\",\"name\":\"Rome-Roma\",\"url\":\"https:\/\/www.rome-roma.net\/it\/\",\"sameAs\":[],\"logo\":{\"@type\":\"ImageObject\",\"@id\":\"https:\/\/www.rome-roma.net\/it\/#logo\",\"inLanguage\":\"it-IT\",\"url\":\"https:\/\/www.rome-roma.net\/wp-content\/uploads\/2025\/07\/logo-rome-roma-420.jpg\",\"contentUrl\":\"https:\/\/www.rome-roma.net\/wp-content\/uploads\/2025\/07\/logo-rome-roma-420.jpg\",\"width\":420,\"height\":420,\"caption\":\"Rome-Roma\"},\"image\":{\"@id\":\"https:\/\/www.rome-roma.net\/it\/#logo\"}},{\"@type\":\"WebSite\",\"@id\":\"https:\/\/www.rome-roma.net\/it\/#website\",\"url\":\"https:\/\/www.rome-roma.net\/it\/\",\"name\":\"Rome-Roma\",\"description\":\"Cultura & Viaggio\",\"publisher\":{\"@id\":\"https:\/\/www.rome-roma.net\/it\/#organization\"},\"potentialAction\":[{\"@type\":\"SearchAction\",\"target\":{\"@type\":\"EntryPoint\",\"urlTemplate\":\"https:\/\/www.rome-roma.net\/it\/?s={search_term_string}\"},\"query-input\":\"required name=search_term_string\"}],\"inLanguage\":\"it-IT\"},{\"@type\":\"ImageObject\",\"@id\":\"https:\/\/www.rome-roma.net\/it\/mura-aureliane\/porta-tiburtina\/#primaryimage\",\"inLanguage\":\"it-IT\",\"url\":\"https:\/\/www.rome-roma.net\/photos\/visite-rome\/images\/porta_tiburtina_mure_aureliane_6391.jpg\",\"contentUrl\":\"https:\/\/www.rome-roma.net\/photos\/visite-rome\/images\/porta_tiburtina_mure_aureliane_6391.jpg\"},{\"@type\":\"WebPage\",\"@id\":\"https:\/\/www.rome-roma.net\/it\/mura-aureliane\/porta-tiburtina\/#webpage\",\"url\":\"https:\/\/www.rome-roma.net\/it\/mura-aureliane\/porta-tiburtina\/\",\"name\":\"Porta Tiburtina &ndash; Rome-Roma\",\"isPartOf\":{\"@id\":\"https:\/\/www.rome-roma.net\/it\/#website\"},\"primaryImageOfPage\":{\"@id\":\"https:\/\/www.rome-roma.net\/it\/mura-aureliane\/porta-tiburtina\/#primaryimage\"},\"datePublished\":\"2020-01-18T18:29:38+00:00\",\"dateModified\":\"2020-05-06T15:36:11+00:00\",\"description\":\"La Porta Tiburtina, che risale al 5 a.C., fu incorporata intorno al 270 nelle mura aureliane. Ci passavano tre acquedotti : Marcia, Iulia e Tepula.\",\"breadcrumb\":{\"@id\":\"https:\/\/www.rome-roma.net\/it\/mura-aureliane\/porta-tiburtina\/#breadcrumb\"},\"inLanguage\":\"it-IT\",\"potentialAction\":[{\"@type\":\"ReadAction\",\"target\":[\"https:\/\/www.rome-roma.net\/it\/mura-aureliane\/porta-tiburtina\/\"]}]},{\"@type\":\"BreadcrumbList\",\"@id\":\"https:\/\/www.rome-roma.net\/it\/mura-aureliane\/porta-tiburtina\/#breadcrumb\",\"itemListElement\":[{\"@type\":\"ListItem\",\"position\":1,\"name\":\"Accueil\",\"item\":\"https:\/\/www.rome-roma.net\/it\/\"},{\"@type\":\"ListItem\",\"position\":2,\"name\":\"Mura aureliane\",\"item\":\"https:\/\/www.rome-roma.net\/it\/mura-aureliane\/\"},{\"@type\":\"ListItem\",\"position\":3,\"name\":\"Porta Tiburtina\"}]}]}<\/script>\n<!-- \/ Yoast SEO plugin. -->","yoast_head_json":{"title":"Porta Tiburtina &ndash; Rome-Roma","description":"La Porta Tiburtina, che risale al 5 a.C., fu incorporata intorno al 270 nelle mura aureliane. Ci passavano tre acquedotti : Marcia, Iulia e Tepula.","robots":{"index":"index","follow":"follow","max-snippet":"max-snippet:-1","max-image-preview":"max-image-preview:large","max-video-preview":"max-video-preview:-1"},"canonical":"https:\/\/www.rome-roma.net\/it\/mura-aureliane\/porta-tiburtina\/","og_locale":"it_IT","og_type":"article","og_title":"Porta Tiburtina &ndash; Rome-Roma","og_description":"La Porta Tiburtina, che risale al 5 a.C., fu incorporata intorno al 270 nelle mura aureliane. Ci passavano tre acquedotti : Marcia, Iulia e Tepula.","og_url":"https:\/\/www.rome-roma.net\/it\/mura-aureliane\/porta-tiburtina\/","og_site_name":"Rome-Roma","article_modified_time":"2020-05-06T15:36:11+00:00","og_image":[{"url":"https:\/\/www.rome-roma.net\/photos\/visite-rome\/images\/porta_tiburtina_mure_aureliane_6391.jpg"}],"twitter_card":"summary_large_image","twitter_misc":{"Tempo di lettura stimato":"1 minuto"},"schema":{"@context":"https:\/\/schema.org","@graph":[{"@type":"Organization","@id":"https:\/\/www.rome-roma.net\/it\/#organization","name":"Rome-Roma","url":"https:\/\/www.rome-roma.net\/it\/","sameAs":[],"logo":{"@type":"ImageObject","@id":"https:\/\/www.rome-roma.net\/it\/#logo","inLanguage":"it-IT","url":"https:\/\/www.rome-roma.net\/wp-content\/uploads\/2025\/07\/logo-rome-roma-420.jpg","contentUrl":"https:\/\/www.rome-roma.net\/wp-content\/uploads\/2025\/07\/logo-rome-roma-420.jpg","width":420,"height":420,"caption":"Rome-Roma"},"image":{"@id":"https:\/\/www.rome-roma.net\/it\/#logo"}},{"@type":"WebSite","@id":"https:\/\/www.rome-roma.net\/it\/#website","url":"https:\/\/www.rome-roma.net\/it\/","name":"Rome-Roma","description":"Cultura & Viaggio","publisher":{"@id":"https:\/\/www.rome-roma.net\/it\/#organization"},"potentialAction":[{"@type":"SearchAction","target":{"@type":"EntryPoint","urlTemplate":"https:\/\/www.rome-roma.net\/it\/?s={search_term_string}"},"query-input":"required name=search_term_string"}],"inLanguage":"it-IT"},{"@type":"ImageObject","@id":"https:\/\/www.rome-roma.net\/it\/mura-aureliane\/porta-tiburtina\/#primaryimage","inLanguage":"it-IT","url":"https:\/\/www.rome-roma.net\/photos\/visite-rome\/images\/porta_tiburtina_mure_aureliane_6391.jpg","contentUrl":"https:\/\/www.rome-roma.net\/photos\/visite-rome\/images\/porta_tiburtina_mure_aureliane_6391.jpg"},{"@type":"WebPage","@id":"https:\/\/www.rome-roma.net\/it\/mura-aureliane\/porta-tiburtina\/#webpage","url":"https:\/\/www.rome-roma.net\/it\/mura-aureliane\/porta-tiburtina\/","name":"Porta Tiburtina &ndash; Rome-Roma","isPartOf":{"@id":"https:\/\/www.rome-roma.net\/it\/#website"},"primaryImageOfPage":{"@id":"https:\/\/www.rome-roma.net\/it\/mura-aureliane\/porta-tiburtina\/#primaryimage"},"datePublished":"2020-01-18T18:29:38+00:00","dateModified":"2020-05-06T15:36:11+00:00","description":"La Porta Tiburtina, che risale al 5 a.C., fu incorporata intorno al 270 nelle mura aureliane. Ci passavano tre acquedotti : Marcia, Iulia e Tepula.","breadcrumb":{"@id":"https:\/\/www.rome-roma.net\/it\/mura-aureliane\/porta-tiburtina\/#breadcrumb"},"inLanguage":"it-IT","potentialAction":[{"@type":"ReadAction","target":["https:\/\/www.rome-roma.net\/it\/mura-aureliane\/porta-tiburtina\/"]}]},{"@type":"BreadcrumbList","@id":"https:\/\/www.rome-roma.net\/it\/mura-aureliane\/porta-tiburtina\/#breadcrumb","itemListElement":[{"@type":"ListItem","position":1,"name":"Accueil","item":"https:\/\/www.rome-roma.net\/it\/"},{"@type":"ListItem","position":2,"name":"Mura aureliane","item":"https:\/\/www.rome-roma.net\/it\/mura-aureliane\/"},{"@type":"ListItem","position":3,"name":"Porta Tiburtina"}]}]}},"acf_fields":{"nom_monument":null,"wikidata":"Q186990","sameas":null},"_links":{"self":[{"href":"https:\/\/www.rome-roma.net\/it\/wp-json\/wp\/v2\/site\/6897"}],"collection":[{"href":"https:\/\/www.rome-roma.net\/it\/wp-json\/wp\/v2\/site"}],"about":[{"href":"https:\/\/www.rome-roma.net\/it\/wp-json\/wp\/v2\/types\/site"}],"replies":[{"embeddable":true,"href":"https:\/\/www.rome-roma.net\/it\/wp-json\/wp\/v2\/comments?post=6897"}],"up":[{"embeddable":true,"href":"https:\/\/www.rome-roma.net\/it\/wp-json\/wp\/v2\/site\/6016"}],"wp:attachment":[{"href":"https:\/\/www.rome-roma.net\/it\/wp-json\/wp\/v2\/media?parent=6897"}],"wp:term":[{"taxonomy":"genre","embeddable":true,"href":"https:\/\/www.rome-roma.net\/it\/wp-json\/wp\/v2\/genre?post=6897"},{"taxonomy":"interet","embeddable":true,"href":"https:\/\/www.rome-roma.net\/it\/wp-json\/wp\/v2\/interet?post=6897"},{"taxonomy":"quartier","embeddable":true,"href":"https:\/\/www.rome-roma.net\/it\/wp-json\/wp\/v2\/quartier?post=6897"},{"taxonomy":"categorie_site","embeddable":true,"href":"https:\/\/www.rome-roma.net\/it\/wp-json\/wp\/v2\/categorie_site?post=6897"},{"taxonomy":"quartier_historique","embeddable":true,"href":"https:\/\/www.rome-roma.net\/it\/wp-json\/wp\/v2\/quartier_historique?post=6897"},{"taxonomy":"etiquettes_site","embeddable":true,"href":"https:\/\/www.rome-roma.net\/it\/wp-json\/wp\/v2\/etiquettes_site?post=6897"}],"curies":[{"name":"wp","href":"https:\/\/api.w.org\/{rel}","templated":true}]}}