


{"id":6922,"date":"2020-02-05T16:48:03","date_gmt":"2020-02-05T15:48:03","guid":{"rendered":"https:\/\/www.rome-roma.net\/site\/museo-della-civilta-romana\/visite-et-photos-du-musee-de-la-civilisation-romaine\/"},"modified":"2024-12-28T14:14:02","modified_gmt":"2024-12-28T13:14:02","slug":"visita-galleria-museo-della-civilta-romana","status":"publish","type":"site","link":"https:\/\/www.rome-roma.net\/it\/museo-della-civilta-romana\/visita-galleria-museo-della-civilta-romana\/","title":{"rendered":"Visita e galleria del Museo della Civilt\u00e0 Romana"},"content":{"rendered":"\n\n<p><a href=\"https:\/\/www.rome-roma.net\/photos\/museodellaciviltaromana\/images\/museodellaciviltaromana_3370.jpg\" rel=\"lightbox[a]\"><img loading=\"lazy\" src=\"https:\/\/www.rome-roma.net\/photos\/museodellaciviltaromana\/thumbnails\/museodellaciviltaromana_3370.jpg\" alt=\"Salles mus\u00e9e de la civilisation romaine\" width=\"154\" height=\"106\" border=\"0\" \/><\/a> <a href=\"https:\/\/www.rome-roma.net\/photos\/museodellaciviltaromana\/images\/museodellaciviltaromana_3373.jpg\" rel=\"lightbox[a]\"><img loading=\"lazy\" src=\"https:\/\/www.rome-roma.net\/photos\/museodellaciviltaromana\/thumbnails\/museodellaciviltaromana_3373.jpg\" alt=\"mus\u00e9e de la civilisation romaine\" width=\"154\" height=\"106\" border=\"0\" \/><\/a> <a href=\"https:\/\/www.rome-roma.net\/photos\/museodellaciviltaromana\/images\/museodellaciviltaromana_3455.jpg\" rel=\"lightbox[a]\"><img loading=\"lazy\" src=\"https:\/\/www.rome-roma.net\/photos\/museodellaciviltaromana\/thumbnails\/museodellaciviltaromana_3455.jpg\" alt=\"mus\u00e9e de la civilisation romaine\" width=\"154\" height=\"106\" border=\"0\" \/><\/a><br \/><span class=\"desc\">Sale del museo<br \/><\/span><\/p>\n<p><a href=\"https:\/\/www.rome-roma.net\/photos\/museodellaciviltaromana\/images\/roma_archaica_tarquini_3359.jpg\" rel=\"lightbox[a]\"><img loading=\"lazy\" src=\"https:\/\/www.rome-roma.net\/photos\/museodellaciviltaromana\/thumbnails\/roma_archaica_tarquini_3359.jpg\" alt=\"reconstitution de la Rome archaique\" width=\"154\" height=\"106\" border=\"0\" \/><\/a> <a href=\"https:\/\/www.rome-roma.net\/photos\/museodellaciviltaromana\/images\/roma_archaica_tarquini_3361.jpg\" rel=\"lightbox[a]\"><img loading=\"lazy\" src=\"https:\/\/www.rome-roma.net\/photos\/museodellaciviltaromana\/thumbnails\/roma_archaica_tarquini_3361.jpg\" alt=\"Rome archaique - mus\u00e9e de la civilisation romaine\" width=\"154\" height=\"106\" border=\"0\" \/><\/a> <a href=\"https:\/\/www.rome-roma.net\/photos\/museodellaciviltaromana\/images\/rome_archaique_tarquins_3362.jpg\" rel=\"lightbox[a]\"><img loading=\"lazy\" src=\"https:\/\/www.rome-roma.net\/photos\/museodellaciviltaromana\/thumbnails\/rome_archaique_tarquins_3362.jpg\" alt=\"Rome archaique\" width=\"154\" height=\"106\" border=\"0\" \/><\/a><br \/><span class=\"desc\"><a href=\"https:\/\/www.rome-roma.net\/it\/museo-della-civilta-romana\/ricostituzione-della-roma-dei-tarquini\/\">Ricostituzione della Roma arcaica<\/a> (sotto i Re Tarquini : VII-VI a.C.)<br \/><\/span><\/p>\n<p><a href=\"https:\/\/www.rome-roma.net\/photos\/museodellaciviltaromana\/images\/popolilatini_mappa_conquistaromanaitalia_3372.jpg\" rel=\"lightbox[a]\"><img loading=\"lazy\" class=\"alignnone\" src=\"https:\/\/www.rome-roma.net\/photos\/museodellaciviltaromana\/thumbnails\/popolilatini_mappa_conquistaromanaitalia_3372.jpg\" alt=\"Carte des peuples italiques et dates des colonisations romaines \" width=\"106\" height=\"154\" border=\"0\" \/><\/a> Mappa dei popoli italici, con le date della colonizzazione romana<span class=\"desc\"><br \/><\/span><\/p>\n<p><a href=\"https:\/\/www.rome-roma.net\/photos\/museodellaciviltaromana\/images\/arapacis_museodellaciviltaromana_3388.jpg\" rel=\"lightbox[a]\"><img loading=\"lazy\" src=\"https:\/\/www.rome-roma.net\/photos\/museodellaciviltaromana\/thumbnails\/arapacis_museodellaciviltaromana_3388.jpg\" alt=\"autel de la Paix d'Auguste - mus\u00e9e de la civilisation romaine\" width=\"154\" height=\"106\" border=\"0\" \/><\/a> <span class=\"desc\">L&#8217;<a href=\"https:\/\/www.rome-roma.net\/it\/altare-della-pace-di-augusto-ara-pacis\/\">Altare della Pace di Augusto<\/a><\/span><br \/><a href=\"https:\/\/www.rome-roma.net\/photos\/museodellaciviltaromana\/images\/arcodeigavi_verona_museodellaciviltaromana_3390.jpg\" rel=\"lightbox[a]\"><img loading=\"lazy\" src=\"https:\/\/www.rome-roma.net\/photos\/museodellaciviltaromana\/thumbnails\/arcodeigavi_verona_museodellaciviltaromana_3390.jpg\" alt=\"Arc des Gavi, V\u00e9rone - mus\u00e9e de la civilisation romaine\" width=\"106\" height=\"154\" border=\"0\" \/><\/a> <span class=\"desc\">Arco dei Gavi, Verona<\/span><br \/><a href=\"https:\/\/www.rome-roma.net\/photos\/museodellaciviltaromana\/images\/arcodidrusoegermanico_spoleto_museodellaciviltaromana_3397.jpg\" rel=\"lightbox[a]\"><img loading=\"lazy\" src=\"https:\/\/www.rome-roma.net\/photos\/museodellaciviltaromana\/thumbnails\/arcodidrusoegermanico_spoleto_museodellaciviltaromana_3397.jpg\" alt=\"Arc de Drusus Germanicus, Spol\u00e8te - mus\u00e9e de la civilisation romaine\" width=\"106\" height=\"154\" border=\"0\" \/><\/a> <span class=\"desc\">Arco di Drusus Germanicus, Spoleto <\/span><br \/><a href=\"https:\/\/www.rome-roma.net\/photos\/museodellaciviltaromana\/images\/arcoditraiano_benevento_museodellaciviltaromana_3420.jpg\" rel=\"lightbox[a]\"><img loading=\"lazy\" src=\"https:\/\/www.rome-roma.net\/photos\/museodellaciviltaromana\/thumbnails\/arcoditraiano_benevento_museodellaciviltaromana_3420.jpg\" alt=\"mus\u00e9e de la civilisation romaine\" width=\"106\" height=\"154\" border=\"0\" \/><\/a> <a href=\"https:\/\/www.rome-roma.net\/photos\/museodellaciviltaromana\/images\/arcoditraiano_benevento_museodellaciviltaromana_3421.jpg\" rel=\"lightbox[a]\"><img loading=\"lazy\" src=\"https:\/\/www.rome-roma.net\/photos\/museodellaciviltaromana\/thumbnails\/arcoditraiano_benevento_museodellaciviltaromana_3421.jpg\" alt=\"Arc de Trajan, B\u00e9n\u00e9vent - mus\u00e9e de la civilisation romaine\" width=\"106\" height=\"154\" border=\"0\" \/><\/a> <a href=\"https:\/\/www.rome-roma.net\/photos\/museodellaciviltaromana\/images\/arcoditraiano_benevento_museodellaciviltaromana_3424.jpg\" rel=\"lightbox[a]\"><img loading=\"lazy\" src=\"https:\/\/www.rome-roma.net\/photos\/museodellaciviltaromana\/thumbnails\/arcoditraiano_benevento_museodellaciviltaromana_3424.jpg\" alt=\"Arc de Trajan, B\u00e9n\u00e9vent\" width=\"106\" height=\"154\" border=\"0\" \/><\/a> <span class=\"desc\">Arco di Traiano, Benevento<\/span><br \/><a href=\"https:\/\/www.rome-roma.net\/photos\/museodellaciviltaromana\/images\/arcromaindebesancon_museodellaciviltaromana_3435.jpg\" rel=\"lightbox[a]\"><img loading=\"lazy\" src=\"https:\/\/www.rome-roma.net\/photos\/museodellaciviltaromana\/thumbnails\/arcromaindebesancon_museodellaciviltaromana_3435.jpg\" alt=\"Arc romain de Besan\u00e7on - mus\u00e9e de la civilisation romaine\" width=\"106\" height=\"154\" border=\"0\" \/><\/a> <span class=\"desc\">Arco romano di Besan\u00e7on<\/span><br \/><a href=\"https:\/\/www.rome-roma.net\/photos\/museodellaciviltaromana\/images\/arcromainorange_museodellaciviltaromana_3377.jpg\" rel=\"lightbox[a]\"><img loading=\"lazy\" src=\"https:\/\/www.rome-roma.net\/photos\/museodellaciviltaromana\/thumbnails\/arcromainorange_museodellaciviltaromana_3377.jpg\" alt=\"Arc romain d'Orange - mus\u00e9e de la civilisation romaine\" width=\"154\" height=\"106\" border=\"0\" \/><\/a> <span class=\"desc\">Arco romano di Orange <\/span><br \/><a href=\"https:\/\/www.rome-roma.net\/photos\/museodellaciviltaromana\/images\/aspendos_museodellaciviltaromana_3469.jpg\" rel=\"lightbox[a]\"><img loading=\"lazy\" src=\"https:\/\/www.rome-roma.net\/photos\/museodellaciviltaromana\/thumbnails\/aspendos_museodellaciviltaromana_3469.jpg\" alt=\"Th\u00e9\u00e2tre d'Aspendos, Turquie - mus\u00e9e de la civilisation romaine\" width=\"154\" height=\"106\" border=\"0\" \/><\/a> <span class=\"desc\">Teatro d&#8217;Aspendos, Turchia <\/span><br \/><a href=\"https:\/\/www.rome-roma.net\/photos\/museodellaciviltaromana\/images\/ludusmagnus_casernagladiatori_museodellaciviltaromana_3404.jpg\" rel=\"lightbox[a]\"><img loading=\"lazy\" src=\"https:\/\/www.rome-roma.net\/photos\/museodellaciviltaromana\/thumbnails\/ludusmagnus_casernagladiatori_museodellaciviltaromana_3404.jpg\" alt=\"Le Ludus Magnus, caserne des gladiateurs - mus\u00e9e de la civilisation romaine\" width=\"154\" height=\"106\" border=\"0\" \/><\/a> <span class=\"desc\"><a href=\"https:\/\/www.rome-roma.net\/it\/colle-oppio\/ludus-magnus-roma\/\">Ludus Magnus<\/a>, caserma dei galdiatori<\/span><br \/><a href=\"https:\/\/www.rome-roma.net\/photos\/museodellaciviltaromana\/images\/cartesiegedalesia_museodellaciviltaromana_3376.jpg\" rel=\"lightbox[a]\"><img loading=\"lazy\" src=\"https:\/\/www.rome-roma.net\/photos\/museodellaciviltaromana\/thumbnails\/cartesiegedalesia_museodellaciviltaromana_3376.jpg\" alt=\"Si\u00e8ge d'Al\u00e9sia \" width=\"154\" height=\"126\" border=\"0\" \/><\/a> <a href=\"https:\/\/www.rome-roma.net\/photos\/museodellaciviltaromana\/images\/assedioalesia52bc_museodellaciviltaromana_3383.jpg\" rel=\"lightbox[a]\"><img loading=\"lazy\" src=\"https:\/\/www.rome-roma.net\/photos\/museodellaciviltaromana\/thumbnails\/assedioalesia52bc_museodellaciviltaromana_3383.jpg\" alt=\"Si\u00e8ge d'Al\u00e9sia - mus\u00e9e de la civilisation romaine\" width=\"154\" height=\"106\" border=\"0\" \/><\/a> Assedio di A<span class=\"desc\">lesia <\/span><br \/><a href=\"https:\/\/www.rome-roma.net\/photos\/museodellaciviltaromana\/images\/velsaties_tombafrancois_vulci_3eac_museodellaciviltaromana_3365.jpg\" rel=\"lightbox[a]\"><img loading=\"lazy\" src=\"https:\/\/www.rome-roma.net\/photos\/museodellaciviltaromana\/thumbnails\/velsaties_tombafrancois_vulci_3eac_museodellaciviltaromana_3365.jpg\" alt=\"tombe Fran\u00e7ois de Vulci - mus\u00e9e de la civilisation romaine\" width=\"106\" height=\"154\" border=\"0\" \/><\/a> <a href=\"https:\/\/www.rome-roma.net\/photos\/museodellaciviltaromana\/images\/velsaties_tombafrancois_vulci_3eac_museodellaciviltaromana_3367.jpg\" rel=\"lightbox[a]\"><img loading=\"lazy\" src=\"https:\/\/www.rome-roma.net\/photos\/museodellaciviltaromana\/thumbnails\/velsaties_tombafrancois_vulci_3eac_museodellaciviltaromana_3367.jpg\" alt=\"Velsatis dans la tombe Fran\u00e7ois de Vulci (IIIe si\u00e8cle avant J.-C.)\" width=\"154\" height=\"106\" border=\"0\" \/><\/a> <span class=\"desc\">Velsatis nella tomba Fran\u00e7ois di Vulci (III secolo a.C.) <\/span><br \/><a href=\"https:\/\/www.rome-roma.net\/photos\/museodellaciviltaromana\/images\/louvederome_museodellaciviltaromana_3364.jpg\" rel=\"lightbox[a]\"><img loading=\"lazy\" src=\"https:\/\/www.rome-roma.net\/photos\/museodellaciviltaromana\/thumbnails\/louvederome_museodellaciviltaromana_3364.jpg\" alt=\"louve de rome\" width=\"106\" height=\"154\" border=\"0\" \/><\/a><a href=\"https:\/\/www.rome-roma.net\/photos\/museodellaciviltaromana\/images\/bronzo_museodellaciviltaromana_3369.jpg\" rel=\"lightbox[a]\"><img loading=\"lazy\" src=\"https:\/\/www.rome-roma.net\/photos\/museodellaciviltaromana\/thumbnails\/bronzo_museodellaciviltaromana_3369.jpg\" alt=\"mus\u00e9e de la civilisation romaine\" width=\"154\" height=\"106\" border=\"0\" \/><\/a> <span class=\"desc\">La Lupa di Roma, e statue<\/span><br \/><a href=\"https:\/\/www.rome-roma.net\/photos\/museodellaciviltaromana\/images\/carteempireromainauguste_museodellaciviltaromana_3386.jpg\" rel=\"lightbox[a]\"><img loading=\"lazy\" src=\"https:\/\/www.rome-roma.net\/photos\/museodellaciviltaromana\/thumbnails\/carteempireromainauguste_museodellaciviltaromana_3386.jpg\" alt=\"Carte de l'empire romain sous Auguste (d\u00e9but du Ier si\u00e8cle de notre \u00e8re) \" width=\"154\" height=\"103\" border=\"0\" \/><\/a> Mappa dell&#8217;impero romano sotto Augusto<span class=\"desc\"> (inizio del I secolo di nostra era) <\/span><br \/><a href=\"https:\/\/www.rome-roma.net\/photos\/museodellaciviltaromana\/images\/mappaimperoromano4edc_museodellaciviltaromana_3450.jpg\" rel=\"lightbox[a]\"><img loading=\"lazy\" src=\"https:\/\/www.rome-roma.net\/photos\/museodellaciviltaromana\/thumbnails\/mappaimperoromano4edc_museodellaciviltaromana_3450.jpg\" alt=\"Carte de l'empire romain au III-IVe si\u00e8cles \" width=\"154\" height=\"108\" border=\"0\" \/><\/a> Mappa dell&#8217;impero romano nei <span class=\"desc\">III-IV secoli d.C. <\/span><br \/><a href=\"https:\/\/www.rome-roma.net\/photos\/museodellaciviltaromana\/images\/cesare_berlino_museodellaciviltaromana_3381.jpg\" rel=\"lightbox[a]\"><img loading=\"lazy\" src=\"https:\/\/www.rome-roma.net\/photos\/museodellaciviltaromana\/thumbnails\/cesare_berlino_museodellaciviltaromana_3381.jpg\" alt=\"portrait jules c\u00e9sar\" width=\"106\" height=\"154\" border=\"0\" \/><\/a> <a href=\"https:\/\/www.rome-roma.net\/photos\/museodellaciviltaromana\/images\/ritratto_cesare_sangiulianoterme_museodellaciviltaromana_3379.jpg\" rel=\"lightbox[a]\"><img loading=\"lazy\" src=\"https:\/\/www.rome-roma.net\/photos\/museodellaciviltaromana\/thumbnails\/ritratto_cesare_sangiulianoterme_museodellaciviltaromana_3379.jpg\" alt=\"jules c\u00e9sar\" width=\"106\" height=\"154\" border=\"0\" \/><\/a> <span class=\"desc\">Busti di Giulio Cesare : a sinistra una probabile scultura neoclassica, a destra provenienza da San Giuliano Terme<\/span><br \/><a href=\"https:\/\/www.rome-roma.net\/photos\/museodellaciviltaromana\/images\/costantino_museodellaciviltaromana_3447.jpg\" rel=\"lightbox[a]\"><img loading=\"lazy\" src=\"https:\/\/www.rome-roma.net\/photos\/museodellaciviltaromana\/thumbnails\/costantino_museodellaciviltaromana_3447.jpg\" alt=\"Constantin\" width=\"106\" height=\"154\" border=\"0\" \/><\/a> <a href=\"https:\/\/www.rome-roma.net\/photos\/museodellaciviltaromana\/images\/costanzo2_costante_museodellaciviltaromana_3439.jpg\" rel=\"lightbox[a]\"><img loading=\"lazy\" src=\"https:\/\/www.rome-roma.net\/photos\/museodellaciviltaromana\/thumbnails\/costanzo2_costante_museodellaciviltaromana_3439.jpg\" alt=\"Constant ou Constance II \" width=\"106\" height=\"154\" border=\"0\" \/><\/a> <a href=\"https:\/\/www.rome-roma.net\/photos\/museodellaciviltaromana\/images\/empereur_romain__3456.jpg\" rel=\"lightbox[a]\"><img loading=\"lazy\" src=\"https:\/\/www.rome-roma.net\/photos\/museodellaciviltaromana\/thumbnails\/empereur_romain__3456.jpg\" alt=\"mus\u00e9e de la civilisation romaine\" width=\"106\" height=\"154\" border=\"0\" \/><\/a> <span class=\"desc\">Costantino, Costante I o Costanzo II, e ?<\/span><br \/><a href=\"https:\/\/www.rome-roma.net\/photos\/museodellaciviltaromana\/images\/gordiano3_nikopolis_museodellaciviltaromana_3437.jpg\" rel=\"lightbox[a]\"><img loading=\"lazy\" src=\"https:\/\/www.rome-roma.net\/photos\/museodellaciviltaromana\/thumbnails\/gordiano3_nikopolis_museodellaciviltaromana_3437.jpg\" alt=\"Gordien III\" width=\"106\" height=\"154\" border=\"0\" \/><\/a> <a href=\"https:\/\/www.rome-roma.net\/photos\/museodellaciviltaromana\/images\/gordianolafricano_museodellaciviltaromana_3451.jpg\" rel=\"lightbox[a]\"><img loading=\"lazy\" src=\"https:\/\/www.rome-roma.net\/photos\/museodellaciviltaromana\/thumbnails\/gordianolafricano_museodellaciviltaromana_3451.jpg\" alt=\"Gordien l'Africain\" width=\"106\" height=\"154\" border=\"0\" \/><\/a> <a href=\"https:\/\/www.rome-roma.net\/photos\/museodellaciviltaromana\/images\/massiminoiltrace_museodellaciviltaromana_3453.jpg\" rel=\"lightbox[a]\"><img loading=\"lazy\" src=\"https:\/\/www.rome-roma.net\/photos\/museodellaciviltaromana\/thumbnails\/massiminoiltrace_museodellaciviltaromana_3453.jpg\" alt=\"Maximin le Thrace \" width=\"106\" height=\"154\" border=\"0\" \/><\/a> <a href=\"https:\/\/www.rome-roma.net\/photos\/museodellaciviltaromana\/images\/empereurromain_claude_museodellaciviltaromana_3399.jpg\" rel=\"lightbox[a]\"><img loading=\"lazy\" src=\"https:\/\/www.rome-roma.net\/photos\/museodellaciviltaromana\/thumbnails\/empereurromain_claude_museodellaciviltaromana_3399.jpg\" alt=\"empereur claude\" width=\"154\" height=\"106\" border=\"0\" \/><\/a> <span class=\"desc\">Gordiano III, Gordiano I, Massimino il Trace, e Claudio<\/span><br \/><a href=\"https:\/\/www.rome-roma.net\/photos\/museodellaciviltaromana\/images\/circodimassenzio_museodellaciviltaromana_3449.jpg\" rel=\"lightbox[a]\"><img loading=\"lazy\" src=\"https:\/\/www.rome-roma.net\/photos\/museodellaciviltaromana\/thumbnails\/circodimassenzio_museodellaciviltaromana_3449.jpg\" alt=\"Cirque de Maxence - mus\u00e9e de la civilisation romaine\" width=\"106\" height=\"154\" border=\"0\" \/><\/a> <a href=\"https:\/\/www.rome-roma.net\/photos\/museodellaciviltaromana\/images\/cirquedemaxence_museodellaciviltaromana_3446.jpg\" rel=\"lightbox[a]\"><img loading=\"lazy\" src=\"https:\/\/www.rome-roma.net\/photos\/museodellaciviltaromana\/thumbnails\/cirquedemaxence_museodellaciviltaromana_3446.jpg\" alt=\"Cirque de Maxence\" width=\"154\" height=\"106\" border=\"0\" \/><\/a> <a href=\"https:\/\/www.rome-roma.net\/it\/parco-archeologico-dell-appia-antica\/circo-e-villa-di-massenzio\/\"><span class=\"desc\">Circo di Massenzio<\/span><\/a><br \/><a href=\"https:\/\/www.rome-roma.net\/photos\/museodellaciviltaromana\/images\/stadededomitien_museodellaciviltaromana_3418.jpg\" rel=\"lightbox[a]\"><img loading=\"lazy\" src=\"https:\/\/www.rome-roma.net\/photos\/museodellaciviltaromana\/thumbnails\/stadededomitien_museodellaciviltaromana_3418.jpg\" alt=\"Stade de Domitien - mus\u00e9e de la civilisation romaine\" width=\"154\" height=\"106\" border=\"0\" \/><\/a> <a href=\"https:\/\/www.rome-roma.net\/photos\/museodellaciviltaromana\/images\/stadiodidomiziano_museodellaciviltaromana_3415.jpg\" rel=\"lightbox[a]\"><img loading=\"lazy\" src=\"https:\/\/www.rome-roma.net\/photos\/museodellaciviltaromana\/thumbnails\/stadiodidomiziano_museodellaciviltaromana_3415.jpg\" alt=\"Stade de Domitien \" width=\"154\" height=\"106\" border=\"0\" \/><\/a> <a href=\"https:\/\/www.rome-roma.net\/it\/stadio-di-domiziano\/\"><span class=\"desc\">Stadio di Domiziano <\/span><\/a><br \/><a href=\"https:\/\/www.rome-roma.net\/photos\/museodellaciviltaromana\/images\/forumimperial_museodellaciviltaromana_3419.jpg\" rel=\"lightbox[a]\"><img loading=\"lazy\" src=\"https:\/\/www.rome-roma.net\/photos\/museodellaciviltaromana\/thumbnails\/forumimperial_museodellaciviltaromana_3419.jpg\" alt=\"mus\u00e9e de la civilisation romaine\" width=\"154\" height=\"106\" border=\"0\" \/><\/a> Nei fori imperiali <span class=\"desc\">? <\/span><br \/><a href=\"https:\/\/www.rome-roma.net\/photos\/museodellaciviltaromana\/images\/colisee_museodellaciviltaromana_3409.jpg\" rel=\"lightbox[a]\"><img loading=\"lazy\" src=\"https:\/\/www.rome-roma.net\/photos\/museodellaciviltaromana\/thumbnails\/colisee_museodellaciviltaromana_3409.jpg\" alt=\"maquette Colis\u00e9e\" width=\"106\" height=\"154\" border=\"0\" \/><\/a> <a href=\"https:\/\/www.rome-roma.net\/photos\/museodellaciviltaromana\/images\/colisee_museodellaciviltaromana_3407.jpg\" rel=\"lightbox[a]\"><img loading=\"lazy\" src=\"https:\/\/www.rome-roma.net\/photos\/museodellaciviltaromana\/thumbnails\/colisee_museodellaciviltaromana_3407.jpg\" alt=\"Colis\u00e9e - mus\u00e9e de la civilisation romaine\" width=\"154\" height=\"106\" border=\"0\" \/><\/a> <a href=\"https:\/\/www.rome-roma.net\/photos\/museodellaciviltaromana\/images\/colosseo_museodellaciviltaromana_3413.jpg\" rel=\"lightbox[a]\"><img loading=\"lazy\" src=\"https:\/\/www.rome-roma.net\/photos\/museodellaciviltaromana\/thumbnails\/colosseo_museodellaciviltaromana_3413.jpg\" alt=\"Colis\u00e9e\" width=\"154\" height=\"106\" border=\"0\" \/><\/a> <span class=\"desc\">Colosseo (vedere il <a href=\"https:\/\/www.rome-roma.net\/it\/colosseo\/\">Colosseo <\/a>e <a href=\"https:\/\/www.rome-roma.net\/it\/colosseo\/#Ricostituzione-del-Colosseo\">ricostituzione del Colosseo<\/a>) <\/span><br \/><a href=\"https:\/\/www.rome-roma.net\/photos\/museodellaciviltaromana\/images\/colonnatraiana_museodellaciviltaromana_3466.jpg\" rel=\"lightbox[a]\"><img loading=\"lazy\" src=\"https:\/\/www.rome-roma.net\/photos\/museodellaciviltaromana\/thumbnails\/colonnatraiana_museodellaciviltaromana_3466.jpg\" alt=\"moules de la colonne Trajane \" width=\"154\" height=\"106\" border=\"0\" \/><\/a> <a href=\"https:\/\/www.rome-roma.net\/photos\/museodellaciviltaromana\/images\/moulage_colonne_trajane_museecivilisationromaine__3465.jpg\" rel=\"lightbox[a]\"><img loading=\"lazy\" src=\"https:\/\/www.rome-roma.net\/photos\/museodellaciviltaromana\/thumbnails\/moulage_colonne_trajane_museecivilisationromaine__3465.jpg\" alt=\"moules de la colonne Trajane - mus\u00e9e de la civilisation romaine\" width=\"154\" height=\"106\" border=\"0\" \/><\/a>\u00a0<span class=\"desc\">Sala dei calchi della <a href=\"https:\/\/www.rome-roma.net\/it\/colonna-traiana\/\">colonna Traiana<\/a><\/span><br \/><a href=\"https:\/\/www.rome-roma.net\/photos\/museodellaciviltaromana\/images\/editdaugusteengrece_museodellaciviltaromana_3471.jpg\" rel=\"lightbox[a]\"><img loading=\"lazy\" src=\"https:\/\/www.rome-roma.net\/photos\/museodellaciviltaromana\/thumbnails\/editdaugusteengrece_museodellaciviltaromana_3471.jpg\" alt=\"Edit d'auguste en Gr\u00e8ce \" width=\"106\" height=\"154\" border=\"0\" \/><\/a> Editto di Augusto in Grecia<br \/><a href=\"https:\/\/www.rome-roma.net\/photos\/museodellaciviltaromana\/images\/genealogiejulioclaudiens_museodellaciviltaromana_3401.jpg\" rel=\"lightbox[a]\"><img loading=\"lazy\" src=\"https:\/\/www.rome-roma.net\/photos\/museodellaciviltaromana\/thumbnails\/genealogiejulioclaudiens_museodellaciviltaromana_3401.jpg\" alt=\"G\u00e9n\u00e9alogie des Julio-Claudiens \" width=\"106\" height=\"154\" border=\"0\" \/><\/a> <span class=\"desc\">Genealogia dei Julio-Claudiani<\/span><\/p>\n<p><a href=\"https:\/\/www.rome-roma.net\/photos\/museodellaciviltaromana\/images\/globoantico_atlantefarnese_zodiaco_museodellaciviltaromana_3467.jpg\" rel=\"lightbox[a]\"><img loading=\"lazy\" src=\"https:\/\/www.rome-roma.net\/photos\/museodellaciviltaromana\/thumbnails\/globoantico_atlantefarnese_zodiaco_museodellaciviltaromana_3467.jpg\" alt=\"Globe antique, Atlantee Farnese : voute c\u00e9leste, zodiaques \" width=\"154\" height=\"106\" border=\"0\" \/><\/a>\u00a0<span class=\"desc\">Antico globo, Atlante Farnese: volta celeste, zodiaci <\/span><br \/><a href=\"https:\/\/www.rome-roma.net\/photos\/museodellaciviltaromana\/images\/immaginedellamadonna_catacombepriscilla_3458.jpg\" rel=\"lightbox[a]\"><img loading=\"lazy\" src=\"https:\/\/www.rome-roma.net\/photos\/museodellaciviltaromana\/thumbnails\/immaginedellamadonna_catacombepriscilla_3458.jpg\" alt=\"La plus ancienne image de la virge \u00e0 l'enfant connue,catacombes de Priscilla \" width=\"154\" height=\"106\" border=\"0\" \/><\/a> <span class=\"desc\">La pi\u00f9 antica immagine conosciuta della Madonna col Bambino, da cui l&#8217;originale si trova nelle catacombe di Priscilla<\/span><br \/><a href=\"https:\/\/www.rome-roma.net\/photos\/museodellaciviltaromana\/images\/maiale__3463.jpg\" rel=\"lightbox[a]\"><img loading=\"lazy\" src=\"https:\/\/www.rome-roma.net\/photos\/museodellaciviltaromana\/thumbnails\/maiale__3463.jpg\" alt=\"porc romain\" width=\"154\" height=\"106\" border=\"0\" \/><\/a> Maiale romano<\/p>\n<p><a href=\"https:\/\/www.rome-roma.net\/photos\/museodellaciviltaromana\/images\/plastico_romaimperiale_museodellaciviltaromana_3487.jpg\" rel=\"lightbox[a]\"><img loading=\"lazy\" src=\"https:\/\/www.rome-roma.net\/photos\/museodellaciviltaromana\/thumbnails\/plastico_romaimperiale_museodellaciviltaromana_3487.jpg\" alt=\"mus\u00e9e de la civilisation romaine\" width=\"154\" height=\"106\" border=\"0\" \/><\/a> Modello di Roma sotto Costantino, vedere<a href=\"https:\/\/www.rome-roma.net\/it\/museo-della-civilta-romana\/ricostituzione-della-roma-antica\/\"><span class=\"desc\"> ricostituzione della Roma antica<\/span><\/a><\/p>\n<p><a href=\"https:\/\/www.rome-roma.net\/photos\/museodellaciviltaromana\/images\/plastico_romaimperiale_museodellaciviltaromana_3492.jpg\" rel=\"lightbox[a]\"><img loading=\"lazy\" src=\"https:\/\/www.rome-roma.net\/photos\/museodellaciviltaromana\/thumbnails\/plastico_romaimperiale_museodellaciviltaromana_3492.jpg\" alt=\"mus\u00e9e de la civilisation romaine\" width=\"154\" height=\"106\" border=\"0\" \/><\/a> <a href=\"https:\/\/www.rome-roma.net\/photos\/museodellaciviltaromana\/images\/plastico_romaimperiale_museodellaciviltaromana_3493.jpg\" rel=\"lightbox[a]\"><img loading=\"lazy\" src=\"https:\/\/www.rome-roma.net\/photos\/museodellaciviltaromana\/thumbnails\/plastico_romaimperiale_museodellaciviltaromana_3493.jpg\" alt=\"mus\u00e9e de la civilisation romaine\" width=\"154\" height=\"106\" border=\"0\" \/><\/a> <a href=\"https:\/\/www.rome-roma.net\/photos\/museodellaciviltaromana\/images\/reconstitution_romeantique_museedelacivilisationromaine_3497.jpg\" rel=\"lightbox[a]\"><img loading=\"lazy\" src=\"https:\/\/www.rome-roma.net\/photos\/museodellaciviltaromana\/thumbnails\/reconstitution_romeantique_museedelacivilisationromaine_3497.jpg\" alt=\"mus\u00e9e de la civilisation romaine\" width=\"154\" height=\"106\" border=\"0\" \/><\/a> <a href=\"https:\/\/www.rome-roma.net\/photos\/museodellaciviltaromana\/images\/reconstitution_romeantique_museedelacivilisationromaine_3498.jpg\" rel=\"lightbox[a]\"><img loading=\"lazy\" src=\"https:\/\/www.rome-roma.net\/photos\/museodellaciviltaromana\/thumbnails\/reconstitution_romeantique_museedelacivilisationromaine_3498.jpg\" alt=\"mus\u00e9e de la civilisation romaine\" width=\"154\" height=\"106\" border=\"0\" \/><\/a><br \/><a href=\"https:\/\/www.rome-roma.net\/photos\/museodellaciviltaromana\/images\/ricostruzione_roma_antica_museodellaciviltaromana_3495.jpg\" rel=\"lightbox[a]\"><img loading=\"lazy\" src=\"https:\/\/www.rome-roma.net\/photos\/museodellaciviltaromana\/thumbnails\/ricostruzione_roma_antica_museodellaciviltaromana_3495.jpg\" alt=\"mus\u00e9e de la civilisation romaine\" width=\"154\" height=\"106\" border=\"0\" \/><\/a> <a href=\"https:\/\/www.rome-roma.net\/photos\/museodellaciviltaromana\/images\/ricostruzione_roma_antica_museodellaciviltaromana_3496.jpg\" rel=\"lightbox[a]\"><img loading=\"lazy\" src=\"https:\/\/www.rome-roma.net\/photos\/museodellaciviltaromana\/thumbnails\/ricostruzione_roma_antica_museodellaciviltaromana_3496.jpg\" alt=\"mus\u00e9e de la civilisation romaine\" width=\"154\" height=\"106\" border=\"0\" \/><\/a><\/p>\n<p><a href=\"https:\/\/www.rome-roma.net\/photos\/museodellaciviltaromana\/images\/mausoleedhadrien_museodellaciviltaromana_3430.jpg\" rel=\"lightbox[a]\"><img loading=\"lazy\" src=\"https:\/\/www.rome-roma.net\/photos\/museodellaciviltaromana\/thumbnails\/mausoleedauguste_museodellaciviltaromana_3430.jpg\" alt=\"mausol\u00e9e d'Hadrien - mus\u00e9e de la civilisation romaine\" width=\"154\" height=\"106\" border=\"0\" \/><\/a> <a href=\"https:\/\/www.rome-roma.net\/photos\/museodellaciviltaromana\/images\/mausoleedhadrien_museodellaciviltaromana_3431.jpg\" rel=\"lightbox[a]\"><img loading=\"lazy\" src=\"https:\/\/www.rome-roma.net\/photos\/museodellaciviltaromana\/thumbnails\/mausoleedhadrien_museodellaciviltaromana_3431.jpg\" alt=\"mausol\u00e9e d'Hadrien \" width=\"154\" height=\"106\" border=\"0\" \/><\/a> Il<span class=\"desc\"><a href=\"https:\/\/www.rome-roma.net\/it\/mausoleo-di-adriano\/\"> mausoleo di Adriano<\/a><br \/><\/span><br \/><a href=\"https:\/\/www.rome-roma.net\/photos\/museodellaciviltaromana\/images\/mausoleodidiocleziano_spalato_museodellaciviltaromana_3442.jpg\" rel=\"lightbox[a]\"><img loading=\"lazy\" src=\"https:\/\/www.rome-roma.net\/photos\/museodellaciviltaromana\/thumbnails\/mausoleodidiocleziano_spalato_museodellaciviltaromana_3442.jpg\" alt=\"Mausol\u00e9e de Diocl\u00e9tien, \u00e0 Spalato \" width=\"106\" height=\"154\" border=\"0\" \/><\/a> <span class=\"desc\">Mausoleo di Diocleziano, in Spalato <br \/><\/span><br \/><a href=\"https:\/\/www.rome-roma.net\/photos\/museodellaciviltaromana\/images\/museodellaciviltaromana_3432.jpg\" rel=\"lightbox[a]\"><img loading=\"lazy\" src=\"https:\/\/www.rome-roma.net\/photos\/museodellaciviltaromana\/thumbnails\/museodellaciviltaromana_3432.jpg\" alt=\"mus\u00e9e de la civilisation romaine\" width=\"106\" height=\"154\" border=\"0\" \/><\/a><\/p>\n<p><a href=\"https:\/\/www.rome-roma.net\/photos\/museodellaciviltaromana\/images\/petra_museodellaciviltaromana_3433.jpg\" rel=\"lightbox[a]\"><img loading=\"lazy\" src=\"https:\/\/www.rome-roma.net\/photos\/museodellaciviltaromana\/thumbnails\/petra_museodellaciviltaromana_3433.jpg\" alt=\"Petra - mus\u00e9e de la civilisation romaine\" width=\"154\" height=\"106\" border=\"0\" \/><\/a> <a href=\"https:\/\/www.rome-roma.net\/photos\/museodellaciviltaromana\/images\/petra_museodellaciviltaromana_3434.jpg\" rel=\"lightbox[a]\"><img loading=\"lazy\" src=\"https:\/\/www.rome-roma.net\/photos\/museodellaciviltaromana\/thumbnails\/petra_museodellaciviltaromana_3434.jpg\" alt=\"Petra\" width=\"154\" height=\"106\" border=\"0\" \/><\/a> <span class=\"desc\">Petra<\/span><br \/><a href=\"https:\/\/www.rome-roma.net\/photos\/museodellaciviltaromana\/images\/piazzale_delle_corporazioni_ostia__3460.jpg\" rel=\"lightbox[a]\"><img loading=\"lazy\" src=\"https:\/\/www.rome-roma.net\/photos\/museodellaciviltaromana\/thumbnails\/piazzale_delle_corporazioni_ostia__3460.jpg\" alt=\"Place des Corporations \u00e0 Ostie antique \" width=\"154\" height=\"106\" border=\"0\" \/><\/a>\u00a0<span class=\"desc\"><span class=\"lang-it\" lang=\"it\">Piazzale delle Corporazioni<\/span> in Ostia <\/span><\/p>\n<p><a href=\"https:\/\/www.rome-roma.net\/photos\/museodellaciviltaromana\/images\/portamaggiore_roma_museodellaciviltaromana_3402.jpg\" rel=\"lightbox[a]\"><img loading=\"lazy\" src=\"https:\/\/www.rome-roma.net\/photos\/museodellaciviltaromana\/thumbnails\/portamaggiore_roma_museodellaciviltaromana_3402.jpg\" alt=\"La Porta Maggiore \" width=\"154\" height=\"106\" border=\"0\" \/><\/a> <span class=\"desc\">La Porta Maggiore <br \/><\/span><br \/><a href=\"https:\/\/www.rome-roma.net\/photos\/museodellaciviltaromana\/images\/rostres_rome_museodellaciviltaromana_3375.jpg\" rel=\"lightbox[a]\"><img loading=\"lazy\" src=\"https:\/\/www.rome-roma.net\/photos\/museodellaciviltaromana\/thumbnails\/rostres_rome_museodellaciviltaromana_3375.jpg\" alt=\"Rostres - mus\u00e9e de la civilisation romaine\" width=\"106\" height=\"154\" border=\"0\" \/><\/a> <a href=\"https:\/\/www.rome-roma.net\/photos\/museodellaciviltaromana\/images\/rostri_roma_museodellaciviltaromana_3374.jpg\" rel=\"lightbox[a]\"><img loading=\"lazy\" src=\"https:\/\/www.rome-roma.net\/photos\/museodellaciviltaromana\/thumbnails\/rostri_roma_museodellaciviltaromana_3374.jpg\" alt=\"Rostres\" width=\"106\" height=\"154\" border=\"0\" \/><\/a> <span class=\"desc\">Rostre<\/span><br \/><a href=\"https:\/\/www.rome-roma.net\/photos\/museodellaciviltaromana\/images\/scenadiosteria_pompei__3461.jpg\" rel=\"lightbox[a]\"><img loading=\"lazy\" src=\"https:\/\/www.rome-roma.net\/photos\/museodellaciviltaromana\/thumbnails\/scenadiosteria_pompei__3461.jpg\" alt=\"Sc\u00e8ne de repas, de Pomp\u00e9i \" width=\"154\" height=\"106\" border=\"0\" \/><\/a> <span class=\"desc\">Scene di pasti, Pompei <\/span><br \/><a href=\"https:\/\/www.rome-roma.net\/photos\/museodellaciviltaromana\/images\/tempiodiaugustoankara_museodellaciviltaromana_3385.jpg\" rel=\"lightbox[a]\"><img loading=\"lazy\" src=\"https:\/\/www.rome-roma.net\/photos\/museodellaciviltaromana\/thumbnails\/tempiodiaugustoankara_museodellaciviltaromana_3385.jpg\" alt=\"Temple d'Auguste d'Ankara - mus\u00e9e de la civilisation romaine\" width=\"154\" height=\"106\" border=\"0\" \/><\/a> <a href=\"https:\/\/www.rome-roma.net\/photos\/museodellaciviltaromana\/images\/templedaugusteankara_museodellaciviltaromana_3392.jpg\" rel=\"lightbox[a]\"><img loading=\"lazy\" src=\"https:\/\/www.rome-roma.net\/photos\/museodellaciviltaromana\/thumbnails\/templedaugusteankara_museodellaciviltaromana_3392.jpg\" alt=\"Temple d'Auguste, \u00e0 Ankara - mus\u00e9e de la civilisation romaine\" width=\"154\" height=\"106\" border=\"0\" \/><\/a> <a href=\"https:\/\/www.rome-roma.net\/photos\/museodellaciviltaromana\/images\/templedaugusteankara_museodellaciviltaromana_3394.jpg\" rel=\"lightbox[a]\"><img loading=\"lazy\" src=\"https:\/\/www.rome-roma.net\/photos\/museodellaciviltaromana\/thumbnails\/templedaugusteankara_museodellaciviltaromana_3394.jpg\" alt=\"Temple d'Auguste, \u00e0 Ankara\" width=\"154\" height=\"106\" border=\"0\" \/><\/a> <span class=\"desc\">Tempio di Augusto, in Ankara<\/span><br \/><a href=\"https:\/\/www.rome-roma.net\/photos\/museodellaciviltaromana\/images\/trofeodellealpi_laturbie_museodellaciviltaromana_3396.jpg\" rel=\"lightbox[a]\"><img loading=\"lazy\" src=\"https:\/\/www.rome-roma.net\/photos\/museodellaciviltaromana\/thumbnails\/trofeodellealpi_laturbie_museodellaciviltaromana_3396.jpg\" alt=\"Troph\u00e9e des Alpes, \u00e0 La Turbie\" width=\"106\" height=\"154\" border=\"0\" \/><\/a> <span class=\"desc\">Trofeo delle Alpi, in La Turbie<\/span><br \/><a href=\"https:\/\/www.rome-roma.net\/photos\/museodellaciviltaromana\/images\/tropaeumtraiani_adamklissi_museodellaciviltaromana_3428.jpg\" rel=\"lightbox[a]\"><img loading=\"lazy\" src=\"https:\/\/www.rome-roma.net\/photos\/museodellaciviltaromana\/thumbnails\/tropaeumtraiani_adamklissi_museodellaciviltaromana_3428.jpg\" alt=\"Tropaeum Traiani (Adamklissi, Roumanie) \" width=\"106\" height=\"154\" border=\"0\" \/><\/a> <span class=\"desc\">Tropaeum Traiani (Adamklissi, Romania) <\/span><\/p>\n<p><a href=\"https:\/\/www.rome-roma.net\/photos\/museodellaciviltaromana\/images\/villaadriana_tivoli_museodellaciviltaromana_3425.jpg\" rel=\"lightbox[a]\"><img loading=\"lazy\" src=\"https:\/\/www.rome-roma.net\/photos\/museodellaciviltaromana\/thumbnails\/villaadriana_tivoli_museodellaciviltaromana_3425.jpg\" alt=\"Reconstitution de la Villa d'Hadrien\" width=\"154\" height=\"106\" border=\"0\" \/><\/a> <a href=\"https:\/\/www.rome-roma.net\/photos\/museodellaciviltaromana\/images\/villaadriana_tivoli_museodellaciviltaromana_3426.jpg\" rel=\"lightbox[a]\"><img loading=\"lazy\" src=\"https:\/\/www.rome-roma.net\/photos\/museodellaciviltaromana\/thumbnails\/villaadriana_tivoli_museodellaciviltaromana_3426.jpg\" alt=\"Villa d'Hadrien - mus\u00e9e de la civilisation romaine\" width=\"154\" height=\"106\" border=\"0\" \/><\/a> <a href=\"https:\/\/www.rome-roma.net\/photos\/museodellaciviltaromana\/images\/villadhadrien_tivoli_museodellaciviltaromana_3427.jpg\" rel=\"lightbox[a]\"><img loading=\"lazy\" src=\"https:\/\/www.rome-roma.net\/photos\/museodellaciviltaromana\/thumbnails\/villadhadrien_tivoli_museodellaciviltaromana_3427.jpg\" alt=\"Villa d'Hadrien\" width=\"154\" height=\"106\" border=\"0\" \/><\/a> <span class=\"desc\"> Ricostituzione della Villa Adriana in Tivoli<\/span><\/p>\n<p>\u00a0<\/p>\n<h2>Articoli sul museo<\/h2>\n<p><!-- \/wp:heading --> <!-- wp:paragraph --><\/p>\n<ul class=\"lcp_catlist\" id=\"lcp_instance_0\"><li><a href=\"https:\/\/www.rome-roma.net\/it\/museo-della-civilta-romana\/\">Museo della civilt\u00e0 romana<\/a><a href=\"https:\/\/www.rome-roma.net\/it\/museo-della-civilta-romana\/\" title=\"Museo della civilt\u00e0 romana\"><img src=\"https:\/\/www.rome-roma.net\/photos\/museodellaciviltaromana\/images\/colosseo_museodellaciviltaromana_3411.jpg\" class=\"classthumblist\"  alt=\"Museo della civilt\u00e0 romana\" \/><\/a><div class=\"lcp_excerpt\">Il Museo della Civilt\u00e0 Romana \u00e8, come suggerisce il nome, dedicato alla civilt\u00e0 romana in tutta la sua diversit\u00e0, trattando sia la ...<\/div><\/li><li class=\"current\"><a href=\"https:\/\/www.rome-roma.net\/it\/museo-della-civilta-romana\/visita-galleria-museo-della-civilta-romana\/\">Visita e galleria del Museo della Civilt\u00e0 Romana<\/a><a href=\"https:\/\/www.rome-roma.net\/it\/museo-della-civilta-romana\/visita-galleria-museo-della-civilta-romana\/\" title=\"Visita e galleria del Museo della Civilt\u00e0 Romana\"><img width=\"50\" height=\"50\" src=\"https:\/\/www.rome-roma.net\/wp-content\/uploads\/2020\/02\/colosseo_museodellaciviltaromana_34131-150x150.jpg\" class=\"classthumblist wp-post-image\" alt=\"Visita e galleria del Museo della Civilt\u00e0 Romana\" loading=\"lazy\" srcset=\"https:\/\/www.rome-roma.net\/wp-content\/uploads\/2020\/02\/colosseo_museodellaciviltaromana_34131-150x150.jpg 150w, https:\/\/www.rome-roma.net\/wp-content\/uploads\/2020\/02\/colosseo_museodellaciviltaromana_34131-50x50.jpg 50w, https:\/\/www.rome-roma.net\/wp-content\/uploads\/2020\/02\/colosseo_museodellaciviltaromana_34131-80x80.jpg 80w, https:\/\/www.rome-roma.net\/wp-content\/uploads\/2020\/02\/colosseo_museodellaciviltaromana_34131-75x75.jpg 75w\" sizes=\"(max-width: 50px) 100vw, 50px\" \/><\/a><div class=\"lcp_excerpt\">\n  Sale del museo\n  Ricostituzione della Roma arcaica (sotto i Re Tarquini : VII-VI a.C.)\n Mappa dei popoli italici, con ...<\/div><\/li><li><a href=\"https:\/\/www.rome-roma.net\/it\/museo-della-civilta-romana\/ricostituzione-della-roma-antica\/\">Ricostituzione della Roma antica<\/a><a href=\"https:\/\/www.rome-roma.net\/it\/museo-della-civilta-romana\/ricostituzione-della-roma-antica\/\" title=\"Ricostituzione della Roma antica\"><img src=\"https:\/\/www.rome-roma.net\/photos\/museodellaciviltaromana\/thumbnails\/maquetteromeantique_museedelacivilisationromaine_3474.jpg\" class=\"classthumblist\"  alt=\"Ricostituzione della Roma antica\" \/><\/a><div class=\"lcp_excerpt\">\nIl grande modello di Roma nel Museo della Civilt\u00e0 Romana ricostruisce la citt\u00e0 su una scala di 2: 250 al tempo di ...<\/div><\/li><li><a href=\"https:\/\/www.rome-roma.net\/it\/museo-della-civilta-romana\/ricostituzione-della-roma-dei-tarquini\/\">Ricostituzione della Roma dei Tarquini<\/a><a href=\"https:\/\/www.rome-roma.net\/it\/museo-della-civilta-romana\/ricostituzione-della-roma-dei-tarquini\/\" title=\"Ricostituzione della Roma dei Tarquini\"><img src=\"https:\/\/www.rome-roma.net\/photos\/museodellaciviltaromana\/thumbnails\/roma_archaica_tarquini_3359.jpg\" class=\"classthumblist\"  alt=\"Ricostituzione della Roma dei Tarquini\" \/><\/a><div class=\"lcp_excerpt\">\nRicostruzione della Roma arcaica al Museo della Civilt\u00e0 Romana, modello della citt\u00e0.Immagine del modello qui sotto, ingrandisci per vedere i dettagli.\n\n\n\n\n\n\n  ...<\/div><\/li><\/ul><!--EndFragment--><\/p>","protected":false},"excerpt":{"rendered":"<p>Sale del museo Ricostituzione della Roma arcaica (sotto i Re Tarquini : VII-VI a.C.) Mappa dei popoli italici, con le date della colonizzazione romana L&#8217;Altare della Pace di Augusto Arco dei Gavi, Verona Arco di Drusus Germanicus, Spoleto Arco di Traiano, Benevento Arco romano di Besan\u00e7on Arco romano di Orange Teatro d&#8217;Aspendos, Turchia Ludus Magnus, [&hellip;]<\/p>\n","protected":false},"featured_media":1340,"parent":6129,"menu_order":0,"comment_status":"open","ping_status":"open","template":"","format":"gallery","meta":{"kt_blocks_editor_width":"","_links_to":"","_links_to_target":""},"genre":[],"interet":[],"quartier":[],"categorie_site":[365],"quartier_historique":[],"etiquettes_site":[],"acf":[],"yoast_head":"<!-- This site is optimized with the Yoast SEO plugin v17.4 - https:\/\/yoast.com\/wordpress\/plugins\/seo\/ -->\n<title>Visita e galleria del Museo della Civilt\u00e0 Romana &ndash; Rome-Roma<\/title>\n<meta name=\"description\" content=\"Tour del Museo della Civilt\u00e0 Romana a Roma: ricostruzioni, modelli e opere esposte. Scoperta del museo, informazioni e orari.\" \/>\n<meta name=\"robots\" content=\"index, follow, max-snippet:-1, max-image-preview:large, max-video-preview:-1\" \/>\n<link rel=\"canonical\" href=\"https:\/\/www.rome-roma.net\/it\/museo-della-civilta-romana\/visita-galleria-museo-della-civilta-romana\/\" \/>\n<meta property=\"og:locale\" content=\"it_IT\" \/>\n<meta property=\"og:type\" content=\"article\" \/>\n<meta property=\"og:title\" content=\"Visita e galleria del Museo della Civilt\u00e0 Romana &ndash; Rome-Roma\" \/>\n<meta property=\"og:description\" content=\"Tour del Museo della Civilt\u00e0 Romana a Roma: ricostruzioni, modelli e opere esposte. Scoperta del museo, informazioni e orari.\" \/>\n<meta property=\"og:url\" content=\"https:\/\/www.rome-roma.net\/it\/museo-della-civilta-romana\/visita-galleria-museo-della-civilta-romana\/\" \/>\n<meta property=\"og:site_name\" content=\"Rome-Roma\" \/>\n<meta property=\"article:modified_time\" content=\"2024-12-28T13:14:02+00:00\" \/>\n<meta property=\"og:image\" content=\"https:\/\/www.rome-roma.net\/wp-content\/uploads\/2020\/02\/colosseo_museodellaciviltaromana_34131.jpg\" \/>\n\t<meta property=\"og:image:width\" content=\"750\" \/>\n\t<meta property=\"og:image:height\" content=\"500\" \/>\n<meta name=\"twitter:card\" content=\"summary_large_image\" \/>\n<meta name=\"twitter:label1\" content=\"Tempo di lettura stimato\" \/>\n\t<meta name=\"twitter:data1\" content=\"17 minuti\" \/>\n<script type=\"application\/ld+json\" class=\"yoast-schema-graph\">{\"@context\":\"https:\/\/schema.org\",\"@graph\":[{\"@type\":\"Organization\",\"@id\":\"https:\/\/www.rome-roma.net\/it\/#organization\",\"name\":\"Rome-Roma\",\"url\":\"https:\/\/www.rome-roma.net\/it\/\",\"sameAs\":[],\"logo\":{\"@type\":\"ImageObject\",\"@id\":\"https:\/\/www.rome-roma.net\/it\/#logo\",\"inLanguage\":\"it-IT\",\"url\":\"https:\/\/www.rome-roma.net\/wp-content\/uploads\/2025\/07\/logo-rome-roma-420.jpg\",\"contentUrl\":\"https:\/\/www.rome-roma.net\/wp-content\/uploads\/2025\/07\/logo-rome-roma-420.jpg\",\"width\":420,\"height\":420,\"caption\":\"Rome-Roma\"},\"image\":{\"@id\":\"https:\/\/www.rome-roma.net\/it\/#logo\"}},{\"@type\":\"WebSite\",\"@id\":\"https:\/\/www.rome-roma.net\/it\/#website\",\"url\":\"https:\/\/www.rome-roma.net\/it\/\",\"name\":\"Rome-Roma\",\"description\":\"Cultura & Viaggio\",\"publisher\":{\"@id\":\"https:\/\/www.rome-roma.net\/it\/#organization\"},\"potentialAction\":[{\"@type\":\"SearchAction\",\"target\":{\"@type\":\"EntryPoint\",\"urlTemplate\":\"https:\/\/www.rome-roma.net\/it\/?s={search_term_string}\"},\"query-input\":\"required name=search_term_string\"}],\"inLanguage\":\"it-IT\"},{\"@type\":\"ImageObject\",\"@id\":\"https:\/\/www.rome-roma.net\/it\/museo-della-civilta-romana\/visita-galleria-museo-della-civilta-romana\/#primaryimage\",\"inLanguage\":\"it-IT\",\"url\":\"https:\/\/www.rome-roma.net\/wp-content\/uploads\/2020\/02\/colosseo_museodellaciviltaromana_34131.jpg\",\"contentUrl\":\"https:\/\/www.rome-roma.net\/wp-content\/uploads\/2020\/02\/colosseo_museodellaciviltaromana_34131.jpg\",\"width\":750,\"height\":500,\"caption\":\"Mus\\u00e9e de la civilisation romaine\"},{\"@type\":\"WebPage\",\"@id\":\"https:\/\/www.rome-roma.net\/it\/museo-della-civilta-romana\/visita-galleria-museo-della-civilta-romana\/#webpage\",\"url\":\"https:\/\/www.rome-roma.net\/it\/museo-della-civilta-romana\/visita-galleria-museo-della-civilta-romana\/\",\"name\":\"Visita e galleria del Museo della Civilt\\u00e0 Romana &ndash; Rome-Roma\",\"isPartOf\":{\"@id\":\"https:\/\/www.rome-roma.net\/it\/#website\"},\"primaryImageOfPage\":{\"@id\":\"https:\/\/www.rome-roma.net\/it\/museo-della-civilta-romana\/visita-galleria-museo-della-civilta-romana\/#primaryimage\"},\"datePublished\":\"2020-02-05T15:48:03+00:00\",\"dateModified\":\"2024-12-28T13:14:02+00:00\",\"description\":\"Tour del Museo della Civilt\\u00e0 Romana a Roma: ricostruzioni, modelli e opere esposte. Scoperta del museo, informazioni e orari.\",\"breadcrumb\":{\"@id\":\"https:\/\/www.rome-roma.net\/it\/museo-della-civilta-romana\/visita-galleria-museo-della-civilta-romana\/#breadcrumb\"},\"inLanguage\":\"it-IT\",\"potentialAction\":[{\"@type\":\"ReadAction\",\"target\":[\"https:\/\/www.rome-roma.net\/it\/museo-della-civilta-romana\/visita-galleria-museo-della-civilta-romana\/\"]}]},{\"@type\":\"BreadcrumbList\",\"@id\":\"https:\/\/www.rome-roma.net\/it\/museo-della-civilta-romana\/visita-galleria-museo-della-civilta-romana\/#breadcrumb\",\"itemListElement\":[{\"@type\":\"ListItem\",\"position\":1,\"name\":\"Accueil\",\"item\":\"https:\/\/www.rome-roma.net\/it\/\"},{\"@type\":\"ListItem\",\"position\":2,\"name\":\"Museo della civilt\\u00e0 romana\",\"item\":\"https:\/\/www.rome-roma.net\/it\/museo-della-civilta-romana\/\"},{\"@type\":\"ListItem\",\"position\":3,\"name\":\"Visita e galleria del Museo della Civilt\\u00e0 Romana\"}]}]}<\/script>\n<!-- \/ Yoast SEO plugin. -->","yoast_head_json":{"title":"Visita e galleria del Museo della Civilt\u00e0 Romana &ndash; Rome-Roma","description":"Tour del Museo della Civilt\u00e0 Romana a Roma: ricostruzioni, modelli e opere esposte. Scoperta del museo, informazioni e orari.","robots":{"index":"index","follow":"follow","max-snippet":"max-snippet:-1","max-image-preview":"max-image-preview:large","max-video-preview":"max-video-preview:-1"},"canonical":"https:\/\/www.rome-roma.net\/it\/museo-della-civilta-romana\/visita-galleria-museo-della-civilta-romana\/","og_locale":"it_IT","og_type":"article","og_title":"Visita e galleria del Museo della Civilt\u00e0 Romana &ndash; Rome-Roma","og_description":"Tour del Museo della Civilt\u00e0 Romana a Roma: ricostruzioni, modelli e opere esposte. Scoperta del museo, informazioni e orari.","og_url":"https:\/\/www.rome-roma.net\/it\/museo-della-civilta-romana\/visita-galleria-museo-della-civilta-romana\/","og_site_name":"Rome-Roma","article_modified_time":"2024-12-28T13:14:02+00:00","og_image":[{"width":750,"height":500,"url":"https:\/\/www.rome-roma.net\/wp-content\/uploads\/2020\/02\/colosseo_museodellaciviltaromana_34131.jpg","type":"image\/jpeg"}],"twitter_card":"summary_large_image","twitter_misc":{"Tempo di lettura stimato":"17 minuti"},"schema":{"@context":"https:\/\/schema.org","@graph":[{"@type":"Organization","@id":"https:\/\/www.rome-roma.net\/it\/#organization","name":"Rome-Roma","url":"https:\/\/www.rome-roma.net\/it\/","sameAs":[],"logo":{"@type":"ImageObject","@id":"https:\/\/www.rome-roma.net\/it\/#logo","inLanguage":"it-IT","url":"https:\/\/www.rome-roma.net\/wp-content\/uploads\/2025\/07\/logo-rome-roma-420.jpg","contentUrl":"https:\/\/www.rome-roma.net\/wp-content\/uploads\/2025\/07\/logo-rome-roma-420.jpg","width":420,"height":420,"caption":"Rome-Roma"},"image":{"@id":"https:\/\/www.rome-roma.net\/it\/#logo"}},{"@type":"WebSite","@id":"https:\/\/www.rome-roma.net\/it\/#website","url":"https:\/\/www.rome-roma.net\/it\/","name":"Rome-Roma","description":"Cultura & Viaggio","publisher":{"@id":"https:\/\/www.rome-roma.net\/it\/#organization"},"potentialAction":[{"@type":"SearchAction","target":{"@type":"EntryPoint","urlTemplate":"https:\/\/www.rome-roma.net\/it\/?s={search_term_string}"},"query-input":"required name=search_term_string"}],"inLanguage":"it-IT"},{"@type":"ImageObject","@id":"https:\/\/www.rome-roma.net\/it\/museo-della-civilta-romana\/visita-galleria-museo-della-civilta-romana\/#primaryimage","inLanguage":"it-IT","url":"https:\/\/www.rome-roma.net\/wp-content\/uploads\/2020\/02\/colosseo_museodellaciviltaromana_34131.jpg","contentUrl":"https:\/\/www.rome-roma.net\/wp-content\/uploads\/2020\/02\/colosseo_museodellaciviltaromana_34131.jpg","width":750,"height":500,"caption":"Mus\u00e9e de la civilisation romaine"},{"@type":"WebPage","@id":"https:\/\/www.rome-roma.net\/it\/museo-della-civilta-romana\/visita-galleria-museo-della-civilta-romana\/#webpage","url":"https:\/\/www.rome-roma.net\/it\/museo-della-civilta-romana\/visita-galleria-museo-della-civilta-romana\/","name":"Visita e galleria del Museo della Civilt\u00e0 Romana &ndash; Rome-Roma","isPartOf":{"@id":"https:\/\/www.rome-roma.net\/it\/#website"},"primaryImageOfPage":{"@id":"https:\/\/www.rome-roma.net\/it\/museo-della-civilta-romana\/visita-galleria-museo-della-civilta-romana\/#primaryimage"},"datePublished":"2020-02-05T15:48:03+00:00","dateModified":"2024-12-28T13:14:02+00:00","description":"Tour del Museo della Civilt\u00e0 Romana a Roma: ricostruzioni, modelli e opere esposte. Scoperta del museo, informazioni e orari.","breadcrumb":{"@id":"https:\/\/www.rome-roma.net\/it\/museo-della-civilta-romana\/visita-galleria-museo-della-civilta-romana\/#breadcrumb"},"inLanguage":"it-IT","potentialAction":[{"@type":"ReadAction","target":["https:\/\/www.rome-roma.net\/it\/museo-della-civilta-romana\/visita-galleria-museo-della-civilta-romana\/"]}]},{"@type":"BreadcrumbList","@id":"https:\/\/www.rome-roma.net\/it\/museo-della-civilta-romana\/visita-galleria-museo-della-civilta-romana\/#breadcrumb","itemListElement":[{"@type":"ListItem","position":1,"name":"Accueil","item":"https:\/\/www.rome-roma.net\/it\/"},{"@type":"ListItem","position":2,"name":"Museo della civilt\u00e0 romana","item":"https:\/\/www.rome-roma.net\/it\/museo-della-civilta-romana\/"},{"@type":"ListItem","position":3,"name":"Visita e galleria del Museo della Civilt\u00e0 Romana"}]}]}},"acf_fields":{"nom_monument":null,"wikidata":"","sameas":null},"_links":{"self":[{"href":"https:\/\/www.rome-roma.net\/it\/wp-json\/wp\/v2\/site\/6922"}],"collection":[{"href":"https:\/\/www.rome-roma.net\/it\/wp-json\/wp\/v2\/site"}],"about":[{"href":"https:\/\/www.rome-roma.net\/it\/wp-json\/wp\/v2\/types\/site"}],"replies":[{"embeddable":true,"href":"https:\/\/www.rome-roma.net\/it\/wp-json\/wp\/v2\/comments?post=6922"}],"up":[{"embeddable":true,"href":"https:\/\/www.rome-roma.net\/it\/wp-json\/wp\/v2\/site\/6129"}],"wp:featuredmedia":[{"embeddable":true,"href":"https:\/\/www.rome-roma.net\/it\/wp-json\/wp\/v2\/media\/1340"}],"wp:attachment":[{"href":"https:\/\/www.rome-roma.net\/it\/wp-json\/wp\/v2\/media?parent=6922"}],"wp:term":[{"taxonomy":"genre","embeddable":true,"href":"https:\/\/www.rome-roma.net\/it\/wp-json\/wp\/v2\/genre?post=6922"},{"taxonomy":"interet","embeddable":true,"href":"https:\/\/www.rome-roma.net\/it\/wp-json\/wp\/v2\/interet?post=6922"},{"taxonomy":"quartier","embeddable":true,"href":"https:\/\/www.rome-roma.net\/it\/wp-json\/wp\/v2\/quartier?post=6922"},{"taxonomy":"categorie_site","embeddable":true,"href":"https:\/\/www.rome-roma.net\/it\/wp-json\/wp\/v2\/categorie_site?post=6922"},{"taxonomy":"quartier_historique","embeddable":true,"href":"https:\/\/www.rome-roma.net\/it\/wp-json\/wp\/v2\/quartier_historique?post=6922"},{"taxonomy":"etiquettes_site","embeddable":true,"href":"https:\/\/www.rome-roma.net\/it\/wp-json\/wp\/v2\/etiquettes_site?post=6922"}],"curies":[{"name":"wp","href":"https:\/\/api.w.org\/{rel}","templated":true}]}}