


{"id":6926,"date":"2020-02-06T09:06:08","date_gmt":"2020-02-06T08:06:08","guid":{"rendered":"https:\/\/www.rome-roma.net\/site\/musee-de-rome-palais-braschi\/"},"modified":"2026-04-05T22:45:07","modified_gmt":"2026-04-05T20:45:07","slug":"museo-di-roma-palazzo-braschi","status":"publish","type":"site","link":"https:\/\/www.rome-roma.net\/it\/museo-di-roma-palazzo-braschi\/","title":{"rendered":"Museo di Roma e Palazzo Braschi"},"content":{"rendered":"<div style=\"width: 210px\" class=\"wp-caption alignright\"><a href=\"https:\/\/www.rome-roma.net\/photos\/museodiroma-palazzobraschi\/images\/museodiroma_palazzobraschi_2104.jpg\" rel=\"lightbox\"><img loading=\"lazy\" src=\"https:\/\/www.rome-roma.net\/photos\/museodiroma-palazzobraschi\/images\/museodiroma_palazzobraschi_2104.jpg\" alt=\"Museo di Roma - Palazzo Braschi\" width=\"200\" height=\"300\" align=\"right\" border=\"0\" hspace=\"3\" vspace=\"2\"><\/a><p class=\"wp-caption-text\">Scala d&#8217;onore<\/p><\/div>\n<p>Il <strong>Museo di Roma<\/strong>, situato nel prestigioso <strong>Palazzo Braschi<\/strong>, ospita una vasta collezione di opere d&#8217;arte legate alla storia della citt\u00e0, dal Medioevo all&#8217;inizio del XX secolo.<\/p>\n<h2>Le Collezioni del Museo di Roma<\/h2>\n<p>Le collezioni del <strong>Museo di Roma<\/strong> offrono una panoramica completa della storia culturale, topografica, architettonica, sociale e artistica della capitale. Tra i <strong>numerosi oggetti<\/strong> esposti, si trovano mobili, incisioni, fotografie antiche, oltre a carrozze. Tuttavia, viene presentata solo una selezione rappresentativa di queste opere.<br>La <strong>pittura<\/strong> costituisce la collezione pi\u00f9 importante del museo, comprendente opere di grande valore documentario realizzate tra il XVI e il XVIII secolo, i cui soggetti erano spesso cerimonie ed eventi civili e religiosi.<br>Anche la <strong>scultura<\/strong> \u00e8 ben rappresentata, con opere monumentali, busti, schizzi e modelli in argilla.<br>Le collezioni includono anche una significativa serie di <strong>disegni, acquerelli, stampe, incisioni e libri illustrati<\/strong>, che testimoniano l&#8217;evoluzione dell&#8217;arte grafica e delle sue tecniche dal XVI al XIX secolo. Queste opere sono principalmente di natura iconografica e documentaria, in particolare sulla storia e sulla topografia di Roma.<br>Il museo ospita anche una collezione significativa di <strong>fotografie antiche<\/strong> provenienti dagli Archivi fotografici comunali, che coprono i secoli XIX e XX.<\/p>\n<h2>Il Palazzo Braschi, un&#8217;opera della fine del XVIII secolo<\/h2>\n<div id=\"attachment_28319\" style=\"width: 310px\" class=\"wp-caption alignright\"><a href=\"https:\/\/www.rome-roma.net\/wp-content\/uploads\/2020\/02\/palazzo-braschi-5602.jpg\"><img aria-describedby=\"caption-attachment-28319\" loading=\"lazy\" class=\"size-medium wp-image-28319\" src=\"https:\/\/www.rome-roma.net\/wp-content\/uploads\/2020\/02\/palazzo-braschi-5602-300x200.jpg\" alt=\"palazzo-braschi_5602\" width=\"300\" height=\"200\" srcset=\"https:\/\/www.rome-roma.net\/wp-content\/uploads\/2020\/02\/palazzo-braschi-5602-300x200.jpg 300w, https:\/\/www.rome-roma.net\/wp-content\/uploads\/2020\/02\/palazzo-braschi-5602-1024x683.jpg 1024w, https:\/\/www.rome-roma.net\/wp-content\/uploads\/2020\/02\/palazzo-braschi-5602-768x512.jpg 768w, https:\/\/www.rome-roma.net\/wp-content\/uploads\/2020\/02\/palazzo-braschi-5602.jpg 1200w\" sizes=\"(max-width: 300px) 100vw, 300px\" \/><\/a><p id=\"caption-attachment-28319\" class=\"wp-caption-text\">Palazzo Braschi<\/p><\/div>\n<p>Il <strong>Palazzo Braschi<\/strong>, situato nel cuore della Roma Rinascimentale, tra <a href=\"https:\/\/www.rome-roma.net\/it\/piazza-navona\/\">Piazza Navona<\/a> e Corso Vittorio Emanuele II, fu commissionato all&#8217;architetto <strong>Cosimo Morelli<\/strong> alla fine del XVIII secolo per essere la residenza di <strong>Luigi e Romualdo Braschi-Onesti<\/strong>, nipoti di Papa <strong>Pio VI<\/strong> (1717 \u2013 1799), eletto papa nel 1775.<br>La facciata del palazzo \u00e8 realizzata in travertino, con un piano terra bugnato e una mezzanina. Le finestre del piano terra sono decorate con teste di leone che tengono pigne tra le fauci, mentre quelle del primo piano, ad arco, sono adornate con festoni di foglie di quercia e piccole stelle.<br>All&#8217;interno, si trova una maestosa <strong>scala d&#8217;onore<\/strong>, ornata di statue antiche e stucchi, con le sue 18 colonne in granito rosso. I capitelli di queste colonne portano gli stemmi dei Braschi e degli Onesti.<br>All&#8217;angolo di <strong>Piazza del Pasquino<\/strong>, si trova la famosa statua parlante di Roma, il <strong>Pasquino<\/strong>.<\/p>\n<h3>Una storia segnata dal nepotismo<\/h3>\n<p>Il <strong>Palazzo Braschi<\/strong> fu costruito grazie alle ricchezze fornite dal papa al suo nipote, illustrando cos\u00ec il nepotismo papale. Questo palazzo \u00e8 l&#8217;ultimo costruito per la famiglia di un papa prima dei turbamenti politici e culturali causati dalla Rivoluzione Francese.<\/p>\n<div style=\"width: 310px\" class=\"wp-caption alignleft\"><a href=\"https:\/\/www.rome-roma.net\/photos\/museodiroma-palazzobraschi\/images\/ilgiovane_assembramentodidonneinpiazzadelcampidoglio_inizio17e_2113.jpg\" rel=\"lightbox\"><img loading=\"lazy\" src=\"https:\/\/www.rome-roma.net\/photos\/museodiroma-palazzobraschi\/images\/ilgiovane_assembramentodidonneinpiazzadelcampidoglio_inizio17e_2113.jpg\" alt=\"Il Giovane, Assembramento di donne in piazza del Campidoglio, inizio17e\" width=\"300\" height=\"200\" align=\"left\" border=\"0\" hspace=\"3\" vspace=\"3\"><\/a><p class=\"wp-caption-text\"><em>Raggruppamento di donne in Piazza del Campidoglio<\/em>. Il Giovane (XVII secolo)<\/p><\/div>\n<p>Il palazzo fu edificato sul sito dell&#8217;antico Palazzo Orsini, un edificio del XV secolo che era stato costruito da <strong>Francesco Orsini<\/strong>, prefetto di Roma, e abitato successivamente da vari cardinali. Il Palazzo Orsini fu infine acquistato dalla famiglia <strong>Braschi-Onesti<\/strong> nel 1790.<br>I lavori di costruzione del nuovo palazzo iniziarono nel 1792 e furono parzialmente completati nel 1794. Tuttavia, furono interrotti nel 1798, durante l&#8217;occupazione francese e l&#8217;esilio di Pio VI, per riprendere nel 1802. Nel 1804, la scala monumentale era terminata e il primo piano della cappella, attribuito a <strong>Valadier<\/strong>, fu anch&#8217;esso completato.<br>Le difficolt\u00e0 finanziarie del duca Luigi Braschi Onesti, che mor\u00ec nel 1816, ritardarono il completamento del palazzo. Dopo il fallimento dei Braschi, il palazzo fu venduto ai Silvestrelli, che, a loro volta, lo cedettero allo <strong>Stato italiano nel 1871<\/strong>. L&#8217;edificio fu poi utilizzato come sede del Ministero dell&#8217;Interno, della Presidenza del Consiglio, e successivamente da istituzioni fasciste. Numerosi danni furono causati dalla distruzione e dal saccheggio.<br>Nel 1952, il Palazzo Braschi divenne la sede del <strong>Museo di Roma<\/strong>. Solo nel 1990 la propriet\u00e0 dell&#8217;edificio pass\u00f2 dallo Stato alla <strong>Citt\u00e0 di Roma<\/strong>.<br>Dopo essere stato chiuso per motivi di sicurezza nel 1987, il palazzo sub\u00ec vari interventi di restauro. Riapr\u00ec parzialmente nel 2002 ed \u00e8 stato completamente restaurato nel 2010.<\/p>\n\n\n<h2>Cartina ed indirizzo<\/h2>\r\n\t\t<b>Indirizzo : <\/b>Piazza di San Pantaleo, 10, Piazza Navona, 2 - 00186 Roma RM, Italie<div id=\"travelersmap-container-69f3576c5f547\" class=\"travelersmap-container\" style=\"z-index: 1; min-height: 10px; min-width:10px; height:400px;width:100%; max-width:; max-height:; position:relative;\"><div style=\"position:absolute; z-index:-1;top: 50%;text-align: center;display: block;left: 50%;transform: translate(-50%,-50%);\">Travelers' Map is loading... <br> If you see this after your page is loaded completely, leafletJS files are missing.<\/div><\/div><i>Clicca sulla freccia per localizzarti sulla mappa<\/i><br><br>\n\n\n<h2>Informazioni e condizioni di visita<\/h2>\n<table style=\"border-collapse: collapse; width: 100%;\">\n<tbody>\n<tr style=\"background-color: #fae8c3;\">\n<td style=\"width: 100%;\"><span style=\"font-size: 10pt;\"><strong>Museo di Roma &#8211; Palazzo Braschi<\/strong><em><br \/>Ingresso da Piazza Navona 2, e da Piazza San Pantaleo 10 &#8211; 00186 Roma<\/em><\/span><\/td>\n<\/tr>\n<tr style=\"background-color: #f7ece1;\">\n<td style=\"width: 100%;\">\n<p><span style=\"font-size: 10pt;\"><strong>Orari di apertura e tariffe del Museo di Roma<br \/><\/strong><\/span><\/p>\n<ul>\n<li><span style=\"font-size: 10pt;\">Aperto dal marted\u00ec alla domenica dalle 10 alle 19. <\/span><br \/><span style=\"font-size: 10pt;\">Aperto il 24 e il 31 dicembre dalle 10 alle 14. Il 1o gennaio 2026 dalle 11 alle 20.<\/span><br \/><span style=\"font-size: 10pt;\">Ingresso fino a un&#8217;ora prima della chiusura.<\/span><br \/><span style=\"font-size: 10pt;\">Chiuso il luned\u00ec, il 1o maggio e il 25 dicembre. <\/span><\/li>\n<li><span style=\"font-size: 10pt;\">Tariffe ordinarie :<\/span><br \/><span style=\"font-size: 10pt;\">Prezzo intero \u20ac 13; ridotto \u20ac 7,50.<\/span><br \/><span style=\"font-size: 10pt;\">Le tariffe possono essere maggiorate in caso di esposizioni.<\/span><\/li>\n<\/ul>\n<\/td>\n<\/tr>\n<tr style=\"background-color: #fae8c3;\">\n<td style=\"width: 100%;\">\n<p><span style=\"font-size: 10pt;\"><b>Fonti e link per saperne di pi\u00f9<\/b> :<\/span><\/p>\n<ul>\n<li><span style=\"font-size: 10pt;\">Sito ufficiale : <a href=\"https:\/\/www.museodiroma.it\/\" target=\"_blank\" rel=\"noopener\">www.museodiroma.it<\/a><\/span><\/li>\n<li><a href=\"https:\/\/060608.comune.roma.it\/cultura\/musei\/museo-di-roma-palazzo-braschi-3095\" target=\"_blank\" rel=\"noopener\"><span style=\"font-size: 10pt;\">Museo di Roma sul sito del comune di Roma 060608<\/span><\/a><\/li>\n<\/ul>\n<\/td>\n<\/tr>\n<\/tbody>\n<\/table>\n\n\n<h2>Galleria e visita<\/h2>\n\n\n<p><!--EndFragment--><\/p>\n<p><a href=\"https:\/\/www.rome-roma.net\/photos\/2013-mars2014\/palaisderome\/images\/esterno_museo_di_roma_5602.jpg\" target=\"_blank\" rel=\"lightbox[a] noopener noreferrer\"><img loading=\"lazy\" src=\"https:\/\/www.rome-roma.net\/photos\/2013-mars2014\/palaisderome\/thumbnails\/esterno_museo_di_roma_5602.jpg\" alt=\"Mus\u00e9e de Rome, Palais Braschi\" width=\"154\" vspace=\"3\" hspace=\"3\" height=\"106\" border=\"0\"><\/a>Facciata su Piazza San Pantaleo<br><a href=\"https:\/\/www.rome-roma.net\/photos\/museodiroma-palazzobraschi\/images\/museodiroma_palazzobraschi_2100.jpg\" rel=\"lightbox[a]\"><img loading=\"lazy\" src=\"https:\/\/www.rome-roma.net\/photos\/museodiroma-palazzobraschi\/thumbnails\/museodiroma_palazzobraschi_2100.jpg\" alt=\"mus\u00e9e de rome - Palais Braschi\" width=\"106\" vspace=\"3\" hspace=\"3\" height=\"154\" border=\"0\"><\/a><a href=\"https:\/\/www.rome-roma.net\/photos\/museodiroma-palazzobraschi\/images\/museodiroma_palazzobraschi_2101.jpg\" rel=\"lightbox[a]\"><img loading=\"lazy\" src=\"https:\/\/www.rome-roma.net\/photos\/museodiroma-palazzobraschi\/thumbnails\/museodiroma_palazzobraschi_2101.jpg\" alt=\"mus\u00e9e de rome - Palais Braschi\" width=\"106\" vspace=\"3\" hspace=\"3\" height=\"154\" border=\"0\"><\/a><a href=\"https:\/\/www.rome-roma.net\/photos\/museodiroma-palazzobraschi\/images\/museodiroma_palazzobraschi_2103.jpg\" rel=\"lightbox[a]\"><img loading=\"lazy\" src=\"https:\/\/www.rome-roma.net\/photos\/museodiroma-palazzobraschi\/thumbnails\/museodiroma_palazzobraschi_2103.jpg\" alt=\"mus\u00e9e de rome - Palais Braschi\" width=\"106\" vspace=\"3\" hspace=\"3\" height=\"154\" border=\"0\"><\/a><a href=\"https:\/\/www.rome-roma.net\/photos\/museodiroma-palazzobraschi\/images\/museodiroma_palazzobraschi_2104.jpg\" rel=\"lightbox[a]\"><img loading=\"lazy\" src=\"https:\/\/www.rome-roma.net\/photos\/museodiroma-palazzobraschi\/thumbnails\/museodiroma_palazzobraschi_2104.jpg\" alt=\"mus\u00e9e de rome - Palais Braschi\" width=\"106\" vspace=\"3\" hspace=\"3\" height=\"154\" border=\"0\"><\/a><a href=\"https:\/\/www.rome-roma.net\/photos\/museodiroma-palazzobraschi\/images\/museodiroma_palazzobraschi_2105.jpg\" rel=\"lightbox[a]\"><img loading=\"lazy\" src=\"https:\/\/www.rome-roma.net\/photos\/museodiroma-palazzobraschi\/thumbnails\/museodiroma_palazzobraschi_2105.jpg\" alt=\"mus\u00e9e de rome - Palais Braschi\" width=\"154\" vspace=\"3\" hspace=\"3\" height=\"106\" border=\"0\"><\/a><br><a href=\"https:\/\/www.rome-roma.net\/photos\/museodiroma-palazzobraschi\/images\/piazzanavona_museodiroma_2164.jpg\" rel=\"lightbox[a]\"><img loading=\"lazy\" src=\"https:\/\/www.rome-roma.net\/photos\/museodiroma-palazzobraschi\/thumbnails\/piazzanavona_museodiroma_2164.jpg\" alt=\"Vue sur la Place Navone - mus\u00e9e de rome - Palais Braschi\" width=\"106\" vspace=\"3\" hspace=\"3\" height=\"154\" border=\"0\"><\/a> Vista su Piazza Navona<br><a href=\"https:\/\/www.rome-roma.net\/photos\/museodiroma-palazzobraschi\/images\/agostinotassi_lalberodellacuccagnasullapiazzadelcampidoglio_1632_2110.jpg\" rel=\"lightbox[a]\"><img loading=\"lazy\" src=\"https:\/\/www.rome-roma.net\/photos\/museodiroma-palazzobraschi\/thumbnails\/agostinotassi_lalberodellacuccagnasullapiazzadelcampidoglio_1632_2110.jpg\" alt=\"Agostino Tassi, l'albero della cuccagna sulla piazza del campidoglio (1632)\" width=\"106\" vspace=\"3\" hspace=\"3\" height=\"154\" border=\"0\"><\/a> Agostino Tassi,<em> l&#8217;albero della cuccagna sulla piazza del campidoglio<\/em> (1632)<br><a href=\"https:\/\/www.rome-roma.net\/photos\/museodiroma-palazzobraschi\/images\/artistadel17_corteopapaleapontesantangelo_1637_2127.jpg\" rel=\"lightbox[a]\"><img loading=\"lazy\" src=\"https:\/\/www.rome-roma.net\/photos\/museodiroma-palazzobraschi\/thumbnails\/artistadel17_corteopapaleapontesantangelo_1637_2127.jpg\" alt=\"Artista del 17e, corteo papale a ponte sant angelo (1637)\" width=\"154\" vspace=\"3\" hspace=\"3\" height=\"106\" border=\"0\"><\/a> Artista del 17e, <em>corteo papale a ponte sant&#8217;angelo<\/em> (1637)<br><a href=\"https:\/\/www.rome-roma.net\/photos\/museodiroma-palazzobraschi\/images\/artistadel17primameta_giocodellebocceallefaldedelgianicolo_2123.jpg\" rel=\"lightbox[a]\"><img loading=\"lazy\" src=\"https:\/\/www.rome-roma.net\/photos\/museodiroma-palazzobraschi\/thumbnails\/artistadel17primameta_giocodellebocceallefaldedelgianicolo_2123.jpg\" alt=\"Artista della prima meta del 17e, gioco delle bocce alle falde del gianicolo\" width=\"154\" vspace=\"3\" hspace=\"3\" height=\"106\" border=\"0\"><\/a> Artista della prima meta del 17e, <em>gioco delle bocce alle falde del gianicolo<\/em><br><a href=\"https:\/\/www.rome-roma.net\/photos\/museodiroma-palazzobraschi\/images\/artistadel17secondameta_lapesteatrasteverenel1656_2125.jpg\" rel=\"lightbox[a]\"><img loading=\"lazy\" src=\"https:\/\/www.rome-roma.net\/photos\/museodiroma-palazzobraschi\/thumbnails\/artistadel17secondameta_lapesteatrasteverenel1656_2125.jpg\" alt=\"Artista del 17e, seconda meta, La peste a trastevere nel 1656\" width=\"106\" vspace=\"3\" hspace=\"3\" height=\"154\" border=\"0\"><\/a> Artista del 17e, seconda meta, <em>La peste a trastevere nel 1656<\/em><br><a href=\"https:\/\/www.rome-roma.net\/photos\/museodiroma-palazzobraschi\/images\/bartholomeusbreemberg_fantasiadiveduteromane_ca1629_2140.jpg\" rel=\"lightbox[a]\"><img loading=\"lazy\" src=\"https:\/\/www.rome-roma.net\/photos\/museodiroma-palazzobraschi\/thumbnails\/bartholomeusbreemberg_fantasiadiveduteromane_ca1629_2140.jpg\" alt=\"Circa 1629, Bartholomeus Breemberg, Fantasia di vedute romane\" width=\"154\" vspace=\"3\" hspace=\"3\" height=\"106\" border=\"0\"><\/a> Circa 1629, Bartholomeus Breemberg, <em>Fantasia di vedute romane<\/em><br><a href=\"https:\/\/www.rome-roma.net\/photos\/museodiroma-palazzobraschi\/images\/charleslacroix_festanotturnanelladarsenadicivitavecchia_1763_2130.jpg\" rel=\"lightbox[a]\"><img loading=\"lazy\" src=\"https:\/\/www.rome-roma.net\/photos\/museodiroma-palazzobraschi\/thumbnails\/charleslacroix_festanotturnanelladarsenadicivitavecchia_1763_2130.jpg\" alt=\"Charles la Croix, Festa notturna nella darsena di Civitavecchia, 1763\" width=\"154\" vspace=\"3\" hspace=\"3\" height=\"106\" border=\"0\"><\/a> Charles la Croix, <em>Festa notturna nella darsena di Civitavecchia<\/em>, 1763<\/p>\n<p><!--StartFragment--><\/p>\n\n<style id=\"kt-blocks_6834cd-86\" type=\"text\/css\">.kt-accordion-id_6834cd-86 .kt-accordion-panel-inner {background:#ffffff;border-width:0px 1px 1px 1px;}.kt-accordion-id_6834cd-86 .kt-blocks-accordion-header {color:#313131;background:#bb9cd9;border-color:#eeeeee #eeeeee #eeeeee #eeeeee;font-size:18px;line-height:24px;border-radius:0px 0px 0px 0px;border-width:1px 1px 1px 2px;padding:14px 16px 14px 16px;margin-top:10px;}.kt-accordion-id_6834cd-86 .kt-blocks-accordion-header .kt-btn-svg-icon svg {width:18px;height:18px;}.kt-accordion-id_6834cd-86:not( .kt-accodion-icon-style-basiccircle ):not( .kt-accodion-icon-style-xclosecircle ):not( .kt-accodion-icon-style-arrowcircle ) .kt-blocks-accordion-icon-trigger:after, .kt-accordion-id_6834cd-86:not( .kt-accodion-icon-style-basiccircle ):not( .kt-accodion-icon-style-xclosecircle ):not( .kt-accodion-icon-style-arrowcircle ) .kt-blocks-accordion-icon-trigger:before {background:#313131;}.kt-accordion-id_6834cd-86:not( .kt-accodion-icon-style-basic ):not( .kt-accodion-icon-style-xclose ):not( .kt-accodion-icon-style-arrow ) .kt-blocks-accordion-icon-trigger {background:#313131;}.kt-accordion-id_6834cd-86:not( .kt-accodion-icon-style-basic ):not( .kt-accodion-icon-style-xclose ):not( .kt-accodion-icon-style-arrow ) .kt-blocks-accordion-icon-trigger:after, .kt-accordion-id_6834cd-86:not( .kt-accodion-icon-style-basic ):not( .kt-accodion-icon-style-xclose ):not( .kt-accodion-icon-style-arrow ) .kt-blocks-accordion-icon-trigger:before {background:#bb9cd9;}.kt-accordion-id_6834cd-86 .kt-blocks-accordion-header:hover, .kt-accordion-id_6834cd-86 .kt-blocks-accordion-header:focus {color:#eeeeee;background:#bb9cd9;border-color:#d4d4d4 #d4d4d4 #d4d4d4 #d4d4d4;}.kt-accordion-id_6834cd-86:not( .kt-accodion-icon-style-basiccircle ):not( .kt-accodion-icon-style-xclosecircle ):not( .kt-accodion-icon-style-arrowcircle ) .kt-blocks-accordion-header:hover .kt-blocks-accordion-icon-trigger:after, .kt-accordion-id_6834cd-86:not( .kt-accodion-icon-style-basiccircle ):not( .kt-accodion-icon-style-xclosecircle ):not( .kt-accodion-icon-style-arrowcircle ) .kt-blocks-accordion-header:hover .kt-blocks-accordion-icon-trigger:before, .kt-accordion-id_6834cd-86:not( .kt-accodion-icon-style-basiccircle ):not( .kt-accodion-icon-style-xclosecircle ):not( .kt-accodion-icon-style-arrowcircle ) .kt-blocks-accordion-header:focus .kt-blocks-accordion-icon-trigger:after, .kt-accordion-id_6834cd-86:not( .kt-accodion-icon-style-basiccircle ):not( .kt-accodion-icon-style-xclosecircle ):not( .kt-accodion-icon-style-arrowcircle ) .kt-blocks-accordion-header:focus .kt-blocks-accordion-icon-trigger:before {background:#eeeeee;}.kt-accordion-id_6834cd-86:not( .kt-accodion-icon-style-basic ):not( .kt-accodion-icon-style-xclose ):not( .kt-accodion-icon-style-arrow ) .kt-blocks-accordion-header:hover .kt-blocks-accordion-icon-trigger, .kt-accordion-id_6834cd-86:not( .kt-accodion-icon-style-basic ):not( .kt-accodion-icon-style-xclose ):not( .kt-accodion-icon-style-arrow ) .kt-blocks-accordion-header:focus .kt-blocks-accordion-icon-trigger {background:#eeeeee;}.kt-accordion-id_6834cd-86:not( .kt-accodion-icon-style-basic ):not( .kt-accodion-icon-style-xclose ):not( .kt-accodion-icon-style-arrow ) .kt-blocks-accordion-header:hover .kt-blocks-accordion-icon-trigger:after, .kt-accordion-id_6834cd-86:not( .kt-accodion-icon-style-basic ):not( .kt-accodion-icon-style-xclose ):not( .kt-accodion-icon-style-arrow ) .kt-blocks-accordion-header:hover .kt-blocks-accordion-icon-trigger:before, .kt-accordion-id_6834cd-86:not( .kt-accodion-icon-style-basic ):not( .kt-accodion-icon-style-xclose ):not( .kt-accodion-icon-style-arrow ) .kt-blocks-accordion-header:focus .kt-blocks-accordion-icon-trigger:after, .kt-accordion-id_6834cd-86:not( .kt-accodion-icon-style-basic ):not( .kt-accodion-icon-style-xclose ):not( .kt-accodion-icon-style-arrow ) .kt-blocks-accordion-header:focus .kt-blocks-accordion-icon-trigger:before {background:#bb9cd9;}.kt-accordion-id_6834cd-86 .kt-blocks-accordion-header.kt-accordion-panel-active {color:#444444;background:#ffffff;border-color:#eeeeee #eeeeee #eeeeee #0e9cd1;}.kt-accordion-id_6834cd-86:not( .kt-accodion-icon-style-basiccircle ):not( .kt-accodion-icon-style-xclosecircle ):not( .kt-accodion-icon-style-arrowcircle ) .kt-blocks-accordion-header.kt-accordion-panel-active .kt-blocks-accordion-icon-trigger:after, .kt-accordion-id_6834cd-86:not( .kt-accodion-icon-style-basiccircle ):not( .kt-accodion-icon-style-xclosecircle ):not( .kt-accodion-icon-style-arrowcircle ) .kt-blocks-accordion-header.kt-accordion-panel-active .kt-blocks-accordion-icon-trigger:before {background:#444444;}.kt-accordion-id_6834cd-86:not( .kt-accodion-icon-style-basic ):not( .kt-accodion-icon-style-xclose ):not( .kt-accodion-icon-style-arrow ) .kt-blocks-accordion-header.kt-accordion-panel-active .kt-blocks-accordion-icon-trigger {background:#444444;}.kt-accordion-id_6834cd-86:not( .kt-accodion-icon-style-basic ):not( .kt-accodion-icon-style-xclose ):not( .kt-accodion-icon-style-arrow ) .kt-blocks-accordion-header.kt-accordion-panel-active .kt-blocks-accordion-icon-trigger:after, .kt-accordion-id_6834cd-86:not( .kt-accodion-icon-style-basic ):not( .kt-accodion-icon-style-xclose ):not( .kt-accodion-icon-style-arrow ) .kt-blocks-accordion-header.kt-accordion-panel-active .kt-blocks-accordion-icon-trigger:before {background:#ffffff;}<\/style>\n<div class=\"wp-block-kadence-accordion alignnone\"><div class=\"kt-accordion-wrap kt-accordion-wrap kt-accordion-id_6834cd-86 kt-accordion-has-2-panes kt-active-pane-0 kt-accordion-block kt-pane-header-alignment-left kt-accodion-icon-style-arrow kt-accodion-icon-side-right\" style=\"max-width:none\"><div class=\"kt-accordion-inner-wrap\" data-allow-multiple-open=\"true\" data-start-open=\"none\">\n<div class=\"wp-block-kadence-pane kt-accordion-pane kt-accordion-pane-1 kt-pane_aa68e9-f6\"><div class=\"kt-accordion-header-wrap\"><button class=\"kt-blocks-accordion-header kt-acccordion-button-label-show\"><div class=\"kt-blocks-accordion-title-wrap\"><span class=\"kt-blocks-accordion-title\">Pi\u00f9 di fotografie del museo<\/span><\/div><div class=\"kt-blocks-accordion-icon-trigger\"><\/div><\/button><\/div><div class=\"kt-accordion-panel\"><div class=\"kt-accordion-panel-inner\">\n<p><a href=\"https:\/\/www.rome-roma.net\/photos\/museodiroma-palazzobraschi\/images\/ducros_vistadipio6allepaludipontine_1786_2107.jpg\" rel=\"lightbox[a]\"><img loading=\"lazy\" src=\"https:\/\/www.rome-roma.net\/photos\/museodiroma-palazzobraschi\/thumbnails\/ducros_vistadipio6allepaludipontine_1786_2107.jpg\" alt=\"Ducros, Vista di pio 6 alle paludi pontine, 1786\" width=\"154\" vspace=\"3\" hspace=\"3\" height=\"106\" border=\"0\"><\/a> Ducros, <em>Vista di pio 6 alle paludi pontine<\/em>, 1786<br><a href=\"https:\/\/www.rome-roma.net\/photos\/museodiroma-palazzobraschi\/images\/filippogagliardi_visitadiinnocenzoxallafontanadeifiumiapiazzanavona_1651ca_2134.jpg\" rel=\"lightbox[a]\"><img loading=\"lazy\" src=\"https:\/\/www.rome-roma.net\/photos\/museodiroma-palazzobraschi\/thumbnails\/filippogagliardi_visitadiinnocenzoxallafontanadeifiumiapiazzanavona_1651ca_2134.jpg\" alt=\"Filippo Gagliardi, Visita di Innocenzo X alla fontana dei fiumi a piazza Navona, circa 1651\" width=\"106\" vspace=\"3\" hspace=\"3\" height=\"154\" border=\"0\"><\/a> Filippo Gagliardi, <em>Visita di Innocenzo X alla fontana dei fiumi a piazza Navona<\/em>, circa 1651<br><a href=\"https:\/\/www.rome-roma.net\/photos\/museodiroma-palazzobraschi\/images\/francescocoghetti_trionfodiercole_ca1839_2157.jpg\" rel=\"lightbox[a]\"><img loading=\"lazy\" class=\"header\" src=\"https:\/\/www.rome-roma.net\/photos\/museodiroma-palazzobraschi\/thumbnails\/francescocoghetti_trionfodiercole_ca1839_2157.jpg\" alt=\"Francesco Coghetti, Trionfo di Ercole, circa 1839\" width=\"154\" vspace=\"3\" hspace=\"3\" height=\"106\" border=\"0\"><\/a> Francesco Coghetti, <em>Trionfo di Ercole<\/em>, circa 1839<br><a href=\"https:\/\/www.rome-roma.net\/photos\/museodiroma-palazzobraschi\/images\/francescopodesti_tolettadivenere_ca1837_2159.jpg\" rel=\"lightbox[a]\"><img loading=\"lazy\" src=\"https:\/\/www.rome-roma.net\/photos\/museodiroma-palazzobraschi\/thumbnails\/francescopodesti_tolettadivenere_ca1837_2159.jpg\" alt=\"Francesco Podesti, Toletta di Venere, circa 1837\" width=\"154\" vspace=\"3\" hspace=\"3\" height=\"106\" border=\"0\"><\/a> Francesco Podesti, <em>Toletta di Venere<\/em>, circa 1837<br><a href=\"https:\/\/www.rome-roma.net\/photos\/museodiroma-palazzobraschi\/images\/gasparvanwittel_viadiportapinciana_ca1690_2138.jpg\" rel=\"lightbox[a]\"><img loading=\"lazy\" src=\"https:\/\/www.rome-roma.net\/photos\/museodiroma-palazzobraschi\/thumbnails\/gasparvanwittel_viadiportapinciana_ca1690_2138.jpg\" alt=\"Gaspar van Wittel, Via di Porta Pinciana, circa 1690\" width=\"154\" vspace=\"3\" hspace=\"3\" height=\"106\" border=\"0\"><\/a> Gaspar van Wittel, <em>Via di Porta Pinciana<\/em>, circa 1690<br><a href=\"https:\/\/www.rome-roma.net\/photos\/museodiroma-palazzobraschi\/images\/hendrikwommers_forotraiano_secondametadel16e_2132.jpg\" rel=\"lightbox[a]\"><img loading=\"lazy\" src=\"https:\/\/www.rome-roma.net\/photos\/museodiroma-palazzobraschi\/thumbnails\/hendrikwommers_forotraiano_secondametadel16e_2132.jpg\" alt=\"Hendrik Wommers, Foro Traiano, seconda meta del 16e\" width=\"106\" vspace=\"3\" hspace=\"3\" height=\"154\" border=\"0\"><\/a> Hendrik Wommers, <em>Foro Traiano<\/em>, seconda meta del 16e<br><a href=\"https:\/\/www.rome-roma.net\/photos\/museodiroma-palazzobraschi\/images\/ignotopittore_corteopapaleapiazzadelcampidoglio_meta17e_2109.jpg\" rel=\"lightbox[a]\"><img loading=\"lazy\" src=\"https:\/\/www.rome-roma.net\/photos\/museodiroma-palazzobraschi\/thumbnails\/ignotopittore_corteopapaleapiazzadelcampidoglio_meta17e_2109.jpg\" alt=\"Ignoto, Corteo papale a piazza del Campidoglio, meta 17e\" width=\"154\" vspace=\"3\" hspace=\"3\" height=\"106\" border=\"0\"><\/a> Ignoto,<em> Corteo papale a piazza del Campidoglio<\/em>, meta 17e<br><a href=\"https:\/\/www.rome-roma.net\/photos\/museodiroma-palazzobraschi\/images\/ilgiovane_assembramentodidonneinpiazzadelcampidoglio_inizio17e_2113.jpg\" rel=\"lightbox[a]\"><img loading=\"lazy\" src=\"https:\/\/www.rome-roma.net\/photos\/museodiroma-palazzobraschi\/thumbnails\/ilgiovane_assembramentodidonneinpiazzadelcampidoglio_inizio17e_2113.jpg\" alt=\"Il Giovane, Assembramento di donne in piazza del Campidoglio, inizio17e\" width=\"154\" vspace=\"3\" hspace=\"3\" height=\"106\" border=\"0\"><\/a> Il Giovane, <em>Assembramento di donne in piazza del Campidoglio<\/em>, inizio17e<br><a href=\"https:\/\/www.rome-roma.net\/photos\/museodiroma-palazzobraschi\/images\/ippolitocaffi_aquedotto_2152.jpg\" rel=\"lightbox[a]\"><img loading=\"lazy\" src=\"https:\/\/www.rome-roma.net\/photos\/museodiroma-palazzobraschi\/thumbnails\/ippolitocaffi_aquedotto_2152.jpg\" alt=\"Ippolito Caffi, aquedotto\" width=\"154\" vspace=\"3\" hspace=\"3\" height=\"106\" border=\"0\"><\/a> Ippolito Caffi, <em>aquedotto<\/em><br><a href=\"https:\/\/www.rome-roma.net\/photos\/museodiroma-palazzobraschi\/images\/ippolitocaffi_arcodidrusoeportasansebastiano_ca1837_2148.jpg\" rel=\"lightbox[a]\"><img loading=\"lazy\" src=\"https:\/\/www.rome-roma.net\/photos\/museodiroma-palazzobraschi\/thumbnails\/ippolitocaffi_arcodidrusoeportasansebastiano_ca1837_2148.jpg\" alt=\"Ippolito Caffi, arco di druso e porta San Sebastiano, circa 1837\" width=\"154\" vspace=\"3\" hspace=\"3\" height=\"122\" border=\"0\"><\/a> Ippolito Caffi, <em>arco di druso e porta San Sebastiano<\/em>, circa 1837<br><a href=\"https:\/\/www.rome-roma.net\/photos\/museodiroma-palazzobraschi\/images\/ippolitocaffi_arcodisettimiosevero_1857_2153.jpg\" rel=\"lightbox[a]\"><img loading=\"lazy\" src=\"https:\/\/www.rome-roma.net\/photos\/museodiroma-palazzobraschi\/thumbnails\/ippolitocaffi_arcodisettimiosevero_1857_2153.jpg\" alt=\"Ippolito Caffi, arco di Settimio Severo, 1857\" width=\"108\" vspace=\"3\" hspace=\"3\" height=\"154\" border=\"0\"><\/a> Ippolito Caffi,<em> arco di Settimio Severo<\/em>, 1857<br><a href=\"https:\/\/www.rome-roma.net\/photos\/museodiroma-palazzobraschi\/images\/ippolitocaffi_bagnidipaoloemilio_1857_2146.jpg\" rel=\"lightbox[a]\"><img loading=\"lazy\" src=\"https:\/\/www.rome-roma.net\/photos\/museodiroma-palazzobraschi\/thumbnails\/ippolitocaffi_bagnidipaoloemilio_1857_2146.jpg\" alt=\"Ippolito Caffi, bagni di Paolo Emilio, 1857\" width=\"154\" vspace=\"3\" hspace=\"3\" height=\"106\" border=\"0\"><\/a> Ippolito Caffi, <em>bagni di Paolo Emilio<\/em>, 1857<br><a href=\"https:\/\/www.rome-roma.net\/photos\/museodiroma-palazzobraschi\/images\/ippolitocaffi_colosseo_2155.jpg\" rel=\"lightbox[a]\"><img loading=\"lazy\" src=\"https:\/\/www.rome-roma.net\/photos\/museodiroma-palazzobraschi\/thumbnails\/ippolitocaffi_colosseo_2155.jpg\" alt=\"Ippolito Caffi, Colosseo\" width=\"154\" vspace=\"3\" hspace=\"3\" height=\"106\" border=\"0\"><\/a> Ippolito Caffi, <em>Colosseo<\/em><\/p>\n<p><a href=\"https:\/\/www.rome-roma.net\/photos\/museodiroma-palazzobraschi\/images\/ippolitocaffi_colosseo_2156.jpg\" rel=\"lightbox[a]\"><img loading=\"lazy\" src=\"https:\/\/www.rome-roma.net\/photos\/museodiroma-palazzobraschi\/thumbnails\/ippolitocaffi_colosseo_2156.jpg\" alt=\"Ippolito Caffi, Colosseo\" width=\"154\" vspace=\"3\" hspace=\"3\" height=\"106\" border=\"0\"><\/a> Ippolito Caffi, <em>Colosseo<\/em><br><a href=\"https:\/\/www.rome-roma.net\/photos\/museodiroma-palazzobraschi\/images\/ippolitocaffi_festadegliartistiatorcervara_1844_2150.jpg\" rel=\"lightbox[a]\"><img loading=\"lazy\" src=\"https:\/\/www.rome-roma.net\/photos\/museodiroma-palazzobraschi\/thumbnails\/ippolitocaffi_festadegliartistiatorcervara_1844_2150.jpg\" alt=\"Ippolito Caffi, Festa degli artisti a tor Cervara, 1844\" width=\"154\" vspace=\"3\" hspace=\"3\" height=\"106\" border=\"0\"><\/a> Ippolito Caffi, <em>Festa degli artisti a tor Cervara<\/em>, 1844<br><a href=\"https:\/\/www.rome-roma.net\/photos\/museodiroma-palazzobraschi\/images\/ippolitocaffi_piazzadimontecavalloodelquirinale_1847_2144.jpg\" rel=\"lightbox[a]\"><img loading=\"lazy\" src=\"https:\/\/www.rome-roma.net\/photos\/museodiroma-palazzobraschi\/thumbnails\/ippolitocaffi_piazzadimontecavalloodelquirinale_1847_2144.jpg\" alt=\"Ippolito Caffi, Piazza di Monte Cavallo del Quirinale, 1847\" width=\"154\" vspace=\"3\" hspace=\"3\" height=\"106\" border=\"0\"><\/a> Ippolito Caffi,<em> Piazza di Monte Cavallo del Quirinale<\/em>, 1847<br><a href=\"https:\/\/www.rome-roma.net\/photos\/museodiroma-palazzobraschi\/images\/jeanlemaire_vedutafantasticaconarcodiportogallotempiodivenere_primametaxviie_2136.jpg\" rel=\"lightbox[a]\"><img loading=\"lazy\" src=\"https:\/\/www.rome-roma.net\/photos\/museodiroma-palazzobraschi\/thumbnails\/jeanlemaire_vedutafantasticaconarcodiportogallotempiodivenere_primametaxviie_2136.jpg\" alt=\"Jean le Maire, Veduta fantastica con arco di porto gallo tempio di venere, prima meta del XVIIe\" width=\"154\" vspace=\"3\" hspace=\"3\" height=\"106\" border=\"0\"><\/a> Jean le Maire, <em>Veduta fantastica con arco di porto gallo tempio di venere<\/em>, prima meta del XVIIe<br><a href=\"https:\/\/www.rome-roma.net\/photos\/museodiroma-palazzobraschi\/images\/louisrouhier_fontanadeifiumiinpiazzanavona_1652_2117.jpg\" rel=\"lightbox[a]\"><img loading=\"lazy\" src=\"https:\/\/www.rome-roma.net\/photos\/museodiroma-palazzobraschi\/thumbnails\/louisrouhier_fontanadeifiumiinpiazzanavona_1652_2117.jpg\" alt=\"Louis Rouhier, fontana dei fiumi in piazza navona, 1652\" width=\"106\" vspace=\"3\" hspace=\"3\" height=\"154\" border=\"0\"><\/a> Louis Rouhier,<em> fontana dei fiumi in piazza navona<\/em>, 1652<\/p>\n<p><a href=\"https:\/\/www.rome-roma.net\/photos\/museodiroma-palazzobraschi\/images\/museodiroma_2106.jpg\" rel=\"lightbox[a]\"><img loading=\"lazy\" src=\"https:\/\/www.rome-roma.net\/photos\/museodiroma-palazzobraschi\/thumbnails\/museodiroma_2106.jpg\" alt=\"mus\u00e9e de rome - Palais Braschi\" width=\"154\" vspace=\"3\" hspace=\"3\" height=\"106\" border=\"0\"><\/a> Museo di Roma, H\u00e9l\u00e8ne<\/p>\n<p><a href=\"https:\/\/www.rome-roma.net\/photos\/museodiroma-palazzobraschi\/images\/museodiroma_2129.jpg\" rel=\"lightbox[a]\"><img loading=\"lazy\" src=\"https:\/\/www.rome-roma.net\/photos\/museodiroma-palazzobraschi\/thumbnails\/museodiroma_2129.jpg\" alt=\"mus\u00e9e de rome - Palais Braschi\" width=\"154\" vspace=\"3\" hspace=\"3\" height=\"106\" border=\"0\"><\/a> Museo di Roma, dipinto <br><a href=\"https:\/\/www.rome-roma.net\/photos\/museodiroma-palazzobraschi\/images\/museodiroma_2163.jpg\" rel=\"lightbox[a]\"><img loading=\"lazy\" src=\"https:\/\/www.rome-roma.net\/photos\/museodiroma-palazzobraschi\/thumbnails\/museodiroma_2163.jpg\" alt=\"mus\u00e9e de rome - Palais Braschi\" width=\"106\" vspace=\"3\" hspace=\"3\" height=\"154\" border=\"0\"><\/a> Museo di Roma, dipinto <br><a href=\"https:\/\/www.rome-roma.net\/photos\/museodiroma-palazzobraschi\/images\/pietrogagliardi_trionfodivenere_ca1837_2161.jpg\" rel=\"lightbox[a]\"><img loading=\"lazy\" src=\"https:\/\/www.rome-roma.net\/photos\/museodiroma-palazzobraschi\/thumbnails\/pietrogagliardi_trionfodivenere_ca1837_2161.jpg\" alt=\"Pietro Gagliardi, trionfo di Venere, circa 1837\" width=\"154\" vspace=\"3\" hspace=\"3\" height=\"106\" border=\"0\"><\/a> Pietro Gagliardi, trionfo di Venere, circa 1837<br><a href=\"https:\/\/www.rome-roma.net\/photos\/museodiroma-palazzobraschi\/images\/willelmvannieulandt_vedutadipiazzasangiovanniinlaterano_1614_2120.jpg\" rel=\"lightbox[a]\"><img loading=\"lazy\" src=\"https:\/\/www.rome-roma.net\/photos\/museodiroma-palazzobraschi\/thumbnails\/willelmvannieulandt_vedutadipiazzasangiovanniinlaterano_1614_2120.jpg\" alt=\"Willelm van Nieulandt, veduta di piazza san giovanni in laterano, 1614\" width=\"154\" vspace=\"3\" hspace=\"3\" height=\"111\" border=\"0\"><\/a> Willelm van Nieulandt, <em>veduta di piazza san giovanni in laterano<\/em>, 1614<\/p>\n<p><a href=\"https:\/\/www.rome-roma.net\/photos\/museodiroma-palazzobraschi\/images\/wouters_corteoalquinrinaleperlingressodellambasciatoreflorianodiliechtenstein_1692_2115.jpg\" rel=\"lightbox[a]\"><img loading=\"lazy\" src=\"https:\/\/www.rome-roma.net\/photos\/museodiroma-palazzobraschi\/thumbnails\/wouters_corteoalquinrinaleperlingressodellambasciatoreflorianodiliechtenstein_1692_2115.jpg\" alt=\"Wouters, corteo al quirinale per l'ingresso dell ambasciatore Floriano di Liechtenstein, 1692\" width=\"154\" vspace=\"3\" hspace=\"3\" height=\"106\" border=\"0\"><\/a> Wouters,<em> corteo al quirinale per l&#8217;ingresso dell ambasciatore Floriano di Liechtenstein<\/em>, 1692<br><a href=\"https:\/\/www.rome-roma.net\/photos\/museodiroma-palazzobraschi\/images\/paoloanesiepaolomonaldi_vedutadelcampidoglioedelfororomano_ca1770_2142.jpg\" rel=\"lightbox[a]\"><img loading=\"lazy\" src=\"https:\/\/www.rome-roma.net\/photos\/museodiroma-palazzobraschi\/thumbnails\/paoloanesiepaolomonaldi_vedutadelcampidoglioedelfororomano_ca1770_2142.jpg\" alt=\"Paolo Anesi e Paolo Monaldi, veduta del campidoglio e del foro romano, circa 1770 \" width=\"154\" vspace=\"3\" hspace=\"3\" height=\"106\" border=\"0\"><\/a> Paolo Anesi e Paolo Monaldi, <em>veduta del campidoglio e del foro romano<\/em>, circa 1770<\/p>\n\n\n\n<p><\/p>\n<\/div><\/div><\/div>\n<\/div><\/div><\/div>\n\n\n<p><!--EndFragment--><\/p>","protected":false},"excerpt":{"rendered":"<p>Il Museo di Roma, situato nel prestigioso Palazzo Braschi, ospita una vasta collezione di opere d&#8217;arte legate alla storia della citt\u00e0, dal Medioevo all&#8217;inizio del XX secolo. Le Collezioni del Museo di Roma Le collezioni del Museo di Roma offrono una panoramica completa della storia culturale, topografica, architettonica, sociale e artistica della capitale. Tra i [&hellip;]<\/p>\n","protected":false},"featured_media":0,"parent":0,"menu_order":0,"comment_status":"open","ping_status":"open","template":"","format":"standard","meta":{"kt_blocks_editor_width":"","_links_to":"","_links_to_target":""},"genre":[275,277],"interet":[286],"quartier":[322],"categorie_site":[362,391,411],"quartier_historique":[450],"etiquettes_site":[],"acf":[],"yoast_head":"<!-- This site is optimized with the Yoast SEO plugin v17.4 - https:\/\/yoast.com\/wordpress\/plugins\/seo\/ -->\n<title>Museo di Roma e Palazzo Braschi &ndash; Rome-Roma<\/title>\n<meta name=\"description\" content=\"Il Museo di Roma del Palazzo Braschi \u00e8 dedicato alla citt\u00e0 di Roma, dal Medioevo all&#039;inizio del XX secolo, con numerose opere che documentano sua storia\" \/>\n<meta name=\"robots\" content=\"index, follow, max-snippet:-1, max-image-preview:large, max-video-preview:-1\" \/>\n<link rel=\"canonical\" href=\"https:\/\/www.rome-roma.net\/it\/museo-di-roma-palazzo-braschi\/\" \/>\n<meta property=\"og:locale\" content=\"it_IT\" \/>\n<meta property=\"og:type\" content=\"article\" \/>\n<meta property=\"og:title\" content=\"Museo di Roma e Palazzo Braschi &ndash; Rome-Roma\" \/>\n<meta property=\"og:description\" content=\"Il Museo di Roma del Palazzo Braschi \u00e8 dedicato alla citt\u00e0 di Roma, dal Medioevo all&#039;inizio del XX secolo, con numerose opere che documentano sua storia\" \/>\n<meta property=\"og:url\" content=\"https:\/\/www.rome-roma.net\/it\/museo-di-roma-palazzo-braschi\/\" \/>\n<meta property=\"og:site_name\" content=\"Rome-Roma\" \/>\n<meta property=\"article:modified_time\" content=\"2026-04-05T20:45:07+00:00\" \/>\n<meta property=\"og:image\" content=\"https:\/\/www.rome-roma.net\/photos\/museodiroma-palazzobraschi\/images\/museodiroma_palazzobraschi_2104.jpg\" \/>\n<meta name=\"twitter:card\" content=\"summary_large_image\" \/>\n<meta name=\"twitter:label1\" content=\"Tempo di lettura stimato\" \/>\n\t<meta name=\"twitter:data1\" content=\"13 minuti\" \/>\n<script type=\"application\/ld+json\" class=\"yoast-schema-graph\">{\"@context\":\"https:\/\/schema.org\",\"@graph\":[{\"@type\":\"Organization\",\"@id\":\"https:\/\/www.rome-roma.net\/it\/#organization\",\"name\":\"Rome-Roma\",\"url\":\"https:\/\/www.rome-roma.net\/it\/\",\"sameAs\":[],\"logo\":{\"@type\":\"ImageObject\",\"@id\":\"https:\/\/www.rome-roma.net\/it\/#logo\",\"inLanguage\":\"it-IT\",\"url\":\"https:\/\/www.rome-roma.net\/wp-content\/uploads\/2025\/07\/logo-rome-roma-420.jpg\",\"contentUrl\":\"https:\/\/www.rome-roma.net\/wp-content\/uploads\/2025\/07\/logo-rome-roma-420.jpg\",\"width\":420,\"height\":420,\"caption\":\"Rome-Roma\"},\"image\":{\"@id\":\"https:\/\/www.rome-roma.net\/it\/#logo\"}},{\"@type\":\"WebSite\",\"@id\":\"https:\/\/www.rome-roma.net\/it\/#website\",\"url\":\"https:\/\/www.rome-roma.net\/it\/\",\"name\":\"Rome-Roma\",\"description\":\"Cultura & Viaggio\",\"publisher\":{\"@id\":\"https:\/\/www.rome-roma.net\/it\/#organization\"},\"potentialAction\":[{\"@type\":\"SearchAction\",\"target\":{\"@type\":\"EntryPoint\",\"urlTemplate\":\"https:\/\/www.rome-roma.net\/it\/?s={search_term_string}\"},\"query-input\":\"required name=search_term_string\"}],\"inLanguage\":\"it-IT\"},{\"@type\":\"ImageObject\",\"@id\":\"https:\/\/www.rome-roma.net\/it\/museo-di-roma-palazzo-braschi\/#primaryimage\",\"inLanguage\":\"it-IT\",\"url\":\"https:\/\/www.rome-roma.net\/photos\/museodiroma-palazzobraschi\/images\/museodiroma_palazzobraschi_2104.jpg\",\"contentUrl\":\"https:\/\/www.rome-roma.net\/photos\/museodiroma-palazzobraschi\/images\/museodiroma_palazzobraschi_2104.jpg\"},{\"@type\":\"WebPage\",\"@id\":\"https:\/\/www.rome-roma.net\/it\/museo-di-roma-palazzo-braschi\/#webpage\",\"url\":\"https:\/\/www.rome-roma.net\/it\/museo-di-roma-palazzo-braschi\/\",\"name\":\"Museo di Roma e Palazzo Braschi &ndash; Rome-Roma\",\"isPartOf\":{\"@id\":\"https:\/\/www.rome-roma.net\/it\/#website\"},\"primaryImageOfPage\":{\"@id\":\"https:\/\/www.rome-roma.net\/it\/museo-di-roma-palazzo-braschi\/#primaryimage\"},\"datePublished\":\"2020-02-06T08:06:08+00:00\",\"dateModified\":\"2026-04-05T20:45:07+00:00\",\"description\":\"Il Museo di Roma del Palazzo Braschi \\u00e8 dedicato alla citt\\u00e0 di Roma, dal Medioevo all'inizio del XX secolo, con numerose opere che documentano sua storia\",\"breadcrumb\":{\"@id\":\"https:\/\/www.rome-roma.net\/it\/museo-di-roma-palazzo-braschi\/#breadcrumb\"},\"inLanguage\":\"it-IT\",\"potentialAction\":[{\"@type\":\"ReadAction\",\"target\":[\"https:\/\/www.rome-roma.net\/it\/museo-di-roma-palazzo-braschi\/\"]}]},{\"@type\":\"BreadcrumbList\",\"@id\":\"https:\/\/www.rome-roma.net\/it\/museo-di-roma-palazzo-braschi\/#breadcrumb\",\"itemListElement\":[{\"@type\":\"ListItem\",\"position\":1,\"name\":\"Accueil\",\"item\":\"https:\/\/www.rome-roma.net\/it\/\"},{\"@type\":\"ListItem\",\"position\":2,\"name\":\"Museo di Roma e Palazzo Braschi\"}]}]}<\/script>\n<!-- \/ Yoast SEO plugin. -->","yoast_head_json":{"title":"Museo di Roma e Palazzo Braschi &ndash; Rome-Roma","description":"Il Museo di Roma del Palazzo Braschi \u00e8 dedicato alla citt\u00e0 di Roma, dal Medioevo all'inizio del XX secolo, con numerose opere che documentano sua storia","robots":{"index":"index","follow":"follow","max-snippet":"max-snippet:-1","max-image-preview":"max-image-preview:large","max-video-preview":"max-video-preview:-1"},"canonical":"https:\/\/www.rome-roma.net\/it\/museo-di-roma-palazzo-braschi\/","og_locale":"it_IT","og_type":"article","og_title":"Museo di Roma e Palazzo Braschi &ndash; Rome-Roma","og_description":"Il Museo di Roma del Palazzo Braschi \u00e8 dedicato alla citt\u00e0 di Roma, dal Medioevo all'inizio del XX secolo, con numerose opere che documentano sua storia","og_url":"https:\/\/www.rome-roma.net\/it\/museo-di-roma-palazzo-braschi\/","og_site_name":"Rome-Roma","article_modified_time":"2026-04-05T20:45:07+00:00","og_image":[{"url":"https:\/\/www.rome-roma.net\/photos\/museodiroma-palazzobraschi\/images\/museodiroma_palazzobraschi_2104.jpg"}],"twitter_card":"summary_large_image","twitter_misc":{"Tempo di lettura stimato":"13 minuti"},"schema":{"@context":"https:\/\/schema.org","@graph":[{"@type":"Organization","@id":"https:\/\/www.rome-roma.net\/it\/#organization","name":"Rome-Roma","url":"https:\/\/www.rome-roma.net\/it\/","sameAs":[],"logo":{"@type":"ImageObject","@id":"https:\/\/www.rome-roma.net\/it\/#logo","inLanguage":"it-IT","url":"https:\/\/www.rome-roma.net\/wp-content\/uploads\/2025\/07\/logo-rome-roma-420.jpg","contentUrl":"https:\/\/www.rome-roma.net\/wp-content\/uploads\/2025\/07\/logo-rome-roma-420.jpg","width":420,"height":420,"caption":"Rome-Roma"},"image":{"@id":"https:\/\/www.rome-roma.net\/it\/#logo"}},{"@type":"WebSite","@id":"https:\/\/www.rome-roma.net\/it\/#website","url":"https:\/\/www.rome-roma.net\/it\/","name":"Rome-Roma","description":"Cultura & Viaggio","publisher":{"@id":"https:\/\/www.rome-roma.net\/it\/#organization"},"potentialAction":[{"@type":"SearchAction","target":{"@type":"EntryPoint","urlTemplate":"https:\/\/www.rome-roma.net\/it\/?s={search_term_string}"},"query-input":"required name=search_term_string"}],"inLanguage":"it-IT"},{"@type":"ImageObject","@id":"https:\/\/www.rome-roma.net\/it\/museo-di-roma-palazzo-braschi\/#primaryimage","inLanguage":"it-IT","url":"https:\/\/www.rome-roma.net\/photos\/museodiroma-palazzobraschi\/images\/museodiroma_palazzobraschi_2104.jpg","contentUrl":"https:\/\/www.rome-roma.net\/photos\/museodiroma-palazzobraschi\/images\/museodiroma_palazzobraschi_2104.jpg"},{"@type":"WebPage","@id":"https:\/\/www.rome-roma.net\/it\/museo-di-roma-palazzo-braschi\/#webpage","url":"https:\/\/www.rome-roma.net\/it\/museo-di-roma-palazzo-braschi\/","name":"Museo di Roma e Palazzo Braschi &ndash; Rome-Roma","isPartOf":{"@id":"https:\/\/www.rome-roma.net\/it\/#website"},"primaryImageOfPage":{"@id":"https:\/\/www.rome-roma.net\/it\/museo-di-roma-palazzo-braschi\/#primaryimage"},"datePublished":"2020-02-06T08:06:08+00:00","dateModified":"2026-04-05T20:45:07+00:00","description":"Il Museo di Roma del Palazzo Braschi \u00e8 dedicato alla citt\u00e0 di Roma, dal Medioevo all'inizio del XX secolo, con numerose opere che documentano sua storia","breadcrumb":{"@id":"https:\/\/www.rome-roma.net\/it\/museo-di-roma-palazzo-braschi\/#breadcrumb"},"inLanguage":"it-IT","potentialAction":[{"@type":"ReadAction","target":["https:\/\/www.rome-roma.net\/it\/museo-di-roma-palazzo-braschi\/"]}]},{"@type":"BreadcrumbList","@id":"https:\/\/www.rome-roma.net\/it\/museo-di-roma-palazzo-braschi\/#breadcrumb","itemListElement":[{"@type":"ListItem","position":1,"name":"Accueil","item":"https:\/\/www.rome-roma.net\/it\/"},{"@type":"ListItem","position":2,"name":"Museo di Roma e Palazzo Braschi"}]}]}},"acf_fields":{"nom_monument":"","wikidata":"Q3868175","sameas":""},"_links":{"self":[{"href":"https:\/\/www.rome-roma.net\/it\/wp-json\/wp\/v2\/site\/6926"}],"collection":[{"href":"https:\/\/www.rome-roma.net\/it\/wp-json\/wp\/v2\/site"}],"about":[{"href":"https:\/\/www.rome-roma.net\/it\/wp-json\/wp\/v2\/types\/site"}],"replies":[{"embeddable":true,"href":"https:\/\/www.rome-roma.net\/it\/wp-json\/wp\/v2\/comments?post=6926"}],"wp:attachment":[{"href":"https:\/\/www.rome-roma.net\/it\/wp-json\/wp\/v2\/media?parent=6926"}],"wp:term":[{"taxonomy":"genre","embeddable":true,"href":"https:\/\/www.rome-roma.net\/it\/wp-json\/wp\/v2\/genre?post=6926"},{"taxonomy":"interet","embeddable":true,"href":"https:\/\/www.rome-roma.net\/it\/wp-json\/wp\/v2\/interet?post=6926"},{"taxonomy":"quartier","embeddable":true,"href":"https:\/\/www.rome-roma.net\/it\/wp-json\/wp\/v2\/quartier?post=6926"},{"taxonomy":"categorie_site","embeddable":true,"href":"https:\/\/www.rome-roma.net\/it\/wp-json\/wp\/v2\/categorie_site?post=6926"},{"taxonomy":"quartier_historique","embeddable":true,"href":"https:\/\/www.rome-roma.net\/it\/wp-json\/wp\/v2\/quartier_historique?post=6926"},{"taxonomy":"etiquettes_site","embeddable":true,"href":"https:\/\/www.rome-roma.net\/it\/wp-json\/wp\/v2\/etiquettes_site?post=6926"}],"curies":[{"name":"wp","href":"https:\/\/api.w.org\/{rel}","templated":true}]}}