


{"id":6968,"date":"2020-01-19T11:49:45","date_gmt":"2020-01-19T10:49:45","guid":{"rendered":"https:\/\/www.rome-roma.net\/site\/museo-nazionale-romano\/musee-des-thermes-de-diocletien\/"},"modified":"2026-04-05T00:18:21","modified_gmt":"2026-04-04T22:18:21","slug":"museo-delle-terme-di-diocleziano","status":"publish","type":"site","link":"https:\/\/www.rome-roma.net\/it\/museo-nazionale-romano\/museo-delle-terme-di-diocleziano\/","title":{"rendered":"Museo delle Terme di Diocleziano"},"content":{"rendered":"<p>Questa sezione del <strong>Museo Nazionale Romano<\/strong>, ospitata in una parte delle vaste <strong>Terme di Diocleziano<\/strong>, \u00e8 in gran parte dedicata all&#8217;epigrafia.<br>\u00c8 uno dei musei pi\u00f9 importanti di questo tipo al mondo, con le sue 10.000 iscrizioni latine, che illustrano la nascita e la diffusione della scrittura latina. Una sezione \u00e8 dedicata alle popolazioni preistoriche della regione di Roma e dell&#8217;Italia.<\/p>\n<p>All&#8217;ingresso del museo, un giardino \u00e8 decorato con antiche stele. Nel suo centro, un grande vaso antico funge da fontana.<br>Il grande chiostro&nbsp; progettato da <strong>Michelangelo<\/strong> fu costruito intorno al 1565. I suoi portici, dove sono allineate molte stele e sarcofagi, sono lunghe 80 metri.<\/p>\n<div style=\"width: 210px\" class=\"wp-caption alignright\"><a href=\"https:\/\/www.rome-roma.net\/photos\/termedidiocleziano-museonazionaleromano\/images\/tablealimentaire_liguresbaebani_museenationalromain_0497.jpg\" rel=\"lightbox[a]\"><img loading=\"lazy\" src=\"https:\/\/www.rome-roma.net\/photos\/termedidiocleziano-museonazionaleromano\/images\/tablealimentaire_liguresbaebani_museenationalromain_0497.jpg\" alt=\"tavola alimentare\" width=\"200\" height=\"300\" border=\"0\"><\/a><p class=\"wp-caption-text\">Tavola alimentare<\/p><\/div>\n<p>La fontana del 1695 \u00e8 circondata da 7 colossali teste di statue di animali, probabilmente provenienti dal foro di Traiano.<\/p>\n<p>Al piano terra, l&#8217;itinerario propone la scoperta di opere epigrafiche esposte in ordine cronologico. Al piano superiore sono esposte testimonianze epigrafiche dell&#8217;era imperiale organizzate secondo temi principali: sociale, amministrativo e religioso.<\/p>\n<p>Sul pavimento della galleria che circonda il chiostro, la collezione illustra la protostoria dei popoli latini, con lo sviluppo dei popoli da cui Roma \u00e8 originaria. Le scoperte provengono da tutta la regione, tra cui l&#8217;Osteria dell&#8217;Osa, Castiglione, Gabi, Acqua Acetosa Laurentina o Fidene. Un nuovo spazio \u00e8 dedicato al museo virtuale di Via Flaminia Antica.<\/p>\n<div style=\"width: 310px\" class=\"wp-caption alignleft\"><a href=\"https:\/\/www.rome-roma.net\/photos\/termedidiocleziano-museonazionaleromano\/images\/sanctuairesyriaquedemithra_0506.jpg\"><img loading=\"lazy\" src=\"https:\/\/www.rome-roma.net\/photos\/termedidiocleziano-museonazionaleromano\/images\/sanctuairesyriaquedemithra_0506.jpg\" alt=\"museo terme di diocleziano\" width=\"300\" height=\"200\" align=\"right\" hspace=\"5\" vspace=\"2\"><\/a><p class=\"wp-caption-text\">Santuario siriaco del Gianicolo<\/p><\/div>\n<p>Sono inoltre evidenziate le vestigia archeologiche specifiche delle terme, con ad esempio la sala VIII dove sono esposti vasti frammenti architettonici dell&#8217;edificio.<\/p>\n<p>La Sala XI delle Terme di Diocleziano conserva un vasto mosaico di 80 metri quadrati risalente al II secolo d.C., raffigurante Ercole che regge il corno strappato dalla testa del dio del fiume Acheloo.<br>In una delle antiche sale fu installata la tomba della famiglia <em>Platorini<\/em>, un colombarium (casa con urne funerarie) e sarcofagi.<\/p>\n<p>Vedere anche <a href=\"https:\/\/www.rome-roma.net\/it\/museo-nazionale-romano\/museo-delle-terme-di-diocleziano\/galleria-terme-di-diocleziano\/\">visita e galleria foto del museo delle Terme di Diocleziano<\/a><\/p>\n<p><a href=\"https:\/\/www.rome-roma.net\/photos\/termedidiocleziano-museonazionaleromano\/images\/tomba_platorinus_termedidiocleziano_0530c.jpg\" rel=\"lightbox[a]\"><img loading=\"lazy\" src=\"https:\/\/www.rome-roma.net\/photos\/termedidiocleziano-museonazionaleromano\/thumbnails\/tomba_platorinus_termedidiocleziano_0530c.jpg\" alt=\"hall des thermes de diocl\u00e9tien\" width=\"107\" height=\"154\" border=\"0\" hspace=\"3\" vspace=\"3\"><\/a> Aula, tomba dei <em>Platorinus<\/em> <br><a href=\"https:\/\/www.rome-roma.net\/photos\/termedidiocleziano-museonazionaleromano\/images\/tablealimentaire_liguresbaebani_museenationalromain_0497.jpg\" rel=\"lightbox[a]\"><img loading=\"lazy\" src=\"https:\/\/www.rome-roma.net\/photos\/termedidiocleziano-museonazionaleromano\/thumbnails\/tablealimentaire_liguresbaebani_museenationalromain_0497.jpg\" alt=\"Table alimentaire - trajan\" width=\"106\" height=\"154\" border=\"0\" hspace=\"3\" vspace=\"3\"><\/a> Tavola alimentare (provincia di Benevento) <br><a href=\"https:\/\/www.rome-roma.net\/photos\/termedidiocleziano-museonazionaleromano\/images\/sanctuairesyriaquedemithra_0506.jpg\" rel=\"lightbox[a]\"><img loading=\"lazy\" src=\"https:\/\/www.rome-roma.net\/photos\/termedidiocleziano-museonazionaleromano\/thumbnails\/sanctuairesyriaquedemithra_0506.jpg\" alt=\"sanctuaire syriaque\" width=\"154\" height=\"106\" border=\"0\" hspace=\"3\" vspace=\"3\"><\/a> Santuario siriaco del Gianicolo, con il culto di Mitra <br><a href=\"https:\/\/www.rome-roma.net\/photos\/termedidiocleziano-museonazionaleromano\/images\/img_0532.jpg\" rel=\"lightbox[a]\"><img loading=\"lazy\" src=\"https:\/\/www.rome-roma.net\/photos\/termedidiocleziano-museonazionaleromano\/thumbnails\/img_0532.jpg\" alt=\"colombarium - thermes de diocl\u00e9tien\" width=\"154\" height=\"106\" border=\"0\" hspace=\"3\" vspace=\"3\"><\/a> Colombarium<br><a href=\"https:\/\/www.rome-roma.net\/photos\/termedidiocleziano-museonazionaleromano\/images\/jardin_musee_thermesdediocletien_0480.jpg\" rel=\"lightbox[a]\"><img loading=\"lazy\" src=\"https:\/\/www.rome-roma.net\/photos\/termedidiocleziano-museonazionaleromano\/thumbnails\/giardino_museo_terme_diocleziano_0478.jpg\" alt=\"jardin mus\u00e9e thermes de diocl\u00e9tien\" width=\"106\" height=\"154\" border=\"0\" hspace=\"3\" vspace=\"3\"><\/a> Vaso nel giardino<br><a href=\"https:\/\/www.rome-roma.net\/photos\/termedidiocleziano-museonazionaleromano\/images\/chiostro_termedidiocleziano_0522.jpg\" rel=\"lightbox[a]\"><img loading=\"lazy\" src=\"https:\/\/www.rome-roma.net\/photos\/termedidiocleziano-museonazionaleromano\/thumbnails\/chiostro_termedidiocleziano_0522.jpg\" alt=\"cloitre, mus\u00e9e thermes de diocl\u00e9tien\" width=\"154\" height=\"106\" border=\"0\" hspace=\"3\" vspace=\"3\"><\/a> Chiostro Michelangelo<\/p>\n<p>Vedere anche : <a href=\"https:\/\/www.rome-roma.net\/it\/museo-nazionale-romano\/museo-delle-terme-di-diocleziano\/galleria-terme-di-diocleziano\/\">visita e galleria del museo delle Terme di Diocleziano<\/a><\/p>\n\n\n<h2>Informazioni<\/h2>\n\n\n<table style=\"margin-bottom: 0rem;\"><tbody><tr style=\"background-color:#fcfaf7; \" \r\n    onmouseover=\"this.style.backgroundColor='#f7dbb8';\" \r\n    onmouseout=\"this.style.backgroundColor='#fcfaf7';\"><td style=\"vertical-align: middle; text-align: right;\"><a href=\"https:\/\/www.getyourguide.it\/musee-national-romain-l3272\/?partner_id=DLYVAO3&#038;utm_medium=online_publisher&#038;placement=content-top\" target=\"_blank\" rel=\"nofollow noopener\">Biglietti per visitare il Museo Nazionale Romano<\/a><\/td><td style=\"width:70px;\"><a href=\"https:\/\/www.getyourguide.it\/musee-national-romain-l3272\/?partner_id=DLYVAO3&#038;utm_medium=online_publisher&#038;placement=content-top\" target=\"_blank\" rel=\"nofollow noopener\"><img style=\"display:inline;vertical-align:middle;padding:5px;\" src=\"https:\/\/www.rome-roma.net\/images\/icones\/icone-tickets2.png\" alt=\"icona biglietti visita\" title=\"Biglietti per visitare il Museo Nazionale Romano\" width=\"65\" align=\"center\"><\/a><\/td><\/tr><tr style=\"background-color:#ffffff; \" \r\n    onmouseover=\"this.style.backgroundColor='#f7dbb8';\" \r\n    onmouseout=\"this.style.backgroundColor='#ffffff';\"><td style=\"vertical-align: middle; text-align: right;\"><a href=\"https:\/\/www.booking.com\/searchresults.it.html?aid=308344;label=headerlandmark;landmark=58602;group_adults=2;no_rooms=1;group_children=0;nflt=review_score=80%3Bdistance=1000\" target=\"_blank\" rel=\"nofollow noopener\">Alberghi, camere e appartamenti vicino al monumento<\/a><\/td><td style=\"width:70px;\"><a href=\"https:\/\/www.booking.com\/searchresults.it.html?aid=308344;label=headerlandmark;landmark=58602;group_adults=2;no_rooms=1;group_children=0;nflt=review_score=80%3Bdistance=1000\" target=\"_blank\" rel=\"nofollow noopener\"><img style=\"display:inline;vertical-align:middle;padding:5px;\" src=\"https:\/\/www.rome-roma.net\/images\/icones\/icone-hotel22.png\" alt=\"icona alberghi\" title=\"Alberghi, camere e appartamenti vicino al monumento\" width=\"65\" align=\"center\"><\/a><\/td><\/tr><\/tbody><\/table>\n<table style=\"border-collapse: collapse; width: 100%;\">\n<tbody>\n<tr style=\"background-color: #fae8c3;\">\n<td style=\"width: 100%;\"><span style=\"font-size: 10pt;\">I quattro siti del Museo Nazionale Romano sono aperti dal marted\u00ec alla domenica dalle ore 9 alle 19.<\/span><br \/><span style=\"font-size: 10pt;\">Chiuso il luned\u00ec (tranne durante la settimana della cultura)<\/span><br \/><span style=\"font-size: 10pt;\">La biglietteria chiude un&#8217;ora prima della chiusura.<\/span><br \/><span style=\"font-size: 10pt;\">Per chiusure e aperture eccezionali consultare il sito ufficiale<\/span><br \/><span style=\"font-size: 10pt;\">Il biglietto unico, \u00e8 valido 7 giorni, per un ingresso unico a ciascuno dei 4 siti (Palazzo Massimo, Palazzo Altemps, Crypta Balbi, Terme di Diocleziano).<\/span><\/td>\n<\/tr>\n<tr style=\"background-color: #faede3;\">\n<td style=\"width: 100%;\">\n<p><span style=\"font-size: 10pt;\">Tariffa biglietto combinato (valido 7 giorni) : 15 \u20ac pieno, ridotto: 2 \u20ac<\/span><\/p>\n<p><span style=\"font-size: 10pt;\"><strong>Collegamenti<\/strong><\/span><\/p>\n<ul>\n<li><span style=\"font-size: 10pt;\">Sito ufficiale : <a href=\"https:\/\/museonazionaleromano.beniculturali.it\/terme-di-diocleziano\/\" target=\"_blank\" rel=\"noopener\" data-title=\" \">museonazionaleromano.beniculturali.it\/terme-di-diocleziano<\/a><\/span><\/li>\n<\/ul>\n<\/td>\n<\/tr>\n<tr>\n<td style=\"width: 100%;\"><span style=\"font-size: 10pt;\"><div data-gyg-href=\"https:\/\/widget.getyourguide.com\/default\/activities.frame\" data-gyg-location-id=\"3272\" data-gyg-locale-code=\"it-IT\" data-gyg-widget=\"activities\" data-gyg-number-of-items=\"3\" data-gyg-excluded-tour-ids=\"68896,410114,433453,429594\" data-gyg-partner-id=\"DLYVAO3\"><\/div><\/span><\/td>\n<\/tr>\n<\/tbody>\n<\/table>\n\n\n<h2>Cartina ed indirizzo<\/h2>\r\n\t\t<b>Indirizzo : <\/b>Viale Enrico de Nicola, 78, 00185 Roma RM, Italie<div id=\"travelersmap-container-69f2e78d3a1e5\" class=\"travelersmap-container\" style=\"z-index: 1; min-height: 10px; min-width:10px; height:400px;width:100%; max-width:; max-height:; position:relative;\"><div style=\"position:absolute; z-index:-1;top: 50%;text-align: center;display: block;left: 50%;transform: translate(-50%,-50%);\">Travelers' Map is loading... <br> If you see this after your page is loaded completely, leafletJS files are missing.<\/div><\/div><i>Clicca sulla freccia per localizzarti sulla mappa<\/i>\n\n\n\n<h2>Vedute antiche nel arte<\/h2><div>5 opere di Museo delle Terme di Diocleziano sono state trovate nella database. Per vederle tutte aprire questo <a href=\"https:\/\/www.rome-roma.net\/site-rome-art.php?lieu=thermes+de+diocletien\" target=\"_blank\">collegamento<\/a>.<\/div><div class=\"wp-block-kadence-advancedgallery kb-gallery-wrap-id-_5955fd-3f\">\r\n        <div class=\"kb-gallery-ul kb-gallery-type-fluidcarousel kb-gallery-id-_5955fd-3f kb-gallery-caption-style-below kb-gallery-magnific-init kb-gallery-filter-none\" data-image-filter=\"none\" data-lightbox-caption=\"true\">\r\n            <div class=\"kt-blocks-carousel kt-carousel-container-dotstyle-dark\">\r\n                <div class=\"kt-blocks-carousel-init kb-blocks-fluid-carousel kt-carousel-arrowstyle-whiteondark kt-carousel-dotstyle-dark\" data-slider-anim-speed=\"400\" data-slider-type=\"fluidcarousel\" data-slider-scroll=\"1\" data-slider-arrows=\"true\" data-slider-dots=\"true\" data-slider-hover-pause=\"false\" data-slider-auto=\"false\" data-slider-speed=\"7000\">\r\n        <div class=\"kb-slide-item kb-gallery-carousel-item\"><li class=\"kadence-blocks-gallery-item\"><div class=\"kadence-blocks-gallery-item-inner\">\r\n            <figure class=\"kb-gallery-figure kb-gallery-item-has-link kadence-blocks-gallery-item-has-caption\">\r\n                <a href=\"https:\/\/www.rome-roma.net\/artmodule\/hendrik frans van lint\/hendrik frans van lint - terme di diocleziano.jpg\" class=\"kb-gallery-item-link\" style=\"color: #FFFFFF;\">\r\n                    <div class=\"kb-gal-image-radius\"><div class=\"kb-gallery-image-contain\">\r\n                        <img src=\"https:\/\/www.rome-roma.net\/artmodule\/hendrik frans van lint\/hendrik frans van lint - terme di diocleziano.jpg\" width=\"300\" height=\"200\" \r\n                            alt=\"Hendrik Frans van Lint,Thermes de Diocl\u00e9tien (?, avant 1763, date ind\u00e9termin\u00e9e)\" \r\n                            data-full-image=\"https:\/\/www.rome-roma.net\/artmodule\/hendrik frans van lint\/hendrik frans van lint - terme di diocleziano.jpg\" \r\n                            data-light-image=\"https:\/\/www.rome-roma.net\/artmodule\/hendrik frans van lint\/hendrik frans van lint - terme di diocleziano.jpg\" data-id=\"149\" \r\n                            data-link=\"https:\/\/www.rome-roma.net\/artmodule\/hendrik frans van lint\/hendrik frans van lint - terme di diocleziano.jpg\" \r\n                            class=\"wp-image-149\" loading=lazy\/>\r\n                    <\/div><\/div>\r\n                    <figcaption class=\"kadence-blocks-gallery-item__caption\">Hendrik Frans van Lint, Thermes de Diocl\u00e9tien<\/figcaption>\r\n                <\/a>\r\n            <\/figure><\/div><\/li><\/div>\r\n        <div class=\"kb-slide-item kb-gallery-carousel-item\"><li class=\"kadence-blocks-gallery-item\"><div class=\"kadence-blocks-gallery-item-inner\">\r\n            <figure class=\"kb-gallery-figure kb-gallery-item-has-link kadence-blocks-gallery-item-has-caption\">\r\n                <a href=\"https:\/\/www.rome-roma.net\/artmodule\/nicolle victor jean\/nicolle victor jean - oratoire dans les thermes de diocletien.jpg\" class=\"kb-gallery-item-link\" style=\"color: #FFFFFF;\">\r\n                    <div class=\"kb-gal-image-radius\"><div class=\"kb-gallery-image-contain\">\r\n                        <img src=\"https:\/\/www.rome-roma.net\/artmodule\/nicolle victor jean\/nicolle victor jean - oratoire dans les thermes de diocletien.jpg\" width=\"300\" height=\"200\" \r\n                            alt=\"Victor-Jean Nicolle,Oratoire dans les Thermes de Diocl\u00e9tien (?, avant 1826, date ind\u00e9termin\u00e9e)\" \r\n                            data-full-image=\"https:\/\/www.rome-roma.net\/artmodule\/nicolle victor jean\/nicolle victor jean - oratoire dans les thermes de diocletien.jpg\" \r\n                            data-light-image=\"https:\/\/www.rome-roma.net\/artmodule\/nicolle victor jean\/nicolle victor jean - oratoire dans les thermes de diocletien.jpg\" data-id=\"149\" \r\n                            data-link=\"https:\/\/www.rome-roma.net\/artmodule\/nicolle victor jean\/nicolle victor jean - oratoire dans les thermes de diocletien.jpg\" \r\n                            class=\"wp-image-149\" loading=lazy\/>\r\n                    <\/div><\/div>\r\n                    <figcaption class=\"kadence-blocks-gallery-item__caption\">Victor-Jean Nicolle, Oratoire dans les Thermes de Diocl\u00e9tien<\/a> (\u0152uvre pr\u00e9sente \u00e0 la <a href=\"https:\/\/galerievittet.com\/\" target=\"_blank\">Galerie Claude Vittet<\/a>)<a><\/figcaption>\r\n                <\/a>\r\n            <\/figure><\/div><\/li><\/div>\r\n        <div class=\"kb-slide-item kb-gallery-carousel-item\"><li class=\"kadence-blocks-gallery-item\"><div class=\"kadence-blocks-gallery-item-inner\">\r\n            <figure class=\"kb-gallery-figure kb-gallery-item-has-link kadence-blocks-gallery-item-has-caption\">\r\n                <a href=\"https:\/\/www.rome-roma.net\/artmodule\/willem van nieulandt\/willem van nieulandt - baths of diocletian - 1618 - rijksmuseum amsterdam.jpg\" class=\"kb-gallery-item-link\" style=\"color: #FFFFFF;\">\r\n                    <div class=\"kb-gal-image-radius\"><div class=\"kb-gallery-image-contain\">\r\n                        <img src=\"https:\/\/www.rome-roma.net\/artmodule\/willem van nieulandt\/willem van nieulandt - baths of diocletian - 1618 - rijksmuseum amsterdam.jpg\" width=\"300\" height=\"200\" \r\n                            alt=\"Willem van Nieulandt,Thermes de Diocl\u00e9tien (1618)\" \r\n                            data-full-image=\"https:\/\/www.rome-roma.net\/artmodule\/willem van nieulandt\/willem van nieulandt - baths of diocletian - 1618 - rijksmuseum amsterdam.jpg\" \r\n                            data-light-image=\"https:\/\/www.rome-roma.net\/artmodule\/willem van nieulandt\/willem van nieulandt - baths of diocletian - 1618 - rijksmuseum amsterdam.jpg\" data-id=\"149\" \r\n                            data-link=\"https:\/\/www.rome-roma.net\/artmodule\/willem van nieulandt\/willem van nieulandt - baths of diocletian - 1618 - rijksmuseum amsterdam.jpg\" \r\n                            class=\"wp-image-149\" loading=lazy\/>\r\n                    <\/div><\/div>\r\n                    <figcaption class=\"kadence-blocks-gallery-item__caption\">Willem van Nieulandt, Thermes de Diocl\u00e9tien<\/figcaption>\r\n                <\/a>\r\n            <\/figure><\/div><\/li><\/div>\r\n        <div class=\"kb-slide-item kb-gallery-carousel-item\"><li class=\"kadence-blocks-gallery-item\"><div class=\"kadence-blocks-gallery-item-inner\">\r\n            <figure class=\"kb-gallery-figure kb-gallery-item-has-link kadence-blocks-gallery-item-has-caption\">\r\n                <a href=\"https:\/\/www.rome-roma.net\/artmodule\/william marlow\/william marlow - baths of diocletian - rome.jpg\" class=\"kb-gallery-item-link\" style=\"color: #FFFFFF;\">\r\n                    <div class=\"kb-gal-image-radius\"><div class=\"kb-gallery-image-contain\">\r\n                        <img src=\"https:\/\/www.rome-roma.net\/artmodule\/william marlow\/william marlow - baths of diocletian - rome.jpg\" width=\"300\" height=\"200\" \r\n                            alt=\"William Marlow,Thermes de Diocl\u00e9tien (?, avant 1813, date ind\u00e9termin\u00e9e)\" \r\n                            data-full-image=\"https:\/\/www.rome-roma.net\/artmodule\/william marlow\/william marlow - baths of diocletian - rome.jpg\" \r\n                            data-light-image=\"https:\/\/www.rome-roma.net\/artmodule\/william marlow\/william marlow - baths of diocletian - rome.jpg\" data-id=\"149\" \r\n                            data-link=\"https:\/\/www.rome-roma.net\/artmodule\/william marlow\/william marlow - baths of diocletian - rome.jpg\" \r\n                            class=\"wp-image-149\" loading=lazy\/>\r\n                    <\/div><\/div>\r\n                    <figcaption class=\"kadence-blocks-gallery-item__caption\">William Marlow, Thermes de Diocl\u00e9tien<\/figcaption>\r\n                <\/a>\r\n            <\/figure><\/div><\/li><\/div>\r\n        <div class=\"kb-slide-item kb-gallery-carousel-item\"><li class=\"kadence-blocks-gallery-item\"><div class=\"kadence-blocks-gallery-item-inner\">\r\n            <figure class=\"kb-gallery-figure kb-gallery-item-has-link kadence-blocks-gallery-item-has-caption\">\r\n                <a href=\"https:\/\/www.rome-roma.net\/artmodule\/william pars\/william pars - baths of diocletian - c1780.jpg\" class=\"kb-gallery-item-link\" style=\"color: #FFFFFF;\">\r\n                    <div class=\"kb-gal-image-radius\"><div class=\"kb-gallery-image-contain\">\r\n                        <img src=\"https:\/\/www.rome-roma.net\/artmodule\/william pars\/william pars - baths of diocletian - c1780.jpg\" width=\"300\" height=\"200\" \r\n                            alt=\"William Pars,Thermes de Diocl\u00e9tien (environ 1780)\" \r\n                            data-full-image=\"https:\/\/www.rome-roma.net\/artmodule\/william pars\/william pars - baths of diocletian - c1780.jpg\" \r\n                            data-light-image=\"https:\/\/www.rome-roma.net\/artmodule\/william pars\/william pars - baths of diocletian - c1780.jpg\" data-id=\"149\" \r\n                            data-link=\"https:\/\/www.rome-roma.net\/artmodule\/william pars\/william pars - baths of diocletian - c1780.jpg\" \r\n                            class=\"wp-image-149\" loading=lazy\/>\r\n                    <\/div><\/div>\r\n                    <figcaption class=\"kadence-blocks-gallery-item__caption\">William Pars, Thermes de Diocl\u00e9tien<\/figcaption>\r\n                <\/a>\r\n            <\/figure><\/div><\/li><\/div><\/div><\/div><\/div><\/div><a href=\"https:\/\/www.rome-roma.net\/site-rome-art.php?lieu=thermes+de+diocletien\" target=\"_blank\">Clica per vedere oltre dipinti e artisti su Thermes de Diocl\u00e9tien in Roma<\/a><br>\n\n\n\n<h2>Articoli Terme di Diocleziano<\/h2>\n\n\n\n<ul class=\"lcp_catlist\" id=\"lcp_instance_0\"><li><a href=\"https:\/\/www.rome-roma.net\/it\/terme-di-diocleziano\/\">Terme di Diocleziano<\/a><a href=\"https:\/\/www.rome-roma.net\/it\/terme-di-diocleziano\/\" title=\"Terme di Diocleziano\"><img width=\"50\" height=\"50\" src=\"https:\/\/www.rome-roma.net\/wp-content\/uploads\/2020\/01\/terme-di-diocleziano-rome_0476-150x150.jpg\" class=\"classthumblist wp-post-image\" alt=\"Terme di Diocleziano\" loading=\"lazy\" srcset=\"https:\/\/www.rome-roma.net\/wp-content\/uploads\/2020\/01\/terme-di-diocleziano-rome_0476-150x150.jpg 150w, https:\/\/www.rome-roma.net\/wp-content\/uploads\/2020\/01\/terme-di-diocleziano-rome_0476-50x50.jpg 50w, https:\/\/www.rome-roma.net\/wp-content\/uploads\/2020\/01\/terme-di-diocleziano-rome_0476-80x80.jpg 80w, https:\/\/www.rome-roma.net\/wp-content\/uploads\/2020\/01\/terme-di-diocleziano-rome_0476-75x75.jpg 75w\" sizes=\"(max-width: 50px) 100vw, 50px\" \/><\/a><div class=\"lcp_excerpt\">Le Terme di Diocleziano, edificati tra il 298 e il 306 d.C. sotto l\u2019imperatore Diocleziano e il suo co-imperatore Massimiano, ...<\/div><\/li><li class=\"current\"><a href=\"https:\/\/www.rome-roma.net\/it\/museo-nazionale-romano\/museo-delle-terme-di-diocleziano\/\">Museo delle Terme di Diocleziano<\/a><a href=\"https:\/\/www.rome-roma.net\/it\/museo-nazionale-romano\/museo-delle-terme-di-diocleziano\/\" title=\"Museo delle Terme di Diocleziano\"><img width=\"50\" height=\"50\" src=\"https:\/\/www.rome-roma.net\/wp-content\/uploads\/2020\/01\/terme_diocleziano_04751-150x150.jpg\" class=\"classthumblist wp-post-image\" alt=\"Museo delle Terme di Diocleziano\" loading=\"lazy\" srcset=\"https:\/\/www.rome-roma.net\/wp-content\/uploads\/2020\/01\/terme_diocleziano_04751-150x150.jpg 150w, https:\/\/www.rome-roma.net\/wp-content\/uploads\/2020\/01\/terme_diocleziano_04751-50x50.jpg 50w, https:\/\/www.rome-roma.net\/wp-content\/uploads\/2020\/01\/terme_diocleziano_04751-80x80.jpg 80w, https:\/\/www.rome-roma.net\/wp-content\/uploads\/2020\/01\/terme_diocleziano_04751-75x75.jpg 75w\" sizes=\"(max-width: 50px) 100vw, 50px\" \/><\/a><div class=\"lcp_excerpt\">Questa sezione del Museo Nazionale Romano, ospitata in una parte delle vaste Terme di Diocleziano, \u00e8 in gran parte dedicata ...<\/div><\/li><li><a href=\"https:\/\/www.rome-roma.net\/it\/museo-nazionale-romano\/museo-delle-terme-di-diocleziano\/galleria-terme-di-diocleziano\/\">Galleria Terme di Diocleziano<\/a><a href=\"https:\/\/www.rome-roma.net\/it\/museo-nazionale-romano\/museo-delle-terme-di-diocleziano\/galleria-terme-di-diocleziano\/\" title=\"Galleria Terme di Diocleziano\"><img width=\"50\" height=\"50\" src=\"https:\/\/www.rome-roma.net\/wp-content\/uploads\/2020\/01\/chiostro_termedidiocleziano_05221-150x150.jpg\" class=\"classthumblist wp-post-image\" alt=\"Galleria Terme di Diocleziano\" loading=\"lazy\" srcset=\"https:\/\/www.rome-roma.net\/wp-content\/uploads\/2020\/01\/chiostro_termedidiocleziano_05221-150x150.jpg 150w, https:\/\/www.rome-roma.net\/wp-content\/uploads\/2020\/01\/chiostro_termedidiocleziano_05221-50x50.jpg 50w, https:\/\/www.rome-roma.net\/wp-content\/uploads\/2020\/01\/chiostro_termedidiocleziano_05221-80x80.jpg 80w, https:\/\/www.rome-roma.net\/wp-content\/uploads\/2020\/01\/chiostro_termedidiocleziano_05221-75x75.jpg 75w\" sizes=\"(max-width: 50px) 100vw, 50px\" \/><\/a><div class=\"lcp_excerpt\"> Gli antichi alfabeti dei popoli italici  Dedica a Sol invictus e Giove dolicheno Sarcofago &#8211; Dioniso e Arianna ...<\/div><\/li><li><a href=\"https:\/\/www.rome-roma.net\/it\/basilica-santa-maria-degli-angeli\/\">Basilica Santa Maria degli Angeli<\/a><a href=\"https:\/\/www.rome-roma.net\/it\/basilica-santa-maria-degli-angeli\/\" title=\"Basilica Santa Maria degli Angeli\"><img src=\"https:\/\/www.rome-roma.net\/wp-content\/uploads\/2020\/01\/transept-basilique-sainte-marie-des-anges-rome-roma_0456-300x200.jpg\" class=\"classthumblist\"  alt=\"Basilica Santa Maria degli Angeli\" \/><\/a><div class=\"lcp_excerpt\">La Basilica di Santa Maria degli Angeli a Roma fu costruita nel XVI secolo in una parte delle antiche terme ...<\/div><\/li><\/ul>\n\n\n\n<h2>Sedi del Museo Nazionale Romano<\/h2>\n\n\n\n<ul class=\"lcp_catlist\" id=\"lcp_instance_0\"><li><a href=\"https:\/\/www.rome-roma.net\/it\/museo-nazionale-romano\/\">Museo Nazionale Romano<\/a><a href=\"https:\/\/www.rome-roma.net\/it\/museo-nazionale-romano\/\" title=\"Museo Nazionale Romano\"><img width=\"50\" height=\"50\" src=\"https:\/\/www.rome-roma.net\/wp-content\/uploads\/2020\/01\/affresco_casadilivia_museonazionaleromano_35471-150x150.jpg\" class=\"classthumblist wp-post-image\" alt=\"Museo Nazionale Romano\" loading=\"lazy\" srcset=\"https:\/\/www.rome-roma.net\/wp-content\/uploads\/2020\/01\/affresco_casadilivia_museonazionaleromano_35471-150x150.jpg 150w, https:\/\/www.rome-roma.net\/wp-content\/uploads\/2020\/01\/affresco_casadilivia_museonazionaleromano_35471-50x50.jpg 50w, https:\/\/www.rome-roma.net\/wp-content\/uploads\/2020\/01\/affresco_casadilivia_museonazionaleromano_35471-80x80.jpg 80w, https:\/\/www.rome-roma.net\/wp-content\/uploads\/2020\/01\/affresco_casadilivia_museonazionaleromano_35471-75x75.jpg 75w\" sizes=\"(max-width: 50px) 100vw, 50px\" \/><\/a><div class=\"lcp_excerpt\">Il Museo Nazionale Romano \u00e8 stato fondato nel 1889 per preservare ed esporre i reperti dell\u2019antica Roma. Ospita la pi\u00f9 importante collezione archeologica del mondo, raggruppando artefatti scoperti ...<\/div><\/li><li class=\"current\"><a href=\"https:\/\/www.rome-roma.net\/it\/museo-nazionale-romano\/museo-delle-terme-di-diocleziano\/\">Museo delle Terme di Diocleziano<\/a><a href=\"https:\/\/www.rome-roma.net\/it\/museo-nazionale-romano\/museo-delle-terme-di-diocleziano\/\" title=\"Museo delle Terme di Diocleziano\"><img width=\"50\" height=\"50\" src=\"https:\/\/www.rome-roma.net\/wp-content\/uploads\/2020\/01\/terme_diocleziano_04751-150x150.jpg\" class=\"classthumblist wp-post-image\" alt=\"Museo delle Terme di Diocleziano\" loading=\"lazy\" srcset=\"https:\/\/www.rome-roma.net\/wp-content\/uploads\/2020\/01\/terme_diocleziano_04751-150x150.jpg 150w, https:\/\/www.rome-roma.net\/wp-content\/uploads\/2020\/01\/terme_diocleziano_04751-50x50.jpg 50w, https:\/\/www.rome-roma.net\/wp-content\/uploads\/2020\/01\/terme_diocleziano_04751-80x80.jpg 80w, https:\/\/www.rome-roma.net\/wp-content\/uploads\/2020\/01\/terme_diocleziano_04751-75x75.jpg 75w\" sizes=\"(max-width: 50px) 100vw, 50px\" \/><\/a><div class=\"lcp_excerpt\">Questa sezione del Museo Nazionale Romano, ospitata in una parte delle vaste Terme di Diocleziano, \u00e8 in gran parte dedicata all&#8217;epigrafia.\u00c8 uno dei musei pi\u00f9 importanti di questo ...<\/div><\/li><li><a href=\"https:\/\/www.rome-roma.net\/it\/museo-nazionale-romano\/palazzo-massimo-alle-terme\/\">Museo del Palazzo Massimo alle Terme<\/a><a href=\"https:\/\/www.rome-roma.net\/it\/museo-nazionale-romano\/palazzo-massimo-alle-terme\/\" title=\"Museo del Palazzo Massimo alle Terme\"><img width=\"50\" height=\"50\" src=\"https:\/\/www.rome-roma.net\/wp-content\/uploads\/2020\/01\/discobole_palazzomassimoalleterme_52921-150x150.jpg\" class=\"classthumblist wp-post-image\" alt=\"Museo del Palazzo Massimo alle Terme\" loading=\"lazy\" srcset=\"https:\/\/www.rome-roma.net\/wp-content\/uploads\/2020\/01\/discobole_palazzomassimoalleterme_52921-150x150.jpg 150w, https:\/\/www.rome-roma.net\/wp-content\/uploads\/2020\/01\/discobole_palazzomassimoalleterme_52921-50x50.jpg 50w, https:\/\/www.rome-roma.net\/wp-content\/uploads\/2020\/01\/discobole_palazzomassimoalleterme_52921-80x80.jpg 80w, https:\/\/www.rome-roma.net\/wp-content\/uploads\/2020\/01\/discobole_palazzomassimoalleterme_52921-75x75.jpg 75w\" sizes=\"(max-width: 50px) 100vw, 50px\" \/><\/a><div class=\"lcp_excerpt\">Il Palazzo Massimo alle Terme, situato nelle vicinanze della stazione Termini, \u00e8 l\u2019edificio principale del Museo Nazionale Romano, che ospita la sezione pi\u00f9 importante di questa prestigiosa istituzione ...<\/div><\/li><li><a href=\"https:\/\/www.rome-roma.net\/it\/museo-nazionale-romano\/palazzo-altemps\/\">Palazzo Altemps<\/a><a href=\"https:\/\/www.rome-roma.net\/it\/museo-nazionale-romano\/palazzo-altemps\/\" title=\"Palazzo Altemps\"><img width=\"50\" height=\"50\" src=\"https:\/\/www.rome-roma.net\/wp-content\/uploads\/2020\/01\/cour_museonazionaleromano_08611-150x150.jpg\" class=\"classthumblist wp-post-image\" alt=\"Palazzo Altemps\" loading=\"lazy\" srcset=\"https:\/\/www.rome-roma.net\/wp-content\/uploads\/2020\/01\/cour_museonazionaleromano_08611-150x150.jpg 150w, https:\/\/www.rome-roma.net\/wp-content\/uploads\/2020\/01\/cour_museonazionaleromano_08611-50x50.jpg 50w, https:\/\/www.rome-roma.net\/wp-content\/uploads\/2020\/01\/cour_museonazionaleromano_08611-80x80.jpg 80w, https:\/\/www.rome-roma.net\/wp-content\/uploads\/2020\/01\/cour_museonazionaleromano_08611-75x75.jpg 75w\" sizes=\"(max-width: 50px) 100vw, 50px\" \/><\/a><div class=\"lcp_excerpt\">Il Palazzo Altemps ospita un&#8217;importante sezione del Museo Nazionale Romano, dedicata principalmente alle sculture antiche da collezioni di famose famiglie, come i Ludovisi, gli Altemps e i Mattei.\nMuseo ...<\/div><\/li><li><a href=\"https:\/\/www.rome-roma.net\/it\/museo-nazionale-romano\/cripta-balbi\/\">Cripta Balbi<\/a><a href=\"https:\/\/www.rome-roma.net\/it\/museo-nazionale-romano\/cripta-balbi\/\" title=\"Cripta Balbi\"><img width=\"50\" height=\"50\" src=\"https:\/\/www.rome-roma.net\/wp-content\/uploads\/2020\/01\/museocryptabalbi_08761-150x150.jpg\" class=\"classthumblist wp-post-image\" alt=\"Cripta Balbi\" loading=\"lazy\" srcset=\"https:\/\/www.rome-roma.net\/wp-content\/uploads\/2020\/01\/museocryptabalbi_08761-150x150.jpg 150w, https:\/\/www.rome-roma.net\/wp-content\/uploads\/2020\/01\/museocryptabalbi_08761-50x50.jpg 50w, https:\/\/www.rome-roma.net\/wp-content\/uploads\/2020\/01\/museocryptabalbi_08761-80x80.jpg 80w, https:\/\/www.rome-roma.net\/wp-content\/uploads\/2020\/01\/museocryptabalbi_08761-75x75.jpg 75w\" sizes=\"(max-width: 50px) 100vw, 50px\" \/><\/a><div class=\"lcp_excerpt\">Situata a sud dell&#8217;antico Campo Marzio, la Cripta Balbi ospita un museo dedicato all&#8217;evoluzione di Roma tra antichit\u00e0 e Medioevo, nonch\u00e9 i resti di scavi effettuati dagli anni ...<\/div><\/li><\/ul>\n\n\n\n<p><\/p>\n","protected":false},"excerpt":{"rendered":"<p>Questa sezione del Museo Nazionale Romano, ospitata in una parte delle vaste Terme di Diocleziano, \u00e8 in gran parte dedicata all&#8217;epigrafia.\u00c8 uno dei musei pi\u00f9 importanti di questo tipo al mondo, con le sue 10.000 iscrizioni latine, che illustrano la nascita e la diffusione della scrittura latina. Una sezione \u00e8 dedicata alle popolazioni preistoriche della [&hellip;]<\/p>\n","protected":false},"featured_media":591,"parent":6959,"menu_order":0,"comment_status":"open","ping_status":"open","template":"","format":"standard","meta":{"kt_blocks_editor_width":"","_links_to":"","_links_to_target":""},"genre":[268,275],"interet":[287],"quartier":[339,320],"categorie_site":[362,366,438],"quartier_historique":[444],"etiquettes_site":[],"acf":[],"yoast_head":"<!-- This site is optimized with the Yoast SEO plugin v17.4 - https:\/\/yoast.com\/wordpress\/plugins\/seo\/ -->\n<title>Museo delle Terme di Diocleziano &ndash; Rome-Roma<\/title>\n<meta name=\"description\" content=\"Dedicata all&#039;antica Roma e ai popoli latini, questa sezione del museo romano \u00e8 ospitata nelle antiche terme di Diocleziano. Visita e informazioni.\" \/>\n<meta name=\"robots\" content=\"index, follow, max-snippet:-1, max-image-preview:large, max-video-preview:-1\" \/>\n<link rel=\"canonical\" href=\"https:\/\/www.rome-roma.net\/it\/museo-nazionale-romano\/museo-delle-terme-di-diocleziano\/\" \/>\n<meta property=\"og:locale\" content=\"it_IT\" \/>\n<meta property=\"og:type\" content=\"article\" \/>\n<meta property=\"og:title\" content=\"Museo delle Terme di Diocleziano &ndash; Rome-Roma\" \/>\n<meta property=\"og:description\" content=\"Dedicata all&#039;antica Roma e ai popoli latini, questa sezione del museo romano \u00e8 ospitata nelle antiche terme di Diocleziano. Visita e informazioni.\" \/>\n<meta property=\"og:url\" content=\"https:\/\/www.rome-roma.net\/it\/museo-nazionale-romano\/museo-delle-terme-di-diocleziano\/\" \/>\n<meta property=\"og:site_name\" content=\"Rome-Roma\" \/>\n<meta property=\"article:modified_time\" content=\"2026-04-04T22:18:21+00:00\" \/>\n<meta property=\"og:image\" content=\"https:\/\/www.rome-roma.net\/wp-content\/uploads\/2020\/01\/terme_diocleziano_04751.jpg\" \/>\n\t<meta property=\"og:image:width\" content=\"750\" \/>\n\t<meta property=\"og:image:height\" content=\"500\" \/>\n<meta name=\"twitter:card\" content=\"summary_large_image\" \/>\n<meta name=\"twitter:label1\" content=\"Tempo di lettura stimato\" \/>\n\t<meta name=\"twitter:data1\" content=\"4 minuti\" \/>\n<script type=\"application\/ld+json\" class=\"yoast-schema-graph\">{\"@context\":\"https:\/\/schema.org\",\"@graph\":[{\"@type\":\"Organization\",\"@id\":\"https:\/\/www.rome-roma.net\/it\/#organization\",\"name\":\"Rome-Roma\",\"url\":\"https:\/\/www.rome-roma.net\/it\/\",\"sameAs\":[],\"logo\":{\"@type\":\"ImageObject\",\"@id\":\"https:\/\/www.rome-roma.net\/it\/#logo\",\"inLanguage\":\"it-IT\",\"url\":\"https:\/\/www.rome-roma.net\/wp-content\/uploads\/2025\/07\/logo-rome-roma-420.jpg\",\"contentUrl\":\"https:\/\/www.rome-roma.net\/wp-content\/uploads\/2025\/07\/logo-rome-roma-420.jpg\",\"width\":420,\"height\":420,\"caption\":\"Rome-Roma\"},\"image\":{\"@id\":\"https:\/\/www.rome-roma.net\/it\/#logo\"}},{\"@type\":\"WebSite\",\"@id\":\"https:\/\/www.rome-roma.net\/it\/#website\",\"url\":\"https:\/\/www.rome-roma.net\/it\/\",\"name\":\"Rome-Roma\",\"description\":\"Cultura & Viaggio\",\"publisher\":{\"@id\":\"https:\/\/www.rome-roma.net\/it\/#organization\"},\"potentialAction\":[{\"@type\":\"SearchAction\",\"target\":{\"@type\":\"EntryPoint\",\"urlTemplate\":\"https:\/\/www.rome-roma.net\/it\/?s={search_term_string}\"},\"query-input\":\"required name=search_term_string\"}],\"inLanguage\":\"it-IT\"},{\"@type\":\"ImageObject\",\"@id\":\"https:\/\/www.rome-roma.net\/it\/museo-nazionale-romano\/museo-delle-terme-di-diocleziano\/#primaryimage\",\"inLanguage\":\"it-IT\",\"url\":\"https:\/\/www.rome-roma.net\/wp-content\/uploads\/2020\/01\/terme_diocleziano_04751.jpg\",\"contentUrl\":\"https:\/\/www.rome-roma.net\/wp-content\/uploads\/2020\/01\/terme_diocleziano_04751.jpg\",\"width\":750,\"height\":500,\"caption\":\"Thermes de Diocl\\u00e9tien\"},{\"@type\":\"WebPage\",\"@id\":\"https:\/\/www.rome-roma.net\/it\/museo-nazionale-romano\/museo-delle-terme-di-diocleziano\/#webpage\",\"url\":\"https:\/\/www.rome-roma.net\/it\/museo-nazionale-romano\/museo-delle-terme-di-diocleziano\/\",\"name\":\"Museo delle Terme di Diocleziano &ndash; Rome-Roma\",\"isPartOf\":{\"@id\":\"https:\/\/www.rome-roma.net\/it\/#website\"},\"primaryImageOfPage\":{\"@id\":\"https:\/\/www.rome-roma.net\/it\/museo-nazionale-romano\/museo-delle-terme-di-diocleziano\/#primaryimage\"},\"datePublished\":\"2020-01-19T10:49:45+00:00\",\"dateModified\":\"2026-04-04T22:18:21+00:00\",\"description\":\"Dedicata all'antica Roma e ai popoli latini, questa sezione del museo romano \\u00e8 ospitata nelle antiche terme di Diocleziano. Visita e informazioni.\",\"breadcrumb\":{\"@id\":\"https:\/\/www.rome-roma.net\/it\/museo-nazionale-romano\/museo-delle-terme-di-diocleziano\/#breadcrumb\"},\"inLanguage\":\"it-IT\",\"potentialAction\":[{\"@type\":\"ReadAction\",\"target\":[\"https:\/\/www.rome-roma.net\/it\/museo-nazionale-romano\/museo-delle-terme-di-diocleziano\/\"]}]},{\"@type\":\"BreadcrumbList\",\"@id\":\"https:\/\/www.rome-roma.net\/it\/museo-nazionale-romano\/museo-delle-terme-di-diocleziano\/#breadcrumb\",\"itemListElement\":[{\"@type\":\"ListItem\",\"position\":1,\"name\":\"Accueil\",\"item\":\"https:\/\/www.rome-roma.net\/it\/\"},{\"@type\":\"ListItem\",\"position\":2,\"name\":\"Museo Nazionale Romano\",\"item\":\"https:\/\/www.rome-roma.net\/it\/museo-nazionale-romano\/\"},{\"@type\":\"ListItem\",\"position\":3,\"name\":\"Museo delle Terme di Diocleziano\"}]}]}<\/script>\n<!-- \/ Yoast SEO plugin. -->","yoast_head_json":{"title":"Museo delle Terme di Diocleziano &ndash; Rome-Roma","description":"Dedicata all'antica Roma e ai popoli latini, questa sezione del museo romano \u00e8 ospitata nelle antiche terme di Diocleziano. Visita e informazioni.","robots":{"index":"index","follow":"follow","max-snippet":"max-snippet:-1","max-image-preview":"max-image-preview:large","max-video-preview":"max-video-preview:-1"},"canonical":"https:\/\/www.rome-roma.net\/it\/museo-nazionale-romano\/museo-delle-terme-di-diocleziano\/","og_locale":"it_IT","og_type":"article","og_title":"Museo delle Terme di Diocleziano &ndash; Rome-Roma","og_description":"Dedicata all'antica Roma e ai popoli latini, questa sezione del museo romano \u00e8 ospitata nelle antiche terme di Diocleziano. Visita e informazioni.","og_url":"https:\/\/www.rome-roma.net\/it\/museo-nazionale-romano\/museo-delle-terme-di-diocleziano\/","og_site_name":"Rome-Roma","article_modified_time":"2026-04-04T22:18:21+00:00","og_image":[{"width":750,"height":500,"url":"https:\/\/www.rome-roma.net\/wp-content\/uploads\/2020\/01\/terme_diocleziano_04751.jpg","type":"image\/jpeg"}],"twitter_card":"summary_large_image","twitter_misc":{"Tempo di lettura stimato":"4 minuti"},"schema":{"@context":"https:\/\/schema.org","@graph":[{"@type":"Organization","@id":"https:\/\/www.rome-roma.net\/it\/#organization","name":"Rome-Roma","url":"https:\/\/www.rome-roma.net\/it\/","sameAs":[],"logo":{"@type":"ImageObject","@id":"https:\/\/www.rome-roma.net\/it\/#logo","inLanguage":"it-IT","url":"https:\/\/www.rome-roma.net\/wp-content\/uploads\/2025\/07\/logo-rome-roma-420.jpg","contentUrl":"https:\/\/www.rome-roma.net\/wp-content\/uploads\/2025\/07\/logo-rome-roma-420.jpg","width":420,"height":420,"caption":"Rome-Roma"},"image":{"@id":"https:\/\/www.rome-roma.net\/it\/#logo"}},{"@type":"WebSite","@id":"https:\/\/www.rome-roma.net\/it\/#website","url":"https:\/\/www.rome-roma.net\/it\/","name":"Rome-Roma","description":"Cultura & Viaggio","publisher":{"@id":"https:\/\/www.rome-roma.net\/it\/#organization"},"potentialAction":[{"@type":"SearchAction","target":{"@type":"EntryPoint","urlTemplate":"https:\/\/www.rome-roma.net\/it\/?s={search_term_string}"},"query-input":"required name=search_term_string"}],"inLanguage":"it-IT"},{"@type":"ImageObject","@id":"https:\/\/www.rome-roma.net\/it\/museo-nazionale-romano\/museo-delle-terme-di-diocleziano\/#primaryimage","inLanguage":"it-IT","url":"https:\/\/www.rome-roma.net\/wp-content\/uploads\/2020\/01\/terme_diocleziano_04751.jpg","contentUrl":"https:\/\/www.rome-roma.net\/wp-content\/uploads\/2020\/01\/terme_diocleziano_04751.jpg","width":750,"height":500,"caption":"Thermes de Diocl\u00e9tien"},{"@type":"WebPage","@id":"https:\/\/www.rome-roma.net\/it\/museo-nazionale-romano\/museo-delle-terme-di-diocleziano\/#webpage","url":"https:\/\/www.rome-roma.net\/it\/museo-nazionale-romano\/museo-delle-terme-di-diocleziano\/","name":"Museo delle Terme di Diocleziano &ndash; Rome-Roma","isPartOf":{"@id":"https:\/\/www.rome-roma.net\/it\/#website"},"primaryImageOfPage":{"@id":"https:\/\/www.rome-roma.net\/it\/museo-nazionale-romano\/museo-delle-terme-di-diocleziano\/#primaryimage"},"datePublished":"2020-01-19T10:49:45+00:00","dateModified":"2026-04-04T22:18:21+00:00","description":"Dedicata all'antica Roma e ai popoli latini, questa sezione del museo romano \u00e8 ospitata nelle antiche terme di Diocleziano. Visita e informazioni.","breadcrumb":{"@id":"https:\/\/www.rome-roma.net\/it\/museo-nazionale-romano\/museo-delle-terme-di-diocleziano\/#breadcrumb"},"inLanguage":"it-IT","potentialAction":[{"@type":"ReadAction","target":["https:\/\/www.rome-roma.net\/it\/museo-nazionale-romano\/museo-delle-terme-di-diocleziano\/"]}]},{"@type":"BreadcrumbList","@id":"https:\/\/www.rome-roma.net\/it\/museo-nazionale-romano\/museo-delle-terme-di-diocleziano\/#breadcrumb","itemListElement":[{"@type":"ListItem","position":1,"name":"Accueil","item":"https:\/\/www.rome-roma.net\/it\/"},{"@type":"ListItem","position":2,"name":"Museo Nazionale Romano","item":"https:\/\/www.rome-roma.net\/it\/museo-nazionale-romano\/"},{"@type":"ListItem","position":3,"name":"Museo delle Terme di Diocleziano"}]}]}},"acf_fields":{"nom_monument":"","wikidata":"Q836108","sameas":""},"_links":{"self":[{"href":"https:\/\/www.rome-roma.net\/it\/wp-json\/wp\/v2\/site\/6968"}],"collection":[{"href":"https:\/\/www.rome-roma.net\/it\/wp-json\/wp\/v2\/site"}],"about":[{"href":"https:\/\/www.rome-roma.net\/it\/wp-json\/wp\/v2\/types\/site"}],"replies":[{"embeddable":true,"href":"https:\/\/www.rome-roma.net\/it\/wp-json\/wp\/v2\/comments?post=6968"}],"up":[{"embeddable":true,"href":"https:\/\/www.rome-roma.net\/it\/wp-json\/wp\/v2\/site\/6959"}],"wp:featuredmedia":[{"embeddable":true,"href":"https:\/\/www.rome-roma.net\/it\/wp-json\/wp\/v2\/media\/591"}],"wp:attachment":[{"href":"https:\/\/www.rome-roma.net\/it\/wp-json\/wp\/v2\/media?parent=6968"}],"wp:term":[{"taxonomy":"genre","embeddable":true,"href":"https:\/\/www.rome-roma.net\/it\/wp-json\/wp\/v2\/genre?post=6968"},{"taxonomy":"interet","embeddable":true,"href":"https:\/\/www.rome-roma.net\/it\/wp-json\/wp\/v2\/interet?post=6968"},{"taxonomy":"quartier","embeddable":true,"href":"https:\/\/www.rome-roma.net\/it\/wp-json\/wp\/v2\/quartier?post=6968"},{"taxonomy":"categorie_site","embeddable":true,"href":"https:\/\/www.rome-roma.net\/it\/wp-json\/wp\/v2\/categorie_site?post=6968"},{"taxonomy":"quartier_historique","embeddable":true,"href":"https:\/\/www.rome-roma.net\/it\/wp-json\/wp\/v2\/quartier_historique?post=6968"},{"taxonomy":"etiquettes_site","embeddable":true,"href":"https:\/\/www.rome-roma.net\/it\/wp-json\/wp\/v2\/etiquettes_site?post=6968"}],"curies":[{"name":"wp","href":"https:\/\/api.w.org\/{rel}","templated":true}]}}