


{"id":6978,"date":"2020-01-19T12:33:19","date_gmt":"2020-01-19T11:33:19","guid":{"rendered":"https:\/\/www.rome-roma.net\/site\/museo-nazionale-romano\/palais-altemps\/"},"modified":"2026-04-05T00:18:58","modified_gmt":"2026-04-04T22:18:58","slug":"palazzo-altemps","status":"publish","type":"site","link":"https:\/\/www.rome-roma.net\/it\/museo-nazionale-romano\/palazzo-altemps\/","title":{"rendered":"Palazzo Altemps"},"content":{"rendered":"<p>Il <strong>Palazzo Altemps<\/strong> ospita un&#8217;importante sezione del <strong>Museo Nazionale Romano<\/strong>, dedicata principalmente alle sculture antiche da collezioni di famose famiglie, come i <strong>Ludovisi<\/strong>, gli <strong>Altemps<\/strong> e i <strong>Mattei<\/strong>.<\/p>\n<h2>Museo e Palazzo Altemps<\/h2>\n<p>Questo palazzo costruito nel 1477, acquisito nel 1568 dal cardinale Marco Sittico Altemps. Fu la residenza di aristocratici e cardinali nei secoli XVI e XVII.<br>Tra le opere esposte, notiamo il <em>Trono dei Ludovesi<\/em>, che rappresenta la nascita di Afrodite (Grecia, V secolo a.C.), il <em>Sarcofago dei Ludovesi<\/em>, con la battaglia tra Romani e barbari, il <em>Galata morante<\/em>, l&#8217;<em>Are<\/em> restaurato dal Bernini, il bronzo di Marco Aurelio o i busti di Giulio Cesare.<\/p>\n<p>Quattro sale sono dedicate a una parte della <strong>collezione egiziana<\/strong> del Museo Nazionale Romano, compresi elementi del santuario di Iside e Serapido sul Campo Marzio o il santuario siriaco del Gianicolo.<\/p>\n<div style=\"width: 210px\" class=\"wp-caption alignright\"><a href=\"https:\/\/www.rome-roma.net\/photos\/palazzoaltemps-museonazionaleromano\/images\/galatasuicida_museonazionaleromano_0859.jpg\" rel=\"lightbox[a]\"><img loading=\"lazy\" src=\"https:\/\/www.rome-roma.net\/photos\/palazzoaltemps-museonazionaleromano\/images\/galatasuicida_museonazionaleromano_0859.jpg\" alt=\"Suicidio del Galata, palazzo altemps \" width=\"200\" height=\"300\" border=\"0\"><\/a><p class=\"wp-caption-text\">Galata suicida con la moglie<\/p><\/div>\n<p>La famosa collezione <strong>Boncompagni Ludovisi<\/strong> \u00e8 particolarmente interessante. In origine, il cardinale Ludovico Ludovisi raccolse molte sculture antiche, intorno al 450, con le quali decor\u00f2 la sua propriet\u00e0 sulla collina del Quirinale. Quando la villa fu distrutta alla fine del XIX secolo, le opere furono disperse. Lo Stato ne recuper\u00f2 104, esposti qui, come il <em>Galata suicida con la moglie<\/em>, <em>Oreste ed Elettra<\/em>, l&#8217;<em>Are<\/em>, la<em> Testa di Giunone<\/em> o il <em>trono Ludovisi<\/em> dal V secolo a.C.<\/p>\n<p>Delle 120 sculture della collezione del cardinale Marco Sittico <strong>Altemps<\/strong>, 15 sono conservate, di cui 4 sotto il portico settentrionale.<br>I portici del cortile e le sale del primo piano ospitano elementi della collezione <strong>Mattei<\/strong>, che decorava la Villa Celimontana. C&#8217;\u00e8 anche la collezione Del Drago.<br>Nella grande sala della collezione Mattei \u00e8 possibile, tra altre, scoprire due busti di Giulio Cesare e uno di Vespasiano, o l&#8217;importante sarcofago con il mito delle origini di Roma.<\/p>\n<h2>Galleria fotografica<\/h2>\n<p><a href=\"https:\/\/www.rome-roma.net\/photos\/palazzoaltemps-museonazionaleromano\/images\/palazzoaltemps_museonazionaleromano_0762.jpg\" rel=\"lightbox[a]\"><img loading=\"lazy\" src=\"https:\/\/www.rome-roma.net\/photos\/palazzoaltemps-museonazionaleromano\/thumbnails\/palazzoaltemps_museonazionaleromano_0762.jpg\" alt=\"palazzo altemps - mus\u00e9e national romain\" width=\"106\" height=\"154\" border=\"0\"><\/a> Palazzo Altemps<\/p>\n<p><a href=\"https:\/\/www.rome-roma.net\/photos\/palazzoaltemps-museonazionaleromano\/images\/cour_museonazionaleromano_0860.jpg\" rel=\"lightbox[a]\"><img loading=\"lazy\" src=\"https:\/\/www.rome-roma.net\/photos\/palazzoaltemps-museonazionaleromano\/thumbnails\/cour_museonazionaleromano_0860.jpg\" alt=\"Cour palazzo altemps - mus\u00e9e national romain\" width=\"154\" height=\"106\" border=\"0\"><\/a><a href=\"https:\/\/www.rome-roma.net\/photos\/palazzoaltemps-museonazionaleromano\/images\/cour_museonazionaleromano_0861.jpg\" rel=\"lightbox[a]\"><img loading=\"lazy\" src=\"https:\/\/www.rome-roma.net\/photos\/palazzoaltemps-museonazionaleromano\/thumbnails\/cour_museonazionaleromano_0861.jpg\" alt=\"palazzo altemps - mus\u00e9e national romain\" width=\"154\" height=\"106\" border=\"0\"><\/a> Cortile del palazzo<\/p>\n<p><a href=\"https:\/\/www.rome-roma.net\/photos\/palazzoaltemps-museonazionaleromano\/images\/sculptures_palazzoaltemps_museenationalromain_0865.jpg\" rel=\"lightbox[a]\"><img loading=\"lazy\" src=\"https:\/\/www.rome-roma.net\/photos\/palazzoaltemps-museonazionaleromano\/thumbnails\/sculptures_palazzoaltemps_museenationalromain_0865.jpg\" alt=\"palazzo altemps - mus\u00e9e national romain\" width=\"106\" height=\"154\" border=\"0\"><\/a> Fontana<\/p>\n<h3>Sale e sculture<\/h3>\n<p><a href=\"https:\/\/www.rome-roma.net\/photos\/palazzoaltemps-museonazionaleromano\/images\/chiesadisantaniceto_museonazionaleromano_0839.jpg\" rel=\"lightbox[a]\"><img loading=\"lazy\" src=\"https:\/\/www.rome-roma.net\/photos\/palazzoaltemps-museonazionaleromano\/thumbnails\/chiesadisantaniceto_museonazionaleromano_0839.jpg\" alt=\"Eglise de Sant'Aniceto  palazzo altemps - mus\u00e9e national romain\" width=\"154\" height=\"106\" border=\"0\"><\/a> Chiesa Sant&#8217;Aniceto<\/p>\n<p><a href=\"https:\/\/www.rome-roma.net\/photos\/palazzoaltemps-museonazionaleromano\/images\/loggiafresco_museonazionaleromano_0857.jpg\" rel=\"lightbox[a]\"><img loading=\"lazy\" src=\"https:\/\/www.rome-roma.net\/photos\/palazzoaltemps-museonazionaleromano\/thumbnails\/loggiafresco_museonazionaleromano_0857.jpg\" alt=\"palazzo altemps - mus\u00e9e national romain\" width=\"106\" height=\"154\" border=\"0\"><\/a><a href=\"https:\/\/www.rome-roma.net\/photos\/palazzoaltemps-museonazionaleromano\/images\/loggia_museonazionaleromano_0840.jpg\" rel=\"lightbox[a]\"><img loading=\"lazy\" src=\"https:\/\/www.rome-roma.net\/photos\/palazzoaltemps-museonazionaleromano\/thumbnails\/loggia_museonazionaleromano_0840.jpg\" alt=\"Loggia palazzo altemps - mus\u00e9e national romain\" width=\"154\" height=\"106\" border=\"0\"><\/a><a href=\"https:\/\/www.rome-roma.net\/photos\/palazzoaltemps-museonazionaleromano\/images\/sculptures_palazzoaltemps_museenationalromain_0858.jpg\" rel=\"lightbox[a]\"><img loading=\"lazy\" src=\"https:\/\/www.rome-roma.net\/photos\/palazzoaltemps-museonazionaleromano\/thumbnails\/sculptures_palazzoaltemps_museenationalromain_0858.jpg\" alt=\"palazzo altemps - mus\u00e9e national romain\" width=\"106\" height=\"154\" border=\"0\"><\/a><a href=\"https:\/\/www.rome-roma.net\/photos\/palazzoaltemps-museonazionaleromano\/images\/sculptures_palazzoaltemps_museenationalromain_0862.jpg\" rel=\"lightbox[a]\"><img loading=\"lazy\" src=\"https:\/\/www.rome-roma.net\/photos\/palazzoaltemps-museonazionaleromano\/thumbnails\/sculptures_palazzoaltemps_museenationalromain_0862.jpg\" alt=\"palazzo altemps - mus\u00e9e national romain\" width=\"106\" height=\"154\" border=\"0\"><\/a> Loggia del primo piano<\/p>\n<p><a href=\"https:\/\/www.rome-roma.net\/photos\/palazzoaltemps-museonazionaleromano\/images\/osiride_chronocrator_sculture_palazzoaltemps_museonazionaleromano_0806.jpg\" rel=\"lightbox[a]\"><img loading=\"lazy\" src=\"https:\/\/www.rome-roma.net\/photos\/palazzoaltemps-museonazionaleromano\/thumbnails\/osiride_chronocrator_sculture_palazzoaltemps_museonazionaleromano_0806.jpg\" alt=\"Osiride Chronator palazzo altemps - mus\u00e9e national romain\" width=\"106\" height=\"154\" border=\"0\"><\/a><a href=\"https:\/\/www.rome-roma.net\/photos\/palazzoaltemps-museonazionaleromano\/images\/osiride_chronocrator_sculture_palazzoaltemps_museonazionaleromano_0807.jpg\" rel=\"lightbox[a]\"><img loading=\"lazy\" src=\"https:\/\/www.rome-roma.net\/photos\/palazzoaltemps-museonazionaleromano\/thumbnails\/osiride_chronocrator_sculture_palazzoaltemps_museonazionaleromano_0807.jpg\" alt=\"Osiride Chronator palazzo altemps - mus\u00e9e national romain\" width=\"106\" height=\"154\" border=\"0\"><\/a> <em>Osiride Chronator<\/em><\/p>\n<p><a href=\"https:\/\/www.rome-roma.net\/photos\/palazzoaltemps-museonazionaleromano\/images\/galatasuicida_museonazionaleromano_0859.jpg\" rel=\"lightbox[a]\"><img loading=\"lazy\" src=\"https:\/\/www.rome-roma.net\/photos\/palazzoaltemps-museonazionaleromano\/thumbnails\/galatasuicida_museonazionaleromano_0859.jpg\" alt=\"Suicide du Galate palazzo altemps - mus\u00e9e national romain\" width=\"106\" height=\"154\" border=\"0\"><\/a>&nbsp;<em>Galata suicida con la moglie<\/em><\/p>\n\n<style id=\"kt-blocks_6834cd-86\" type=\"text\/css\">.kt-accordion-id_6834cd-86 .kt-accordion-panel-inner {background:#ffffff;border-width:0px 1px 1px 1px;}.kt-accordion-id_6834cd-86 .kt-blocks-accordion-header {color:#313131;background:#bb9cd9;border-color:#eeeeee #eeeeee #eeeeee #eeeeee;font-size:18px;line-height:24px;border-radius:0px 0px 0px 0px;border-width:1px 1px 1px 2px;padding:14px 16px 14px 16px;margin-top:10px;}.kt-accordion-id_6834cd-86 .kt-blocks-accordion-header .kt-btn-svg-icon svg {width:18px;height:18px;}.kt-accordion-id_6834cd-86:not( .kt-accodion-icon-style-basiccircle ):not( .kt-accodion-icon-style-xclosecircle ):not( .kt-accodion-icon-style-arrowcircle ) .kt-blocks-accordion-icon-trigger:after, .kt-accordion-id_6834cd-86:not( .kt-accodion-icon-style-basiccircle ):not( .kt-accodion-icon-style-xclosecircle ):not( .kt-accodion-icon-style-arrowcircle ) .kt-blocks-accordion-icon-trigger:before {background:#313131;}.kt-accordion-id_6834cd-86:not( .kt-accodion-icon-style-basic ):not( .kt-accodion-icon-style-xclose ):not( .kt-accodion-icon-style-arrow ) .kt-blocks-accordion-icon-trigger {background:#313131;}.kt-accordion-id_6834cd-86:not( .kt-accodion-icon-style-basic ):not( .kt-accodion-icon-style-xclose ):not( .kt-accodion-icon-style-arrow ) .kt-blocks-accordion-icon-trigger:after, .kt-accordion-id_6834cd-86:not( .kt-accodion-icon-style-basic ):not( .kt-accodion-icon-style-xclose ):not( .kt-accodion-icon-style-arrow ) .kt-blocks-accordion-icon-trigger:before {background:#bb9cd9;}.kt-accordion-id_6834cd-86 .kt-blocks-accordion-header:hover, .kt-accordion-id_6834cd-86 .kt-blocks-accordion-header:focus {color:#eeeeee;background:#bb9cd9;border-color:#d4d4d4 #d4d4d4 #d4d4d4 #d4d4d4;}.kt-accordion-id_6834cd-86:not( .kt-accodion-icon-style-basiccircle ):not( .kt-accodion-icon-style-xclosecircle ):not( .kt-accodion-icon-style-arrowcircle ) .kt-blocks-accordion-header:hover .kt-blocks-accordion-icon-trigger:after, .kt-accordion-id_6834cd-86:not( .kt-accodion-icon-style-basiccircle ):not( .kt-accodion-icon-style-xclosecircle ):not( .kt-accodion-icon-style-arrowcircle ) .kt-blocks-accordion-header:hover .kt-blocks-accordion-icon-trigger:before, .kt-accordion-id_6834cd-86:not( .kt-accodion-icon-style-basiccircle ):not( .kt-accodion-icon-style-xclosecircle ):not( .kt-accodion-icon-style-arrowcircle ) .kt-blocks-accordion-header:focus .kt-blocks-accordion-icon-trigger:after, .kt-accordion-id_6834cd-86:not( .kt-accodion-icon-style-basiccircle ):not( .kt-accodion-icon-style-xclosecircle ):not( .kt-accodion-icon-style-arrowcircle ) .kt-blocks-accordion-header:focus .kt-blocks-accordion-icon-trigger:before {background:#eeeeee;}.kt-accordion-id_6834cd-86:not( .kt-accodion-icon-style-basic ):not( .kt-accodion-icon-style-xclose ):not( .kt-accodion-icon-style-arrow ) .kt-blocks-accordion-header:hover .kt-blocks-accordion-icon-trigger, .kt-accordion-id_6834cd-86:not( .kt-accodion-icon-style-basic ):not( .kt-accodion-icon-style-xclose ):not( .kt-accodion-icon-style-arrow ) .kt-blocks-accordion-header:focus .kt-blocks-accordion-icon-trigger {background:#eeeeee;}.kt-accordion-id_6834cd-86:not( .kt-accodion-icon-style-basic ):not( .kt-accodion-icon-style-xclose ):not( .kt-accodion-icon-style-arrow ) .kt-blocks-accordion-header:hover .kt-blocks-accordion-icon-trigger:after, .kt-accordion-id_6834cd-86:not( .kt-accodion-icon-style-basic ):not( .kt-accodion-icon-style-xclose ):not( .kt-accodion-icon-style-arrow ) .kt-blocks-accordion-header:hover .kt-blocks-accordion-icon-trigger:before, .kt-accordion-id_6834cd-86:not( .kt-accodion-icon-style-basic ):not( .kt-accodion-icon-style-xclose ):not( .kt-accodion-icon-style-arrow ) .kt-blocks-accordion-header:focus .kt-blocks-accordion-icon-trigger:after, .kt-accordion-id_6834cd-86:not( .kt-accodion-icon-style-basic ):not( .kt-accodion-icon-style-xclose ):not( .kt-accodion-icon-style-arrow ) .kt-blocks-accordion-header:focus .kt-blocks-accordion-icon-trigger:before {background:#bb9cd9;}.kt-accordion-id_6834cd-86 .kt-blocks-accordion-header.kt-accordion-panel-active {color:#444444;background:#ffffff;border-color:#eeeeee #eeeeee #eeeeee #0e9cd1;}.kt-accordion-id_6834cd-86:not( .kt-accodion-icon-style-basiccircle ):not( .kt-accodion-icon-style-xclosecircle ):not( .kt-accodion-icon-style-arrowcircle ) .kt-blocks-accordion-header.kt-accordion-panel-active .kt-blocks-accordion-icon-trigger:after, .kt-accordion-id_6834cd-86:not( .kt-accodion-icon-style-basiccircle ):not( .kt-accodion-icon-style-xclosecircle ):not( .kt-accodion-icon-style-arrowcircle ) .kt-blocks-accordion-header.kt-accordion-panel-active .kt-blocks-accordion-icon-trigger:before {background:#444444;}.kt-accordion-id_6834cd-86:not( .kt-accodion-icon-style-basic ):not( .kt-accodion-icon-style-xclose ):not( .kt-accodion-icon-style-arrow ) .kt-blocks-accordion-header.kt-accordion-panel-active .kt-blocks-accordion-icon-trigger {background:#444444;}.kt-accordion-id_6834cd-86:not( .kt-accodion-icon-style-basic ):not( .kt-accodion-icon-style-xclose ):not( .kt-accodion-icon-style-arrow ) .kt-blocks-accordion-header.kt-accordion-panel-active .kt-blocks-accordion-icon-trigger:after, .kt-accordion-id_6834cd-86:not( .kt-accodion-icon-style-basic ):not( .kt-accodion-icon-style-xclose ):not( .kt-accodion-icon-style-arrow ) .kt-blocks-accordion-header.kt-accordion-panel-active .kt-blocks-accordion-icon-trigger:before {background:#ffffff;}<\/style>\n<div class=\"wp-block-kadence-accordion alignnone\"><div class=\"kt-accordion-wrap kt-accordion-wrap kt-accordion-id_6834cd-86 kt-accordion-has-2-panes kt-active-pane-0 kt-accordion-block kt-pane-header-alignment-left kt-accodion-icon-style-arrow kt-accodion-icon-side-right\" style=\"max-width:none\"><div class=\"kt-accordion-inner-wrap\" data-allow-multiple-open=\"true\" data-start-open=\"none\">\n<div class=\"wp-block-kadence-pane kt-accordion-pane kt-accordion-pane-1 kt-pane_e6d11d-b0\"><div class=\"kt-accordion-header-wrap\"><button class=\"kt-blocks-accordion-header kt-acccordion-button-label-show\"><div class=\"kt-blocks-accordion-title-wrap\"><span class=\"kt-blocks-accordion-title\">Davantage d&#8217;images des salles et des sculptures<\/span><\/div><div class=\"kt-blocks-accordion-icon-trigger\"><\/div><\/button><\/div><div class=\"kt-accordion-panel\"><div class=\"kt-accordion-panel-inner\">\n<p><a href=\"https:\/\/www.rome-roma.net\/photos\/palazzoaltemps-museonazionaleromano\/images\/salagrandedelgalata_museonazionaleromano_0837.jpg\" rel=\"lightbox[a]\"><img loading=\"lazy\" src=\"https:\/\/www.rome-roma.net\/photos\/palazzoaltemps-museonazionaleromano\/thumbnails\/salagrandedelgalata_museonazionaleromano_0837.jpg\" alt=\"Sala Grande del Galata palazzo altemps - mus\u00e9e national romain\" width=\"106\" height=\"154\" border=\"0\"><\/a> Sala Grande del Galata<\/p>\n<p><a href=\"https:\/\/www.rome-roma.net\/photos\/palazzoaltemps-museonazionaleromano\/images\/ares_palazzoaltemps_museonazionaleromano_0820.jpg\" rel=\"lightbox[a]\"><img loading=\"lazy\" src=\"https:\/\/www.rome-roma.net\/photos\/palazzoaltemps-museonazionaleromano\/thumbnails\/ares_palazzoaltemps_museonazionaleromano_0820.jpg\" alt=\"Ares, restaur\u00e9 par le Bernin palazzo altemps - mus\u00e9e national romain\" width=\"154\" height=\"106\" border=\"0\"><\/a> <em>Ares<\/em>, restaurato da Bernini<\/p>\n<p><a href=\"https:\/\/www.rome-roma.net\/photos\/palazzoaltemps-museonazionaleromano\/images\/palazzoaltemps_rome_0812b.jpg\" rel=\"lightbox[a]\"><img loading=\"lazy\" src=\"https:\/\/www.rome-roma.net\/photos\/palazzoaltemps-museonazionaleromano\/thumbnails\/palazzoaltemps_rome_0812b.jpg\" alt=\"palazzo altemps - mus\u00e9e national romain\" width=\"106\" height=\"154\" border=\"0\"><\/a><a href=\"https:\/\/www.rome-roma.net\/photos\/palazzoaltemps-museonazionaleromano\/images\/palazzoaltemps_museonazionaleromano_0813.jpg\" rel=\"lightbox[a]\"><img loading=\"lazy\" src=\"https:\/\/www.rome-roma.net\/photos\/palazzoaltemps-museonazionaleromano\/thumbnails\/palazzoaltemps_museonazionaleromano_0813.jpg\" alt=\"palazzo altemps - mus\u00e9e national romain\" width=\"106\" height=\"154\" border=\"0\"><\/a><a href=\"https:\/\/www.rome-roma.net\/photos\/palazzoaltemps-museonazionaleromano\/images\/palazzoaltemps_museonazionaleromano_0814.jpg\" rel=\"lightbox[a]\"><img loading=\"lazy\" src=\"https:\/\/www.rome-roma.net\/photos\/palazzoaltemps-museonazionaleromano\/thumbnails\/palazzoaltemps_museonazionaleromano_0814.jpg\" alt=\"palazzo altemps - mus\u00e9e national romain\" width=\"106\" height=\"154\" border=\"0\"><\/a><a href=\"https:\/\/www.rome-roma.net\/photos\/palazzoaltemps-museonazionaleromano\/images\/palazzoaltemps_museonazionaleromano_0815.jpg\" rel=\"lightbox[a]\"><img loading=\"lazy\" src=\"https:\/\/www.rome-roma.net\/photos\/palazzoaltemps-museonazionaleromano\/thumbnails\/palazzoaltemps_museonazionaleromano_0815.jpg\" alt=\"palazzo altemps - mus\u00e9e national romain\" width=\"106\" height=\"154\" border=\"0\"><\/a><a href=\"https:\/\/www.rome-roma.net\/photos\/palazzoaltemps-museonazionaleromano\/images\/palazzoaltemps_museonazionaleromano_0816.jpg\" rel=\"lightbox[a]\"><img loading=\"lazy\" src=\"https:\/\/www.rome-roma.net\/photos\/palazzoaltemps-museonazionaleromano\/thumbnails\/palazzoaltemps_museonazionaleromano_0816.jpg\" alt=\"palazzo altemps - mus\u00e9e national romain\" width=\"106\" height=\"154\" border=\"0\"><\/a><a href=\"https:\/\/www.rome-roma.net\/photos\/palazzoaltemps-museonazionaleromano\/images\/palazzoaltemps_museonazionaleromano_0812.jpg\" rel=\"lightbox[a]\"><img loading=\"lazy\" src=\"https:\/\/www.rome-roma.net\/photos\/palazzoaltemps-museonazionaleromano\/thumbnails\/palazzoaltemps_museonazionaleromano_0812.jpg\" alt=\"palazzo altemps - mus\u00e9e national romain\" width=\"154\" height=\"106\" border=\"0\"><\/a><\/p>\n<p><a href=\"https:\/\/www.rome-roma.net\/photos\/palazzoaltemps-museonazionaleromano\/images\/palazzoaltemps_museonazionaleromano_0818.jpg\" rel=\"lightbox[a]\"><img loading=\"lazy\" src=\"https:\/\/www.rome-roma.net\/photos\/palazzoaltemps-museonazionaleromano\/thumbnails\/palazzoaltemps_museonazionaleromano_0818.jpg\" alt=\"palazzo altemps - mus\u00e9e national romain\" width=\"154\" height=\"106\" border=\"0\"><\/a><\/p>\n<p><a href=\"https:\/\/www.rome-roma.net\/photos\/palazzoaltemps-museonazionaleromano\/images\/palazzoaltemps_museonazionaleromano_0821.jpg\" rel=\"lightbox[a]\"><img loading=\"lazy\" src=\"https:\/\/www.rome-roma.net\/photos\/palazzoaltemps-museonazionaleromano\/thumbnails\/palazzoaltemps_museonazionaleromano_0821.jpg\" alt=\"H\u00e9ra\" width=\"106\" height=\"154\" border=\"0\"><\/a><a href=\"https:\/\/www.rome-roma.net\/photos\/palazzoaltemps-museonazionaleromano\/images\/palazzoaltemps_museonazionaleromano_0822.jpg\" rel=\"lightbox[a]\"><img loading=\"lazy\" src=\"https:\/\/www.rome-roma.net\/photos\/palazzoaltemps-museonazionaleromano\/thumbnails\/palazzoaltemps_museonazionaleromano_0822.jpg\" alt=\"H\u00e9ra palazzo altemps - mus\u00e9e national romain\" width=\"106\" height=\"154\" border=\"0\"><\/a> <em>Era<\/em> (II-I secoli a.C.)<\/p>\n<p><a href=\"https:\/\/www.rome-roma.net\/photos\/palazzoaltemps-museonazionaleromano\/images\/palazzoaltemps_museonazionaleromano_0824.jpg\" rel=\"lightbox[a]\"><img loading=\"lazy\" src=\"https:\/\/www.rome-roma.net\/photos\/palazzoaltemps-museonazionaleromano\/thumbnails\/palazzoaltemps_museonazionaleromano_0824.jpg\" alt=\"palazzo altemps - mus\u00e9e national romain\" width=\"106\" height=\"154\" border=\"0\"><\/a><a href=\"https:\/\/www.rome-roma.net\/photos\/palazzoaltemps-museonazionaleromano\/images\/palazzoaltemps_museonazionaleromano_0823.jpg\" rel=\"lightbox[a]\"><img loading=\"lazy\" src=\"https:\/\/www.rome-roma.net\/photos\/palazzoaltemps-museonazionaleromano\/thumbnails\/palazzoaltemps_museonazionaleromano_0823.jpg\" alt=\"palazzo altemps - mus\u00e9e national romain\" width=\"154\" height=\"106\" border=\"0\"><\/a><\/p>\n<p><a href=\"https:\/\/www.rome-roma.net\/photos\/palazzoaltemps-museonazionaleromano\/images\/palazzoaltemps_museonazionaleromano_0825.jpg\" rel=\"lightbox[a]\"><img loading=\"lazy\" src=\"https:\/\/www.rome-roma.net\/photos\/palazzoaltemps-museonazionaleromano\/thumbnails\/palazzoaltemps_museonazionaleromano_0825.jpg\" alt=\"palazzo altemps - mus\u00e9e national romain\" width=\"106\" height=\"154\" border=\"0\"><\/a><a href=\"https:\/\/www.rome-roma.net\/photos\/palazzoaltemps-museonazionaleromano\/images\/palazzoaltemps_museonazionaleromano_0826.jpg\" rel=\"lightbox[a]\"><img loading=\"lazy\" src=\"https:\/\/www.rome-roma.net\/photos\/palazzoaltemps-museonazionaleromano\/thumbnails\/palazzoaltemps_museonazionaleromano_0826.jpg\" alt=\"palazzo altemps - mus\u00e9e national romain\" width=\"106\" height=\"154\" border=\"0\"><\/a><\/p>\n<p><a href=\"https:\/\/www.rome-roma.net\/photos\/palazzoaltemps-museonazionaleromano\/images\/palazzoaltemps_museonazionaleromano_0828.jpg\" rel=\"lightbox[a]\"><img loading=\"lazy\" src=\"https:\/\/www.rome-roma.net\/photos\/palazzoaltemps-museonazionaleromano\/thumbnails\/palazzoaltemps_museonazionaleromano_0828.jpg\" alt=\"palazzo altemps - mus\u00e9e national romain\" width=\"154\" height=\"106\" border=\"0\"><\/a><a href=\"https:\/\/www.rome-roma.net\/photos\/palazzoaltemps-museonazionaleromano\/images\/palazzoaltemps_museonazionaleromano_0830.jpg\" rel=\"lightbox[a]\"><img loading=\"lazy\" src=\"https:\/\/www.rome-roma.net\/photos\/palazzoaltemps-museonazionaleromano\/thumbnails\/palazzoaltemps_museonazionaleromano_0830.jpg\" alt=\"palazzo altemps - mus\u00e9e national romain\" width=\"154\" height=\"106\" border=\"0\"><\/a><\/p>\n<p><a href=\"https:\/\/www.rome-roma.net\/photos\/palazzoaltemps-museonazionaleromano\/images\/palazzoaltemps_museonazionaleromano_0831.jpg\" rel=\"lightbox[a]\"><img loading=\"lazy\" src=\"https:\/\/www.rome-roma.net\/photos\/palazzoaltemps-museonazionaleromano\/thumbnails\/palazzoaltemps_museonazionaleromano_0831.jpg\" alt=\"palazzo altemps - mus\u00e9e national romain\" width=\"106\" height=\"154\" border=\"0\"><\/a><a href=\"https:\/\/www.rome-roma.net\/photos\/palazzoaltemps-museonazionaleromano\/images\/palazzoaltemps_museonazionaleromano_0832.jpg\" rel=\"lightbox[a]\"><img loading=\"lazy\" src=\"https:\/\/www.rome-roma.net\/photos\/palazzoaltemps-museonazionaleromano\/thumbnails\/palazzoaltemps_museonazionaleromano_0832.jpg\" alt=\"palazzo altemps - mus\u00e9e national romain\" width=\"154\" height=\"106\" border=\"0\"><\/a><a href=\"https:\/\/www.rome-roma.net\/photos\/palazzoaltemps-museonazionaleromano\/images\/palazzoaltemps_museonazionaleromano_0834.jpg\" rel=\"lightbox[a]\"><img loading=\"lazy\" src=\"https:\/\/www.rome-roma.net\/photos\/palazzoaltemps-museonazionaleromano\/thumbnails\/palazzoaltemps_museonazionaleromano_0834.jpg\" alt=\"palazzo altemps - mus\u00e9e national romain\" width=\"106\" height=\"154\" border=\"0\"><\/a><\/p>\n<p><a href=\"https:\/\/www.rome-roma.net\/photos\/palazzoaltemps-museonazionaleromano\/images\/palazzoaltemps_museonazionaleromano_0836.jpg\" rel=\"lightbox[a]\"><img loading=\"lazy\" src=\"https:\/\/www.rome-roma.net\/photos\/palazzoaltemps-museonazionaleromano\/thumbnails\/palazzoaltemps_museonazionaleromano_0836.jpg\" alt=\"palazzo altemps - mus\u00e9e national romain\" width=\"106\" height=\"154\" border=\"0\"><\/a><\/p>\n<p><a href=\"https:\/\/www.rome-roma.net\/photos\/palazzoaltemps-museonazionaleromano\/images\/palazzoaltemps_museonazionaleromano_0835.jpg\" rel=\"lightbox[a]\"><img loading=\"lazy\" src=\"https:\/\/www.rome-roma.net\/photos\/palazzoaltemps-museonazionaleromano\/thumbnails\/palazzoaltemps_museonazionaleromano_0835.jpg\" alt=\"palazzo altemps - mus\u00e9e national romain\" width=\"154\" height=\"106\" border=\"0\"><\/a><\/p>\n<p><a href=\"https:\/\/www.rome-roma.net\/photos\/palazzoaltemps-museonazionaleromano\/images\/sarcofagio_mitodelleoriginediroma_palazzoaltemps_museonazionaleromano_0788.jpg\" rel=\"lightbox[a]\"><img loading=\"lazy\" src=\"https:\/\/www.rome-roma.net\/photos\/palazzoaltemps-museonazionaleromano\/thumbnails\/sarcofagio_mitodelleoriginediroma_palazzoaltemps_museonazionaleromano_0788.jpg\" alt=\"Sarcophage avec \u00e9vocation du mythe de la cr\u00e9ation de Rome\" width=\"154\" height=\"106\" border=\"0\"><\/a> Sarcofago con evocazione del mito della creazione di Roma<\/p>\n<p><a href=\"https:\/\/www.rome-roma.net\/photos\/palazzoaltemps-museonazionaleromano\/images\/sculptures_palazzoaltemps_museenationalromain_0863.jpg\" rel=\"lightbox[a]\"><img loading=\"lazy\" src=\"https:\/\/www.rome-roma.net\/photos\/palazzoaltemps-museonazionaleromano\/thumbnails\/sculptures_palazzoaltemps_museenationalromain_0863.jpg\" alt=\"Les dieux de l'Olympe palazzo altemps - mus\u00e9e national romain\" width=\"154\" height=\"106\" border=\"0\"><\/a><a href=\"https:\/\/www.rome-roma.net\/photos\/palazzoaltemps-museonazionaleromano\/images\/sculptures_palazzoaltemps_museenationalromain_0864.jpg\" rel=\"lightbox[a]\"><img loading=\"lazy\" src=\"https:\/\/www.rome-roma.net\/photos\/palazzoaltemps-museonazionaleromano\/thumbnails\/sculptures_palazzoaltemps_museenationalromain_0864.jpg\" alt=\"Les dieux de l'Olympe - mus\u00e9e national romain\" width=\"154\" height=\"106\" border=\"0\"><\/a> Dei dell&#8217;Olimpo<\/p>\n<p><a href=\"https:\/\/www.rome-roma.net\/photos\/palazzoaltemps-museonazionaleromano\/images\/sculptures_palazzoaltemps_museonazionaleromano_0787.jpg\" rel=\"lightbox[a]\"><img loading=\"lazy\" src=\"https:\/\/www.rome-roma.net\/photos\/palazzoaltemps-museonazionaleromano\/thumbnails\/sculptures_palazzoaltemps_museonazionaleromano_0787.jpg\" alt=\"palazzo altemps - mus\u00e9e national romain\" width=\"106\" height=\"154\" border=\"0\"><\/a><a href=\"https:\/\/www.rome-roma.net\/photos\/palazzoaltemps-museonazionaleromano\/images\/sculptures_palazzoaltemps_museonazionaleromano_0797.jpg\" rel=\"lightbox[a]\"><img loading=\"lazy\" src=\"https:\/\/www.rome-roma.net\/photos\/palazzoaltemps-museonazionaleromano\/thumbnails\/sculptures_palazzoaltemps_museonazionaleromano_0797.jpg\" alt=\"palazzo altemps - mus\u00e9e national romain\" width=\"106\" height=\"154\" border=\"0\"><\/a><\/p>\n<p><a href=\"https:\/\/www.rome-roma.net\/photos\/palazzoaltemps-museonazionaleromano\/images\/sculture_palazzoaltemps_museonazionaleromano_0765.jpg\" rel=\"lightbox[a]\"><img loading=\"lazy\" src=\"https:\/\/www.rome-roma.net\/photos\/palazzoaltemps-museonazionaleromano\/thumbnails\/sculture_palazzoaltemps_museonazionaleromano_0765.jpg\" alt=\"Apollon palazzo altemps - mus\u00e9e national romain\" width=\"106\" height=\"154\" border=\"0\"><\/a><a href=\"https:\/\/www.rome-roma.net\/photos\/palazzoaltemps-museonazionaleromano\/images\/sculture_palazzoaltemps_museonazionaleromano_0767.jpg\" rel=\"lightbox[a]\"><img loading=\"lazy\" src=\"https:\/\/www.rome-roma.net\/photos\/palazzoaltemps-museonazionaleromano\/thumbnails\/sculture_palazzoaltemps_museonazionaleromano_0767.jpg\" alt=\"Apollon\" width=\"154\" height=\"106\" border=\"0\"><\/a> Apollo<\/p>\n<p><a href=\"https:\/\/www.rome-roma.net\/photos\/palazzoaltemps-museonazionaleromano\/images\/sculture_palazzoaltemps_museonazionaleromano_0768.jpg\" rel=\"lightbox[a]\"><img loading=\"lazy\" src=\"https:\/\/www.rome-roma.net\/photos\/palazzoaltemps-museonazionaleromano\/thumbnails\/sculture_palazzoaltemps_museonazionaleromano_0768.jpg\" alt=\"Ath\u00e9na palazzo altemps - mus\u00e9e national romain\" width=\"106\" height=\"154\" border=\"0\"><\/a> Atena<\/p>\n<p><a href=\"https:\/\/www.rome-roma.net\/photos\/palazzoaltemps-museonazionaleromano\/images\/sculture_palazzoaltemps_museonazionaleromano_0769.jpg\" rel=\"lightbox[a]\"><img loading=\"lazy\" src=\"https:\/\/www.rome-roma.net\/photos\/palazzoaltemps-museonazionaleromano\/thumbnails\/sculture_palazzoaltemps_museonazionaleromano_0769.jpg\" alt=\"palazzo altemps - mus\u00e9e national romain\" width=\"106\" height=\"154\" border=\"0\"><\/a><a href=\"https:\/\/www.rome-roma.net\/photos\/palazzoaltemps-museonazionaleromano\/images\/sculture_palazzoaltemps_museonazionaleromano_0770.jpg\" rel=\"lightbox[a]\"><img loading=\"lazy\" src=\"https:\/\/www.rome-roma.net\/photos\/palazzoaltemps-museonazionaleromano\/thumbnails\/sculture_palazzoaltemps_museonazionaleromano_0770.jpg\" alt=\"palazzo altemps - mus\u00e9e national romain\" width=\"106\" height=\"154\" border=\"0\"><\/a><a href=\"https:\/\/www.rome-roma.net\/photos\/palazzoaltemps-museonazionaleromano\/images\/sculture_palazzoaltemps_museonazionaleromano_0776.jpg\" rel=\"lightbox[a]\"><img loading=\"lazy\" src=\"https:\/\/www.rome-roma.net\/photos\/palazzoaltemps-museonazionaleromano\/thumbnails\/sculture_palazzoaltemps_museonazionaleromano_0776.jpg\" alt=\"palazzo altemps - mus\u00e9e national romain\" width=\"106\" height=\"154\" border=\"0\"><\/a><\/p>\n<p><a href=\"https:\/\/www.rome-roma.net\/photos\/palazzoaltemps-museonazionaleromano\/images\/sculture_palazzoaltemps_museonazionaleromano_0801.jpg\" rel=\"lightbox[a]\"><img loading=\"lazy\" src=\"https:\/\/www.rome-roma.net\/photos\/palazzoaltemps-museonazionaleromano\/thumbnails\/sculture_palazzoaltemps_museonazionaleromano_0801.jpg\" alt=\"palazzo altemps - mus\u00e9e national romain\" width=\"106\" height=\"154\" border=\"0\"><\/a><a href=\"https:\/\/www.rome-roma.net\/photos\/palazzoaltemps-museonazionaleromano\/images\/sculture_palazzoaltemps_museonazionaleromano_0805.jpg\" rel=\"lightbox[a]\"><img loading=\"lazy\" src=\"https:\/\/www.rome-roma.net\/photos\/palazzoaltemps-museonazionaleromano\/thumbnails\/sculture_palazzoaltemps_museonazionaleromano_0805.jpg\" alt=\"palazzo altemps - mus\u00e9e national romain\" width=\"106\" height=\"154\" border=\"0\"><\/a><a href=\"https:\/\/www.rome-roma.net\/photos\/palazzoaltemps-museonazionaleromano\/images\/sculture_palazzoaltemps_museonazionaleromano_0809.jpg\" rel=\"lightbox[a]\"><img loading=\"lazy\" src=\"https:\/\/www.rome-roma.net\/photos\/palazzoaltemps-museonazionaleromano\/thumbnails\/sculture_palazzoaltemps_museonazionaleromano_0809.jpg\" alt=\"palazzo altemps - mus\u00e9e national romain\" width=\"106\" height=\"154\" border=\"0\"><\/a><a href=\"https:\/\/www.rome-roma.net\/photos\/palazzoaltemps-museonazionaleromano\/images\/toro_palazzoaltemps_museonazionaleromano_0799.jpg\" rel=\"lightbox[a]\"><img loading=\"lazy\" src=\"https:\/\/www.rome-roma.net\/photos\/palazzoaltemps-museonazionaleromano\/thumbnails\/toro_palazzoaltemps_museonazionaleromano_0799.jpg\" alt=\"palazzo altemps - mus\u00e9e national romain\" width=\"106\" height=\"154\" border=\"0\"><\/a><\/p>\n\n\n\n<p><\/p>\n<\/div><\/div><\/div>\n<\/div><\/div><\/div>\n\n\n\n<h3>Personaggi romani<\/h3>\n\n\n<table cellspacing=\"0\" cellpadding=\"0\" border=\"0\">\n<tbody>\n<tr>\n<td id=\"contenantstandard2\" width=\"33%\">\n<div align=\"left\"><a href=\"https:\/\/www.rome-roma.net\/photos\/palazzoaltemps-museonazionaleromano\/images\/adriano_museonazionaleromano_0851.jpg\" rel=\"lightbox[a]\"><img loading=\"lazy\" src=\"https:\/\/www.rome-roma.net\/photos\/palazzoaltemps-museonazionaleromano\/thumbnails\/adriano_museonazionaleromano_0851.jpg\" alt=\"Hadrien palazzo altemps - mus\u00e9e national romain\" width=\"106\" height=\"154\" border=\"0\"><\/a><br>Adriano<\/div>\n<\/td>\n<td id=\"contenantstandard2\" width=\"33%\">\n<div align=\"left\"><a href=\"https:\/\/www.rome-roma.net\/photos\/palazzoaltemps-museonazionaleromano\/images\/antinoo_palazzoaltemps_museonazionaleromano_0779.jpg\" rel=\"lightbox[a]\"><img loading=\"lazy\" src=\"https:\/\/www.rome-roma.net\/photos\/palazzoaltemps-museonazionaleromano\/thumbnails\/antinoo_palazzoaltemps_museonazionaleromano_0779.jpg\" alt=\"Antinous palazzo altemps - mus\u00e9e national romain\" width=\"106\" height=\"154\" border=\"0\"><\/a><br>Antinoo, amante di Adriano<\/div>\n<\/td>\n<td id=\"contenantstandard2\" width=\"33%\">\n<div align=\"left\"><a href=\"https:\/\/www.rome-roma.net\/photos\/palazzoaltemps-museonazionaleromano\/images\/settimiosevero_palazzoaltemps_museonazionaleromano_0796.jpg\" rel=\"lightbox[a]\"><img loading=\"lazy\" src=\"https:\/\/www.rome-roma.net\/photos\/palazzoaltemps-museonazionaleromano\/thumbnails\/settimiosevero_palazzoaltemps_museonazionaleromano_0796.jpg\" alt=\"Septime S\u00e9v\u00e8re palazzo altemps - mus\u00e9e national romain\" width=\"106\" height=\"154\" border=\"0\"><\/a><br>Settimio Severo<\/div>\n<\/td>\n<\/tr>\n<\/tbody>\n<\/table>\n\n<style id=\"kt-blocks_bb5ebc-7d\" type=\"text\/css\">.kt-accordion-id_bb5ebc-7d .kt-accordion-panel-inner {background:#ffffff;border-width:0px 1px 1px 1px;}.kt-accordion-id_bb5ebc-7d .kt-blocks-accordion-header {color:#313131;background:#bb9cd9;border-color:#eeeeee #eeeeee #eeeeee #eeeeee;font-size:18px;line-height:24px;border-radius:0px 0px 0px 0px;border-width:1px 1px 1px 2px;padding:14px 16px 14px 16px;margin-top:10px;}.kt-accordion-id_bb5ebc-7d .kt-blocks-accordion-header .kt-btn-svg-icon svg {width:18px;height:18px;}.kt-accordion-id_bb5ebc-7d:not( .kt-accodion-icon-style-basiccircle ):not( .kt-accodion-icon-style-xclosecircle ):not( .kt-accodion-icon-style-arrowcircle ) .kt-blocks-accordion-icon-trigger:after, .kt-accordion-id_bb5ebc-7d:not( .kt-accodion-icon-style-basiccircle ):not( .kt-accodion-icon-style-xclosecircle ):not( .kt-accodion-icon-style-arrowcircle ) .kt-blocks-accordion-icon-trigger:before {background:#313131;}.kt-accordion-id_bb5ebc-7d:not( .kt-accodion-icon-style-basic ):not( .kt-accodion-icon-style-xclose ):not( .kt-accodion-icon-style-arrow ) .kt-blocks-accordion-icon-trigger {background:#313131;}.kt-accordion-id_bb5ebc-7d:not( .kt-accodion-icon-style-basic ):not( .kt-accodion-icon-style-xclose ):not( .kt-accodion-icon-style-arrow ) .kt-blocks-accordion-icon-trigger:after, .kt-accordion-id_bb5ebc-7d:not( .kt-accodion-icon-style-basic ):not( .kt-accodion-icon-style-xclose ):not( .kt-accodion-icon-style-arrow ) .kt-blocks-accordion-icon-trigger:before {background:#bb9cd9;}.kt-accordion-id_bb5ebc-7d .kt-blocks-accordion-header:hover, .kt-accordion-id_bb5ebc-7d .kt-blocks-accordion-header:focus {color:#eeeeee;background:#bb9cd9;border-color:#d4d4d4 #d4d4d4 #d4d4d4 #d4d4d4;}.kt-accordion-id_bb5ebc-7d:not( .kt-accodion-icon-style-basiccircle ):not( .kt-accodion-icon-style-xclosecircle ):not( .kt-accodion-icon-style-arrowcircle ) .kt-blocks-accordion-header:hover .kt-blocks-accordion-icon-trigger:after, .kt-accordion-id_bb5ebc-7d:not( .kt-accodion-icon-style-basiccircle ):not( .kt-accodion-icon-style-xclosecircle ):not( .kt-accodion-icon-style-arrowcircle ) .kt-blocks-accordion-header:hover .kt-blocks-accordion-icon-trigger:before, .kt-accordion-id_bb5ebc-7d:not( .kt-accodion-icon-style-basiccircle ):not( .kt-accodion-icon-style-xclosecircle ):not( .kt-accodion-icon-style-arrowcircle ) .kt-blocks-accordion-header:focus .kt-blocks-accordion-icon-trigger:after, .kt-accordion-id_bb5ebc-7d:not( .kt-accodion-icon-style-basiccircle ):not( .kt-accodion-icon-style-xclosecircle ):not( .kt-accodion-icon-style-arrowcircle ) .kt-blocks-accordion-header:focus .kt-blocks-accordion-icon-trigger:before {background:#eeeeee;}.kt-accordion-id_bb5ebc-7d:not( .kt-accodion-icon-style-basic ):not( .kt-accodion-icon-style-xclose ):not( .kt-accodion-icon-style-arrow ) .kt-blocks-accordion-header:hover .kt-blocks-accordion-icon-trigger, .kt-accordion-id_bb5ebc-7d:not( .kt-accodion-icon-style-basic ):not( .kt-accodion-icon-style-xclose ):not( .kt-accodion-icon-style-arrow ) .kt-blocks-accordion-header:focus .kt-blocks-accordion-icon-trigger {background:#eeeeee;}.kt-accordion-id_bb5ebc-7d:not( .kt-accodion-icon-style-basic ):not( .kt-accodion-icon-style-xclose ):not( .kt-accodion-icon-style-arrow ) .kt-blocks-accordion-header:hover .kt-blocks-accordion-icon-trigger:after, .kt-accordion-id_bb5ebc-7d:not( .kt-accodion-icon-style-basic ):not( .kt-accodion-icon-style-xclose ):not( .kt-accodion-icon-style-arrow ) .kt-blocks-accordion-header:hover .kt-blocks-accordion-icon-trigger:before, .kt-accordion-id_bb5ebc-7d:not( .kt-accodion-icon-style-basic ):not( .kt-accodion-icon-style-xclose ):not( .kt-accodion-icon-style-arrow ) .kt-blocks-accordion-header:focus .kt-blocks-accordion-icon-trigger:after, .kt-accordion-id_bb5ebc-7d:not( .kt-accodion-icon-style-basic ):not( .kt-accodion-icon-style-xclose ):not( .kt-accodion-icon-style-arrow ) .kt-blocks-accordion-header:focus .kt-blocks-accordion-icon-trigger:before {background:#bb9cd9;}.kt-accordion-id_bb5ebc-7d .kt-blocks-accordion-header.kt-accordion-panel-active {color:#444444;background:#ffffff;border-color:#eeeeee #eeeeee #eeeeee #0e9cd1;}.kt-accordion-id_bb5ebc-7d:not( .kt-accodion-icon-style-basiccircle ):not( .kt-accodion-icon-style-xclosecircle ):not( .kt-accodion-icon-style-arrowcircle ) .kt-blocks-accordion-header.kt-accordion-panel-active .kt-blocks-accordion-icon-trigger:after, .kt-accordion-id_bb5ebc-7d:not( .kt-accodion-icon-style-basiccircle ):not( .kt-accodion-icon-style-xclosecircle ):not( .kt-accodion-icon-style-arrowcircle ) .kt-blocks-accordion-header.kt-accordion-panel-active .kt-blocks-accordion-icon-trigger:before {background:#444444;}.kt-accordion-id_bb5ebc-7d:not( .kt-accodion-icon-style-basic ):not( .kt-accodion-icon-style-xclose ):not( .kt-accodion-icon-style-arrow ) .kt-blocks-accordion-header.kt-accordion-panel-active .kt-blocks-accordion-icon-trigger {background:#444444;}.kt-accordion-id_bb5ebc-7d:not( .kt-accodion-icon-style-basic ):not( .kt-accodion-icon-style-xclose ):not( .kt-accodion-icon-style-arrow ) .kt-blocks-accordion-header.kt-accordion-panel-active .kt-blocks-accordion-icon-trigger:after, .kt-accordion-id_bb5ebc-7d:not( .kt-accodion-icon-style-basic ):not( .kt-accodion-icon-style-xclose ):not( .kt-accodion-icon-style-arrow ) .kt-blocks-accordion-header.kt-accordion-panel-active .kt-blocks-accordion-icon-trigger:before {background:#ffffff;}<\/style>\n<div class=\"wp-block-kadence-accordion alignnone\"><div class=\"kt-accordion-wrap kt-accordion-wrap kt-accordion-id_bb5ebc-7d kt-accordion-has-2-panes kt-active-pane-0 kt-accordion-block kt-pane-header-alignment-left kt-accodion-icon-style-arrow kt-accodion-icon-side-right\" style=\"max-width:none\"><div class=\"kt-accordion-inner-wrap\" data-allow-multiple-open=\"true\" data-start-open=\"none\">\n<div class=\"wp-block-kadence-pane kt-accordion-pane kt-accordion-pane-1 kt-pane_aa68e9-f6\"><div class=\"kt-accordion-header-wrap\"><button class=\"kt-blocks-accordion-header kt-acccordion-button-label-show\"><div class=\"kt-blocks-accordion-title-wrap\"><span class=\"kt-blocks-accordion-title\">Pi\u00f9 di busti di imperatori e personaggi<\/span><\/div><div class=\"kt-blocks-accordion-icon-trigger\"><\/div><\/button><\/div><div class=\"kt-accordion-panel\"><div class=\"kt-accordion-panel-inner\">\n<table width=\"100%%\" cellspacing=\"0\" cellpadding=\"0\" border=\"0\">\n<tbody>\n<tr>\n<td id=\"contenantstandard2\">\n<div align=\"left\"><a href=\"https:\/\/www.rome-roma.net\/photos\/palazzoaltemps-museonazionaleromano\/images\/bustogiuliocesare_palazzoaltemps_museonazionaleromano_0790.jpg\" rel=\"lightbox[a]\"><img loading=\"lazy\" src=\"https:\/\/www.rome-roma.net\/photos\/palazzoaltemps-museonazionaleromano\/thumbnails\/bustogiuliocesare_palazzoaltemps_museonazionaleromano_0790.jpg\" alt=\"Jules C\u00e9sar palazzo altemps - mus\u00e9e national romain\" width=\"106\" height=\"154\" border=\"0\"><\/a><br>Giulio Cesare<\/div>\n<\/td>\n<td id=\"contenantstandard2\">\n<div align=\"left\"><a href=\"https:\/\/www.rome-roma.net\/photos\/palazzoaltemps-museonazionaleromano\/images\/bustogiuliocesare_palazzoaltemps_museonazionaleromano_0792.jpg\" rel=\"lightbox[a]\"><img loading=\"lazy\" src=\"https:\/\/www.rome-roma.net\/photos\/palazzoaltemps-museonazionaleromano\/thumbnails\/bustogiuliocesare_palazzoaltemps_museonazionaleromano_0792.jpg\" alt=\"Jules C\u00e9sar - mus\u00e9e national romain\" width=\"106\" height=\"154\" border=\"0\"><\/a><br>Giulio Cesare<\/div>\n<\/td>\n<td id=\"contenantstandard2\">\n<div align=\"left\"><a href=\"https:\/\/www.rome-roma.net\/photos\/palazzoaltemps-museonazionaleromano\/images\/vespasiano_palazzoaltemps_museonazionaleromano_0794.jpg\" rel=\"lightbox[a]\"><img loading=\"lazy\" src=\"https:\/\/www.rome-roma.net\/photos\/palazzoaltemps-museonazionaleromano\/thumbnails\/vespasiano_palazzoaltemps_museonazionaleromano_0794.jpg\" alt=\"Vespasien palazzo altemps - mus\u00e9e national romain\" width=\"106\" height=\"154\" border=\"0\"><\/a><br>Vespasiano<\/div>\n<\/td>\n<\/tr>\n<tr>\n<td id=\"contenantstandard2\">\n<div align=\"left\"><a href=\"https:\/\/www.rome-roma.net\/photos\/palazzoaltemps-museonazionaleromano\/images\/sculptures_palazzoaltemps_museenationalromain_0855.jpg\" rel=\"lightbox[a]\"><img loading=\"lazy\" src=\"https:\/\/www.rome-roma.net\/photos\/palazzoaltemps-museonazionaleromano\/thumbnails\/sculptures_palazzoaltemps_museenationalromain_0855.jpg\" alt=\"palazzo altemps - mus\u00e9e national romain\" width=\"106\" height=\"154\" border=\"0\"><\/a><\/div>\n<\/td>\n<td id=\"contenantstandard2\">\n<div align=\"left\"><a href=\"https:\/\/www.rome-roma.net\/photos\/palazzoaltemps-museonazionaleromano\/images\/sculptures_palazzoaltemps_museenationalromain_0856.jpg\" rel=\"lightbox[a]\"><img loading=\"lazy\" src=\"https:\/\/www.rome-roma.net\/photos\/palazzoaltemps-museonazionaleromano\/thumbnails\/sculptures_palazzoaltemps_museenationalromain_0856.jpg\" alt=\"palazzo altemps - mus\u00e9e national romain\" width=\"106\" height=\"154\" border=\"0\"><\/a><\/div>\n<\/td>\n<td id=\"contenantstandard2\">\n<div align=\"left\"><a href=\"https:\/\/www.rome-roma.net\/photos\/palazzoaltemps-museonazionaleromano\/images\/tiberio_museonazionaleromano_0847.jpg\" rel=\"lightbox[a]\"><img loading=\"lazy\" src=\"https:\/\/www.rome-roma.net\/photos\/palazzoaltemps-museonazionaleromano\/thumbnails\/tiberio_museonazionaleromano_0847.jpg\" alt=\"Tib\u00e8re palazzo altemps - mus\u00e9e national romain\" width=\"106\" height=\"154\" border=\"0\"><\/a><br>Tibero<\/div>\n<\/td>\n<\/tr>\n<tr>\n<td id=\"contenantstandard2\">\n<div align=\"left\"><a href=\"https:\/\/www.rome-roma.net\/photos\/palazzoaltemps-museonazionaleromano\/images\/commodo_museonazionaleromano_0841.jpg\" rel=\"lightbox[a]\"><img loading=\"lazy\" src=\"https:\/\/www.rome-roma.net\/photos\/palazzoaltemps-museonazionaleromano\/thumbnails\/commodo_museonazionaleromano_0841.jpg\" alt=\"Commode palazzo altemps - mus\u00e9e national romain\" width=\"106\" height=\"154\" border=\"0\"><\/a><br>Commodo<\/div>\n<\/td>\n<td id=\"contenantstandard2\">\n<div align=\"left\"><a href=\"https:\/\/www.rome-roma.net\/photos\/palazzoaltemps-museonazionaleromano\/images\/gallieno_palazzoaltemps_museonazionaleromano_0773.jpg\" rel=\"lightbox[a]\"><img loading=\"lazy\" src=\"https:\/\/www.rome-roma.net\/photos\/palazzoaltemps-museonazionaleromano\/thumbnails\/gallieno_palazzoaltemps_museonazionaleromano_0773.jpg\" alt=\"Gallien palazzo altemps - mus\u00e9e national romain\" width=\"106\" height=\"154\" border=\"0\"><\/a><br>Gallieno<\/div>\n<\/td>\n<td id=\"contenantstandard2\">\n<div align=\"left\"><a href=\"https:\/\/www.rome-roma.net\/photos\/palazzoaltemps-museonazionaleromano\/images\/geta_museonazionaleromano_0843.jpg\" rel=\"lightbox[a]\"><img loading=\"lazy\" src=\"https:\/\/www.rome-roma.net\/photos\/palazzoaltemps-museonazionaleromano\/thumbnails\/geta_museonazionaleromano_0843.jpg\" alt=\"Geta palazzo altemps - mus\u00e9e national romain\" width=\"106\" height=\"154\" border=\"0\"><\/a><br>Geta<\/div>\n<\/td>\n<\/tr>\n<tr>\n<td id=\"contenantstandard2\">\n<div align=\"left\"><a href=\"https:\/\/www.rome-roma.net\/photos\/palazzoaltemps-museonazionaleromano\/images\/giulia_figliaditito_palazzoaltemps_museonazionaleromano_0781.jpg\" rel=\"lightbox[a]\"><img loading=\"lazy\" src=\"https:\/\/www.rome-roma.net\/photos\/palazzoaltemps-museonazionaleromano\/thumbnails\/giulia_figliaditito_palazzoaltemps_museonazionaleromano_0781.jpg\" alt=\"Giulia, fille de Titus palazzo altemps - mus\u00e9e national romain\" width=\"106\" height=\"154\" border=\"0\"><\/a><br>Giulia, figlia di Tito<\/div>\n<\/td>\n<td id=\"contenantstandard2\">\n<div align=\"left\"><a href=\"https:\/\/www.rome-roma.net\/photos\/palazzoaltemps-museonazionaleromano\/images\/giulio_cesare_16e_palazzoaltemps_museonazionaleromano_0785.jpg\" rel=\"lightbox[a]\"><img loading=\"lazy\" src=\"https:\/\/www.rome-roma.net\/photos\/palazzoaltemps-museonazionaleromano\/thumbnails\/giulio_cesare_16e_palazzoaltemps_museonazionaleromano_0785.jpg\" alt=\"Jules C\u00e9sar palazzo altemps - mus\u00e9e national romain\" width=\"106\" height=\"154\" border=\"0\"><\/a><br>Giulio Cesare (XVI secolo d.C.)<\/div>\n<\/td>\n<td id=\"contenantstandard2\">\n<div align=\"left\"><a href=\"https:\/\/www.rome-roma.net\/photos\/palazzoaltemps-museonazionaleromano\/images\/julescesar_16e_palazzoaltemps_museenationalromain_0786.jpg\" rel=\"lightbox[a]\"><img loading=\"lazy\" src=\"https:\/\/www.rome-roma.net\/photos\/palazzoaltemps-museonazionaleromano\/thumbnails\/julescesar_16e_palazzoaltemps_museenationalromain_0786.jpg\" alt=\"Jules C\u00e9sar\" width=\"106\" height=\"154\" border=\"0\"><\/a><br>Giulio Cesare (XVI secolo d.C.)<\/div>\n<\/td>\n<\/tr>\n<tr>\n<td id=\"contenantstandard2\">\n<div align=\"left\"><a href=\"https:\/\/www.rome-roma.net\/photos\/palazzoaltemps-museonazionaleromano\/images\/luciovero_museonazionaleromano_0845.jpg\" rel=\"lightbox[a]\"><img loading=\"lazy\" src=\"https:\/\/www.rome-roma.net\/photos\/palazzoaltemps-museonazionaleromano\/thumbnails\/luciovero_museonazionaleromano_0845.jpg\" alt=\"Lucius V\u00e9rus palazzo altemps - mus\u00e9e national romain\" width=\"106\" height=\"154\" border=\"0\"><\/a><br>Lucio Vero<\/div>\n<\/td>\n<td id=\"contenantstandard2\">\n<div align=\"left\"><a href=\"https:\/\/www.rome-roma.net\/photos\/palazzoaltemps-museonazionaleromano\/images\/luciovero_palazzoaltemps_museonazionaleromano_0774.jpg\" rel=\"lightbox[a]\"><img loading=\"lazy\" src=\"https:\/\/www.rome-roma.net\/photos\/palazzoaltemps-museonazionaleromano\/thumbnails\/luciovero_palazzoaltemps_museonazionaleromano_0774.jpg\" alt=\"Lucius V\u00e9rus palazzo altemps - mus\u00e9e national romain\" width=\"106\" height=\"154\" border=\"0\"><\/a><br>Lucio Vero<\/div>\n<\/td>\n<td id=\"contenantstandard2\">\n<div align=\"left\"><a href=\"https:\/\/www.rome-roma.net\/photos\/palazzoaltemps-museonazionaleromano\/images\/marcoaurelio_museonazionaleromano_0853.jpg\" rel=\"lightbox[a]\"><img loading=\"lazy\" src=\"https:\/\/www.rome-roma.net\/photos\/palazzoaltemps-museonazionaleromano\/thumbnails\/marcoaurelio_museonazionaleromano_0853.jpg\" alt=\"Marc Aur\u00e8le palazzo altemps - mus\u00e9e national romain\" width=\"106\" height=\"154\" border=\"0\"><\/a><br>Marco Aurelio<\/div>\n<\/td>\n<\/tr>\n<tr>\n<td id=\"contenantstandard2\">\n<div align=\"left\"><a href=\"https:\/\/www.rome-roma.net\/photos\/palazzoaltemps-museonazionaleromano\/images\/marcoaurelio_palazzoaltemps_museonazionaleromano_0777.jpg\" rel=\"lightbox[a]\"><img loading=\"lazy\" src=\"https:\/\/www.rome-roma.net\/photos\/palazzoaltemps-museonazionaleromano\/thumbnails\/marcoaurelio_palazzoaltemps_museonazionaleromano_0777.jpg\" alt=\"Marc Aur\u00e8le  palazzo altemps - mus\u00e9e national romain\" width=\"106\" height=\"154\" border=\"0\"><\/a><br>Marco Aurelio (IV e XVII secoli)<\/div>\n<\/td>\n<td id=\"contenantstandard2\">\n<div align=\"left\"><a href=\"https:\/\/www.rome-roma.net\/photos\/palazzoaltemps-museonazionaleromano\/images\/nerva_museonazionaleromano_0849.jpg\" rel=\"lightbox[a]\"><img loading=\"lazy\" src=\"https:\/\/www.rome-roma.net\/photos\/palazzoaltemps-museonazionaleromano\/thumbnails\/nerva_museonazionaleromano_0849.jpg\" alt=\"Nerva palazzo altemps - mus\u00e9e national romain\" width=\"106\" height=\"154\" border=\"0\"><\/a><br>Nerva<\/div>\n<\/td>\n<td>&nbsp;<\/td>\n<\/tr>\n<\/tbody>\n<\/table>\n\n\n\n<p><\/p>\n<\/div><\/div><\/div>\n<\/div><\/div><\/div>\n\n\n<p><!--EndFragment--><\/p>\n\n\n<h2>Informazioni<\/h2>\n\n\n<table style=\"margin-bottom: 0rem;\"><tbody><tr style=\"background-color:#fcfaf7; \" \r\n    onmouseover=\"this.style.backgroundColor='#f7dbb8';\" \r\n    onmouseout=\"this.style.backgroundColor='#fcfaf7';\"><td style=\"vertical-align: middle; text-align: right;\"><a href=\"https:\/\/www.getyourguide.it\/musee-national-romain-l3272\/?partner_id=DLYVAO3&#038;utm_medium=online_publisher&#038;placement=content-top\" target=\"_blank\" rel=\"nofollow noopener\">Biglietti per visitare il Museo Nazionale Romano<\/a><\/td><td style=\"width:70px;\"><a href=\"https:\/\/www.getyourguide.it\/musee-national-romain-l3272\/?partner_id=DLYVAO3&#038;utm_medium=online_publisher&#038;placement=content-top\" target=\"_blank\" rel=\"nofollow noopener\"><img style=\"display:inline;vertical-align:middle;padding:5px;\" src=\"https:\/\/www.rome-roma.net\/images\/icones\/icone-tickets2.png\" alt=\"icona biglietti visita\" title=\"Biglietti per visitare il Museo Nazionale Romano\" width=\"65\" align=\"center\"><\/a><\/td><\/tr><tr style=\"background-color:#ffffff; \" \r\n    onmouseover=\"this.style.backgroundColor='#f7dbb8';\" \r\n    onmouseout=\"this.style.backgroundColor='#ffffff';\"><td style=\"vertical-align: middle; text-align: right;\"><a href=\"https:\/\/www.booking.com\/searchresults.it.html?aid=308344;label=headerlandmark;landmark=1511;group_adults=2;no_rooms=1;group_children=0;nflt=review_score=80%3Bdistance=1000\" target=\"_blank\" rel=\"nofollow noopener\">Alberghi, camere e appartamenti vicino al monumento<\/a><\/td><td style=\"width:70px;\"><a href=\"https:\/\/www.booking.com\/searchresults.it.html?aid=308344;label=headerlandmark;landmark=1511;group_adults=2;no_rooms=1;group_children=0;nflt=review_score=80%3Bdistance=1000\" target=\"_blank\" rel=\"nofollow noopener\"><img style=\"display:inline;vertical-align:middle;padding:5px;\" src=\"https:\/\/www.rome-roma.net\/images\/icones\/icone-hotel22.png\" alt=\"icona alberghi\" title=\"Alberghi, camere e appartamenti vicino al monumento\" width=\"65\" align=\"center\"><\/a><\/td><\/tr><\/tbody><\/table>\n<table style=\"border-collapse: collapse; width: 100%;\">\n<tbody>\n<tr style=\"background-color: #fae8c3;\">\n<td style=\"width: 100%;\"><span style=\"font-size: 10pt;\">I quattro siti del Museo Nazionale Romano sono aperti dal marted\u00ec alla domenica dalle ore 9 alle 19.<\/span><br \/><span style=\"font-size: 10pt;\">Chiuso il luned\u00ec (tranne durante la settimana della cultura)<\/span><br \/><span style=\"font-size: 10pt;\">La biglietteria chiude un\u2019ora prima della chiusura.<\/span><br \/><span style=\"font-size: 10pt;\">Per chiusure e aperture eccezionali consultare il sito ufficiale<\/span><br \/><span style=\"font-size: 10pt;\">Il biglietto unico, \u00e8 valido 7 giorni, per un ingresso unico a ciascuno dei 4 siti (Palazzo Massimo, Palazzo Altemps, Crypta Balbi, Terme di Diocleziano).<\/span><\/td>\n<\/tr>\n<tr style=\"background-color: #faede3;\">\n<td style=\"width: 100%;\">\n<p><span style=\"font-size: 10pt;\">Tariffa biglietto combinato (valido 7 giorni): 15 \u20ac pieno, ridotto: 2 \u20ac<\/span><\/p>\n<p><span style=\"font-size: 10pt;\"><strong>Fonti e collegamenti<\/strong><\/span><\/p>\n<ul>\n<li><span style=\"font-size: 10pt;\">Sito ufficiale : <\/span><a href=\"https:\/\/museonazionaleromano.beniculturali.it\/palazzo-altemps\/\" target=\"_blank\" rel=\"noopener\" data-title=\" \"><span style=\"font-size: 10pt;\">museonazionaleromano.beniculturali.it\/palazzo-altemps<\/span><\/a><\/li>\n<\/ul>\n<\/td>\n<\/tr>\n<\/tbody>\n<\/table>\n\n\n<h2>Cartina ed indirizzo<\/h2>\r\n\t\t<b>Indirizzo : <\/b>Piazza di Sant'Apollinare, 46, 00186 Roma RM, Italie<div id=\"travelersmap-container-69f2d39fc2640\" class=\"travelersmap-container\" style=\"z-index: 1; min-height: 10px; min-width:10px; height:400px;width:100%; max-width:; max-height:; position:relative;\"><div style=\"position:absolute; z-index:-1;top: 50%;text-align: center;display: block;left: 50%;transform: translate(-50%,-50%);\">Travelers' Map is loading... <br> If you see this after your page is loaded completely, leafletJS files are missing.<\/div><\/div><i>Clicca sulla freccia per localizzarti sulla mappa<\/i>\n\n\n\n<h2>Sedi del Museo Nazionale Romano<\/h2>\n\n\n\n<ul class=\"lcp_catlist\" id=\"lcp_instance_0\"><li><a href=\"https:\/\/www.rome-roma.net\/it\/museo-nazionale-romano\/\">Museo Nazionale Romano<\/a><a href=\"https:\/\/www.rome-roma.net\/it\/museo-nazionale-romano\/\" title=\"Museo Nazionale Romano\"><img width=\"50\" height=\"50\" src=\"https:\/\/www.rome-roma.net\/wp-content\/uploads\/2020\/01\/affresco_casadilivia_museonazionaleromano_35471-150x150.jpg\" class=\"classthumblist wp-post-image\" alt=\"Museo Nazionale Romano\" loading=\"lazy\" srcset=\"https:\/\/www.rome-roma.net\/wp-content\/uploads\/2020\/01\/affresco_casadilivia_museonazionaleromano_35471-150x150.jpg 150w, https:\/\/www.rome-roma.net\/wp-content\/uploads\/2020\/01\/affresco_casadilivia_museonazionaleromano_35471-50x50.jpg 50w, https:\/\/www.rome-roma.net\/wp-content\/uploads\/2020\/01\/affresco_casadilivia_museonazionaleromano_35471-80x80.jpg 80w, https:\/\/www.rome-roma.net\/wp-content\/uploads\/2020\/01\/affresco_casadilivia_museonazionaleromano_35471-75x75.jpg 75w\" sizes=\"(max-width: 50px) 100vw, 50px\" \/><\/a><div class=\"lcp_excerpt\">Il Museo Nazionale Romano \u00e8 stato fondato nel 1889 per preservare ed esporre i reperti dell\u2019antica Roma. Ospita la pi\u00f9 importante collezione archeologica del mondo, raggruppando artefatti scoperti ...<\/div><\/li><li><a href=\"https:\/\/www.rome-roma.net\/it\/museo-nazionale-romano\/museo-delle-terme-di-diocleziano\/\">Museo delle Terme di Diocleziano<\/a><a href=\"https:\/\/www.rome-roma.net\/it\/museo-nazionale-romano\/museo-delle-terme-di-diocleziano\/\" title=\"Museo delle Terme di Diocleziano\"><img width=\"50\" height=\"50\" src=\"https:\/\/www.rome-roma.net\/wp-content\/uploads\/2020\/01\/terme_diocleziano_04751-150x150.jpg\" class=\"classthumblist wp-post-image\" alt=\"Museo delle Terme di Diocleziano\" loading=\"lazy\" srcset=\"https:\/\/www.rome-roma.net\/wp-content\/uploads\/2020\/01\/terme_diocleziano_04751-150x150.jpg 150w, https:\/\/www.rome-roma.net\/wp-content\/uploads\/2020\/01\/terme_diocleziano_04751-50x50.jpg 50w, https:\/\/www.rome-roma.net\/wp-content\/uploads\/2020\/01\/terme_diocleziano_04751-80x80.jpg 80w, https:\/\/www.rome-roma.net\/wp-content\/uploads\/2020\/01\/terme_diocleziano_04751-75x75.jpg 75w\" sizes=\"(max-width: 50px) 100vw, 50px\" \/><\/a><div class=\"lcp_excerpt\">Questa sezione del Museo Nazionale Romano, ospitata in una parte delle vaste Terme di Diocleziano, \u00e8 in gran parte dedicata all&#8217;epigrafia.\u00c8 uno dei musei pi\u00f9 importanti di questo ...<\/div><\/li><li><a href=\"https:\/\/www.rome-roma.net\/it\/museo-nazionale-romano\/palazzo-massimo-alle-terme\/\">Museo del Palazzo Massimo alle Terme<\/a><a href=\"https:\/\/www.rome-roma.net\/it\/museo-nazionale-romano\/palazzo-massimo-alle-terme\/\" title=\"Museo del Palazzo Massimo alle Terme\"><img width=\"50\" height=\"50\" src=\"https:\/\/www.rome-roma.net\/wp-content\/uploads\/2020\/01\/discobole_palazzomassimoalleterme_52921-150x150.jpg\" class=\"classthumblist wp-post-image\" alt=\"Museo del Palazzo Massimo alle Terme\" loading=\"lazy\" srcset=\"https:\/\/www.rome-roma.net\/wp-content\/uploads\/2020\/01\/discobole_palazzomassimoalleterme_52921-150x150.jpg 150w, https:\/\/www.rome-roma.net\/wp-content\/uploads\/2020\/01\/discobole_palazzomassimoalleterme_52921-50x50.jpg 50w, https:\/\/www.rome-roma.net\/wp-content\/uploads\/2020\/01\/discobole_palazzomassimoalleterme_52921-80x80.jpg 80w, https:\/\/www.rome-roma.net\/wp-content\/uploads\/2020\/01\/discobole_palazzomassimoalleterme_52921-75x75.jpg 75w\" sizes=\"(max-width: 50px) 100vw, 50px\" \/><\/a><div class=\"lcp_excerpt\">Il Palazzo Massimo alle Terme, situato nelle vicinanze della stazione Termini, \u00e8 l\u2019edificio principale del Museo Nazionale Romano, che ospita la sezione pi\u00f9 importante di questa prestigiosa istituzione ...<\/div><\/li><li class=\"current\"><a href=\"https:\/\/www.rome-roma.net\/it\/museo-nazionale-romano\/palazzo-altemps\/\">Palazzo Altemps<\/a><a href=\"https:\/\/www.rome-roma.net\/it\/museo-nazionale-romano\/palazzo-altemps\/\" title=\"Palazzo Altemps\"><img width=\"50\" height=\"50\" src=\"https:\/\/www.rome-roma.net\/wp-content\/uploads\/2020\/01\/cour_museonazionaleromano_08611-150x150.jpg\" class=\"classthumblist wp-post-image\" alt=\"Palazzo Altemps\" loading=\"lazy\" srcset=\"https:\/\/www.rome-roma.net\/wp-content\/uploads\/2020\/01\/cour_museonazionaleromano_08611-150x150.jpg 150w, https:\/\/www.rome-roma.net\/wp-content\/uploads\/2020\/01\/cour_museonazionaleromano_08611-50x50.jpg 50w, https:\/\/www.rome-roma.net\/wp-content\/uploads\/2020\/01\/cour_museonazionaleromano_08611-80x80.jpg 80w, https:\/\/www.rome-roma.net\/wp-content\/uploads\/2020\/01\/cour_museonazionaleromano_08611-75x75.jpg 75w\" sizes=\"(max-width: 50px) 100vw, 50px\" \/><\/a><div class=\"lcp_excerpt\">Il Palazzo Altemps ospita un&#8217;importante sezione del Museo Nazionale Romano, dedicata principalmente alle sculture antiche da collezioni di famose famiglie, come i Ludovisi, gli Altemps e i Mattei.\nMuseo ...<\/div><\/li><li><a href=\"https:\/\/www.rome-roma.net\/it\/museo-nazionale-romano\/cripta-balbi\/\">Cripta Balbi<\/a><a href=\"https:\/\/www.rome-roma.net\/it\/museo-nazionale-romano\/cripta-balbi\/\" title=\"Cripta Balbi\"><img width=\"50\" height=\"50\" src=\"https:\/\/www.rome-roma.net\/wp-content\/uploads\/2020\/01\/museocryptabalbi_08761-150x150.jpg\" class=\"classthumblist wp-post-image\" alt=\"Cripta Balbi\" loading=\"lazy\" srcset=\"https:\/\/www.rome-roma.net\/wp-content\/uploads\/2020\/01\/museocryptabalbi_08761-150x150.jpg 150w, https:\/\/www.rome-roma.net\/wp-content\/uploads\/2020\/01\/museocryptabalbi_08761-50x50.jpg 50w, https:\/\/www.rome-roma.net\/wp-content\/uploads\/2020\/01\/museocryptabalbi_08761-80x80.jpg 80w, https:\/\/www.rome-roma.net\/wp-content\/uploads\/2020\/01\/museocryptabalbi_08761-75x75.jpg 75w\" sizes=\"(max-width: 50px) 100vw, 50px\" \/><\/a><div class=\"lcp_excerpt\">Situata a sud dell&#8217;antico Campo Marzio, la Cripta Balbi ospita un museo dedicato all&#8217;evoluzione di Roma tra antichit\u00e0 e Medioevo, nonch\u00e9 i resti di scavi effettuati dagli anni ...<\/div><\/li><\/ul>\n\n\n\n<p><\/p>\n","protected":false},"excerpt":{"rendered":"<p>Il Palazzo Altemps ospita un&#8217;importante sezione del Museo Nazionale Romano, dedicata principalmente alle sculture antiche da collezioni di famose famiglie, come i Ludovisi, gli Altemps e i Mattei. Museo e Palazzo Altemps Questo palazzo costruito nel 1477, acquisito nel 1568 dal cardinale Marco Sittico Altemps. Fu la residenza di aristocratici e cardinali nei secoli XVI [&hellip;]<\/p>\n","protected":false},"featured_media":586,"parent":6959,"menu_order":0,"comment_status":"open","ping_status":"open","template":"","format":"standard","meta":{"kt_blocks_editor_width":"","_links_to":"","_links_to_target":""},"genre":[275,277],"interet":[287],"quartier":[322],"categorie_site":[362,366,391],"quartier_historique":[452],"etiquettes_site":[],"acf":[],"yoast_head":"<!-- This site is optimized with the Yoast SEO plugin v17.4 - https:\/\/yoast.com\/wordpress\/plugins\/seo\/ -->\n<title>Palazzo Altemps &ndash; Rome-Roma<\/title>\n<meta name=\"description\" content=\"Il Palazzo Altemps ospita una sezione del Museo Nazionale Romano, con sculture antiche provenienti da collezioni di famiglie nobili e una sezione egizia\" \/>\n<meta name=\"robots\" content=\"index, follow, max-snippet:-1, max-image-preview:large, max-video-preview:-1\" \/>\n<link rel=\"canonical\" href=\"https:\/\/www.rome-roma.net\/it\/museo-nazionale-romano\/palazzo-altemps\/\" \/>\n<meta property=\"og:locale\" content=\"it_IT\" \/>\n<meta property=\"og:type\" content=\"article\" \/>\n<meta property=\"og:title\" content=\"Palazzo Altemps &ndash; Rome-Roma\" \/>\n<meta property=\"og:description\" content=\"Il Palazzo Altemps ospita una sezione del Museo Nazionale Romano, con sculture antiche provenienti da collezioni di famiglie nobili e una sezione egizia\" \/>\n<meta property=\"og:url\" content=\"https:\/\/www.rome-roma.net\/it\/museo-nazionale-romano\/palazzo-altemps\/\" \/>\n<meta property=\"og:site_name\" content=\"Rome-Roma\" \/>\n<meta property=\"article:modified_time\" content=\"2026-04-04T22:18:58+00:00\" \/>\n<meta property=\"og:image\" content=\"https:\/\/www.rome-roma.net\/wp-content\/uploads\/2020\/01\/cour_museonazionaleromano_08611.jpg\" \/>\n\t<meta property=\"og:image:width\" content=\"750\" \/>\n\t<meta property=\"og:image:height\" content=\"500\" \/>\n<meta name=\"twitter:card\" content=\"summary_large_image\" \/>\n<meta name=\"twitter:label1\" content=\"Tempo di lettura stimato\" \/>\n\t<meta name=\"twitter:data1\" content=\"17 minuti\" \/>\n<script type=\"application\/ld+json\" class=\"yoast-schema-graph\">{\"@context\":\"https:\/\/schema.org\",\"@graph\":[{\"@type\":\"Organization\",\"@id\":\"https:\/\/www.rome-roma.net\/it\/#organization\",\"name\":\"Rome-Roma\",\"url\":\"https:\/\/www.rome-roma.net\/it\/\",\"sameAs\":[],\"logo\":{\"@type\":\"ImageObject\",\"@id\":\"https:\/\/www.rome-roma.net\/it\/#logo\",\"inLanguage\":\"it-IT\",\"url\":\"https:\/\/www.rome-roma.net\/wp-content\/uploads\/2025\/07\/logo-rome-roma-420.jpg\",\"contentUrl\":\"https:\/\/www.rome-roma.net\/wp-content\/uploads\/2025\/07\/logo-rome-roma-420.jpg\",\"width\":420,\"height\":420,\"caption\":\"Rome-Roma\"},\"image\":{\"@id\":\"https:\/\/www.rome-roma.net\/it\/#logo\"}},{\"@type\":\"WebSite\",\"@id\":\"https:\/\/www.rome-roma.net\/it\/#website\",\"url\":\"https:\/\/www.rome-roma.net\/it\/\",\"name\":\"Rome-Roma\",\"description\":\"Cultura & Viaggio\",\"publisher\":{\"@id\":\"https:\/\/www.rome-roma.net\/it\/#organization\"},\"potentialAction\":[{\"@type\":\"SearchAction\",\"target\":{\"@type\":\"EntryPoint\",\"urlTemplate\":\"https:\/\/www.rome-roma.net\/it\/?s={search_term_string}\"},\"query-input\":\"required name=search_term_string\"}],\"inLanguage\":\"it-IT\"},{\"@type\":\"ImageObject\",\"@id\":\"https:\/\/www.rome-roma.net\/it\/museo-nazionale-romano\/palazzo-altemps\/#primaryimage\",\"inLanguage\":\"it-IT\",\"url\":\"https:\/\/www.rome-roma.net\/wp-content\/uploads\/2020\/01\/cour_museonazionaleromano_08611.jpg\",\"contentUrl\":\"https:\/\/www.rome-roma.net\/wp-content\/uploads\/2020\/01\/cour_museonazionaleromano_08611.jpg\",\"width\":750,\"height\":500,\"caption\":\"Palazzo Altemps\"},{\"@type\":\"WebPage\",\"@id\":\"https:\/\/www.rome-roma.net\/it\/museo-nazionale-romano\/palazzo-altemps\/#webpage\",\"url\":\"https:\/\/www.rome-roma.net\/it\/museo-nazionale-romano\/palazzo-altemps\/\",\"name\":\"Palazzo Altemps &ndash; Rome-Roma\",\"isPartOf\":{\"@id\":\"https:\/\/www.rome-roma.net\/it\/#website\"},\"primaryImageOfPage\":{\"@id\":\"https:\/\/www.rome-roma.net\/it\/museo-nazionale-romano\/palazzo-altemps\/#primaryimage\"},\"datePublished\":\"2020-01-19T11:33:19+00:00\",\"dateModified\":\"2026-04-04T22:18:58+00:00\",\"description\":\"Il Palazzo Altemps ospita una sezione del Museo Nazionale Romano, con sculture antiche provenienti da collezioni di famiglie nobili e una sezione egizia\",\"breadcrumb\":{\"@id\":\"https:\/\/www.rome-roma.net\/it\/museo-nazionale-romano\/palazzo-altemps\/#breadcrumb\"},\"inLanguage\":\"it-IT\",\"potentialAction\":[{\"@type\":\"ReadAction\",\"target\":[\"https:\/\/www.rome-roma.net\/it\/museo-nazionale-romano\/palazzo-altemps\/\"]}]},{\"@type\":\"BreadcrumbList\",\"@id\":\"https:\/\/www.rome-roma.net\/it\/museo-nazionale-romano\/palazzo-altemps\/#breadcrumb\",\"itemListElement\":[{\"@type\":\"ListItem\",\"position\":1,\"name\":\"Accueil\",\"item\":\"https:\/\/www.rome-roma.net\/it\/\"},{\"@type\":\"ListItem\",\"position\":2,\"name\":\"Museo Nazionale Romano\",\"item\":\"https:\/\/www.rome-roma.net\/it\/museo-nazionale-romano\/\"},{\"@type\":\"ListItem\",\"position\":3,\"name\":\"Palazzo Altemps\"}]}]}<\/script>\n<!-- \/ Yoast SEO plugin. -->","yoast_head_json":{"title":"Palazzo Altemps &ndash; Rome-Roma","description":"Il Palazzo Altemps ospita una sezione del Museo Nazionale Romano, con sculture antiche provenienti da collezioni di famiglie nobili e una sezione egizia","robots":{"index":"index","follow":"follow","max-snippet":"max-snippet:-1","max-image-preview":"max-image-preview:large","max-video-preview":"max-video-preview:-1"},"canonical":"https:\/\/www.rome-roma.net\/it\/museo-nazionale-romano\/palazzo-altemps\/","og_locale":"it_IT","og_type":"article","og_title":"Palazzo Altemps &ndash; Rome-Roma","og_description":"Il Palazzo Altemps ospita una sezione del Museo Nazionale Romano, con sculture antiche provenienti da collezioni di famiglie nobili e una sezione egizia","og_url":"https:\/\/www.rome-roma.net\/it\/museo-nazionale-romano\/palazzo-altemps\/","og_site_name":"Rome-Roma","article_modified_time":"2026-04-04T22:18:58+00:00","og_image":[{"width":750,"height":500,"url":"https:\/\/www.rome-roma.net\/wp-content\/uploads\/2020\/01\/cour_museonazionaleromano_08611.jpg","type":"image\/jpeg"}],"twitter_card":"summary_large_image","twitter_misc":{"Tempo di lettura stimato":"17 minuti"},"schema":{"@context":"https:\/\/schema.org","@graph":[{"@type":"Organization","@id":"https:\/\/www.rome-roma.net\/it\/#organization","name":"Rome-Roma","url":"https:\/\/www.rome-roma.net\/it\/","sameAs":[],"logo":{"@type":"ImageObject","@id":"https:\/\/www.rome-roma.net\/it\/#logo","inLanguage":"it-IT","url":"https:\/\/www.rome-roma.net\/wp-content\/uploads\/2025\/07\/logo-rome-roma-420.jpg","contentUrl":"https:\/\/www.rome-roma.net\/wp-content\/uploads\/2025\/07\/logo-rome-roma-420.jpg","width":420,"height":420,"caption":"Rome-Roma"},"image":{"@id":"https:\/\/www.rome-roma.net\/it\/#logo"}},{"@type":"WebSite","@id":"https:\/\/www.rome-roma.net\/it\/#website","url":"https:\/\/www.rome-roma.net\/it\/","name":"Rome-Roma","description":"Cultura & Viaggio","publisher":{"@id":"https:\/\/www.rome-roma.net\/it\/#organization"},"potentialAction":[{"@type":"SearchAction","target":{"@type":"EntryPoint","urlTemplate":"https:\/\/www.rome-roma.net\/it\/?s={search_term_string}"},"query-input":"required name=search_term_string"}],"inLanguage":"it-IT"},{"@type":"ImageObject","@id":"https:\/\/www.rome-roma.net\/it\/museo-nazionale-romano\/palazzo-altemps\/#primaryimage","inLanguage":"it-IT","url":"https:\/\/www.rome-roma.net\/wp-content\/uploads\/2020\/01\/cour_museonazionaleromano_08611.jpg","contentUrl":"https:\/\/www.rome-roma.net\/wp-content\/uploads\/2020\/01\/cour_museonazionaleromano_08611.jpg","width":750,"height":500,"caption":"Palazzo Altemps"},{"@type":"WebPage","@id":"https:\/\/www.rome-roma.net\/it\/museo-nazionale-romano\/palazzo-altemps\/#webpage","url":"https:\/\/www.rome-roma.net\/it\/museo-nazionale-romano\/palazzo-altemps\/","name":"Palazzo Altemps &ndash; Rome-Roma","isPartOf":{"@id":"https:\/\/www.rome-roma.net\/it\/#website"},"primaryImageOfPage":{"@id":"https:\/\/www.rome-roma.net\/it\/museo-nazionale-romano\/palazzo-altemps\/#primaryimage"},"datePublished":"2020-01-19T11:33:19+00:00","dateModified":"2026-04-04T22:18:58+00:00","description":"Il Palazzo Altemps ospita una sezione del Museo Nazionale Romano, con sculture antiche provenienti da collezioni di famiglie nobili e una sezione egizia","breadcrumb":{"@id":"https:\/\/www.rome-roma.net\/it\/museo-nazionale-romano\/palazzo-altemps\/#breadcrumb"},"inLanguage":"it-IT","potentialAction":[{"@type":"ReadAction","target":["https:\/\/www.rome-roma.net\/it\/museo-nazionale-romano\/palazzo-altemps\/"]}]},{"@type":"BreadcrumbList","@id":"https:\/\/www.rome-roma.net\/it\/museo-nazionale-romano\/palazzo-altemps\/#breadcrumb","itemListElement":[{"@type":"ListItem","position":1,"name":"Accueil","item":"https:\/\/www.rome-roma.net\/it\/"},{"@type":"ListItem","position":2,"name":"Museo Nazionale Romano","item":"https:\/\/www.rome-roma.net\/it\/museo-nazionale-romano\/"},{"@type":"ListItem","position":3,"name":"Palazzo Altemps"}]}]}},"acf_fields":{"nom_monument":"","wikidata":"Q1094986","sameas":""},"_links":{"self":[{"href":"https:\/\/www.rome-roma.net\/it\/wp-json\/wp\/v2\/site\/6978"}],"collection":[{"href":"https:\/\/www.rome-roma.net\/it\/wp-json\/wp\/v2\/site"}],"about":[{"href":"https:\/\/www.rome-roma.net\/it\/wp-json\/wp\/v2\/types\/site"}],"replies":[{"embeddable":true,"href":"https:\/\/www.rome-roma.net\/it\/wp-json\/wp\/v2\/comments?post=6978"}],"up":[{"embeddable":true,"href":"https:\/\/www.rome-roma.net\/it\/wp-json\/wp\/v2\/site\/6959"}],"wp:featuredmedia":[{"embeddable":true,"href":"https:\/\/www.rome-roma.net\/it\/wp-json\/wp\/v2\/media\/586"}],"wp:attachment":[{"href":"https:\/\/www.rome-roma.net\/it\/wp-json\/wp\/v2\/media?parent=6978"}],"wp:term":[{"taxonomy":"genre","embeddable":true,"href":"https:\/\/www.rome-roma.net\/it\/wp-json\/wp\/v2\/genre?post=6978"},{"taxonomy":"interet","embeddable":true,"href":"https:\/\/www.rome-roma.net\/it\/wp-json\/wp\/v2\/interet?post=6978"},{"taxonomy":"quartier","embeddable":true,"href":"https:\/\/www.rome-roma.net\/it\/wp-json\/wp\/v2\/quartier?post=6978"},{"taxonomy":"categorie_site","embeddable":true,"href":"https:\/\/www.rome-roma.net\/it\/wp-json\/wp\/v2\/categorie_site?post=6978"},{"taxonomy":"quartier_historique","embeddable":true,"href":"https:\/\/www.rome-roma.net\/it\/wp-json\/wp\/v2\/quartier_historique?post=6978"},{"taxonomy":"etiquettes_site","embeddable":true,"href":"https:\/\/www.rome-roma.net\/it\/wp-json\/wp\/v2\/etiquettes_site?post=6978"}],"curies":[{"name":"wp","href":"https:\/\/api.w.org\/{rel}","templated":true}]}}