


{"id":7043,"date":"2020-01-26T22:13:22","date_gmt":"2020-01-26T21:13:22","guid":{"rendered":"https:\/\/www.rome-roma.net\/site\/musei-vaticani\/galerie-des-cartes\/"},"modified":"2020-05-10T16:21:32","modified_gmt":"2020-05-10T14:21:32","slug":"galleria-delle-carte-geografiche","status":"publish","type":"site","link":"https:\/\/www.rome-roma.net\/it\/musei-vaticani\/galleria-delle-carte-geografiche\/","title":{"rendered":"Galleria delle carte geografiche"},"content":{"rendered":"<div style=\"width: 210px\" class=\"wp-caption alignright\"><a href=\"https:\/\/www.rome-roma.net\/photos\/musees-vatican\/images\/salledescartes_museesduvatican_2730.jpg\" rel=\"lightbox[a]\"><img loading=\"lazy\" src=\"https:\/\/www.rome-roma.net\/photos\/musees-vatican\/images\/salledescartes_museesduvatican_2730.jpg\" alt=\"galleria delle carte del vaticano : corsica\" width=\"200\" hspace=\"3\" height=\"300\" border=\"0\" align=\"right\"><\/a><p class=\"wp-caption-text\">Carta della Corsica<\/p><\/div>\n<p>La <strong>galleria delle carte geografiche<\/strong> conserva una quarantina di carte dipinte che rappresentano le regioni italiane e i possedimenti della Chiesa ai tempi di Papa Gregorio XIII (1572-1585), prodotti tra il 1580 e il 1585, secondo le mappe di Ignazio Danti , un famoso geografo dell&#8217;epoca.<\/p>\n<p><a href=\"https:\/\/www.rome-roma.net\/photos\/musees-vatican\/images\/galleria_delle_carte_geografiche_musei_vaticano_2733.jpg\" rel=\"lightbox[a]\"><img loading=\"lazy\" src=\"https:\/\/www.rome-roma.net\/photos\/musees-vatican\/thumbnails\/galleria_delle_carte_geografiche_musei_vaticano_2733.jpg\" alt=\"mus\u00e9es gr\u00e9gorien d'antiquit\u00e9s et pio-cristiano\" width=\"106\" vspace=\"5\" hspace=\"5\" height=\"154\" border=\"0\"><\/a><a href=\"https:\/\/www.rome-roma.net\/photos\/musees-vatican\/images\/galleria_delle_carte_geografiche_musei_vaticano_2737.jpg\" rel=\"lightbox[a]\"><img loading=\"lazy\" src=\"https:\/\/www.rome-roma.net\/photos\/musees-vatican\/thumbnails\/galleria_delle_carte_geografiche_musei_vaticano_2737.jpg\" alt=\"mus\u00e9es gr\u00e9gorien d'antiquit\u00e9s et pio-cristiano\" width=\"106\" vspace=\"5\" hspace=\"5\" height=\"154\" border=\"0\"><\/a><a href=\"https:\/\/www.rome-roma.net\/photos\/musees-vatican\/images\/galleria_delle_carte_geografiche_musei_vaticano_2734.jpg\" rel=\"lightbox[a]\"><img loading=\"lazy\" src=\"https:\/\/www.rome-roma.net\/photos\/musees-vatican\/thumbnails\/galleria_delle_carte_geografiche_musei_vaticano_2734.jpg\" alt=\"mus\u00e9es gr\u00e9gorien d'antiquit\u00e9s et pio-cristiano\" width=\"154\" vspace=\"5\" hspace=\"5\" height=\"106\" border=\"0\"><\/a><a href=\"https:\/\/www.rome-roma.net\/photos\/musees-vatican\/images\/galleria_delle_carte_geografiche_musei_vaticano_2736.jpg\" rel=\"lightbox[a]\"><img loading=\"lazy\" src=\"https:\/\/www.rome-roma.net\/photos\/musees-vatican\/thumbnails\/galleria_delle_carte_geografiche_musei_vaticano_2736.jpg\" alt=\"mus\u00e9es gr\u00e9gorien d'antiquit\u00e9s et pio-cristiano\" width=\"154\" vspace=\"5\" hspace=\"5\" height=\"106\" border=\"0\"><\/a><br><a href=\"https:\/\/www.rome-roma.net\/photos\/musees-vatican\/images\/salledescartes_museesduvatican_2729.jpg\" rel=\"lightbox[a]\"><img loading=\"lazy\" src=\"https:\/\/www.rome-roma.net\/photos\/musees-vatican\/thumbnails\/salledescartes_museesduvatican_2729.jpg\" alt=\"mus\u00e9es gr\u00e9gorien d'antiquit\u00e9s et pio-cristiano\" width=\"106\" vspace=\"5\" hspace=\"5\" height=\"154\" border=\"0\"><\/a> <a href=\"https:\/\/www.rome-roma.net\/photos\/musees-vatican\/images\/salledescartes_museesduvatican_2727.jpg\" rel=\"lightbox[a]\"><img loading=\"lazy\" src=\"https:\/\/www.rome-roma.net\/photos\/musees-vatican\/thumbnails\/salledescartes_museesduvatican_2727.jpg\" alt=\"mus\u00e9es gr\u00e9gorien d'antiquit\u00e9s et pio-cristiano\" width=\"154\" vspace=\"5\" hspace=\"5\" height=\"106\" border=\"0\"><\/a><a href=\"https:\/\/www.rome-roma.net\/photos\/musees-vatican\/images\/salledescartes_museesduvatican_2732.jpg\" rel=\"lightbox[a]\"><img loading=\"lazy\" src=\"https:\/\/www.rome-roma.net\/photos\/musees-vatican\/thumbnails\/salledescartes_museesduvatican_2732.jpg\" alt=\"mus\u00e9es gr\u00e9gorien d'antiquit\u00e9s et pio-cristiano\" width=\"154\" vspace=\"5\" hspace=\"5\" height=\"106\" border=\"0\"><\/a><br><a href=\"https:\/\/www.rome-roma.net\/photos\/musees-vatican\/images\/salledescartes_museesduvatican_2730.jpg\" rel=\"lightbox[a]\"><img loading=\"lazy\" src=\"https:\/\/www.rome-roma.net\/photos\/musees-vatican\/thumbnails\/salledescartes_museesduvatican_2730.jpg\" alt=\"mus\u00e9es gr\u00e9gorien d'antiquit\u00e9s et pio-cristiano\" width=\"106\" vspace=\"5\" hspace=\"5\" height=\"154\" border=\"0\"><\/a><a href=\"https:\/\/www.rome-roma.net\/photos\/musees-vatican\/images\/salledescartes_museesduvatican_2731.jpg\" rel=\"lightbox[a]\"><img loading=\"lazy\" src=\"https:\/\/www.rome-roma.net\/photos\/musees-vatican\/thumbnails\/salledescartes_museesduvatican_2731.jpg\" alt=\"mus\u00e9es gr\u00e9gorien d'antiquit\u00e9s et pio-cristiano\" width=\"106\" vspace=\"5\" hspace=\"5\" height=\"154\" border=\"0\"><\/a><a href=\"https:\/\/www.rome-roma.net\/photos\/musees-vatican\/images\/salledescartes_museesduvatican_2728.jpg\" rel=\"lightbox[a]\"><img loading=\"lazy\" src=\"https:\/\/www.rome-roma.net\/photos\/musees-vatican\/thumbnails\/salledescartes_museesduvatican_2728.jpg\" alt=\"mus\u00e9es gr\u00e9gorien d'antiquit\u00e9s et pio-cristiano\" width=\"154\" vspace=\"5\" hspace=\"5\" height=\"106\" border=\"0\"><\/a><\/p>\n<p><!--StartFragment--><\/p>\n\n\n<h2>Sale dei Musei Vaticani<\/h2>\n\n\n\n<ul class=\"lcp_catlist\" id=\"lcp_instance_0\"><li><a href=\"https:\/\/www.rome-roma.net\/it\/musei-vaticani\/\">Musei Vaticani<\/a><div class=\"lcp_excerpt\">Presentazione generale\n\nI Musei Vaticani, situati nel cuore della Citt\u00e0 del Vaticano, costituiscono uno dei complessi museali pi\u00f9 prestigiosi e vasti ...<\/div><\/li><li><a href=\"https:\/\/www.rome-roma.net\/it\/cappella-sistina\/\">Cappella Sistina<\/a><a href=\"https:\/\/www.rome-roma.net\/it\/cappella-sistina\/\" title=\"Cappella Sistina\"><img width=\"50\" height=\"50\" src=\"https:\/\/www.rome-roma.net\/wp-content\/uploads\/2020\/01\/chapelle-sixtine-150x150.jpg\" class=\"classthumblist wp-post-image\" alt=\"Cappella Sistina\" loading=\"lazy\" srcset=\"https:\/\/www.rome-roma.net\/wp-content\/uploads\/2020\/01\/chapelle-sixtine-150x150.jpg 150w, https:\/\/www.rome-roma.net\/wp-content\/uploads\/2020\/01\/chapelle-sixtine-50x50.jpg 50w, https:\/\/www.rome-roma.net\/wp-content\/uploads\/2020\/01\/chapelle-sixtine-80x80.jpg 80w, https:\/\/www.rome-roma.net\/wp-content\/uploads\/2020\/01\/chapelle-sixtine-75x75.jpg 75w\" sizes=\"(max-width: 50px) 100vw, 50px\" \/><\/a><div class=\"lcp_excerpt\">Scoperta della Cappella Sistina a Roma, la cui volta fu realizzata da Michelangelo nel XVI secolo, situata nei palazzi pontificali ...<\/div><\/li><li><a href=\"https:\/\/www.rome-roma.net\/it\/stanze-di-raffaello\/\">Stanze di Raffaello<\/a><div class=\"lcp_excerpt\">Le stanze di Raffaello in Vaticano furono affrescate nel XVI secolo sotto la direzione di Raffaello. Ci sono grandi opere ...<\/div><\/li><li><a href=\"https:\/\/www.rome-roma.net\/it\/musei-vaticani\/visita-dei-musei-vaticani\/\">Visita dei Musei Vaticani<\/a><div class=\"lcp_excerpt\">\nPercorso dei musei vaticani: musei Chiaramonti e Pio-Clementino (antichit\u00e0), pinacoteca, stanze di Raffaello e cappella Sistina, galleria delle carte geografiche.Visita ...<\/div><\/li><li><a href=\"https:\/\/www.rome-roma.net\/it\/musei-vaticani\/museo-gregoriano-profano-museo-pio-cristiano\/\">Museo Gregoriano Profano e Museo Pio-Cristiano<\/a><div class=\"lcp_excerpt\">Il museo Pio-Cristiano conserva statue, numerosi sarcofagi, scritti e manufatti che vanno dal II al VI secolo d.C. Si interessa ...<\/div><\/li><li><a href=\"https:\/\/www.rome-roma.net\/it\/musei-vaticani\/pinacoteca-vaticana\/\">Pinacoteca vaticana<\/a><div class=\"lcp_excerpt\">\nLa Pinacoteca Vaticana \u00e8 principalmente dedicata a pittori e scuole italiane come Raffaello, Giotto, Caravaggio o da Vinci.Questa &#8220;nuova pinacoteca&#8221; ...<\/div><\/li><li><a href=\"https:\/\/www.rome-roma.net\/it\/musei-vaticani\/museo-pio-clementino\/\">Museo Pio-Clementino<\/a><div class=\"lcp_excerpt\">Commissionato dai Papi Clemente XIV (1769-1774) e Pio VI (1775-1799), questo museo era destinato a ospitare capolavori greci e romani ...<\/div><\/li><li><a href=\"https:\/\/www.rome-roma.net\/it\/musei-vaticani\/museo-chiaramonti\/\">Museo Chiaramonti<\/a><div class=\"lcp_excerpt\">Il Museo Chiaramonti, installato da Pio VII Chiaramonti (1800-1823), contiene busti e statue romane. Ha quasi un migliaio di sculture, ...<\/div><\/li><li><a href=\"https:\/\/www.rome-roma.net\/it\/musei-vaticani\/museo-gregoriano-etrusco\/\">Museo Gregoriano Etrusco<\/a><div class=\"lcp_excerpt\">Il Museo Gregoriano Etrusco fu fondato nel 1837 da Papa Gregorio XVI per ospitare i reperti degli scavi archeologici iniziati ...<\/div><\/li><li class=\"current\"><a href=\"https:\/\/www.rome-roma.net\/it\/musei-vaticani\/galleria-delle-carte-geografiche\/\">Galleria delle carte geografiche<\/a><div class=\"lcp_excerpt\">\nLa galleria delle carte geografiche conserva una quarantina di carte dipinte che rappresentano le regioni italiane e i possedimenti della ...<\/div><\/li><\/ul>\n\n\n<p><!--EndFragment--><\/p>","protected":false},"excerpt":{"rendered":"<p>La galleria delle carte geografiche conserva una quarantina di carte dipinte che rappresentano le regioni italiane e i possedimenti della Chiesa ai tempi di Papa Gregorio XIII (1572-1585), prodotti tra il 1580 e il 1585, secondo le mappe di Ignazio Danti , un famoso geografo dell&#8217;epoca. Sale dei Musei Vaticani<\/p>\n","protected":false},"featured_media":0,"parent":6126,"menu_order":0,"comment_status":"open","ping_status":"open","template":"","format":"standard","meta":{"kt_blocks_editor_width":"","_links_to":"","_links_to_target":""},"genre":[],"interet":[],"quartier":[],"categorie_site":[368],"quartier_historique":[],"etiquettes_site":[],"acf":[],"yoast_head":"<!-- This site is optimized with the Yoast SEO plugin v17.4 - https:\/\/yoast.com\/wordpress\/plugins\/seo\/ -->\n<title>Galleria delle carte geografiche &ndash; Musei Vaticani &ndash; Rome-Roma<\/title>\n<meta name=\"description\" content=\"La galleria delle carte geografiche nei musei vaticani conserva le carte dipinte del XVI secolo delle regioni italiane e dei possedimenti della chiesa.\" \/>\n<meta name=\"robots\" content=\"index, follow, max-snippet:-1, max-image-preview:large, max-video-preview:-1\" \/>\n<link rel=\"canonical\" href=\"https:\/\/www.rome-roma.net\/it\/musei-vaticani\/galleria-delle-carte-geografiche\/\" \/>\n<meta property=\"og:locale\" content=\"it_IT\" \/>\n<meta property=\"og:type\" content=\"article\" \/>\n<meta property=\"og:title\" content=\"Galleria delle carte geografiche &ndash; Musei Vaticani &ndash; Rome-Roma\" \/>\n<meta property=\"og:description\" content=\"La galleria delle carte geografiche nei musei vaticani conserva le carte dipinte del XVI secolo delle regioni italiane e dei possedimenti della chiesa.\" \/>\n<meta property=\"og:url\" content=\"https:\/\/www.rome-roma.net\/it\/musei-vaticani\/galleria-delle-carte-geografiche\/\" \/>\n<meta property=\"og:site_name\" content=\"Rome-Roma\" \/>\n<meta property=\"article:modified_time\" content=\"2020-05-10T14:21:32+00:00\" \/>\n<meta property=\"og:image\" content=\"https:\/\/www.rome-roma.net\/photos\/musees-vatican\/images\/salledescartes_museesduvatican_2730.jpg\" \/>\n<meta name=\"twitter:card\" content=\"summary_large_image\" \/>\n<script type=\"application\/ld+json\" class=\"yoast-schema-graph\">{\"@context\":\"https:\/\/schema.org\",\"@graph\":[{\"@type\":\"Organization\",\"@id\":\"https:\/\/www.rome-roma.net\/it\/#organization\",\"name\":\"Rome-Roma\",\"url\":\"https:\/\/www.rome-roma.net\/it\/\",\"sameAs\":[],\"logo\":{\"@type\":\"ImageObject\",\"@id\":\"https:\/\/www.rome-roma.net\/it\/#logo\",\"inLanguage\":\"it-IT\",\"url\":\"https:\/\/www.rome-roma.net\/wp-content\/uploads\/2025\/07\/logo-rome-roma-420.jpg\",\"contentUrl\":\"https:\/\/www.rome-roma.net\/wp-content\/uploads\/2025\/07\/logo-rome-roma-420.jpg\",\"width\":420,\"height\":420,\"caption\":\"Rome-Roma\"},\"image\":{\"@id\":\"https:\/\/www.rome-roma.net\/it\/#logo\"}},{\"@type\":\"WebSite\",\"@id\":\"https:\/\/www.rome-roma.net\/it\/#website\",\"url\":\"https:\/\/www.rome-roma.net\/it\/\",\"name\":\"Rome-Roma\",\"description\":\"Cultura & Viaggio\",\"publisher\":{\"@id\":\"https:\/\/www.rome-roma.net\/it\/#organization\"},\"potentialAction\":[{\"@type\":\"SearchAction\",\"target\":{\"@type\":\"EntryPoint\",\"urlTemplate\":\"https:\/\/www.rome-roma.net\/it\/?s={search_term_string}\"},\"query-input\":\"required name=search_term_string\"}],\"inLanguage\":\"it-IT\"},{\"@type\":\"ImageObject\",\"@id\":\"https:\/\/www.rome-roma.net\/it\/musei-vaticani\/galleria-delle-carte-geografiche\/#primaryimage\",\"inLanguage\":\"it-IT\",\"url\":\"https:\/\/www.rome-roma.net\/photos\/musees-vatican\/images\/salledescartes_museesduvatican_2730.jpg\",\"contentUrl\":\"https:\/\/www.rome-roma.net\/photos\/musees-vatican\/images\/salledescartes_museesduvatican_2730.jpg\"},{\"@type\":\"WebPage\",\"@id\":\"https:\/\/www.rome-roma.net\/it\/musei-vaticani\/galleria-delle-carte-geografiche\/#webpage\",\"url\":\"https:\/\/www.rome-roma.net\/it\/musei-vaticani\/galleria-delle-carte-geografiche\/\",\"name\":\"Galleria delle carte geografiche &ndash; Musei Vaticani &ndash; Rome-Roma\",\"isPartOf\":{\"@id\":\"https:\/\/www.rome-roma.net\/it\/#website\"},\"primaryImageOfPage\":{\"@id\":\"https:\/\/www.rome-roma.net\/it\/musei-vaticani\/galleria-delle-carte-geografiche\/#primaryimage\"},\"datePublished\":\"2020-01-26T21:13:22+00:00\",\"dateModified\":\"2020-05-10T14:21:32+00:00\",\"description\":\"La galleria delle carte geografiche nei musei vaticani conserva le carte dipinte del XVI secolo delle regioni italiane e dei possedimenti della chiesa.\",\"breadcrumb\":{\"@id\":\"https:\/\/www.rome-roma.net\/it\/musei-vaticani\/galleria-delle-carte-geografiche\/#breadcrumb\"},\"inLanguage\":\"it-IT\",\"potentialAction\":[{\"@type\":\"ReadAction\",\"target\":[\"https:\/\/www.rome-roma.net\/it\/musei-vaticani\/galleria-delle-carte-geografiche\/\"]}]},{\"@type\":\"BreadcrumbList\",\"@id\":\"https:\/\/www.rome-roma.net\/it\/musei-vaticani\/galleria-delle-carte-geografiche\/#breadcrumb\",\"itemListElement\":[{\"@type\":\"ListItem\",\"position\":1,\"name\":\"Accueil\",\"item\":\"https:\/\/www.rome-roma.net\/it\/\"},{\"@type\":\"ListItem\",\"position\":2,\"name\":\"Musei Vaticani\",\"item\":\"https:\/\/www.rome-roma.net\/it\/musei-vaticani\/\"},{\"@type\":\"ListItem\",\"position\":3,\"name\":\"Galleria delle carte geografiche\"}]}]}<\/script>\n<!-- \/ Yoast SEO plugin. -->","yoast_head_json":{"title":"Galleria delle carte geografiche &ndash; Musei Vaticani &ndash; Rome-Roma","description":"La galleria delle carte geografiche nei musei vaticani conserva le carte dipinte del XVI secolo delle regioni italiane e dei possedimenti della chiesa.","robots":{"index":"index","follow":"follow","max-snippet":"max-snippet:-1","max-image-preview":"max-image-preview:large","max-video-preview":"max-video-preview:-1"},"canonical":"https:\/\/www.rome-roma.net\/it\/musei-vaticani\/galleria-delle-carte-geografiche\/","og_locale":"it_IT","og_type":"article","og_title":"Galleria delle carte geografiche &ndash; Musei Vaticani &ndash; Rome-Roma","og_description":"La galleria delle carte geografiche nei musei vaticani conserva le carte dipinte del XVI secolo delle regioni italiane e dei possedimenti della chiesa.","og_url":"https:\/\/www.rome-roma.net\/it\/musei-vaticani\/galleria-delle-carte-geografiche\/","og_site_name":"Rome-Roma","article_modified_time":"2020-05-10T14:21:32+00:00","og_image":[{"url":"https:\/\/www.rome-roma.net\/photos\/musees-vatican\/images\/salledescartes_museesduvatican_2730.jpg"}],"twitter_card":"summary_large_image","schema":{"@context":"https:\/\/schema.org","@graph":[{"@type":"Organization","@id":"https:\/\/www.rome-roma.net\/it\/#organization","name":"Rome-Roma","url":"https:\/\/www.rome-roma.net\/it\/","sameAs":[],"logo":{"@type":"ImageObject","@id":"https:\/\/www.rome-roma.net\/it\/#logo","inLanguage":"it-IT","url":"https:\/\/www.rome-roma.net\/wp-content\/uploads\/2025\/07\/logo-rome-roma-420.jpg","contentUrl":"https:\/\/www.rome-roma.net\/wp-content\/uploads\/2025\/07\/logo-rome-roma-420.jpg","width":420,"height":420,"caption":"Rome-Roma"},"image":{"@id":"https:\/\/www.rome-roma.net\/it\/#logo"}},{"@type":"WebSite","@id":"https:\/\/www.rome-roma.net\/it\/#website","url":"https:\/\/www.rome-roma.net\/it\/","name":"Rome-Roma","description":"Cultura & Viaggio","publisher":{"@id":"https:\/\/www.rome-roma.net\/it\/#organization"},"potentialAction":[{"@type":"SearchAction","target":{"@type":"EntryPoint","urlTemplate":"https:\/\/www.rome-roma.net\/it\/?s={search_term_string}"},"query-input":"required name=search_term_string"}],"inLanguage":"it-IT"},{"@type":"ImageObject","@id":"https:\/\/www.rome-roma.net\/it\/musei-vaticani\/galleria-delle-carte-geografiche\/#primaryimage","inLanguage":"it-IT","url":"https:\/\/www.rome-roma.net\/photos\/musees-vatican\/images\/salledescartes_museesduvatican_2730.jpg","contentUrl":"https:\/\/www.rome-roma.net\/photos\/musees-vatican\/images\/salledescartes_museesduvatican_2730.jpg"},{"@type":"WebPage","@id":"https:\/\/www.rome-roma.net\/it\/musei-vaticani\/galleria-delle-carte-geografiche\/#webpage","url":"https:\/\/www.rome-roma.net\/it\/musei-vaticani\/galleria-delle-carte-geografiche\/","name":"Galleria delle carte geografiche &ndash; Musei Vaticani &ndash; Rome-Roma","isPartOf":{"@id":"https:\/\/www.rome-roma.net\/it\/#website"},"primaryImageOfPage":{"@id":"https:\/\/www.rome-roma.net\/it\/musei-vaticani\/galleria-delle-carte-geografiche\/#primaryimage"},"datePublished":"2020-01-26T21:13:22+00:00","dateModified":"2020-05-10T14:21:32+00:00","description":"La galleria delle carte geografiche nei musei vaticani conserva le carte dipinte del XVI secolo delle regioni italiane e dei possedimenti della chiesa.","breadcrumb":{"@id":"https:\/\/www.rome-roma.net\/it\/musei-vaticani\/galleria-delle-carte-geografiche\/#breadcrumb"},"inLanguage":"it-IT","potentialAction":[{"@type":"ReadAction","target":["https:\/\/www.rome-roma.net\/it\/musei-vaticani\/galleria-delle-carte-geografiche\/"]}]},{"@type":"BreadcrumbList","@id":"https:\/\/www.rome-roma.net\/it\/musei-vaticani\/galleria-delle-carte-geografiche\/#breadcrumb","itemListElement":[{"@type":"ListItem","position":1,"name":"Accueil","item":"https:\/\/www.rome-roma.net\/it\/"},{"@type":"ListItem","position":2,"name":"Musei Vaticani","item":"https:\/\/www.rome-roma.net\/it\/musei-vaticani\/"},{"@type":"ListItem","position":3,"name":"Galleria delle carte geografiche"}]}]}},"acf_fields":{"nom_monument":null,"wikidata":"","sameas":null},"_links":{"self":[{"href":"https:\/\/www.rome-roma.net\/it\/wp-json\/wp\/v2\/site\/7043"}],"collection":[{"href":"https:\/\/www.rome-roma.net\/it\/wp-json\/wp\/v2\/site"}],"about":[{"href":"https:\/\/www.rome-roma.net\/it\/wp-json\/wp\/v2\/types\/site"}],"replies":[{"embeddable":true,"href":"https:\/\/www.rome-roma.net\/it\/wp-json\/wp\/v2\/comments?post=7043"}],"up":[{"embeddable":true,"href":"https:\/\/www.rome-roma.net\/it\/wp-json\/wp\/v2\/site\/6126"}],"wp:attachment":[{"href":"https:\/\/www.rome-roma.net\/it\/wp-json\/wp\/v2\/media?parent=7043"}],"wp:term":[{"taxonomy":"genre","embeddable":true,"href":"https:\/\/www.rome-roma.net\/it\/wp-json\/wp\/v2\/genre?post=7043"},{"taxonomy":"interet","embeddable":true,"href":"https:\/\/www.rome-roma.net\/it\/wp-json\/wp\/v2\/interet?post=7043"},{"taxonomy":"quartier","embeddable":true,"href":"https:\/\/www.rome-roma.net\/it\/wp-json\/wp\/v2\/quartier?post=7043"},{"taxonomy":"categorie_site","embeddable":true,"href":"https:\/\/www.rome-roma.net\/it\/wp-json\/wp\/v2\/categorie_site?post=7043"},{"taxonomy":"quartier_historique","embeddable":true,"href":"https:\/\/www.rome-roma.net\/it\/wp-json\/wp\/v2\/quartier_historique?post=7043"},{"taxonomy":"etiquettes_site","embeddable":true,"href":"https:\/\/www.rome-roma.net\/it\/wp-json\/wp\/v2\/etiquettes_site?post=7043"}],"curies":[{"name":"wp","href":"https:\/\/api.w.org\/{rel}","templated":true}]}}