


{"id":7138,"date":"2020-02-07T10:22:26","date_gmt":"2020-02-07T09:22:26","guid":{"rendered":"https:\/\/www.rome-roma.net\/site\/palais-du-quirinal\/"},"modified":"2026-04-05T13:35:52","modified_gmt":"2026-04-05T11:35:52","slug":"palazzo-del-quirinale","status":"publish","type":"site","link":"https:\/\/www.rome-roma.net\/it\/palazzo-del-quirinale\/","title":{"rendered":"Palazzo del Quirinale"},"content":{"rendered":"<div style=\"width: 310px\" class=\"wp-caption alignright\"><a href=\"https:\/\/www.rome-roma.net\/photos\/quirinale-palazzo\/images\/interno_palazzodelquirinale_6325.jpg\" rel=\"lightbox\"><img loading=\"lazy\" src=\"https:\/\/www.rome-roma.net\/photos\/quirinale-palazzo\/images\/interno_palazzodelquirinale_6325.jpg\" alt=\"palais du quirinal\" width=\"300\" height=\"200\" align=\"right\" border=\"0\" hspace=\"4\" vspace=\"2\"><\/a><p class=\"wp-caption-text\">Corte del Palazzo del Quirinale<\/p><\/div>\n<p>Situato in cima alla collina, nell&#8217;omonima piazza, il <strong>Palazzo del Quirinale<\/strong> \u00e8 la residenza ufficiale del <strong>Presidente della Repubblica Italiana<\/strong> e uno dei simboli dello stato italiano.<br>In origine residenza papale, \u00e8 oggi uno degli edifici pi\u00f9 importanti della capitale dal punto di vista artistico e politico.<br>Con una superficie di 110.500 m\u00b2, \u00e8 uno dei pi\u00f9 grandi palazzi d&#8217;Europa.<br>L&#8217;attuale residente del Quirinale \u00e8 <strong>Sergio Mattarella<\/strong>, presidente della Repubblica italiana dal 3 febbraio 2015.<\/p>\n<p>Iniziata nel 1583, la sua costruzione e decorazione furono eseguite da grandi maestri italiani come <strong>Pietro da Cortona<\/strong>, <strong>Domenico Fontana<\/strong>, <strong>Ferdinando Fuga<\/strong>, <strong>Carlo Maderno<\/strong>, <strong>Giovanni Paolo Pannini<\/strong> e <strong>Guido Reni<\/strong>. Il palazzo ospita anche un grande frammento di un affresco di Melozzo da Forl\u00ec.<br>Fu papa Gregorio XIII che ebbe l&#8217;iniziativa della sua costruzione. Fu una residenza secondaria per trenta papi, fino a Pio IX, quando nel 1870, durante la riunificazione d&#8217;Italia, divenne il palazzo reale di Savoia. <br>Durante la proclamazione della Repubblica, il palazzo divenne il 1 \u00b0 gennaio 1948 la residenza ufficiale del <strong>Presidente della Repubblica Italiana<\/strong>.<\/p>\n<h2>Architettura e opere del Quirinale<\/h2>\n<div style=\"width: 310px\" class=\"wp-caption alignright\"><a href=\"https:\/\/www.rome-roma.net\/photos\/quirinale-palazzo\/images\/piazzadelquirinale_6327.jpg\" rel=\"lightbox\" data-toggle=\"lightbox\" data-type=\"image\" data-title=\"palais du quirinal \u00e0 rome\" data-gallery=\"image-gallery\"><img loading=\"lazy\" src=\"https:\/\/www.rome-roma.net\/photos\/quirinale-palazzo\/images\/piazzadelquirinale_6327.jpg\" alt=\"palazzo del quirinale\" width=\"300\" height=\"200\" border=\"0\" hspace=\"3\" vspace=\"3\"><\/a><p class=\"wp-caption-text\">Facciata del palazzo<\/p><\/div>\n<p>La facciata sulla piazza ha un grande portale fiancheggiato da due colonne sopra le quali sono le statue dei Santi Pietro e Paolo (opera di Stefano Maderno e Guglielmo Berth\u00e9lot). Sul portale, una targa porta il nome di Paolo V. \u00c8 dominata da una grande finestra, sopra la quale un rilievo rappresenta la <em>Madonna col Bambino<\/em>.<br>Due ordini architettonici compongono le finestre della facciata.<\/p>\n<p>La scala principale \u00e8 dominata da un affresco del XV secolo di <strong>Melozzo da Forl\u00ec<\/strong>, un <em>Cristo in gloria<\/em>, che originariamente sorgeva nell&#8217;abside della Basilica dei SS. Apostoli a Roma.<\/p>\n<p>L&#8217;interno conserva molte opere d&#8217;arte: il <em>mosaico della Vergine<\/em> di Conti e Maratta, la scala d&#8217;onore con <em>Cristo in gloria<\/em> di Melozzo da Forl\u00ec, i dipinti di Guido Reni (<em>la Madonna del Cucito<\/em>, l&#8217;<em>Assunzione e Annunciazione<\/em>), di Ciro Ferri, Carlo Maratta e Carlo Maderno.<\/p>\n<h2>Storia del Palazzo del Quirinale<\/h2>\n<p>La storia del Palazzo del Quirinale inizi\u00f2 nel XVI secolo quando il cardinale <strong>Ippolito d&#8217;Este<\/strong> costru\u00ec una villa nel mezzo di un vigneto.<br>Nel 1583, papa <strong>Gregorio XIII<\/strong> affid\u00f2 i lavori all&#8217;architetto <strong>Ottaviano Nonni<\/strong> (Il <strong>Mascherino<\/strong>), per costruire qui una residenza papale estiva, perch\u00e9 il Vaticano era paludoso e il laterano insalubre. Un primo edificio fu completato nel 1585, l&#8217;anno della morte del Papa.<br>Il Mascherino innalz\u00f2 il palazzo in fondo all&#8217;attuale cortile, chiamato <em>palazzo gregoriano<\/em> con la torretta e l&#8217;attuale piccolo campanile di Martino Longhi il giovane. Complet\u00f2 l&#8217;edificio con due lunghe ali che raggiungevano la Villa d&#8217;Este.<br>Resta del primo edificio la facciata a doppia loggia e cinque arcate, sormontata dalla torre, visibile dal cortile principale.<br>Sisto V, che acquist\u00f2 la terra dalla famiglia Carafa nel 1587, affid\u00f2 i lavori di ampliamento a <strong>Domenico Fontana<\/strong>. Sotto <strong>Paolo V<\/strong>, <strong>Flaminio Ponzio<\/strong> costru\u00ec l&#8217;ala sul lato giardino, la <em>Sala del Concistoro<\/em> (ora <em>Salone delle feste<\/em>) e la <em>Cappella dell&#8217;Annunziata<\/em>, decorata tra il 1609 e il 1612 da <strong>Guido Reni<\/strong> con la collaborazione di <strong>Giovanni Lanfranco<\/strong>, <strong>Antonio Carracci<\/strong>, <strong>Tommaso Campana<\/strong> e <strong>Francesco Albani<\/strong>.<br>Alla morte di Ponzio nel 1613, i lavori furono proseguiti da <strong>Carlo Maderno<\/strong>, con l&#8217;ala sulla via del Quirinale, la <em>cappella Paolina<\/em>, gli appartamenti papali, i giardini e la <em>Sala Regia<\/em> (<em>Sala dei Corazzieri<\/em>). Quest&#8217;ultima \u00e8 adornata da un fregio dipinto da <strong>Agostino Tassi<\/strong>, sulla parete sud. Molti artisti sono intervenuti per decorare le altre pareti.<br>Sotto papa Alessandro VII, <strong>Gian Lorenzo Bernini<\/strong> progett\u00f2 l&#8217;edificio della <em>Manica Lunga<\/em> (lato sud del complesso) e ne realizz\u00f2 une parte dal 1657 al 1659.<br><strong>Alessandro Specchi<\/strong> continu\u00f2 i lavori del 1722 e del 1724 per papa Innocenzo XIII. <strong>Ferdinando Fuga<\/strong> li fin\u00ec tra il 1730 e il 1732, per Clemente XII. Ristruttur\u00f2 anche il padiglione del Conte di Cantalmaggio, che divenne la Palazzina del Fuga.<\/p>\n<p>Dal XVII secolo, i Papi vivevano permanentemente in questo palazzo, ad eccezione di alcuni periodi.<br>Molte pagine della storia sono state voltate l\u00ec. Pertanto, Napoleone posizion\u00f2 i cannoni davanti al portale per intimidire Pio VII e infine espellerlo. Rinomin\u00f2 il Quirinale come &#8220;Palazzo Imperiale&#8221; e ordin\u00f2 il lavoro di ampliamento all&#8217;architetto Raffaele Stern.<\/p>\n<p>Dopo il 1870, il Palazzo del Quirinale divenne la residenza della famiglia reale Savoia. Le camere sono state ristrutturate. Dal 1947, il palazzo \u00e8 diventato la residenza del Presidente della Repubblica.<\/p>\n\n\n<h2>Cartina ed indirizzo<\/h2>\r\n\t\t<b>Indirizzo : <\/b>Piazza del Quirinale, 00187 Roma RM, Italie<div id=\"travelersmap-container-69f330dd81a2e\" class=\"travelersmap-container\" style=\"z-index: 1; min-height: 10px; min-width:10px; height:400px;width:100%; max-width:; max-height:; position:relative;\"><div style=\"position:absolute; z-index:-1;top: 50%;text-align: center;display: block;left: 50%;transform: translate(-50%,-50%);\">Travelers' Map is loading... <br> If you see this after your page is loaded completely, leafletJS files are missing.<\/div><\/div><i>Clicca sulla freccia per localizzarti sulla mappa<\/i><br><br>\n\n\n\n<h2>Visita del palazzo<strong><br \/><\/strong><\/h2>\n<table style=\"border-collapse: collapse; width: 100%; height: 716px;\">\n<tbody>\n<tr style=\"background-color: #fae8c3;\">\n<td style=\"width: 100%; height: 96px;\"><span style=\"font-size: 10pt;\"><span lang=\"fr-FR\">Prenotazione obbligatoria, almeno 5 giorni prima della visita : <a href=\"https:\/\/visite.quirinale.it\/QTicket\/#\/VQUI\/it\" target=\"_blank\" rel=\"noopener\" data-title=\" \">on-line<\/a>, call center: tel. (+39) 06 39.96.75.57<br \/><\/span><span lang=\"fr-FR\">Massimo 10 persone per visita.<br \/>I biglietti invenduti possono essere acquistati fino a un&#8217;ora prima della visita all&#8217;INFOPOINT<br \/>I visitatori devono presentarsi 30 minuti prima dell&#8217;orario della visita, muniti di un documento d&#8217;identit\u00e0 valido.<\/span><\/span><\/td>\n<\/tr>\n<tr style=\"background-color: #f7ece1;\">\n<td style=\"width: 100%; height: 400px;\">\n<p><strong><span style=\"font-size: 10pt;\">Percorsi, orari e tariffe<\/span><\/strong><br \/><span style=\"font-size: 10pt;\">Chiusure: dal 26 luglio all&#8217;11 settembre 2026<\/span><\/p>\n<ul>\n<li><span style=\"font-size: 10pt;\"><strong>Percorso \u00abArtistico-istituzionale\u00bb<\/strong>: visita il Piano Terra, Piano Nobile e Appartamenti Imperiali. Durata circa 1 ora 15 minuti<\/span><\/li>\n<li><span style=\"font-size: 10pt;\"><strong>Percorso \u00abTematico\u00bb<\/strong>: visita alla Vasella, ai Giardini e alle Carrozze. Durata circa 2h<\/span><\/li>\n<li><span style=\"font-size: 10pt;\"><strong>Percorso \u00abQuirinale Contemporaneo\u00bb<\/strong>: visita al Cortile d\u2019Onore, Piano Terra, Piano Nobile e Appartamenti Imperiali &#8211; Percorso dedicato alla collezione di opere d&#8217;arte e oggetti contemporanei<\/span><\/li>\n<li><span style=\"font-size: 10pt;\">Per il percorso principale (fino al 30 giugno 2026) : visite tutti i giorni tranne il luned\u00ec e il gioved\u00ec, dalle 9.30 alle 16.00 (ultimo ingresso alle 14.30)<\/span><\/li>\n<li><span style=\"font-size: 10pt;\">Gratuito, salvo prenotazione obbligatoria \u20ac 2,50<\/span><\/li>\n<\/ul>\n<p><span style=\"font-size: 10pt;\">Consulta tutte le condizioni sul sito ufficiale<\/span><\/p>\n<\/td>\n<\/tr>\n<tr style=\"background-color: #fae8c3;\">\n<td style=\"width: 100%; height: 220px;\">\n<p><span style=\"font-size: 10pt;\"><strong><span lang=\"fr-FR\">Informazioni<\/span><\/strong><\/span><\/p>\n<ul>\n<li><span style=\"font-size: 10pt;\">Sito ufficiale e prenotazioni : <a href=\"https:\/\/www.quirinale.it\/\" target=\"_blank\" rel=\"noopener\" data-title=\" \">www.quirinale.it<\/a> \/ <a href=\"https:\/\/visite.quirinale.it\/QTicket\/#\/VQUI\/it\" target=\"_blank\" rel=\"noopener\" data-title=\" \">visite.quirinale.it<\/a><\/span><\/li>\n<li><span lang=\"fr-FR\" style=\"font-size: 10pt;\">Call center, tel. (0039) 06 39967557 (dal luned\u00ec al venerd\u00ec, ore 9.00-13.00 \/ ore 14.00-17.00, sabato ore 9.00-14.00)<br \/><\/span><\/li>\n<li><span lang=\"fr-FR\" style=\"font-size: 10pt;\">INFOPOINT : Salita di Montecavallo 15A. Orari i giorni di apertura del palazzo : dalle ore 9 alle 17<br \/><\/span><\/li>\n<li><span style=\"font-size: 10pt;\">Sito del commune : <\/span><a href=\"https:\/\/060608.comune.roma.it\/cultura\/beni-architettonici-e-storici\/palazzo-del-quirinale-15862\" target=\"_blank\" rel=\"noopener\"><span style=\"font-size: 10pt;\">060608<\/span><\/a><\/li>\n<\/ul>\n<\/td>\n<\/tr>\n<\/tbody>\n<\/table>\n<h2>Informazioni<\/h2>\n<table style=\"border-collapse: collapse; width: 100%;\">\n<tbody>\n<tr style=\"background-color: #fae8c3;\">\n<td style=\"width: 100%;\"><span style=\"font-size: 10pt;\"><strong>Palazzo del Quirinale<\/strong><em><br \/>Piazza del Quirinale<\/em><\/span><\/td>\n<\/tr>\n<tr style=\"background-color: #f7ece1;\">\n<td style=\"width: 100%;\">\n<p><span style=\"font-size: 10pt;\"><b>Fonti e collegamenti<br \/><\/b><\/span><\/p>\n<ul>\n<li><span style=\"font-size: 10pt;\">Sito ufficiale del Quirinale : <a href=\"https:\/\/palazzo.quirinale.it\/\" target=\"_blank\" rel=\"noopener noreferrer\" data-title=\" \">palazzo.quirinale.it<\/a><\/span><\/li>\n<li><span style=\"font-size: 10pt;\">Prenotazioni delle visite : <a href=\"https:\/\/visite.quirinale.it\/QTicket\/#\/VQUI\/it\" target=\"_blank\" rel=\"noopener\" data-title=\" \">visite.quirinale.it<\/a><\/span><\/li>\n<li><span style=\"font-size: 10pt;\"><a href=\"https:\/\/060608.comune.roma.it\/cultura\/beni-architettonici-e-storici\/palazzo-del-quirinale-15862\" target=\"_blank\" rel=\"noopener\" data-title=\" \">Sito del comune 060608<\/a><\/span><\/li>\n<li><a href=\"https:\/\/palazzo.quirinale.it\/visitevirtuali\/visitevirtuali.html\" target=\"_blank\" rel=\"noopener noreferrer\" data-title=\" \"><span style=\"font-size: 10pt;\">Visita virtuale<\/span><\/a><\/li>\n<\/ul>\n<\/td>\n<\/tr>\n<\/tbody>\n<\/table>\n\n\n\n<h2>Vedute antiche nel arte<\/h2><div>17 opere di Palazzo del Quirinale sono state trovate nella database. Per vederle tutte aprire questo <a href=\"https:\/\/www.rome-roma.net\/site-rome-art.php?lieu=quirinale\" target=\"_blank\">collegamento<\/a>.<\/div><div class=\"wp-block-kadence-advancedgallery kb-gallery-wrap-id-_5955fd-3f\">\r\n        <div class=\"kb-gallery-ul kb-gallery-type-fluidcarousel kb-gallery-id-_5955fd-3f kb-gallery-caption-style-below kb-gallery-magnific-init kb-gallery-filter-none\" data-image-filter=\"none\" data-lightbox-caption=\"true\">\r\n            <div class=\"kt-blocks-carousel kt-carousel-container-dotstyle-dark\">\r\n                <div class=\"kt-blocks-carousel-init kb-blocks-fluid-carousel kt-carousel-arrowstyle-whiteondark kt-carousel-dotstyle-dark\" data-slider-anim-speed=\"400\" data-slider-type=\"fluidcarousel\" data-slider-scroll=\"1\" data-slider-arrows=\"true\" data-slider-dots=\"true\" data-slider-hover-pause=\"false\" data-slider-auto=\"false\" data-slider-speed=\"7000\">\r\n        <div class=\"kb-slide-item kb-gallery-carousel-item\"><li class=\"kadence-blocks-gallery-item\"><div class=\"kadence-blocks-gallery-item-inner\">\r\n            <figure class=\"kb-gallery-figure kb-gallery-item-has-link kadence-blocks-gallery-item-has-caption\">\r\n                <a href=\"https:\/\/www.rome-roma.net\/artmodule\/antonio joli\/antonio joli - quirinale - cortege ambassadeur de venise.jpg\" class=\"kb-gallery-item-link\" style=\"color: #FFFFFF;\">\r\n                    <div class=\"kb-gal-image-radius\"><div class=\"kb-gallery-image-contain\">\r\n                        <img src=\"https:\/\/www.rome-roma.net\/artmodule\/antonio joli\/antonio joli - quirinale - cortege ambassadeur de venise.jpg\" width=\"300\" height=\"200\" \r\n                            alt=\"Antonio Joli,Cort\u00e8ge de l'ambassadeur de Venise au Quirinale (1720-1770, date ind\u00e9termin\u00e9e)\" \r\n                            data-full-image=\"https:\/\/www.rome-roma.net\/artmodule\/antonio joli\/antonio joli - quirinale - cortege ambassadeur de venise.jpg\" \r\n                            data-light-image=\"https:\/\/www.rome-roma.net\/artmodule\/antonio joli\/antonio joli - quirinale - cortege ambassadeur de venise.jpg\" data-id=\"149\" \r\n                            data-link=\"https:\/\/www.rome-roma.net\/artmodule\/antonio joli\/antonio joli - quirinale - cortege ambassadeur de venise.jpg\" \r\n                            class=\"wp-image-149\" loading=lazy\/>\r\n                    <\/div><\/div>\r\n                    <figcaption class=\"kadence-blocks-gallery-item__caption\">Antonio Joli, Cort\u00e8ge de l'ambassadeur de Venise au Quirinale<\/figcaption>\r\n                <\/a>\r\n            <\/figure><\/div><\/li><\/div>\r\n        <div class=\"kb-slide-item kb-gallery-carousel-item\"><li class=\"kadence-blocks-gallery-item\"><div class=\"kadence-blocks-gallery-item-inner\">\r\n            <figure class=\"kb-gallery-figure kb-gallery-item-has-link kadence-blocks-gallery-item-has-caption\">\r\n                <a href=\"https:\/\/www.rome-roma.net\/artmodule\/arthur glennie\/arthur glennie - quirinale.jpg\" class=\"kb-gallery-item-link\" style=\"color: #FFFFFF;\">\r\n                    <div class=\"kb-gal-image-radius\"><div class=\"kb-gallery-image-contain\">\r\n                        <img src=\"https:\/\/www.rome-roma.net\/artmodule\/arthur glennie\/arthur glennie - quirinale.jpg\" width=\"300\" height=\"200\" \r\n                            alt=\"Arthur Glennie,Place du Quirinale (1830-1890, date ind\u00e9termin\u00e9e)\" \r\n                            data-full-image=\"https:\/\/www.rome-roma.net\/artmodule\/arthur glennie\/arthur glennie - quirinale.jpg\" \r\n                            data-light-image=\"https:\/\/www.rome-roma.net\/artmodule\/arthur glennie\/arthur glennie - quirinale.jpg\" data-id=\"149\" \r\n                            data-link=\"https:\/\/www.rome-roma.net\/artmodule\/arthur glennie\/arthur glennie - quirinale.jpg\" \r\n                            class=\"wp-image-149\" loading=lazy\/>\r\n                    <\/div><\/div>\r\n                    <figcaption class=\"kadence-blocks-gallery-item__caption\">Arthur Glennie, Place du Quirinale<\/figcaption>\r\n                <\/a>\r\n            <\/figure><\/div><\/li><\/div>\r\n        <div class=\"kb-slide-item kb-gallery-carousel-item\"><li class=\"kadence-blocks-gallery-item\"><div class=\"kadence-blocks-gallery-item-inner\">\r\n            <figure class=\"kb-gallery-figure kb-gallery-item-has-link kadence-blocks-gallery-item-has-caption\">\r\n                <a href=\"https:\/\/www.rome-roma.net\/artmodule\/canaletto\/canaletto - monte cavallo et palais du quirinale - rome - 18e.jpg\" class=\"kb-gallery-item-link\" style=\"color: #FFFFFF;\">\r\n                    <div class=\"kb-gal-image-radius\"><div class=\"kb-gallery-image-contain\">\r\n                        <img src=\"https:\/\/www.rome-roma.net\/artmodule\/canaletto\/canaletto - monte cavallo et palais du quirinale - rome - 18e.jpg\" width=\"300\" height=\"200\" \r\n                            alt=\"Canaletto,Monte Cavallo et Palais du Quirinale (1730-1768, date ind\u00e9termin\u00e9e)\" \r\n                            data-full-image=\"https:\/\/www.rome-roma.net\/artmodule\/canaletto\/canaletto - monte cavallo et palais du quirinale - rome - 18e.jpg\" \r\n                            data-light-image=\"https:\/\/www.rome-roma.net\/artmodule\/canaletto\/canaletto - monte cavallo et palais du quirinale - rome - 18e.jpg\" data-id=\"149\" \r\n                            data-link=\"https:\/\/www.rome-roma.net\/artmodule\/canaletto\/canaletto - monte cavallo et palais du quirinale - rome - 18e.jpg\" \r\n                            class=\"wp-image-149\" loading=lazy\/>\r\n                    <\/div><\/div>\r\n                    <figcaption class=\"kadence-blocks-gallery-item__caption\">Canaletto, Monte Cavallo et Palais du Quirinale<\/figcaption>\r\n                <\/a>\r\n            <\/figure><\/div><\/li><\/div>\r\n        <div class=\"kb-slide-item kb-gallery-carousel-item\"><li class=\"kadence-blocks-gallery-item\"><div class=\"kadence-blocks-gallery-item-inner\">\r\n            <figure class=\"kb-gallery-figure kb-gallery-item-has-link kadence-blocks-gallery-item-has-caption\">\r\n                <a href=\"https:\/\/www.rome-roma.net\/artmodule\/canaletto\/canaletto - piazza di monte cavallo - nottingham city museums and galleries.jpg\" class=\"kb-gallery-item-link\" style=\"color: #FFFFFF;\">\r\n                    <div class=\"kb-gal-image-radius\"><div class=\"kb-gallery-image-contain\">\r\n                        <img src=\"https:\/\/www.rome-roma.net\/artmodule\/canaletto\/canaletto - piazza di monte cavallo - nottingham city museums and galleries.jpg\" width=\"300\" height=\"200\" \r\n                            alt=\"Canaletto,Place de Monte Cavallo, Quirinale (1730-1768, date ind\u00e9termin\u00e9e)\" \r\n                            data-full-image=\"https:\/\/www.rome-roma.net\/artmodule\/canaletto\/canaletto - piazza di monte cavallo - nottingham city museums and galleries.jpg\" \r\n                            data-light-image=\"https:\/\/www.rome-roma.net\/artmodule\/canaletto\/canaletto - piazza di monte cavallo - nottingham city museums and galleries.jpg\" data-id=\"149\" \r\n                            data-link=\"https:\/\/www.rome-roma.net\/artmodule\/canaletto\/canaletto - piazza di monte cavallo - nottingham city museums and galleries.jpg\" \r\n                            class=\"wp-image-149\" loading=lazy\/>\r\n                    <\/div><\/div>\r\n                    <figcaption class=\"kadence-blocks-gallery-item__caption\">Canaletto, Place de Monte Cavallo, Quirinale<\/figcaption>\r\n                <\/a>\r\n            <\/figure><\/div><\/li><\/div>\r\n        <div class=\"kb-slide-item kb-gallery-carousel-item\"><li class=\"kadence-blocks-gallery-item\"><div class=\"kadence-blocks-gallery-item-inner\">\r\n            <figure class=\"kb-gallery-figure kb-gallery-item-has-link kadence-blocks-gallery-item-has-caption\">\r\n                <a href=\"https:\/\/www.rome-roma.net\/artmodule\/carlo bossoli\/bossoli carlo - piazza di monte cavallo.jpg\" class=\"kb-gallery-item-link\" style=\"color: #FFFFFF;\">\r\n                    <div class=\"kb-gal-image-radius\"><div class=\"kb-gallery-image-contain\">\r\n                        <img src=\"https:\/\/www.rome-roma.net\/artmodule\/carlo bossoli\/bossoli carlo - piazza di monte cavallo.jpg\" width=\"300\" height=\"200\" \r\n                            alt=\"Carlo Bossoli,Piazza di Monte Cavallo au Quirinale (1840-1880, date ind\u00e9termin\u00e9e)\" \r\n                            data-full-image=\"https:\/\/www.rome-roma.net\/artmodule\/carlo bossoli\/bossoli carlo - piazza di monte cavallo.jpg\" \r\n                            data-light-image=\"https:\/\/www.rome-roma.net\/artmodule\/carlo bossoli\/bossoli carlo - piazza di monte cavallo.jpg\" data-id=\"149\" \r\n                            data-link=\"https:\/\/www.rome-roma.net\/artmodule\/carlo bossoli\/bossoli carlo - piazza di monte cavallo.jpg\" \r\n                            class=\"wp-image-149\" loading=lazy\/>\r\n                    <\/div><\/div>\r\n                    <figcaption class=\"kadence-blocks-gallery-item__caption\">Carlo Bossoli, Piazza di Monte Cavallo au Quirinale<\/figcaption>\r\n                <\/a>\r\n            <\/figure><\/div><\/li><\/div>\r\n        <div class=\"kb-slide-item kb-gallery-carousel-item\"><li class=\"kadence-blocks-gallery-item\"><div class=\"kadence-blocks-gallery-item-inner\">\r\n            <figure class=\"kb-gallery-figure kb-gallery-item-has-link kadence-blocks-gallery-item-has-caption\">\r\n                <a href=\"https:\/\/www.rome-roma.net\/artmodule\/gaspar van wittel\/gaspar van wittel - piazza del quirinale.jpg\" class=\"kb-gallery-item-link\" style=\"color: #FFFFFF;\">\r\n                    <div class=\"kb-gal-image-radius\"><div class=\"kb-gallery-image-contain\">\r\n                        <img src=\"https:\/\/www.rome-roma.net\/artmodule\/gaspar van wittel\/gaspar van wittel - piazza del quirinale.jpg\" width=\"300\" height=\"200\" \r\n                            alt=\"Gaspar Van Wittel,Place du Quirinale (?, avant 1736, date ind\u00e9termin\u00e9e)\" \r\n                            data-full-image=\"https:\/\/www.rome-roma.net\/artmodule\/gaspar van wittel\/gaspar van wittel - piazza del quirinale.jpg\" \r\n                            data-light-image=\"https:\/\/www.rome-roma.net\/artmodule\/gaspar van wittel\/gaspar van wittel - piazza del quirinale.jpg\" data-id=\"149\" \r\n                            data-link=\"https:\/\/www.rome-roma.net\/artmodule\/gaspar van wittel\/gaspar van wittel - piazza del quirinale.jpg\" \r\n                            class=\"wp-image-149\" loading=lazy\/>\r\n                    <\/div><\/div>\r\n                    <figcaption class=\"kadence-blocks-gallery-item__caption\">Gaspar Van Wittel, Place du Quirinale<\/figcaption>\r\n                <\/a>\r\n            <\/figure><\/div><\/li><\/div>\r\n        <div class=\"kb-slide-item kb-gallery-carousel-item\"><li class=\"kadence-blocks-gallery-item\"><div class=\"kadence-blocks-gallery-item-inner\">\r\n            <figure class=\"kb-gallery-figure kb-gallery-item-has-link kadence-blocks-gallery-item-has-caption\">\r\n                <a href=\"https:\/\/www.rome-roma.net\/artmodule\/gaspar van wittel\/gaspar van wittel - place du quirinal.jpg\" class=\"kb-gallery-item-link\" style=\"color: #FFFFFF;\">\r\n                    <div class=\"kb-gal-image-radius\"><div class=\"kb-gallery-image-contain\">\r\n                        <img src=\"https:\/\/www.rome-roma.net\/artmodule\/gaspar van wittel\/gaspar van wittel - place du quirinal.jpg\" width=\"300\" height=\"200\" \r\n                            alt=\"Gaspar Van Wittel,Place du Quirinale (?, avant 1736, date ind\u00e9termin\u00e9e)\" \r\n                            data-full-image=\"https:\/\/www.rome-roma.net\/artmodule\/gaspar van wittel\/gaspar van wittel - place du quirinal.jpg\" \r\n                            data-light-image=\"https:\/\/www.rome-roma.net\/artmodule\/gaspar van wittel\/gaspar van wittel - place du quirinal.jpg\" data-id=\"149\" \r\n                            data-link=\"https:\/\/www.rome-roma.net\/artmodule\/gaspar van wittel\/gaspar van wittel - place du quirinal.jpg\" \r\n                            class=\"wp-image-149\" loading=lazy\/>\r\n                    <\/div><\/div>\r\n                    <figcaption class=\"kadence-blocks-gallery-item__caption\">Gaspar Van Wittel, Place du Quirinale<\/figcaption>\r\n                <\/a>\r\n            <\/figure><\/div><\/li><\/div>\r\n        <div class=\"kb-slide-item kb-gallery-carousel-item\"><li class=\"kadence-blocks-gallery-item\"><div class=\"kadence-blocks-gallery-item-inner\">\r\n            <figure class=\"kb-gallery-figure kb-gallery-item-has-link kadence-blocks-gallery-item-has-caption\">\r\n                <a href=\"https:\/\/www.rome-roma.net\/artmodule\/gaspar van wittel\/gaspar van wittel - piazza di monte cavallo - 1682 - musei capitolini - roma.jpg\" class=\"kb-gallery-item-link\" style=\"color: #FFFFFF;\">\r\n                    <div class=\"kb-gal-image-radius\"><div class=\"kb-gallery-image-contain\">\r\n                        <img src=\"https:\/\/www.rome-roma.net\/artmodule\/gaspar van wittel\/gaspar van wittel - piazza di monte cavallo - 1682 - musei capitolini - roma.jpg\" width=\"300\" height=\"200\" \r\n                            alt=\"Gaspar Van Wittel,Piazza di Monte Cavallo (1682)\" \r\n                            data-full-image=\"https:\/\/www.rome-roma.net\/artmodule\/gaspar van wittel\/gaspar van wittel - piazza di monte cavallo - 1682 - musei capitolini - roma.jpg\" \r\n                            data-light-image=\"https:\/\/www.rome-roma.net\/artmodule\/gaspar van wittel\/gaspar van wittel - piazza di monte cavallo - 1682 - musei capitolini - roma.jpg\" data-id=\"149\" \r\n                            data-link=\"https:\/\/www.rome-roma.net\/artmodule\/gaspar van wittel\/gaspar van wittel - piazza di monte cavallo - 1682 - musei capitolini - roma.jpg\" \r\n                            class=\"wp-image-149\" loading=lazy\/>\r\n                    <\/div><\/div>\r\n                    <figcaption class=\"kadence-blocks-gallery-item__caption\">Gaspar Van Wittel, Piazza di Monte Cavallo<\/figcaption>\r\n                <\/a>\r\n            <\/figure><\/div><\/li><\/div>\r\n        <div class=\"kb-slide-item kb-gallery-carousel-item\"><li class=\"kadence-blocks-gallery-item\"><div class=\"kadence-blocks-gallery-item-inner\">\r\n            <figure class=\"kb-gallery-figure kb-gallery-item-has-link kadence-blocks-gallery-item-has-caption\">\r\n                <a href=\"https:\/\/www.rome-roma.net\/artmodule\/panini\/giovanni paolo panini - piazza del quirinale.jpg\" class=\"kb-gallery-item-link\" style=\"color: #FFFFFF;\">\r\n                    <div class=\"kb-gal-image-radius\"><div class=\"kb-gallery-image-contain\">\r\n                        <img src=\"https:\/\/www.rome-roma.net\/artmodule\/panini\/giovanni paolo panini - piazza del quirinale.jpg\" width=\"300\" height=\"200\" \r\n                            alt=\"Giovanni Paolo Pannini,Piazza del Quirinale (?, avant 1765, date ind\u00e9termin\u00e9e)\" \r\n                            data-full-image=\"https:\/\/www.rome-roma.net\/artmodule\/panini\/giovanni paolo panini - piazza del quirinale.jpg\" \r\n                            data-light-image=\"https:\/\/www.rome-roma.net\/artmodule\/panini\/giovanni paolo panini - piazza del quirinale.jpg\" data-id=\"149\" \r\n                            data-link=\"https:\/\/www.rome-roma.net\/artmodule\/panini\/giovanni paolo panini - piazza del quirinale.jpg\" \r\n                            class=\"wp-image-149\" loading=lazy\/>\r\n                    <\/div><\/div>\r\n                    <figcaption class=\"kadence-blocks-gallery-item__caption\">Giovanni Paolo Pannini, Piazza del Quirinale<\/figcaption>\r\n                <\/a>\r\n            <\/figure><\/div><\/li><\/div><\/div><\/div><\/div><\/div><a href=\"https:\/\/www.rome-roma.net\/site-rome-art.php?lieu=quirinale\" target=\"_blank\">Clica per vedere oltre dipinti e artisti su Palais du Quirinal in Roma<\/a><br>\n\n\n\n<h2>Galleria<\/h2>\n<p><a href=\"https:\/\/www.rome-roma.net\/photos\/visite-rome\/images\/piazzadelquirinale_5610.jpg\" rel=\"lightbox[a]\"><img loading=\"lazy\" src=\"https:\/\/www.rome-roma.net\/photos\/visite-rome\/thumbnails\/piazzadelquirinale_5610.jpg\" alt=\"piazza del quirinal\" width=\"154\" height=\"106\" border=\"0\" hspace=\"3\" vspace=\"3\" \/><\/a> <a href=\"https:\/\/www.rome-roma.net\/photos\/quirinale-palazzo\/images\/piazzadelquirinale_6327.jpg\" rel=\"lightbox\"><img loading=\"lazy\" src=\"https:\/\/www.rome-roma.net\/photos\/quirinale-palazzo\/thumbnails\/piazzadelquirinale_6327.jpg\" alt=\"palais du quirinal \u00e0 rome\" width=\"154\" height=\"106\" border=\"0\" hspace=\"3\" vspace=\"3\" \/><\/a> <a href=\"https:\/\/www.rome-roma.net\/photos\/quirinale-palazzo\/images\/interno_palazzodelquirinale_6325.jpg\" rel=\"lightbox\"><img loading=\"lazy\" src=\"https:\/\/www.rome-roma.net\/photos\/quirinale-palazzo\/thumbnails\/interno_palazzodelquirinale_6325.jpg\" alt=\"palais du quirinal \u00e0 rome\" width=\"154\" height=\"106\" border=\"0\" hspace=\"3\" vspace=\"3\" \/><\/a><a href=\"https:\/\/www.rome-roma.net\/photos\/quirinale-palazzo\/images\/palaisduquirinale_6321.jpg\" rel=\"lightbox\"><img loading=\"lazy\" src=\"https:\/\/www.rome-roma.net\/photos\/quirinale-palazzo\/thumbnails\/palaisduquirinale_6321.jpg\" alt=\"palais du quirinal \u00e0 rome\" width=\"154\" height=\"106\" border=\"0\" hspace=\"3\" vspace=\"3\" \/><\/a><a href=\"https:\/\/www.rome-roma.net\/photos\/quirinale-palazzo\/images\/palaisduquirinale_6322.jpg\" rel=\"lightbox\"><img loading=\"lazy\" src=\"https:\/\/www.rome-roma.net\/photos\/quirinale-palazzo\/thumbnails\/palaisduquirinale_6322.jpg\" alt=\"palais du quirinal \u00e0 rome\" width=\"154\" height=\"106\" border=\"0\" hspace=\"3\" vspace=\"3\" \/><\/a><a href=\"https:\/\/www.rome-roma.net\/photos\/quirinale-palazzo\/images\/palaisduquirinale_6323.jpg\" rel=\"lightbox\"><img loading=\"lazy\" src=\"https:\/\/www.rome-roma.net\/photos\/quirinale-palazzo\/thumbnails\/palaisduquirinale_6323.jpg\" alt=\"palais du quirinal \u00e0 rome\" width=\"154\" height=\"106\" border=\"0\" hspace=\"3\" vspace=\"3\" \/><\/a><br \/><a href=\"https:\/\/www.rome-roma.net\/photos\/quirinale-palazzo\/images\/palazzodelquirinale_affreschi_6308.jpg\" rel=\"lightbox\"><img loading=\"lazy\" src=\"https:\/\/www.rome-roma.net\/photos\/quirinale-palazzo\/thumbnails\/palazzodelquirinale_affreschi_6308.jpg\" alt=\"palais du quirinal \u00e0 rome\" width=\"154\" height=\"137\" border=\"0\" hspace=\"3\" vspace=\"3\" \/><\/a><a href=\"https:\/\/www.rome-roma.net\/photos\/quirinale-palazzo\/images\/palazzodelquirinale_affreschi_6310.jpg\" rel=\"lightbox\"><img loading=\"lazy\" src=\"https:\/\/www.rome-roma.net\/photos\/quirinale-palazzo\/thumbnails\/palazzodelquirinale_affreschi_6310.jpg\" alt=\"palais du quirinal \u00e0 rome\" width=\"106\" height=\"154\" border=\"0\" hspace=\"3\" vspace=\"3\" \/><\/a><a href=\"https:\/\/www.rome-roma.net\/photos\/quirinale-palazzo\/images\/palazzodelquirinale_affreschi_6311.jpg\" rel=\"lightbox\"><img loading=\"lazy\" src=\"https:\/\/www.rome-roma.net\/photos\/quirinale-palazzo\/thumbnails\/palazzodelquirinale_affreschi_6311.jpg\" alt=\"palais du quirinal \u00e0 rome\" width=\"154\" height=\"106\" border=\"0\" hspace=\"3\" vspace=\"3\" \/><\/a><a href=\"https:\/\/www.rome-roma.net\/photos\/quirinale-palazzo\/images\/palazzodelquirinale_affreschi_6312.jpg\" rel=\"lightbox\"><img loading=\"lazy\" src=\"https:\/\/www.rome-roma.net\/photos\/quirinale-palazzo\/thumbnails\/palazzodelquirinale_affreschi_6312.jpg\" alt=\"palais du quirinal \u00e0 rome\" width=\"154\" height=\"106\" border=\"0\" hspace=\"3\" vspace=\"3\" \/><\/a><a href=\"https:\/\/www.rome-roma.net\/photos\/quirinale-palazzo\/images\/palazzodelquirinale_affreschi_6313.jpg\" rel=\"lightbox\"><img loading=\"lazy\" src=\"https:\/\/www.rome-roma.net\/photos\/quirinale-palazzo\/thumbnails\/palazzodelquirinale_affreschi_6313.jpg\" alt=\"palais du quirinal \u00e0 rome\" width=\"154\" height=\"106\" border=\"0\" hspace=\"3\" vspace=\"3\" \/><\/a><a href=\"https:\/\/www.rome-roma.net\/photos\/quirinale-palazzo\/images\/palazzodelquirinale_affreschi_6309.jpg\" rel=\"lightbox\"><img loading=\"lazy\" src=\"https:\/\/www.rome-roma.net\/photos\/quirinale-palazzo\/thumbnails\/palazzodelquirinale_affreschi_6309.jpg\" alt=\"palais du quirinal \u00e0 rome\" width=\"154\" height=\"81\" border=\"0\" hspace=\"3\" vspace=\"3\" \/><\/a> <a href=\"https:\/\/www.rome-roma.net\/photos\/quirinale-palazzo\/images\/palaisduquirinale_6320.jpg\" rel=\"lightbox\"><img loading=\"lazy\" src=\"https:\/\/www.rome-roma.net\/photos\/quirinale-palazzo\/thumbnails\/palaisduquirinale_6320.jpg\" alt=\"palais du quirinal \u00e0 rome\" width=\"154\" height=\"106\" border=\"0\" hspace=\"3\" vspace=\"3\" \/><\/a> <a href=\"https:\/\/www.rome-roma.net\/photos\/quirinale-palazzo\/images\/quirinale_salai_6314.jpg\" rel=\"lightbox\"><img loading=\"lazy\" src=\"https:\/\/www.rome-roma.net\/photos\/quirinale-palazzo\/thumbnails\/quirinale_salai_6314.jpg\" alt=\"palais du quirinal \u00e0 rome\" width=\"154\" height=\"106\" border=\"0\" hspace=\"3\" vspace=\"3\" \/><\/a><br \/><a href=\"https:\/\/www.rome-roma.net\/photos\/quirinale-palazzo\/images\/quirinale_salai_6316.jpg\" rel=\"lightbox\"><img loading=\"lazy\" src=\"https:\/\/www.rome-roma.net\/photos\/quirinale-palazzo\/thumbnails\/quirinale_salai_6316.jpg\" alt=\"palais du quirinal \u00e0 rome\" width=\"106\" height=\"154\" border=\"0\" hspace=\"3\" vspace=\"3\" \/><\/a> <a href=\"https:\/\/www.rome-roma.net\/photos\/quirinale-palazzo\/images\/quirinale_salai_6315.jpg\" rel=\"lightbox\"><img loading=\"lazy\" src=\"https:\/\/www.rome-roma.net\/photos\/quirinale-palazzo\/thumbnails\/quirinale_salai_6315.jpg\" alt=\"palais du quirinal \u00e0 rome\" width=\"154\" height=\"106\" border=\"0\" hspace=\"3\" vspace=\"3\" \/><\/a><a href=\"https:\/\/www.rome-roma.net\/photos\/quirinale-palazzo\/images\/quirinale_salai_6317.jpg\" rel=\"lightbox\"><img loading=\"lazy\" src=\"https:\/\/www.rome-roma.net\/photos\/quirinale-palazzo\/thumbnails\/quirinale_salai_6317.jpg\" alt=\"palais du quirinal \u00e0 rome\" width=\"154\" height=\"106\" border=\"0\" hspace=\"3\" vspace=\"3\" \/><\/a><a href=\"https:\/\/www.rome-roma.net\/photos\/quirinale-palazzo\/images\/capella_quirinale_6319.jpg\" rel=\"lightbox\"><img loading=\"lazy\" src=\"https:\/\/www.rome-roma.net\/photos\/quirinale-palazzo\/thumbnails\/capella_quirinale_6319.jpg\" alt=\"palais du quirinal \u00e0 rome\" width=\"106\" height=\"154\" border=\"0\" hspace=\"3\" vspace=\"3\" \/><\/a><\/p>\n\n\n","protected":false},"excerpt":{"rendered":"<p>Situato in cima alla collina, nell&#8217;omonima piazza, il Palazzo del Quirinale \u00e8 la residenza ufficiale del Presidente della Repubblica Italiana e uno dei simboli dello stato italiano.In origine residenza papale, \u00e8 oggi uno degli edifici pi\u00f9 importanti della capitale dal punto di vista artistico e politico.Con una superficie di 110.500 m\u00b2, \u00e8 uno dei pi\u00f9 [&hellip;]<\/p>\n","protected":false},"featured_media":0,"parent":0,"menu_order":0,"comment_status":"open","ping_status":"open","template":"","format":"standard","meta":{"kt_blocks_editor_width":"","_links_to":"","_links_to_target":""},"genre":[277],"interet":[287],"quartier":[328],"categorie_site":[391,409],"quartier_historique":[462],"etiquettes_site":[],"acf":[],"yoast_head":"<!-- This site is optimized with the Yoast SEO plugin v17.4 - https:\/\/yoast.com\/wordpress\/plugins\/seo\/ -->\n<title>Palazzo del Quirinale &ndash; Rome-Roma<\/title>\n<meta name=\"description\" content=\"Visita del Palazzo del Quirinale a Roma, sede della Presidenza italiana. Storia e condizioni di visita. Scoperta dei quartieri e dei monumenti di Roma.\" \/>\n<meta name=\"robots\" content=\"index, follow, max-snippet:-1, max-image-preview:large, max-video-preview:-1\" \/>\n<link rel=\"canonical\" href=\"https:\/\/www.rome-roma.net\/it\/palazzo-del-quirinale\/\" \/>\n<meta property=\"og:locale\" content=\"it_IT\" \/>\n<meta property=\"og:type\" content=\"article\" \/>\n<meta property=\"og:title\" content=\"Palazzo del Quirinale &ndash; Rome-Roma\" \/>\n<meta property=\"og:description\" content=\"Visita del Palazzo del Quirinale a Roma, sede della Presidenza italiana. Storia e condizioni di visita. Scoperta dei quartieri e dei monumenti di Roma.\" \/>\n<meta property=\"og:url\" content=\"https:\/\/www.rome-roma.net\/it\/palazzo-del-quirinale\/\" \/>\n<meta property=\"og:site_name\" content=\"Rome-Roma\" \/>\n<meta property=\"article:modified_time\" content=\"2026-04-05T11:35:52+00:00\" \/>\n<meta property=\"og:image\" content=\"https:\/\/www.rome-roma.net\/photos\/quirinale-palazzo\/images\/interno_palazzodelquirinale_6325.jpg\" \/>\n<meta name=\"twitter:card\" content=\"summary_large_image\" \/>\n<meta name=\"twitter:label1\" content=\"Tempo di lettura stimato\" \/>\n\t<meta name=\"twitter:data1\" content=\"9 minuti\" \/>\n<script type=\"application\/ld+json\" class=\"yoast-schema-graph\">{\"@context\":\"https:\/\/schema.org\",\"@graph\":[{\"@type\":\"Organization\",\"@id\":\"https:\/\/www.rome-roma.net\/it\/#organization\",\"name\":\"Rome-Roma\",\"url\":\"https:\/\/www.rome-roma.net\/it\/\",\"sameAs\":[],\"logo\":{\"@type\":\"ImageObject\",\"@id\":\"https:\/\/www.rome-roma.net\/it\/#logo\",\"inLanguage\":\"it-IT\",\"url\":\"https:\/\/www.rome-roma.net\/wp-content\/uploads\/2025\/07\/logo-rome-roma-420.jpg\",\"contentUrl\":\"https:\/\/www.rome-roma.net\/wp-content\/uploads\/2025\/07\/logo-rome-roma-420.jpg\",\"width\":420,\"height\":420,\"caption\":\"Rome-Roma\"},\"image\":{\"@id\":\"https:\/\/www.rome-roma.net\/it\/#logo\"}},{\"@type\":\"WebSite\",\"@id\":\"https:\/\/www.rome-roma.net\/it\/#website\",\"url\":\"https:\/\/www.rome-roma.net\/it\/\",\"name\":\"Rome-Roma\",\"description\":\"Cultura & Viaggio\",\"publisher\":{\"@id\":\"https:\/\/www.rome-roma.net\/it\/#organization\"},\"potentialAction\":[{\"@type\":\"SearchAction\",\"target\":{\"@type\":\"EntryPoint\",\"urlTemplate\":\"https:\/\/www.rome-roma.net\/it\/?s={search_term_string}\"},\"query-input\":\"required name=search_term_string\"}],\"inLanguage\":\"it-IT\"},{\"@type\":\"ImageObject\",\"@id\":\"https:\/\/www.rome-roma.net\/it\/palazzo-del-quirinale\/#primaryimage\",\"inLanguage\":\"it-IT\",\"url\":\"https:\/\/www.rome-roma.net\/photos\/quirinale-palazzo\/images\/interno_palazzodelquirinale_6325.jpg\",\"contentUrl\":\"https:\/\/www.rome-roma.net\/photos\/quirinale-palazzo\/images\/interno_palazzodelquirinale_6325.jpg\"},{\"@type\":\"WebPage\",\"@id\":\"https:\/\/www.rome-roma.net\/it\/palazzo-del-quirinale\/#webpage\",\"url\":\"https:\/\/www.rome-roma.net\/it\/palazzo-del-quirinale\/\",\"name\":\"Palazzo del Quirinale &ndash; Rome-Roma\",\"isPartOf\":{\"@id\":\"https:\/\/www.rome-roma.net\/it\/#website\"},\"primaryImageOfPage\":{\"@id\":\"https:\/\/www.rome-roma.net\/it\/palazzo-del-quirinale\/#primaryimage\"},\"datePublished\":\"2020-02-07T09:22:26+00:00\",\"dateModified\":\"2026-04-05T11:35:52+00:00\",\"description\":\"Visita del Palazzo del Quirinale a Roma, sede della Presidenza italiana. Storia e condizioni di visita. Scoperta dei quartieri e dei monumenti di Roma.\",\"breadcrumb\":{\"@id\":\"https:\/\/www.rome-roma.net\/it\/palazzo-del-quirinale\/#breadcrumb\"},\"inLanguage\":\"it-IT\",\"potentialAction\":[{\"@type\":\"ReadAction\",\"target\":[\"https:\/\/www.rome-roma.net\/it\/palazzo-del-quirinale\/\"]}]},{\"@type\":\"BreadcrumbList\",\"@id\":\"https:\/\/www.rome-roma.net\/it\/palazzo-del-quirinale\/#breadcrumb\",\"itemListElement\":[{\"@type\":\"ListItem\",\"position\":1,\"name\":\"Accueil\",\"item\":\"https:\/\/www.rome-roma.net\/it\/\"},{\"@type\":\"ListItem\",\"position\":2,\"name\":\"Palazzo del Quirinale\"}]}]}<\/script>\n<!-- \/ Yoast SEO plugin. -->","yoast_head_json":{"title":"Palazzo del Quirinale &ndash; Rome-Roma","description":"Visita del Palazzo del Quirinale a Roma, sede della Presidenza italiana. Storia e condizioni di visita. Scoperta dei quartieri e dei monumenti di Roma.","robots":{"index":"index","follow":"follow","max-snippet":"max-snippet:-1","max-image-preview":"max-image-preview:large","max-video-preview":"max-video-preview:-1"},"canonical":"https:\/\/www.rome-roma.net\/it\/palazzo-del-quirinale\/","og_locale":"it_IT","og_type":"article","og_title":"Palazzo del Quirinale &ndash; Rome-Roma","og_description":"Visita del Palazzo del Quirinale a Roma, sede della Presidenza italiana. Storia e condizioni di visita. Scoperta dei quartieri e dei monumenti di Roma.","og_url":"https:\/\/www.rome-roma.net\/it\/palazzo-del-quirinale\/","og_site_name":"Rome-Roma","article_modified_time":"2026-04-05T11:35:52+00:00","og_image":[{"url":"https:\/\/www.rome-roma.net\/photos\/quirinale-palazzo\/images\/interno_palazzodelquirinale_6325.jpg"}],"twitter_card":"summary_large_image","twitter_misc":{"Tempo di lettura stimato":"9 minuti"},"schema":{"@context":"https:\/\/schema.org","@graph":[{"@type":"Organization","@id":"https:\/\/www.rome-roma.net\/it\/#organization","name":"Rome-Roma","url":"https:\/\/www.rome-roma.net\/it\/","sameAs":[],"logo":{"@type":"ImageObject","@id":"https:\/\/www.rome-roma.net\/it\/#logo","inLanguage":"it-IT","url":"https:\/\/www.rome-roma.net\/wp-content\/uploads\/2025\/07\/logo-rome-roma-420.jpg","contentUrl":"https:\/\/www.rome-roma.net\/wp-content\/uploads\/2025\/07\/logo-rome-roma-420.jpg","width":420,"height":420,"caption":"Rome-Roma"},"image":{"@id":"https:\/\/www.rome-roma.net\/it\/#logo"}},{"@type":"WebSite","@id":"https:\/\/www.rome-roma.net\/it\/#website","url":"https:\/\/www.rome-roma.net\/it\/","name":"Rome-Roma","description":"Cultura & Viaggio","publisher":{"@id":"https:\/\/www.rome-roma.net\/it\/#organization"},"potentialAction":[{"@type":"SearchAction","target":{"@type":"EntryPoint","urlTemplate":"https:\/\/www.rome-roma.net\/it\/?s={search_term_string}"},"query-input":"required name=search_term_string"}],"inLanguage":"it-IT"},{"@type":"ImageObject","@id":"https:\/\/www.rome-roma.net\/it\/palazzo-del-quirinale\/#primaryimage","inLanguage":"it-IT","url":"https:\/\/www.rome-roma.net\/photos\/quirinale-palazzo\/images\/interno_palazzodelquirinale_6325.jpg","contentUrl":"https:\/\/www.rome-roma.net\/photos\/quirinale-palazzo\/images\/interno_palazzodelquirinale_6325.jpg"},{"@type":"WebPage","@id":"https:\/\/www.rome-roma.net\/it\/palazzo-del-quirinale\/#webpage","url":"https:\/\/www.rome-roma.net\/it\/palazzo-del-quirinale\/","name":"Palazzo del Quirinale &ndash; Rome-Roma","isPartOf":{"@id":"https:\/\/www.rome-roma.net\/it\/#website"},"primaryImageOfPage":{"@id":"https:\/\/www.rome-roma.net\/it\/palazzo-del-quirinale\/#primaryimage"},"datePublished":"2020-02-07T09:22:26+00:00","dateModified":"2026-04-05T11:35:52+00:00","description":"Visita del Palazzo del Quirinale a Roma, sede della Presidenza italiana. Storia e condizioni di visita. Scoperta dei quartieri e dei monumenti di Roma.","breadcrumb":{"@id":"https:\/\/www.rome-roma.net\/it\/palazzo-del-quirinale\/#breadcrumb"},"inLanguage":"it-IT","potentialAction":[{"@type":"ReadAction","target":["https:\/\/www.rome-roma.net\/it\/palazzo-del-quirinale\/"]}]},{"@type":"BreadcrumbList","@id":"https:\/\/www.rome-roma.net\/it\/palazzo-del-quirinale\/#breadcrumb","itemListElement":[{"@type":"ListItem","position":1,"name":"Accueil","item":"https:\/\/www.rome-roma.net\/it\/"},{"@type":"ListItem","position":2,"name":"Palazzo del Quirinale"}]}]}},"acf_fields":{"nom_monument":"","wikidata":"Q223079","sameas":""},"_links":{"self":[{"href":"https:\/\/www.rome-roma.net\/it\/wp-json\/wp\/v2\/site\/7138"}],"collection":[{"href":"https:\/\/www.rome-roma.net\/it\/wp-json\/wp\/v2\/site"}],"about":[{"href":"https:\/\/www.rome-roma.net\/it\/wp-json\/wp\/v2\/types\/site"}],"replies":[{"embeddable":true,"href":"https:\/\/www.rome-roma.net\/it\/wp-json\/wp\/v2\/comments?post=7138"}],"wp:attachment":[{"href":"https:\/\/www.rome-roma.net\/it\/wp-json\/wp\/v2\/media?parent=7138"}],"wp:term":[{"taxonomy":"genre","embeddable":true,"href":"https:\/\/www.rome-roma.net\/it\/wp-json\/wp\/v2\/genre?post=7138"},{"taxonomy":"interet","embeddable":true,"href":"https:\/\/www.rome-roma.net\/it\/wp-json\/wp\/v2\/interet?post=7138"},{"taxonomy":"quartier","embeddable":true,"href":"https:\/\/www.rome-roma.net\/it\/wp-json\/wp\/v2\/quartier?post=7138"},{"taxonomy":"categorie_site","embeddable":true,"href":"https:\/\/www.rome-roma.net\/it\/wp-json\/wp\/v2\/categorie_site?post=7138"},{"taxonomy":"quartier_historique","embeddable":true,"href":"https:\/\/www.rome-roma.net\/it\/wp-json\/wp\/v2\/quartier_historique?post=7138"},{"taxonomy":"etiquettes_site","embeddable":true,"href":"https:\/\/www.rome-roma.net\/it\/wp-json\/wp\/v2\/etiquettes_site?post=7138"}],"curies":[{"name":"wp","href":"https:\/\/api.w.org\/{rel}","templated":true}]}}