


{"id":7150,"date":"2020-01-25T11:30:54","date_gmt":"2020-01-25T10:30:54","guid":{"rendered":"https:\/\/www.rome-roma.net\/site\/palais-et-galerie-spada\/"},"modified":"2024-12-16T15:36:17","modified_gmt":"2024-12-16T14:36:17","slug":"palazzo-e-galleria-spada","status":"publish","type":"site","link":"https:\/\/www.rome-roma.net\/it\/palazzo-e-galleria-spada\/","title":{"rendered":"Palazzo e Galleria Spada"},"content":{"rendered":"<div style=\"width: 310px\" class=\"wp-caption alignright\"><a href=\"https:\/\/www.rome-roma.net\/photos\/palais\/palazzo-spada\/images\/palais_spada_musee_galerie_9816.jpg\" rel=\"lightbox[a]\"><img loading=\"lazy\" src=\"https:\/\/www.rome-roma.net\/photos\/palais\/palazzo-spada\/images\/palais_spada_musee_galerie_9816.jpg\" alt=\"palazzo spada\" width=\"300\" height=\"200\" align=\"right\" border=\"0\" hspace=\"3\" vspace=\"2\" \/><\/a><p class=\"wp-caption-text\">Facciata del palazzo Spada<\/p><\/div>\n<p>Il <strong>Palazzo Spada<\/strong> a Roma \u00e8 l&#8217;edificio che oggi ospita il <strong>Consiglio di Stato<\/strong> e la Galleria Spada, situato in Piazza Capo di Ferro, vicino a Piazza Farnese.<br \/>Fu costruito nel 1540 per il cardinale Girolamo Capodiferro e acquisito nel 1632 dal cardinale Bernardino Spada che lo fece abbellire da <strong>Francesco Borromini<\/strong>.<\/p>\n<p>La Galleria ospita l&#8217;antica collezione privata del cardinale Bernardino Spada, che comprende dipinti (soprattutto del XVII secolo), sculture antiche, mobili antichi (in particolare, ci sono opere di Guercino, Baciccia, Orazio Gentileschi, Guido Reni). Nel cortile \u00e8 possibile ammirare la famosa galleria prospettica di Borromini.<\/p>\n<h2>Palazzo Spada<\/h2>\n<p><a href=\"https:\/\/www.rome-roma.net\/photos\/palais\/palazzo-spada\/images\/palazzo_galleria_spada_9814.jpg\" rel=\"lightbox[a]\"><img loading=\"lazy\" src=\"https:\/\/www.rome-roma.net\/photos\/palais\/palazzo-spada\/images\/palazzo_galleria_spada_9814.jpg\" alt=\"palazzo spada\" width=\"250\" height=\"170\" align=\"left\" border=\"0\" hspace=\"3\" vspace=\"2\" \/><\/a>Il nome della piazza deriva dall&#8217;edificio eretto per il cardinale <strong>Gerolamo Capodiferro<\/strong> nel 1540 dall&#8217;architetto Bartolomeo Baronino e decorato da Giulio Mazzoni che cre\u00f2 i sontuosi stucchi interni ed esterni.<br \/>Sulla ricca facciata cinquecentesca di Palazzo Spada, al primo piano, nove finestre alternano con otto nicchie con le statue in stucco ispirate dal Palazzo Aquila. Rappresentano Traiano, Pompeo, Fabio Massimo, Romolo, Numa, Marco Claudio, Marcello, Giulio Cesare e Augusto.<br \/>I loro exploit sono raccontati in otto grandi pannelli che alternano con le finestre del piano superiore.<br \/>Al centro c&#8217;\u00e8 l&#8217;emblema di Capodiferro, formato da un cane accanto a una colonna di piombo con il motto &#8220;UTROQ (EU) TIME&#8221;. Al centro, lo stemma Spada \u00e8 costituito da tre spade incoronate con tre gigli.<br \/>Nel bellissimo cortile, le nicchie sulle facciate ospitano le statue di Ercole, Marte, Venere, Giunone, Giove, Proserpina, Minerva, Mercurio, Anfitrite, Nettuno e Plutone. Quest&#8217;ultimo perse un dito nel 1849 a causa di una palla di cannone francese.<\/p>\n<p><a href=\"https:\/\/www.rome-roma.net\/photos\/palais\/palazzo-spada\/images\/palais_spada_musee_galerie_9817.jpg\" rel=\"lightbox[a]\"><img loading=\"lazy\" src=\"https:\/\/www.rome-roma.net\/photos\/palais\/palazzo-spada\/images\/palais_spada_musee_galerie_9817.jpg\" alt=\"palazzo spada\" width=\"170\" height=\"250\" align=\"right\" border=\"0\" hspace=\"3\" vspace=\"2\" \/><\/a>Il palazzo ospita anche la colossale statua di Pompeo, alta dieci piedi, scoperta nel 1552 in Via de Leutari, considerata la statua ai piedi della quale si dice che fosse caduto Giulio Cesare.<\/p>\n<p>Alla morte del cardinale, il palazzo fu acquistato per 31.500 corone dal cardinale Bernardino Spada che lo trasform\u00f2 in un vero palazzo. Borromini era responsabile del restauro. Gli dobbiamo il famoso colonnato in prospettiva dove, quando le pareti convergono, il terreno si alza e il soffitto si inclina, con gli intervalli tra i pilastri che diminuiscono.<br \/>La prima colonna \u00e8 alta 5,68 metri e l&#8217;ultima colonna solo 2,47 metri.<br \/>Questo design accentua notevolmente l&#8217;illusione della lunghezza della galleria, che sembra lunga 37 metri, ma in realt\u00e0 \u00e8 solo 8 metri.<br \/>Alla fine della galleria c&#8217;\u00e8 una statua di Marte del XIX secolo, alta solo 60 cm, ma che sembra essere a grandezza naturale. Il matematico Giovanni Maria da Bitonto aiut\u00f2 Borromini.<\/p>\n<p>Dalla morte di Bernardino Spada nel 1661, il palazzo \u00e8 rimasto cos\u00ec com&#8217;\u00e8. Nel 1927 lo stato lo acquist\u00f2 e oggi ospita il Consiglio di Stato.<\/p>\n<h2>Galleria Spada<\/h2>\n<p>I cardinali hanno accumulato una magnifica collezione di dipinti, ora esposti nella Galleria Spada, che comprende anche sculture classiche e mobili del XVIII secolo.<br \/>Tra le opere presente ci sono quelle di Rubens, D\u00fcrer e Guido Reni, nonch\u00e9 la <em>Visitazione<\/em> di Andrea del Sarto, <em>Caino e Abele<\/em> di Giovanni Lanfranco e <em>La morte di Dido<\/em> di Guercino.<\/p>\n\n\n<h3>Informazioni<\/h3>\n\n\n<table style=\"border-collapse: collapse; width: 100%;\">\n<tbody>\n<tr style=\"background-color: #fae8c3;\">\n<td style=\"width: 100%;\"><strong><span style=\"font-size: 10pt;\">Palazzo Spada<\/span><\/strong><br \/><em><span style=\"font-size: 10pt;\">Piazza Capo di Ferro 13, 00186 ROMA<\/span><\/em><br \/><em><span style=\"font-size: 10pt;\"><a href=\"https:\/\/galleriaspada.cultura.gov.it\/\" target=\"_blank\" rel=\"noopener\" data-title=\" \">galleriaspada.beniculturali.it<\/a> e <a href=\"https:\/\/060608.comune.roma.it\/cultura\/musei\/galleria-spada-2978\" target=\"_blank\" rel=\"noopener\" data-title=\" \">060608<\/a>&#8211; Tel. (0039) 06 6861158<\/span><\/em><\/td>\n<\/tr>\n<tr style=\"background-color: #f7ece1;\">\n<td style=\"width: 100%;\">\n<p><span style=\"font-size: 10pt;\"><strong>Visita, orari e tariffe<\/strong><\/span><\/p>\n<p><span style=\"font-size: 10pt;\">Orari : da mercoled\u00ec a luned\u00ec, dalle 8.30 alle 19.30 (Entrate fino alle 19)<\/span><br \/><span style=\"font-size: 10pt;\">Chiuso i marted\u00ec, il 25 dicembre et 1 gennaio<\/span><br \/><span style=\"font-size: 10pt;\">Tariffe pieno : 6 \u20ac ; ridotto 2 \u20ac (18-25 anni e altri) ; gratuito (meno di 18 anni e altri)<\/span><\/p>\n<\/td>\n<\/tr>\n<tr style=\"background-color: #fae8c3;\">\n<td style=\"width: 100%;\">\n<p><span style=\"font-size: 10pt;\"><strong>Collegamenti<\/strong><\/span><\/p>\n<ul>\n<li><span style=\"font-size: 10pt;\">Sito ufficiale : <a href=\"https:\/\/galleriaspada.cultura.gov.it\/\" target=\"_blank\" rel=\"noopener\" data-title=\" \">galleriaspada.beniculturali.it<\/a><\/span><\/li>\n<li><span style=\"font-size: 10pt;\"><a href=\"https:\/\/060608.comune.roma.it\/cultura\/musei\/galleria-spada-2978\" target=\"_blank\" rel=\"noopener\" data-title=\" \">Galleria Spada sul sito del comune 060608<\/a><\/span><\/li>\n<li><span style=\"font-size: 10pt;\"><a href=\"https:\/\/it.wikipedia.org\/wiki\/Palazzo_Spada\" target=\"_blank\" rel=\"noopener\">Palazzo Spada su Wikipedia<\/a><\/span><\/li>\n<\/ul>\n<\/td>\n<\/tr>\n<\/tbody>\n<\/table>\n\n\n<h2>Cartina ed indirizzo<\/h2>\r\n\t\t<b>Indirizzo : <\/b>Piazza Capo di Ferro, 13, 00186 Roma RM, Italie<div id=\"travelersmap-container-69f0ee185589d\" class=\"travelersmap-container\" style=\"z-index: 1; min-height: 10px; min-width:10px; height:400px;width:100%; max-width:; max-height:; position:relative;\"><div style=\"position:absolute; z-index:-1;top: 50%;text-align: center;display: block;left: 50%;transform: translate(-50%,-50%);\">Travelers' Map is loading... <br> If you see this after your page is loaded completely, leafletJS files are missing.<\/div><\/div><i>Clicca sulla freccia per localizzarti sulla mappa<\/i>\n","protected":false},"excerpt":{"rendered":"<p>Il Palazzo Spada a Roma \u00e8 l&#8217;edificio che oggi ospita il Consiglio di Stato e la Galleria Spada, situato in Piazza Capo di Ferro, vicino a Piazza Farnese.Fu costruito nel 1540 per il cardinale Girolamo Capodiferro e acquisito nel 1632 dal cardinale Bernardino Spada che lo fece abbellire da Francesco Borromini. La Galleria ospita l&#8217;antica [&hellip;]<\/p>\n","protected":false},"featured_media":0,"parent":0,"menu_order":0,"comment_status":"open","ping_status":"open","template":"","format":"standard","meta":{"kt_blocks_editor_width":"","_links_to":"","_links_to_target":""},"genre":[275,277],"interet":[286],"quartier":[308],"categorie_site":[362,391],"quartier_historique":[454],"etiquettes_site":[],"acf":[],"yoast_head":"<!-- This site is optimized with the Yoast SEO plugin v17.4 - https:\/\/yoast.com\/wordpress\/plugins\/seo\/ -->\n<title>Palazzo e Galleria Spada &ndash; Rome-Roma<\/title>\n<meta name=\"description\" content=\"Il Palazzo Spada ospita una galleria d&#039;arte, e nel cortile la prospettiva di Borromini. Fu costruito nei XVI e XVII secoli. Scoperta, informazioni, visite e orari.\" \/>\n<meta name=\"robots\" content=\"index, follow, max-snippet:-1, max-image-preview:large, max-video-preview:-1\" \/>\n<link rel=\"canonical\" href=\"https:\/\/www.rome-roma.net\/it\/palazzo-e-galleria-spada\/\" \/>\n<meta property=\"og:locale\" content=\"it_IT\" \/>\n<meta property=\"og:type\" content=\"article\" \/>\n<meta property=\"og:title\" content=\"Palazzo e Galleria Spada &ndash; Rome-Roma\" \/>\n<meta property=\"og:description\" content=\"Il Palazzo Spada ospita una galleria d&#039;arte, e nel cortile la prospettiva di Borromini. Fu costruito nei XVI e XVII secoli. Scoperta, informazioni, visite e orari.\" \/>\n<meta property=\"og:url\" content=\"https:\/\/www.rome-roma.net\/it\/palazzo-e-galleria-spada\/\" \/>\n<meta property=\"og:site_name\" content=\"Rome-Roma\" \/>\n<meta property=\"article:modified_time\" content=\"2024-12-16T14:36:17+00:00\" \/>\n<meta property=\"og:image\" content=\"https:\/\/www.rome-roma.net\/photos\/palais\/palazzo-spada\/images\/palais_spada_musee_galerie_9816.jpg\" \/>\n<meta name=\"twitter:card\" content=\"summary_large_image\" \/>\n<meta name=\"twitter:label1\" content=\"Tempo di lettura stimato\" \/>\n\t<meta name=\"twitter:data1\" content=\"4 minuti\" \/>\n<script type=\"application\/ld+json\" class=\"yoast-schema-graph\">{\"@context\":\"https:\/\/schema.org\",\"@graph\":[{\"@type\":\"Organization\",\"@id\":\"https:\/\/www.rome-roma.net\/it\/#organization\",\"name\":\"Rome-Roma\",\"url\":\"https:\/\/www.rome-roma.net\/it\/\",\"sameAs\":[],\"logo\":{\"@type\":\"ImageObject\",\"@id\":\"https:\/\/www.rome-roma.net\/it\/#logo\",\"inLanguage\":\"it-IT\",\"url\":\"https:\/\/www.rome-roma.net\/wp-content\/uploads\/2025\/07\/logo-rome-roma-420.jpg\",\"contentUrl\":\"https:\/\/www.rome-roma.net\/wp-content\/uploads\/2025\/07\/logo-rome-roma-420.jpg\",\"width\":420,\"height\":420,\"caption\":\"Rome-Roma\"},\"image\":{\"@id\":\"https:\/\/www.rome-roma.net\/it\/#logo\"}},{\"@type\":\"WebSite\",\"@id\":\"https:\/\/www.rome-roma.net\/it\/#website\",\"url\":\"https:\/\/www.rome-roma.net\/it\/\",\"name\":\"Rome-Roma\",\"description\":\"Cultura & Viaggio\",\"publisher\":{\"@id\":\"https:\/\/www.rome-roma.net\/it\/#organization\"},\"potentialAction\":[{\"@type\":\"SearchAction\",\"target\":{\"@type\":\"EntryPoint\",\"urlTemplate\":\"https:\/\/www.rome-roma.net\/it\/?s={search_term_string}\"},\"query-input\":\"required name=search_term_string\"}],\"inLanguage\":\"it-IT\"},{\"@type\":\"ImageObject\",\"@id\":\"https:\/\/www.rome-roma.net\/it\/palazzo-e-galleria-spada\/#primaryimage\",\"inLanguage\":\"it-IT\",\"url\":\"https:\/\/www.rome-roma.net\/photos\/palais\/palazzo-spada\/images\/palais_spada_musee_galerie_9816.jpg\",\"contentUrl\":\"https:\/\/www.rome-roma.net\/photos\/palais\/palazzo-spada\/images\/palais_spada_musee_galerie_9816.jpg\"},{\"@type\":\"WebPage\",\"@id\":\"https:\/\/www.rome-roma.net\/it\/palazzo-e-galleria-spada\/#webpage\",\"url\":\"https:\/\/www.rome-roma.net\/it\/palazzo-e-galleria-spada\/\",\"name\":\"Palazzo e Galleria Spada &ndash; Rome-Roma\",\"isPartOf\":{\"@id\":\"https:\/\/www.rome-roma.net\/it\/#website\"},\"primaryImageOfPage\":{\"@id\":\"https:\/\/www.rome-roma.net\/it\/palazzo-e-galleria-spada\/#primaryimage\"},\"datePublished\":\"2020-01-25T10:30:54+00:00\",\"dateModified\":\"2024-12-16T14:36:17+00:00\",\"description\":\"Il Palazzo Spada ospita una galleria d'arte, e nel cortile la prospettiva di Borromini. Fu costruito nei XVI e XVII secoli. Scoperta, informazioni, visite e orari.\",\"breadcrumb\":{\"@id\":\"https:\/\/www.rome-roma.net\/it\/palazzo-e-galleria-spada\/#breadcrumb\"},\"inLanguage\":\"it-IT\",\"potentialAction\":[{\"@type\":\"ReadAction\",\"target\":[\"https:\/\/www.rome-roma.net\/it\/palazzo-e-galleria-spada\/\"]}]},{\"@type\":\"BreadcrumbList\",\"@id\":\"https:\/\/www.rome-roma.net\/it\/palazzo-e-galleria-spada\/#breadcrumb\",\"itemListElement\":[{\"@type\":\"ListItem\",\"position\":1,\"name\":\"Accueil\",\"item\":\"https:\/\/www.rome-roma.net\/it\/\"},{\"@type\":\"ListItem\",\"position\":2,\"name\":\"Palazzo e Galleria Spada\"}]}]}<\/script>\n<!-- \/ Yoast SEO plugin. -->","yoast_head_json":{"title":"Palazzo e Galleria Spada &ndash; Rome-Roma","description":"Il Palazzo Spada ospita una galleria d'arte, e nel cortile la prospettiva di Borromini. Fu costruito nei XVI e XVII secoli. Scoperta, informazioni, visite e orari.","robots":{"index":"index","follow":"follow","max-snippet":"max-snippet:-1","max-image-preview":"max-image-preview:large","max-video-preview":"max-video-preview:-1"},"canonical":"https:\/\/www.rome-roma.net\/it\/palazzo-e-galleria-spada\/","og_locale":"it_IT","og_type":"article","og_title":"Palazzo e Galleria Spada &ndash; Rome-Roma","og_description":"Il Palazzo Spada ospita una galleria d'arte, e nel cortile la prospettiva di Borromini. Fu costruito nei XVI e XVII secoli. Scoperta, informazioni, visite e orari.","og_url":"https:\/\/www.rome-roma.net\/it\/palazzo-e-galleria-spada\/","og_site_name":"Rome-Roma","article_modified_time":"2024-12-16T14:36:17+00:00","og_image":[{"url":"https:\/\/www.rome-roma.net\/photos\/palais\/palazzo-spada\/images\/palais_spada_musee_galerie_9816.jpg"}],"twitter_card":"summary_large_image","twitter_misc":{"Tempo di lettura stimato":"4 minuti"},"schema":{"@context":"https:\/\/schema.org","@graph":[{"@type":"Organization","@id":"https:\/\/www.rome-roma.net\/it\/#organization","name":"Rome-Roma","url":"https:\/\/www.rome-roma.net\/it\/","sameAs":[],"logo":{"@type":"ImageObject","@id":"https:\/\/www.rome-roma.net\/it\/#logo","inLanguage":"it-IT","url":"https:\/\/www.rome-roma.net\/wp-content\/uploads\/2025\/07\/logo-rome-roma-420.jpg","contentUrl":"https:\/\/www.rome-roma.net\/wp-content\/uploads\/2025\/07\/logo-rome-roma-420.jpg","width":420,"height":420,"caption":"Rome-Roma"},"image":{"@id":"https:\/\/www.rome-roma.net\/it\/#logo"}},{"@type":"WebSite","@id":"https:\/\/www.rome-roma.net\/it\/#website","url":"https:\/\/www.rome-roma.net\/it\/","name":"Rome-Roma","description":"Cultura & Viaggio","publisher":{"@id":"https:\/\/www.rome-roma.net\/it\/#organization"},"potentialAction":[{"@type":"SearchAction","target":{"@type":"EntryPoint","urlTemplate":"https:\/\/www.rome-roma.net\/it\/?s={search_term_string}"},"query-input":"required name=search_term_string"}],"inLanguage":"it-IT"},{"@type":"ImageObject","@id":"https:\/\/www.rome-roma.net\/it\/palazzo-e-galleria-spada\/#primaryimage","inLanguage":"it-IT","url":"https:\/\/www.rome-roma.net\/photos\/palais\/palazzo-spada\/images\/palais_spada_musee_galerie_9816.jpg","contentUrl":"https:\/\/www.rome-roma.net\/photos\/palais\/palazzo-spada\/images\/palais_spada_musee_galerie_9816.jpg"},{"@type":"WebPage","@id":"https:\/\/www.rome-roma.net\/it\/palazzo-e-galleria-spada\/#webpage","url":"https:\/\/www.rome-roma.net\/it\/palazzo-e-galleria-spada\/","name":"Palazzo e Galleria Spada &ndash; Rome-Roma","isPartOf":{"@id":"https:\/\/www.rome-roma.net\/it\/#website"},"primaryImageOfPage":{"@id":"https:\/\/www.rome-roma.net\/it\/palazzo-e-galleria-spada\/#primaryimage"},"datePublished":"2020-01-25T10:30:54+00:00","dateModified":"2024-12-16T14:36:17+00:00","description":"Il Palazzo Spada ospita una galleria d'arte, e nel cortile la prospettiva di Borromini. Fu costruito nei XVI e XVII secoli. Scoperta, informazioni, visite e orari.","breadcrumb":{"@id":"https:\/\/www.rome-roma.net\/it\/palazzo-e-galleria-spada\/#breadcrumb"},"inLanguage":"it-IT","potentialAction":[{"@type":"ReadAction","target":["https:\/\/www.rome-roma.net\/it\/palazzo-e-galleria-spada\/"]}]},{"@type":"BreadcrumbList","@id":"https:\/\/www.rome-roma.net\/it\/palazzo-e-galleria-spada\/#breadcrumb","itemListElement":[{"@type":"ListItem","position":1,"name":"Accueil","item":"https:\/\/www.rome-roma.net\/it\/"},{"@type":"ListItem","position":2,"name":"Palazzo e Galleria Spada"}]}]}},"acf_fields":{"nom_monument":"","wikidata":"Q3757699","sameas":""},"_links":{"self":[{"href":"https:\/\/www.rome-roma.net\/it\/wp-json\/wp\/v2\/site\/7150"}],"collection":[{"href":"https:\/\/www.rome-roma.net\/it\/wp-json\/wp\/v2\/site"}],"about":[{"href":"https:\/\/www.rome-roma.net\/it\/wp-json\/wp\/v2\/types\/site"}],"replies":[{"embeddable":true,"href":"https:\/\/www.rome-roma.net\/it\/wp-json\/wp\/v2\/comments?post=7150"}],"wp:attachment":[{"href":"https:\/\/www.rome-roma.net\/it\/wp-json\/wp\/v2\/media?parent=7150"}],"wp:term":[{"taxonomy":"genre","embeddable":true,"href":"https:\/\/www.rome-roma.net\/it\/wp-json\/wp\/v2\/genre?post=7150"},{"taxonomy":"interet","embeddable":true,"href":"https:\/\/www.rome-roma.net\/it\/wp-json\/wp\/v2\/interet?post=7150"},{"taxonomy":"quartier","embeddable":true,"href":"https:\/\/www.rome-roma.net\/it\/wp-json\/wp\/v2\/quartier?post=7150"},{"taxonomy":"categorie_site","embeddable":true,"href":"https:\/\/www.rome-roma.net\/it\/wp-json\/wp\/v2\/categorie_site?post=7150"},{"taxonomy":"quartier_historique","embeddable":true,"href":"https:\/\/www.rome-roma.net\/it\/wp-json\/wp\/v2\/quartier_historique?post=7150"},{"taxonomy":"etiquettes_site","embeddable":true,"href":"https:\/\/www.rome-roma.net\/it\/wp-json\/wp\/v2\/etiquettes_site?post=7150"}],"curies":[{"name":"wp","href":"https:\/\/api.w.org\/{rel}","templated":true}]}}