


{"id":7163,"date":"2020-02-06T14:05:22","date_gmt":"2020-02-06T13:05:22","guid":{"rendered":"https:\/\/www.rome-roma.net\/site\/palais-mattei-di-giove\/"},"modified":"2024-12-29T14:49:57","modified_gmt":"2024-12-29T13:49:57","slug":"palazzo-mattei-di-giove","status":"publish","type":"site","link":"https:\/\/www.rome-roma.net\/it\/palazzo-mattei-di-giove\/","title":{"rendered":"Palazzo Mattei di Giove"},"content":{"rendered":"<p>Il <strong>Palazzo Mattei di Giove<\/strong> fa parte dell&#8217;\u00ab Isola Mattei \u00bb, che comprende anche gli edifici di Giacomo Mattei, Mattei di Paganica e Alessandro Mattei.<br \/>Progettato da <strong>Carlo Maderno<\/strong>, fu costruito tra il 1598 e il 1617 per sostituire le vecchie case dei Mattei demolite in occasione di un&#8217;iniziativa di <strong>Asdrubale Mattei<\/strong>, duca di Monte Giove, che aveva sposato nel 1595 Costanza Gonzaga. Si pu\u00f2 accedere alle sue due splendide corti interne.<\/p>\n<p>Nel 1938, lo Stato italiano ne acquis\u00ec la propriet\u00e0. Oggi ospita diverse istituzioni culturali, tra cui la biblioteca di storia moderna e contemporanea, nonch\u00e9 il Centro italiano di studi americani.<br \/>Sulla piccola piazza di fronte alla sua residenza, <strong>Muzio Mattei<\/strong> fece costruire tra il 1580 e il 1585 la celebre <a href=\"https:\/\/www.rome-roma.net\/it\/fontana-delle-tartarughe\/\"><strong>Fontana delle Tartarughe<\/strong><\/a>, progettata da Giacomo della Porta e arricchita da Taddeo Landini.<\/p>\n<h2>Visita e decorazioni del palazzo<\/h2>\n<div id=\"attachment_12242\" style=\"width: 210px\" class=\"wp-caption alignright\"><a href=\"https:\/\/www.rome-roma.net\/wp-content\/uploads\/2020\/01\/palazzo-mattei_1133.jpg\"><img aria-describedby=\"caption-attachment-12242\" loading=\"lazy\" class=\"size-medium wp-image-12242\" src=\"https:\/\/www.rome-roma.net\/wp-content\/uploads\/2020\/01\/palazzo-mattei_1133-200x300.jpg\" alt=\"palazzo-mattei_1133\" width=\"200\" height=\"300\" srcset=\"https:\/\/www.rome-roma.net\/wp-content\/uploads\/2020\/01\/palazzo-mattei_1133-200x300.jpg 200w, https:\/\/www.rome-roma.net\/wp-content\/uploads\/2020\/01\/palazzo-mattei_1133-683x1024.jpg 683w, https:\/\/www.rome-roma.net\/wp-content\/uploads\/2020\/01\/palazzo-mattei_1133-768x1152.jpg 768w, https:\/\/www.rome-roma.net\/wp-content\/uploads\/2020\/01\/palazzo-mattei_1133.jpg 800w\" sizes=\"(max-width: 200px) 100vw, 200px\" \/><\/a><p id=\"caption-attachment-12242\" class=\"wp-caption-text\">Cortile del Palazzo Mattei<\/p><\/div>\n<p>Costruito in mattoni e travertino, l&#8217;edificio termina con una cornice decorata con gli stemmi dei Mattei (scacchiera) e dei Gonzaga (aquila).<br \/>Una sua sezione \u00e8 collegata al palazzo di Alessandro Mattei. Ha tre piani, i primi due dotati di finestre ad architrave, e i tre livelli principali sono separati da una fascia in rilievo.<br \/>L&#8217;ingresso, situato in via Michelangelo Caetani, conduce a una elegante scalinata decorata con stucchi realizzati da <strong>Donato Mazzi<\/strong>. Un altro ingresso, in via dei Funari, porta a due cortili successivi. Questi spazi, cos\u00ec come la scalinata del palazzo, sono decorati con sculture antiche, rilievi e vasi provenienti da una delle collezioni private pi\u00f9 ricche di Roma, costituita in gran parte grazie agli scavi archeologici condotti sui terreni della famiglia Mattei. Un tempo, la celebre collezione Mattei riempiva l&#8217;intero palazzo, ma fu dispersa nel tempo attraverso la vendita di oggetti a vari musei.<br \/>Al primo piano, le stanze sono decorate con affreschi ispirati a temi biblici, realizzati da artisti come <strong>Francesco Albani<\/strong>, <strong>Gaspare Celio<\/strong>, <strong>Christoforo Greppi<\/strong>, <strong>Giovanni Lanfranco<\/strong> e <strong>Pietro da Cortona<\/strong>.<\/p>\n<h2>Le corti interne<\/h2>\n<p>La prima corte interna, progettata da Maderno, \u00e8 particolarmente notevole. Sul lato sud si distingue una doppia loggia a tripla arcata, con una balaustra superiore decorata con busti di imperatori romani.<br \/>Le pareti sono coperte da elementi antichi incorniciati in stucco, come sarcofagi, rilievi, epigrafi e iscrizioni, nonch\u00e9 busti di imperatori romani disposti in nicchie, accompagnati dagli stemmi dei Mattei e dall&#8217;aquila dei Gonzaga.<br \/>Alla fine della seconda corte si trova una fontana composta da un sarcofago, decorato con due protomi leonine, dalle cui bocche zampillano l&#8217;acqua da un mascarone grottesco.<\/p>\n<h2>Via Caetani<\/h2>\n<p>In via Caetani si trova la parte pi\u00f9 recente del palazzo, con tre portali ad arco. Alla sua destra, una <em>Madonna della Tenerezza<\/em> del XVII secolo fu installata nel 1826 da Lorenzo Mattei in segno di ringraziamento per essere scampato a un&#8217;epidemia.<br \/>Vicino al numero 8 di via Caetani, una targa ricorda il luogo dove il 9 maggio 1978 fu ritrovato il corpo di <strong>Aldo Moro<\/strong>, ex presidente del governo italiano, all&#8217;interno di un&#8217;auto, posata qui un anno dopo, il 9 maggio 1979.<\/p>\n<div class=\"su-note\"  style=\"border-color:#ddd2c7;border-radius:3px;-moz-border-radius:3px;-webkit-border-radius:3px;\"><div class=\"su-note-inner su-u-clearfix su-u-trim\" style=\"background-color:#f7ece1;border-color:#ffffff;color:#333333;border-radius:3px;-moz-border-radius:3px;-webkit-border-radius:3px;\">\n<h2>La Famiglia Mattei<\/h2>\n<p>La <strong>famiglia Mattei<\/strong> fu una delle pi\u00f9 influenti di Roma, dal medioevo all&#8217;epoca moderna, particolarmente influente in questo quartiere della citt\u00e0. <br \/>Le loro origini risalgono alla famiglia <strong>Papareschi<\/strong>, cui appartenne il papa Innocenzo II (1130\u20131143), sebbene questo legame sia messo in dubbio da alcuni storici.<br \/>Nel XIV secolo si stabilirono nel <strong>Rione Sant&#8217;Angelo<\/strong>, costruendo sei residenze che formarono l&#8217;\u00ab <strong>Isola Mattei<\/strong> \u00bb. La loro influenza si estendeva alla politica, alla banca e alla Chiesa, alla quale fornirono otto cardinali, tra cui Girolamo Mattei (1586) e Alessandro Mattei (1803).<br \/>Possedevano anche altri palazzi nel <a href=\"https:\/\/www.rome-roma.net\/it\/quartiere\/trastevere-e-gianicolo\/\">Trastevere<\/a> e nella <a href=\"https:\/\/www.rome-roma.net\/it\/villa-celimontana-parco\/\">Villa Celimontana<\/a>. Controllavano in particolare i ponti vicini ai loro palazzi, percependo tasse, anche dai giudei del ghetto vicino.<\/p>\n<p>I Mattei avevano costituito un importante patrimonio artistico, soprattutto grazie a Ciriaco Mattei che cre\u00f2 una collezione eccezionale (includendo opere di Caravaggio).<br \/>L&#8217;influenza dei Mattei perdur\u00f2 fino al XIX secolo, con esempio di Mario Mattei, cardinale nel 1832. <\/div><\/div>\n<p><a href=\"https:\/\/www.rome-roma.net\/rome_roma\/getto\/palazzo-Matei.jpg\" target=\"_blank\" rel=\"lightbox[a] noopener noreferrer\"><img loading=\"lazy\" src=\"https:\/\/www.rome-roma.net\/rome_roma\/getto\/palazzo-Matei.jpg\" alt=\"palazzo mattei roma\" width=\"106\" height=\"154\" border=\"0\" hspace=\"4\" \/><\/a><a href=\"https:\/\/www.rome-roma.net\/rome_roma\/getto\/palazzoMatei3.jpg\" target=\"_blank\" rel=\"lightbox[a] noopener noreferrer\"><img loading=\"lazy\" src=\"https:\/\/www.rome-roma.net\/rome_roma\/getto\/palazzoMatei3.jpg\" alt=\"palazzo mattei\" width=\"106\" height=\"154\" border=\"0\" hspace=\"4\" \/><\/a><a href=\"https:\/\/www.rome-roma.net\/rome_roma\/getto\/palazzoMatei2.jpg\" target=\"_blank\" rel=\"lightbox[a] noopener noreferrer\"><img loading=\"lazy\" src=\"https:\/\/www.rome-roma.net\/rome_roma\/getto\/palazzoMatei2.jpg\" alt=\"palazzo Mattei\" width=\"106\" height=\"154\" border=\"0\" hspace=\"4\" \/><\/a><a href=\"https:\/\/www.rome-roma.net\/photos\/mattei-campitelli-venezia-trajan\/images\/palazzo_mattei_rome_1131.jpg\" target=\"_blank\" rel=\"lightbox[a] noopener noreferrer\"><img loading=\"lazy\" src=\"https:\/\/www.rome-roma.net\/photos\/mattei-campitelli-venezia-trajan\/thumbnails\/palazzo_mattei_rome_1131.jpg\" alt=\"Palazzo Mattei\" width=\"106\" height=\"154\" border=\"0\" hspace=\"4\" \/><\/a><a href=\"https:\/\/www.rome-roma.net\/photos\/mattei-campitelli-venezia-trajan\/images\/palazzo_mattei_rome_1133.jpg\" target=\"_blank\" rel=\"lightbox[a] noopener noreferrer\"><img loading=\"lazy\" src=\"https:\/\/www.rome-roma.net\/photos\/mattei-campitelli-venezia-trajan\/thumbnails\/palazzo_mattei_rome_1133.jpg\" alt=\"Palazzo Mattei\" width=\"106\" height=\"154\" border=\"0\" hspace=\"4\" \/><\/a><a href=\"https:\/\/www.rome-roma.net\/photos\/mattei-campitelli-venezia-trajan\/images\/palazzo_mattei_rome_1132.jpg\" target=\"_blank\" rel=\"lightbox[a] noopener noreferrer\"><img loading=\"lazy\" src=\"https:\/\/www.rome-roma.net\/photos\/mattei-campitelli-venezia-trajan\/thumbnails\/palazzo_mattei_rome_1132.jpg\" alt=\"Palazzo Mattei\" width=\"154\" height=\"106\" border=\"0\" hspace=\"4\" \/><\/a><\/p>\n\n\n<h2>Cartina ed indirizzo<\/h2>\r\n\t\t<b>Indirizzo : <\/b>Via Michelangelo Caetani, 32, 00186 Roma RM, Italie<div id=\"travelersmap-container-69f0fbc461165\" class=\"travelersmap-container\" style=\"z-index: 1; min-height: 10px; min-width:10px; height:400px;width:100%; max-width:; max-height:; position:relative;\"><div style=\"position:absolute; z-index:-1;top: 50%;text-align: center;display: block;left: 50%;transform: translate(-50%,-50%);\">Travelers' Map is loading... <br> If you see this after your page is loaded completely, leafletJS files are missing.<\/div><\/div><i>Clicca sulla freccia per localizzarti sulla mappa<\/i><br>\n\n\n<h2>Informazioni<\/h2>\n<table style=\"border-collapse: collapse; width: 100%;\">\n<tbody>\n<tr style=\"background-color: #fae8c3;\">\n<td style=\"width: 100%;\"><span style=\"font-size: 10pt;\"><strong>Palazzo Mattei di Giove<\/strong><em><br>Via Michelangelo Caetani, 32<\/em><\/span><\/td>\n<\/tr>\n<tr style=\"background-color: #f7ece1;\">\n<td style=\"width: 100%;\">\n<p><span style=\"font-size: 10pt;\"><b>Fonti e collegamenti<\/b><\/span><\/p>\n<ul>\n<li><span style=\"font-size: 10pt;\">Pagina su Roma Segreta : <a href=\"https:\/\/www.romasegreta.it\/s-angelo\/palazzo-mattei-di-giove.html\" target=\"_blank\" rel=\"noopener noreferrer\">www.romasegreta.it<\/a><\/span><\/li>\n<li><a href=\"https:\/\/060608.comune.roma.it\/cultura\/beni-architettonici-e-storici\/palazzo-mattei-di-giove-15889\" target=\"_blank\" rel=\"noopener\"><span style=\"font-size: 10pt;\">Sito del comune di Roma 060608<\/span><\/a><\/li>\n<\/ul>\n<\/td>\n<\/tr>\n<\/tbody>\n<\/table>\n<p><!--EndFragment--><\/p>","protected":false},"excerpt":{"rendered":"<p>Il Palazzo Mattei di Giove fa parte dell&#8217;\u00ab Isola Mattei \u00bb, che comprende anche gli edifici di Giacomo Mattei, Mattei di Paganica e Alessandro Mattei.Progettato da Carlo Maderno, fu costruito tra il 1598 e il 1617 per sostituire le vecchie case dei Mattei demolite in occasione di un&#8217;iniziativa di Asdrubale Mattei, duca di Monte Giove, [&hellip;]<\/p>\n","protected":false},"featured_media":0,"parent":0,"menu_order":0,"comment_status":"open","ping_status":"open","template":"","format":"standard","meta":{"kt_blocks_editor_width":"","_links_to":"","_links_to_target":""},"genre":[277],"interet":[286],"quartier":[308,309],"categorie_site":[391],"quartier_historique":[458],"etiquettes_site":[],"acf":[],"yoast_head":"<!-- This site is optimized with the Yoast SEO plugin v17.4 - https:\/\/yoast.com\/wordpress\/plugins\/seo\/ -->\n<title>Palazzo Mattei di Giove &ndash; Rome-Roma<\/title>\n<meta name=\"description\" content=\"Scoperta del Palazzo Mattei, del inizio del XVII secolo, con le corti interni decorati, situato nel quartiere del ghetto a Roma. Descrizione, storia e informazioni. Visita di Roma.\" \/>\n<meta name=\"robots\" content=\"index, follow, max-snippet:-1, max-image-preview:large, max-video-preview:-1\" \/>\n<link rel=\"canonical\" href=\"https:\/\/www.rome-roma.net\/it\/palazzo-mattei-di-giove\/\" \/>\n<meta property=\"og:locale\" content=\"it_IT\" \/>\n<meta property=\"og:type\" content=\"article\" \/>\n<meta property=\"og:title\" content=\"Palazzo Mattei di Giove &ndash; Rome-Roma\" \/>\n<meta property=\"og:description\" content=\"Scoperta del Palazzo Mattei, del inizio del XVII secolo, con le corti interni decorati, situato nel quartiere del ghetto a Roma. Descrizione, storia e informazioni. Visita di Roma.\" \/>\n<meta property=\"og:url\" content=\"https:\/\/www.rome-roma.net\/it\/palazzo-mattei-di-giove\/\" \/>\n<meta property=\"og:site_name\" content=\"Rome-Roma\" \/>\n<meta property=\"article:modified_time\" content=\"2024-12-29T13:49:57+00:00\" \/>\n<meta property=\"og:image\" content=\"https:\/\/www.rome-roma.net\/wp-content\/uploads\/2020\/01\/palazzo-mattei_1133-200x300.jpg\" \/>\n<meta name=\"twitter:card\" content=\"summary_large_image\" \/>\n<meta name=\"twitter:label1\" content=\"Tempo di lettura stimato\" \/>\n\t<meta name=\"twitter:data1\" content=\"5 minuti\" \/>\n<script type=\"application\/ld+json\" class=\"yoast-schema-graph\">{\"@context\":\"https:\/\/schema.org\",\"@graph\":[{\"@type\":\"Organization\",\"@id\":\"https:\/\/www.rome-roma.net\/it\/#organization\",\"name\":\"Rome-Roma\",\"url\":\"https:\/\/www.rome-roma.net\/it\/\",\"sameAs\":[],\"logo\":{\"@type\":\"ImageObject\",\"@id\":\"https:\/\/www.rome-roma.net\/it\/#logo\",\"inLanguage\":\"it-IT\",\"url\":\"https:\/\/www.rome-roma.net\/wp-content\/uploads\/2025\/07\/logo-rome-roma-420.jpg\",\"contentUrl\":\"https:\/\/www.rome-roma.net\/wp-content\/uploads\/2025\/07\/logo-rome-roma-420.jpg\",\"width\":420,\"height\":420,\"caption\":\"Rome-Roma\"},\"image\":{\"@id\":\"https:\/\/www.rome-roma.net\/it\/#logo\"}},{\"@type\":\"WebSite\",\"@id\":\"https:\/\/www.rome-roma.net\/it\/#website\",\"url\":\"https:\/\/www.rome-roma.net\/it\/\",\"name\":\"Rome-Roma\",\"description\":\"Cultura & Viaggio\",\"publisher\":{\"@id\":\"https:\/\/www.rome-roma.net\/it\/#organization\"},\"potentialAction\":[{\"@type\":\"SearchAction\",\"target\":{\"@type\":\"EntryPoint\",\"urlTemplate\":\"https:\/\/www.rome-roma.net\/it\/?s={search_term_string}\"},\"query-input\":\"required name=search_term_string\"}],\"inLanguage\":\"it-IT\"},{\"@type\":\"ImageObject\",\"@id\":\"https:\/\/www.rome-roma.net\/it\/palazzo-mattei-di-giove\/#primaryimage\",\"inLanguage\":\"it-IT\",\"url\":\"https:\/\/www.rome-roma.net\/wp-content\/uploads\/2020\/01\/palazzo-mattei_1133.jpg\",\"contentUrl\":\"https:\/\/www.rome-roma.net\/wp-content\/uploads\/2020\/01\/palazzo-mattei_1133.jpg\",\"width\":800,\"height\":1200,\"caption\":\"Palais Mattei\"},{\"@type\":\"WebPage\",\"@id\":\"https:\/\/www.rome-roma.net\/it\/palazzo-mattei-di-giove\/#webpage\",\"url\":\"https:\/\/www.rome-roma.net\/it\/palazzo-mattei-di-giove\/\",\"name\":\"Palazzo Mattei di Giove &ndash; Rome-Roma\",\"isPartOf\":{\"@id\":\"https:\/\/www.rome-roma.net\/it\/#website\"},\"primaryImageOfPage\":{\"@id\":\"https:\/\/www.rome-roma.net\/it\/palazzo-mattei-di-giove\/#primaryimage\"},\"datePublished\":\"2020-02-06T13:05:22+00:00\",\"dateModified\":\"2024-12-29T13:49:57+00:00\",\"description\":\"Scoperta del Palazzo Mattei, del inizio del XVII secolo, con le corti interni decorati, situato nel quartiere del ghetto a Roma. Descrizione, storia e informazioni. Visita di Roma.\",\"breadcrumb\":{\"@id\":\"https:\/\/www.rome-roma.net\/it\/palazzo-mattei-di-giove\/#breadcrumb\"},\"inLanguage\":\"it-IT\",\"potentialAction\":[{\"@type\":\"ReadAction\",\"target\":[\"https:\/\/www.rome-roma.net\/it\/palazzo-mattei-di-giove\/\"]}]},{\"@type\":\"BreadcrumbList\",\"@id\":\"https:\/\/www.rome-roma.net\/it\/palazzo-mattei-di-giove\/#breadcrumb\",\"itemListElement\":[{\"@type\":\"ListItem\",\"position\":1,\"name\":\"Accueil\",\"item\":\"https:\/\/www.rome-roma.net\/it\/\"},{\"@type\":\"ListItem\",\"position\":2,\"name\":\"Palazzo Mattei di Giove\"}]}]}<\/script>\n<!-- \/ Yoast SEO plugin. -->","yoast_head_json":{"title":"Palazzo Mattei di Giove &ndash; Rome-Roma","description":"Scoperta del Palazzo Mattei, del inizio del XVII secolo, con le corti interni decorati, situato nel quartiere del ghetto a Roma. Descrizione, storia e informazioni. Visita di Roma.","robots":{"index":"index","follow":"follow","max-snippet":"max-snippet:-1","max-image-preview":"max-image-preview:large","max-video-preview":"max-video-preview:-1"},"canonical":"https:\/\/www.rome-roma.net\/it\/palazzo-mattei-di-giove\/","og_locale":"it_IT","og_type":"article","og_title":"Palazzo Mattei di Giove &ndash; Rome-Roma","og_description":"Scoperta del Palazzo Mattei, del inizio del XVII secolo, con le corti interni decorati, situato nel quartiere del ghetto a Roma. Descrizione, storia e informazioni. Visita di Roma.","og_url":"https:\/\/www.rome-roma.net\/it\/palazzo-mattei-di-giove\/","og_site_name":"Rome-Roma","article_modified_time":"2024-12-29T13:49:57+00:00","og_image":[{"url":"https:\/\/www.rome-roma.net\/wp-content\/uploads\/2020\/01\/palazzo-mattei_1133-200x300.jpg"}],"twitter_card":"summary_large_image","twitter_misc":{"Tempo di lettura stimato":"5 minuti"},"schema":{"@context":"https:\/\/schema.org","@graph":[{"@type":"Organization","@id":"https:\/\/www.rome-roma.net\/it\/#organization","name":"Rome-Roma","url":"https:\/\/www.rome-roma.net\/it\/","sameAs":[],"logo":{"@type":"ImageObject","@id":"https:\/\/www.rome-roma.net\/it\/#logo","inLanguage":"it-IT","url":"https:\/\/www.rome-roma.net\/wp-content\/uploads\/2025\/07\/logo-rome-roma-420.jpg","contentUrl":"https:\/\/www.rome-roma.net\/wp-content\/uploads\/2025\/07\/logo-rome-roma-420.jpg","width":420,"height":420,"caption":"Rome-Roma"},"image":{"@id":"https:\/\/www.rome-roma.net\/it\/#logo"}},{"@type":"WebSite","@id":"https:\/\/www.rome-roma.net\/it\/#website","url":"https:\/\/www.rome-roma.net\/it\/","name":"Rome-Roma","description":"Cultura & Viaggio","publisher":{"@id":"https:\/\/www.rome-roma.net\/it\/#organization"},"potentialAction":[{"@type":"SearchAction","target":{"@type":"EntryPoint","urlTemplate":"https:\/\/www.rome-roma.net\/it\/?s={search_term_string}"},"query-input":"required name=search_term_string"}],"inLanguage":"it-IT"},{"@type":"ImageObject","@id":"https:\/\/www.rome-roma.net\/it\/palazzo-mattei-di-giove\/#primaryimage","inLanguage":"it-IT","url":"https:\/\/www.rome-roma.net\/wp-content\/uploads\/2020\/01\/palazzo-mattei_1133.jpg","contentUrl":"https:\/\/www.rome-roma.net\/wp-content\/uploads\/2020\/01\/palazzo-mattei_1133.jpg","width":800,"height":1200,"caption":"Palais Mattei"},{"@type":"WebPage","@id":"https:\/\/www.rome-roma.net\/it\/palazzo-mattei-di-giove\/#webpage","url":"https:\/\/www.rome-roma.net\/it\/palazzo-mattei-di-giove\/","name":"Palazzo Mattei di Giove &ndash; Rome-Roma","isPartOf":{"@id":"https:\/\/www.rome-roma.net\/it\/#website"},"primaryImageOfPage":{"@id":"https:\/\/www.rome-roma.net\/it\/palazzo-mattei-di-giove\/#primaryimage"},"datePublished":"2020-02-06T13:05:22+00:00","dateModified":"2024-12-29T13:49:57+00:00","description":"Scoperta del Palazzo Mattei, del inizio del XVII secolo, con le corti interni decorati, situato nel quartiere del ghetto a Roma. Descrizione, storia e informazioni. Visita di Roma.","breadcrumb":{"@id":"https:\/\/www.rome-roma.net\/it\/palazzo-mattei-di-giove\/#breadcrumb"},"inLanguage":"it-IT","potentialAction":[{"@type":"ReadAction","target":["https:\/\/www.rome-roma.net\/it\/palazzo-mattei-di-giove\/"]}]},{"@type":"BreadcrumbList","@id":"https:\/\/www.rome-roma.net\/it\/palazzo-mattei-di-giove\/#breadcrumb","itemListElement":[{"@type":"ListItem","position":1,"name":"Accueil","item":"https:\/\/www.rome-roma.net\/it\/"},{"@type":"ListItem","position":2,"name":"Palazzo Mattei di Giove"}]}]}},"acf_fields":{"nom_monument":null,"wikidata":"Q1324944","sameas":null},"_links":{"self":[{"href":"https:\/\/www.rome-roma.net\/it\/wp-json\/wp\/v2\/site\/7163"}],"collection":[{"href":"https:\/\/www.rome-roma.net\/it\/wp-json\/wp\/v2\/site"}],"about":[{"href":"https:\/\/www.rome-roma.net\/it\/wp-json\/wp\/v2\/types\/site"}],"replies":[{"embeddable":true,"href":"https:\/\/www.rome-roma.net\/it\/wp-json\/wp\/v2\/comments?post=7163"}],"wp:attachment":[{"href":"https:\/\/www.rome-roma.net\/it\/wp-json\/wp\/v2\/media?parent=7163"}],"wp:term":[{"taxonomy":"genre","embeddable":true,"href":"https:\/\/www.rome-roma.net\/it\/wp-json\/wp\/v2\/genre?post=7163"},{"taxonomy":"interet","embeddable":true,"href":"https:\/\/www.rome-roma.net\/it\/wp-json\/wp\/v2\/interet?post=7163"},{"taxonomy":"quartier","embeddable":true,"href":"https:\/\/www.rome-roma.net\/it\/wp-json\/wp\/v2\/quartier?post=7163"},{"taxonomy":"categorie_site","embeddable":true,"href":"https:\/\/www.rome-roma.net\/it\/wp-json\/wp\/v2\/categorie_site?post=7163"},{"taxonomy":"quartier_historique","embeddable":true,"href":"https:\/\/www.rome-roma.net\/it\/wp-json\/wp\/v2\/quartier_historique?post=7163"},{"taxonomy":"etiquettes_site","embeddable":true,"href":"https:\/\/www.rome-roma.net\/it\/wp-json\/wp\/v2\/etiquettes_site?post=7163"}],"curies":[{"name":"wp","href":"https:\/\/api.w.org\/{rel}","templated":true}]}}