


{"id":7333,"date":"2020-01-16T16:00:22","date_gmt":"2020-01-16T15:00:22","guid":{"rendered":"https:\/\/www.rome-roma.net\/site\/prison-mamertine-carcer-tullianum\/"},"modified":"2024-12-13T11:03:48","modified_gmt":"2024-12-13T10:03:48","slug":"carcere-mamertino-carcer-tullianum","status":"publish","type":"site","link":"https:\/\/www.rome-roma.net\/it\/carcere-mamertino-carcer-tullianum\/","title":{"rendered":"Carcere Mamertino (Carcer Tullianum)"},"content":{"rendered":"\n<p>Tra il foro romano e il foro di Cesare, il <strong>carcere Mamertino<\/strong> fu costruito in un antica cisterna.<br>Si dice che Vercingetorige abbia languito nella cella di sotto per sei anni prima di essere strangolato. Anche San Pietro e San Paolo sarebbero stati rinchiusi l\u00ec, dove secondo la tradizione hanno fatto zampillare una sorge d&#8217;acqua per battezzare i loro compagni di cella.<\/p>\n\n\n\n<p><a href=\"https:\/\/www.rome-roma.net\/photos\/tullianum-prison-romaine-visite.jpg\" rel=\"lightbox[a]\"><img loading=\"lazy\" src=\"https:\/\/www.rome-roma.net\/photos\/tullianum-prison-romaine-visite.jpg\" alt=\"Mus\u00e9e de sculpture antique\" width=\"350\" height=\"155\" border=\"0\" align=\"right\"><\/a>Chiamato anche <strong>Carcer Tullianum<\/strong>, \u00e8 un edificio di epoca repubblicana, con grande ricchezza storica e archeologica, che ha pi\u00f9 di 3000 anni.<\/p>\n<p>Questa ex prigione romana si trova sotto la Chiesa di San Giuseppe dei Falegnami (del XVI secolo), appena fuori dal Foro Romano.<\/p>\n<p>Il sito \u00e8 costituito da due parti distinte: il <em>Carcer<\/em>, al livello superiore, che risale al periodo di Anco Marzio (640-616 a.C.) e il <em>Tullianum<\/em>, il livello inferiore, che risale al tempo di Servio Tullio (578-534 a.C.).<br>I pi\u00f9 antichi segni di occupazione risalgono al IX secolo a.C.<\/p>\n<p>La visita di questo eccezionale sito archeologico \u00e8 arricchita da un viaggio multimediale (durata di circa 1 ora) con l&#8217;uso di tablet: \u00e8 possibile vedere le ricostruzioni degli ambienti originali e saperne di pi\u00f9 su ci\u00f2 che \u00e8 stato scoperto durante la recente campagna di scavo.<\/p>\n\n\n\n\n\n<a target=\"_blank\" href=\"https:\/\/www.rome-roma.net\/photos\/voyage2\/roma\/images\/roma_carceremamertino_9808.jpg\" rel=\"lightbox[a] noopener noreferrer\"><img loading=\"lazy\" src=\"https:\/\/www.rome-roma.net\/photos\/voyage2\/roma\/thumbnails\/roma_carceremamertino_9808.jpg\" alt=\"prison mamertine\" style=\"border: 0px solid ; \" width=\"122\" hspace=\"5\" height=\"85\" border=\"0\"><\/a><a target=\"_blank\" href=\"https:\/\/www.rome-roma.net\/photos\/voyage2\/roma\/images\/rome_prisonmamertine_9810.jpg\" rel=\"lightbox[a] noopener noreferrer\"><img loading=\"lazy\" src=\"https:\/\/www.rome-roma.net\/photos\/voyage2\/roma\/thumbnails\/rome_prisonmamertine_9810.jpg\" alt=\"prison mamertine\" style=\"border: 0px solid ; \" width=\"122\" hspace=\"5\" height=\"85\" border=\"0\"><\/a>\n\n\n\n<h2>Cartina ed indirizzo<\/h2>\r\n\t\t<b>Indirizzo : <\/b>Clivo Argentario, 1, 00186 Roma RM, Italie<div id=\"travelersmap-container-69f0f25b48a30\" class=\"travelersmap-container\" style=\"z-index: 1; min-height: 10px; min-width:10px; height:400px;width:100%; max-width:; max-height:; position:relative;\"><div style=\"position:absolute; z-index:-1;top: 50%;text-align: center;display: block;left: 50%;transform: translate(-50%,-50%);\">Travelers' Map is loading... <br> If you see this after your page is loaded completely, leafletJS files are missing.<\/div><\/div><i>Clicca sulla freccia per localizzarti sulla mappa<\/i>\n\n\n\n<h2>Informazioni, orari e biglietti<\/h2>\n\n\n<table style=\"margin-bottom: 0rem;\"><tbody><tr style=\"background-color:#fcfaf7; \" \r\n    onmouseover=\"this.style.backgroundColor='#f7dbb8';\" \r\n    onmouseout=\"this.style.backgroundColor='#fcfaf7';\"><td style=\"vertical-align: middle; text-align: right;\"><a href=\"https:\/\/www.getyourguide.it\/tullianum-l30906\/?partner_id=DLYVAO3&#038;utm_medium=online_publisher&#038;placement=content-middle\" target=\"_blank\" rel=\"nofollow noopener\">Biglietti per visitare il Carcere Mamertino<\/a><\/td><td style=\"width:70px;\"><a href=\"https:\/\/www.getyourguide.it\/tullianum-l30906\/?partner_id=DLYVAO3&#038;utm_medium=online_publisher&#038;placement=content-middle\" target=\"_blank\" rel=\"nofollow noopener\"><img style=\"display:inline;vertical-align:middle;padding:5px;\" src=\"https:\/\/www.rome-roma.net\/images\/icones\/icone-tickets2.png\" alt=\"icona biglietti visita\" title=\"Biglietti per visitare il Carcere Mamertino\" width=\"65\" align=\"center\"><\/a><\/td><\/tr><tr style=\"background-color:#ffffff; \" \r\n    onmouseover=\"this.style.backgroundColor='#f7dbb8';\" \r\n    onmouseout=\"this.style.backgroundColor='#ffffff';\"><td style=\"vertical-align: middle; text-align: right;\"><a href=\"https:\/\/www.booking.com\/searchresults.it.html?aid=308344;label=headerlandmark;landmark=2125;group_adults=2;no_rooms=1;group_children=0;nflt=review_score=80%3Bdistance=1000\" target=\"_blank\" rel=\"nofollow noopener\">Alberghi, camere e appartamenti vicino al monumento<\/a><\/td><td style=\"width:70px;\"><a href=\"https:\/\/www.booking.com\/searchresults.it.html?aid=308344;label=headerlandmark;landmark=2125;group_adults=2;no_rooms=1;group_children=0;nflt=review_score=80%3Bdistance=1000\" target=\"_blank\" rel=\"nofollow noopener\"><img style=\"display:inline;vertical-align:middle;padding:5px;\" src=\"https:\/\/www.rome-roma.net\/images\/icones\/icone-hotel22.png\" alt=\"icona alberghi\" title=\"Alberghi, camere e appartamenti vicino al monumento\" width=\"65\" align=\"center\"><\/a><\/td><\/tr><\/tbody><\/table>\n\n\n<table style=\"border-collapse: collapse; width: 100%; height: 514px;\">\n<tbody>\n<tr style=\"background-color: #fae8c3;\">\n<td style=\"width: 100%; height: 121px;\">\n<p class=\"scheda\"><span style=\"font-size: 10pt;\"><em><strong>Carcere Mamertino<\/strong> (Carcer Tullianum)<br \/>Clivo Argentario, 1 \u2013 Roma<br \/>Tel. (+39) 06 698961- 06 69896375 \u2013 06 69896379 \/ info@operaromanapellegrinaggi.org \u2013 info@omniavaticanrome.org <\/em><\/span><\/p>\n<\/td>\n<\/tr>\n<tr style=\"background-color: #f7ece1;\">\n<td style=\"width: 100%; height: 255px;\">\n<p><span style=\"font-size: 10pt;\"><strong>Orari<\/strong><\/span><\/p>\n<p style=\"padding-left: 40px;\"><span style=\"font-size: 10pt;\">Il sito \u00e8 accessibile dal luned\u00ec alla domenica, generalmente tra le ore 9.00 e le 17.00, su prenotazione (vedi <a href=\"https:\/\/www.omniavaticanrome.org\/it\/cards\/il-carcer-tullianum\" target=\"_blank\" rel=\"noopener\">pagina ufficiale<\/a>).<\/span><br \/><span style=\"font-size: 10pt;\">La visita dura circa 40 minuti.<\/span><\/p>\n<p><strong><span style=\"font-size: 10pt;\">Biglietti<\/span><\/strong><\/p>\n<p style=\"padding-left: 40px;\"><span style=\"font-size: 10pt;\">Biglietto Carcer Tullianum: Prezzo intero 10 \u20ac, ridotto 5 \u20ac<br \/>Biglietto combinato Colosseo, Carcer Tullianum, Palatino, Foro Romano: pieno 28 \u20ac, ridotto 7 \u20ac o 5 \u20ac<\/span><\/p>\n<\/td>\n<\/tr>\n<tr style=\"background-color: #fae8c3;\">\n<td style=\"width: 100%; height: 138px;\">\n<p><span style=\"font-size: 10pt;\"><strong>Informazioni<\/strong><\/span><\/p>\n<ul>\n<li><span style=\"font-size: 10pt;\">Sito ufficiale : <a href=\"https:\/\/www.omniavaticanrome.org\/it\/cards\/il-carcer-tullianum\" target=\"_blank\" rel=\"noopener\">www.omniavaticanrome.org\/it\/cards\/il-carcer-tullianum<\/a><\/span><\/li>\n<li><span style=\"font-size: 10pt;\">Sito del comune di Roma : <a href=\"https:\/\/060608.comune.roma.it\/cultura\/beni-archeologici\/carcere-mamertino-carcer-tullianum-3726\" target=\"_blank\" rel=\"noopener\">060608<\/a><\/span><\/li>\n<\/ul>\n<\/td>\n<\/tr>\n<\/tbody>\n<\/table>\n\n\n<div data-tiqets-widget=\"discovery\" data-cards-layout=\"horizontal\" data-content-type=\"venue\" data-content-ids=\"146111\" data-language=\"it\" data-partner=\"romeroma\"><\/div>","protected":false},"excerpt":{"rendered":"<p>Tra il foro romano e il foro di Cesare, il carcere Mamertino fu costruito in un antica cisterna.Si dice che Vercingetorige abbia languito nella cella di sotto per sei anni prima di essere strangolato. Anche San Pietro e San Paolo sarebbero stati rinchiusi l\u00ec, dove secondo la tradizione hanno fatto zampillare una sorge d&#8217;acqua per [&hellip;]<\/p>\n","protected":false},"featured_media":0,"parent":0,"menu_order":0,"comment_status":"open","ping_status":"open","template":"","format":"standard","meta":{"kt_blocks_editor_width":"","_links_to":"","_links_to_target":""},"genre":[268,275],"interet":[286],"quartier":[314],"categorie_site":[362,425],"quartier_historique":[442],"etiquettes_site":[],"acf":[],"yoast_head":"<!-- This site is optimized with the Yoast SEO plugin v17.4 - https:\/\/yoast.com\/wordpress\/plugins\/seo\/ -->\n<title>Carcere Mamertino (Carcer Tullianum) &ndash; Rome-Roma<\/title>\n<meta name=\"description\" content=\"Vicino al foro romano, \u00e8 nel carcere Mamertino che Vercingetorige avrebbe languito, come pi\u00f9 tarde San Pietro e San Paolo. Visita e informazioni\" \/>\n<meta name=\"robots\" content=\"index, follow, max-snippet:-1, max-image-preview:large, max-video-preview:-1\" \/>\n<link rel=\"canonical\" href=\"https:\/\/www.rome-roma.net\/it\/carcere-mamertino-carcer-tullianum\/\" \/>\n<meta property=\"og:locale\" content=\"it_IT\" \/>\n<meta property=\"og:type\" content=\"article\" \/>\n<meta property=\"og:title\" content=\"Carcere Mamertino (Carcer Tullianum) &ndash; Rome-Roma\" \/>\n<meta property=\"og:description\" content=\"Vicino al foro romano, \u00e8 nel carcere Mamertino che Vercingetorige avrebbe languito, come pi\u00f9 tarde San Pietro e San Paolo. Visita e informazioni\" \/>\n<meta property=\"og:url\" content=\"https:\/\/www.rome-roma.net\/it\/carcere-mamertino-carcer-tullianum\/\" \/>\n<meta property=\"og:site_name\" content=\"Rome-Roma\" \/>\n<meta property=\"article:modified_time\" content=\"2024-12-13T10:03:48+00:00\" \/>\n<meta property=\"og:image\" content=\"https:\/\/www.rome-roma.net\/photos\/tullianum-prison-romaine-visite.jpg\" \/>\n<meta name=\"twitter:card\" content=\"summary_large_image\" \/>\n<meta name=\"twitter:label1\" content=\"Tempo di lettura stimato\" \/>\n\t<meta name=\"twitter:data1\" content=\"2 minuti\" \/>\n<script type=\"application\/ld+json\" class=\"yoast-schema-graph\">{\"@context\":\"https:\/\/schema.org\",\"@graph\":[{\"@type\":\"Organization\",\"@id\":\"https:\/\/www.rome-roma.net\/it\/#organization\",\"name\":\"Rome-Roma\",\"url\":\"https:\/\/www.rome-roma.net\/it\/\",\"sameAs\":[],\"logo\":{\"@type\":\"ImageObject\",\"@id\":\"https:\/\/www.rome-roma.net\/it\/#logo\",\"inLanguage\":\"it-IT\",\"url\":\"https:\/\/www.rome-roma.net\/wp-content\/uploads\/2025\/07\/logo-rome-roma-420.jpg\",\"contentUrl\":\"https:\/\/www.rome-roma.net\/wp-content\/uploads\/2025\/07\/logo-rome-roma-420.jpg\",\"width\":420,\"height\":420,\"caption\":\"Rome-Roma\"},\"image\":{\"@id\":\"https:\/\/www.rome-roma.net\/it\/#logo\"}},{\"@type\":\"WebSite\",\"@id\":\"https:\/\/www.rome-roma.net\/it\/#website\",\"url\":\"https:\/\/www.rome-roma.net\/it\/\",\"name\":\"Rome-Roma\",\"description\":\"Cultura & Viaggio\",\"publisher\":{\"@id\":\"https:\/\/www.rome-roma.net\/it\/#organization\"},\"potentialAction\":[{\"@type\":\"SearchAction\",\"target\":{\"@type\":\"EntryPoint\",\"urlTemplate\":\"https:\/\/www.rome-roma.net\/it\/?s={search_term_string}\"},\"query-input\":\"required name=search_term_string\"}],\"inLanguage\":\"it-IT\"},{\"@type\":\"ImageObject\",\"@id\":\"https:\/\/www.rome-roma.net\/it\/carcere-mamertino-carcer-tullianum\/#primaryimage\",\"inLanguage\":\"it-IT\",\"url\":\"https:\/\/www.rome-roma.net\/photos\/tullianum-prison-romaine-visite.jpg\",\"contentUrl\":\"https:\/\/www.rome-roma.net\/photos\/tullianum-prison-romaine-visite.jpg\"},{\"@type\":\"WebPage\",\"@id\":\"https:\/\/www.rome-roma.net\/it\/carcere-mamertino-carcer-tullianum\/#webpage\",\"url\":\"https:\/\/www.rome-roma.net\/it\/carcere-mamertino-carcer-tullianum\/\",\"name\":\"Carcere Mamertino (Carcer Tullianum) &ndash; Rome-Roma\",\"isPartOf\":{\"@id\":\"https:\/\/www.rome-roma.net\/it\/#website\"},\"primaryImageOfPage\":{\"@id\":\"https:\/\/www.rome-roma.net\/it\/carcere-mamertino-carcer-tullianum\/#primaryimage\"},\"datePublished\":\"2020-01-16T15:00:22+00:00\",\"dateModified\":\"2024-12-13T10:03:48+00:00\",\"description\":\"Vicino al foro romano, \\u00e8 nel carcere Mamertino che Vercingetorige avrebbe languito, come pi\\u00f9 tarde San Pietro e San Paolo. Visita e informazioni\",\"breadcrumb\":{\"@id\":\"https:\/\/www.rome-roma.net\/it\/carcere-mamertino-carcer-tullianum\/#breadcrumb\"},\"inLanguage\":\"it-IT\",\"potentialAction\":[{\"@type\":\"ReadAction\",\"target\":[\"https:\/\/www.rome-roma.net\/it\/carcere-mamertino-carcer-tullianum\/\"]}]},{\"@type\":\"BreadcrumbList\",\"@id\":\"https:\/\/www.rome-roma.net\/it\/carcere-mamertino-carcer-tullianum\/#breadcrumb\",\"itemListElement\":[{\"@type\":\"ListItem\",\"position\":1,\"name\":\"Accueil\",\"item\":\"https:\/\/www.rome-roma.net\/it\/\"},{\"@type\":\"ListItem\",\"position\":2,\"name\":\"Carcere Mamertino (Carcer Tullianum)\"}]}]}<\/script>\n<!-- \/ Yoast SEO plugin. -->","yoast_head_json":{"title":"Carcere Mamertino (Carcer Tullianum) &ndash; Rome-Roma","description":"Vicino al foro romano, \u00e8 nel carcere Mamertino che Vercingetorige avrebbe languito, come pi\u00f9 tarde San Pietro e San Paolo. Visita e informazioni","robots":{"index":"index","follow":"follow","max-snippet":"max-snippet:-1","max-image-preview":"max-image-preview:large","max-video-preview":"max-video-preview:-1"},"canonical":"https:\/\/www.rome-roma.net\/it\/carcere-mamertino-carcer-tullianum\/","og_locale":"it_IT","og_type":"article","og_title":"Carcere Mamertino (Carcer Tullianum) &ndash; Rome-Roma","og_description":"Vicino al foro romano, \u00e8 nel carcere Mamertino che Vercingetorige avrebbe languito, come pi\u00f9 tarde San Pietro e San Paolo. Visita e informazioni","og_url":"https:\/\/www.rome-roma.net\/it\/carcere-mamertino-carcer-tullianum\/","og_site_name":"Rome-Roma","article_modified_time":"2024-12-13T10:03:48+00:00","og_image":[{"url":"https:\/\/www.rome-roma.net\/photos\/tullianum-prison-romaine-visite.jpg"}],"twitter_card":"summary_large_image","twitter_misc":{"Tempo di lettura stimato":"2 minuti"},"schema":{"@context":"https:\/\/schema.org","@graph":[{"@type":"Organization","@id":"https:\/\/www.rome-roma.net\/it\/#organization","name":"Rome-Roma","url":"https:\/\/www.rome-roma.net\/it\/","sameAs":[],"logo":{"@type":"ImageObject","@id":"https:\/\/www.rome-roma.net\/it\/#logo","inLanguage":"it-IT","url":"https:\/\/www.rome-roma.net\/wp-content\/uploads\/2025\/07\/logo-rome-roma-420.jpg","contentUrl":"https:\/\/www.rome-roma.net\/wp-content\/uploads\/2025\/07\/logo-rome-roma-420.jpg","width":420,"height":420,"caption":"Rome-Roma"},"image":{"@id":"https:\/\/www.rome-roma.net\/it\/#logo"}},{"@type":"WebSite","@id":"https:\/\/www.rome-roma.net\/it\/#website","url":"https:\/\/www.rome-roma.net\/it\/","name":"Rome-Roma","description":"Cultura & Viaggio","publisher":{"@id":"https:\/\/www.rome-roma.net\/it\/#organization"},"potentialAction":[{"@type":"SearchAction","target":{"@type":"EntryPoint","urlTemplate":"https:\/\/www.rome-roma.net\/it\/?s={search_term_string}"},"query-input":"required name=search_term_string"}],"inLanguage":"it-IT"},{"@type":"ImageObject","@id":"https:\/\/www.rome-roma.net\/it\/carcere-mamertino-carcer-tullianum\/#primaryimage","inLanguage":"it-IT","url":"https:\/\/www.rome-roma.net\/photos\/tullianum-prison-romaine-visite.jpg","contentUrl":"https:\/\/www.rome-roma.net\/photos\/tullianum-prison-romaine-visite.jpg"},{"@type":"WebPage","@id":"https:\/\/www.rome-roma.net\/it\/carcere-mamertino-carcer-tullianum\/#webpage","url":"https:\/\/www.rome-roma.net\/it\/carcere-mamertino-carcer-tullianum\/","name":"Carcere Mamertino (Carcer Tullianum) &ndash; Rome-Roma","isPartOf":{"@id":"https:\/\/www.rome-roma.net\/it\/#website"},"primaryImageOfPage":{"@id":"https:\/\/www.rome-roma.net\/it\/carcere-mamertino-carcer-tullianum\/#primaryimage"},"datePublished":"2020-01-16T15:00:22+00:00","dateModified":"2024-12-13T10:03:48+00:00","description":"Vicino al foro romano, \u00e8 nel carcere Mamertino che Vercingetorige avrebbe languito, come pi\u00f9 tarde San Pietro e San Paolo. Visita e informazioni","breadcrumb":{"@id":"https:\/\/www.rome-roma.net\/it\/carcere-mamertino-carcer-tullianum\/#breadcrumb"},"inLanguage":"it-IT","potentialAction":[{"@type":"ReadAction","target":["https:\/\/www.rome-roma.net\/it\/carcere-mamertino-carcer-tullianum\/"]}]},{"@type":"BreadcrumbList","@id":"https:\/\/www.rome-roma.net\/it\/carcere-mamertino-carcer-tullianum\/#breadcrumb","itemListElement":[{"@type":"ListItem","position":1,"name":"Accueil","item":"https:\/\/www.rome-roma.net\/it\/"},{"@type":"ListItem","position":2,"name":"Carcere Mamertino (Carcer Tullianum)"}]}]}},"acf_fields":{"nom_monument":"","wikidata":"Q1035634","sameas":""},"_links":{"self":[{"href":"https:\/\/www.rome-roma.net\/it\/wp-json\/wp\/v2\/site\/7333"}],"collection":[{"href":"https:\/\/www.rome-roma.net\/it\/wp-json\/wp\/v2\/site"}],"about":[{"href":"https:\/\/www.rome-roma.net\/it\/wp-json\/wp\/v2\/types\/site"}],"replies":[{"embeddable":true,"href":"https:\/\/www.rome-roma.net\/it\/wp-json\/wp\/v2\/comments?post=7333"}],"wp:attachment":[{"href":"https:\/\/www.rome-roma.net\/it\/wp-json\/wp\/v2\/media?parent=7333"}],"wp:term":[{"taxonomy":"genre","embeddable":true,"href":"https:\/\/www.rome-roma.net\/it\/wp-json\/wp\/v2\/genre?post=7333"},{"taxonomy":"interet","embeddable":true,"href":"https:\/\/www.rome-roma.net\/it\/wp-json\/wp\/v2\/interet?post=7333"},{"taxonomy":"quartier","embeddable":true,"href":"https:\/\/www.rome-roma.net\/it\/wp-json\/wp\/v2\/quartier?post=7333"},{"taxonomy":"categorie_site","embeddable":true,"href":"https:\/\/www.rome-roma.net\/it\/wp-json\/wp\/v2\/categorie_site?post=7333"},{"taxonomy":"quartier_historique","embeddable":true,"href":"https:\/\/www.rome-roma.net\/it\/wp-json\/wp\/v2\/quartier_historique?post=7333"},{"taxonomy":"etiquettes_site","embeddable":true,"href":"https:\/\/www.rome-roma.net\/it\/wp-json\/wp\/v2\/etiquettes_site?post=7333"}],"curies":[{"name":"wp","href":"https:\/\/api.w.org\/{rel}","templated":true}]}}